{"id":132416,"date":"2025-04-01T20:20:31","date_gmt":"2025-04-01T18:20:31","guid":{"rendered":"https:\/\/www.freiburg-schwarzwald.de\/blog\/?page_id=132416"},"modified":"2025-11-07T19:06:35","modified_gmt":"2025-11-07T18:06:35","slug":"geheimdienst","status":"publish","type":"page","link":"https:\/\/www.freiburg-schwarzwald.de\/blog\/engagement\/zukunft\/demokratie\/verfassung\/verfassungsschutz\/geheimdienst\/","title":{"rendered":"Geheimdienst"},"content":{"rendered":"<p><a href=\"https:\/\/www.freiburg-schwarzwald.de\/blog\">Home<\/a> &gt;<a title=\"Demokratie\" href=\"https:\/\/www.freiburg-schwarzwald.de\/blog\/engagement\/zukunft\/demokratie\/\">Demokratie<\/a>\u00a0&gt;<a title=\"Grundgesetz\" href=\"https:\/\/www.freiburg-schwarzwald.de\/blog\/engagement\/zukunft\/demokratie\/grundgesetz\/\">Grundgesetz<\/a>\u00a0&gt;<a href=\"https:\/\/www.freiburg-schwarzwald.de\/blog\/engagement\/zukunft\/demokratie\/verfassung\/\">Verfassung<\/a> &gt;<a href=\"https:\/\/www.freiburg-schwarzwald.de\/blog\/engagement\/zukunft\/demokratie\/verfassung\/verfassungsschutz\/\">Verfassungsschutz<\/a> &gt;Geheimdienst<\/p>\n<div id=\"attachment_131819\" style=\"width: 647px\" class=\"wp-caption alignnone\"><a href=\"https:\/\/www.freiburg-schwarzwald.de\/blog\/wp-content\/uploads\/2025\/03\/dreirad-schatten-pan250303-1.jpg\"><img loading=\"lazy\" decoding=\"async\" aria-describedby=\"caption-attachment-131819\" class=\"size-full wp-image-131819\" src=\"https:\/\/www.freiburg-schwarzwald.de\/blog\/wp-content\/uploads\/2025\/03\/dreirad-schatten-pan250303-1.jpg\" alt=\"\" width=\"637\" height=\"370\" srcset=\"https:\/\/www.freiburg-schwarzwald.de\/blog\/wp-content\/uploads\/2025\/03\/dreirad-schatten-pan250303-1.jpg 637w, https:\/\/www.freiburg-schwarzwald.de\/blog\/wp-content\/uploads\/2025\/03\/dreirad-schatten-pan250303-1-180x105.jpg 180w\" sizes=\"auto, (max-width: 637px) 100vw, 637px\" \/><\/a><p id=\"caption-attachment-131819\" class=\"wp-caption-text\">Auf dem Dreirad mit dem eigenen Schatten unterwegs am 4.3.2025<\/p><\/div>\n<ul>\n<li><em>Listenauswahl eines Beitrags (Artikel\/Datum, Seite\/Inhalt): <span style=\"text-decoration: underline;\">Klicken<\/span> oder scrollen<\/em><\/li>\n<li>Hubertus Knabe: Maa\u00dfen im Nachrichtendienstlichen Informationssystem (NADIS) gespeichert (7.11.2025)<\/li>\n<li>Jurist Boehme-Ne\u00dfler \u00fcber Einstufung der AfD: \u201eWas der Verfassungsschutz gerade macht, ist rechtswidrig\u201c (12.5.2025)<\/li>\n<li><a href=\"https:\/\/www.freiburg-schwarzwald.de\/blog\/ethnischer-volksbegriff\/\">Ethnischer Volksbegriff<\/a> (9.5.2025)<\/li>\n<li><a href=\"https:\/\/www.freiburg-schwarzwald.de\/blog\/bfv-erklaert-afd-fuer-rechtsextrem\/\">BfV erkl\u00e4rt AfD f\u00fcr rechtsextrem<\/a>\u00a0(3.5.2025)<\/li>\n<li>Der neue Geheimdienst gegen kritische Medien &#8211; Correctiv (1.4.2025)<\/li>\n<\/ul>\n<ul>\n<li><a href=\"https:\/\/www.freiburg-schwarzwald.de\/blog\/vereine\/ngo\/correctiv\/\">Correctiv<\/a><\/li>\n<li><a href=\"https:\/\/www.freiburg-schwarzwald.de\/blog\/engagement\/zukunft\/demokratie\/gegen-rechts\/delegitimierung\/\">Delegitimierung<\/a><\/li>\n<li><a href=\"https:\/\/www.freiburg-schwarzwald.de\/blog\/engagement\/zukunft\/demokratie\/diplomatie\/\">Diplomatie<\/a><\/li>\n<li><a href=\"https:\/\/www.freiburg-schwarzwald.de\/blog\/kultur\/medien\/framing\/geheimtreffen\/\">Geheimtreffen<\/a><\/li>\n<li><a href=\"https:\/\/www.freiburg-schwarzwald.de\/blog\/engagement\/zukunft\/demokratie\/verfassung\/verfassungsschutz\/gesinnungspolizei\/\">Gesinnungspolizei<\/a><\/li>\n<li><a href=\"https:\/\/www.freiburg-schwarzwald.de\/blog\/global\/eu\/notverordnungen\/\">Notverordnungen<\/a><\/li>\n<li><a href=\"https:\/\/www.freiburg-schwarzwald.de\/blog\/engagement\/zukunft\/demokratie\/staatsapparat\/\">Staatsapparat<\/a><\/li>\n<li><a href=\"https:\/\/www.freiburg-schwarzwald.de\/blog\/engagement\/zukunft\/demokratie\/staatsbuergerschaft\/\">Staatsbuergerschaft<\/a><\/li>\n<li><a href=\"https:\/\/www.freiburg-schwarzwald.de\/blog\/global\/deutschland\/deutschland-israel\/staatsraison\/\">Staatsraison<\/a><\/li>\n<li><a href=\"https:\/\/www.freiburg-schwarzwald.de\/blog\/engagement\/zukunft\/demokratie\/staatsversagen\/staat-kapituliert\/\">Staat-kapituliert<\/a><\/li>\n<li><a href=\"https:\/\/www.freiburg-schwarzwald.de\/blog\/engagement\/zukunft\/demokratie\/staat\/ueberwachungsstaat\/\">\u00dcberwachungsstaat<\/a><\/li>\n<li><a href=\"https:\/\/www.freiburg-schwarzwald.de\/blog\/kultur\/kulturverlust\/verbote\/\">Verbote<\/a><\/li>\n<li><a href=\"https:\/\/www.freiburg-schwarzwald.de\/blog\/business\/volkswirtschaft\/\">Volkswirtschaft<\/a><\/li>\n<li><a href=\"https:\/\/www.freiburg-schwarzwald.de\/blog\/kultur\/medien\/framing\/geheimtreffen\/\">Wannseekonferenz2.0<\/a><\/li>\n<\/ul>\n<p>&nbsp;<\/p>\n<p><strong>Hubertus Knabe: Maa\u00dfen im Nachrichtendienstlichen Informationssystem (NADIS) gespeichert<\/strong><br \/>\n<strong>Die Renaissance des \u00dcberwachungsstaates<\/strong><br \/>\nDer deutsche Inlandsgeheimdienst hat sich zum Aufseher \u00fcber die politischen Meinungen der B\u00fcrger entwickelt. \u00c4u\u00dferungen in sozialen Medien werden gro\u00dffl\u00e4chig \u00fcberwacht. Ausgerechnet der Verfassungsschutz verst\u00f6\u00dft damit gegen das Grundgesetz.<br \/>\n&#8230;<br \/>\nDer Fall <a href=\"https:\/\/www.freiburg-schwarzwald.de\/blog\/vereine\/partei\/cdu\/werteunion\/\">Maa\u00dfen<\/a><br \/>\nEin Beispiel daf\u00fcr ist, ausgerechnet, der ehemalige Chef des Bundesamtes f\u00fcr Verfassungsschutz (BfV), Hans-Georg Maa\u00dfen. Laut einem geheimen Vermerk des BfV <a href=\"https:\/\/hubertus-knabe.de\/wp-content\/uploads\/2025\/10\/2023_11_24-BfV-Kurzvermerk-Maassen.pdf\">https:\/\/hubertus-knabe.de\/wp-content\/uploads\/2025\/10\/2023_11_24-BfV-Kurzvermerk-Maassen.pdf<\/a> wurde das damalige CDU-Mitglied am 24. November 2023 als \u201eRechtsextremist\u201c in das Nachrichtendienstliche Informationssystem (NADIS) eingespeichert. Die Begr\u00fcndung daf\u00fcr lautete: \u201eDr. Maassen \u00e4u\u00dfert sich sp\u00e4testens seit 2019 in verfassungsschutzrelevanter Weise, wobei sich insbesondere seit 2022 eine deutliche Versch\u00e4rfung sowie eine Erh\u00f6hung der Zahl entsprechender \u00c4u\u00dferungen feststellen l\u00e4sst.\u201c<br \/>\nAls \u201everfassungsschutzrelevant\u201c klassifizierte das Amt zum Beispiel diese \u00c4u\u00dferung: \u201eTrump ist f\u00fcr viele Amerikaner der Gegenentwurf zum woken Establishment, zu den linksglobalistischen Eliten an der Ostk\u00fcste und an den Universit\u00e4ten.\u201c Angeblich griff der im November 2018 in den einstweiligen Ruhestand versetzte Maa\u00dfen damit \u201eauf antisemitische Begrifflichkeiten und Formulierungen zur\u00fcck.\u201c<br \/>\nAls weiterer Beleg diente eine Rede, in der Maa\u00dfen beklagte, dass man, egal was man w\u00e4hle, am Ende immer gr\u00fcne Politik bekomme. Dem BfV zufolge verunglimpfte er damit \u201edie Parteien, das Parteiensystem und die Bundesrepublik insgesamt als autokratisch und scheindemokratisch.\u201c Dass er auf seiner Website https:\/\/hgmaassen.com\/ erkl\u00e4rt: \u201eIch halte die freiheitlich demokratische Grundordnung f\u00fcr die beste Gesellschaftsordnung\u201c, interessierte das Amt nicht. Stattdessen bekamen Journalisten die geheime Einstufung als \u201eExtremist\u201c gesteckt, nachdem er angek\u00fcndigt hatte, eine neue konservative Partei zu gr\u00fcnden.<br \/>\nDas Vorgehen gegen Maa\u00dfen ist kein Einzelfall. Im NADIS-Speicher waren laut Verfassungsschutzbericht <a href=\"https:\/\/www.die-akte-maassen.de\/#spenden\">https:\/\/www.verfassungsschutz.de\/SharedDocs\/publikationen\/DE\/verfassungsschutzberichte\/2025-06-10-verfassungsschutzbericht-2024.pdf?__blob=publicationFile&amp;v=4<\/a> Anfang 2025, abz\u00fcglich aller Sicherheits\u00fcberpr\u00fcfungen, mehr als eine halbe Million Menschen erfasst. Nach einer Gesetzes\u00e4nderung von 2021, die es dem Verfassungsschutz erlaubt, auch nicht-militante Einzelpersonen zu beobachten, kamen allein in den letzten vier Jahren \u00fcber 50.000 hinzu. Wie viele B\u00fcrger aufgrund ihrer \u00f6ffentlichen \u00c4u\u00dferungen als Extremisten gespeichert wurden, wollte das BfV auf Anfrage nicht mitteilen. Die Zahl d\u00fcrfte jedoch mehrere Zehntausend, wom\u00f6glich sogar \u00fcber 100.000 betragen. Denn zieht man von der Zahl der erfassten Einzelpersonen die Anh\u00e4nger extremistischer Zusammenschl\u00fcsse ab, bleiben mehr als 350.000 Registrierte \u00fcbrig. Unter diesen befinden sich allerdings auch noch die \u201eKontaktpersonen\u201c des Amtes, deren Anzahl ebenfalls geheimgehalten wird.<br \/>\n&#8230;<br \/>\nEinschneidende Folgen kann die Beobachtung durch den Verfassungsschutz aber auch auf anderen Gebieten haben. Wer als \u201eExtremist\u201c im NADIS-Speicher erfasst ist, darf in der Regel nicht mehr f\u00fcr Bundeswehr, Polizei und in anderen sicherheitsempfindlichen Bereichen arbeiten. In Sachsen wurde ein Ingenieur sogar mehrfach gek\u00fcndigt, weil der Verfassungsschutz hinter seinem R\u00fccken seine Arbeitgeber auf vermeintliche islamistische Verwicklungen hingewiesen hatte. In Bayern kann das Landesamt au\u00dfer Arbeitgebern auch Vermieter informieren, wenn dies der \u201eWahrung schutzw\u00fcrdiger Interessen des Empf\u00e4ngers\u201c dient. Da s\u00e4mtliche Landes\u00e4mter Zugriff auf NADIS haben, ist Denunziationen T\u00fcr und Tor ge\u00f6ffnet.<br \/>\nEine M\u00f6glichkeit, den Eintrag r\u00fcckg\u00e4ngig zu machen, gibt es praktisch nicht. Wer kein \u201ebesonderes Interesse\u201c darlegen kann, erh\u00e4lt nicht einmal Auskunft, ob und welche Daten \u00fcber ihn gespeichert sind. Wie das BfV gegen\u00fcber Betroffenen verf\u00e4hrt, zeigt exemplarisch der Fall Maa\u00dfen. Weder ein anwaltliches Mahnschreiben noch eine Klage vor dem K\u00f6lner Verwaltungsgericht brachten das Amt dazu, die Einstufung als \u201eExtremist\u201c zu l\u00f6schen. Stattdessen bombardierte es seinen fr\u00fcheren Chef mit \u00fcber 80 Seiten langen Schrifts\u00e4tzen, die allein schon zerm\u00fcrbend wirken d\u00fcrften. Maa\u00dfens Angaben zufolge belaufen sich seine Anwaltskosten inzwischen auf mehr als 20.000 Euro und ein Gerichtstermin ist immer noch nicht in Sicht. Mittlerweile hat er eine Spendenaktion <a href=\"https:\/\/www.die-akte-maassen.de\/#spenden\">https:\/\/www.die-akte-maassen.de\/#spenden<\/a> gestartet.<br \/>\n&#8230; Alles vom 7.11.2025 von Hubertus Knabe bitte lesen auf<br \/>\n<a href=\"https:\/\/www.achgut.com\/artikel\/die_renaissance_des_ueberwachungsstaates\">https:\/\/www.achgut.com\/artikel\/die_renaissance_des_ueberwachungsstaates<\/a><br \/>\n<em>.<\/em><br \/>\n<em>Hubertus Knabe, geb. 1959, ist ein deutscher Historiker. Er war Direktor der Stiftung Gedenkst\u00e4tte Berlin-Hohensch\u00f6nhausen ab ihrer Gr\u00fcndung im Jahr 2000 bis zum September 2018. Knabes Ver\u00f6ffentlichungen widmen sich der Westarbeit der DDR-Staatssicherheit, den Oppositionsbewegungen im Ostblock, der ostdeutschen Nachkriegsgeschichte sowie der Aufarbeitung der SED-Diktatur.<\/em><br \/>\n<em>Weiterf\u00fchrende Links: <a href=\"https:\/\/www.hubertus-knabe.de\">https:\/\/www.hubertus-knabe.de<\/a><\/em><\/p>\n<p>&nbsp;<\/p>\n<p><strong>Jurist Boehme-Ne\u00dfler \u00fcber Einstufung der AfD: \u201eWas der Verfassungsschutz gerade macht, ist rechtswidrig\u201c<\/strong><br \/>\nDer Inlandsgeheimdienst h\u00e4lt die AfD f\u00fcr rechtsextrem, die Rufe nach einem Parteiverbot werden lauter. Doch der Verfassungsrechtler Boehme-Ne\u00dfler hat massive Bedenken. Ein Interview.<br \/>\nDie neue Regierung startet also mit einer AfD-Debatte in die Legislaturperiode. W\u00e4hrend die Rufe nach einem Verbotsverfahren gegen die Partei lauter werden, wehrt diese sich juristisch gegen die Entscheidung des Verfassungsschutzes. Auch der Verfassungsrechtler Volker Boehme-Ne\u00dfler h\u00e4lt das Vorgehen des Nachrichtendienstes f\u00fcr falsch. Im Interview mit der Berliner Zeitung spricht er \u00fcber die Aussichten eines m\u00f6glichen Parteiverbotsverfahrens und erkl\u00e4rt, wieso der Zeitpunkt der Einstufung zum Problem werden k\u00f6nnte.<br \/>\n&#8230;<br \/>\nErinnern Sie sich an Corona: Da sa\u00df der Gesundheitsminister neben dem RKI-Chef und es hie\u00df, wie gro\u00dfartig es doch sei, dass Politik und Wissenschaft zusammenarbeiteten. Tats\u00e4chlich waren das aber ein Chef und sein Untergebener. So ist es auch hier. Beim Verfassungsschutz haben wir es mit der Besonderheit zu tun, dass diese Beh\u00f6rde ein Geheimdienst ist. Und dieser Geheimdienst entscheidet: Eine Partei, die AfD, darf nicht mitspielen, er d\u00fcrfe aber nicht verraten, wieso genau \u2013 das Gutachten bleibt unter Verschluss. Das ist in einer rechtsstaatlichen Demokratie nicht akzeptabel. Sollen die B\u00fcrger etwa unkritisch und naiv glauben: Wenn der Verfassungsschutz das sagt, wird es schon stimmen? \u00dcberhaupt halte ich es grunds\u00e4tzlich f\u00fcr falsch, dass dieser Nachrichtendienst sich politisch einmischt.<br \/>\n&#8230;<br \/>\nDer Verfassungsschutz muss sich an die klaren rechtlichen Vorgaben halten. Er muss sachlich, objektiv und neutral \u00fcber verfassungsfeindliche Bestrebungen informieren. Politische Stimmungsmache ist ihm verboten. Was er in der \u00d6ffentlichkeit sagt, muss auf einer hinreichend gesicherten Tatsachengrundlage beruhen. Vermutungen und Interpretationen reichen bei weitem nicht aus. Wenn ich die letzten \u00c4u\u00dferungen an diesen rechtlichen Ma\u00dfst\u00e4ben messe, muss ich sagen: Was der Verfassungsschutz gerade macht, ist rechtswidrig.<br \/>\n&#8230;<br \/>\n&#8230; Alles vom 12.5.2025 bitte lesen auf<br \/>\n<a href=\"https:\/\/www.berliner-zeitung.de\/politik-gesellschaft\/verfassungsrechtler-ueber-afd-einstufung-was-der-verfassungsschutz-gerade-macht-ist-rechtswidrig-li.2323609\">https:\/\/www.berliner-zeitung.de\/politik-gesellschaft\/verfassungsrechtler-ueber-afd-einstufung-was-der-verfassungsschutz-gerade-macht-ist-rechtswidrig-li.2323609<\/a><br \/>\n.<br \/>\n<em>Volker Boehme-Ne\u00dfler, geboren 1962 in Ludwigsburg, ist Professor f\u00fcr \u00d6ffentliches Recht sowie Medien- und Telekommunikationsrecht an der Carl von Ossietzky Universit\u00e4t Oldenburg. Er hat Rechts- und Politikwissenschaft in Berlin und Heidelberg studiert. Boehme-Ne\u00dfler habilitierte in Kassel und hat einige Jahre als Rechtsanwalt gearbeitet.<\/em><\/p>\n<p>&nbsp;<\/p>\n<p><strong>Der neue Geheimdienst gegen kritische Medien &#8211; Correctiv<br \/>\nDer Schattenstaat formiert sich<\/strong><br \/>\n<a href=\"https:\/\/www.freiburg-schwarzwald.de\/blog\/vereine\/ngo\/correctiv\/\">Correctiv<\/a> agiert nicht mehr als Medium im klassischen Sinn, sondern als Teil eines Netzwerks, das mit geheimdienstlichen Methoden politische Gegner ins Visier nimmt \u2013 unter dem Deckmantel des Journalismus, schreibt der fr\u00fchere Pr\u00e4sident des Bundesamts f\u00fcr Verfassungsschutzes, Hans-Georg Maa\u00dfen, in einem Gastbeitrag auf TE. Der Fall um das als \u201e<a href=\"https:\/\/www.freiburg-schwarzwald.de\/blog\/kultur\/medien\/framing\/geheimtreffen\/\">Wannseekonferenz 2.0<\/a>\u201c inszenierte Treffen in Potsdam ist ein Paradebeispiel daf\u00fcr: Verdrehte Inhalte, manipulative Narrative, enge Kontakte zu Regierungsstellen \u2013 all das passt weniger zur Pressefreiheit als vielmehr zu nachrichtendienstlicher Zersetzung. Mit dieser \u201eRecherche\u201c wurde keine Wahrheit aufgedeckt, sondern eine politische Kampagne orchestriert, die sich nahtlos in die Erz\u00e4hlung der Ampel-Regierung einf\u00fcgt: Kampf gegen Rechts \u2013 als Kampf gegen jede Opposition.<\/p>\n<p>Die neue rot-schwarz-gr\u00fcne Koalition will nun diesen Kurs nicht nur fortsetzen, sondern gesetzlich verankern. Der Koalitionsvertrag enth\u00e4lt konkrete Pl\u00e4ne, wie Sicherheitsbeh\u00f6rden k\u00fcnftig mit regierungsnahen, staatlich finanzierten NGOs \u201everzahnt\u201c werden sollen \u2013 angeblich im Namen des Kampfs gegen Desinformation. In Wahrheit entsteht hier ein neuer Inlandsgeheimdienst \u2013 nur ohne demokratische Kontrolle. Maa\u00dfen warnt: Die Bundesregierung baut sich mithilfe von Organisationen wie Correctiv einen geheimdienstlich agierenden Apparat zur \u00dcberwachung und Disziplinierung kritischer Medien und B\u00fcrger.<\/p>\n<p>Was hier unter dem Tarnbegriff \u201eZivilgesellschaft\u201c l\u00e4uft, ist in Wirklichkeit ein politisch motiviertes System zur Gesinnungskontrolle. Investigativer Journalismus wird zur staatlich alimentierten Waffe, mit der die Grenze zwischen Kontrolle der Macht und Kontrolle durch die Macht aufgehoben wird. Die Aufgabe, Missst\u00e4nde aufzudecken, wird pervertiert zur Methode, missliebige Positionen systematisch zu diffamieren \u2013 journalistischer Anschein, geheimdienstliche Praxis.<br \/>\nCorrectiv steht dabei nur exemplarisch f\u00fcr eine neue Klasse von Institutionen, die als verl\u00e4ngerter Arm der Exekutive agieren. Die geplante strukturelle Integration dieser Akteure in den Sicherheitsapparat ist ein Frontalangriff auf die Gewaltenteilung, die Pressefreiheit und die offene Gesellschaft. Was sich hier formiert, ist ein Schattenstaat im Staate \u2013 mit der erkl\u00e4rten Aufgabe, Opposition und Meinungsvielfalt zum Sicherheitsrisiko zu erkl\u00e4ren. Wer die Demokratie sch\u00fctzen will, muss ihr genau hier in den Arm fallen.<br \/>\n&#8230; Alles vom 1.4.2025 bitte lesen auf <a href=\"https:\/\/www.tichyseinblick.de\">https:\/\/www.tichyseinblick.de<\/a><\/p>\n","protected":false},"excerpt":{"rendered":"<p>Home &gt;Demokratie\u00a0&gt;Grundgesetz\u00a0&gt;Verfassung &gt;Verfassungsschutz &gt;Geheimdienst Listenauswahl eines Beitrags (Artikel\/Datum, Seite\/Inhalt): Klicken oder scrollen Hubertus Knabe: Maa\u00dfen im Nachrichtendienstlichen Informationssystem (NADIS) gespeichert (7.11.2025) Jurist Boehme-Ne\u00dfler \u00fcber Einstufung der AfD: \u201eWas der Verfassungsschutz gerade macht, ist rechtswidrig\u201c (12.5.2025) Ethnischer Volksbegriff (9.5.2025) BfV erkl\u00e4rt &hellip; <a href=\"https:\/\/www.freiburg-schwarzwald.de\/blog\/engagement\/zukunft\/demokratie\/verfassung\/verfassungsschutz\/geheimdienst\/\">Weiterlesen <span class=\"meta-nav\">&rarr;<\/span><\/a><\/p>\n","protected":false},"author":2,"featured_media":0,"parent":114611,"menu_order":0,"comment_status":"closed","ping_status":"closed","template":"","meta":{"footnotes":""},"class_list":["post-132416","page","type-page","status-publish","hentry"],"_links":{"self":[{"href":"https:\/\/www.freiburg-schwarzwald.de\/blog\/wp-json\/wp\/v2\/pages\/132416","targetHints":{"allow":["GET"]}}],"collection":[{"href":"https:\/\/www.freiburg-schwarzwald.de\/blog\/wp-json\/wp\/v2\/pages"}],"about":[{"href":"https:\/\/www.freiburg-schwarzwald.de\/blog\/wp-json\/wp\/v2\/types\/page"}],"author":[{"embeddable":true,"href":"https:\/\/www.freiburg-schwarzwald.de\/blog\/wp-json\/wp\/v2\/users\/2"}],"replies":[{"embeddable":true,"href":"https:\/\/www.freiburg-schwarzwald.de\/blog\/wp-json\/wp\/v2\/comments?post=132416"}],"version-history":[{"count":5,"href":"https:\/\/www.freiburg-schwarzwald.de\/blog\/wp-json\/wp\/v2\/pages\/132416\/revisions"}],"predecessor-version":[{"id":141229,"href":"https:\/\/www.freiburg-schwarzwald.de\/blog\/wp-json\/wp\/v2\/pages\/132416\/revisions\/141229"}],"up":[{"embeddable":true,"href":"https:\/\/www.freiburg-schwarzwald.de\/blog\/wp-json\/wp\/v2\/pages\/114611"}],"wp:attachment":[{"href":"https:\/\/www.freiburg-schwarzwald.de\/blog\/wp-json\/wp\/v2\/media?parent=132416"}],"curies":[{"name":"wp","href":"https:\/\/api.w.org\/{rel}","templated":true}]}}