{"id":132231,"date":"2025-03-26T14:34:52","date_gmt":"2025-03-26T13:34:52","guid":{"rendered":"https:\/\/www.freiburg-schwarzwald.de\/blog\/?page_id=132231"},"modified":"2026-09-04T11:01:53","modified_gmt":"2026-09-04T09:01:53","slug":"wahlbetrug","status":"publish","type":"page","link":"https:\/\/www.freiburg-schwarzwald.de\/blog\/engagement\/zukunft\/demokratie\/bundestag\/wahlbetrug\/","title":{"rendered":"Wahlbetrug"},"content":{"rendered":"<p><a href=\"https:\/\/www.freiburg-schwarzwald.de\/blog\">Home<\/a>\u00a0&gt;<a title=\"Engagement\" href=\"https:\/\/www.freiburg-schwarzwald.de\/blog\/engagement\/\">Engagement<\/a> &gt;<a title=\"Demokratie\" href=\"https:\/\/www.freiburg-schwarzwald.de\/blog\/engagement\/zukunft\/demokratie\/\">Demokratie<\/a>\u00a0&gt;<a title=\"Neuwahlen\" href=\"https:\/\/www.freiburg-schwarzwald.de\/blog\/engagement\/zukunft\/demokratie\/neuwahlen\/\">Neuwahlen<\/a>\u00a0&gt;<a href=\"https:\/\/www.freiburg-schwarzwald.de\/blog\/engagement\/zukunft\/demokratie\/wahlen2025\/\">Wahlen2025<\/a> &gt;<a href=\"https:\/\/www.freiburg-schwarzwald.de\/blog\/vereine\/partei\/cdu\/cdu-ende\/\">CDU<\/a> &gt;Wahlbetrug<\/p>\n<div id=\"attachment_130107\" style=\"width: 646px\" class=\"wp-caption alignnone\"><a href=\"https:\/\/www.freiburg-schwarzwald.de\/blog\/wp-content\/uploads\/2025\/01\/lalonde-sentier6pan-241221.jpg\"><img loading=\"lazy\" decoding=\"async\" aria-describedby=\"caption-attachment-130107\" class=\"size-full wp-image-130107\" src=\"https:\/\/www.freiburg-schwarzwald.de\/blog\/wp-content\/uploads\/2025\/01\/lalonde-sentier6pan-241221.jpg\" alt=\"\" width=\"636\" height=\"390\" srcset=\"https:\/\/www.freiburg-schwarzwald.de\/blog\/wp-content\/uploads\/2025\/01\/lalonde-sentier6pan-241221.jpg 636w, https:\/\/www.freiburg-schwarzwald.de\/blog\/wp-content\/uploads\/2025\/01\/lalonde-sentier6pan-241221-180x110.jpg 180w\" sizes=\"auto, (max-width: 636px) 100vw, 636px\" \/><\/a><p id=\"caption-attachment-130107\" class=\"wp-caption-text\">Esel bei laLonde zwischen Toulon und St.Tropez am 6.12.2024<\/p><\/div>\n<p>&nbsp;<\/p>\n<ul>\n<li><em>Listenauswahl eines Beitrags (Artikel\/Datum, Seite\/Inhalt): <span style=\"text-decoration: underline;\">Klicken<\/span> oder scrollen<\/em><\/li>\n<li>Strafanzeige: Mutma\u00dflicher Wahlbetrug mit der Stimme einer dementen 95-J\u00e4hrigen (3.9.2026)<\/li>\n<li><a href=\"https:\/\/www.freiburg-schwarzwald.de\/blog\/budget-loecher-statt-investition\/\">Budget-L\u00f6cher statt Investition<\/a>\u00a0(18.3.2026)<\/li>\n<li><a href=\"https:\/\/www.freiburg-schwarzwald.de\/blog\/du-sollst-nicht-luegen-3-beispiele\/\">Du sollst nicht l\u00fcgen: 3 Beispiele<\/a>\u00a0(22.12.2025)<\/li>\n<li><a href=\"https:\/\/www.freiburg-schwarzwald.de\/blog\/engagement\/zukunft\/demokratie\/regierung2025\/\">Josef Thoma: Eine kurze Anleitung zu einem erfolgreichen Leben<\/a> (14.12.2025)<\/li>\n<li>Bad Salzuflen: Wahl zur AfD-Vizeb\u00fcrgermeisterin r\u00fcckg\u00e4ngig gemacht (20.11.2025)<\/li>\n<li><a href=\"https:\/\/www.freiburg-schwarzwald.de\/blog\/engagement\/zukunft\/demokratie\/links\/wagenknecht\/\">BSW: Anfechtung der Bundestagswahl \u2013 Volkswille gestohlen<\/a>\u00a0(17.10.2025)<\/li>\n<li><a href=\"https:\/\/www.freiburg-schwarzwald.de\/blog\/wahl-no-problem-no-opposition\/\">Wahl: no Problem no Opposition<\/a>\u00a0(29.8.2025)<\/li>\n<li><a href=\"https:\/\/www.freiburg-schwarzwald.de\/blog\/business\/wettbewerb\/\">Wirtschaft wie Politik brauchen Wettbewerb<\/a>\u00a0(19.8.2025)<\/li>\n<li><a href=\"https:\/\/www.freiburg-schwarzwald.de\/blog\/vdl-verkauft-die-eu-an-die-usa\/\">vdL verkauft die EU an die USA<\/a>\u00a0(29.7.2025)<\/li>\n<li><a href=\"https:\/\/www.freiburg-schwarzwald.de\/blog\/engagement\/zukunft\/demokratie\/regierung2025\/\">Haushaltsdebatte 9.7.2025: Merz antwortet auf Weidel<\/a>\u00a0(9.7.2025)<\/li>\n<li>Der Demokratiesimulant (Merz) und der Verfassungsrechtler (Di Fabio) (29.6.2025)<\/li>\n<li><a href=\"https:\/\/www.freiburg-schwarzwald.de\/blog\/vereine\/partei\/cdu\/cdu-ende\/\">Was f\u00fcr eine unchristliche Union<\/a> (24.4.2025)<\/li>\n<li><a href=\"https:\/\/www.freiburg-schwarzwald.de\/blog\/merz-koalition-vs-buergervotum\/\">Merz-Koalition vs B\u00fcrgervotum<\/a> (23.4.2025)<\/li>\n<li>CDU-Basis beklagt sich \u00fcber die W\u00e4hlert\u00e4uschung von Friedrich Merz (11.4.2025)<\/li>\n<li><a href=\"https:\/\/www.freiburg-schwarzwald.de\/blog\/21-bundestag-konstituiert\/\">21. Bundestag konstituiert<\/a>\u00a0(26.3.2025)<\/li>\n<li><a href=\"https:\/\/www.freiburg-schwarzwald.de\/blog\/spd-gruene-linke-statt-cdu-spd\/\">SPD-Gr\u00fcne-Linke statt CDU-SPD<\/a> (23.3.2025)<\/li>\n<li><a href=\"https:\/\/www.freiburg-schwarzwald.de\/blog\/1-billion-neue-schulden-18-3-25\/\">1 Billion neue Schulden 18.3.25<\/a>\u00a0(14.3.2025)<\/li>\n<li><a href=\"https:\/\/www.freiburg-schwarzwald.de\/blog\/merzels-sondervermoegen\/\">Merzel\u2019s Sonderverm\u00f6gen<\/a>\u00a0(7.3.2025)<\/li>\n<li>Wahlbetrug: Prinzipienlosigkeit von Merz kommt von seiner Arroganz (6.3.2025)<\/li>\n<\/ul>\n<ul>\n<li><a href=\"https:\/\/www.freiburg-schwarzwald.de\/blog\/engagement\/zukunft\/demokratie\/ausnahmezustand\/\">Ausnahmezustand<\/a><\/li>\n<li><a href=\"https:\/\/www.freiburg-schwarzwald.de\/blog\/engagement\/zukunft\/demokratie\/briefwahl\/\">Briefwahl<\/a><\/li>\n<li><a href=\"https:\/\/www.freiburg-schwarzwald.de\/blog\/engagement\/zukunft\/demokratie\/bundestagswahl2025\/\">Bundestagswahl2025<\/a><\/li>\n<li><a title=\"Consent-of-the-Governed\" href=\"https:\/\/www.freiburg-schwarzwald.de\/blog\/global\/deutschland\/consent-of-the-governed\/\">Consent of the Governed<\/a><\/li>\n<li><a title=\"Direkte-Demokratie\" href=\"https:\/\/www.freiburg-schwarzwald.de\/blog\/engagement\/zukunft\/demokratie\/direkte-demokratie\/\">Direkte Demokratie<\/a><\/li>\n<li><a href=\"https:\/\/www.freiburg-schwarzwald.de\/blog\/engagement\/zukunft\/demokratie\/elitenwechsel\/\">Elitenwechsel<\/a><\/li>\n<li><a href=\"https:\/\/www.freiburg-schwarzwald.de\/blog\/engagement\/zukunft\/demokratie\/groko\/groko2025\/\">GroKo2025<\/a><\/li>\n<li><a href=\"https:\/\/www.freiburg-schwarzwald.de\/blog\/selbsthilfe\/jugend\/jungwaehler\/\">Jungw\u00e4hler<\/a><\/li>\n<li><a href=\"https:\/\/www.freiburg-schwarzwald.de\/blog\/engagement\/zukunft\/demokratie\/kommunalwahl\/kommunal\/\">kommunal<\/a><\/li>\n<li><a title=\"Wahlen2016\" href=\"https:\/\/www.freiburg-schwarzwald.de\/blog\/engagement\/zukunft\/demokratie\/wahlen2016\/\">Landtagswahlen 2016\u00a0<\/a><\/li>\n<li><a title=\"Obergrenze\" href=\"https:\/\/www.freiburg-schwarzwald.de\/blog\/global\/integration\/obergrenze\/\">Obergrenze<\/a><\/li>\n<li><a title=\"Post-Demokratie\" href=\"https:\/\/www.freiburg-schwarzwald.de\/blog\/engagement\/zukunft\/demokratie\/post-demokratie\/\">post-Demokratie<\/a><\/li>\n<li><a href=\"https:\/\/www.freiburg-schwarzwald.de\/blog\/engagement\/zukunft\/demokratie\/regierung2025\/\">Regierung2025<\/a><\/li>\n<li><a href=\"https:\/\/www.freiburg-schwarzwald.de\/blog\/global\/deutschland\/sachsen-anhalt\/\">Sachsen-Anhalt<\/a><\/li>\n<li><a title=\"Unverzeihlich\" href=\"https:\/\/www.freiburg-schwarzwald.de\/blog\/engagement\/zukunft\/demokratie\/unverzeihlich\/\">Unverzeihlich (Angela Merkel)<\/a><\/li>\n<li><a title=\"Wahlen-Ex-DDR\" href=\"https:\/\/www.freiburg-schwarzwald.de\/blog\/engagement\/zukunft\/demokratie\/wahlen-ex-ddr\/\">Wahlen-Ex-DDR<\/a><\/li>\n<li><a href=\"https:\/\/www.freiburg-schwarzwald.de\/blog\/engagement\/zukunft\/demokratie\/wahlen2021\/\">Wahlen2021<\/a><\/li>\n<li><a href=\"https:\/\/www.freiburg-schwarzwald.de\/blog\/engagement\/zukunft\/demokratie\/wahlrecht\/\">Wahlrecht<\/a><\/li>\n<li><a href=\"https:\/\/www.freiburg-schwarzwald.de\/blog\/engagement\/zukunft\/demokratie\/parlament\/zweiparteiensystem\/\">Zweiparteiensystem<\/a><\/li>\n<\/ul>\n<p>Wahlbetrug von Merz vor dem 23.2.2025: &#8222;Die Schuldenbremse bleibt&#8220;<br \/>\n===========================================================<\/p>\n<p><strong>Strafanzeige: Mutma\u00dflicher Wahlbetrug mit der Stimme einer dementen 95-J\u00e4hrigen<\/strong><br \/>\n&#8230;<br \/>\nKlaus-Lothar Bebber, 74, Bevollm\u00e4chtigter seiner an Demenz erkrankten Tante, hat \u00fcber seinen Anwalt Strafanzeige gegen Unbekannt erstattet: Er verd\u00e4chtigt die Seniorenresidenz Marthahaus in Dessau, im Namen der 95-j\u00e4hrigen Bewohnerin Briefwahlunterlagen beantragt und eine Stimme abgegeben zu haben \u2013 ohne sein Wissen und trotz ihrer fortgeschrittenen Demenz. Die Anzeige liegt der Ostdeutschen Allgemeinen Zeitung vor.<br \/>\nDer Bevollm\u00e4chtigte der dementen Seniorenresidenz-Bewohnerin erkl\u00e4rt zu dem Verdacht: Am 27. August suchte Klaus-Lothar Bebber den Gesch\u00e4ftsf\u00fchrer des Marthahauses auf und fragte nach den Wahlunterlagen seiner Tante. Ihm wurde gesagt, eine Mitarbeiterin k\u00fcmmere sich darum; er solle am Folgetag wiederkommen. Am 28. August rief die Mitarbeiterin an und erkl\u00e4rte, sie habe die Wahlunterlagen der Bewohner aus Zeitmangel eingesammelt und geschreddert. Das \u00fcberraschte den Neffen: Sonst erhalte er jeden Brief, jedes Dokument, sogar Werbung und werde \u00fcber jeden Bedarf der Tante informiert.<br \/>\n&#8230; Alles vom 3.9.2026 von Richard Schmitt bitte lesen auf<br \/>\n<a href=\"https:\/\/www.tichyseinblick.de\/daili-es-sentials\/strafanzeige-wahlbetrug-seniorenresidenz-dessau\/\">https:\/\/www.tichyseinblick.de\/daili-es-sentials\/strafanzeige-wahlbetrug-seniorenresidenz-dessau\/<\/a><br \/>\n.<br \/>\n<strong>Briefwahl einer dementen 95-J\u00e4hrigen: Landeswahlleitung pr\u00fcft Betrugsverdacht, Staatsschutz ermittelt<\/strong><br \/>\nDie Landeswahlleitung Sachsen-Anhalt pr\u00fcft einen mutma\u00dflichen Fall von Unregelm\u00e4\u00dfigkeiten bei der Briefwahl in einem Pflegeheim in Dessau-Ro\u00dflau. Nach Hinweisen von einem AfD-Vertreter wurde Kontakt mit dem zust\u00e4ndigen Kreiswahlb\u00fcro aufgenommen.<br \/>\n&#8230;<br \/>\nAusl\u00f6ser sind Vorw\u00fcrfe aus der Seniorenresidenz \u201eMarthahaus\u201c in Dessau, \u00fcber die zuerst die Ostdeutsche Allgemeine Zeitung (OAZ) berichtete (Apollo News berichtete). Klaus-Lothar Bebber ist Bevollm\u00e4chtigter seiner 95 Jahre alten Tante, die nach seinen Angaben seit vier Jahren dement ist und im Marthahaus lebt.<br \/>\nAm 27. August erkundigte sich der 74-J\u00e4hrige demnach in der Einrichtung nach den Wahlunterlagen seiner Tante. Einen Tag sp\u00e4ter habe ihn eine Mitarbeiterin des Marthahauses angerufen. Sie habe die Wahlunterlagen der Bewohner aus Zeitgr\u00fcnden eingesammelt und geschreddert, schilderte Bebber gegen\u00fcber der OAZ. \u201eDie Mitarbeiterin beteuerte mir, alles vernichtet zu haben.\u201c<br \/>\nAm 31. August ging Bebber gemeinsam mit seiner Frau zum Dessauer Wahlb\u00fcro. Dort habe er erfahren, dass bereits am 10. August Briefwahlunterlagen f\u00fcr seine Tante beantragt worden waren \u2013 und dass sie bereits gew\u00e4hlt habe. Mitarbeiter h\u00e4tten ihm einen entsprechenden Antrag gezeigt, auf dem sich nach seiner Darstellung eine \u201ekrakelige\u201c Unterschrift seiner Tante befand.<br \/>\nBebber stellte daraufhin \u00fcber seinen Anwalt Strafanzeige gegen Unbekannt. Die Anzeige liegt der OAZ nach eigenen Angaben vor. Eine Anfrage von Apollo News an das Marthahaus zu den Vorw\u00fcrfen blieb bis dato unbeantwortet.<br \/>\n&#8230; Alles vom 4.9.2026 bitte lesen auf<br \/>\n<a href=\"https:\/\/apollo-news.net\/briefwahl-einer-dementen-95-jaehrigen-landeswahlleitung-prueft-betrugsverdacht\/\">https:\/\/apollo-news.net\/briefwahl-einer-dementen-95-jaehrigen-landeswahlleitung-prueft-betrugsverdacht\/<\/a><\/p>\n<p>&nbsp;<\/p>\n<p>&nbsp;<\/p>\n<p>Bad Salzuflen: Wahl zur AfD-Vizeb\u00fcrgermeisterin r\u00fcckg\u00e4ngig gemacht<br \/>\n&#8230;<br \/>\nVor zwei Wochen hatte sich in Bad Salzuflen Sabine Reinknecht bei der Wahl zur Vize-B\u00fcrgermeisterin gegen die Gr\u00fcnen-Kandidatin durchgesetzt. Dieses Ergebnis wurde nun korrigiert. Aus Sicht der Gr\u00fcnen, die mit nur etwa halb so vielen Stimmen wie die AfD in den Stadtrat eingezogen sind, entsprach Reinknechts Wahl ohnehin \u201enie dem Willen der demokratischen Mehrheit\u201c.<br \/>\n&#8230;<br \/>\nWie hatte doch Deutschlands Kanzlerin Angela Merkel, zur Wahl eines FDP-Mannes zum <a href=\"https:\/\/www.freiburg-schwarzwald.de\/blog\/rueckgaengig-weil-unverzeihlich\/\">Ministerpr\u00e4sidenten von Th\u00fcringen<\/a> gesagt: \u201eDa dies absehbar war in der Konstellation, wie im dritten Wahlgang gew\u00e4hlt wurde, muss man sagen, dass dieser Vorgang unverzeihlich ist und deshalb auch das Ergebnis wieder r\u00fcckg\u00e4ngig gemacht werden muss.\u201c In Erfurt wurde damals die Wahl r\u00fcckg\u00e4ngig gemacht und nun auch in Bad Salzuflen. Und ganz vorn mit dabei die Blockfreunde um CDU-B\u00fcrgermeister Dirk Tolkemitt.<br \/>\nGestern hielt der Block unserer Demokratie aus CDU, SPD, Gr\u00fcnen, FDP, USD und Linken. 58 Ratsmitglieder stimmten f\u00fcr die Abwahl von Sabine Reinknecht, die 13 Ratsmitglieder der AfD dagegen. Der Chef der Landes-AfD Martin Vincentz kommentierte bereits im Vorfeld gegen\u00fcber dpa: \u201eWahlen r\u00fcckg\u00e4ngig machen, wenn einem das Ergebnis nicht passt, zeugt von einem fragw\u00fcrdigen Demokratieverst\u00e4ndnis. Es musste jedem klar sein, dass es bei den Ergebnissen nur noch eine Frage der Zeit war, bis die AfD auch B\u00fcrgermeister stellen w\u00fcrde. Die Brandmauer hat ausgedient und schadet der Durchsetzung des W\u00e4hlerwillens.\u201c<br \/>\n&#8230;. Alles vom 20.11.2025 von Klaus-R\u00fcdiger Mai bitte lesen auf<br \/>\n<a href=\"https:\/\/www.tichyseinblick.de\/meinungen\/bad-salzuflen-afd-vizebuergermeisterin-abgewaehlt\/\">https:\/\/www.tichyseinblick.de\/meinungen\/bad-salzuflen-afd-vizebuergermeisterin-abgewaehlt\/<\/a><\/p>\n<p>&nbsp;<\/p>\n<p><strong>Der Demokratiesimulant (Merz) und der Verfassungsrechtler (Di Fabio)<\/strong><br \/>\nWas der Welt-Journalist Robin Alexander in seinem neuen Buch \u201eLetzte Chance. Der neue Kanzler und der Kampf um die Demokratie\u201c enth\u00fcllt, ist grundst\u00fcrzend: Es definiert die Dimensionen der politischen L\u00fcge und der W\u00e4hlerverachtung in der Bundesrepublik Deutschland neu.<br \/>\nMit seiner Volte, das gigantische Schuldenpaket in H\u00f6he von einer Billion Euro mit dem abgew\u00e4hlten Bundestag zu beschlie\u00dfen, hatte Friedrich Merz der Demokratie, wenngleich nicht dem Rechtsstaat, schweren Schaden zugef\u00fcgt.<br \/>\n<a href=\"https:\/\/www.tichyseinblick.de\/gastbeitrag\/die-regierung-merz-schadet-deutschland-noch-ehe-sie-im-amt-ist\/\">https:\/\/www.tichyseinblick.de\/gastbeitrag\/die-regierung-merz-schadet-deutschland-noch-ehe-sie-im-amt-ist\/<\/a><br \/>\nNun kommt heraus: Merz hat nicht \u2013 sch\u00f6n w\u00e4r\u2019s, m\u00f6chte man nun fast sagen \u2013 nur Wortbruch begangen, sondern das ganze Land mit voller Wucht angelogen. Und hat damit die Demokratie einmal mehr schwer gesch\u00e4digt.<br \/>\nNoch vor der Bundestagswahl hatte Merz bei dem ehemaligen Bundesverfassungsrichter Udo di Fabio ein Gutachten beauftragt. Nach Informationen von Nius war dies verg\u00fctet. Robin Alexander zufolge f\u00fchrte Di Fabio in dem Gutachten aus, dass eine Grundgesetz\u00e4nderung mit den Stimmen des bereits abgew\u00e4hlten Bundestages m\u00f6glich sei, und zwar bis 30 Tage nach der Wahl. (Alexander 2025, S. 12)<\/p>\n<p>Selbst die CDU-F\u00fchrungsgremien lie\u00df Merz, so Alexander, in Unkenntnis \u00fcber das Gutachten. (ebd., S. 16) Damit war f\u00fcr Merz der Weg frei, dass die neue Koalition in der grundgesetzlich festgelegten \u00dcbergangsfrist den abgew\u00e4hlten, aber noch handlungsf\u00e4higen Bundestag nutzen k\u00f6nnen w\u00fcrde, um das Schuldenpaket f\u00fcr Bundeswehr und Infrastruktur zu beschlie\u00dfen, sollte sie in dem neu gew\u00e4hlten Bundestag \u00fcber keine 2\/3-Mehrheit f\u00fcr die \u00c4nderung des Grundgesetzes verf\u00fcgen. Linkspartei und Gr\u00fcne wurden schlie\u00dflich daf\u00fcr an Bord geholt, um die AfD als zweitst\u00e4rkste Kraft umgehen zu k\u00f6nnen. Nach der Wahl schwindelte Merz dem Volk dann etwas von der ver\u00e4nderten Weltlage vor, <a href=\"https:\/\/www.youtube.com\/watch?v=A4zc1jVnCSk\">https:\/\/www.youtube.com\/watch?v=A4zc1jVnCSk<\/a> was die Schuldenaufnahme leider unumg\u00e4nglich machte. Dass S\u00f6der, Klingbeil und Esken, die in der \u201eWhatever it takes\u201c-Presskonferenz am 3. M\u00e4rz neben Merz standen, nichts von der systematisch vorbereiteten L\u00fcge wussten, ist schwer vorstellbar.<br \/>\n&#8230; Alles vom 29.6.2025 von Christian Zeller bitte lesen auf<br \/>\n<a href=\"https:\/\/www.tichyseinblick.de\/meinungen\/der-demokratiesimulant-und-der-verfassungsrechtler\/\">https:\/\/www.tichyseinblick.de\/meinungen\/der-demokratiesimulant-und-der-verfassungsrechtler\/<\/a><br \/>\n.<br \/>\nEinige Kommentare<br \/>\n&#8222;Die politische L\u00fcge zerrei\u00dft diesen f\u00fcr die Demokratie konstitutiven Zusammenhang zwischen den Autoren und den Adressaten der Gesetze. \u2026<br \/>\nDas ist das exakte Gegenteil von Demokratie. \u2026<br \/>\nMit demokratisch gesatztem Recht ist jedoch stets zugleich der Anspruch verbunden, da\u00df es auch aus Einsicht befolgt werden kann. \u2026<br \/>\nUnd somit kann ich nicht mehr behaupten, da\u00df ich ausschlie\u00dflich durch das Recht gezwungen w\u00fcrde.&#8220;<br \/>\nExactement. Mit anderen Worten: Wir sind im 21. Jahrhundert, wenn schon nicht \u201edemokratietheokratisch\u201c, so doch doch hinsichtlich Volksnutzen des Regierungshandelns hinter den (aufgekl\u00e4rten) Absolutismus eines Friedrich II. aus der Dynastie der Hohenzollern zur\u00fcckgefallen.<br \/>\n&#8222;Merz\u2018 Komplex aus L\u00fcge und Wortbruch bedeutet nicht weniger als die maximale Abkehr von dem Prinzip der Demokratie, der Volksherrschaft. Denn dem Demokratieprinzip zufolge m\u00fcssen sich alle Entscheidungen aus dem Willen des Souver\u00e4ns ableiten lassen. Ein freier und offener Diskurs \u00fcber Fragen des Zusammenlebens ist die Voraussetzung daf\u00fcr, da\u00df politische Entscheidungen als legitim gelten k\u00f6nnen.&#8220;<br \/>\nVorstehende S\u00e4tze k\u00f6nnen mit Recht als die intensivierte Langform des von Kommentator oft verwendeten Bedauerns gelten, daf\u00fcr habe man 1918 die Monarchie abgeschafft. Die Historie mag regelm\u00e4\u00dfig noch langsamer als die vielzitierte B\u00fcrokratie mahlen, doch daf\u00fcr vergi\u00dft sie nichts. Raul Gutmann<br \/>\n.<br \/>\nIch zitiere den Oldenburger Professor Boehme-Ne\u00dfler, der darlegte, dass in der Phase nach der Wahl, die nicht l\u00e4nger als 30 Tage dauern d\u00fcrfe, der alte Bundestag der Treuh\u00e4nder daf\u00fcr sei, dass \u201eder \u00dcbergang zum neuen Parlament organisatorisch-praktisch reibungslos verl\u00e4uft. Ein Treuh\u00e4nder darf nicht im eigenen Interesse handeln, auch wenn er das rechtlich k\u00f6nnte. Er muss die Interessen seines Treugebers verfolgen. Daf\u00fcr ist er da. Er darf also Entscheidungen treffen. Aber nur solche, die den \u00dcbergang zum neuen Parlament praktisch absichern. Er muss sich zur\u00fcckhalten. Auf keinen Fall darf er weitreichende Gesetze verabschieden, die das neue Parlament langfristig binden.<br \/>\nDas neue Parlament, so Boehme-Ne\u00dfler, werde vom alten Bundestag auf zehn Jahre festgelegt und in seinem finanziellen Spielraum beschr\u00e4nkt. Dass eine solche Aberwitzigkeit verfassungswidrig ist, liegt f\u00fcr den, der nicht zum inneren Kreis des alten Bundestages geh\u00f6rt, auf der Hand.<br \/>\nBoehme-Nessler weiter: \u201eDas neue Parlament wird also vom alten Bundestag auf zehn Jahre festgelegt und in seinem finanziellen Spielraum beschr\u00e4nkt. Das l\u00e4sst sich noch nicht mal im Ansatz mit der Treuh\u00e4nder-Funktion des alten, abgew\u00e4hlten Bundestages vereinbaren.<br \/>\nVersch\u00e4rft wird das noch dadurch, dass es nicht um die Verabschiedung normaler Gesetze geht. Die Umsetzung dieser Pl\u00e4ne erfordert \u00c4nderungen des Grundgesetzes. Es gibt kaum eine Parlamentsentscheidung, die einschneidender ist als ein Eingriff in die Verfassung. Deshalb verlangt das Grundgesetz daf\u00fcr auch eine doppelte Zweidrittelmehrheit \u2013 im Bundestag und im Bundesrat. Ein Parlament, das nur noch als Treuh\u00e4nder im Amt ist und die Verfassung \u00e4ndert? Das kann das Grundgesetz nicht wollen. Das verst\u00f6\u00dft gegen den Demokratiegrundsatz in Art. 20 des Grundgesetzes.\u201c<br \/>\n<a href=\"https:\/\/www.cicero.de\/innenpolitik\/das-parlament-als-treuhander-warum-das-merz-manover-verfassungswidrig-ist\">https:\/\/www.cicero.de\/innenpolitik\/das-parlament-als-treuhander-warum-das-merz-manover-verfassungswidrig-ist<\/a><br \/>\nDieser messerscharf einleuchtende Standpunkt von Prof. Boehme-Nessler (zahlungspflichtig) spielte in der Debatte der ver\u00f6ffentlichten Meinung bezeichnender Weise keine Rolle. leonaphta<br \/>\nEnde Kommentare<\/p>\n<p>&nbsp;<\/p>\n<p><strong>CDU-Basis beklagt sich \u00fcber die W\u00e4hlert\u00e4uschung von Friedrich Merz<\/strong><\/p>\n<p>Vor der Bundestagswahl am 23.2.2025 hatte die CDU-F\u00fchrung versprochen:<br \/>\n&#8211; Schuldenbremse bleibt bestehen<br \/>\n&#8211; <a href=\"https:\/\/www.freiburg-schwarzwald.de\/blog\/cdu-5-punkte-plan-348-zu-345\/\">F\u00fcnf-Punkte Katalog<\/a> zur Migration wird umgesetzt<br \/>\n&#8211; <a href=\"https:\/\/www.freiburg-schwarzwald.de\/blog\/cdu-anfrage-ngo-deep-state\/\">Kleine Anfrage<\/a> zur NGO-Finanzierung mit 551 Fragen wird detailliert beantwortet<br \/>\n&#8211; <a href=\"https:\/\/www.freiburg-schwarzwald.de\/blog\/energie\/akw\/kernkraft\/\">Kernkraft<\/a> als Option f\u00fcr klimafreundliche Energie<br \/>\n&#8211; Klimagesetzgebung au den Pr\u00fcfstand<br \/>\nAlles diese Versprechungen wurden nach der Wahl nicht umgesetzt. Viele CDU-ler sprechen von Wahlbetrug.<\/p>\n<p>Beispiel: Zwei Anschreiben an CDU-Abgeordnete im Raum Freiburg:<br \/>\n<a href=\"https:\/\/www.freiburg-schwarzwald.de\/blog\/wp-content\/uploads\/2025\/04\/CDU-wahlbetrug-Schuele250409.pdf\">CDU-wahlbetrug-Schuele250409<\/a><br \/>\n<a href=\"https:\/\/www.freiburg-schwarzwald.de\/blog\/wp-content\/uploads\/2025\/04\/CDU-wahlbetrug-ungern-sternberg250409.pdf\">CDU-wahlbetrug-ungern-sternberg250409<\/a><\/p>\n<p>11.4.2025<br \/>\n.<\/p>\n<p><strong>Wahlbetrug: Prinzipienlosigkeit von Merz kommt von seiner Arroganz<\/strong><br \/>\nKolumnist Hans-Ulrich J\u00f6rges k\u00fcrt Friedrich Merz trotz Kanzlerschaft zum Verlierer: Merz habe zum zweiten Mal eigene Grunds\u00e4tze eingerissen. Erst die Abstimmung mit der AfD im Bundestag. Dann das Schuldenpaket. Das nennt J\u00f6rges <em><strong>\u201eden gr\u00f6\u00dften Wahlbetrug, den ich erlebt habe\u201c<\/strong><\/em>.<br \/>\n<a href=\"https:\/\/www.youtube.com\/watch?v=9Q7ylNxHR2E\">https:\/\/www.youtube.com\/watch?v=9Q7ylNxHR2E<\/a><br \/>\n&#8230; Alles vom 6.3.2025 bitte lesen auf<br \/>\n<a href=\"https:\/\/www.welt.de\/politik\/deutschland\/video255627016\/Meine-Welt-Meine-Meinung-Diese-Prinzipienlosigkeit-von-Merz-kommt-von-seiner-Arroganz.html\">https:\/\/www.welt.de\/politik\/deutschland\/video255627016\/Meine-Welt-Meine-Meinung-Diese-Prinzipienlosigkeit-von-Merz-kommt-von-seiner-Arroganz.html<\/a><\/p>\n<p>&nbsp;<\/p>\n","protected":false},"excerpt":{"rendered":"<p>Home\u00a0&gt;Engagement &gt;Demokratie\u00a0&gt;Neuwahlen\u00a0&gt;Wahlen2025 &gt;CDU &gt;Wahlbetrug &nbsp; Listenauswahl eines Beitrags (Artikel\/Datum, Seite\/Inhalt): Klicken oder scrollen Strafanzeige: Mutma\u00dflicher Wahlbetrug mit der Stimme einer dementen 95-J\u00e4hrigen (3.9.2026) Budget-L\u00f6cher statt Investition\u00a0(18.3.2026) Du sollst nicht l\u00fcgen: 3 Beispiele\u00a0(22.12.2025) Josef Thoma: Eine kurze Anleitung zu einem erfolgreichen &hellip; <a href=\"https:\/\/www.freiburg-schwarzwald.de\/blog\/engagement\/zukunft\/demokratie\/bundestag\/wahlbetrug\/\">Weiterlesen <span class=\"meta-nav\">&rarr;<\/span><\/a><\/p>\n","protected":false},"author":2,"featured_media":0,"parent":69124,"menu_order":0,"comment_status":"closed","ping_status":"closed","template":"","meta":{"footnotes":""},"class_list":["post-132231","page","type-page","status-publish","hentry"],"_links":{"self":[{"href":"https:\/\/www.freiburg-schwarzwald.de\/blog\/wp-json\/wp\/v2\/pages\/132231","targetHints":{"allow":["GET"]}}],"collection":[{"href":"https:\/\/www.freiburg-schwarzwald.de\/blog\/wp-json\/wp\/v2\/pages"}],"about":[{"href":"https:\/\/www.freiburg-schwarzwald.de\/blog\/wp-json\/wp\/v2\/types\/page"}],"author":[{"embeddable":true,"href":"https:\/\/www.freiburg-schwarzwald.de\/blog\/wp-json\/wp\/v2\/users\/2"}],"replies":[{"embeddable":true,"href":"https:\/\/www.freiburg-schwarzwald.de\/blog\/wp-json\/wp\/v2\/comments?post=132231"}],"version-history":[{"count":5,"href":"https:\/\/www.freiburg-schwarzwald.de\/blog\/wp-json\/wp\/v2\/pages\/132231\/revisions"}],"predecessor-version":[{"id":153434,"href":"https:\/\/www.freiburg-schwarzwald.de\/blog\/wp-json\/wp\/v2\/pages\/132231\/revisions\/153434"}],"up":[{"embeddable":true,"href":"https:\/\/www.freiburg-schwarzwald.de\/blog\/wp-json\/wp\/v2\/pages\/69124"}],"wp:attachment":[{"href":"https:\/\/www.freiburg-schwarzwald.de\/blog\/wp-json\/wp\/v2\/media?parent=132231"}],"curies":[{"name":"wp","href":"https:\/\/api.w.org\/{rel}","templated":true}]}}