{"id":131184,"date":"2025-02-22T19:25:26","date_gmt":"2025-02-22T18:25:26","guid":{"rendered":"https:\/\/www.freiburg-schwarzwald.de\/blog\/?page_id=131184"},"modified":"2025-12-16T14:48:31","modified_gmt":"2025-12-16T13:48:31","slug":"migration-nein","status":"publish","type":"page","link":"https:\/\/www.freiburg-schwarzwald.de\/blog\/global\/migration\/migration-nein\/","title":{"rendered":"Migration-nein"},"content":{"rendered":"<p><a href=\"https:\/\/www.freiburg-schwarzwald.de\/blog\">Home<\/a>\u00a0&gt;<a title=\"Global\" href=\"https:\/\/www.freiburg-schwarzwald.de\/blog\/global\/\">Global<\/a>\u00a0&gt;<a title=\"Integration\" href=\"https:\/\/www.freiburg-schwarzwald.de\/blog\/global\/integration\/\">Integration<\/a>\u00a0&gt;<a title=\"Migration\" href=\"https:\/\/www.freiburg-schwarzwald.de\/blog\/global\/migration\/\">Migration<\/a> &gt;<a href=\"https:\/\/www.freiburg-schwarzwald.de\/blog\/global\/migration\/migration-maenner\/\">Migration-Maenner<\/a> &gt;Migration-nein<\/p>\n<div id=\"attachment_131043\" style=\"width: 649px\" class=\"wp-caption alignnone\"><a href=\"https:\/\/www.freiburg-schwarzwald.de\/blog\/wp-content\/uploads\/2025\/02\/meer-lalonde-baumstamm-pan250213.jpg\"><img loading=\"lazy\" decoding=\"async\" aria-describedby=\"caption-attachment-131043\" class=\"size-full wp-image-131043\" src=\"https:\/\/www.freiburg-schwarzwald.de\/blog\/wp-content\/uploads\/2025\/02\/meer-lalonde-baumstamm-pan250213.jpg\" alt=\"\" width=\"639\" height=\"369\" srcset=\"https:\/\/www.freiburg-schwarzwald.de\/blog\/wp-content\/uploads\/2025\/02\/meer-lalonde-baumstamm-pan250213.jpg 639w, https:\/\/www.freiburg-schwarzwald.de\/blog\/wp-content\/uploads\/2025\/02\/meer-lalonde-baumstamm-pan250213-180x104.jpg 180w\" sizes=\"auto, (max-width: 639px) 100vw, 639px\" \/><\/a><p id=\"caption-attachment-131043\" class=\"wp-caption-text\">MIttelmeer bei La Londe\/Cote d&#8217;Azur am 13.2.2025 &#8211; Zwei Baumst\u00e4mme liegen quer<\/p><\/div>\n<ul>\n<li><em>Listenauswahl eines Beitrags (Artikel\/Datum, Seite\/Inhalt):\u00a0<span style=\"text-decoration: underline;\">Klicken<\/span>\u00a0oder scrollen<\/em><\/li>\n<li><a href=\"https:\/\/www.freiburg-schwarzwald.de\/blog\/global\/integration\/abschiebung\/remigration\/\">T\u00fcrkei-Syrer kehren heim, Deutschland-Syrer bleiben<\/a>\u00a0(12.12.2025)<\/li>\n<li><a href=\"https:\/\/www.freiburg-schwarzwald.de\/blog\/global\/migration\/gastarbeiter\/\">Ahmet Refii Dener: T\u00fcrken fragen \u201eWas soll aus diesem Land nur werden?\u201c<\/a>\u00a0(30.8.2025)<\/li>\n<li><a href=\"https:\/\/www.freiburg-schwarzwald.de\/blog\/grenz-regierung-oder-gericht\/\">Grenze: Regierung oder Gericht<\/a>\u00a0(4..6.2025)<\/li>\n<li>Die ewige (falsche) Leier: \u201eWir brauchen Zuwanderung\u201c (22.2.2025)<\/li>\n<li><a href=\"https:\/\/www.freiburg-schwarzwald.de\/blog\/massenmigration-statt-ki-in-d\/\">Massenmigration in D &#8211; statt KI<\/a>\u00a0 (27.1.2025)<\/li>\n<li><\/li>\n<li><a title=\"Arbeitsmigration\" href=\"https:\/\/www.freiburg-schwarzwald.de\/blog\/global\/migration\/arbeitsmigration\/\">Arbeitsmigration<\/a><\/li>\n<li><a title=\"Asyl\" href=\"https:\/\/www.freiburg-schwarzwald.de\/blog\/global\/integration\/asyl\/\">Asyl<\/a><\/li>\n<li><a title=\"Auswanderung\" href=\"https:\/\/www.freiburg-schwarzwald.de\/blog\/global\/migration\/auswanderung\/\">Auswanderung<\/a><\/li>\n<li><a title=\"Einwanderungsgesetz\" href=\"https:\/\/www.freiburg-schwarzwald.de\/blog\/global\/integration\/einwanderungsgesetz\/\">Einwanderungsgesetz<\/a><\/li>\n<li><a title=\"Fluechtlinge2016\" href=\"https:\/\/www.freiburg-schwarzwald.de\/blog\/global\/integration\/fluechtlinge2016\/\">Fluechtlinge2016<\/a><\/li>\n<li><a title=\"Fluechtlinge-Kriminalitaet\" href=\"https:\/\/www.freiburg-schwarzwald.de\/blog\/global\/integration\/fluechtlinge-kriminalitaet\/\">Fl\u00fcchtlinge-Kriminalitaet<\/a><\/li>\n<li><a href=\"https:\/\/www.freiburg-schwarzwald.de\/blog\/global\/migration\/gastarbeiter\/\">Gastarbeiter<\/a><\/li>\n<li><a title=\"Integrieren\" href=\"https:\/\/www.freiburg-schwarzwald.de\/blog\/global\/integration\/integrieren\/\">Integrieren<\/a><\/li>\n<li><a title=\"Integration-Islam\" href=\"https:\/\/www.freiburg-schwarzwald.de\/blog\/global\/integration\/integration-islam\/\">Integration-Islam<\/a><\/li>\n<li><a title=\"Grenzen\" href=\"https:\/\/www.freiburg-schwarzwald.de\/blog\/global\/eu\/grenzen\/\">Migration und Grenzen<\/a><\/li>\n<li><a title=\"Migration-jung\" href=\"https:\/\/www.freiburg-schwarzwald.de\/blog\/global\/migration\/migration-jung\/\">Migration-jung (Bindungslos-vagabundierende Migration)<\/a><\/li>\n<li><a title=\"Migration-Maenner\" href=\"https:\/\/www.freiburg-schwarzwald.de\/blog\/global\/migration\/migration-maenner\/\">Migration-Maenner<\/a><\/li>\n<li><a title=\"Migration-Zahlen\" href=\"https:\/\/www.freiburg-schwarzwald.de\/blog\/global\/migration\/migration-zahlen\/\">Migration-Zahlen<\/a><\/li>\n<li><a title=\"Migrationsindustrie\" href=\"https:\/\/www.freiburg-schwarzwald.de\/blog\/global\/integration\/migrationsindustrie\/\">Migrationsindustrie<\/a><\/li>\n<li><a href=\"https:\/\/www.freiburg-schwarzwald.de\/blog\/global\/migration\/migrationspolitik\/\">Migrationspolitik<\/a><\/li>\n<li><a title=\"Neuansiedlung\" href=\"https:\/\/www.freiburg-schwarzwald.de\/blog\/global\/integration\/neuansiedlung\/\">Neuansiedlung = Resettlement<\/a><\/li>\n<li><a title=\"UMF\" href=\"https:\/\/www.freiburg-schwarzwald.de\/blog\/global\/integration\/umf\/\">UMF<\/a><\/li>\n<li><a title=\"Patriotismus\" href=\"https:\/\/www.freiburg-schwarzwald.de\/blog\/engagement\/zukunft\/demokratie\/patriotismus\/\">Patriotismus<\/a><\/li>\n<li><a title=\"Parallelgesellschaft\" href=\"https:\/\/www.freiburg-schwarzwald.de\/blog\/global\/integration\/parallelgesellschaft\/\">Parallelgesellschaft<\/a><\/li>\n<li><a title=\"Voelkerwanderung\" href=\"https:\/\/www.freiburg-schwarzwald.de\/blog\/global\/voelkerwanderung\/\">Voelkerwanderung<\/a><\/li>\n<li><a href=\"https:\/\/www.freiburg-schwarzwald.de\/blog\/global\/migration\/zuwanderer\/\">Zuwanderer<\/a><\/li>\n<\/ul>\n<p>&nbsp;<\/p>\n<p><strong>Die ewige (falsche) Leier: \u201eWir brauchen Zuwanderung\u201c<\/strong><br \/>\n<em>&#8211; Nicht einmal im Gesundheitsbereich stimmt diese These<\/em><br \/>\n<em>&#8211; Der Arbeitskr\u00e4ftebedarf nahm wegen dieser zu, nicht ab!<\/em><br \/>\n<em>&#8211; Soll die Agitation der Medien AfD und BSW kleinhalten?<\/em><\/p>\n<p>Die Migration sei weiterhin unverzichtbar, so h\u00f6ren und lesen wir es Tag f\u00fcr Tag in den Medien. Gemeint ist aber nicht die Remigration, die Zur\u00fcckf\u00fchrung von sich eigentlich illegal hier aufhaltenden Ausl\u00e4ndern ohne Bleiberecht. Gemeint ist von ihnen weitere Masseneinwanderung von j\u00e4hrlich hunderttausenden Menschen aus allen m\u00f6glichen L\u00e4ndern. Zwar wird einger\u00e4umt, dass sich unter diesen eine \u201eungesund\u201c hohe Zahl von gewaltt\u00e4tigen und gewaltbereiten Ausl\u00e4ndern aus kulturell andersartigen Kontinenten tummeln. Doch Kollateralsch\u00e4den an der einheimischen Bev\u00f6lkerung seien hinzunehmen und stehen hinter den Interessen von wem auch immer zur\u00fcck. Deutschland brauche immer mehr Arbeitskr\u00e4fte, warum und woher auch immer. Doch mit dem gleichen Gro\u00dfmacht-Argument k\u00f6nnte man auch die einstige Kolonialpolitik rechtfertigen \u2013 die M\u00e4chtigen brauchten Rohstoffe und Arbeitssklaven, und holten sich diese in den Kolonien, oder machten ferne L\u00e4nder dazu.<\/p>\n<p>Doch mit der Merkelschen Importoffensive ab 2015 stieg der Arbeitskr\u00e4ftebedarf drastisch, wie diese Statistik der Arbeitsagentur <a href=\"https:\/\/statistik.arbeitsagentur.de\/Statistikdaten\/Detail\/202501\/arbeitsmarktberichte\/bax-ba-x\/ba-x-d-0-202501-pdf.pdf\">https:\/\/statistik.arbeitsagentur.de\/Statistikdaten\/Detail\/202501\/arbeitsmarktberichte\/bax-ba-x\/ba-x-d-0-202501-pdf.pdf<\/a>, anstatt einen Mangel zu beheben. W\u00e4re die von angeblichen Wissenschaftlern vertretene, und von der Politik geglaubte Theorie stichhaltig, m\u00fcssten doch unter den rund 17 Millionen Zugewanderten seit 2015 endlich gen\u00fcgend drunter sein, welche von der Wirtschaft und im Dienstleistungsbereich gebraucht werden. Aber der Ruf will nicht verstummen, mit der Massenmigration weiterzumachen, koste es was es wolle. Oft von den Gleichen gefordert, die Betriebe schlie\u00dfen und seit 2022 \u2013 \u201ezuf\u00e4llig\u201c seit dem Antritt der Ampelregierung \u2013 Arbeitspl\u00e4tze abbauen. Seither geht n\u00e4mlich die Arbeitskr\u00e4ftenachfrage zur\u00fcck, wie obige BA-Statistik zeigt.<\/p>\n<p>In fr\u00fcheren Artikeln f\u00fchrte ich den Nachweis, dass Zuwanderung dann keine Entlastung auf dem Arbeitsmarkt bewirkt, wenn die Zugewanderten mehr Arbeit machen (Wohnungen, Kinderg\u00e4rten, Schulen, soziale Betreuung, Justiz, Verkehr usw.), als sie unter Ber\u00fccksichtigung von Bildung und Produktivit\u00e4t selbst an Arbeitsleistung einbringen. Auch weil deren Erwerbsquote geringer ist als die der Einheimischen. Die Menschen aus z.B. der Ukraine geh\u00f6ren zwar nicht zur klassischen Gruppe, sind aber nur 27 Prozent berufst\u00e4tig. Selbst wenn der Anteil der Zuz\u00fcgler an der Entstehung des Bruttoinlandsprodukts (BIP) so hoch w\u00e4re, wie sie deren Verwendung des BIP entspr\u00e4chen, ist f\u00fcr unser Land nichts gewonnen. Die Arbeitskr\u00e4ftebilanz w\u00e4re lediglich ausgeglichen, d.h. die insgesamt neu eingebrachte Arbeitsleistung entspr\u00e4che dem durch sie selbst generierten Arbeitskr\u00e4ftebedarf.<\/p>\n<p>Mit anderen Worten: W\u00fcrden die Einwanderer f\u00fcr sich und ihre Familien die Wohnungen, Kinderg\u00e4rten, Schulen und andere Infrastruktur bauen, die eigenen Kinder erziehen, beschulen, mit Nahrung und Kleidung versorgen, Autos und Stra\u00dfen bauen, Sozialarbeiter, Psychologen, Polizisten und Richter werden, Gef\u00e4ngnispl\u00e4tze bauen, w\u00e4re das unterm Strich \u00f6konomisch neutral. Denn das, was sie bisher durch ihr Leben und Arbeiten in ihren Heimatl\u00e4ndern taten, w\u00fcrde dann bei uns stattfinden, sie w\u00fcrden f\u00fcr sich selbst aufkommen. F\u00fcr unser Land w\u00e4re und ist aber wirtschaftlich nichts gewonnen. Deren Leben hier, statt in den Herkunftsl\u00e4ndern, gesch\u00e4he nur auf einem h\u00f6heren Niveau, verbunden mit mehr Ressourcenverbrauch und einem gr\u00f6\u00dferen sogenannten \u00f6kologischen Fu\u00dfabdruck. Ob der h\u00f6here CO2-Aussto\u00df bei uns klimasch\u00e4dlich ist soll hier nicht er\u00f6rtert werden.<\/p>\n<p>Aber \u201eunser Gesundheitswesen und die Altenbetreuung w\u00fcrde ohne die Besch\u00e4ftigten mit Migrationsherkunft zusammenbrechen\u201c, wird unsereinem entgegengehalten. Wobei das \u201eAber\u201c schon das Eingest\u00e4ndnis w\u00e4re, dass meine volkswirtschaftliche Betrachtung des Problems nicht falsch sein kann. Deshalb sei eine weitere Recherche diesem speziellen Bereich Gesundheitsversorgung und Altenpflege gewidmet. Denn immer wieder wird behauptet, ohne Besch\u00e4ftigte mit Migrationsherkunft ginge im Gesundheitswesen nichts mehr. Es wird aber so getan, als ob diese Bev\u00f6lkerungsgruppe selbst keine Gesundheitsversorgung ben\u00f6tige, sondern nur in diesen Einrichtungen arbeiten. Sind sie ges\u00fcnder als wir und brauchen keine Versorgung? Mein pers\u00f6nlicher Eindruck mag falsch sein: Als ich das letzte Mal station\u00e4r in der Uniklinik Freiburg war, lagen auf meiner Station nur zwei weitere Patienten mit deutschem Namen, an allen anderen Zimmern waren eindeutig ausl\u00e4ndische Namen zu sehen.<\/p>\n<p>Welche Nationalit\u00e4ten arbeiten in Krankenh\u00e4usern? Aus Zahlen und Fakten zum SVR-Jahresgutachten 2022: \u201eFachkr\u00e4fte mit Migrationshintergrund leisten einen essentiellen Beitrag zur Gesundheitsversorgung in Deutschland. Fast ein Viertel (22,5%) aller hier Erwerbst\u00e4tigen hatte laut Mikrozensus 2019 eine eigene oder famili\u00e4re Einwanderungsgeschichte.\u201c Das ist gut, sogar sehr gut. Aber: Ihr Anteil an der Bev\u00f6lkerung betrug im gleichen Jahr 26 Prozent. <a href=\"https:\/\/www.destatis.de\/DE\/Presse\/Pressemitteilungen\/2020\/07\/PD20_279_12511.html\">https:\/\/www.destatis.de\/DE\/Presse\/Pressemitteilungen\/2020\/07\/PD20_279_12511.html<\/a> Es arbeiteten also weniger im Gesundheitsbereich als es ihrem Bev\u00f6lkerungsanteil entsprach. Und von diesen weniger sah es so aus: \u201eIn allen untersuchten Berufsgruppen stammt die gro\u00dfe Mehrheit der Erwerbst\u00e4tigen mit Migrationshintergrund aus Europa, insbesondere Osteuropa. Die wichtigsten Herkunftsl\u00e4nder sind Polen, die T\u00fcrkei, die Russische F\u00f6deration, Kasachstan und Rum\u00e4nien.\u201c Haben wir mit Menschen aus diesen L\u00e4ndern Probleme?<\/p>\n<p>Die umstrittenen Nationalit\u00e4ten kommen aus Vorderasien und Afrika. Doch diese machen zusammen nur ca. 10 Prozent aller Gesundheitsbesch\u00e4ftigten mit Migrationsherkunft aus. 10 Prozent von 22,5 Prozent sind nur 2,25 Prozent aller Besch\u00e4ftigten im Gesundheitsbereich. An der Nicht-Deutschen Bev\u00f6lkerung machten die Asiaten aber 21,4 Prozent aus, Afrikaner 5,4 Prozent. Zusammen stellen die Zuwanderer dieser L\u00e4nder somit 26,8 Prozent, aber nur 2,25 Prozent arbeiten im Gesundheitswesen \u2013 ein Missverh\u00e4ltnis von 1 zu 11! Wer diese Zahlen nicht glauben kann, vergewissere sich hier im Sachverst\u00e4ndigengutachten.<br \/>\n<a href=\"https:\/\/www.svr-migration.de\/wp-content\/uploads\/2022\/10\/SVR_Factsheet_Jahresgutachten_2022.pdf\">https:\/\/www.svr-migration.de\/wp-content\/uploads\/2022\/10\/SVR_Factsheet_Jahresgutachten_2022.pdf<\/a> Inzwischen ist der Bev\u00f6lkerungsanteil aus den Probleml\u00e4ndern sogar noch gestiegen. Neuere Zahlen der Gesundheitsbesch\u00e4ftigten liegen mir leider nicht vor. Doch eines ist bekannt: Es m\u00fcssen immer mehr Anschlagsopfer von Islamisten in den Krankenh\u00e4usern wieder gesundgepflegt werden \u2013 was aber unsere eigenen Leute und Besch\u00e4ftigte aus Osteuropa tun.<\/p>\n<p>Trotz alledem sonderte der Vorsitzende der Mitarbeitervertretung eines Diakonie-Krankenhauses ab: \u201eWir sind stolz darauf \u2026 Wir sind eine bunte Belegschaft und wir nehmen die Bedenken und \u00c4ngste unserer Kolleginnen und Kollegen aus den eigenen Reihen sehr ernst, die sich vor dem Hintergrund der politischen Stimmung bedroht f\u00fchlen. Auch der Diakonie-Pr\u00e4sident R\u00fcdiger Schuch hat ein hartes Vorgehen gegen rechte Mitarbeiter in den eigenen Reihen angek\u00fcndigt. Er sagte: Wer die AfD aus \u00dcberzeugung w\u00e4hlt, kann nicht in der Diakonie arbeiten. Diese Leute k\u00f6nnen sich im Grunde auch nicht mehr zur Kirche z\u00e4hlen, denn das menschenfeindliche Menschenbild der AfD widerspricht dem christlichen Menschenbild.\u201c<\/p>\n<p>Was diese selbstherrlichen Entscheider \u00fcber Gut und B\u00f6se \u00fcbersehen: Die im Gesundheitsbereich stark vertretenen Besch\u00e4ftigten aus Osteuropa sind fast ausnahmslos Christen. Reiner Zufall? Und machen uns diese Probleme? Die verschwindend geringe Anzahl der Gesundheitsbesch\u00e4ftigten aus dem Nahen und mittleren Osten sind Muslime. Haben es diese nicht so mit der gebotenen N\u00e4chstenliebe im Pflegebereich, weshalb es so wenige sind? Aber Nachdenken scheint in kirchlichen Kreisen out zu sein. Leider ist es oft auch der christliche Glaube der out ist.<\/p>\n<p>W\u00e4hrend ich diesen Artikel verfasste verk\u00fcnden die Fernsehnachrichten, dass wir schnellstens 500.000 weitere ausl\u00e4ndische Arbeitskr\u00e4fte br\u00e4uchten, vor allem im Gesundheitswesen. Sie lernen also nichts dazu, sie sind Faktenleugner, werden aber daf\u00fcr mit unseren Geb\u00fchren f\u00fcrstlich bezahlt. Was wir mindestens ebenso brauchen, sind Leute in den Rundfunkanstalten und Zeitungsredaktionen sowie in der Politik, die ihre Propaganda nicht aus dem Bauch heraus betreiben, sondern sich erst in die Materie hineinknien, \u00fcber die sie schw\u00e4tzen. Ist es denn so schwer, Zahlen und Fakten zu ermitteln, sie einzuordnen und in den gebotenen Kontext zu stellen? Sie m\u00fcssten es so gut k\u00f6nnen wie ich, wollen das aber nicht \u2013 aus welchem Grund auch immer.<\/p>\n<p>Wir wissen, dass sie l\u00fcgen. Sie wissen auch, dass sie uns anl\u00fcgen. Sie m\u00fcssten eigentlich wissen, dass wir wissen, dass sie uns anl\u00fcgen. Und trotzdem tun sie es weiterhin. Bleibt zu hoffen, dass sie uns nicht auch noch mit dem Ergebnis der Bundestagswahl anl\u00fcgen.<br \/>\n22.2.2025 Albrecht K\u00fcnstle , <a href=\"mailto:kuenstle.a@gmx.de\">kuenstle.a@gmx.de<\/a><\/p>\n<p><em>Vorbehalt: Falls in diesem Artikel Strafbares enthalten sein sollte, distanziere ich mich prophylaktisch von solchen Unrechtsgrundlagen bzw. der Justiz, die darin evtl. Strafbares erkennen will.<\/em><\/p>\n<p>Dieser Artikel ist ohne \u201eKI\u201c ausschlie\u00dflich mit K\u00fcnstle-Intelligenz erstellt.<\/p>\n","protected":false},"excerpt":{"rendered":"<p>Home\u00a0&gt;Global\u00a0&gt;Integration\u00a0&gt;Migration &gt;Migration-Maenner &gt;Migration-nein Listenauswahl eines Beitrags (Artikel\/Datum, Seite\/Inhalt):\u00a0Klicken\u00a0oder scrollen T\u00fcrkei-Syrer kehren heim, Deutschland-Syrer bleiben\u00a0(12.12.2025) Ahmet Refii Dener: T\u00fcrken fragen \u201eWas soll aus diesem Land nur werden?\u201c\u00a0(30.8.2025) Grenze: Regierung oder Gericht\u00a0(4..6.2025) Die ewige (falsche) Leier: \u201eWir brauchen Zuwanderung\u201c (22.2.2025) Massenmigration in &hellip; <a href=\"https:\/\/www.freiburg-schwarzwald.de\/blog\/global\/migration\/migration-nein\/\">Weiterlesen <span class=\"meta-nav\">&rarr;<\/span><\/a><\/p>\n","protected":false},"author":2,"featured_media":0,"parent":9150,"menu_order":0,"comment_status":"closed","ping_status":"closed","template":"","meta":{"footnotes":""},"class_list":["post-131184","page","type-page","status-publish","hentry"],"_links":{"self":[{"href":"https:\/\/www.freiburg-schwarzwald.de\/blog\/wp-json\/wp\/v2\/pages\/131184","targetHints":{"allow":["GET"]}}],"collection":[{"href":"https:\/\/www.freiburg-schwarzwald.de\/blog\/wp-json\/wp\/v2\/pages"}],"about":[{"href":"https:\/\/www.freiburg-schwarzwald.de\/blog\/wp-json\/wp\/v2\/types\/page"}],"author":[{"embeddable":true,"href":"https:\/\/www.freiburg-schwarzwald.de\/blog\/wp-json\/wp\/v2\/users\/2"}],"replies":[{"embeddable":true,"href":"https:\/\/www.freiburg-schwarzwald.de\/blog\/wp-json\/wp\/v2\/comments?post=131184"}],"version-history":[{"count":6,"href":"https:\/\/www.freiburg-schwarzwald.de\/blog\/wp-json\/wp\/v2\/pages\/131184\/revisions"}],"predecessor-version":[{"id":143021,"href":"https:\/\/www.freiburg-schwarzwald.de\/blog\/wp-json\/wp\/v2\/pages\/131184\/revisions\/143021"}],"up":[{"embeddable":true,"href":"https:\/\/www.freiburg-schwarzwald.de\/blog\/wp-json\/wp\/v2\/pages\/9150"}],"wp:attachment":[{"href":"https:\/\/www.freiburg-schwarzwald.de\/blog\/wp-json\/wp\/v2\/media?parent=131184"}],"curies":[{"name":"wp","href":"https:\/\/api.w.org\/{rel}","templated":true}]}}