{"id":130955,"date":"2025-02-17T18:48:47","date_gmt":"2025-02-17T17:48:47","guid":{"rendered":"https:\/\/www.freiburg-schwarzwald.de\/blog\/?page_id=130955"},"modified":"2025-02-21T19:11:55","modified_gmt":"2025-02-21T18:11:55","slug":"muenchen13feb2025","status":"publish","type":"page","link":"https:\/\/www.freiburg-schwarzwald.de\/blog\/engagement\/zukunft\/demokratie\/muenchen13feb2025\/","title":{"rendered":"M\u00fcnchen13Feb2025"},"content":{"rendered":"<p><a href=\"https:\/\/www.freburg-schwarzwald.de\/blog\">Home<\/a> &gt;<a title=\"Demokratie\" href=\"https:\/\/www.freiburg-schwarzwald.de\/blog\/engagement\/zukunft\/demokratie\/\">Demokratie<\/a>\u00a0&gt;<a href=\"https:\/\/www.freiburg-schwarzwald.de\/blog\/engagement\/zukunft\/demokratie\/berlin19dez2016\/\">Berlin19dez2016<\/a> &gt;<a href=\"https:\/\/www.freiburg-schwarzwald.de\/blog\/engagement\/zukunft\/demokratie\/magdeburg20dez2024\/\">Magdeburg20dez2024<\/a> &gt;<a href=\"https:\/\/www.freiburg-schwarzwald.de\/blog\/engagement\/zukunft\/demokratie\/aschaffenburg22jan2025\/\">Aschaffenburg22Jan2025<\/a> &gt;M\u00fcnchen13Feb2025<\/p>\n<div id=\"attachment_130957\" style=\"width: 649px\" class=\"wp-caption alignnone\"><a href=\"https:\/\/www.freiburg-schwarzwald.de\/blog\/wp-content\/uploads\/2025\/02\/muenchen-terror-kinderwagen-pan250213.jpg\"><img loading=\"lazy\" decoding=\"async\" aria-describedby=\"caption-attachment-130957\" class=\"size-full wp-image-130957\" src=\"https:\/\/www.freiburg-schwarzwald.de\/blog\/wp-content\/uploads\/2025\/02\/muenchen-terror-kinderwagen-pan250213.jpg\" alt=\"\" width=\"639\" height=\"348\" srcset=\"https:\/\/www.freiburg-schwarzwald.de\/blog\/wp-content\/uploads\/2025\/02\/muenchen-terror-kinderwagen-pan250213.jpg 639w, https:\/\/www.freiburg-schwarzwald.de\/blog\/wp-content\/uploads\/2025\/02\/muenchen-terror-kinderwagen-pan250213-180x98.jpg 180w\" sizes=\"auto, (max-width: 639px) 100vw, 639px\" \/><\/a><p id=\"caption-attachment-130957\" class=\"wp-caption-text\">M\u00fcnchen 13.2.2025: Afghane f\u00e4hrt Kind im Kinderwagen und Mutter tot und verletzt 39 Menschen<\/p><\/div>\n<ul>\n<li><em>Listenauswahl eines Beitrags: Bitte anklicken oder runterscrollen<\/em><\/li>\n<li>T\u00e4ter von M\u00fcnchen hatte Koran im Auto, als er den Anschlag beging (21.2.2025)<\/li>\n<li>M\u00fcnchen-Terrorist Farhad Noori in JVA: Muslim ohne Reue (20.2.2025)<\/li>\n<li><a href=\"https:\/\/www.freiburg-schwarzwald.de\/blog\/cbs-der-haessliche-deutsche\/\">CBS \u2013 der h\u00e4ssliche Deutsche<\/a> (18.2.2025)<\/li>\n<li><a href=\"https:\/\/www.freiburg-schwarzwald.de\/blog\/was-ist-das-fuer-ein-land\/\">Was ist das f\u00fcr ein Land?<\/a> (18.2.2025)<\/li>\n<li>Warum trauerte Innenministerin Nancy Faeser um die Toten von M\u00fcnchen, als sie offiziell noch gar nicht tot waren? (17.2.2025)<\/li>\n<li>Totes Kind \u2013 Schweigepflicht f\u00fcr die Nationale Sicherheit? (17.2.2025)<\/li>\n<li>M\u00e4dchen (2) und Mutter (37) nach Anschlag von M\u00fcnchen gestorben (15.2.2025)<\/li>\n<li><a href=\"https:\/\/www.freiburg-schwarzwald.de\/blog\/muenchen-anschlag-vance-msc\/\">M\u00fcnchen: Anschlag \u2013 Vance MSC<\/a> (14.2.2025)<\/li>\n<li><\/li>\n<li><a href=\"https:\/\/www.freiburg-schwarzwald.de\/blog\/engagement\/zukunft\/demokratie\/aschaffenburg22jan2025\/\">Aschaffenburg22Jan2025<\/a><\/li>\n<li><a href=\"https:\/\/www.freiburg-schwarzwald.de\/blog\/global\/migration\/brokstedt-messermord-zug\/\">Brokstedt-Messermord-Zug<\/a><\/li>\n<li><a title=\"Cottbus\" href=\"https:\/\/www.freiburg-schwarzwald.de\/blog\/engagement\/zukunft\/demokratie\/cottbus\/\">Cottbus<\/a><\/li>\n<li><a href=\"https:\/\/www.freiburg-schwarzwald.de\/blog\/engagement\/zukunft\/demokratie\/dresden-messermord04-10-2020\/\">Dresden-Messermord04-10-2020<\/a><\/li>\n<li><a title=\"Gewalt\" href=\"https:\/\/www.freiburg-schwarzwald.de\/blog\/selbsthilfe\/krise\/gewalt\/\">Gewalt<\/a><\/li>\n<li><a href=\"https:\/\/www.freiburg-schwarzwald.de\/blog\/global\/integration\/illerkirchberg-messermord05-12-2022\/\">Illerkirchberg-Messermord05-12-2022<\/a><\/li>\n<li><a title=\"Kandel-Bluttat27-12-2017\" href=\"https:\/\/www.freiburg-schwarzwald.de\/blog\/engagement\/zukunft\/demokratie\/kandel-bluttat27-12-2017\/\">Kandel-Bluttat-27-12-2017<\/a><\/li>\n<li><a title=\"Fluechtlinge-Kriminalitaet\" href=\"https:\/\/www.freiburg-schwarzwald.de\/blog\/global\/integration\/fluechtlinge-kriminalitaet\/\">Fluechtlinge-Kriminalitaet<\/a><\/li>\n<li><a href=\"https:\/\/www.freiburg-schwarzwald.de\/blog\/religion\/islam\/knife-jihad\/\">Knife-Jihad<\/a><\/li>\n<li><a href=\"https:\/\/www.freiburg-schwarzwald.de\/blog\/global\/migration\/migranten-gewalt\/luise12erstochen230311\/\">Luise12erstochen230311<\/a><\/li>\n<li><a href=\"https:\/\/www.freiburg-schwarzwald.de\/blog\/global\/migration\/mannheim-messermord31mai2024\/\">Mannheim-Messermord31Mai2024<\/a><\/li>\n<li><a href=\"https:\/\/www.freiburg-schwarzwald.de\/blog\/global\/migration\/migranten-gewalt\/\">Migranten-Gewalt<\/a><\/li>\n<li><a href=\"https:\/\/www.freiburg-schwarzwald.de\/blog\/global\/migration\/migration-messer\/\">Migration-Messer<\/a><\/li>\n<li><a title=\"Muslime\" href=\"https:\/\/www.freiburg-schwarzwald.de\/blog\/global\/integration\/muslime\/\">Muslime<\/a><\/li>\n<li><a href=\"https:\/\/www.freiburg-schwarzwald.de\/blog\/global\/integration\/fluechtlinge-kriminalitaet\/opfer\/\">Opfer \u2013 zweierlei<\/a><\/li>\n<li><a href=\"https:\/\/www.freiburg-schwarzwald.de\/blog\/global\/integration\/fluechtlinge-kriminalitaet\/opfer-taeter-umkehr\/\">Opfer-T\u00e4ter-Umkehr\u00a0<\/a><\/li>\n<li><a title=\"Terror\" href=\"https:\/\/www.freiburg-schwarzwald.de\/blog\/religion\/islam\/terror\/\">Terror<\/a><\/li>\n<li><a title=\"Wahn\" href=\"https:\/\/www.freiburg-schwarzwald.de\/blog\/selbsthilfe\/psyche\/wahn\/\">Wahn \u2013 religi\u00f6ser<\/a><\/li>\n<li><a href=\"https:\/\/www.freiburg-schwarzwald.de\/blog\/global\/migration\/worms-messermord06-03-2019\/\">Worms-Messermord06-03-2019<\/a><\/li>\n<li><a title=\"Wuerzburg2016Axt\" href=\"https:\/\/www.freiburg-schwarzwald.de\/blog\/selbsthilfe\/krise\/gewalt\/wuerzburg2016axt\/\">Wuerzburg2016Axt<\/a><\/li>\n<li><a href=\"https:\/\/www.freiburg-schwarzwald.de\/blog\/selbsthilfe\/krise\/gewalt\/wuerzburg2021messermorde\/\">Wuerzburg2021Messermorde<\/a><\/li>\n<li><a href=\"https:\/\/www.freiburg-schwarzwald.de\/blog\/global\/usa\/vance\/\">Vance<\/a><\/li>\n<\/ul>\n<p><strong>Afghane fuhr Kind und Mutter zu Tode<\/strong><br \/>\nAm 14.2.2025 gegen 10.30 Uhr fuhr ein Afghane am M\u00fcnchener Stiglmaierplatz mit seinem Mini Cooper in einen Demonstrationszug der Gewerkschaft Verdi und verletzte 39 Menschen schwer &#8211; ein zweij\u00e4hriges M\u00e4dchen und seine Mutter verstarben nach Beh\u00f6rdenangaben zwei Tage sp\u00e4ter.<br \/>\nDie Opfer: Friedliche Menschen, die f\u00fcr ein solidarisches Miteinander demonstrierten.<br \/>\nDie Toten: Hafsa, 2, im Kinderwagen und ihre Mutter Amel, 37. Sie kam als 4-J\u00e4hrige aus Algerien nach Deutschland und arbeitete seit 2017 als Umweltschutzingenieurin bei der Stadt M\u00fcnchen.<br \/>\nDer T\u00e4ter: Der vor 24 Jahren in Kabul geborene Farhad N. war 2016 als 16-j\u00e4hriger <a href=\"https:\/\/www.freiburg-schwarzwald.de\/blog\/global\/integration\/umf\/\">UMF<\/a> in D eingereist. Sein Asylantrag wurde 2020 abgelehnt. Er ist seit Ende 2020 ausreisepflichtig. Verfahren wegen Sozialbetrug liefen. Er arbeitete zeitweilig als Ladendetektiv<br \/>\n===========================================================<\/p>\n<p><strong>T\u00e4ter von M\u00fcnchen hatte Koran im Auto, als er den Anschlag beging<\/strong><br \/>\nEine erste Auswertung seines Handys ergab, dass Noori sich vor der Tat Videos mit Predigten und Bildern von Koransuren angesehen hatte. Besonders brisant: In der Nacht vor dem Anschlag verschickte er eine Abschiedsnachricht mit den Worten: \u201eVielleicht bin ich morgen nicht mehr da, vielleicht wird es mich morgen nicht mehr geben. Kannst du f\u00fcr mich den Koran zu Ende lesen?\u201c<br \/>\nVor der Tat war Farhad Noori als Fitness-Influencer und Bodybuilder aktiv. Auf Social-Media-Plattformen pr\u00e4sentierte er sich mit nacktem Oberk\u00f6rper und dokumentierte seine Wettkampferfolge. In den letzten Wochen vor dem Anschlag enthielt sein Instagram-Profil vermehrt islamische Texte auf Persisch sowie arabische religi\u00f6se Musik&#8230;. Alles vom 21.2.2025 bitte lesen auf<br \/>\n<a href=\"https:\/\/apollo-news.net\/tter-von-mnchen-hatte-koran-im-auto-als-er-den-anschlag-beging\/\">https:\/\/apollo-news.net\/tter-von-mnchen-hatte-koran-im-auto-als-er-den-anschlag-beging\/<\/a><\/p>\n<p>&nbsp;<\/p>\n<p><strong>M\u00fcnchen-Terrorist Farhad Noori in JVA: Muslim ohne Reue<\/strong><br \/>\nAls der W\u00e4rter kommt, will M\u00fcnchen-Terrorist Farhad Noori, dass seine Zelle geputzt wird \u2013 um sie von Christen zu reinigen<br \/>\n&#8222;Wer war Farhad Noori, der Attent\u00e4ter von M\u00fcnchen? Anfangs gab der 24-j\u00e4hrige Afghane, der am vergangenen Donnerstag mit einem Mini Cooper in eine Verdi-Kundgebung fuhr, zwei Menschen t\u00f6tete und 37 verletzte, Ermittlern R\u00e4tsel auf. Doch erste Eindr\u00fccke, die Sicherheitskreise aus Nooris Aussagen in Vernehmungen und seinem Verhalten in der JVA M\u00fcnchen gewinnen konnten, zeichnen das Bild eines radikalen Muslims, der keinerlei Reue zeigt und Merkmale eines religi\u00f6sen Wahns aufweist.<br \/>\nDas erfuhr NIUS exklusiv aus bayerischen Polizeikreisen, die Einblicke in seine Unterbringung in der JVA M\u00fcnchen hatten. &#8230;&#8220;<\/p>\n<p>20.2.2025 auf<a href=\"https:\/\/www.nius.de\/kriminalitaet\/news\/farhad-noori-muenchen-attentaeter-islamismus-jva-muenchen-ermittler-putzen-christen-halal\/6e74ea9b-35ec-4e2f-ad91-a013e3bbac9d\"> https:\/\/www.nius.de\/kriminalitaet\/news\/farhad-noori-muenchen-attentaeter-islamismus-jva-muenchen-ermittler-putzen-christen-halal\/6e74ea9b-35ec-4e2f-ad91-a013e3bbac9d<\/a><\/p>\n<p>&nbsp;<\/p>\n<p><strong>Warum trauerte Innenministerin Nancy Faeser um die Toten von M\u00fcnchen, als sie offiziell noch gar nicht tot waren?<\/strong><br \/>\nTerror von M\u00fcnchen: Feuerwehr erkl\u00e4rte Kind (2) schon am Donnerstag f\u00fcr tot, aber das soll nun ein Fehler sein<br \/>\n&#8222;&#8230;Doch schon bevor die junge Frau und ihre Tochter verstarb, legten viele ranghohe Politiker und Personen des \u00f6ffentlichen Lebens Blumen ab und trauerten. Warum trauerten sie schon, als es noch gar keine Todesmeldungen gab? NIUS dokumentiert die Seltsamkeiten rund um das Attentat von M\u00fcnchen am 13. Februar 2025. &#8230;&#8220;<br \/>\n17.2.2025<br \/>\n<a href=\"https:\/\/www.nius.de\/politik\/news\/warum-trauerte-innenministerin-nancy-faeser-um-die-toten-von-muenchen-als-sie-offiziell-noch-gar-nicht-tot-waren\/a272711e-fdfb-464c-8a91-7add653ba4ac\">https:\/\/www.nius.de\/politik\/news\/warum-trauerte-innenministerin-nancy-faeser-um-die-toten-von-muenchen-als-sie-offiziell-noch-gar-nicht-tot-waren\/a272711e-fdfb-464c-8a91-7add653ba4ac<\/a><br \/>\n<a href=\"https:\/\/www.nius.de\/politik\/news\/terror-von-muenchen-feuerwehr-erklaerte-kind-schon-am-donnerstag-fuer-tot\/a272711e-fdfb-464c-8a91-7add653ba4ac\">https:\/\/www.nius.de\/politik\/news\/terror-von-muenchen-feuerwehr-erklaerte-kind-schon-am-donnerstag-fuer-tot\/a272711e-fdfb-464c-8a91-7add653ba4ac<\/a><\/p>\n<p>&nbsp;<\/p>\n<p><strong>Totes Kind \u2013 Schweigepflicht f\u00fcr die Nationale Sicherheit?<\/strong><br \/>\nSehr geehrter Herr Danisch<br \/>\nIn der Sonntagsrunde auf Kontrafunk erl\u00e4utert M\u00fcller-Ullrich geheinmisvolles aus M\u00fcnchen. Betroffene m\u00fcssen eine Schweigepflicht f\u00fcr die Nationale Sicherheit unterschreiben. Zu h\u00f6ren ab 21:54 <a href=\"https:\/\/kontrafunk.radio\/de\/sendung-nachhoeren\/politik-und-zeitgeschehen\/die-sonntagsrunde\/die-sonntagsrunde-mit-burkhard-mueller-ullrich-tod-am-samstagabend#id-article\">https:\/\/kontrafunk.radio\/de\/sendung-nachhoeren\/politik-und-zeitgeschehen\/die-sonntagsrunde\/die-sonntagsrunde-mit-burkhard-mueller-ullrich-tod-am-samstagabend#id-article<\/a>. Im Anschluss erkl\u00e4rt Eva Hermann von 3 weiteren, gleichen Beispielen (zu &#8222;Verschwiegenheitserkl\u00e4rungen im Interesse der nationalen Sicherheit&#8220;) aus der Zeit nach 2015\/16.<br \/>\n&#8230;<br \/>\nIch habe mir zumindest mal diese Stelle angeh\u00f6rt. Und ich muss sagen: Ich verstehe sie nicht. Was hei\u00dft denn \u201em\u00fcssen eine Verschwiegenheitserkl\u00e4rung unterschreiben\u201c? Es gibt kein absolutes \u201eM\u00fcssen\u201c, sondern nur \u201em\u00fcssen, um zu \u201c oder \u201em\u00fcssen, um nicht\u201c. Wieso soll man die unterschreiben m\u00fcssen und was passiert, wenn man sie nicht unterschreibt?<br \/>\nWas soll denn das rechtlich \u00fcberhaupt sein? Es gibt im Zivilrecht das NDA, das non-disclosure-agreement, die Verschwiegenheitserkl\u00e4rung. Das ist aber ein privatrechtlicher Vertrag, und damit nicht erzwingend, sondern nur schadensersatzbegr\u00fcndend aus Vertragsverletzung, wenn man etwa Betriebsgeheimnisse verr\u00e4t, und im Gegenzug eine Gegenleistung erh\u00e4lt, etwas erf\u00e4hrt oder tun darf.<br \/>\nAber was soll das sein, eine einseitige Erkl\u00e4rung abzugeben, dass man schweigen wird? Wem gegen\u00fcber eigentlich? Was soll juristisch sein? Ein Vertrag? Oder einfach nur Einsch\u00fcchterung einfacher B\u00fcrger, die das rechtlich nicht einordnen k\u00f6nnen? &#8230;<br \/>\n&#8230; Alle vom 17.2.2025 bitte lesen auf<br \/>\n<a href=\"https:\/\/www.danisch.de\/blog\/2025\/02\/17\/schweigeverpflichtung-fuer-die-nationale-sicherheit\/\">https:\/\/www.danisch.de\/blog\/2025\/02\/17\/schweigeverpflichtung-fuer-die-nationale-sicherheit\/<\/a><\/p>\n<p>&nbsp;<\/p>\n<p><strong>M\u00e4dchen (2) und Mutter (37) nach Anschlag von M\u00fcnchen gestorben<\/strong><br \/>\nWie erst jetzt offiziell bekannt gegeben wird, sind eine Mutter und ihr Kind ihren schweren Verletzungen erlegen. Die Frau hatte am Donnerstag an einer Demonstration der Gewerkschaft Verdi f\u00fcr die aktuelle Tarifrunde teilgenommen, als der Afghane Farad Noori mit seinem Auto an Polizeiwagen, die den Demonstrationszug absicherten, vorbei gefahren und von hinten in die Menge der Demonstranten gerast ist. Er soll eine Geschwindigkeit von zuletzt 50 Kilometer pro Stunde erreicht haben. Die Frau nahm ihr Kind im Kinderwagen mit; beide wurden vom Auto des Afghanen erfasst und mit am schlimmsten getroffen.<br \/>\nDamit hat sich eine erste Meldung von TE von Donnerstagnacht best\u00e4tigt. TE hat diese Meldung zur\u00fcckgerufen, weil eine zweite Quelle ihre urspr\u00fcngliche Best\u00e4tigung nicht mehr halten wollte und von \u201emassivem Druck\u201c sprach, der auf ihr laste. TE ver\u00f6ffentlicht Meldungen nur dann, wenn diese von zwei Quellen unmissverst\u00e4ndlich best\u00e4tigt werden. Wann der genaue Todeszeitpunkt von Mutter und Kind war, konnte noch nicht ermittelt werden. <em><strong>Eine mit der Sache befasste Person sagte zu TE, dass man m\u00f6glicherweise die Sicherheitskonferenz habe abwarten wollen, um der erwarteten Rede von US-Vizepr\u00e4sident JD Vance nicht \u201ezus\u00e4tzlich Futter\u201c zu verschaffen.<\/strong><\/em> Die genauen Zeitabl\u00e4ufe m\u00fcssen in den kommenden Tagen gekl\u00e4rt werden, um diesen ungeheuerlichen Verdacht auszur\u00e4umen.<br \/>\n&#8230; Alles vom 15.2.2025 bitte lesen auf<br \/>\n<a href=\"https:\/\/www.tichyseinblick.de\/daili-es-sentials\/anschlag-muenchen-verdi-demo\/\">https:\/\/www.tichyseinblick.de\/daili-es-sentials\/anschlag-muenchen-verdi-demo\/<\/a><\/p>\n","protected":false},"excerpt":{"rendered":"<p>Home &gt;Demokratie\u00a0&gt;Berlin19dez2016 &gt;Magdeburg20dez2024 &gt;Aschaffenburg22Jan2025 &gt;M\u00fcnchen13Feb2025 Listenauswahl eines Beitrags: Bitte anklicken oder runterscrollen T\u00e4ter von M\u00fcnchen hatte Koran im Auto, als er den Anschlag beging (21.2.2025) M\u00fcnchen-Terrorist Farhad Noori in JVA: Muslim ohne Reue (20.2.2025) CBS \u2013 der h\u00e4ssliche Deutsche (18.2.2025) &hellip; <a href=\"https:\/\/www.freiburg-schwarzwald.de\/blog\/engagement\/zukunft\/demokratie\/muenchen13feb2025\/\">Weiterlesen <span class=\"meta-nav\">&rarr;<\/span><\/a><\/p>\n","protected":false},"author":2,"featured_media":0,"parent":21084,"menu_order":0,"comment_status":"closed","ping_status":"closed","template":"","meta":{"footnotes":""},"class_list":["post-130955","page","type-page","status-publish","hentry"],"_links":{"self":[{"href":"https:\/\/www.freiburg-schwarzwald.de\/blog\/wp-json\/wp\/v2\/pages\/130955","targetHints":{"allow":["GET"]}}],"collection":[{"href":"https:\/\/www.freiburg-schwarzwald.de\/blog\/wp-json\/wp\/v2\/pages"}],"about":[{"href":"https:\/\/www.freiburg-schwarzwald.de\/blog\/wp-json\/wp\/v2\/types\/page"}],"author":[{"embeddable":true,"href":"https:\/\/www.freiburg-schwarzwald.de\/blog\/wp-json\/wp\/v2\/users\/2"}],"replies":[{"embeddable":true,"href":"https:\/\/www.freiburg-schwarzwald.de\/blog\/wp-json\/wp\/v2\/comments?post=130955"}],"version-history":[{"count":5,"href":"https:\/\/www.freiburg-schwarzwald.de\/blog\/wp-json\/wp\/v2\/pages\/130955\/revisions"}],"predecessor-version":[{"id":131114,"href":"https:\/\/www.freiburg-schwarzwald.de\/blog\/wp-json\/wp\/v2\/pages\/130955\/revisions\/131114"}],"up":[{"embeddable":true,"href":"https:\/\/www.freiburg-schwarzwald.de\/blog\/wp-json\/wp\/v2\/pages\/21084"}],"wp:attachment":[{"href":"https:\/\/www.freiburg-schwarzwald.de\/blog\/wp-json\/wp\/v2\/media?parent=130955"}],"curies":[{"name":"wp","href":"https:\/\/api.w.org\/{rel}","templated":true}]}}