{"id":130610,"date":"2025-02-04T10:03:07","date_gmt":"2025-02-04T09:03:07","guid":{"rendered":"https:\/\/www.freiburg-schwarzwald.de\/blog\/?page_id=130610"},"modified":"2025-02-04T10:11:43","modified_gmt":"2025-02-04T09:11:43","slug":"ineptokratie","status":"publish","type":"page","link":"https:\/\/www.freiburg-schwarzwald.de\/blog\/kultur\/kulturverlust\/ineptokratie\/","title":{"rendered":"Ineptokratie"},"content":{"rendered":"<p><a href=\"https:\/\/www.freiburg-schwarzwald.de\/blog\">Home<\/a>\u00a0&gt;<a title=\"Kultur\" href=\"https:\/\/www.freiburg-schwarzwald.de\/blog\/kultur\/\">Kultur<\/a> &gt;<a href=\"https:\/\/www.freiburg-schwarzwald.de\/blog\/bildung\/\">Bildung<\/a>\u00a0&gt;<a href=\"https:\/\/www.freiburg-schwarzwald.de\/blog\/global\/deutschland\/gesellschaft\/leistungsgesellschaft\/\">Leistungsgesellschaft<\/a>\u00a0&gt;<a href=\"https:\/\/www.freiburg-schwarzwald.de\/blog\/kultur\/kulturverlust\/\">Kulturverlust<\/a> &gt;<a href=\"https:\/\/www.freiburg-schwarzwald.de\/blog\/kultur\/kulturverlust\/leistung\/\">Leistung<\/a> &gt;Ineptokratie<\/p>\n<div id=\"attachment_130279\" style=\"width: 645px\" class=\"wp-caption alignnone\"><a href=\"https:\/\/www.freiburg-schwarzwald.de\/blog\/wp-content\/uploads\/2025\/01\/schafe1dreisamta-panl250114.jpg\"><img loading=\"lazy\" decoding=\"async\" aria-describedby=\"caption-attachment-130279\" class=\"size-full wp-image-130279\" src=\"https:\/\/www.freiburg-schwarzwald.de\/blog\/wp-content\/uploads\/2025\/01\/schafe1dreisamta-panl250114.jpg\" alt=\"Schafe zwischen Freiburg und Hochschwarzwald am 12.1.2025 abends\" width=\"635\" height=\"388\" srcset=\"https:\/\/www.freiburg-schwarzwald.de\/blog\/wp-content\/uploads\/2025\/01\/schafe1dreisamta-panl250114.jpg 635w, https:\/\/www.freiburg-schwarzwald.de\/blog\/wp-content\/uploads\/2025\/01\/schafe1dreisamta-panl250114-180x110.jpg 180w\" sizes=\"auto, (max-width: 635px) 100vw, 635px\" \/><\/a><p id=\"caption-attachment-130279\" class=\"wp-caption-text\">Schafe zwischen Freiburg und Hochschwarzwald am 12.1.2025 abends<\/p><\/div>\n<ul>\n<li><em>Listenauswahl eines Beitrags: Bitte anklicken oder runterscrollen<\/em><\/li>\n<li>Winfried St\u00f6cker: AfD als Rettung vor politischer \u201eIneptokratie\u201c &#8211; Offener Brief (3.2.2025)<\/li>\n<\/ul>\n<ul>\n<li><a href=\"https:\/\/www.freiburg-schwarzwald.de\/blog\/engagement\/bequemlichkeit\/\">Bequemlichkeit<\/a><\/li>\n<li><a href=\"https:\/\/www.freiburg-schwarzwald.de\/blog\/engagement\/buergerinitiativen\/demo\/blockade\/\">Blockade<\/a><\/li>\n<li><a title=\"Indoktrinierung\" href=\"https:\/\/www.freiburg-schwarzwald.de\/blog\/bildung\/schulen\/indoktrinierung\/\">Indoktrinierung\u00a0<\/a><\/li>\n<li><a href=\"https:\/\/www.freiburg-schwarzwald.de\/blog\/bildung\/infantil\/\">infantil<\/a><\/li>\n<li><a href=\"https:\/\/www.freiburg-schwarzwald.de\/blog\/engagement\/zukunft\/demokratie\/naivitaet\/infantilisierung\/\">Infantilisierung<\/a><\/li>\n<li><a href=\"https:\/\/www.freiburg-schwarzwald.de\/blog\/engagement\/zukunft\/dummheit\/\">Dummheit<\/a><\/li>\n<li><a title=\"Kinder-instrumentalisieren\" href=\"https:\/\/www.freiburg-schwarzwald.de\/blog\/selbsthilfe\/kinder\/kinder-instrumentalisieren\/\">Kinder-instrumentalisieren<\/a><\/li>\n<li><a href=\"https:\/\/www.freiburg-schwarzwald.de\/blog\/engagement\/zukunft\/demokratie\/naivitaet\/\">Naivitaet<\/a><\/li>\n<li><a href=\"https:\/\/www.freiburg-schwarzwald.de\/blog\/engagement\/zukunft\/demokratie\/politik\/politik-infantil\/\">Politik-infantil<\/a><\/li>\n<li><a title=\"Verbl\u00f6dung\" href=\"https:\/\/www.freiburg-schwarzwald.de\/blog\/bildung\/verbloedung\/\">Verbl\u00f6dung<\/a><\/li>\n<li><a href=\"https:\/\/www.freiburg-schwarzwald.de\/blog\/engagement\/zukunft\/dummheit\/\">Verdummung<\/a><\/li>\n<\/ul>\n<p>Ineptokratie = Herrschaft der Unf\u00e4higen, Ungebildeten, Infantilen<br \/>\n=============================================================<\/p>\n<p>&nbsp;<\/p>\n<p><strong>Winfried St\u00f6cker: AfD als Rettung vor politischer \u201eIneptokratie\u201c &#8211; Offener Brief<\/strong><br \/>\nLiebe Mitb\u00fcrger!<br \/>\nWir erleben heute einen durch Ineptokratie (Herrschaft der Unf\u00e4higen) hervorgeru\u00adfenen Niedergang in Deutschland. Was in der zwei\u00adten H\u00e4lfte des vergangenen Jahrhunderts durch kluge Politik und deutsche Wertarbeit flei\u00dfig aufgebaut wurde, ist bedroht, auch der innere und \u00e4u\u00dfere Frieden, weil sich ideologisch verblendete Dilettanten in Regierung und Verwaltung breit gemacht und die Stimmen der Vernunft durch Beschneidung der Meinungsfreiheit und Verdrehung der Wahrheit ausgeschaltet haben. Farblose Figuren, Politiker der zweiten Wahl, haben sich unseres deutschen Staates bem\u00e4chtigt und ihn ruiniert, und der Beamtenapparat hat sich zu einem lethargischen Monstrum entwickelt.<\/p>\n<p>Vor zehn Jahren hat die CDU, ohne die Bev\u00f6lkerung unseres Landes zu fragen, voller Naivit\u00e4t die halbe Dritte Welt zu uns eingeladen und den gesellschaftlichen Konsens preis\u00adgegeben. Wer sich dagegengestellt hatte, wurde als Menschenver\u00ad\u00e4ch\u00adter gebrandmarkt und bis heute ausgegrenzt. So ist es mir pers\u00f6nlich gegangen, und im Gro\u00dfen auch der Partei Alternative f\u00fcr Deutschland. Aber inzwischen haben die etablierten Parteien ihren fundamentalen Irrtum eingesehen, und die CDU fordert jetzt dasselbe wie die AfD damals. Sie bleibt aber dabei, die AfD weiter zu diffamie\u00adren \u2013 gerade weil die AfD auch in den meisten anderen politischen Angele\u00adgenheiten den besten \u00dcberblick hat und die besten L\u00f6sungen bietet, und die CDU in den Schatten stellt:<br \/>\nDie AfD setzt sich daf\u00fcr ein, dass der Krieg zwischen Russland und der Ukraine beendet wird und diplomatische L\u00f6sungen gefunden werden, anstelle die Ukrainer von besessenen, rechthaberischen und undiplomatischen Politikern ermutigen zu lassen, sich zur Wehr zu setzen, obwohl sie gegen Russland nicht gewinnen k\u00f6nnen. Die Anh\u00e4nger der AfD wollen nicht jeden Tag tausend russische und tausend ukrainische junge M\u00e4nner bei diesen Schlachten sterben sehen und einen dritten Weltkrieg riskieren.<\/p>\n<p>Wie fast alle anderen europ\u00e4ischen Staaten bef\u00fcrwortet die AfD die Nutzung der Atomkraft. Sie tritt daf\u00fcr ein, dass Energie wieder bezahlbar wird, der Verbrenner-Motor erhalten bleibt (wie die Atomtechnologie eine der Kernkompetenzen Deutschlands), wendet sich gegen staatliche Bevormundung und Indoktrination, l\u00e4hmende, europ\u00e4\u00adisch legitimierte \u00dcber\u00adregulierung, kommunistische Planwirtschaft, \u00fcbertriebenen Arten- und Datenschutz, Gender-Idiotie, gegen Umwelt- und Klimahysterie, setzt sich daf\u00fcr ein, dass die Unterneh\u00admen nicht ins Ausland abwandern, wird den Land\u00adwirten ihre Existenz erhalten, wird das Bargeld nicht abschaffen und eine deutsche Haftung f\u00fcr ausl\u00e4ndische Banken ausschlie\u00dfen.<\/p>\n<p>Da sich weltweit herumgesprochen hat, dass nur die Partei AfD unser im Verfall begriffenes Vaterland vor dem weiteren Niedergang retten kann, habe ich ihr einen gr\u00f6\u00dferen Geldbetrag zur Unterst\u00fctzung ihres Wahlkampfes \u00fcberwiesen, denn sie soll mir helfen, die zurzeit amtierenden Nichtsk\u00f6nner loszuwerden, die mich in meiner Arbeit behindern oder versuchen, mich zu diffamieren. Leonard Frick, ein Musterjournalist des Bl\u00e4ttchens \u201eWirtschaftsWoche\u201c, hat mich schamlos als einen \u201eUnternehmer mit dem Hakenkreuz\u201c bezeichnet, v\u00f6llig aus der Luft gegriffen, um den Lesern zu suggerieren, die AfD lasse sich von Nationalsozia\u00adlisten finanzieren.<\/p>\n<p>Dabei sind sowohl die AfD wie auch ich weiter vom Nationalsozialismus entfernt als die Parteien, die zurzeit das Sagen haben und unsere Demokratie mit F\u00fc\u00dfen treten. Von denen eine das Erbe der Unrechtspartei SED fortf\u00fchrt. Die unser Volk aufhet\u00adzen, nach dem Vorbild der h\u00f6chsten Anf\u00fchrer der fr\u00fcheren NSDAP. Die vom Volk gew\u00e4hlten Politikern ihre demokratische Legitimation absprechen. Die unsere besten Politiker verleumden und zu Massende\u00admonstrationen gegen das Phantom \u201eUltrarechts\u201c aufrufen:<\/p>\n<p>Fragen des Missbrauchs unseres Asylrechts und des Bleiberechts wurden im November 2023 bei einem Treffen politisch interessierter B\u00fcrger in Potsdam ernst\u00adhaft und offen diskutiert, wie es ja inzwischen auch die seit l\u00e4ngerem etablierten Parteien tun, diese wollen jetzt sogar Z\u00e4une im Balkan errichten, und streiten sich nur noch darum, wer die bezahlen soll. Rot\/Gr\u00fcne Intriganten haben das <a href=\"https:\/\/www.freiburg-schwarzwald.de\/blog\/kultur\/medien\/framing\/geheimtreffen\/\">\u201eGeheim\u00adtreffen\u201c<\/a> von einer Gruppe mit der arroganten Bezeichnung \u201eCorrectiv\u201c aussp\u00e4hen und die Teilnehmer verleumdet und juristisch verfolgen lassen. Was dort von Correctiv \u201eberichtet\u201c wurde, war aber gelogen \u2013 laut Urteil des Landgerichts Berlin II Mitte. Az. 2 O 296\/24eV. Rot\/Gr\u00fcn hat diese L\u00fcge aber hinterlistig zum Anlass genommen, Millionen von Menschen in Deutsch\u00adland aufzuhetzen und zu inszenierten Gro\u00df-Demonstrationen in mehreren St\u00e4dten zu MOB-ilisieren. Man hat sogar Parallelen zur Berliner \u201eWannsee-Konferenz\u201c 1942 gezogen. Diese verlogene Agitation kenne ich dem Dritten Reich und aus der Zeit des real existierenden Sozialismus, als man mit Hilfe einer gleichgeschalteten Presse die Wahrheit verbo\u00adgen und Aufm\u00e4rsche organisiert hat. Deutschland, werde erwachsen! Niemand lasse sich schon wieder zu falscher Begeisterung hinrei\u00dfen!<\/p>\n<p>Dass sich manche St\u00f6renfriede zur AfD hingezogen f\u00fchlen und in deren Namen das Dritte Reich wieder aufleben lassen wollen, kann man der AfD nicht anlasten, was aber aus hinterh\u00e4ltiger Berechnung von den Altparteien so gehalten wird. Die AfD steht f\u00fcr Vernunft, konservative Wertorientierung und Verl\u00e4sslichkeit, sie baut auf unserer Verfassung auf, nicht auf Hirngespinsten, wie bei Rot und Gr\u00fcn.<\/p>\n<p>Alle meine Bestrebungen stehen im Dienst der Gesundheit und unserer freien Gesellschaft. Ich habe aus dem Nichts 4.000 Menschen in Lohn und Brot gebracht und ein angesehenes weltweit operierendes Diagnostika-Unternehmen gegr\u00fcndet und geleitet. Dabei musste ich fest\u00adstellen, dass sich die Bedingungen f\u00fcr solche Initiative zunehmend verschlechtern und den Initiatoren und Mitarbeitern durch regulatori\u00adsche Ma\u00dfnahmen und Vorschriften der Spa\u00df verdorben wird. So warte ich seit \u00fcber zehn Jahren auf die Genehmigung f\u00fcr den Wiederaufbau eines fertig geplanten Kaufhauses in G\u00f6rlitz, weil ein paar nutzlose Beamte sich in Szene setzen wollen und meinen perfekten Plan durchkreuzen. Lieber l\u00e4sst man das histo\u00adrische Kaufhaus f\u00fcr immer verfallen \u2013 das Wahrzeichen des Handels in der Oberlausitz.<\/p>\n<p>\u00c4hnlich geht es mir in L\u00fcbeck, wo ich daran arbeite, den bestehenden Flughafen zu einem Regionalflughafen auszubauen, um Schleswig-Holstein und Mecklenburg-Vorpommern besser an die Welt anzuschlie\u00dfen. Vor zehn Jahren gab es einen B\u00fcrgerent\u00adscheid in L\u00fcbeck, 66% waren f\u00fcr Erhalt und Ausbau. Aber anstelle den Willen der L\u00fcbecker zu respektieren, hat die st\u00e4dtische Verwaltung nahezu unbemerkt die Fl\u00e4chen eng um den Flughafen nach Br\u00fcssel gemeldet und sie dem Natur- und Artenschutz preisgegeben. Nat\u00fcrlich, um die Demokratie au\u00dfer Kraft zu setzen und dem Flughafen die n\u00f6tigen Entwicklungs\u00adm\u00f6glichkeiten zu verwehren. Die CDU Schleswig-Holsteins unter Herrn G\u00fcnther l\u00e4sst gegen alle Vernunft jede Unterst\u00fctzung des Flughafens vermissen. Sie feiert lieber gesellige Sommerfeste mit den Gr\u00fcnen und will weiter regieren d\u00fcrfen.<br \/>\nIch unterst\u00fctze die Partei Alternative f\u00fcr Deutschland, damit ich weiter und endlich wieder effek\u00adtiv zum Nutzen unseres Landes wirken kann. Und mein Werk nicht bald von \u00fcber\u00adm\u00fctigen politischen Dilettanten und dummen B\u00fcrokraten zunichte gemacht wird.<br \/>\n&#8230; Alles vom 3.2.2025 von Winfried St\u00f6cker bitte lesen auf<br \/>\n<a href=\"https:\/\/www.tichyseinblick.de\/meinungen\/offener-brief-von-winfried-stoecker\/\">https:\/\/www.tichyseinblick.de\/meinungen\/offener-brief-von-winfried-stoecker\/<\/a><\/p>\n<p><a href=\"https:\/\/www.labor-stoecker.com\/\">https:\/\/www.labor-stoecker.com\/<\/a><\/p>\n<p>Einige Kommentare<br \/>\nDas Problem sehe ich in der noch zu geringen Reichweite der alternativen Medien. Wenn z.B. TE die ann\u00e4hernde Reichweite von FOX in den USA h\u00e4tte, w\u00e4ren diese Zust\u00e4nde bei uns nicht so gekommen und der Herr St\u00f6cker h\u00e4tte diesen Brief vielleicht nicht schreiben m\u00fcssen. D.Harry<br \/>\n.<br \/>\n\u201eWas in der zwei\u00adten H\u00e4lfte des vergangenen Jahrhunderts durch kluge Politik und deutsche Wertarbeit flei\u00dfig aufgebaut wurde, ist bedroht\u201c Da f\u00e4llt mir der bekannteste und damals wichtigste Mann f\u00fcr den Wiederaufbau des westlichen Teils Deutschlands ein. Es war der damalige Wirtschaftsminister Ludwig Erhardt. Heute w\u00fcrde er sich in Grund und Boden f\u00fcr die CDU sch\u00e4men. P.Liesner<br \/>\nEnde Kommentare<\/p>\n","protected":false},"excerpt":{"rendered":"<p>Home\u00a0&gt;Kultur &gt;Bildung\u00a0&gt;Leistungsgesellschaft\u00a0&gt;Kulturverlust &gt;Leistung &gt;Ineptokratie Listenauswahl eines Beitrags: Bitte anklicken oder runterscrollen Winfried St\u00f6cker: AfD als Rettung vor politischer \u201eIneptokratie\u201c &#8211; Offener Brief (3.2.2025) Bequemlichkeit Blockade Indoktrinierung\u00a0 infantil Infantilisierung Dummheit Kinder-instrumentalisieren Naivitaet Politik-infantil Verbl\u00f6dung Verdummung Ineptokratie = Herrschaft der Unf\u00e4higen, Ungebildeten, &hellip; <a href=\"https:\/\/www.freiburg-schwarzwald.de\/blog\/kultur\/kulturverlust\/ineptokratie\/\">Weiterlesen <span class=\"meta-nav\">&rarr;<\/span><\/a><\/p>\n","protected":false},"author":2,"featured_media":0,"parent":81438,"menu_order":0,"comment_status":"closed","ping_status":"closed","template":"","meta":{"footnotes":""},"class_list":["post-130610","page","type-page","status-publish","hentry"],"_links":{"self":[{"href":"https:\/\/www.freiburg-schwarzwald.de\/blog\/wp-json\/wp\/v2\/pages\/130610","targetHints":{"allow":["GET"]}}],"collection":[{"href":"https:\/\/www.freiburg-schwarzwald.de\/blog\/wp-json\/wp\/v2\/pages"}],"about":[{"href":"https:\/\/www.freiburg-schwarzwald.de\/blog\/wp-json\/wp\/v2\/types\/page"}],"author":[{"embeddable":true,"href":"https:\/\/www.freiburg-schwarzwald.de\/blog\/wp-json\/wp\/v2\/users\/2"}],"replies":[{"embeddable":true,"href":"https:\/\/www.freiburg-schwarzwald.de\/blog\/wp-json\/wp\/v2\/comments?post=130610"}],"version-history":[{"count":5,"href":"https:\/\/www.freiburg-schwarzwald.de\/blog\/wp-json\/wp\/v2\/pages\/130610\/revisions"}],"predecessor-version":[{"id":130618,"href":"https:\/\/www.freiburg-schwarzwald.de\/blog\/wp-json\/wp\/v2\/pages\/130610\/revisions\/130618"}],"up":[{"embeddable":true,"href":"https:\/\/www.freiburg-schwarzwald.de\/blog\/wp-json\/wp\/v2\/pages\/81438"}],"wp:attachment":[{"href":"https:\/\/www.freiburg-schwarzwald.de\/blog\/wp-json\/wp\/v2\/media?parent=130610"}],"curies":[{"name":"wp","href":"https:\/\/api.w.org\/{rel}","templated":true}]}}