{"id":129996,"date":"2025-01-17T10:24:43","date_gmt":"2025-01-17T09:24:43","guid":{"rendered":"https:\/\/www.freiburg-schwarzwald.de\/blog\/?page_id=129996"},"modified":"2026-08-29T21:58:35","modified_gmt":"2026-08-29T19:58:35","slug":"beleidigung","status":"publish","type":"page","link":"https:\/\/www.freiburg-schwarzwald.de\/blog\/kultur\/medien\/beleidigung\/","title":{"rendered":"Beleidigung"},"content":{"rendered":"<p><a href=\"https:\/\/www.freiburg-schwarzwald.de\/blog\">Home<\/a>\u00a0&gt;<a title=\"Kultur\" href=\"https:\/\/www.freiburg-schwarzwald.de\/blog\/kultur\/\">Kultur<\/a>\u00a0&gt;<a title=\"Medien\" href=\"https:\/\/www.freiburg-schwarzwald.de\/blog\/kultur\/medien\/\">Medien<\/a>\u00a0&gt;<a title=\"Diskussionskultur\" href=\"https:\/\/www.freiburg-schwarzwald.de\/blog\/kultur\/medien\/diskussionskultur\/\">Diskussionskultur<\/a>\u00a0&gt;<a title=\"Demokratie\" href=\"https:\/\/www.freiburg-schwarzwald.de\/blog\/engagement\/zukunft\/demokratie\/\">Demokratie<\/a> &gt;<a href=\"https:\/\/www.freiburg-schwarzwald.de\/blog\/kultur\/medien\/diskriminierung\/\">Diskriminierung<\/a> &gt;Beleidigung<\/p>\n<div id=\"attachment_130000\" style=\"width: 649px\" class=\"wp-caption alignnone\"><a href=\"https:\/\/www.freiburg-schwarzwald.de\/blog\/wp-content\/uploads\/2025\/01\/lalonde-sentier12pan-241228.jpg\"><img loading=\"lazy\" decoding=\"async\" aria-describedby=\"caption-attachment-130000\" class=\"size-full wp-image-130000\" src=\"https:\/\/www.freiburg-schwarzwald.de\/blog\/wp-content\/uploads\/2025\/01\/lalonde-sentier12pan-241228.jpg\" alt=\"\" width=\"639\" height=\"390\" srcset=\"https:\/\/www.freiburg-schwarzwald.de\/blog\/wp-content\/uploads\/2025\/01\/lalonde-sentier12pan-241228.jpg 639w, https:\/\/www.freiburg-schwarzwald.de\/blog\/wp-content\/uploads\/2025\/01\/lalonde-sentier12pan-241228-180x110.jpg 180w\" sizes=\"auto, (max-width: 639px) 100vw, 639px\" \/><\/a><p id=\"caption-attachment-130000\" class=\"wp-caption-text\">Sonnenuntergang in La Londe-les-Maures: Vater und Kind am 28.12.2024 um 17 Uhr<\/p><\/div>\n<ul>\n<li><em>Listenauswahl eines Beitrags (Artikel\/Datum, Seite\/Inhalt):\u00a0<span style=\"text-decoration: underline;\">Klicken<\/span>\u00a0oder scrollen<\/em><\/li>\n<li>Merz beleidigt Kinder\u00e4rztin Dr. Bea Merscher Alves: &#8222;Ganz sicher nicht&#8220; (29.8.2026)<\/li>\n<li><a href=\"https:\/\/www.freiburg-schwarzwald.de\/blog\/persoenliche-beleidigungen-nie\/\">Pers\u00f6nliche Beleidigungen: Nie!<\/a>\u00a0(8.6.2026)<\/li>\n<li><a href=\"https:\/\/www.freiburg-schwarzwald.de\/blog\/kultur\/kunst\/satire\/\">Lange Haftstrafe f\u00fcr Karnevalist Tilly \u2013 Orthodoxe Kirche Russland<\/a>\u00a0(3.4.2026)<\/li>\n<li>Neben Pinocchio-Vergleich: Polizei \u00fcbergibt mehr als 30 weitere Kommentare \u00fcber Merz an Staatsanwaltschaft (24.2.2026)<\/li>\n<li><a href=\"https:\/\/www.freiburg-schwarzwald.de\/blog\/halt-die-fresse-zivilcourage\/\">\u201eHalt die Fresse\u201c \u2013 Zivilcourage<\/a>\u00a0(11.2.2026)<\/li>\n<li><a href=\"https:\/\/www.freiburg-schwarzwald.de\/blog\/selbsthilfe\/frauen\/abtreibung\/\">\u201eF\u00f6ten-Fanatiker\u201c und \u201eGeb\u00e4rmutter-Stalker\u201c: B\u00f6hmermann beschimpft Abtreibungsgegner<\/a>\u00a0(23.11.2025)<\/li>\n<li><a href=\"https:\/\/www.freiburg-schwarzwald.de\/blog\/engagement\/zukunft\/demokratie\/politik\/politiker\/\">Politiker-Beleidigung: Nordkorea, 3. Reich, DDR<\/a> (12.11.2025)<\/li>\n<li>Nach Politikerbeleidigung nun auch Journalistenbeleidigung? (2.11.2025)<\/li>\n<li>OK f\u00fcr Nazischlampe &#8211; Hausdurchsuchung f\u00fcr Schwachkopf (19.10.2025)<\/li>\n<li>Zitat statt Beleidigung (19.8.2025)<\/li>\n<li>Pflicht zur Betroffenheit bzw. zum Beleidigtsein (10.8.2025)<\/li>\n<li><a href=\"https:\/\/www.freiburg-schwarzwald.de\/blog\/kultur\/medien\/ressentiment\/\">J\u00fcrgen Gro\u00dfe: Die kalte Wut \u2013 Theorie und Praxis des Ressentiments<\/a>\u00a0(9.5.2025)<\/li>\n<li><a href=\"https:\/\/www.freiburg-schwarzwald.de\/blog\/kultur\/medien\/journalismus\/\">Sieben Monate Haft f\u00fcr Journalist wegen Fotomontage<\/a> (8.4.2025)<\/li>\n<li>Zweierlei Politiker-Beleidigungen &#8211; dabei ist beides armselig und dumm (2,4,2025)<\/li>\n<li><a href=\"https:\/\/www.freiburg-schwarzwald.de\/blog\/cbs-der-haessliche-deutsche\/\">CBS \u2013 der h\u00e4ssliche Deutsche<\/a>\u00a0(18.2.2025)<\/li>\n<li><a href=\"https:\/\/www.freiburg-schwarzwald.de\/blog\/religion\/juden\/nazi\/nazi-keule\/\">Du altes Nazischwein \u2013 Von der Normalit\u00e4t gewohnheitsm\u00e4\u00dfiger Diffamierungen der AfD<\/a>\u00a0(2.2.2025)<\/li>\n<li><a href=\"https:\/\/www.freiburg-schwarzwald.de\/blog\/schwachkopf-hausdurchsuchung\/\">Schwachkopf-Hausdurchsuchung<\/a> (17.11.2024)<\/li>\n<li><\/li>\n<li><a href=\"https:\/\/www.freiburg-schwarzwald.de\/blog\/engagement\/zukunft\/demokratie\/bevormundung\/\">Bevormundung<\/a><\/li>\n<li><a href=\"https:\/\/www.freiburg-schwarzwald.de\/blog\/kultur\/medien\/diskriminierung\/\">Diskriminierung<\/a><\/li>\n<li><a href=\"https:\/\/www.freiburg-schwarzwald.de\/blog\/global\/deutschland\/moral2015\/doppelmoral\/\">Doppelmoral<\/a><\/li>\n<li><a href=\"https:\/\/www.freiburg-schwarzwald.de\/blog\/kultur\/medien\/journalismus\/\">Journalisten<\/a><\/li>\n<li><a href=\"https:\/\/www.freiburg-schwarzwald.de\/blog\/engagement\/zukunft\/demokratie\/politik\/politiker\/\">Politiker<\/a><\/li>\n<li><a href=\"https:\/\/www.freiburg-schwarzwald.de\/blog\/kultur\/medien\/ressentiment\/\">Ressentiment<\/a><\/li>\n<li><a href=\"https:\/\/www.freiburg-schwarzwald.de\/blog\/kultur\/kulturverlust\/zweierlei\/\">Zweierlei<\/a><\/li>\n<\/ul>\n<p><strong>Ohne Beleidigungen lebt man zufriedener!<\/strong><br \/>\nAndere Menschen beleidigen &#8211; geh\u00f6rt sich einfach nicht<br \/>\nDen Staat beleidigen &#8211; kann man nicht<\/p>\n<p><strong>Zweierlei Beleidigungen:<\/strong><br \/>\nJemanden pers\u00f6nlich (privat) &#8211; niemals<br \/>\nJemanden als Politiker (Amtsperson, Vertreter der Staatsgewalt) &#8211; kann man nicht<br \/>\n==============================================================<\/p>\n<p>&nbsp;<\/p>\n<p><strong>Merz beleidigt Kinder\u00e4rztin Dr. Bea Merscher Alves: &#8222;Ganz sicher nicht&#8220;<\/strong><br \/>\nMerz war im Talk bei \u201eRTL Aktuell\u201c auf 180, nachdem er von Kinder\u00e4rztin Merscher Alves scharf kritisiert wurde. Sie bezeichnete seine K\u00fcrzungen im Gesundheitssystem als \u201emenschenverachtend\u201c und warf ihm vor, seinen Amtseid zu brechen. \u201eSie unterstellen mir, dass ich hier vors\u00e4tzlich, und Sie zeigen dann Kindern, dass ich vors\u00e4tzlich die Zukunft dieser Kinder zerst\u00f6re. Und ich muss Ihnen ganz ehrlich sagen: Das geht zu weit. Das weise ich mit Entschiedenheit zur\u00fcck.\u201c<br \/>\nDoch Merscher Alves bot ihm die Stirn: \u201eDas, was Sie im Gesundheitssystem machen, Herr Merz, geht auch zu weit.\u201c Dann ging sie auf das Beispiel der AU-Bescheinigung ab dem ersten Krankheitstag ein. \u201eWas unterstellen Sie damit den Menschen? Dass sie blau machen, dass sie krankfeiern, dass wir Simulanten sind.\u201c Sie argumentiert, dass das zu 30 Millionen mehr Patienten-Kontakten in den Praxen f\u00fchren werde. \u201eDas belastet das System, das Sie jetzt massiv budgetieren und deckeln\u201c, so Dr. Merscher. Ohne einen Nachweis, dass es einen Missbrauch gibt. Die Merz-Regierung drehe unn\u00f6tig an Stellschrauben, an denen nicht gedreht werden m\u00fcsste.<br \/>\nIm Anschluss an die RTL-Sendung gab es ein Nachspiel, dar\u00fcber packte die Nieders\u00e4chsin in einem Social-Media-Clip aus. Darin sagt Merscher, dass sie Merz zur Demo am 5. September eingeladen habe. \u201eEr war noch sichtlich pikiert von meiner Aussage, dass er menschenverachtende Gesetze erl\u00e4sst und seinen Amtseid bricht. Und ich habe dann gesagt: \u201aKommen Sie doch, zeigen Sie Volksn\u00e4he. Kommen Sie zu unserer Demo.\u201c Dann verr\u00e4t sie, wie der Bundeskanzler geantwortet haben soll.<br \/>\nSie imitiert ein h\u00f6hnisches Kichern des Kanzlers und dann den Satz: \u201eGanz sicher nicht.\u201c Offenbar ist die Kinder\u00e4rztin fassungslos \u00fcber diese k\u00fchle Abfuhr: \u201eDas ist unser Bundeskanzler. Ich lasse das so stehen.\u201c<br \/>\nZum Abschluss des Videos verspricht Merscher Alves, laut werden zu wollen f\u00fcr \u201edie Kinder, die Kranken und alle Schwachen dieser Gesellschaft\u201c. Der Clip hat schon \u00fcber eine halbe Million Aufrufe allein auf Instagram. Auch die RTL-Clips gehen viral im Netz. Es scheint so, als habe Kanzler Merz nun eine neue Gegnerin aus der Zivilgesellschaft!<br \/>\n&#8230; Alles vom 29.8.2026 bitte lesen auf<br \/>\n<a href=\"https:\/\/www.derwesten.de\/politik\/merz-rtl-kinderaertin-merscher-kanzler-id302146189.html\">https:\/\/www.derwesten.de\/politik\/merz-rtl-kinderaertin-merscher-kanzler-id302146189.html<\/a><\/p>\n<p>&nbsp;<\/p>\n<p><strong>Neben Pinocchio-Vergleich: Polizei \u00fcbergibt mehr als 30 weitere Kommentare \u00fcber Merz an Staatsanwaltschaft<\/strong><br \/>\nK\u00fcrzlich wurden Ermittlungen gegen einen Rentner wegen eines Vergleichs von Merz mit Pinocchio bekannt. Jetzt ergab eine Anfrage von Nius: Die Polizei hat in diesem Zusammenhang \u00fcber 30 weitere Kommentare an die Staatsanwaltschaft weitergeleitet.<br \/>\n&#8230;<br \/>\nZuvor war nur der Fall eines Heilbronner Rentners bekannt geworden: Der Mann hatte unter den Beitrag der Polizei geschrieben: \u201ePinocchio kommt nach HN\u201c \u2013 erg\u00e4nzt um ein Emoji mit langer Nase. Drei Monate sp\u00e4ter erhielt der Rentner Post von der Kriminalpolizei. Gegen ihn werde wegen des Verdachts der Beleidigung einer Person des politischen Lebens gem\u00e4\u00df Paragraf 188 des Strafgesetzbuches ermittelt (Apollo News berichtete).<br \/>\n<a href=\"https:\/\/apollo-news.net\/bezeichnete-merz-als-pinocchio-polizei-ermittelt-gegen-rentner-wegen-politikerbeleidigung\/\">https:\/\/apollo-news.net\/bezeichnete-merz-als-pinocchio-polizei-ermittelt-gegen-rentner-wegen-politikerbeleidigung\/<\/a><\/p>\n<p>Der Mann \u00e4u\u00dferte sich inzwischen zu den Vorw\u00fcrfen. In einer Stellungnahme gegen\u00fcber der Heilbronner Stimme erkl\u00e4rte er: \u201eDer Kommentar \u2019Pinocchio kommt nach Heilbronn\u2019 stellt keine gezielte Beleidigung einer konkreten Person dar.\u201c Es werde weder ein Name genannt noch jemand direkt angesprochen. Zudem handele es sich f\u00fcr ihn um \u201eeine mehrdeutige, symbolische und satirische Meinungs\u00e4u\u00dferung im politischen Kontext\u201c, die durch die Meinungsfreiheit gesch\u00fctzt sei. Abschlie\u00dfend bat er die Beh\u00f6rden: \u201eDeshalb bitte ich Sie, das Ermittlungsverfahren aufzuheben.\u201c<br \/>\n&#8230; Alles vom 24.2.2026 bitte lesen auf<br \/>\n<a href=\"https:\/\/apollo-news.net\/neben-pinocchio-vergleich-polizei-uebergibt-mehr-als-30-weitere-merz-kommentare-an-staatsanwaltschaft\/\">https:\/\/apollo-news.net\/neben-pinocchio-vergleich-polizei-uebergibt-mehr-als-30-weitere-merz-kommentare-an-staatsanwaltschaft\/<\/a><\/p>\n<p>&nbsp;<\/p>\n<p><strong>Nach Politikerbeleidigung nun auch Journalistenbeleidigung?<\/strong><br \/>\nIm Saarland will die SPD-Justizministerin Petra Berg ausgerechnet den Paragrafen 188 des Strafgesetzbuchs, also die legend\u00e4re Politikerbeleidigung, auch auf Journalisten ausweiten. Das ist schon von vornherein deshalb eine absurde Idee, weil es im rechtlichen Sinne gar keine Journalisten gibt und jeder B\u00fcrger auch Journalist ist, sobald er es will.<br \/>\nJournalismus ist keine gesch\u00fctzte Berufsbezeichnung. Was f\u00fcr das Ego einiger Kollegen immens belastend ist, ist ein Ausdruck echter Meinungsfreiheit. Wenn man Pluralismus ernst nimmt, dann kann jeder B\u00fcrger Journalist sein und ist es im Prinzip auch. Wenn der Staat keine Aufsicht \u00fcber die Medien haben soll, kann er auch nicht entscheiden, wer Journalist ist und wer nicht. Mit einer Rhetorik des vermeintlichen Schutzes der Pressefreiheit wird in Wahrheit die Meinungsfreiheit immer weiter in einem diffusen B\u00fcrokratie-Dschungel unter Druck gesetzt. Eine \u201eMitte\u201c, die von den eigentlichen Prinzipien unseres Staates nicht mehr wissen will, ist keine. Es sind das Achselzucken und die Gleichg\u00fcltigkeit, die autorit\u00e4re Regime m\u00f6glich machen.<br \/>\n&#8230; Alles vom 2.11.2025 von Max Mannhart bitte lesen auf <a href=\"https:\/\/www.apollo-news.net\">https:\/\/www.apollo-news.net<\/a><\/p>\n<p>&nbsp;<\/p>\n<p><strong>OK f\u00fcr Nazischlampe &#8211; Hausdurchsuchung f\u00fcr Schwachkopf<\/strong><br \/>\n\u201eRobert Habeck hat Hunderte von Beleidigungsklagen gef\u00fchrt und gewonnen (&#8230;). Und das wurde deswegen als besonders skandal\u00f6s empfunden, weil im Jahr 2017 ein Fernseh-Satire-Magazin Alice Weidel als \u2018Nazischlampe\u2019 bezeichnet hat. Die Gerichte sagten: Das darf man, weil: Das ist Satire.<br \/>\nAber \u2018Schwachkopf Professional\u2019 f\u00fcr Robert Habeck z\u00e4hlte nicht zu Satire. Das weckt nat\u00fcrlich das Nachdenken.<\/p>\n<p>Meine Pointe ist, da\u00df \u2018Nazischlampe\u2019 ein Schimpfwort ist, das zu Recht den Tatbestand der Beleidigung erf\u00fcllt, und man sich auch \u00fcberlegen sollte, wieso man so was eigentlich in Satire-Sendungen macht, und das \u2018Schwachkopf Professional\u2019 ist etwas, was jeder Politiker aushalten mu\u00df, frei nach der Fisherman\u2019s-Friends-Logik: Ist das zu stark f\u00fcr dich, bist du zu schwach.\u201c<br \/>\nRichard David Precht, Publizist, auf der <a href=\"https:\/\/www.freiburg-schwarzwald.de\/blog\/kultur\/dichter\/literatur\/buchmesse\/\">Frankfurter Buchmesse<\/a> am 19. Oktober 2025<\/p>\n<p>&nbsp;<\/p>\n<p><strong>Zitat statt Beleidigung<\/strong><br \/>\nSeinen Mitmenschen beleidigen ist unsinnig und f\u00e4llt auf den Beleidigenden zur\u00fcck. Man sollte einfach zitieren. Beispiele:<br \/>\n\u201eDresden, das ist vor allem die Frauenkirche, die ist wieder aufgebaut worden, nachdem dieNazis sie zerst\u00f6rt haben.\u201c \u2013 Katrin G\u00f6ring-Eckardt (GR\u00dcNE) am 19.10.2015<br \/>\n\u201eWillkommenskultur ist der beste Schutz vor Terroristen.\u201c \u2013 Katrin G\u00f6ring-Eckardt (GR\u00dcNE) am 15.11.2015<br \/>\n\u201eKarl Lauterbach ist einer der fachlich besten Gesundheitsexperten, die wir haben.\u201c \u2013 Katrin G\u00f6ring-Eckardt (GR\u00dcNE) am 09.04.2022<\/p>\n<p>\u201eWarum weht der Wind wie wild und die Windr\u00e4der stehen still. Na weil zum Beispiel der Atomstrom die Netze verstopft\u2026\u201c \u2013 Katrin G\u00f6ring-Eckardt (GR\u00dcNE) bei Anne Will am 16.04.2023<br \/>\n\u201eSolarenergie ist in den letzten zehn Jahren 100 Prozent g\u00fcnstiger geworden.\u201c \u2013 Katrin G\u00f6ring-Eckardt (GR\u00dcNE) bei \u201ehart aber fair\u201c am 20.03.2023<br \/>\n\u201eW\u00e4rmepumpen werden mit Luft betrieben.\u201c \u2013 Katrin G\u00f6ring-Eckardt (GR\u00dcNE) am 22.05.2023<br \/>\n19.8.2025<\/p>\n<p>&nbsp;<\/p>\n<p><strong>Pflicht zur Betroffenheit bzw. zum Beleidigtsein<\/strong><br \/>\n<strong>\u201eWoher kommen Sie?\u201c beleidigt Sie nicht? \u2013 Sollte es aber!<\/strong><br \/>\nDass <a href=\"https:\/\/www.freiburg-schwarzwald.de\/blog\/engagement\/zukunft\/demokratie\/bevormundung\/\">Bevormundung<\/a> in diesem Land l\u00e4ngst zum Inventar geh\u00f6rt \u2013 sei es bei politischer Haltung, Sprache, Geschlecht, Energie oder inzwischen sogar beim Wetter \u2013 ist allgemein bekannt. Dass aber Menschen inzwischen auch bevormundet werden, ab wann sie sich als <a href=\"https:\/\/www.freiburg-schwarzwald.de\/blog\/global\/integration\/fluechtlinge-kriminalitaet\/opfer\/\">Opfer<\/a> f\u00fchlen sollen und warum \u2013 scheint eine neue Dimension der Kontrolle zu sein.<\/p>\n<p>Eine Frau bekommt auf der Arbeit ein Kompliment daf\u00fcr, dass sie ihren Vollzeitjob und ihre gro\u00dfe Familie unter Dach und Fach bringt. Ein Ausl\u00e4nder bekommt ein Kompliment f\u00fcr sein akzentfreies Deutsch. Ein anderer versteht nicht, was seine Kollegen sagen, weil er selbst kein Deutsch spricht. All diese Menschen sollen sich diskriminiert und beleidigt f\u00fchlen, weil es irgendjemand f\u00fcr sie bestimmt hat. Und nicht etwa, weil sie es selbst so empfinden. Meint <a href=\"https:\/\/www.freiburg-schwarzwald.de\/blog\/kultur\/kulturverlust\/woke\/\">IKEA<\/a>.<\/p>\n<p>Ein Leser hat uns eine Mitarbeiter-Brosch\u00fcre geschickt, die ein Paradebeispiel daf\u00fcr ist, wie das Unternehmen einem das Recht entzieht, selbst zu entscheiden, wann man sich beleidigt f\u00fchlen soll. IKEA geht damit weit \u00fcber juristisch relevante <a href=\"https:\/\/www.freiburg-schwarzwald.de\/blog\/kultur\/medien\/diskriminierung\/\">Diskriminierung<\/a> hinaus \u2013 die im heutigen Diskurs ohnehin l\u00e4ngst zu einem Instrument geworden ist, um unerw\u00fcnschte Stimmen zu brandmarken.<br \/>\n&#8230;<br \/>\nUnh\u00f6fliche oder respektlose Aussagen aber zum \u201eEinstiegspunkt\u201c einer Diskriminierung zu deklarieren, wie es in der Brosch\u00fcre steht, oder sie gar in eine rechtliche Grauzone zu platzieren, bedeutet nichts anderes als Spaltung im Unternehmen zu s\u00e4en. Denn damit wird jede Form von zwischenmenschlicher Reibung oder kontextabh\u00e4ngigem Smalltalk zur potentieller Gefahr. Den Gespr\u00e4chspartnern wird das Recht auf einen souver\u00e4nen Umgang mit ihrem eigenen Gespr\u00e4ch entzogen. Doch das Schlimmste ist: Das Unternehmen schreibt ihnen vor, wie sie sich zu f\u00fchlen haben.<br \/>\nWas, wenn sich eine Frau mit drei Kindern \u00fcber ein Kompliment zu ihrem beruflichen Erfolg freut und sich bedankt?<br \/>\nWas, wenn ein ausl\u00e4ndischer Mitarbeiter auf die Frage \u201eWoher kommst du?\u201c anf\u00e4ngt, fr\u00f6hlich \u00fcber seine Heimat zu erz\u00e4hlen?<br \/>\nWas, wenn ein Nicht-Muttersprachler sich \u00fcber ein Kompliment zu seinem Akzent freut und sich bedankt?<br \/>\nReagieren diese Menschen falsch? Haben sie die falschen Gef\u00fchle? Muss man sie im Unternehmen ebenfalls melden, weil sie sich nicht diskriminiert f\u00fchlen? Oder gelten sie dann als inkompetent in Sachen Diskriminierung? Muss man sie belehren?<br \/>\nWenn man Unbetroffenen vorschreibt, dass sie sich betroffen f\u00fchlen m\u00fcssen, verkommt der Schutz vor Diskriminierung in seinem urspr\u00fcnglichen Sinn zur Pflicht zur Betroffenheit. Und wenn der Mensch selbst nicht mehr entscheiden darf, ob sich eine Aussage f\u00fcr ihn verletzend anf\u00fchlt oder nicht, f\u00e4ngt er an, seine Emotionen und seine Reaktion zu hinterfragen. Hat er sich m\u00f6glicherweise nicht auf die richtige Weise verletzt gef\u00fchlt? Wird er deswegen schief angeschaut?<br \/>\n&#8230; Alles vom 10.8.2025 von Ekaterina Quehl bitte lesen auf<br \/>\n<a href=\"https:\/\/reitschuster.de\/post\/pflicht-zur-betroffenheit\/\">https:\/\/reitschuster.de\/post\/pflicht-zur-betroffenheit\/<\/a><br \/>\n.<br \/>\n<em>Ekaterina Quehl ist geb\u00fcrtige St. Petersburgerin, russische J\u00fcdin und lebt seit \u00fcber 20 Jahren in Deutschland. Pioniergru\u00df, Schuluniform und Samisdat-B\u00fccher geh\u00f6rten zu ihrem Leben wie Perestroika und Lebensmittelmarken. Ihre Affinit\u00e4t zur deutschen Sprache hat sie bereits als Schulkind entwickelt. Aus dieser heraus weigert sie sich hartn\u00e4ckig, zu gendern. Sie arbeitet f\u00fcr reitschuster.de.<\/em><\/p>\n<p>&nbsp;<\/p>\n<p>&nbsp;<\/p>\n<p><strong>Zweierlei Politiker-Beleidigungen &#8211; dabei ist beides armselig und dumm:<\/strong><br \/>\nEs gibt einen merkw\u00fcrdigen Doppelstandard im Land: Wer Robert Habeck \u201eSchwachkopf\u201c nennt, der muss mit Hausdurchsuchungen rechnen. Wer Marie-Agnes Strack-Zimmermann eine \u201eBitch\u201c nennt, wird zu 2.100 Euro Strafe verurteilt. Wer Alice Weidel eine &#8222;Schlampe&#8220; oder auch eine &#8222;Nazi-Schlampe&#8220; nennt, wird daf\u00fcr noch in den Mainstreammedien gelobt.<br \/>\nZweierlei:<br \/>\nSchwachkopf contra Nazischlampe &#8211; Habeck contra Weidel &#8211; strafbar contra erlaubt<br \/>\n2,4,2025)<\/p>\n<p>.<br \/>\n.<\/p>\n","protected":false},"excerpt":{"rendered":"<p>Home\u00a0&gt;Kultur\u00a0&gt;Medien\u00a0&gt;Diskussionskultur\u00a0&gt;Demokratie &gt;Diskriminierung &gt;Beleidigung Listenauswahl eines Beitrags (Artikel\/Datum, Seite\/Inhalt):\u00a0Klicken\u00a0oder scrollen Merz beleidigt Kinder\u00e4rztin Dr. Bea Merscher Alves: &#8222;Ganz sicher nicht&#8220; (29.8.2026) Pers\u00f6nliche Beleidigungen: Nie!\u00a0(8.6.2026) Lange Haftstrafe f\u00fcr Karnevalist Tilly \u2013 Orthodoxe Kirche Russland\u00a0(3.4.2026) Neben Pinocchio-Vergleich: Polizei \u00fcbergibt mehr als 30 weitere &hellip; <a href=\"https:\/\/www.freiburg-schwarzwald.de\/blog\/kultur\/medien\/beleidigung\/\">Weiterlesen <span class=\"meta-nav\">&rarr;<\/span><\/a><\/p>\n","protected":false},"author":2,"featured_media":0,"parent":678,"menu_order":0,"comment_status":"closed","ping_status":"closed","template":"","meta":{"footnotes":""},"class_list":["post-129996","page","type-page","status-publish","hentry"],"_links":{"self":[{"href":"https:\/\/www.freiburg-schwarzwald.de\/blog\/wp-json\/wp\/v2\/pages\/129996","targetHints":{"allow":["GET"]}}],"collection":[{"href":"https:\/\/www.freiburg-schwarzwald.de\/blog\/wp-json\/wp\/v2\/pages"}],"about":[{"href":"https:\/\/www.freiburg-schwarzwald.de\/blog\/wp-json\/wp\/v2\/types\/page"}],"author":[{"embeddable":true,"href":"https:\/\/www.freiburg-schwarzwald.de\/blog\/wp-json\/wp\/v2\/users\/2"}],"replies":[{"embeddable":true,"href":"https:\/\/www.freiburg-schwarzwald.de\/blog\/wp-json\/wp\/v2\/comments?post=129996"}],"version-history":[{"count":5,"href":"https:\/\/www.freiburg-schwarzwald.de\/blog\/wp-json\/wp\/v2\/pages\/129996\/revisions"}],"predecessor-version":[{"id":153269,"href":"https:\/\/www.freiburg-schwarzwald.de\/blog\/wp-json\/wp\/v2\/pages\/129996\/revisions\/153269"}],"up":[{"embeddable":true,"href":"https:\/\/www.freiburg-schwarzwald.de\/blog\/wp-json\/wp\/v2\/pages\/678"}],"wp:attachment":[{"href":"https:\/\/www.freiburg-schwarzwald.de\/blog\/wp-json\/wp\/v2\/media?parent=129996"}],"curies":[{"name":"wp","href":"https:\/\/api.w.org\/{rel}","templated":true}]}}