{"id":129334,"date":"2024-12-29T09:09:33","date_gmt":"2024-12-29T08:09:33","guid":{"rendered":"https:\/\/www.freiburg-schwarzwald.de\/blog\/?page_id=129334"},"modified":"2025-02-17T19:11:51","modified_gmt":"2025-02-17T18:11:51","slug":"magdeburg20dez2024","status":"publish","type":"page","link":"https:\/\/www.freiburg-schwarzwald.de\/blog\/engagement\/zukunft\/demokratie\/magdeburg20dez2024\/","title":{"rendered":"Magdeburg20dez2024"},"content":{"rendered":"<p><a href=\"https:\/\/www.freburg-schwarzwald.de\/blog\">Home<\/a>\u00a0&gt;<a title=\"Engagement\" href=\"https:\/\/www.freiburg-schwarzwald.de\/blog\/engagement\/\">Engagement<\/a>\u00a0&gt;<a title=\"Zukunft\" href=\"https:\/\/www.freiburg-schwarzwald.de\/blog\/engagement\/zukunft\/\">Zukunft<\/a>\u00a0&gt;<a title=\"Demokratie\" href=\"https:\/\/www.freiburg-schwarzwald.de\/blog\/engagement\/zukunft\/demokratie\/\">Demokratie<\/a> &gt;<a href=\"https:\/\/www.freiburg-schwarzwald.de\/blog\/engagement\/zukunft\/demokratie\/berlin19dez2016\/\">Berlin19dez2016<\/a> &gt;Magdeburg20dez2024<\/p>\n<div id=\"attachment_129343\" style=\"width: 649px\" class=\"wp-caption alignnone\"><a href=\"https:\/\/www.freiburg-schwarzwald.de\/blog\/wp-content\/uploads\/2024\/12\/lalonde-sonnenuntergang-pan241221.jpg\"><img loading=\"lazy\" decoding=\"async\" aria-describedby=\"caption-attachment-129343\" class=\"size-full wp-image-129343\" src=\"https:\/\/www.freiburg-schwarzwald.de\/blog\/wp-content\/uploads\/2024\/12\/lalonde-sonnenuntergang-pan241221.jpg\" alt=\"\" width=\"639\" height=\"337\" srcset=\"https:\/\/www.freiburg-schwarzwald.de\/blog\/wp-content\/uploads\/2024\/12\/lalonde-sonnenuntergang-pan241221.jpg 639w, https:\/\/www.freiburg-schwarzwald.de\/blog\/wp-content\/uploads\/2024\/12\/lalonde-sonnenuntergang-pan241221-180x95.jpg 180w\" sizes=\"auto, (max-width: 639px) 100vw, 639px\" \/><\/a><p id=\"caption-attachment-129343\" class=\"wp-caption-text\">Sonnenuntergang Mittelmeer bei La Londe les Maures 21.12.2024<\/p><\/div>\n<p>&nbsp;<\/p>\n<ul>\n<li><em>Listenauswahl eines Beitrags: Bitte anklicken oder runterscrollen<\/em><\/li>\n<li><a href=\"https:\/\/www.freiburg-schwarzwald.de\/blog\/muenchen-anschlag-vance-msc\/\">M\u00fcnchen: Anschlag \u2013 Vance MSC<\/a>\u00a0(14.2.2025)<\/li>\n<li><a href=\"https:\/\/www.freiburg-schwarzwald.de\/blog\/magdeburg-terror-vergessen\/\">Magdeburg Terror \u2013 Vergessen<\/a> (13.1.2025)<\/li>\n<li>Sechstes Todesopfer nach Anschlag in Magdeburg (6.1.2025)<\/li>\n<li>Nach Druck aus sozialen Medien: Eltern d\u00fcrfen get\u00f6teten Andr\u00e9 jetzt sehen (2.1.2025)<\/li>\n<li>Terror von Magdeburg: Staat verweigert Eltern Zugang zu get\u00f6tetem Kind (1.1.2025)<\/li>\n<li><a href=\"https:\/\/www.freiburg-schwarzwald.de\/blog\/ein-friedliches-neues-jahr-2025\/\">Ein friedliches Neues Jahr 2025<\/a>\u00a0(31.12.2024)<\/li>\n<li><a href=\"https:\/\/www.freiburg-schwarzwald.de\/blog\/trauer-integration-magdeburg\/\">Trauer Integration: Magdeburg<\/a>\u00a0(29.12.2024)<\/li>\n<li>Terrorattacken von Muslimen: Sie wollen die Freiheit zerst\u00f6ren, von der sie \u00fcberfordert sind (24.12.2024)<\/li>\n<li>Alice Weidel in Magdeburg &#8211; Gedenken (23.12.2024)<\/li>\n<li>Das Massaker von Magdeburg zwingt Wirklichkeit in den Wahlkampf (23.12.2024)<\/li>\n<li>Taqiya &#8211; Magdeburg &#8211; Islamismus (22.12.2024)<\/li>\n<li>Magdeburg &#8211; Taqiya (21.12.2024)<\/li>\n<li>War der Magdeburg-Attent\u00e4ter wirklich Islamkritiker? (21.12.2024)<\/li>\n<li><\/li>\n<li><a href=\"https:\/\/www.freiburg-schwarzwald.de\/blog\/engagement\/zukunft\/demokratie\/berlin19dez2016\/\">Berlin19dez2016 &#8211; Breitscheidplatz<\/a><\/li>\n<li><a href=\"https:\/\/www.freiburg-schwarzwald.de\/blog\/engagement\/zukunft\/demokratie\/muenchen13feb2025\/\">M\u00fcnchen13Feb2025<\/a><\/li>\n<li><a href=\"https:\/\/www.freiburg-schwarzwald.de\/blog\/religion\/islam\/islam-terror\/\">Terror<\/a><\/li>\n<\/ul>\n<p><strong>&#8222;Kein Ex-Muslim&#8220; &#8211; Ali Utlu \u00fcber Taleb A. | Alles L\u00fcgen \u00fcber Magdeburg?<\/strong><br \/>\n&#8222;Ich habe ein Gespr\u00e4ch mit Ali Utlu \u00fcber Taleb A. gef\u00fchrt. Sie kannten sich und Ali hat sich schon lange mit ihm besch\u00e4ftigt.&#8220;<br \/>\n<a href=\"https:\/\/www.youtube.com\/watch?v=qEiVDy1DveU\">https:\/\/www.youtube.com\/watch?v=qEiVDy1DveU<\/a><br \/>\n=======================================================<\/p>\n<p>.<\/p>\n<p><strong>Sechstes Todesopfer nach Anschlag in Magdeburg<\/strong><br \/>\nDie Zahl der Toten nach dem Anschlag in Magdeburg ist auf sechs gestiegen. Das best\u00e4tigte die Generalstaatsanwaltschaft in Naumburg. Demnach erlag eine Frau ihren schweren Verletzungen. Die 52-J\u00e4hrige sei bei der Attacke am 20. Dezember verletzt worden und in einem Krankenhaus im Umland von Magdeburg gestorben, hie\u00df es.<br \/>\n&#8230;<br \/>\nWie das Innenministerium MDR SACHSEN-ANHALT am Donnerstagabend mitteilte, wurden bis zum Neujahrstag 299 Verletzte ermittelt.<br \/>\n&#8230;<br \/>\nEine noch gr\u00f6\u00dfere Zahl der Betroffenen nennt der Opferbeauftragte des Bundes, Roland Weber. Er sprach bei MDR SACHSEN-ANHALT von 531 Opfern. Dabei handelt es sich den Angaben nach allerdings nicht nur um Tote oder Verletzte, sondern auch zum Beispiel um deren Angeh\u00f6rige und traumatisierte Augenzeugen. Sie werden offiziell als Opfer gewertet. Laut Weber geh\u00f6ren alle Menschen dazu, die sich selbst als betroffen bezeichnen, auch die, &#8222;die an der Psyche verletzt wurden, die sich einfach nicht gut f\u00fchlen&#8220;.<br \/>\n&#8230; Alles vom 6.1.2025 bitte lesen auf<br \/>\n<a href=\"https:\/\/www.mdr.de\/nachrichten\/sachsen-anhalt\/magdeburg\/magdeburg\/anschlag-weihnachtsmarkt-verletzte-opfer-zahlen-104.html\">https:\/\/www.mdr.de\/nachrichten\/sachsen-anhalt\/magdeburg\/magdeburg\/anschlag-weihnachtsmarkt-verletzte-opfer-zahlen-104.html<\/a><\/p>\n<p>&nbsp;<\/p>\n<p><strong>Nach Druck aus sozialen Medien: Eltern d\u00fcrfen get\u00f6teten Andr\u00e9 jetzt sehen<\/strong><br \/>\nIn einem herzzerrei\u00dfenden Video wenden sich die Eltern des 9-j\u00e4hrigen Andr\u00e9, der bei dem Anschlag auf dem Weihnachtsmarkt in Magdeburg ermordet wurde, verzweifelt an die \u00d6ffentlichkeit. Weil ihnen die f\u00fcr den Tod ihres Sohnes Mitverantwortlichen sogar noch den Zugang zu ihrem verstorbenen Sohn verweigern.<br \/>\n&#8230;.<br \/>\nSo bereits bei den Opfern des Terroraktes vom Breitscheidplatz und den zahllosen Opfern von Migrantengewalt, die seit dem System Merkel zum Alltag wurde. So nun auch wieder angesichts des Terrors von Magdeburg. Statt leerer Beileidsformeln f\u00fcr die Opfer und ihre Angeh\u00f6rigen, schamlose Instrumentalisierung durch Fakenews (\u201eAfD-Anh\u00e4nger\u201c) sowie den Forderungen nach mehr Kontrolle und \u00dcberwachung der Bev\u00f6lkerung, Zensur der sozialen Netzwerke usw.<br \/>\nNichts macht dies mehr deutlich als ein bewegendes Video, mit dem sich jetzt die Eltern Eltern des 9-j\u00e4hrigen Andr\u00e9, der bei dem Anschlag auf dem Weihnachtsmarkt in Magdeburg ermordet wurde, an die \u00d6ffentlichkeit wenden: \u201eEs ist schon schwer genug f\u00fcr uns alle. Wir sind jetzt bei Tag elf, und mit jeder Sekunde schwindet die Hoffnung \u2026\u201c<br \/>\n&#8230; Video 31.12.2024<br \/>\n<a href=\"https:\/\/www.tichyseinblick.de\/daili-es-sentials\/magdeburg-eltern-andre\/\">https:\/\/www.tichyseinblick.de\/daili-es-sentials\/magdeburg-eltern-andre\/<\/a><br \/>\n<a href=\"https:\/\/x.com\/annamarinada11\/status\/1874133710284742705\">https:\/\/x.com\/annamarinada11\/status\/1874133710284742705<\/a><\/p>\n<p>.<br \/>\n<strong>Update 02.01.25, 9h: Druck der sozialen Medien hat Erfolg<\/strong><br \/>\nDie Eltern des in Magdeburg ermordeten Andr\u00e9 (9) d\u00fcrfen endlich ihren verstorbenen Sohn sehen! Social-Media hat es m\u00f6glich gemacht.<br \/>\n<a href=\"https:\/\/x.com\/Raeubertochtah\/status\/187457655047526024\">https:\/\/x.com\/Raeubertochtah\/status\/187457655047526024<\/a>1<\/p>\n<p>Soweit so gut. Man fragt sich nat\u00fcrlich dennoch: Warum hat man die Eltern erst so lange hingehalten? Warum hat man ihnen diesen zus\u00e4tzlich extrem belastenden Weg an die \u00d6ffentlichkeit nicht erspart?<br \/>\n&#8230; Alles vom 1.1.2024 (update 2.1.) bitte lesen auf<br \/>\n<a href=\"https:\/\/philosophia-perennis.com\/2025\/01\/01\/andre-sehen\/\">https:\/\/philosophia-perennis.com\/2025\/01\/01\/andre-sehen\/<\/a><br \/>\n.<br \/>\n<a href=\"https:\/\/www.focus.de\/panorama\/welt\/schwere-vorwuerfe-eltern-duerfen-getoeteten-jungen-9-vom-magdeburg-anschlag-nicht-sehen_id_260600409.html\">https:\/\/www.focus.de\/panorama\/welt\/schwere-vorwuerfe-eltern-duerfen-getoeteten-jungen-9-vom-magdeburg-anschlag-nicht-sehen_id_260600409.html<\/a><br \/>\n.<br \/>\n.<br \/>\n<strong>Terror von Magdeburg: Staat verweigert Eltern Zugang zu get\u00f6tetem Kind<\/strong><br \/>\n&#8230;<br \/>\nIn einem Video wenden sie sich an die \u00d6ffentlichkeit, denn ihnen wird noch immer der Zugang zu ihrem toten Kind verwehrt. \u201eDer Staat und die Stadt Magdeburg\u201c lie\u00dfen die beiden \u201etierisch im Stich\u201c, so der Vorwurf. Seit elf Tagen warteten sie nun schon auf Zugang zu ihrem toten Sohn, dessen Leichnam noch immer nicht von der Staatsanwaltschaft freigegeben wurde. \u201eUnd mit jeder Sekunde schwindet die Hoffnung, dass wir unser Kind nochmal sehen d\u00fcrfen\u201c, so die Mutter.<br \/>\n<a href=\"https:\/\/www.tiktok.com\/@patricksommer\/video\/7454573478839209238\">https:\/\/www.tiktok.com\/@patricksommer\/video\/7454573478839209238<\/a><br \/>\nNur unter Zuhilfenahme eines Anwalts gehe der Prozess voran. Die Justiz und das Land lie\u00dfen die Familie im Stich, so Sommer, Stiefvater von Andr\u00e9: \u201eWir haben noch keinerlei Hilfe von au\u00dferhalb, von irgendwem da oben bekommen. Die Hilfen sind alle privat. Wir haben keine Psychologen. Nichts! Gar nichts!\u201c Die Opferhilfe habe sich mit einem Formbrief gemeldet, doch sonst sei nichts passiert.<br \/>\n&#8230; Alles vom 1.1.2024 bitte lesen auf<br \/>\n<a href=\"https:\/\/www.tichyseinblick.de\/daili-es-sentials\/magdeburg-eltern-andre\/\">https:\/\/www.tichyseinblick.de\/daili-es-sentials\/magdeburg-eltern-andre\/<\/a><\/p>\n<p>&nbsp;<\/p>\n<p><strong>Terrorattacken von Muslimen: Sie wollen die Freiheit zerst\u00f6ren, von der sie \u00fcberfordert sind<\/strong><br \/>\nViele Attent\u00e4ter im Westen verbindet das gleiche Motiv: Hass auf eine liberale Gesellschaft, deren Freiz\u00fcgigkeit sie nicht ertragen.<br \/>\nDie Bilder gleichen sich auf schreckliche Weise. Als der aus Saudiarabien stammende Taleb A. am Freitagabend mit einem Mietwagen \u00fcber den Magdeburger Weihnachtsmarkt raste und m\u00f6glichst viele Menschen umbringen wollte, folgte er einem leider allzu bekannten Muster. Weihnachtsm\u00e4rkte sind jenseits religi\u00f6ser Vorstellungen ein Ort der Geselligkeit und Ausgelassenheit. Als Manifestationen einer Gesellschaft, der die Freir\u00e4ume des Feierns wichtig sind, stellen sie f\u00fcr die Feinde dieser Gesellschaft offenkundig eine unertr\u00e4gliche Provokation dar.<br \/>\n&#8230;<br \/>\nWas muslimische T\u00e4ter verbindet, egal woher sie kommen: der Hass auf eine liberale Gesellschaft, deren Freiz\u00fcgigkeit sie nicht ertragen. Mit ihren Attacken zwingen sie den Staat zu einem Sicherheitsapparat, vor dem sie in ihren Herkunftsl\u00e4ndern geflohen sind. Weihnachtsm\u00e4rkte k\u00f6nnen nicht in Hochsicherheitszonen verwandelt werden. Freiheit gibt es nur so lange, als sie auch die Freiheit vom Staat einschliesst. Sie ruht auch in den H\u00e4nden jedes Einzelnen.<br \/>\n&#8230;. Alles vom 24.12.2024 bitte lesen auf<br \/>\n<a href=\"https:\/\/www.nzz.ch\/feuilleton\/magdeburg-der-attentaeter-ertrug-die-westliche-freiheit-nicht-ld.186381\">https:\/\/www.nzz.ch\/feuilleton\/magdeburg-der-attentaeter-ertrug-die-westliche-freiheit-nicht-ld.186381<\/a>1<\/p>\n<p>&nbsp;<\/p>\n<p><strong>Alice Weidel in Magdeburg &#8211; Gedenken<\/strong><br \/>\nAb 17 Uhr live vom Domplatz Magdeburg: Dr. Alice Weidel \u2022 Martin Reichardt \u2022 Oliver Kirchner Dr. Hans-Thomas Tillschneider \u2022 Ulrich Siegmund Jan Wenzel Schmidt \u2022 Matthias B\u00fcttner<br \/>\n23.12.2024<br \/>\n<a href=\"https:\/\/www.youtube.com\/watch?v=AtZyEHtGDEY\">https:\/\/www.youtube.com\/watch?v=AtZyEHtGDEY<\/a><br \/>\n<a href=\"https:\/\/t.me\/EvaHermanOffiziell\/182878\">https:\/\/t.me\/EvaHermanOffiziell\/182878<\/a><br \/>\n.<br \/>\n<strong>Magdeburg: Deutschlands st\u00e4rkste Politikerin k\u00e4mpfte mit den Tr\u00e4nen<\/strong><br \/>\n&#8230;. Die Menschen auf dem Domplatz und an Bildschirmen konnten sehen, wie die vielleicht st\u00e4rkste weibliche Politikerin Deutschlands immer wieder mit ihren Tr\u00e4nen k\u00e4mpfte und nicht wenigen ging es \u00e4hnlich.<br \/>\n<a href=\"https:\/\/x.com\/OttoFriedel\/status\/1871262530267722089\">https:\/\/x.com\/OttoFriedel\/status\/1871262530267722089<\/a><br \/>\n.<br \/>\nIm Unterschied zu den wie vorformuliert und dann pflichtgem\u00e4\u00df abgespult wirkenden Statements der Politiker, die f\u00fcr das Blutbad von Magdeburg mit-verantwortlich sind \u2013 konnte her jeder sp\u00fcren, dass Weidel ehrlich, authentisch und mit echtem Mitgef\u00fchl spricht, keine Angst hat, auch vor einer gro\u00dfen Menschenmenge ihre Emotionen zu zeigen\u2026<br \/>\n&#8230; Alles vom 24.12.2024 bitte lesen auf<br \/>\n<a href=\"https:\/\/philosophia-perennis.com\/2024\/12\/24\/magdeburg-deutschlands-staerkste-politikerin-kaempfte-mit-den-traenen\/\">https:\/\/philosophia-perennis.com\/2024\/12\/24\/magdeburg-deutschlands-staerkste-politikerin-kaempfte-mit-den-traenen\/<\/a><\/p>\n<p><strong>Dieser Staat sch\u00fctzt uns nicht mehr\/Weihnachtsmarkt-Anschlag von Magdeburg| Achtung, Reichelt! 24.12<\/strong><br \/>\nn der letzten Ausgabe des Jahres von \u201eAchtung, Reichelt!\u201c widmen wir uns einer ersch\u00fctternden Trag\u00f6die, die h\u00e4tte verhindert werden k\u00f6nnen: dem Terroranschlag auf den Magdeburger Weihnachtsmarkt, bei dem f\u00fcnf Menschen ihr Leben verloren, darunter der neunj\u00e4hrige Andr\u00e9. Diese Sendung ist ihm gewidmet. Wir sprechen \u00fcber das Versagen der deutschen Beh\u00f6rden, die trotz zahlreicher Warnungen und klarer Drohungen nichts unternommen haben, um die T\u00e4ter aufzuhalten. Es geht um den Hass auf unser Land, der durch eine Politik erm\u00f6glicht wird, die scheinbar blind f\u00fcr die Gefahren ist, die von ausl\u00e4ndischen Extremisten ausgehen.<br \/>\n<a href=\"https:\/\/www.youtube.com\/watch?v=D9fea3axrG4\">https:\/\/www.youtube.com\/watch?v=D9fea3axrG4<\/a><\/p>\n<p>.<br \/>\n<strong>Das Massaker von Magdeburg zwingt Wirklichkeit in den Wahlkampf<\/strong><br \/>\n\u201eIch bin Christ\u201c. In dem Augenblick, in dem der Demonstrant dies gerufen hat, fallen drei vermummte Polizisten \u00fcber hin her und schleppen ihn weg. Diese Szene aus einem Handy-Video aus Magdeburg von der spontanen Demonstration geht in diesen Tagen weltweit \u00fcber die sozialen Medien. Es zeigt die gesellschaftliche Lage in Deutschland: Die Staatsmacht im Pr\u00fcgeleinsatz gegen B\u00fcrger, die das Entsetzen auf die Stra\u00dfe treibt. Es sind Bilder, wie man sie zuletzt aus Wei\u00dfrussland kennt.<br \/>\n(Youtube-Video siehe unten)<br \/>\n.<br \/>\nEin Staat pr\u00fcgelt seine B\u00fcrger von der Stra\u00dfe<br \/>\nDie B\u00fcrger treibt das Entsetzen \u00fcber f\u00fcnf Tote und \u00fcber 200 Verletzte auf die Stra\u00dfe, das Entsetzen, dass normales Leben in Deutschland nur mehr in Hochsicherheitszonen hinter gewaltigen Absperrungen simuliert werden kann, das Entsetzen \u00fcber einen Staat, der die eigenen B\u00fcrger nicht mehr sch\u00fctzen will. Offensichtlich, weil er St\u00e4dte und D\u00f6rfer als Besiedlungszone einer anderen Kultur freigegeben hat, die angetreten ist, die alte an den Rand zu dr\u00e4ngen und den muslimischen Dominanzanspruch auch in Mitteleuropa brutal und herrisch zur Schau zu stellen.<br \/>\nEs zeigt sich eine Regierung, die mit bekannten verlogenen Betroffenheitsfloskeln reagiert. Die st\u00e4ndig vor Hass warnt, aber nicht den Hass des Attent\u00e4ters meint, sondern den Opfern abverlangt, duldsam zu ertragen, was die Regierung achselzuckend f\u00fcr sie seit 2015 als Schicksal verordnet hat: sich zu unterwerfen oder zu verschwinden.<br \/>\nDas Rezept hat ja auch funktioniert; nach dem Attentat auf dem Breitscheidplatz wie nach den Morden von Chemnitz. Dort hat man schnell \u201eHetzjagden\u201c erfunden, mit linksradikalen Bands ein Festival organisiert und eine neue Wirklichkeit erschaffen, die mit der Realit\u00e4t nichts zu tun hatte: Es waren Hetzjagden auf Einheimische.<br \/>\nDas Rezept hat funktioniert, indem man nach jedem der vielen Morde an Einheimischen schnell eine \u201eDemonstration\u201c gegen Rechts auf die Beine stellte.<br \/>\n&#8230;<br \/>\nDas Rezept hat funktioniert, indem man nach jedem der vielen Morde an Einheimischen schnell eine \u201eDemonstration\u201c gegen Rechts auf die Beine stellte.<br \/>\n&#8230; Alles vom 23.12.2024 bitte lesen auf<br \/>\n<a href=\"https:\/\/www.tichyseinblick.de\/tichys-einblick\/massaker-magdeburg-wirklichkeit-wahlkampf-faeser\/\">https:\/\/www.tichyseinblick.de\/tichys-einblick\/massaker-magdeburg-wirklichkeit-wahlkampf-faeser\/<\/a><br \/>\n.<br \/>\n<strong>&#8222;Ich bin Christ&#8220; Magdeburg &#8222;Demo gegen Terror&#8220; 21.12.24<\/strong><br \/>\nDemo der B\u00fcrger, Schweigemarsch zum Gedenken an die Anschlagsopfer in Magdeburg, 21.12.24. #demo F\u00fcr einen Politikwechsel! Ein Demonstrant wird verhaftet und abgef\u00fchrt, da er &#8222;Ich bin Christ&#8220; rief:<br \/>\n<a href=\"https:\/\/www.youtube.com\/shorts\/d59v0z4fY-4\">https:\/\/www.youtube.com\/shorts\/d59v0z4fY-4<\/a><\/p>\n<p>.<\/p>\n<p><strong>Taqiya &#8211; Magdeburg &#8211; Islamismus<\/strong><br \/>\nAm 20.12.2024 raste der Islamist Taleb A. in friedliche Besucher des Weihnachtsmarkts am Alter Markt in Magdeburg. Er ermordete mindestens f\u00fcnf Menschen, darunter ein neunj\u00e4hriges Kind. Die Zahl der Todesopfer k\u00f6nnte noch weiter steigen, da weitere 200 teilweise schwer Verletzte in insgesamt 15 Kliniken behandelt werden.<\/p>\n<p>Obwohl bei seiner Festnahme &#8222;Allahu Akbar&#8220; (* siehe Update: Ob einer der Umstehenden oder der T\u00e4ter &#8222;Allahu Akbar&#8220; gerufen hat ist noch nicht endg\u00fcltig gekl\u00e4rt.) gerufen wurde, der T\u00e4ter einen Weihnachtsmarkt und keine Moschee angegriffen hat, gibt es f\u00fcr den Chef des Bundeskriminalamts Holger M\u00fcnch keinen Hinweis auf einen islamistisch motivierten Anschlag. Weil Taleb A. an verschiedenen Stellen behauptet hat, ein Islamhasser zu sein und er AfD-Inhalte in den sozialen Medien geteilt hat, berichten die \u201eQualit\u00e4tsmedien\u201c in genau diese Richtung. Auf die Idee, dass Taleb A. diese Aussagen machte, um seinen Asylantrag positiv zu beeinflussen, kamen die Lohnschreiber von der FAZ bis zur TAZ nicht. Obwohl der Islamist 2013 wegen \u201eSt\u00f6rung des \u00f6ffentlichen Friedens durch Androhung von Straftaten\u201c von einem Gericht verurteilt wurde, stellte er drei Jahre sp\u00e4ter einen Asylantrag, der kurze Zeit sp\u00e4ter positiv beschieden war.<\/p>\n<p>Dass der T\u00e4ter ein Islamkritiker war, ist unwahrscheinlich, vielmehr das Gegenteil d\u00fcrfte der Fall sein. Taqiya ist bei radikalen Muslimen ein Prinzip wonach es, wenn es dem Islam dient, erlaubt ist, rituelle Pflichten zu missachten und den eigenen Glauben zu verheimlichen. Von diesem Prinzip hat der M\u00f6rder von Magdeburg laut Ex-Muslimen wie Hamed Abdel-Samad und Ali Utlu Gebrauch gemacht.<br \/>\nAufgrund pers\u00f6nlicher Kommunikation mit dem T\u00e4ter, gehen sie davon aus, dass es sich bei Taleb A. um einen Islamisten, einen Maulwurf handelt. Der Terrorist ist mit seinem Auto nicht in eine Pal\u00e4stinenser-Demo oder eine Moschee gerast, er w\u00e4hlte als Ort des Attentats einen christlichen Weihnachtsmarkt. Der Terrorist hat in der Vergangenheit weder muslimische Einrichtungen, noch Muslime selbst angegriffen, er bedrohte und attackierte einen Verein von s\u00e4kularen Exmuslimen, Exmusliminnen selbst und kritisierte islamkritische Ex-Muslime.<\/p>\n<p>Ali Utlu schreibt am 21. Dez. 2024: \u201eIch sage es nochmal: Viele Menschen, die mit Taleb Kontakt hatten, sprechen ihm wie ich auch ab, jemals Atheist oder ex-Muslim gewesen zu sein. Er behauptete selbst, er sei Wahhabit. Er hatte offen Kontakte zu Hamas Leuten, sowie auch zu Anh\u00e4ngern der IS. Er bedrohte ex-muslimische und s\u00e4kulare Vereine, sowie gefl\u00fcchtete Frauen aus Saudi-Arabien, die sich vom Islam lossagten. Der Verein und die Frauen wehrten sich rechtlich gegen ihn. Den Zentralrat der ex-Muslime griff er genauso an wie mich als Mitglied. Alle gro\u00dfen Islamkritiker haben den Taleb geblockt, weil jeder wirre Nachrichten und Drohungen bekam.<\/p>\n<p>Er hat nie den Islam, deren Vereine direkt kritisiert. W\u00e4hrend wir vor Moscheen protestierten, hat er uns bek\u00e4mpft. Auch verteidigte er immer wieder Saudi-Arabien. Wof\u00fcr? Dutzende Betroffene teilen gerade Screenshots mit Konversationen, wo er die Personen bedrohte, weil sie ex-Moslems sind. In einem Video spricht er dar\u00fcber, dass &#8222;die Linken den Islamismus erfunden haben, um die Muslime auszul\u00f6schen.&#8220; Kein Islamkritiker w\u00fcrde so einen Bl\u00f6dsinn schreiben. Wir organisierten ex-Muslime sagen offen, dass er Taqiyya betrieben hat. Wenn jemand derma\u00dfen islamfeindlich w\u00e4re wie er, w\u00fcrde er dann nicht versuchen bei einem Anschlag Muslime zu t\u00f6ten statt Christen auf einem Weihnachtsmarkt? Aber die Frage der Fragen ist: Warum haben die Beh\u00f6rden nicht auf ihn reagiert, obwohl einige Menschen darauf hingewiesen haben, dass er Deutsche t\u00f6ten m\u00f6chte? Warum hat man es zugelassen, dass es zu diesem Anschlag kam?\u201c<\/p>\n<p>In den sozialen Medien pr\u00e4sentierte sich der T\u00e4ter von Magdeburg als Unterst\u00fctzer der Hamas und pr\u00e4sentierte sich als radikaler muslimischer Dschihadist.<\/p>\n<p>Maral Samassi schreibt auf auf X: \u201eEntgegen den Behauptungen der deutschen Presse ist Taleb Al Abdulmohsen weder ein ehemaliger muslimischer Atheist, noch ist er ein Fan der AfD oder von Elon Musk. Auch wenn er diese Fehlinformation selbst verbreitet hat, entspricht sie der Praxis der Taqqiya, einer islamischen Doktrin, die L\u00fcgen und T\u00e4uschungen erlaubt, um islamische Ziele zu f\u00f6rdern. In Wirklichkeit ist er ein radikaler schiitischer Muslim, wie sein Name und zahlreiche Tweets und Chat-Leaks, die auf arabischsprachigen Plattformen wie X kursieren, belegen. Beunruhigenderweise wurden die deutschen Beh\u00f6rden von einer saudischen Frau auf seine Pl\u00e4ne zur Durchf\u00fchrung von Massenmorden an Deutschen aufmerksam gemacht. Tragischerweise ignorierte die Polizei ihre Warnungen. Die Links sind im Thread eingef\u00fcgt.\u201c<br \/>\n&#8230; Alles vom 22.12.2024 bitte lesen auf<br \/>\n<a href=\"https:\/\/www.fischundfleisch.com\/manfred-breitenberger\/taqiya-88305\">https:\/\/www.fischundfleisch.com\/manfred-breitenberger\/taqiya-88305<\/a><\/p>\n<p>.<\/p>\n<p><strong>Magdeburg &#8211; Taqiya<\/strong><br \/>\nF\u00fcr die einen hat ein Muslim aus Saudi-Arabien einen Terroranschlag auf einen Weihnachtsmarkt ver\u00fcbt, f\u00fcr die anderen war es ein Rechtsextremer mit islamfeindlichen Ansichten. F\u00fcr Links-gr\u00fcn und Mainstraemmedien ist er Musk- und AfD-Fan, weil er Tweets guthie\u00df und einen Bev\u00f6lkerungsaustausch ausmachte, f\u00fcr andere ein verkappter schiitischer Extremist, der seinen Dschihadismus nach den Regeln des schiitischen Instruments der Taqiya verbarg. Schlie\u00dflich gibt es jene, die A. wegen all dieser Inkoh\u00e4renz f\u00fcr geisteskrank und deshalb strafum\u00fcndig erkl\u00e4ren.<br \/>\ntaquia Taqiya taqiyya<br \/>\nLa taqiya du terroriste de Magdeburg semble se confirmer d&#8217;heure en heure.<br \/>\n<a href=\"https:\/\/x.com\/louinemie\/status\/1870443975536161041\">https:\/\/x.com\/louinemie\/status\/1870443975536161041<\/a> (Franz)<\/p>\n<p>Taqiya bzw. Taq\u012bya (arabisch \u062a\u0642\u064a\u0629, DMG Taq\u012bya oder Taqiyya \u201aFurcht, Vorsicht\u2018) ist ein bei verschiedenen schiitischen Gruppen geltendes Prinzip, wonach es bei Zwang oder Gefahr f\u00fcr Leib und Besitz erlaubt ist, rituelle Pflichten zu missachten und den eigenen Glauben zu verheimlichen. (Wikipedia)<\/p>\n<p><strong>Maral Salmassi \u00fcber den Attent\u00e4ter von Magdeburg &#8211; Taqiya<\/strong><br \/>\nDie deutsch-iranische Unternehmerin Maral Salmassi bietet eine schl\u00fcssige Erkl\u00e4rung f\u00fcr das Verhalten des Attent\u00e4ters von Magdeburg. Dabei verwendet sie nicht das simple Narrativ Islamist versus Anti-Islamist, sondern verweist auf den \u00e4hnlich tiefen Konflikt zwischen Sunniten und Schiiten. <a href=\"https:\/\/twitter.com\/MedienfuzziShow\/status\/1870538208343466049\">https:\/\/twitter.com\/MedienfuzziShow\/status\/1870538208343466049<\/a> (deutsch)<br \/>\n<a href=\"https:\/\/www.youtube.com\/watch?v=ViUMmSS0f_Q\">https:\/\/www.youtube.com\/watch?v=ViUMmSS0f_Q<\/a> (deutsch)<\/p>\n<p>Der M\u00f6rder Abdulmohsen hat seine Ziele, wenn man ihrer Erkl\u00e4rung folgt, perfekt erreicht: Deutschland ist verwirrt und damit unf\u00e4hig zu Gegenwehr; gleichzeitig findet sich Saudi-Arabien in ein denkbar schlechtes Licht ger\u00fcckt.<br \/>\nFrau Salmassis Argument, ein Atheist w\u00fcrde schwerlich Ex-Moslems wie AliCologne bedrohen, \u00fcberzeugt. Ebenso \u00fcberzeugt, dass ein wahrer Islam-Hasser nicht einen deutschen Weihnachtsmarkt f\u00fcr sein Massaker ausw\u00e4hlen w\u00fcrde, sondern eine Pal\u00e4stinenserdemo o.\u00e4.<br \/>\n21.12.2024<br \/>\n<a href=\"https:\/\/www.threads.net\/@hdaubmeier\/post\/DD2SKkTsxlo\/media\">https:\/\/www.threads.net\/@hdaubmeier\/post\/DD2SKkTsxlo\/media<\/a> (deutsche Untertitel)<br \/>\n<a href=\"https:\/\/www.threads.net\/@hdaubmeier\/post\/DD2SKkTsxlo\">https:\/\/www.threads.net\/@hdaubmeier\/post\/DD2SKkTsxlo<\/a><br \/>\n.<br \/>\nEinige Kommentare:<br \/>\nOffensichtlich versteht man die Bedeutung von Taqiyya nicht, weil es sich au\u00dferhalb des Wertekomplexes der meisten Menschen befindet. Es ist f\u00fcr die meisten genau so unverst\u00e4ndlich und surreal wie Kindersoldaten, Spielzeugbomben usw. Alles war vorher weit weg, Tommy<\/p>\n<p>Maral spricht aus, was ich schon seit langen \u00fcber Taleb sagte:<br \/>\nEr war weder echter Atheist, noch ex-Muslim. Es war Taqiyya.<br \/>\n<a href=\"https:\/\/x.com\/AliCologne\/status\/1870442339677753655\">https:\/\/x.com\/AliCologne\/status\/1870442339677753655<\/a> (Englisch) , Ali Utlu<br \/>\nDieses Video hat mir verdeutlicht, dass der normale B\u00fcrger keine Ahnung hat, welche komplexen Str\u00f6mungen den nahen Osten seit langer Zeit durchdringen und dies nun auf die L\u00e4nder ausgeweitet wird, die in diesen Sog auf die ein oder andere Weise hineingezogen werden. Unser Land wird sich ver\u00e4ndern Moonca<br \/>\n.<br \/>\nKlingt \u00fcberzeugend. W\u00e4re er sonst in einen deutschen Weihnachtsmarkt gerast und w\u00fcrde Deutschland hassen? Nein, dann h\u00e4tte er Muslime angegriffen. Ich glaube kein Wort von der bisher offiziellen Version. Sie ist zutiefst unlogisch. Aleia<br \/>\n.<br \/>\nNannte man fr\u00fcher Schl\u00e4fer. Dann kam der Breitscheidplatz und Merkel sagte &#8222;die Integration ist komplett gescheitert&#8220; um sich anschlie\u00dfend die FREIHEIT zu nehmen ihren Eid und Gesetze zu brechen um den Zustrom der Migration noch anzuheizen, Europa zu fluten mit ihren mantraartigen Gebeten, &#8222;wir schaffen das&#8220; und &#8222;es gibt keine Obergrenze&#8220; denen wie in der DDR schon nicht widersprochen werden durfte Umgang<br \/>\nEnde Kommentare<br \/>\n.<br \/>\n.<\/p>\n<p><strong>War der Magdeburg-Attent\u00e4ter wirklich Islamkritiker?<\/strong><br \/>\nDass es sich um einen Verwirrten handeln k\u00f6nnte, ist vorstellbar. Aber ein Maulwurf? Ali Utlu \u2013 selbst Ex-Muslim, Atheist, Achgut-Gastautor und aktiver Islamkritiker aus K\u00f6ln \u2013 hat ebenfalls seine Erfahrungen mit Abdulmohsen, die er auf X kurz so zusammenfasst:<br \/>\n<a href=\"https:\/\/x.com\/AliCologne\/status\/1870251686922469573\">https:\/\/x.com\/AliCologne\/status\/1870251686922469573<\/a><br \/>\n\u201eWenn der T\u00e4ter Taleb Al Abdulmohsen ist, dann habe ich ihn vor Monaten gesperrt, weil ich ihn wie auch andere Islamkritiker f\u00fcr einen saudischen Agenten gehalten habe, der abtr\u00fcnnige Saudis und ex-Muslime in Deutschland ausspioniert hat f\u00fcr den Saudischen Staat. Bin jetzt gerade geschockt.\u201c<\/p>\n<p>Kurz darauf best\u00e4tigt er noch einmal: \u201eIch glaubte und glaube bis heute nicht, dass er Apostat ist. Alles was er machte, war eher wirr. Selbst mich griff eher an, bis ich ihn blockte, weil ich ihm kein Wort glaubte. Ich muss das alles mal sacken lassen.\u201c<br \/>\nZu der Annahme, Abdulmohsen k\u00f6nne ein Maulwurf sein, passt auch sein verbaler Angriff auf die Organisation \u201eS\u00e4kulare Fl\u00fcchtlingshilfe\u201c, die auch von der Islamkritikerin und Achgut-Gastautorin Mina Ahadi mit gegr\u00fcndet wurde. In einem auf X verbreiteten englischsprachigen Video erkl\u00e4rt er die renommierte S\u00e4kulare Fl\u00fcchtlingshilfe zur \u201ekorruptesten Fl\u00fcchtlingsorganisation der Welt\u201c und sagt \u00fcber Ahadi:<br \/>\n\u201eSie ist die Hauptgr\u00fcnderin dieser Organisation. Es gab keine Notwendigkeit, diese Organisation zu gr\u00fcnden. Denn sie ist au\u00dferdem die Gr\u00fcnderin des Zentralrats der Ex-Muslime in der gleichen Stadt. Sie h\u00e4tte keine weitere Organisation gr\u00fcnden m\u00fcssen. Es sei denn, wir erinnern uns daran, dass diese Leute selber gesagt haben, dass sich diese Organisation vor allem mit weiblichen Fl\u00fcchtlingen aus Saudi-Arabien besch\u00e4ftigt. Es wurde also eine spezielle Organisation ins Leben gerufen, um vor allem weibliche Saudi-Fl\u00fcchtlinge zu (rekrutieren), um sie zu missbrauchen (\u2026) (Mina Ahadi) hat also h\u00f6chstwahrscheinlich beide Organisationen gegr\u00fcndet, um den ex-muslimischen Aktivismus zu zerst\u00f6ren.\u201c<br \/>\nIst das nun die schwer gekr\u00e4nkte Eitelkeit eines Mannes, der seine Rolle als \u201eaggressivster Kritiker des Islams in der Geschichte\u201c angegriffen sieht oder ist es einfach das, was die Stasi ihren Mitarbeitern zur Bek\u00e4mpfung der Opposition als \u201eZersetzung\u201c empfahl?<\/p>\n<p>Eines jedenfalls wird in jedem Fall deutlich: Man kann derzeit nicht seri\u00f6s behaupten, dass der Magdeburg-Attent\u00e4ter ein \u00fcberzeugter Islam-Gegner oder gar AfD-Anh\u00e4nger w\u00e4re, auch wenn es manchem besser ins Weltbild passen w\u00fcrde.<br \/>\n.. Alles vom 21.12.2024 von Peter Grimm bitte lesen auf<br \/>\n<a href=\"https:\/\/www.achgut.com\/artikel\/war_der_magdeburg_attentaeter_wirklich_islamkritiker\">https:\/\/www.achgut.com\/artikel\/war_der_magdeburg_attentaeter_wirklich_islamkritiker<\/a><br \/>\n<em>.<\/em><br \/>\n<em>Peter Grimm ist Journalist, Autor von Texten, TV-Dokumentationen und Dokumentarfilmen und Redakteur bei Achgut.com.<\/em><br \/>\n.<br \/>\nEinige Kommentare:<br \/>\nMeines Erachtens kann es kein Islamkritiker gewesen sein. Die in Deutschland lebenden wirklichen Islamkritiker w\u00fcrden keine Deutschen t\u00f6ten wollen. Sie wollen mit uns in Frieden zusammenleben. Islamkritiker an sich &#8211; auch arabische &#8211; sind von Politikern in Deutschland nicht gern gesehen, mild ausgedr\u00fcckt. Und wenn schon jemand von sich behauptet, dass er der sch\u00e4rfste Islamkritiker in Deutschland w\u00e4re, da hat er es n\u00f6tig und solche Personen wollen sich nur wichtig machen und aufplustern. All diejenigen, die in den alternativen Medien unterwegs sind, m\u00fcssten ihn dann kennen. Er w\u00fcrde z.B. auch dar\u00fcber in der \u00d6ffentlichkeit sprechen und aufkl\u00e4ren, wie andere auch. F\u00fcr mich ist es ein Schl\u00e4fer oder auch ein verr\u00fcckter Schl\u00e4fer. Es war ja nicht nur Saudi Arabien, dass uns vor dieser Person gewarnt hat. Auch aus Deutschland direkt kamen Warnungen, die von der Polizei aber nicht ernst genommen worden sind. Oder durften sie diese nicht ernst nehmen? Schlamperei oder Absicht? Wir werden es wohl nie wirklich erfahren d\u00fcrfen. Petra Wilhelmi<br \/>\n.<br \/>\nIslamkritikerin(?) Maral Samassi behauptet er sei in arabischen Netzwerken als gl\u00e4ubiger Shiat unterwegs gewesen und sein Verhalten in D sei Teil der Taqiya gewesen. Ma Weber<br \/>\n.<br \/>\nDie Tagesschausprecherin nennt ihn einen AFD-Anh\u00e4nger. Die Gesinnungs-Informations-Infantilit\u00e4t der zwangsfinanzierten Nachrichtenfrau erreicht hier neue ideologisch motivierte \u201cDenk-Tiefen\u201d. Der Tagesspiegel nennt ihn, einen Islamkritiker sowie AFD- und Musk-Fan. Mehr versuchtes AFD-Bashing geht kaum noch. Analytisch gesehen w\u00e4re die Situation somit recht einfach gewesen, Taleb Jawad Al Abdulmohsen h\u00e4tte, gem\u00e4\u00df dem vom deutschen Mainstream angedachten ideologischen Motivations-Muster, dort zuschlagen m\u00fcssen, wo sich Islambekenner aufhalten, um m\u00f6glichst viele Muslime zu t\u00f6ten. Hat er aber nicht. &#8230; Dirk<br \/>\n.<br \/>\nDie Tat selbst passt sehr klar zu einem Islamisten. Wer \u00fcberf\u00e4hrt bewusst Christen und Atheisten, um sie zu t\u00f6ten und zielt dabei noch besonders auf Kinder? Das ist typisches islamistisches Vorgehen. Die Handlungen eines Menschen sprechen die eigentliche Sprache (!), Worte dienen nicht selten dazu, die eigentliche Geisteshaltung zu verschleiern. \u201cAn ihren Taten sollt ihr sie erkennen!\u201d (1. Johannes 2,1-6) Klara Altmann<br \/>\nEnde Kommentare<\/p>\n<p>&nbsp;<\/p>\n","protected":false},"excerpt":{"rendered":"<p>Home\u00a0&gt;Engagement\u00a0&gt;Zukunft\u00a0&gt;Demokratie &gt;Berlin19dez2016 &gt;Magdeburg20dez2024 &nbsp; Listenauswahl eines Beitrags: Bitte anklicken oder runterscrollen M\u00fcnchen: Anschlag \u2013 Vance MSC\u00a0(14.2.2025) Magdeburg Terror \u2013 Vergessen (13.1.2025) Sechstes Todesopfer nach Anschlag in Magdeburg (6.1.2025) Nach Druck aus sozialen Medien: Eltern d\u00fcrfen get\u00f6teten Andr\u00e9 jetzt sehen (2.1.2025) &hellip; <a href=\"https:\/\/www.freiburg-schwarzwald.de\/blog\/engagement\/zukunft\/demokratie\/magdeburg20dez2024\/\">Weiterlesen <span class=\"meta-nav\">&rarr;<\/span><\/a><\/p>\n","protected":false},"author":2,"featured_media":0,"parent":21084,"menu_order":0,"comment_status":"closed","ping_status":"closed","template":"","meta":{"footnotes":""},"class_list":["post-129334","page","type-page","status-publish","hentry"],"_links":{"self":[{"href":"https:\/\/www.freiburg-schwarzwald.de\/blog\/wp-json\/wp\/v2\/pages\/129334","targetHints":{"allow":["GET"]}}],"collection":[{"href":"https:\/\/www.freiburg-schwarzwald.de\/blog\/wp-json\/wp\/v2\/pages"}],"about":[{"href":"https:\/\/www.freiburg-schwarzwald.de\/blog\/wp-json\/wp\/v2\/types\/page"}],"author":[{"embeddable":true,"href":"https:\/\/www.freiburg-schwarzwald.de\/blog\/wp-json\/wp\/v2\/users\/2"}],"replies":[{"embeddable":true,"href":"https:\/\/www.freiburg-schwarzwald.de\/blog\/wp-json\/wp\/v2\/comments?post=129334"}],"version-history":[{"count":6,"href":"https:\/\/www.freiburg-schwarzwald.de\/blog\/wp-json\/wp\/v2\/pages\/129334\/revisions"}],"predecessor-version":[{"id":130970,"href":"https:\/\/www.freiburg-schwarzwald.de\/blog\/wp-json\/wp\/v2\/pages\/129334\/revisions\/130970"}],"up":[{"embeddable":true,"href":"https:\/\/www.freiburg-schwarzwald.de\/blog\/wp-json\/wp\/v2\/pages\/21084"}],"wp:attachment":[{"href":"https:\/\/www.freiburg-schwarzwald.de\/blog\/wp-json\/wp\/v2\/media?parent=129334"}],"curies":[{"name":"wp","href":"https:\/\/api.w.org\/{rel}","templated":true}]}}