{"id":128948,"date":"2024-11-28T16:18:58","date_gmt":"2024-11-28T15:18:58","guid":{"rendered":"https:\/\/www.freiburg-schwarzwald.de\/blog\/?page_id=128948"},"modified":"2024-11-28T16:19:39","modified_gmt":"2024-11-28T15:19:39","slug":"rumaenien-2","status":"publish","type":"page","link":"https:\/\/www.freiburg-schwarzwald.de\/blog\/global\/rumaenien-2\/","title":{"rendered":"Rum\u00e4nien"},"content":{"rendered":"<p><a href=\"https:\/\/www.freiburg-schwarzwald.de\/blog\">Home<\/a>\u00a0&gt;<a title=\"Global\" href=\"https:\/\/www.freiburg-schwarzwald.de\/blog\/global\/\">Globa<\/a>l\u00a0&gt;<a title=\"EU\" href=\"https:\/\/www.freiburg-schwarzwald.de\/blog\/global\/eu\/\">EU<\/a>\u00a0&gt;<a href=\"https:\/\/www.freiburg-schwarzwald.de\/blog\/global\/griechenland\/\">Griechenland<\/a>\u00a0&gt;<a href=\"https:\/\/www.freiburg-schwarzwald.de\/blog\/global\/kosovo\/\">Kosovo<\/a> &gt;Rum\u00e4nien<\/p>\n<div id=\"attachment_128843\" style=\"width: 650px\" class=\"wp-caption alignnone\"><a href=\"https:\/\/www.freiburg-schwarzwald.de\/blog\/wp-content\/uploads\/2014\/09\/kaki-nuss-feige-pan241120.jpg\"><img loading=\"lazy\" decoding=\"async\" aria-describedby=\"caption-attachment-128843\" class=\"size-full wp-image-128843\" src=\"https:\/\/www.freiburg-schwarzwald.de\/blog\/wp-content\/uploads\/2014\/09\/kaki-nuss-feige-pan241120.jpg\" alt=\"\" width=\"640\" height=\"392\" srcset=\"https:\/\/www.freiburg-schwarzwald.de\/blog\/wp-content\/uploads\/2014\/09\/kaki-nuss-feige-pan241120.jpg 640w, https:\/\/www.freiburg-schwarzwald.de\/blog\/wp-content\/uploads\/2014\/09\/kaki-nuss-feige-pan241120-180x110.jpg 180w\" sizes=\"auto, (max-width: 640px) 100vw, 640px\" \/><\/a><p id=\"caption-attachment-128843\" class=\"wp-caption-text\">Kaki, N\u00fcsse und Feigen &#8211; neue Ernte am 20.11.2024<\/p><\/div>\n<p>&nbsp;<\/p>\n<ul>\n<li>Rum\u00e4nien: NATO-Kritiker \u00fcberrascht bei Pr\u00e4sidentschaftswahl (26.11.2024)<\/li>\n<\/ul>\n<p>&nbsp;<\/p>\n<p><strong>Rum\u00e4nien: NATO-Kritiker \u00fcberrascht bei Pr\u00e4sidentschaftswahl<\/strong><br \/>\nDer NATO-Kritiker Calin Georgescu hat die erste Runde der Pr\u00e4sidentschaftswahl in Rum\u00e4nien am Sonntag \u00fcberraschend gewonnen. Der Kampf um die Stichwahl wurde zu einem Kopf-an-Kopf-Rennen, bei dem sich die konservative Politikerin Elena Lasconi gegen den sozialdemokratischen Premier Marcel Ciolacu durchsetzen d\u00fcrfte, welcher eigentlich als Favorit galt. Der extrem NATO-kritische und religi\u00f6se Georgescu, welcher in westlichen Medien leichtfertig und inflation\u00e4r als \u201erechtsextrem\u201c geschm\u00e4ht wird, hatte seinen Wahlkampf fast ausschlie\u00dflich in sozialen Netzwerken gef\u00fchrt.<br \/>\n&#8230;<br \/>\nKampagne f\u00fcr Ende der Ukraine-Hilfe<br \/>\n\u201eDas s\u00fcdosteurop\u00e4ische EU- und NATO-Land Rum\u00e4nien grenzt direkt an die Ukraine. Der Grenzfluss Thei\u00df wird dabei zum Schauplatz von Trag\u00f6dien, wenn zahlreiche junge ukrainische M\u00e4nner dort die Flucht vor der Einberufung an die Front antreten und h\u00e4ufig auch zu Schaden kommen. So haben laut rum\u00e4nischen Beh\u00f6rden seit Kriegsbeginn \u00fcber 2.000 M\u00e4nner den Grenzfluss Thei\u00df von der Ukraine nach Rum\u00e4nien \u00fcberquert. Mindestens 22 Ukrainer sollen bei den Fluchtversuchen gestorben sein, weitere werden vermisst. Deshalb spricht man in der ukrainischen \u00d6ffentlichkeit schon vom \u201aTodesfluss\u2018\u201c, war in der Berliner Zeitung diesbez\u00fcglich zu lesen.<br \/>\nhttps:\/\/www.berliner-zeitung.de\/politik-gesellschaft\/geopolitik\/grenzfluss-zwischen-der-ukraine-und-rumaenien-hier-fluechten-hunderte-vor-krieg-und-mobilisierung-li.2208536<br \/>\nDiese Umst\u00e4nde verdunkeln den Mythos, welcher in den Propaganda-St\u00e4ben von Washington, London, Br\u00fcssel und Kiew ersponnen wird, wonach \u201eunsere Freiheit\u201c heute nicht mehr am Hindukusch, sondern am Donbass verteidigt wird.<br \/>\nDer parteilose Georgescu absolvierte seinen Wahlkampf fast ausschlie\u00dflich in den sozialen Netzwerken und durch Podcasts. Erst k\u00fcrzlich sorgte er durch eine TikTok-Kampagne f\u00fcr Aufsehen, in der er ein Ende der Hilfe f\u00fcr die Ukraine forderte. Zus\u00e4tzlich kritisierte er die NATO-Mitgliedschaft Rum\u00e4niens. \u201eHeute Abend hat das rum\u00e4nische Volk nach Frieden geschrien. Und es hat sehr laut geschrien, sehr laut\u201c, lie\u00df Georgescu am Sonntag in einem Video auf Facebook verlautbaren.<br \/>\n&#8230; Alles vom 26.11.2024 bitte lesen auf<br \/>\n<a href=\"https:\/\/www.nachdenkseiten.de\/?p=125269\">https:\/\/www.nachdenkseiten.de\/?p=125269<\/a><\/p>\n","protected":false},"excerpt":{"rendered":"<p>Home\u00a0&gt;Global\u00a0&gt;EU\u00a0&gt;Griechenland\u00a0&gt;Kosovo &gt;Rum\u00e4nien &nbsp; Rum\u00e4nien: NATO-Kritiker \u00fcberrascht bei Pr\u00e4sidentschaftswahl (26.11.2024) &nbsp; Rum\u00e4nien: NATO-Kritiker \u00fcberrascht bei Pr\u00e4sidentschaftswahl Der NATO-Kritiker Calin Georgescu hat die erste Runde der Pr\u00e4sidentschaftswahl in Rum\u00e4nien am Sonntag \u00fcberraschend gewonnen. Der Kampf um die Stichwahl wurde zu einem Kopf-an-Kopf-Rennen, &hellip; <a href=\"https:\/\/www.freiburg-schwarzwald.de\/blog\/global\/rumaenien-2\/\">Weiterlesen <span class=\"meta-nav\">&rarr;<\/span><\/a><\/p>\n","protected":false},"author":2,"featured_media":0,"parent":27,"menu_order":0,"comment_status":"closed","ping_status":"closed","template":"","meta":{"footnotes":""},"class_list":["post-128948","page","type-page","status-publish","hentry"],"_links":{"self":[{"href":"https:\/\/www.freiburg-schwarzwald.de\/blog\/wp-json\/wp\/v2\/pages\/128948","targetHints":{"allow":["GET"]}}],"collection":[{"href":"https:\/\/www.freiburg-schwarzwald.de\/blog\/wp-json\/wp\/v2\/pages"}],"about":[{"href":"https:\/\/www.freiburg-schwarzwald.de\/blog\/wp-json\/wp\/v2\/types\/page"}],"author":[{"embeddable":true,"href":"https:\/\/www.freiburg-schwarzwald.de\/blog\/wp-json\/wp\/v2\/users\/2"}],"replies":[{"embeddable":true,"href":"https:\/\/www.freiburg-schwarzwald.de\/blog\/wp-json\/wp\/v2\/comments?post=128948"}],"version-history":[{"count":2,"href":"https:\/\/www.freiburg-schwarzwald.de\/blog\/wp-json\/wp\/v2\/pages\/128948\/revisions"}],"predecessor-version":[{"id":128950,"href":"https:\/\/www.freiburg-schwarzwald.de\/blog\/wp-json\/wp\/v2\/pages\/128948\/revisions\/128950"}],"up":[{"embeddable":true,"href":"https:\/\/www.freiburg-schwarzwald.de\/blog\/wp-json\/wp\/v2\/pages\/27"}],"wp:attachment":[{"href":"https:\/\/www.freiburg-schwarzwald.de\/blog\/wp-json\/wp\/v2\/media?parent=128948"}],"curies":[{"name":"wp","href":"https:\/\/api.w.org\/{rel}","templated":true}]}}