{"id":128596,"date":"2024-11-22T12:21:04","date_gmt":"2024-11-22T11:21:04","guid":{"rendered":"https:\/\/www.freiburg-schwarzwald.de\/blog\/?page_id=128596"},"modified":"2026-02-03T11:23:53","modified_gmt":"2026-02-03T10:23:53","slug":"wahlen2025","status":"publish","type":"page","link":"https:\/\/www.freiburg-schwarzwald.de\/blog\/engagement\/zukunft\/demokratie\/wahlen2025\/","title":{"rendered":"Wahlen2025"},"content":{"rendered":"<p><a href=\"https:\/\/www.freiburg-schwarzwald.de\/blog\">Home<\/a>\u00a0&gt;<a title=\"Engagement\" href=\"https:\/\/www.freiburg-schwarzwald.de\/blog\/engagement\/\">Engagement<\/a>\u00a0&gt;<a title=\"Zukunft\" href=\"https:\/\/www.freiburg-schwarzwald.de\/blog\/engagement\/zukunft\/\">Zukunft<\/a>\u00a0&gt;<a title=\"Demokratie\" href=\"https:\/\/www.freiburg-schwarzwald.de\/blog\/engagement\/zukunft\/demokratie\/\">Demokratie<\/a>\u00a0&gt;<a title=\"Neuwahlen\" href=\"https:\/\/www.freiburg-schwarzwald.de\/blog\/engagement\/zukunft\/demokratie\/neuwahlen\/\">Neuwahlen<\/a> &gt;<a href=\"https:\/\/www.freiburg-schwarzwald.de\/blog\/engagement\/zukunft\/demokratie\/wahlen-ex-ddr\/\">Wahlen-Ex-DDR<\/a> &gt;Wahlen2025<\/p>\n<div id=\"attachment_128406\" style=\"width: 649px\" class=\"wp-caption alignnone\"><a href=\"https:\/\/www.freiburg-schwarzwald.de\/blog\/wp-content\/uploads\/2024\/11\/stmaergen-kandel-pan241110.jpg\"><img loading=\"lazy\" decoding=\"async\" aria-describedby=\"caption-attachment-128406\" class=\"size-full wp-image-128406\" src=\"https:\/\/www.freiburg-schwarzwald.de\/blog\/wp-content\/uploads\/2024\/11\/stmaergen-kandel-pan241110.jpg\" alt=\"\" width=\"639\" height=\"397\" srcset=\"https:\/\/www.freiburg-schwarzwald.de\/blog\/wp-content\/uploads\/2024\/11\/stmaergen-kandel-pan241110.jpg 639w, https:\/\/www.freiburg-schwarzwald.de\/blog\/wp-content\/uploads\/2024\/11\/stmaergen-kandel-pan241110-180x112.jpg 180w\" sizes=\"auto, (max-width: 639px) 100vw, 639px\" \/><\/a><p id=\"caption-attachment-128406\" class=\"wp-caption-text\">Blick nach Norden \u00fcber Schweigh\u00f6fe und St. M\u00e4rgen zum Kandel am 10.11.2024<\/p><\/div>\n<p>&nbsp;<\/p>\n<ul>\n<li><em>Listenauswahl eines Beitrags (Artikel\/Datum, Seite\/Inhalt):\u00a0<span style=\"text-decoration: underline;\">Klicken<\/span>\u00a0oder scrollen<\/em><\/li>\n<li><a href=\"https:\/\/www.freiburg-schwarzwald.de\/blog\/engagement\/zukunft\/demokratie\/links\/wagenknecht\/\">BSW: Anfechtung der Bundestagswahl \u2013 Volkswille gestohlen<\/a> (17.10.2025)<\/li>\n<li><a href=\"https:\/\/www.freiburg-schwarzwald.de\/blog\/21-bundestag-konstituiert\/\">21. Bundestag konstituiert<\/a>\u00a0(26.3.2025)<\/li>\n<li><a href=\"https:\/\/www.freiburg-schwarzwald.de\/blog\/engagement\/zukunft\/demokratie\/bundestag\/wahlbetrug\/\">Wahlbetrug: Prinzipienlosigkeit von Merz kommt von seiner Arroganz<\/a>\u00a0(6.3.2025)<\/li>\n<li><a href=\"https:\/\/www.freiburg-schwarzwald.de\/blog\/engagement\/zukunft\/demokratie\/bundestagswahl2025\/\">Bundestag-Wahlergebnisse 23.2.2025<\/a> (23.2.2025)<\/li>\n<li><a href=\"https:\/\/www.freiburg-schwarzwald.de\/blog\/frieden-statt-brandmauer\/\">Frieden statt Brandmauer<\/a>\u00a0(11.2.2025)<\/li>\n<li><a href=\"https:\/\/www.freiburg-schwarzwald.de\/blog\/alice-weidel-bei-caren-miosga\/\">Alice Weidel bei Caren Miosga<\/a> (3.2.2025)<\/li>\n<li><a href=\"https:\/\/www.freiburg-schwarzwald.de\/blog\/engagement\/zukunft\/demokratie\/bundestagswahl2025\/\">Vergleich der Wahlprogramme der Parteien zur Bundestagswahl<\/a> (20.1.2025)<\/li>\n<li>Ex-EU-Kommissar droht mit Wahl-Annullierung \u2013 FP\u00d6 mahnt: \u201eEU darf sich nicht einmischen!\u201c (13.1.2025)<\/li>\n<li>Alice Weidel in Riesa (Parteitag 10.1.25) und Hamburg (Rathaus 16.1.25)<\/li>\n<li><a href=\"https:\/\/www.freiburg-schwarzwald.de\/blog\/global\/deutschland\/deutschland2024\/\">Prof Michael Buback: \u201cBedr\u00fcckend ist auch der R\u00fcckgang im Bildungsbereich\u201d<\/a>\u00a0(12.1.2025)<\/li>\n<li>\u201eEin Mensch, ein Wort\u201c \u2013 eine Analyse des gr\u00fcnen Mottos (11.1.2025)<\/li>\n<li><a href=\"https:\/\/www.freiburg-schwarzwald.de\/blog\/musk-weidel-gespraech-9-1-25\/\">Musk \u2013 Weidel: Gespr\u00e4ch 9-1-25<\/a>\u00a0(10.1.2025)<\/li>\n<li><a href=\"https:\/\/www.freiburg-schwarzwald.de\/blog\/musk-und-die-meinungsfreiheit\/\">Musk und die Meinungsfreiheit<\/a>\u00a0(30.12.2024)<\/li>\n<li>ARD, ZDF und RTL beweisen ihre Abh\u00e4ngigkeit vom Kanzleramt (18.12.2024)<\/li>\n<li>Tagesschau in einfacher Sprache: AfD einfach weglassen (17.12.2024)<\/li>\n<li><a href=\"https:\/\/www.freiburg-schwarzwald.de\/blog\/energie\/energiewende\/\">Stoppt der Wahlausgang die \u201eEnergiewende\u201c?<\/a> (26.11.2024)<\/li>\n<li>Parteienforscher warnt vor \u201cemotionalisierter Anti-Rechts-Kampagne\u201d (22.11.2024)<\/li>\n<li><\/li>\n<li><a href=\"https:\/\/www.freiburg-schwarzwald.de\/blog\/engagement\/zukunft\/demokratie\/bundestagswahl2025\/\">Bundestagswahl2025<\/a><\/li>\n<li><a href=\"https:\/\/www.freiburg-schwarzwald.de\/blog\/global\/deutschland\/deutschland2025\/\">Deutschland2025<\/a><\/li>\n<li><a href=\"https:\/\/www.freiburg-schwarzwald.de\/blog\/engagement\/zukunft\/demokratie\/landtagswahl-bw-08-03-26\/\">Landtagswahl-BW-08-03-26<\/a><\/li>\n<li><a href=\"https:\/\/www.freiburg-schwarzwald.de\/blog\/engagement\/zukunft\/demokratie\/bundestag\/wahlbetrug\/\">Wahlbetrug<\/a><\/li>\n<\/ul>\n<p>&nbsp;<\/p>\n<p><strong>Ex-EU-Kommissar droht mit Wahl-Annullierung \u2013 FP\u00d6 mahnt: \u201eEU darf sich nicht einmischen!\u201c<\/strong><br \/>\n&#8230; Es ist ersch\u00fctternd und besorgniserregend, dass sich die Europ\u00e4ische Union so offen in Wahlen einmischt und dies auch noch klar ausspricht\u201c, zeigte sich Harald Vilimsky, freiheitlicher Delegationsleiter im Europ\u00e4ischen Parlament, alarmiert \u00fcber Bretons Aussagen.<br \/>\n&#8222;Die Kommission glaubt offenbar, das Recht zu haben, unliebsame Wahlergebnisse zu korrigieren, und scheut nicht einmal davor zur\u00fcck, solche Absichten vor den Wahlen anzuk\u00fcndigen\u201c, kritisierte Vilimsky scharf.<br \/>\n&#8230; Alles vom 13.1.2025 bitte lesen auf<br \/>\n<a href=\"https:\/\/exxpress.at\/politik\/ex-eu-kommissar-droht-mit-wahl-annullierung-fpoe-mahnt-eu-darf-sich-nicht-einmischen\">https:\/\/exxpress.at\/politik\/ex-eu-kommissar-droht-mit-wahl-annullierung-fpoe-mahnt-eu-darf-sich-nicht-einmischen<\/a>\/<\/p>\n<p>&nbsp;<\/p>\n<p>Alice Weidel in Riesa (Parteitag 10.1.25) und Hamburg (Rathaus 16.1.25)<br \/>\nRede von Alice Weidel auf dem Parteitag in Riesa am 10.11.1.2025:<br \/>\n<a href=\"https:\/\/www.youtube.com\/watch?v=lOElD-v5AVc&amp;t=4s\">https:\/\/www.youtube.com\/watch?v=lOElD-v5AVc&amp;t=4s<\/a><br \/>\nRede Weidel auf X:<br \/>\n<a href=\"https:\/\/x.com\/i\/broadcasts\/1jMJgBmQWYlGL?mx=2\">https:\/\/x.com\/i\/broadcasts\/1jMJgBmQWYlGL?mx=2<\/a><\/p>\n<p>Alice Weidel AfD Rede Hamburg 16.1.25 &#8222;Fraktion im Dialog&#8220;<br \/>\n<a href=\"https:\/\/www.youtube.com\/watch?v=J2tcoOSX1o0\">https:\/\/www.youtube.com\/watch?v=J2tcoOSX1o0<\/a> (43 min)<br \/>\nRede komplett mit anschliessender Aussprache:<br \/>\n<a href=\"https:\/\/www.youtube.com\/watch?v=qLtkcA52raI\">https:\/\/www.youtube.com\/watch?v=qLtkcA52raI<\/a> (ab 1;03 (von 2:24))<\/p>\n<p>&#8222;Ich habe mir einen Herz-Pulli angezogen im Hinblick auf die Gewaltausschreitungen jetzt vor dem Hamburger Rathaus und vor kurzem in Riesa&#8220;, um auszudr\u00fccken &#8222;Gewalt darf niemals die Form der Auseinandersetzung in einer Demokratie sein&#8220;<\/p>\n<p>In ihrer Rede im Hamburger Rathaus am 16.1.2025 hat Alice Weidel ihre schroffe Absage an die Windkraft wie folgt relativiert:<br \/>\n1) Die AfD wird das EEG abschaffen, um an die Stelle von Subventionen die freie Preisbildung der Marktwirtschaft zu setzen.<br \/>\n2) Alle Windkraftanlagen, die sich rechnen, da in windreichen Standorten gelegen, werden weiter Strom produzieren.<br \/>\n3) Windr\u00e4der, die unwirtschaftlich arbeiten, m\u00fcssen abgeschaltet werden um dann eine Rekultivierung (B\u00e4ume, Weide, Problem der Betonundamente) einzuleiten.<\/p>\n<p>&nbsp;<\/p>\n<p>&nbsp;<\/p>\n<p><strong>\u201eEin Mensch, ein Wort\u201c \u2013 eine Analyse des gr\u00fcnen Mottos<\/strong><br \/>\n&#8230; Vor jeder Bundestagswahl engagieren die Partein beste und teuerste Marketingagenturen und Wortakrobaten. Diese sollen die Partei emotional ins goldene Licht der W\u00e4hlergunst r\u00fccken.<br \/>\nBei den Gr\u00fcnen ist folgender Slogan herausgekommen. \u201eEin Mensch. Ein Wort.\u201c Das ist kurz und b\u00fcndig. Vier W\u00f6rter, das kann man sogar in Zeiten der W\u00f6rterdiarrh\u00f6e behalten.<br \/>\nDurch die Anlehnung an das deutsche Sprichwort \u201eEin Mann, ein Wort\u201c kommt r\u00fcber: Wie ein ehrbarer Kaufmann mit edler Berufsethik f\u00fchlen sich die Gr\u00fcnen an das gesprochene Wort gebunden. Die Gr\u00fcnen sind eine Partei, auf die man sich verlassen kann. Ihr Wort z\u00e4hlt.<\/p>\n<p><em>Die Gr\u00fcnen versprachen den Ausstieg aus der Atomkraft.<\/em><br \/>\n<em>Und sie haben geliefert.<\/em><br \/>\n<em>Die Gr\u00fcnen k\u00fcndigten in Klimaradikalit\u00e4t die Zerst\u00f6rung unserer fossilen Industrie an.<\/em><br \/>\n<em>Und sie haben geliefert.<\/em><br \/>\n<em>Die Gr\u00fcnen predigen die unbegrenzte Aufnahme von Fl\u00fcchtlingen zulasten der Einheimischen.<\/em><br \/>\n<em>Und sie haben geliefert.<\/em><br \/>\n<em>Die Gr\u00fcnen meinen es ernst mit dem \u201eKampf gegen Rechts\u201c.<\/em><br \/>\n<em>Und sie haben geliefert. Allein Habeck und Baerbock haben \u00fcber 1500 B\u00fcrger wegen Beleidigung angezeigt.<\/em><br \/>\n<em>Die Gr\u00fcnen bef\u00fcrworten die totale Ergebenheit in die Genderideologie.<\/em><br \/>\n<em>Und sie haben geliefert.<\/em><br \/>\n.<br \/>\nAllein schon, indem sie das urspr\u00fcngliche \u201eEin Mann, ein Wort\u201c zu \u201eEin Mensch. Ein Wort\u201c gendern, wird die \u00dcberwindung des Patriachats und der Geschlechtlichkeit hin zur universalen Menschlichkeit und Humanit\u00e4t unterstrichen.<br \/>\nAuf die Gr\u00fcnen kann man sich verlassen, wie kaum auf eine andere Partei. Die tun, was sie sagen. Lediglich bei den Waffenlieferungen in Kriegsgebiete sind die Gr\u00fcnen von ihrem urspr\u00fcnglichen Kurs um 180 Grad abgewichen. Doch die Gr\u00fcnen haben es geschafft, diese Wortbr\u00fcchigkeit positiv umzudeuten: \u201eWir sind lernf\u00e4hig. Wir geben sogar Fehler zu. Wir sind halt menschlich. Wir sind halt die Guten. Wir sind jetzt die zuverl\u00e4ssigen Olivgr\u00fcnen im Fleckentarn, die heute alle zur Bundeswehr gehen w\u00fcrden und die den Bundeswehrhaushalt verdoppeln werden. Ein Mensch. Ein Wort.\u201c<br \/>\nEs f\u00e4llt auf, dass es bei dem Slogan der Gr\u00fcnen nicht um die W\u00e4hler geht. Deutschland und die Deutschen kommen nicht vor. Es geht ausschlie\u00dfllch um die Verl\u00e4sslichkeit der Partei. Klar, eine moralinsaure Partei der Weltrettung kann nicht individuelle Freiheiten oder Menschen mit ihren primitiven Bed\u00fcrfnissen nach Wohlstand in den Mittelpunkt stellen.<br \/>\n&#8230; Alles vom 11.1.2025 von Achijah Zorn bitte lesen auf<br \/>\n<a href=\"https:\/\/www.tichyseinblick.de\/kolumnen\/vorwort-zum-sonntag\/ein-mensch-ein-wort-eine-analyse-habeck?amp=1\">https:\/\/www.tichyseinblick.de\/kolumnen\/vorwort-zum-sonntag\/ein-mensch-ein-wort-eine-analyse-habeck?amp=1<\/a><\/p>\n<p>&nbsp;<\/p>\n<p><strong>ARD, ZDF und RTL beweisen ihre Abh\u00e4ngigkeit vom Kanzleramt<\/strong><br \/>\nARD und ZDF sowie RTL greifen aktiv in den Wahlkampf ein. Sie planen mit einem Kanzlerduell zwischen Kanzler Olaf Scholz (SPD) und Unionschef Friedrich Merz. F\u00fcr Alice Weidel (AfD) und Robert Habeck (Gr\u00fcne) planen sie separate Formate. Damit suggerieren die Sender ein Bild, das nicht stimmt: Dass sich Scholz mit Merz auf Augenh\u00f6he befinde, Weidel und Habeck aber nicht. Im Fall der AfD-Chefin ist das Gegenteil richtig: Ihre Partei liegt in allen Umfragen vor Scholz\u2019 SPD.<br \/>\nDie \u00f6ffentlich-rechtlichen Sender verteidigen die f\u00fcr sie unter Strafandrohung erpressten Zwangsgeb\u00fchren gerne damit, dass sie \u201eunsere Demokratie\u201c verteidigten. Dass sie die Nachrichten lieferten, die erst f\u00fcr Transparenz sorgten. Trotzdem schweigen sich ARD und ZDF nun aus, warum sie trotz Umfragen Weidel das TV-Duell verweigern. Zumal sie vor drei Jahren der Gr\u00fcnen Annalena Baerbock aus genau diesem Grund den Zugang zum \u201eTriell\u201c genannten Duell erm\u00f6glicht haben. Die AfD fordert nun, dass sie in der gleichen Situation das gleiche Angebot erh\u00e4lt.<br \/>\nDie Verantwortlichen von ARD und ZDF sehen sich gerne als H\u00fcter der Demokratie und Wahrheit. Doch in Sachen TV-Duell verhalten sie sich wie Komplizen der Macht. Zumal dann, wenn das stimmt, was Table.Media berichtet: n\u00e4mlich, dass Scholz es zur Bedingung gemacht habe, nur gegen Merz anzutreten. Sonst w\u00fcrde er seine Teilnahme an einem Duell verweigern. In dem Fall w\u00e4ren ARD und ZDF sowie RTL Erf\u00fcllungsgehilfen des Kanzleramtes.<br \/>\n&#8230; Alles vom 18.12.2024 bitte lesen auf<br \/>\n<a href=\"https:\/\/www.tichyseinblick.de\/meinungen\/tv-duell-kanzler-scholz-merz-absage-habeck\/\">https:\/\/www.tichyseinblick.de\/meinungen\/tv-duell-kanzler-scholz-merz-absage-habeck\/<\/a><\/p>\n<p>&nbsp;<\/p>\n<p><strong>Tagesschau in einfacher Sprache: AfD einfach weglassen<\/strong><br \/>\nDeshalb gibt es nun auch die \u201eTagesschau in einfacher Sprache\u201c. In diesem Video werden die Parteien und ihr Wahlprogramm ganz einfach vorgestellt. Der Einfachheit halber hat man wohl auf die AfD g\u00e4nzlich verzichtet.<br \/>\n17.12.2024, 17:38 Uhr<br \/>\nThemen der Sendung: Parteien zeigen Pl\u00e4ne f\u00fcr den Wahlkampf, Russischer General get\u00f6tet, Starkes Erdbeben auf Vanuatu, Ein Roboter als Lehrer in der Schule, Das Wetter<br \/>\n<a href=\"https:\/\/www.tagesschau.de\/multimedia\/sendung\/tagesschau_in_einfacher_sprache\/tse-398.htm\">https:\/\/www.tagesschau.de\/multimedia\/sendung\/tagesschau_in_einfacher_sprache\/tse-398.htm<\/a>l<\/p>\n<p>&nbsp;<\/p>\n<p><strong>Parteienforscher warnt vor \u201cemotionalisierter Anti-Rechts-Kampagne\u201d<\/strong><br \/>\n\u201eNicht nur das Wahlergebnis in den USA, sondern schon die Europawahl hat gezeigt, dass das Label der Demokratie-Rettung nicht in dem Ma\u00dfe, wie erhofft, Stimmengewinne generiert\u201c, sagte Jun der \u201eNeuen Osnabr\u00fccker Zeitung\u201c (NOZ). <em><strong>\u201eImmer nur vor der AfD zu warnen, wird nicht ausreichen, um deren potenzielle W\u00e4hlerschaft zu verringern.\u201c<\/strong><\/em><\/p>\n<p>F\u00fcr erfolgversprechender h\u00e4lt der Politikwissenschaftler von der Universit\u00e4t Trier eine inhaltliche Auseinandersetzung mit klaren sachlichen Argumenten und Abgrenzungen zur <a href=\"https:\/\/www.freiburg-schwarzwald.de\/blog\/vereine\/partei\/afd\/afd-opposition\/\">AfD<\/a>. \u201eWir sind in einer schwierigen \u00f6konomischen Situation in Deutschland. Das sp\u00fcren die Menschen, da sind \u00c4ngste mit verbunden. Der Statusverlust, die Angst vor Einkommensverlust, all das spielt eine wichtige Rolle. Da sollten Union, SPD, FDP und Gr\u00fcnen klare L\u00f6sungsvorschl\u00e4ge machen\u201c, sagte Jun.<br \/>\n&#8230; Alles vom 22.11.202 bitte lesen auf<br \/>\n<a href=\"https:\/\/www.achgut.com\/artikel\/parteienforscher_warnt_vor_emotionalisierter_anti_rechts_kampagne\">https:\/\/www.achgut.com\/artikel\/parteienforscher_warnt_vor_emotionalisierter_anti_rechts_kampagne<\/a><\/p>\n","protected":false},"excerpt":{"rendered":"<p>Home\u00a0&gt;Engagement\u00a0&gt;Zukunft\u00a0&gt;Demokratie\u00a0&gt;Neuwahlen &gt;Wahlen-Ex-DDR &gt;Wahlen2025 &nbsp; Listenauswahl eines Beitrags (Artikel\/Datum, Seite\/Inhalt):\u00a0Klicken\u00a0oder scrollen BSW: Anfechtung der Bundestagswahl \u2013 Volkswille gestohlen (17.10.2025) 21. Bundestag konstituiert\u00a0(26.3.2025) Wahlbetrug: Prinzipienlosigkeit von Merz kommt von seiner Arroganz\u00a0(6.3.2025) Bundestag-Wahlergebnisse 23.2.2025 (23.2.2025) Frieden statt Brandmauer\u00a0(11.2.2025) Alice Weidel bei Caren Miosga &hellip; <a href=\"https:\/\/www.freiburg-schwarzwald.de\/blog\/engagement\/zukunft\/demokratie\/wahlen2025\/\">Weiterlesen <span class=\"meta-nav\">&rarr;<\/span><\/a><\/p>\n","protected":false},"author":2,"featured_media":0,"parent":21084,"menu_order":0,"comment_status":"closed","ping_status":"closed","template":"","meta":{"footnotes":""},"class_list":["post-128596","page","type-page","status-publish","hentry"],"_links":{"self":[{"href":"https:\/\/www.freiburg-schwarzwald.de\/blog\/wp-json\/wp\/v2\/pages\/128596","targetHints":{"allow":["GET"]}}],"collection":[{"href":"https:\/\/www.freiburg-schwarzwald.de\/blog\/wp-json\/wp\/v2\/pages"}],"about":[{"href":"https:\/\/www.freiburg-schwarzwald.de\/blog\/wp-json\/wp\/v2\/types\/page"}],"author":[{"embeddable":true,"href":"https:\/\/www.freiburg-schwarzwald.de\/blog\/wp-json\/wp\/v2\/users\/2"}],"replies":[{"embeddable":true,"href":"https:\/\/www.freiburg-schwarzwald.de\/blog\/wp-json\/wp\/v2\/comments?post=128596"}],"version-history":[{"count":6,"href":"https:\/\/www.freiburg-schwarzwald.de\/blog\/wp-json\/wp\/v2\/pages\/128596\/revisions"}],"predecessor-version":[{"id":145216,"href":"https:\/\/www.freiburg-schwarzwald.de\/blog\/wp-json\/wp\/v2\/pages\/128596\/revisions\/145216"}],"up":[{"embeddable":true,"href":"https:\/\/www.freiburg-schwarzwald.de\/blog\/wp-json\/wp\/v2\/pages\/21084"}],"wp:attachment":[{"href":"https:\/\/www.freiburg-schwarzwald.de\/blog\/wp-json\/wp\/v2\/media?parent=128596"}],"curies":[{"name":"wp","href":"https:\/\/api.w.org\/{rel}","templated":true}]}}