{"id":128415,"date":"2024-11-17T16:58:01","date_gmt":"2024-11-17T15:58:01","guid":{"rendered":"https:\/\/www.freiburg-schwarzwald.de\/blog\/?page_id=128415"},"modified":"2026-06-10T07:46:27","modified_gmt":"2026-06-10T05:46:27","slug":"hausdurchsuchung","status":"publish","type":"page","link":"https:\/\/www.freiburg-schwarzwald.de\/blog\/selbsthilfe\/soziales\/justiz\/polizei\/hausdurchsuchung\/","title":{"rendered":"Hausdurchsuchung"},"content":{"rendered":"<p><a href=\"https:\/\/www.freiburg-schwarzwald.de\/blog\">Home<\/a>\u00a0&gt;<a title=\"Selbsthilfe\" href=\"https:\/\/www.freiburg-schwarzwald.de\/blog\/selbsthilfe\/\">Selbsthilfe<\/a>\u00a0&gt;<a title=\"Soziales\" href=\"https:\/\/www.freiburg-schwarzwald.de\/blog\/soziales\/\">Soziales<\/a>\u00a0&gt;<a title=\"Justiz\" href=\"https:\/\/www.freiburg-schwarzwald.de\/blog\/selbsthilfe\/soziales\/justiz\/\">Justiz<\/a> &gt;<a href=\"https:\/\/www.freiburg-schwarzwald.de\/blog\/selbsthilfe\/soziales\/justiz\/polizei\/\">Polizei<\/a> &gt;Hausdurchsuchung<\/p>\n<div id=\"attachment_128406\" style=\"width: 649px\" class=\"wp-caption alignnone\"><a href=\"https:\/\/www.freiburg-schwarzwald.de\/blog\/wp-content\/uploads\/2024\/11\/stmaergen-kandel-pan241110.jpg\"><img loading=\"lazy\" decoding=\"async\" aria-describedby=\"caption-attachment-128406\" class=\"size-full wp-image-128406\" src=\"https:\/\/www.freiburg-schwarzwald.de\/blog\/wp-content\/uploads\/2024\/11\/stmaergen-kandel-pan241110.jpg\" alt=\"\" width=\"639\" height=\"397\" srcset=\"https:\/\/www.freiburg-schwarzwald.de\/blog\/wp-content\/uploads\/2024\/11\/stmaergen-kandel-pan241110.jpg 639w, https:\/\/www.freiburg-schwarzwald.de\/blog\/wp-content\/uploads\/2024\/11\/stmaergen-kandel-pan241110-180x112.jpg 180w\" sizes=\"auto, (max-width: 639px) 100vw, 639px\" \/><\/a><p id=\"caption-attachment-128406\" class=\"wp-caption-text\">Blick nach Norden \u00fcber Schweigh\u00f6fe und St. M\u00e4rgen zum Kandel am 10.11.2024<\/p><\/div>\n<ul>\n<li><em>Listenauswahl eines Beitrags: Bitte <span style=\"text-decoration: underline;\">anklicken<\/span> oder runterscrollen<\/em><\/li>\n<li><a href=\"https:\/\/www.freiburg-schwarzwald.de\/blog\/persoenliche-beleidigungen-nie\/\">Pers\u00f6nliche Beleidigungen: Nie!<\/a>\u00a0(8.6.2026)<\/li>\n<li><a href=\"https:\/\/www.freiburg-schwarzwald.de\/blog\/schwachkopf-affaere-niehoff-tot\/\">Schwachkopf-Aff\u00e4re: Niehoff tot<\/a>\u00a0(1.2.2026)<\/li>\n<li>Ulm schon wieder! Ein schw\u00e4bischer Hotspot des Autoritarismus (19.11.2025)<\/li>\n<li>Hubertus Knabe: Hausdurchsuchungen Grote, Niehoff, Bolz &#8211; Wahlausschluss Paul (7.11.2025)<\/li>\n<li>Wann sind Haus\u00addurch\u00adsu\u00adchungen zul\u00e4ssig? (28.10.2025)<\/li>\n<li><a href=\"https:\/\/www.freiburg-schwarzwald.de\/blog\/hausdurchsuchung-bei-prof-bolz\/\">Hausdurchsuchung bei Prof Bolz<\/a>\u00a0(23.10.2025)<\/li>\n<li><a href=\"https:\/\/www.freiburg-schwarzwald.de\/blog\/kultur\/medien\/beleidigung\/\">OK f\u00fcr Nazischlampe \u2013 Hausdurchsuchung f\u00fcr Schwachkopf<\/a>\u00a0(19.10.2025)<\/li>\n<li><a href=\"https:\/\/www.freiburg-schwarzwald.de\/blog\/zweierlei-hausdurchsuchungen\/\">Zweierlei Hausdurchsuchungen<\/a> (10.9.2025)<\/li>\n<li><a href=\"https:\/\/www.freiburg-schwarzwald.de\/blog\/cbs-der-haessliche-deutsche\/\">CBS \u2013 der h\u00e4ssliche Deutsche<\/a>\u00a0(18.2.2025)<\/li>\n<li><a href=\"https:\/\/www.freiburg-schwarzwald.de\/blog\/kultur\/medien\/kritik\/\">Kritik und Majest\u00e4tsbeleidigung<\/a>\u00a0(7.1.2025)<\/li>\n<li><a href=\"https:\/\/www.freiburg-schwarzwald.de\/blog\/kultur\/medien\/meinungsfreiheit\/volksverhetzung\/\">Ist das schon Volksverhetzung? Der \u00c4rger \u00fcber Robert Habeck kommt eine 74-J\u00e4hrige teuer zu stehen<\/a>\u00a0(5.1.2025)<\/li>\n<li>Hausdurchsuchung bei 15j\u00e4hrigem (20.12.2024)<\/li>\n<li>Hausdurchsuchung \u2013 weil X-User Dorothee B\u00e4r (CSU) als \u201ehirnlosen Krapfen\u201c bezeichnet (10.12.2024)<\/li>\n<li><a href=\"https:\/\/www.freiburg-schwarzwald.de\/blog\/staat-und-die-andersdenkenden\/\">Staat und die Andersdenkenden<\/a>\u00a0(24.11.2024)<\/li>\n<li>Die B\u00fcrger verlieren ihre Rechte und der Staat verliert das Volk (22.11.2024)<\/li>\n<li><a href=\"https:\/\/www.freiburg-schwarzwald.de\/blog\/kultur\/medien\/meinungsfreiheit\/volksverhetzung\/\">Privates Gespr\u00e4ch wird Volksverhetzung<\/a>\u00a0(22.11.2024)<\/li>\n<li>\u201eFalschzitat\u201c \u2013 Razzia wegen Meme \u00fcber Habeck &amp; Co. bei alleinerziehender Mutter (17.11.2024)<\/li>\n<li><a href=\"https:\/\/www.freiburg-schwarzwald.de\/blog\/schwachkopf-hausdurchsuchung\/\">Schwachkopf Hausdurchsuchung<\/a> (17.11.2024)<\/li>\n<li>Schwachkopf: Hausdurchsuchung bei 64-j\u00e4hrigem Rentner (16.11.2024)<\/li>\n<li><\/li>\n<li><a href=\"https:\/\/www.freiburg-schwarzwald.de\/blog\/kultur\/medien\/meinungsfreiheit\/volksverhetzung\/\">Volksverhetzung<\/a><\/li>\n<\/ul>\n<p>\u201eWenn es morgens um sechs Uhr an meiner T\u00fcr l\u00e4utet und ich kann sicher sein, dass es der Milchmann ist, dann wei\u00df ich, dass ich in einer Demokratie lebe.\u201c<br \/>\n(Winston Churchill)<br \/>\n============================================================<\/p>\n<p><strong>Ulm schon wieder! Ein schw\u00e4bischer Hotspot des Autoritarismus<\/strong><br \/>\n&#8230; Und nun ist Ulm auch noch die Stadt, deren Staatsanwaltschaft daf\u00fcr gesorgt hat, dass ein B\u00fcrger, der einen kaum beachteten, geschmacklosen X-Post abgesetzt hat, in dem er Staatsbedienstete als Parasiten bezeichnete, morgens um sechs in seiner Wohnung von der Polizei aufgesucht wurde. Es ist die Stadt, deren Polizeipr\u00e4sidium daf\u00fcr verantwortlich ist, dass er nach der Hausdurchsuchung und Handy-Beschlagnahmung \u2013 nach Angaben des Betroffenen \u2013 mit auf die Wache genommen wurde, um erkennungsdienstlich behandelt und sogar nach \u201eBlut f\u00fcr Ihre DNA\u201c gefragt wurde.<br \/>\nObwohl es sich offenbar um einen noch krasseren Fall von staatsanwaltschaftlichem Machtmissbrauch zur Einsch\u00fcchterung der Bev\u00f6lkerung handelt, als den des ber\u00fchmt gewordenen Rentners Niehoff mit seinem Schwachkopf-Meme, haben bisher als Medien mit Reichweite \u2013 soweit ich finden kann \u2013 nur Apollo News, die Welt\u00a0 <a href=\"https:\/\/www.welt.de\/politik\/deutschland\/plus691af0fd5be12c0b0e0c2a2b\/meinungsfreiheit-fingerabdruecke-verbrecherfotos-und-angedrohte-blutentnahme-wegen-eines-x-beitrags.html#selection-2979.501-2979.550\">https:\/\/www.welt.de\/politik\/deutschland\/plus691af0fd5be12c0b0e0c2a2b\/meinungsfreiheit-fingerabdruecke-verbrecherfotos-und-angedrohte-blutentnahme-wegen-eines-x-beitrags.html#selection-2979.501-2979.550<\/a> und der Blog tkp.at<br \/>\n<a href=\"https:\/\/tkp.at\/2025\/11\/14\/deutschland-wieder-hausdurchsuchung-wegen-kritischen-polit-postings\/\">https:\/\/tkp.at\/2025\/11\/14\/deutschland-wieder-hausdurchsuchung-wegen-kritischen-polit-postings\/<\/a>dar\u00fcber berichtet. Linke und sogenannte liberale Medien breiten gn\u00e4dig den Mantel des Schweigens \u00fcber den mutma\u00dflichen Justizskandal.<br \/>\nLaut Apollo News <a href=\"https:\/\/apollo-news.net\/ueberlegen-sie-sich-was-sie-in-zukunft-posten-mann-erlebt-durchsuchung-und-radikale-polizeimassnahmen-nach-x-post\/\">https:\/\/apollo-news.net\/ueberlegen-sie-sich-was-sie-in-zukunft-posten-mann-erlebt-durchsuchung-und-radikale-polizeimassnahmen-nach-x-post\/<\/a><br \/>\nlautete der X-Post des Nutzers Sigartis bzw. @Wnschmstr, dessentwegen die Hausdurchsuchung und erkennungsdienstliche Behandlung stattfanden: \u201eNein, jeder Mensch der vom Staat finanziert wird zahlt Netto keine Steuern, er lebt von Steuern. Jeder Beamte, jeder Politiker, jeder Angestellte in einem Staatsunternehmen, jeder der vom Staat subventioniert und finanziert wird. Kein einziger Parasit zahlt Netto irgendwelche Steuern.\u201c<br \/>\nEine reaktion\u00e4r-libert\u00e4re Gesinnung ist nicht strafbar. Der Autor spricht mit dem Post keinen einzelnen Menschen an. \u00c4hnlich wie der Ausspruch \u201eAlle Soldaten sind M\u00f6rder\u201c, den das Bundesverfassungsgericht als von der Meinungsfreiheit gesch\u00fctzt beurteilt hat, handelt es sich um eine polemische Auseinandersetzung mit dem Wirken einer gr\u00f6\u00dferen, nicht besonders gesch\u00fctzten Bev\u00f6lkerungsgruppe.<br \/>\n&#8230;. Alles vom 19.11.2025 bitte lesen auf<br \/>\n<a href=\"https:\/\/norberthaering.de\/propaganda-zensur\/ulm-parasiten-hausdurchsuchung\/\">https:\/\/norberthaering.de\/propaganda-zensur\/ulm-parasiten-hausdurchsuchung\/<\/a><\/p>\n<p>&nbsp;<\/p>\n<p>&nbsp;<\/p>\n<p><strong>Hubertus Knabe: Hausdurchsuchungen Grote, Niehoff, Bolz &#8211; Wahlausschluss Paul<\/strong><br \/>\n<strong>Die Renaissance des \u00dcberwachungsstaates<\/strong><br \/>\nDer deutsche Inlandsgeheimdienst hat sich zum Aufseher \u00fcber die politischen Meinungen der B\u00fcrger entwickelt. \u00c4u\u00dferungen in sozialen Medien werden gro\u00dffl\u00e4chig \u00fcberwacht. Ausgerechnet der Verfassungsschutz verst\u00f6\u00dft damit gegen das Grundgesetz.<br \/>\n&#8230;<br \/>\nSo erwirkte die Staatsanwaltschaft Hamburg 2021 einen Durchsuchungsbeschluss, weil ein Mann Innensenator Andy Grote (SPD) bei Twitter \u201eso 1 Pimmel\u201c genannt hatte; erst \u00fcber ein Jahr sp\u00e4ter erkl\u00e4rte das Landgericht Hamburg die Durchsuchung f\u00fcr rechtswidrig. Auch die Kollegen im bayerischen Bamberg lie\u00dfen im November 2024 das Haus eines 64-j\u00e4hrigen Rentners durchsuchen, diesmal, weil er sich angeblich der Volksverhetzung schuldig gemacht hatte. Grund war ein bei \u201eX\u201c ver\u00f6ffentlichtes Meme \u00fcber Bundeswirtschaftsminister Robert Habeck, das diesen im Stil der Schwarzkopf-Werbung mit dem Schriftzug Schwachkopf PROFESSIONAL\u201c <a href=\"https:\/\/www.nius.de\/politik\/news\/hausdurchsuchung-wegen-retweet\/180517b3-9bb1-4dc0-9139-ce76f49b760c\">https:\/\/www.nius.de\/politik\/news\/hausdurchsuchung-wegen-retweet\/180517b3-9bb1-4dc0-9139-ce76f49b760c<\/a> zeigte.<br \/>\nAuch an der Wohnungst\u00fcr des Publizisten Norbert Bolz klingelten unl\u00e4ngst Berliner Polizisten, weil er 2024 in einem Tweet ironisch den SS-Spruch \u201eDeutschland erwache!\u201c verwendet hatte. Eine Meldestelle \u201eHessen gegen Hetze\u201c hatte dar\u00fcber das Bundeskriminalamt informiert, die wiederum die Staatsanwaltschaft Berlin in Marsch setzte. Diese leitete daraufhin ein Ermittlungsverfahren ein, und ein Richter Lars Franke vom Amtsgericht Tiergarten genehmigte die Durchsuchung.<br \/>\nDass das BfV wegen einer der f\u00fcr verfassungswidrig erkl\u00e4rten \u00c4u\u00dferungen Strafanzeige erstattet h\u00e4tte, ist noch nicht vorgekommen. Das Amt ist auch nicht dazu verpflichtet, und angesichts der gro\u00dfen Anzahl von F\u00e4llen w\u00e4re die Justiz rasch \u00fcberfordert. Doch auch ohne Einleitung eines Strafverfahrens kann die \u00dcberwachung durch den Verfassungsschutz einschneidende Folgen haben. Wurden bei Maa\u00dfen \u201enur\u201c sein Ruf gesch\u00e4digt und seine Parteigr\u00fcndung torpediert, durfte der AfD-Landtagsabgeordnete Joachim Paul bei den Kommunalwahlen in Rheinland-Pfalz erst gar nicht antreten.<br \/>\nDie AfD hatte Paul als Kandidaten f\u00fcr die Oberb\u00fcrgermeisterwahlen in Ludwigshafen nominiert. Amtsinhaberin Jutta Steinruck (bis 2023 SPD), die zugleich Vorsitzende der Wahlkommission war, hatte sich daraufhin an das SPD-gef\u00fchrte Innenministerium gewandt und um eine Einsch\u00e4tzung der Verfassungstreue des AfD-Bewerbers gebeten. Der Abteilungsleiter Verfassungsschutz hatte daraufhin \u201edie aus Sicht des Verfassungsschutzes relevanten offenen und gerichtsverwertbaren Erkenntnisse\u201c \u00fcbermittelt. Das elfseitige Dossier <a href=\"https:\/\/api.nius.de\/api\/assets\/office-hr\/6f06ac06-ca58-4598-8b5c-579685ebcde4\/20250729-wahl-ludwigshafen-geschw.pdf\">https:\/\/api.nius.de\/api\/assets\/office-hr\/6f06ac06-ca58-4598-8b5c-579685ebcde4\/20250729-wahl-ludwigshafen-geschw.pdf<\/a>\u00a0ist ebenso trivial wie erschreckend. \u201eAm 18. und 19. Oktober 2024 lud Joachim Paul zu einem B\u00fccherbasar im \u201aQuartier Kirschstein\u2018 ein\u201c, berichtete der Beamte zum Beispiel der Oberb\u00fcrgermeisterin. \u201eDort stellte unter anderem das Chemnitzer \u201aAntiquariat Zeitenstrom\u2018 diverse rechte Literatur aus.\u201c Der AfD-Abgeordnete habe au\u00dferdem die Landesregierung kritisiert, \u201eda sie sich seiner Meinung nach nicht bem\u00fcht habe, sich in Bezug auf die Neuverfilmung der Nibelungensage mit Rheinland-Pfalz als Drehort in Szene zu setzen.\u201c Auch einen Text Pauls \u00fcber das Buch \u201eDer Herr der Ringe\u201c, in dem dieser die konservative Geisteshaltung des Autors hervorhob, f\u00fchrte der Chef des rheinland-pf\u00e4lzischen Verfassungsschutzes ins Feld.<br \/>\nDie Wahlkommission beschloss daraufhin, Paul als Kandidaten nicht zuzulassen. Weil es sich nicht um einen \u201eoffenkundigen Willk\u00fcrakt\u201c handele, lehnte es das Oberverwaltungsgericht ab, die Entscheidung vor den Wahlen aufzuheben. Erstmals wurde damit einem Oppositionspolitiker aufgrund eines Geheimdienstdossiers das passive Wahlrecht aberkannt. In der Folge blieben \u00fcber 70 Prozent der Wahlberechtigten der Wahl fern und mehr als neun Prozent der verbliebenen W\u00e4hler machten ihren Wahlzettel ung\u00fcltig.<br \/>\n&#8230; Alles vom 7.11.2025 von Hubertus Knabe bitte lesen auf<br \/>\n<a href=\"https:\/\/www.achgut.com\/artikel\/die_renaissance_des_ueberwachungsstaates\">https:\/\/www.achgut.com\/artikel\/die_renaissance_des_ueberwachungsstaates<\/a><br \/>\n.<br \/>\n<em>Hubertus Knabe, geb. 1959, ist ein deutscher Historiker. Er war Direktor der Stiftung Gedenkst\u00e4tte Berlin-Hohensch\u00f6nhausen ab ihrer Gr\u00fcndung im Jahr 2000 bis zum September 2018. Knabes Ver\u00f6ffentlichungen widmen sich der Westarbeit der DDR-Staatssicherheit, den Oppositionsbewegungen im Ostblock, der ostdeutschen Nachkriegsgeschichte sowie der Aufarbeitung der SED-Diktatur.<\/em><br \/>\n<em>Weiterf\u00fchrende Links: <a href=\"https:\/\/www.hubertus-knabe.de\">https:\/\/www.hubertus-knabe.de<\/a><\/em><\/p>\n<p>&nbsp;<\/p>\n<p><strong>Wann sind Haus\u00addurch\u00adsu\u00adchungen zul\u00e4ssig?<\/strong><br \/>\nSowohl beim Habeck-Meme als auch bei Bolz ordnete der Ermittlungsrichter eine Hausdurchsuchung an. Ist das bei \u00c4u\u00dferungsdelikten verh\u00e4ltnism\u00e4\u00dfig? Was erhoffen sich Ermittler davon? Und macht eine Abwendungsbefugnis einen Unterschied?<br \/>\n&#8230; Alles vom 28.10.2025 von Dr. Max Kolter bitte lesen uf<br \/>\n<a href=\"https:\/\/www.lto.de\/recht\/hintergruende\/h\/bolz-habeck-schwachkopf-durchsuchung-hausdurchsuchung-verhaeltnissmaessigkeit\">https:\/\/www.lto.de\/recht\/hintergruende\/h\/bolz-habeck-schwachkopf-durchsuchung-hausdurchsuchung-verhaeltnissmaessigkeit<\/a><\/p>\n<p>&nbsp;<\/p>\n<p><strong>Hausdurchsuchung bei 15j\u00e4hrigem<\/strong><br \/>\n<strong>Erst Tik-Tok, dann Tat\u00fc-Tata<\/strong><br \/>\nSoziales Netzwerk: Wegen einer inkriminierten Parole durchsucht die<br \/>\nPolizei das Zimmer eines 15j\u00e4hrigen<br \/>\nVincent Steinkohl<\/p>\n<p>In aller Herrgottsfr\u00fche klingelt es bei einer Familie in Bayern am 6. Dezember an der T\u00fcr. Doch es ist nicht der heilige Nikolaus, und die Bewohner bekommen auch keine Leckereien \u00fcberreicht \u2013 die zwei unangemeldeten G\u00e4ste sind Beamte der Kriminalpolizei. Hausdurchsuchung. Der Beschuldigte ist einer der S\u00f6hne, 15 Jahre alt. Hat er jemanden umgebracht? Ausgeraubt? Mit Drogen gehandelt? Nicht ganz. Julian L. (Name ge\u00e4ndert) soll verbotene Dinge im Internet geschrieben haben.<\/p>\n<p>Der Beschlu\u00df der M\u00fcnchner Staatsanwaltschaft, der der JUNGEN FREIHEIT vorliegt, schildert die Vorw\u00fcrfe gegen L. Er habe vor mehr als einem Jahr, im November 2023, als damals 14j\u00e4hriger auf seinem Kanal \u201edeutscher.patriot1161\u201c beim chinesischen Netzwerk TikTok zweimal den \u201eHashtag\u201c (eine Art Schlagwort) \u201eAllesf\u00fcrDeutschland\u201c genutzt.<\/p>\n<p>Die Justiz sieht hier einen Verdacht f\u00fcr die Verwendung von Kennzeichen verfassungswidriger Organisationen. Die Losung der nationalsozialistischen \u201eSturm-Abteilung\u201c (SA) zu verbreiten ist strafbar nach Paragraph 86a des Strafgesetzbuchs, Erwachsene k\u00f6nnen daf\u00fcr bis zu drei Jahre Freiheitsstrafe kassieren. Zuletzt wurde der Th\u00fcringer AfD-Chef Bj\u00f6rn H\u00f6cke wegen Nutzung der Parole in zwei Prozessen zu Geldstrafen verurteilt.<\/p>\n<p>Weiter hei\u00dft es in dem Schreiben: \u201eDer Beschuldigte verf\u00fcgte zu den jeweiligen Tatzeitpunkten \u00fcber die erforderliche Reife, das Unrecht seiner Tat einzusehen und nach dieser Einsicht zu handeln.\u201c Die angeordnete Hausdurchsuchung stehe \u201ein angemessenem Verh\u00e4ltnis zur Schwere der Tat\u201c.<\/p>\n<p>Der Betroffene hat daran Zweifel. Die Polizisten h\u00e4tten nicht nur ihn, sondern auch seinen im Durchsuchungsbeschlu\u00df \u00fcberhaupt nicht erw\u00e4hnten 16j\u00e4hrigen Bruder befragt. L. betont, weder er noch sein Bruder h\u00e4tten in der Vergangenheit Konflikte mit dem Gesetz gehabt, der \u00e4ltere der beiden ist seit Oktober dieses Jahres CSU-Mitglied.<\/p>\n<p>Auch seinen provokant anmutenden TikTok-Namen \u201edeutscher.patriot1161\u201c erkl\u00e4rt L. Die Zahlenfolge steht f\u00fcr den Code \u201eAAFA\u201c, also \u201eAnti-Antifa\u201c. Damit sei keine generelle Ablehnung von sogenannten Antifaschisten gemeint, \u201esondern eine Kritik an den Methoden, die von einigen sogenannten \u2018Antifas\u2019 angewandt werden, die ich als faschistisch empfinde\u201c, sagt L. der jungen freiheit.<\/p>\n<p>Die Beamten seien nach erfolgloser Sichtung seines Telefons zum Schlu\u00df gekommen, nicht der Beschuldigte L., sondern sein Bruder sei der Betreiber des Tik-Tok-Kanals. \u201eDie Polizisten haben unter anderem Fotos von Daten wie Telefonnummern, E-Mail-Adressen, aber auch von meinem Zimmer oder von B\u00fcchern, die mein Bruder und ich besitzen, gemacht. Dar\u00fcber hinaus wurde das Handy meines Bruders bis auf weiteres beschlagnahmt\u201c, erz\u00e4hlt L. der JF.<\/p>\n<p>Das Telefon bleibt als Tatwerkzeug beschlagnahmt<\/p>\n<p>Die beiden Polizisten seien \u201eneutral\u201c und \u201enicht besonders aggressiv\u201c gewesen, beschreibt der Jugendliche, der zum Tatzeitpunkt 14 Jahre alt war, die Situation. Auf seine Behauptung, er habe nicht gewu\u00dft, da\u00df die Parole \u201eAlles f\u00fcr Deutschland\u201c verboten sei, soll ein Beamter gesagt haben: \u201eBevor man sowas postet, googelt man das.\u201c<\/p>\n<p>Ist angesichts des Alters des Beschuldigten die Verh\u00e4ltnism\u00e4\u00dfigkeit gewahrt worden? Ist es wirklich sinnvoll, Minderj\u00e4hrige wegen so etwas vor Gericht zu zerren? Und wieso beschlagnahmt die Polizei das Handy von jemandem, gegen den gar nicht ermittelt wird? Letzteres begr\u00fcndet die Staatsanwaltschaft M\u00fcnchen gegen\u00fcber der jungen freiheit mit \u201eGefahr im Verzug\u201c. Dies sei auf m\u00fcndliche Anordnung des Amtsgerichts erfolgt. Zu weiteren Details will die Beh\u00f6rde keine Auskunft geben, \u201einsbesondere auch wegen des jugendlichen Alters des Beschuldigten\u201c.<\/p>\n<p>Wie geht es jetzt weiter? Der Vater versucht inzwischen, das Telefon des \u00e4lteren Bruders zur\u00fcckzubekommen, da dieser es dringend f\u00fcr seine Arbeit brauche. Die Beh\u00f6rden sollen entgegnet haben, da\u00df das prinzipiell nicht vorgesehen sei, weil es sich bei dem Telefon um ein \u201eTatwerkzeug\u201c handele. Auch sollen die Beamten damit gedroht haben, der Familie die \u201eDienstleistung des Entschl\u00fcsselns\u201c in Rechnung zu stellen, sollte der 16j\u00e4hrige Bruder seinen Entsperr-Code nicht freiwillig bereitstellen. Die Familie erw\u00e4gt inzwischen rechtliche Schritte.<br \/>\n&#8230; Alles vom 20.12.2024 bitte lesen in der JF 52\/24, Seite 8<br \/>\n<a href=\"https:\/\/www.junge-freiheit.de\">https:\/\/www.junge-freiheit.de<\/a><\/p>\n<p>.<\/p>\n<p><strong>Hausdurchsuchung \u2013 weil X-User Dorothee B\u00e4r (CSU) als \u201ehirnlosen Krapfen\u201c bezeichnet<\/strong><br \/>\n&#8230; Beleidigungen, so hatte Dorothee B\u00e4r noch vor kurzem behauptet, zeige sie nicht an. Die CSU-Politikerin erkl\u00e4rte bei \u201eHart aber fair\u201c, dass dies nur bei \u201ehochdramatischen\u201c Kommentaren und Morddrohungen geschehe, was auch f\u00fcr jeden nachvollziehbar ist.<br \/>\nOffenbar ist diese Definition aber ziemlich dehnbar. Denn B\u00e4r hat Strafanzeige gegen einen Mann gestellt, der auf X einen abf\u00e4lligen Post einstellte. Der Inhalt, der gem\u00e4\u00df B\u00e4rscher Definition zwischen \u201ehochdramatisch\u201c und \u201eMorddrohung\u201c pendelte, lautete: \u201eWie kann so ein hirnloser Krapfen nur stellvertretende Vorsitzende von irgendwas sein?\u201c<br \/>\nDen Fall ans Licht gebracht hat der Strafrechtler Konstantin Grubwinkler aus dem bayerischen Freilassing, das Portal NIUS berichtete. Grubwinkler vertritt den X-User als Anwalt. Wie im ber\u00fcchtigten Fall Stefan Niehoff (\u201eSchwachkopf-Aff\u00e4re\u201c) gab es auch hier eine Hausdurchsuchung.<br \/>\n&#8230; Alles vom 10.12.2024 bitte lesen auf<br \/>\n<a href=\"https:\/\/www.tichyseinblick.de\/daili-es-sentials\/dorothee-baer-x-nutzer-hausdurchsuchung\/#google_vignette\">https:\/\/www.tichyseinblick.de\/daili-es-sentials\/dorothee-baer-x-nutzer-hausdurchsuchung\/#google_vignette<\/a><\/p>\n<p>&nbsp;<\/p>\n<p><strong>Die B\u00fcrger verlieren ihre Rechte und der Staat verliert das Volk<\/strong><br \/>\n<strong>Krise der Justiz<\/strong><br \/>\nDie \u00dcbergriffe der Polizei und vor allem der Justiz gegen die Meinungsfreiheit h\u00e4ufen sich dramatisch. Der freiheitlichen demokratischen Grundordnung FDGO ist das \u201eF\u201c gestrichen worden. Die Staatsorgane k\u00fcndigen den Vertrag mit den B\u00fcrgern.<br \/>\n&#8230;<br \/>\nWenn es heute bei uns morgens um sechs an der T\u00fcr l\u00e4utet, dann ist es nicht der Milchmann und erst recht nicht die Post. Vielmehr ist dann die Wahrscheinlichkeit gro\u00df, dass ein Politiker wegen einer ihm unliebsamen Meinungs\u00e4u\u00dferung mithilfe eines willigen Richters die Polizei zu einer Hausdurchsuchung losgeschickt hat. Dazu sollten wir kurz zwei Begrifflichkeiten kl\u00e4ren:<br \/>\n&#8211; Wenn nur wegen Regierungskritik die Polizei kommt, dann kann man von einem Polizeistaat sprechen.<br \/>\n&#8211; Wenn Richter nur wegen Kritik an der Regierung (also wegen reiner Meinungs\u00e4u\u00dferungen) bereit sind, eines der zentralen Grundrechte unserer Verfassung au\u00dfer Kraft zu setzen \u2013 die Unverletzlichkeit der Wohnung \u2013 dann kann man von einer Politischen Justiz sprechen.<br \/>\nWie konnte es so weit kommen?<br \/>\n&#8230;<br \/>\nDeutsche Juristen haben in der deutschen Geschichte so gut wie nie eine r\u00fchmliche Rolle gespielt. Der gro\u00dfe Historiker Golo Mann bemerkte einst, dass die Richterschaft im Dritten Reich ganz \u00fcberwiegend aus \u201ebiederen Juristen aus der Kaiserzeit\u201c bestand. Der ehemalige Pr\u00e4sident des Bundesgerichtshofs, G\u00fcnter Hirsch, schrieb \u00fcber sie:<br \/>\n\u201eDie Mehrheit der Richter beugte nicht das Recht. Aber viele beugten sich einem formellen Recht, auch wenn es materiell Unrecht war. Die Gef\u00e4hrlichkeit des Unrechtsstaates liegt ja nicht so sehr darin, dass er Richter frontal veranlasst, das Recht zu brechen \u2013 sondern darin, dass er Unrecht in Gesetzesform gie\u00dft und darauf setzt, dass Richter nicht mehr nach dem Recht fragen, wenn sie ein Gesetz zur Hand haben.\u201c Das klingt verst\u00f6rend aktuell.<br \/>\nWenn immer mehr Richter heute aus der freiheitlichen demokratischen Grundordnung FDGO das \u201eF\u201c wegurteilen, dann zerst\u00f6ren sie damit das Band zwischen dem Rechtsstaat und dem B\u00fcrger.<br \/>\nDoch ein Land, in dem die B\u00fcrger das Zutrauen in den Rechtsstaat verloren haben, ist ein dunkler Ort \u2013 und ganz sicher kein friedlicher: weil die Menschen ihr Recht dann in die eigenen H\u00e4nde nehmen.<br \/>\nWenn Bayern M\u00fcnchen gegen Hertha BSC spielt, wird Bayern gewinnen. Wenn unsere Justiz so weitermacht wie gerade jetzt, werden sich die B\u00fcrger von ihr abwenden. Beides m\u00f6chte ich ausdr\u00fccklich nicht. Aber es wird trotzdem passieren.<br \/>\nF\u00fcr die Mitleser beim Verfassungsschutz und bei den Staatsanwaltschaften: Das ist kein Wunsch, sondern eine Erwartung.<\/p>\n<p>&#8230; Alles vom 22.11.2024 von Alexander Heiden bitte lesen auf<br \/>\n<a href=\"https:\/\/www.tichyseinblick.de\/meinungen\/rechtsstaat-demokratie-freiheit-buerger\/\">https:\/\/www.tichyseinblick.de\/meinungen\/rechtsstaat-demokratie-freiheit-buerger\/<\/a><\/p>\n<p>&nbsp;<\/p>\n<p>&nbsp;<\/p>\n<p><strong>\u201eFalschzitat\u201c \u2013 Razzia wegen Meme \u00fcber Habeck &amp; Co. bei alleinerziehender Mutter<\/strong><br \/>\nNichtmal ein Schimpfwort: Nur weil eine Frau ein Meme mit Zitaten von Habeck &amp; Co. teilte, die teils sehr \u00e4hnlich, aber nicht exakt so gefallen waren, durchsuchte die Polizei ihre Wohnung und beschlagnahmte u.a. den Laptop ihres Sohnes. Apollo News liegen die Dokumente vor.<br \/>\n&#8230; Alles vom 17.11.2024 bitte lesen auf<br \/>\n<a href=\"https:\/\/apollo-news.net\/falschzitat-razzia-wegen-meme-ueber-habeck-co-bei-alleinerziehender-mutter\/\">https:\/\/apollo-news.net\/falschzitat-razzia-wegen-meme-ueber-habeck-co-bei-alleinerziehender-mutter\/<\/a><\/p>\n<p>&nbsp;<\/p>\n","protected":false},"excerpt":{"rendered":"<p>Home\u00a0&gt;Selbsthilfe\u00a0&gt;Soziales\u00a0&gt;Justiz &gt;Polizei &gt;Hausdurchsuchung Listenauswahl eines Beitrags: Bitte anklicken oder runterscrollen Pers\u00f6nliche Beleidigungen: Nie!\u00a0(8.6.2026) Schwachkopf-Aff\u00e4re: Niehoff tot\u00a0(1.2.2026) Ulm schon wieder! Ein schw\u00e4bischer Hotspot des Autoritarismus (19.11.2025) Hubertus Knabe: Hausdurchsuchungen Grote, Niehoff, Bolz &#8211; Wahlausschluss Paul (7.11.2025) Wann sind Haus\u00addurch\u00adsu\u00adchungen zul\u00e4ssig? (28.10.2025) &hellip; <a href=\"https:\/\/www.freiburg-schwarzwald.de\/blog\/selbsthilfe\/soziales\/justiz\/polizei\/hausdurchsuchung\/\">Weiterlesen <span class=\"meta-nav\">&rarr;<\/span><\/a><\/p>\n","protected":false},"author":2,"featured_media":0,"parent":12203,"menu_order":0,"comment_status":"closed","ping_status":"closed","template":"","meta":{"footnotes":""},"class_list":["post-128415","page","type-page","status-publish","hentry"],"_links":{"self":[{"href":"https:\/\/www.freiburg-schwarzwald.de\/blog\/wp-json\/wp\/v2\/pages\/128415","targetHints":{"allow":["GET"]}}],"collection":[{"href":"https:\/\/www.freiburg-schwarzwald.de\/blog\/wp-json\/wp\/v2\/pages"}],"about":[{"href":"https:\/\/www.freiburg-schwarzwald.de\/blog\/wp-json\/wp\/v2\/types\/page"}],"author":[{"embeddable":true,"href":"https:\/\/www.freiburg-schwarzwald.de\/blog\/wp-json\/wp\/v2\/users\/2"}],"replies":[{"embeddable":true,"href":"https:\/\/www.freiburg-schwarzwald.de\/blog\/wp-json\/wp\/v2\/comments?post=128415"}],"version-history":[{"count":5,"href":"https:\/\/www.freiburg-schwarzwald.de\/blog\/wp-json\/wp\/v2\/pages\/128415\/revisions"}],"predecessor-version":[{"id":150231,"href":"https:\/\/www.freiburg-schwarzwald.de\/blog\/wp-json\/wp\/v2\/pages\/128415\/revisions\/150231"}],"up":[{"embeddable":true,"href":"https:\/\/www.freiburg-schwarzwald.de\/blog\/wp-json\/wp\/v2\/pages\/12203"}],"wp:attachment":[{"href":"https:\/\/www.freiburg-schwarzwald.de\/blog\/wp-json\/wp\/v2\/media?parent=128415"}],"curies":[{"name":"wp","href":"https:\/\/api.w.org\/{rel}","templated":true}]}}