{"id":128302,"date":"2024-11-14T15:29:37","date_gmt":"2024-11-14T14:29:37","guid":{"rendered":"https:\/\/www.freiburg-schwarzwald.de\/blog\/?page_id=128302"},"modified":"2024-11-16T18:21:09","modified_gmt":"2024-11-16T17:21:09","slug":"amsterdam","status":"publish","type":"page","link":"https:\/\/www.freiburg-schwarzwald.de\/blog\/global\/niederlande\/amsterdam\/","title":{"rendered":"Amsterdam"},"content":{"rendered":"<p><a href=\"https:\/\/www.freiburg-schwarzwald.de\/blog\">Home<\/a>\u00a0&gt;<a title=\"Global\" href=\"https:\/\/www.freiburg-schwarzwald.de\/blog\/global\/\">Global<\/a>\u00a0&gt;<a title=\"EU\" href=\"https:\/\/www.freiburg-schwarzwald.de\/blog\/global\/eu\/\">EU<\/a>\u00a0&gt;<a title=\"EU-Migration\" href=\"https:\/\/www.freiburg-schwarzwald.de\/blog\/global\/eu\/eu-migration\/\">EU-Migration<\/a> &gt;<a href=\"https:\/\/www.freiburg-schwarzwald.de\/blog\/religion\/islam\/islamismus\/\">Islamismus<\/a>\u00a0 &gt;<a href=\"https:\/\/www.freiburg-schwarzwald.de\/blog\/global\/niederlande\/\">Niederlande<\/a> &gt;Amsterdam<\/p>\n<div id=\"attachment_40790\" style=\"width: 646px\" class=\"wp-caption alignnone\"><a href=\"https:\/\/www.freiburg-schwarzwald.de\/blog\/wp-content\/uploads\/2013\/11\/totesmeer-pan131026.jpg\"><img loading=\"lazy\" decoding=\"async\" aria-describedby=\"caption-attachment-40790\" class=\"size-full wp-image-40790\" src=\"https:\/\/www.freiburg-schwarzwald.de\/blog\/wp-content\/uploads\/2013\/11\/totesmeer-pan131026.jpg\" alt=\"\" width=\"636\" height=\"228\" srcset=\"https:\/\/www.freiburg-schwarzwald.de\/blog\/wp-content\/uploads\/2013\/11\/totesmeer-pan131026.jpg 636w, https:\/\/www.freiburg-schwarzwald.de\/blog\/wp-content\/uploads\/2013\/11\/totesmeer-pan131026-180x64.jpg 180w\" sizes=\"auto, (max-width: 636px) 100vw, 636px\" \/><\/a><p id=\"caption-attachment-40790\" class=\"wp-caption-text\">An Toten Meer irgendwo zwischen Jerusalem und En Gedi am 28.10.2013<\/p><\/div>\n<ul>\n<li><a href=\"https:\/\/www.freiburg-schwarzwald.de\/blog\/israel-from-the-river-to-the-sea\/\">Israel: From the river to the sea<\/a>\u00a0(16.11.2024)<\/li>\n<li>Amsterdam: Der Selbstbetrug junger Muslime (14.11.2024)<\/li>\n<li>Antisemitisches Pogrom in NL (8.11.2024)<\/li>\n<\/ul>\n<p>Die Niederlanden hat ca 17 Million Einwohner, davon ca eine Million Muslime und 40.000 Juden.<br \/>\nIn Amsterdam leben ca 20.000 Juden.<br \/>\n========================================================<\/p>\n<p><strong>Amsterdam: Der Selbstbetrug junger Muslime<\/strong><br \/>\nDer Hass muslimischer Jugendlicher auf Israel und den Westen speist sich sowohl aus dem Koran als auch aus einem Minderwertigkeitskomplex, der \u201eRespekt\u201c mit Gewalt einfordert.<br \/>\nZweiundzwanzig Staaten sind Mitglieder der Arabischen Liga, von denen kein einziges auch nur ansatzweise Rechte und Pflichten hat, die mit denen der Niederlande vergleichbar sind. Es sind alles autorit\u00e4r gef\u00fchrte Gesellschaften, von leicht bis stark diktatorisch, ohne Pressefreiheit, ohne die M\u00f6glichkeit, mit Wahlen friedlich die Regierung auszutauschen. Israel kennt Pressefreiheit, ist eine gefestigte Demokratie und hatte bis jetzt noch immer friedliche Machtwechsel durch Wahlen. Israel ist in Sachen Wohlstand, soziale und kulturelle Freiheiten vergleichbar mit einem nordeurop\u00e4ischen Land.<\/p>\n<p>Keine arabische Demokratie&#8216;<br \/>\nWarum haben die Araber keine Demokratien wie Israel entwickelt? K\u00f6nnte es an den arabischen Kulturen liegen? Doch wenn wir uns die Organisation f\u00fcr Islamische Zusammenarbeit (OIZ) ansehen, \u00e4ndert sich das Bild kaum: Alle L\u00e4nder mit einem gro\u00dfen muslimischen Bev\u00f6lkerungsanteil sind der OIZ angeschlossen, darunter Russland, Iran, Afghanistan, Indonesien und sogar Surinam. Bei der OIZ sehen wir auch keine Gesellschaften, die in ihren individuellen Freiheiten und demokratischen Prozessen denen des Westens \u00e4hneln \u2013 ja, ich nehme westliche Normen und Werte als Ma\u00dfstab, da es keine anderen gibt, die die staatliche Macht optimal regulieren und begrenzen. Es gibt auch L\u00e4nder, die der OIZ mit mehr oder weniger demokratischen Prozessen beigetreten sind, wie zum Beispiel die T\u00fcrkei, aber auch diese leiden unter Repression und gravierenden Einschr\u00e4nkungen der Meinungsfreiheit.<\/p>\n<p>Zusammen umfasst die OIZ fast zwei Milliarden Menschen; die Araber bilden dort eine Minderheit. Das Fehlen der Freiheiten, die im Westen als normal gelten, ist also kein ausschlie\u00dflich arabisches Manko. Dieser Mangel tritt in der gesamten OIZ bzw. der gesamten islamischen Welt auf. Warum wollen all diese Muslime so viel staatliche Repression?<\/p>\n<p>Muslimischer Minderwertigkeitskomplex<br \/>\nDie Schlussfolgerung liegt auf der Hand, verursacht aber in einer modernen liberalen Gesellschaft \u00c4rger. Es ist im Westen unm\u00f6glich, zwischen Religionen zu unterscheiden, deshalb halten unsere F\u00fchrer weiterhin an der Idee fest, dass es mehr Diskussionen geben und man zusammen mehr Tee trinken m\u00fcsse. Zum x-ten Mal geht es in der Diskussion um das Scheitern der Integration \u2013 dass dies immer noch unter entfernten Nachkommen von Einwanderern aus Marokko, einem Mitglied der Arabischen Liga, diskutiert wird, verschleiert den wahren Kern. Sicherlich liefern Soziologen wie Professor Ruud Koopmans ein klares Bild der spezifischen Auswirkungen der Migration von Muslimen aus abgelegenen, r\u00fcckst\u00e4ndigen Gebieten wie dem marokkanischen Rif-Gebirge in europ\u00e4ische Wohlfahrtsstaaten. Aber es geht nicht um das Scheitern der Integration: Das ist die Folge von etwas anderem.<\/p>\n<p>In jedem europ\u00e4ischen Wohlfahrtsstaat dr\u00fccken junge Muslime ihre Verachtung gegen\u00fcber westlichen Normen aus und stellen ihre \u00dcberlegenheit zur Schau. Aber \u00dcberlegenheit weswegen eigentlich? Viele von ihnen brechen die Schule ab und sind vorbestraft. Der Anspruch auf \u00dcberlegenheit beruht auf einer Idee: Wir sind Muslime und die sind Kaffern, Ungl\u00e4ubige. Die Frustration \u00fcber die minderwertige Stellung des Muslims in der westlichen Gesellschaft entsteht aus dem Glauben, dass die blo\u00dfe Tatsache, Muslim zu sein, einen Anspruch auf Macht, Wohlstand und dieses missbrauchte Konzept von Respekt verschafft.<\/p>\n<p>Viele Muslime betrachten Israel als das ultimative Objekt des Hasses. Dass die zehn Millionen B\u00fcrger Israels ein st\u00e4rkeres und reicheres Land aufgebaut haben als die dreihundertf\u00fcnfzig Millionen Araber der Liga, ist in ihren Augen nicht das Ergebnis j\u00fcdischen Einfallsreichtums und Bildung, sondern von List, Manipulation und Betrug. Im zentralen Text der islamischen Welt, dem Koran, ist der Jude buchst\u00e4blich der Nachkomme von Affen und Schweinen. Offenbar betrachten sich viele junge Marokkaner als Pal\u00e4stinenser, die gegen niederl\u00e4ndische Kaffern k\u00e4mpfen, weil sie nach ihren eigenen religi\u00f6sen Regeln das Recht haben, Gewalt anzuwenden, um die Macht zu erobern \u2013 wir sind, so scheint es ihr Verhalten zu sagen, die Vollstrecker des Machtanspruches des Islam.<\/p>\n<p>Selbstt\u00e4uschung<br \/>\nSeit 1945 wurden sch\u00e4tzungsweise zw\u00f6lf Millionen Muslime durch Gewalttaten anderer Muslime get\u00f6tet \u2013 die Zahl der Opfer des Gaza-Krieges ist erschreckend, aber nicht au\u00dfergew\u00f6hnlich hoch in der Geschichte islamischer Gewalt. Was diese Zahl f\u00fcr Muslime unertr\u00e4glich macht, ist der T\u00e4ter: Das ist der Jude, das historische Symbol der Ablehnung des Propheten und zeitgen\u00f6ssische Symbol des gestohlenen Wohlstands. Was bedeutet Integration, wenn dieser Glaube in islamischen Gemeinschaften auch in der dritten und vierten Generation noch weit verbreitet ist?<br \/>\nDer Koran bleibt der Koran \u2013 er ist ein wichtiges kulturelles Dokument und unver\u00e4nderlich. Aber nicht jeder Muslim ist fanatisch und leseblind. Unz\u00e4hlige Muslime k\u00f6nnen den Koran als historisch-religi\u00f6sen Text lesen und wollen ihre Gemeinschaften f\u00fcr geistige Freiheit \u00f6ffnen, denn geistige Freiheit erh\u00f6ht die Chancen auf Erfolg, Wohlstand und Toleranz.<br \/>\n\u201eJ\u00fcdisches Krebsgeschw\u00fcr!\u201c, riefen junge Muslime in Amsterdam. Aufgehetzt schlugen sie Juden zusammen. Was sie an den Tag legten, war die gleiche Selbstt\u00e4uschung, die die meisten L\u00e4nder der Arabischen Liga zu Geiseln von Unfreiheit und Tyrannei macht. Solange sie so weitermachen und ihre als ungerecht empfundene niedrige gesellschaftliche Stellung j\u00fcdischen und christlichen Kaffern in die Schuhe schieben, werden die tobenden jungen Muslime \u00fcberall in Europa eine kulturell-religi\u00f6se Unterschicht mit hoher Gewaltbereitschaft bilden. Man kann es auch anders ausdr\u00fccken: \u201eIt\u2018s the Islam, stupid!\u201c<br \/>\n.<br \/>\nDieser Artikel ist eine \u00dcbersetzung des niederl\u00e4ndischen Originals, welches in der Zeitung De Telegraaf erschien.<br \/>\n<a href=\"https:\/\/www.telegraaf.nl\/watuzegt\/658937592\/het-zelfbedrog-van-jonge-moslims-onderklasse-met-lage-geweldsdrempe\">https:\/\/www.telegraaf.nl\/watuzegt\/658937592\/het-zelfbedrog-van-jonge-moslims-onderklasse-met-lage-geweldsdrempe<\/a>l<br \/>\n.<br \/>\n&#8230; Alles vom 14.11.2024 von Leon de Winter bitte lesen auf<br \/>\n<a href=\"https:\/\/www.achgut.com\/artikel\/amsterdam_der_selbstbetrug_junger_muslime\">https:\/\/www.achgut.com\/artikel\/amsterdam_der_selbstbetrug_junger_muslime<\/a><br \/>\n.<br \/>\nEinige Kommentare:<br \/>\nRichard Dawkins schreibt in seinem Buch \u201cDie Sch\u00f6pfungsl\u00fcge\u201d, dass im Jahr 2006 muslimische Medizinstudenten gegen die Verbreitung der Evolutionstheorie demonstriert h\u00e4tten. Das hei\u00dft, Personen, denen man einen gewissen naturwissenschaftlichen Sachverstand nicht absprechen kann, bezweifeln gesicherte Erkenntnisse der Biologie. Der Kreationismus ist st\u00e4rker. Ich kenne allerdings auch kreationistisch denkende Christen, die glauben, es war alles so, wie es in der Bibel steht. In den USA sollen es sogar 40% der Bev\u00f6lkerung sein. Was erwarten wir dann von jungen Menschen, die von Evolution und den Widerspr\u00fcchen zu den als heilig geltenden Texten nie geh\u00f6rt haben, was sie anderes glauben sollen? In vielen islamischen L\u00e4ndern ist es verboten, \u00fcber die Evolution in der Schule zu sprechen. Wolfgang<br \/>\n.<br \/>\nAlles stimmt, bis auf diesen Satz: \u201cAber nicht jeder Muslim ist fanatisch und leseblind. Unz\u00e4hlige Muslime k\u00f6nnen den Koran als historisch-religi\u00f6sen Text lesen und wollen ihre Gemeinschaften f\u00fcr geistige Freiheit \u00f6ffnen, denn geistige Freiheit erh\u00f6ht die Chancen auf Erfolg, Wohlstand und Toleranz.\u201d Ich habe noch keinen kennengelernt der so denkt. Sie beuten andere Kulturen und ihre Frauen aus, der Islam, sich selbst \u00fcberlassen, mutiert zum Nichts. \u201eAls schwere narzisstische Kr\u00e4nkung wird nicht nur die milit\u00e4rische Unterlegenheit gegen\u00fcber dem Westen empfunden. Viel schlimmer wirkt sich die intellektuelle und materielle Abh\u00e4ngigkeit aus. In den letzten vierhundert Jahren haben die Araber keine nennenswerte Erfindung hervorgebracht. Rudolph Chimelli zitiert einen irakischen Autor mit dem Satz: ,H\u00e4tte ein Araber im 18. Jahrhundert die Dampfmaschine erfunden, sie w\u00e4re nie gebaut worden.\u2018 Kein Historiker wird ihm widersprechen. Alles, worauf das t\u00e4gliche Leben im Maghreb und im Nahen Osten angewiesen ist, jeder K\u00fchlschrank, jedes Telefon, jede Steckdose, jeder Schraubenzieher, von Erzeugnissen der Hochtechnologie ganz zu schweigen, stellt daher f\u00fcr jeden Araber, der einen Gedanken fassen kann, eine stumme Dem\u00fctigung dar. (Radikale Verlierer\u201d Enzensberger, Spiegel 45\/2005, S. 182 ff.) Der Islam wird in Europa scheitern und immer weiter scheitern, laut und explosiv. Wer ihn reinl\u00e4sst, muss den Verstand verloren haben. Frank<br \/>\n.<br \/>\nDer Minderwertigkeitskomplex (ist es denn einer? &#8211; doch nur wenn man den technischen, und den damit einhergehenden gesellschaftlichen, Fortschritt, gerade als den ma\u00dfgeblichen \u201cGott\u201d betrachten will) wird doch gerade durch die Unterdr\u00fcckung der Kuffar \u00fcberwunden! Das ist ja das Geniale am Islam. Es bedarf keiner Bildung, Pfaffen oder Professoren um sein Mantra (ich Cheffe &#8211; du Scheixxe) zu verstehen. Simple is better stupid! Ich dem\u00fctige dich ungestraft &#8211; also sind alle deine Erfolge und Weisheiten und auch der Umstand, dass du mich finanzierst hinf\u00e4llig. Dein Leben h\u00e4ngt an meiner Gnade. L.Limbus<br \/>\n.<br \/>\n\u201cUnz\u00e4hlige Muslime k\u00f6nnen den Koran als historisch-religi\u00f6sen Text lesen und wollen ihre Gemeinschaften f\u00fcr geistige Freiheit \u00f6ffnen, denn geistige Freiheit erh\u00f6ht die Chancen auf Erfolg, Wohlstand und Toleranz.\u201d Das ist leider nur Wunschdenken von Herrn de Winter, f\u00fcrchte ich. Ulli<br \/>\n.<br \/>\nWenn man die \u201cAusl\u00e4nder\u201d kritisiert, die in Deutschland auf unsere Kosten ohne Gegenleistung (Arbeit) gut leben und teilweise kriminell sind, wird man von manchen normalen Leuten aus dem Volk schon als Rassist beschimpft. Und es kommen Argumente wie: \u201cmein Cousin ist Ungar, willst Du den auch weghaben?\u201d Mit Absicht werden von der Politik alle Ausl\u00e4nder als eine Gruppe dargestellt. Dadurch kann jede Kritik und jede Forderung auf Ausweisung als Rassismus bezeichnet werden. Man mu\u00df Ausl\u00e4nder in 2 Gruppen einteilen: Leute aus islamischen L\u00e4ndern und als zweite Gruppe alle anderen Ausl\u00e4nder. Vietnamesen z.B. gab es schon in der DDR zahlreich, und sie waren als flei\u00dfig und h\u00f6flich bekannt und beliebt. Ralf W\u00e4chter<br \/>\n.<br \/>\nEin Thema bleibt unerw\u00e4hnt, eine Frage tabuisiert: Warum \u00f6ffnet der Werte-Westen alle Grenzen f\u00fcr diese jungen, ungebildeten, gewaltbereiten und gewaltt\u00e4tigen jungen Muslime? Warum lockt er sie geradezu an, l\u00e4sst ihnen ungepr\u00fcft alle Segnungen des Sozialhaushaltes zukommen bis dieser zusammenbrechen wird? \u00dcber 1000 Jahre hat sich das christliche Abendland milit\u00e4risch immer wieder gegen die Invasion der Mohammedaner verteidigt &#8230; Ich frage mich, was das soll, immer wieder auf die Gewaltt\u00e4tigkeit als wichtiges Merkmal des Islam hinzuweisen, wenn die Frage unterbleibt, warum die westlichen Eliten alle Tore nach Europa f\u00fcr diesen Islam \u00f6ffnen. Kristin<br \/>\n.<br \/>\nDas Problem ist, das der Koran nun mal das Wort von Allah ist. Und was da steht bzw. das was der gro\u00dfe Prophet Mohammed gesagt und getan habe. Ist Gesetz. Das Problem haben Juden und Christen nicht, deren heiliges Buch hat einen anderen Anspruch und ganz besonders Jesus bringt es auf den Punkt. Was du d die wichtigsten Gebote? Liebe zu Gott und N\u00e4chstenliebe Das macht schon einen gro\u00dfen Unterschied aus, zumindest f\u00fcr die Muslime die in ihrem Versagen Orientierung suchen. Thomas Renner<br \/>\nEnde Kommentare<\/p>\n","protected":false},"excerpt":{"rendered":"<p>Home\u00a0&gt;Global\u00a0&gt;EU\u00a0&gt;EU-Migration &gt;Islamismus\u00a0 &gt;Niederlande &gt;Amsterdam Israel: From the river to the sea\u00a0(16.11.2024) Amsterdam: Der Selbstbetrug junger Muslime (14.11.2024) Antisemitisches Pogrom in NL (8.11.2024) Die Niederlanden hat ca 17 Million Einwohner, davon ca eine Million Muslime und 40.000 Juden. In Amsterdam leben &hellip; <a href=\"https:\/\/www.freiburg-schwarzwald.de\/blog\/global\/niederlande\/amsterdam\/\">Weiterlesen <span class=\"meta-nav\">&rarr;<\/span><\/a><\/p>\n","protected":false},"author":2,"featured_media":0,"parent":102849,"menu_order":0,"comment_status":"closed","ping_status":"closed","template":"","meta":{"footnotes":""},"class_list":["post-128302","page","type-page","status-publish","hentry"],"_links":{"self":[{"href":"https:\/\/www.freiburg-schwarzwald.de\/blog\/wp-json\/wp\/v2\/pages\/128302","targetHints":{"allow":["GET"]}}],"collection":[{"href":"https:\/\/www.freiburg-schwarzwald.de\/blog\/wp-json\/wp\/v2\/pages"}],"about":[{"href":"https:\/\/www.freiburg-schwarzwald.de\/blog\/wp-json\/wp\/v2\/types\/page"}],"author":[{"embeddable":true,"href":"https:\/\/www.freiburg-schwarzwald.de\/blog\/wp-json\/wp\/v2\/users\/2"}],"replies":[{"embeddable":true,"href":"https:\/\/www.freiburg-schwarzwald.de\/blog\/wp-json\/wp\/v2\/comments?post=128302"}],"version-history":[{"count":5,"href":"https:\/\/www.freiburg-schwarzwald.de\/blog\/wp-json\/wp\/v2\/pages\/128302\/revisions"}],"predecessor-version":[{"id":128384,"href":"https:\/\/www.freiburg-schwarzwald.de\/blog\/wp-json\/wp\/v2\/pages\/128302\/revisions\/128384"}],"up":[{"embeddable":true,"href":"https:\/\/www.freiburg-schwarzwald.de\/blog\/wp-json\/wp\/v2\/pages\/102849"}],"wp:attachment":[{"href":"https:\/\/www.freiburg-schwarzwald.de\/blog\/wp-json\/wp\/v2\/media?parent=128302"}],"curies":[{"name":"wp","href":"https:\/\/api.w.org\/{rel}","templated":true}]}}