{"id":126098,"date":"2024-08-11T22:17:36","date_gmt":"2024-08-11T20:17:36","guid":{"rendered":"https:\/\/www.freiburg-schwarzwald.de\/blog\/?page_id=126098"},"modified":"2025-11-13T20:46:09","modified_gmt":"2025-11-13T19:46:09","slug":"politisierung","status":"publish","type":"page","link":"https:\/\/www.freiburg-schwarzwald.de\/blog\/engagement\/zukunft\/demokratie\/politik\/politisierung\/","title":{"rendered":"Politisierung"},"content":{"rendered":"<p><a href=\"https:\/\/freiburg-schwarzwald.de\/blog\">Home<\/a>\u00a0&gt;<a title=\"Engagement\" href=\"https:\/\/www.freiburg-schwarzwald.de\/blog\/engagement\/\">Engagement<\/a>\u00a0&gt;<a title=\"Zukunft\" href=\"https:\/\/www.freiburg-schwarzwald.de\/blog\/engagement\/zukunft\/\">Zukunft<\/a>\u00a0&gt;<a title=\"Demokratie\" href=\"https:\/\/www.freiburg-schwarzwald.de\/blog\/engagement\/zukunft\/demokratie\/\">Demokratie<\/a> &gt;<a href=\"https:\/\/www.freiburg-schwarzwald.de\/blog\/engagement\/zukunft\/demokratie\/politik\/\">Politik<\/a> &gt;Politisierung<\/p>\n<div id=\"attachment_126102\" style=\"width: 649px\" class=\"wp-caption alignnone\"><a href=\"https:\/\/www.freiburg-schwarzwald.de\/blog\/wp-content\/uploads\/2024\/08\/gerste-getreide-dreisamtal-stegen-pan.jpg\"><img loading=\"lazy\" decoding=\"async\" aria-describedby=\"caption-attachment-126102\" class=\"size-full wp-image-126102\" src=\"https:\/\/www.freiburg-schwarzwald.de\/blog\/wp-content\/uploads\/2024\/08\/gerste-getreide-dreisamtal-stegen-pan.jpg\" alt=\"\" width=\"639\" height=\"287\" srcset=\"https:\/\/www.freiburg-schwarzwald.de\/blog\/wp-content\/uploads\/2024\/08\/gerste-getreide-dreisamtal-stegen-pan.jpg 639w, https:\/\/www.freiburg-schwarzwald.de\/blog\/wp-content\/uploads\/2024\/08\/gerste-getreide-dreisamtal-stegen-pan-180x81.jpg 180w\" sizes=\"auto, (max-width: 639px) 100vw, 639px\" \/><\/a><p id=\"caption-attachment-126102\" class=\"wp-caption-text\">Gerste kurz vor der Getreideernte bei Stegen am 11.8.2024<\/p><\/div>\n<ul>\n<li><em>Listenauswahl eines Beitrags (Artikel\/Datum, Seite\/Inhalt):\u00a0<span style=\"text-decoration: underline;\">Klicken<\/span>\u00a0oder scrollen<\/em><\/li>\n<li><a href=\"https:\/\/www.freiburg-schwarzwald.de\/blog\/engagement\/zukunft\/demokratie\/politik\/moralpolitik\/\">Volker Boehme-Ne\u00dfler: Angstpolitik<\/a>\u00a0(13.11.2025)<\/li>\n<li><a href=\"https:\/\/www.freiburg-schwarzwald.de\/blog\/engagement\/zukunft\/demokratie\/politik\/moralpolitik\/\">Thorsten Hinz: Der Preis der Moralpolitik<\/a>\u00a0(7.11.2025)<\/li>\n<li><a href=\"https:\/\/www.freiburg-schwarzwald.de\/blog\/vereine\/ngo\/denkfabriken\/\">\u201eDenkfabriken\u201c lassen sich ebenfalls vom Staat aushalten<\/a>\u00a0(25.9.2025)<\/li>\n<li><a href=\"https:\/\/www.freiburg-schwarzwald.de\/blog\/merz-ja-fuer-demokratieabbau\/\">Merz: \u201eJa\u201c f\u00fcr Demokratieabbau<\/a>\u00a0(18.7.2025)<\/li>\n<li><a href=\"https:\/\/www.freiburg-schwarzwald.de\/blog\/vereine\/ngo\/ngo-komplex\/\">Bj\u00f6rn Harms: Der NGO-Komplex<\/a>\u00a0(20.3.2025)<\/li>\n<li><a href=\"https:\/\/www.freiburg-schwarzwald.de\/blog\/jugend-rechts-eltern-links\/\">Jugend rechts \u2013 Eltern links<\/a>\u00a0(23.9.2024)<\/li>\n<li>Die Politisierung von Allem und die Zerst\u00f6rung unseres Lebens (4.8.2024)<\/li>\n<li><\/li>\n<li><a href=\"https:\/\/www.freiburg-schwarzwald.de\/blog\/vereine\/ngo\/denkfabriken\/\">Denkfabriken<\/a><\/li>\n<li><a href=\"https:\/\/www.freiburg-schwarzwald.de\/blog\/engagement\/zukunft\/demokratie\/politik\/moralpolitik\/\">Moralpolitik<\/a><\/li>\n<li><a href=\"https:\/\/www.freiburg-schwarzwald.de\/blog\/vereine\/ngo\/ngo-komplex\/\">NGO-Komplex<\/a><\/li>\n<\/ul>\n<p>&nbsp;<\/p>\n<p><strong>Die Politisierung von Allem und die Zerst\u00f6rung unseres Lebens<\/strong><br \/>\n&#8230;<br \/>\nDie <a href=\"https:\/\/www.freiburg-schwarzwald.de\/blog\/olympia-24-blamable-eroeffnung\/\">Persiflage auf das Letzte Abendmahl<\/a> als eines der wichtigsten Symbole der Abendl\u00e4ndischen Kultur zur Er\u00f6ffnung der Olympischen Spiele: Kann man machen. Die Frage ist nur: Warum? Um zu verletzen? Die letzten Gl\u00e4ubigen zu verh\u00f6hnen? Und warum entfernt man auf den Videos der \u00dcbertragung aus Paris die Kreuze von den Kirchen der franz\u00f6sischen Hauptstadt? Es gibt Gruppen, die darf man verletzen, dem\u00fctigen, sich lustig machen \u00fcber sie. Tiefster Respekt dagegen ist vor anderen Gruppen angebracht: vor Muslimen, vor der seltsamen Vereinsmeierei der LGBTQIA+-Gruppen, was kaum jemand au\u00dfer einer Handvoll Minderheitenfunktion\u00e4re fehlerfrei buchstabieren kann, noch wei\u00df, was sich hinter dem Buchstabenverhau verbirgt und wof\u00fcr die fr\u00fchere Regenbogen-Fahne steht, die neuerdings Schwarz-Rot-Gold auf Regierungsgeb\u00e4uden ersetzt.<br \/>\n&#8230;.<br \/>\nDie falschen Gruppen, siehe das Allerletzte Abendmahl, die m\u00fcssen still dulden, sich wegducken und verschwinden. Die richtige Religion dagegen darf jeden Kritiker als Rassisten beschimpfen und in ihren Moscheen zum Hass gegen diese Gesellschaft, Kultur und Aufkl\u00e4rung aufstacheln bis zum Mord. Jeden Tag erlebt dieses Land noch mehr und noch abscheulichere Verbrechen, die nur m\u00f6glich werden, weil Sich-Wehren brutal verfolgt wird und Verbrechen kaum mehr bestraft werden: Die T\u00e4ter sind sofort wieder unter uns. Ihnen gilt das Verst\u00e4ndnis, weil sie eines garantieren: den Zusammenhalt dieser Gesellschaft zu zerst\u00f6ren.<\/p>\n<p>In <a href=\"https:\/\/www.freiburg-schwarzwald.de\/blog\/southport-29-6-24-messermorde\/\">Gro\u00dfbritannien<\/a> ist der Prozess schon weiter fortgeschritten. Drei M\u00e4dchen werden bestialisch abgestochen. Die Regierung geht hart gegen diejenigen vor, die solche Verbrechen nicht als allt\u00e4glich hinnehmen wollen und dagegen protestieren. Es kommt zu Stra\u00dfenschlachten zwischen Islamisten und Linksradikalen auf der einen Seite, und zornigen B\u00fcrgern auf der anderen. Die linke Labour-Regierung mit ihrer Unterhausmehrheit stellt sich gegen ihre B\u00fcrger.<br \/>\n.<br \/>\nWir sind eine woke-beherrschte Gesellschaft, woke ist so ein Schl\u00fcsselbegriff, hinter dem sich selbst gebackene \u00dcberheblichkeit, moralisierende Besserwisserei und Hass auf alles Hergebrachte und Tradierte b\u00fcndeln. Wir sollen unsere Geschichte vergessen, damit wir Staub werden, der weggefegt werden kann. Es ist die beherrschende Ideologie der rotgr\u00fcnen Politik. Jeder Zuwanderer ist weit mehr wert als der daseiende Steuer- und Beitragszahler, der die Verschwendung der von ihm aufgebrachten Mittel feiern soll, ehe er sich zum Flaschensammeln aufmacht, weil es f\u00fcr ihn nicht mehr reicht. Jede sexuelle Randgruppe darf sich als Mittelpunkt der Welt ausgeben, w\u00e4hrend Familien an den Rand gedr\u00e4ngt und darauf reduziert werden, ihre Kinder als Spielzeuge zur Verf\u00fcgung zu stellen f\u00fcr das Vergn\u00fcgen dieser Gruppen, die zu einer eigenen Lebenslinie \u00fcber ihr kleines Dasein hinaus nicht in der Lage sind.<\/p>\n<p>Politik versagt \u2013 oder will sogar versagen<br \/>\nDie da oben haben sich mit ihrer queeren Ideologie und sexuellen Spinnereien von uns da unten abgekoppelt. Sie nehmen die Realit\u00e4t nicht mehr wahr. Arbeit, Leben und Wirtschaft erfordern Pragmatismus und Respekt vor der Leistung und der Person des anderen. Genau daran fehlt es, trotz aller Plakataktionen. Und so regiert ein Kabinett, das vor lauter Fixierung auf dieses woke Geschehen seine Aufgaben pervertiert: ein Bundeskanzler mit so immensen Erinnerungsproblemen, dass er sogar vergisst, wo sein Terminkalender liegt. Und das ist unser Kabinett der deutschen Entschlossenheit, woke unterzugehen:<br \/>\nEin Wirtschaftsminister, der die Wirtschaft des Landes komplett ruiniert <a href=\"https:\/\/www.tichyseinblick.de\/daili-es-sentials\/dihk-wohlstandsverlust\/\">https:\/\/www.tichyseinblick.de\/daili-es-sentials\/dihk-wohlstandsverlust\/<\/a> und sehenden Auges Unternehmen au\u00dfer Landes sowie Menschen in die Arbeitslosigkeit treibt.<\/p>\n<p>Eine Au\u00dfenministerin, die Illegale und Hochdubiose zu Zigzehntausenden illegal ins Land schleust, <a href=\"https:\/\/www.tichyseinblick.de\/meinungen\/gruene-in-aufloesung-marquardt-distanziert-sich-von-ngo-baerbock-stammelt-und-luegt\/\">https:\/\/www.tichyseinblick.de\/meinungen\/gruene-in-aufloesung-marquardt-distanziert-sich-von-ngo-baerbock-stammelt-und-luegt\/<\/a> auf Kosten der B\u00fcrger und zu Lasten der Zukunft.<\/p>\n<p>Eine Innenministerin, die Opposition und freie Presse abschaffen will <a href=\"https:\/\/www.tichyseinblick.de\/daili-es-sentials\/steinhoefel-politiker-haben-verfolgungsmaschinerie-aufgebaut\/\">https:\/\/www.tichyseinblick.de\/daili-es-sentials\/steinhoefel-politiker-haben-verfolgungsmaschinerie-aufgebaut\/<\/a> und unger\u00fchrt zuschaut, wie die innere Sicherheit vor die Hunde geht.<br \/>\n.<br \/>\nEine Frauen-\/Familienministerin, die alles macht, um Frauen und Familien zu schaden und winzige Randgruppen zum Mittelpunkt aller T\u00e4tigkeiten bestellt hat zur Benachteiligung von Frauen und Kindern, die zu sch\u00fctzen immer schwerer wird.<\/p>\n<p>Ein Gesundheitsminister, der das bisherige Gesundheitssystem ruiniert, die Aufkl\u00e4rung \u00fcber seine Machenschaften schw\u00e4rzt und behindert und offenkundig im Dienst m\u00e4chtiger Lobbys steht.<\/p>\n<p>Ein Justizminister, https:\/\/www.tichyseinblick.de\/daili-es-sentials\/kabinett-verabschiedet-haushalt-lindner\/ der die Sprengung wirtschaftlich \u00fcberlebenswichtiger Infrastruktur mit Flei\u00df nicht aufkl\u00e4rt.<\/p>\n<p>Ein Finanzminister, der vom Sparen redet und jeden Tag dabei erwischt wird, wie er beim Noch-mehr-Ausgeben schummelt.<\/p>\n<p>Ein Arbeitsminister, der B\u00fcrgergeld verjubelt <a href=\"https:\/\/www.tichyseinblick.de\/meinungen\/betriebe-und-arbeitnehmer-muessen-fuer-kosten-des-buergergelds-bluten\/\">https:\/\/www.tichyseinblick.de\/meinungen\/betriebe-und-arbeitnehmer-muessen-fuer-kosten-des-buergergelds-bluten\/<\/a> f\u00fcr Leute, die nun wirklich nicht arbeiten wollen.<\/p>\n<p>Ein Landwirtschafts- und Ern\u00e4hrungsminister, der die Ern\u00e4hrung gef\u00e4hrdet f\u00fcr seinen seltsamen Geschmack, den er anderen aufzwingen will.<\/p>\n<p>Statt einen Staat zu regieren und zu verwalten, das Wohl der B\u00fcrger zu mehren, Wohlstand und Sicherheit zu verteidigen, erfolgt eine Politisierung aller Lebensbereiche im Sinne ihrer woken, rotgr\u00fcnen Ideologie \u2013 die stets das Gute bek\u00e4mpft und das B\u00f6se schafft.<br \/>\n&#8230; Alles vom 4.8.2024 von Roland Tichy bitte lesen auf<br \/>\n<a href=\"https:\/\/www.tichyseinblick.de\/tichys-einblick\/die-politisierung-von-allem-und-die-zerstoerung-unseres-lebens\/\">https:\/\/www.tichyseinblick.de\/tichys-einblick\/die-politisierung-von-allem-und-die-zerstoerung-unseres-lebens\/<\/a><br \/>\n.<br \/>\nEinige Kommentare:<\/p>\n<p>Einige Kommentare:<br \/>\nDanke, Herr Tichy. Trefflich beschrieben, das rot-gr\u00fcne Irrenhaus, von dem sich wahrscheinlich selbst Kaiser Nero, Lucretia Borgia und Ludwig XIV abgewandt h\u00e4tten, angewidert von der ungeheuerlichen Dekadenz und Perversion im Denken und Handeln. Am betroffendsten macht mich der j\u00fcngste Vorstoss der linken Wokisten, Eltern, die ihre Kinder vor migrantischen Messerstechern sch\u00fctzen wollen, als rechtsradikal zu bezeichnen. Dies erinnert mich an einen Satz des gro\u00dfen Philosophen Baruch de Spinoza, der sinngem\u00e4\u00df sagte (mit Blick auf den totalit\u00e4ren inquisitorischen katholischen Gottesstaat des Mittelalters): <em><strong>\u201eEin Staat, der die Besten in der Gesellschaft, n\u00e4mlich f\u00fcrsorgende Eltern, dazu zwingt zu l\u00fcgen und sich selbst gegen\u00fcber ihren Kindern zu verstellen, hat jede moralische Legitimation verloren.\u201c<\/strong> <\/em>IJ<br \/>\n.<br \/>\nDie Frage ist eher: Will man denn \u00fcberhaupt ein prosperierendes Deutschland? Will man Familie, Ehre, Flei\u00df, Pflichtgef\u00fchl, Religion (christliche) in unserem Land \u00fcberhaupt noch einen Stellenwert einr\u00e4umen? Die Gr\u00fcnen in der Ampel verneinen das. Sie haben nie etwas mit Deutschland anfangen k\u00f6nnen oder laufen hinter deutschlandfeindlichen Parolen bei Demos mit hinterher.<br \/>\nWenn ich eine gro\u00dfe Transformation will, muss ich zuerst den Menschen zerst\u00f6ren. Ich muss das zerst\u00f6ren, was ihn ausmacht. Mit der Biologie f\u00e4ngt es an. Ich will den Menschen wei\u00df machen, dass es 60 Geschlechter g\u00e4be und niemand wirklich wei\u00df, welches Geschlecht er hat. XX und XY ist Teufelszeug der rassistischen, wei\u00dfen Wissenschaft. Weg damit. Dann m\u00fcsste ich seinen Angelpunkt \u2013 die Familie \u2013 zerst\u00f6ren. Dort wo der Mensch i.d.R. Geborgenheit und Solidarit\u00e4t in schlimmen Zeiten findet. Familie sei ein rechtsradikales Konstrukt, was in unsere Zeit nicht passe. Patchwork-Familien und ein irgendwie geartetes Zusammenleben, gern regenbogenfarbig, wird propagiert. Kinder mit mehreren Erziehungsberechtigten, die weder Mutter noch Vater sein d\u00fcrfen. Was das mit den Kindern macht, ist angestrebt. Dann zerst\u00f6re ich die Geschichte, Kultur und die Traditionen. Kultur und Tradition wird der L\u00e4cherlichkeit preis gegeben. Sie wird durch Dragqueens ersetzt und das beginnt schon im Kindergarten. Sex ist das vorherrschende Thema an dem alles festgemacht wird. Wir sind aber keine Hasen. Auch die Sprache muss ge\u00e4ndert werden. Positive Begriffe m\u00fcssen ins Negative verkehrt werden. Die Grammatik einer Sprache wird vergewaltigt. Neue Worte werden geboren, die eigentlich keine Worte sind, die man benutzen soll. Nur Sklaven werden solch eine Sprache \u00fcbernehmen. Die Geschichte wird umgeschrieben. Dabei kommt die Geschichte der Europ\u00e4er schlecht weg. Sie sind i.d.R. drastisch gesagt immer die Schurken. Die Wissenschaft, die K\u00fcnste, die Wissenschaft und Technik, das wurde vor allem von uns Europ\u00e4ern der Welt gebracht. Das soll vergessen werden. Wer hinter allem steckt, kann man in Diagrammen finden, wo steht, wer an den Schalthebeln der Macht sitzt und in welchen Klubs, Vereinen und Sekten sie zu suchen sind.<br \/>\nEs geh\u00f6rt alles zusammen. Menschen, deren Pers\u00f6nlichkeit, Geschlecht, Kultur, Tradition, Geschichte, Familie zerst\u00f6rt werden, haben keine wirkliche Zukunft. Ohne Vergangenheit, gibt es keine Zukunft. Sie werden zu Automaten getrimmt, m\u00f6glichst noch mit Cyborgteilen in sich. Sie werden eine willf\u00e4hrige Masse f\u00fcr einige Wenige, die dann dar\u00fcber entscheiden, wer leben darf und wer nicht. Diese Anf\u00e4nge gibt es z.B. schon in Kanada, wo schon Kinder entscheiden d\u00fcrfen, ob ihr Leben lebenswert ist oder nicht und die sich dann t\u00f6ten lassen k\u00f6nnen. Die Regenbogenfraktion geh\u00f6rt auch zu den Anf\u00e4ngen. Regenbogenpersonen sind androgyn. Sie k\u00f6nnen keinen Nachwuchs in die Welt setzen. Das Ziel weniger Menschen auf der Erde zu haben, erf\u00fcllen diese Personen bestens. Sie werden von den M\u00e4chtigen, die hinter der gro\u00dfen Transformation stehen, ausgenutzt und vergewaltigt. Ohne eine neue Revolution wird der Westen vor allem einfach untergehen. Er hat seinen Zenit \u00fcberschritten und will sich nicht an die neuen Verh\u00e4ltnisse in der Welt anpassen. Bosmer<br \/>\n.<br \/>\nOswald Spenglers Prognose der k\u00fcnftigen Entwicklung des Abendlandes scheint einzutreffen. Seine These des Untergangs formuliert er \u201eals notwendiger und im Grunde \u201enat\u00fcrlicher\u201c Abschluss einer vorausgehenden Bl\u00fcte- und anschlie\u00dfender l\u00e4ngerer Abstiegszeit, mit nachfolgender charakteristischer \u201eFellachen-Unkultur\u201c. Wir leben in der Abstiegszeit, einer Dekadenz, die mit der Zerst\u00f6rung all unserer Werte einhergeht. Sehe ich Volksvertreter in nuttiger Bekleidung im BT, denke ich an Caligulas Lieblingspferd Incit\u0101tus aus dem Rennstall der \u201eGr\u00fcnen Zirkuspartei\u201c im R\u00f6mischen Reich, das mit der Konsulw\u00fcrde und st\u00e4ndigem Sitz im Senat bestallt wurde. Die \u201eSt\u00fctzen der Gesellschaft\u201c m\u00fcssen weg, damit wir wieder leben k\u00f6nnen. Klaus Kabel<br \/>\n.<br \/>\nMit der b\u00fcrokratisch-artifiziellen Gendersprache und Begriffen wie LGTBQI\u2026 oder neuen Pronomen will man der Mehrheit schwachsinnige Wortkonstruktionen aufzwingen, um deren Willen zu brechen. Man will den gew\u00f6hnlichen Menschen dem\u00fctigen. Es ist die Normalisierung des Paradoxen, wie wir es u.a. mit dem Austragen von Boxk\u00e4mpfen zwischen Mann und Frau bei den olympischen Spielen erleben. Man will den Menschen die Intuition aberziehen. Denn der gesunde Menschenverstand steht im Weg (\u201eder hei\u00dfeste Sommer seit Beginn der Wetteraufzeichnung\u201c). Nacktflitzer<br \/>\n.<br \/>\nIch lade gerne zu einer kleinen Zeitreise ein. Das was wir gerade erleben ist der Schmelzpunkt einer Entwicklung, die ich bewusst seit ca. Mitte der Achtziger Jahre erlebt habe.<br \/>\nSchon damals war das mehr oder weniger absehbar. Die linke Lehrerschaft meines Gymnasiums tickte genau so wie heute die SPD und Teile der Gr\u00fcnen. Marktwirtschaft und die USA waren schrecklich, Reagan alles was Trump heute ist (inkl. Titelbilder in Spiegel und Stern), jede linke Bewegung toll usw.<br \/>\nMit der M\u00f6glichkeit der Abwahl fing der Verfall der Bildung an, die Koop (heute Gesamtschule) wurde eingef\u00fchrt.<br \/>\nMit \u201989 gab es noch einen letzten H\u00f6henflug des Patriotismus aber Kohl vermurkste die glanzvoll gewonnene Wiedervereinigung durch eine falsche Wirtschaftspolitik und dem \u00dcberst\u00fclpen der \u00fcberbordenden West-B\u00fcrokratie 1:1 auf den Osten, inkl. dem Weiterf\u00fchren von mindestens 5 Bundesl\u00e4ndern zu viel ohne Wettbewerb. Die Ost-West-Entfremdung wurde da bereits einget\u00fctet.<br \/>\nDie h\u00fcndische Europabegeisterung und der Euro waren die n\u00e4chste Stufe nach unten.<br \/>\nS\u00e4mtliche Politik war seit damals auf maximalen Sozialstaat, eine strunzdumme Migration, ein \u00fcberbordendes Steuersystem und r\u00fcckl\u00e4ufige Wettbewerbsf\u00e4higkeit ausgerichtet.<br \/>\nMeine Uni sah schon Mitte der 90er versifft, \u00fcberf\u00fcllt und dreckig aus, der Asta plakatierte Che und Solidarit\u00e4tsreisen nach Kuba.<br \/>\nAus der PC wurde der heutige Wokismus, importiert von amerikanischen Universit\u00e4ten.<br \/>\nMit Bologna wurde die tolle deutsche Ausbildung hin zum Singen-und-Lachen-Bachelor umgekrempelt und entwertet. Als Ergebnis haben wir jetzt die d\u00fcmmsten Akademiker der Welt.<br \/>\nArmee war doof und teuer, Abschreckung total pur und die Chinesen unsere Freunde.<br \/>\nDas billige Geld der Griechenland-Rettung verf\u00fchrte zu noch mehr Schulden und noch weniger Reformen. Der Bauboom war bereits ein Strohfeuer welches jetzt erloschen ist. Der \u00dcbermut aber leider nicht (Uns geht\u2019s doch gut), so ging die Wettbewerbsf\u00e4higkeit in den Keller. Dieser \u00dcbermut sch\u00e4umte auch die B\u00e4rchenwerfer-Mentalit\u00e4t nach oben. Die gleichen Bratzen, die zu meiner Gymnasialzeit einen Dritte-Welt-Laden betrieben, konnten das nun bundesweit als Politik betreiben.<br \/>\nMit Corona wurde ein Brandbeschleuniger in das schon verfaulte Geb\u00e4ude geworfen. Danach wurde mit Homeoffice und Hoodie im B\u00fcro auch der Formalismus und der Wille zur Exzellenz beerdigt.<br \/>\nAlle Vers\u00e4umnisse kommen nun auf einmal zusammen und treffen auf die d\u00fcmmste, stilloseste, feigste, am schlechtesten ausgebildete und hilfloseste politische Klasse seit 1949. Es kann nicht gut ausgehen! ludwig67<br \/>\n.<br \/>\nDer Politisierung des Privaten entspricht eine Entprofessionalisierung des Politischen. Wof\u00fcr unsere Au\u00dfenministerin und unser Klimaminister die sch\u00f6nsten Beispiele liefern . moorwald<br \/>\n.<br \/>\nMan sollte sich dar\u00fcber im Klaren sein, da\u00df der Wokeismus nichts anderes ist als eine Herrschaftsstrategie. Ausgebr\u00fctet in Thinktanks der Superreichen und dann an den kapitalabh\u00e4ngigen Eliteunis der USA installiert. Seither hat diese Ideologie die gesamte westliche akademische Welt erobert und bestimmt MS-Medien wie Politik.<br \/>\nLGBTQ etc. bedeutet realiter, da\u00df die Gesellschaften in immer mehr Gruppen aufgeteilt werden, die gemeinschaftliche Solidarit\u00e4t zunehmend erschweren. Eine widerspenstige, eigenwillige Volksgemeinschaft soll dergestalt ein f\u00fcr allemal beseitigt werden. Die NWO-Strategen wollen leicht zu steuernde Untertanen, willige Arbeitskr\u00e4fte und Konsumenten, die nichts mehr in Frage stellen.<br \/>\nWokeismus ist ein gro\u00df angelegtes Ablenkungsman\u00f6ver, die neueste Spielart des alten \u201edivide et impera\u201c. Es liegt an den B\u00fcrgern, das Spiel zu durchschauen und sich dagegen zu wehren. Freigeistiger<br \/>\nEnde Kommentare<\/p>\n","protected":false},"excerpt":{"rendered":"<p>Home\u00a0&gt;Engagement\u00a0&gt;Zukunft\u00a0&gt;Demokratie &gt;Politik &gt;Politisierung Listenauswahl eines Beitrags (Artikel\/Datum, Seite\/Inhalt):\u00a0Klicken\u00a0oder scrollen Volker Boehme-Ne\u00dfler: Angstpolitik\u00a0(13.11.2025) Thorsten Hinz: Der Preis der Moralpolitik\u00a0(7.11.2025) \u201eDenkfabriken\u201c lassen sich ebenfalls vom Staat aushalten\u00a0(25.9.2025) Merz: \u201eJa\u201c f\u00fcr Demokratieabbau\u00a0(18.7.2025) Bj\u00f6rn Harms: Der NGO-Komplex\u00a0(20.3.2025) Jugend rechts \u2013 Eltern links\u00a0(23.9.2024) Die Politisierung &hellip; <a href=\"https:\/\/www.freiburg-schwarzwald.de\/blog\/engagement\/zukunft\/demokratie\/politik\/politisierung\/\">Weiterlesen <span class=\"meta-nav\">&rarr;<\/span><\/a><\/p>\n","protected":false},"author":2,"featured_media":0,"parent":72376,"menu_order":0,"comment_status":"closed","ping_status":"closed","template":"","meta":{"footnotes":""},"class_list":["post-126098","page","type-page","status-publish","hentry"],"_links":{"self":[{"href":"https:\/\/www.freiburg-schwarzwald.de\/blog\/wp-json\/wp\/v2\/pages\/126098","targetHints":{"allow":["GET"]}}],"collection":[{"href":"https:\/\/www.freiburg-schwarzwald.de\/blog\/wp-json\/wp\/v2\/pages"}],"about":[{"href":"https:\/\/www.freiburg-schwarzwald.de\/blog\/wp-json\/wp\/v2\/types\/page"}],"author":[{"embeddable":true,"href":"https:\/\/www.freiburg-schwarzwald.de\/blog\/wp-json\/wp\/v2\/users\/2"}],"replies":[{"embeddable":true,"href":"https:\/\/www.freiburg-schwarzwald.de\/blog\/wp-json\/wp\/v2\/comments?post=126098"}],"version-history":[{"count":6,"href":"https:\/\/www.freiburg-schwarzwald.de\/blog\/wp-json\/wp\/v2\/pages\/126098\/revisions"}],"predecessor-version":[{"id":141478,"href":"https:\/\/www.freiburg-schwarzwald.de\/blog\/wp-json\/wp\/v2\/pages\/126098\/revisions\/141478"}],"up":[{"embeddable":true,"href":"https:\/\/www.freiburg-schwarzwald.de\/blog\/wp-json\/wp\/v2\/pages\/72376"}],"wp:attachment":[{"href":"https:\/\/www.freiburg-schwarzwald.de\/blog\/wp-json\/wp\/v2\/media?parent=126098"}],"curies":[{"name":"wp","href":"https:\/\/api.w.org\/{rel}","templated":true}]}}