{"id":125828,"date":"2024-07-30T20:11:33","date_gmt":"2024-07-30T18:11:33","guid":{"rendered":"https:\/\/www.freiburg-schwarzwald.de\/blog\/?page_id=125828"},"modified":"2025-01-12T18:43:57","modified_gmt":"2025-01-12T17:43:57","slug":"talahon","status":"publish","type":"page","link":"https:\/\/www.freiburg-schwarzwald.de\/blog\/global\/migration\/talahon\/","title":{"rendered":"Talahon"},"content":{"rendered":"<p><a href=\"https:\/\/www.freiburg-schwarzwald.de\/blog\">Home<\/a>\u00a0&gt;<a title=\"Selbsthilfe\" href=\"https:\/\/www.freiburg-schwarzwald.de\/blog\/selbsthilfe\/\">Selbsthilfe<\/a>\u00a0&gt;<a title=\"Soziales\" href=\"https:\/\/www.freiburg-schwarzwald.de\/blog\/soziales\/\">Soziales<\/a>\u00a0&gt;<a title=\"Justiz\" href=\"https:\/\/www.freiburg-schwarzwald.de\/blog\/selbsthilfe\/soziales\/justiz\/\">Justiz<\/a>\u00a0&gt;<a href=\"https:\/\/www.freiburg-schwarzwald.de\/blog\/global\/migration\/migration2021\/\">Migration<\/a>\u00a0&gt;<a href=\"https:\/\/www.freiburg-schwarzwald.de\/blog\/selbsthilfe\/soziales\/justiz\/messerstecher\/\">Messerstecher<\/a> &gt;Talahon<\/p>\n<div id=\"attachment_124919\" style=\"width: 650px\" class=\"wp-caption alignnone\"><a href=\"https:\/\/www.freiburg-schwarzwald.de\/blog\/wp-content\/uploads\/2024\/06\/Oeynhausen-Filippos-einMann2406-pan.jpg\"><img loading=\"lazy\" decoding=\"async\" aria-describedby=\"caption-attachment-124919\" class=\"size-full wp-image-124919\" src=\"https:\/\/www.freiburg-schwarzwald.de\/blog\/wp-content\/uploads\/2024\/06\/Oeynhausen-Filippos-einMann2406-pan.jpg\" alt=\"\" width=\"640\" height=\"341\" srcset=\"https:\/\/www.freiburg-schwarzwald.de\/blog\/wp-content\/uploads\/2024\/06\/Oeynhausen-Filippos-einMann2406-pan.jpg 640w, https:\/\/www.freiburg-schwarzwald.de\/blog\/wp-content\/uploads\/2024\/06\/Oeynhausen-Filippos-einMann2406-pan-180x96.jpg 180w\" sizes=\"auto, (max-width: 640px) 100vw, 640px\" \/><\/a><p id=\"caption-attachment-124919\" class=\"wp-caption-text\">Opfer Philippos (20) aus <a href=\"https:\/\/www.freiburg-schwarzwald.de\/blog\/global\/migration\/badoeynhausen-philippos24juni2024\/\">Bad Oeynhausen<\/a>! &#8211; T\u00e4ter ein Mann (18)?<br \/>6\/2024<\/p><\/div>\n<ul>\n<li><em>Listenauswahl eines Beitrags: Bitte anklicken oder runterscrollen<\/em><\/li>\n<li>Talahon Weihnachtsmann (19.12.2024)<\/li>\n<li><a href=\"https:\/\/www.freiburg-schwarzwald.de\/blog\/southport-29-6-24-messermorde\/\">Southport 29.6.24 Messermorde<\/a>\u00a0(5.8.2024)<\/li>\n<li><a href=\"https:\/\/www.freiburg-schwarzwald.de\/blog\/regio\/freiburg\/wiehre\/\">21-j\u00e4hriger Algerier ersticht 77-j\u00e4hrigen Hausbesitzer am Lorettoberg<\/a>\u00a0(24.7.2024)<\/li>\n<li><a href=\"https:\/\/www.freiburg-schwarzwald.de\/blog\/verantwortungslose-wendehaelse\/\">Verantwortungslose Wendeh\u00e4lse<\/a>\u00a0(1.8.2024)<\/li>\n<li>Talahon \u2013 Gangsta mit Gucci-Cap, Jogginghose und Lacoste Shirt (28.7.2024)<\/li>\n<li><\/li>\n<li><a href=\"https:\/\/www.freiburg-schwarzwald.de\/blog\/global\/integration\/fluechtlinge-kriminalitaet\/\">Fluechtlinge-Kriminalitaet<\/a><\/li>\n<li><a href=\"https:\/\/www.freiburg-schwarzwald.de\/blog\/religion\/islam\/islamismus\/\">Islamismus<\/a><\/li>\n<li><a href=\"https:\/\/www.freiburg-schwarzwald.de\/blog\/selbsthilfe\/krise\/gewalt\/jugendgewalt\/\">Jugendgewalt<\/a><\/li>\n<li><a href=\"https:\/\/www.freiburg-schwarzwald.de\/blog\/selbsthilfe\/krise\/gewalt\/kindergewalt\/\">Kindergewalt<\/a><\/li>\n<li><a href=\"https:\/\/www.freiburg-schwarzwald.de\/blog\/global\/migration\/migrantenkinder\/\">Migrantenkinder<\/a><\/li>\n<li><a href=\"https:\/\/www.freiburg-schwarzwald.de\/blog\/global\/migration\/migration-maenner\/\">Migration-Maenner<\/a><\/li>\n<\/ul>\n<p>Talahon = &#8222;komm her!&#8220; (arabisch), 10-25 Jahre alt, migrantisch , Gruppenmitglied<br \/>\nTalahon = weniger cooler Jugendtrend als Islamisierungsagenda<br \/>\n==========================================================<\/p>\n<p>&nbsp;<\/p>\n<p><strong>Talahon Weihnachtsmann<\/strong><br \/>\nEin satirischer \u201cWeihnachtsgru\u00df\u201d vom neuen syrischen Machthaber bzw. vom unverwechselbaren, unerreichten Berliner Memelord \u201cSnicklink.\u201d<br \/>\n19.12.2024<br \/>\n<a href=\"https:\/\/www.youtube.com\/watch?v=o2pSj3S_0JY&amp;t=2s\">https:\/\/www.youtube.com\/watch?v=o2pSj3S_0JY&amp;t=2s<\/a><\/p>\n<p>Einige Kommentare<br \/>\nWie kann man den Humor nicht lieben? Einfach unvergelichlich gut gemacht jedes Mal. Steve<br \/>\n.<br \/>\nman k\u00f6nnte nur heulen, aber danke das bringt ein zum Lachen und nicht aufgeben. Sch\u00f6ne Weihnachten euch, Silvio<br \/>\n.<br \/>\nDir auch sch\u00f6ne friedliche und hausdurchsuchungsfreie Weihnachten, Snickie! Danke f\u00fcr Deine unerm\u00fcdliche Arbeit gegen den Wahnsinn! McSteph<br \/>\nEnde Kommentare<\/p>\n<p>&nbsp;<\/p>\n<p><strong>Talahon \u2013 Gangsta mit Gucci-Cap, Jogginghose und Lacoste Shirt<\/strong><br \/>\nSeit einigen Tagen geistert ein neuer Jugendtrend durchs Internet. Zuerst (wie immer) auf TikTok \u2013 jetzt erobert er X, YouTube, Online-Artikel und Instagram. Man kann ihn nicht mehr umgehen. Und auch, wenn man den sozialen Medien abgeschworen hat, ist das Ph\u00e4nomen kaum zu ignorieren \u2013 vor allem, wenn man in deutschen Gro\u00dfst\u00e4dten durch die Fu\u00dfg\u00e4ngerzone l\u00e4uft.<br \/>\nDie Rede ist vom sogenannten Talahon. <a href=\"https:\/\/www.tiktok.com\/@talahon_talahon\">https:\/\/www.tiktok.com\/@talahon_talahon<\/a> Sie haben diesen Begriff noch nie geh\u00f6rt? Ich wette, zumindest haben Sie schon mal einen auf der Stra\u00dfe gesehen. Falls Sie eine kurze Personenbeschreibung ben\u00f6tigen: Der Talahon ist zwischen 10 und 25 Jahren alt, migrantisch, tr\u00e4gt nicht ganz echte Markenklamotten, ist meist in einer Gruppe unterwegs, und es ziert ihn gern ein sp\u00e4rlicher Oberlippenbart. Schattenboxen, E-Roller und ein ausdrucksstarkes Parf\u00fcm geh\u00f6ren ebenfalls zu seinen Erkennungszeichen.<\/p>\n<p>Talahon kommt aus dem Arabischen (\u201etaeal huna\u201c) <a href=\"https:\/\/www.dasding.de\/newszone\/tiktok-deutschland-talahon-was-ist-das-100.html\">https:\/\/www.dasding.de\/newszone\/tiktok-deutschland-talahon-was-ist-das-100.html<\/a> und bedeutet so viel wie \u201eKomm her\u201c. Verbreitet wurde der Ausdruck durch den Song \u201eTa3al Lahon\u201c von HASSAN <a href=\"https:\/\/www.youtube.com\/watch?v=m6PrHy5R9Dk\">https:\/\/www.youtube.com\/watch?v=m6PrHy5R9Dk<\/a> . Im Musikvideo zu sehen: Plattenbau im Hintergrund, Sturmhaube, Pistolen und Messer \u2013 also die Grundausstattung f\u00fcr Gangster-Rapper. Der Clip wird mit folgenden Worten eingeleitet: \u201eDas folgende Video dient rein der Unterhaltung und ist darstellende Kunst. Bei allen gezeigten Waffen und Bet\u00e4ubungsmitteln, handelt es sich ausschlie\u00dflich um Requisiten. Textliche Inhalte sind frei erfunden.\u201c Man muss sich schlie\u00dflich absichern, w\u00e4hrend man Texte <a href=\"https:\/\/genius.com\/Hassan-deu-ta3al-lahon-lyrics\">https:\/\/genius.com\/Hassan-deu-ta3al-lahon-lyrics<\/a> von sich gibt wie diesen <a href=\"https:\/\/genius.com\/32247297\">https:\/\/genius.com\/32247297<\/a> :<br \/>\n<em>\u201eTa3al lahon, ich zieh\u2018 dich zur Ecke<\/em><br \/>\n<em>Deine Jungs sehen, wie ich in dir Messer steche (Messer)<\/em><br \/>\n<em>Blut lecke und stecke deine Leiche in S\u00e4cke, weh (S\u00e4cke)\u201c<\/em><br \/>\n&#8230;<br \/>\nDie gr\u00f6\u00dfte Sorge von einigen Journalisten scheint also einmal mehr zu sein, dass der Trend instrumentalisiert wird. Nat\u00fcrlich von rechts. Was auch sonst? Dass es sich hier um eine Selbstbezeichnung und Selbstdarstellung handelt und der migrantische aggressive und kriminelle Jugendliche durchaus ein reales Problem darstellt, wird nur so nebenbei wahrgenommen.<br \/>\nAber immerhin wird das Weltbild der Talahon und ihre Haltung zu Frauen kritisiert. Die Allgemeine Zeitung bezeichnet die Talahons als \u201egewaltt\u00e4tiges, kriminelles und frauenfeindliches Stereotyp\u201c. Ins Freibad d\u00fcrften Freundinnen der Talahon zum Beispiel nicht, weil da andere M\u00e4nner sind \u2013 \u201etoxische M\u00e4nnlichkeit\u201c, um die Tagesschau zu zitieren. Zu viel Kontakt mit anderen Jungs, Ungehorsam oder bereits erfolgte Entjungferung sind bei den Talahons ebenfalls nicht gern gesehen. Den M\u00e4nnern scheint hingegen jede T\u00fcr offen zu stehen, das k\u00f6nnte man zumindest aufgrund diesem TikTok Video <a href=\"https:\/\/www.tiktok.com\/@serhanpolo\/video\/7388491383805447456\">https:\/\/www.tiktok.com\/@serhanpolo\/video\/7388491383805447456 <\/a>schlie\u00dfen. Vier Frauen f\u00fcr einen Talahon, na hoffentlich wird ihm das nicht zu viel.<br \/>\n&#8230; Alles vom 28.7.2024 von Marie Wiesner bitte lesen auf<br \/>\n<a href=\"https:\/\/www.achgut.com\/artikel\/talahon_gangsta_mit_gucci_cap_jogginghose_und_lacoste_shirt\">https:\/\/www.achgut.com\/artikel\/talahon_gangsta_mit_gucci_cap_jogginghose_und_lacoste_shirt<\/a><br \/>\n.<br \/>\nEinige Kommentare:<br \/>\nHier geht es wohl kaum um einen Trend irgendwie \u201emigrantischer\u201c Jugendlicher, eher um eine Ausweitung von terroristischen Strategieelementen der Islamisierungsagenda, zu denen \u00fcbrigens auch die exorbitante Kriminalit\u00e4t der muslimischen Bev\u00f6lkerung z\u00e4hlt. Dogmatisches Fundament ist wie immer die Doktrin der Rechtm\u00e4ssigkeit von Gewalt, Pl\u00fcnderung und Terror gegen alle, die sich nicht zum Islam bekehren, praktisch setzt es auf die bekannte Hassmasken-Masche auf. Ziel ist wie immer die Zersetzung der Restbest\u00e4nde europ\u00e4ischer Zivilisation und Lebenswelt, der \u00f6ffentlichen Ordnung ganz allgemein. Dergleichen wird von bezahlten Strategen ausgeheckt und dann \u00fcber Moscheevereine und Influencer systematisch verbreitet. In letzter Instanz ist es Moslempapa, der seinen Z\u00f6glingen denselben Hass auf \u201eChristeneurop\u00e4er\u201c einimpft, wie es seine Glaubensbr\u00fcder in den PLO- und Hamas-Gebieten in Bezug auf j\u00fcdische Israelis tun. In osteurop\u00e4ischen L\u00e4ndern sind solche Strategien aus den Zeiten osmanischer Raubz\u00fcge und Besatzungen \u00fcbrigens nocht recht gut bekannt. In Deutschland werden die Erfolgsaussichten solcher Methoden durch die grenzenlose Toleranzmeierei und den Wurschtegalismus der Restdeutschen noch zus\u00e4tzlich bef\u00f6rdert. Die Verbreitung \u00fcber Tiktok legt nahe, dass neben den China-Kommunisten auch BRD-Staatsicherheitsorgane mitsteuern. L.Sch<br \/>\n.<br \/>\n\u201cDer muslimische Islam-Experte Ahmad Mansour hat Alarm geschlagen angesichts der Probleme, die sog. Talahons t\u00e4glich an Schulen verursachen. \u201eM\u00e4dchen werden gezwungen, Kopft\u00fccher zu tragen. Es werden Jungs gemobbt.\u201d Das d\u00fcrften wohl Lehrer im Sammelbecken namens Grund\/- Gesamtschule best\u00e4tigen k\u00f6nnen. T.W.<br \/>\n.<br \/>\nTalahon\u2026&#8230;.nur eine weitere Variante der Landnahme, Verachtung unserer Werte und Provokation von Menschen, die ich nicht so gerne als meine Nachbarn h\u00e4tte. Und doch sind sie nicht die Hauptschuldigen. All Jene, die einen solchen Abschaum gew\u00e4hren lassen, sind verantwortlich. S.G.<br \/>\n.<br \/>\nObjektiv betrachtet ist das eine weitere Eskalation des t\u00e4glichen Stra\u00dfenkriegs der Migranten gegen Deutsche. Offen angek\u00fcndigt. Terror in Reinform. Und die \u00f6ffentliche Rezeption durch unsere L\u00fcgenmedien ist wieder einmal Relativierung und Ablenkung. Die Racker wollen doch nur spielen, so sind sie halt (wir Linken d\u00fcrfen das sagen, bei Rechten w\u00e4re das Rassismus). M.U.<br \/>\n.<br \/>\nDas Weltbild und die Selbstdarstellung der Talahon wirkt stupide, albern, kindisch, unreif, pr\u00e4potent, vulg\u00e4r, egoistisch, sexistisch, brutal. Ihr exzessives pubert\u00e4res Gehabe ist wie eine Karikatur der m\u00e4nnlichen Pubert\u00e4t. Aber sie wirken dennoch viel nat\u00fcrlicher, m\u00e4nnlicher, lebensf\u00e4higer als die hypersensiblen Weicheier, die bei jedem harten Wort hyperventilieren oder die Windeln voll machen. Wen bevorzugt das weibliche Geschlecht und die Evolution? Den faden Schlappschwanz, der sich gef\u00fchlt f\u00fcr seinen Penis entschuldigt, oder den schwanzfixierten Gro\u00dfmaul, der wenigstens m\u00e4nnlich wirkt? Eine kluge, starke Frau kann ihren stupiden Junghengst z\u00e4umen und lenken, aber beim \u00f6den Schlappschwanz lohnt sich die M\u00fche gar nicht T.S.<br \/>\nEnde Kommentare<\/p>\n","protected":false},"excerpt":{"rendered":"<p>Home\u00a0&gt;Selbsthilfe\u00a0&gt;Soziales\u00a0&gt;Justiz\u00a0&gt;Migration\u00a0&gt;Messerstecher &gt;Talahon Listenauswahl eines Beitrags: Bitte anklicken oder runterscrollen Talahon Weihnachtsmann (19.12.2024) Southport 29.6.24 Messermorde\u00a0(5.8.2024) 21-j\u00e4hriger Algerier ersticht 77-j\u00e4hrigen Hausbesitzer am Lorettoberg\u00a0(24.7.2024) Verantwortungslose Wendeh\u00e4lse\u00a0(1.8.2024) Talahon \u2013 Gangsta mit Gucci-Cap, Jogginghose und Lacoste Shirt (28.7.2024) Fluechtlinge-Kriminalitaet Islamismus Jugendgewalt Kindergewalt Migrantenkinder Migration-Maenner &hellip; <a href=\"https:\/\/www.freiburg-schwarzwald.de\/blog\/global\/migration\/talahon\/\">Weiterlesen <span class=\"meta-nav\">&rarr;<\/span><\/a><\/p>\n","protected":false},"author":2,"featured_media":0,"parent":9150,"menu_order":0,"comment_status":"closed","ping_status":"closed","template":"","meta":{"footnotes":""},"class_list":["post-125828","page","type-page","status-publish","hentry"],"_links":{"self":[{"href":"https:\/\/www.freiburg-schwarzwald.de\/blog\/wp-json\/wp\/v2\/pages\/125828","targetHints":{"allow":["GET"]}}],"collection":[{"href":"https:\/\/www.freiburg-schwarzwald.de\/blog\/wp-json\/wp\/v2\/pages"}],"about":[{"href":"https:\/\/www.freiburg-schwarzwald.de\/blog\/wp-json\/wp\/v2\/types\/page"}],"author":[{"embeddable":true,"href":"https:\/\/www.freiburg-schwarzwald.de\/blog\/wp-json\/wp\/v2\/users\/2"}],"replies":[{"embeddable":true,"href":"https:\/\/www.freiburg-schwarzwald.de\/blog\/wp-json\/wp\/v2\/comments?post=125828"}],"version-history":[{"count":5,"href":"https:\/\/www.freiburg-schwarzwald.de\/blog\/wp-json\/wp\/v2\/pages\/125828\/revisions"}],"predecessor-version":[{"id":129885,"href":"https:\/\/www.freiburg-schwarzwald.de\/blog\/wp-json\/wp\/v2\/pages\/125828\/revisions\/129885"}],"up":[{"embeddable":true,"href":"https:\/\/www.freiburg-schwarzwald.de\/blog\/wp-json\/wp\/v2\/pages\/9150"}],"wp:attachment":[{"href":"https:\/\/www.freiburg-schwarzwald.de\/blog\/wp-json\/wp\/v2\/media?parent=125828"}],"curies":[{"name":"wp","href":"https:\/\/api.w.org\/{rel}","templated":true}]}}