{"id":125567,"date":"2024-07-22T17:14:46","date_gmt":"2024-07-22T15:14:46","guid":{"rendered":"https:\/\/www.freiburg-schwarzwald.de\/blog\/?page_id=125567"},"modified":"2026-04-04T09:41:12","modified_gmt":"2026-04-04T07:41:12","slug":"vance","status":"publish","type":"page","link":"https:\/\/www.freiburg-schwarzwald.de\/blog\/global\/usa\/vance\/","title":{"rendered":"Vance"},"content":{"rendered":"<p>Home &gt;<a title=\"\u00b4Global\" href=\"https:\/\/www.freiburg-schwarzwald.de\/blog\/global\/\">Global<\/a>\u00a0&gt;<a title=\"Partnerschaft\" href=\"https:\/\/www.freiburg-schwarzwald.de\/blog\/engagement\/partnerschaft\/\">Partnerschaft<\/a>\u00a0&gt;<a title=\"USA\" href=\"https:\/\/www.freiburg-schwarzwald.de\/blog\/global\/usa\/\">USA<\/a> &gt;<a href=\"https:\/\/www.freiburg-schwarzwald.de\/blog\/global\/usa\/biden\/\">Biden<\/a> &gt;<a href=\"https:\/\/www.freiburg-schwarzwald.de\/blog\/global\/usa\/trump\/\">Trump<\/a> &gt;Vance<\/p>\n<div id=\"attachment_144392\" style=\"width: 650px\" class=\"wp-caption alignnone\"><a href=\"https:\/\/www.freiburg-schwarzwald.de\/blog\/wp-content\/uploads\/2026\/01\/vance-msc202502pan.jpg\"><img loading=\"lazy\" decoding=\"async\" aria-describedby=\"caption-attachment-144392\" class=\"size-full wp-image-144392\" src=\"https:\/\/www.freiburg-schwarzwald.de\/blog\/wp-content\/uploads\/2026\/01\/vance-msc202502pan.jpg\" alt=\"\" width=\"640\" height=\"382\" srcset=\"https:\/\/www.freiburg-schwarzwald.de\/blog\/wp-content\/uploads\/2026\/01\/vance-msc202502pan.jpg 640w, https:\/\/www.freiburg-schwarzwald.de\/blog\/wp-content\/uploads\/2026\/01\/vance-msc202502pan-180x107.jpg 180w\" sizes=\"auto, (max-width: 640px) 100vw, 640px\" \/><\/a><p id=\"caption-attachment-144392\" class=\"wp-caption-text\">JD Vance auf der M\u00fcnchener Sicherheitskonferenz MSC am 14.2.2025<\/p><\/div>\n<ul>\n<li><em>Listenauswahl eines Beitrags (Artikel\/Datum, Seite\/Inhalt):\u00a0<span style=\"text-decoration: underline;\">Klicken<\/span>\u00a0oder scrollen<\/em><\/li>\n<li><a href=\"https:\/\/www.freiburg-schwarzwald.de\/blog\/irankrieg-trump-us-interessen\/\">Irankrieg: Trump US-Interessen<\/a>\u00a0(4.4.2026)<\/li>\n<li><a href=\"https:\/\/www.freiburg-schwarzwald.de\/blog\/global\/eu\/europa\/europa-usa\/\">Vice President JD Vance warnt vor einem \u201eislamistisch ausgerichteten\u201c Westeuropa<\/a>\u00a0(30.12.2025)<\/li>\n<li><a href=\"https:\/\/www.freiburg-schwarzwald.de\/blog\/national-security-strategy-usa\/\">National Security Strategy \u2013 USA<\/a>\u00a0(6.12.2025)<\/li>\n<li>Ergreifend, ersch\u00fctternd und grundehrlich: \u201eHillbilly-Elegie\u201c von J.D. Vance (3.12.2025)<\/li>\n<li><a href=\"https:\/\/www.freiburg-schwarzwald.de\/blog\/global\/usa\/kirk\/\">Die Symbolik des Charlie Kirk Attentats<\/a>\u00a0(17.9.2025)<\/li>\n<li>J.D. Vance spricht Klartext: Deutschlands zivilisatorischer Selbstmord (8.8.2025)<\/li>\n<li>Vance: Ich liebe Europa, aber l\u00f6st euer Migrationsproblem (15.4.2025)<\/li>\n<li>Hoffnung und Freiheit ist ein zutiefst amerikanisches Prinzip (26.3.2025)<\/li>\n<li><a href=\"https:\/\/www.freiburg-schwarzwald.de\/blog\/engagement\/zukunft\/demokratie\/eliten\/eliten-netzwerk\/\">Eliten-Netzwerk als Kathedrale<\/a>\u00a0(26.3.2025)<\/li>\n<li><a href=\"https:\/\/www.freiburg-schwarzwald.de\/blog\/global\/usa\/doge\/\">Effizient-Department DOGE gegen den Deep State<\/a>\u00a0(20.3.2025)<\/li>\n<li><a href=\"https:\/\/www.freiburg-schwarzwald.de\/blog\/engagement\/zukunft\/demokratie\/eliten\/eliten-netzwerk\/\">Kathedrale als Eliten-Netzwerk \u2013 Wer ist Curtis Yarvin?<\/a>\u00a0(20.3.2025)<\/li>\n<li>Warum Trump Russland nicht als Bedrohung ansieht (27.2.2025)<\/li>\n<li>Zur Rede von JD Vance (21.2.2025)<\/li>\n<li><a href=\"https:\/\/www.freiburg-schwarzwald.de\/blog\/aufruestung-nach-ua-kriegsende\/\">Aufr\u00fcstung nach UA-Kriegsende?<\/a>\u00a0(21.2.2025)<\/li>\n<li><em><strong>Die Rede von JD Vance auf der M\u00fcnchner Sicherheitskonferenz im Original und \u00dcbersetzung (14.2.2025)<\/strong><\/em><\/li>\n<li>Rede von J.D. Vance am 14.2.2025 in <a href=\"https:\/\/www.freiburg-schwarzwald.de\/blog\/muenchen-anschlag-vance-msc\/\">M\u00fcnchen MSC<\/a>, auf Deutsch vorgetragen (14.2.2025)<\/li>\n<li><a href=\"https:\/\/www.freiburg-schwarzwald.de\/blog\/cbs-der-haessliche-deutsche\/\">CBS \u2013 der h\u00e4ssliche Deutsche<\/a>\u00a0(18.2.2025)<\/li>\n<li><a href=\"https:\/\/www.freiburg-schwarzwald.de\/blog\/was-ist-das-fuer-ein-land\/\">Was ist das f\u00fcr ein Land?<\/a>\u00a0(18.2.2025)<\/li>\n<li>JD Vance redet 30 min zu den -Unschuldigen vom Dienst (16.2.2025)<\/li>\n<li><a href=\"https:\/\/www.freiburg-schwarzwald.de\/blog\/muenchen-anschlag-vance-msc\/\">M\u00fcnchen: Anschlag \u2013 Vance MSC<\/a>\u00a0(14.2.2025)<\/li>\n<li>JHillbilly-Elegie von J. D. Vance: Buchrezension (11.10.2024)<\/li>\n<li>Vorwurf von Rep-Vizekandidat Vance an Dem-Vizekandidat Walz (7.8.2024)<\/li>\n<li><a href=\"https:\/\/www.freiburg-schwarzwald.de\/blog\/global\/usa\/vance\/\">Vance-Buch: Kontaktschuld\u00a0 Marketing-Trick<\/a>\u00a0(29.7.2024)<\/li>\n<li>Ein neuer Faktor: J.D. Vance (22.7.2024)<\/li>\n<li><a href=\"https:\/\/www.freiburg-schwarzwald.de\/blog\/vance-d-ist-kein-vasall-der-usa\/\">Vance: D ist kein Vasall der USA<\/a>\u00a0(22.7.2024)<\/li>\n<li><a href=\"https:\/\/www.freiburg-schwarzwald.de\/blog\/global\/usa\/us-wahl5-nov2024\/\">Die geschichtsblinde Daueragitation gegen Trump<\/a>\u00a0(20.7.2024)<\/li>\n<li><a href=\"https:\/\/www.freiburg-schwarzwald.de\/blog\/innerer-frieden-in-usa-wie-in-d\/\">Innerer Frieden in USA wie in D \u2013 1. Rede von Trump nach dem Attentat<\/a>\u00a0(19.7.2024)<\/li>\n<li><a href=\"https:\/\/www.freiburg-schwarzwald.de\/blog\/mordversuch-an-donald-trump\/\">Mordversuch an Donald Trump<\/a>\u00a0(14.7.2924)<\/li>\n<li><\/li>\n<li><a href=\"https:\/\/www.freiburg-schwarzwald.de\/blog\/global\/usa\/doge\/\">DOGE<\/a><\/li>\n<li><a href=\"https:\/\/www.freiburg-schwarzwald.de\/blog\/engagement\/zukunft\/demokratie\/muenchen13feb2025\/\">M\u00fcnchen13Feb2025<\/a><\/li>\n<li><a href=\"https:\/\/www.freiburg-schwarzwald.de\/blog\/global\/usa\/usa-trump\/\">Trump<\/a><\/li>\n<li><a href=\"https:\/\/www.freiburg-schwarzwald.de\/blog\/global\/usa\/usa-national-security-strategy\/\">USA-National-Security-Strategy<\/a><\/li>\n<\/ul>\n<p><em>\u201eWir sind es unseren europ\u00e4ischen Partnern schuldig, ehrlich zu sein: Die Amerikaner wollen Verb\u00fcndete in Europa,\u00a0<strong>keine Vasall-Staaten<\/strong>, und unsere Gro\u00dfz\u00fcgigkeit in der Ukraine neigt sich dem Ende zu. Die Europ\u00e4er sollten die Beendigung des Krieges in der Ukraine als ein Gebot der Stunde betrachten. Sie m\u00fcssen ihre industriellen und milit\u00e4rischen F\u00e4higkeiten weiter ausbauen. Und Europa sollte sich \u00fcberlegen, wie genau es mit Russland leben will, wenn der Krieg in der Ukraine vorbei ist.\u201c<br \/>\n(J.D. Vance im Februar 2024)<br \/>\n.<br \/>\n<strong>Der berechtigte Vorwurf von Vance an Europa:<\/strong><br \/>\nJD Vance: &#8222;Europa ist keine Demokratie, weil es abweichende Meinungen nicht akzeptiert&#8220;<br \/>\nEuropa: &#8222;Die abweichende Meinung von JD Vance ist nicht akzeptabel&#8220;<br \/>\n.<br \/>\n&#8222;Die gro\u00dfe St\u00e4rke von J. D. Vance zeigt sich darin, dass ein Attentat auf Trump jetzt nicht mehr gen\u00fcgt.&#8220; (Michael Klonovsky, 10.3.2025)<br \/>\n<\/em>=========================================================<\/p>\n<p>&nbsp;<\/p>\n<p><strong>Ergreifend, ersch\u00fctternd und grundehrlich: \u201eHillbilly-Elegie\u201c von J.D. Vance<\/strong><br \/>\nEs w\u00e4re viel zu kurz gegriffen, die Erinnerungen von J.D. Vance als MAGA-Leitfaden zu definieren. In erster Linie ist es eine faszinierende Geschichte, die vom Leben seiner \u201eHinterw\u00e4ldler\u201c-Familie aus Kentucky und Ohio erz\u00e4hlt. Vance zeichnet sie mit viel Liebe, doch er schaut genau hin &#8211; ohne jemals abf\u00e4llig zu werden.<\/p>\n<p>2016 waren die amerikanischen Linken geschockt. Ausgerechnet Arbeiter, also eine W\u00e4hlerschicht, die man sicher in der Tasche w\u00e4hnte, hatten Trump zum Sieg verholfen. Die Partei hatte sich offensichtlich von ihren Stammw\u00e4hlern entfernt. Wie konnte das passieren? Das Buch \u201eHillbilly-Elegie\u201c, erschienen im Wahlkampfsommer 2016, war binnen Wochen auf den Bestsellerlisten und laut New York Times <a href=\"https:\/\/www.nytimes.com\/2016\/11\/10\/books\/6-books-to-help-understand-trumps-win.html\">https:\/\/www.nytimes.com\/2016\/11\/10\/books\/6-books-to-help-understand-trumps-win.html<\/a> eines der sechs besten B\u00fccher um zu verstehen, warum Trump gewonnen hatte.<br \/>\nHie\u00df es im Juni 2016 noch \u201eJ.D. Wer?\u201c, war er pl\u00f6tzlich \u201eDer Bestsellerautor Vance\u201c und seine Memoiren \u201eeine mitf\u00fchlende, anspruchsvolle soziologische Analyse der wei\u00dfen Unterklasse\u201c, die dazu beigetragen h\u00e4tte, die \u201ePolitik der MAGA [Make America Great Again \u2013 Anm. d. Redaktion] Rebellion voranzutreiben, und somit den Aufstieg von Donald J. Trump\u201c.<br \/>\nWeiter hie\u00df es, etwas z\u00e4hneknirschend, \u201edurch die Kombination aus reflektierter Analyse mit eigenen Erfahrungen hat Vance versehentlich ein zivilisiertes Nachschlagewerk f\u00fcr eine unzivilisierte Wahl geliefert, und er hat dies in einem Vokabular getan, das sowohl f\u00fcr Demokraten als auch f\u00fcr Republikaner verst\u00e4ndlich ist.\u201c<br \/>\nDabei ist es viel zu kurz gegriffen, \u201eHillbilly-Elegie\u201c als MAGA-Leitfaden zu definieren. In erster Linie ist es ein faszinierendes und unterhaltsames Buch, was das Leben einer Hillbilly-Familie (das deutsche Hinterw\u00e4ldler trifft es vielleicht am besten) aus Kentucky und Ohio beschreibt. Manche w\u00fcrden sagen White Trash, aber Vance zeichnet seine Familie mit viel Liebe, er schaut zwar genau hin, aber beschreibt ohne<br \/>\n&#8230; Alles vom 3.12.2025 von Susanne Heger bitte lesen auf<br \/>\n<a href=\"https:\/\/www.tichyseinblick.de\/feuilleton\/buecher\/ergreifend-erschuetternd-und-grundehrlich-hillbilly-elegie\/\">https:\/\/www.tichyseinblick.de\/feuilleton\/buecher\/ergreifend-erschuetternd-und-grundehrlich-hillbilly-elegie\/<\/a><\/p>\n<p><em>J.D. Vance, Hillbilly-Elegie. Die Geschichte meiner Familie und einer Gesellschaft in der Krise. YES Publishing, Paperback, 304 Seiten, 18,00 \u20ac<\/em><\/p>\n<p>&nbsp;<\/p>\n<p><strong>J.D. Vance spricht Klartext: Deutschlands zivilisatorischer Selbstmord<\/strong><br \/>\nUS-Vizepr\u00e4sident J.D. Vance spricht aus, was hierzulande kaum jemand zu sagen wagt. Deutschland begeht zivilisatorischen Selbstmord, verursacht durch ideologische Verblendung, wirtschaftliche Selbstzerst\u00f6rung und eine Migrationspolitik, die Probleme statt Fachkr\u00e4fte importiert.<br \/>\n<a href=\"https:\/\/www.spectator.co.uk\/article\/j-d-vance-is-right-about-germanys-civilisational-suicide\/#comments-container\">https:\/\/www.spectator.co.uk\/article\/j-d-vance-is-right-about-germanys-civilisational-suicide\/#comments-container<\/a><br \/>\n&#8230;<br \/>\n\u201eWenn ein Land wie Deutschland noch ein paar Millionen weitere Einwanderer aus kulturell v\u00f6llig inkompatiblen L\u00e4ndern aufnimmt, dann ist es egal, was ich \u00fcber Europa denke (\u2026) Deutschland wird sich selbst umbringen. Und ich hoffe, dass es das nicht tut, weil ich Deutschland liebe und m\u00f6chte, dass es prosperiert.\u201c<br \/>\n\u201cW\u00e4hrend die USA diese Entwicklungen aus der Ferne beobachten, verbreiten die deutschen Mainstream-Medien weiterhin das Narrativ, dass das Land j\u00e4hrlich 400.000 \u201eFachkr\u00e4fte\u201c ben\u00f6tige, obwohl fast vier Millionen arbeitsf\u00e4hige Menschen bereits Sozialleistungen beziehen, fast die H\u00e4lfte davon ohne deutschen Pass. Z\u00e4hlt man jene mit deutschem Pass, aber aus dem Ausland stammend, dazu, steigt der Anteil auf rund 64 Prozent\u201d.<br \/>\n&#8230; Alles vom 8.8.2025 bitte lesen auf<br \/>\n<a href=\"https:\/\/www.tichyseinblick.de\/meinungen\/deutschlands-zivilisatorischer-selbstmord-jd-vance\/\">https:\/\/www.tichyseinblick.de\/meinungen\/deutschlands-zivilisatorischer-selbstmord-jd-vance\/<\/a><\/p>\n<p>&nbsp;<\/p>\n<p><strong>Vance: Ich liebe Europa, aber l\u00f6st euer Migrationsproblem<\/strong><br \/>\nUS-Vizepr\u00e4sident JD Vance ermutigt Europa zum Kurswechsel \u2013 in der Migrationspolitik, Sicherheits- und Handelspolitik. Statt sich weiter von den USA alimentieren und dominieren zu lassen, soll Europa endlich erwachsen werden \u2013 und aufh\u00f6ren, den Willen der eigenen W\u00e4hler chronisch zu ignorieren.<br \/>\n\u201eIch habe mehrfach betont, dass sich die amerikanische Kultur nicht von der europ\u00e4ischen trennen l\u00e4sst. Wir sind in vielerlei Hinsicht ein Produkt europ\u00e4ischer Philosophie, Theologie und nat\u00fcrlich der Migrationsbewegungen, die aus Europa kamen und zur Entstehung der Vereinigten Staaten von Amerika f\u00fchrten\u201c, sagte Vance.<br \/>\n&#8230;<br \/>\n\u201eWir \u2013 und mit \u201awir\u2018 meine ich mich, den Pr\u00e4sidenten [Donald Trump] und nat\u00fcrlich die gesamte Trump-Regierung \u2013 sind sehr frustriert dar\u00fcber, dass die europ\u00e4ische Bev\u00f6lkerung immer wieder nach vern\u00fcnftigeren wirtschaftlichen und migrationspolitischen Entscheidungen ruft, die europ\u00e4ischen Regierungen jedoch weiterhin nach Wahlen V\u00f6lkern genau das Gegenteil dessen liefern, was diese gew\u00e4hlt haben.\u201c<br \/>\n&#8230;<br \/>\n\u201eDas gesamte demokratische Projekt des Westens zerf\u00e4llt, wenn die Leute immer wieder weniger Migration fordern \u2013 und daf\u00fcr von ihren F\u00fchrungen mit noch mehr Migration \u201abelohnt\u2018 werden.\u201c Er kritisierte zudem die europ\u00e4ische Sicherheitspolitik scharf: \u201eDie Realit\u00e4t ist \u2013 und das klingt hart, ist aber wahr \u2013 dass die gesamte Sicherheitsarchitektur Europas, solange ich lebe, von den Vereinigten Staaten von Amerika subventioniert wird.\u201c<br \/>\n&#8230;<br \/>\n\u201eEurop\u00e4ische Regierungen haben \u00fcber Jahrzehnte hinweg drastisch zu wenig in ihre Sicherheit investiert \u2013 das muss sich \u00e4ndern.\u201c<br \/>\n&#8230;<br \/>\n\u201eIch halte ein unabh\u00e4ngigeres Europa nicht f\u00fcr schlecht f\u00fcr die Vereinigten Staaten \u2013 im Gegenteil, es ist gut f\u00fcr uns\u201c, so Vance. \u201eWenn man die Geschichte betrachtet, waren die Briten und Franzosen in ihrem Widerspruch zu Eisenhower bez\u00fcglich des Suezkanals r\u00fcckblickend wohl im Recht.\u201c Ebenso glaube er, \u201edass viele europ\u00e4ische L\u00e4nder mit ihrer Skepsis gegen\u00fcber der Invasion des Irak richtig lagen\u201c.<br \/>\n\u201eUnd ehrlich gesagt: W\u00e4ren die Europ\u00e4er damals ein wenig unabh\u00e4ngiger gewesen, h\u00e4tten mehr R\u00fcckgrat gezeigt \u2013 vielleicht h\u00e4tte die Welt sich die strategische Katastrophe ersparen k\u00f6nnen, die die amerikanisch gef\u00fchrte Invasion im Irak darstellte.\u201c Und weiter: \u201eIch will nicht, dass die Europ\u00e4er einfach nur das tun, was die Amerikaner ihnen sagen. Das liegt weder in ihrem Interesse noch in unserem\u201c, so der US-Vizepr\u00e4sident.<br \/>\n&#8230;<br \/>\nDas Verh\u00e4ltnis zu Gro\u00dfbritannien sei deutlich ausgewogener als jenes zu Deutschland, so Vance: \u201eObwohl wir die Deutschen m\u00f6gen, sind sie stark auf den Export in die USA angewiesen \u2013 zugleich verhalten sie sich jedoch gegen\u00fcber amerikanischen Unternehmen, die nach Deutschland exportieren m\u00f6chten, ziemlich restriktiv.\u201c<br \/>\nEr w\u00fcnsche sich \u201emehr Fairness\u201c in den Handelsbeziehungen. \u201eWir sehen Europa ganz klar als unseren Verb\u00fcndeten. Aber wir w\u00fcnschen uns ein B\u00fcndnis, in dem Europa mehr Eigenst\u00e4ndigkeit zeigt \u2013 und das muss sich auch in Sicherheits- und Handelsbeziehungen widerspiegeln.\u201c<br \/>\n&#8230;<br \/>\n\u201eWir sehen Europa ganz klar als unseren Verb\u00fcndeten. Aber wir w\u00fcnschen uns ein B\u00fcndnis, in dem Europa mehr Eigenst\u00e4ndigkeit zeigt \u2013 und das muss sich auch in Sicherheits- und Handelsbeziehungen widerspiegeln.\u201c<br \/>\n&#8230; Alles vom 15.4.2025 bitte lesen auf<br \/>\n<a href=\"https:\/\/www.tichyseinblick.de\/kolumnen\/aus-aller-welt\/jd-vance-europa-migration\/\">https:\/\/www.tichyseinblick.de\/kolumnen\/aus-aller-welt\/jd-vance-europa-migration\/<\/a><\/p>\n<p>Dieser \u00fcbersetzte Beitrag ist zuerst bei Brussels Signal erschienen:<br \/>\n<a href=\"https:\/\/brusselssignal.eu\/2025\/04\/us-vp-vance-i-love-you-europe-but-sort-out-your-immigration-problem\/\">https:\/\/brusselssignal.eu\/2025\/04\/us-vp-vance-i-love-you-europe-but-sort-out-your-immigration-problem\/<\/a><\/p>\n<p>JD Vance: My message to Europe America doesn\u2019t want a vassal continent<br \/>\n<a href=\"https:\/\/unherd.com\/2025\/04\/jd-vance-my-message-to-europe\/\">https:\/\/unherd.com\/2025\/04\/jd-vance-my-message-to-europe\/<\/a><\/p>\n<p>&nbsp;<\/p>\n<p><strong>Warum Trump Russland nicht als Bedrohung ansieht<\/strong><br \/>\nZur\u00fcck zu den Ideen von de Gaulle und Adenauer, die ihr eigenes Projekt des Aufbaus eines geeinten Europas hatten \u2014 kein nationales und kein mondialistisches Europa, sondern ein \u201eEuropa der Vaterl\u00e4nder\u201c mit einem nationalen und volkst\u00fcmlichen Geist, ein Europa, das in einer europ\u00e4ischen, nationalen Union vereint ist.<br \/>\nDies ist das europ\u00e4ische Projekt von Trump und Musk. Das sind die Gr\u00fcnde f\u00fcr ihre Unterst\u00fctzung der AfD, Orbans und aller rechtskonservativen Bewegungen in Europa.<br \/>\nTrump sieht Europa nicht als ernsthaften Konkurrenten (genauso wenig, wie er es in Russland sieht), aber er sieht es als ernsthaften Stabilit\u00e4tsfaktor \u2014 vor allem im Falle der Schaffung eines gemeinsamen Sicherheitssystems zwischen Europa und Russland. Daher auch seine \u00c4u\u00dferungen wie: Russland wurde umsonst aus der G8 geworfen, die NATO h\u00e4tte nicht nach Osten erweitert werden d\u00fcrfen, die NATO muss reformiert werden. Und Trump wei\u00df ganz genau, dass nur die Konservativen ein solches neues, vereintes Europa aufbauen k\u00f6nnen (als Gegengewicht zu Russland).<br \/>\nAu\u00dferdem werden sich die Konservativen wirklich um ihr Volk k\u00fcmmern, der unkontrollierten Migration ein Ende setzen und auf eigenen F\u00fc\u00dfen stehen, statt Geld von den USA zu saugen. Und Handel treiben.<br \/>\nDie Last von seinen Schultern nehmen, Europa sich selbst \u00fcberlassen und ein weiteres Gegengewicht zu China zu schaffen \u2014 das sind Trumps geopolitische Pl\u00e4ne.<br \/>\n&#8230;<br \/>\nNicht nur f\u00fcr Europa, sondern auch f\u00fcr uns \u00f6ffnet sich heute ein gro\u00dfes Fenster der M\u00f6glichkeiten. Kulturell geh\u00f6ren wir zu Europa. Trumps Projekt, die mondialistische Macht in Europa zu zerst\u00f6ren, ist auch unser kulturelles Projekt. Auch wir wollen die R\u00fcckkehr zum Europa von Goethe, Shakespeare und Dante. Daher liegt es in unserem Interesse, Trumps Projekt, ein mondialistisches Europa in ein Europa der Patronyme (a4) zu verwandeln, voll und ganz zu unterst\u00fctzen (a5, 3).<br \/>\n&#8230; Alles vom 27.2.2025 bitte lesen auf<br \/>\n<a href=\"https:\/\/peds-ansichten.de\/2025\/02\/eu-mondialismus-globalisten-trump-nationalstaaten-multipolare-welt\/\">https:\/\/peds-ansichten.de\/2025\/02\/eu-mondialismus-globalisten-trump-nationalstaaten-multipolare-welt\/<\/a><\/p>\n<p>&nbsp;<\/p>\n<p><strong>Hoffnung und Freiheit ist ein zutiefst amerikanisches Prinzip<\/strong><br \/>\n\u201eIn seinem Bestseller \u201aHillbilly-Elegie\u2019 schreibt JD Vance: &#8222;Wenn die Zeiten schwer waren, wenn ich von dem Drama und Tumult meiner Jugend \u00fcberw\u00e4ltigt war, wusste ich, dass bessere Zeiten bevorstanden, weil ich in einem Land lebte, das mir erlaubte, dort die richtigen Entscheidungen zu treffen, wo andere geirrt hatten.&#8220;<br \/>\nVerbindung aus Hoffnung und Freiheit ist ein zutiefst amerikanisches Prinzip, das kollektive Offenheit in individuellen Erfolg \u00fcbersetzt. Es lie\u00df Vance aus \u00e4rmlichen Verh\u00e4ltnissen bis ins zweith\u00f6chste Amt der USA aufsteigen. Mit Faschismus hat es nichts zu tun.\u201d<br \/>\n&#8230; Alles vom 26.3.2025 bitte lesen auf<br \/>\n<a href=\"https:\/\/www.klonovsky.de\/2025\/03\/26-maerz-2025\/\">https:\/\/www.klonovsky.de\/2025\/03\/26-maerz-2025\/<\/a><\/p>\n<p>&nbsp;<\/p>\n<p><strong>Zur Rede von JD Vance<\/strong><br \/>\n\u201eIn Dresden geboren und aufgewachsen, geh\u00f6rte der Deutschlandfunk untrennbar zu meinem Leben. Bis er, dessen DNA einst die Freiheit war, sich mir und vielen anderen H\u00f6rern entfremdet hat. Er hatte sich unh\u00f6rbar und entbehrlich gemacht.<br \/>\nW\u00e4hrend der Rede von J.D. Vance hatte ich f\u00fcr 20 Minuten das Gef\u00fchl, wieder meinen alten DLF zu h\u00f6ren.\u201d<br \/>\nVance, da capo: \u201eDeutschlands gesamte Verteidigung wird vom amerikanischen Steuerzahler subventioniert. Es gibt heute Tausende und Abertausende amerikanischer Soldaten in Deutschland. Glauben Sie, dass der amerikanische Steuerzahler das dulden wird, wenn man in Deutschland f\u00fcr das Posten eines b\u00f6sen Tweets ins Gef\u00e4ngnis kommt? Ich m\u00f6chte unseren europ\u00e4ischen Freunden sagen \u2013 und ich denke, dass sie Freunde sind \u2013, dass Freundschaft auf gemeinsamen Werte basiert. Wir haben keine gemeinsamen Werte, wenn Sie Leute einsperren, nur weil die gesagt haben, wir sollten unsere Grenze schlie\u00dfen. Wenn Sie Wahlen absagen, weil Ihnen das Ergebnis nicht gef\u00e4llt wie in Rum\u00e4nien, dann haben wir keine gemeinsamen Werte. Wir haben keine gemeinsamen Werte, wenn man solche Angst vor seinem eigenen Volk hat, dass man es zum Schweigen bringt.\u201c<br \/>\n<a href=\"https:\/\/x.com\/charliekirk11\/status\/1892605022703370421\">https:\/\/x.com\/charliekirk11\/status\/1892605022703370421<\/a><br \/>\n&#8230; Alles vom 21.2.2025 von Michael Klonovsky bitte lesen auf<br \/>\n<a href=\"https:\/\/www.klonovsky.de\/2025\/02\/21-februar-2025\/\">https:\/\/www.klonovsky.de\/2025\/02\/21-februar-2025\/<\/a><\/p>\n<p>&nbsp;<\/p>\n<p><strong>JD Vance redet 30 min zu den -Unschuldigen vom Dienst<\/strong><br \/>\n<em>In M\u00fcnchen erz\u00e4hlte der Vizepr\u00e4sident der USA 30 Minuten lang, was Achgut.com seit 20 Jahren schreibt und verschreckte das Establishment wie der J\u00e4ger das Kitzlein. Da mussten wir uns dann doch erst mal hinsetzen.<\/em><br \/>\n&#8230;<br \/>\nDer amerikanische Vizepr\u00e4sident mischte sich am Freitag bei der M\u00fcnchner Sicherheitskonferenz mit einer Rede in die inneren Angelegenheiten dieses Landes ein und zwar \u201e\u00fcbergriffig\u201c (Friedrich Merz), \u201eirritierend\u201c (Olaf Scholz) und \u201eunakzeptabel\u201c (Boris Pistorius) \u2013 also er verfuhr genauso wie wir. Er kl\u00e4rte die versammelten Honoratioren dar\u00fcber auf, dass ihm weniger der Russe oder der Chinese Kopfzerbrechen bereite, als vielmehr die Repr\u00e4sentanten Europas und Deutschlands, die zwar sonst nichts auf die Reihe kriegen, aber nach seiner Einsch\u00e4tzung z\u00fcgig mit der Demontage der Meinungsfreiheit vorank\u00e4men. Er garnierte das mit dem \u00e4u\u00dferst zielf\u00fchrenden und auch logischen Hinweis: \u201eWenn Sie vor ihren eigenen W\u00e4hlern Angst haben, gibt es nichts, was Amerika f\u00fcr Sie tun kann\u201c. Anders ausgedr\u00fcckt: Wenn ihr k\u00fcnftig die Notrufs\u00e4ule bet\u00e4tigt, gehen wir nicht mehr dran. Ruft halt den ADAC.<br \/>\nDas solcherart direkt angesprochene hochm\u00f6gende Publikum blickte drein wie eine Familie bei der Beerdigung vom astreinen Opa \u2013 und zwar in dem Moment, als der schlecht gebriefte Trauerredner detailliert von seinem tragischen Herzstillstand im Puff erz\u00e4hlt.<br \/>\n\u201eIch habe viel dar\u00fcber geh\u00f6rt, wogegen Sie sich verteidigen m\u00fcssen, und nat\u00fcrlich ist das wichtig\u201c, sagte Vance, \u201eaber was mir und sicherlich vielen B\u00fcrgern Europas etwas weniger klar zu sein scheint, ist, wof\u00fcr genau Sie sich verteidigen\u201c.<br \/>\nFriedrich Merz hatte da offenbar nicht richtig zugeh\u00f6rt, beklagte er doch den Umgang des Amerikaners \u201emit uns Deutschen\u201c. Die Verallgemeinerung der Kritik auf \u201euns Deutsche\u201c ist n\u00e4mlich genau das, was J.D. Vance nicht gemacht hat. Ganz im Gegenteil: Er nahm die europ\u00e4ischen und deutschen B\u00fcrger ausdr\u00fccklich in Schutz gegen die in M\u00fcnchen versammelte gr\u00f6\u00dfenwahnsinnige Kaste, die glaubt, Meinungen in richtig und falsch unterteilen zu k\u00f6nnen und jene ausschlie\u00dft, die nach ihrer Ansicht die falschen Ansichten haben. So geschehen mit unliebsamen Parteien, darunter die AfD, auf der M\u00fcnchner Sicherheitskonferenz h\u00f6chstselbst.<br \/>\n&#8230;.<br \/>\nDer 40-j\u00e4hrige Amerikaner Vance hat sich zielgenau die ideale Veranstaltung ausgesucht, um diesen tadellosen Herrschaften seine unbequeme Wahrheit zu \u00fcberbringen und ihnen dabei direkt in die Augen zu schauen. Und dies zum f\u00fcr die \u201eUnsere-Demokratie\u201c-P\u00e4chter schmerzlichsten Zeitpunkt, n\u00e4mlich genau eine Woche vor der Bundestagswahl. Besonders gemein waren seine Freundlichkeit und sein konzillianter Ton, seine freie Rede und seine angenehme K\u00f6rpersprache. Also alles das, was unseren Spitzenapparatschiks abgeht, wie einem Salzwasser-Krokodil gepflegte Tischsitten.<br \/>\n&#8230; Alles vom 16.2.2025 von Dirk Maxeiner bitte lesen auf<br \/>\n<a href=\"https:\/\/www.achgut.com\/artikel\/der_sonntagsfahrer_16_02_2025_die_unschuldigen_vom_dienst_\">https:\/\/www.achgut.com\/artikel\/der_sonntagsfahrer_16_02_2025_die_unschuldigen_vom_dienst_<\/a><\/p>\n<p>&nbsp;<\/p>\n<p><strong>Die Rede von JD Vance auf der M\u00fcnchner Sicherheitskonferenz im Original und \u00dcbersetzung<\/strong><br \/>\nDa die deutschen Medien in weit \u00fcberwiegender Zahl \u00fcber die Rede von JD Vance bei der M\u00fcnchner Sicherheitskonferenz herfallen, bietet TE ein Transkript der Rede des US-Vizepr\u00e4sidenten im Original und in einer deutschen \u00dcbersetzung an &#8211; damit sich jeder seine eigene Meinung bilden kann:<br \/>\n&#8230;.<br \/>\n<em>Deutschlands gesamte Verteidigung wird vom amerikanischen Steuerzahler subventioniert. Es gibt heute Tausende und Abertausende amerikanischer Soldaten in Deutschland. Glauben Sie, dass der amerikanische Steuerzahler das dulden wird, wenn man in Deutschland f\u00fcr das Posten eines b\u00f6sen Tweets ins Gef\u00e4ngnis kommt? Ich m\u00f6chte unseren europ\u00e4ischen Freunden sagen \u2013 und ich denke, dass sie Freunde sind \u2013, dass Freundschaft auf gemeinsamen Werte basiert. Wir haben keine gemeinsamen Werte, wenn Sie Leute einsperren, nur weil die gesagt haben, wir sollten unsere Grenze schlie\u00dfen. Wenn Sie Wahlen absagen, weil Ihnen das Ergebnis nicht gef\u00e4llt wie in Rum\u00e4nien, dann haben wir keine gemeinsamen Werte. <strong>Wir haben keine gemeinsamen Werte, wenn man solche Angst vor seinem eigenen Volk hat, dass man es zum Schweigen bringt.<\/strong><\/em><br \/>\n<em>&#8230;<\/em><br \/>\n<em>Ich bin fest davon \u00fcberzeugt, dass es keine Sicherheit gibt, wenn Sie Angst vor den Stimmen, den Meinungen und dem Gewissen Ihrer eigenen Leute haben. Europa sieht sich vielen Herausforderungen gegen\u00fcber, aber die Krise, der sich dieser Kontinent gerade gegen\u00fcbersieht \u2013 die Krise, von der ich glaube, dass wir sie alle gemeinsam erleben \u2013 ist von uns selbst verursacht. <strong>Wenn Sie in Angst vor Ihren eigenen W\u00e4hlern regieren, kann Amerika nichts f\u00fcr Sie tun<\/strong>, und \u00fcberhaupt k\u00f6nnen Sie auch nichts f\u00fcr das amerikanische Volk tun, das mich gew\u00e4hlt hat und Pr\u00e4sident Trump gew\u00e4hlt hat. Sie brauchen demokratische Mandate, um in den kommenden Jahren etwas Wertvolles zu erreichen. <\/em><br \/>\n<em>&#8230; <\/em><br \/>\n<em>Man kann ein demokratisches Mandat nicht gewinnen, indem man seine Gegner zensiert oder sie ins Gef\u00e4ngnis steckt \u2013 sei es der Oppositionsf\u00fchrer, ein dem\u00fctiger Christ, der in seinem eigenen Zuhause betet, oder ein Journalist, der versucht, die Nachrichten zu berichten. Und man kann auch keines gewinnen, indem man seine Basis in Fragen ignoriert, wer Teil unserer gemeinsamen Gesellschaft sein darf. Und von all den dr\u00e4ngenden Herausforderungen, denen sich die hier vertretenen Nationen gegen\u00fcbersehen, glaube ich, dass es nichts Dringenderes gibt als die Massenmigration.<\/em><\/p>\n<p><em>Heute lebt fast jeder f\u00fcnfte Mensch in diesem Land als Zugewanderter. Das ist \u2013 nat\u00fcrlich \u2013 ein Allzeithoch. In den Vereinigten Staaten ist es \u00fcbrigens eine \u00e4hnliche Zahl, ebenfalls ein Allzeithoch. Die Zahl der Einwanderer, die zwischen 2021 und 2022 in die EU eingereist sind, hat sich allein in diesem Zeitraum verdoppelt, und nat\u00fcrlich ist sie seitdem noch weiter gestiegen. Wir wissen, dass sich diese Situation nicht in einem Vakuum ergeben hat. Sie ist das Ergebnis einer Reihe bewusster Entscheidungen, die Politiker auf diesem Kontinent und anderswo \u00fcber Jahrzehnte hinweg getroffen haben.<\/em><br \/>\n<em>Gestern haben wir in dieser Stadt die Schrecken gesehen, die diese Entscheidungen mit sich bringen. Und nat\u00fcrlich kann ich es nicht noch einmal erw\u00e4hnen, ohne an die schrecklichen Opfer zu denken, deren sch\u00f6ner Wintertag in M\u00fcnchen ruiniert wurde. Unsere Gedanken und Gebete sind bei ihnen und werden es auch bleiben. Aber warum ist das \u00fcberhaupt passiert? Es ist eine schreckliche Geschichte, aber eine, die wir in Europa viel zu oft und leider auch in den Vereinigten Staaten zu oft geh\u00f6rt haben. Ein Asylbewerber \u2013 oft ein junger Mann in seinen mittleren Zwanzigern, der bereits der Polizei bekannt war \u2013 rammt ein Auto in eine Menschenmenge und zerschmettert eine Gemeinschaft. Wie oft m\u00fcssen wir diese entsetzlichen R\u00fcckschl\u00e4ge ertragen, bevor wir umdenken und unsere gemeinsame Zivilisation in eine neue Richtung lenken? <strong>Kein W\u00e4hler auf diesem Kontinent ging zur Wahl, um die Schleusen f\u00fcr Millionen ungepr\u00fcfter Einwanderer zu \u00f6ffnen<\/strong> \u2013 aber wissen Sie, wof\u00fcr sie gestimmt haben. In England haben sie f\u00fcr den Brexit gestimmt, und zustimmen oder nicht, daf\u00fcr haben sie gestimmt. Und immer mehr \u2013 in ganz Europa \u2013 w\u00e4hlen die Menschen politische F\u00fchrer, die versprochen haben, die au\u00dfer Kontrolle geratene Migration zu beenden.<\/em><br \/>\n<em>Ich pers\u00f6nlich stimme vielen dieser Bedenken zu, aber Sie m\u00fcssen nicht mit mir \u00fcbereinstimmen. Ich denke nur, dass die Menschen ihre Heimat, ihre Tr\u00e4ume, ihre Sicherheit und ihre F\u00e4higkeit, f\u00fcr sich und ihre Kinder zu sorgen, sch\u00e4tzen \u2013 und sie sind klug. Das ist eine der wichtigsten Lektionen, die ich in meiner kurzen Zeit in der Politik gelernt habe.<\/em><br \/>\n<em>&#8230;<\/em><br \/>\n<em>Ich glaube, dass es nichts Schlimmeres gibt, als die Menschen, ihre Anliegen oder \u2013 noch schlimmer \u2013 die Medien oder Wahlen als unwichtig abzutun. Tats\u00e4chlich ist es der sicherste Weg, die Demokratie zu zerst\u00f6ren. Und sich zu \u00e4u\u00dfern und seine Meinung zu sagen, ist keine Wahlbeeinflussung, auch wenn Menschen Ansichten \u00e4u\u00dfern, die von denen in Ihrem Land abweichen \u2013 und auch wenn diese Menschen sehr einflussreich sind.<\/em><br \/>\n<em>&#8230;<\/em><br \/>\n<em><strong>Die Demokratie ruht auf dem heiligen Prinzip, dass die Stimme des Volkes z\u00e4hlt. Es gibt keinen Platz f\u00fcr Barrieren.<\/strong> Entweder Sie stehen zu diesem Prinzip oder nicht. Europ\u00e4er, das Volk hat eine Stimme. Europ\u00e4ische F\u00fchrer haben eine Wahl. Und ich bin fest davon \u00fcberzeugt, dass wir keine Angst vor der Zukunft haben m\u00fcssen.<\/em><br \/>\n<em>H\u00f6ren Sie auf das, was Ihr Volk Ihnen sagt, auch wenn es \u00fcberraschend ist, auch wenn Sie nicht zustimmen. Tun Sie das, dann k\u00f6nnen Sie der Zukunft mit Gewissheit und Selbstvertrauen entgegensehen, in dem Wissen, dass das Land hinter Ihnen steht \u2013 und das ist f\u00fcr mich der gro\u00dfe Zauber der Demokratie.<\/em><br \/>\n&#8230; Alles vom 14.2.2025 von JD Vance auf der MSC bitte lesen auf<br \/>\n<a href=\"https:\/\/www.tichyseinblick.de\/daili-es-sentials\/rede-jd-vance-original-und-uebersetzung\/\">https:\/\/www.tichyseinblick.de\/daili-es-sentials\/rede-jd-vance-original-und-uebersetzung\/<\/a><br \/>\n.<br \/>\nEinige Kommentare:<br \/>\nVance hat ja die Repessionen in Europa nicht nur scharf kritisiert.<br \/>\n<em><strong>\u201eWenn ihr eure eigenen W\u00e4hler f\u00fcrchtet, kann Amerika nichts f\u00fcr euch tun\u2026\u201c <\/strong><\/em>Das war eine manifeste Drohung, die vermutlich im Verlauf weiter konkretisiert wurde. Diese Administration redet ja erfreulicherweise Klartexte. Der hiesige massgeregelte H\u00fchnerhaufen mag sich \u00f6ffentlich emp\u00f6rt und \u201eEinmischungen\u201c verbeten haben. Aber den Satz haben mit Sicherheit alle nachhaltig verstanden. Maria KH<br \/>\n.<br \/>\nVance: \u201eEuropa akzeptiert keine freie Meinungs\u00e4usserung.\u201c<br \/>\nPistorius: \u201eDie Rede von Vance ist nicht akzeptabel.\u201c<br \/>\nProved his point. Lafevre<br \/>\n.<br \/>\nWelt online:\u201c20:58 Uhr \u2013 Nach einer unorthodoxen Rede empf\u00e4ngt J.D. Vance Alice Weidel in seinem HotelUS-Vizepr\u00e4sident J.D. Vance hat sich am Rande der M\u00fcnchner Sicherheitskonferenz mit AfD-Chefin Alice Weidel getroffen. Das best\u00e4tigte Weidels Sprecher Daniel Tapp der Deutschen Presse-Agentur am Abend. Zuvor hatte das ZDF dar\u00fcber berichtet. Bei der MSC ist die AfD nicht eingeladen.<br \/>\nTapps Angaben zufolge trafen sich Weidel und Donald Trumps Vize in dessen M\u00fcnchner Hotel kurze Zeit nach seiner Rede, die zuvor viel Aufsehen erregt hatte. Die Atmosph\u00e4re sei sehr entspannt und freundschaftlich gewesen. Inhaltlich sei es bei dem rund 30-min\u00fctigen Gespr\u00e4ch um den Krieg in der Ukraine gegangen und auch um das Thema Brandmauer, das Vance in seiner Rede angesprochen hatte. Vance habe deutlich gemacht, dass er Sympathien f\u00fcr die AfD hege. Auch ein Vance-Sprecher best\u00e4tigte das Treffen.\u201c Matthias<br \/>\nEnde Kommentare<\/p>\n<p>&nbsp;<\/p>\n<p>&nbsp;<\/p>\n<p><strong>Rede von J.D. Vance am 14.2.2025 in <a href=\"https:\/\/www.freiburg-schwarzwald.de\/blog\/muenchen-anschlag-vance-msc\/\">M\u00fcnchen MSC<\/a>, auf Deutsch vorgetragen<\/strong><br \/>\n<a href=\"https:\/\/www.youtube.com\/watch?v=_Xwqnr4vjSs\">https:\/\/www.youtube.com\/watch?v=_Xwqnr4vjSs<\/a><br \/>\nAuf Deutsch im Video vorgetragen, von Dushan Wegner.<br \/>\n<a href=\"https:\/\/www.dushanwegner.com\/jd-vance-14-2-2025-von-dushan-wegner\/\">https:\/\/www.dushanwegner.com\/jd-vance-14-2-2025-von-dushan-wegner\/<\/a><br \/>\nRede in Simultan\u00fcbersetzung auf deutsch:<br \/>\n<a href=\"https:\/\/www.youtube.com\/watch?v=gIEK3VCgt2Y&amp;t=24s\">https:\/\/www.youtube.com\/watch?v=gIEK3VCgt2Y&amp;t=24s<\/a><\/p>\n<p>&nbsp;<\/p>\n<p><strong>JHillbilly-Elegie von J. D. Vance: Buchrezension<\/strong><br \/>\n<strong>Abgeh\u00e4ngt mit Stars and Stripes<\/strong><br \/>\nDie Geschichte von Trumps US-Vizepr\u00e4sidentschaftskandidat J. D. Vance, der aus der wei\u00dfen Unterschichtstristesse ausbrach<br \/>\nLudwig Witzani<\/p>\n<p>Als im Jahre 2016 zum Staunen der Welt Donald Trump \u00fcber Hillary Clinton bei den US-amerikanischen Pr\u00e4sidentschaftswahlen triumphierte, fokussierte sich der Blick der \u00d6ffentlichkeit erstmals auf die gro\u00dfen deindustrialisierten, \u00f6konomisch zur\u00fcckgebliebenen Regionen des amerikanischen Ostens, in denen jene sogenannten \u201eDeplorables\u201c (Bedauernswerte oder Abgeh\u00e4ngte) leben, die Hillary Clinton herabsetzend als den Kern der Anh\u00e4ngerschaft von Donald Trump bezeichnet hatte. J. D. Vance, urspr\u00fcnglich einer dieser \u201eAbgeh\u00e4ngten\u201c, ver\u00f6ffentlichte nur ein Jahr sp\u00e4ter seine \u201eHillbilly-Elegie\u201c mit der er der Region zum ersten Mal eine eigene Stimme gab. In diesem Buch beschrieb er seine eigene Familiengeschichte als den Versuch eines Hillbillys (Hinterw\u00e4ldlers), der Hoffnungslosigkeit seines Milieus zu entkommen. Trotz seines Happy-Ends lenkte das Buch die Aufmerksamkeit auf die Misere der amerikanischen Arbeiterklasse, in deren ungeschminkter Darstellung sich Millionen Menschen wiedererkannten.<\/p>\n<p>Es geh\u00f6rt zu den Vorz\u00fcgen des Buches, da\u00df diese Familiengeschichte bereits lange vor der Geburt des Autors einsetzt, als Jamie Lee Vance und Bonnie Blanton, die Gro\u00dfeltern des Autors (im Buch etwas mi\u00dfverst\u00e4ndlich als \u201eMamaw und \u201ePapaw\u201c bezeichnet), die Kleinstadt Jackson in Kentucky verlie\u00dfen, um im Industrieg\u00fcrtel von Ohio ein besseres Leben zu suchen. Ganz freiwillig war dieser Umzug allerdings nicht gewesen, denn Papaw (16) hatte Mamaw (13) geschw\u00e4ngert, und es drohte die Rache der Br\u00fcder. Diese Flucht f\u00fcgte sich ein in eine gro\u00dfe, generationen\u00fcbergreifende Wanderungsbewegung, die die Bewohner der Appalachen in die Industriezentren des Mittleren Westens f\u00fchrte. In zwei gr\u00f6\u00dferen Einwanderungswellen (einmal nach dem Ersten Weltkrieg, die zweite in den 1940er und 1950er Jahren) verlie\u00dfen Millionen Menschen auf dem sogenannten \u201eHillbilly-Highway\u201c die Appalachen in Richtung auf die n\u00f6rdlich gelegenen Industriezentren des \u201eRust Belts\u201c, entlang der Gro\u00dfen Seen von Chicago \u00fcber Detroit, Cleveland, Cincinnati und Pittsburgh.<\/p>\n<p>Es braucht kein staatliches Programm, nur einen \u201eSchubs\u201c<\/p>\n<p>Mamaw und Papaw lie\u00dfen sich in Middletown\/Ohio nieder, bekamen drei Kinder und erarbeiten sich ein bescheidenes Auskommen als Angestellte des \u00f6rtlichen Stahlkonzerns. Mit der Krise der amerikanischen Stahlindustrie aber ging es auch mit Middletown begab. Die Steuereinnahmen brachen ein, die Infrastruktur verfiel, und die Diebst\u00e4hle nahmen \u00fcberhand. Wegziehen war keine Option, da der gleichzeitig einsetzende Verfall der H\u00e4userpreise es den \u00fcberschuldeten Eigent\u00fcmern unm\u00f6glich machte, ihre H\u00e4user zu verkaufen. Die Menschen sa\u00dfen in der Falle.<\/p>\n<p>In diese Phase des Niedergangs wurde im Jahre 1984 der kleine James Donald (J. D.) Bowman als Enkel von Mamaw und Papaw und als Sohn von Bev und Donald Bowman geboren. Den Namen Vance nahm der Autor erst sp\u00e4ter zu Ehren seiner Gro\u00dfeltern an. Kaum ein Jahr nach seiner Geburt lie\u00dfen sich die Eltern scheiden. Vater Donald Bowman trennte sich von seinem Sohn, und die Mutter Bev begann eine lebenslange Drogenkarriere an der Seite von einem halben Dutzend M\u00e4nnern, die sich als Stiefv\u00e4ter des kleinen James Donald die T\u00fcrklinke in die Hand gaben. Ein verh\u00e4ngnisvoller Kreislauf innerhalb des \u201eWhite Trash\u201c drohte, wie diese wei\u00dfe Unterschicht in den USA dispektier-lich bezeichnet wird. In diesem duplizieren die Kinder die lebensgeschichtliche Misere ihrer Eltern: aufgewachsen in gewaltt\u00e4tigen innerfamili\u00e4ren Verh\u00e4ltnissen, verlassen sie als Scheidungskinder fr\u00fch ihr zu Hause, zeugen bereits als Teenager ihrerseits Kinder, brechen die Schule ab und schlagen sich mit unqualifizierten Besch\u00e4ftigungen durchs Leben, ohne sich um ihren Nachwuchs zu k\u00fcmmern.<\/p>\n<p>Auch der kleine J. D. w\u00e4re in diesem Strudel versunken, w\u00e4ren da nicht die Gro\u00dfeltern gewesen, die in der N\u00e4he wohnten und ein wachsames Auge auf den Jungen hatten. In einem entscheidenden Augenblick seines Lebens, als der kleine J. D. bereits in den Dunstkreis halbkrimineller Freunde geraten war und die ersten Straftaten bevorstanden, nahm die Gro\u00dfmutter den Enkel zu sich, um ihn auf den richtigen Weg zu f\u00fchren.<\/p>\n<p>Die durchaus brachial durchgesetzten Regeln dieses neuen Weges lauteten \u201eBring gute Noten nach Hause, such dir einen Job und beweg deinen Arsch, wenn ich Hilfe brauche.\u201c Von ihrer schmalen Rente (Papaw war inzwischen gestorben) kaufte sie ihm einen teuren Taschenrechner, damit J. D. in der Schule mithalten konnte und sorgte daf\u00fcr, da\u00df er sich mit Nebenjobs ans Arbeiten gew\u00f6hnte. J. D. gewann neue Freunde und wurde in der Schule so gut, da\u00df er die Aufnahmepr\u00fcfung f\u00fcr die Universit\u00e4t bestand. Weil er sich selbst mi\u00dftraute, beschlo\u00df er jedoch, sich vorher f\u00fcr vier Jahre als Marineinfanterist zu verpflichten. W\u00e4hrend der Grundausbildung nahm er zwanzig Kilo ab und erlernte eine ganze Reihe von elementaren Zivilisationstechniken \u00fcber Haushaltsf\u00fchrung, Hygiene und Ern\u00e4hrung. Zugleich finanzierte er von seinem mageren Sal\u00e4r die Krankenversicherung der Gro\u00dfmutter, die allerdings schon im Alter von 72 Jahren verstarb.<\/p>\n<p>Nach vier Dienstjahren begann er im Alter von 23 Jahren ein Studium an der Universit\u00e4t von Ohio, das er durch drei Nebenjobs gleichzeitig finanzierte und erfolgreich abschlo\u00df. Vom Optimismus befl\u00fcgelt, bewarb er sich anschlie\u00dfend f\u00fcr das Jurastudium in Yale und wurde zu seinem Erstaunen angenommen. Weil er zu den \u00e4rmsten Bewerbern z\u00e4hlte, erhielt er Studiendarlehen, mit dem er einen Teil der Ausbildung finanzieren konnte. Als \u201eMarine mit dem S\u00fcdstaatenakzent\u201c meisterte er das Studium, lernte Usha, seine sp\u00e4tere Frau, kennen und erhielt nach dem Examen eine der begehrten Anstellungen in einer juristischen Spitzenkanzlei.<\/p>\n<p>Wie war mein erstaunlicher Karriereweg m\u00f6glich? fragt sich der Autor am Ende seines Buches. Welche Rolle spielten Zufall, Gl\u00fcck, Begabung und Willen? Die Antwort f\u00fchrt ihn zum Ph\u00e4nomen der \u201eresilienten Kinder\u201c, das hei\u00dft jener Kinder, \u201edie trotz eines instabilen Milieus gedeihen, weil sie die Unterst\u00fctzung eines einzigen, liebevollen Erwachsenen haben\u201c. Dieser lebensentscheidende, liebevolle Erwachsene war in seinem eigenen Leben seine Gro\u00dfmutter gewesen. Sie hatte ihm die Liebe und Zuversicht gegeben, mit denen der Autor in die Lage versetzt wurde, seine Kr\u00e4fte zu entfalten.<\/p>\n<p>Dar\u00fcber hinaus lehrte sie den Autor etwas ganz Entscheidendes, was ihn von der Mentalit\u00e4t des typischen Hillbillys unterscheiden sollte: die Eigenverantwortung und die \u00dcberzeugung, nicht nur ein Opfer der Umst\u00e4nde zu sein, sondern auf sein eigenes Schicksal ma\u00dfgeblichen Einflu\u00df auszu-\u00fcben. Insofern der Autor diese Maxime mit Erfolg verwirklichte, repr\u00e4sentiert J. D. Vance die personifizierte Widerlegung des weitverbreiteten Narrativs, nach dem sich die Menschen aus problematischen sozialen Konstellationen nicht eigenst\u00e4ndig befreien k\u00f6nnen. Dieses popul\u00e4re Ineinander von Selbstentm\u00fcndigung und Anspruchshaltung erscheint im Licht der vorliegenden Autobiographie als einer der verh\u00e4ngnisvollsten Strukturdefekte des modernen Wohlfahrtsstaates. Ein Gro\u00dfteil der aufkl\u00e4rerischen Potenz des vorliegenden Buches besteht in der Erhellung dieses Sachverhaltes.<\/p>\n<p>Allerdings ist der Autor weit davon entfernt, sich selbst einen Heiligenschein umzuh\u00e4ngen. Ohne den resilienten Raum, den ihm seine Gro\u00dfmutter und Teile seiner Familie boten, h\u00e4tte er sich noch so sehr anstrengen k\u00f6nnen und w\u00e4re doch gescheitert. Jenseits der Bedeutung liebevoller Bezugspersonen und dem Bewu\u00dftsein der Eigenverantwortung spielen auch Schicksal und Zufall eine Rolle. Es gibt keine Formel, kein staatliches Programm, sondern nur unendlich viele kritische Einzelf\u00e4lle, bei denen man im besten Fall Leuten, die auf der Kippe stehen, einen \u201eSchubs\u201c geben kann. \u201eVon vielen dieser Schubser habe ich profitiert\u201c, meint der Autor am Ende, nicht ohne seinen Lesern dringend ans Herz zu legen, in der eigenen Umgebung, wo immer es m\u00f6glich ist, Menschen in Not solche positiven \u201eSchubser\u201c mitzugeben.<br \/>\nKein Wunder, da\u00df das vorliegende Buch sofort nach seiner Ver\u00f6ffentlichung im Jahre 2017 auf einhellige Zustimmung aus allen politischen Lagern stie\u00df. Den Konservativen gefiel die Betonung der Eigenverantwortung, die Linke w\u00fcrdigte die Kritik an der obamafeindlichen Hillbilly-Mentalit\u00e4t, von der im Buch die Rede ist. Das hat sich allerdings in dem Augenblick ge\u00e4ndert, als der Autor 2024 von Donald Trump zum Kandidaten f\u00fcr die Vizepr\u00e4sidentschaft ernannt wurde. Der deutsche Ullstein Verlag verweigerte die Neuauflage des vergriffenen Buches, und ein taz-Redakteur brachte es fertig, seine eigene positive Besprechung zu widerrufen, um pl\u00f6tzlich das Gegenteil von dem zu behaupten, was er 2017 geschrieben hatte. Dem Erfolg des Buches tut das aber keinen Abbruch. Wie man h\u00f6rt, geht die Neuauflage der deutschen \u00dcbersetzung, die im Yes Publishing Verlag erschienen ist, weg wie warme Semmeln.<\/p>\n<p><em>J. D. Vance: Hillbilly-Elegie. Die Geschichte meiner Familie und einer Gesellschaft in der Krise. Yes Publishing, M\u00fcnchen 2024, broschiert, 304 Seiten, 18 Euro<\/em><\/p>\n<p>Das Leben im Trailer ist f\u00fcr viele US-Amerikaner letzte Zuflucht: In J. D. Vance\u2019 ungeschminkter Darstellung der Misere der amerikanischen Arbeiterklasse erkennen sich Millionen Menschen wieder<br \/>\n&#8230; Alles vom 11.10.2024 von Ludwig Witzani bitte lesen in der JF 42\/24, Seite 21<br \/>\n<a href=\"https:\/\/www.junge-freiheit.de\">https:\/\/www.junge-freiheit.de<\/a><\/p>\n<p>.<\/p>\n<p><strong>Vorwurf von Rep-Vizekandidat Vance an Dem-Vizekandidat Walz<\/strong><br \/>\n&#8222;You know what really bothers me about Tim Walz?<br \/>\nWhen the US Marine Corps asked me to go to Iraq to serve my country, I did it.<br \/>\nWhen Tim Walz was asked by his country to go to Iraq, he dropped out of the Army and allowed his unit to go without him. I think that&#8217;s shameful.&#8220;<br \/>\n\u201eWas mich wirklich qu\u00e4lt \u00fcber Tim Walz?<br \/>\nAls das US Marine Corps mich bat, in den Irak zu gehen, um meinem Land zu dienen, tat ich es. Als Tim Walz von seinem Land aufgefordert wurde, in den Irak zu gehen, verlie\u00df er die Armee und lie\u00df seine Einheit ohne ihn gehen. Ich finde das besch\u00e4mend.\u201c<br \/>\n7.8.2024<br \/>\n<a href=\"https:\/\/x.com\/JDVance\/status\/1821198032391827863\">https:\/\/x.com\/JDVance\/status\/1821198032391827863<\/a><\/p>\n<p>&nbsp;<\/p>\n<p><strong>Ein neuer Faktor: J.D. Vance<\/strong><br \/>\nSollte Trump tats\u00e4chlich als Pr\u00e4sident vereidigt werden, dann w\u00fcrde Vance wohl sein Nachfolger &#8230; Seine Einlassungen zur Bundesrepublik sind unmissverst\u00e4ndlich (BR24 vom 14.4.2024): \u201eKritik \u00fcbte Vance auf der Sicherheitskonferenz an der aktuellen Ampel-Bundesregierung und ihrer Industriepolitik. W\u00e4hrend Putin immer st\u00e4rker werde und die russische Armee andere europ\u00e4ische L\u00e4nder attackiere, beginne Deutschland mit einer Deindustrialisierung. Europa m\u00fcsse eine st\u00e4rkere Rolle bei seiner eigenen Sicherheit \u00fcbernehmen, das gehe nicht ohne Industrie.\u201c<br \/>\n&#8230;<br \/>\nIm Mai \u00e4u\u00dferte sich Vance noch einmal deutlich sch\u00e4rfer \u00fcber die deutsche Regierung. Bei einem Vortrag in den USA sagte er:<em> \u201eWenn Putin um jeden Preis besiegt werden muss, liebe deutsche Freunde, dann h\u00f6rt auf, euer eigenes Land im Namen einer l\u00e4cherlichen gr\u00fcnen Energiepolitik zu deindustrialisieren!\u201c<\/em> Das hei\u00dft, dass die gegenw\u00e4rtige Ampelpolitik nun nicht mehr nur von der Realit\u00e4t, sondern auch von einer massiven Ver\u00e4nderung der Haltung unseres Hegemons umzingelt sein k\u00f6nnte.<br \/>\n&#8230; Alles vom 22.7.2024 bitte lesen auf<br \/>\n<a href=\"https:\/\/www.dersandwirt.de\/ein-neuer-faktor-j-d-vance\/\">https:\/\/www.dersandwirt.de\/ein-neuer-faktor-j-d-vance\/<\/a><\/p>\n<p>&nbsp;<\/p>\n","protected":false},"excerpt":{"rendered":"<p>Home &gt;Global\u00a0&gt;Partnerschaft\u00a0&gt;USA &gt;Biden &gt;Trump &gt;Vance Listenauswahl eines Beitrags (Artikel\/Datum, Seite\/Inhalt):\u00a0Klicken\u00a0oder scrollen Irankrieg: Trump US-Interessen\u00a0(4.4.2026) Vice President JD Vance warnt vor einem \u201eislamistisch ausgerichteten\u201c Westeuropa\u00a0(30.12.2025) National Security Strategy \u2013 USA\u00a0(6.12.2025) Ergreifend, ersch\u00fctternd und grundehrlich: \u201eHillbilly-Elegie\u201c von J.D. Vance (3.12.2025) Die Symbolik &hellip; <a href=\"https:\/\/www.freiburg-schwarzwald.de\/blog\/global\/usa\/vance\/\">Weiterlesen <span class=\"meta-nav\">&rarr;<\/span><\/a><\/p>\n","protected":false},"author":2,"featured_media":0,"parent":14947,"menu_order":0,"comment_status":"closed","ping_status":"closed","template":"","meta":{"footnotes":""},"class_list":["post-125567","page","type-page","status-publish","hentry"],"_links":{"self":[{"href":"https:\/\/www.freiburg-schwarzwald.de\/blog\/wp-json\/wp\/v2\/pages\/125567","targetHints":{"allow":["GET"]}}],"collection":[{"href":"https:\/\/www.freiburg-schwarzwald.de\/blog\/wp-json\/wp\/v2\/pages"}],"about":[{"href":"https:\/\/www.freiburg-schwarzwald.de\/blog\/wp-json\/wp\/v2\/types\/page"}],"author":[{"embeddable":true,"href":"https:\/\/www.freiburg-schwarzwald.de\/blog\/wp-json\/wp\/v2\/users\/2"}],"replies":[{"embeddable":true,"href":"https:\/\/www.freiburg-schwarzwald.de\/blog\/wp-json\/wp\/v2\/comments?post=125567"}],"version-history":[{"count":5,"href":"https:\/\/www.freiburg-schwarzwald.de\/blog\/wp-json\/wp\/v2\/pages\/125567\/revisions"}],"predecessor-version":[{"id":147484,"href":"https:\/\/www.freiburg-schwarzwald.de\/blog\/wp-json\/wp\/v2\/pages\/125567\/revisions\/147484"}],"up":[{"embeddable":true,"href":"https:\/\/www.freiburg-schwarzwald.de\/blog\/wp-json\/wp\/v2\/pages\/14947"}],"wp:attachment":[{"href":"https:\/\/www.freiburg-schwarzwald.de\/blog\/wp-json\/wp\/v2\/media?parent=125567"}],"curies":[{"name":"wp","href":"https:\/\/api.w.org\/{rel}","templated":true}]}}