{"id":125478,"date":"2024-07-20T15:28:52","date_gmt":"2024-07-20T13:28:52","guid":{"rendered":"https:\/\/www.freiburg-schwarzwald.de\/blog\/?page_id=125478"},"modified":"2026-04-06T22:17:39","modified_gmt":"2026-04-06T20:17:39","slug":"friedensbewegung2-0","status":"publish","type":"page","link":"https:\/\/www.freiburg-schwarzwald.de\/blog\/engagement\/zukunft\/frieden\/friedensbewegung2-0\/","title":{"rendered":"Friedensbewegung2-0"},"content":{"rendered":"<p>Home &gt;<a title=\"Engagement\" href=\"https:\/\/www.freiburg-schwarzwald.de\/blog\/engagement\/\">Engagement<\/a>\u00a0&gt;<a title=\"Zukunft\" href=\"https:\/\/www.freiburg-schwarzwald.de\/blog\/engagement\/zukunft\/\">Zukunft<\/a>\u00a0&gt;<a href=\"https:\/\/www.freiburg-schwarzwald.de\/blog\/engagement\/zukunft\/frieden\/\">Frieden<\/a>\u00a0&gt;<a href=\"https:\/\/www.freiburg-schwarzwald.de\/blog\/engagement\/zukunft\/frieden\/pazifismus\/\">Pazifismus<\/a> &gt;<a href=\"https:\/\/www.freiburg-schwarzwald.de\/blog\/engagement\/zukunft\/frieden\/friedensbewegung\/\">Friedensbewegung<\/a> &gt;Friedensbewegung2-0<\/p>\n<div id=\"attachment_125462\" style=\"width: 604px\" class=\"wp-caption alignnone\"><a href=\"https:\/\/www.freiburg-schwarzwald.de\/blog\/wp-content\/uploads\/2024\/07\/compact16-7-2024-sechs-Uhr-pan.jpg\"><img loading=\"lazy\" decoding=\"async\" aria-describedby=\"caption-attachment-125462\" class=\"size-full wp-image-125462\" src=\"https:\/\/www.freiburg-schwarzwald.de\/blog\/wp-content\/uploads\/2024\/07\/compact16-7-2024-sechs-Uhr-pan.jpg\" alt=\"\" width=\"594\" height=\"280\" srcset=\"https:\/\/www.freiburg-schwarzwald.de\/blog\/wp-content\/uploads\/2024\/07\/compact16-7-2024-sechs-Uhr-pan.jpg 594w, https:\/\/www.freiburg-schwarzwald.de\/blog\/wp-content\/uploads\/2024\/07\/compact16-7-2024-sechs-Uhr-pan-180x85.jpg 180w\" sizes=\"auto, (max-width: 594px) 100vw, 594px\" \/><\/a><p id=\"caption-attachment-125462\" class=\"wp-caption-text\">Ein deutscher B\u00fcrger \u00f6ffnet am 16.7.2024 um 6 Uhr morgens seine Haust\u00fcre<\/p><\/div>\n<p>&nbsp;<\/p>\n<ul>\n<li><em>Listenauswahl eines Beitrags: Bitte\u00a0<span style=\"text-decoration: underline;\">anklicken<\/span>\u00a0oder runterscrollen<\/em><\/li>\n<li><a href=\"https:\/\/www.freiburg-schwarzwald.de\/blog\/ostern-das-fest-des-friedens\/\">Ostern \u2013 das Fest des Friedens<\/a>\u00a0(6.4.2026)<\/li>\n<li><a href=\"https:\/\/www.freiburg-schwarzwald.de\/blog\/religion\/kirchen\/ostern\/\">Ostermarsch 2026, Samstag 4.4.2026 Freiburg, 11 Uhr PdaS<\/a>\u00a0(25.3.2026)<\/li>\n<li><a href=\"https:\/\/www.freiburg-schwarzwald.de\/blog\/4-jahre-ukrainekrieg-stop-jetzt\/\">4 Jahre Ukrainekrieg: Stop jetzt<\/a>\u00a0(14.2.2026)<\/li>\n<li><a href=\"https:\/\/www.freiburg-schwarzwald.de\/blog\/d-neutral-eu-friedensordnung\/\">D neutral \u2013 EU Friedensordnung<\/a>\u00a0(4.2.2026)<\/li>\n<li><a href=\"https:\/\/www.freiburg-schwarzwald.de\/blog\/engagement\/zukunft\/krieg\/armee\/\">Lehrerzimmer: Mit Sch\u00fclern \u00fcber Krieg und Frieden reden<\/a>\u00a0(8.12.2025)<\/li>\n<li><a href=\"https:\/\/www.freiburg-schwarzwald.de\/blog\/frieden-frieden-frieden\/\">Frieden, Frieden, Frieden<\/a> (10.11.2025)<\/li>\n<li><a href=\"https:\/\/www.freiburg-schwarzwald.de\/blog\/engagement\/zukunft\/frieden\/friedenstuechtig\/\">Fabian Scheidler: Friedenst\u00fcchtig<\/a>\u00a0(17.11.2025)<\/li>\n<li><a href=\"https:\/\/www.freiburg-schwarzwald.de\/blog\/bundeswehr-schule-diskussion\/\">Bundeswehr Schule \u2013 Diskussion<\/a>\u00a0(9.11.2025)<\/li>\n<li><a href=\"https:\/\/www.freiburg-schwarzwald.de\/blog\/wyhl-demo-50-jahre1975-2025\/\">Wyhl-Demo 50 Jahre 1975-2025<\/a>\u00a0(4.11.2025)<\/li>\n<li><a href=\"https:\/\/www.freiburg-schwarzwald.de\/blog\/friedensfaehig-statt-kriegstuechtig\/\">Friedensf\u00e4hig statt kriegst\u00fcchtig<\/a>\u00a0(18.10.2025)<\/li>\n<li><a href=\"https:\/\/www.freiburg-schwarzwald.de\/blog\/drewermann-krieg-oder-frieden\/\">Drewermann: Krieg oder Frieden<\/a>\u00a0(30.9.2025)<\/li>\n<li><a href=\"https:\/\/www.freiburg-schwarzwald.de\/blog\/friedensdemo-3-10-25-stuttgart\/\">Friedensdemo 3.10.2025 Stuttgart<\/a>\u00a0(7.9.2025)<\/li>\n<li>In Frankreich: Rechte und Linke demonstrieren gemeinsam f\u00fcr Frieden (1..2025)<\/li>\n<li><a href=\"https:\/\/www.freiburg-schwarzwald.de\/blog\/spd-manifest-friedenssicherung\/\">SPD-Manifest Friedenssicherung<\/a>\u00a0(14.6.2025)<\/li>\n<li><a href=\"https:\/\/www.freiburg-schwarzwald.de\/blog\/engagement\/zukunft\/frieden\/friedensfaehig\/\">Friedensf\u00e4hig statt kriegst\u00fcchtig<\/a>\u00a0(10.6.2025)<\/li>\n<li>Friedensbewegung: Linke und Rechte gemeinsam oder gar nicht (10.5.2025)<\/li>\n<li><a href=\"https:\/\/www.freiburg-schwarzwald.de\/blog\/linker-frieden-rechter-frieden\/\">Linker Frieden \u2013 rechter Frieden<\/a>\u00a0(9.5.2025)<\/li>\n<li><a href=\"https:\/\/www.freiburg-schwarzwald.de\/blog\/global\/usa\/ramstein\/\">Friedenswoche StoppRamstein 22. bis 29.6.2025<\/a>\u00a0(1.5.2025)<\/li>\n<li><a href=\"https:\/\/www.freiburg-schwarzwald.de\/blog\/schweigemarsch-fuer-frieden-fr\/\">Schweigemarsch f\u00fcr Frieden FR<\/a>\u00a0(20.4.2025)<\/li>\n<li><a href=\"https:\/\/www.freiburg-schwarzwald.de\/blog\/ostermarsch-in-fr-am-17-4-2025\/\">Ostermarsch in FR am 17.4.2025<\/a>\u00a0(18.4.2025)<\/li>\n<li><a href=\"https:\/\/www.freiburg-schwarzwald.de\/blog\/friedensdemo-fr-am-5-4-2025\/\">Friedensdemo FR am 5.4.2025<\/a>\u00a0(5.4.2025)<\/li>\n<li>Wir sind dem Frieden verpflichtet und nicht der Vernichtung (1.4.2025)<\/li>\n<li><a href=\"https:\/\/www.freiburg-schwarzwald.de\/blog\/european-peace-project-9-mai\/\">European Peace Project 9. Mai<\/a>\u00a0(31.3.2025)<\/li>\n<li><a href=\"https:\/\/www.freiburg-schwarzwald.de\/blog\/zeitfenster-zu-frieden-in-europa\/\">Zeitfenster zu Frieden in Europa<\/a>\u00a0(30.3.2025)<\/li>\n<li>Leo Ensel: Eine neue Friedensbewegung \u2014 as soon as possible! (22.3.2025)<\/li>\n<li><a href=\"https:\/\/www.freiburg-schwarzwald.de\/blog\/engagement\/zukunft\/frieden\/friedensgebot\/\">Von Friedensgebot zu Kriegst\u00fcchtigkeit: Deutschlands neue \u00c4ra<\/a>\u00a0(21.3.2025)<\/li>\n<li><a href=\"https:\/\/www.freiburg-schwarzwald.de\/blog\/engagement\/zukunft\/krieg\/wehrhaftigkeit\/\">Josef Kraus: Blockierte Armee \u2013 Wehrhaftigkeit, nicht nur Geld<\/a>\u00a0 (20.3.2025)<\/li>\n<li><a href=\"https:\/\/www.freiburg-schwarzwald.de\/blog\/sevim-dagdelen-bsw-nein\/\">Sevim Dagdelen (BSW): Nein!<\/a>\u00a0(17.3.2025)<\/li>\n<li><a href=\"https:\/\/www.freiburg-schwarzwald.de\/blog\/europa-als-friedensmacht\/\">Europa als Friedensmacht<\/a>\u00a0(12.3.2025)<\/li>\n<li><a href=\"https:\/\/www.freiburg-schwarzwald.de\/blog\/friedensdemo-250000-ukrainer\/\">Friedensdemo: 250000 Ukrainer?<\/a>\u00a0(10.2.2025)<\/li>\n<li><a href=\"https:\/\/www.freiburg-schwarzwald.de\/blog\/250000-ukrainer-aus-d-nach-ua\/\">250000 aus D nach UA an die Front?<\/a>\u00a0(8.2.2025)<\/li>\n<li><a href=\"https:\/\/www.freiburg-schwarzwald.de\/blog\/engagement\/zukunft\/frieden\/pazifismus\/\">Lernziel Pazifismus<\/a> (5.2.2025)<\/li>\n<li><a href=\"https:\/\/www.freiburg-schwarzwald.de\/blog\/graesslinwie-lichter-in-der-nacht\/\">Gr\u00e4sslin: Wie Lichter in der Nacht<\/a>\u00a0(24.1.2025)<\/li>\n<li>NICHT OHNE UNS! &#8211; Friedens- und Demokratiebewegung (15.12.2024)<\/li>\n<li>Konfliktforscher Leo Ensel: \u201eDiese Friedensbewegung hat keine Zukunft\u201c (10.12.2024)<\/li>\n<li><a href=\"https:\/\/www.freiburg-schwarzwald.de\/blog\/appell-der-38-1-minute-vor-12\/\">Appell der 38: Eine Minute vor 12<\/a>\u00a0(5.12.2024)<\/li>\n<li><a href=\"https:\/\/www.freiburg-schwarzwald.de\/blog\/engagement\/zukunft\/frieden\/pazifismus\/\">Freiburger Friedenswochen 2024<\/a> (3.12.2024)<\/li>\n<li>Die neue deutsche Friedensbewegung: Gro\u00dfes Comeback von Petr Bystron (26.11.2024)<\/li>\n<li>\u201eFrieden lernen\u201c mit Dr. Heinz Klippert: 38. Pleisweiler Gespr\u00e4ch\u00a0 (31.10.2024)<\/li>\n<li><a href=\"https:\/\/www.freiburg-schwarzwald.de\/blog\/engagement\/zukunft\/guerot\/\">Ulrike Gu\u00e9rot: Wie k\u00f6nnen wir Europa zum Frieden f\u00fchren?<\/a>\u00a0(27.10.2024)<\/li>\n<li><a href=\"https:\/\/www.freiburg-schwarzwald.de\/blog\/engagement\/zukunft\/krieg\/militarismus\/\">Essen: Einst \u201eWaffenschmiede des Reiches\u201c f\u00fcr die Nazis \u2013 nun zentrale \u201ePlattform der europ\u00e4ischen R\u00fcstungsindustrie\u201c?!<\/a> (14.10.2024)<\/li>\n<li><a href=\"https:\/\/www.freiburg-schwarzwald.de\/blog\/die-friedensbewegung-schweigt\/\">Die Friedensbewegung schweigt<\/a> (20.9.2024)<\/li>\n<li><a href=\"https:\/\/www.freiburg-schwarzwald.de\/blog\/antikriegstag-1-9-2024-muenchen\/\">Antikriegstag 1.9.2024 M\u00fcnchen<\/a>\u00a0(4.9.2024)<\/li>\n<li><a href=\"https:\/\/www.freiburg-schwarzwald.de\/blog\/global\/usa\/ramstein\/\">Nachr\u00fcstung 2.0 im Handstreich \u2013 oder: Eine neue Friedensbewegung, jetzt oder nie!<\/a> (20.7.2024)<\/li>\n<li>Der \u201eKollateralnutzen\u201c oder: Eine neue Friedensbewegung (20.7.2024)<\/li>\n<li><\/li>\n<li><a href=\"https:\/\/www.freiburg-schwarzwald.de\/blog\/engagement\/zukunft\/krieg\/armee\/\">Armee<\/a><\/li>\n<li><a href=\"https:\/\/www.freiburg-schwarzwald.de\/blog\/global\/eu\/europa\/europa-friedensordnung\/\">Europa-Friedensordnung<\/a><\/li>\n<li><a href=\"https:\/\/www.freiburg-schwarzwald.de\/blog\/engagement\/zukunft\/frieden\/friedensfaehig\/\">friedensf\u00e4hig<\/a><\/li>\n<li><a href=\"https:\/\/www.freiburg-schwarzwald.de\/blog\/engagement\/zukunft\/frieden\/friedenstuechtig\/\">friedenst\u00fcchtig<\/a><\/li>\n<li><a href=\"https:\/\/www.freiburg-schwarzwald.de\/blog\/engagement\/zukunft\/frieden\/friedensgebot\/\">Friedensgebot<\/a><\/li>\n<li><a href=\"https:\/\/www.freiburg-schwarzwald.de\/blog\/engagement\/zukunft\/krieg\/militarismus\/\">Militarismus<\/a><\/li>\n<li><a href=\"https:\/\/www.freiburg-schwarzwald.de\/blog\/engagement\/zukunft\/krieg\/wehrhaftigkeit\/\">Wehrhaftigkeit<\/a><\/li>\n<\/ul>\n<p>&nbsp;<\/p>\n<p>&nbsp;<\/p>\n<p><strong>Friedensbewegung: Linke und Rechte gemeinsam oder gar nicht<\/strong><br \/>\nJa, es braucht Solidarit\u00e4t. Drei Beispiele:<br \/>\nBeispiel I. Wie in <a href=\"https:\/\/www.freiburg-schwarzwald.de\/blog\/engagement\/buergerinitiativen\/wyhl\/\">Wyhl<\/a> bei den Anti-AKW-Demos 1975, Landwirte solidarisch mit Studenten &#8211; heute undenkbar, siehe 2022.<br \/>\nBeispiel II. Oder wie bei der 108 km langen <a href=\"https:\/\/www.freiburg-schwarzwald.de\/blog\/menschenkette-gegen-atomkraft\/\">Menschenkette 1983<\/a> von Stuttgart bis Ulm. Da habe ich den gro\u00dfartigen SPD-Linken Erhard Eppler als einen der Organisatoren erlebt, wie er sich furchtbar echauffiert hat, als \u00fcbereifrige Genossen versuchten, CDU-ler von der Demo auszuschie\u00dfen, und br\u00fcllte &#8222;Entweder wir sind ALLE GEMEINSAM gegen die Pershings oder ich gehe&#8220;. Er blieb und die so \u00fcberaus gut Christlichen auch.<br \/>\nBeispiel III: Beim der Friedenskundgebung zu Ostern 2024 haben Linke versucht, politisch Rechte von der Demo auszuschliessen. Dass man sich gegenseitig den Einsatz f\u00fcr den Frieden abspricht, dies ist kleingeistig und geht nicht und schadet dem Anliegen. Mehr dazu hier: <a href=\"https:\/\/www.freiburg-schwarzwald.de\/blog\/engagement\/zukunft\/frieden\/ostermarsch\/\">Ostermarsch Freiburg 28.3.2024<\/a> im Bericht.<br \/>\n.<br \/>\nFazit: Friedensbewegte ausschliessen weil sie links oder rechts sind, das geht \u00fcberhaupt nicht. <em><strong>Es gibt keinen linken Frieden und keinen rechten Frieden, sondern nur einen Frieden. Basta.<\/strong><\/em><br \/>\n10.5.2025<br \/>\n.<br \/>\n<strong>Wir sind dem Frieden verpflichtet und nicht der Vernichtung<\/strong><br \/>\nJonas T\u00f6gel &amp; Willy Wimmer&#8220; auf YouTube<br \/>\n1.4.2025<br \/>\n<a href=\"https:\/\/youtu.be\/N9IELtAGjXE?si=4f8xoqojW4TzI7s_\">https:\/\/youtu.be\/N9IELtAGjXE?si=4f8xoqojW4TzI7s_<\/a><br \/>\n==============================================================<\/p>\n<p><strong>In Frankreich: Rechte und Linke demonstrieren gemeinsam f\u00fcr Frieden<\/strong><br \/>\nWas in Deutschland &#8211; im Gegensatz z.B. zu Frankreich und Italien &#8211; (noch) nicht klappt: Linke wie Rechte sind nicht bereit bzw. imstande, GEMEINSAM f\u00fcr den Frieden zu demonstrieren. Denn Linke wie Rechte meinen von ihrer jeweiligen moralisch ach so hohen Warte aus, den Frieden allein f\u00fcr sich gepachtet zu haben. Dadurch schw\u00e4cht sich die Friedensbewegung selbst sehr.<br \/>\nWir waren im Winter sieben Wochen in Frankreich. Dabei mehrmals auf Demos Seit an Seit &#8222;pour la paix&#8220; mit Rechten vom Rassemblement National und Linken von La France Insoumise von M\u00e9lenchon &#8211; das ist Demokratie! Bei uns in D unvorstellbar. Es gibt keinen linken Frieden und auch keinen rechten Frieden. Es gibt nur Frieden als aller Menschenrecht.<br \/>\n1.7.2025<\/p>\n<p><strong>Leo Ensel: Eine neue Friedensbewegung \u2014 as soon as possible!<\/strong><br \/>\n<strong>Der Schlafwandler<\/strong><br \/>\nIn Deutschland grassieren \u00c4ngste vor einer Ausweitung des Ukrainekriegs \u2014 die meisten unserer Landsleute reagieren allerdings apathisch. Teil 2 von 2.<br \/>\n&#8230;<br \/>\nDas jeder jungen Generation eigene Emp\u00f6rungspotenzial schlie\u00dflich ist in erster Linie durch den zweifellos dringend gebotenen Kampf gegen die Erderw\u00e4rmung erfolgreich okkupiert. Was noch \u00fcbrig bleibt, wird von Themen wie \u201eKampf gegen Rechts\u201c, Gender und Political Correctness absorbiert. Die Medien liefern dar\u00fcber hinaus tagt\u00e4glich jede Menge \u201eAblenk\u00e4ngste\u201c. Dazu passt \u2014 das hat der Psychologe und Amerikanist Jonas T\u00f6gel pr\u00e4zise herausgearbeitet \u2014, dass die NATO vor Kurzem den Bereich der \u201eKognitiven Kriegsf\u00fchrung\u201c (\u201eCognitive Warfare\u201c) zum offiziellen sechsten Kriegsschauplatz erkl\u00e4rt hat und nun Unsummen in diesen Bereich pumpt. Zahllose Start-ups beziehen hier ein sehr eintr\u00e4gliches Auskommen. Und was fr\u00fcher \u201ePropaganda\u201c, sp\u00e4ter \u201ePublic Relations\u201c genannt wurde, hei\u00dft nun \u201eStrategische Kommunikation\u201c.<\/p>\n<p>Eine neue Friedensbewegung \u2014 as soon as possible!<br \/>\nDeutschland, nein: Europa durchlebt gerade die gef\u00e4hrlichste Phase seit dem Ende des ersten Kalten Krieges. Selbst wenn das wechselseitige T\u00f6ten und Sterben in der Ukraine hoffentlich bald beendet sein sollte, werden in Europa anschlie\u00dfend keineswegs friedliche Zust\u00e4nde herrschen. Solange nicht alle \u2014 alle! \u2014 europ\u00e4ischen Staaten, also inklusive Russland, Belarus und alle anderen Nicht-EU-Staaten, sich auf eine neue Sicherheitsstruktur auf der Basis des Prinzips der gemeinsamen Sicherheit geeinigt haben, steht unserem Kontinent im \u201abesten Falle\u2018 ein Kalter Krieg 2.0 mit einer zu beiden Seiten streng bewachten, die Ukraine von Norden bis zum Schwarzen Meer durchteilenden neuen \u201aBerliner Mauer\u2018 bevor.<br \/>\n&#8230;<br \/>\nDer voraussichtlich neue Bundeskanzler hat gerade wieder \u00f6ffentlich mit dem Gedanken einer Lieferung von Taurus-Marschflugk\u00f6rpern an die Ukraine gespielt, die unser Land zur Zielscheibe russischer Vergeltungsschl\u00e4ge machen w\u00fcrde. Er wird mit Sicherheit auch die von seinem Vorg\u00e4nger eingef\u00e4delte \u201eNachr\u00fcstung 2.0\u201c durchwinken, die unser Land in eine Zielscheibe russischer *Pr\u00e4ventiv*schl\u00e4ge verwandeln wird! Die neue Regierungskoalition \u2014 f\u00fcr die nach wie vor die Worte \u201eDiplomatie\u201c und \u201eDeeskalation\u201c tabu sind \u2014 hat gerade unter dem saloppen Motto \u201eWhatever it takes\u201c unvorstellbare Summen von hunderten Milliarden, zur Erinnerung: Hunderttausende Millionen!!, f\u00fcr die R\u00fcstungsindustrie genehmigt und f\u00fcr die Zukunft nichts weniger als ein \u201eErm\u00e4chtigungsgesetz in Sachen Aufr\u00fcstung\u201c in Aussicht gestellt. Im neuen Bundestag wird zudem keine Partei mehr vertreten sein, die einer Militarisierung kompromisslos entgegentritt.<br \/>\nBliebe nur noch der zivile Widerstand \u201avon unten\u2018 in Gestalt einer neuen breiten Friedensbewegung, die heute leider noch nicht einmal in Ans\u00e4tzen existiert\u2026<br \/>\nDennoch: Passivit\u00e4t und Resignation k\u00f6nnen wir uns nicht leisten.<br \/>\n&#8230; Alles vom 22.3.2025 von Leo Ensel bitte lesen auf<br \/>\n<a href=\"https:\/\/www.manova.news\/artikel\/die-schlafwandler-2\">https:\/\/www.manova.news\/artikel\/die-schlafwandler-2<\/a><\/p>\n<p>Das gro\u00dfe Ablenkungsman\u00f6ver \u2013 Millionen gegen Rechts, wie viele gegen Krieg und Aufr\u00fcstung?<br \/>\n&#8230; Alles vom 26.2.2025 von Leo Ensel bitte lesen auf<br \/>\n<a href=\"https:\/\/www.nachdenkseiten.de\/?p=129340\">https:\/\/www.nachdenkseiten.de\/?p=129340<\/a><\/p>\n<p>&nbsp;<\/p>\n<p><strong>NICHT OHNE UNS! &#8211; Friedens- und Demokratiebewegung<\/strong><br \/>\nseit 28. M\u00e4rz 2020 | seit 23. Nov. 24 offiziell verbr\u00fcdert (vergeschwistert) mit der Bauernbewegung<br \/>\n28. M\u00e4rz 2025: F\u00fcnf Punkte, f\u00fcnf Jahre, f\u00fcnf Festtage von 26. bis 31. M\u00e4rz 2025 in Berlin #28M25. (Hier zur begleitenden DW-AKTION!)<\/p>\n<p>VERNUNFT GEGEN DEN IRRSINN DER MACHT<br \/>\nMit der Verhinderung des Spritzenzwangs hat die Demokratiebewegung einen ersten Sieg errungen. Mit der Abschaffung der Corona-Ma\u00dfnahmen einen zweiten. Es geht weiter, bis der 5-Punkte-Plan umgesetzt ist.<br \/>\nBei der Frage \u00bbWie konnte es soweit kommen?\u00ab, gelangen Demokraten zur Antwort: \u00bbWir m\u00fcssen verfassungsrechtliche Mechanismen entwickeln, um einen solchen Ma\u00dfnahmenstaat in Zukunft zu verhindern. Auf Basis des Grundgesetzes.\u00ab<br \/>\n<a href=\"https:\/\/www.nichtohneuns.de\/\">https:\/\/www.nichtohneuns.de\/<\/a><br \/>\n<a href=\"https:\/\/nichtohneuns-freiburg.de\/\">https:\/\/nichtohneuns-freiburg.de\/<\/a><br \/>\n.<br \/>\nDIE DEMOKRATIEBEWEGUNG SEIT 28. M\u00c4RZ 2020<br \/>\n\u2794 Zum Newsletter <a href=\"https:\/\/seu2.cleverreach.com\/f\/259779-256001\/\">https:\/\/seu2.cleverreach.com\/f\/259779-256001\/<\/a><br \/>\n\u2794 Zur Wochenzeitung <a href=\"https:\/\/demokratischerwiderstand.de\/\">https:\/\/demokratischerwiderstand.de\/<\/a><br \/>\n.<br \/>\nDER F\u00dcNF-PUNKTE-PLAN<br \/>\nDie Ziele der labellosen Demokratiebewegung lauten seit 28. M\u00e4rz 2020<br \/>\n1. SOFORTIGES ENDE DER CORONA-MA\u00dfNAHMEN UND DER KRIEGSTREIBEREI AUCH IN DEUTSCHLAND.<br \/>\n2. WIEDEREINHALTUNG DES GRUNDGESETZES, DES N\u00dcRNBERGER KODEXES &amp; DES MENSCHENRECHTES IN WORTLAUT UND SINN.<br \/>\n3. NEUWAHLEN, BRECHUNG DES PARTEIENPRIVILEGS, IMPERATIVES MANDAT.<br \/>\n4. VOLKSENTSCHEIDE \u00dcBER ALLE GRUNDLEGENDEN ANGELEGENHEITEN (Frieden, W\u00e4hrung, WHO usw.).<br \/>\n5. VERFASSUNGSERNEUERUNG AUF BASIS DES GRUNDGESETZES MIT WIRTSCHAFTS- &amp; SOZIALCHARTA AUS DEM VOK SELBST<\/p>\n<p>&nbsp;<\/p>\n<p><strong>Konfliktforscher Leo Ensel: \u201eDiese Friedensbewegung hat keine Zukunft\u201c<\/strong><br \/>\n9.12.2024, Friedensbewegung erstarrt in Ritualen | Florian Warweg im Gespr\u00e4ch mit , Gabriele Gysi und Leo Ensel<br \/>\n<a href=\"https:\/\/www.youtube.com\/watch?v=6l3d0F1pegY\">https:\/\/www.youtube.com\/watch?v=6l3d0F1pegY<\/a><\/p>\n<p>Auf der 3. Friedensdemo: Vergreist, im Ritualismus erstarrt. Diese Form der Friedensbewegung hat keine Zukunft. Nur wenig \u00dc60 auf der Strasse. Gauweiler hielt noch die beste Rede, da pers\u00f6nlich-authentisch. Warum k\u00f6nnen linke und rechte (Querdenker) nicht zusammenfinden. Es ist doch egal, aus welchen Gr\u00fcnden jemand f\u00fcr den Frieden ist.<br \/>\nIn den 80er Jahren: Die Menschen gingen auf die Strasse. Angst vor D als Kriegsschauplatz. Die Rakete wird den Spielplatz meiner Kinder treffen.<br \/>\nHeute: Die Angst vor dem Kriegsschauplatz hat sich 1500 km nach Osten verlagert.<br \/>\nDie Friedensbewegung in 2024 findet nur auf der mentalen Ebene, nicht aber auf der Strasse statt.<br \/>\nEnsel: Putin ist als West-Man gestartet und wir haben ihn auflaufen lassen<br \/>\nDerzeit erleben wir eine Totalverteidigung der Diplomatie<br \/>\nGuysi: Die Schuldfrage ist zweitrangig. Warum zwingen wir die Politik nicht zu Diplomatie?<br \/>\nEnzensberger: &#8222;Gorbatschow ist ein Held des R\u00fcckzugs&#8220;. Es darf keinen Welt-Hegemon geben, keine Weltregierung. Die Kulturen sind zu verschieden und das ist auch gut so.<br \/>\n<a href=\"https:\/\/www.youtube.com\/watch?v=IxNjuhhewYc&amp;t=1s\">https:\/\/www.youtube.com\/watch?v=IxNjuhhewYc&amp;t=1s<\/a><br \/>\nIn einer neuen Ausgabe des Formats \u201eWir drehen durch\u201c unterhalten sich der NachDenkSeiten-Redakteur Florian Warweg und die Schauspielerin und Regisseurin Gabriele Gysi mit dem Konfliktforscher Leo Ensel. Ein Gespr\u00e4ch \u00fcber den (lamentablen) Zustand der deutschen Friedensbewegung und die Gr\u00fcnde daf\u00fcr, westliche Doppelmoral in Bezug auf Ukraine und Gaza, wieso Friedensinitiativen derzeit nur aus dem Globalen S\u00fcden kommen, den Niedergang der deutschen Diplomatie, anhaltende Erfolge von US-Softpower und was der \u201etaumelnde Hegemon\u201c USA von der untergegangenen Sowjetunion lernen kann. Zudem entspann sich eine Debatte \u00fcber die Bewertung der Leistung von Gorbatschow.<br \/>\n&#8230; Alles vom 10.12.2024 bitte lesen auf<br \/>\n<a href=\"https:\/\/www.nachdenkseiten.de\/?p=126000\">https:\/\/www.nachdenkseiten.de\/?p=126000<\/a><\/p>\n<p>&nbsp;<\/p>\n<p><strong>Die neue deutsche Friedensbewegung: Gro\u00dfes Comeback von Petr Bystron<\/strong><br \/>\n<em>Der EU-Abgeordnete und fr\u00fchere MdB Petr Bystron ist wieder da. Nachdem ihm obskure Hausdurchsuchungen zu schaffen gemacht haben, wurde es stiller um ihn. Jetzt meldet er sich mit der vielleicht wichtigsten Rede seiner Laufbahn zur\u00fcck:<\/em><\/p>\n<p>Video zur Rede vom 26.11.2024 im EU-Parlament: <a href=\"https:\/\/t.me\/teambystron\/5513\">https:\/\/t.me\/teambystron\/5513<\/a><br \/>\nRedetext:<br \/>\nWeitere Waffen an die Ukraine? F\u00fcr wen tun Sie es eigentlich?<br \/>\nDie Kollegin hat das gerade gesagt: Die Mehrheit der Ukrainer will Verhandlungen. Will endlich Frieden. Und dabei will sie sogar auf Gebiete verzichten. Das ist jetzt eine aktuelle Umfrage aus der Ukraine .<br \/>\nZehn Millionen Ukrainer haben mit den F\u00fc\u00dfen abgestimmt. Die haben vorher schon das Land verlassen, darunter 500.000 M\u00e4nner im wehrf\u00e4higen Alter, die da nicht elendig verenden wollen.<br \/>\nUnd weitere 500.000 konnten gar nicht mehr abstimmen, denn die sind tot.<br \/>\nReicht Ihnen das nicht?<br \/>\nSelbst Selenskyj sagt jetzt, er will Verhandlungen und eine diplomatische L\u00f6sung. Das ist genau das, was wir seit zwei Jahren fordern. Und Sie haben alle, die das gefordert haben, zwei Jahre lang beschimpft als Agenten Moskaus, als Agenten Putins.<br \/>\nSo, und jetzt ist auch Selenskyj Putins Agent? Verbreitet er jetzt pl\u00f6tzlich russische Propaganda?<br \/>\nNat\u00fcrlich nicht!<br \/>\nEr hat nur gemerkt, dass der Krieg vorbei ist. Trump hat die Wahlen gewonnen. Es ist Schluss mit weiteren Waffenlieferungen. Und Sie wollen hier allen Ernstes den Konflikt weiter eskalieren und uns alle in einen dritten Weltkrieg hineinziehen? So kurz vor Ende des Krieges?<br \/>\nDa muss man sich eigentlich die Frage stellen: Wessen Interessen vertreten sie \u00fcberhaupt? Die des ukrainischen Volkes sind das nicht. Sie vertreten hier nur die Waffenlobby, die NATO und die Geheimdienste! Denn die f\u00fchren den Krieg gegen Russland. Die f\u00fchlen sich jetzt schon im Krieg gegen Russland, durch niemanden legitimiert. Kein Parlament hat das jemals abgestimmt.<br \/>\nDie Menschen in der Ukraine wollen den Krieg nicht. Die Menschen in Russland wollen den Krieg nicht. Die Amerikaner wollen den Krieg nicht. Die meisten Europ\u00e4er wollen den Krieg nicht. Also h\u00f6ren Sie auf, uns in den Krieg hineinzuziehen! Er ist vorbei.<br \/>\nDanke sch\u00f6n.<br \/>\n&#8230; Alles vom 26.11.2024 bitte lesen auf<br \/>\n<a href=\"https:\/\/www.alexander-wallasch.de\/politik\/die-neue-deutsche-friedensbewegung-grosses-comeback-von-petr-bystron\">https:\/\/www.alexander-wallasch.de\/politik\/die-neue-deutsche-friedensbewegung-grosses-comeback-von-petr-bystron<\/a><\/p>\n<p>&nbsp;<\/p>\n<p><strong>\u201eFrieden lernen\u201c mit Dr. Heinz Klippert: 38. Pleisweiler Gespr\u00e4ch\u00a0<\/strong><br \/>\n<strong>Teil 1: Vortrag<\/strong><br \/>\nWenn unser Verteidigungsminister Pistorius fordert, die Deutschen m\u00fcssten wieder \u201ekriegst\u00fcchtig\u201c werden und die amtierende Bundesbildungsministerin Stark-Watzinger verk\u00fcndet, dass in den Schulen wieder mehr \u00fcber Krieg geredet, Zivilschutz ge\u00fcbt und f\u00fcr die Bundeswehr geworben werden m\u00fcsse, dann ist das ein R\u00fcckfall in finstere Zeiten der Kriegsvorbereitung und Kriegslegitimierung.<br \/>\nHeinz Klippert stellt sich diesem neuen bellizistischen Zeitgeist entgegen und pl\u00e4diert f\u00fcr einen reflektierten Pazifismus, der den Irrsinn von Kriegen hinterfragt, der sensiblen Kriegspr\u00e4vention und gewaltfreien Konfliktregelung das Wort redet und dem verbreiteten Schwarz-Wei\u00df- bzw. Gut-B\u00f6se-Denken den entschlossenen Kampf ansagt. Kriege sind nie alternativlos! Wer Frieden will, muss laut Klippert vor allem eines tun: den Frieden vorbereiten und in Schule und Gesellschaft dazu beitragen, dass in den K\u00f6pfen und Herzen der Menschen ein Mehr an begr\u00fcndeter Kriegsskepsis, Toleranz, Friedensphantasie, Ideologieresistenz und Widerspruchsbereitschaft entsteht. Der Vortrag bietet vielf\u00e4ltige Argumente, Hintergrundanalysen, Problemanzeigen und Bildungsanst\u00f6\u00dfe zu dieser Art der Friedensvorbereitung sowie dazu, die aktuelle \u201eKriegstreiberei\u201c als das zu entlarven, was sie letztlich ist: verantwortungslos, zynisch, heuchlerisch und zukunftsgef\u00e4hrdend. Das gilt f\u00fcr alle Seiten.<br \/>\n26.10.2024<br \/>\n<a href=\"https:\/\/www.youtube.com\/watch?v=nNNihFMkD54&amp;t=293s\">https:\/\/www.youtube.com\/watch?v=nNNihFMkD54&amp;t=293s<\/a><br \/>\n.<br \/>\n<strong>Teil 2: Diskussion mit dem Publikum<\/strong><br \/>\nZur Person: Dr. Heinz Klippert ist promovierter \u00d6konom, studierter Soziologe, ausgebildeter Gymnasiallehrer. Er arbeitete viele Jahre mit den Schwerpunkten Wirtschafts- und Sozialethik, politische Bildung, neue Lernmethoden sowie Schul- und Unterrichtsentwicklung am Lehrerfortbildungsinstitut der ev. Kirchen (EFWI) in Landau. Er ist Verfasser zahlreicher B\u00fccher zu aktuellen Bildungsfragen, sozialethischen Themen und schulpolitischen Kontroversen, darunter das neue Werk \u201eFrieden sichern. Anleitung zur Belebung pazifistischen Denkens\u201c.<br \/>\nDas aktuelle Buch von Dr. Heinz Klippert \u201eFrieden? Sichern! Anleitung zur Belebung pazifistischen Denkens\u201c ist beim Westend Verlag erschienen (ISBN 9783864894343). <a href=\"https:\/\/westendverlag.de\/Frieden-Sich\">https:\/\/westendverlag.de\/Frieden-Sich<\/a>.<br \/>\n<a href=\"https:\/\/www.youtube.com\/watch?v=ZoIFu5IqpmU&amp;t=31s\">https:\/\/www.youtube.com\/watch?v=ZoIFu5IqpmU&amp;t=31s<\/a><br \/>\n&#8230; Alles vom 31.10.2024 bitte lesen auf<br \/>\n<a href=\"https:\/\/www.nachdenkseiten.de\/?p=123972\">https:\/\/www.nachdenkseiten.de\/?p=123972<\/a><\/p>\n<p>&nbsp;<\/p>\n<p><strong>Der \u201eKollateralnutzen\u201c oder: Eine neue Friedensbewegung<\/strong><br \/>\nAber vielleicht hat der schockierende Handstreich von Washington (<a href=\"https:\/\/www.freiburg-schwarzwald.de\/blog\/global\/usa\/ramstein\/\">Scholz k\u00fcndigt die Stationierung von hyperschallraketen in D an<\/a> ) ja doch zumindest einen \u201eKollateralnutzen\u201c zur Folge. Im \u201aoptimalen\u2018 Falle k\u00f6nnte er n\u00e4mlich der ber\u00fchmte Tropfen sein, der das Fass zum endlich \u00dcberlaufen bringt!<br \/>\nStellen wir uns einen kurzen Moment vor, die \u201eGeneration 60 plus\u201c, die die leidenschaftlichen Debatten um die, so muss man sie jetzt nennen, \u201eNachr\u00fcstung 1.0\u201c in den Achtzigerjahren und die damals virulenten Kriegs\u00e4ngste noch deutlich in Erinnerung hat, w\u00fcrde sich einen Ruck geben. Alle, die damals auf die Stra\u00dfen gingen und in Friedensgruppen aktiv waren, w\u00fcrden \u2013 sofern sie noch nicht tot oder pflegebed\u00fcrftig sind<br \/>\n\u2013 erkennen, dass sie (nicht irgendwann, sondern) jetzt wieder handeln m\u00fcssen;<br \/>\nund sie w\u00fcrden einen sachlichen Dialog auf Augenh\u00f6he mit den J\u00fcngeren suchen;<\/p>\n<p>&#8211; und es w\u00fcrde ihnen gelingen, mit guten Argumenten (die es ja gibt) die jungen Klimasch\u00fctzer \u2013 nein: nicht zu \u00fcberreden, sondern \u2013 zu \u00fcberzeugen, dass R\u00fcstung schon ohne Krieg, erst recht aber ein manifester Krieg, Ressourcenvergeudung ohne Ende und Klimakiller gr\u00f6\u00dften Ausma\u00dfes sind; ja, dass man das globale Klima bereits durch einen begrenzten \u201enuklearen Schlagabtausch\u201c, erst recht aber durch einen mit thermonuklearen Massenvernichtungsmitteln gef\u00fchrten Dritten Weltkrieg am Schnellsten und \u201eNachhaltigsten\u201c zerst\u00f6ren k\u00f6nne;<\/p>\n<p>&#8211; und alle w\u00fcrden sich \u2013 ungeachtet aller sonstigen Differenzen \u2013 zu einer gro\u00dfen und kraftvollen neuen Friedensbewegung zusammenschlie\u00dfen;<\/p>\n<p>&#8211; und die friedensbewegten Menschen w\u00fcrden unseren Regierenden unmissverst\u00e4ndlich klarmachen, dass sie deren \u2013 im Worst Case (selbst)m\u00f6rderische \u2013 Ma\u00dfnahmen nicht nur nicht hinzunehmen gewillt sind, sondern dagegen auch zivilen Widerstand organisieren und daf\u00fcr, wenn es sein muss, pers\u00f6nliche Nachteile in Kauf nehmen werden;<\/p>\n<p>&#8211; und diese neue Friedensbewegung w\u00fcrde die Bev\u00f6lkerung in den anderen westlichen Staaten auffordern, es ihr gleichzutun;<br \/>\n&#8211;<br \/>\nund sie w\u00fcrde an die Menschen in Russland und in der Ukraine (im Westen, in Kiew, in Odessa, Mariupol, in Donezk und Lugansk) sowie auf der Krim \u2013 aber auch in den USA! \u2013 appellieren, ihren jeweiligen Machthabern ebenfalls unmissverst\u00e4ndlich klarzumachen, dass mit dem wechselseitigen T\u00f6ten und Sterben endlich Schluss sein muss; dass wir alle in einem Boot sitzen, dass die Alternative nur noch lautet \u201eGemeinsam \u00fcberleben oder gemeinsam untergehen\u201c, dass wir daher dringend auch eine neue Entspannungspolitik ben\u00f6tigen;<\/p>\n<p>kurz: die neue Friedensbewegung w\u00fcrde alle Menschen \u2013 im Westen wie im Osten \u2013 auffordern, jegliche direkte und indirekte Beteiligung am Krieg zu verweigern; dann \u2013<br \/>\nja, dann h\u00e4tten wir vielleicht noch eine Chance!<\/p>\n<p>Einmal jedenfalls hat eine solche Bewegung selbst den Chef einer Supermacht in seinem Handeln beeinflussen k\u00f6nnen. \u201eIch erinnere mich gut an die lautstarke Stimme der Friedensbewegung gegen Krieg und Atomwaffen in den 1980er-Jahren. Diese Stimme wurde geh\u00f6rt!\u201c Das schrieb im Jahre 2017 ein gewisser Michail Sergejewitsch Gorbatschow.<br \/>\n&#8230; Alles vom 20.7.2024 von Leo Ensel bitte lesen auf<br \/>\n<a href=\"https:\/\/www.nachdenkseiten.de\/?p=118445\">https:\/\/www.nachdenkseiten.de\/?p=118445<\/a><br \/>\noder<br \/>\n<a href=\"https:\/\/globalbridge.ch\/nachruestung-2-0-im-handstreich-oder-eine-neue-friedensbewegung-jetzt-oder-nie\/\">https:\/\/globalbridge.ch\/nachruestung-2-0-im-handstreich-oder-eine-neue-friedensbewegung-jetzt-oder-nie\/<\/a><\/p>\n","protected":false},"excerpt":{"rendered":"<p>Home &gt;Engagement\u00a0&gt;Zukunft\u00a0&gt;Frieden\u00a0&gt;Pazifismus &gt;Friedensbewegung &gt;Friedensbewegung2-0 &nbsp; Listenauswahl eines Beitrags: Bitte\u00a0anklicken\u00a0oder runterscrollen Ostern \u2013 das Fest des Friedens\u00a0(6.4.2026) Ostermarsch 2026, Samstag 4.4.2026 Freiburg, 11 Uhr PdaS\u00a0(25.3.2026) 4 Jahre Ukrainekrieg: Stop jetzt\u00a0(14.2.2026) D neutral \u2013 EU Friedensordnung\u00a0(4.2.2026) Lehrerzimmer: Mit Sch\u00fclern \u00fcber Krieg und &hellip; <a href=\"https:\/\/www.freiburg-schwarzwald.de\/blog\/engagement\/zukunft\/frieden\/friedensbewegung2-0\/\">Weiterlesen <span class=\"meta-nav\">&rarr;<\/span><\/a><\/p>\n","protected":false},"author":2,"featured_media":0,"parent":31375,"menu_order":0,"comment_status":"closed","ping_status":"closed","template":"","meta":{"footnotes":""},"class_list":["post-125478","page","type-page","status-publish","hentry"],"_links":{"self":[{"href":"https:\/\/www.freiburg-schwarzwald.de\/blog\/wp-json\/wp\/v2\/pages\/125478","targetHints":{"allow":["GET"]}}],"collection":[{"href":"https:\/\/www.freiburg-schwarzwald.de\/blog\/wp-json\/wp\/v2\/pages"}],"about":[{"href":"https:\/\/www.freiburg-schwarzwald.de\/blog\/wp-json\/wp\/v2\/types\/page"}],"author":[{"embeddable":true,"href":"https:\/\/www.freiburg-schwarzwald.de\/blog\/wp-json\/wp\/v2\/users\/2"}],"replies":[{"embeddable":true,"href":"https:\/\/www.freiburg-schwarzwald.de\/blog\/wp-json\/wp\/v2\/comments?post=125478"}],"version-history":[{"count":6,"href":"https:\/\/www.freiburg-schwarzwald.de\/blog\/wp-json\/wp\/v2\/pages\/125478\/revisions"}],"predecessor-version":[{"id":147553,"href":"https:\/\/www.freiburg-schwarzwald.de\/blog\/wp-json\/wp\/v2\/pages\/125478\/revisions\/147553"}],"up":[{"embeddable":true,"href":"https:\/\/www.freiburg-schwarzwald.de\/blog\/wp-json\/wp\/v2\/pages\/31375"}],"wp:attachment":[{"href":"https:\/\/www.freiburg-schwarzwald.de\/blog\/wp-json\/wp\/v2\/media?parent=125478"}],"curies":[{"name":"wp","href":"https:\/\/api.w.org\/{rel}","templated":true}]}}