{"id":124877,"date":"2024-06-27T22:13:19","date_gmt":"2024-06-27T20:13:19","guid":{"rendered":"https:\/\/www.freiburg-schwarzwald.de\/blog\/?page_id=124877"},"modified":"2026-08-24T20:54:51","modified_gmt":"2026-08-24T18:54:51","slug":"kontrafunk","status":"publish","type":"page","link":"https:\/\/www.freiburg-schwarzwald.de\/blog\/kultur\/medien\/radio\/kontrafunk\/","title":{"rendered":"Kontrafunk"},"content":{"rendered":"<p>Home &gt;<a title=\"Kultur\" href=\"https:\/\/www.freiburg-schwarzwald.de\/blog\/kultur\/\">Kultur<\/a>\u00a0&gt;<a title=\"Medien\" href=\"https:\/\/www.freiburg-schwarzwald.de\/blog\/kultur\/medien\/\">Medien<\/a> &gt;<a href=\"https:\/\/www.freiburg-schwarzwald.de\/blog\/kultur\/medien\/gez-medien\/\">GEZ-Medien<\/a> &gt;<a href=\"https:\/\/www.freiburg-schwarzwald.de\/blog\/kultur\/medien\/radio\/\">Radio<\/a> &gt;Kontrafunk<\/p>\n<div id=\"attachment_117239\" style=\"width: 650px\" class=\"wp-caption alignnone\"><a href=\"https:\/\/www.freiburg-schwarzwald.de\/blog\/wp-content\/uploads\/2023\/11\/demo1-wir-gemeinsam-pan2311-1.jpg\"><img loading=\"lazy\" decoding=\"async\" aria-describedby=\"caption-attachment-117239\" class=\"size-full wp-image-117239\" src=\"https:\/\/www.freiburg-schwarzwald.de\/blog\/wp-content\/uploads\/2023\/11\/demo1-wir-gemeinsam-pan2311-1.jpg\" alt=\"\" width=\"640\" height=\"430\" srcset=\"https:\/\/www.freiburg-schwarzwald.de\/blog\/wp-content\/uploads\/2023\/11\/demo1-wir-gemeinsam-pan2311-1.jpg 640w, https:\/\/www.freiburg-schwarzwald.de\/blog\/wp-content\/uploads\/2023\/11\/demo1-wir-gemeinsam-pan2311-1-180x121.jpg 180w\" sizes=\"auto, (max-width: 640px) 100vw, 640px\" \/><\/a><p id=\"caption-attachment-117239\" class=\"wp-caption-text\">Gemeinsam unterwegs f\u00fcr Frieden, Freiheit und Demokratie auf der Demo in Freiburg am 11.11.2023<\/p><\/div>\n<p>&nbsp;<\/p>\n<ul>\n<li><em>Listenauswahl eines Beitrags (Artikel\/Datum, Seite\/Inhalt):\u00a0<span style=\"text-decoration: underline;\">Klicken<\/span>\u00a0oder scrollen<\/em><\/li>\n<li>Kontrafunk mit bundesweiter Zulassung &#8211; Investoren gesucht (24.8.2026)<\/li>\n<li><em><strong>Redaktionsstatut des Kontrafunk (24.8.2026)<\/strong><\/em><\/li>\n<li><a href=\"https:\/\/www.freiburg-schwarzwald.de\/blog\/oerr-11-mrd-kontrafunk-25-mio\/\">\u00d6RR 11 Mrd \u2013 Kontrafunk 2,5 Mio<\/a> (21.6.2026)<\/li>\n<li>Kontrafunk vier Jahre: Der alternative Mainstream (19.6.2026)<\/li>\n<li><a href=\"https:\/\/www.freiburg-schwarzwald.de\/blog\/global\/eu\/eu-ungarn\/\">Entgeht Ungarn dem Untergang? Sonntagsrunde mit Burkhard M\u00fcller-Ullrich<\/a> (15.3.2026)<\/li>\n<li><a href=\"https:\/\/www.freiburg-schwarzwald.de\/blog\/windkraft-tatsache-vs-wertung\/\">Windkraft: Tatsache vs Wertung<\/a> (28.1.2026)<\/li>\n<li><a href=\"https:\/\/www.freiburg-schwarzwald.de\/blog\/kultur\/medien\/medien-politik\/\">Norbert Bolz \u2013 Warum unsere politisch-mediale Elite antikapitalistisch ist<\/a> (3.1.2026)<\/li>\n<li>Kontrafunk-Sonntagsrunde: Beschlagnahme russischer Verm\u00f6gen (14.12.2025)<\/li>\n<li><a href=\"https:\/\/www.freiburg-schwarzwald.de\/blog\/pluralismus-bodensee-bundestag\/\">Pluralismus: Bodensee Bundestag<\/a>\u00a0(12.7.2025)<\/li>\n<li>Radioversenken in Konstanz (7.7.2025)<\/li>\n<li>Nach linksextremen Drohungen sagt Kontrafunk Bodensee-Schifffahrt ab (4.7.2025)<\/li>\n<li><a href=\"https:\/\/www.freiburg-schwarzwald.de\/blog\/vahlefeld-die-krisenmaschine\/\">Vahlefeld: Die Krisenmaschine<\/a>\u00a0(29.6.2025)<\/li>\n<li><a href=\"https:\/\/www.freiburg-schwarzwald.de\/blog\/sich-informieren-macht-freude\/\">Sich informieren macht Freude<\/a>\u00a0(23.6.2025)<\/li>\n<li><a href=\"https:\/\/www.freiburg-schwarzwald.de\/blog\/kastanie-bienen-atom-israel-iran\/\">Kastanie Bienen Atom Israel Iran<\/a> (15,6,2925)<\/li>\n<li><a href=\"https:\/\/www.freiburg-schwarzwald.de\/blog\/global\/italien\/\">Matussek!: Meloni \u2013 Matthias Matussel im Kontrafunk zu Giorgia Meloni<\/a> (30.5.2025)<\/li>\n<li><a href=\"https:\/\/www.freiburg-schwarzwald.de\/blog\/kontrafunk-kontosperrung-pirna\/\">Kontrafunk Kontosperrung Pirna<\/a> (5.2.2025)<\/li>\n<li><a href=\"https:\/\/www.freiburg-schwarzwald.de\/blog\/musk-weidel-gespraech-9-1-25\/\">Musk \u2013 Weidel: Gespr\u00e4ch 9-1-25<\/a>\u00a0(10.1.2025)<\/li>\n<li>Zweiter Geburtstag von Kontrafunk in Dresden am 21.6.2024 (28.6.2024)<\/li>\n<li><a href=\"https:\/\/www.freiburg-schwarzwald.de\/blog\/kontrafunk-die-sonnntagsrunde\/\">Kontrafunk: Die Sonntagsrunde<\/a>\u00a0(5.5.2024)<\/li>\n<li><a href=\"https:\/\/www.freiburg-schwarzwald.de\/blog\/100-jahre-radio-wirsindmedien\/\">100 Jahre Radio: WirSindMedien<\/a>\u00a0(31.10.2023)<\/li>\n<li><a href=\"https:\/\/www.freiburg-schwarzwald.de\/blog\/falschmeldung-im-dlf-wozu\/\">Falschmeldung im DLF \u2013 wozu?<\/a>\u00a0(19.10.2023)<\/li>\n<li><a href=\"https:\/\/www.freiburg-schwarzwald.de\/blog\/kultur\/medien\/gez-medien\/\">18,35 Euro\/Monat f\u00fcr den Kontrafunk statt f\u00fcr den \u00d6RR<\/a>\u00a0(12.5.2023)<\/li>\n<li><a href=\"https:\/\/www.freiburg-schwarzwald.de\/blog\/kontrafunk-radio-seit-21-6-2022\/\">Kontrafunk.radio seit 21.6.2022<\/a>\u00a0(23.6.2022)<\/li>\n<li><a href=\"https:\/\/www.freiburg-schwarzwald.de\/blog\/te-deckt-wahlfaelschungen-auf\/\">Tichys Einblick (TE) deckt Wahlf\u00e4lschungen auf<\/a>\u00a0(30.5.2022)<\/li>\n<li><a href=\"https:\/\/www.freiburg-schwarzwald.de\/blog\/kontrafunk-24-std-radio\/\">Kontrafunk: 24-Std-Radio<\/a>\u00a0(30.5.2022)<\/li>\n<li><a href=\"https:\/\/www.freiburg-schwarzwald.de\/blog\/kultur\/medien\/radio\/\">Kontrafunk.radio als 24-Studen-Radio<\/a> (29.4.2022)<\/li>\n<li><\/li>\n<li><a href=\"https:\/\/www.freiburg-schwarzwald.de\/blog\/kultur\/medien\/alternative-medien\/\">Alternative Medien<\/a><\/li>\n<li><a href=\"https:\/\/www.freiburg-schwarzwald.de\/blog\/kultur\/medien\/kritik\/\">Kritik<\/a><\/li>\n<li><a href=\"https:\/\/www.freiburg-schwarzwald.de\/blog\/kultur\/medien\/mainstream\/\">Mainstream<\/a><\/li>\n<li><a href=\"https:\/\/www.freiburg-schwarzwald.de\/blog\/engagement\/zukunft\/demokratie\/grundgesetz\/grundgesetz-meinungsfreiheit\/\">Meinungsfreiheit<\/a><\/li>\n<li><a href=\"https:\/\/www.freiburg-schwarzwald.de\/blog\/kultur\/medien\/neue-medien\/\">Neue Medien<\/a><\/li>\n<li><a href=\"https:\/\/www.freiburg-schwarzwald.de\/blog\/kultur\/medien\/oerr\/\">\u00d6RR<\/a><\/li>\n<li><a href=\"https:\/\/www.freiburg-schwarzwald.de\/blog\/engagement\/zukunft\/demokratie\/freiheit\/abweichende-meinung\/verbot\/\">Verbot<\/a><\/li>\n<\/ul>\n<p><strong>Kontrafunk ist das einzige Oppositionsradio in Deutschland<\/strong><\/p>\n<p><a href=\"https:\/\/www.freiburg-schwarzwald.de\/blog\/wp-content\/uploads\/2025\/02\/kontrafunk.jpg\"><img loading=\"lazy\" decoding=\"async\" class=\"alignnone size-full wp-image-130749\" src=\"https:\/\/www.freiburg-schwarzwald.de\/blog\/wp-content\/uploads\/2025\/02\/kontrafunk.jpg\" alt=\"\" width=\"256\" height=\"179\" srcset=\"https:\/\/www.freiburg-schwarzwald.de\/blog\/wp-content\/uploads\/2025\/02\/kontrafunk.jpg 256w, https:\/\/www.freiburg-schwarzwald.de\/blog\/wp-content\/uploads\/2025\/02\/kontrafunk-180x126.jpg 180w\" sizes=\"auto, (max-width: 256px) 100vw, 256px\" \/><\/a>\u00a0 \u00a0 \u00a0<a href=\"https:\/\/kontrafunk.radio\">https:\/\/kontrafunk.radio<\/a><br \/>\n========================================================<\/p>\n<p>.<\/p>\n<p><strong>Kontrafunk mit bundesweiter Zulassung &#8211; Investoren gesucht<\/strong><br \/>\nLiebe H\u00f6rer, liebe Freunde, liebe Interessenten!<br \/>\nF\u00fcr den Kontrafunk beginnt jetzt, im f\u00fcnften Jahr seines Bestehens, eine neue \u00c4ra. Wir haben soeben von den deutschen Landesmedienanstalten eine bundesweite Zulassung f\u00fcr die Verbreitung \u00fcber terrestrische Sender erhalten, weil der Kontrafunk \u2013 laut offiziellem Bescheid \u2013 \u201eeinen gr\u00f6\u00dferen Beitrag zur Programm- und Meinungsvielfalt\u201c leistet.<br \/>\nWas zeichnet den Kontrafunk aus? Vor allem nat\u00fcrlich die journalistische Seriosit\u00e4t. Au\u00dferdem der Anspruch, ein kulturell gehobenes Vollprogramm mit w\u00f6chentlichen Fachmagazinen, wissenschaftlichen Vortr\u00e4gen, literarischen Lesungen, unterhaltsamen Diskussionen, christlichen Gottesdiensten und st\u00fcndlichen Nachrichten zu bieten. Auch wenn jede unserer Sendungen einzeln als Podcast abrufbar ist: wir machen Radio, und zwar rund um die Uhr.<br \/>\nJetzt ist der Moment gekommen, unsere Reichweite in Deutschland betr\u00e4chtlich zu vergr\u00f6\u00dfern. Allerdings \u00fcbersteigt die Miete terrestrischer Senderketten unsere derzeitigen finanziellen M\u00f6glichkeiten. Deshalb suchen wir Investoren, die sich an einer Kapitalerh\u00f6hung unserer Muttergesellschaft, der schweizerischen Kontrafunk AG, mit mindestens 25 Tsd. CHF oder einem Vielfachen dieses Betrags beteiligen.<br \/>\nBitte helfen Sie uns, die Chance zu ergreifen und ein solide finanziertes unabh\u00e4ngiges Rundfunkangebot zu schaffen, das dem linksgr\u00fcnen Mainstream kontra gibt und \u00fcber eine robuste Marktposition verf\u00fcgt. Der politische Wind dreht sich, blo\u00df an dem ideologischen Eifer der bisherigen Sendeanstalten wird sich nichts \u00e4ndern. Es braucht eine institutionelle Alternative \u2013 und sie hei\u00dft Kontrafunk.<br \/>\nBitte sprechen Sie auch m\u00f6gliche Investoren in Ihrem Bekanntenkreis an, die sich zu unseren bisher 188 Aktion\u00e4ren gesellen wollen: Mittelst\u00e4ndler, Freiberufler, Privatiers, die \u00fcber ein gewisses Verm\u00f6gen verf\u00fcgen und einen klaren Blick f\u00fcr die politische Lage haben. Selbstverst\u00e4ndlich ist ein finanzielles Engagement bei unserem Medienprojekt riskant. Der Kontrafunk ist keine Sparkasse; eine Rendite k\u00f6nnen wir auf absehbare Zeit nicht garantieren. Gleichwohl sind wir \u00fcberzeugt, dass ein gewinnorientierter Betrieb m\u00f6glich ist. Die Rundfunkwende wird kommen. Wer, wenn nicht der Kontrafunk, k\u00f6nnte sie bewerkstelligen.<br \/>\nDer Kontrafunk ist kein Musiksender und mit keinem anderen Radio vergleichbar. Wir bieten ein sorgf\u00e4ltig kuratiertes und produziertes Wortprogramm f\u00fcr alle deutschsprachigen L\u00e4nder. Diese verbindende und vergleichende Perspektive auf politische und gesellschaftliche Vorg\u00e4nge in Deutschland, \u00d6sterreich und der Schweiz macht den Kontrafunk europaweit einzigartig.<\/p>\n<p>Bei ernsthaftem Interesse an unserer Kapitalerh\u00f6hung schreiben Sie bitte an investoren@kontrafunk.radio \u2013 Sie erhalten dann weitere Informationen.<br \/>\nMit freundlichen Gr\u00fc\u00dfen<br \/>\nBurkhard M\u00fcller-Ullrich, CEO<br \/>\nTel. +41 52 551 3333. <a href=\"https:\/\/www.kontrafunk.radio\">https:\/\/www.kontrafunk.radio<\/a><br \/>\n.<\/p>\n<p><strong>Redaktionsstatut des Kontrafunk<br \/>\n<\/strong>Der Kontrafunk ist unabh\u00e4ngig von jeder Einflussnahme durch politische Parteien, Organisationen, Geldgeber oder sonstige fremde Kr\u00e4fte. Wir vertreten jedoch aus eigener \u00dcberzeugung in unserem Programm folgende politische Positionen:<\/p>\n<ul>\n<li>Wir setzen uns daf\u00fcr ein, dass das Corona-Unrecht aufgekl\u00e4rt wird und die Verantwortlichen zur Rechenschaft gezogen werden.<\/li>\n<li>Wir kritisieren den Verfall des Rechtstaats und fordern, dass seine Organe von parteipolitischer Lenkung befreit werden.<\/li>\n<li>Ein freies Unternehmertum und ein stabiler Mittelstand sind nach unserer \u00dcberzeugung die Basis f\u00fcr das wirtschaftliche Wohlergehen unserer L\u00e4nder.<\/li>\n<li>Wir halten eine Klimapolitik, welche die stabile Energieversorgung aufs Spiel setzt und ganze Industriezweige zerst\u00f6rt, f\u00fcr verfehlt.<\/li>\n<li>Wir vertreten ein christliches Menschenbild und wenden uns gegen Abtreibungspropaganda und Genderideologie.<\/li>\n<li>Wir sehen die Machtf\u00fclle der EU als eine Gefahr f\u00fcr b\u00fcrgerliche Freiheit, demokratische Willensbildung und wirtschaftliche Prosperit\u00e4t an.<\/li>\n<li>Wir betrachten die islamische Masseneinwanderung als eine existentielle Gefahr f\u00fcr unsere westlichen Gesellschaften und die hiesige Lebensweise.<\/li>\n<li>In Bezug auf den slawischen Bruderkrieg zwischen der Ukraine und Russland bem\u00fchen wir uns um eine neutrale und n\u00fcchterne Berichterstattung.<\/li>\n<li>Wir bef\u00fcrworten die \u201eimmerw\u00e4hrende bewaffnete Neutralit\u00e4t\u201c der Schweiz und lehnen einen Beitritt der Schweiz zur EU oder der NATO ab.<\/li>\n<li>Im Konflikt zwischen Israel und dessen Feinden, die es vernichten wollen, setzen wir uns publizistisch f\u00fcr das Existenzrecht Israels ein.<\/li>\n<\/ul>\n<p>24.8.2026, Burkhard M\u00fcller-Ullrich, CEO<br \/>\n<a href=\"https:\/\/www.kontrafunk.radio\">https:\/\/www.kontrafunk.radio<\/a><\/p>\n<p>.<\/p>\n<p><strong>Kontrafunk vier Jahre: Der alternative Mainstream<\/strong><br \/>\nVier Jahre nach seiner Gr\u00fcndung z\u00e4hlt der \u201eKontrafunk\u201c zu den Qualit\u00e4tsprodukten der Branche<br \/>\nFlorian Werner<\/p>\n<p>Wer regelm\u00e4\u00dfig das Radio anmacht wei\u00df, wie H\u00f6rfunk unversehens zum Hintergrundrauschen des Alltags werden kann. Fast viereinhalb Stunden lauschen die Deutschen laut dem aktuellen Bericht der Arbeitsgemeinschaft Media-Analyse im Durchschnitt t\u00e4glich dem Programm; vor allem \u00e4ltere Semester, vor allem Berufst\u00e4tige schalten sich durch die Programme, wie die Studie VuMA Touchpoints 2025 im Auftrag der Audiomedienagentur RMS unl\u00e4ngst zeigte.<br \/>\nDer 1962 gegr\u00fcndete, zwischen K\u00f6ln und Berlin beheimatete Deutschlandfunk z\u00e4hlt mit t\u00e4glich rund 2,5 Millionen H\u00f6rern zu den reichweitenst\u00e4rksten Sendern der Nation. Das Deutschlandradio bekommt von den 18,36 Rundfunkbeitrag einen Anteil von 54 Cent. Mit dem \u201eInterview der Woche\u201c, den \u201eInformationen am Morgen\u201c sowie \u201eTag f\u00fcr Tag\u201c haben die Kollegen vom Funkhaus K\u00f6ln feste Gr\u00f6\u00dfen im deutschen Medientakt etabliert. Dennoch wird auch er von der Krise eingeholt, in der sich der \u00f6ffentlich-rechtliche Rundfunk befindet. Mit einem Programmneustart will das Radio den Vertrauensverlust wettmachen.<\/p>\n<p>Kontrafunk: Die medienkritische Antwort auf den Deutschlandfunk<br \/>\nDoch das Publikum hat l\u00e4ngst Alternativen f\u00fcr sich entdeckt und schaltet zur Konkurrenz weiter, die zu allem \u00dcberfluss auch noch von ehemaligen Kollegen ins Leben gerufen worden ist. Seit 2022 sendet der Kontrafunk als sprichw\u00f6rtlicher Anti-DLF vom Bodensee aus in die Welt. Neben dem Radiogr\u00fcnder Burkhard M\u00fcller-Ullrich haben mehrere Mitarbeiter eine Vergangenheit bei ARD und ZDF. W\u00e4hrend M\u00fcller-Ullrich zeitweise Redaktionsleiter im DLF-Radiofeuilleton \u201eKultur heute\u201c war, wird sein Kollege Volker-Andreas Thieme vielen als Nachrichtensprecher erinnerlich sein. Frank Wahlig, der Station im ARD-Hauptstadtstudio gemacht hat, rundet den \u00f6ffentlich-rechtlichen Erfahrungsschatz ab, so dass die medienjournalistische Plattform \u00dcbermedien kurz nach Sendestart \u2013 neben allgemeinen Kritikpunkten \u2013 konstatieren musste, \u201edass das Programm professionell vorgetragen wird\u201c.<\/p>\n<p>Jetzt feiert das Haus in W\u00fcrzburg sein vierj\u00e4hriges Jubil\u00e4um und ist seither mit der Hilfe von insgesamt 130 Investoren, die das Radio finanzieren \u2013 Startbetrag 200 Euro \u2013, von 20 auf 35 \u201eKontrafunker\u201c angewachsen. \u201eEinige unserer H\u00f6rer betonen, dass der Silbenfall von Kontrafunk und Deutschlandfunk gleich ist\u201c, kennzeichnete M\u00fcller-Ullrich kurz nach Sendestart in der JUNGEN FREIHEIT das komplizierte Verh\u00e4ltnis zum gro\u00dfen Rundfunkbruder. Als Negativbeispiel scheint der \u00d6RR nach wie vor wegweisend f\u00fcr ihn und seine Kollegen: \u201eGegen die Einseitigkeit, Selbstgef\u00e4lligkeit und Dominanz der Mainstreammedien, vor allem der \u00d6ffentlich-Rechtlichen.\u201c Sein Ziel: mit dem Kontrafunk ein Gegengewicht in Deutschlands Medienlandschaft bereitzustellen, das die Debatte wieder ins Lot bringt.<br \/>\nZu den prominenten G\u00e4sten des alternativen Radios z\u00e4hlen neben dem libert\u00e4ren Pr\u00e4sidenten Argentiniens Javier Milei auch die Frauenrechtlerin Alice Schwarzer, die einstige Linken-Ikone Sahra Wagenknecht, Skandalf\u00fcrstin Gloria von Thurn und Taxis und Ex-ZDF-Frontmann Peter Hahne \u2013 der auch durch die erste Sendung des Kontrafunks \u00fcberhaupt f\u00fchrte.<br \/>\nMit Matthias Matussek hat M\u00fcller-Ullrich au\u00dferdem noch einen Renegaten ganz anderer Pr\u00e4gung angeworben, arbeitete Matussek doch fast 30 Jahre lang beim Spiegel, unter anderem als Auslandskorrespondent und Kulturchef. Schon wenige Monate nach Sendebeginn von Kontrafunk startete der Publizist und Buchautor mit \u201eMatussek!\u201c seine eigene Sendung, die inzwischen auf die 150. Folge zugeht. \u201eIch liebe alles daran \u2013 die Atmosph\u00e4re, das Studio, das Mikro, das macht mir unglaublich viel Spa\u00df\u201c, betont Matussek, der sich bei seinen Auftritten am US-amerikanischen Radiomacher Rush Limbaugh orientiert, der Jungen freiheit gegen\u00fcber.<br \/>\nDer konservative Entertainer, der in den 1990er Jahren mit der \u201eThe Rush Limbaugh Show\u201c zu landesweiter Bekanntheit gelangte, erreichte mit seiner gegen die Regeln der politischen Korrektheit versto\u00dfenden Flapsigkeit ein Millionenpublikum. \u201eIch erinnere mich noch, wie ich Limbaugh damals bei einem Aufenthalt in New York h\u00f6rte \u2013 es war ein Erlebnis!\u201c, erinnert sich Matussek. Diese Nonchalance nimmt er in seinen eigenen Podcast hin\u00fcber, wo er im Plauderton pikante Anekdoten mit Seitenhieben auf das linke Milieu mischt. Auch bei diesem Format kann sich die Liste der G\u00e4ste sehen lassen, hat Matussek sich doch schon mit dem Philosophen R\u00fcdiger Safranski, dem Publizisten Michael Klonovsky und dem Romancier Martin Mosebach unterhalten.&#8216;<\/p>\n<p>Der Sparzwang kommt inzwischen auch bei den Alternativmedien an<br \/>\nDoch auch solche illustren Runden k\u00f6nnen die \u00f6konomischen Notwendigkeiten nicht ausblenden, mit denen sich der Kontrafunk konfrontiert sieht. \u201eUm uns nicht zu sehr zu verausgaben, schalten wir jetzt einen Gang zur\u00fcck und sparen einige Sendungen ein\u201c, k\u00fcndete Senderchef M\u00fcller-Ullrich Anfang des Jahres an. Gemeint ist eine leichte Reduzierung des Programmangebots; acht Formate fallen in Zukunft weg. Die Botschaft: \u201eDieser Schritt tut weh, aber die Konsolidierung ist unabdingbar.\u201c Im Gegenzug sollen zwei neue Sendungen an den Start gehen, so etwa eine zum Thema \u201eMenschsein\u201c mit dem Schweizer Psychiater Raphael Bonelli. Auch den Sparzwang hat der Privatfunk also mit dem Deutschlandfunk gemein.<br \/>\nVier Jahre nach seiner Gr\u00fcndung kommt der Kontrafunk im \u201eMainstream\u201c der Alternativmedien an. Der Moderatorenstamm ist breit, die G\u00e4ste prominent \u2013 doch was sagt der gro\u00dfe Bruder? Beim Deutschlandfunk sucht man fast vergeblich nach einer Bemerkung \u00fcber die Arbeit der einstigen Kollegen. Nur 2024 wurde das Radio einmal genannt \u2013 im O-Ton eines \u201eExperten in Sachen Kommunikationsstrategie populistischer Akteure\u201c, der das Internetradio knapp als \u201eeinseitig, tendenzi\u00f6s, h\u00e4ufig parteiisch zugunsten der AfD\u201c bezeichnet. Gl\u00fcckw\u00fcnsche gehen anders.<br \/>\n&#8230;. Alles vom 19.6.2026 von Florian Werner bitte lesen in der JF 26\/26, Seite 17<\/p>\n<p>&nbsp;<\/p>\n<p>&nbsp;<\/p>\n<p><strong>Kontrafunk-Sonntagsrunde: Beschlagnahme russischer Verm\u00f6gen<\/strong><br \/>\nDie Sonntagsrunde mit Burkhard M\u00fcller-Ullrich: Seid verschlungen, Milliarden<br \/>\nDer belgische Althistoriker Prof. David Engels, der deutsche Rechtsanwalt und Kommunikationsberater Richard Sch\u00fctze, Inhaber der Valere Consult GmbH, sowie die \u00f6sterreichische Historikerin Gudula Walterskirchen, Herausgeberin des Magazins \u201eLibratus\u201c, diskutieren mit Burkhard M\u00fcller-Ullrich<\/p>\n<p>&#8211; \u00fcber das Ende des EU-Gemeinschaftsrechts nach der <a href=\"https:\/\/www.freiburg-schwarzwald.de\/blog\/kein-eu-notstand-fuer-euroclear\/\">Beschlagnahme russischer Verm\u00f6gen<\/a>,<br \/>\n&#8211; \u00fcber Technologieoffenheit als Bezeichnung f\u00fcr \u201eWir lagen falsch\u201c<br \/>\n&#8211; \u00fcber den Koralmtunnel als Mahnmal f\u00fcr vorausschauende Politik und ihre Gegner<br \/>\n&#8211; \u00fcber einen sensationellen Corona-Evaluierungsbericht der Regierung des Landes Nieder\u00f6sterreich sowie<br \/>\n&#8211; \u00fcber die zunehmenden Verluste der Altparteienk\u00e4mpfer im totalen Stellungskrieg gegen die AfD.<br \/>\n14.12.2025<br \/>\n<a href=\"https:\/\/kontrafunk.radio\/de\/sendung-nachhoeren\/politik-und-zeitgeschehen\/sonntagsdiskussion\/die-sonntagsrunde-mit-burkhard-mueller-ullrich-seid-verschlungen-milliarden\">https:\/\/kontrafunk.radio\/de\/sendung-nachhoeren\/politik-und-zeitgeschehen\/sonntagsdiskussion\/die-sonntagsrunde-mit-burkhard-mueller-ullrich-seid-verschlungen-milliarden<\/a><\/p>\n<p>&nbsp;<\/p>\n<p><strong>Radioversenken in Konstanz<\/strong><br \/>\nUnter \u201eKampf gegen\u2026\u201c macht man es heute nicht mehr. Die Dichotomie aus \u201eWir\u201c und \u201eDie\u201c kennt keine \u00dcberg\u00e4nge. Alles, was nicht passt, ist Scheinargument, Fake News und Verrat. Und muss militant bek\u00e4mpft werden. So wie \u201eKontrafunk\u201c auf dem Bodensee.<br \/>\n&#8230;<br \/>\nDie Politisierung und Polarisierung jedes Aspektes des menschlichen Lebens, der Medien, der Kunst, der Sprache, der Essgewohnheiten, ja, selbst von Freizeitaktivit\u00e4ten wie einer Bootsfahrt mit Kaffee und Kuchen wird zum Aspekt eines sich immer weiter ausbreitenden B\u00fcrgerkrieges, in dem sich der Staat auf eine Seite geschlagen hat. Und mag dieser Krieg auch (noch) nicht mit Waffen ausgetragen werden, ist der Sprachgebrauch doch l\u00e4ngst durchzogen von milit\u00e4rischen Begriffen und Einsprengseln roher Gewaltfantasien.<br \/>\nUnter \u201eKampf gegen\u2026\u201c macht man es heute nicht mehr. Die Dichotomie aus \u201eWir\u201c und \u201eDie\u201c kennt keine \u00dcberg\u00e4nge. Alles, was vom Gegner kommt, ist Scheinargument, Fake News und Verrat.<br \/>\n&#8230;<br \/>\nDer politische Gegner als Mensch ist diesem dualistischen Weltbild dabei nur im Wege, weshalb man ihm alle rationalen Reaktionen und Interpretationen seiner Lage und der Folgen glatt abspricht, w\u00e4hrend man den eigenen weltenwandelnde F\u00e4higkeiten zuschreibt. So hei\u00dft es im Newsletter des Konstanzer \u201eB\u00fcndnisses\u201c: \u201eEine glatte L\u00fcge ist die Behauptung nat\u00fcrlich trotzdem. Die Bootsfahrt des Kontrafunk wurde nicht wegen irgendeiner nichtexistenten Bedrohungslage abgesagt.\u201c<br \/>\nDenn was eine Bedrohung ist und zurecht von einem Bootseigner als solche empfunden werden darf, legen Katrin Br\u00fcggemann und Anselm Venedey vom Konstanzer Spezialdemokraten-B\u00fcndnis fest. Doch worin bestand nun das Verwerfliche und Abzulehnende in einer Bootsfahrt, die zu verhindern es angeblich nicht mal einer Drohung bedurfte? Die \u201eBedrohung durch Linksradikale\u201c als Begr\u00fcndung f\u00fcr die Absage der Schifffahrt sei nur \u201einszeniert\u201c, erkl\u00e4rte Br\u00fcggemann gegen\u00fcber dem S\u00fcdkurier.<br \/>\n&#8230; Alles vom 7.7.2025 von Holger Letsch bitte lesen auf<br \/>\n<a href=\"https:\/\/unbesorgt.de\/die-daemonisierung-des-banalen\/\">https:\/\/unbesorgt.de\/die-daemonisierung-des-banalen\/<\/a><\/p>\n<p>&nbsp;<\/p>\n<p><strong>Nach linksextremen Drohungen sagt Kontrafunk Bodensee-Schifffahrt ab<\/strong><br \/>\nDer Radiosender Kontrafunk hat eine f\u00fcr Samstag geplante Schifffahrt auf dem Bodensee kurzfristig <a href=\"https:\/\/www.freiburg-schwarzwald.de\/blog\/engagement\/zukunft\/demokratie\/freiheit\/abweichende-meinung\/verbot\/\">abgesagt<\/a>. Grund daf\u00fcr waren massive Drohungen und politischer Druck von linksgerichteten Gruppen in Konstanz, wie der Sender angibt. Laut Kontrafunk spielte auch die Bodensee-Schiffsbetriebe GmbH (BSB), Betreiberin der Hafenanlagen, eine Rolle, indem sie den Schiffsbetreiber unter erheblichen Druck setzte.<br \/>\nDie Veranstaltung war als sommerliche Fahrt mit der MS Bodensee zum Dreil\u00e4ndereck konzipiert. Auf der G\u00e4steliste standen namhafte Pers\u00f6nlichkeiten wie Gerald Grosz, Peter Hahne, Klaus-R\u00fcdiger Mai, Matthias Matussek, Uwe Steimle, Erika Steinbach, Markus Vahlefeld, Ulrich Vosgerau und Achim Winter. Bereits rund 70 Buchungen lagen vor, viele Teilnehmer hatten mehrere Tickets erworben und Hotelzimmer sowie Fl\u00fcge gebucht \u2013 teils mit bereits verstrichenen Stornofristen.<br \/>\nIm Gegensatz zu einer vergleichbaren Veranstaltung vor zwei Jahren, die ohne Zwischenf\u00e4lle verlaufen war, hatte Kontrafunk diesmal Anzeigen geschaltet und die Fahrt \u00f6ffentlich beworben. Dies f\u00fchrte laut Gr\u00fcnder Burkhard M\u00fcller-Ullrich dazu, dass die Veranstaltung st\u00e4rker in den Fokus geriet und Gegner mobilisierte.<br \/>\nSo k\u00fcndigte das linke B\u00fcndnis \u201eKonstanz f\u00fcr Demokratie \u2013 Klare Kante gegen Rechts\u201c eine Demonstration an und \u00e4u\u00dferte sich in einem Newsletter mit zweifelhaften Formulierungen: \u201eWir w\u00fcnschen nat\u00fcrlich selbst diesen Leuten, dass ihnen jemand hilft, sollte ihr Kahn kentern.\u201c Dieses Statement wurde von vielen als Drohung gegen die Veranstaltung interpretiert.<br \/>\n&#8230; Alles vom 4.7.2025 bitte lesen auf<br \/>\n<a href=\"https:\/\/www.freilich-magazin.com\/politik\/nach-linksextremen-drohungen-sagt-kontrafunk-bodensee-schifffahrt-ab\">https:\/\/www.freilich-magazin.com\/politik\/nach-linksextremen-drohungen-sagt-kontrafunk-bodensee-schifffahrt-ab<\/a><br \/>\n.<br \/>\n<strong>Die Sonntagsrunde mit Burkhard M\u00fcller-Ullrich: Seenotretter feiern Schiffbruch<\/strong><br \/>\n06. Juli 2025 | Cancel-Culture, Widerstand &amp; Protest, Medien, Kontrafunk<br \/>\nDie Publizisten Peter Hahne (ex ZDF) und Markus Vahlefeld (Kontrafunk) diskutieren mit Burkhard M\u00fcller-Ullrich \u00fcber den geistig-moralischen Sumpf namens Zivilgesellschaft, in dem sich pervertiertes Linkssein, allzu menschliche Machtbesoffenheit, b\u00fcrgerliches Gew\u00e4hrenlassen und die allgewaltige Energiestrahlung der Staatspolitik miteinander mischen. Doch wie die Aff\u00e4re um den verhinderten Kontrafunk-Schiffsausflug zeigt: Der Wind hat sich l\u00e4ngst gedreht, Angriffe machen uns nur st\u00e4rker, die Definition und Interpretation der Realit\u00e4t durch die Medien funktioniert nicht mehr ohne uns.<br \/>\n&#8230; Alles vom 6.7.2025 bitte lesen auf<br \/>\n<a href=\"https:\/\/kontrafunk.radio\/de\/sendung-nachhoeren\/politik-und-zeitgeschehen\/die-sonntagsrunde\/die-sonntagsrunde-mit-burkhard-mueller-ullrich-seenotretter-feiern-schiffbruch\">https:\/\/kontrafunk.radio\/de\/sendung-nachhoeren\/politik-und-zeitgeschehen\/die-sonntagsrunde\/die-sonntagsrunde-mit-burkhard-mueller-ullrich-seenotretter-feiern-schiffbruch<\/a><br \/>\n.<br \/>\n<a href=\"https:\/\/x.com\/kontrafunk\/status\/1941035270985650517\">https:\/\/x.com\/kontrafunk\/status\/1941035270985650517<\/a><br \/>\n.<br \/>\n<strong>Kontrafunk in Konstanz gecancelt: Fiese Gedanken f\u00fcr die Demokratie<\/strong><br \/>\nDie Cancel-Kultur treibt neue Bl\u00fcten aus: Das Webradio \u201eKontrafunk\u201c muss eine Bootstour absagen, weil ein B\u00fcndnis \u201ef\u00fcr Demokratie\u201c Druck macht. In Dresden wird ein Vortrag der Zeitschrift \u201eTumult\u201c \u00fcber die Islamisierung gek\u00fcndigt, nachdem die Antifa sich meldete.<br \/>\n&#8230; Alles vom 5.7.2025 von Ferdinand Knauss bitte lesen auf<br \/>\n<a href=\"https:\/\/www.cicero.de\/innenpolitik\/kontrafunk-in-konstanz-gecancelt-fiese-gedanken-fur-die-demokratie-\">https:\/\/www.cicero.de\/innenpolitik\/kontrafunk-in-konstanz-gecancelt-fiese-gedanken-fur-die-demokratie-<\/a><br \/>\n.<br \/>\n<strong>Der KONTRAFUNK weicht der Gewalt<\/strong><br \/>\nDie Cancel-Culture hat den Kontrafunk erreicht. Linksradikale Antidemokraten aus Konstanz bedrohen eine geplante Bootsfahrt mit Prominenten und H\u00f6rern auf dem Bodensee. Die Konsequenzen schildert Kontrafunk-Gr\u00fcnder Burkhard M\u00fcller-Ullrich.<br \/>\n&#8230; Alles vom 4.7.2025 von Burkhard M\u00fcller-Ullrich bitte lesen auf<br \/>\n<a href=\"https:\/\/x.com\/kontrafunk\/status\/1941035270985650517\">https:\/\/x.com\/kontrafunk\/status\/1941035270985650517<\/a><\/p>\n<p>&nbsp;<\/p>\n<p><strong>Zweiter Geburtstag von Kontrafunk in Dresden am 21.6.2024<\/strong><br \/>\n<strong>Tausende feiern Kontrafunk-Jubil\u00e4um<\/strong><br \/>\nFestlich zum zweiten Geburtstag: Radio-Chef Burkhard M\u00fcller-Ullrich und sein Team begr\u00fc\u00dfen H\u00f6rer, Journalisten, Politiker und K\u00fcnstler in Dresden<br \/>\nMehr als 3.000 G\u00e4ste haben am Freitag in der Messe Dresden den 2. Geburtstag von Kontrafunk gefeiert. Burkhard M\u00fcller-Ullrich, Chef des unabh\u00e4ngigen Radiosenders mit Sitz in der Schweiz, hatte mit Peter Hahne und Uwe Steimle zwei der popul\u00e4rsten alternativen Medienstars Deutschlands f\u00fcr seine Jubil\u00e4umsfeier engagiert.<br \/>\nSteimle, der laut eigener Aussage lieber \u201eschwierig als schmierig\u201c ist, nahm die bundesrepublikanischen Verh\u00e4ltnisse mit einer Erich-Honecker-Parodie aufs Korn, und Peter Hahne brachte die Stimmung in der beeindruckend gro\u00dfen und fast bis auf den letzten Platz gef\u00fcllten Messe-Halle 1 mit seiner Rede \u00fcber Medien, Meinungsmache und Mehrheiten zum Kochen. \u201eKontrafunk ist ein gigantisches Erfolgsmodell. Ohne den Kontrafunk lebten wir im Tal der Ahnungslosen und in einem dauernden Funkloch bez\u00fcglich Wahrheit und Vernunft\u201c, erkl\u00e4rte Hahne unter dem Applaus Tausender.<br \/>\nBestseller-Autor Uwe Tellkamp diskutierte mit Burkhard M\u00fcller-Ullrich, Fernsehmoderatorin Katrin Hu\u00df und dem Philosophen und Publizisten Matthias Burchardt in der \u201eSonntagsrunde\u201c \u00fcber die deutsche Regierung als vulnerable Gruppe, die kommende Corona-Aufkl\u00e4rung, die Umetikettierung von Islamkritik als Antisemitismus sowie \u00fcber Rassismus im Kost\u00fcm von Antirassismus. Die Diskussionsrunde wurde bei der Feier am Freitag abend aufgezeichnet. Sie ist seit Sonntag online auf <a href=\"https:\/\/www.kontrafunk.radio\">https:\/\/www.kontrafunk.radio<\/a> zu h\u00f6ren.<\/p>\n<p>Ein Radio des geistigen Widerstands<br \/>\nDer Musiker Yann Song King heizte den G\u00e4sten mit kritischen Liedern \u00fcber Corona, Klimawandel und Politiker ein. Ludger K. unterhielt gekonnt mit politisch-unkorrektem Kabarett. Volker Andreas Thieme verlas live die Nachrichten. Marco Rima und Andreas Thiel, die extra aus der Schweiz angereist waren und aufgrund einer Flugversp\u00e4tung in letzter Sekunde eintrafen, starteten abschlie\u00dfend mit Schweizer Comedy einen sp\u00e4ten Generalangriff auf die Lachmuskeln der Teilnehmer.<br \/>\nIm Foyer der Messe Dresden st\u00f6berten die Besucher am Stand des Buchhauses Loschwitz, beraten von Susanne Dagen, nach Neuerscheinungen. Matthias Matussek, von Fans umringt, signierte seine Werke. Der Gerhard-Hess-Verlag war genauso wie die JUNGE FREIHEIT vertreten. Metallwaren, \u00d6le und Weine wurden von Kontrafunk-nahen Unternehmern angeboten.<\/p>\n<p>\u201eIch mag mich kaum erinnern, mit welcher Naivit\u00e4t wir uns genau zu Sommeranfang 2022 in dieses Abenteuer gest\u00fcrzt haben. Mit was f\u00fcr technischen Schwierigkeiten wir zu k\u00e4mpfen hatten\u201c, erinnert sich Gr\u00fcnder und Chefredakteur Burkhard M\u00fcller-Ullrich an die \u201eaufreibende\u201c Anfangsphase seines Senders.<br \/>\nDoch das Ziel war klar: neue Akzente setzen \u201egegen die Einseitigkeit, Selbstgef\u00e4lligkeit und Dominanz der Mainstreammedien, vor allem der \u00d6ffentlich-Rechtlichen\u201c, wie der geb\u00fcrtige Frankfurter damals im JF-Interview betonte. Ein Radio \u201edes geistigen Widerstands und des gesunden Menschenverstands\u201c sollte Kontrafunk sein.<br \/>\nSeit dem 21. Juni 2022 sendet der Kontrafunk, als \u201eStimme der Vernunft\u201c, rund um die Uhr. Der Radiosender versteht sich als \u201eein liberal-konservatives, b\u00fcrgerliches Radio\u201c und bietet ein anspruchsvolles Programm mit st\u00fcndlichen Nachrichten, politischen Magazinen, unterhaltsamen Talksendungen, wissenschaftlichen Vortr\u00e4gen und christlichen Gottesdiensten.<\/p>\n<p>Nach eigener Aussage setzt sich Kontrafunk ein \u201ef\u00fcr die freiheitliche Selbstbestimmung des Einzelnen\u201c und \u201eorientiert sich an journalistischen Grundtugenden: Behauptungen bezweifeln, Fragliches erforschen, Machthaber kritisieren. Au\u00dferdem m\u00f6chten wir Mut zur eigenen Meinung machen und die Freude am Leben f\u00f6rdern\u201c, betont M\u00fcller-Ullrich.<br \/>\nKontrafunk sendet ausschlie\u00dflich \u00fcber das Internet. Man kann ihn per Computer auf der Website www.kontrafunk.radio h\u00f6ren oder per Handy mit der Kontrafunk-App sowie einigen anderen Streaming-Apps wie radio.de, Simple Radio oder RadioDroid. Den gr\u00f6\u00dften H\u00f6rgenu\u00df bietet ein Internetradio. Der Kontrafunk-Stream l\u00e4\u00dft sich mit der Namens-Suchfunktion \u201eKontrafunk\u201c finden.<br \/>\n&#8230; Alles vom 28.6.2024 von Bastian Behrens bitte lesen in der F 27\/24, Seite 17<br \/>\n<a href=\"https:\/\/www.junge-freiheit.de\">https:\/\/www.junge-freiheit.de<\/a><\/p>\n<p>&nbsp;<\/p>\n","protected":false},"excerpt":{"rendered":"<p>Home &gt;Kultur\u00a0&gt;Medien &gt;GEZ-Medien &gt;Radio &gt;Kontrafunk &nbsp; Listenauswahl eines Beitrags (Artikel\/Datum, Seite\/Inhalt):\u00a0Klicken\u00a0oder scrollen Kontrafunk mit bundesweiter Zulassung &#8211; Investoren gesucht (24.8.2026) Redaktionsstatut des Kontrafunk (24.8.2026) \u00d6RR 11 Mrd \u2013 Kontrafunk 2,5 Mio (21.6.2026) Kontrafunk vier Jahre: Der alternative Mainstream (19.6.2026) Entgeht &hellip; <a href=\"https:\/\/www.freiburg-schwarzwald.de\/blog\/kultur\/medien\/radio\/kontrafunk\/\">Weiterlesen <span class=\"meta-nav\">&rarr;<\/span><\/a><\/p>\n","protected":false},"author":2,"featured_media":0,"parent":18366,"menu_order":0,"comment_status":"closed","ping_status":"closed","template":"","meta":{"footnotes":""},"class_list":["post-124877","page","type-page","status-publish","hentry"],"_links":{"self":[{"href":"https:\/\/www.freiburg-schwarzwald.de\/blog\/wp-json\/wp\/v2\/pages\/124877","targetHints":{"allow":["GET"]}}],"collection":[{"href":"https:\/\/www.freiburg-schwarzwald.de\/blog\/wp-json\/wp\/v2\/pages"}],"about":[{"href":"https:\/\/www.freiburg-schwarzwald.de\/blog\/wp-json\/wp\/v2\/types\/page"}],"author":[{"embeddable":true,"href":"https:\/\/www.freiburg-schwarzwald.de\/blog\/wp-json\/wp\/v2\/users\/2"}],"replies":[{"embeddable":true,"href":"https:\/\/www.freiburg-schwarzwald.de\/blog\/wp-json\/wp\/v2\/comments?post=124877"}],"version-history":[{"count":5,"href":"https:\/\/www.freiburg-schwarzwald.de\/blog\/wp-json\/wp\/v2\/pages\/124877\/revisions"}],"predecessor-version":[{"id":153061,"href":"https:\/\/www.freiburg-schwarzwald.de\/blog\/wp-json\/wp\/v2\/pages\/124877\/revisions\/153061"}],"up":[{"embeddable":true,"href":"https:\/\/www.freiburg-schwarzwald.de\/blog\/wp-json\/wp\/v2\/pages\/18366"}],"wp:attachment":[{"href":"https:\/\/www.freiburg-schwarzwald.de\/blog\/wp-json\/wp\/v2\/media?parent=124877"}],"curies":[{"name":"wp","href":"https:\/\/api.w.org\/{rel}","templated":true}]}}