{"id":124821,"date":"2024-06-26T19:44:06","date_gmt":"2024-06-26T17:44:06","guid":{"rendered":"https:\/\/www.freiburg-schwarzwald.de\/blog\/?page_id=124821"},"modified":"2026-03-14T10:28:17","modified_gmt":"2026-03-14T09:28:17","slug":"badoeynhausen-philippos24juni2024","status":"publish","type":"page","link":"https:\/\/www.freiburg-schwarzwald.de\/blog\/global\/migration\/badoeynhausen-philippos24juni2024\/","title":{"rendered":"BadOeynhausen-Philippos24Juni2024"},"content":{"rendered":"<p><a href=\"https:\/\/www.freiburg-schwarzwald.de\/blog\">Home<\/a> &gt;<a title=\"Gewalt\" href=\"https:\/\/www.freiburg-schwarzwald.de\/blog\/selbsthilfe\/krise\/gewalt\/\">Gewalt<\/a>\u00a0&gt;<a title=\"Integration\" href=\"https:\/\/www.freiburg-schwarzwald.de\/blog\/global\/integration\/\">Integration<\/a>\u00a0&gt;<a title=\"Kriminalitaet\" href=\"https:\/\/www.freiburg-schwarzwald.de\/blog\/selbsthilfe\/krise\/gewalt\/kriminalitaet\/\">Kriminalitaet <\/a>\u00a0&gt;<a href=\"https:\/\/www.freiburg-schwarzwald.de\/blog\/global\/migration\/migranten-gewalt\/\">Migranten-Gewalt<\/a> &gt;BadOeynhausen-Philippos24Juni2024<\/p>\n<div id=\"attachment_111212\" style=\"width: 650px\" class=\"wp-caption alignnone\"><a href=\"https:\/\/www.freiburg-schwarzwald.de\/blog\/wp-content\/uploads\/2023\/03\/Mandelbaum-kaierstuhl-burkheim-oberrotweil-pan2303.jpg\"><img loading=\"lazy\" decoding=\"async\" aria-describedby=\"caption-attachment-111212\" class=\"size-full wp-image-111212\" src=\"https:\/\/www.freiburg-schwarzwald.de\/blog\/wp-content\/uploads\/2023\/03\/Mandelbaum-kaierstuhl-burkheim-oberrotweil-pan2303.jpg\" alt=\"\" width=\"640\" height=\"365\" srcset=\"https:\/\/www.freiburg-schwarzwald.de\/blog\/wp-content\/uploads\/2023\/03\/Mandelbaum-kaierstuhl-burkheim-oberrotweil-pan2303.jpg 640w, https:\/\/www.freiburg-schwarzwald.de\/blog\/wp-content\/uploads\/2023\/03\/Mandelbaum-kaierstuhl-burkheim-oberrotweil-pan2303-180x103.jpg 180w\" sizes=\"auto, (max-width: 640px) 100vw, 640px\" \/><\/a><p id=\"caption-attachment-111212\" class=\"wp-caption-text\">Bl\u00fchender Mandelbaum am Kaiserstuhl im M\u00e4rz 2023<\/p><\/div>\n<p>&nbsp;<\/p>\n<ul>\n<li><em>Listenauswahl eines Beitrags (Artikel\/Datum, Seite\/Inhalt): Klicken oder scrollen<\/em><\/li>\n<li>Filipp ist zu Tode gepr\u00fcgelt: Bew\u00e4hrungsstrafe und 80 Sozialstunden (6.3.2026)<\/li>\n<li>Bew\u00e4hrung und 80 Sozialstunden: Bruder des get\u00f6teten Filipp S. entt\u00e4uscht \u00fcber Urteil f\u00fcr Angeklagten (5.3.2026)<\/li>\n<li>Solange es nur Filipp war &#8211; ein Leben z\u00e4hlt in Deutschland nicht viel (5.3.2026)<\/li>\n<li>Filipp (16) totgepr\u00fcgelt: Ein Jahr Bew\u00e4hrung f\u00fcr Angeklagten (25.2.2026)<\/li>\n<li>Nach Bluttat von Bad Oeynhausen: Philippos vor 300 Trauerg\u00e4sten beerdigt (13.7.2024)<\/li>\n<li>Nach Totschlag von Bad Oeynhausen klagt der B\u00fcrgermeister an: \u201eWir sind zu liberal und viel zu p\u00e4dagogisch\u201c (11.7.2024)<\/li>\n<li>Neue Details zu Mwafak A.: Ausbildungsabbruch, Allah-Verse und Waffenfotos (9.7.2024)<\/li>\n<li>\u201eUnertr\u00e4glich\u201c, \u201emuss zur\u00fccktreten\u201c: Emp\u00f6rung \u00fcber Faeser-Satz zu Bad Oeynhausen (30.6.2024)<\/li>\n<li>Fassungslosigkeit und Kopfsch\u00fctteln \u00fcber Faesers Reaktionen zur Tat in Bad Oeynhausen (29.6.2024)<\/li>\n<li>Joana Cotar: Ich will das alles nicht mehr (28.6.2024)<\/li>\n<li>Bad Oeynhausen: \u201eDas war meine Schule, da habe ich Abitur gemacht\u201c (27.6.024)<\/li>\n<li>Bad Oeynhausen:\u00a0 Das h\u00e4lt unsere Demokratie nicht mehr lange aus (27.6.2024)<\/li>\n<li>\u201eDas Schweigen dr\u00f6hnt laut\u201c \u2013 Nach Sylt gab es viele Worte, zu Bad Oeynhausen Stille (26.6.2024)<\/li>\n<li>Stark f\u00fcr ihren toten Sohn: Deutschlands tapferste Mutter (26.6.2024)<\/li>\n<li><a href=\"https:\/\/www.freiburg-schwarzwald.de\/blog\/mit-faustschlaegen-toeten\/\">Mit Faustschl\u00e4gen t\u00f6ten<\/a> (26.6.2024)<\/li>\n<li>20-J\u00e4hriger nach Gruppenangriff tot \u2013 Medien schauen weg (25.6.2024)<\/li>\n<li><a href=\"https:\/\/www.freiburg-schwarzwald.de\/blog\/selbsthilfe\/krise\/gewalt\/wuerzburg2021messermorde\/\">Drei Jahre W\u00fcrzburg (drei Messertote)\u2013 gegen das Vergessen<\/a>\u00a0(25.6.2024)<\/li>\n<li>Vorfall in Bad Oeynhausen (24.6.2024)<\/li>\n<\/ul>\n<p>&nbsp;<\/p>\n<p><strong>Filipp ist zu Tode gepr\u00fcgelt: Bew\u00e4hrungsstrafe und 80 Sozialstunden<\/strong><br \/>\nEs gibt Urteile, gegen die sich der <a href=\"https:\/\/www.freiburg-schwarzwald.de\/blog\/kultur\/commons\/menschenverstand\/\">gesunde Menschenverstand<\/a> bzw. das Gerechtigkeitsempfinden vehement str\u00e4ubt, die er einfach nicht verstehen kann. Ein solches Urteil hat das Gericht in Hagen am gesprochen. <a href=\"https:\/\/www.freiburg-schwarzwald.de\/blog\/global\/deutschland\/moral2015\/doppelmoral\/\">Doppelmoral<\/a> der Justiz, nur weil der T\u00e4ter <a href=\"https:\/\/www.freiburg-schwarzwald.de\/blog\/global\/migration\/migration-gesellschaft\/\">Migrant<\/a> ist?<br \/>\nDie grausame Tat: Filipp wurde mit einem gezielten Faustschlag am Kopf zu Boden gepr\u00fcgelt und dort von seinen Kumpanen mit Fu\u00dftritten gegen den Kopf getreten. Er starb wegen der Gehirnblutung sieben Tage sp\u00e4ter. Auf deutsch &#8222;Filipp ist zu Tode gepr\u00fcgelt worden.&#8220;<br \/>\n6.3.2026)<\/p>\n<p>&nbsp;<\/p>\n<p><strong>Mord durch Faustschl\u00e4ge auf den Kopf<\/strong><br \/>\nPhilippos (20) aus Bad Oeynhausen war nach dem Besuch des Abi-Balls seiner Schwester am Ratsgymnasium auf dem Heimweg von \u201eetwa zehn Jugendlichen s\u00fcdl\u00e4ndischen Aussehens\u201c (Polizeibericht) angegriffen worden. Er starb drei Tage sp\u00e4ter an schwersten Kopfverletzungen, nachdem er tags zuvor von den \u00c4rzten f\u00fcr hirntot erkl\u00e4rt worden war.<br \/>\n.<br \/>\nIm Polizeibericht <a href=\"https:\/\/www.welt.de\/politik\/deutschland\/plus252216730\/Totschlag-im-Kurpark-Der-Gewaltrausch-von-Bad-Oeynhausen-Das-Polizeiprotokoll.html\">https:\/\/www.welt.de\/politik\/deutschland\/plus252216730\/Totschlag-im-Kurpark-Der-Gewaltrausch-von-Bad-Oeynhausen-Das-Polizeiprotokoll.html<\/a> hei\u00dft es: &#8222;\u201eLaut Polizei hat sich der noch unbekannte Hauptverd\u00e4chtige \u201epl\u00f6tzlich\u201c und \u201efrontal\u201c auf den 20-J\u00e4hrigen gest\u00fcrzt, sodass dieser nach hinten umfiel und mit dem Hinterkopf auf den harten Boden aufschlug. Im vertraulichen Polizeibericht hei\u00dft es weiter: \u201eDer nunmehr \u00fcber dem Gesch\u00e4digten sich befindende Tatverd\u00e4chtige schl\u00e4gt mehrfach mit der Faust gegen den Kopf.\u201c Auch den Begleitern des Tatverd\u00e4chtigen sei es nicht gelungen, ihn von Philippos T. herunterzuziehen. Erst nach vielfachen weiteren Faustschl\u00e4gen gegen den Kopf habe der Schl\u00e4ger von seinem Opfer abgelassen und liegengelassen, um den 19-J\u00e4hrigen deutschen Begleiter von Philippos T. zu attackieren (\u2026.).\u201c<br \/>\n.<\/p>\n<div id=\"attachment_124919\" style=\"width: 650px\" class=\"wp-caption alignnone\"><a href=\"https:\/\/www.freiburg-schwarzwald.de\/blog\/wp-content\/uploads\/2024\/06\/Oeynhausen-Filippos-einMann2406-pan.jpg\"><img loading=\"lazy\" decoding=\"async\" aria-describedby=\"caption-attachment-124919\" class=\"size-full wp-image-124919\" src=\"https:\/\/www.freiburg-schwarzwald.de\/blog\/wp-content\/uploads\/2024\/06\/Oeynhausen-Filippos-einMann2406-pan.jpg\" alt=\"\" width=\"640\" height=\"341\" srcset=\"https:\/\/www.freiburg-schwarzwald.de\/blog\/wp-content\/uploads\/2024\/06\/Oeynhausen-Filippos-einMann2406-pan.jpg 640w, https:\/\/www.freiburg-schwarzwald.de\/blog\/wp-content\/uploads\/2024\/06\/Oeynhausen-Filippos-einMann2406-pan-180x96.jpg 180w\" sizes=\"auto, (max-width: 640px) 100vw, 640px\" \/><\/a><p id=\"caption-attachment-124919\" class=\"wp-caption-text\">Opfer Philippos (20) aus Bad Oeynhausen! &#8211; T\u00e4ter ein Mann (18)?<br \/>6\/2024<\/p><\/div>\n<p>=============================================================<br \/>\n.<br \/>\n.<\/p>\n<p><strong>Bew\u00e4hrung und 80 Sozialstunden: Bruder des get\u00f6teten Filipp S. entt\u00e4uscht \u00fcber Urteil f\u00fcr Angeklagten<\/strong><br \/>\n&#8230; Der 16-j\u00e4hrige Filipp S. starb 2024, als er einen Streit zwischen zwei Gruppen in einer Skateranlage in Meinerzhagen schlichten wollte. Der Hauptangeklagte hatte ihm einen Fausthieb verpasst, der dazu f\u00fchrte, dass ein Blutgef\u00e4\u00df im Gehirn riss und S. einige Tage sp\u00e4ter starb. Das Landgericht Hagen in Nordrhein-Westfalen verurteilte den jetzt 18-j\u00e4hrigen Angeklagten zu 80 Sozialstunden und einer Bew\u00e4hrungsstrafe von einem Jahr. Filipps Bruder ist entt\u00e4uscht \u00fcber das Urteil.<br \/>\n&#8230;.<br \/>\nSieben weitere Angeklagte m\u00fcssen sich vor dem Amtsgericht L\u00fcdenscheid wegen Beteiligung an einer Schl\u00e4gerei und gef\u00e4hrlicher K\u00f6rperverletzung verantworten. Das Verfahren l\u00e4uft unabh\u00e4ngig von dem in Hagen. Filipps Bruder rechnet nach dem bisherigen Urteil nicht mit h\u00f6heren Strafen f\u00fcr die anderen Angeklagten, wie er der JF sagt. \u201eAraber, T\u00fcrken und Deutsche\u201c seien auf seinen Bruder losgegangen.<br \/>\n&#8230; Alles vom 5.3.2026 bitte lesen auf<br \/>\n<a href=\"https:\/\/apollo-news.net\/bewaehrung-und-80-sozialstunden-bruder-des-getoeteten-filipp-s-enttaeuscht-ueber-urteil-fuer-angeklagten\/\">https:\/\/apollo-news.net\/bewaehrung-und-80-sozialstunden-bruder-des-getoeteten-filipp-s-enttaeuscht-ueber-urteil-fuer-angeklagten\/<\/a><br \/>\n.<br \/>\nEinige Kommentare:<br \/>\nSchrecklich, seinen Bruder unter solchen Umst\u00e4nden zu verlieren. Von den T\u00e4tern wird man sicher wieder h\u00f6ren. Neulich wurde einer r\u00fcckf\u00e4llig, der hatte schon vor ein paar Jahren einen Feuerwehrmann totgeschlagen. Inzwischen l\u00e4uft er wieder frei herum und hat unl\u00e4ngst die \u201eGelegenheit\u201c genutzt, wieder ein schweres Rohheitsdelikt zu begehen. Halid S. hei\u00dft der Verbrecher.<br \/>\n<a href=\"https:\/\/www.br.de\/nachrichten\/bayern\/opfer-von-gewaltattacke-nennen-schwulenfeindlichkeit-als-motiv,VCF7gLy\">https:\/\/www.br.de\/nachrichten\/bayern\/opfer-von-gewaltattacke-nennen-schwulenfeindlichkeit-als-motiv,VCF7gLy<\/a> Horst Voll<br \/>\n.<br \/>\nWas f\u00fcr eine Strafe f\u00fcr einen totgeschlagenen Menschen. Sozialstunden \u2026 fast schon der \u201eRitterschlag\u201c zum Einstieg in die endg\u00fcltige Kriminalit\u00e4t. Erich Zann<br \/>\nEnde Kommentare<br \/>\n.<br \/>\n.<br \/>\n<strong>Solange es nur Filipp war &#8211; ein Leben z\u00e4hlt in Deutschland nicht viel<\/strong><br \/>\nFilipp war 16 Jahre alt, als er das machte, wozu stolze Eltern ihre Kinder erziehen. Er sah einen Streit und sah nicht weg. Beim Versuch zu schlichten, wurde er selbst zum Opfer. Araber, T\u00fcrken und Deutsche schlugen pl\u00f6tzlich brutal auf den damals 16j\u00e4hrigen ein. Auch als er bereits wehrlos am Boden lag. Den \u201eentscheidenden Schlag\u201c setzte ein Italiener. Deutschland ist bunt.<br \/>\nNeun Tage lang starb Filipp im Krankenhaus. 216 Stunden hoffte seine Familie auf ein Wunder. Neun Tage lang beteten sie, dass ihr Sohn und Bruder \u00fcberlebt. Dass er sich seine Tr\u00e4ume eines Tages wird erf\u00fcllen k\u00f6nnen. Dass er sein Leben leben darf. Vergebens. Nach neun Tagen schalten die \u00c4rzte die Ger\u00e4te ab. Filipp, der einen Streit schlichten wollte, der nicht wegsah, ist tot.<br \/>\n&#8230;<br \/>\nWer im Internet Videos postet <a href=\"https:\/\/jungefreiheit.de\/kultur\/medien\/2025\/shlomo-finkelstein-vorzeitig-aus-der-haft-entlassen\/\">https:\/\/jungefreiheit.de\/kultur\/medien\/2025\/shlomo-finkelstein-vorzeitig-aus-der-haft-entlassen\/<\/a> , in denen er sich kritisch dar\u00fcber \u00e4u\u00dfert, wozu die unkontrollierte Migration nach Deutschland f\u00fchrt \u2013 und noch f\u00fchren wird \u2013, bekommt das Doppelte. \u201eSolange es nur Filipp ist, ist es okay\u201c, entschied das Gericht. K\u00f6rperverletzung mit Todesfolge. Kann schon mal passieren, wenn man Zivilcourage zeigt, so wie Filipp es getan hat.<br \/>\n&#8230; 5.3.2026,<br \/>\n<a href=\"https:\/\/jungefreiheit.de\/debatte\/kommentar\/2026\/solange-es-nur-filipp-war-ein-leben-zaehlt-im-bunten-deutschland-nicht-viel\/\">https:\/\/jungefreiheit.de\/debatte\/kommentar\/2026\/solange-es-nur-filipp-war-ein-leben-zaehlt-im-bunten-deutschland-nicht-viel\/<\/a><br \/>\n.<br \/>\n<strong>Filipp (16) totgepr\u00fcgelt: Ein Jahr Bew\u00e4hrung f\u00fcr Angeklagten<\/strong><br \/>\n&#8230;<br \/>\nGericht schweigt tagelang zu Urteil &#8211; und rechtfertigt sich<br \/>\nDie Best\u00e4tigung \u00fcber das Strafma\u00df kam erst am Mittwoch von einer Sprecherin des Landgerichts in Hagen, nachdem man dort nachgehakt hatte. Dabei war die Entscheidung schon am vergangenen Freitag gefallen. Die verantwortliche Kammer hatte sich dazu entschlossen, mit der Verk\u00fcndung des Urteils an die \u00d6ffentlichkeit zu warten. Als Rechtfertigung wurde genannt: \u201eEs war eine Einzelfallentscheidung zugunsten des Pers\u00f6nlichkeitsschutzes des T\u00e4ters\u201c. Der Schuldspruch lautet auf K\u00f6rperverletzung mit Todesfolge in Tateinheit mit gef\u00e4hrlicher K\u00f6rperverletzung. \u00dcblicherweise werden Prozesse mit jugendlichen Angeklagten hinter verschlossenen T\u00fcren gef\u00fchrt, doch die Bekanntgabe des Urteils erfolgt meistens \u00f6ffentlich. Das Justizministerium betont den Grundsatz der \u00d6ffentlichkeit, r\u00e4umt aber ein, dass es per Beschluss auch anders laufen kann. Von Benjamin Limbach (Gr\u00fcne), dem Justizminister in Nordrhein-Westfalen, gab es zu dem speziellen Fall keine Stellungnahme. Er pochte stattdessen auf die richterliche Unabh\u00e4ngigkeit.<br \/>\n&#8230; Alles vom 25.2.2025 bitte lesen auf <a href=\"https:\/\/www.focus.de\/panorama\/filipp-16-totgepruegelt-ein-jahr-bewaehrung-fuer-angeklagten_4b5083cb-50d0-439c-bcb3-ed8a542a51ad.html\">https:\/\/www.focus.de\/panorama\/filipp-16-totgepruegelt-ein-jahr-bewaehrung-fuer-angeklagten_4b5083cb-50d0-439c-bcb3-ed8a542a51ad.html<\/a><br \/>\n.<br \/>\n.<\/p>\n<p><strong>Nach Bluttat von Bad Oeynhausen: Philippos vor 300 Trauerg\u00e4sten beerdigt<\/strong><br \/>\nIn Bornheim wurde am Samstag Philippos Tsanis beerdigt. Rund 300 Trauerg\u00e4ste erwiesen dem 20-J\u00e4hrigen die letzte Ehre. Philippos kam von der Abi-Feier seiner Schwester, als er in einem Park von einem 18-j\u00e4hrigen Syrer angegriffen wurde. Nach drei Tagen erlag er seinen schweren Verletzungen.<br \/>\n&#8230;<br \/>\nDie Eltern von Philippos zeigten sich nach der Bluttat an ihrem Sohn in Bad Oeynhausen geschockt. \u201eEr wurde umgebracht, knallhart. Das war f\u00fcr mich kaltbl\u00fctiger Mord. Ich kann es nicht fassen, dass mein Sohn ermordet worden ist\u201c, so Philippos Mutter gegen\u00fcber RTL. Sein Vater erkl\u00e4rte: \u201eMein Sohn war der beste Junge der Welt. Er wollte nur seinen Spa\u00df haben beim Abiball mit seiner Schwester und seinen Freunden. F\u00fcr mich war und ist eine Welt zusammengebrochen. Ich habe sehr viel Wut in mir.\u201c<br \/>\n&#8230; Alles vom 13.7.024 bitte lesen auf<br \/>\n<a href=\"https:\/\/apollo-news.net\/nach-bluttat-von-bad-oeynhausen-philippos-vor-300-trauergaesten-beerdigt\/\">https:\/\/apollo-news.net\/nach-bluttat-von-bad-oeynhausen-philippos-vor-300-trauergaesten-beerdigt\/<\/a><br \/>\n.<br \/>\nEinige Kommentare:<br \/>\nKein Bundespolitiker bei der Trauerfeier die den Syrer ins Land holten und eigentlich um Vergebung bitten sollten. j.p.<br \/>\n.<br \/>\nUnd die, die diese Tat \u00fcberhaupt erst m\u00f6glich gemacht haben, liessen sich nat\u00fcrlich nicht sehen! <a href=\"https:\/\/www.youtube.com\/shorts\/RSRKj_Qyuvk\">https:\/\/www.youtube.com\/shorts\/RSRKj_Qyuvk<\/a><br \/>\n.<br \/>\nWenn Mainstreammedien das breite Bekanntwerden solcher Taten durch Schweigen verhindern, ist es dann nicht Aufgabe z.b des Wei\u00dfen Rings, der christlichen Kirchen, Sozialeinrichtungen, Verb\u00e4nden und Gewerkschaften, darauf aufmerksam zu machen? Wenn die Medien schweigen, macht man halt Plakataktionen, Anzeigen, St\u00e4nde, Flugbl\u00e4tter usw. Und h\u00e4tten WIR alle noch einen Arsch in der Hose wie unsere Urgro\u00dfv\u00e4ter, m\u00fc\u00dften wir dann nicht schon lange auf der Stra\u00dfe stehen f\u00fcr UNSERE Frauen und UNSERE Kinder? In anderen L\u00e4ndern tun die Menschen das (vgl. Alicante). D.W.<br \/>\n.<br \/>\nWar Frau Faeser auch anwesend ? Wor<br \/>\nEnde Kommentare<\/p>\n<p>&nbsp;<\/p>\n<p><strong>Nach Totschlag von Bad Oeynhausen klagt der B\u00fcrgermeister an: \u201eWir sind zu liberal und viel zu p\u00e4dagogisch\u201c<\/strong><br \/>\nDer sinnlose Tod des 20j\u00e4hrigen Philippos T. im Kurpark von Bad Oeynhausen \u2013 er stand im Mittelpunkt der Talk-Sendung bei Markus Lanz. B\u00fcrgermeister Lars B\u00f6kenkr\u00f6ger (CDU) erhob schwere Vorw\u00fcrfe gegen Politik und Justiz. \u201eIch habe in der ersten Woche nichts vom Bund geh\u00f6rt. Erst nachdem ich ein Interview gegeben und mich beklagt habe, dass die Kommunen auch hier wieder alleingelassen werden, da kamen dann alle! Wir sind zu liberal und viel zu p\u00e4dagogisch.\u201c<br \/>\n&#8230;<br \/>\nMarkus Lanz sagte: \u201eWas mich ersch\u00fcttert, ist die Gleichg\u00fcltigkeit, mit der wir nach Bad Oeynhausen zur Tagesordnung \u00fcbergehen. Wo ist die gro\u00dfe breite Debatte, wo ist der Bundeskanzler, wo ist der Bundespr\u00e4sident? Wo ist jemand, der was anderes sagt als \u00b4Die Gesellschaft ist schuld, weil sie schlecht integriert hat\u00b4. Er zitierte den Kolumnisten Harald Martenstein (mehrfach Talk-Gast bei NIUS): \u201eHarald Martenstein sagt, man m\u00f6ge sich mal vorstellen, es w\u00e4re umgekehrt: Drei Brandenburger Rechtsradikale bringen einen jungen Fl\u00fcchtling aus Syrien um. Dann h\u00e4tten wir wochenlang, und zu Recht, eine Debatte dar\u00fcber!\u201c<br \/>\n&#8230; Ales vom 11.7.224 bitte lesen auf<br \/>\n<a href=\"https:\/\/www.nius.de\/gesellschaft\/nach-totschlag-von-bad-oeynhausen-klagt-der-buergermeister-an-wir-sind-zu-liberal-und-viel-zu-paedagogisch\/f165c990-3bdd-4929-99c8-f9c64c574e36\">https:\/\/www.nius.de\/gesellschaft\/nach-totschlag-von-bad-oeynhausen-klagt-der-buergermeister-an-wir-sind-zu-liberal-und-viel-zu-paedagogisch\/f165c990-3bdd-4929-99c8-f9c64c574e36<\/a><\/p>\n<p>&nbsp;<\/p>\n<p><strong>Neue Details zu Mwafak A.: Ausbildungsabbruch, Allah-Verse und Waffenfotos<\/strong><br \/>\nNeue Details zu Mwafak A., der in Bad Oeynhausen den 20-j\u00e4hrigen Philippos t\u00f6dlich attackierte, zeigen: Der 18-J\u00e4hrige war nicht, wie von Innenministerin Faeser deklariert, ein Opfer nicht gelungener Integration. Der Syrer wollte sich scheinbar nicht integrieren.<br \/>\n&#8230; Alles vom 9.7.2024 bitte lesen auf<br \/>\n<a href=\"https:\/\/apollo-news.net\/neue-details-zu-mwafak-a-ausbildungsabbruch-allah-verse-und-waffenfotos\/\">https:\/\/apollo-news.net\/neue-details-zu-mwafak-a-ausbildungsabbruch-allah-verse-und-waffenfotos\/<\/a><br \/>\n.<\/p>\n<p><strong>\u201eUnertr\u00e4glich\u201c, \u201emuss zur\u00fccktreten\u201c: Emp\u00f6rung \u00fcber Faeser-Satz zu Bad Oeynhausen<\/strong><br \/>\nBundesinnenministerin Nancy Faeser sagte mit Bezug auf die Tat: \u201eIch glaube, dass wir \u00fcber diese Form der nicht gelungenen sozialen Integration viel mehr reden m\u00fcssen.\u201c Der T\u00e4ter sei ein Gefl\u00fcchteter, \u201eder seit acht Jahren in einer Fl\u00fcchtlingsunterkunft lebt. Ein Jugendlicher, der gar nichts anderes kennt&#8220;.<br \/>\nDieser Satz ist nicht nur zum Teil falsch \u2013 ein Sprecher der Stadt Bad Oeynhausen hatte gesagt, dass der Syrer dort nie in einer st\u00e4dtischen Unterkunft gelebt habe \u2013 er l\u00f6ste Emp\u00f6rung aus: \u201eSollte die Ministerin es ernst meinen, dass sie die Verantwortung f\u00fcr den Tod bei der Bev\u00f6lkerung sucht, muss sie sofort zur\u00fccktreten!\u201c forderte beispielsweise Alexander Hoffmann, Parlamentarischer Gesch\u00e4ftsf\u00fchrer der CSU im Bundestag, in der \u201eBILD am Sonntag\u201c.<br \/>\nDort kritisierte auch Bundestagsvizepr\u00e4sident Wolfgang Kubicki Faesers Aussage scharf: Er sei \u201eernsthaft besorgt, dass Frau Faeser erkl\u00e4rt, die deutsche Gesellschaft habe eine Bringschuld gegen\u00fcber Migranten\u201c. Das Problem, so Kubicki, sei eher, dass viele Straftaten bei dem mutma\u00dflichen T\u00e4ter keine ernsthaften Konsequenzen zur Folge h\u00e4tten.<br \/>\n&#8230; Alles vom 30.6.2024 bitte lesen auf<br \/>\n<a href=\"https:\/\/www.focus.de\/panorama\/welt\/faeser_id_260095849.html\">https:\/\/www.focus.de\/panorama\/welt\/faeser_id_260095849.html<\/a><\/p>\n<p>Ein Kommentar:<br \/>\n&#8222;Noch ist nicht gekl\u00e4rt, ob Philippos totgepr\u00fcgelt wurde oder den Verletzungen erlag, die vom Sturz mit dem Hinterkopf auf den Asphalt herr\u00fchrten.&#8220; Das schreibt der Focus bzw. dpa heute zur Tat von Bad Oeynhausen, wo ein 18-j\u00e4hriger polizeibekannter Syrer einen 20-J\u00e4hrigen brutal, bis zum Tod maltr\u00e4tiert hat und sogar im Gewaltrausch wie von Sinnen noch auf ihn einschlug, als er schon wehrlos auf dem Boden lag.<br \/>\nDas ist in etwa so, als ob man nach einer Erschie\u00dfung schreiben w\u00fcrde: &#8222;Noch ist unklar, ob die Kugel oder die inneren Verletzungen zum Tod f\u00fchrten.&#8220;<br \/>\nDie Manipulation beginnt schon mit dem &#8222;in Streit geraten&#8220;, das \u00fcberall zu lesen war. Es ist kaum davon auszugehen, dass der Streit von alleine ausbrach oder Philippos die zehnk\u00f6pfige Gruppe anp\u00f6belte. Aber genau das legt diese Formulierung nahe.<br \/>\nSie k\u00f6nnen es einfach nicht lassen, die Realit\u00e4t so zurechtzubiegen, dass sie zu ihrer rot-gr\u00fcnen Ideologie passt. Und allzu viele wollen nur zu gerne daran glauben. Weil die Realit\u00e4t beunruhigend w\u00e4re.<br \/>\nWas ist der n\u00e4chste Schritt in diesem Wahnsinn? Dass man von einem &#8222;Stolpern&#8220; oder &#8222;Ausrutschen&#8220; spricht? Oder dass jemand &#8222;in ein Messer gest\u00fcrzt&#8220; ist?<br \/>\n<em><strong>Oder dass Philippos selbst schuld war, weil er den Syrer durch das Kreuz provozierte, das er gut sichtbar an einer Kette trug?<\/strong><\/em><br \/>\n30.6.2024, Albrecht K\u00fcnstle<br \/>\nEnde Kommentar<\/p>\n<p>.<br \/>\n<strong>Fassungslosigkeit und Kopfsch\u00fctteln \u00fcber Faesers Reaktionen zur Tat in Bad Oeynhausen<\/strong><br \/>\nNRW-Innenminister Reul (CDU) hat &#8211; ebenso wie sehr viele B\u00fcrger &#8211; mit gro\u00dfem Befremden auf Aussagen von Bundesinnenministerin Faeser (SPD) reagiert, dass der T\u00e4ter von Bad Oeynhausen acht Jahre in einer Fl\u00fcchtlingsunterkunft gelebt habe und in Deutschland gesellschaftlich schlecht integriert worden sei.<br \/>\n&#8230;<br \/>\n\u201eHeute ist leider ein sehr schlimmer Tag, wo wir \u00fcber einen Mord an einem Jugendlichen diskutieren m\u00fcssen, wo der T\u00e4ter, ein Gefl\u00fcchteter ist, der seit acht Jahren in einer Fl\u00fcchtlingsunterkunft lebt. Ein Jugendlicher, der gar nichts anderes kennt\u201c, sagte Faeser unter dem Beifall der Konferenzteilnehmer. Nach zehn Sekunden ist \u201eOeynhausen\u201c vorbei, kein Wort der Empathie, kein Wort an die Familie des Opfers. Dann Blabla \u00fcber Fl\u00fcchtlingsunterk\u00fcnfte, steigende Fl\u00fcchtlingszahlen, Balkanroute, Ukraine, Wohnungsnot usw.<br \/>\n&#8230;<br \/>\nAlso wieder mal das alte Narrativ: Der T\u00e4ter ist das Opfer, weil die soziale Integration nicht gelungen sei. Schuld? Die deutsche Mehrheitsgesellschaft! Faeser w\u00f6rtlich: \u201eUnd ich glaube, dass wir (\u00fcber?) diese Form der nicht gelungenen sozialen Integration viel mehr reden m\u00fcssen.\u201c Reden, reden, reden \u2026. Selbst das Narrativ der schlechten Unterbringung stimmt nicht. Ein Sprecher der Stadt Bad Oeynhausen hatte erkl\u00e4rt, dass der Syrer nie in einer st\u00e4dtischen Unterkunft gelebt habe. Und nach Angaben des zust\u00e4ndigen Staatsanwalts lebte der Tatverd\u00e4chtige nach seiner Ankunft in Deutschland 2016 zun\u00e4chst in Pforzheim, also mindestens an einem weiteren Ort.<br \/>\n&#8230;<br \/>\n<em><a href=\"https:\/\/www.freiburg-schwarzwald.de\/blog\/religion\/islam\/mansour\/\">Ahmad Mansour<\/a> @AhmadMansour__<\/em><br \/>\n<em>Heute hat Bundesinnenministerin Nancy Faeser den Mord an Philippos kommentiert. Sie sagte: <\/em>\u201eUnd ich glaube, dass wir viel mehr \u00fcber diese Form der nicht gelungenen sozialen Integration sprechen m\u00fcssen.\u201c <em>Diese Rechtfertigung ist f\u00fcr mich unertr\u00e4glich. Es ist bemerkenswert, wie manche immer wieder gebetsm\u00fchlenartig die Gr\u00fcnde f\u00fcr solche Taten auf soziale Umst\u00e4nde zur\u00fcckf\u00fchren und die Verantwortung nie beim T\u00e4ter, sondern bei der Mehrheitsgesellschaft suchen.<br \/>\nDiese Begr\u00fcndung ist eine Art von Rassismus, da sie Migranten entm\u00fcndigt und ihnen nie erlaubt, Verantwortung f\u00fcr ihre Taten zu \u00fcbernehmen. Machen wir so etwas auch bei Neonazis? Suchen wir auch da soziale Gr\u00fcnde f\u00fcr rassistische Taten oder benennen wir zu Recht die gewaltvolle rassische Ideologie dahinter? T\u00e4ter haben immer eine Wahl, und die Tatmotive k\u00f6nnen von Tat zu Tat sehr unterschiedlich sein \u2013 Erziehungsmethoden, Sozialisation, Vorurteile, Verachtung des Opfers, Ideologie und vieles mehr. Wer die so wichtige Funktion des Innenministeriums leitet, darf sich nicht in ideologische Engstirnigkeit verlieren.<\/em><br \/>\n<em>29.6.2024, <a href=\"https:\/\/x.com\/AhmadMansour__\/status\/180678699517763624\">https:\/\/x.com\/AhmadMansour__\/status\/180678699517763624<\/a><\/em><br \/>\n&#8230;<br \/>\n&#8230; Alles vom 29.6.2024 von Josef Kraus bitte lesen auf<br \/>\n<a href=\"https:\/\/www.tichyseinblick.de\/meinungen\/innenministerin-faeser-bad-oeynhausen\/\">https:\/\/www.tichyseinblick.de\/meinungen\/innenministerin-faeser-bad-oeynhausen\/<\/a><br \/>\n.<br \/>\n.<\/p>\n<p><strong>Joana Cotar: Ich will das alles nicht mehr<\/strong><br \/>\nJoana Cotar @JoanaCotar<br \/>\nDer syrische M\u00f6rder aus #BadOeynhausen kam 2018 nach Deutschland.<br \/>\nAb 2020 wurde er kriminell.<br \/>\nAcht Mal Diebstahl, davon einmal schwerer r\u00e4uberischer Diebstahl und f\u00fcnf Mal schwerer Diebstahl.<br \/>\nHausfriedensbruch und gef\u00e4hrliche K\u00f6rperverletzung. 2022 soll er mit einem Schlagstock auf den Kopf seines Opfers geschlagen haben!<br \/>\nEin Drogendelikt steht genauso in seiner Akte wie Ermittlungen wegen eines Vergewaltigungsversuches und des sexuellen Missbrauchs von Kindern.<br \/>\nWARUM WAR DIESER VERBRECHER NOCH IN DEUTSCHLAND?<br \/>\nWarum ist er nicht hochkant geflogen? Warum l\u00e4sst man jemanden, der bereits gezeigt hat, zu was er f\u00e4hig ist, weiter auf die Menschheit los?<br \/>\n.<br \/>\nSch\u00fctzt endlich dieses Land und seine B\u00fcrger. Und steckt Euch Euer \u201erechtsradikal\u201c-Geschrei an den Hut!<br \/>\nNiemand ist Nazi, nur weil er diese kranken Zust\u00e4nde nicht mehr will. Niemand hat was gegen gut integrierte Ausl\u00e4nder. Niemand hat was gegen Menschen mit Migrationshintergrund, die gern hier leben und Land und Leute respektieren.<br \/>\nIch bin selbst nicht in Deutschland geboren und gerade ich habe es satt, dass ausl\u00e4ndischen Totschl\u00e4gern und Vergewaltigern der Hintern gepudert wird, anstatt sie in das n\u00e4chste Flugzeug zu setzen. Es sind doch diese Typen, die den Ruf aller Ausl\u00e4nder kaputt machen!<br \/>\nEs wird Zeit, dass die normale Bev\u00f6lkerung aufsteht. Jeder, der diese Art der Zuwanderung nicht stoppen will, muss raus aus seinem Amt und seinem Mandat.<br \/>\n28.6.2024, <a href=\"https:\/\/x.com\/JoanaCotar\/status\/1806669900976374033\">https:\/\/x.com\/JoanaCotar\/status\/1806669900976374033<\/a><br \/>\nJoana Cotar, Bundestagsabgeordnete (parteilos), <a href=\"https:\/\/joanacotar.de\/\">https:\/\/joanacotar.de\/<\/a><\/p>\n<p><strong>Bad Oeynhausen: \u201eDas war meine Schule, da habe ich Abitur gemacht\u201c<\/strong><br \/>\nEr kam von einer Abi-Feier und wurde heimt\u00fcckisch totgeschlagen. Die Tat von Bad Oeynhausen schockiert auch Fernseh-Legende Peter Hahne. Denn: Es war seine Schule. Jetzt fordert er Konsequenzen.<br \/>\n<a href=\"https:\/\/www.youtube.com\/watch?v=97SujiJ38eg&amp;t=6s\">https:\/\/www.youtube.com\/watch?v=97SujiJ38eg&amp;t=6s<\/a><br \/>\n<a href=\"https:\/\/www.youtube.com\/watch?v=97SujiJ38eg&amp;t=1s\">https:\/\/www.youtube.com\/watch?v=97SujiJ38eg&amp;t=1s<\/a><br \/>\nDer m\u00f6rderische \u00dcberfall auf Philippos T. in Bad Oeynhausen schockiert das Land. Er wurde auf dem R\u00fcckweg von einer Abi-Feier brutal totgeschlagen. Die Polizei ist sich sicher: Der T\u00e4ter war ein bereits einschl\u00e4gig polizeibekannter syrischer Asylmigrant. Bestseller-Autor und Fernsehlegende Peter Hahne war auf eben jener Schule, die die Feier veranstaltete. Und er ist w\u00fctend und fassungslos \u00fcber die Tat.<br \/>\nDer CDU-B\u00fcrgermeister von bad Oeynhausen: &#8222;Man d\u00fcrfe diese tag nicht von Rechts instrumentalisieren&#8220; &#8211; er soll sich sch\u00e4men.<br \/>\nEs muss m\u00f6glich sein, Straft\u00e4ter nach Afghanistan und Syrien abzuschieben! Jetzt Petition unterzeichnen: <a href=\"https:\/\/petitionfuerdemokratie.de\/asylwende-jetzt--auch-nach-afghanistan-abschieben-\/\">https:\/\/petitionfuerdemokratie.de\/asylwende-jetzt&#8211;auch-nach-afghanistan-abschieben-\/<\/a><br \/>\n&#8230; Alles vom 27.6.2024 von Peter Hahne bitte lesen auf<br \/>\n<a href=\"https:\/\/jungefreiheit.de\/allgemein\/2024\/bad-oeynhausen-das-war-meine-schule-da-habe-ich-abitur-gemacht\/\">https:\/\/jungefreiheit.de\/allgemein\/2024\/bad-oeynhausen-das-war-meine-schule-da-habe-ich-abitur-gemacht\/<\/a><\/p>\n<p><strong>Bad Oeynhausen:\u00a0 Das h\u00e4lt unsere Demokratie nicht mehr lange aus<\/strong><br \/>\nPhilippos Tsanis (20) wurde nach dem Abiball seiner Schwester so schwer zusammengeschlagen, dass er an schweren Hirnverletzungen starb. Der mutma\u00dfliche Hauptt\u00e4ter: der Syrer Mwafak A. (18)<br \/>\nDa lebt ein Syrer seit 2016 bei uns, also seit er 10 oder 11 Jahre alt ist, ist hier mutma\u00dflich zur Schule gegangen, spricht sicher Deutsch. Er ist aber trotzdem nicht gut integriert, sondern polizeibekannt. Und nat\u00fcrlich lebt er seit Jahren in einer Wohnung, die er nicht selbst bezahlt, sondern die mit den Steuern der arbeitenden Bev\u00f6lkerung finanziert wird. Wie kann das immer wieder passieren, warum ist unser Rechtsstaat so zahnlos-harmlos, wenn es um solche F\u00e4lle geht? Wie k\u00f6nnen wir diesen Ver\u00e4chtern unserer Werte klarmachen, dass jetzt Schluss ist mit lustig, dass wir das nicht mehr dulden, dass sich die Mehrheitsgesellschaft nicht l\u00e4nger wegdruckt?<br \/>\nS\u00f6der hat doch recht: Sofortarrest f\u00fcr T\u00e4ter, bis sie von sich aus in ihre Heimatstaaten zur\u00fcckkehren. Das Ergebnis unserer falsch verstandenen oder mindestens falsch gelebten \u201eWillkommenskultur\u201c: 70 Prozent der Menschen in Deutschland halten den Staat f\u00fcr \u00fcberfordert, vor allem bei der Migration. Das h\u00e4lt unsere Demokratie nicht mehr lange aus.<br \/>\n&#8230; Alles vom 27.6.2024 bitte lesen auf<br \/>\n<a href=\"https:\/\/www.bild.de\/politik\/meinung-kommentare-kolumnen\/kommentar-zu-bad-oeynhausen-das-haelt-unsere-demokratie-nicht-mehr-lange-aus-667d8addd678745262676c52\">https:\/\/www.bild.de\/politik\/meinung-kommentare-kolumnen\/kommentar-zu-bad-oeynhausen-das-haelt-unsere-demokratie-nicht-mehr-lange-aus-667d8addd678745262676c52<\/a><\/p>\n<p>.<\/p>\n<p><strong>\u201eDas Schweigen dr\u00f6hnt laut\u201c \u2013 Nach Sylt gab es viele Worte, zu Bad Oeynhausen Stille<\/strong><br \/>\nDie Berliner Politik reagiert nicht auf den Mord an einem 20-j\u00e4hrigen Mindener, bei einer einzigen Ausnahme. Im Fragen nach den Ursachen der sinnlosen Gewalttat kommt auch diese danach auf, ob das Kreuz, dass der junge Mann gut sichtbar getragen hat, dabei eine Rolle gespielt haben k\u00f6nnte<br \/>\n&#8230;<br \/>\nBeim Sylter Vorfall war es so, dass Bundestagspr\u00e4sidentin B\u00e4rbel Bas (SPD) in lockerem Ton auch schon mal die \u201eH\u00f6chststrafe\u201c f\u00fcr die drei bis vier Jugendlichen forderte. B\u00e4rbel Bas aus Duisburg ward zum aktuellen Fall nicht geh\u00f6rt. Kann man es ihr verdenken? Was sollte sie sagen au\u00dfer, dass es ihr leid tut und ihre Partei daf\u00fcr gesorgt hat, dass Deutschland auf diesem Weg ist? Ist umgekehrt die Anteilnahme, Betroffenheit und das Engagement von Alice Weidel (AfD) im Fall Philippos allein der Tatsache geschuldet, dass sie aus dem 50 Kilometer entfernten G\u00fctersloh stammt? Vielleicht auch, kaum nur.<br \/>\n.<br \/>\nAlle Politiker au\u00dfer Alice Weidel schweigen kollektiv.<br \/>\nIn #BadOeynhausen wurde ein 20-j\u00e4hriger Junge auf dem Heimweg vom Abschlussball seiner Schwester von einer zehnk\u00f6pfigen \u201eGruppe\u201c zu Tode gepr\u00fcgelt.<br \/>\nDie T\u00e4ter werden als \u201es\u00fcdl\u00e4ndisch\u201c beschrieben. Damit sind \u00fcbrigens keine Italiener oder Spanier gemeint.<br \/>\n25.6.2024 , <a href=\"https:\/\/x.com\/DXNVSTY\/status\/1805873546784116891\">https:\/\/x.com\/DXNVSTY\/status\/1805873546784116891<\/a><br \/>\n&#8230;<br \/>\nIn einer Trauerbotschaft von Eltern aus Bad Oeynhausen, die wohl im Kurpark selbst angebracht wurde, hei\u00dft es: \u201eWarum noch treten, wenn man schon am Boden liegt?? Das mu\u00df aufh\u00f6ren!\u201c<br \/>\nF\u00fcr die Mutter Ioanna S. ist klar: \u201eEr wurde umgebracht, knallhart. Da hat sich keiner Gedanken gemacht!\u201c Aus ihrer Sicht war es \u201ekaltbl\u00fctiger Mord\u201c. Gebete und kirchliche Weihen halfen nicht mehr, nachdem die b\u00f6se Tat geschehen war.<br \/>\n&#8230;<br \/>\n<em>Der griechischst\u00e4mmige Philippos wurde mit nur 20 Jahren von 10 &#8222;S\u00fcdl\u00e4ndern&#8220; brutal erschlagen. Warum ist seine Geschichte, das Schicksal seiner Familie, sein Leben all den Medien und Politikern nichts wert, die tagelang lautstark Sylt kommentiert haben?<\/em><br \/>\n<em>25.6.2024 <a href=\"https:\/\/x.com\/oida_grantler\/status\/1805714464203063332\">https:\/\/x.com\/oida_grantler\/status\/1805714464203063332<\/a><\/em><\/p>\n<p>Oder war es doch zielgerichtetes und brutales Attackieren gem\u00e4\u00df dem Koran wie beim Messerattentat von Mannheim? Philippos tr\u00e4gt auf dem Photo, das ihn zusammen mit seiner Schwester zeigt, gut sichtbar ein Kreuz auf der Brust. Sollte dieses Zeichen vom Schutzamulett bereits zum Zielvisier geworden sein, \u00e4hnlich dem Davidstern oder der Kippa? Die allein Folgen f\u00fcr das Denken, f\u00fcr die Theorie vom Land quasi, w\u00e4ren ungeheuerlich, aber man darf bereits sicher sein, dass weder diese Regierung noch die Kirchen auf diese M\u00f6glichkeit eingehen werden, solange sie nicht als Schrift an der Wand steht.<\/p>\n<p><em>Alexander Kissler<\/em><br \/>\n<em>Heute vor drei Jahren hat ein <a href=\"https:\/\/www.freiburg-schwarzwald.de\/blog\/selbsthilfe\/krise\/gewalt\/wuerzburg2021messermorde\/\">Somalier in #Wuerzburg drei Frauen ermordet<\/a> und neun Personen verletzt, zum Teil schwer. Wurden daraus Lehren gezogen?<\/em><br \/>\n<em>26.6.2024, <a href=\"https:\/\/x.com\/DrKissler\/status\/1805864196946497992\">https:\/\/x.com\/DrKissler\/status\/1805864196946497992<\/a><\/em><\/p>\n<p>&#8230; Alles vom 26.6.2024 bitte lesen auf<br \/>\n<a href=\"https:\/\/www.tichyseinblick.de\/meinungen\/das-schweigen-droehnt-bad-oeynhausen\/\">https:\/\/www.tichyseinblick.de\/meinungen\/das-schweigen-droehnt-bad-oeynhausen\/<\/a><br \/>\n.<br \/>\nEinige Kommentare:<br \/>\nDieser links-gr\u00fcne Staat ist, nicht nur moralisch, am Ende. Bad Oeyenhausen v. Sylt. Noch Fragen? ich gehe jetzt mit meiner Familie erst einmal ins europ\u00e4ische Exil, und versuche, wie alle Exilanten, die vor den politischen Verh\u00e4ltnissen in der Heimat fliehen, weiter von Au\u00dfen Einfluss zu nehmen. Gerne m\u00f6chte ich zeitlich vor meinen Kindern zu Grabe getragen werden. Tats\u00e4chlich steckt dabei auch der Wunsch nach einer sehr guten Schulausbildung f\u00fcr die Kinder dahinter. Das deutsche Schulsystem hat fertig, die illegale Einwanderung der letzten x Jahre hat es, vermutlich irreparabel, dauerhaft besch\u00e4digt, oder gar zerst\u00f6rt DrM<br \/>\n.<br \/>\nSo schrecklich das alles ist: Die Politiker arbeiten eine international vorgegebene Agenda ab, die (unter anderem) laut Yascha Mounk die Umwandlung eines bisher \u00fcberwiegend friedlichen, sicheren, wohlst\u00e4ndigen und monoethnischen und -kulturellen Landes in eine multiethnische \u201eDemokratie\u201c (wobei die Deutschen nie gefragt wurden ob sie das wollen, soweit zur Demokratie) beinhaltet. Die vielen Opfer sind da nur bedauerliche Kollateralsch\u00e4den aus Sicht der Politik. Nach dem Motto: \u201eIch brauch jetzt mal ein paar Worte des Mitgef\u00fchls\u201c oder: \u201eIch weiss gar nicht wie traurig ich jetzt gucken soll\u201c. Die Politiker der Altparteien interessieren sich nicht die Bohne f\u00fcr die Menschen. Thi<br \/>\n.<br \/>\nWer Barbaren ins Land holt, ist verantwortlich f\u00fcr die Barbarei. Was hier vor aller Augen in Scherben liegt, ist der linke Kulturrelativismus. Da\u00df es Kulturen gibt, die tiefgreifend inkompatibel sind, ist eine maximal tabuisierte Tatsache. Wie immer, wenn Ideologie auf Realit\u00e4t trifft, gewinnt die Realit\u00e4t. Das Schweigen im Medienwald hat ihren Ursprung darin, da\u00df niemand die Niederlage eingestehen und die n\u00f6tigen Konsequenzen ziehen will. Das handelnde Personal in Politik und Medien m\u00fcsste gr\u00fcndlich ausgetauscht werden. Die derzeitigen Protagonisten haben sich auf Gedeih und Verderb an ihr Narrativ gekettet. Sie werden ihren Kurs nicht \u00e4ndern.<br \/>\nTei<br \/>\n.<br \/>\nDer erste Artikel zu dem Thema, der das markante Kreuz des Opfers thematisiert. Danke daf\u00fcr. Vau<br \/>\n.<br \/>\nDas Kreuz und die Kleidung von M\u00e4dchen nehmen selbst schon 11, 12-j\u00e4hrige in den Schulen zum Anla\u00df, die M\u00e4dchen in der gleichen Klasse, oder auf dem Schulhof verbal anzugehen. Hier ist schon Alles in den K\u00f6pfen verwurzelt, was vom Ehrenmord \u00fcber \u00dcberf\u00e4lle, Vergewaltigungen bis zum Attentat irgendwann seine Umsetzung ausl\u00f6st. Taten und T\u00e4ter sind kein Zufall, sondern entsprechen dem Buch des \u201egro\u00dfen Propheten\u201c. Die \u201eT\u00fcr\u00f6ffner\u201c in Berlin sind Mitt\u00e4ter und schuldig an jedem Verbrechen dieser Art und dieser Losgelassenen! Was gehen die Omas gegen Rechts ihre Enkel an? Insofern auch die Mitl\u00e4ufer im Wahn gegen rechts! han<br \/>\nEnde Kommentare<br \/>\n.<\/p>\n<p>&nbsp;<\/p>\n<p><strong>Stark f\u00fcr ihren toten Sohn: Deutschlands tapferste Mutter<\/strong><br \/>\n&#8230; Es ist schwer, in die von Trauer gezeichneten Gesichter der Eltern und auch der Schwester zu sehen. Obwohl es nur Fotos und Video-Ausschnitte sind \u2013 der Schmerz, den der sinnlose Tod des 20-J\u00e4hrigen in die Gesichter der Eltern eingebrannt hat, l\u00e4sst keinen Betrachter unber\u00fchrt. Die Reaktionen sind eine Mischung aus Mitgef\u00fchl und Wut: Wie kann es zu so einer f\u00fcrchterlichen, brutalen Mordtat an einem \u2013 man darf es so sagen \u2013 unschuldigen 20-J\u00e4hrigen kommen, der niemandem etwas getan hatte? Und: Wer geh\u00f6rt eigentlich zu dieser Bande \u201eS\u00fcdl\u00e4nder\u201c (Polizei), die nachts im friedlichen Bad Oeynhausener Kurpark ihr Unwesen treiben kann?<br \/>\n.<br \/>\n<a href=\"https:\/\/www.freiburg-schwarzwald.de\/blog\/wp-content\/uploads\/2024\/06\/philippos-badoeynhausen-mord240622.webp\"><img loading=\"lazy\" decoding=\"async\" class=\"alignnone size-thumbnail wp-image-124825\" src=\"https:\/\/www.freiburg-schwarzwald.de\/blog\/wp-content\/uploads\/2024\/06\/philippos-badoeynhausen-mord240622-180x102.webp\" alt=\"\" width=\"180\" height=\"102\" srcset=\"https:\/\/www.freiburg-schwarzwald.de\/blog\/wp-content\/uploads\/2024\/06\/philippos-badoeynhausen-mord240622-180x102.webp 180w, https:\/\/www.freiburg-schwarzwald.de\/blog\/wp-content\/uploads\/2024\/06\/philippos-badoeynhausen-mord240622-640x363.webp 640w, https:\/\/www.freiburg-schwarzwald.de\/blog\/wp-content\/uploads\/2024\/06\/philippos-badoeynhausen-mord240622-1024x580.webp 1024w, https:\/\/www.freiburg-schwarzwald.de\/blog\/wp-content\/uploads\/2024\/06\/philippos-badoeynhausen-mord240622-768x435.webp 768w, https:\/\/www.freiburg-schwarzwald.de\/blog\/wp-content\/uploads\/2024\/06\/philippos-badoeynhausen-mord240622.webp 1080w\" sizes=\"auto, (max-width: 180px) 100vw, 180px\" \/><\/a><br \/>\nDeutschlands tapferste Mutter und ihr Sohn Philippos \u2013 kurze Zeit sp\u00e4ter war er tot.<br \/>\n.<br \/>\nEs sind diese wichtigen Fragen, die die \u00d6ffentlichkeit besch\u00e4ftigen \u2013 und nat\u00fcrlich die Eltern. Da die Familie selbst griechischst\u00e4mmig ist, mag sie sich nicht zu der Frage der vermeintlichen Nationalit\u00e4t der T\u00e4ter \u00e4u\u00dfern \u2013 eine noble Geste. Das hat, zumindest was die Erscheinung angeht, schon die Polizei getan.<br \/>\nDieser sehr wichtige Fakt vom \u201es\u00fcdl\u00e4ndischen Aussehen\u201c, den die Polizei aufgrund von Zeugenaussagen in ihren Bericht geschrieben hat, wird allerdings in den Medien im Wesentlichen verschwiegen. In Deutschland darf offenbar nicht sein, was die Politik offiziell am liebsten verschweigt.<br \/>\n&#8230; Alles vom 26.6.2024 bitte lesen auf<br \/>\n<a href=\"https:\/\/www.nius.de\/kommentar\/stark-fuer-ihren-toten-sohn-deutschlands-tapferste-mutter\/ad93990a-db36-4e86-8851-3a42a1e4120b\">https:\/\/www.nius.de\/kommentar\/stark-fuer-ihren-toten-sohn-deutschlands-tapferste-mutter\/ad93990a-db36-4e86-8851-3a42a1e4120b<\/a><br \/>\nund<br \/>\n<a href=\"https:\/\/www.nius.de\/news\/polizei-protokoll-dokumentiert-details-zum-mord-an-philippos-der-tatverdaechtige-schlaegt-mehrfach-mit-der-faust-gegen-den-kopf\/511b185e-6718-4887-b8e0-60877b47a328\">https:\/\/www.nius.de\/news\/polizei-protokoll-dokumentiert-details-zum-mord-an-philippos-der-tatverdaechtige-schlaegt-mehrfach-mit-der-faust-gegen-den-kopf\/511b185e-6718-4887-b8e0-60877b47a328<\/a><br \/>\n.<br \/>\n.<\/p>\n<p><strong>20-J\u00e4hriger nach Gruppenangriff tot \u2013 Medien schauen weg<\/strong><br \/>\nTragische Bluttat im beschaulichen Bad Oeynhausen. Opfer eines Gruppenangriffs &#8222;s\u00fcdl\u00e4ndischer M\u00e4nner&#8220;<br \/>\n&#8230; <a href=\"https:\/\/youtu.be\/XzavYU7vZz8\">https:\/\/youtu.be\/XzavYU7vZz8<\/a><br \/>\nDieses Wegsehen ist eine Schande. Auf der Internet-Seite der Tagesschau gab es zwar einen Alibi-Beitrag \u2013 doch dort war verharmlosend von einer \u201eSchl\u00e4gerei\u201c die Rede. Wie gro\u00df w\u00e4re der Aufschrei gewesen, wenn die Vorzeichen umgekehrt gewesen w\u00e4ren \u2013 wenn eine Gruppe Einheimischer einen Migranten zu Tode gepr\u00fcgelt h\u00e4tte. Wir w\u00fcrden anderes h\u00f6ren. Es g\u00e4be Lichterketten und Demos gegen rechts. Aber so? Fehlanzeige.<br \/>\nW\u00e4hrend das Sylt-Video von den jungen Menschen, die \u201eAusl\u00e4nder raus\u201c gr\u00f6lten, tagelang ein beherrschendes Thema in den Medien war, l\u00e4uft Bad Oeynhausen nur nebenher.<br \/>\nW\u00e4hrend das erfundene Verpr\u00fcgeln von <a href=\"https:\/\/www.freiburg-schwarzwald.de\/blog\/boese-oder-tolerierbare-gewalt\/\">zwei M\u00e4dchen aus Ghana in Grevensbr\u00fcck<\/a> zu einer Welle der Emp\u00f6rung und Solidarisierung mit den vermeintlichen Opfern f\u00fchrte (siehe hier), bleiben die sonst so wortgewaltigen Lautsprecher von Rot-Gr\u00fcn diesmal still.<br \/>\n&#8230; Alles vom 25.6.2024 bitte lesen auf<br \/>\n<a href=\"https:\/\/reitschuster.de\/post\/20-jaehriger-nach-gruppenangriff-tot-medien-schauen-weg\/\">https:\/\/reitschuster.de\/post\/20-jaehriger-nach-gruppenangriff-tot-medien-schauen-weg\/<\/a><br \/>\n.<\/p>\n<p><strong>Vorfall in Bad Oeynhausen<\/strong><br \/>\nMit Entsetzen haben wir von der t\u00e4tlichen Auseinandersetzung in Bad Oeynhausen erfahren, bei der ein Angeh\u00f6riger einer Abiturientin unserer Schule lebensgef\u00e4hrlich verletzt wurde. Es macht uns tief betroffen, dass dieser so festliche Tag der Entlassung und des Abiballs der Abiturientia von diesen Geschehnissen \u00fcberschattet wird.<br \/>\nWir sind in Gedanken und tiefem Mitgef\u00fchl bei der betroffenen Familie.<br \/>\n&#8230; Alles vom 24.6.2024 bitte lesen auf<br \/>\n<a href=\"https:\/\/www.ratsgymnasium.de\/news-details\">https:\/\/www.ratsgymnasium.de\/news-details<\/a><\/p>\n<p>&nbsp;<\/p>\n","protected":false},"excerpt":{"rendered":"<p>Home &gt;Gewalt\u00a0&gt;Integration\u00a0&gt;Kriminalitaet \u00a0&gt;Migranten-Gewalt &gt;BadOeynhausen-Philippos24Juni2024 &nbsp; Listenauswahl eines Beitrags (Artikel\/Datum, Seite\/Inhalt): Klicken oder scrollen Filipp ist zu Tode gepr\u00fcgelt: Bew\u00e4hrungsstrafe und 80 Sozialstunden (6.3.2026) Bew\u00e4hrung und 80 Sozialstunden: Bruder des get\u00f6teten Filipp S. entt\u00e4uscht \u00fcber Urteil f\u00fcr Angeklagten (5.3.2026) Solange es &hellip; <a href=\"https:\/\/www.freiburg-schwarzwald.de\/blog\/global\/migration\/badoeynhausen-philippos24juni2024\/\">Weiterlesen <span class=\"meta-nav\">&rarr;<\/span><\/a><\/p>\n","protected":false},"author":2,"featured_media":0,"parent":9150,"menu_order":0,"comment_status":"closed","ping_status":"closed","template":"","meta":{"footnotes":""},"class_list":["post-124821","page","type-page","status-publish","hentry"],"_links":{"self":[{"href":"https:\/\/www.freiburg-schwarzwald.de\/blog\/wp-json\/wp\/v2\/pages\/124821","targetHints":{"allow":["GET"]}}],"collection":[{"href":"https:\/\/www.freiburg-schwarzwald.de\/blog\/wp-json\/wp\/v2\/pages"}],"about":[{"href":"https:\/\/www.freiburg-schwarzwald.de\/blog\/wp-json\/wp\/v2\/types\/page"}],"author":[{"embeddable":true,"href":"https:\/\/www.freiburg-schwarzwald.de\/blog\/wp-json\/wp\/v2\/users\/2"}],"replies":[{"embeddable":true,"href":"https:\/\/www.freiburg-schwarzwald.de\/blog\/wp-json\/wp\/v2\/comments?post=124821"}],"version-history":[{"count":5,"href":"https:\/\/www.freiburg-schwarzwald.de\/blog\/wp-json\/wp\/v2\/pages\/124821\/revisions"}],"predecessor-version":[{"id":146682,"href":"https:\/\/www.freiburg-schwarzwald.de\/blog\/wp-json\/wp\/v2\/pages\/124821\/revisions\/146682"}],"up":[{"embeddable":true,"href":"https:\/\/www.freiburg-schwarzwald.de\/blog\/wp-json\/wp\/v2\/pages\/9150"}],"wp:attachment":[{"href":"https:\/\/www.freiburg-schwarzwald.de\/blog\/wp-json\/wp\/v2\/media?parent=124821"}],"curies":[{"name":"wp","href":"https:\/\/api.w.org\/{rel}","templated":true}]}}