{"id":124571,"date":"2024-06-20T22:04:29","date_gmt":"2024-06-20T20:04:29","guid":{"rendered":"https:\/\/www.freiburg-schwarzwald.de\/blog\/?page_id=124571"},"modified":"2026-03-02T12:44:07","modified_gmt":"2026-03-02T11:44:07","slug":"mannheim-messermord31mai2024","status":"publish","type":"page","link":"https:\/\/www.freiburg-schwarzwald.de\/blog\/global\/migration\/mannheim-messermord31mai2024\/","title":{"rendered":"Mannheim-Messermord31Mai2024"},"content":{"rendered":"<p>d<\/p>\n<div id=\"attachment_126102\" style=\"width: 649px\" class=\"wp-caption alignnone\"><a href=\"https:\/\/www.freiburg-schwarzwald.de\/blog\/wp-content\/uploads\/2024\/08\/gerste-getreide-dreisamtal-stegen-pan.jpg\"><img loading=\"lazy\" decoding=\"async\" aria-describedby=\"caption-attachment-126102\" class=\"size-full wp-image-126102\" src=\"https:\/\/www.freiburg-schwarzwald.de\/blog\/wp-content\/uploads\/2024\/08\/gerste-getreide-dreisamtal-stegen-pan.jpg\" alt=\"\" width=\"639\" height=\"287\" srcset=\"https:\/\/www.freiburg-schwarzwald.de\/blog\/wp-content\/uploads\/2024\/08\/gerste-getreide-dreisamtal-stegen-pan.jpg 639w, https:\/\/www.freiburg-schwarzwald.de\/blog\/wp-content\/uploads\/2024\/08\/gerste-getreide-dreisamtal-stegen-pan-180x81.jpg 180w\" sizes=\"auto, (max-width: 639px) 100vw, 639px\" \/><\/a><p id=\"caption-attachment-126102\" class=\"wp-caption-text\">Gerste kurz vor der Getreideernte bei Stegen am 11.8.2024<\/p><\/div>\n<ul>\n<li><em>Listenauswahl eines Beitrags: Bitte <span style=\"text-decoration: underline;\">anklicken<\/span> oder runterscrollen<\/em><\/li>\n<li>Islamisten-Terroropfer Michael St\u00fcrzenberger erh\u00e4lt Besch\u00e4ftigungsverbot im Bundestag (21.1.2026)<\/li>\n<li>Warum Rouven Laur starb &#8211; Ein Jahr nach dem t\u00f6dlichen Anschlag in Mannheim (12.6.2025)<\/li>\n<li>Spenden Messer-Opfer von MA (26.4.2025)<\/li>\n<li>Mannheim: Auto-Anschlag zu Fastnacht &#8211; zwei Tote (5.3.2025)<\/li>\n<li><a href=\"https:\/\/www.freiburg-schwarzwald.de\/blog\/engagement\/zukunft\/demokratie\/aschaffenburg22jan2025\/\">Nach Aschaffenburg: \u201eIch bin es leid\u201c<\/a>\u00a0(28.1.2025)<\/li>\n<li><a href=\"https:\/\/www.freiburg-schwarzwald.de\/blog\/solingen-ist-ueberall\/\">Solingen ist \u00fcberall<\/a>\u00a0(24.8.2024)<\/li>\n<li>\u201eMuss sich was \u00e4ndern\u201c: Mutter des get\u00f6teten Polizisten Rouven Laur rechnet mit der Politik ab (13.7.2024)<\/li>\n<li>Michael St\u00fcrzenberger, BPE, zu seinen Verletzungen &#8211; Stand Juli 2024 (11.7.2024)<\/li>\n<li>Ahmad Mansour zum Messermord Mannheim: Islamismus untersch\u00e4tzt (22.6.2024)<\/li>\n<li>Mannheim: die wichtigsten Stolperer (22.6.2024)<\/li>\n<li>Mannheim: Sturm einer Intensivstation durch Messer-T\u00e4ter wurde zur\u00fcckgehalten (20.6.2024)<\/li>\n<li><a href=\"https:\/\/www.freiburg-schwarzwald.de\/blog\/viel-sylt-wenig-mannheim\/\">Viel Sylt \u2013 wenig Mannheim<\/a>\u00a0(6.6.2024)<\/li>\n<li><a href=\"https:\/\/www.freiburg-schwarzwald.de\/blog\/polizistenmord-durch-islamist\/\">Polizistenmord durch Islamist<\/a>\u00a0(3.6.2024)<\/li>\n<li><a href=\"https:\/\/www.freiburg-schwarzwald.de\/blog\/ma-messer-wegen-bpe-kritik\/\">MA: Messer wegen BPE-Kritik<\/a>\u00a0(31.5.2024)<\/li>\n<li><\/li>\n<li><a href=\"https:\/\/www.freiburg-schwarzwald.de\/blog\/engagement\/zukunft\/demokratie\/aschaffenburg22jan2025\/\">Aschaffenburg22Jan2025<\/a><\/li>\n<li><a href=\"https:\/\/www.freiburg-schwarzwald.de\/blog\/global\/integration\/fluechtlinge-kriminalitaet\/\">Fluechtlinge-Kriminalitaet<\/a><\/li>\n<li><a href=\"https:\/\/www.freiburg-schwarzwald.de\/blog\/global\/migration\/migranten-gewalt\/\">Migranten-Gewalt<\/a><\/li>\n<\/ul>\n<p>Der 25-j\u00e4hrige aus Herat\/<a href=\"https:\/\/www.freiburg-schwarzwald.de\/blog\/global\/afghanistan\/\">Afghanistan<\/a>\u00a0geb\u00fcrtige\u00a0<a href=\"https:\/\/www.freiburg-schwarzwald.de\/blog\/religion\/islam\/islamismus\/\">Islamist<\/a>\u00a0Suleiman A. (25) ver\u00fcbt am 31.5.2024 um 11.35 Uhr in Mannheim mit einem\u00a0<a href=\"https:\/\/www.freiburg-schwarzwald.de\/blog\/selbsthilfe\/soziales\/justiz\/messerstecher\/\">Messer<\/a>\u00a0einen\u00a0<a href=\"https:\/\/www.freiburg-schwarzwald.de\/blog\/ma-messer-wegen-bpe-kritik\/\">Mordanschlag<\/a>\u00a0auf Michael St\u00fcrzenberger (59) von der B\u00fcrgerbewegung PAX Europa e. V (<a href=\"https:\/\/www.freiburg-schwarzwald.de\/blog\/religion\/islam\/islamkritik\/\">BPE<\/a>), ermordet dann den <a href=\"https:\/\/www.freiburg-schwarzwald.de\/blog\/selbsthilfe\/soziales\/justiz\/polizei\/polizeibeamte\/\">Polizisten<\/a> Rouven Laur (29) und verletzt vier weitere BPE-Mitarbeiter.<br \/>\n==========================================================<br \/>\n.<\/p>\n<p><strong>Islamisten-Terroropfer Michael St\u00fcrzenberger erh\u00e4lt Besch\u00e4ftigungsverbot im Bundestag<\/strong><br \/>\n&#8230;. Dass nun auf Ukas von Bundestagspr\u00e4sidentin Julia Kl\u00f6ckner (CDU) sieben Mitarbeiter von AfD-Abgeordneten ihr Hausausweise verlieren und auch <a href=\"https:\/\/www.freiburg-schwarzwald.de\/blog\/religion\/islam\/islamkritik\/\">Michael St\u00fcrzenberger (BPE)<\/a>, das bis heute von seinen Verletzungen gezeichnete Anschlagsopfer von Mannheim, unter den so Gemobbten ist, legt die ganze Entwicklung in aller Brutalit\u00e4t offen: Ein Mann, der einen gegen ihn gerichteten islamistischen Mordversuch nur knapp \u00fcberlebt hat (w\u00e4hrend dabei ein junger Polizist ums Leben kam) soll nun politisch und finanziell abgestraft werden \u2013 aber nicht wegen einer Tat, sondern wegen seiner Haltung. Wer islamistischen Terror benennt, ist pl\u00f6tzlich selbst das Problem. Das ist keine Extremismusabwehr mehr, sondern blanke Gesinnungspr\u00fcfung. Und verantwortlich daf\u00fcr ist nicht irgendein anonymer Verwaltungsapparat, sondern ganz konkret: Julia Kl\u00f6ckner. Sie macht diese Politik pers\u00f6nlich fest und f\u00fchrt offenkundig einen Feldzug gegen die AfD und gegen jeden, der auch nur in die N\u00e4he von Islamkritik oder oppositioneller Haltung ger\u00e4t \u2013 bis hinein in den Mitarbeiterbereich.<br \/>\n&#8230; Alles vom 21.1.2026 von Nicole H\u00f6chst bitte lesen auf<br \/>\n<a href=\"https:\/\/ansage.org\/bodenlose-schande-kloeckner-erteilt-islamisten-terroropfer-michael-stuerzenberger-zutritts-und-beschaeftigungsverbot-im-bundestag\/\">https:\/\/ansage.org\/bodenlose-schande-kloeckner-erteilt-islamisten-terroropfer-michael-stuerzenberger-zutritts-und-beschaeftigungsverbot-im-bundestag\/<\/a><\/p>\n<p>&nbsp;<\/p>\n<p><strong>Warum Rouven Laur starb &#8211; Ein Jahr nach dem t\u00f6dlichen Anschlag in Mannheim<\/strong><br \/>\nEin Jahr nach dem t\u00f6dlichen Anschlag in Mannheim \u2013 bei dem ein islamistischer Attent\u00e4ter einen Polizisten t\u00f6tete und mehrere Menschen, zum Teil schwer verletzte \u2013 gibt es noch immer keine Einigkeit dar\u00fcber, welche Lehren aus der Tat gezogen werden sollten. Selbst bei der Frage, wie des Opfers zu gedenken sei, offenbaren sich tiefe Gr\u00e4ben.<br \/>\nAuf der einen Seite: das politische Establishment. Regierung, Beh\u00f6rden und offizielle Vertreter der Polizei bem\u00fchen sich sichtlich, Erinnerung und Debatte in eng umrissene, politisch korrekte Bahnen zu lenken. Auf der anderen Seite: Stimmen, die darauf bestehen, den radikalen Islam als reale Gefahr ernst zu nehmen \u2013 und das Schweigen der Institutionen als fahrl\u00e4ssig und unehrlich bezeichnen.<br \/>\n&#8230;<br \/>\nDenn eines fehlte in dieser Inszenierung v\u00f6llig: eine Auseinandersetzung mit dem islamistischen Hintergrund der Tat. Wer genau darauf h\u00e4tte hinweisen k\u00f6nnen, wurde bewusst au\u00dfen vor gelassen. Die islamkritische Gruppe B\u00fcrgerbewegung Pax Europa (BPE), bei deren Kundgebung der Anschlag stattfand, war bei der Gedenkfeier unerw\u00fcnscht. Ihre Unterst\u00fctzer wurden sogar faktisch daran gehindert, eine eigene Mahnwache abzuhalten.<br \/>\nDie Begr\u00fcndung der Polizeigewerkschaft <a href=\"https:\/\/www.swr.de\/swraktuell\/baden-wuerttemberg\/mannheim\/pax-europa-mahnwache-jahrestag-messerattacke-100.html\">https:\/\/www.swr.de\/swraktuell\/baden-wuerttemberg\/mannheim\/pax-europa-mahnwache-jahrestag-messerattacke-100.html<\/a> daf\u00fcr war bezeichnend: Der 31. Mai sei ein \u201eTag der stillen Trauer\u201c, und jede Mahnwache einer Gruppe wie der BPE stelle eine \u201epiet\u00e4tlose Instrumentalisierung\u201c dar. Doch diese Wortwahl verr\u00e4t eher ein verzweifeltes Bem\u00fchen, das politische Element des Anschlags zu kaschieren \u2013 als handle es sich um eine singul\u00e4re Trag\u00f6die, nicht um ein weiteres Glied in der Kette islamistisch motivierter Gewalt in Deutschland.<br \/>\nDiese Verweigerungshaltung ist nicht nur kurzsichtig \u2013 sie ist gef\u00e4hrlich. Je mehr Politik und Beh\u00f6rden darauf beharren, dass es \u201efalsch\u201c sei, \u00fcber islamistischen Extremismus offen zu sprechen, desto weiter entfernen sie sich vom Stimmungsbild in der Bev\u00f6lkerung.<br \/>\nDie BPE ist eine kleine Gruppe von Aktivisten. Sie vertritt Positionen, die viele f\u00fcr provokant halten \u2013 etwa das Verbot des Muezzinrufs, Widerstand gegen Moscheebauten oder die Forderung nach einem Burka-Verbot. Diese Positionen sind tats\u00e4chlich illiberal und verdienen Kritik. Doch die BPE allein als rechtsextreme Agitatoren zu diffamieren, greift zu kurz.<br \/>\nTats\u00e4chlich findet ihre Islamkritik wachsenden Zuspruch. Nicht, weil die Gesellschaft radikalisiert w\u00e4re \u2013 sondern weil viele B\u00fcrger sich vom Staat im Stich gelassen f\u00fchlen. Sie sehen, dass Migration und Integration eben nicht reibungslos funktionieren, dass Parallelgesellschaften entstanden sind, und dass \u00fcber das religi\u00f6se Motiv vieler Gewalttaten nicht offen gesprochen wird.<br \/>\nStatt diesen Sorgen zu begegnen, kriminalisiert der Staat zunehmend deren Vertreter. Prominentes Beispiel: Michael St\u00fcrzenberger, <a href=\"https:\/\/www.novo-argumente.com\/artikel\/strafe_fuer_anschlagsopfer\">https:\/\/www.novo-argumente.com\/artikel\/strafe_fuer_anschlagsopfer<\/a> f\u00fchrendes Mitglied von Pax Europa und schwer verletztes Opfer des Mannheimer Attentats, stand wenige Monate sp\u00e4ter wegen einer Rede, die er einige Jahre zuvor in Hamburg gehalten hatte, vor Gericht \u2013 angeklagt wegen Volksverhetzung. Ihm drohten sechs Monate Haft, schlie\u00dflich wurde er, auch in Hinblick auf den Anschlag, dessen Opfer er geworden war, \u201anur\u2018 zu 3600 Euro Geldstrafe verurteilt. Die Botschaft war deutlich: Wer Islamismus kritisiert, wird eingesch\u00fcchtert.<br \/>\n&#8230; Alles vom 12.6.2025 von Sabine Beppler-Spahl bitte lesen auf<br \/>\n<a href=\"https:\/\/www.achgut.com\/artikel\/warum_rouven_laur_starb\">https:\/\/www.achgut.com\/artikel\/warum_rouven_laur_starb<\/a><br \/>\n.<br \/>\nSabine Beppler-Spahl ist Diplom-Volkswirtin, Deutschlandkorrespondentin des britischen Online-Magazins Spiked sowie Vorsitzende des Vereins Freiblickinstitut e.V. Sie ist Herausgeberin des Sammelbandes \u201eCancel Culture und Meinungsfreiheit\u201c.<br \/>\n.<br \/>\n<em>Sabine Beppler-Spahl (Hrsg): Cancel Culture und Mei ungsreiheit<\/em><br \/>\n<em>\u00dcber zensur und Selbstzensur<\/em><br \/>\n<em>Edition Novo, 2022, eBook, 14,99 euro<\/em><\/p>\n<p>&nbsp;<\/p>\n<p>&nbsp;<\/p>\n<p><strong>Mannheim: Auto-Anschlag zu Fastnacht &#8211; zwei Tote<\/strong><br \/>\nAm Rosenmontag 3.3.2025 f\u00e4hrt ein 40-j\u00e4hriger Deutscher in der Mannheimer Innenstadt nahe des Fastnacht-Marktes mit dem Auto zwei Menschen tot und verletzt mehrere Menschen schwer. Danach schie\u00dft er sich mit einer Schreckschu\u00dfpistole in den Mund. &#8222;Es k\u00f6nnte sich um einen Suizidversuch gehandelt haben&#8220; (1), bei dem sich der psychisch kranke und suizidgef\u00e4hrdet Mann die zahlreichen Anschl\u00e4ge von Islamisten und Aufrufe des IS hierzu als Vorbild genommen hat.<br \/>\n5.3.2025<br \/>\n.<br \/>\nEnde von Beitrag &#8222;Auto-Anschlag zu Fastnacht &#8211; zwei Tote&#8220;<br \/>\n=========================================================<br \/>\nBeginn von Anlagen (1)<br \/>\n.<br \/>\n<strong>(1) 7 Jahre unauff\u00e4llig, dann Eskalation: Top-Profiler \u00e4u\u00dfert Theorie zum Todesfahrer<\/strong><br \/>\nKopierte Alexander S. den Islamisten-Terror? Top-Profiler Axel Petermann vermutet einen Nachahmungseffekt bei der Todesfahrt in Mannheim und erkl\u00e4rt, warum der mutma\u00dfliche T\u00e4ter offenbar sieben Jahre lang unauff\u00e4llig blieb.<br \/>\nFOCUS online: Herr Petermann, wieder ist ein Autofahrer offenbar bewusst in eine Menschenmenge gerast. Die Ermittler sprechen von \u201ekonkreten Anhaltspunkten f\u00fcr eine psychische Erkrankung des T\u00e4ters\u201c . Wie blicken Sie auf die Todesfahrt von Mannheim?<br \/>\nAxel Petermann: Das stringente Vorgehen des T\u00e4ters, insbesondere sein Verhalten nach der Tat, spricht daf\u00fcr, dass er die Tat in seiner Gedankenwelt vorbereitet und verschiedene Abl\u00e4ufe durchdacht hat. Die Methode, mit einem Auto in eine Menschengruppe zu fahren, erinnert zwar an fr\u00fchere F\u00e4lle wie in M\u00fcnchen , doch hier scheint es sich um einen anderen T\u00e4tertyp zu handeln \u2013 offenbar jemanden mit starken psychischen Problemen. Das deutet auf eine mentale St\u00f6rung hin, weshalb die Tat auch anders zu bewerten ist.<br \/>\nF\u00fcr mich entsteht der Eindruck, dass die Vielzahl \u00e4hnlicher Taten in letzter Zeit in der \u00d6ffentlichkeit eine gro\u00dfe Wirkung gezeigt hat. Das kann auch Menschen mit psychischen St\u00f6rungen dazu anregen, \u00e4hnliche Taten zu begehen. Es kommt auf ihr Krankheitsbild an, doch sie haben m\u00f6glicherweise den Wunsch, Chaos zu stiften, Menschen zu t\u00f6ten, und bedienen sich dabei eines einfachen Mittels \u2013 in diesem Fall eines Fahrzeugs. Man k\u00f6nnte hier von einem Nachahmungseffekt sprechen.<br \/>\nIslamisten-Terror als Vorbild? \u201eSolche Taten k\u00f6nnen wie ein Samenkorn wirken\u201c<br \/>\nWas passiert im Kopf eines potenziellen Nachahmers?<br \/>\n&#8230;<br \/>\nDer Tatverd\u00e4chtige hat sich bei seiner Festnahme offenbar mit einer Schreckschusspistole in den Mund geschossen. Was sagt Ihnen das als Profiler?<br \/>\nAxel Petermann: Es k\u00f6nnte sich um einen Suizidversuch gehandelt haben, vor allem, da er offenbar lebensgef\u00e4hrlich verletzt wurde. Das k\u00f6nnte Teil seiner Tatplanung gewesen sein: Falls er gestellt w\u00fcrde, wollte er sein Leben beenden. Das genaue Vorgehen des T\u00e4ters erinnert mich an das suizidale Verhalten der Amoksch\u00fctzen an der Columbine High School 1999, die sich durch Sch\u00fcsse in den Mund t\u00f6teten. Ein sehr martialisches Ende, das m\u00f6glicherweise auch von Alexander S. gewollt war und auch effektiv h\u00e4tte sein k\u00f6nnen.<br \/>\n&#8230; Alles vom 5.3.2025 bitte lesen auf<br \/>\n<a href=\"https:\/\/www.focus.de\/panorama\/welt\/zwei-tote-in-mannheim-top-profiler-zu-mannheim-todesfahrt-kopierte-alexander-s-islamisten-terror_id_260754734.html\">https:\/\/www.focus.de\/panorama\/welt\/zwei-tote-in-mannheim-top-profiler-zu-mannheim-todesfahrt-kopierte-alexander-s-islamisten-terror_id_260754734.html<\/a><\/p>\n<p>&nbsp;<\/p>\n<p><strong>\u201eMuss sich was \u00e4ndern\u201c: Mutter des get\u00f6teten Polizisten Rouven Laur rechnet mit der Politik ab<\/strong><br \/>\nMannheim: Erstmals nach der Ermordung des Polizisten Rouven Laur wagt sich seine Familie in die \u00d6ffentlichkeit. Sie machen der Bundesregierung schwere Vorw\u00fcrfe. In Deutschland m\u00fcsse sich \u201ewas \u00e4ndern\u201c \u2013 auch in der Migrationspolitik.<br \/>\n&#8230; Alles vom 13.7.2024 bitte lesen auf<br \/>\n<a href=\"https:\/\/apollo-news.net\/muss-sich-was-aendern-mutter-des-getoeteten-polizisten-rouven-laur-rechnet-mit-der-politik-ab\/\">https:\/\/apollo-news.net\/muss-sich-was-aendern-mutter-des-getoeteten-polizisten-rouven-laur-rechnet-mit-der-politik-ab\/<\/a><br \/>\n.<br \/>\nEinige Kommentare:<br \/>\nAber genau so wird es kommen: Man wird es vergessen. Wenn man es \u00fcberhaupt mitgekriegt hat. Hier in meinem Umfeld redet niemand dar\u00fcber. Die Menschen sind teilweise abgestumpft, zum gro\u00dfen Teil aber auch zur\u00fcckgezogen. Sie wollen damit nicht konfrontiert werden. Gleichzeitig beschimpfen sie all jene, die sich dar\u00fcber aufregen, als Nazis. Es muss irgendeine Art interner \u201eSchutzmechanismus\u201c sein, der sie vor der Realit\u00e4t besch\u00fctzen soll. Dumm nur, dass die Realit\u00e4t irgendwann jeden einholt. Vermutlich ist es dann aber zu sp\u00e4t. D.L.<br \/>\n.<br \/>\nBewegend, und es f\u00e4llt schwer einen Kommentar zu schreiben. Doch, die gro\u00dfen Medien und die Verantwortlichen in Politik und Gesellschaft werden solange ignorieren, bis der Krug bricht und wir in franz\u00f6sische Verh\u00e4ltnisse abgleiten. Dann werden sie alle \u00fcberrascht tun und die Schuld \u00fcberall dort suchen, wo sie nicht liegt. Und dann ist es zu sp\u00e4t. Mein tiefstes Mitgef\u00fchl f\u00fcr die Angeh\u00f6rigen des get\u00f6teten Polizeibeamten und all die anderen Opfer, die es gab und die noch kommen werden. D.Sch.<br \/>\n.<br \/>\nSelbstverst\u00e4ndlich wird Rouven Laur in ein paar Monaten vergessen sein. Er passt nicht in das staatlich gew\u00fcnschte Narrativ, er GEF\u00c4HRDET es.<br \/>\nEs wird keinen Jahrestag geben, keine NGO (\u201eAntonio Amadeu\u201c) oder Stra\u00dfe nach ihm benannt werden. Die etablierte Politik und die Massenmedien werden seinen Namen und seinen Fall niemals mehr freiwillig zur Sprache bringen.<br \/>\nMehr noch: All die, die es anders halten, werden verleumdet und beschimpft werden, das Andenken an Rouven Laur \u201ef\u00fcr ihre Zwecke\u201c zu missbrauchen. Offiziell ist er ein bedauerlicher Einzelfall, eine unsch\u00f6ne Begleiterscheinung dessen, dass Deutschland mit seinen \u00fcberlegenen Moralvorstellungen der Welt zeigt, wo\u2019s langgeht. Er ist also laut Narrativ f\u00fcr die gute Sache gestorben und damit Schluss!!! P.M.<br \/>\nEnde Kommentare<\/p>\n<p>&nbsp;<\/p>\n<p><strong>Michael St\u00fcrzenberger, BPE, zu seinen Verletzungen &#8211; Stand Juli 2024<\/strong><br \/>\nWie die B\u00fcrgerbewegung BPE heute mitteilt, geht die Aufkl\u00e4rungsarbeit \u00fcber den koran-politischen Islam weiter. Leider ohne den in Mannheim schwerverletzten Michael St\u00fcrzenberger. Dieser war das eigentliche Ziel des Terrorangriffs des Strenggl\u00e4ubigen, nicht der t\u00f6dlich verletzte Polizist Rouven. Hier das Lebenszeichen von Michael, das heute herauskam, verbunden mit einem Statement:<br \/>\n\u201eNachdem jetzt immer wieder nachgefragt wurde &#8211; ich befinde mich weiterhin in intensiver \u00e4rztlicher Behandlung. Ich musste mich gerade einer weiteren OP in der Klinik unterziehen, da es Komplikationen im Knie gegeben hatte. Der Schleimbeutel hatte sich wegen des Einstichs entz\u00fcndet und das Knie war dick mit Fl\u00fcssigkeit geschwollen. Alles musste herausoperiert werden. Ich trage jetzt nach der OP eine Beinschiene, laufe mit Kr\u00fccken und muss das Bein, das drei tiefe Messerstiche abbekam, sechs Wochen lang schonen, viel hochlegen. Bin auf Reha mit Physiotherapie, Lymphdrainage, Krankengymnastik und werde sicher zwei Monate von der Bildfl\u00e4che verschwunden sein.<br \/>\nDann gibt es noch eine OP an einer Zahnwurzel, die durch das Kampfmesser durchtrennt wurde. Einige Gesichtsmuskeln sind durch die drei Stiche ins Gesicht noch taub, man hofft, dass die Nerven wieder zusammenwachsen.<\/p>\n<p>Ich m\u00f6chte an dieser Stelle ganz herzlich unseren mutigen Mitstreitern Moritz, unserem 1000er Konrad und Paul danken, die sich dem Afghanen couragiert in den Weg gestellt hatten und somit verhinderten, dass er zun\u00e4chst weiter auf mich einstechen konnte. Alle drei wurden auch schwer verletzt, befinden sich aber auf dem Wege der Besserung. Konrad hat es mit einem Stich in den Fu\u00df, bei dem Sehnen und Muskeln durchtrennt wurden, und einem Stich in den Oberk\u00f6rper ebenfalls besonders heftig erwischt. Er musste sich vier Operationen unterziehen und ist acht Wochen auf Reha.<br \/>\nAu\u00dferdem danke ich dem aram\u00e4ischen Christen aus dem Irak, der sich mutig auf den Afghanen warf und ihn dadurch einige Momente au\u00dfer Gefecht setzte. Bis ein anderer Passant, der auch helfen wollte, die Situation aber offensichtlich falsch einordnete und daher versehentlich auf den Christen einschlug. Dieser Christ war zu Beginn unseres Aufbaus in Mannheim schon zu mir gekommen und hatte sich f\u00fcr unsere Aufkl\u00e4rungsarbeit bedankt.<br \/>\nZudem ein ganz herzlicher Dank unserer Monika, die gleich zur Stelle war und mit meiner Wunden-Erstversorgung begann. Ohne sie w\u00e4re mein Blutverlust sicher h\u00f6her gewesen, denn es dauerte etwas, bis mir ein Polizist das Bein abband und eine Sanit\u00e4terin kam.<br \/>\nUnsere Gedanken sind auch bei der Familie von Rouven, der als erster Polizist eingriff und von dem Afghanen erstochen wurde. Es ist schrecklich, dass dieser junge, sympathische Polizist so j\u00e4h aus seinem Leben gerissen wurde.<br \/>\nBis heute ist mir unerkl\u00e4rlich, wie dieser afghanische Moslem Sulaiman Ataee einen solch fanatischen Vernichtungswillen gegen uns entwickeln konnte. Die Vernehmungen werden hoffentlich Aufschluss dar\u00fcber geben, was ihn antrieb. M\u00f6glicherweise ist er ja auch einer falschen, verlogenen und verleumderischen Hetzpropaganda aufgesessen.<br \/>\nDie BPE hat immer differenziert, faktisch begr\u00fcndet und sachlich den Politischen Islam kritisiert. Wir haben immer und immer wieder erkl\u00e4rt, dass wir nichts gegen friedliche, demokratisch gesonnene und modern eingestellte Moslems haben. Hierzu f\u00fchrten wir \u00fcber all die Jahre hunderte Diskussionen mit Moslems. Gegen einen rein spirituellen Islam, der nicht allen Menschen die Scharia \u00fcberst\u00fclpen will und keine weltliche Macht beansprucht, ist nichts einzuwenden.<br \/>\nDer Koran sollte historisch gelesen und nicht allumfassend als zeitlos g\u00fcltiges Befehlsbuch angesehen werden. Dahin m\u00fcssen wir kommen, und das d\u00fcrfte die gr\u00f6\u00dfte gesellschaftliche Herausforderung sein, der wir uns in den n\u00e4chsten Jahrzehnten zu stellen haben. Dies kann am Besten in Zusammenarbeit mit modern eingestellten Moslems und Islamverb\u00e4nden gelingen, die das Leben in einer demokratischen und freien Gesellschaft ebenso sch\u00e4tzen wie wir. Wenn sie es wirklich ernst meinen. Damit w\u00e4re dann eine wichtige Grundlage f\u00fcr eine friedliche und sichere Zukunft in einem freien und demokratischen Deutschland gelegt. Gelingt dies nicht, sieht es d\u00fcster aus.\u201c<br \/>\n12.7.2024, Michael St\u00fcrzenberger<\/p>\n<p>&nbsp;<\/p>\n<p>&nbsp;<\/p>\n<p><strong>Ahmad Mansour zum Messermord Mannheim: Islamismus untersch\u00e4tzt<\/strong><br \/>\nNach dem brutalen Angriff in Mannheim auf einen Islamkritiker und einen Polizisten steht der politische Islamismus wieder im Fokus. Hat Deutschland die Gefahr zu lange untersch\u00e4tzt?<br \/>\nIslamismus-Experte Ahmad Mansour sagt Ja. Und erkl\u00e4rt im Interview, welche grundfalschen Annahmen in der Diskussion kursieren. EIN INTERVIEW von Marie Illner<br \/>\nHerr Mansour, immer wieder ist vom politischen Islamismus die Rede. Was genau ist das?<br \/>\nAhmad Mansour: Der Verfassungsschutz beobachtet vor allem zwei gro\u00dfe Gruppen mit verfassungsfeindlichen Elementen: Zum einen all die Gruppierungen, die Gewalt bef\u00fcrworten oder sogar durchf\u00fchren \u2013 also zum Beispiel Jihadisten, Anh\u00e4nger des IS, Al-Shabaab, Teile der salafistischen Szene, Al-Qaida.<br \/>\nVon diesen Gruppen ist in den letzten Jahren eine gro\u00dfe Terrorgefahr ausgegangen und sie standen im Fokus der Berichterstattung. Die zweite Gruppe, die von Verfassungsschutz beobachtet wird, nennt sich legalistischer Islamismus. Was steckt dahinter?<br \/>\nEs handelt sich um eine Gruppe, die nach au\u00dfen harmlos auftritt, sich von Gewalt distanziert, aber in ihren Bestrebungen undemokratische und freiheitsfeindliche und verfassungsfeindliche Elemente hat. Sie versucht, mit demokratischen Mitteln undemokratische Elemente zu etablieren.<br \/>\nWer sind die Akteure dieser Gruppe und wie erkennt man sie? Das sind vor allem die Muslimbr\u00fcder, die zum Beispiel in \u00c4gypten, in Gaza, Tunesien, der T\u00fcrkei<br \/>\nund in vielen arabisch-muslimischen L\u00e4ndern versuchen, an die Macht zu kommen und dann ihre Autorit\u00e4t zu zementieren. Das konnte man auch im Iran mit der schiitischen Version dieses politischen Islams beobachten. Diese Ideologie erkennt man daran, dass sie den Islam politisiert und bei allen grunds\u00e4tzlichen gesellschaftlichen Fragen den Koran als den verpflichtenden Rahmen vorsieht und nicht die Menschenrechte oder den Willen der Bev\u00f6lkerung.<br \/>\n&#8222;Die Strategie ist, mit demokratischen Mitteln die Demokratie zu unterwandern.&#8220;<br \/>\n&#8230; Alles vom 22.6.2024 bitte lesen auf <a href=\"https:\/\/www.gmx.net\/magazine\/politik\/islamismus-experte-ahmad-mansour-spricht-politischen-islamismus-39771806\">https:\/\/www.gmx.net\/magazine\/politik\/islamismus-experte-ahmad-mansour-spricht-politischen-islamismus-39771806<\/a><br \/>\n.<br \/>\n<em>Ahmad Mansour ist Diplom-Psychologe und Experte f\u00fcr Extremismusbek\u00e4mpfung.<\/em><\/p>\n<p>&nbsp;<\/p>\n<p><strong>Mannheim: Sturm einer Intensivstation durch Messer-T\u00e4ter wurde zur\u00fcckgehalten<\/strong><br \/>\nDie Emp\u00f6rungs-Spirale bei Rassismus-Fakes und die Schweige-Spirale bei realen migrationsbedingten Verbrechen sind Ausdruck derselben Desorientierung. Erst Mitte Juni wurde bekannt, dass nur einen Tag vor dem islamistischen Polizistenmord von Mannheim eben dort eine weitere haarstr\u00e4ubende Gr\u00e4ueltat <a href=\"https:\/\/www.swr.de\/swraktuell\/baden-wuerttemberg\/mannheim\/messerangriff-vor-mannheimer-krankenhaus-ende-mai-100.html\">https:\/\/www.swr.de\/swraktuell\/baden-wuerttemberg\/mannheim\/messerangriff-vor-mannheimer-krankenhaus-ende-mai-100.html<\/a> von der Mannheimer Polizei verschwiegen wurde.<br \/>\nEin Mann war wegen Schnittverletzungen im Mannheimer Theresien-Krankenhaus behandelt worden. Als er das Krankenhaus verlie\u00df, wurde er von einer Gruppe von mit Messern Bewaffneten attackiert und durch einen Bauchstich lebensgef\u00e4hrlich verletzt. Doch damit nicht genug: Kaum war der Schwerverletzte notfallm\u00e4\u00dfig operiert und auf die Intensivstation verlegt worden, versuchten seine Peiniger, die Intensivstation zu st\u00fcrmen, was im letzten Moment nur noch durch eine Verriegelung der T\u00fcren verhindert werden konnte.<br \/>\nDieser in einzigartiger Weise verst\u00f6rende Tathergang, dessen Bekanntgabe mit Sicherheit in der ganzen Welt Aufsehen erregt und aufgrund ver\u00e4nderter Abl\u00e4ufe wom\u00f6glich am Folgetag den Mord am Polizisten Rouven L. verhindert h\u00e4tte, wurde von der Mannheimer Polizei schlichtweg unterdr\u00fcckt. Sp\u00e4testens damit ist Mannheim definitiv zum Symbol der gescheiterten linken Migrationspolitik geworden.<br \/>\nNoch einmal: In Grevesm\u00fchlen wird der zum Hindernis ausgestreckte Fu\u00df eines 11j\u00e4hrigen Kindes von der \u00f6rtlichen Polizei zu einem weltweit beachteten \u201erassistischen Fu\u00dftritt ins Gesicht eines 8j\u00e4hrigen M\u00e4dchens aus Ghana\u201c hochtrompetet, w\u00e4hrend in Mannheim der Messer-Terror einer einschl\u00e4gigen M\u00e4nner-Gruppe vor einem Klinikeingang sowie der unfassbare anschlie\u00dfende Versuch der Messer-T\u00e4ter, mit Gewalt zum Intensivbett des Notoperierten vorzudringen, schlichtweg unterschlagen wird.<br \/>\n&#8230; Alles vom 20.6.2024 bitte lesen auf<br \/>\n<a href=\"https:\/\/www.tichyseinblick.de\/gastbeitrag\/manuela-schwesig-muss-zuruecktreten\/\">https:\/\/www.tichyseinblick.de\/gastbeitrag\/manuela-schwesig-muss-zuruecktreten\/<\/a><br \/>\n.<br \/>\n.<\/p>\n<p><strong>Mannheim: die wichtigsten Stolperer<\/strong><br \/>\nDie wichtigsten Unstimmigkeiten aus dem bekannten Video des Messerattentats von Mannheim werfen eine Frage auf: War es ein Schauspiel?<br \/>\n&#8230; Alles vom 18.6.2024 bitte leen auf<br \/>\n<a href=\"https:\/\/hintermbusch.wordpress.com\/2024\/06\/18\/mannheim-die-besten-stolperer\/\">https:\/\/hintermbusch.wordpress.com\/2024\/06\/18\/mannheim-die-besten-stolperer\/<\/a><\/p>\n<p>&#8211; &#8212;<\/p>\n<p>&nbsp;<\/p>\n","protected":false},"excerpt":{"rendered":"<p>d Listenauswahl eines Beitrags: Bitte anklicken oder runterscrollen Islamisten-Terroropfer Michael St\u00fcrzenberger erh\u00e4lt Besch\u00e4ftigungsverbot im Bundestag (21.1.2026) Warum Rouven Laur starb &#8211; Ein Jahr nach dem t\u00f6dlichen Anschlag in Mannheim (12.6.2025) Spenden Messer-Opfer von MA (26.4.2025) Mannheim: Auto-Anschlag zu Fastnacht &#8211; &hellip; <a href=\"https:\/\/www.freiburg-schwarzwald.de\/blog\/global\/migration\/mannheim-messermord31mai2024\/\">Weiterlesen <span class=\"meta-nav\">&rarr;<\/span><\/a><\/p>\n","protected":false},"author":2,"featured_media":0,"parent":9150,"menu_order":0,"comment_status":"closed","ping_status":"closed","template":"","meta":{"footnotes":""},"class_list":["post-124571","page","type-page","status-publish","hentry"],"_links":{"self":[{"href":"https:\/\/www.freiburg-schwarzwald.de\/blog\/wp-json\/wp\/v2\/pages\/124571","targetHints":{"allow":["GET"]}}],"collection":[{"href":"https:\/\/www.freiburg-schwarzwald.de\/blog\/wp-json\/wp\/v2\/pages"}],"about":[{"href":"https:\/\/www.freiburg-schwarzwald.de\/blog\/wp-json\/wp\/v2\/types\/page"}],"author":[{"embeddable":true,"href":"https:\/\/www.freiburg-schwarzwald.de\/blog\/wp-json\/wp\/v2\/users\/2"}],"replies":[{"embeddable":true,"href":"https:\/\/www.freiburg-schwarzwald.de\/blog\/wp-json\/wp\/v2\/comments?post=124571"}],"version-history":[{"count":5,"href":"https:\/\/www.freiburg-schwarzwald.de\/blog\/wp-json\/wp\/v2\/pages\/124571\/revisions"}],"predecessor-version":[{"id":146416,"href":"https:\/\/www.freiburg-schwarzwald.de\/blog\/wp-json\/wp\/v2\/pages\/124571\/revisions\/146416"}],"up":[{"embeddable":true,"href":"https:\/\/www.freiburg-schwarzwald.de\/blog\/wp-json\/wp\/v2\/pages\/9150"}],"wp:attachment":[{"href":"https:\/\/www.freiburg-schwarzwald.de\/blog\/wp-json\/wp\/v2\/media?parent=124571"}],"curies":[{"name":"wp","href":"https:\/\/api.w.org\/{rel}","templated":true}]}}