{"id":124324,"date":"2024-06-13T21:16:58","date_gmt":"2024-06-13T19:16:58","guid":{"rendered":"https:\/\/www.freiburg-schwarzwald.de\/blog\/?page_id=124324"},"modified":"2024-09-05T20:43:00","modified_gmt":"2024-09-05T18:43:00","slug":"knife-jihad","status":"publish","type":"page","link":"https:\/\/www.freiburg-schwarzwald.de\/blog\/religion\/islam\/knife-jihad\/","title":{"rendered":"Knife-Jihad"},"content":{"rendered":"<p><a href=\"https:\/\/freiburg-schwarzwald.de\/blog\">Home<\/a>\u00a0&gt;<a title=\"Religion\" href=\"https:\/\/www.freiburg-schwarzwald.de\/blog\/religion\/\">Religion<\/a>\u00a0&gt;<a title=\"Islam\" href=\"https:\/\/www.freiburg-schwarzwald.de\/blog\/religion\/islam\/\">Islam<\/a>\u00a0&gt;<a href=\"https:\/\/www.freiburg-schwarzwald.de\/blog\/religion\/islam\/islamisierung\/\">Islamisierung<\/a>\u00a0&gt;<a href=\"https:\/\/www.freiburg-schwarzwald.de\/blog\/religion\/islam\/islamismus\/\">Islamismus<\/a> &gt;<a href=\"https:\/\/www.freiburg-schwarzwald.de\/blog\/selbsthilfe\/soziales\/justiz\/messerstecher\/\">Messerstecher<\/a> &gt;Knife-Jihad<\/p>\n<div id=\"attachment_124322\" style=\"width: 650px\" class=\"wp-caption alignnone\"><a href=\"https:\/\/www.freiburg-schwarzwald.de\/blog\/wp-content\/uploads\/2024\/05\/messer-mannheim-bpe-pan.jpg\"><img loading=\"lazy\" decoding=\"async\" aria-describedby=\"caption-attachment-124322\" class=\"size-full wp-image-124322\" src=\"https:\/\/www.freiburg-schwarzwald.de\/blog\/wp-content\/uploads\/2024\/05\/messer-mannheim-bpe-pan.jpg\" alt=\"\" width=\"640\" height=\"340\" srcset=\"https:\/\/www.freiburg-schwarzwald.de\/blog\/wp-content\/uploads\/2024\/05\/messer-mannheim-bpe-pan.jpg 640w, https:\/\/www.freiburg-schwarzwald.de\/blog\/wp-content\/uploads\/2024\/05\/messer-mannheim-bpe-pan-180x96.jpg 180w\" sizes=\"auto, (max-width: 640px) 100vw, 640px\" \/><\/a><p id=\"caption-attachment-124322\" class=\"wp-caption-text\"><a href=\"https:\/\/www.freiburg-schwarzwald.de\/blog\/polizistenmord-durch-islamist\/\">Polizistenm\u00f6rder<\/a> Suleiman Ataee beim \u00dcberfall auf den BPE-Infostand am 31.5.2024 in Mannheim<\/p><\/div>\n<ul>\n<li><a href=\"https:\/\/www.freiburg-schwarzwald.de\/blog\/selbsthilfe\/soziales\/justiz\/messerstecher\/\">Messerinzidenz.de \u2013 Messerverbrechen sichtbar machen<\/a>\u00a0(5.9.2024)<\/li>\n<li>Afghane mit Messerattacke bei EM-Feier in Magdeburg (15.6.2024)<\/li>\n<li><a href=\"https:\/\/www.freiburg-schwarzwald.de\/blog\/engagement\/zukunft\/demokratie\/toleranz\/\">EKD zu Mannheim: Toleranz und Respekt bei Messerattacken<\/a> (15.6.2024)<\/li>\n<li>Tag vor St\u00fcrzenberger-Attentat: Messerangriff in Mannheimer Krankenhaus, Intensivstation verbarrikadiert (15.6.2024)<\/li>\n<li>In Frankfurt auf der Fu\u00dfball-Meile: Afghane sticht Frau nieder. Einfach so (11.6.2024)<\/li>\n<\/ul>\n<p>&nbsp;<\/p>\n<p>\u201eStabbing Jihad\u201c oder \u201eKnife Jihad\u201c: In Israel seit Jahren bekannte Messerstecherei<br \/>\n===========================================================<\/p>\n<p><strong>Afghane mit Messerattacke bei EM-Feier in Magdeburg<\/strong><br \/>\nEin Toter, zwei Schwerverletzte und Angriff auf Polizisten<br \/>\nEin \u201es\u00fcdl\u00e4ndischer\u201c Mann sticht in Magdeburg auf einer EM-Party wahllos mit einem Messer um sich und verletzt drei G\u00e4ste, zwei davon schwer. Davor t\u00f6tete er bereits einen anderen Mann. Nach einem Angriff auf einen Polizisten wird er niedergeschossen.<br \/>\n&#8230; Alles vom 15.6.2024 bitte lesen auf<br \/>\n<a href=\"https:\/\/apollo-news.net\/wahllose-messerattacke-bei-em-feier-ein-toter-zwei-schwerverletzte-und-angriff-auf-polizisten\/\">https:\/\/apollo-news.net\/wahllose-messerattacke-bei-em-feier-ein-toter-zwei-schwerverletzte-und-angriff-auf-polizisten\/<\/a><\/p>\n<p>&nbsp;<\/p>\n<p><strong>Tag vor St\u00fcrzenberger-Attentat: Messerangriff in Mannheimer Krankenhaus, Intensivstation verbarrikadiert<\/strong><br \/>\nNur einen Tag vor dem Anschlag auf St\u00fcrzenberger, gab es einen weiteren Messerangriff, diesmal in einem Mannheimer Krankenhaus, wie jetzt herauskam. Das Opfer und Krankenhaus-Personal verbarrikadierten sich in der Intensivstation, die Hintergr\u00fcnde sind unklar.<br \/>\n&#8230; Alles vom 15.6.2024 bitte lesen au<br \/>\n<a href=\"https:\/\/apollo-news.net\/tag-vor-stuerzenberger-attentat-messerangriff-in-mannheimer-krankenhaus-intensivstation-verbarrikadiert\/\">https:\/\/apollo-news.net\/tag-vor-stuerzenberger-attentat-messerangriff-in-mannheimer-krankenhaus-intensivstation-verbarrikadiert\/<\/a><\/p>\n<p>&nbsp;<\/p>\n<p><strong>In Frankfurt auf der Fu\u00dfball-Meile: Afghane sticht Frau nieder. Einfach so<\/strong><br \/>\nDas Frankfurter Mainufer ist die gr\u00fcne Lunge der Stadt. Derzeit wird dort Public Viewing f\u00fcr die Europameisterschaft aufgebaut. Dort verletzt ein Afghane eine Frau mit einem Messer schwer &#8211; einfach so. Sie sa\u00df nur auf der Parkbank.<br \/>\n&#8230;<br \/>\nIn Israel ist das Ph\u00e4nomen seit Jahren als \u201eStabbing Jihad\u201c oder \u201eKnife Jihad\u201c bekannt. In Deutschland gilt es als Einzelfall.<br \/>\nDas <a href=\"https:\/\/www.freiburg-schwarzwald.de\/blog\/sport\/sportlern\/fussball\/fussball-em2024\/\">Fu\u00dfball-Fest<\/a> am Main ist damit \u00fcberschattet. Das Mainufer wurde zum Mordufer.<br \/>\n&#8230; Alles vom 11.6.2024 bitte lesen auf<br \/>\n<a href=\"https:\/\/www.tichyseinblick.de\/daili-es-sentials\/frankfurt-afghane-angriff-frau-stichwaffe\">https:\/\/www.tichyseinblick.de\/daili-es-sentials\/frankfurt-afghane-angriff-frau-stichwaffe<\/a>\/<\/p>\n<p>Einige Kommentare:<br \/>\nGanz Schrecklich, was ich da soeben lesen musste! Diese bedauernswerte Frau wird Ihres Lebens nicht mehr froh werden k\u00f6nnen! Selbst habe ich drei \u00dcbergriffe erlebt, zweimal durch Schwarzafrikaner, die mich sehr bedrohlich wirkend \u00fcber einen l\u00e4ngeren Zeitraum anl\u00e4sslich eines Spaziergangs in der Natur verfolgten, mir gro\u00dfe Angst machten. Und bereichernde, deutlich erwachsene (zwischen 40-50 Jahre alt) Araber blieben mir auch nicht erspart. Jedesmal hatte ich das Gl\u00fcck, anderen, erkennbar deutschen M\u00e4nnern zu begegnen, die mich bis zu meinem Auto begleiteten. Anzeigen bringt nichts, das wei\u00df ich als ehemalige Sch\u00f6ffin nur zu gut. Der unbekannten, jetzt mit Gewissheit schwer traumatisierten Frau von ganzem Herzen gute Besserung und m\u00f6glichst vollst\u00e4ndige Genesung. Es ist einfach nur noch erschreckend und absto\u00dfend, wie rasch sich unser sch\u00f6nes Heimatland negativ ver\u00e4ndert! C.D.<br \/>\n.<br \/>\nMan kann sich aufgrund linksrotgr\u00fcnen Einwanderungspolitik \u201eRefugees welcome!\u201c in diesem Land nirgends mehr sicher f\u00fchlen. Nicht auf Marktpl\u00e4tzen, Stra\u00dfen und Bahnh\u00f6fen, nicht in den Z\u00fcgen und nicht auf Festen, nicht mal in den eigenen W\u00e4nden ist man wegen dieser f\u00fcr uns alle gef\u00e4hrlichen linksextremen Politik mehr sicher. Nicht mal auf eine Parkbank kann man sich mehr setzen und sich ausruhen oder den Tag zu genie\u00dfen ohne hinterr\u00fccks mit einem Messer angegriffen und schwer verletzt zu werden. Die linke Politik hat restlos versagt, kann oder will uns nicht mehr sch\u00fctzen und hat komplett die Kontrolle verloren. Wer seine eigene und Sicherheit f\u00fcr andere will, w\u00e4hlt keine Altparteien. N.M.<br \/>\n.<br \/>\nNur mal kurz vorstellen was politisch-medial passieren w\u00fcrde, wenn ein Deutscher eine ausl\u00e4ndische Frau, von hinten mit einem Teppichmesser attackieren w\u00fcrde. Ich bin dieser Ungleichbehandlung je nach politischer N\u00fctzlichkeit, dieser fehlenden Prinzipien, \u00fcberdr\u00fcssig. med<br \/>\n.<br \/>\nEs steht zu bef\u00fcrchten, dass es eine sehr unangenehme EM werden wird. Das hier wird nicht der letzte Zwischenfall bleiben. F\u00fcr Radikale ist eine EM ein Volksfest. Unsere links\/gr\u00fcnen Politiker m\u00f6chten sich durch die EM in das helle Licht stellen. Seht her, Deutschland ist toll, sicher und gut. Es wird kein Sommerm\u00e4rchen geben. Neben Gewalt, radikalen Demos und Stress an vielen Ecken werden unsere EM-G\u00e4ste auch ein dysfunktionales Deutschland erleben. Eines, dass unser Ampel schon l\u00e4ngst nicht mehr sehen will und somit einfach wegschaut. Nicht funktionierender \u00d6PNV, eine dysfunktionale Infrastruktur im Bereich Stra\u00dfen (Stau und nochmals Stau), Migranten\/Bettler und gefallene Existenzen an alle Ecken, Kiffer und Drogenh\u00e4ndler, sexuelle Bel\u00e4stigung u.s.w. Die Ampel nimmt nat\u00fcrlich viel Geld in die Hand (was sie gar nicht mehr zur Verf\u00fcgung hat) um noch den Anschein eines funktionierenden Landes zu zeigen. Damit wird einiges \u00fcberdeckt werden k\u00f6nnen, was nach der EM wieder aus der Versenkung verschwindet. Wenn die eigene Bev\u00f6lkerung darunter leidet ist das kein Problem. Hauptsache man geriert sich als guter Gastgeber in einer \u201eScheinwelt\u201c, die es so schon l\u00e4ngst nicht mehr gibt. Del<br \/>\n.<br \/>\nAlso wenn selbst die Bildzeitung und Tagesschau online \u00fcber diesen Mordanschlag nicht bundesweit berichten, dann k\u00f6nnen wir sicher sein, dass es sich lediglich um einen \u201etragischen Einzelfall\u201c von regionaler Bedeutung handelt. \u201eBitte gehen\/w\u00e4hlen sie weiter, hier gibt es nichts zu sehen\u201c Sch<br \/>\n.<br \/>\nLiebe Tichys, bitte reden wenigstens Sie Klartext: Wenn er sein Messer gegen Hals und Kopf f\u00fchrte, dann in der Absicht, die Frau zu t\u00f6ten. Ziel seines Angriffs waren dann n\u00e4mlich die t\u00f6dlichen Stellen wie Halsarterien, Luftr\u00f6hre und verl\u00e4ngertes R\u00fcckenmark. Wer so vorgeht, wei\u00df ganz genau, was er tut und wenn das Opfer \u00fcberlebt, dann nur mit viel Gl\u00fcck, weil der T\u00e4ter aus welchem Grund auch immer die anvisierten Stellen um wenige Zentimeter verfehlt hat. So war es auch bei St\u00fcrzenberger. Deu<br \/>\nEnde Kommentare<\/p>\n","protected":false},"excerpt":{"rendered":"<p>Home\u00a0&gt;Religion\u00a0&gt;Islam\u00a0&gt;Islamisierung\u00a0&gt;Islamismus &gt;Messerstecher &gt;Knife-Jihad Messerinzidenz.de \u2013 Messerverbrechen sichtbar machen\u00a0(5.9.2024) Afghane mit Messerattacke bei EM-Feier in Magdeburg (15.6.2024) EKD zu Mannheim: Toleranz und Respekt bei Messerattacken (15.6.2024) Tag vor St\u00fcrzenberger-Attentat: Messerangriff in Mannheimer Krankenhaus, Intensivstation verbarrikadiert (15.6.2024) In Frankfurt auf der Fu\u00dfball-Meile: &hellip; <a href=\"https:\/\/www.freiburg-schwarzwald.de\/blog\/religion\/islam\/knife-jihad\/\">Weiterlesen <span class=\"meta-nav\">&rarr;<\/span><\/a><\/p>\n","protected":false},"author":2,"featured_media":0,"parent":12111,"menu_order":0,"comment_status":"closed","ping_status":"closed","template":"","meta":{"footnotes":""},"class_list":["post-124324","page","type-page","status-publish","hentry"],"_links":{"self":[{"href":"https:\/\/www.freiburg-schwarzwald.de\/blog\/wp-json\/wp\/v2\/pages\/124324","targetHints":{"allow":["GET"]}}],"collection":[{"href":"https:\/\/www.freiburg-schwarzwald.de\/blog\/wp-json\/wp\/v2\/pages"}],"about":[{"href":"https:\/\/www.freiburg-schwarzwald.de\/blog\/wp-json\/wp\/v2\/types\/page"}],"author":[{"embeddable":true,"href":"https:\/\/www.freiburg-schwarzwald.de\/blog\/wp-json\/wp\/v2\/users\/2"}],"replies":[{"embeddable":true,"href":"https:\/\/www.freiburg-schwarzwald.de\/blog\/wp-json\/wp\/v2\/comments?post=124324"}],"version-history":[{"count":5,"href":"https:\/\/www.freiburg-schwarzwald.de\/blog\/wp-json\/wp\/v2\/pages\/124324\/revisions"}],"predecessor-version":[{"id":126731,"href":"https:\/\/www.freiburg-schwarzwald.de\/blog\/wp-json\/wp\/v2\/pages\/124324\/revisions\/126731"}],"up":[{"embeddable":true,"href":"https:\/\/www.freiburg-schwarzwald.de\/blog\/wp-json\/wp\/v2\/pages\/12111"}],"wp:attachment":[{"href":"https:\/\/www.freiburg-schwarzwald.de\/blog\/wp-json\/wp\/v2\/media?parent=124324"}],"curies":[{"name":"wp","href":"https:\/\/api.w.org\/{rel}","templated":true}]}}