{"id":12335,"date":"2012-10-05T19:34:57","date_gmt":"2012-10-05T17:34:57","guid":{"rendered":"https:\/\/www.freiburg-schwarzwald.de\/blog\/?page_id=12335"},"modified":"2015-12-09T18:58:01","modified_gmt":"2015-12-09T17:58:01","slug":"weihnachtsmarkt-littenweiler","status":"publish","type":"page","link":"https:\/\/www.freiburg-schwarzwald.de\/blog\/business\/markt\/weihnachtsmarkt\/weihnachtsmarkt-littenweiler\/","title":{"rendered":"Weihnachtsmarkt-Littenweiler"},"content":{"rendered":"<p>Home &gt;<a title=\"Business\" href=\"https:\/\/www.freiburg-schwarzwald.de\/blog\/business\/\">Business<\/a> &gt;<a title=\"Markt\" href=\"https:\/\/www.freiburg-schwarzwald.de\/blog\/business\/markt\/\">Markt<\/a> &gt;<a title=\"Buergerbeteiligung\" href=\"https:\/\/www.freiburg-schwarzwald.de\/blog\/engagement\/buergerbeteiligung\/\">Engagement<\/a> &gt;<a title=\"Weihnachtsmarkt\" href=\"https:\/\/www.freiburg-schwarzwald.de\/blog\/business\/markt\/weihnachtsmarkt\/\">Weihnachtsmarkt<\/a> &gt;Weihnachtsmarkt-Littenweiler<\/p>\n<div id=\"attachment_17459\" style=\"width: 646px\" class=\"wp-caption alignnone\"><a href=\"https:\/\/www.freiburg-schwarzwald.de\/blog\/business\/markt\/weihnachtsmarkt\/weihnachtsmarkt-littenweiler\/markt38schweine-pan121209\/\" rel=\"attachment wp-att-17459\"><img loading=\"lazy\" decoding=\"async\" aria-describedby=\"caption-attachment-17459\" class=\"size-full wp-image-17459\" title=\"markt38schweine-pan121209\" src=\"https:\/\/www.freiburg-schwarzwald.de\/blog\/wp-content\/uploads\/2012\/10\/markt38schweine-pan121209.jpg\" alt=\"\" width=\"636\" height=\"251\" srcset=\"https:\/\/www.freiburg-schwarzwald.de\/blog\/wp-content\/uploads\/2012\/10\/markt38schweine-pan121209.jpg 636w, https:\/\/www.freiburg-schwarzwald.de\/blog\/wp-content\/uploads\/2012\/10\/markt38schweine-pan121209-180x71.jpg 180w\" sizes=\"auto, (max-width: 636px) 100vw, 636px\" \/><\/a><p id=\"caption-attachment-17459\" class=\"wp-caption-text\">F\u00fcnf Gl\u00fccks-Schweine auf dem Littenweiler Weihnachtsmarkt am 9.12.2012<\/p><\/div>\n<ul>\n<li><a href=\"https:\/\/www.freiburg-schwarzwald.de\/blog\/weihnachtsmarkt-in-littenweiler\/\">https:\/\/www.freiburg-schwarzwald.de\/blog\/weihnachtsmarkt-in-littenweiler\/<\/a> (8.12.2014)<\/li>\n<li><a href=\"https:\/\/www.freiburg-schwarzwald.de\/blog\/weihnachtsmarkt-fr-littenweiler\/\">https:\/\/www.freiburg-schwarzwald.de\/blog\/weihnachtsmarkt-fr-littenweiler\/<\/a>\u00a0(21.11.2013)<\/li>\n<li><a href=\"https:\/\/www.freiburg-schwarzwald.de\/blog\/weihnachtsmarkt-littenweiler\/\">https:\/\/www.freiburg-schwarzwald.de\/blog\/weihnachtsmarkt-littenweiler\/<\/a>\u00a0(5.12.2012)<\/li>\n<li>Weihnachtsmarkt\u00a02. Advent am 9.12.2012, 11 bis 18 Uhr<\/li>\n<li><a href=\"https:\/\/www.frsw.de\/littenweiler\/littenweiler12.htm#Weihnachtsmarkt in Littenweiler am 2. Adventssonntag 4.12. 2011\">Weihnachtsmarkt in Littenweiler am 2. Adventssonntag 4.12. 2011<\/a> &gt;Littenweiler12 (30.11.11)<\/li>\n<li><a href=\"https:\/\/www.frsw.de\/littenweiler\/littenweiler11.htm#Weihnachtsmarkt am 2. Advent auf Dorfplatz und im B\u00fcrgersaal\">Littenweiler Weihnachtsmarkt &#8211; ganz beschaulich<\/a> &gt;Littenweiler11 (6.12.2010)<\/li>\n<li><a href=\"https:\/\/www.frsw.de\/littenweiler\/littenweiler11.htm#Weihnachtsmarkt am 2.Advent 6.12.2009\">Weihnachtsmarkt am 2.Advent 6.12.2009<\/a> &gt;Littenweiler11 (7.12.2009)<\/li>\n<\/ul>\n<p>&nbsp;<\/p>\n<p><strong>Weihnachtsmarkt am 2. Advent 8.12.2013<br \/>\n<\/strong><br \/>\nZwischen 10 Uhr und 18 Uhr im B\u00fcrgersaal und davor (Dorfplatz, Ebneter Strasse)<\/p>\n<p><a href=\"https:\/\/www.freiburg-schwarzwald.de\/blog\/business\/markt\/weihnachtsmarkt\/weihnachtsmarkt-littenweiler\/weihnachtsmarkt1kirche131208\/\" rel=\"attachment wp-att-42083\"><img loading=\"lazy\" decoding=\"async\" class=\"alignnone size-thumbnail wp-image-42083\" title=\"weihnachtsmarkt1kirche131208\" src=\"https:\/\/www.freiburg-schwarzwald.de\/blog\/wp-content\/uploads\/2012\/10\/weihnachtsmarkt1kirche131208-180x135.jpg\" alt=\"\" width=\"180\" height=\"135\" srcset=\"https:\/\/www.freiburg-schwarzwald.de\/blog\/wp-content\/uploads\/2012\/10\/weihnachtsmarkt1kirche131208-180x135.jpg 180w, https:\/\/www.freiburg-schwarzwald.de\/blog\/wp-content\/uploads\/2012\/10\/weihnachtsmarkt1kirche131208.jpg 640w\" sizes=\"auto, (max-width: 180px) 100vw, 180px\" \/><\/a>\u00a0\u00a0\u00a0\u00a0\u00a0\u00a0\u00a0\u00a0\u00a0 <a href=\"https:\/\/www.freiburg-schwarzwald.de\/blog\/business\/markt\/weihnachtsmarkt\/weihnachtsmarkt-littenweiler\/weihnachtsmarkt2strohschuhe131208\/\" rel=\"attachment wp-att-42084\"><img loading=\"lazy\" decoding=\"async\" title=\"weihnachtsmarkt2strohschuhe131208\" src=\"https:\/\/www.freiburg-schwarzwald.de\/blog\/wp-content\/uploads\/2012\/10\/weihnachtsmarkt2strohschuhe131208-135x180.jpg\" alt=\"\" width=\"135\" height=\"180\" \/><\/a>\u00a0\u00a0\u00a0\u00a0\u00a0\u00a0\u00a0\u00a0\u00a0\u00a0\u00a0\u00a0\u00a0\u00a0\u00a0\u00a0\u00a0\u00a0\u00a0 <a href=\"https:\/\/www.freiburg-schwarzwald.de\/blog\/business\/markt\/weihnachtsmarkt\/weihnachtsmarkt-littenweiler\/weihnachtsmarkt3kunzenhof131208\/\" rel=\"attachment wp-att-42085\"><img loading=\"lazy\" decoding=\"async\" class=\"alignnone size-thumbnail wp-image-42085\" title=\"weihnachtsmarkt3kunzenhof131208\" src=\"https:\/\/www.freiburg-schwarzwald.de\/blog\/wp-content\/uploads\/2012\/10\/weihnachtsmarkt3kunzenhof131208-180x135.jpg\" alt=\"\" width=\"180\" height=\"135\" srcset=\"https:\/\/www.freiburg-schwarzwald.de\/blog\/wp-content\/uploads\/2012\/10\/weihnachtsmarkt3kunzenhof131208-180x135.jpg 180w, https:\/\/www.freiburg-schwarzwald.de\/blog\/wp-content\/uploads\/2012\/10\/weihnachtsmarkt3kunzenhof131208.jpg 640w\" sizes=\"auto, (max-width: 180px) 100vw, 180px\" \/><\/a><br \/>\n(1) Weihnachtsmarkt 8.12.2013\u00a0\u00a0\u00a0\u00a0\u00a0\u00a0\u00a0\u00a0\u00a0\u00a0\u00a0\u00a0 (2) Strohschuhe\u00a0\u00a0\u00a0\u00a0\u00a0\u00a0\u00a0\u00a0\u00a0\u00a0\u00a0\u00a0\u00a0\u00a0\u00a0\u00a0\u00a0\u00a0\u00a0\u00a0\u00a0\u00a0\u00a0\u00a0\u00a0\u00a0\u00a0\u00a0\u00a0\u00a0\u00a0\u00a0\u00a0\u00a0\u00a0\u00a0 (3) Schafe vom Kunzenhof<\/p>\n<p><a href=\"https:\/\/www.freiburg-schwarzwald.de\/blog\/business\/markt\/weihnachtsmarkt\/weihnachtsmarkt-littenweiler\/weihnachtsmarkt4liederkranz131208\/\" rel=\"attachment wp-att-42086\"><img loading=\"lazy\" decoding=\"async\" class=\"alignnone size-thumbnail wp-image-42086\" title=\"weihnachtsmarkt4liederkranz131208\" src=\"https:\/\/www.freiburg-schwarzwald.de\/blog\/wp-content\/uploads\/2012\/10\/weihnachtsmarkt4liederkranz131208-180x142.jpg\" alt=\"\" width=\"180\" height=\"142\" srcset=\"https:\/\/www.freiburg-schwarzwald.de\/blog\/wp-content\/uploads\/2012\/10\/weihnachtsmarkt4liederkranz131208-180x142.jpg 180w, https:\/\/www.freiburg-schwarzwald.de\/blog\/wp-content\/uploads\/2012\/10\/weihnachtsmarkt4liederkranz131208.jpg 640w\" sizes=\"auto, (max-width: 180px) 100vw, 180px\" \/><\/a>\u00a0\u00a0\u00a0\u00a0\u00a0\u00a0\u00a0\u00a0\u00a0 <a href=\"https:\/\/www.freiburg-schwarzwald.de\/blog\/business\/markt\/weihnachtsmarkt\/weihnachtsmarkt-littenweiler\/weihnachtsmarkt5buergerverein131208\/\" rel=\"attachment wp-att-42087\"><img loading=\"lazy\" decoding=\"async\" class=\"alignnone size-thumbnail wp-image-42087\" title=\"weihnachtsmarkt5buergerverein131208\" src=\"https:\/\/www.freiburg-schwarzwald.de\/blog\/wp-content\/uploads\/2012\/10\/weihnachtsmarkt5buergerverein131208-180x141.jpg\" alt=\"\" width=\"180\" height=\"141\" srcset=\"https:\/\/www.freiburg-schwarzwald.de\/blog\/wp-content\/uploads\/2012\/10\/weihnachtsmarkt5buergerverein131208-180x141.jpg 180w, https:\/\/www.freiburg-schwarzwald.de\/blog\/wp-content\/uploads\/2012\/10\/weihnachtsmarkt5buergerverein131208.jpg 638w\" sizes=\"auto, (max-width: 180px) 100vw, 180px\" \/><\/a>\u00a0 \u00a0 \u00a0 \u00a0 \u00a0\u00a0<a href=\"https:\/\/www.freiburg-schwarzwald.de\/blog\/business\/markt\/weihnachtsmarkt\/weihnachtsmarkt-littenweiler\/littenweiler-weihnacht151206\/\" rel=\"attachment wp-att-57894\"><img loading=\"lazy\" decoding=\"async\" class=\"alignnone size-thumbnail wp-image-57894\" src=\"https:\/\/www.freiburg-schwarzwald.de\/blog\/wp-content\/uploads\/2012\/10\/littenweiler-weihnacht151206-180x135.jpg\" alt=\"littenweiler-weihnacht151206\" width=\"180\" height=\"135\" srcset=\"https:\/\/www.freiburg-schwarzwald.de\/blog\/wp-content\/uploads\/2012\/10\/littenweiler-weihnacht151206-180x135.jpg 180w, https:\/\/www.freiburg-schwarzwald.de\/blog\/wp-content\/uploads\/2012\/10\/littenweiler-weihnacht151206.jpg 640w\" sizes=\"auto, (max-width: 180px) 100vw, 180px\" \/><\/a><br \/>\n(4) Liederkranz &#8211; Fam. Herdt\u00a0\u00a0\u00a0\u00a0\u00a0\u00a0\u00a0\u00a0\u00a0\u00a0\u00a0\u00a0\u00a0\u00a0\u00a0\u00a0\u00a0\u00a0 (5) B\u00fcrgervereinsvors. Zeiser 3.v.l. \u00a0 \u00a0 \u00a0 \u00a0(6) Weihnachtsmarkt 6.12.15 &#8211; 16 Grad<\/p>\n<p>&nbsp;<\/p>\n<p>&nbsp;<\/p>\n<p><strong>Weihnachtsmarkt am 2. Advent 9.12.2012 von 11 bis 18 Uhr &#8211; Dorfplatz, B\u00fcrgersaal, Ebneter Strasse<\/strong><\/p>\n<p>Traditionell am 2. Advent findet auch 2012 in <a title=\"Littenweiler\" href=\"https:\/\/www.freiburg-schwarzwald.de\/blog\/regio\/freiburg\/littenweiler\/\">Littenweiler<\/a>\u00a0der beliebte Weihnachtsmarkt statt &#8211; zwischen 11 Uhr und 18 Uhr\u00a0im B\u00fcrgersaal, auf dem Dorfplatz und entlang der Ebneter Stra\u00dfe.\u00a0Die Organisation liegt wieder in H\u00e4nden von Christof Gerlitz, Beisitzer im B\u00fcrgerverein.\u00a0\u00a0Wie in jedem Jahr beteiligen sich auch wieder der Musikverein, der Gesangverein,\u00a0Jugendgruppen und der F\u00f6rderverein der Reinhold-Schneider-Schule. Dazwischen sind die St\u00e4nde der privaten Anbieter aufgebaut\u00a0\u2013 ausschlie\u00dflich\u00a0Amateure, das ist in Littenweiler seit vielen Jahren die Regel: Handgemachter Weihnachtsschmuck, Buchbindearbeiten, Schmuck, Puppenkleider, Strohschuhe und Strickwaren, selbst gemachte Marmelade und andere K\u00f6stlichkeiten, Keramik, Tiffany, Holzarbeiten und vieles mehr. Reichliche Bewirtung.<br \/>\nMan erreicht den Weihnachtsmarkt von der Stadt aus mit der Linie 1 der Stra\u00dfenbahn, mit dem Zug (Bahnhof Littenweiler) oder mit dem Auto. Parken Sie stressfrei auf dem Platz gegen\u00fcber vom Bahnhof. Der Weihnachtsmarkt ist von 11.00 \u2013 18.00 Uhr ge\u00f6ffnet.<br \/>\nInfos, Anmeldung:\u00a0<a href=\"mailto:christof.gerlitz@swr.de\">christof.gerlitz@swr.de<\/a><\/p>\n<p>&nbsp;<\/p>\n<p><strong>Weihnachtsmarkt 2012 &#8211; fast wie bei einer gro\u00dfen Familie<\/strong><\/p>\n<p>Schnee, winterliche K\u00e4lte (drau\u00dfen), Wind, viele Besucher zwischen 11 und 18 Uhr, gute Laune, Kaffee und Kuchen, Nikolaus mit gro\u00dfem Sack, W\u00fcrstchen mit Senf, gem\u00fctlich,\u00a0Leckeres und Selbstgemachtes, Gl\u00fchwein, Lichterbaum, Musik von der Empore,\u00a0fleissige HelferInnen,\u00a0man kennt sich oder lernt sich kennen, famili\u00e4re Atmosph\u00e4re &#8211; es gab alles, was ein Weihnachtsmarkt braucht.<br \/>\n<em>Originelles<\/em> von Herrn Meier: Der Meisenkn\u00f6del wird mit einem eisernen Spie\u00df im ausges\u00e4gten Loch eines h\u00f6lzernen Vogels aufgespie\u00dft (Bild 13), um ihn dann dreu\u00dfen aufzuh\u00e4ngen (Haken mit 6er D\u00fcbel incl).<br \/>\n<em>Preiswertes<\/em>: 20 Stunden braucht es, bis Herr Gromer ein Paar Strohschuhe (im Schwarzwald auch\u00a0Finken genannt)\u00a0hergestellt hat (Bild 18). Und das bei einem Preis von\u00a0&#8222;Schuhgr\u00f6\u00dfe minus 10 Euro&#8220;.\u00a0F\u00fcr die von mir gekauften Finken ergibt das einen Stundenlohn von nur 1,60 Euro (meine Schuhgr\u00f6\u00dfe also ??).\u00a0Da Roggenstroh in den ben\u00f6tigten L\u00e4ngen kaum mehr verf\u00fcgbar ist, verwendet Wolfgang Gromer ein anderes Naturprodukt &#8211; Sisal.<br \/>\n<em>Kinderfreundliches:<\/em> Auf einem gef\u00fchrten Esel reiten (in warme Decken eingeh\u00fcllt), Ziegen f\u00fcttern und streicheln, ein Schaf an der Leine ausf\u00fchren,<\/p>\n<p><a href=\"https:\/\/www.freiburg-schwarzwald.de\/blog\/business\/markt\/weihnachtsmarkt\/weihnachtsmarkt-littenweiler\/weihnachtsmarkt2-101205\/\" rel=\"attachment wp-att-12348\"><img loading=\"lazy\" decoding=\"async\" class=\"alignnone size-thumbnail wp-image-12348\" title=\"weihnachtsmarkt2-101205\" src=\"https:\/\/www.freiburg-schwarzwald.de\/blog\/wp-content\/uploads\/2012\/10\/weihnachtsmarkt2-101205-180x135.jpg\" alt=\"\" width=\"180\" height=\"135\" srcset=\"https:\/\/www.freiburg-schwarzwald.de\/blog\/wp-content\/uploads\/2012\/10\/weihnachtsmarkt2-101205-180x135.jpg 180w, https:\/\/www.freiburg-schwarzwald.de\/blog\/wp-content\/uploads\/2012\/10\/weihnachtsmarkt2-101205.jpg 640w\" sizes=\"auto, (max-width: 180px) 100vw, 180px\" \/><\/a>\u00a0\u00a0\u00a0\u00a0\u00a0\u00a0\u00a0 \u00a0\u00a0 <a href=\"https:\/\/www.freiburg-schwarzwald.de\/blog\/business\/markt\/weihnachtsmarkt\/weihnachtsmarkt-littenweiler\/markt0ziegen121209dez\/\" rel=\"attachment wp-att-17390\"><img loading=\"lazy\" decoding=\"async\" class=\"alignnone size-thumbnail wp-image-17390\" title=\"markt0ziegen121209dez\" src=\"https:\/\/www.freiburg-schwarzwald.de\/blog\/wp-content\/uploads\/2012\/10\/markt0ziegen121209dez-135x180.jpg\" alt=\"\" width=\"135\" height=\"180\" srcset=\"https:\/\/www.freiburg-schwarzwald.de\/blog\/wp-content\/uploads\/2012\/10\/markt0ziegen121209dez-135x180.jpg 135w, https:\/\/www.freiburg-schwarzwald.de\/blog\/wp-content\/uploads\/2012\/10\/markt0ziegen121209dez.jpg 480w\" sizes=\"auto, (max-width: 135px) 100vw, 135px\" \/><\/a>\u00a0\u00a0\u00a0\u00a0\u00a0\u00a0\u00a0\u00a0\u00a0\u00a0\u00a0 \u00a0\u00a0\u00a0\u00a0 <a href=\"https:\/\/www.freiburg-schwarzwald.de\/blog\/business\/markt\/weihnachtsmarkt\/weihnachtsmarkt-littenweiler\/markt1buergersaal121209dez\/\" rel=\"attachment wp-att-17391\"><img loading=\"lazy\" decoding=\"async\" title=\"markt1buergersaal121209dez\" src=\"https:\/\/www.freiburg-schwarzwald.de\/blog\/wp-content\/uploads\/2012\/10\/markt1buergersaal121209dez-180x135.jpg\" alt=\"\" width=\"180\" height=\"135\" \/><\/a><br \/>\n(1)\u00a0\u00a0\u00a0\u00a0\u00a0\u00a0\u00a0\u00a0\u00a0\u00a0\u00a05.12.20120\u00a0\u00a0\u00a0\u00a0\u00a0\u00a0\u00a0\u00a0\u00a0\u00a0\u00a0\u00a0\u00a0\u00a0\u00a0\u00a0\u00a0\u00a0\u00a0\u00a0\u00a0\u00a0\u00a0\u00a0\u00a0\u00a0\u00a0\u00a0 (2) 8.12.2012\u00a0\u00a0vor dem B\u00fcrgersaal\u00a0\u00a0\u00a0\u00a0 (3) 8.12.2012 im B\u00fcrgersaal<\/p>\n<p><a href=\"https:\/\/www.freiburg-schwarzwald.de\/blog\/business\/markt\/weihnachtsmarkt\/weihnachtsmarkt-littenweiler\/markt3buergersaal121209dez\/\" rel=\"attachment wp-att-17394\"><img loading=\"lazy\" decoding=\"async\" class=\"alignnone size-thumbnail wp-image-17394\" title=\"markt3buergersaal121209dez\" src=\"https:\/\/www.freiburg-schwarzwald.de\/blog\/wp-content\/uploads\/2012\/10\/markt3buergersaal121209dez-180x135.jpg\" alt=\"\" width=\"180\" height=\"135\" srcset=\"https:\/\/www.freiburg-schwarzwald.de\/blog\/wp-content\/uploads\/2012\/10\/markt3buergersaal121209dez-180x135.jpg 180w, https:\/\/www.freiburg-schwarzwald.de\/blog\/wp-content\/uploads\/2012\/10\/markt3buergersaal121209dez.jpg 640w\" sizes=\"auto, (max-width: 180px) 100vw, 180px\" \/><\/a>\u00a0\u00a0\u00a0\u00a0\u00a0\u00a0\u00a0\u00a0\u00a0 <a href=\"https:\/\/www.freiburg-schwarzwald.de\/blog\/business\/markt\/weihnachtsmarkt\/weihnachtsmarkt-littenweiler\/markt4buergersaal121209dez\/\" rel=\"attachment wp-att-17395\"><img loading=\"lazy\" decoding=\"async\" title=\"markt4buergersaal121209dez\" src=\"https:\/\/www.freiburg-schwarzwald.de\/blog\/wp-content\/uploads\/2012\/10\/markt4buergersaal121209dez-135x180.jpg\" alt=\"\" width=\"135\" height=\"180\" \/><\/a>\u00a0\u00a0\u00a0\u00a0\u00a0\u00a0\u00a0\u00a0\u00a0 <a href=\"https:\/\/www.freiburg-schwarzwald.de\/blog\/business\/markt\/weihnachtsmarkt\/weihnachtsmarkt-littenweiler\/markt5nikolaus121209dez-2\/\" rel=\"attachment wp-att-17397\"><img loading=\"lazy\" decoding=\"async\" class=\"alignnone size-thumbnail wp-image-17397\" title=\"markt5nikolaus121209dez\" src=\"https:\/\/www.freiburg-schwarzwald.de\/blog\/wp-content\/uploads\/2012\/10\/markt5nikolaus121209dez1-135x180.jpg\" alt=\"\" width=\"135\" height=\"180\" srcset=\"https:\/\/www.freiburg-schwarzwald.de\/blog\/wp-content\/uploads\/2012\/10\/markt5nikolaus121209dez1-135x180.jpg 135w, https:\/\/www.freiburg-schwarzwald.de\/blog\/wp-content\/uploads\/2012\/10\/markt5nikolaus121209dez1.jpg 480w\" sizes=\"auto, (max-width: 135px) 100vw, 135px\" \/><\/a><br \/>\n(4)\u00a0\u00a0Viele Besucher am 8.12.2012\u00a0\u00a0\u00a0\u00a0\u00a0\u00a0\u00a0\u00a0\u00a0(5) Die Organisatoren\u00a0\u00a0\u00a0\u00a0\u00a0\u00a0\u00a0\u00a0\u00a0\u00a0\u00a0 (6) Nikolaus in EIs und Schnee<\/p>\n<p>&nbsp;<\/p>\n<p><a href=\"https:\/\/www.freiburg-schwarzwald.de\/blog\/business\/markt\/weihnachtsmarkt\/weihnachtsmarkt-littenweiler\/markt6buergersaal121209dez\/\" rel=\"attachment wp-att-17400\"><img loading=\"lazy\" decoding=\"async\" class=\"alignnone size-thumbnail wp-image-17400\" title=\"markt6buergersaal121209dez\" src=\"https:\/\/www.freiburg-schwarzwald.de\/blog\/wp-content\/uploads\/2012\/10\/markt6buergersaal121209dez-135x180.jpg\" alt=\"\" width=\"135\" height=\"180\" srcset=\"https:\/\/www.freiburg-schwarzwald.de\/blog\/wp-content\/uploads\/2012\/10\/markt6buergersaal121209dez-135x180.jpg 135w, https:\/\/www.freiburg-schwarzwald.de\/blog\/wp-content\/uploads\/2012\/10\/markt6buergersaal121209dez.jpg 480w\" sizes=\"auto, (max-width: 135px) 100vw, 135px\" \/><\/a>\u00a0\u00a0\u00a0\u00a0\u00a0\u00a0\u00a0\u00a0\u00a0 <a href=\"https:\/\/www.freiburg-schwarzwald.de\/blog\/business\/markt\/weihnachtsmarkt\/weihnachtsmarkt-littenweiler\/markt8nikolaus121209dez\/\" rel=\"attachment wp-att-17401\"><img loading=\"lazy\" decoding=\"async\" class=\"alignnone size-thumbnail wp-image-17401\" title=\"markt8nikolaus121209dez\" src=\"https:\/\/www.freiburg-schwarzwald.de\/blog\/wp-content\/uploads\/2012\/10\/markt8nikolaus121209dez-133x180.jpg\" alt=\"\" width=\"133\" height=\"180\" srcset=\"https:\/\/www.freiburg-schwarzwald.de\/blog\/wp-content\/uploads\/2012\/10\/markt8nikolaus121209dez-133x180.jpg 133w, https:\/\/www.freiburg-schwarzwald.de\/blog\/wp-content\/uploads\/2012\/10\/markt8nikolaus121209dez.jpg 474w\" sizes=\"auto, (max-width: 133px) 100vw, 133px\" \/><\/a>\u00a0\u00a0\u00a0\u00a0\u00a0\u00a0\u00a0\u00a0\u00a0 <a href=\"https:\/\/www.freiburg-schwarzwald.de\/blog\/business\/markt\/weihnachtsmarkt\/weihnachtsmarkt-littenweiler\/markt7nikolaus121209dez\/\" rel=\"attachment wp-att-17402\"><img loading=\"lazy\" decoding=\"async\" title=\"markt7nikolaus121209dez\" src=\"https:\/\/www.freiburg-schwarzwald.de\/blog\/wp-content\/uploads\/2012\/10\/markt7nikolaus121209dez-135x180.jpg\" alt=\"\" width=\"135\" height=\"180\" \/><\/a><br \/>\n(7) B\u00fcrgersaal\u00a0\u00a0\u00a0\u00a0\u00a0\u00a0\u00a0\u00a0\u00a0\u00a0\u00a0\u00a0\u00a0\u00a0\u00a0\u00a0\u00a0\u00a0\u00a0\u00a0\u00a0\u00a0\u00a0\u00a0\u00a0\u00a0\u00a0\u00a0\u00a0\u00a0 (8)\u00a0\u00a0Nikolaus mit klein\u00a0\u00a0\u00a0\u00a0\u00a0\u00a0\u00a0\u00a0\u00a0\u00a0\u00a0\u00a0\u00a0\u00a0\u00a0 (9) &#8230;. und gro\u00df<\/p>\n<p><a href=\"https:\/\/www.freiburg-schwarzwald.de\/blog\/business\/markt\/weihnachtsmarkt\/weihnachtsmarkt-littenweiler\/markt9ziegen121209dez\/\" rel=\"attachment wp-att-17403\"><img loading=\"lazy\" decoding=\"async\" class=\"alignnone size-thumbnail wp-image-17403\" title=\"markt9ziegen121209dez\" src=\"https:\/\/www.freiburg-schwarzwald.de\/blog\/wp-content\/uploads\/2012\/10\/markt9ziegen121209dez-180x135.jpg\" alt=\"\" width=\"180\" height=\"135\" srcset=\"https:\/\/www.freiburg-schwarzwald.de\/blog\/wp-content\/uploads\/2012\/10\/markt9ziegen121209dez-180x135.jpg 180w, https:\/\/www.freiburg-schwarzwald.de\/blog\/wp-content\/uploads\/2012\/10\/markt9ziegen121209dez.jpg 640w\" sizes=\"auto, (max-width: 180px) 100vw, 180px\" \/><\/a>\u00a0\u00a0\u00a0\u00a0\u00a0\u00a0\u00a0\u00a0\u00a0 <a href=\"https:\/\/www.freiburg-schwarzwald.de\/blog\/business\/markt\/weihnachtsmarkt\/weihnachtsmarkt-littenweiler\/markt10seife121209dez\/\" rel=\"attachment wp-att-17404\"><img loading=\"lazy\" decoding=\"async\" class=\"alignnone size-thumbnail wp-image-17404\" title=\"markt10seife121209dez\" src=\"https:\/\/www.freiburg-schwarzwald.de\/blog\/wp-content\/uploads\/2012\/10\/markt10seife121209dez-144x180.jpg\" alt=\"\" width=\"144\" height=\"180\" srcset=\"https:\/\/www.freiburg-schwarzwald.de\/blog\/wp-content\/uploads\/2012\/10\/markt10seife121209dez-144x180.jpg 144w, https:\/\/www.freiburg-schwarzwald.de\/blog\/wp-content\/uploads\/2012\/10\/markt10seife121209dez.jpg 511w\" sizes=\"auto, (max-width: 144px) 100vw, 144px\" \/><\/a>\u00a0\u00a0\u00a0\u00a0\u00a0\u00a0\u00a0\u00a0\u00a0<a href=\"https:\/\/www.freiburg-schwarzwald.de\/blog\/business\/markt\/weihnachtsmarkt\/weihnachtsmarkt-littenweiler\/markt17putzker121209dez-2\/\" rel=\"attachment wp-att-17421\"><img loading=\"lazy\" decoding=\"async\" class=\"alignnone size-thumbnail wp-image-17421\" title=\"markt17putzker121209dez\" src=\"https:\/\/www.freiburg-schwarzwald.de\/blog\/wp-content\/uploads\/2012\/10\/markt17putzker121209dez1-180x135.jpg\" alt=\"\" width=\"180\" height=\"135\" srcset=\"https:\/\/www.freiburg-schwarzwald.de\/blog\/wp-content\/uploads\/2012\/10\/markt17putzker121209dez1-180x135.jpg 180w, https:\/\/www.freiburg-schwarzwald.de\/blog\/wp-content\/uploads\/2012\/10\/markt17putzker121209dez1.jpg 640w\" sizes=\"auto, (max-width: 180px) 100vw, 180px\" \/><\/a><br \/>\n(10) Ziegen vom Kunzenhof\u00a0\u00a0\u00a0\u00a0\u00a0\u00a0\u00a0\u00a0\u00a0\u00a0\u00a0\u00a0\u00a0\u00a0\u00a0\u00a0\u00a0\u00a0\u00a0\u00a0 (11)\u00a0\u00a0\u00a0\u00a0\u00a0\u00a0\u00a0\u00a0\u00a0\u00a0\u00a0\u00a0\u00a0\u00a0\u00a0\u00a0\u00a0\u00a0\u00a0\u00a0\u00a0\u00a0\u00a0\u00a0\u00a0\u00a0\u00a0\u00a0\u00a0\u00a0\u00a0\u00a0\u00a0\u00a0\u00a0\u00a0\u00a0\u00a0\u00a0\u00a0\u00a0\u00a0\u00a0\u00a0\u00a0\u00a0\u00a0\u00a0\u00a0 (12) Alles handgemacht<\/p>\n<p><a href=\"https:\/\/www.freiburg-schwarzwald.de\/blog\/business\/markt\/weihnachtsmarkt\/weihnachtsmarkt-littenweiler\/markt18holz-meier121209dez\/\" rel=\"attachment wp-att-17422\"><img loading=\"lazy\" decoding=\"async\" class=\"alignnone size-thumbnail wp-image-17422\" title=\"markt18holz-meier121209dez\" src=\"https:\/\/www.freiburg-schwarzwald.de\/blog\/wp-content\/uploads\/2012\/10\/markt18holz-meier121209dez-180x135.jpg\" alt=\"\" width=\"180\" height=\"135\" srcset=\"https:\/\/www.freiburg-schwarzwald.de\/blog\/wp-content\/uploads\/2012\/10\/markt18holz-meier121209dez-180x135.jpg 180w, https:\/\/www.freiburg-schwarzwald.de\/blog\/wp-content\/uploads\/2012\/10\/markt18holz-meier121209dez.jpg 640w\" sizes=\"auto, (max-width: 180px) 100vw, 180px\" \/><\/a>\u00a0\u00a0\u00a0\u00a0\u00a0\u00a0\u00a0\u00a0\u00a0 <a href=\"https:\/\/www.freiburg-schwarzwald.de\/blog\/business\/markt\/weihnachtsmarkt\/weihnachtsmarkt-littenweiler\/markt19armbaender121209dez\/\" rel=\"attachment wp-att-17423\"><img loading=\"lazy\" decoding=\"async\" class=\"alignnone size-thumbnail wp-image-17423\" title=\"markt19armbaender121209dez\" src=\"https:\/\/www.freiburg-schwarzwald.de\/blog\/wp-content\/uploads\/2012\/10\/markt19armbaender121209dez-135x180.jpg\" alt=\"\" width=\"135\" height=\"180\" srcset=\"https:\/\/www.freiburg-schwarzwald.de\/blog\/wp-content\/uploads\/2012\/10\/markt19armbaender121209dez-135x180.jpg 135w, https:\/\/www.freiburg-schwarzwald.de\/blog\/wp-content\/uploads\/2012\/10\/markt19armbaender121209dez.jpg 480w\" sizes=\"auto, (max-width: 135px) 100vw, 135px\" \/><\/a>\u00a0\u00a0\u00a0\u00a0\u00a0\u00a0\u00a0\u00a0\u00a0 <a href=\"https:\/\/www.freiburg-schwarzwald.de\/blog\/business\/markt\/weihnachtsmarkt\/weihnachtsmarkt-littenweiler\/markt20kinder121209dez\/\" rel=\"attachment wp-att-17424\"><img loading=\"lazy\" decoding=\"async\" title=\"markt20kinder121209dez\" src=\"https:\/\/www.freiburg-schwarzwald.de\/blog\/wp-content\/uploads\/2012\/10\/markt20kinder121209dez-132x180.jpg\" alt=\"\" width=\"132\" height=\"180\" \/><\/a><br \/>\n(13) H\u00f6lzernes\u00a0\u00a0\u00a0\u00a0\u00a0\u00a0\u00a0\u00a0\u00a0\u00a0\u00a0\u00a0\u00a0\u00a0\u00a0\u00a0\u00a0\u00a0\u00a0\u00a0\u00a0\u00a0\u00a0\u00a0\u00a0\u00a0\u00a0\u00a0\u00a0\u00a0\u00a0\u00a0\u00a0\u00a0\u00a0\u00a0\u00a0\u00a0\u00a0\u00a0\u00a0\u00a0\u00a0 (14) Armb\u00e4nder\u00a0\u00a0\u00a0\u00a0\u00a0\u00a0\u00a0\u00a0\u00a0\u00a0\u00a0\u00a0\u00a0\u00a0\u00a0\u00a0\u00a0\u00a0\u00a0\u00a0\u00a0\u00a0\u00a0\u00a0\u00a0 (15) Karten<\/p>\n<p><a href=\"https:\/\/www.freiburg-schwarzwald.de\/blog\/business\/markt\/weihnachtsmarkt\/weihnachtsmarkt-littenweiler\/markt21stricken-brehm121209dez\/\" rel=\"attachment wp-att-17425\"><img loading=\"lazy\" decoding=\"async\" title=\"markt21stricken-brehm121209dez\" src=\"https:\/\/www.freiburg-schwarzwald.de\/blog\/wp-content\/uploads\/2012\/10\/markt21stricken-brehm121209dez-180x135.jpg\" alt=\"\" width=\"180\" height=\"135\" \/><\/a>\u00a0\u00a0\u00a0\u00a0\u00a0\u00a0\u00a0\u00a0\u00a0 <a href=\"https:\/\/www.freiburg-schwarzwald.de\/blog\/business\/markt\/weihnachtsmarkt\/weihnachtsmarkt-littenweiler\/markt22schmuck-tomas121209dez\/\" rel=\"attachment wp-att-17426\"><img loading=\"lazy\" decoding=\"async\" class=\"alignnone size-thumbnail wp-image-17426\" title=\"markt22schmuck-tomas121209dez\" src=\"https:\/\/www.freiburg-schwarzwald.de\/blog\/wp-content\/uploads\/2012\/10\/markt22schmuck-tomas121209dez-146x180.jpg\" alt=\"\" width=\"146\" height=\"180\" srcset=\"https:\/\/www.freiburg-schwarzwald.de\/blog\/wp-content\/uploads\/2012\/10\/markt22schmuck-tomas121209dez-146x180.jpg 146w, https:\/\/www.freiburg-schwarzwald.de\/blog\/wp-content\/uploads\/2012\/10\/markt22schmuck-tomas121209dez.jpg 520w\" sizes=\"auto, (max-width: 146px) 100vw, 146px\" \/><\/a>\u00a0\u00a0\u00a0\u00a0\u00a0\u00a0\u00a0\u00a0\u00a0 <a href=\"https:\/\/www.freiburg-schwarzwald.de\/blog\/business\/markt\/weihnachtsmarkt\/weihnachtsmarkt-littenweiler\/markt23strohschuhe-gromer121209dez\/\" rel=\"attachment wp-att-17427\"><img loading=\"lazy\" decoding=\"async\" class=\"alignnone size-thumbnail wp-image-17427\" title=\"markt23strohschuhe-gromer121209dez\" src=\"https:\/\/www.freiburg-schwarzwald.de\/blog\/wp-content\/uploads\/2012\/10\/markt23strohschuhe-gromer121209dez-135x180.jpg\" alt=\"\" width=\"135\" height=\"180\" srcset=\"https:\/\/www.freiburg-schwarzwald.de\/blog\/wp-content\/uploads\/2012\/10\/markt23strohschuhe-gromer121209dez-135x180.jpg 135w, https:\/\/www.freiburg-schwarzwald.de\/blog\/wp-content\/uploads\/2012\/10\/markt23strohschuhe-gromer121209dez.jpg 480w\" sizes=\"auto, (max-width: 135px) 100vw, 135px\" \/><\/a><br \/>\n(16)\u00a0Gestricktes und Stoffe\u00a0\u00a0\u00a0\u00a0\u00a0\u00a0\u00a0\u00a0\u00a0\u00a0\u00a0\u00a0\u00a0\u00a0\u00a0\u00a0\u00a0\u00a0\u00a0\u00a0\u00a0\u00a0(17) Schmuck\u00a0\u00a0\u00a0\u00a0\u00a0\u00a0\u00a0\u00a0\u00a0\u00a0\u00a0\u00a0\u00a0\u00a0\u00a0\u00a0\u00a0\u00a0\u00a0\u00a0\u00a0\u00a0\u00a0\u00a0\u00a0\u00a0\u00a0\u00a0\u00a0\u00a0\u00a0\u00a0 (18) Strohschuhe<\/p>\n<p><a href=\"https:\/\/www.freiburg-schwarzwald.de\/blog\/business\/markt\/weihnachtsmarkt\/weihnachtsmarkt-littenweiler\/markt24buerkin121209dez\/\" rel=\"attachment wp-att-17428\"><img loading=\"lazy\" decoding=\"async\" class=\"alignnone size-thumbnail wp-image-17428\" title=\"markt24buerkin121209dez\" src=\"https:\/\/www.freiburg-schwarzwald.de\/blog\/wp-content\/uploads\/2012\/10\/markt24buerkin121209dez-135x180.jpg\" alt=\"\" width=\"135\" height=\"180\" srcset=\"https:\/\/www.freiburg-schwarzwald.de\/blog\/wp-content\/uploads\/2012\/10\/markt24buerkin121209dez-135x180.jpg 135w, https:\/\/www.freiburg-schwarzwald.de\/blog\/wp-content\/uploads\/2012\/10\/markt24buerkin121209dez.jpg 480w\" sizes=\"auto, (max-width: 135px) 100vw, 135px\" \/><\/a>\u00a0\u00a0\u00a0\u00a0\u00a0\u00a0\u00a0\u00a0\u00a0 <a href=\"https:\/\/www.freiburg-schwarzwald.de\/blog\/business\/markt\/weihnachtsmarkt\/weihnachtsmarkt-littenweiler\/markt25christbaum121209dez\/\" rel=\"attachment wp-att-17429\"><img loading=\"lazy\" decoding=\"async\" class=\"alignnone size-thumbnail wp-image-17429\" title=\"markt25christbaum121209dez\" src=\"https:\/\/www.freiburg-schwarzwald.de\/blog\/wp-content\/uploads\/2012\/10\/markt25christbaum121209dez-180x135.jpg\" alt=\"\" width=\"180\" height=\"135\" srcset=\"https:\/\/www.freiburg-schwarzwald.de\/blog\/wp-content\/uploads\/2012\/10\/markt25christbaum121209dez-180x135.jpg 180w, https:\/\/www.freiburg-schwarzwald.de\/blog\/wp-content\/uploads\/2012\/10\/markt25christbaum121209dez.jpg 640w\" sizes=\"auto, (max-width: 180px) 100vw, 180px\" \/><\/a>\u00a0\u00a0\u00a0\u00a0\u00a0\u00a0\u00a0\u00a0\u00a0 <a href=\"https:\/\/www.freiburg-schwarzwald.de\/blog\/business\/markt\/weihnachtsmarkt\/weihnachtsmarkt-littenweiler\/markt26babyschuhe121209dez\/\" rel=\"attachment wp-att-17430\"><img loading=\"lazy\" decoding=\"async\" class=\"alignnone size-thumbnail wp-image-17430\" title=\"markt26babyschuhe121209dez\" src=\"https:\/\/www.freiburg-schwarzwald.de\/blog\/wp-content\/uploads\/2012\/10\/markt26babyschuhe121209dez-180x135.jpg\" alt=\"\" width=\"180\" height=\"135\" srcset=\"https:\/\/www.freiburg-schwarzwald.de\/blog\/wp-content\/uploads\/2012\/10\/markt26babyschuhe121209dez-180x135.jpg 180w, https:\/\/www.freiburg-schwarzwald.de\/blog\/wp-content\/uploads\/2012\/10\/markt26babyschuhe121209dez.jpg 640w\" sizes=\"auto, (max-width: 180px) 100vw, 180px\" \/><\/a><br \/>\n(19) Schmuck\u00a0\u00a0\u00a0\u00a0\u00a0\u00a0\u00a0\u00a0\u00a0\u00a0\u00a0\u00a0\u00a0\u00a0\u00a0\u00a0\u00a0\u00a0\u00a0\u00a0\u00a0\u00a0\u00a0\u00a0\u00a0\u00a0\u00a0\u00a0\u00a0 (20) Christbaum im B\u00fcrgersaal\u00a0\u00a0\u00a0\u00a0\u00a0\u00a0\u00a0\u00a0\u00a0\u00a0\u00a0\u00a0 (21) Babyschuhe<\/p>\n<p><a href=\"https:\/\/www.freiburg-schwarzwald.de\/blog\/business\/markt\/weihnachtsmarkt\/weihnachtsmarkt-littenweiler\/markt27marmelade-meinig121209dez\/\" rel=\"attachment wp-att-17433\"><img loading=\"lazy\" decoding=\"async\" class=\"alignnone size-thumbnail wp-image-17433\" title=\"markt27marmelade-meinig121209dez\" src=\"https:\/\/www.freiburg-schwarzwald.de\/blog\/wp-content\/uploads\/2012\/10\/markt27marmelade-meinig121209dez-180x135.jpg\" alt=\"\" width=\"180\" height=\"135\" srcset=\"https:\/\/www.freiburg-schwarzwald.de\/blog\/wp-content\/uploads\/2012\/10\/markt27marmelade-meinig121209dez-180x135.jpg 180w, https:\/\/www.freiburg-schwarzwald.de\/blog\/wp-content\/uploads\/2012\/10\/markt27marmelade-meinig121209dez.jpg 640w\" sizes=\"auto, (max-width: 180px) 100vw, 180px\" \/><\/a>\u00a0\u00a0\u00a0\u00a0\u00a0\u00a0\u00a0\u00a0\u00a0 <a href=\"https:\/\/www.freiburg-schwarzwald.de\/blog\/business\/markt\/weihnachtsmarkt\/weihnachtsmarkt-littenweiler\/markt28kindersocken121209dez\/\" rel=\"attachment wp-att-17434\"><img loading=\"lazy\" decoding=\"async\" class=\"alignnone size-thumbnail wp-image-17434\" title=\"markt28kindersocken121209dez\" src=\"https:\/\/www.freiburg-schwarzwald.de\/blog\/wp-content\/uploads\/2012\/10\/markt28kindersocken121209dez-180x135.jpg\" alt=\"\" width=\"180\" height=\"135\" srcset=\"https:\/\/www.freiburg-schwarzwald.de\/blog\/wp-content\/uploads\/2012\/10\/markt28kindersocken121209dez-180x135.jpg 180w, https:\/\/www.freiburg-schwarzwald.de\/blog\/wp-content\/uploads\/2012\/10\/markt28kindersocken121209dez.jpg 640w\" sizes=\"auto, (max-width: 180px) 100vw, 180px\" \/><\/a>\u00a0\u00a0\u00a0\u00a0\u00a0\u00a0\u00a0\u00a0\u00a0 <a href=\"https:\/\/www.freiburg-schwarzwald.de\/blog\/business\/markt\/weihnachtsmarkt\/weihnachtsmarkt-littenweiler\/markt29nadelkissen121209\/\" rel=\"attachment wp-att-17435\"><img loading=\"lazy\" decoding=\"async\" class=\"alignnone size-thumbnail wp-image-17435\" title=\"markt29nadelkissen121209\" src=\"https:\/\/www.freiburg-schwarzwald.de\/blog\/wp-content\/uploads\/2012\/10\/markt29nadelkissen121209-180x135.jpg\" alt=\"\" width=\"180\" height=\"135\" srcset=\"https:\/\/www.freiburg-schwarzwald.de\/blog\/wp-content\/uploads\/2012\/10\/markt29nadelkissen121209-180x135.jpg 180w, https:\/\/www.freiburg-schwarzwald.de\/blog\/wp-content\/uploads\/2012\/10\/markt29nadelkissen121209.jpg 640w\" sizes=\"auto, (max-width: 180px) 100vw, 180px\" \/><\/a><br \/>\n(22)\u00a0 Zucchini-Marmelade und mehr\u00a0\u00a0 (23) Kindersocken\u00a0\u00a0\u00a0\u00a0\u00a0\u00a0\u00a0\u00a0\u00a0\u00a0\u00a0\u00a0\u00a0\u00a0\u00a0\u00a0\u00a0\u00a0\u00a0\u00a0\u00a0\u00a0\u00a0\u00a0\u00a0\u00a0\u00a0\u00a0\u00a0\u00a0\u00a0\u00a0\u00a0\u00a0\u00a0\u00a0\u00a0\u00a0 (24) Nadelkissen<\/p>\n<p><a href=\"https:\/\/www.freiburg-schwarzwald.de\/blog\/business\/markt\/weihnachtsmarkt\/weihnachtsmarkt-littenweiler\/markt30marmeladen121209\/\" rel=\"attachment wp-att-17436\"><img loading=\"lazy\" decoding=\"async\" class=\"alignnone size-thumbnail wp-image-17436\" title=\"markt30marmeladen121209\" src=\"https:\/\/www.freiburg-schwarzwald.de\/blog\/wp-content\/uploads\/2012\/10\/markt30marmeladen121209-180x135.jpg\" alt=\"\" width=\"180\" height=\"135\" srcset=\"https:\/\/www.freiburg-schwarzwald.de\/blog\/wp-content\/uploads\/2012\/10\/markt30marmeladen121209-180x135.jpg 180w, https:\/\/www.freiburg-schwarzwald.de\/blog\/wp-content\/uploads\/2012\/10\/markt30marmeladen121209.jpg 640w\" sizes=\"auto, (max-width: 180px) 100vw, 180px\" \/><\/a>\u00a0\u00a0\u00a0\u00a0\u00a0\u00a0\u00a0\u00a0\u00a0 <a href=\"https:\/\/www.freiburg-schwarzwald.de\/blog\/business\/markt\/weihnachtsmarkt\/weihnachtsmarkt-littenweiler\/markt33puppen-zwerge121209\/\" rel=\"attachment wp-att-17437\"><img loading=\"lazy\" decoding=\"async\" class=\"alignnone size-thumbnail wp-image-17437\" title=\"markt33puppen-zwerge121209\" src=\"https:\/\/www.freiburg-schwarzwald.de\/blog\/wp-content\/uploads\/2012\/10\/markt33puppen-zwerge121209-180x135.jpg\" alt=\"\" width=\"180\" height=\"135\" srcset=\"https:\/\/www.freiburg-schwarzwald.de\/blog\/wp-content\/uploads\/2012\/10\/markt33puppen-zwerge121209-180x135.jpg 180w, https:\/\/www.freiburg-schwarzwald.de\/blog\/wp-content\/uploads\/2012\/10\/markt33puppen-zwerge121209.jpg 640w\" sizes=\"auto, (max-width: 180px) 100vw, 180px\" \/><\/a>\u00a0\u00a0\u00a0\u00a0\u00a0\u00a0\u00a0\u00a0\u00a0\u00a0 <a href=\"https:\/\/www.freiburg-schwarzwald.de\/blog\/business\/markt\/weihnachtsmarkt\/weihnachtsmarkt-littenweiler\/markt34zwillinge121209\/\" rel=\"attachment wp-att-17438\"><img loading=\"lazy\" decoding=\"async\" class=\"alignnone size-thumbnail wp-image-17438\" title=\"markt34zwillinge121209\" src=\"https:\/\/www.freiburg-schwarzwald.de\/blog\/wp-content\/uploads\/2012\/10\/markt34zwillinge121209-180x135.jpg\" alt=\"\" width=\"180\" height=\"135\" srcset=\"https:\/\/www.freiburg-schwarzwald.de\/blog\/wp-content\/uploads\/2012\/10\/markt34zwillinge121209-180x135.jpg 180w, https:\/\/www.freiburg-schwarzwald.de\/blog\/wp-content\/uploads\/2012\/10\/markt34zwillinge121209.jpg 640w\" sizes=\"auto, (max-width: 180px) 100vw, 180px\" \/><\/a><br \/>\n(25)\u00a0\u00a0 Marmeladen\u00a0\u00a0\u00a0\u00a0\u00a0\u00a0\u00a0\u00a0\u00a0\u00a0\u00a0\u00a0\u00a0\u00a0\u00a0\u00a0\u00a0\u00a0\u00a0\u00a0\u00a0\u00a0\u00a0\u00a0\u00a0\u00a0\u00a0\u00a0\u00a0\u00a0\u00a0\u00a0\u00a0\u00a0\u00a0\u00a0\u00a0\u00a0 (26) Puppen und Zwerge\u00a0\u00a0\u00a0\u00a0\u00a0\u00a0\u00a0\u00a0\u00a0\u00a0\u00a0\u00a0\u00a0\u00a0\u00a0\u00a0\u00a0\u00a0\u00a0\u00a0\u00a0\u00a0\u00a0\u00a0 (27) Zwillinge<\/p>\n<p><a href=\"https:\/\/www.freiburg-schwarzwald.de\/blog\/business\/markt\/weihnachtsmarkt\/weihnachtsmarkt-littenweiler\/markt35engel121209\/\" rel=\"attachment wp-att-17439\"><img loading=\"lazy\" decoding=\"async\" class=\"alignnone size-thumbnail wp-image-17439\" title=\"markt35engel121209\" src=\"https:\/\/www.freiburg-schwarzwald.de\/blog\/wp-content\/uploads\/2012\/10\/markt35engel121209-135x180.jpg\" alt=\"\" width=\"135\" height=\"180\" srcset=\"https:\/\/www.freiburg-schwarzwald.de\/blog\/wp-content\/uploads\/2012\/10\/markt35engel121209-135x180.jpg 135w, https:\/\/www.freiburg-schwarzwald.de\/blog\/wp-content\/uploads\/2012\/10\/markt35engel121209.jpg 480w\" sizes=\"auto, (max-width: 135px) 100vw, 135px\" \/><\/a>\u00a0\u00a0\u00a0\u00a0\u00a0\u00a0\u00a0\u00a0\u00a0 <a href=\"https:\/\/www.freiburg-schwarzwald.de\/blog\/business\/markt\/weihnachtsmarkt\/weihnachtsmarkt-littenweiler\/markt36stricken121209\/\" rel=\"attachment wp-att-17440\"><img loading=\"lazy\" decoding=\"async\" title=\"markt36stricken121209\" src=\"https:\/\/www.freiburg-schwarzwald.de\/blog\/wp-content\/uploads\/2012\/10\/markt36stricken121209-180x135.jpg\" alt=\"\" width=\"180\" height=\"135\" \/><\/a>\u00a0\u00a0\u00a0\u00a0\u00a0\u00a0\u00a0\u00a0\u00a0 <a href=\"https:\/\/www.freiburg-schwarzwald.de\/blog\/business\/markt\/weihnachtsmarkt\/weihnachtsmarkt-littenweiler\/markt37holzideen121209\/\" rel=\"attachment wp-att-17441\"><img loading=\"lazy\" decoding=\"async\" class=\"alignnone size-thumbnail wp-image-17441\" title=\"markt37holzideen121209\" src=\"https:\/\/www.freiburg-schwarzwald.de\/blog\/wp-content\/uploads\/2012\/10\/markt37holzideen121209-180x135.jpg\" alt=\"\" width=\"180\" height=\"135\" srcset=\"https:\/\/www.freiburg-schwarzwald.de\/blog\/wp-content\/uploads\/2012\/10\/markt37holzideen121209-180x135.jpg 180w, https:\/\/www.freiburg-schwarzwald.de\/blog\/wp-content\/uploads\/2012\/10\/markt37holzideen121209.jpg 640w\" sizes=\"auto, (max-width: 180px) 100vw, 180px\" \/><\/a><br \/>\n(28) Engel\u00a0\u00a0\u00a0\u00a0\u00a0\u00a0\u00a0\u00a0\u00a0\u00a0\u00a0\u00a0\u00a0\u00a0\u00a0\u00a0\u00a0\u00a0\u00a0\u00a0\u00a0\u00a0\u00a0\u00a0\u00a0\u00a0\u00a0\u00a0\u00a0\u00a0\u00a0\u00a0\u00a0\u00a0\u00a0 (29) Stricken\u00a0\u00a0\u00a0\u00a0\u00a0\u00a0\u00a0\u00a0\u00a0\u00a0\u00a0\u00a0\u00a0\u00a0\u00a0\u00a0\u00a0\u00a0\u00a0\u00a0\u00a0\u00a0\u00a0\u00a0\u00a0\u00a0\u00a0\u00a0\u00a0\u00a0\u00a0\u00a0\u00a0\u00a0\u00a0\u00a0\u00a0\u00a0\u00a0\u00a0\u00a0\u00a0\u00a0\u00a0\u00a0\u00a0\u00a0 (30) Holzideen<\/p>\n<p><a href=\"https:\/\/www.freiburg-schwarzwald.de\/blog\/business\/markt\/weihnachtsmarkt\/weihnachtsmarkt-littenweiler\/markt11seife121209dez\/\" rel=\"attachment wp-att-17405\"><img loading=\"lazy\" decoding=\"async\" title=\"markt11seife121209dez\" src=\"https:\/\/www.freiburg-schwarzwald.de\/blog\/wp-content\/uploads\/2012\/10\/markt11seife121209dez-180x135.jpg\" alt=\"\" width=\"180\" height=\"135\" \/><\/a>\u00a0\u00a0\u00a0\u00a0\u00a0\u00a0\u00a0\u00a0\u00a0 <a href=\"https:\/\/www.freiburg-schwarzwald.de\/blog\/business\/markt\/weihnachtsmarkt\/weihnachtsmarkt-littenweiler\/markt12seife121209dez\/\" rel=\"attachment wp-att-17409\"><img loading=\"lazy\" decoding=\"async\" class=\"alignnone size-thumbnail wp-image-17409\" title=\"markt12seife121209dez\" src=\"https:\/\/www.freiburg-schwarzwald.de\/blog\/wp-content\/uploads\/2012\/10\/markt12seife121209dez-135x180.jpg\" alt=\"\" width=\"135\" height=\"180\" srcset=\"https:\/\/www.freiburg-schwarzwald.de\/blog\/wp-content\/uploads\/2012\/10\/markt12seife121209dez-135x180.jpg 135w, https:\/\/www.freiburg-schwarzwald.de\/blog\/wp-content\/uploads\/2012\/10\/markt12seife121209dez.jpg 480w\" sizes=\"auto, (max-width: 135px) 100vw, 135px\" \/><\/a>\u00a0\u00a0\u00a0\u00a0\u00a0\u00a0\u00a0\u00a0\u00a0 <a href=\"https:\/\/www.freiburg-schwarzwald.de\/blog\/business\/markt\/weihnachtsmarkt\/weihnachtsmarkt-littenweiler\/markt13seife121209dez\/\" rel=\"attachment wp-att-17410\"><img loading=\"lazy\" decoding=\"async\" class=\"alignnone size-thumbnail wp-image-17410\" title=\"markt13seife121209dez\" src=\"https:\/\/www.freiburg-schwarzwald.de\/blog\/wp-content\/uploads\/2012\/10\/markt13seife121209dez-180x135.jpg\" alt=\"\" width=\"180\" height=\"135\" srcset=\"https:\/\/www.freiburg-schwarzwald.de\/blog\/wp-content\/uploads\/2012\/10\/markt13seife121209dez-180x135.jpg 180w, https:\/\/www.freiburg-schwarzwald.de\/blog\/wp-content\/uploads\/2012\/10\/markt13seife121209dez.jpg 640w\" sizes=\"auto, (max-width: 180px) 100vw, 180px\" \/><\/a><br \/>\n(31) Naturseifen<\/p>\n<p><a href=\"https:\/\/www.freiburg-schwarzwald.de\/blog\/business\/markt\/weihnachtsmarkt\/weihnachtsmarkt-littenweiler\/markt11seife121209dez-2\/\" rel=\"attachment wp-att-17408\"><img loading=\"lazy\" decoding=\"async\" title=\"markt11seife121209dez\" src=\"https:\/\/www.freiburg-schwarzwald.de\/blog\/wp-content\/uploads\/2012\/10\/markt11seife121209dez1-180x135.jpg\" alt=\"\" width=\"180\" height=\"135\" \/><\/a>\u00a0\u00a0\u00a0\u00a0\u00a0\u00a0\u00a0\u00a0\u00a0 <a href=\"https:\/\/www.freiburg-schwarzwald.de\/blog\/business\/markt\/weihnachtsmarkt\/weihnachtsmarkt-littenweiler\/markt14seife121209dez\/\" rel=\"attachment wp-att-17411\"><img loading=\"lazy\" decoding=\"async\" class=\"alignnone size-thumbnail wp-image-17411\" title=\"markt14seife121209dez\" src=\"https:\/\/www.freiburg-schwarzwald.de\/blog\/wp-content\/uploads\/2012\/10\/markt14seife121209dez-139x180.jpg\" alt=\"\" width=\"139\" height=\"180\" srcset=\"https:\/\/www.freiburg-schwarzwald.de\/blog\/wp-content\/uploads\/2012\/10\/markt14seife121209dez-139x180.jpg 139w, https:\/\/www.freiburg-schwarzwald.de\/blog\/wp-content\/uploads\/2012\/10\/markt14seife121209dez.jpg 497w\" sizes=\"auto, (max-width: 139px) 100vw, 139px\" \/><\/a>\u00a0\u00a0\u00a0\u00a0\u00a0\u00a0\u00a0\u00a0\u00a0 <a href=\"https:\/\/www.freiburg-schwarzwald.de\/blog\/business\/markt\/weihnachtsmarkt\/weihnachtsmarkt-littenweiler\/markt43pinguine121209\/\" rel=\"attachment wp-att-17446\"><img loading=\"lazy\" decoding=\"async\" title=\"markt43pinguine121209\" src=\"https:\/\/www.freiburg-schwarzwald.de\/blog\/wp-content\/uploads\/2012\/10\/markt43pinguine121209-180x135.jpg\" alt=\"\" width=\"180\" height=\"135\" \/><\/a><br \/>\n(34)\u00a0\u00a0\u00a0\u00a0\u00a0\u00a0\u00a0\u00a0\u00a0\u00a0\u00a0\u00a0\u00a0\u00a0\u00a0\u00a0\u00a0\u00a0\u00a0\u00a0\u00a0\u00a0\u00a0\u00a0\u00a0\u00a0\u00a0\u00a0\u00a0\u00a0\u00a0\u00a0\u00a0\u00a0\u00a0\u00a0\u00a0\u00a0\u00a0\u00a0\u00a0\u00a0\u00a0\u00a0\u00a0\u00a0\u00a0\u00a0\u00a0\u00a0\u00a0\u00a0\u00a0\u00a0\u00a0\u00a0\u00a0\u00a0\u00a0\u00a0\u00a0\u00a0\u00a0 (35)\u00a0\u00a0\u00a0\u00a0\u00a0\u00a0\u00a0\u00a0\u00a0\u00a0\u00a0\u00a0\u00a0\u00a0\u00a0\u00a0\u00a0\u00a0\u00a0\u00a0\u00a0\u00a0\u00a0\u00a0\u00a0\u00a0\u00a0\u00a0\u00a0\u00a0\u00a0\u00a0\u00a0\u00a0\u00a0\u00a0\u00a0\u00a0\u00a0\u00a0\u00a0\u00a0\u00a0\u00a0\u00a0\u00a0\u00a0 (36) Pinguine<\/p>\n<p><a href=\"https:\/\/www.freiburg-schwarzwald.de\/blog\/business\/markt\/weihnachtsmarkt\/weihnachtsmarkt-littenweiler\/markt15bildkarten121209dez\/\" rel=\"attachment wp-att-17413\"><img loading=\"lazy\" decoding=\"async\" class=\"alignnone size-thumbnail wp-image-17413\" title=\"markt15bildkarten121209dez\" src=\"https:\/\/www.freiburg-schwarzwald.de\/blog\/wp-content\/uploads\/2012\/10\/markt15bildkarten121209dez-135x180.jpg\" alt=\"\" width=\"135\" height=\"180\" srcset=\"https:\/\/www.freiburg-schwarzwald.de\/blog\/wp-content\/uploads\/2012\/10\/markt15bildkarten121209dez-135x180.jpg 135w, https:\/\/www.freiburg-schwarzwald.de\/blog\/wp-content\/uploads\/2012\/10\/markt15bildkarten121209dez.jpg 480w\" sizes=\"auto, (max-width: 135px) 100vw, 135px\" \/><\/a>\u00a0\u00a0\u00a0\u00a0\u00a0\u00a0\u00a0\u00a0\u00a0 <a href=\"https:\/\/www.freiburg-schwarzwald.de\/blog\/business\/markt\/weihnachtsmarkt\/weihnachtsmarkt-littenweiler\/markt16bildkarten121209dez\/\" rel=\"attachment wp-att-17414\"><img loading=\"lazy\" decoding=\"async\" class=\"alignnone size-thumbnail wp-image-17414\" title=\"markt16bildkarten121209dez\" src=\"https:\/\/www.freiburg-schwarzwald.de\/blog\/wp-content\/uploads\/2012\/10\/markt16bildkarten121209dez-180x135.jpg\" alt=\"\" width=\"180\" height=\"135\" srcset=\"https:\/\/www.freiburg-schwarzwald.de\/blog\/wp-content\/uploads\/2012\/10\/markt16bildkarten121209dez-180x135.jpg 180w, https:\/\/www.freiburg-schwarzwald.de\/blog\/wp-content\/uploads\/2012\/10\/markt16bildkarten121209dez.jpg 640w\" sizes=\"auto, (max-width: 180px) 100vw, 180px\" \/><\/a>\u00a0\u00a0\u00a0\u00a0\u00a0\u00a0\u00a0\u00a0\u00a0 <a href=\"https:\/\/www.freiburg-schwarzwald.de\/blog\/business\/markt\/weihnachtsmarkt\/weihnachtsmarkt-littenweiler\/markt39schweine121209\/\" rel=\"attachment wp-att-17442\"><img loading=\"lazy\" decoding=\"async\" class=\"alignnone size-thumbnail wp-image-17442\" title=\"markt39schweine121209\" src=\"https:\/\/www.freiburg-schwarzwald.de\/blog\/wp-content\/uploads\/2012\/10\/markt39schweine121209-180x135.jpg\" alt=\"\" width=\"180\" height=\"135\" srcset=\"https:\/\/www.freiburg-schwarzwald.de\/blog\/wp-content\/uploads\/2012\/10\/markt39schweine121209-180x135.jpg 180w, https:\/\/www.freiburg-schwarzwald.de\/blog\/wp-content\/uploads\/2012\/10\/markt39schweine121209.jpg 640w\" sizes=\"auto, (max-width: 180px) 100vw, 180px\" \/><\/a><br \/>\n(37) Bildkarten\u00a0\u00a0\u00a0\u00a0\u00a0\u00a0\u00a0\u00a0\u00a0\u00a0\u00a0\u00a0\u00a0\u00a0\u00a0\u00a0\u00a0\u00a0\u00a0\u00a0\u00a0\u00a0\u00a0\u00a0\u00a0\u00a0\u00a0\u00a0 (38)\u00a0\u00a0\u00a0\u00a0\u00a0\u00a0\u00a0\u00a0\u00a0\u00a0\u00a0\u00a0\u00a0\u00a0\u00a0\u00a0\u00a0\u00a0\u00a0\u00a0\u00a0\u00a0\u00a0\u00a0\u00a0\u00a0\u00a0\u00a0\u00a0\u00a0\u00a0\u00a0\u00a0\u00a0\u00a0\u00a0\u00a0\u00a0\u00a0\u00a0\u00a0\u00a0\u00a0\u00a0\u00a0\u00a0\u00a0\u00a0\u00a0\u00a0\u00a0\u00a0\u00a0\u00a0\u00a0\u00a0\u00a0\u00a0\u00a0\u00a0\u00a0\u00a0 (39) F\u00fcnf Schweine<\/p>\n<p><a href=\"https:\/\/www.freiburg-schwarzwald.de\/blog\/business\/markt\/weihnachtsmarkt\/weihnachtsmarkt-littenweiler\/markt40stofffiguren121209\/\" rel=\"attachment wp-att-17443\"><img loading=\"lazy\" decoding=\"async\" class=\"alignnone size-thumbnail wp-image-17443\" title=\"markt40stofffiguren121209\" src=\"https:\/\/www.freiburg-schwarzwald.de\/blog\/wp-content\/uploads\/2012\/10\/markt40stofffiguren121209-180x135.jpg\" alt=\"\" width=\"180\" height=\"135\" srcset=\"https:\/\/www.freiburg-schwarzwald.de\/blog\/wp-content\/uploads\/2012\/10\/markt40stofffiguren121209-180x135.jpg 180w, https:\/\/www.freiburg-schwarzwald.de\/blog\/wp-content\/uploads\/2012\/10\/markt40stofffiguren121209.jpg 640w\" sizes=\"auto, (max-width: 180px) 100vw, 180px\" \/><\/a>\u00a0\u00a0\u00a0\u00a0\u00a0\u00a0\u00a0\u00a0\u00a0 <a href=\"https:\/\/www.freiburg-schwarzwald.de\/blog\/business\/markt\/weihnachtsmarkt\/weihnachtsmarkt-littenweiler\/markt41schweinchen121209\/\" rel=\"attachment wp-att-17444\"><img loading=\"lazy\" decoding=\"async\" class=\"alignnone size-thumbnail wp-image-17444\" title=\"markt41schweinchen121209\" src=\"https:\/\/www.freiburg-schwarzwald.de\/blog\/wp-content\/uploads\/2012\/10\/markt41schweinchen121209-180x135.jpg\" alt=\"\" width=\"180\" height=\"135\" srcset=\"https:\/\/www.freiburg-schwarzwald.de\/blog\/wp-content\/uploads\/2012\/10\/markt41schweinchen121209-180x135.jpg 180w, https:\/\/www.freiburg-schwarzwald.de\/blog\/wp-content\/uploads\/2012\/10\/markt41schweinchen121209.jpg 640w\" sizes=\"auto, (max-width: 180px) 100vw, 180px\" \/><\/a>\u00a0\u00a0\u00a0\u00a0\u00a0\u00a0\u00a0\u00a0\u00a0 <a href=\"https:\/\/www.freiburg-schwarzwald.de\/blog\/business\/markt\/weihnachtsmarkt\/weihnachtsmarkt-littenweiler\/markt42herz121209\/\" rel=\"attachment wp-att-17445\"><img loading=\"lazy\" decoding=\"async\" class=\"alignnone size-thumbnail wp-image-17445\" title=\"markt42herz121209\" src=\"https:\/\/www.freiburg-schwarzwald.de\/blog\/wp-content\/uploads\/2012\/10\/markt42herz121209-180x135.jpg\" alt=\"\" width=\"180\" height=\"135\" srcset=\"https:\/\/www.freiburg-schwarzwald.de\/blog\/wp-content\/uploads\/2012\/10\/markt42herz121209-180x135.jpg 180w, https:\/\/www.freiburg-schwarzwald.de\/blog\/wp-content\/uploads\/2012\/10\/markt42herz121209.jpg 640w\" sizes=\"auto, (max-width: 180px) 100vw, 180px\" \/><\/a><br \/>\n(40)\u00a0Stofffiguren\u00a0\u00a0\u00a0\u00a0\u00a0\u00a0\u00a0\u00a0\u00a0\u00a0\u00a0\u00a0\u00a0\u00a0\u00a0\u00a0\u00a0\u00a0\u00a0\u00a0\u00a0\u00a0\u00a0\u00a0\u00a0\u00a0\u00a0\u00a0\u00a0\u00a0\u00a0\u00a0\u00a0\u00a0\u00a0\u00a0\u00a0\u00a0\u00a0\u00a0\u00a0\u00a0\u00a0(41) Drei Schweine aus Filz\u00a0\u00a0\u00a0\u00a0\u00a0\u00a0\u00a0\u00a0\u00a0\u00a0\u00a0\u00a0\u00a0\u00a0\u00a0\u00a0\u00a0 (42) Herz<br \/>\n(1) Weihnachtsmarkt Littenweiler am Dorfplatz 5.12.2010: Mundharmonikagruppe der Reinhold-Schneider-Schule vor dem B\u00fcrgersaal &#8211; links die Ebneter Strasse<br \/>\n(2 und 19) Gabriele Plappert mit Helfern vom <a title=\"Kunzenhof\" href=\"https:\/\/www.freiburg-schwarzwald.de\/blog\/bildung\/kunzenhof\/\">Kunzenhof<\/a>: Streichelzoo<br \/>\n(5) Fleissige H\u00e4nde: Astrid Schaffert, Erwin Herdt und\u00a0\u00a0 (von links)<br \/>\n(9) Christof Gerlitz , der Hauptorganisator des Wrihnachtsmarkts, mit dem Nikolaus<br \/>\n(12) Elvira und Helge Putzger, Hobbyschreiner, <a href=\"mailto:heputz@gmx.de\">heputz@gmx.de<\/a>, Tel 0761\/4763466<br \/>\n(13) Matthias Meier, FR-Br\u00fchl-Beurbarung, Praktisches aus Holz, <a href=\"mailto:matthias.meiermeier@web.de\">matthias.meiermeier@web.de<\/a><br \/>\n(14) Armb\u00e4nder von Evi und Sarah<br \/>\n(15) Lieblingskarte von Enkelin Linnea, Schmuck, Frau Ebner<br \/>\n(16) Inge Brehm-Gemmert und Doris Thoma, B\u00f6tzingen, Tel 07663\/3977, <a href=\"mailto:ingebrehmgemmert@t-online.de\">ingebrehmgemmert@t-online.de<\/a><br \/>\n(17) Schmuck, Elisabeth Tomas, FR-Wiehre,\u00a0Tel 0761\/71298, <a href=\"mailto:elisabeth.t@gmx.de\">elisabeth.t@gmx.de<\/a><br \/>\n(18) Strohschuhe von Wolfgang Gromer, Spitalfeldweg 3, 79114 Freiburg, Tel 0761\/482361<br \/>\n(19, 23-24)\u00a0 Susanne B\u00fcrkin, Babysachen, Nadelkissen, Schmuck, <a href=\"mailto:susannebuerkin@web.de\">susannebuerkin@web.de<\/a><br \/>\n(22) Gabriele Meinig, Svenja Heisel, Kuchen, Marmeladen, Gestricktes , <a href=\"mailto:u.meinig@web.de\">u.meinig@web.de<\/a><br \/>\n(30) Ursula M\u00f6ller, Holzideen, Kenzingen, Tel 07644\/6823, <a href=\"mailto:ursula.moeller@t-online.de\">ursula.moeller@t-online.de<\/a>,<br \/>\n<a href=\"https:\/\/www.moellereng.homepage.t-online.de\/holzideen\">www.moellereng.homepage.t-online.de\/holzideen<\/a><br \/>\n(31-35) Naturseifen, Anita Kaier, Tel 0761\/6964397,\u00a0<a href=\"mailto:info@anitakaier.de\">info@anitakaier.de<\/a><br \/>\n(37-38) Fotografie und Bildkarten, Christof Gerlitz<br \/>\n(39-41) Hildegard Sch\u00fcssleder, Stofffiguren, Schweinchen, Herzen, Handgestricktes aus Ihringen, Tel 07668\/693<br \/>\n<a href=\"mailto:fewo-hsch@web.de\">fewo-hsch@web.de<\/a><br \/>\n(\u00a0 ) \u00a0Die B\u00e4renstube, Evi Dieter, 79100 Freiburg, Tel 0761\/1307623<br \/>\n(\u00a0 ) Petra Schmidt, F-La Haye bei Nancy,\u00a0<a href=\"mailto:schmidtpetra@free.fr\">schmidtpetra@free.fr<\/a> , <a href=\"https:\/\/www.dawanda.com\/mamietricot-petra\">www.dawanda.com\/mamietricot-petra<\/a><\/p>\n<p>&nbsp;<\/p>\n","protected":false},"excerpt":{"rendered":"<p>Home &gt;Business &gt;Markt &gt;Engagement &gt;Weihnachtsmarkt &gt;Weihnachtsmarkt-Littenweiler https:\/\/www.freiburg-schwarzwald.de\/blog\/weihnachtsmarkt-in-littenweiler\/ (8.12.2014) https:\/\/www.freiburg-schwarzwald.de\/blog\/weihnachtsmarkt-fr-littenweiler\/\u00a0(21.11.2013) https:\/\/www.freiburg-schwarzwald.de\/blog\/weihnachtsmarkt-littenweiler\/\u00a0(5.12.2012) Weihnachtsmarkt\u00a02. Advent am 9.12.2012, 11 bis 18 Uhr Weihnachtsmarkt in Littenweiler am 2. Adventssonntag 4.12. 2011 &gt;Littenweiler12 (30.11.11) Littenweiler Weihnachtsmarkt &#8211; ganz beschaulich &gt;Littenweiler11 (6.12.2010) Weihnachtsmarkt am 2.Advent 6.12.2009 &gt;Littenweiler11 &hellip; <a href=\"https:\/\/www.freiburg-schwarzwald.de\/blog\/business\/markt\/weihnachtsmarkt\/weihnachtsmarkt-littenweiler\/\">Weiterlesen <span class=\"meta-nav\">&rarr;<\/span><\/a><\/p>\n","protected":false},"author":4,"featured_media":0,"parent":10440,"menu_order":0,"comment_status":"open","ping_status":"closed","template":"","meta":{"footnotes":""},"class_list":["post-12335","page","type-page","status-publish","hentry"],"_links":{"self":[{"href":"https:\/\/www.freiburg-schwarzwald.de\/blog\/wp-json\/wp\/v2\/pages\/12335","targetHints":{"allow":["GET"]}}],"collection":[{"href":"https:\/\/www.freiburg-schwarzwald.de\/blog\/wp-json\/wp\/v2\/pages"}],"about":[{"href":"https:\/\/www.freiburg-schwarzwald.de\/blog\/wp-json\/wp\/v2\/types\/page"}],"author":[{"embeddable":true,"href":"https:\/\/www.freiburg-schwarzwald.de\/blog\/wp-json\/wp\/v2\/users\/4"}],"replies":[{"embeddable":true,"href":"https:\/\/www.freiburg-schwarzwald.de\/blog\/wp-json\/wp\/v2\/comments?post=12335"}],"version-history":[{"count":0,"href":"https:\/\/www.freiburg-schwarzwald.de\/blog\/wp-json\/wp\/v2\/pages\/12335\/revisions"}],"up":[{"embeddable":true,"href":"https:\/\/www.freiburg-schwarzwald.de\/blog\/wp-json\/wp\/v2\/pages\/10440"}],"wp:attachment":[{"href":"https:\/\/www.freiburg-schwarzwald.de\/blog\/wp-json\/wp\/v2\/media?parent=12335"}],"curies":[{"name":"wp","href":"https:\/\/api.w.org\/{rel}","templated":true}]}}