{"id":122392,"date":"2024-04-09T10:51:32","date_gmt":"2024-04-09T08:51:32","guid":{"rendered":"https:\/\/www.freiburg-schwarzwald.de\/blog\/?page_id=122392"},"modified":"2025-11-07T19:17:36","modified_gmt":"2025-11-07T18:17:36","slug":"argentinien","status":"publish","type":"page","link":"https:\/\/www.freiburg-schwarzwald.de\/blog\/global\/argentinien\/","title":{"rendered":"Argentinien"},"content":{"rendered":"<p>Home &gt;<a title=\"\u00b4Global\" href=\"https:\/\/www.freiburg-schwarzwald.de\/blog\/global\/\">Global<\/a>\u00a0&gt;<a title=\"Partnerschaft\" href=\"https:\/\/www.freiburg-schwarzwald.de\/blog\/engagement\/partnerschaft\/\">Partnerschaft<\/a>\u00a0 &gt;<a href=\"https:\/\/www.freiburg-schwarzwald.de\/blog\/global\/usa\/\">USA<\/a> &gt;<a href=\"https:\/\/www.freiburg-schwarzwald.de\/blog\/global\/kanada\/\">Kanada<\/a> &gt;Argentinien<\/p>\n<div id=\"attachment_106890\" style=\"width: 650px\" class=\"wp-caption alignnone\"><a href=\"https:\/\/www.freiburg-schwarzwald.de\/blog\/wp-content\/uploads\/2022\/12\/demo-freiseinfreiburg6pan221203.jpg\"><img loading=\"lazy\" decoding=\"async\" aria-describedby=\"caption-attachment-106890\" class=\"size-full wp-image-106890\" src=\"https:\/\/www.freiburg-schwarzwald.de\/blog\/wp-content\/uploads\/2022\/12\/demo-freiseinfreiburg6pan221203.jpg\" alt=\"\" width=\"640\" height=\"348\" srcset=\"https:\/\/www.freiburg-schwarzwald.de\/blog\/wp-content\/uploads\/2022\/12\/demo-freiseinfreiburg6pan221203.jpg 640w, https:\/\/www.freiburg-schwarzwald.de\/blog\/wp-content\/uploads\/2022\/12\/demo-freiseinfreiburg6pan221203-180x98.jpg 180w\" sizes=\"auto, (max-width: 640px) 100vw, 640px\" \/><\/a><p id=\"caption-attachment-106890\" class=\"wp-caption-text\">Demo von FreiseinFreiburg am 3.12.2022: Freiheit und Grundrechte<\/p><\/div>\n<ul>\n<li><em>Listenauswahl eines Beitrags: Bitte anklicken oder runterscrollen<\/em><\/li>\n<li>Mises-Panel: Aufbruch zur Freiheit | Q&amp;A der Ludwig von Mises Institut Deutschland\u00a0 (5.11.2025)<\/li>\n<li><a href=\"https:\/\/www.freiburg-schwarzwald.de\/blog\/desinformation-falsch-oder-nix\/\">Desinformation: Falsch oder nix<\/a>\u00a0(28.10.2025)<\/li>\n<li><a href=\"https:\/\/www.freiburg-schwarzwald.de\/blog\/d-mittelstand-pleite-ar-milei\/\">D: Mittelstand pleite \u2013 AR: Milei<\/a>\u00a0(18.8.2025)<\/li>\n<li><a href=\"https:\/\/www.freiburg-schwarzwald.de\/blog\/global\/globalisierung\/wef\/\">Milei am WEF 2025: Freiheit verdammt noch mal!<\/a> (25.1.2025)<\/li>\n<li><a href=\"https:\/\/www.freiburg-schwarzwald.de\/blog\/scholz-d-unhoeflich-zu-milei-ar\/\">Scholz\/D unh\u00f6flich zu Milei\/AR<\/a> (25.6.2024)<\/li>\n<li>Javier Milei: 100 Tage libert\u00e4re Revolution (8.4.2024)<\/li>\n<li><a href=\"https:\/\/www.freiburg-schwarzwald.de\/blog\/friedensjahr-2024-warum-nicht\/\">Wirtschaftskrieg: Argentiniens Pr\u00e4sident Milei appelliert an den WEF: Dem Sozialismus abschw\u00f6ren<\/a>\u00a0(19.1.2024)<\/li>\n<\/ul>\n<ul>\n<li><a href=\"https:\/\/www.freiburg-schwarzwald.de\/blog\/engagement\/zukunft\/demokratie\/freie-marktwirtschaft\/\">Freie Marktwirtschaft<\/a><\/li>\n<li><a href=\"https:\/\/www.freiburg-schwarzwald.de\/blog\/engagement\/zukunft\/demokratie\/kapitalismus\/\">Kapialismus<\/a><\/li>\n<li><a title=\"Konservativ\" href=\"https:\/\/www.freiburg-schwarzwald.de\/blog\/engagement\/zukunft\/demokratie\/konservativ\/\">Konservativ<br \/>\n<\/a><\/li>\n<li><a href=\"https:\/\/www.freiburg-schwarzwald.de\/blog\/engagement\/zukunft\/demokratie\/liberalismus\/libertarismus\/\">Libertarismus<\/a><\/li>\n<li><a href=\"https:\/\/www.freiburg-schwarzwald.de\/blog\/engagement\/zukunft\/marktwirtschaft\/\">Marktwirtschaft<\/a><\/li>\n<li><a title=\"Meta-Ebene-Gesellschaft\" href=\"https:\/\/www.freiburg-schwarzwald.de\/blog\/engagement\/zukunft\/demokratie\/meta-ebene-gesellschaft\/\">Meta-Ebene-Gesellschaft \u2013 \u00fcber was urteilen statt was tun<\/a><\/li>\n<li><a title=\"Neo-Feudalismus\" href=\"https:\/\/www.freiburg-schwarzwald.de\/blog\/global\/globalisierung\/neo-feudalismus\/\">Neo-Feudalismus<\/a><\/li>\n<li><a title=\"Neue-Rechte\" href=\"https:\/\/www.freiburg-schwarzwald.de\/blog\/engagement\/zukunft\/demokratie\/rechts\/neue-rechte\/\">Neue-Rechte<\/a><\/li>\n<li><a href=\"https:\/\/www.freiburg-schwarzwald.de\/blog\/engagement\/zukunft\/demokratie\/privateigentum\/\">Privateigentum<\/a><\/li>\n<li><a title=\"Querfront\" href=\"https:\/\/www.freiburg-schwarzwald.de\/blog\/engagement\/zukunft\/demokratie\/querfront\/\">Querfront<\/a><\/li>\n<li><a title=\"Rechts\" href=\"https:\/\/www.freiburg-schwarzwald.de\/blog\/engagement\/zukunft\/demokratie\/rechts\/\">Rechts<\/a><\/li>\n<li><a title=\"Rechtsstaat\" href=\"https:\/\/www.freiburg-schwarzwald.de\/blog\/selbsthilfe\/soziales\/justiz\/rechtsstaat\/\">Rechtsstaat<\/a><\/li>\n<li><a href=\"https:\/\/www.freiburg-schwarzwald.de\/blog\/engagement\/zukunft\/marktwirtschaft\/soziale-marktwirtschaft\/\">Soziale Marktwirtschaft<\/a><\/li>\n<\/ul>\n<p>&nbsp;<\/p>\n<p><strong>Mises-Panel: Aufbruch zur Freiheit | Q&amp;A der Ludwig von Mises Institut Deutschland\u00a0<\/strong><\/p>\n<p>Die 13. Jahreskonferenz des Ludwig von Mises Instituts Deutschland versammelte sich am 11. Oktober 2025 unter der \u00dcberschrift: \u201eDie Freiheitsrevolution in Argentinien \u2013 Eine Blaupause f\u00fcr den Westen\u201c.<br \/>\nNorbert Bolz, Thorsten Polleit, Philipp Bagus, Stephan Ring und Iv\u00e1n Dubois diskutieren im Panel, moderiert von Andreas Tiedtke, \u00fcber die Zukunft freiheitlicher Ideen, den Zusammenhang von Liberalismus, Christentum und Aufkl\u00e4rung sowie den Kulturkampf zwischen Freiheit und Etatismus.<br \/>\n<a href=\"https:\/\/www.youtube.com\/watch?v=LltVDBBt0Aw\">https:\/\/www.youtube.com\/watch?v=LltVDBBt0Aw<\/a><\/p>\n<p>In der Abschlussrunde zeigen sich alle optimistisch:<br \/>\nIv\u00e1n Dubois spricht von Argentinien als Leuchtfeuer der Hoffnung \u2013 elf Millionen Menschen seien bereits aus der Armut befreit.<br \/>\nPhilipp Bagus warnt vor wachsender Zensur, sieht aber in der globalen Verbreitung libert\u00e4rer Ideen einen unumkehrbaren Trend.<br \/>\nStephan Ring lobt Mileis sozialvertr\u00e4gliche Reformstrategie, die Schritt f\u00fcr Schritt in Richtung Freiheit f\u00fchrt.<br \/>\nThorsten Polleit sieht die Freiheitsidee im Vordringen, w\u00e4hrend der Etatismus an seiner eigenen Unfinanzierbarkeit scheitern muss.<br \/>\nNorbert Bolz schlie\u00dft mit dem Wunsch, dass auch in Europa eines Tages charismatische Figuren wie Musk, Milei oder Trump den Freiheitsgedanken wieder lebendig machen.<br \/>\n0:01:06 Wie erreicht Milei in Argentinien die jungen Leute?<br \/>\n0:04:58 Der Libertarismus kann das religi\u00f6se Vakuum nicht ausf\u00fcllen<br \/>\n0:09:48 Libertarismus &amp; Christentum<\/p>\n<p>0:10:55 Brauchen wir Beamte?<br \/>\n0:13:49 Wie kontert man die Slogans und Narrative der Linken?<br \/>\n0:19:21 Wie bedingen sich Demokratie, Liberalismus &amp; Kapitalismus?<br \/>\n0:23:21 Welche Rolle spielt das Geldwesen f\u00fcr die Freiheit?<br \/>\n0:27:20 Wie unterscheiden sich Austrians von Mainstream-\u00d6konomen?<br \/>\n0:31:02 Wie schlimm ist das argentinische Arbeitsrecht?<br \/>\n0:34:08 Was der Kulturkampf wirklich bedeutet<br \/>\n0:38:06 Die Linke setzt auf Gef\u00fchle statt auf Argumente<br \/>\n0:43:46 Wie entzaubert man die linken L\u00fcgen?<br \/>\n0:47:07 Nettosteuerzahler VS. Nettosteuerkonsumenten<br \/>\n0:51:18 Optimistische Abschluss-Statements der Referenten<br \/>\n5.11.2025, <a href=\"https:\/\/www.youtube.com\/watch?v=LltVDBBt0Aw\">https:\/\/www.youtube.com\/watch?v=LltVDBBt0Aw<\/a><br \/>\n<a href=\"https:\/\/www.misesde.org\/2025\/11\/die-freiheitsrevolution-in-argentinien-das-konferenz-panel-2025\/\">https:\/\/www.misesde.org\/2025\/11\/die-freiheitsrevolution-in-argentinien-das-konferenz-panel-2025\/<\/a><\/p>\n<p>&nbsp;<\/p>\n<p><strong>Javier Milei: 100 Tage libert\u00e4re Revolution<\/strong><br \/>\nAm 26.3.2024 hat der Argentinische Pr\u00e4sident Javier Milei auf dem IEFA (International Economic Forum of Americas) in Buenos Aires eine bislang eher unbeachtete Rede gehalten. Anders als seine Rede in Davos im Januar dieses Jahres ging diese nicht viral, was daran liegen kann, dass er nach nunmehr gut 100 Tagen im Amt zu liefern scheint, was in Davos noch als \u00fcbertriebe Ank\u00fcndigen bel\u00e4chelt werden konnte. Die Rede wird hier nur inhaltlich wiedergegeben, soweit dies aus dem spanischen Original auf der Basis einer automatisierten simultanen \u00dcbertragung in englische Untertitel ohne Spanischkenntnisse m\u00f6glich ist. Das Original ist in YouTube HIER abrufbar. <a href=\"https:\/\/www.youtube.com\/watch?v=IMclDt1YH-o\">https:\/\/www.youtube.com\/watch?v=IMclDt1YH-o<\/a><\/p>\n<p>Zu Beginn wendet sich Milei gegen die \u00dcbersch\u00e4tzung k\u00fcnstlich durch staatlichen Eingriff erzeugten Wachstums, weil dieser Boom unweigerlich zum Bust f\u00fchren muss. Sozialismus, von ihm als \u201ePopulismo\u201c bezeichnet, ist nicht gratis. Die Entwicklungen der letzten 20 Jahre beweisen das.<br \/>\nIn den Neunzigerjahren lag das Durchschnittseinkommen der Argentinier bei rund 800 Dollar, was inflationsbereinigt in 2024 eigentlich 3.000 Dollar sein sollten. Tats\u00e4chlich betr\u00e4gt es heute bei optimistischer Betrachtung maximal noch 600 Dollar. Das sozialistische Abenteuer hat die Argentinier in 20 Jahren somit 80% ihres Wohlstands gekostet.<br \/>\nObwohl Argentiniens Landwirtschaft \u00fcber 400 Millionen Menschen weltweit ern\u00e4hrt, hungern 5 Millionen Argentinier. Und dabei werden bei einer Staatsquote von 70% von jeder Ernte Nahrungsmittel f\u00fcr rund 280 Millionen Menschen mittelbar konfisziert und umverteilt. 50% der Argentinier leben in Armut.<br \/>\nAm Ende des sozialistischen Experiments, bei Mileis Amts\u00fcbernahme im Dezember 2023 betrug das j\u00e4hrliche staatliche Defizit unfassbare 17% des Bruttoinlandsprodukts (BIP). Um das einzuordnen, wei\u00dft Milei drauf hin, dass 4% schon schwierig und 8% bereits als tiefrot und mittelfristig unbeherrschbar anzusehen seien.<\/p>\n<p>In der ersten Dezemberwoche betrug die Inflation 23,1% oder auf Jahresbasis: 3.700%. Hochgerechnet auf den gesamten Monat Dezember betrug sie zum Amtsantritt gesch\u00e4tzte 54% pro Monat, was annualisiert sogar 17.000% und damit Hyperinflation bedeutet.<br \/>\nDie Wirtschaft war seit mehreren Quartalen in der Rezession und wurde nur durch zus\u00e4tzliche schuldenfinanzierte Staatsausgaben gest\u00fctzt. Die Besch\u00e4ftigung des privaten Sektors war auf dem Niveau von 2011. Das BIP pro Einwohner ist 15% niedriger als 2011. Die Zentralbank war \u00fcberschuldet.<br \/>\nAls Zielsetzung f\u00fcr erste Ma\u00dfnahmen, die Milei bereits drei Tage nach Amtsantritt umzusetzen begann, nannte er die Reduzierung der Staatsausgaben, die Stabilisierung des Wechselkurses zum Dollar und die Definition einer neuen glaubw\u00fcrdigen Fiskalpolitik.<\/p>\n<p>Seine Regierung hat den bislang gest\u00fctzten und regulierten Wechselkurs des Pesos zum Dollar in kontrollierten Schritten auf Schwarzmarktniveau gesenkt. Eine finale Freigabe ist geplant, sobald die Nettodollarreserven des Landes 15 Milliarden betragen, um dann m\u00f6glicherweise zu erwartende spekulative Angriffe auf den Peso abwehren zu k\u00f6nnen.<\/p>\n<p>Im Hinblick auf den Staatshaushalt verfolgt Milei eine rigorose Null-Defizit-Politik unter Ber\u00fccksichtigung aller Kosten, also insbesondere auch der Zinsen auf alte Anleihen. Ziel ist das Staatsdefizit in Relation zum BIP langfristig zu senken, damit der Zins als ma\u00dfgebliche Kenngr\u00f6\u00dfe f\u00fcr sinnvolle wirtschaftliche Entscheidungen wieder zum Marktzins ohne b\u00fcrokratische Manipulation durch die Zentralbank zur\u00fcckkehren kann.<\/p>\n<p>Diese Null-Schulden-Politik erm\u00f6gliche es, da der Staat die Zentralbank nicht mehr zur Geldsch\u00f6pfung missbraucht, die Unterdeckung in der Bilanz der Zentralbank in Fremdw\u00e4hrungsreserven, die zum Amtsantritt noch 11,5 Mrd. Dollar betrug, zu beseitigen.<\/p>\n<p>Ziel war es, das Nulldefizit gegen Ende des Jahres 2024 zu erreichen. Daf\u00fcr wurde die \u201cKettens\u00e4ge\u201d angelegt, also die radikale K\u00fcrzung von allem, was rechtlich m\u00f6glich ist, und die nat\u00fcrliche Reduktion der realen Kosten durch Nutzung der Inflation genutzt.<\/p>\n<p>Es wurden ganze B\u00fcrokratien abgeschafft, Transfers an die Provinzen eingestellt und staatliche Transferleistungen, Renten und Geh\u00e4lter, insbesondere in h\u00f6heren Gehaltsklassen, nur teilweise an die Inflation angepasst. 50.000 Mitarbeiter wurden ebenso gek\u00fcndigt wie 70.000 Vertr\u00e4ge und 200.000 irregul\u00e4re soziale Programme wurden gestrichen.<br \/>\nZum sozialen Ausgleich wurden die direkten Zahlungen an die \u00c4rmsten der Bev\u00f6lkerung erh\u00f6ht. Essensgutscheine wurden verdoppelt, der Mutterschutz verdreifacht, der Schulsachenzuschuss vervierfacht und, um geldbedingte Schulwechsel zu vermeiden, die Einf\u00fchrung eines Schulgeldzuschusses f\u00fcr private Schulen beschlossen.<br \/>\nDie Bezieher von Sozialleistungen wurden von ihren Nachweispflichten befreit. Dies hatte zur Folge, dass die kriminellen Strukturen, die bisher von der Kontrolle der Nachweispflicht profitierten und bis zu 50% der Sozialleistungen einbehielten, wegfielen. Ohne zus\u00e4tzliche Haushaltsmittel kommt damit doppelt so viel bei den bed\u00fcrftigen Empf\u00e4ngern an.<br \/>\nZugleich wurde eine direkte Anzeigeschaltung eingerichtet, um kriminelle Vorg\u00e4nge der Vergangenheit gefahrlos melden zu k\u00f6nnen. Bisher sind 300.000 Beschwerden eingegangen und in 18.000 F\u00e4llen wurden bereits Strafverfahren eingeleitet. Der zust\u00e4ndige Minister geht von insgesamt 50.000 bis 100.000 neuen Strafgefangenen aus. Milei w\u00f6rtlich: \u201cSie werden daf\u00fcr zahlen, die sozial Schw\u00e4chsten ausgepresst zu haben\u201d.<\/p>\n<p>Der \u201cSuperhit\u201d, d.h., nach Ausgaben und Zinszahlungen einen Staats\u00fcberschuss zu erzielen, wurde bereits im Januar 2024 erreicht und im Februar fortgesetzt. Die Einsparungen im Staatshaushalt betragen annualisiert 5 % des BIP. Das Defizit der Zentralbank, die f\u00fcr ein j\u00e4hrliches Defizit von 10% stand, ist bereits auf 4% gesunken. Noch nie hat eine Regierung eine derart massive Einsparung von 11% des BIP in nur drei Monaten nach Amtsantritt realisiert.<\/p>\n<p>Das Nulldefizit ist f\u00fcr Milei unverhandelbar:<br \/>\nSchon in der dritten Dezemberwoche 2023, also wenige Tage nach Ank\u00fcndigung der ersten Ma\u00dfnahmen, fielen die Preise im Vergleich zur Vorwoche, was ein unerwartet gutes Zeichen war. Die monatliche Inflation betrug im Dezember daher tats\u00e4chlich nur noch 25% anstelle der erwarteten 54%, im Januar 20% und im Februar 13%, und laut Milei, nach Bereinigung um Einmaleffekte, im Februar sogar nur 7% pro Monat. In der dritten M\u00e4rzwoche stoppte der Preisaufschwung ganz.<\/p>\n<p>Der Wechselkurs zum Dollar wurde stabilisiert, obwohl 11,5 Milliarden Dollar am Markt erworben wurden, ohne die monet\u00e4re Basis in Pesos auszuweiten. Damit wurde die Bilanz der Zentralbank in nur drei Monaten stabilisiert und die Nettounterdeckung der Reserven beseitigt.<br \/>\nDas Staatsrisiko ist von 2900 Punkten (die Berechnungsmethode bleibt leider unklar) auf bereits 1400 Punkte gesunken und die Analysten sehen sie bereits bei 1000 Punkten. Existierende Bonds, die in 2023 noch mit nur 18% des Nominalwertes gehandelt wurden, liegen nun bei 54%.<br \/>\nAls Folge des massiven R\u00fcckgangs staatlicher Ausgaben ist das BIP im ersten Quartal der Regierungszeit um 4,5% gesunken. Vorhergesagt war ein R\u00fcckgang um 6%. Trotz viel radikalerer Anpassung als erwartet schrumpft die Wirtschaft weniger als prognostiziert. Es s\u00e4he sogar schon so aus, als sei der Boden bald erreicht, und einige Analysten rechnen angeblich schon mit einer leichten Erholung.<\/p>\n<p>Die Zahl der Argentinier, die angeben, dass es ihnen in einem Jahr besser gehen wird, stieg von bei Amtsantritt 20% auf im Januar 30% und im Februar 42% und steht Ende M\u00e4rz bei 50%. Und das, obwohl aufgrund der getroffenen Ma\u00dfnahmen und der eintretenden Anfangsverschlechterung die pers\u00f6nliche Lage tats\u00e4chlich noch nicht besser ist.<br \/>\n70% sind \u00fcberzeugt, dass die Inflation enden wird. 50% glauben, dass das noch in 2024 erfolgen wird. Die Menschen haben wieder Hoffnung, trotz der aktuell schwerer werdenden Lage, weil sie erkennen, dass Sozialismus nirgendwo hinf\u00fchrt.<\/p>\n<p>Das Desaster war gem\u00e4\u00df Milei nicht verwunderlich, weil man an der Universit\u00e4t in Buenos Aires zwar Karl Marx kennt, aber weder Ludwig von Mises noch Murray Rothbard. Die Ideologisierung der Ausbildung muss seiner Meinung nach beendet werden.<br \/>\nMilei plant, das Finanzsystem umzubauen. Das sei kein Problem, weil es faktisch kein funktionierendes Finanzsystem g\u00e4be. Die Finanzierung des privaten Nichtbankensektors betr\u00e4gt nur 4% des Kreditvolumens und ist damit faktisch nicht vorhanden. Er will ein Finanzsystem ohne \u201elender of the last resort\u201c. Ziel ist ein freies und wahrscheinlich mit 100% Deckung arbeitendes Bankensystem ohne Zentralbank.<\/p>\n<p>Als besonders ambitioniert kann man Mileis \u00dcberlegung bezeichnen, die Ausgabe von staatlichem Geld unter Strafe zu stellen. Dazu m\u00f6chte er freies Geld als ein Menschenrecht etablieren, so dass selbst eine zuk\u00fcnftige Gesetzes\u00e4nderung die Gefahr einer sp\u00e4teren Strafbarkeit f\u00fcr die involvierten Politiker hat.<\/p>\n<p>Ziel ist ein System mit unterschiedlichen, rechtlich gleichgestellten Geldtypen, deren Wechselkurs von den Menschen in privaten Wechselstuben freiwillig ausgehandelt wird und nicht von B\u00fcrokraten bestimmt. Diese machen es laut Milei entweder falsch oder, wenn sie es richtig machen, kommt das exakt gleiche Ergebnis heraus, so dass man sie nicht braucht.<\/p>\n<p>Auch wenn die ebenfalls kurz nach Amts\u00fcbernahme eingeleiteten gesetzlichen Ma\u00dfnahmen von den Mehrheiten im Parlament blockiert werden, gelingt es Milei durch die ihm rechtlich m\u00f6glichen Ma\u00dfnahmen zu zeigen, dass die Richtung stimmt. Obwohl Mileis Partei nur 7 Senatoren stellt, haben 25 f\u00fcr das Gesetzespaket gestimmt.<\/p>\n<p>Die Art und Weise seines Vorgehens zwingt nach Mileis Ansicht jeden Gegner ins Rampenlicht und zeigt, wer eigene Privilegien mit allen Mitteln auf Kosten und zu Lasten der kleinen Leute beibehalten will, da Milei insbesondere durch die sozialen Netzwerke die \u00d6ffentlichkeit direkt findet und sich nicht scheut, jede Gruppe auch zu benennen.<\/p>\n<p>Seiner Meinung nach gibt es drei Gruppen: Bef\u00fcrworter radikaler Ver\u00e4nderungen, offene Gegner und die gro\u00dfe Gruppe derer, die zwar keine Ver\u00e4nderung bef\u00fcrworten, aber dabei unerkannt bleiben wollen. Diese dritte Gruppe wird durch ihr namentlich bekanntes Abstimmungsverhalten in die \u00d6ffentlichkeit gezwungen. Milei ist zuversichtlich, dass gerade das destruktive Verhalten des Gesetzgebers ihm bei den anstehenden Wahlen in 2025 in die Karten spielt.<\/p>\n<p>Die bisherigen Eliten kommen durch die sichtbaren Erfolge seiner Politik unter Druck und geraten schon jetzt in die Defensive. Er h\u00e4lt diesen Druck aufrecht, indem er an den entscheidenden Stellen keine Kompromisse macht. Desto gr\u00f6\u00dfer seine Erfolge werden und damit desto unentschuldbarer der Widerstand gegen Ver\u00e4nderungen wird, desto gr\u00f6\u00dfer sieht er seine Chancen bei Wahlen.<br \/>\nEr plant im n\u00e4chsten Schritt 3.000 Reformen, von denen 300 aktuell im Gesetzgebungsverfahren sind, und hat angeblich nochmal 20.000 im K\u00f6cher.<\/p>\n<p>Alles in allem sollte man sich meines Erachtens keinen Illusionen hingeben. Milei wird ein kurzes Zeitfenster nach erfolgreichen Wahlen gen\u00fcgen, um komplett und in einer Art zu deregulieren, wie es die Welt bisher nur w\u00e4hrend Revolutionen gesehen hat. Er und seine Mannschaft sind vorbereitet. Wahlumfragen sagen angeblich bis zu 58% voraus und seine Popularit\u00e4t ist trotz der harten Ma\u00dfnahmen hoch. \u201eDie Argentinier wachen auf und werden von L\u00e4mmern zu L\u00f6wen.\u201c<br \/>\n&#8230; Alles vom 8.4.2024 von Stephan Ring bitte lesen auf<br \/>\n<a href=\"https:\/\/www.misesde.org\/2024\/04\/javier-milei-100-tage-libertaere-revolution\/\">https:\/\/www.misesde.org\/2024\/04\/javier-milei-100-tage-libertaere-revolution\/<\/a><br \/>\n.<br \/>\n<em>Dr. Stephan Ring ist Jurist und Vorstand des Ludwig von Mises Institut Deutschland.<\/em><br \/>\nDie Seite <a href=\"https:\/\/www.misesde.org\">https:\/\/www.misesde.org<\/a> bietet hochinteressante zu Volkswirtschaft und Staat. Eine wertvolle Informationsquelle auch f\u00fcr Sch\u00fcler und Studenten.<\/p>\n","protected":false},"excerpt":{"rendered":"<p>Home &gt;Global\u00a0&gt;Partnerschaft\u00a0 &gt;USA &gt;Kanada &gt;Argentinien Listenauswahl eines Beitrags: Bitte anklicken oder runterscrollen Mises-Panel: Aufbruch zur Freiheit | Q&amp;A der Ludwig von Mises Institut Deutschland\u00a0 (5.11.2025) Desinformation: Falsch oder nix\u00a0(28.10.2025) D: Mittelstand pleite \u2013 AR: Milei\u00a0(18.8.2025) Milei am WEF 2025: Freiheit &hellip; <a href=\"https:\/\/www.freiburg-schwarzwald.de\/blog\/global\/argentinien\/\">Weiterlesen <span class=\"meta-nav\">&rarr;<\/span><\/a><\/p>\n","protected":false},"author":2,"featured_media":0,"parent":27,"menu_order":0,"comment_status":"closed","ping_status":"closed","template":"","meta":{"footnotes":""},"class_list":["post-122392","page","type-page","status-publish","hentry"],"_links":{"self":[{"href":"https:\/\/www.freiburg-schwarzwald.de\/blog\/wp-json\/wp\/v2\/pages\/122392","targetHints":{"allow":["GET"]}}],"collection":[{"href":"https:\/\/www.freiburg-schwarzwald.de\/blog\/wp-json\/wp\/v2\/pages"}],"about":[{"href":"https:\/\/www.freiburg-schwarzwald.de\/blog\/wp-json\/wp\/v2\/types\/page"}],"author":[{"embeddable":true,"href":"https:\/\/www.freiburg-schwarzwald.de\/blog\/wp-json\/wp\/v2\/users\/2"}],"replies":[{"embeddable":true,"href":"https:\/\/www.freiburg-schwarzwald.de\/blog\/wp-json\/wp\/v2\/comments?post=122392"}],"version-history":[{"count":5,"href":"https:\/\/www.freiburg-schwarzwald.de\/blog\/wp-json\/wp\/v2\/pages\/122392\/revisions"}],"predecessor-version":[{"id":141239,"href":"https:\/\/www.freiburg-schwarzwald.de\/blog\/wp-json\/wp\/v2\/pages\/122392\/revisions\/141239"}],"up":[{"embeddable":true,"href":"https:\/\/www.freiburg-schwarzwald.de\/blog\/wp-json\/wp\/v2\/pages\/27"}],"wp:attachment":[{"href":"https:\/\/www.freiburg-schwarzwald.de\/blog\/wp-json\/wp\/v2\/media?parent=122392"}],"curies":[{"name":"wp","href":"https:\/\/api.w.org\/{rel}","templated":true}]}}