{"id":122335,"date":"2024-04-07T20:25:14","date_gmt":"2024-04-07T18:25:14","guid":{"rendered":"https:\/\/www.freiburg-schwarzwald.de\/blog\/?page_id=122335"},"modified":"2026-03-29T22:04:56","modified_gmt":"2026-03-29T20:04:56","slug":"kollektivschuld","status":"publish","type":"page","link":"https:\/\/www.freiburg-schwarzwald.de\/blog\/kultur\/erinnerungskultur\/kollektivschuld\/","title":{"rendered":"Kollektivschuld"},"content":{"rendered":"<p><a href=\"https:\/\/freiburg-schwarzwald.de\/blog\">Home<\/a>\u00a0&gt;<a title=\"Zukunft\" href=\"https:\/\/www.freiburg-schwarzwald.de\/blog\/engagement\/zukunft\/\">Zukunft<\/a>\u00a0&gt;<a title=\"Demokratie\" href=\"https:\/\/www.freiburg-schwarzwald.de\/blog\/engagement\/zukunft\/demokratie\/\">Demokratie<\/a> &gt;<a title=\"Deutschland\" href=\"https:\/\/www.freiburg-schwarzwald.de\/blog\/global\/deutschland\/\">Deutschland<\/a>\u00a0&gt;<a title=\"Deutsche-Kultur\" href=\"https:\/\/www.freiburg-schwarzwald.de\/blog\/global\/deutschland\/deutsche-kultur\/\">Deutsche-Kultur<\/a>\u00a0&gt;<a title=\"Erinnerungskultur\" href=\"https:\/\/www.freiburg-schwarzwald.de\/blog\/kultur\/erinnerungskultur\/\">Erinnerungskultur<\/a> &gt;Kollektivschuld<\/p>\n<div id=\"attachment_118103\" style=\"width: 649px\" class=\"wp-caption alignnone\"><a href=\"https:\/\/www.freiburg-schwarzwald.de\/blog\/wp-content\/uploads\/2023\/12\/kaki7hummelhof-pan231206.jpg\"><img loading=\"lazy\" decoding=\"async\" aria-describedby=\"caption-attachment-118103\" class=\"size-full wp-image-118103\" src=\"https:\/\/www.freiburg-schwarzwald.de\/blog\/wp-content\/uploads\/2023\/12\/kaki7hummelhof-pan231206.jpg\" alt=\"\" width=\"639\" height=\"414\" srcset=\"https:\/\/www.freiburg-schwarzwald.de\/blog\/wp-content\/uploads\/2023\/12\/kaki7hummelhof-pan231206.jpg 639w, https:\/\/www.freiburg-schwarzwald.de\/blog\/wp-content\/uploads\/2023\/12\/kaki7hummelhof-pan231206-180x117.jpg 180w\" sizes=\"auto, (max-width: 639px) 100vw, 639px\" \/><\/a><p id=\"caption-attachment-118103\" class=\"wp-caption-text\">Kaki-Fr\u00fcchte am Baum in Freiburg geerntet am 6.12.2023<\/p><\/div>\n<ul>\n<li><em>Listenauswahl eines Beitrags (Artikel\/Datum, Seite\/Inhalt): <span style=\"text-decoration: underline;\">Klicken<\/span> oder scrollen<\/em><\/li>\n<li>Kollektivschuld der wei\u00dfdeutschen M\u00e4nner &#8211; &#8222;T\u00e4terparadies&#8220; (Ricarda lang) (28.3.2026)<\/li>\n<li><a href=\"https:\/\/www.freiburg-schwarzwald.de\/blog\/engagement\/zukunft\/selbsthass\/selbstzerstoerung\/\">Roger Schelske: Sie hassen dieses Land<\/a>\u00a0(5.1.2026)<\/li>\n<li><a href=\"https:\/\/www.freiburg-schwarzwald.de\/blog\/engagement\/zukunft\/selbsthass\/\">Tucker Carlson zerrei\u00dft Deutschlands Selbstverst\u00e4ndnis: \u201eHabe noch nie ein so masochistisches Volk erlebt\u201c<\/a>\u00a0(22.7.2025)<\/li>\n<li><a href=\"https:\/\/www.freiburg-schwarzwald.de\/blog\/global\/deutschland\/gesellschaft\/hysterie\/\">Alexander Meschnig: Deutschland \u2013 eine hysterische Nation?<\/a>\u00a0(16.7.2024)<\/li>\n<li>8,5 von 70 Millionen Deutschen waren in der NSDAP (22.6.2024)<\/li>\n<li>Die verlorene Erbschuld der Deutschen (7.4.2024)<\/li>\n<\/ul>\n<ul>\n<li><a title=\"Demokratie\" href=\"https:\/\/www.freiburg-schwarzwald.de\/blog\/engagement\/zukunft\/demokratie\/\">Demokratie<\/a><\/li>\n<li><a title=\"Deutschland-verrecke\" href=\"https:\/\/www.freiburg-schwarzwald.de\/blog\/global\/deutschland\/deutschland-verrecke\/\">Deutschland verrecke<\/a><\/li>\n<li><a title=\"Dreisam-Mord\" href=\"https:\/\/www.freiburg-schwarzwald.de\/blog\/global\/integration\/dreisam-mord\/\">Dreisam-Mord<\/a><\/li>\n<li><a title=\"Groessenwahn\" href=\"https:\/\/www.freiburg-schwarzwald.de\/blog\/engagement\/zukunft\/groessenwahn\/\">Groessenwahn<\/a><\/li>\n<li><a title=\"Gutmenschen\" href=\"https:\/\/www.freiburg-schwarzwald.de\/blog\/engagement\/gutmenschen\/\">Gutmenschen<\/a><\/li>\n<li><a href=\"https:\/\/www.freiburg-schwarzwald.de\/blog\/global\/deutschland\/gesellschaft\/hysterie\/\">Hysterie<\/a><\/li>\n<li><a title=\"Ideologie\" href=\"https:\/\/www.freiburg-schwarzwald.de\/blog\/engagement\/zukunft\/ideologie\/\">Ideologie<\/a><\/li>\n<li><a title=\"Links\" href=\"https:\/\/www.freiburg-schwarzwald.de\/blog\/engagement\/zukunft\/demokratie\/links\/\">Links<\/a><\/li>\n<li><a title=\"Merkelismus\" href=\"https:\/\/www.freiburg-schwarzwald.de\/blog\/engagement\/zukunft\/demokratie\/merkelismus\/\">Merkelismus<\/a><\/li>\n<li><a title=\"Nazi\" href=\"https:\/\/www.freiburg-schwarzwald.de\/blog\/religion\/juden\/nazi\/\">Nazi<\/a><\/li>\n<li><a title=\"Patriotismus\" href=\"https:\/\/www.freiburg-schwarzwald.de\/blog\/engagement\/zukunft\/demokratie\/patriotismus\/\">Patriotismus<\/a><\/li>\n<li><a title=\"Rechts\" href=\"https:\/\/www.freiburg-schwarzwald.de\/blog\/engagement\/zukunft\/demokratie\/rechts\/\">Rechts<\/a><\/li>\n<li><a title=\"Rechtsstaat\" href=\"https:\/\/www.freiburg-schwarzwald.de\/blog\/selbsthilfe\/soziales\/justiz\/rechtsstaat\/\">Rechtsstaat<\/a><\/li>\n<li><a href=\"https:\/\/www.freiburg-schwarzwald.de\/blog\/engagement\/zukunft\/schuld\/\">Schuld<\/a><\/li>\n<li><a title=\"Selbsthass\" href=\"https:\/\/www.freiburg-schwarzwald.de\/blog\/engagement\/zukunft\/selbsthass\/\">Selbsthass<\/a><\/li>\n<li><a href=\"https:\/\/www.freiburg-schwarzwald.de\/blog\/engagement\/zukunft\/selbsthass\/selbstzerstoerung\/\">Selbstzerst\u00f6rung<\/a><\/li>\n<li><a title=\"Schuld\" href=\"https:\/\/www.freiburg-schwarzwald.de\/blog\/engagement\/zukunft\/schuld\/\">Schuld \u2013 Nazizeit<\/a><\/li>\n<li><a title=\"Volk\" href=\"https:\/\/www.freiburg-schwarzwald.de\/blog\/engagement\/zukunft\/demokratie\/volk\/\">Volk<\/a><\/li>\n<li><a title=\"Werte\" href=\"https:\/\/www.freiburg-schwarzwald.de\/blog\/global\/integration\/werte\/\">Werte<\/a><\/li>\n<li><a title=\"Zukunftsfaehiges-Deutschland\" href=\"https:\/\/www.freiburg-schwarzwald.de\/blog\/engagement\/zukunft\/zukunftsfaehiges-deutschland\/\">Zukunftsf\u00e4higes Deutschland<\/a><\/li>\n<\/ul>\n<p>Auf die bei der allj\u00e4hrlichen Erinnerung an die Reichspogromnacht vom 9. November 1938 immer wieder gestellte Frage \u201eWie es nur so weit kommen konnte\u201c gab Henryk M. Broder am 7.10.2028 diese Antwort:<br \/>\n<strong><em>\u201eWenn ihr euch fragt, wie es damals passieren konnte:<\/em><\/strong><br \/>\n<strong><em>weil sie damals so waren, wie ihr heute seid.\u201c<\/em><\/strong><br \/>\n============================================================<br \/>\n.<br \/>\n.<\/p>\n<p><strong>Kollektivschuld der wei\u00dfdeutschen M\u00e4nner &#8211; &#8222;T\u00e4terparadies&#8220; (Ricarda lang)<\/strong><br \/>\n<a href=\"https:\/\/www.freiburg-schwarzwald.de\/blog\/vergewaltigung-virtuell-digital\/\">Der gro\u00dfe Fernandes-Neubauer-HateAid-Hayali-Flachfake<\/a><br \/>\nDie f\u00fcr den Fernandes-Titel zust\u00e4ndige Spiegel-Redakteurin Juliane L\u00f6ffler erkl\u00e4rte ganz offen, nat\u00fcrlich habe ihr Blatt \u00fcber das Gesetzesvorhaben der Justizministerin Bescheid gewusst und die Ver\u00f6ffentlichung darauf abgestimmt. Interessanter wirkt, was L\u00f6ffler au\u00dferdem sagt: Es gebe \u201eseit langem wieder Vorw\u00fcrfe in Deutschland\u201c, und es verhalte sich deshalb so, dass sich \u201eein seit langem angestautes Bed\u00fcrfnis entl\u00e4dt\u201c. Sexuelle \u00dcbergriffe gibt es nat\u00fcrlich nicht zum ersten Mal seit langem wieder, sondern t\u00e4glich und mehrfach, ob nun vertuscht wie in Berlin-Neuk\u00f6lln oder ganz offen. Um das festzustellen, gen\u00fcgt ein Blick in die polizeiliche Kriminalstatistik, etwa in diese Auflistung von 2024. Keine dieser Vergewaltigungen ereignete sich nur virtuell.<br \/>\n&#8230;<br \/>\nAus den Zahlen geht allerdings auch hervor, was die Spiegel-Frau eigentlich meint: Es gibt endlich wieder einen Vorgang mit einem teilprominenten, zum Monster aufgepumpten wei\u00dfdeutschen Mann namens Christian. Eine Vergewaltigung in einem Jugendzentrum (oder wie in Illerkirchberg geschehen) erz\u00e4hlt sich medial schnell, da diese Taten einem immergleichen Schema folgen. Au\u00dferdem lassen sich die unprominenten Opfer im Anschluss nicht verwursten, weshalb sie auch stets namenlos bleiben.<\/p>\n<p>Ganz anders bei dem Flachschwindel: Deepfake, das Netz, K\u00fcnstliche Intelligenz, der Schurke Elon Musk \u2013 hier dr\u00e4ngen sich die Klingelworte praktisch von selbst in eine lange Reihe. Manche Medienpersonen \u00fcbertreffen sich dabei selbst. Und gerade weil bisher kaum jemand wei\u00df, was sich tats\u00e4chlich abspielte, k\u00f6nnen Medienschaffende seitenlang raunen, spekulieren und, gro\u00dfe \u00fcberraschende Pointe, mehr Internetkontrolle fordern. Die Argumentation l\u00e4uft als v\u00f6llig geschlossener Kreislauf: Weil Fernandes eine Beschuldigung vorbringt, die der Spiegel zu einer Titelgeschichte aufbl\u00e4st, gilt der Beschuldigte praktisch schon als \u00fcberf\u00fchrt und eigentlich nicht mehr so wichtig. Denn sp\u00e4testens von diesem Moment an geht es sowieso um alle M\u00e4nner, um aufmerksamkeits\u00f6konomische \u00dcbergewinne f\u00fcr alle, die wie Neubauer fr\u00fch in diesen Fall investierten, um die Rettung der Steuergeldscheffel f\u00fcr HateAid et al., um einen pauschalen Opferstatus f\u00fcr Frauen und gegen das toxische Patriarchat. Stellt die Staatsanwaltschaft die Ermittlungen mangels juristischer Substanz ein, dann liegt wiederum der finale Beweis f\u00fcr das \u201eT\u00e4terparadies Deutschland\u201c vor.<\/p>\n<p>Egal wie herum sich das propagandistische Getriebe also dreht: \u201eDie Schuld ist immer zweifellos\u201c (Franz Kafka). Am sch\u00f6nsten dr\u00fcckte das die Stern-Kolumnistin Jagoda Marini\u0107 aus: \u201eGanz gleich, ob die Vorw\u00fcrfe gegen ihren Ex-Mann sich erh\u00e4rten, es ist klar geworden: Jede kann zum Opfer werden.\u201c<\/p>\n<p>Apropos \u201ealle M\u00e4nner\u201c: Die Mitarbeiterin des Jugendclubs in Kreuzberg, die Leiterin des Jugendamtes, die Bezirksstadtr\u00e4tin \u2013 bei denjenigen, die offenbar die T\u00e4ter deckten, handelt es sich um eine reine Frauenriege. Es waren zwei Frauen, einmal Anne Wizorek im ZDF, und neben ihr eine ARD-Kollegin, die nach der Neujahrs\u00fcbergriffsparty 2015\/16 in K\u00f6ln blitzschnell die Entlastungsl\u00fcge an die Front warfen, auf dem Oktoberfest ginge es genauso schlimm oder noch schlimmer zu. Es war eine Richterin, die in einem spektakul\u00e4ren Prozess acht von neun der angeklagten Gruppenvergewaltigern nicht in den Knast schickte. Und eine NDR-Redakteurin, die das Urteil verteidigte. W\u00e4re es deshalb gerechtfertigt zu behaupten, alle Frauen w\u00fcrden migrantische T\u00e4ter decken? Nein, es w\u00e4re Unsinn. Aber jemand, der die Logik der Flachschwindler kopiert, d\u00fcrfte so argumentieren.<\/p>\n<p>Was l\u00e4sst sich aus dem Superficial fake neben den aufgez\u00e4hlten Punkten noch lernen? Erstens, dass die Linke, die f\u00fcr sich st\u00e4ndig in Anspruch nimmt, die Institutionen des Rechtsstaats gegen die finsteren Populisten zu verteidigen, eben diesen Rechtsstaat ohne zu z\u00f6gern und mit Freuden in die Tonne tritt, wenn es ihr taktisch und strategisch passt. Das Milieu, das nach jedem von Migranten begangenen Verbrechen dazu aufruft, das Ereignis blo\u00df nicht zu instrumentalisieren, das in diesen F\u00e4llen st\u00e4ndig vor einem Generalverdacht warnt und peinlich darauf achtet, dass selbst auf frischer Tat Ertappte wie der syrische M\u00f6rder von Aschaffenburg oder der afghanische Terrorfahrer von M\u00fcnchen bis zur Verurteilung nur mutma\u00dfliche T\u00e4ter hei\u00dfen d\u00fcrfen, erkl\u00e4ren hier Christian Ulmen nicht nur ohne jede Relativierung zum T\u00e4ter wie der Gr\u00fcnen-Bundestagsabgeordnete Timon Dzienus. Sondern folgert daraus auch eine Kollektivschuld aller M\u00e4nner, die sich nicht schnell genug genau dieser irren Pauschalverd\u00e4chtigung anschlie\u00dfen<br \/>\nAlles vom 28.3.2026 von Alexander Wendt bitte lesen auf<br \/>\n<a href=\"https:\/\/www.publicomag.com\/2026\/03\/der-grosse-fernandes-neubauer-hateaid-hayali-flachfake\/\">https:\/\/www.publicomag.com\/2026\/03\/der-grosse-fernandes-neubauer-hateaid-hayali-flachfake\/<\/a><\/p>\n<p>&nbsp;<\/p>\n<p>&nbsp;<\/p>\n<p><strong>8,5 von 70 Millionen Deutschen waren in der NSDAP<\/strong><br \/>\nIm Jahr 1939 lebten 70 Millionen Menschen in Deutschland, die NSDAP z\u00e4hlte zuletzt 8,5 Millionen Mitglieder (700.000 davon allerdings in \u00d6sterreich); da keine Bonze, kein SA- oder SS-Mann nicht auch zugleich Parteimitglied war, sind sie in der Statistik enthalten. Wir haben es also mit 8,5 Millionen mehr oder weniger fanatischen Anh\u00e4ngern der NS-Ideologie zu tun, wobei sich nat\u00fcrlich in der NSDAP ebenso viele Karrieristen, Mitl\u00e4ufer und Hineingen\u00f6tigte versammelten wie sp\u00e4ter in der SED oder unl\u00e4ngst bei den Demos gegen \u201erechts\u201d. So oder so: Die echten Nazis waren eine Minderheit im Reich, Funktionstr\u00e4ger, Beamte, Offiziere, Schreibtischt\u00e4ter und schlie\u00dflich Massenm\u00f6rder waren wiederum Minderheiten in dieser Minderheit, weshalb es heute zwar eine \u00fcppige Schar von Nazi-Nachkommen geben mag, aber in der Masse der Unbelasteten bilden sie nur eine Minorit\u00e4t. Au\u00dferdem existiert eine Kollektivschuld ebensowenig wie eine Erbschuld.<br \/>\n&#8230; Alles vom 22.6.2024 von Michael Klonovsky bitte lesen auf<br \/>\n<a href=\"https:\/\/www.klonovsky.de\/2024\/06\/22-juni-2024\/\">https:\/\/www.klonovsky.de\/2024\/06\/22-juni-2024\/<\/a><\/p>\n<p>&nbsp;<\/p>\n<p><strong>Die verlorene Erbschuld der Deutschen<\/strong><br \/>\n<strong>Oma und Opa, die alten Nazischweine<\/strong><br \/>\nDer neo-identit\u00e4re Spiegel entdeckt die genetische Verantwortung: Alle Deutschen sollen in ihrem Stammbuch nach der Nazi-Vergangenheit von Opa und Oma forschen. In einem zweiten Teil bei Alexander-Wallasch.de geht es dann in einer Spiegel-Story um tiefgefrorenes ukrainisches Heldensperma, welches die Gene des ukrainischen Volkes retten soll.<br \/>\nDer Spiegel wandelte bereits Anfang 2023 <a href=\"https:\/\/www.spiegel.de\/ausland\/ukrainekrieg-warum-soldaten-ihr-sperma-einfrieren-um-kinder-zu-bekommen-a-a4afe809-f164-431a-9fce-4e2c53573c8b\">https:\/\/www.spiegel.de\/ausland\/ukrainekrieg-warum-soldaten-ihr-sperma-einfrieren-um-kinder-zu-bekommen-a-a4afe809-f164-431a-9fce-4e2c53573c8b<\/a> auf den Pfaden der J\u00e4ger der verlorenen deutschen Erbschuld und Erbs\u00fcnde: Das Gates-finanzierte, regierungsnahe Magazin aus Hamburg, dass mit dem Corona-Regime, der illegalen Massenzuwanderung und der Kriegstreiberei in der Ukraine kollaboriert hat, machte seinen Lesern zuletzt klar, dass deren Gro\u00dfeltern und Urgro\u00dfeltern pers\u00f6nlich den Holocaust und Hitlers Angriffskriege mit zu verantworten haben.<br \/>\nDas Blatt gab Anleitung, wie sich zweifelsfrei belegen l\u00e4sst, dass man aus einer dieser miesen deutschen T\u00e4terfamilie <a href=\"https:\/\/www.spiegel.de\/geschichte\/familiengeschichte-im-nationalsozialismus-waren-ihre-vorfahren-nazi-taeter-a-dea82e03-f2b1-4c5f-aa04-be38d6550491\">https:\/\/www.spiegel.de\/geschichte\/familiengeschichte-im-nationalsozialismus-waren-ihre-vorfahren-nazi-taeter-a-dea82e03-f2b1-4c5f-aa04-be38d6550491<\/a> stammt:<br \/>\n\u201eKaum jemand wei\u00df genau, was (Ur-)Opa oder (Ur-)Oma im Nationalsozialismus gemacht haben. Dabei l\u00e4sst sich das mit etwas Hartn\u00e4ckigkeit herausfinden. Hier erfahren Sie, wie Sie am besten vorgehen.\u201c<br \/>\n&#8230; Alles vom 7.4.2024 bitte lesen auf<br \/>\n<a href=\"https:\/\/www.alexander-wallasch.de\/gesellschaft\/die-verlorene-erbschuld-der-deutschen\">https:\/\/www.alexander-wallasch.de\/gesellschaft\/die-verlorene-erbschuld-der-deutschen<\/a><br \/>\n.<br \/>\nEinige Kommentare:<br \/>\nZum Thema Kollektivschuld hat der gl\u00e4nzende und leider vergessene Stilist Ludwig Marcuse (nicht zu verwechseln mit Herbert) das Wesentliche gesagt: &#8222;Ich bin aber leidenschaftlich gegen den Begriff, der im &#8218;Hexenhammer&#8216; stehen k\u00f6nnte: Kollektivschuld. Sie ist das Produkt eines Kollektivwahns. Sie ist der Ausdruck einer Hitlermethode, die Praxis der baren Unmenschlichkeit: vom Einzelnen abzusehen und nur in Gruppen zu denken. [&#8230;] Kein Verzeichnis der Greuel sollte uns dahin bringen, so unzul\u00e4nglich f\u00fcr das Individuum zu sein, wie es die verstorbene deutsche Gewalt war.&#8220; (Mein zwanzigstes Jahrhundert, 1960) E.K.<br \/>\n.<br \/>\nDie Erz\u00e4hlung von der Kollektivschuld bzw. Erbs\u00fcnde der Deutschen ist nicht neu und auch nicht verloren. Im Gegenteil geh\u00f6rt sie mehr denn je zur Staatsdoktrin und wird nach Bedarf hochgefahren, zum Beispiel um Wiedergutmachungsaktionen zu legitimieren (Finanzierung der Ukraine, Klima-Politik, Migration&#8230;). Das ist gemeint, wenn von der Politik die &#8222;besondere Verantwortung&#8220; Deutschlands beschworen wird.<br \/>\nSeit den sp\u00e4ten 70ern hat sich das Narrativ zunehmend durchgesetzt. Wurden die NS-Verbrechen zun\u00e4chst den damaligen Machthabern zugerechnet, wurden danach mehr und mehr &#8222;die Deutschen an sich&#8220; daf\u00fcr verantwortlich gemacht. Daf\u00fcr gab und gibt es einfach zuviel Interessierte, nicht zuletzt die Familien der Gro\u00dfkonzerne, die mit den Nazis paktiert und enorme Gewinne eingefahren hatten und die sich mit der Kollektivschuld Entlastung verschaffte: &#8222;Waren &#8218;wir&#8216; nicht alle gemeinsam Schuld?&#8220; Die Kollektivschuld wird weiterleben. Und das Volk wird wiederk\u00e4uen, was man ihm vorsetzt. Wie immer. Ste<br \/>\n.<br \/>\n\u2026 vornweg; es gibt keine Kollektivschuld. Nur eine Ideologie kann schuldig sein. Aber selbst f\u00fcr Anh\u00e4nger einer Ideologie, gilt, wenn, die individuelle Schuld.<br \/>\nSchuld ist individuell. Schuld, S\u00fcnde, wird immer nur von Einzelnen begangen. Auch wenn viele zusammen und zugleich s\u00fcndigen, ist die S\u00fcnde stets nur existent als Verfehlung des Einzelnen oder eben vieler Einzelner. Nicht ein Kollektiv s\u00fcndigt, sondern allenfalls die Gesamtheit der darin zusammengefassten Personen je f\u00fcr sich.<br \/>\n&#8218;Die These von der Kollektivschuld ist unhaltbar. Wer auf die Schuld anderer hinweist, bezichtigt diese der Schuld.&#8216; (Prof. Georg May) &#8230; kan<br \/>\nEnde Kommentare<\/p>\n","protected":false},"excerpt":{"rendered":"<p>Home\u00a0&gt;Zukunft\u00a0&gt;Demokratie &gt;Deutschland\u00a0&gt;Deutsche-Kultur\u00a0&gt;Erinnerungskultur &gt;Kollektivschuld Listenauswahl eines Beitrags (Artikel\/Datum, Seite\/Inhalt): Klicken oder scrollen Kollektivschuld der wei\u00dfdeutschen M\u00e4nner &#8211; &#8222;T\u00e4terparadies&#8220; (Ricarda lang) (28.3.2026) Roger Schelske: Sie hassen dieses Land\u00a0(5.1.2026) Tucker Carlson zerrei\u00dft Deutschlands Selbstverst\u00e4ndnis: \u201eHabe noch nie ein so masochistisches Volk erlebt\u201c\u00a0(22.7.2025) Alexander &hellip; <a href=\"https:\/\/www.freiburg-schwarzwald.de\/blog\/kultur\/erinnerungskultur\/kollektivschuld\/\">Weiterlesen <span class=\"meta-nav\">&rarr;<\/span><\/a><\/p>\n","protected":false},"author":2,"featured_media":0,"parent":71360,"menu_order":0,"comment_status":"closed","ping_status":"closed","template":"","meta":{"footnotes":""},"class_list":["post-122335","page","type-page","status-publish","hentry"],"_links":{"self":[{"href":"https:\/\/www.freiburg-schwarzwald.de\/blog\/wp-json\/wp\/v2\/pages\/122335","targetHints":{"allow":["GET"]}}],"collection":[{"href":"https:\/\/www.freiburg-schwarzwald.de\/blog\/wp-json\/wp\/v2\/pages"}],"about":[{"href":"https:\/\/www.freiburg-schwarzwald.de\/blog\/wp-json\/wp\/v2\/types\/page"}],"author":[{"embeddable":true,"href":"https:\/\/www.freiburg-schwarzwald.de\/blog\/wp-json\/wp\/v2\/users\/2"}],"replies":[{"embeddable":true,"href":"https:\/\/www.freiburg-schwarzwald.de\/blog\/wp-json\/wp\/v2\/comments?post=122335"}],"version-history":[{"count":5,"href":"https:\/\/www.freiburg-schwarzwald.de\/blog\/wp-json\/wp\/v2\/pages\/122335\/revisions"}],"predecessor-version":[{"id":147219,"href":"https:\/\/www.freiburg-schwarzwald.de\/blog\/wp-json\/wp\/v2\/pages\/122335\/revisions\/147219"}],"up":[{"embeddable":true,"href":"https:\/\/www.freiburg-schwarzwald.de\/blog\/wp-json\/wp\/v2\/pages\/71360"}],"wp:attachment":[{"href":"https:\/\/www.freiburg-schwarzwald.de\/blog\/wp-json\/wp\/v2\/media?parent=122335"}],"curies":[{"name":"wp","href":"https:\/\/api.w.org\/{rel}","templated":true}]}}