{"id":121800,"date":"2024-03-20T18:33:55","date_gmt":"2024-03-20T17:33:55","guid":{"rendered":"https:\/\/www.freiburg-schwarzwald.de\/blog\/?page_id=121800"},"modified":"2026-02-26T08:36:00","modified_gmt":"2026-02-26T07:36:00","slug":"gesinnungspruefung","status":"publish","type":"page","link":"https:\/\/www.freiburg-schwarzwald.de\/blog\/engagement\/zukunft\/demokratie\/gesinnungsethik\/gesinnungspruefung\/","title":{"rendered":"Gesinnungspr\u00fcfung"},"content":{"rendered":"<p><a href=\"https:\/\/www.freiburg-schwarzwald.de\/blog\">Home<\/a>\u00a0&gt;<a title=\"Engagement\" href=\"https:\/\/www.freiburg-schwarzwald.de\/blog\/engagement\/\">Engagement<\/a>\u00a0&gt;<a title=\"Buergerbeteiligung\" href=\"https:\/\/www.freiburg-schwarzwald.de\/blog\/engagement\/buergerbeteiligung\/\">Buergerbeteiligung<\/a> &gt;<a title=\"Demokratie\" href=\"https:\/\/www.freiburg-schwarzwald.de\/blog\/engagement\/zukunft\/demokratie\/\">Demokratie<\/a> &gt;<a href=\"https:\/\/www.freiburg-schwarzwald.de\/blog\/engagement\/zukunft\/demokratie\/gesinnungsethik\/\">Gesinnungsethik<\/a> &gt;Gesinnungspr\u00fcfung<\/p>\n<div id=\"attachment_106890\" style=\"width: 650px\" class=\"wp-caption alignnone\"><a href=\"https:\/\/www.freiburg-schwarzwald.de\/blog\/wp-content\/uploads\/2022\/12\/demo-freiseinfreiburg6pan221203.jpg\"><img loading=\"lazy\" decoding=\"async\" aria-describedby=\"caption-attachment-106890\" class=\"size-full wp-image-106890\" src=\"https:\/\/www.freiburg-schwarzwald.de\/blog\/wp-content\/uploads\/2022\/12\/demo-freiseinfreiburg6pan221203.jpg\" alt=\"\" width=\"640\" height=\"348\" srcset=\"https:\/\/www.freiburg-schwarzwald.de\/blog\/wp-content\/uploads\/2022\/12\/demo-freiseinfreiburg6pan221203.jpg 640w, https:\/\/www.freiburg-schwarzwald.de\/blog\/wp-content\/uploads\/2022\/12\/demo-freiseinfreiburg6pan221203-180x98.jpg 180w\" sizes=\"auto, (max-width: 640px) 100vw, 640px\" \/><\/a><p id=\"caption-attachment-106890\" class=\"wp-caption-text\">Demo von FreiseinFreiburg am 3.12.2022: Freiheit und Grundrechte<\/p><\/div>\n<ul>\n<li><em>Listenauswahl eines Beitrags (Artikel\/Datum, Seite\/Inhalt):\u00a0<span style=\"text-decoration: underline;\">Klicken<\/span>\u00a0oder scrollen<\/em><\/li>\n<li><a href=\"https:\/\/www.freiburg-schwarzwald.de\/blog\/engagement\/zukunft\/demokratie\/verfassung\/verfassungsschutz\/staatsschutz\/\">Der Staatsschutz ermittelt: Die \u201efalsche Meinung\u201c als Ermittlungsfall<\/a>\u00a0(24.2.2026)<\/li>\n<li><a href=\"https:\/\/www.freiburg-schwarzwald.de\/blog\/kultur\/kunst\/satire\/\">Die gar nicht so lustige Geschichte vom Tod der Satire<\/a>\u00a0(27.9.2025)<\/li>\n<li><a href=\"https:\/\/www.freiburg-schwarzwald.de\/blog\/kultur\/kulturverlust\/sprachregime\/\">Die \u201eNeuen deutschen Medienmacher\u201c spielen Sprachpolizei und untergraben die Demokratie<\/a>\u00a0(27.9.2025)<\/li>\n<li><a href=\"https:\/\/www.freiburg-schwarzwald.de\/blog\/selbsthilfe\/jugend\/jugend-opfer\/\">Thorsten Hinz: Loretta bzw. deutsche Jugendliche als Opfer<\/a>\u00a0(5.4.2024)<\/li>\n<li><a href=\"https:\/\/www.freiburg-schwarzwald.de\/blog\/bildung\/schulen\/loretta-schule\/\">P\u00e4dagogik der Einsch\u00fcchterung von Sch\u00fclern \u2013 Loretta<\/a>\u00a0(21.3.2024)<\/li>\n<li><a href=\"https:\/\/www.freiburg-schwarzwald.de\/blog\/taeter-opfer-umkehr-an-schulen\/\">T\u00e4ter-Opfer-Umkehr an Schulen<\/a> (24.3.2024)<\/li>\n<li>Die Sch\u00fclerin Loretta bei der Gef\u00e4hrderansprache: \u201eWie eine Straft\u00e4terin\u201c (22.3.2024)<\/li>\n<li><a href=\"https:\/\/www.freiburg-schwarzwald.de\/blog\/friedensbewegung-schulgewalt\/\">Friedensbewegung Schulgewalt<\/a>\u00a0(20.3.2024)<\/li>\n<li>Nach Meinungsterror: Jetzt auch noch Rufmord an Sch\u00fclerin (20.3.2024)<\/li>\n<li>Die vergiftete Medienkampagne gegen Loretta: Was steckt dahinter? (19.3.2024)<\/li>\n<li><a href=\"https:\/\/www.freiburg-schwarzwald.de\/blog\/rektor-denunziert-schuelerin\/\">Rektor denunziert Sch\u00fclerin<\/a> (17.3.2024)<\/li>\n<li><a href=\"https:\/\/www.freiburg-schwarzwald.de\/blog\/engagement\/zukunft\/barbe\/\">Barbe zum 18.3.: Assange Haft \u2013 DDR 1990 Wahl \u2013 Loretta denunziert<\/a>\u00a0(18.3.2024)<\/li>\n<li><a href=\"https:\/\/www.freiburg-schwarzwald.de\/blog\/global\/integration\/fluechtlinge-kriminalitaet\/opfer-taeter-umkehr\/\">Opfer-T\u00e4ter-Umkehr bei Schulgewalt am Gymnasium Ribnitz-Damgarte<\/a>n (19.3.2024)<\/li>\n<li><a href=\"https:\/\/www.freiburg-schwarzwald.de\/blog\/bildung\/schulen\/schulen-gewalt\/\">Polizei mit zweierlei Ma\u00df bei Schulgewalt<\/a>\u00a0(19.3.2024)<\/li>\n<li>Wie Politiker und Medien die Aff\u00e4re um die Tiktok-Sch\u00fclerin kleinreden wollen (19.3.2024)<\/li>\n<li>Von Lehrern eingesch\u00fcchtert und denunziert: \u201dWie soll sich die Gemeinschaft Dir gegen\u00fcber verhalten?\u201d (18.3.2024)<\/li>\n<li><\/li>\n<li><a href=\"https:\/\/www.freiburg-schwarzwald.de\/blog\/engagement\/zukunft\/demokratie\/denunziation\/\">Denunziation<\/a><\/li>\n<li><a href=\"https:\/\/www.freiburg-schwarzwald.de\/blog\/kultur\/medien\/gesinnungsdiktatur\/\">Gesinnungsdiktatur<\/a><\/li>\n<li><a href=\"https:\/\/www.freiburg-schwarzwald.de\/blog\/engagement\/zukunft\/demokratie\/verfassung\/verfassungsschutz\/gesinnungspolizei\/\">Gesinnungspolizei<\/a><\/li>\n<li><a href=\"https:\/\/www.freiburg-schwarzwald.de\/blog\/selbsthilfe\/jugend\/jugend-opfer\/\">Jugend-Opfer<\/a><\/li>\n<li><a href=\"https:\/\/www.freiburg-schwarzwald.de\/blog\/bildung\/schulen\/loretta-schule\/\">Loretta-Schule<\/a><\/li>\n<li><a href=\"https:\/\/www.freiburg-schwarzwald.de\/blog\/bildung\/schulen\/schulen-gewalt\/\">Schulen-Gewalt<\/a><\/li>\n<li><a href=\"https:\/\/www.freiburg-schwarzwald.de\/blog\/engagement\/zukunft\/demokratie\/verfassung\/verfassungsschutz\/staatsschutz\/\">Staatsschutz<\/a><\/li>\n<\/ul>\n<p><strong>Loretta &#8211; Gesinnnungspr\u00fcfung nach Denunziation wegen Tiktok-Post:<\/strong><br \/>\nDie 16-j\u00e4hrige Sch\u00fclerin Loretta eines Gymnasiums in Ribnitz-Damgarten wird am 27.2.2024 von drei Polizisten und dem Schulleiter aus dem Unterricht abgef\u00fchrt und einer Gef\u00e4hrderansprache unterzogen. Infos auf dieser Seite und auch <a href=\"https:\/\/www.freiburg-schwarzwald.de\/blog\/rektor-denunziert-schuelerin\/\">hier.<\/a><br \/>\n=============================================================<br \/>\n.<\/p>\n<p>&nbsp;<\/p>\n<p><strong>Die Sch\u00fclerin Loretta bei der Gef\u00e4hrderansprache: \u201eWie eine Straft\u00e4terin\u201c<\/strong><br \/>\nInterview: Ein Schulrektor ruft die Polizei, weil eine Sch\u00fclerin im Internet ihre politische Meinung \u00e4u\u00dfert \u2013 die holt das M\u00e4dchen aus der Klasse und verlangt, sie soll damit aufh\u00f6ren. Was sich liest wie eine Farce erweist sich f\u00fcr Loretta und ihre Familie als bitteres Drama<br \/>\n&#8230;<br \/>\nFrau B., laut Landesinnenminister Christian Pegel haben die Beamten \u201edie Verh\u00e4ltnism\u00e4\u00dfigkeit gewahrt\u201c.<br \/>\nB.: Ich bitte Sie, Loretta wurde vor aller Augen quasi abgef\u00fchrt! Wenn Herr Pegel nun sagt, sie sei ja nicht in Handschellen gelegt worden, ist das zynisch.<br \/>\n&#8230;<br \/>\nMoment, sp\u00e4testens da m\u00fcssen die Polizisten doch gesagt haben: es geht hier nicht um die AfD, wir sprechen von Ihrem Posieren im Internet.<br \/>\nLoretta: Nein. Einer sagte nur, ich h\u00e4tte auf Tiktok \u201ezu viel Nationalstolz\u201c gezeigt, aber das pa\u00dft ja ebenso auf meine AfD-Videos.<br \/>\nBitte? Dir wurde w\u00f6rtlich \u201ezu viel Nationalstolz\u201c vorgeworfen?<br \/>\nLoretta: Ja.<br \/>\n&#8230;<br \/>\nWer \u00f6ffentlich eine andere Meinung \u00e4u\u00dfert, braucht in Mecklenburg also bereits den Beistand der Polizei?<br \/>\nB.: Nachdem diese ja alles daf\u00fcr getan hat, <em><strong>da\u00df mein Kind nun \u00f6ffentlich wie eine rechtsextreme Gewaltt\u00e4terin dasteht, habe ich diese Angst tats\u00e4chlich!<\/strong> <\/em>Dabei ist Loretta eine tolle Pers\u00f6nlichkeit, mit starkem Charakter, die, wie wir es ihr beigebracht haben, respektvoll mit Menschen umgeht und tolerant gegen\u00fcber anderen Ansichten und Meinungen ist. Jemanden einfach zu beleidigen, niederzumachen, zu mobben, kenne ich von ihr nicht. Sonst w\u00e4re ich die erste auf der Zinne! Aber ich mu\u00df mich da gar nicht sorgen, so etwas w\u00fcrde sie nie tun! Und daher ist v\u00f6llig ausgeschlossen, da\u00df meine Tochter je etwas auch nur im entferntesten Rechtsextremes postet. Und das h\u00e4tte auch der Rektor wissen k\u00f6nnen. Stattdessen wurde mein Kind \u00f6ffentlich vorgef\u00fchrt!<\/p>\n<p>Sie meinen, es war Ziel, Loretta zu dem\u00fctigen?<br \/>\nB.: Ich glaube, man wollte an ihr ein Exempel statuieren: \u201eSeht her, so geht es Sch\u00fclern, die politisch nicht auf Linie sind!\u201c Dabei gab es an der Schule gerade das Projekt \u201eDemokratie st\u00e4rken\u201c, unterst\u00fctzt von der Friedrich-Ebert-Stiftung. Und zur Politik geh\u00f6rt auch Opposition, denn ohne verschiedene Meinungen keine Demokratie. In Lorettas Fall aber wurde diese mit F\u00fc\u00dfen getreten.<\/p>\n<p>Werden Sie also gegen die Polizei anwaltlich vorgehen?<br \/>\nB.: Die eigentliche Schuld tr\u00e4gt Herr Zimmermann, die Polizei konnte ihn nicht ignorieren und hat bei aller Kritik am Vorgehen im Grunde ihre Arbeit gemacht. Wieso aber hat er sie \u00fcberhaupt gerufen, statt, wenn es \u00fcberhaupt ein Problem gegeben h\u00e4tte, sich erstmal an die Eltern zu wenden? Zumal die Schulordnung sagt, da\u00df eben das immer zuerst zu passieren hat! Sowie da\u00df Ma\u00dfnahmen auf Verh\u00e4ltnism\u00e4\u00dfigkeit gepr\u00fcft werden m\u00fcssen. Beides wurde zum Schaden unserer Tochter ignoriert!<br \/>\nWarum?<br \/>\nB.: Mein Anruf bei ihm verlief ergebnislos, da er wegen einer <em><strong>Anweisung des Bildungsministeriums<\/strong><\/em> gar nicht habe anders handeln k\u00f6nnen, wonach im Verdachtsfall Ministerium, Schulamt und Polizei zu informieren sind, um ihn auf rechtsextremistisch-verfassungsfeindliche Inhalte zu pr\u00fcfen. Warum aber wissen wir Eltern nichts davon? Ich hoffe, da\u00df die AfD im Landtag das nun aufkl\u00e4ren kann. Es ist f\u00fcr Loretta, f\u00fcr alle Kinder und Eltern sehr wichtig, herauszufinden, wer f\u00fcr dieses Vorgehen an den Schulen verantwortlich ist und da\u00df dann Konsequenzen gezogen werden. Denn gibt es diese Anweisung, kann jeder B\u00f6sartiges und Falsches \u00fcber einen Mitsch\u00fcler behaupten und ihn in gr\u00f6\u00dfte Not bringen: Der reinste Freifahrtschein f\u00fcr Mobbing! Und die Polizei zu rufen, ohne wenigstens auch die Eltern einzuschalten, \u00fcberschreitet eine rote Linie! Die gro\u00dfe Solidarit\u00e4t, die wir nun erleben, zeigt mir, wie sehr es die Leute w\u00fctend macht, da\u00df nun schon Kinder politisch angegriffen und verfolgt werden.<\/p>\n<p>Was verlangen Sie vom Schuldirektor?<br \/>\nB.: Da Loretta, wie die Polizei ja auch der Presse best\u00e4tigt hat, nichts vorzuwerfen ist, h\u00e4tte ich erwartet, da\u00df er sich \u00f6ffentlich bei ihr entschuldigt und vor allen Sch\u00fclern klarstellt, da\u00df der Verdacht auf Rechtsextremismus vollkommen haltlos war!<br \/>\nLoretta: Was mich ehrlich erschreckt ist, da\u00df ich die TikToks in meiner Freizeit gemacht hatte. Also wieso werde ich von ihm und an meiner Schule \u00f6ffentlich daf\u00fcr gema\u00dfregelt? Der \u201eAnla\u00df\u201c hat doch gar nichts mit ihr zu tun! Zumal ich an der Schule konsequent neutral bin und mich mit der \u00c4u\u00dferung meiner Meinung zur\u00fcckhalte. Nun erlebe ich dort sehr h\u00e4\u00dfliche Dinge seitens einiger linksorientierter Sch\u00fcler, die sich aber nur in der Gruppe trauen. Wenigstens aber in meiner Klasse finden die meisten gut, da\u00df ich den Mut hatte, zumindest auf TikTok meine Meinung zu sagen.<br \/>\n.<br \/>\n<em>Annett und Loretta B., die 41j\u00e4hrige Sachbearbeiterin und die 16j\u00e4hrige Sch\u00fclerin leben mit dem 40j\u00e4hrigen Vater im mecklenburgischen Ribnitz-Damgarten zwischen Rostock und Stralsund, wo die Neuntkl\u00e4\u00dflerin das Richard-Wossidlo-Gymnasium besucht.<\/em><br \/>\n&#8230; Alles vom 22.3.2024 von Moritz Schwarz bitte lesen in der JF 13\/24, Seite 3<\/p>\n<p>&nbsp;<\/p>\n<p>&nbsp;<\/p>\n<p><strong>Nach Meinungsterror: Jetzt auch noch Rufmord an Sch\u00fclerin<\/strong><br \/>\nWie der polit-mediale Komplex uns f\u00fcr dumm verkaufen will<br \/>\n&#8230; Jetzt versuchen \u201eWelt\u201c, \u201eFocus\u201c, \u201eFrankfurter Allgemeine\u201c und viele andere, das M\u00e4dchen als Rechtsextreme darzustellen.<br \/>\n&#8230;<br \/>\nDas besonders perfide ist, wie hier versucht wird, mit einer Manipulation wie aus dem Propaganda-Lehrbuch das Narrativ zu drehen. Denn selbst wenn die Angaben von \u201eWelt\u201c &amp; Co. stimmen sollten, \u00e4ndern sie nichts an der Ungeheuerlichkeit des Vorgehens von Direktor und Polizei.<br \/>\nAber es kommt noch schlimmer. Die \u201eWelt\u201c musste zur\u00fcckrudern, nachdem im Internet Fotos von Politikern wie Ministerpr\u00e4sidentin Manuela Schwesig auftauchten, die ebenfalls die Buchstaben \u201eHH\u201c auf ihrer Kleidung hatte. Ganz kleinlaut schrieb die \u201eWelt\u201c nun im Kleingedruckten: \u201eAuf den Fotos, die die Aufregung ausgel\u00f6st hatten und die der Polizei vorlagen, ist die Sch\u00fclerin mit einer Jacke mit dem Logo \u201eHH\u201c bekleidet. Dass es sich dem Anschein nach um ein Kleidungsst\u00fcck der Modemarke \u201eHelly Hansen\u201c handelt, hatte die Polizei nicht mitgeteilt.\u201c \u201eHelly Hansen\u201c ist eine renommierte Marke f\u00fcr Outdoor-Kleidung ohne bekannte Verbindungen zum Rechtsextremismus!<br \/>\nWir sind also Zeugen eines unglaublichen Rufmords \u2013 bei dem Staat und Medien eine 16-J\u00e4hrige auf \u00fcbelste Weise verleumden und versuchen, ihren Ruf zu zerst\u00f6ren \u2013 um ihren eigenen zu retten.<br \/>\n&#8230; Ales vom 20.3.2024 bitte lesen auf<br \/>\n<a href=\"https:\/\/reitschuster.de\/post\/nach-meinungsterror-jetzt-auch-noch-rufmord-an-schuelerin\/\">https:\/\/reitschuster.de\/post\/nach-meinungsterror-jetzt-auch-noch-rufmord-an-schuelerin\/<\/a><br \/>\n.<br \/>\n.<br \/>\n<strong>Die vergiftete Medienkampagne gegen Loretta: Was steckt dahinter?<\/strong><br \/>\nDie Medien erheben pl\u00f6tzlich Rechtsextremismusvorw\u00fcrfe gegen die 16j\u00e4hrige Loretta. Doch die Beweislage ist d\u00fcnn. Die JUNGE FREIHEIT kennt die Dokumente und sprach mit allen Beteiligten. Geht es um eine gezielte Kampagne gegen die Jugendliche?<br \/>\n&#8230;<br \/>\n\u201eHH\u201c soll dabei etwa laut der FAZ eindeutig f\u00fcr \u201eHeil Hitler\u201c stehen. Oder eben f\u00fcr die Modemarke \u201eHelly Hansen\u201c. Loretta besitzt genau von dieser Marke eine Jacke. Ein entsprechendes Foto des M\u00e4dchens liegt der JF vor. Die Kleidermarke wird auch von Politikern gern getragen. Etwa von Manuela Schwesig (SPD) \u2013 Ministerpr\u00e4sidentin Mecklenburg-Vorpommerns. Sie trug die Marke sogar bei einem Auftritt mit Bundeskanzler Olaf Scholz (beide SPD), als sie am 14. Januar 2023 einen geplanten Terminal f\u00fcr Fl\u00fcssiggas an der Ostseek\u00fcste in Lubmin besuchten. \u201eEs handelt sich um eine Daunenjacke der Marke Helly Hansen\u201c, best\u00e4tigt die Mutter von Loretta der JF. \u201eDiese Marke ist gerade wieder \u00fcberall im Trend, deshalb tr\u00e4gt sie diese.\u201c<br \/>\n&#8230; Alles vom 19.3.2024 bitte lesen auf<br \/>\n<a href=\"https:\/\/jungefreiheit.de\/politik\/deutschland\/2024\/die-vergiftete-medienkampagne-gegen-loretta-was-steckt-dahinter\/\">https:\/\/jungefreiheit.de\/politik\/deutschland\/2024\/die-vergiftete-medienkampagne-gegen-loretta-was-steckt-dahinter\/<\/a><\/p>\n<p>.<\/p>\n<p><strong>Wie Politiker und Medien die Aff\u00e4re um die Tiktok-Sch\u00fclerin kleinreden wollen<\/strong><br \/>\n&#8230;<br \/>\nZu den Medien, die sich jetzt beim Kleinschreiben und -senden der Geschichte hervortun, geh\u00f6rt auch der NDR. Der kl\u00e4rt nicht etwa die oben beschriebenen offenen Fragen auf, sondern klagt \u00fcber die \u201eHetzkampagne gegen Gymnasium in Ribnitz-Damgarten\u201c.<br \/>\n&#8230; Screenshot NRD &#8212;<br \/>\nIn dem NDR-St\u00fcck hei\u00dft es \u00fcber die angeblich irref\u00fchrende Darstellung des Falls durch \u201erechte Medien\u201c: \u201eDie Polizei widerspricht der Darstellung vehement. Sie habe von der Schulleitung Hinweise auf m\u00f6glicherweise staatsschutz-relevante Inhalte bekommen. Das M\u00e4dchen sei von den Beamten nicht aus dem Unterricht geholt worden, sondern vom Schulleiter. Es habe zusammen mit ihm und der Sch\u00fclerin ein gemeinsames Aufkl\u00e4rungsgespr\u00e4ch \u201amit pr\u00e4ventivem Charakter\u2018 gegeben. Von den Mitsch\u00fclern der Klasse seien die Beamten nicht wahrgenommen worden. Letztlich habe es keinen Anfangsverdacht gegeben.\u201c Bei \u201eletztlich\u201c handelt es sich um eine bemerkenswerte Manipulation. Es gab nicht nur \u201eletztlich\u201c keinen Anfangsverdacht gegen die Sch\u00fclerin. Sondern nie.<\/p>\n<p>Fazit: An dem, worum es in diesem Vorgang geht \u2013 \u00dcbergriffigkeit des Staates gegen eine politisch offenbar nicht konforme Minderj\u00e4hrige \u2013 \u00e4ndert sich \u00fcberhaupt nichts, egal, welche TikTok-Wortmeldungen den Anlass lieferten. Auch, ob der Direktor sie aus der Klasse holte oder Polizisten, spielt nicht einmal eine Nebenrolle. Zu allen rechtlichen Fragen bleiben Innen- und Schulministerium des Landes weiter s\u00e4mtliche Antworten schuldig. Der Skandal bleibt ein Skandal. Der Versuch, ihn kleinzureden, macht ihn eher noch gr\u00f6\u00dfer.<\/p>\n<p>Ganz am Rand ereignete sich in diesem Zusammenhang auch noch folgendes: Die NZZ geh\u00f6rte zu den Medien, die \u00fcber das Vorgehen gegen die Sch\u00fclerin kritisch berichteten. Die Zeitung spiegelte ihren Beitrag auf Facebook \u2013 und erhielt von dort die Mitteilung, die Reichweite der Ver\u00f6ffentlichung werde eingeschr\u00e4nkt, weil es sich um eine \u201eGewaltdarstellung\u201c handle. &#8230;.<br \/>\nNat\u00fcrlich findet sich in dem NZZ-Artikel keinerlei Darstellung von Gewalt und auch sonst nichts, was eine Verbreitungseinschr\u00e4nkung rechtfertigen w\u00fcrde. Das, was Facebook tut, wirkt wie eine vorauseilende Umsetzung der Idee von Nancy Faeser und Lisa Paus, auch Inhalte \u201eunterhalb der Strafbarkeitsschwelle\u201c aus Netzwerken zu entfernen oder zumindest einzuschr\u00e4nken. Nat\u00fcrlich aus Sorge um die Demokratie.<br \/>\n&#8230; Alles vom 19.3.2024 bitte lesen auf<br \/>\n<a href=\"https:\/\/www.tichyseinblick.de\/daili-es-sentials\/ribnitz-damgarten-schuelerin-medien-politik\">https:\/\/www.tichyseinblick.de\/daili-es-sentials\/ribnitz-damgarten-schuelerin-medien-politik<\/a>\/<br \/>\n.<br \/>\nEinige Kommentare:<br \/>\nGro\u00dfen Respekt f\u00fcr das M\u00e4dchen und ihre Mutter, dass sie den Mut hatten, mit der Geschichte an die \u00d6ffentlichkeit zu gehen, sich nicht einsch\u00fcchtern zu lassen und das System damit ordentlich ins Schlingern zu bringen. Ein Weckruf an Millionen andere, sich mutig zur Wehr zu setzen und sich nicht alles von einem \u00fcbergriffigen Staat gefallen zu lassen, weil man der irrigen Meinung ist, man w\u00fcrde sowieso den K\u00fcrzeren ziehen. Mit jedem Fall, der an die \u00d6ffentlichkeit kommt, macht man mehr und mehr Leute darauf aufmerksam, was hier alles schief l\u00e4uft. H.H.<br \/>\n.<br \/>\nBei aller gerechtfertigten Emp\u00f6rung scheinen viele nicht zu verstehen, da\u00df es sich hier nicht um eine Reihe von Fehltritten seitens des Schulleiters oder der beteiligten Polizisten handelt, sondern um das reibungslose Funktionieren eines \u00dcberwachungs- und Sanktionierungsregimes, das genauso gedacht ist, wie es hier eben ablief. Denunziant, Schulleiter, Polizei, Innenminister, Facebook, Medien (welche T\u00e4ter-Opfer-Umkehr betreiben) \u2013 alle ziehen hier an einem Strang, geradezu in Perfektion. ima<br \/>\n.<br \/>\nDas war zu erwarten. Die T\u00e4ter-Opfer-Umkehr kennt man zur gen\u00fcge. Bei jeder Demo, auch Bauern-Demo, die nicht gegen Rechts organisiert war, tauchten in der Berichterstattung wie auf Knopfdruck sofort Reichsb\u00fcrger, AfD-Leute, Rechtsextreme und Identit\u00e4re auf, die die Demo unterwandern wollten und die immer finstere, wenn nicht sogar staatsgef\u00e4hrdende Ziele verfolgten. So denke ich framed man jetzt den Skandal um die unbescholtene Sch\u00fclerin als rechte Geheimzelle, gegen die der tapfere Schulleiter mit Hilfe der Polizei vergeblich ank\u00e4mpft und wahrscheinlich schon l\u00e4ngst Polizeischutz hat. Vielleicht wird ihm nahegelegt, die n\u00e4chste Projektwoche \u00fcber Rechtsextremismus zu veranstalten und dabei eine \u201eGef\u00e4hrderansprache\u201c an alle Sch\u00fcler zu richten. Bis jetzt habe ich noch nichts in den \u00d6R \u00fcber den Fall geh\u00f6rt. Jetzt w\u00fcrde sich aber eine neuer Spin ergeben, den man nutzen kann: \u201c Rechte Hetze und Gewalt gegen Gymnasium und Schulleiter in Ostdeutschland. Der Staatsschutz ermittelt\u201c. A.W.<br \/>\nEnde Kommentare<br \/>\n.<br \/>\n.<br \/>\n<strong>Von Lehrern eingesch\u00fcchtert und denunziert: \u201dWie soll sich die Gemeinschaft Dir gegen\u00fcber verhalten?\u201d<\/strong><br \/>\nEin 16-j\u00e4hriges M\u00e4dchen sitzt nichtsahnend im Chemie-Unterricht, als drei Polizisten den Klassenraum betreten und sie ins Lehrerzimmer begleiten, um dort eine \u201eGef\u00e4hrderansprache\u201c durchzuf\u00fchren. Sie bitten das M\u00e4dchen, in Zukunft keine Schlumpf-Videos mehr auf TikTok zu verbreiten und nicht mehr zu posten, dass Deutschland f\u00fcr sie Heimat sei. Eine rechtliche Grundlage daf\u00fcr gibt es nicht. Das erinnert mich, Charlotte Kirchhof, an Erfahrungen aus meiner eigenen Schulzeit. In Zeiten der Corona-Pandemie hat meine Schule mich mit vergleichbaren Ma\u00dfnahmen eingesch\u00fcchtert und denunziert.<br \/>\n&#8230;<br \/>\nDie Erfahrungen aus dieser Schulwoche voller bestrafender Ma\u00dfnahmen haben mich gepr\u00e4gt. Ich denke oft daran zur\u00fcck. Die Lehrer und Schulleiter hingegen scheinen das Geschehene vergessen oder verdr\u00e4ngt zu haben: Sie haben sich bis heute nicht bei mir entschuldigt. Wahrscheinlich haben sie gar nicht gemerkt, was ihre Regeln in mir ausgel\u00f6st haben. Wahrscheinlich finden sie ihr Verhalten bis heute \u201everh\u00e4ltnism\u00e4\u00dfig\u201c: So \u201everh\u00e4ltnism\u00e4\u00dfig\u201c, wie Christan Pegel (SPD) das Verhalten des Schulleiters Jan-Dirk Zimmermann und der Polizisten im Fall des 16-j\u00e4hrigen M\u00e4dchens aus Mecklenburg-Vorpommern findet: <em><strong>Denn die Beamten w\u00fcrden dem M\u00e4dchen ja keine Handschellen angelegt, sie nicht festgenommen und sie nicht b\u00f6se angesprochen haben,<\/strong><\/em> sagt der Innenminister von Mecklenburg-Vorpommern. Sie wurde halt nur von drei Beamten aus dem Unterricht abgef\u00fchrt \u2013 vor ihren Mitsch\u00fclern und Lehrern.<br \/>\n&#8230; Alles vom 18.3.2024 von Charlotte Kirchhof bitte lesen auf<br \/>\n<a href=\"https:\/\/www.tichyseinblick.de\/meinungen\/schuelerin-kein-einzelfall-repression\/\">https:\/\/www.tichyseinblick.de\/meinungen\/schuelerin-kein-einzelfall-repression\/<\/a><\/p>\n","protected":false},"excerpt":{"rendered":"<p>Home\u00a0&gt;Engagement\u00a0&gt;Buergerbeteiligung &gt;Demokratie &gt;Gesinnungsethik &gt;Gesinnungspr\u00fcfung Listenauswahl eines Beitrags (Artikel\/Datum, Seite\/Inhalt):\u00a0Klicken\u00a0oder scrollen Der Staatsschutz ermittelt: Die \u201efalsche Meinung\u201c als Ermittlungsfall\u00a0(24.2.2026) Die gar nicht so lustige Geschichte vom Tod der Satire\u00a0(27.9.2025) Die \u201eNeuen deutschen Medienmacher\u201c spielen Sprachpolizei und untergraben die Demokratie\u00a0(27.9.2025) Thorsten Hinz: &hellip; <a href=\"https:\/\/www.freiburg-schwarzwald.de\/blog\/engagement\/zukunft\/demokratie\/gesinnungsethik\/gesinnungspruefung\/\">Weiterlesen <span class=\"meta-nav\">&rarr;<\/span><\/a><\/p>\n","protected":false},"author":2,"featured_media":0,"parent":58015,"menu_order":0,"comment_status":"closed","ping_status":"closed","template":"","meta":{"footnotes":""},"class_list":["post-121800","page","type-page","status-publish","hentry"],"_links":{"self":[{"href":"https:\/\/www.freiburg-schwarzwald.de\/blog\/wp-json\/wp\/v2\/pages\/121800","targetHints":{"allow":["GET"]}}],"collection":[{"href":"https:\/\/www.freiburg-schwarzwald.de\/blog\/wp-json\/wp\/v2\/pages"}],"about":[{"href":"https:\/\/www.freiburg-schwarzwald.de\/blog\/wp-json\/wp\/v2\/types\/page"}],"author":[{"embeddable":true,"href":"https:\/\/www.freiburg-schwarzwald.de\/blog\/wp-json\/wp\/v2\/users\/2"}],"replies":[{"embeddable":true,"href":"https:\/\/www.freiburg-schwarzwald.de\/blog\/wp-json\/wp\/v2\/comments?post=121800"}],"version-history":[{"count":6,"href":"https:\/\/www.freiburg-schwarzwald.de\/blog\/wp-json\/wp\/v2\/pages\/121800\/revisions"}],"predecessor-version":[{"id":146243,"href":"https:\/\/www.freiburg-schwarzwald.de\/blog\/wp-json\/wp\/v2\/pages\/121800\/revisions\/146243"}],"up":[{"embeddable":true,"href":"https:\/\/www.freiburg-schwarzwald.de\/blog\/wp-json\/wp\/v2\/pages\/58015"}],"wp:attachment":[{"href":"https:\/\/www.freiburg-schwarzwald.de\/blog\/wp-json\/wp\/v2\/media?parent=121800"}],"curies":[{"name":"wp","href":"https:\/\/api.w.org\/{rel}","templated":true}]}}