{"id":121301,"date":"2024-03-03T14:52:27","date_gmt":"2024-03-03T13:52:27","guid":{"rendered":"https:\/\/www.freiburg-schwarzwald.de\/blog\/?page_id=121301"},"modified":"2026-04-22T20:24:53","modified_gmt":"2026-04-22T18:24:53","slug":"afd-bashing","status":"publish","type":"page","link":"https:\/\/www.freiburg-schwarzwald.de\/blog\/vereine\/partei\/afd\/afd-bashing\/","title":{"rendered":"AfD-Bashing"},"content":{"rendered":"<p><a href=\"https:\/\/www.freiburg-schwarzwald.de\/blog\">Home<\/a><span style=\"font-size: 16px;\">\u00a0&gt;<\/span><a style=\"font-size: 16px;\" title=\"Engagement\" href=\"https:\/\/www.freiburg-schwarzwald.de\/blog\/engagement\/\">Engagement<\/a><span style=\"font-size: 16px;\">\u00a0&gt;<\/span><a style=\"font-size: 16px;\" title=\"Partei\" href=\"https:\/\/www.freiburg-schwarzwald.de\/blog\/vereine\/partei\/\">Partei<\/a><span style=\"font-size: 16px;\">\u00a0&gt;<\/span><a style=\"font-size: 16px;\" href=\"https:\/\/www.freiburg-schwarzwald.de\/blog\/engagement\/zukunft\/demokratie\/parlament\/parlamentarismus\/\">Parlamentarismus<\/a><span style=\"font-size: 16px;\">\u00a0&gt;<\/span><a style=\"font-size: 16px;\" href=\"https:\/\/www.freiburg-schwarzwald.de\/blog\/engagement\/zukunft\/demokratie\/opposition\/\">Opposition<\/a><span style=\"font-size: 16px;\">\u00a0&gt;<\/span><a style=\"font-size: 16px;\" href=\"https:\/\/www.freiburg-schwarzwald.de\/blog\/vereine\/partei\/afd\/\">AfD<\/a><span style=\"font-size: 16px;\">\u00a0&gt;AfD-Bashing<\/span><\/p>\n<div id=\"attachment_120162\" style=\"width: 650px\" class=\"wp-caption alignnone\"><a href=\"https:\/\/www.freiburg-schwarzwald.de\/blog\/wp-content\/uploads\/2024\/01\/demo-gegen-rechts-pan240127.jpg\"><img loading=\"lazy\" decoding=\"async\" aria-describedby=\"caption-attachment-120162\" class=\"size-full wp-image-120162\" src=\"https:\/\/www.freiburg-schwarzwald.de\/blog\/wp-content\/uploads\/2024\/01\/demo-gegen-rechts-pan240127.jpg\" alt=\"\" width=\"640\" height=\"383\" srcset=\"https:\/\/www.freiburg-schwarzwald.de\/blog\/wp-content\/uploads\/2024\/01\/demo-gegen-rechts-pan240127.jpg 640w, https:\/\/www.freiburg-schwarzwald.de\/blog\/wp-content\/uploads\/2024\/01\/demo-gegen-rechts-pan240127-180x108.jpg 180w\" sizes=\"auto, (max-width: 640px) 100vw, 640px\" \/><\/a><p id=\"caption-attachment-120162\" class=\"wp-caption-text\">Demo gegen rechts 27.1.2024: &#8222;Demokratie braucht keine Alternative&#8220; f\u00fchrt zum Totalitarismus<\/p><\/div>\n<p>&nbsp;<\/p>\n<ul>\n<li><em>Listenauswahl eines Beitrags (Artikel\/Datum, Seite\/Inhalt):\u00a0<span style=\"text-decoration: underline;\">Klicken<\/span>\u00a0oder scrollen<\/em><\/li>\n<li>AfDler werden erschossen: MDR muss umstrittenen Partei-Werbespot ausstrahlen (20.4.2026)<\/li>\n<li><a href=\"https:\/\/www.freiburg-schwarzwald.de\/blog\/vereine\/partei\/afd\/afd-engagement\/\">Karl Schwarz, Freiburger OB-Kandidat der AfD, ist Gegenwind gewohnt<\/a>\u00a0(17.4.2026)<\/li>\n<li>\u201eDie PARTEI\u201c fordert auf ihrem Wahlplakat: \u201eKinder von AfD-W\u00e4hlern: Abtreiben!\u201c\u00a0 (17.2.2026)<\/li>\n<li><a href=\"https:\/\/www.freiburg-schwarzwald.de\/blog\/engagement\/zukunft\/demokratie\/landtagswahl-bw-08-03-26\/\">\u201e100 mit Schlagwerkzeugen bewaffnete Personen\u201c bei Demo gegen AfD: Mit Schraubenziehern verletzten sie Polizisten in Freiburg<\/a> (13.2.2026)<\/li>\n<li><a href=\"https:\/\/www.freiburg-schwarzwald.de\/blog\/vereine\/partei\/altparteien\/\">Mehrheit gegen AfD z\u00e4hlt, auch wenn sie gegen das Gesetz st\u00f6\u00dft<\/a> (9.2.2026)<\/li>\n<li><a href=\"https:\/\/www.freiburg-schwarzwald.de\/blog\/urkundenfaelschung-legalisiert\/\">Urkundenf\u00e4lschung legalisiert?<\/a>\u00a0(14.1.2026)<\/li>\n<li>Krieg der Antifa gegen AfD: f\u00fcnf abgebrannte Autos in einem Jahr (3.10.2025)<\/li>\n<li><a href=\"https:\/\/www.freiburg-schwarzwald.de\/blog\/kultur\/medien\/diskussionskultur\/sippenhaft\/\">Vierj\u00e4hrige wegen falscher politischer Einstellung (AfD) aus Kita entfernen<\/a> (29.10.2025)<\/li>\n<li>H\u00e4lfte der Wahlplakate zerst\u00f6rt: AfD D\u00fcsseldorf beklagt heftigen Vandalismus (9.8.2025)<\/li>\n<li><a href=\"https:\/\/www.freiburg-schwarzwald.de\/blog\/selbsthilfe\/soziales\/justiz\/taeuschung\/\">Hakenkreuze schmieren, um auf die rechte Gefahr aufmerksam zu machen<\/a>\u00a0(29.7.2025)<\/li>\n<li><a href=\"https:\/\/www.freiburg-schwarzwald.de\/blog\/hakenkreuz-statt-sachpolitik\/\">Hakenkreuz statt Sachpolitik<\/a>\u00a0(26.7.2025)<\/li>\n<li><a href=\"https:\/\/www.freiburg-schwarzwald.de\/blog\/sommerinterview-afd-stoerung\/\">Sommerinterview AfD: St\u00f6rung<\/a>\u00a0(21.7.2025)<\/li>\n<li>Julia Probst (Gr\u00fcne) aus Wei\u00dfenhorn\/Bayern: Keine Transplantation f\u00fcr AFD-ler (18.6.2025)<\/li>\n<li><a href=\"https:\/\/www.freiburg-schwarzwald.de\/blog\/margot-friedlaender-verstorben\/\">Margot Friedl\u00e4nder verstorben<\/a>\u00a0(14.5.2025)<\/li>\n<li><a href=\"https:\/\/www.freiburg-schwarzwald.de\/blog\/engagement\/zukunft\/demokratie\/denunziation\/ausgrenzung\/\">Harald Martenstein: Ausgrenzung der AfD bringt nichts<\/a> (11.4.2025)<\/li>\n<li><a href=\"https:\/\/www.freiburg-schwarzwald.de\/blog\/engagement\/zukunft\/demokratie\/verfassungsgericht\/\">Verfassungsgericht: Staat muss sich gegen\u00fcber der AfD nicht neutral verhalten<\/a>\u00a0(5.4.2025)<\/li>\n<li><a href=\"https:\/\/www.freiburg-schwarzwald.de\/blog\/religion\/christen\/christen-afd\/\">AfD-Foto kostet Ministranten den Dienst<\/a> (4.4.2025)<\/li>\n<li>Juli Zeh, woran krankt die Demokratie? | Sternstunde Philosophie | SRF Kultur (29.3.2025)<\/li>\n<li>AfD-Parteitag: Bis zu tausend Linksextreme (20.3.2025)<\/li>\n<li><a href=\"https:\/\/www.freiburg-schwarzwald.de\/blog\/kultur\/medien\/presse\/\">Alice Weidel belehrt Bundespressekonferenz: Sie haben nicht die Regierungsmeinung \u201erauszutr\u00f6ten\u201c<\/a>\u00a0(24.2.2025)<\/li>\n<li><a href=\"https:\/\/www.freiburg-schwarzwald.de\/blog\/engagement\/zukunft\/demokratie\/denunziation\/ausgrenzung\/\">Ignorieren und Ausgrenzen der AfD sollte keine L\u00f6sung sein<\/a> (7.2.2025)<\/li>\n<li><a href=\"https:\/\/www.freiburg-schwarzwald.de\/blog\/religion\/juden\/nazi\/nazi-keule\/\">Du altes Nazischwein \u2013 Von der Normalit\u00e4t gewohnheitsm\u00e4\u00dfiger Diffamierungen der AfD<\/a> (2.2.2025)<\/li>\n<li><a href=\"https:\/\/www.freiburg-schwarzwald.de\/blog\/amseln-singen-zu-dritt-2-2-2025\/\">Amseln singen zu dritt 2.2.2025<\/a>\u00a0(2.2.2025)<\/li>\n<li>Die AfD zu stigmatisieren reicht nicht (15.1.2025)<\/li>\n<li><a href=\"https:\/\/www.freiburg-schwarzwald.de\/blog\/religion\/evangelisch\/\">Evangelische Kirche schlie\u00dft AfD-Mitglieder von Leitungs\u00e4mtern aus<\/a> (21.11.2024)<\/li>\n<li><a href=\"https:\/\/www.freiburg-schwarzwald.de\/blog\/engagement\/zukunft\/demokratie\/wahlen2025\/\">Parteienforscher warnt vor \u201cemotionalisierter Anti-Rechts-Kampagne\u201d<\/a>\u00a0(22.11.2024)<\/li>\n<li>Sippenhaft gegen AfD? (18.11.2024)<\/li>\n<li>AfD am h\u00e4ufigsten Opfer von Attacken (11.10.2024)<\/li>\n<li>AfD ist am h\u00e4ufigsten Opfer politischer Gewalt (2.10.2024)<\/li>\n<li><a href=\"https:\/\/www.freiburg-schwarzwald.de\/blog\/engagement\/zukunft\/demokratie\/parteienstaat\/\">Frauke Petry: Requiem f\u00fcr die AfD<\/a> (1.9.2024)<\/li>\n<li><a href=\"https:\/\/www.freiburg-schwarzwald.de\/blog\/deutschenhass-von-alena-buyx\/\">Deutschenhass von Alena Buyx<\/a>\u00a0(13.7.2024)<\/li>\n<li><a href=\"https:\/\/www.freiburg-schwarzwald.de\/blog\/gewalt-buerger-desinformiert\/\">Gewalt: B\u00fcrger desinformiert<\/a>\u00a0(21.5.2024)<\/li>\n<li><a href=\"https:\/\/www.freiburg-schwarzwald.de\/blog\/wahl-gewalt-gegen-politiker\/\">Wahl: Gewalt gegen Politiker<\/a>\u00a0(10.5.2024)<\/li>\n<li><a href=\"https:\/\/www.freiburg-schwarzwald.de\/blog\/engagement\/zukunft\/angst\/angstgesellschaft\/\">Kafka Esken<\/a>\u00a0 (8.5.2024)<\/li>\n<li><a href=\"https:\/\/www.freiburg-schwarzwald.de\/blog\/vereine\/partei\/afd\/afd-opposition\/\">Wir werden sie jagen: Zuerst Volmer, dann Gauland<\/a> (14.5.2024)<\/li>\n<li>Saskia Esken (SPD) zur AfD: &#8222;Ja, das ist eine Nazi-Partei&#8220; (4.5.2024)<\/li>\n<li><a href=\"https:\/\/www.freiburg-schwarzwald.de\/blog\/negative-campaigning\/\">Negative Campaigning<\/a> (27.4.2024)<\/li>\n<li><a href=\"https:\/\/www.freiburg-schwarzwald.de\/blog\/ki-video-oma-und-die-enkelin\/\">KI-Video: Oma und die Enkelin<\/a>\u00a0(9.4.2024)<\/li>\n<li>Afd-Genick &#8211; Wo soll das noch hinf\u00fchren? (10.4.2024)<\/li>\n<li><a href=\"https:\/\/www.freiburg-schwarzwald.de\/blog\/engagement\/zukunft\/demokratie\/freiheit\/abweichende-meinung\/\">Werner Patzelt: FC Bundestag ohne AfD<\/a>\u00a0(9.4.2024)<\/li>\n<li><a href=\"https:\/\/www.freiburg-schwarzwald.de\/blog\/vereine\/partei\/\">Sind Parteien nur demokratisch, wenn sie gegen die AfD sind?<\/a>\u00a0(27.3.2024)<\/li>\n<li>Anschlag auf Eltern eines AfD-Stadtrats in Leipzig (2.3.2024)<\/li>\n<li><a href=\"https:\/\/www.freiburg-schwarzwald.de\/blog\/afd-bashing-erzbischof-zollitsch\/\">AfD-Bashing Erzbischof Zollitsch<\/a> \u00a0(17.8.2013)<\/li>\n<li><\/li>\n<li><a href=\"https:\/\/www.freiburg-schwarzwald.de\/blog\/vereine\/partei\/afd\/afd-engagement\/\">AfD-Engagement<\/a><\/li>\n<li><a href=\"https:\/\/www.freiburg-schwarzwald.de\/blog\/vereine\/partei\/afd\/afd-opposition\/\">AfD-Opposition<\/a><\/li>\n<li><a href=\"https:\/\/www.freiburg-schwarzwald.de\/blog\/vereine\/partei\/altparteien\/\">Altparteien<\/a><\/li>\n<li><a href=\"https:\/\/www.freiburg-schwarzwald.de\/blog\/engagement\/zukunft\/demokratie\/denunziation\/ausgrenzung\/\">Ausgrenzung<\/a><\/li>\n<li><a href=\"https:\/\/www.freiburg-schwarzwald.de\/blog\/kultur\/medien\/medien-afd\/\">Medien-AfD<\/a><\/li>\n<li><a href=\"https:\/\/www.freiburg-schwarzwald.de\/blog\/religion\/juden\/nazi\/nazi-keule\/\">Nazi-Keule<\/a><\/li>\n<li><a href=\"https:\/\/www.freiburg-schwarzwald.de\/blog\/engagement\/zukunft\/demokratie\/opposition\/opposition-verbot\/\">Opposition-Verbot<\/a><\/li>\n<li><a href=\"https:\/\/www.freiburg-schwarzwald.de\/blog\/kultur\/medien\/presse\/\">Presse<\/a><\/li>\n<\/ul>\n<p><strong>AfDler werden erschossen: MDR muss umstrittenen Partei-Werbespot ausstrahlen<\/strong><br \/>\nDer MDR weigerte sich einen Werbespot der PARTEI Sachsen auszustrahlen, da er davon handelt, wie ein Ehepaar AfD-W\u00e4hler erschie\u00dft. Das Verwaltungsgericht Leipzig verpflichtet den MDR jetzt jedoch zur Ausstrahlung.<br \/>\n<a href=\"https:\/\/twitter.com\/PARTEI_DD\/status\/1824023231332073489\">https:\/\/twitter.com\/PARTEI_DD\/status\/1824023231332073489<\/a><br \/>\n&#8230;<br \/>\n&#8230; Alles vom 20.4.2026 von Elisa David bitte lesen auf<br \/>\n<a href=\"https:\/\/apollo-news.net\/afdler-werden-erschossen-mdr-muss-umstrittenen-partei-werbespot-ausstrahlen\/?dicbo=v2-aRSM9pA\">https:\/\/apollo-news.net\/afdler-werden-erschossen-mdr-muss-umstrittenen-partei-werbespot-ausstrahlen\/?dicbo=v2-aRSM9pA<\/a><\/p>\n<p>&nbsp;<\/p>\n<p><strong>\u201eDie PARTEI\u201c fordert auf ihrem Wahlplakat: \u201eKinder von AfD-W\u00e4hlern: Abtreiben!\u201c\u00a0<\/strong><br \/>\nEin Plakat der angeblichen Satirepartei \u201eDie PARTEI\u201c sorgt im hessischen Kommunalwahlkampf f\u00fcr Emp\u00f6rung. Darauf steht: \u201eKinder von AfD-W\u00e4hlern: Abtreiben!\u201c<\/p>\n<div id=\"attachment_145855\" style=\"width: 650px\" class=\"wp-caption alignnone\"><a href=\"https:\/\/www.freiburg-schwarzwald.de\/blog\/wp-content\/uploads\/2026\/02\/Partei-Abtreibung-Hessen-Wahl-pan260215.jpg\"><img loading=\"lazy\" decoding=\"async\" aria-describedby=\"caption-attachment-145855\" class=\"size-full wp-image-145855\" src=\"https:\/\/www.freiburg-schwarzwald.de\/blog\/wp-content\/uploads\/2026\/02\/Partei-Abtreibung-Hessen-Wahl-pan260215.jpg\" alt=\"\" width=\"640\" height=\"366\" srcset=\"https:\/\/www.freiburg-schwarzwald.de\/blog\/wp-content\/uploads\/2026\/02\/Partei-Abtreibung-Hessen-Wahl-pan260215.jpg 640w, https:\/\/www.freiburg-schwarzwald.de\/blog\/wp-content\/uploads\/2026\/02\/Partei-Abtreibung-Hessen-Wahl-pan260215-180x103.jpg 180w\" sizes=\"auto, (max-width: 640px) 100vw, 640px\" \/><\/a><p id=\"caption-attachment-145855\" class=\"wp-caption-text\">Abtreibung bei der Wahlwerbung in Hessen 2\/2026 &#8211; Demokratie- und Kulturverfall<\/p><\/div>\n<p>&#8230; Alles vom 17.2.2026 bitte lesen auf<br \/>\n<a href=\"https:\/\/apollo-news.net\/die-partei-fordert-auf-wahlplakat-kinder-von-afd-whlern-abtreiben\/\">https:\/\/apollo-news.net\/die-partei-fordert-auf-wahlplakat-kinder-von-afd-whlern-abtreiben\/<\/a><br \/>\n<strong>.<br \/>\n<\/strong>Ein angebliches Satireprojekt &#8211; deshalb durch die Meinungsfreiheit gedeckt. Leider \u00e4u\u00dfert sich niemand zur Frage, ob die Unterstellung von Abtreibungs-Gel\u00fcsten an wen auch immer durch die Meinungsfreiheit gedeckt ist.<br \/>\n17.2.2026<strong><br \/>\n.<br \/>\n.<br \/>\n<\/strong><strong>Krieg der Antifa gegen AfD: f\u00fcnf abgebrannte Autos in einem Jahr<\/strong><br \/>\nDie Gefahr kommt von Links: Die <a href=\"https:\/\/www.freiburg-schwarzwald.de\/blog\/selbsthilfe\/krise\/gewalt\/linke-gewalt\/antifa\/\">Antifa<\/a> befindet sich in einem regelrechten Krieg mit Andersdenkenden. Allein auf den AfD-Abgeordneten Bernd Baumann gab es mehrere Anschl\u00e4ge &#8211; f\u00fcnf Autos sind innerhalb eines Jahres abgebrannt.<br \/>\n&#8230; Alles vom 3.11.2025 bitte lesen auf<br \/>\n<a href=\"https:\/\/www.tichyseinblick.de\/daili-es-sentials\/krieg-der-antifa-auf-afd-fuenf-abgebrannte-autos\/\">https:\/\/www.tichyseinblick.de\/daili-es-sentials\/krieg-der-antifa-auf-afd-fuenf-abgebrannte-autos\/<\/a><\/p>\n<p>&nbsp;<\/p>\n<p><strong>H\u00e4lfte der Wahlplakate zerst\u00f6rt: AfD D\u00fcsseldorf beklagt heftigen Vandalismus<\/strong><br \/>\nDie AfD D\u00fcsseldorf sieht sich im Wahlkampf in der Stadtratswahl gro\u00dfer Ablehnung gegen\u00fcber. Der Oberb\u00fcrgermeisterkandidat der Partei berichtet, dass die H\u00e4lfte der aufgeh\u00e4ngten Plakate bereits zerst\u00f6rt worden sei.<br \/>\n9.8.2025<br \/>\n<a href=\"https:\/\/apollo-news.net\/hlfte-der-wahlplakate-zerstrt-afd-dsseldorf-beklagt-heftigen-vandalismus-gegen-sich\/\">https:\/\/apollo-news.net\/hlfte-der-wahlplakate-zerstrt-afd-dsseldorf-beklagt-heftigen-vandalismus-gegen-sich\/<\/a><\/p>\n<p>&nbsp;<\/p>\n<p><strong>Julia Probst (Gr\u00fcne) aus Wei\u00dfenhorn\/Bayern: Keine Transplantation f\u00fcr AFD-ler<\/strong><br \/>\nIn Zeiten echter oder auch vermeintlicher Krisen zeigt sich oftmals der wahre Charakter von Menschen. Da werden Fragen gestellt bzw. Antworten gegeben, die man sonst eigentlich nicht f\u00fcr m\u00f6glich h\u00e4lt.<br \/>\nCorona: Soll man ungeimpfte B\u00fcrger \u00fcberhaupt beatmen oder nicht einfach sterben lassen?<br \/>\nAfD: Soll man B\u00fcrger, die die AfD w\u00e4hlen, ein gespendetes Organ transplantieren oder nicht einfach sterben lassen?<\/p>\n<p><em>Gr\u00fcnen-Politikerin schockiert mit unfassbarer Umfrage <\/em><br \/>\n<em>Eine gr\u00fcne Stadtr\u00e4tin fragt sich, ob AfD-W\u00e4hler noch Organspenden erhalten sollten. Dieses Thema hat sie auch in einer Umfrage auf X behandelt \u2013 mit dem unfassbaren Ergebnis: Ganze 25 Prozent sind dagegen. Das erinnert an die schockierenden Grundrechtsdiskussionen aus der Corona-Zeit.<\/em><br \/>\n<em><a href=\"https:\/\/www.youtube.com\/watch?v=_X_Toy4JOJM&amp;t=2s\">https:\/\/www.youtube.com\/watch?v=_X_Toy4JOJM&amp;t=2s<\/a><br \/>\n<\/em><br \/>\n&#8230; Alles vom 18.6.2025 bitte lesen auf<br \/>\n<a href=\"https:\/\/apollo-news.net\/gruenen-politikerin-schockiert-mit-unfassbarer-umfrage-apollo-newsroom\/\">https:\/\/apollo-news.net\/gruenen-politikerin-schockiert-mit-unfassbarer-umfrage-apollo-newsroom\/<\/a><\/p>\n<p>Einige Kommentare:<br \/>\nArtikel 3 GG (3) Niemand darf wegen seines Geschlechtes, seiner Abstammung, seiner Rasse, seiner Sprache, seiner Heimat und Herkunft, seines Glaubens, seiner religi\u00f6sen oder politischen Anschauungen benachteiligt oder bevorzugt werden. WerterMols<br \/>\n.<br \/>\nDreht die Frage doch mal um. Sollten AfD-W\u00e4hler ihre Organe spenden? Bei \u00fcber 10 Mio. W\u00e4hlern s\u00e4he es da mit den Spenderorganen mau aus. storm<br \/>\n.<br \/>\nMein Gott, was ist hier blo\u00df los? Wer hat solche emphatielosen, menschenfeindlichen Monster erschaffen, die solche Fragen und solche Forderungen stellen&#8230;. Anna Blank<br \/>\nEnde Kommentare<\/p>\n<p>&nbsp;<\/p>\n<p><strong>Juli Zeh, woran krankt die Demokratie? | Sternstunde Philosophie | SRF Kultur<\/strong><br \/>\n<a href=\"https:\/\/www.youtube.com\/watch?v=qIrZL7tCsa4\">https:\/\/www.youtube.com\/watch?v=qIrZL7tCsa4<\/a><br \/>\nJuli Zeh ist Bestsellerautorin und nimmt als \u00f6ffentliche Intellektuelle kein Blatt vor den Mund, etwa wenn sie gegen weitere Waffenlieferungen in die Ukraine oder die pauschale Verunglimpfung von AfD-W\u00e4hlenden pl\u00e4diert. Barbara Bleisch trifft die Schriftstellerin zum Gespr\u00e4ch.<br \/>\nThemen in dieser Folge:<br \/>\n00:00 Wie blickt Juli Zeh auf die aktuelle Weltlage?<br \/>\n19:05 Pl\u00e4diert sie immer noch daf\u00fcr, keine schweren Waffen an die Ukraine zu liefern?<br \/>\n26:02 Wie steht es nach der Wahl um die Demokratie in Deutschland?<br \/>\n38:20 Schafft Literatur Verst\u00e4ndnis f\u00fcr die gegenteilige Position?<br \/>\nJuli Zeh gilt als eine der erfolgreichsten Schriftstellerinnen Deutschlands. Ihre Romane werden in \u00fcber 35 Sprachen \u00fcbersetzt, die Gesamtauflage betr\u00e4gt mehrere Millionen, die Liste der Literaturpreise ist lang. Kein Wunder, denn praktisch immer thematisiert die promovierte Juristin und ehrenamtliche Verfassungsrichterin in ihren Geschichten dr\u00e4ngende politische Fragen wie die Spaltung der Gesellschaft, den Umgang mit Rechtsradikalen oder die Frage der \u00dcberwachung. Nicht selten nimmt sie Problemlagen vorweg, die den politischen Diskurs der Zukunft bestimmen. Dabei zeigt sie sich gern auch streitlustig und kritisiert die \u00dcberheblichkeit der urbanen Bildungselite, die AfD-W\u00e4hlende als unbelehrbare Dumpfbacken abstempeln und \u00fcber die Hinterw\u00e4ldler auf dem Land frotzeln. Die geb\u00fcrtige Bonnerin lebt selbst seit vielen Jahren in einem 300-Seelendorf in Brandenburg im ehemaligen Ostdeutschland.<br \/>\nBarbara Bleisch spricht mit der Schriftstellerin \u00fcber die politische Grosswetterlage und fragt, vor welchen Herausforderungen die westlichen Demokratien angesichts des Erstarkens autokratischer Kr\u00e4fte stehen und wie sie resilient zu machen sind.<br \/>\n29.3.2025, <a href=\"https:\/\/www.youtube.com\/watch?v=qIrZL7tCsa4\">https:\/\/www.youtube.com\/watch?v=qIrZL7tCsa4<\/a><\/p>\n<p>&nbsp;<\/p>\n<p><strong>AfD-Parteitag: Bis zu tausend Linksextreme<\/strong><br \/>\nIm Zusammenhang mit den Protesten gegen den vergangenen AfD-Bundesparteitag in Riesa hat die Polizeidirektion Dresden bisher 85 Ermittlungsverfahren eingeleitet. Zudem verf\u00fcgten die Sicherheitsbeh\u00f6rden \u00fcber \u201ekonkrete Anhaltspunkte\u201c f\u00fcr die Einsch\u00e4tzung, da\u00df sich bis zu tausend Linksextremisten an den Kundgebungen im Januar beteiligt h\u00e4tten, teilte das s\u00e4chsische Innenministerium in ihrer Antwort auf eine Kleine Anfrage der AfD-Landtagsfraktion mit. Die Zahl ergebe sich unter anderem aus den Anreisebekundungen aus den einzelnen Bundesl\u00e4ndern sowie einer \u201eBewertung der vor Ort erfolgten Aktionen\u201c. So h\u00e4tten unter anderem Angeh\u00f6rige des autonomen B\u00fcndnisses Interventionistische Linke ihre Teilnahme in den sozialen Medien best\u00e4tigt. Die Gruppierung verf\u00fcgt nach Einsch\u00e4tzung des s\u00e4chsischen Innenministeriums zudem \u00fcber \u201eerkennbaren Einflu\u00df\u201c auf das B\u00fcndnis \u201eWidersetzen\u201c, welches zu den Kundgebungen und Zufahrtblockaden aufgerufen hatte. Der sicherheitspolitische Sprecher der AfD-Fraktion, Carsten H\u00fctter, kritisierte die Vorgehensweise der Beh\u00f6rden. \u201eNicht nur bleiben viele Fragen offen, nach der Beantwortung ergeben sich neue Fragen. Wir haben 3.750 hervorragend ausgebildete Polizisten da, es gibt mehrere Infoveranstaltungen linksextremistischer Vereine. Und trotzdem ist man nicht in der Lage, genauere Zahlen zu liefern\u201c, bem\u00e4ngelte er gegen\u00fcber der JUNGEN FREIHEIT. Seiner Einsch\u00e4tzung nach h\u00e4tten sich deutlich mehr als 2.000 Linksextremisten an den Protesten gegen den Riesaer Parteitag beteiligt. \u201eDie angebliche Zivilgesellschaft, die hier demonstriert, sind in Wirklichkeit Linksextremisten.\u201c An den Protesten gegen den AfD-Bundesparteitag im Januar waren rund 15.000 Personen beteiligt. Bei den damit zusammenh\u00e4ngenden Unruhen wurden insgesamt 30 Polizisten verletzt und zehn Polizeifahrzeuge besch\u00e4digt. Aufgrund der Blockaden der Teilnehmer mu\u00dfte der Parteitag mit zweist\u00fcndiger Versp\u00e4tung beginnen. (kuk)<br \/>\n&#8230; Alles vom 20.3.2025 bitte lesen in der JF 13\/25, Seite 4<\/p>\n<p>&nbsp;<\/p>\n<p><strong>Die AfD zu stigmatisieren reicht nicht<br \/>\n<\/strong>Eine der zentralen Fragen deutscher Innenpolitik ist der Umgang der etablierten Parteien mit der AfD. Ihre Relevanz w\u00e4chst mit den zunehmenden Schwierigkeiten einer Koalitionsbildung in den Parlamenten. Ein Blick zur\u00fcck: Der Einzug radikaler Parteien in den Bundestag (1983 der Gr\u00fcnen, 1990 der SED-Nachfolgepartei PDS) stand unter der Beobachtung des Verfassungsschutzes. Die Gr\u00fcnen schickten einen &#8222;bunten Haufen aus Hippies und Maoisten, K-Gruppen-Mitgliedern und Friedensaposteln&#8220; (Frankfurter Rundschau) in den Bundestag. Die Ordnungsrufe schnellten nach oben \u2013 \u00e4hnlich wie beim Einzug der AfD 2017.<br \/>\nBei den Gr\u00fcnen und der PDS wirkte jedoch die sogenannte Inklusionsstrategie. In dem Ma\u00dfe, wie sie die Regeln der parlamentarischen Demokratie adaptierten und sich ideologisch h\u00e4uteten, banden die etablierten Parteien sie in den parlamentarischen Prozess ein.<br \/>\nBei der AfD gibt es bisher keine Anzeichen f\u00fcr den Erfolg eines solchen Inklusionsprozesses, da sich die Partei weiter nach rechts radikalisiert und die Bewertung des Verfassungsschutzes rechtfertigt, dass sie als rechtsextremer Verdachtsfall und Teile gar als &#8222;gesichert rechtsextrem&#8220; gelten m\u00fcsse. Die Exklusionsstrategie der etablierten Parteien ist daher richtig. Dennoch ist damit die Frage, wie man mit der AfD umgehen soll, nicht hinreichend beantwortet. Denn ein Teil der AfD-W\u00e4hlerschaft ist nicht rechtsextrem. Solche W\u00e4hler gilt es zur\u00fcckzuholen.<br \/>\n.<br \/>\nTeile der Bev\u00f6lkerung traut dem Verfassungsschutz nicht<br \/>\nBei zahlreichen B\u00fcrgern hat der Verfassungsschutz an Autorit\u00e4t eingeb\u00fc\u00dft. Umfragen zeigen, dass fast ein Drittel der deutschen Bev\u00f6lkerung kein Vertrauen in den Verfassungsschutz hat. In den ostdeutschen Bundesl\u00e4ndern ist dieser Anteil noch h\u00f6her. Dazu trugen problematische Beobachtungen bei, etwa die vom Bundesverfassungsgericht 2013 untersagte Beobachtung des th\u00fcringischen Linken-Politikers Bodo Ramelow, der im Jahr darauf sogar Th\u00fcringer Ministerpr\u00e4sident wurde. Der Verfassungsschutz geriet in den Verdacht, nicht \u00fcberparteilich zu sein. Dazu trugen auch die Wechsel der Verfassungsschutzpr\u00e4sidenten Hans-Georg Maa\u00dfen und Thomas Haldenwang in die Politik bei.<br \/>\nWichtiger noch ist die Verwirrung vieler B\u00fcrger \u00fcber die Definition des Rechtsextremismus. Mancher fragt, wo die Grenze zwischen verfassungskonformer und verfassungswidriger Systemkritik liege. Wann schl\u00e4gt das Eintreten f\u00fcr kulturelle Homogenit\u00e4t in grundgesetzwidrigen v\u00f6lkischen Rassismus um? Solche Fragen m\u00fcssen mit den B\u00fcrgern ausf\u00fchrlich diskutiert werden. Dies gilt auch f\u00fcr die programmatischen Vorschl\u00e4ge der AfD.<\/p>\n<p>Die Wirtschaft hat Argumente aufbereitet<br \/>\nDie Wirtschaftsweise Veronika Grimm hat Recht, wenn sie als Antwort auf die AfD-Sch\u00fctzenhilfe von Elon Musk fordert, diese ernst zu nehmen und beispielsweise die negativen Folgen der wirtschafts- und europapolitischen Vorstellungen der AfD aufzuzeigen. Die Wissenschaft hat daf\u00fcr die Argumente aufbereitet. Die Politik sollte sie intensiver in den Wahlkampf hineintragen. Die Wahlerfolge der AfD zeigen, dass im Wettbewerb der etablierten Parteien deren Stigmatisierung nicht mehr ausreicht.<br \/>\n&#8230; Alles vom 15.1.2025 von Wolfgang J\u00e4ger bitte lesen auf<br \/>\n<a href=\"https:\/\/www.badische-zeitung.de\/die-afd-zu-stigmatisieren-reicht-nicht\">https:\/\/www.badische-zeitung.de\/die-afd-zu-stigmatisieren-reicht-nicht<\/a><br \/>\n.<br \/>\n<em>Wolfgang J\u00e4ger ist Politikwissenschaftler und war Rektor der Albert-Ludwigs-Universit\u00e4t Freiburg.<\/em><br \/>\n.<br \/>\nEinige Kommentare:<br \/>\n&#8222;Bei den Gr\u00fcnen und der PDS wirkte jedoch die sogenannte Inklusionsstrategie&#8220;, bei der Afd hingegen nicht. Dieser Aussage von Wolfgang J\u00e4ger wage ich zu widersprechen, da bei der AfD leider von Anfang an eine Exklusionsstrategie gefahren wurde &#8211; incl. Brandmauer. Wo war die Inklusion gegen\u00fcber gem\u00e4\u00dfigten AfD-lern wie Lucke, Henkel, Petry und Meuthen? E.K.<br \/>\nZum Beispiel was Windr\u00e4der angeht: <a href=\"http:\/\/www.bdew.de\/presse\/presseinformationen\/afd-forderung-ignoriert-die-fakten\/\">http:\/\/www.bdew.de\/presse\/presseinformationen\/afd-forderung-ignoriert-die-fakten\/<\/a><br \/>\nS.Sch.<br \/>\nEnde Kommentare<\/p>\n<p>&nbsp;<\/p>\n<p><strong>Sippenhaft gegen AfD?<\/strong><br \/>\nIch dachte immer, wir h\u00e4tten die Sippenhaft aus leidvoller Erfahrung hinter uns gebracht. Aber genau das ist es, was Herr Huesemann fordert. Er will die Hochstufung der AfD zur &#8222;gesichert, rechtsextremen Bestrebung&#8220;, dies, weil zwei der acht Festgenommenen einer mutma\u00dflich rechtsterroristischen Gruppe, der AfD angeh\u00f6ren. Herr Huesemann misst hier mit zweierlei Ma\u00df. Islamistischer Terror, Messerangriffe und Anschlagspl\u00e4ne von Islamisten scheinen ihn nicht zum Schluss kommen zu lassen, dass der Islam verboten geh\u00f6rt. Da h\u00f6rt man schnell, dass es sich um psychisch kranke Einzelt\u00e4ter handelt. Zu glauben, dass acht Mann ganze Landesteile erobern wollen, spricht nicht gerade f\u00fcr den gesunden Menschenverstand aller Beteiligten. Und von einem AfD-Lokalpolitiker auf eine ganze Partei zu schlie\u00dfen und ihre Einstufung als gesichert rechtsextrem zu fordern, zeugt nicht gerade von Augenma\u00df. F\u00fcr mich zeugt diese gef\u00e4hrliche Verallgemeinerung eher von wenig Demokratieverst\u00e4ndnis.<br \/>\n18.11.224, Thomas Rolle, Albbruck<br \/>\nEine handfeste Gefahr&#8220;, Tagesspiegel von Felix Huesmann (Politik, 6. November)<\/p>\n<p>&nbsp;<\/p>\n<p><strong>AfD am h\u00e4ufigsten Opfer von Attacken<\/strong><br \/>\n<em>Politische Gewalttaten: Erneut sind Mitglieder der AfD am h\u00e4ufigsten Opfer von Attacken \/ Plakate der Gr\u00fcnen werden am meisten zerst\u00f6rt<\/em><br \/>\nDie Zahl der k\u00f6rperlichen Angriffe auf Politiker und Parteirepr\u00e4sentanten ist in der ersten Jahresh\u00e4lfte im Vergleich zu 2023 deutlich gestiegen. Allein von Januar bis Juni 2024 gab es insgesamt 84 gewaltt\u00e4tige \u00dcbergriffe, wie aus der Antwort der Bundesregierung auf eine Anfrage des Bundestagsabgeordneten Martin Hess (AfD) hervorgeht. Im gleichen Zeitraum 2023 waren es 28 Taten gewesen.<br \/>\nMit 48 von 84 F\u00e4llen waren am h\u00e4ufigsten Politiker der AfD das Ziel der Attacken. Darauf folgen die Gr\u00fcnen mit 13 Delikten. Im Vorjahreszeitraum hatte es 18 beziehungsweise zwei Angriffe auf Politiker der beiden Parteien gegeben. Die Verd\u00e4chtigen der im ersten Halbjahr 2024 festgestellten Taten stammten in 42 F\u00e4llen aus dem linksradikalen Spektrum und neunmal aus der rechtsradikalen Szene.<br \/>\n&#8230; Alles vom 11.10.2024 von Vincent Steinkohl bitte lesen in der JF 42\/24, Seite 5<br \/>\n<a href=\"https:\/\/www.junge-freiheit.de\">https:\/\/www.junge-freiheit.de<\/a><\/p>\n<p>&nbsp;<\/p>\n<p><strong>AfD ist am h\u00e4ufigsten Opfer politischer Gewalt<\/strong><br \/>\nIm ersten Halbjahr 2024 gab es 48 gewaltt\u00e4tige Angriffe auf AfD-Politiker, von denen 41 dem linken Spektrum zugeordnet wurden.<br \/>\nDies ergab eine kleine Anfrage des AfD-Bundestagsabgeordneten Martin Hess, wie NIUS berichtete. Politiker der Gr\u00fcnen wurden 13-mal angegriffen, wobei 5 Angriffe aus dem rechten Spektrum stammten und 8 unter \u201esonstige Zuordnung\u201c fielen. Linkspartei- und CDU-Abgeordnete wurden jeweils f\u00fcnfmal, SPD-Politiker dreimal und CSU-Politiker einmal angegriffen. Die FDP meldete keine Angriffe. Die Gewaltangriffe wurden zum \u00fcberwiegenden Teil von Linksextremisten ver\u00fcbt (42), 24 fielen unter \u201esonstige Zuordnung\u201c und 9 unter Rechtsextremismus.<br \/>\n&#8230; Alles vom 2.10.2024 bitte lesen auf<br \/>\n<a href=\"https:\/\/www.achgut.com\/artikel\/afd_ist_am_haeufigsten_opfer_politischer_gewalt\">https:\/\/www.achgut.com\/artikel\/afd_ist_am_haeufigsten_opfer_politischer_gewalt<\/a><\/p>\n<p>&nbsp;<\/p>\n<p><strong>Saskia Esken (SPD) zur AfD: &#8222;Ja, das ist eine Nazi-Partei&#8220;<\/strong><br \/>\n<strong>Wollt Ihr den totalen Stuss?<\/strong><br \/>\n<em>J\u00fcngst brillierte SPD-Chefin Saskia Esken in einer unter deutschen Politikern beliebten Disziplin: dem <a href=\"https:\/\/www.freiburg-schwarzwald.de\/blog\/religion\/juden\/nazi\/nazi-keule\/\">Nazi-Vergleich<\/a>, ohne zu begreifen, wie geschichtsvergessen und verleumderisch dieser ist. &#8230;<\/em><br \/>\nDiesmal machte sich Saskia Esken, seit 2019 eine der beiden Bundesvorsitzenden der SPD und sich der Antifa zugeh\u00f6rig f\u00fchlend, \u00f6ffentlich zum Obst. Im Gespr\u00e4ch mit dem ORF-Nachrichtenmoderator Armin Wolf (in G\u00e4nze hier anzusehen) antwortete sie auf Nachfrage, ob sie die AfD mit Goebbels vergleiche: \u201eJa. Das ist eine Nazi-Partei\u201c.<br \/>\n&#8230;<br \/>\nWer Saskia Esken reden h\u00f6rt und sich mit der Geschichte ebenso wenig auseinandergesetzt hat wie die SPD-Chefin, wird also in dem Glauben gelassen, die AfD sei als \u201eNazi-Partei\u201c wie die NSDAP. Was sie, siehe oben, nicht ist.<br \/>\nNein, Nazi-Vergleiche sind nicht nur rhetorische Rohrkrepierer. Sie k\u00f6nnen auch unermesslichen Schaden anrichten. In der Neuen Z\u00fcrcher Zeitung (NZZ) wurde das einmal so auf den Punkt gebracht:<br \/>\n<em>\u201eGemeinsam ist allen Nazi-Vergleichen eines: Mit jeder \u00c4u\u00dferung wird der Nationalsozialismus banalisiert. Jede Gleichsetzung ist eine Verh\u00f6hnung der Opfer. Wenn sich schon die Schweizer FDP mit Nazis gleichsetzen lassen muss, haben sich die Grenzen des Sagbaren nicht nur verschoben, sie sind bereits gefallen. Zw\u00f6lf Jahre Diktatur, Verfolgung, Rassenwahn und V\u00f6lkermord drohen zu einer Randnotiz der Geschichte zu werden.\u201c<\/em><br \/>\nEsken ist als Vorsitzende der SPD, einer einst von den Nazis verbotenen Partei, deren Mitglieder in Konzentrationslager verschleppt und ermordet wurden, v\u00f6llig fehl am Platze. Und wie sie in diese Position gelangen konnte, ist ein R\u00e4tsel. Andererseits passt sie wiederum in diese Zeit, in der so manchem in einer gehobenen Position s\u00e4mtliche Ma\u00dfst\u00e4be l\u00e4ngst verrutscht sind.<br \/>\n&#8230; Alles vom 4,5,2924 bitte lesen au<br \/>\n<a href=\"https:\/\/www.achgut.com\/artikel\/wollt_ihr_den_totalen_stuss\">https:\/\/www.achgut.com\/artikel\/wollt_ihr_den_totalen_stuss<\/a><\/p>\n<p>&nbsp;<\/p>\n<p><strong>Afd-Genick &#8211; Wo soll das noch hinf\u00fchren?<\/strong><br \/>\nSie suchen sich ethnisch-kulturelle Gegner, von denen die geringste Gefahr ausgeht: ihresgleichen.<br \/>\n.<br \/>\n<a href=\"https:\/\/www.freiburg-schwarzwald.de\/blog\/wp-content\/uploads\/2024\/04\/afd-genick-grundgesetz-freiburg240410.jpg\"><img loading=\"lazy\" decoding=\"async\" class=\"alignnone size-thumbnail wp-image-122585\" src=\"https:\/\/www.freiburg-schwarzwald.de\/blog\/wp-content\/uploads\/2024\/04\/afd-genick-grundgesetz-freiburg240410-142x180.jpg\" alt=\"\" width=\"142\" height=\"180\" srcset=\"https:\/\/www.freiburg-schwarzwald.de\/blog\/wp-content\/uploads\/2024\/04\/afd-genick-grundgesetz-freiburg240410-142x180.jpg 142w, https:\/\/www.freiburg-schwarzwald.de\/blog\/wp-content\/uploads\/2024\/04\/afd-genick-grundgesetz-freiburg240410.jpg 500w\" sizes=\"auto, (max-width: 142px) 100vw, 142px\" \/><\/a><br \/>\n&#8230; Alles vom 10.4.2024 von Michael Klonovsky bitte lesen auf<br \/>\n<a href=\"https:\/\/www.klonovsky.de\/2024\/04\/10-april-2024\/\">https:\/\/www.klonovsky.de\/2024\/04\/10-april-2024\/<\/a><br \/>\n.<\/p>\n<p><strong>Anschlag auf Eltern eines AfD-Stadtrats in Leipzig<\/strong><br \/>\nWo soll das enden? Was soll jetzt noch kommen? Parasiten (S\u00f6der), Ratten (Steinmeier), Haufen Schei\u00dfe (Strack-Zimmermann). Die AfD und ihre W\u00e4hler sind vogelfrei. Die Bisch\u00f6fe, an deren H\u00e4nden der Dreck des Missbrauchs und dessen Vertuschung klebt, grenzen die AfD aus (und nehmen fr\u00f6hlich deren Kirchensteuern \u2013 pecunia non olet), Gastst\u00e4tten erkl\u00e4ren sich zur AfD-freien Zone. Selbst kleinste B\u00e4ckerl\u00e4dchen spielen gro\u00dfe Weltmoral und weisen den \u201eNazis\u201c die T\u00fcr.<br \/>\nHass und Hetze, daf\u00fcr braucht man nicht erst die Antifa oder die \u201eAmpel\u201c. Da reichen schon Politiker, die das \u201eC\u201c im Parteinamen missbrauchen und sich selbst geradezu missionarisch als Christen bezeichnen. Bei denen reicht es noch nichtmal zur Sekte! Das sind Brandstifter, sonst nichts.<br \/>\nJetzt trifft es bereits die Verwandten von AfD-Politikern. In CDU-Kretschmers Sachsen. Es soll die Antifa gewesen sein, die die Eltern des Kommunalpolitikers und Leipziger Stadtrats Marius Beyer mit brutaler Gewalt heimgesucht hat. Bereits zum wiederholten Male. Die Eltern! Obwohl der Sohn gar nicht mehr dort wohnt. Vor drei Monaten war Beyer selbst zusammengeschlagen worden. Da gab\u2019s weder Lichterketten noch Blitzbesuche vom Bundespr\u00e4sidenten oder Ministerpr\u00e4sidenten. Nein, diese Herren spielen ungebremst und ungehemmt auf der Klaviatur von Hass und Hetze. Und das keineswegs piano.<br \/>\n<a href=\"https:\/\/jungefreiheit.de\/politik\/deutschland\/2024\/eltern-eines-afd-politiker-werden-opfer-eines-anschlags\/\">https:\/\/jungefreiheit.de\/politik\/deutschland\/2024\/eltern-eines-afd-politiker-werden-opfer-eines-anschlags\/<\/a><br \/>\n.<br \/>\nAber wo gedeiht denn dieser Hass? Wer hat der hemmungslosen Gewalt den Boden bereitet? Es ist noch nicht lange her, da stand der s\u00e4chsische CDU-Innenminister Schuster in Gammelklamotten wie einer der Ihren vor den wehenden Antifa-Fahnen und rief den Leuten auf der \u201eAnti-Rechts-Demo\u201c in Bautzen zu, sie seien seine wichtigsten Mitarbeiter zur Rettung der Demokratie. Ja, sie seien sogar wichtige Mitarbeiter des Verfassungsschutzes. Niemand hat sich dar\u00fcber erregt. Keinem Medium war diese Ungeheuerlichkeit eine Zeile oder einen Ton wert.<br \/>\nAllein einer der mit rund 1.000 Mitarbeitern bekanntesten deutschen Bauunternehmer, der Bautzener J\u00f6rg Drews,<br \/>\n<a href=\"https:\/\/drews-bautzen.de\/terroristen-als-staatsorgan-und-hilfspolizei\/\">https:\/\/drews-bautzen.de\/terroristen-als-staatsorgan-und-hilfspolizei\/<\/a><br \/>\ndessen Firma mehrfach Opfer von Brandanschl\u00e4gen war, fragt den CDU-Mann und Antifa-Sympathisanten Schuster auf seiner Internetseite: \u201eWas sollen wir nun denken, wenn der zust\u00e4ndige Innenminister die Antifa, die lautstark und un\u00fcbersehbar die aktuellen Demonstrationen begleitet und mitinitiiert, hofiert, zugleich aber Unternehmen und Menschen, die sich objektiv f\u00fcr Vielfalt und ein soziales Miteinander einsetzen, schutzlos zur\u00fcckgelassen werden?\u201c<br \/>\n&#8230;<br \/>\nViele verstecken ihre Kinder. Bringen sie nur besch\u00fctzt zur Schule. Sippenhaft hat Konjunktur. Ich bin es leid, nun sagen zu sollen: \u201eEgal, wie man zur AfD steht\u2026\u201c. Ich stehe zu den Menschen, den W\u00e4hlern, den Mandatstr\u00e4gern. Es sind Menschen!<br \/>\n&#8230;<br \/>\nIch habe geweint, als mir eine hoch verdiente Politikerin, \u00fcberh\u00e4uft einst mit Ehren\u00e4mtern und Renommee, die jetzt bei der AfD ist, bewegt und unter Tr\u00e4nen erz\u00e4hlte: <em>\u201eAm 60. Geburtstag meines Bruders, als ich schon mit Blumenstrau\u00df und Geschenk bewaffnet auf das Taxi wartete, rief der mich an: Bitte, bleib zu Hause. Ich kann dich meinen Freunden nicht zumuten.\u201c<\/em><br \/>\nIn einer solchen Gesellschaft will ich nicht leben. Ich verachte alle, die das \u201eChristlich\u201c vor sich her tragen, aber nichts anderes als Hass und Hetze betreiben. Ja, sogar Gewalt bef\u00f6rdern und teilnahmslos in Kauf nehmen. Am schlimmsten die Kirchen. Der \u201eFall Beyer\u201c in Leipzig w\u00e4re die letzte Chance, umzusteuern. Ein Fanal!<br \/>\n&#8230; Ales vom 2.3.2024 von Peter Hahne bitte lesen auf<br \/>\n<a href=\"https:\/\/www.tichyseinblick.de\/meinungen\/leipzig-anschlag-eltern-afd-stadtr\">https:\/\/www.tichyseinblick.de\/meinungen\/leipzig-anschlag-eltern-afd-stadtr<\/a>at\/<br \/>\n.<br \/>\n<em>Buch: <\/em><br \/>\n<em>Peter Hahne: Ist das euer Ernst? <\/em><br \/>\n<em>Aufstand gegen Idiotie und Ideologie<\/em><br \/>\n<em>12 Euro <\/em><br \/>\n<em><a href=\"https:\/\/live.tichyseinblick.shop\/produkt\/hahne-ist-das-euer-ernst\/\">https:\/\/live.tichyseinblick.shop\/produkt\/hahne-ist-das-euer-ernst\/<\/a><\/em><br \/>\n.<br \/>\nEinige Kommentare:<br \/>\nIch habe vor jedem Afd-Abgeordneten, jedem, der sich f\u00fcr die AfD engagiert, egal ob Flyer verteilt oder am Stand steht, Riesen-Respekt. Warum? Weil sie ihr Leben riskieren. Vor einigen Jahren trat in Hamburg-Wilhelmsburg eine Frau f\u00fcr die AfD an. Ihre Familie und sie wurde extrem von der Antifa angegangen. Eines Tages blockierten Hunderte der Antifa die Stra\u00dfe zu ihrem Grundst\u00fcck. Die Polizei stand daneben. Die Frau hat, glaube ich, aus gesundheitlichen Gr\u00fcnden das Mandat nicht angenommen. Jeder, der sich mit den Linken und Leipzig besch\u00e4ftigt, wei\u00df, da\u00df Jule N. nicht nur bei den Linken ist, sondern sich \u00f6ffentlich f\u00fcr links bekennt. Sie ist auch im Vorstand. Sie lebt das aus und die Politik sieht zu und unternimmt nichts. Genauso pervers, da\u00df es immer noch die angeblich verbotene indymedia-Webseite gibt. Ich sch\u00e4me mich f\u00fcr das, was hier in D passiert. R.M.<br \/>\n.<br \/>\nVorboten des B\u00fcrgerkriegs, der von links offensichtlich gewollt ist, da man glaubt wegen der Regierungs\u00e4mter die st\u00e4rkeren Bataillone zu haben! Verbal sind wir \u00fcbrigens schon lange im B\u00fcrgerkrieg wo eine Seite ganz offen bestrebt ist die andere komplett zu vernichten. Jedenfalls kulturell und materiell. Macht endlich die Augen auf!!! Cet<br \/>\n.<br \/>\nParteien, deren Vertreter nicht neben der AfD sitzen wollen, die das Wahlrecht mit F\u00fc\u00dfen treten, die \u00fcberall nur Nazis sehen und Mitstreiter verbieten wollen, weil die Parteien inhaltlich nicht mithalten k\u00f6nnen, die Mitstreiter besser sind, veranstalten eine Scheindemokratie.<br \/>\nDemokratie mu\u00df mit allen Parteien zu Recht kommen. Nicht die Parteien sind das Volk, die Parteien wirken nur bei der politischen Willensbildung des Volkes mit. Keine Partei hat das Recht, die W\u00e4hler anderer Parteien zu beschimpfen und abweichende Meinungen inquisitorisch zu bek\u00e4mpfen. Sippenhaft hat in einer Demokratie keinen Platz. Und Parteien, die gegen das eigene Land und gegen die eigenen W\u00e4hler regieren, haben in unserer Demokratie nichts verloren. Alf<br \/>\n.<br \/>\nInteressant, dass der Artikel von Herrn Hahne so schnell nach hinten gerutscht ist!<br \/>\nZum Artikel: Ich bef\u00fcrchte, dass diese Anschl\u00e4ge Methode haben, um im Endeffekt jeden AfD-Funktion\u00e4r und seine Familie in Schrecken zu versetzen und zur Aufgabe zu zwingen. Diese Methode wird zumindest von den gegenw\u00e4rtig Herrschenden toleriert oder sogar mit Wohlwollen betrachtet, denn es geht ja \u201egegen Rechts\u201c, d.h. gegen b\u00fcrgerliche Regierungskritiker. Die Stasi hatte f\u00fcr diese Verfahren die Schlagworte \u201eDenunzieren, Diffamieren, Zersetzen, Vernichten\u201c. Es ist daher nicht auszuschlie\u00dfen, dass diese Methode bis zu den Wahlen im Juni bzw. September erfolgreich ist. Aber auch danach kann man das ja noch intensivieren. Mat<br \/>\n.<br \/>\nIch schreibe folgendes nicht als AfD Mitglied, sondern bewusst neutral als Mann aus dem Sicherheitsapparat: Kommunalpolitiker und ihr direktes Umfeld sind \u201eweiche Ziele\u201c, da sie \u00fcblicherweise keinen Personenschutz in Anspruch nehmen k\u00f6nnen. Das gilt im Moment zwar gesondert f\u00fcr AfD Mitglieder, aber letztlich f\u00fcr jeden, der sich politisch bet\u00e4tigt. Also f\u00fcr Gr\u00fcne, SPDler, CDUler, FDPler und alles was es potentiell sonst noch gibt und bald relevant werden wird.<br \/>\nDie Demokratie sch\u00fctzt man, indem man ihre Vertreter sch\u00fctzt. Wenn Politiker bedroht, misshandelt oder sogar get\u00f6tet werden, ist das der Anfang vom Ende. Das hat es nicht zu geben. Spitzenpolitiker in den Landtagen oder dem Bundestag bekommen Personenschutz von den LKAs und dem BKA. Da deren Anzahl aber \u00fcberschaubar ist, klappt das meist auch ganz gut. In der Kommunalpolitik klappt das aber nicht mehr, weil es viel zu viele Kommunalpolitiker gibt, f\u00fcr die einfach nicht genug Personal zur Verf\u00fcgung steht.<br \/>\nAlso braucht es andere Ma\u00dfnahmen der Absicherung. Und dazu z\u00e4hlt auch der Waffenschein. Das bedeutet nicht, dass jeder Mandatstr\u00e4ger uneingeschr\u00e4nkt sofort ein Schie\u00dfeisen haben sollte, aber die, die bekannterma\u00dfen unter Beschuss stehen und charakterlich (ich sage extra nicht politisch!) daf\u00fcr geeignet sind, schon. Wobei es nicht darum geht, dass die dann wild um sich schie\u00dfen sollen, wenn ihnen da etwas komisch vorkommt.<br \/>\nEs geht um etwas anderes: Allein die Tatsache, dass bedr\u00e4ngte Mandatstr\u00e4ger bewaffnet sein k\u00f6nnten, sorgt in der Breite daf\u00fcr, dass potentielle Attent\u00e4ter freiwillig eher von ihren Absichten ablassen, Mandatstr\u00e4ger zu behelligen, denn die k\u00f6nnten ja bewaffnet sein und sich wehren.<br \/>\nDiese Ungewissheit sorgt f\u00fcr weniger N\u00f6tigung und weniger Anschlagsversuche. Ich kann das aus pers\u00f6nlicher Erfahrung best\u00e4tigen. Das funktioniert. Aber daf\u00fcr muss man hier in Deutschland endlich mal \u00fcber seinen Schatten springen und das schwachsinnige Waffenrecht \u00fcberarbeiten. R.P..<br \/>\n.<br \/>\nRespekt vor dem Mut von politisch interessierten Menschen, die sich als AfD-Mitglieder outen oder gar ein Mandat \u00fcbernehmen. Sie werden ausgegrenzt, stigmatisiert und nicht selten brutal attackiert. Die verst\u00f6rende Gewaltbereitschaft eines Teils der Linken f\u00fchrt dann dazu, dass sich weniger hartgesottene Gem\u00fcter nicht mehr \u00f6ffentlich \u00e4u\u00dfern m\u00f6gen, schon gar nicht f\u00fcr ein Mandat zur Verf\u00fcgung stehen.<br \/>\nWie viel gelassener handhaben die klugen und wirtschaftlich erfolgreichen alemannischen St\u00e4mme in der Schweiz dieses Problem: Die nun wirklich stramm rechte Schweizer Volkspartei ist st\u00e4rkste Fraktion im Parlament, sitzt in der Regierung und sorgt daf\u00fcr, dass die Schweizer Gesellschaft ungef\u00e4hr doppelt so gut funktioniert wie die ostelbisch regierte Bundesrepublikanische (BIP-pro-Kopf Schweiz 92 000 $, Deutschland 50 000 $). B.G.<br \/>\n.<br \/>\nBei der AfD gibt es genauso viel und wenig Qualit\u00e4t wie bei anderen Parteien. Aber im Gegensatz zu anderen Parteien, zeichnet sich die Elite der AfD durch den absoluten Willen aus, unsere dr\u00e4ngendsten Probleme wie die Energiekrise, die Migrationskrise, die Bildungskrise oder die Infrastrukturkrise l\u00f6sen zu wollen. Und wenn ich mir so manche Bundestags- oder Landtagsrede von AfD-Politikern anh\u00f6re, vermag ich deutlich mehr Kompetenz erkennen als bei den Funktion\u00e4ren der Altparteien. Von den alten\/neuen Blockparteien kommen nur Lippenbekenntnisse, um ja nicht ihre Koalitionsoptionen zu gef\u00e4hrden. B.C.<br \/>\n&#8211;<br \/>\nGro\u00dfe Aufregung und minutenlange Berichte im ZDF, wenn Ricarda Lang bei Ihrer Ankunft ausgebuht wird. Hier wird die Demokratie beschworen, der Mob ist auf der Stra\u00dfe. Bei einem AFD-Politiker oder wenn sogar seine Eltern betroffen sind, h\u00f6rt man in den \u00d6R nichts, gar nichts \u2013 nada. Anscheinend sind diese Menschen nichts wert und man darf mit ihnen machen, was man will. Sie gelten als \u201eundemokratisch\u201c, obwohl das nirgendwo irgendwann mal gerichtlich festgehalten wurde, sondern einfach immer weitererz\u00e4hlt und st\u00e4ndig wiederholt wurde. A.W.<br \/>\n.<br \/>\nSehr geehrter Herr Hahne, auf den Punkt getroffen, Chapeau. Aber es wird weitergehen, bis, tja bis das unvermeidbare Eintritt, es Menschenleben kosten wird. Die die den Hass beklagen, tragen diesen selbst wie eine Monstranz vor sich her, sogar mit h\u00f6chstem politischen und pastoralem Segen. Sie f\u00fchlen sich im Recht, sie haben die Macht und sie werden sie nutzen. Wie wird es weitergehen? Alles w\u00e4re doch so einfach, es reichen 37 Abgeordnete des deutschen Bundestages um einen Verbotsantrag gegen die AfD zu erwirken und glaube keiner dieser w\u00e4re beim BVerfG nicht auch erfolgreich. Warum stellt ihn keiner? Ganz einfach, das Problem ist nicht die AfD mit ihren Funktion\u00e4ren, das Problem sind die Millionen potentieller W\u00e4hler dieser Partei. Alle jetzt geplanten Gesetzesvorgaben zur \u00dcberwachung und G\u00e4ngelung, der sog. Rechten, sind nur m\u00f6glich solange es die AfD gibt. Solange man mit dem Finger auf sie zeigen kann und entsprechende Angst und Hass sch\u00fcrt. Ab dem Verbotsantrag w\u00e4re das m.E. vorbei, es w\u00fcrde die Zeit des \u00e4tschib\u00e4tschi beginnen, nach dem Motto, bald seid ihr weg. Geplante Gesetze w\u00fcrden ins Leere laufe. Das AfD Verbot kommt wenn alle Gesetze beschlossen sind. sti<br \/>\n.<br \/>\nIn Leipzig wird die Antifa direkt unterst\u00fctzt durch die Linken, Gr\u00fcnen und die SPD. Man kennt und braucht sich. Ob bei den Pegida Demonstrationen, gegen Corona oder beim Kampf gegen Rechts werden die Br\u00fcll- und Schl\u00e4gertruppen der Antifa gebraucht. Die Brutalit\u00e4t der Antifa ist inzwischen unfassbar. Da werden Leute zu Hause \u00fcberfallen und zusammengeschlagen. Es werden Menschen mit dem Hammer die Knochen gebrochen und die Autos werden abgefackelt. Es passiert nichts, der Staat schaut zu. Im Gegenteil, es marschieren die Mainstreamparteien Seite an Seite mit der Antifa f\u00fcr ihre Zwecke. Dabei ger\u00e4t die Gewalt zunehmend au\u00dfer Kontrolle und greift auch staatliche Autos, Geb\u00e4ude \u00fcber. bim<br \/>\n.<br \/>\n\u201eBitte, bleib zu Hause. Ich kann dich meinen Freunden nicht zumuten.\u201c<br \/>\n\u201eWenn ihr euch fragt, wie das damals passieren konnte: weil sie damals so waren, wie ihr heute seid.\u201c Henryk M. Broder<br \/>\nUnd sie wollen es alle nicht merken und wieder nicht wissen, was sie tun? Was muss man dieser Masse noch vor Augen halten, bis sie merkt, dass sie sich vollkommen auf dem Holzweg ins erneute Nirwana befindet? Von primitiven Schl\u00e4gertrupps bis hoch hinauf ins Bellevue? Kas<br \/>\n.<br \/>\nEs verst\u00e4rkt sich immer mehr der Eindruck, dass es Kr\u00e4fte in unserem Land gibt, denen ein offener B\u00fcrgerkrieg nicht ungelegen k\u00e4me. Einen molekularen B\u00fcrgerkrieg haben wir ja bereits. Hans Magnus Enzensberger hat das Szenario vor 30 Jahren bereits beschrieben: \u201eBegonnen wird er stets von einer Minderheit; wahrscheinlich gen\u00fcgt es, wenn jeder Hundertste ihn will, um ein zivilisiertes Zusammenleben unm\u00f6glich zu machen. Noch gibt es in den Industriel\u00e4ndern eine starke Mehrheit von Leuten, denen der Frieden lieber ist. Unsere B\u00fcrgerkriege haben bisher nicht die Massen ergriffen; sie sind molekular.\u201c Doch wehret den Anf\u00e4ngen! Solche \u201emolekularen B\u00fcrgerkriege\u201c, meinte der Schriftsteller, \u201ek\u00f6nnten jederzeit eskalieren und zum Fl\u00e4chenbrand werden.\u201c J.Sch<br \/>\nEnde Kommentare<\/p>\n<p>&nbsp;<\/p>\n<p>&nbsp;<\/p>\n","protected":false},"excerpt":{"rendered":"<p>Home\u00a0&gt;Engagement\u00a0&gt;Partei\u00a0&gt;Parlamentarismus\u00a0&gt;Opposition\u00a0&gt;AfD\u00a0&gt;AfD-Bashing &nbsp; Listenauswahl eines Beitrags (Artikel\/Datum, Seite\/Inhalt):\u00a0Klicken\u00a0oder scrollen AfDler werden erschossen: MDR muss umstrittenen Partei-Werbespot ausstrahlen (20.4.2026) Karl Schwarz, Freiburger OB-Kandidat der AfD, ist Gegenwind gewohnt\u00a0(17.4.2026) \u201eDie PARTEI\u201c fordert auf ihrem Wahlplakat: \u201eKinder von AfD-W\u00e4hlern: Abtreiben!\u201c\u00a0 (17.2.2026) \u201e100 mit Schlagwerkzeugen &hellip; <a href=\"https:\/\/www.freiburg-schwarzwald.de\/blog\/vereine\/partei\/afd\/afd-bashing\/\">Weiterlesen <span class=\"meta-nav\">&rarr;<\/span><\/a><\/p>\n","protected":false},"author":2,"featured_media":0,"parent":55512,"menu_order":0,"comment_status":"closed","ping_status":"closed","template":"","meta":{"footnotes":""},"class_list":["post-121301","page","type-page","status-publish","hentry"],"_links":{"self":[{"href":"https:\/\/www.freiburg-schwarzwald.de\/blog\/wp-json\/wp\/v2\/pages\/121301","targetHints":{"allow":["GET"]}}],"collection":[{"href":"https:\/\/www.freiburg-schwarzwald.de\/blog\/wp-json\/wp\/v2\/pages"}],"about":[{"href":"https:\/\/www.freiburg-schwarzwald.de\/blog\/wp-json\/wp\/v2\/types\/page"}],"author":[{"embeddable":true,"href":"https:\/\/www.freiburg-schwarzwald.de\/blog\/wp-json\/wp\/v2\/users\/2"}],"replies":[{"embeddable":true,"href":"https:\/\/www.freiburg-schwarzwald.de\/blog\/wp-json\/wp\/v2\/comments?post=121301"}],"version-history":[{"count":5,"href":"https:\/\/www.freiburg-schwarzwald.de\/blog\/wp-json\/wp\/v2\/pages\/121301\/revisions"}],"predecessor-version":[{"id":148178,"href":"https:\/\/www.freiburg-schwarzwald.de\/blog\/wp-json\/wp\/v2\/pages\/121301\/revisions\/148178"}],"up":[{"embeddable":true,"href":"https:\/\/www.freiburg-schwarzwald.de\/blog\/wp-json\/wp\/v2\/pages\/55512"}],"wp:attachment":[{"href":"https:\/\/www.freiburg-schwarzwald.de\/blog\/wp-json\/wp\/v2\/media?parent=121301"}],"curies":[{"name":"wp","href":"https:\/\/api.w.org\/{rel}","templated":true}]}}