{"id":120802,"date":"2024-02-18T14:31:40","date_gmt":"2024-02-18T13:31:40","guid":{"rendered":"https:\/\/www.freiburg-schwarzwald.de\/blog\/?page_id=120802"},"modified":"2026-01-05T10:32:31","modified_gmt":"2026-01-05T09:32:31","slug":"kampf-gegen-gruene","status":"publish","type":"page","link":"https:\/\/www.freiburg-schwarzwald.de\/blog\/kultur\/medien\/kampf-gegen-gruene\/","title":{"rendered":"Kampf-gegen-Gr\u00fcne"},"content":{"rendered":"<p><a href=\"https:\/\/www.freiburg-schwarzwald.de\/blog\">Home<\/a>\u00a0&gt;<a title=\"Kultur\" href=\"https:\/\/www.freiburg-schwarzwald.de\/blog\/kultur\/\">Kultur<\/a>\u00a0&gt;<a title=\"Medien\" href=\"https:\/\/www.freiburg-schwarzwald.de\/blog\/kultur\/medien\/\">Medien<\/a>\u00a0&gt;<a title=\"Mainstream\" href=\"https:\/\/www.freiburg-schwarzwald.de\/blog\/kultur\/medien\/mainstream\/\">Mainstream-Medien<\/a> &gt;<a href=\"https:\/\/www.freiburg-schwarzwald.de\/blog\/kultur\/medien\/kampf-gegen-rechts\/\">Kampf-gegen-Rechts<\/a> &gt;Kampf gegen-Gr\u00fcne<\/p>\n<div id=\"attachment_119304\" style=\"width: 646px\" class=\"wp-caption alignnone\"><a href=\"https:\/\/www.freiburg-schwarzwald.de\/blog\/wp-content\/uploads\/2024\/01\/bauernproteste-kinder-traktoren-pan240108.jpg\"><img loading=\"lazy\" decoding=\"async\" aria-describedby=\"caption-attachment-119304\" class=\"size-full wp-image-119304\" src=\"https:\/\/www.freiburg-schwarzwald.de\/blog\/wp-content\/uploads\/2024\/01\/bauernproteste-kinder-traktoren-pan240108.jpg\" alt=\"\" width=\"636\" height=\"296\" srcset=\"https:\/\/www.freiburg-schwarzwald.de\/blog\/wp-content\/uploads\/2024\/01\/bauernproteste-kinder-traktoren-pan240108.jpg 636w, https:\/\/www.freiburg-schwarzwald.de\/blog\/wp-content\/uploads\/2024\/01\/bauernproteste-kinder-traktoren-pan240108-180x84.jpg 180w\" sizes=\"auto, (max-width: 636px) 100vw, 636px\" \/><\/a><p id=\"caption-attachment-119304\" class=\"wp-caption-text\">Bauernprotestwoche ab 8.1.2024 mit Traktoren<\/p><\/div>\n<ul>\n<li><em>Listenauswahl eines Beitrags: Bitte anklicken oder runterscrollen<\/em><\/li>\n<li><a href=\"https:\/\/www.freiburg-schwarzwald.de\/blog\/stromausfall-von-links-in-berlin\/\">Stromausfall von links in Berlin<\/a>\u00a0(5.1.2026)<\/li>\n<li><a href=\"https:\/\/www.freiburg-schwarzwald.de\/blog\/kultur\/medien\/gesinnungsdiktatur\/\">Sie haben die Wahl: Gesinnungs-Diktatur oder Meinungsfreiheit<\/a>\u00a0(4.10.2025)<\/li>\n<li><a href=\"https:\/\/www.freiburg-schwarzwald.de\/blog\/energiemix-statt-ideologie\/\">Energiemix statt Ideologie<\/a>\u00a0(1.1.2025)<\/li>\n<li><a href=\"https:\/\/www.freiburg-schwarzwald.de\/blog\/kultur\/medien\/film\/\">Imad Karim: \u201ePl\u00f6tzlich Staatsfeind\u201c<\/a>\u00a0(25.11.2024)<\/li>\n<li><a href=\"https:\/\/www.freiburg-schwarzwald.de\/blog\/business\/industrie\/deindustrialisierung\/\">Ulrike Herrmann: Predigerin eines wirtschaftlichen R\u00fcckbaus Deutschlands<\/a>\u00a0(10.5.2024)<\/li>\n<li><a href=\"https:\/\/www.freiburg-schwarzwald.de\/blog\/ampel-lenkt-buerger-ab\/\">Ampel lenkt B\u00fcrger ab<\/a>\u00a0(18.2.2024)<\/li>\n<li>Biberach: Bauern gegen Gr\u00fcnen-Parteitag (15.2.2024)<\/li>\n<li><\/li>\n<li><a href=\"https:\/\/www.freiburg-schwarzwald.de\/blog\/natur\/landwirt\/bauern-rechts\/\">Bauern-Protest<\/a><\/li>\n<li><a href=\"https:\/\/www.freiburg-schwarzwald.de\/blog\/vereine\/partei\/gruene\/\">Gruene<\/a><\/li>\n<li><a href=\"https:\/\/www.freiburg-schwarzwald.de\/blog\/engagement\/zukunft\/demokratie\/gruen-links\/\">Gruen-Links<\/a><\/li>\n<\/ul>\n<p>&nbsp;<\/p>\n<p><strong>Biberach: Bauern gegen Gr\u00fcnen-Parteitag<\/strong><br \/>\n<strong>Die Humor-Deportation am Aschermittwoch<\/strong><br \/>\nEinen Hauch von Brisanz erlangte der Aschermittwoch diesmal, weil einige hundert <a href=\"https:\/\/www.freiburg-schwarzwald.de\/blog\/natur\/landwirt\/bauern-protest\/\">demonstrierende Bauern<\/a> den Veranstaltungsort des politischen Aschermittwochs der Gr\u00fcnen in Biberach blockierten, wobei auch die wahrhaft schockierenden Rufe \u201eHau ab!\u201c und \u201ePfui!\u201c (!) zu h\u00f6ren waren.<br \/>\n<a href=\"https:\/\/www.merkur.de\/politik\/gruene-biberach-absage-politischer-aschermittwoch-bauernproteste-aggressive-stimmung-zr-92832108.html\">https:\/\/www.merkur.de\/politik\/gruene-biberach-absage-politischer-aschermittwoch-bauernproteste-aggressive-stimmung-zr-92832108.html<\/a><br \/>\nWoraufhin der als Redner vorgesehene Mimimi-Minister Cem \u00d6zdemir und andere Gr\u00fcnen-Spitzen das Treffen wegen Sicherheitsbedenken absagten. \u201eDas ist ein Zustand, an den wir uns in einer Demokratie niemals gew\u00f6hnen d\u00fcrfen!\u201c, greinte daraufhin Ricarda Lang, Bundes-Chefin der Gr\u00fcnen, von der allerdings nichts derartiges zu vernehmen war, wenn Klima-Apokalyptiker Stra\u00dfen oder Flugh\u00e4fen blockierten oder Demonstranten AfD-Parteitage belagerten.<br \/>\n&#8230; Alles vom 15.2.2024 bitte lesen auf<br \/>\n<a href=\"https:\/\/www.achgut.com\/artikel\/die_humor_deportation_am_aschermittwoch\">https:\/\/www.achgut.com\/artikel\/die_humor_deportation_am_aschermittwoch<\/a><\/p>\n<p><strong>Woher kommt der Hass auf die Gr\u00fcnen?<\/strong><br \/>\n&#8230; Und die Ironie will es, dass Platzbesetzungen und Stra\u00dfenblockaden zur Tradition der Gr\u00fcnen selbst geh\u00f6ren: aus den Zeiten der Anti-Akw- und der Friedensbewegung. Auch der massive Widerstand gegen Polizeikr\u00e4fte geh\u00f6rte des \u00d6fteren dazu. Dass die an die Regierung gekommenen Gr\u00fcnen heutzutage selbst auf den Schutz der Ordnungsh\u00fcter angewiesen sind, das h\u00e4tten sie sich vermutlich nicht tr\u00e4umen lassen&#8230;. Alels vom 17.2.2024 bitte lesen auf<br \/>\n<a href=\"https:\/\/www.badische-zeitung.de\/woher-kommt-der-hass-auf-die-gruenen\">https:\/\/www.badische-zeitung.de\/woher-kommt-der-hass-auf-die-gruenen<\/a><br \/>\n.<br \/>\nEinige Kommentare:<br \/>\n&#8222;Wer parlamentarisch ausgehandelte Entscheidungen nicht akzeptiert, und sei es z\u00e4hneknirschend, der stellt sich au\u00dferhalb des demokratischen Konsenses. Ebenso, wer gew\u00e4hlte Politikerinnen und Politiker beschimpft, bedroht und bedr\u00e4ngt.&#8220; Dies gilt f\u00fcr die Gr\u00fcnen. Gut so. Zu unserer verlorenen Diskussionskultur finden wir aber nur zur\u00fcck, wenn das Zitat auch f\u00fcr die AfD gilt. F\u00fcr die Gegenseite also: &#8222;Audiatur et altera pars&#8220; . Die \u00dcberschrift des Artikels muss man \u00e4ndern zu &#8222;Woher kommt der Hass auf die Gr\u00fcnen und die AfD?&#8220; E.K.<br \/>\n.<br \/>\nUnter dem sporadisch virulenten Hass Einzelner, der ja nur der schmutzige Schaum auf der Welle ist, liegt eine quer durch die gro\u00dfe Mehrheit der Bev\u00f6lkerung gehende zunehmende Ablehnung gr\u00fcner \u00dcberzeugungen und Pl\u00e4ne zu Grunde: Ablehnung ideologisch getriebener, elit\u00e4rer Transformationspl\u00e4ne, Ablehnung arroganter, bevormundender und g\u00e4ngelnder Eingriffe ins Private, Ablehnung sprachverhunzenden Herumgegenderns, Ablehnung oberlehrerhafter Klimabelehrungen und Weltuntergangsdrohungen, Ablehnung industrie- und wirtschaftssch\u00e4dlicher Zumutungen, Ablehnung \u00fcber Nacht zusammengest\u00fcckelter und miserabel kommunizierter Projekte, Pl\u00e4ne und Aktionen, Ablehnung des viral um sich greifenden Innenstadtsterbens durch von Autohass getriebene Ma\u00dfnahmen und Projekte &#8211; um nur einige zu nennen. Die vollst\u00e4ndige Liste w\u00e4re noch viel l\u00e4nger&#8230; Die n\u00e4chsten Wahlen werden zeigen, ob und in wie weit diese gr\u00fcnen Projekte noch mehrheitsf\u00e4hig sind&#8230; Sven Vaihinger<br \/>\n.<br \/>\nDie Gr\u00fcnen spielen sich auf als Erziehungsberechtigte des Volkes &amp; beanspruchen die Definitionshoheit \u00fcber Begriffe wie Demokratie, Moral, Legitimit\u00e4t etc. pp. Sie geh\u00f6ren zur Speerspitze derer, die uns st\u00e4ndig vorschreiben wollen, was wir zu denken &amp; nicht mehr zu sagen haben. Zur Kompetenz der Gr\u00fcnen &amp; der Linken geh\u00f6ren schon lange nicht mehr Politik und Wirtschaft, sondern Sprachregelung, Genderei und Belehrungen, die von einigen radikalen Gruppen ins Zentrum der Aufmerksamkeit ger\u00fcckt werden. Die Gr\u00fcnen sind hier immer die willigen Steigb\u00fcgelhalter f\u00fcr jede Art akademischer Idiotie.<br \/>\nKomischerweise ist auch immer nur dann Demokratie, wenn sie im Sinne dieser Selbstbeauftragten interpretiert wird: Klimakleber, die strafbare Eingriffe in den Stra\u00dfenverkehr begehen, genie\u00dfen ihre Sympathie, aber wenn andere \u00e4hnliches machen, dann ist es demokratiegef\u00e4hrdend. W\u00fcrden die Bauern f\u00fcr die Klimaziele der Gr\u00fcnen Rabbatz machen, dann w\u00e4r das urdemokratisch. Es sind in erster Linie die SPD-F\u00fchrung und die Gr\u00fcnen, welche die Hysterie um AfD &amp; angebliche Demokratiegef\u00e4hrdung ausgel\u00f6st haben. Dabei ist die Politik dieser Leute wesentlich verantwortlich f\u00fcr den Anstieg der rechten W\u00e4hlerschaft, nicht zuletzt auch durch eine v\u00f6llig verfehlte &amp; geradezu verantwortungslose Einwanderungspolitik, die noch nicht mal der Wirtschaft auf die Spr\u00fcnge hilft. Die Gr\u00fcnen liefern den Farbanstrich f\u00fcr den Niedergang des Landes, das, wenn kein Wohlstand mehr befriedet, in Revierk\u00e4mpfen versinken wird. Gilles Mebes<br \/>\nEnde Kommentare<\/p>\n","protected":false},"excerpt":{"rendered":"<p>Home\u00a0&gt;Kultur\u00a0&gt;Medien\u00a0&gt;Mainstream-Medien &gt;Kampf-gegen-Rechts &gt;Kampf gegen-Gr\u00fcne Listenauswahl eines Beitrags: Bitte anklicken oder runterscrollen Stromausfall von links in Berlin\u00a0(5.1.2026) Sie haben die Wahl: Gesinnungs-Diktatur oder Meinungsfreiheit\u00a0(4.10.2025) Energiemix statt Ideologie\u00a0(1.1.2025) Imad Karim: \u201ePl\u00f6tzlich Staatsfeind\u201c\u00a0(25.11.2024) Ulrike Herrmann: Predigerin eines wirtschaftlichen R\u00fcckbaus Deutschlands\u00a0(10.5.2024) Ampel lenkt B\u00fcrger &hellip; <a href=\"https:\/\/www.freiburg-schwarzwald.de\/blog\/kultur\/medien\/kampf-gegen-gruene\/\">Weiterlesen <span class=\"meta-nav\">&rarr;<\/span><\/a><\/p>\n","protected":false},"author":2,"featured_media":0,"parent":678,"menu_order":0,"comment_status":"closed","ping_status":"closed","template":"","meta":{"footnotes":""},"class_list":["post-120802","page","type-page","status-publish","hentry"],"_links":{"self":[{"href":"https:\/\/www.freiburg-schwarzwald.de\/blog\/wp-json\/wp\/v2\/pages\/120802","targetHints":{"allow":["GET"]}}],"collection":[{"href":"https:\/\/www.freiburg-schwarzwald.de\/blog\/wp-json\/wp\/v2\/pages"}],"about":[{"href":"https:\/\/www.freiburg-schwarzwald.de\/blog\/wp-json\/wp\/v2\/types\/page"}],"author":[{"embeddable":true,"href":"https:\/\/www.freiburg-schwarzwald.de\/blog\/wp-json\/wp\/v2\/users\/2"}],"replies":[{"embeddable":true,"href":"https:\/\/www.freiburg-schwarzwald.de\/blog\/wp-json\/wp\/v2\/comments?post=120802"}],"version-history":[{"count":6,"href":"https:\/\/www.freiburg-schwarzwald.de\/blog\/wp-json\/wp\/v2\/pages\/120802\/revisions"}],"predecessor-version":[{"id":143692,"href":"https:\/\/www.freiburg-schwarzwald.de\/blog\/wp-json\/wp\/v2\/pages\/120802\/revisions\/143692"}],"up":[{"embeddable":true,"href":"https:\/\/www.freiburg-schwarzwald.de\/blog\/wp-json\/wp\/v2\/pages\/678"}],"wp:attachment":[{"href":"https:\/\/www.freiburg-schwarzwald.de\/blog\/wp-json\/wp\/v2\/media?parent=120802"}],"curies":[{"name":"wp","href":"https:\/\/api.w.org\/{rel}","templated":true}]}}