{"id":120326,"date":"2024-02-04T17:02:57","date_gmt":"2024-02-04T16:02:57","guid":{"rendered":"https:\/\/www.freiburg-schwarzwald.de\/blog\/?page_id=120326"},"modified":"2026-08-05T10:08:13","modified_gmt":"2026-08-05T08:08:13","slug":"guerot","status":"publish","type":"page","link":"https:\/\/www.freiburg-schwarzwald.de\/blog\/engagement\/zukunft\/guerot\/","title":{"rendered":"Guerot"},"content":{"rendered":"<p><a href=\"https:\/\/freiburg-schwarzwald.de\/blog\">Home<\/a>\u00a0&gt;<a title=\"Engagement\" href=\"https:\/\/www.freiburg-schwarzwald.de\/blog\/engagement\/\">Engagement<\/a>\u00a0&gt;<a title=\"Zukunft\" href=\"https:\/\/www.freiburg-schwarzwald.de\/blog\/engagement\/zukunft\/\">Zukunft<\/a> &gt;<a href=\"https:\/\/www.freiburg-schwarzwald.de\/blog\/engagement\/zukunft\/sarrazin\/\">Sarrazin<\/a> &gt;<a href=\"https:\/\/www.freiburg-schwarzwald.de\/blog\/kultur\/medien\/kritik\/\">Kritik<\/a> &gt;<a href=\"https:\/\/www.freiburg-schwarzwald.de\/blog\/kultur\/medien\/diskussionskultur\/diskussionskultur2023\/\">Diskussionskultur2023<\/a> &gt;Guerot<\/p>\n<div id=\"attachment_120162\" style=\"width: 650px\" class=\"wp-caption alignnone\"><a href=\"https:\/\/www.freiburg-schwarzwald.de\/blog\/wp-content\/uploads\/2024\/01\/demo-gegen-rechts-pan240127.jpg\"><img loading=\"lazy\" decoding=\"async\" aria-describedby=\"caption-attachment-120162\" class=\"size-full wp-image-120162\" src=\"https:\/\/www.freiburg-schwarzwald.de\/blog\/wp-content\/uploads\/2024\/01\/demo-gegen-rechts-pan240127.jpg\" alt=\"\" width=\"640\" height=\"383\" srcset=\"https:\/\/www.freiburg-schwarzwald.de\/blog\/wp-content\/uploads\/2024\/01\/demo-gegen-rechts-pan240127.jpg 640w, https:\/\/www.freiburg-schwarzwald.de\/blog\/wp-content\/uploads\/2024\/01\/demo-gegen-rechts-pan240127-180x108.jpg 180w\" sizes=\"auto, (max-width: 640px) 100vw, 640px\" \/><\/a><p id=\"caption-attachment-120162\" class=\"wp-caption-text\">Demo gegen rechts 27.1.2024: &#8222;Demokratie braucht keine Alternative&#8220; f\u00fchrt zum Totalitarismus<\/p><\/div>\n<p>&nbsp;<\/p>\n<ul>\n<li><em>Listenauswahl eines Beitrags: Bitte <span style=\"text-decoration: underline;\">anklicken<\/span> oder runterscrollen<\/em><\/li>\n<li>Ulrike Guerot: 10-Punkte-Plan zur Europ\u00e4ischen Republik (1.8.2026)<\/li>\n<li><a href=\"https:\/\/www.freiburg-schwarzwald.de\/blog\/global\/deutschland\/deutschland-neutral\/\">Europa am Abgrund: Kriegsvorbereitungen auf ALLEN Ebenen<\/a> (29.4.2026)<\/li>\n<li>Verfolgung nach Corona-Kritik: Ulrike Gu\u00e9rot ruft Karlsruhe zu Hilfe (18.4.2026)<\/li>\n<li><a href=\"https:\/\/www.freiburg-schwarzwald.de\/blog\/gewalt-in-theater-und-realitaet\/\">Gewalt in Theater und Realit\u00e4t<\/a>\u00a0(19.2.2026)<\/li>\n<li><a href=\"https:\/\/www.freiburg-schwarzwald.de\/blog\/diskussionskultur-guerot-hoecke\/\">Diskussionskultur: Gu\u00e9rot und H\u00f6cke<\/a>\u00a0(15.7.2025)<\/li>\n<li><a href=\"https:\/\/www.freiburg-schwarzwald.de\/blog\/diskussionskultur-guerot-hoecke\/\">Ulrike Gu\u00e9rot: Zeitenwenden &#8211; Buchrezension von Bj\u00f6rn H\u00f6cke<\/a> (15.7.2025)<\/li>\n<li><a href=\"https:\/\/www.freiburg-schwarzwald.de\/blog\/global\/globalisierung\/soros\/\">Prof. Gu\u00e9rot \u00fcber Soros, Spaltung und die Frage: D\u00fcrfen wir noch miteinander reden?<\/a> (8.6.2025)<\/li>\n<li><a href=\"https:\/\/www.freiburg-schwarzwald.de\/blog\/engagement\/zukunft\/frieden\/ostermarsch\/\">Friedensdemo Dresden an Karfreitag 18.4.2025<\/a>\u00a0(24.4.2025)<\/li>\n<li><a href=\"https:\/\/www.freiburg-schwarzwald.de\/blog\/european-peace-project-9-mai\/\">European Peace Project 9. Mai<\/a> (31.3.2025)<\/li>\n<li><a href=\"https:\/\/www.freiburg-schwarzwald.de\/blog\/global\/eu\/europa\/europa-usa\/\">Prof. Gu\u00e9rot warnt: Was Deutschland jetzt droht! Unsere Zukunft ist in Gefahr<\/a> (5.1.2025)<\/li>\n<li>Ulrike Gu\u00e9rot: Wie k\u00f6nnen wir Europa zum Frieden f\u00fchren? (27.10.2024)<\/li>\n<li>Die Deutsche Bev\u00f6lkerung ist massenhypnotisiert! (21.6.2024)<\/li>\n<li>Vision Europa: Gemeinsame Werte oder gleiches Recht f\u00fcr alle? (6.6.2024)<\/li>\n<li>Ulrike Guerot zum Buch\u00fcbersetzung ins Ungarische (28.4.2024)<\/li>\n<li><a href=\"https:\/\/www.freiburg-schwarzwald.de\/blog\/ostermarsch-freiburg-28-3-2024\/\">Ostermarsch Freiburg Donnerstag, 28. M\u00e4rz 2024 ab 16:30 PdaSynagoge<\/a>\u00a0(21.3.2.24)<\/li>\n<li>Ulrike Gu\u00e9rot &#8222;Der Ausverkauf der Republik&#8220; (14.3.2024)<\/li>\n<li><a href=\"https:\/\/www.freiburg-schwarzwald.de\/blog\/faschismus-ist-nicht-nur-rechts\/\">Faschismus ist nicht nur rechts<\/a>\u00a024.2.2024)<\/li>\n<li><a href=\"https:\/\/www.freiburg-schwarzwald.de\/blog\/engagement\/zukunft\/demokratie\/gegen-rechts\/\">Gegen rechts\u201c \u2013 Entt\u00e4uschung?<\/a>\u00a0(12.2.2024)<\/li>\n<li>Ulrike Guerot: Faschistische Elemente der &#8222;gegen rechts-&#8222;Demos (28.1.2024)<\/li>\n<li>AfD, Medien und Meta-Krise: Das Parallax-Interview mit Professor Ulrike Gu\u00e9rot (25.1.2024)<\/li>\n<li><a href=\"https:\/\/www.freiburg-schwarzwald.de\/blog\/guerot-endspiel-europa\/\">Gu\u00e9rot: Endspiel Europa<\/a> (30.12.2022)<\/li>\n<li><a href=\"https:\/\/www.freiburg-schwarzwald.de\/blog\/deutsche-interessen-statt-moral\/\">Deutsche Interessen statt Moral<\/a> (10.10.2022)<\/li>\n<li><a href=\"https:\/\/www.freiburg-schwarzwald.de\/blog\/pleisweiler-gespraech-mit-guerot\/\">Pleisweiler Gespr\u00e4ch mit Guerot<\/a> (17.7.2022)<\/li>\n<li><a href=\"https:\/\/www.freiburg-schwarzwald.de\/blog\/ulrike-guerot-diskurs-eingeengt\/\">Ulrike Guerot: Diskurs eingeengt<\/a> (8.6.2022)<\/li>\n<li>Ulrike Gu\u00e9rot &#8211; Europe as a source of inspiration &#8211; EuroPCom 2016 (24.10.2016)<\/li>\n<li><\/li>\n<li><a href=\"https:\/\/www.freiburg-schwarzwald.de\/blog\/engagement\/buergerinitiativen\/demo\/demos-gegen-rechts\/\">Demos-gegen-rechts<\/a><\/li>\n<li><a href=\"https:\/\/www.freiburg-schwarzwald.de\/blog\/global\/deutschland\/deutschland-neutral\/\">Deutschland-neutral<\/a><\/li>\n<li><a href=\"https:\/\/www.freiburg-schwarzwald.de\/blog\/kultur\/medien\/diskussionskultur\/diskussionskultur2023\/\">Diskussionskultur2023<\/a><\/li>\n<li><a href=\"https:\/\/www.freiburg-schwarzwald.de\/blog\/kultur\/dichter\/literatur\/sachbuch\/esfeld\/\">Esfeld<\/a><\/li>\n<li><a href=\"https:\/\/www.freiburg-schwarzwald.de\/blog\/global\/eu\/europa-nationen\/\">Europa-Nationen<\/a><\/li>\n<li><a href=\"https:\/\/www.freiburg-schwarzwald.de\/blog\/engagement\/zukunft\/demokratie\/faschismus\/\">Faschismus<\/a><\/li>\n<li><a href=\"https:\/\/www.freiburg-schwarzwald.de\/blog\/engagement\/buergerinitiativen\/friedensdemo\/\">Friedensdemo<\/a><\/li>\n<li><a href=\"https:\/\/www.freiburg-schwarzwald.de\/blog\/engagement\/zukunft\/demokratie\/sozialismus\/oekofaschismus\/\">\u00d6kofaschismus<\/a><\/li>\n<li><a href=\"https:\/\/www.freiburg-schwarzwald.de\/blog\/engagement\/zukunft\/demokratie\/westen\/wertewesten\/\">Wertewesten<\/a><\/li>\n<\/ul>\n<p>Ulrike Gu\u00e9rot ist eine Altlinke intellektuelle Utopistin<br \/>\n.<br \/>\nProfessor Dr. Ulrike Beate Gu\u00e9rot ist eine deutsche Politikwissenschaftlerin und Publizistin. Sie ist Professorin am Departement Europapolitik und Demokratieforschung an der Donau-Universit\u00e4t Krems, und Gr\u00fcnderin des European Democracy Lab in Berlin. Sie besch\u00e4ftigt sich mit der Zukunft des europ\u00e4ischen Integrationsprozesses und ist vielfache Buchautorin. &#8222;Der Fall Ulrike Gu\u00e9rot: Versuche einer \u00f6ffentlichen Hinrichtung&#8220; ist gerade im Buchhandel erschienen.<br \/>\n<a href=\"https:\/\/twitter.com\/ulrikeguerot\">https:\/\/twitter.com\/ulrikeguerot<\/a><br \/>\n.<br \/>\n&#8222;&#8220;Alle gegen Rechts&#8220; ist der wohl einzige Wert in der BRD&#8220; (Guerot)<br \/>\n<a href=\"https:\/\/www.ulrike-guerot.de\/\">https:\/\/www.ulrike-guerot.de\/<\/a><br \/>\n=============================================================<\/p>\n<p>&nbsp;<\/p>\n<p><strong>Ulrike Guerot: 10-Punkte-Plan zur Europ\u00e4ischen Republik<\/strong><br \/>\n<strong>und warum das gut f\u00fcr uns w\u00e4re &#8211; Vortrag<\/strong><br \/>\nUlrike Gu\u00e9rot schreibt nachfolgenden Text zum Thema Europ\u00e4ische Republik auf ihrer Webseite und vertieft ihre Gedanken in Ihrem 10-Punkte-Vortrag bei dem 2. Bundestreffen der Gespr\u00e4chskreise der Nachdenkseiten 2026 in Neudietendorf.<br \/>\nWenn Europa im 21. Jahrhundert \u00fcberhaupt eine Chance haben soll, dann br\u00e4uchten wir m.E. dringend eine Art MEGA-Video (\u201eMake Europe great again\u201c), in dem alles drin ist, was Europ\u00e4er zum Tr\u00e4umen bringt: die Akropolis, die Franz\u00f6sische Revolution, die Mona Lisa, Leonardo da Vinci, Picasso, Bach, Chopin, Dali, die Alpen, die Karpaten, Baguette und Whiskey, die Kathedrale von Reims und der K\u00f6lner Dom, die hanseatischen St\u00e4dte und Krakau, Bismarck, der westf\u00e4lische Frieden, Charles de Gaulle, Charlemagne, Luther, Napoleon, Leibniz, Goethe, Tolstoi, Balzac, norwegische Fjorde, belgische Kneipen, Siemens und VW und Olivetti u.v.a.m.<br \/>\nAber offenbar will gerade niemand von einem starken Europa tr\u00e4umen, sondern vielmehr die Flucht ins Nationale suchen, wobei meistens undefiniert bleibt, was jetzt der \u201eNationalstaat\u201c ist: Malta? Estland? China? Alles \u201eNationen\u201c?<br \/>\nAuff\u00e4llig auch, dass viele derzeit eher kein Problem mit der Abschaffung des Staates zu haben scheinen, ein \u201elibert\u00e4res\u201c Momentum liegt in der Luft, der \u201e\u00fcbergriffige\u201c Staat muss zur\u00fcckgedr\u00e4ngt werden, er m\u00fcsse \u201eNachtw\u00e4chterstaat\u201c werden \u2026 was aber machen B\u00fcrger ohne Staat? Ohne Staat keine B\u00fcrger und auch keine B\u00fcrgerrechte \u2026 und was w\u00fcrde die Nation ohne Staat machen? Wenn es also keinen Nationalstaat, sondern nur noch die Nation gibt \u2026 Kann man den Staat abschaffen oder zur\u00fcckdr\u00e4ngen und die Nation st\u00e4rken? Fragen \u00fcber Fragen \u2026<\/p>\n<p>Die Nation scheint nicht mehr so richtig zu wissen, wer oder was sie ist \u2013 aber die Angst, dass sie bald nicht mehr da sein k\u00f6nne, diese Angst treibt viele um.<br \/>\nUm ein wenig nachzudenken, Begriffe zu entwirren, Hypothesen zu unterbreiten und Entwicklungslinien nachzuzeichnen, daf\u00fcr sind Akademiker da und daf\u00fcr sind sie meistens gut. Daher f\u00fcr diejenigen, die sich also etwas ernsthafter mit der Frage besch\u00e4ftigen wollen, was die Nation ist oder wie man gar eine \u201ebauen\u201c kann; oder was der Raum, das Gef\u00e4\u00df f\u00fcr eine Demokratie ist und wie gro\u00df sie sein kann, oder wie sozial eine Nation sein sollte der findet hier ein paar Anregungen, die vielleicht erhellend sind oder zum Denken anregen<br \/>\n&#8230; Alles vom 1.8.2026, von Ulrike Guerot bitte lesen auf<br \/>\n<a href=\"https:\/\/www.youtube.com\/watch?v=0TTZM9vO9tk\">https:\/\/www.youtube.com\/watch?v=0TTZM9vO9tk<\/a><\/p>\n<p>&nbsp;<\/p>\n<p><strong>Verfolgung nach Corona-Kritik: Ulrike Gu\u00e9rot ruft Karlsruhe zu Hilfe<\/strong><br \/>\nIm Fall der international renommierten Politikwissenschaftlerin Ulrike Gu\u00e9rot spitzt sich der juristische Konflikt mit der Universit\u00e4t Bonn weiter zu. Wie aus einer aktuellen Pressemitteilung des Westend Verlags hervorgeht <a href=\"https:\/\/westendverlag.de\/news\/detail\/019d9ae475f473d4824edb15978cc4ca\">https:\/\/westendverlag.de\/news\/detail\/019d9ae475f473d4824edb15978cc4ca<\/a> , liegt inzwischen eine Nichtzulassungsbeschwerde beim Bundesarbeitsgericht vor. Eine endg\u00fcltige Entscheidung \u00fcber die Rechtm\u00e4\u00dfigkeit der K\u00fcndigung steht damit weiterhin aus.<br \/>\n&#8230; Alles vom 18.4.2026 bitte lesen auf<br \/>\n<a href=\"https:\/\/philosophia-perennis.com\/2026\/04\/18\/verfolgung-nach-corona-kritik-ulrike-guerot-ruft-karlsruhe-zu-hilfe\/\">https:\/\/philosophia-perennis.com\/2026\/04\/18\/verfolgung-nach-corona-kritik-ulrike-guerot-ruft-karlsruhe-zu-hilfe\/<\/a><\/p>\n<p>&nbsp;<\/p>\n<p><strong>Ulrike Gu\u00e9rot: Wie k\u00f6nnen wir Europa zum Frieden f\u00fchren?<\/strong><br \/>\n18.10.2024<br \/>\n<a href=\"https:\/\/www.youtube.com\/watch?v=IWhP8Q_913I\">https:\/\/www.youtube.com\/watch?v=IWhP8Q_913I<\/a> (60 min)<br \/>\nVortrag auf den &#8222;Frankfurter FriedensGespr\u00e4chen&#8220; bei den <a href=\"https:\/\/www.Nachdenkseiten.de\">https:\/\/www.Nachdenkseiten.de<\/a> in Frankfurt am 18.10.2024. In ihrem Vortrag zur europ\u00e4ischen Zukunft thematisiert Ulrike Gu\u00e9rot die Herausforderungen und Chancen, die sich Europa angesichts wachsender Konflikte an seinen Grenzen stellen. Im folgenden Link finden Sie die Vortragsfolien: <a href=\"https:\/\/we.tl\/t-WBSNHnmb6i\">https:\/\/we.tl\/t-WBSNHnmb6i<\/a><br \/>\nSie analysiert, wie geopolitische Spannungen, Migration und nationale Interessen die europ\u00e4ische Idee auf die Probe stellen. Gu\u00e9rot fordert ein starkes, geeintes Europa, das sich auf seine demokratischen und humanistischen Wurzeln besinnt, w\u00e4hrend es L\u00f6sungen f\u00fcr die aktuellen Krisen entwickelt und seine Rolle in der globalen Ordnung neu definiert.<br \/>\n<a href=\"https:\/\/www.buchkomplizen.de\/ulrike-gu-rot.html\">https:\/\/www.buchkomplizen.de\/ulrike-gu-rot.html<\/a><br \/>\n.<br \/>\nDie Jugend bestimme die Zukunft. Wenn die \u00dc50 unter sich sind, haben sie nicht die Zukunft.<br \/>\nDie 20-j\u00e4hrigen heute sind aufgeschlossener als die 30igen, die kaum erreichbar sind..<br \/>\n2001 war Europa auf positivem Weg. Das kippte bald danach, u.a. weil es den USA nicht passte.<br \/>\n<a href=\"https:\/\/www.youtube.com\/watch?v=IWhP8Q_913I\">https:\/\/www.youtube.com\/watch?v=IWhP8Q_913I<\/a><br \/>\n27.10.2024<\/p>\n<p>&nbsp;<\/p>\n<p><strong>Die Deutsche Bev\u00f6lkerung ist massenhypnotisiert!<\/strong><br \/>\nInterview mit Prof. Dr. Gu\u00e9rot, 40 min<br \/>\n21.6.2024, <a href=\"https:\/\/www.youtube.com\/watch?v=KFBaSlbNAxs\">https:\/\/www.youtube.com\/watch?v=KFBaSlbNAxs<\/a><\/p>\n<p>Der Staatsrechtsbestand von \u00fcber 70 Jahren bricht weg<br \/>\nPh\u00e4notypisch ist das Buch &#8222;Wir&#8220; von Steinmeier: Denn die anderen sind drau\u00dfen als Demokratiesch\u00e4diger.<br \/>\nFr\u00fcher gab es zwei Pole, die haben sich gestritten. Und in der Mitte war der Kompromi\u00df. Heute haben wir drinnen und drau\u00dfen, also nichts.<br \/>\nSeit Corona: ca 60 Professoren wurden aus fadenscheinigen Gr\u00fcnden auch Hochschulen entfernt.<br \/>\nDie extremisierte Mitte merkt nicht, da\u00df sie selbst extern ist. Sie holt sich ihre Experten.<br \/>\n<a href=\"https:\/\/www.freiburg-schwarzwald.de\/blog\/bildung\/wissenschaft\/wissenschaft-krieg\/\">Noam Chomsky<\/a>: Konsensfabrik. Die gute Meinung wird fabriziert.<br \/>\n1) Wiederholung<br \/>\n2) Nicht-berichten = das wichtigste in der Fabrik. Coronademos:<br \/>\n3) Framing: Akzent auf ein Datum: (24.2.2022 Angriff) und den Context weglassen. Oder auch 7.10.2023<br \/>\n4) \u00dcbersteigerung: Prozess der Reichsb\u00fcrger, 80j\u00e4hriger Rollatorfahrer. Wannseekonferenz 2.0<br \/>\n5) Alternativlosigkeit: Widerspruch zwecklos. Carolin Emcke: Contra Falsifikation beim Diskurs.<br \/>\nWir im Westen sind in der Depression, in der F\u00e4ulnis. Es sind b\u00fcrgerkriegsnahe<br \/>\nDie dynamischeren Gesellschaften sind im Osten.<br \/>\n1) Wir machten ein technologische Z\u00e4sur mit der KI.<br \/>\n2) Wir machen eine Z\u00e4sur : Brics im Kommen. Raus aus der US-Hegemonialwelt<\/p>\n<p>.<\/p>\n<p><strong>Vision Europa: Gemeinsame Werte oder gleiches Recht f\u00fcr alle?<\/strong><br \/>\nMit Ulrike Gu\u00e9rot und Sebastian K\u00f6rber<br \/>\nKulturelle Vielfalt, Wissensaustausch, Reisefreiheit \u2013 Europa hat viel f\u00fcr die Bev\u00f6lkerung zu bieten. Dennoch kriselt es an vielen Ecken: Misstrauen und Unsicherheit spalten die EU-B\u00fcrgerinnen und B\u00fcrger. Kann Kultur es richten? Oder sorgt eher die Durchsetzung gleicher rechtlicher Standards f\u00fcr mehr Zusammenhalt &#8211; Stichwort \u201eEurop\u00e4ische Republik\u201c? Dar\u00fcber sprechen der stellvertretende Generalsekret\u00e4r des ifa Sebastian K\u00f6rber und die Politikwissenschaftlerin Ulrike Gu\u00e9rot in Folge drei des ifa-Podcasts \u201eDie Kulturmittler\u201c.<br \/>\n6.6.2024, <a href=\"https:\/\/www.youtube.com\/watch?v=FhOwGop2OdU\">https:\/\/www.youtube.com\/watch?v=FhOwGop2OdU<\/a><\/p>\n<p><strong>Ulrike Guerot zum Buch\u00fcbersetzung ins Ungarische<\/strong><br \/>\nInterview von \u00c1kos Istv\u00e1n Posta u.a. mit folgenden Themen:<br \/>\nAktuelle Lage der Intellektuellen<br \/>\nEuropapolitik<br \/>\nSahra Wagenknecht und Wolfgang Kubicki<br \/>\nAfD &#8211; gef\u00e4hrlich oder nicht? Umgang der anderen Parteien mit der AfD&#8230;<br \/>\nVerrat der Intellektuellen<br \/>\nWie waren die Coronama\u00dfnahmen aus demokratiepolitischer Aspekt?<br \/>\nZukunft der EU<br \/>\n28.4.2024 , <a href=\"https:\/\/www.youtube.com\/watch?v=CDmM2qmsKqY\">https:\/\/www.youtube.com\/watch?v=CDmM2qmsKqY<\/a><\/p>\n<p>&nbsp;<\/p>\n<p><strong><br \/>\nUlrike Gu\u00e9rot: Der Ausverkauf der Republik<\/strong><br \/>\nUlrike Gu\u00e9rot hat im Online-Magazin\u00a0<a href=\"https:\/\/www.parallax-media.com\/\">https:\/\/www.parallax-media.com<\/a>\u00a0au\u00dferhalb der Mainstreammedien \u2013 aus denen sie ja verbannt worden ist \u2013 einen Podcast \u201eDie AfD, die Medien und der Krieg: Das Parallax-Interview mit Professor Ulrike Gu\u00e9rot\u201c<br \/>\nhochgeladen\u00a0<a href=\"https:\/\/www.youtube.com\/watch?v=T5qlnIWsDeg&amp;t=285s\">https:\/\/www.youtube.com\/watch?v=T5qlnIWsDeg&amp;t=285s<\/a>\u00a0, in dem sie auf den Faschismus von rechts und links einging. Dieser wurde aufgrund der gro\u00dfen Resonanz \u00fcberarbeitet und Anfang M\u00e4rz 2023 als Buch \u201eDer Ausverkauf der Republik\u201c ver\u00f6ffentlicht mit f\u00fcnf Kapiteln: 1 AfD, 2 Faschismus, 3 Populismus, 4 Massenformation (gegen rechts) und 5 Ende der Gesellschaft.<br \/>\n.<br \/>\nDie Wurzeln der widerw\u00e4rtigen Ideologie des Faschismus sind rechts. Der gro\u00dfe Zuspruch, den der Podcast von Ukrike Gu\u00e9rot erfuhr, ist der Nachweis, da\u00df sich heute neben dem Rechtsfaschismus zus\u00e4tzlich ein Linksfaschismus etabliert hat, der genauso verwerflich ist \u2013 n\u00e4mlich das Ziel, den ausgeschlossenen Gegner als Feind vernichten zu wollen. Damit zeigt Gu\u00e9rot auch auf, da\u00df die Polit-Kategorien \u201elinks\u201c und \u201erechts\u201c nichts mehr taugen und beim Thema Faschismus schon gar nicht.<\/p>\n<p><em><strong>\u201eEs gibt eine B\u00fcndelung und die, die nicht mitmachen wollen,<br \/>\ndie sind drau\u00dfen\u201c<\/strong><\/em>\u00a0(S. 27).<br \/>\n<a href=\"https:\/\/www.freiburg-schwarzwald.de\/blog\/engagement\/zukunft\/demokratie\/faschismus\/\">Faschismus<\/a>\u00a0hat also stets zwei Komponenten:<br \/>\n1) B\u00fcndelung: Man b\u00fcndelt sich um eine Idee, um ein moralisches Argument herum. Diese B\u00fcndelung an sich ist nichts verwerfliches. Aktuelle B\u00fcndelungen waren z.B. \u201eMigration wegen Fachkr\u00e4ftemangel\u201c , \u201eWir m\u00fcssen uns sch\u00fctzen, wir m\u00fcssen uns impfen\u201c, \u201eF\u00fcr den Frieden\u201c oder \u201eGegen Rechts\u201c.<br \/>\n2) Ausschlu\u00df: Erst der darauf folgende Ausschlussproze\u00df macht die B\u00fcndelung zum Faschismus. Denn die Ausgeschlossenen werden zu Feinden erkl\u00e4rt und landen als \u201edie sind drau\u00dfen\u201c ganz brutal im Gef\u00e4ngnis, im KZ, in Isolation (sozial wie existenziell) , im Parteiverbot, mit Rufmord belegt in der Kontaktschuld, im Redeverbot per Cancel Culture oder sie werden mundtot gemacht per Social Media-Zensur.<\/p>\n<p>B\u00fcndeln wie Ausschlu\u00df gibt es bei den politisch Rechten wie Linken. F\u00fcr Gu\u00e9rot ist sowohl der\u00a0<a href=\"https:\/\/www.freiburg-schwarzwald.de\/blog\/engagement\/zukunft\/demokratie\/faschismus\/\">Rechtsfaschismus<\/a>\u00a0wie auch der\u00a0<a href=\"https:\/\/www.freiburg-schwarzwald.de\/blog\/faschismus-ist-nicht-nur-rechts\/\">Linksfaschismus<\/a>\u00a0eine Gefahr: \u201eDieser strukturelle Ausschluss, also gruppenspezifische Ausschluss, ist de facto das protofaschistische Element einer Gesellschaft\u201c (S. 28).<br \/>\nUnter Hinweis auf das Buch \u201eUmgekehrter Totalitarismus\u201c von Sheldon Wollin vertritt sie die These, da\u00df \u201edie, die behaupten, sie retten die Demokratie, im Grunde das Gegenteil machen, denn sie b\u00fcndeln sich n\u00e4mlich um ein bestimmtes Argument herum und akzeptieren, dabei, dass die anderen ausgeschlossen\u201c und nat\u00fcrlich bek\u00e4mpft werden\u201c.<br \/>\nMit \u201eAusverkauf der Republik\u201c hat Ulrike Gu\u00e9rot ein aktuelles, informatives und deshalb lesenswertes Sachbuch vorgelegt.<br \/>\n29.3.2024<br \/>\n.<br \/>\nBuch:<br \/>\nUlrike Gu\u00e9rot und Tom Amarque (Hg):<br \/>\nDer Ausverkauf der Republik, AfD &amp; Meta-Krise<br \/>\nISBN 978-84-127473-6-2. Ph\u00e4nomen-Verlag 3\/2024, 86 Seiten.<\/p>\n<p>Podcast:<br \/>\n\u201eDie AfD, die Medien und der Krieg: Das Parallax-Interview mit Professor Ulrike Gu\u00e9rot\u201c<br \/>\nDie Politikwissenschaftlerin Prof. Ulrike Gu\u00e9rot im Gespr\u00e4ch mit Tom Amarque \u00fcber das Versagen der Medien, den\u00a0<em><strong>Niedergang der Friedensbewegung<\/strong><\/em>\u00a0und der diplomatischen L\u00f6sungen, die Rolle der USA im Ukraine-Konflikt, und ihr neues Buch \u201eDer Ausverkauf der Republik\u201c.<br \/>\n<a href=\"https:\/\/www.parallax-media.com\/interviews\/guerotrepublik\">https:\/\/www.parallax-media.com\/interviews\/guerotrepublik<\/a><br \/>\n<a href=\"https:\/\/www.youtube.com\/watch?v=T5qlnIWsDeg&amp;t=285s\">https:\/\/www.youtube.com\/watch?v=T5qlnIWsDeg&amp;t=285s<\/a><br \/>\n.<\/p>\n<p>.<br \/>\n<strong>Ulrike Guerot: Faschistische Elemente der &#8222;gegen rechts-&#8222;Demos<\/strong><br \/>\nAnders als bei den Demos der Querdenker (gegen staatliche Corona-Ma\u00dfnahmen) und Bauern (gegen staatliche \u00dcberreglementierung der Landwirtschaft) macht <a href=\"https:\/\/www.freiburg-schwarzwald.de\/blog\/engagement\/zukunft\/guerot\/\">Ulrike Gu\u00e9rot<\/a>\u00a0 den Machern der &#8222;gegen rechts&#8220;-Demos den Vorwurf, faschistische Elemente zu transportieren und damit die Demokratie zu untergraben:<br \/>\n<a href=\"https:\/\/twitter.com\/tomdabassman\/status\/1751542351061811377?t=NkNDtX5Up-p3rNF59Y0aPA&amp;s=19\">https:\/\/twitter.com\/tomdabassman\/status\/1751542351061811377?t=NkNDtX5Up-p3rNF59Y0aPA&amp;s=19<\/a><br \/>\noder<br \/>\n<a href=\"https:\/\/www.youtube.com\/watch?v=qdjnhQiLhT8\">https:\/\/www.youtube.com\/watch?v=qdjnhQiLhT8<\/a>, (ab min 14)<br \/>\n.<br \/>\nHier eine Erl\u00e4uterung zum Faschismus-Aspekt im o.a. Video von Ulrike Gu\u00e9rot:<\/p>\n<p><a href=\"https:\/\/www.freiburg-schwarzwald.de\/blog\/engagement\/zukunft\/demokratie\/faschismus\/\">Faschismus<\/a> bedeutet B\u00fcndeln (Fasces als Rutenb\u00fcndel bzw. B\u00fcndel): Eine Gruppe b\u00fcndelt sich um ein bestimmtes, moralisch als hochstehend erachtetes Argument herum. Wer die Idee unterst\u00fctzt, geh\u00f6rt dazu und hat die Macht. Die Andersdenkenden werden nicht geduldet, sondern automatisch zu Feinden erkl\u00e4rt, die man ausgrenzen und bek\u00e4mpfen mu\u00df. Dieser Prozess einer moralischen Schlie\u00dfung (nach innen) mit Ausgrenzung (nach au\u00dfen) kann von politisch Links oder von Rechts her erfolgen oder auch religi\u00f6s motiviert sein. Ausgrenzung, Diffamierung und Stigmatisierung Andersdenkender ist de fakto faschistisch. &#8222;Die, die das B\u00fcndeln nicht mitmachen wollen, die sind drau\u00dfen&#8220; &#8211; das ist Faschismus.<br \/>\nDenn diese B\u00fcndelung mit anschlie\u00dfender Ausgrenzung Andersdenkender, das ist schon der \u00dcbergang von einer offenen zu einer geschlossenen Gesellschaft und damit die Erosion der Demokratie, weil diese eine offene, pluralistische Gesellschaft voraussetzt. Die Ideologie des Faschismus macht in jedem Fall aus einer offenen Gesellschaft eine geschlossene Gemeinschaft (Ferdinand T\u00f6nnies). &#8222;Man kann in schlechter Gesellschaft sein, nicht aber in schlechter Gemeinschaft&#8220; &#8211; sagt der Volksmund ganz richtig, denn aus letzterer sind die Schlechten ja bereits ausgesondert worden. B\u00fcndelung ist faschistisch.<br \/>\nDerzeit erleben wir drei solcher faschistoider Bestrebungen:<br \/>\n1) Ausschlu\u00df der Impf-, Masken- und Lockdowngegner in der Coronazeit. B\u00fcndelung um die Idee &#8222;Durch den mRNA-Impfstoff k\u00f6nnen und m\u00fcssen wir uns sch\u00fctzen&#8220;.<\/p>\n<p>2) Strikte Ausgrenzung der Skeptiker des Arguments &#8222;Klimawandel ist menschengemacht&#8220;. Der politischen Umsetzung dieses Argument wird vom Bundeserfassungsgericht sogar die h\u00f6chste Priorit\u00e4t zugesprochen.<\/p>\n<p>3) Und nun Ausschlu\u00df der AfD in B\u00fcndelung um das Argument &#8222;wir sind gegen rechts&#8220; mit dem Trick, da\u00df durch die Gleichsetzung &#8222;rechts = rechtsextrem&#8220; gleichzeitig die gesamte Opposition ausgeschaltet werden soll.<\/p>\n<p>Mit Sheldon S. Wolin liegt bei diesem &#8222;Aufstand der Anst\u00e4ndigen&#8220; ein &#8222;Umgekehrter Totalitarismus&#8220; vor: Die angeblichen Retter der Demokratie (Linke, Woke, Ampel-Regierung), die jetzt gegen Rechts auf die Stra\u00dfe gehen und behaupten, sie w\u00fcrden die Demokratie retten, tun im Grunde das Gegenteil, weil sie damit andere ausschlie\u00dfen. Die Retter zeigen antidemokratische Z\u00fcge.\u00a0 Gruppenspezifischer Ausschlu\u00df ist bereits ein faschistisches Element.<br \/>\n28.1.2024<\/p>\n<p>&nbsp;<\/p>\n<p><strong>AfD, Medien und Meta-Krise: Das Parallax-Interview mit Professor Ulrike Gu\u00e9rot<\/strong><br \/>\n<a href=\"https:\/\/www.youtube.com\/watch?v=qdjnhQiLhT8\">https:\/\/www.youtube.com\/watch?v=qdjnhQiLhT8<\/a>,<br \/>\nSind die Proteste gegen die AfD zu exzessiv, um wirklich glaubhaft zu sein &#8211; oder liegt in diesem performativen Widerstand genau das Zeichen einer erfolgreichen Abgrenzung und Lehre aus der Vergangenheit?<br \/>\nGibt es ausreichend historische Differenzierung zwischen der AfD und den Nazis?<br \/>\nWie verhandelt man &#8218;repressive Toleranz&#8216; und &#8218;offene Toleranz&#8216;?<br \/>\nWelche systemischen Gr\u00fcnde finden wir in der medialen Besch\u00e4ftigung mit der AfD?<br \/>\nFaschismus von rechts, links oder islam-motiviert. (ab min 14)<br \/>\n25.1.2024, <a href=\"https:\/\/www.youtube.com\/watch?v=qdjnhQiLhT8\">https:\/\/www.youtube.com\/watch?v=qdjnhQiLhT8<\/a>, (60 min)<br \/>\n<a href=\"https:\/\/www.parallax-media.com\/\">https:\/\/www.parallax-media.com\/<\/a><br \/>\n.<br \/>\n.<br \/>\n<strong>Ulrike Gu\u00e9rot &#8211; Europe as a source of inspiration &#8211; EuroPCom 2016<\/strong><br \/>\n24.10.2016<br \/>\n<a href=\"https:\/\/www.youtube.com\/watch?v=KetVngDxexM\">https:\/\/www.youtube.com\/watch?v=KetVngDxexM<\/a><\/p>\n","protected":false},"excerpt":{"rendered":"<p>Home\u00a0&gt;Engagement\u00a0&gt;Zukunft &gt;Sarrazin &gt;Kritik &gt;Diskussionskultur2023 &gt;Guerot &nbsp; Listenauswahl eines Beitrags: Bitte anklicken oder runterscrollen Ulrike Guerot: 10-Punkte-Plan zur Europ\u00e4ischen Republik (1.8.2026) Europa am Abgrund: Kriegsvorbereitungen auf ALLEN Ebenen (29.4.2026) Verfolgung nach Corona-Kritik: Ulrike Gu\u00e9rot ruft Karlsruhe zu Hilfe (18.4.2026) Gewalt in &hellip; <a href=\"https:\/\/www.freiburg-schwarzwald.de\/blog\/engagement\/zukunft\/guerot\/\">Weiterlesen <span class=\"meta-nav\">&rarr;<\/span><\/a><\/p>\n","protected":false},"author":2,"featured_media":0,"parent":2250,"menu_order":0,"comment_status":"closed","ping_status":"closed","template":"","meta":{"footnotes":""},"class_list":["post-120326","page","type-page","status-publish","hentry"],"_links":{"self":[{"href":"https:\/\/www.freiburg-schwarzwald.de\/blog\/wp-json\/wp\/v2\/pages\/120326","targetHints":{"allow":["GET"]}}],"collection":[{"href":"https:\/\/www.freiburg-schwarzwald.de\/blog\/wp-json\/wp\/v2\/pages"}],"about":[{"href":"https:\/\/www.freiburg-schwarzwald.de\/blog\/wp-json\/wp\/v2\/types\/page"}],"author":[{"embeddable":true,"href":"https:\/\/www.freiburg-schwarzwald.de\/blog\/wp-json\/wp\/v2\/users\/2"}],"replies":[{"embeddable":true,"href":"https:\/\/www.freiburg-schwarzwald.de\/blog\/wp-json\/wp\/v2\/comments?post=120326"}],"version-history":[{"count":6,"href":"https:\/\/www.freiburg-schwarzwald.de\/blog\/wp-json\/wp\/v2\/pages\/120326\/revisions"}],"predecessor-version":[{"id":152341,"href":"https:\/\/www.freiburg-schwarzwald.de\/blog\/wp-json\/wp\/v2\/pages\/120326\/revisions\/152341"}],"up":[{"embeddable":true,"href":"https:\/\/www.freiburg-schwarzwald.de\/blog\/wp-json\/wp\/v2\/pages\/2250"}],"wp:attachment":[{"href":"https:\/\/www.freiburg-schwarzwald.de\/blog\/wp-json\/wp\/v2\/media?parent=120326"}],"curies":[{"name":"wp","href":"https:\/\/api.w.org\/{rel}","templated":true}]}}