{"id":12010,"date":"2012-09-30T12:17:06","date_gmt":"2012-09-30T10:17:06","guid":{"rendered":"https:\/\/www.freiburg-schwarzwald.de\/blog\/?page_id=12010"},"modified":"2022-08-29T09:03:07","modified_gmt":"2022-08-29T07:03:07","slug":"muensterwurst","status":"publish","type":"page","link":"https:\/\/www.freiburg-schwarzwald.de\/blog\/business\/markt\/muensterwurst\/","title":{"rendered":"Muensterwurst"},"content":{"rendered":"<p>Home &gt;<a title=\"Freiburg\" href=\"https:\/\/www.freiburg-schwarzwald.de\/blog\/regio\/freiburg\/\">Freiburg<\/a> &gt;<a title=\"Muenster\" href=\"https:\/\/www.freiburg-schwarzwald.de\/blog\/religion\/kirchen\/muenster\/\">Muenster<\/a> &gt;<a title=\"Muensterplatz\" href=\"https:\/\/www.freiburg-schwarzwald.de\/blog\/regio\/freiburg\/muensterplatz\/\">Muensterplatz<\/a> &gt;<a title=\"Business\" href=\"https:\/\/www.freiburg-schwarzwald.de\/blog\/business\/\">Business<\/a> &gt;<a title=\"Markt\" href=\"https:\/\/www.freiburg-schwarzwald.de\/blog\/business\/markt\/\">Markt<\/a> &gt;Muensterwurst<\/p>\n<div id=\"attachment_22393\" style=\"width: 651px\" class=\"wp-caption alignnone\"><a href=\"https:\/\/www.freiburg-schwarzwald.de\/blog\/regio\/freiburg\/kanonenplatz\/schlossberg10muenster-pan130214\/\" rel=\"attachment wp-att-22393\"><img loading=\"lazy\" decoding=\"async\" aria-describedby=\"caption-attachment-22393\" class=\"size-full wp-image-22393\" title=\"schlossberg10muenster-pan130214\" src=\"https:\/\/www.freiburg-schwarzwald.de\/blog\/wp-content\/uploads\/2013\/02\/schlossberg10muenster-pan130214.jpg\" alt=\"\" width=\"641\" height=\"241\" srcset=\"https:\/\/www.freiburg-schwarzwald.de\/blog\/wp-content\/uploads\/2013\/02\/schlossberg10muenster-pan130214.jpg 641w, https:\/\/www.freiburg-schwarzwald.de\/blog\/wp-content\/uploads\/2013\/02\/schlossberg10muenster-pan130214-180x67.jpg 180w, https:\/\/www.freiburg-schwarzwald.de\/blog\/wp-content\/uploads\/2013\/02\/schlossberg10muenster-pan130214-640x240.jpg 640w\" sizes=\"auto, (max-width: 641px) 100vw, 641px\" \/><\/a><p id=\"caption-attachment-22393\" class=\"wp-caption-text\">Blick vom Schlossberg nach Westen auf das verschneite Freiburg mit dem M\u00fcnster am 14.2.2014<\/p><\/div>\n<ul>\n<li><a title=\"M\u00fcnstermarkt \u2013 Pf\u00f6rtnerampel?\" href=\"https:\/\/www.freiburg-schwarzwald.de\/blog\/muenstermarkt-pfoertnerampel\/\">M\u00fcnstermarkt \u2013 Pf\u00f6rtnerampel wegen Corona?<\/a>\u00a0(27.7.2020)<\/li>\n<li>\u00c4rgerliche Bratwurst-Preiserh\u00f6hung zum Landesturnfest (4.6.2014)<\/li>\n<li>M\u00fcnschterwurscht-Master (8.5.2013)<\/li>\n<li><a href=\"https:\/\/www.freiburg-schwarzwald.de\/muensterwurst#Tofu-Wurst, die fleischlose Alternative zur Langen Roten\">Tofu-Wurst, die fleischlose Alternative zur Langen Roten<\/a> &gt;Muensterwurst (4.3.2012)<\/li>\n<li><a href=\"https:\/\/www.freiburg-schwarzwald.de\/muensterwurst.htm#Wurststandbetreiber hat 188000 ? Steuern hinterzogen\">Wurststandbetreiber hat 188000 \u20ac Steuern hinterzogen<\/a> &gt;Muensterwurst (15.9.2011)<\/li>\n<li><a href=\"https:\/\/www.freiburg-schwarzwald.de\/muensterwurst.htm#Plus 3: Sieben Wurstst\u00e4nde und ein vegetarischer Stand\">Plus 3: Sieben Wurstst\u00e4nde und ein vegetarischer Stand<\/a> &gt;Muensterwurst (29.7.2011)<\/li>\n<li><a href=\"https:\/\/www.freiburg-schwarzwald.de\/muensterwurst#Fragliche Vergabepraxis von Wurststand-Konzessionen am M\u00fcnsterplatz\">Fragliche Vergabepraxis von Wurststand-Konzessionen am M\u00fcnsterplatz<\/a> &gt;Muensterwurst (20.7)<\/li>\n<li><a href=\"https:\/\/www.freiburg-schwarzwald.de\/muensterwurst.htm#Zahl der Wurstst\u00e4nde soll von 5 auf 8 erh\u00f6ht werden\">Zahl der Wurstst\u00e4nde soll von 5 auf 8 erh\u00f6ht werden<\/a> &gt;Muensterwurst (4.6.2011)<\/li>\n<li><a href=\"https:\/\/www.freiburg-schwarzwald.de\/muensterwurst#Das ist hier keinem Wurst\">Das ist hier keinem Wurst<\/a> &gt;Muensterwurst (4.12.2010)<\/li>\n<li><a href=\"https:\/\/www.freiburg-schwarzwald.de\/muensterwurst.htm#Vergabe der Wurstst\u00e4nde nach EU-Richtlinien neu ausschreiben\">Vergabe der Wurstst\u00e4nde nach EU-Richtlinien ab 2012 neu<\/a> &gt;Muensterwurst (28.11.2010)<\/li>\n<li><a href=\"https:\/\/www.freiburg-schwarzwald.de\/muensterwurst#K\u00e4swurscht - Die verkauft sich wie Sau\">K\u00e4swurscht &#8211; Die verkauft sich wie Sau<\/a> (4.2.2008)<\/li>\n<li><a href=\"https:\/\/www.freiburg-schwarzwald.de\/muensterwurst#Wurst Hawaii!\">Wurst Hawaii!<\/a> (9.7.2007)<\/li>\n<li><a href=\"https:\/\/www.freiburg-schwarzwald.de\/muensterwurst#Linda Hauber , Wurstverk\u00e4uferin am Freiburger M\u00fcnstermarkt\">Linda Hauber, Wurstverk\u00e4uferin am Freiburger M\u00fcnstermarkt<\/a> (31.8.2006)<\/li>\n<li><a href=\"https:\/\/www.freiburg-schwarzwald.de\/muensterwurst#Die Lange Rote vom M\u00fcnsterplatz war 1949 noch eine Kurze Rote\">Die &#8222;Lange Rote&#8220; vom M\u00fcnsterplatz war 1949 noch eine &#8222;Kurze Rote&#8220;<\/a> (28.8.2006)<\/li>\n<li><a href=\"https:\/\/www.freiburg-schwarzwald.de\/freiburgermuenstermarkt1.htm#Vier Wurstverk\u00e4ufer auf dem M\u00fcnsterplatz spendeten f\u00fcr B\u00fcrgerstiftung\">F\u00fcnf Wurstverk\u00e4ufer spendeten f\u00fcr B\u00fcrgerstiftung<\/a> &gt;FreiburgerMuenstermarkt1 (11.5.2006)<\/li>\n<li><\/li>\n<li><strong><a href=\"https:\/\/www.freiburg-schwarzwald.de\/muensterwurst.htm\">www.freiburg-schwarzwald.de\/muensterwurst.htm<\/a> &gt;Archivseite M\u00fcnsterwurst<\/strong><\/li>\n<li><a title=\"Muenstermarkt\" href=\"https:\/\/www.freiburg-schwarzwald.de\/blog\/business\/markt\/muenstermarkt\/\">M\u00fcnstermarkt<\/a><\/li>\n<li><a title=\"Muensterplatz\" href=\"https:\/\/www.freiburg-schwarzwald.de\/blog\/regio\/freiburg\/muensterplatz\/\">Muensterplatz<\/a><\/li>\n<li><a href=\"https:\/\/www.freiburg-schwarzwald.de\/muensterwurst#W\u00fcrstchen-Bilder\">W\u00fcrstchen-Bilder<\/a>\u00a0&gt;Archivseite vor 9.2012<\/li>\n<li><a href=\"https:\/\/www.freiburg-schwarzwald.de\/muensterwurst#Wurstverk\u00e4ufer auf dem M\u00fcnstermarkt\">Die f\u00fcnf Wurstverk\u00e4ufer auf dem M\u00fcnstermarkt<\/a><\/li>\n<\/ul>\n<p>&nbsp;<\/p>\n<h5><a href=\"https:\/\/www.freiburg-schwarzwald.de\/blog\/business\/markt\/muensterwurst\/wurst1muenster120928\/\" rel=\"attachment wp-att-12012\"><img loading=\"lazy\" decoding=\"async\" class=\"alignnone size-thumbnail wp-image-12012\" title=\"wurst1muenster120928\" src=\"https:\/\/www.freiburg-schwarzwald.de\/blog\/wp-content\/uploads\/2012\/09\/wurst1muenster120928-135x180.jpg\" alt=\"\" width=\"135\" height=\"180\" srcset=\"https:\/\/www.freiburg-schwarzwald.de\/blog\/wp-content\/uploads\/2012\/09\/wurst1muenster120928-135x180.jpg 135w, https:\/\/www.freiburg-schwarzwald.de\/blog\/wp-content\/uploads\/2012\/09\/wurst1muenster120928.jpg 480w\" sizes=\"auto, (max-width: 135px) 100vw, 135px\" \/><\/a>\u00a0\u00a0\u00a0\u00a0\u00a0\u00a0\u00a0\u00a0\u00a0\u00a0\u00a0\u00a0\u00a0\u00a0\u00a0 \u00a0\u00a0\u00a0\u00a0\u00a0 <a href=\"https:\/\/www.freiburg-schwarzwald.de\/blog\/business\/markt\/muensterwurst\/wurst2muenster120928\/\" rel=\"attachment wp-att-12013\"><img loading=\"lazy\" decoding=\"async\" class=\"alignnone size-thumbnail wp-image-12013\" title=\"wurst2muenster120928\" src=\"https:\/\/www.freiburg-schwarzwald.de\/blog\/wp-content\/uploads\/2012\/09\/wurst2muenster120928-180x135.jpg\" alt=\"\" width=\"180\" height=\"135\" srcset=\"https:\/\/www.freiburg-schwarzwald.de\/blog\/wp-content\/uploads\/2012\/09\/wurst2muenster120928-180x135.jpg 180w, https:\/\/www.freiburg-schwarzwald.de\/blog\/wp-content\/uploads\/2012\/09\/wurst2muenster120928.jpg 640w\" sizes=\"auto, (max-width: 180px) 100vw, 180px\" \/><\/a>\u00a0\u00a0\u00a0\u00a0\u00a0\u00a0\u00a0\u00a0\u00a0 <a href=\"https:\/\/www.freiburg-schwarzwald.de\/blog\/business\/markt\/muensterwurst\/wurst3muenster120928\/\" rel=\"attachment wp-att-12014\"><img loading=\"lazy\" decoding=\"async\" class=\"alignnone size-thumbnail wp-image-12014\" title=\"wurst3muenster120928\" src=\"https:\/\/www.freiburg-schwarzwald.de\/blog\/wp-content\/uploads\/2012\/09\/wurst3muenster120928-180x135.jpg\" alt=\"\" width=\"180\" height=\"135\" srcset=\"https:\/\/www.freiburg-schwarzwald.de\/blog\/wp-content\/uploads\/2012\/09\/wurst3muenster120928-180x135.jpg 180w, https:\/\/www.freiburg-schwarzwald.de\/blog\/wp-content\/uploads\/2012\/09\/wurst3muenster120928.jpg 640w\" sizes=\"auto, (max-width: 180px) 100vw, 180px\" \/><\/a><br \/>\n(1) 23.9.2013\u00a0\u00a0\u00a0\u00a0\u00a0\u00a0\u00a0\u00a0\u00a0\u00a0\u00a0\u00a0\u00a0\u00a0\u00a0\u00a0\u00a0\u00a0\u00a0\u00a0\u00a0\u00a0\u00a0\u00a0\u00a0\u00a0\u00a0\u00a0\u00a0\u00a0\u00a0\u00a0\u00a0\u00a0\u00a0\u00a0\u00a0 \u00a0\u00a0 (2) M\u00fcnsterplatz Nordseite<\/h5>\n<h5><a href=\"https:\/\/www.freiburg-schwarzwald.de\/blog\/business\/markt\/muensterwurst\/wurst4muenster120928\/\" rel=\"attachment wp-att-12015\"><img loading=\"lazy\" decoding=\"async\" class=\"alignnone size-thumbnail wp-image-12015\" title=\"wurst4muenster120928\" src=\"https:\/\/www.freiburg-schwarzwald.de\/blog\/wp-content\/uploads\/2012\/09\/wurst4muenster120928-180x144.jpg\" alt=\"\" width=\"180\" height=\"144\" srcset=\"https:\/\/www.freiburg-schwarzwald.de\/blog\/wp-content\/uploads\/2012\/09\/wurst4muenster120928-180x144.jpg 180w, https:\/\/www.freiburg-schwarzwald.de\/blog\/wp-content\/uploads\/2012\/09\/wurst4muenster120928-640x515.jpg 640w, https:\/\/www.freiburg-schwarzwald.de\/blog\/wp-content\/uploads\/2012\/09\/wurst4muenster120928.jpg 641w\" sizes=\"auto, (max-width: 180px) 100vw, 180px\" \/><\/a>\u00a0\u00a0\u00a0\u00a0\u00a0\u00a0\u00a0\u00a0\u00a0<a href=\"https:\/\/www.freiburg-schwarzwald.de\/blog\/business\/markt\/muensterwurst\/muensterwurst130301\/\" rel=\"attachment wp-att-23575\"><img loading=\"lazy\" decoding=\"async\" class=\"alignnone size-thumbnail wp-image-23575\" title=\"muensterwurst130301\" src=\"https:\/\/www.freiburg-schwarzwald.de\/blog\/wp-content\/uploads\/2012\/09\/muensterwurst130301-180x135.jpg\" alt=\"\" width=\"180\" height=\"135\" srcset=\"https:\/\/www.freiburg-schwarzwald.de\/blog\/wp-content\/uploads\/2012\/09\/muensterwurst130301-180x135.jpg 180w, https:\/\/www.freiburg-schwarzwald.de\/blog\/wp-content\/uploads\/2012\/09\/muensterwurst130301.jpg 640w\" sizes=\"auto, (max-width: 180px) 100vw, 180px\" \/><\/a>\u00a0\u00a0\u00a0\u00a0\u00a0\u00a0\u00a0\u00a0\u00a0 <a href=\"https:\/\/www.freiburg-schwarzwald.de\/blog\/business\/markt\/muensterwurst\/muensterwurst-uhl130301\/\" rel=\"attachment wp-att-23576\"><img loading=\"lazy\" decoding=\"async\" class=\"alignnone size-thumbnail wp-image-23576\" title=\"muensterwurst-uhl130301\" src=\"https:\/\/www.freiburg-schwarzwald.de\/blog\/wp-content\/uploads\/2012\/09\/muensterwurst-uhl130301-180x135.jpg\" alt=\"\" width=\"180\" height=\"135\" srcset=\"https:\/\/www.freiburg-schwarzwald.de\/blog\/wp-content\/uploads\/2012\/09\/muensterwurst-uhl130301-180x135.jpg 180w, https:\/\/www.freiburg-schwarzwald.de\/blog\/wp-content\/uploads\/2012\/09\/muensterwurst-uhl130301.jpg 640w\" sizes=\"auto, (max-width: 180px) 100vw, 180px\" \/><\/a><br \/>\n(4)\u00a0 M\u00fcnsterplatz S\u00fcdseite\u00a0\u00a0\u00a0\u00a0\u00a0\u00a0\u00a0\u00a0\u00a0\u00a0\u00a0\u00a0\u00a0\u00a0\u00a0\u00a0\u00a0\u00a0\u00a0\u00a0\u00a0 (5) Rostbratw\u00fcrste\u00a0\u00a0\u00a0\u00a0\u00a0\u00a0\u00a0\u00a0\u00a0\u00a0\u00a0\u00a0\u00a0\u00a0\u00a0\u00a0\u00a0\u00a0\u00a0\u00a0\u00a0\u00a0\u00a0\u00a0\u00a0\u00a0\u00a0\u00a0\u00a0\u00a0\u00a0\u00a0\u00a0\u00a0 (6) Uhl&#8217;s M\u00fcnsterwurst 1.3.2013<\/h5>\n<h5><a href=\"https:\/\/www.freiburg-schwarzwald.de\/blog\/business\/markt\/muensterwurst\/muenstermarkt3wurst130518\/\" rel=\"attachment wp-att-30700\"><img loading=\"lazy\" decoding=\"async\" class=\"alignnone size-thumbnail wp-image-30700\" title=\"muenstermarkt3wurst130518\" src=\"https:\/\/www.freiburg-schwarzwald.de\/blog\/wp-content\/uploads\/2012\/09\/muenstermarkt3wurst130518-135x180.jpg\" alt=\"\" width=\"135\" height=\"180\" srcset=\"https:\/\/www.freiburg-schwarzwald.de\/blog\/wp-content\/uploads\/2012\/09\/muenstermarkt3wurst130518-135x180.jpg 135w, https:\/\/www.freiburg-schwarzwald.de\/blog\/wp-content\/uploads\/2012\/09\/muenstermarkt3wurst130518.jpg 480w\" sizes=\"auto, (max-width: 135px) 100vw, 135px\" \/><\/a>\u00a0\u00a0\u00a0\u00a0\u00a0\u00a0\u00a0\u00a0\u00a0\u00a0\u00a0\u00a0\u00a0\u00a0\u00a0\u00a0\u00a0\u00a0\u00a0\u00a0\u00a0\u00a0 <a href=\"https:\/\/www.freiburg-schwarzwald.de\/blog\/business\/markt\/muensterwurst\/muensterwurst131001\/\" rel=\"attachment wp-att-41720\"><img loading=\"lazy\" decoding=\"async\" class=\"alignnone size-thumbnail wp-image-41720\" title=\",muensterwurst131001\" src=\"https:\/\/www.freiburg-schwarzwald.de\/blog\/wp-content\/uploads\/2012\/09\/muensterwurst131001-135x180.jpg\" alt=\"\" width=\"135\" height=\"180\" srcset=\"https:\/\/www.freiburg-schwarzwald.de\/blog\/wp-content\/uploads\/2012\/09\/muensterwurst131001-135x180.jpg 135w, https:\/\/www.freiburg-schwarzwald.de\/blog\/wp-content\/uploads\/2012\/09\/muensterwurst131001.jpg 480w\" sizes=\"auto, (max-width: 135px) 100vw, 135px\" \/><\/a>\u00a0\u00a0\u00a0\u00a0\u00a0\u00a0\u00a0\u00a0\u00a0\u00a0\u00a0\u00a0\u00a0\u00a0\u00a0\u00a0\u00a0\u00a0\u00a0\u00a0\u00a0 <a href=\"https:\/\/www.freiburg-schwarzwald.de\/blog\/business\/markt\/muensterwurst\/bratwurst2paul140902\/\" rel=\"attachment wp-att-50525\"><img loading=\"lazy\" decoding=\"async\" class=\"alignnone size-thumbnail wp-image-50525\" src=\"https:\/\/www.freiburg-schwarzwald.de\/blog\/wp-content\/uploads\/2012\/09\/bratwurst2paul140902-180x135.jpg\" alt=\"bratwurst2paul140902\" width=\"180\" height=\"135\" srcset=\"https:\/\/www.freiburg-schwarzwald.de\/blog\/wp-content\/uploads\/2012\/09\/bratwurst2paul140902-180x135.jpg 180w, https:\/\/www.freiburg-schwarzwald.de\/blog\/wp-content\/uploads\/2012\/09\/bratwurst2paul140902.jpg 640w\" sizes=\"auto, (max-width: 180px) 100vw, 180px\" \/><\/a><br \/>\n(7) 18.5.2013 M\u00fcnsterplatz\u00a0\u00a0\u00a0\u00a0\u00a0\u00a0\u00a0\u00a0\u00a0\u00a0\u00a0\u00a0\u00a0\u00a0\u00a0\u00a0\u00a0\u00a0\u00a0 (8) 1.10.2013\u00a0\u00a0\u00a0\u00a0\u00a0\u00a0\u00a0\u00a0\u00a0\u00a0\u00a0\u00a0\u00a0\u00a0\u00a0\u00a0\u00a0\u00a0\u00a0\u00a0\u00a0\u00a0\u00a0\u00a0\u00a0\u00a0\u00a0\u00a0\u00a0\u00a0\u00a0\u00a0\u00a0\u00a0\u00a0\u00a0\u00a0\u00a0\u00a0\u00a0\u00a0 (9) Schlange bei Paul am 2.9.2014<\/h5>\n<h5><a href=\"https:\/\/www.freiburg-schwarzwald.de\/blog\/business\/markt\/muensterwurst\/bratwurst1paul140902\/\" rel=\"attachment wp-att-50526\"><img loading=\"lazy\" decoding=\"async\" class=\"alignnone size-thumbnail wp-image-50526\" src=\"https:\/\/www.freiburg-schwarzwald.de\/blog\/wp-content\/uploads\/2012\/09\/bratwurst1paul140902-180x135.jpg\" alt=\"bratwurst1paul140902\" width=\"180\" height=\"135\" srcset=\"https:\/\/www.freiburg-schwarzwald.de\/blog\/wp-content\/uploads\/2012\/09\/bratwurst1paul140902-180x135.jpg 180w, https:\/\/www.freiburg-schwarzwald.de\/blog\/wp-content\/uploads\/2012\/09\/bratwurst1paul140902.jpg 640w\" sizes=\"auto, (max-width: 180px) 100vw, 180px\" \/><\/a><\/h5>\n<h5>(10) Paul&#8217;s Bratw\u00fcrste am 2.9.2014<\/h5>\n<h5><\/h5>\n<p>&nbsp;<\/p>\n<p>(1-2) M\u00fcnsterplatz 29.9.2012 &#8211; SWR-Interview am Wurststand<br \/>\n(3) M\u00fcnsterplatz 29.9.2012 &#8211; Meier&#8217;s Wurst S\u00fcdseite<br \/>\n(4) M\u00fcnsterplatz 29.9.2012 &#8211; Pauls Wurst M\u00fcnster-S\u00fcdseite<br \/>\n(9)-(10) Paul&#8217;s Bratw\u00fcrste kosten nur 2.- Euro &#8211; gegen\u00fcber zumeist 2.50 Euro bei der Konkurrenz. Auch deshalb die lange Schlange am M\u00fcnsterwurststand von Paul an der M\u00fcnsterplatz-S\u00fcdseite 2.9.104<\/p>\n<p>&nbsp;<\/p>\n<p>&nbsp;<\/p>\n<p><strong>\u00c4rgerliche Bratwurst-Preiserh\u00f6hung zum Landesturnfest<\/strong><br \/>\nBeim Besuch des <a title=\"Landesturnfest \u2013 Freiburg feiert\" href=\"https:\/\/www.freiburg-schwarzwald.de\/blog\/landesturnfest-freiburg-feiert\/\">Landesturnfestes<\/a> auf dem Freiburger M\u00fcnsterplatz wollte ich mich mit einer M\u00fcnsterplatzwurst belohnen. Ich traute meinen Augen kaum: Statt des \u00fcblichen Preises von 2,20 Euro f\u00fcr eine Lange Rote musste ich 2,50 Euro bezahlen. Die Preisausschilderung war behelfsm\u00e4\u00dfig \u00fcberklebt. Der Verk\u00e4ufer erkl\u00e4rte mir, dies sei ein Zuschlag f\u00fcr das Landesturnfest in Freiburg f\u00fcr vier Tage.<br \/>\nWarum muss man sich ausgerechnet an den \u00fcberwiegend jugendlichen Teilnehmern bereichern, die eh knapp bei Kasse sind? In wessen Kasse werden eigentlich diese Mehreinnahmen gesp\u00fclt?<br \/>\nWarum au\u00dferdem waren die Sitzpl\u00e4tze eines Lokals direkt an der B\u00fchne des M\u00fcnsterplatzes zumindest am Sonntag bei der Abschlussfeier gesperrt und sogar bewacht? Auf R\u00fcckfrage wurde uns mitgeteilt, man habe Angst vor Randale. Ein Hohn angesichts der fr\u00f6hlichen und friedlichen Stimmung bei diesem sch\u00f6nen Ereignis, von dem auch alle Verantwortlichen des Lobes voll waren.<br \/>\n4.62014, Renate K\u00f6hler, \u00dcbungsleiterin beim Turnverein Freiburg-St. Georgen<\/p>\n<p>&nbsp;<\/p>\n<p><strong>M\u00fcnschterwurscht-Master<\/strong><\/p>\n<p>Gluschtig uff \u00e4 Roti mit Senf un Ziibele gohsch uffem Friiburger M\u00fcnschterplatz nichtsahnend an einer vun denne Wurschtst\u00e4nd, kaufsch dir \u00e4 Wurscht, bissesch nii un losches dir schmecke. Un denksch kei Sekund dr\u00fcber nooch, dass des mit em Verkauf vun denne W\u00fcrscht eigentlig \u00e4 heidekomplizierti Sach isch. Dasses weder em <a title=\"Steuern\" href=\"https:\/\/www.freiburg-schwarzwald.de\/blog\/engagement\/verbraucher\/steuern\/\">Finanzamt<\/a>, noch em Verwaltungsg\u2019richt un au nit em Amtsg\u2019richt wurscht isch, wie des mit de Wurscht isch. Steuerlich gs\u00e4hne. Genau sell aber, \u00e4 Steuerdelikt, isch vuneme Wurschtverk\u00e4ufer vorem ehrw\u00fcrdige Friiburger Gotteshuus verbroche wore! Jetz kannsch nat\u00fcrlig nit jeder Standbetreiber bi jedere Wurscht, wo du kaufsch, froge, ob er die Wurscht au verstiieret het. Der druckt dir doch glatt \u00e4 halbi Tub\u2019 Senf ins Hemd vor Wut \u00fcber dini frech\u2019 Gosch un geifert g\u00e4hwiedig rum, bis du Leine ziehsch.<br \/>\nDes isch eini G\u2019schicht. Die zweit isch, dass wenn du so-n-\u00e4 Wurschtstand betriibe willsch,\u00a0 wenigschtens f\u00fcnf heiligi Wurschtverkaufsgebote unabdingbar sin. De Verkaufsstand mue\u00df attraktiv sii un lebensmittelrechtlichi Vorgabe erf\u00fclle, d Qualifizierung vum Personal un d Erfahrung mit em Marktrecht spiele \u00e4 Roll. \u00c4 st\u00e4dtischi M\u00fcnschterplatzwurschtstandvergabekommission befindet dr\u00fcber, ob einer die Langi-Roti-mit- Senf-un-Ziibele-Verkaufs-Kompetenz het oder nit. Un ab n\u00e4chscht\u2019 Johr soll \u00e4 neuer Studie\u2019gang iigrichtet were, wo me mit eme staatliche M\u00fcnschterwurscht-Master abschlie\u00dfe kann.<br \/>\n8.5.2013, Stefan Pflaum, <a href=\"https:\/\/www.dreisamtaeler.de\">www.dreisamtaeler.de<\/a><\/p>\n","protected":false},"excerpt":{"rendered":"<p>Home &gt;Freiburg &gt;Muenster &gt;Muensterplatz &gt;Business &gt;Markt &gt;Muensterwurst M\u00fcnstermarkt \u2013 Pf\u00f6rtnerampel wegen Corona?\u00a0(27.7.2020) \u00c4rgerliche Bratwurst-Preiserh\u00f6hung zum Landesturnfest (4.6.2014) M\u00fcnschterwurscht-Master (8.5.2013) Tofu-Wurst, die fleischlose Alternative zur Langen Roten &gt;Muensterwurst (4.3.2012) Wurststandbetreiber hat 188000 \u20ac Steuern hinterzogen &gt;Muensterwurst (15.9.2011) Plus 3: Sieben Wurstst\u00e4nde &hellip; <a href=\"https:\/\/www.freiburg-schwarzwald.de\/blog\/business\/markt\/muensterwurst\/\">Weiterlesen <span class=\"meta-nav\">&rarr;<\/span><\/a><\/p>\n","protected":false},"author":4,"featured_media":0,"parent":3044,"menu_order":0,"comment_status":"open","ping_status":"closed","template":"","meta":{"footnotes":""},"class_list":["post-12010","page","type-page","status-publish","hentry"],"_links":{"self":[{"href":"https:\/\/www.freiburg-schwarzwald.de\/blog\/wp-json\/wp\/v2\/pages\/12010","targetHints":{"allow":["GET"]}}],"collection":[{"href":"https:\/\/www.freiburg-schwarzwald.de\/blog\/wp-json\/wp\/v2\/pages"}],"about":[{"href":"https:\/\/www.freiburg-schwarzwald.de\/blog\/wp-json\/wp\/v2\/types\/page"}],"author":[{"embeddable":true,"href":"https:\/\/www.freiburg-schwarzwald.de\/blog\/wp-json\/wp\/v2\/users\/4"}],"replies":[{"embeddable":true,"href":"https:\/\/www.freiburg-schwarzwald.de\/blog\/wp-json\/wp\/v2\/comments?post=12010"}],"version-history":[{"count":1,"href":"https:\/\/www.freiburg-schwarzwald.de\/blog\/wp-json\/wp\/v2\/pages\/12010\/revisions"}],"predecessor-version":[{"id":103935,"href":"https:\/\/www.freiburg-schwarzwald.de\/blog\/wp-json\/wp\/v2\/pages\/12010\/revisions\/103935"}],"up":[{"embeddable":true,"href":"https:\/\/www.freiburg-schwarzwald.de\/blog\/wp-json\/wp\/v2\/pages\/3044"}],"wp:attachment":[{"href":"https:\/\/www.freiburg-schwarzwald.de\/blog\/wp-json\/wp\/v2\/media?parent=12010"}],"curies":[{"name":"wp","href":"https:\/\/api.w.org\/{rel}","templated":true}]}}