{"id":119994,"date":"2024-01-27T18:36:48","date_gmt":"2024-01-27T17:36:48","guid":{"rendered":"https:\/\/www.freiburg-schwarzwald.de\/blog\/?page_id=119994"},"modified":"2026-08-30T17:04:27","modified_gmt":"2026-08-30T15:04:27","slug":"vertrauen","status":"publish","type":"page","link":"https:\/\/www.freiburg-schwarzwald.de\/blog\/global\/deutschland\/consent-of-the-governed\/vertrauen\/","title":{"rendered":"Vertrauen"},"content":{"rendered":"<p><a href=\"https:\/\/freiburg-schwarzwald.de\/blog\">Home<\/a>\u00a0&gt;<a title=\"Engagement\" href=\"https:\/\/www.freiburg-schwarzwald.de\/blog\/engagement\/\">Engagement<\/a> &gt;<a title=\"Demokratie\" href=\"https:\/\/www.freiburg-schwarzwald.de\/blog\/engagement\/zukunft\/demokratie\/\">Demokratie<\/a>\u00a0&gt;<a title=\"Freiheit\" href=\"https:\/\/www.freiburg-schwarzwald.de\/blog\/engagement\/zukunft\/demokratie\/freiheit\/\">Freiheit<\/a>\u00a0&gt;<a title=\"Deutschland-Hoffnung\" href=\"https:\/\/www.freiburg-schwarzwald.de\/blog\/global\/deutschland\/deutschland-hoffnung\/\">Deutschland-Hoffnung<\/a> &gt;<a href=\"https:\/\/www.freiburg-schwarzwald.de\/blog\/global\/deutschland\/consent-of-the-governed\/\">Consent of the Governed<\/a> &gt;Vertrauen<\/p>\n<div id=\"attachment_117239\" style=\"width: 650px\" class=\"wp-caption alignnone\"><a href=\"https:\/\/www.freiburg-schwarzwald.de\/blog\/wp-content\/uploads\/2023\/11\/demo1-wir-gemeinsam-pan2311-1.jpg\"><img loading=\"lazy\" decoding=\"async\" aria-describedby=\"caption-attachment-117239\" class=\"size-full wp-image-117239\" src=\"https:\/\/www.freiburg-schwarzwald.de\/blog\/wp-content\/uploads\/2023\/11\/demo1-wir-gemeinsam-pan2311-1.jpg\" alt=\"\" width=\"640\" height=\"430\" srcset=\"https:\/\/www.freiburg-schwarzwald.de\/blog\/wp-content\/uploads\/2023\/11\/demo1-wir-gemeinsam-pan2311-1.jpg 640w, https:\/\/www.freiburg-schwarzwald.de\/blog\/wp-content\/uploads\/2023\/11\/demo1-wir-gemeinsam-pan2311-1-180x121.jpg 180w\" sizes=\"auto, (max-width: 640px) 100vw, 640px\" \/><\/a><p id=\"caption-attachment-117239\" class=\"wp-caption-text\">Gemeinsam unterwegs f\u00fcr Frieden, Freiheit und Demokratie auf der Demo in Freiburg am 11.11.2023<\/p><\/div>\n<p>&nbsp;<\/p>\n<ul>\n<li><em>Listenauswahl eines Beitrags (Artikel\/Datum, Seite\/Inhalt):\u00a0<span style=\"text-decoration: underline;\">Klicken<\/span>\u00a0oder scrollen<\/em><\/li>\n<li><a href=\"https:\/\/www.freiburg-schwarzwald.de\/blog\/briefwahl-statt-urnenwahl-nein\/\">Briefwahl statt Urnenwahl: nein!<\/a>\u00a0(30.8.2026)<\/li>\n<li><a href=\"https:\/\/www.freiburg-schwarzwald.de\/blog\/wahl-ki-kirchzarten-260206\/\">Wahl 8-3-26 \u2013 KI \u2013 Kirchzarten<\/a>\u00a0(7.2.2026)<\/li>\n<li><a href=\"https:\/\/www.freiburg-schwarzwald.de\/blog\/freispruch-fuer-michael-ballweg\/\">Freispruch f\u00fcr Michael Ballweg<\/a>\u00a0(31.7.2025)<\/li>\n<li><a href=\"https:\/\/www.freiburg-schwarzwald.de\/blog\/engagement\/buerger\/buergerwehr\/\">Jugendgang terrorisiert Dorf: Einwohner gr\u00fcnden B\u00fcrgerwehr, weil es an Polizei fehlt<\/a>\u00a0(9.7.2025)<\/li>\n<li>Politiker und Medien verlieren das Vertrauen: Aff\u00e4re Franziska Brantner (5.4.2025)<\/li>\n<li><a href=\"https:\/\/www.freiburg-schwarzwald.de\/blog\/engagement\/zukunft\/demokratie\/democracy-first\/\">Demokratie ist organisiertes Misstrauen in die Regierung<\/a> (22.11.2024)<\/li>\n<li><a href=\"https:\/\/www.freiburg-schwarzwald.de\/blog\/geheimtreffen-und-hetzjagden\/\">Geheimtreffen und Hetzjagden<\/a>\u00a0(15.10.2024)<\/li>\n<li>Vertrauensverlust &#8211; der Anfang vom Ende (3.10.2024)<\/li>\n<li><a href=\"https:\/\/www.freiburg-schwarzwald.de\/blog\/engagement\/zukunft\/demokratie\/mitte\/\">Bertelsmann-Studie: Die Mitte verliert das Vertrauen<\/a> (19.4.2024)<\/li>\n<li><a href=\"https:\/\/www.freiburg-schwarzwald.de\/blog\/woke-gegen-buerger\/\">Woke gegen B\u00fcrger<\/a> (9.3.2024)<\/li>\n<li>Wem kann man noch vertrauen? Was h\u00e4lt die Gesellschaft im Innersten zusammen? (28.2.2024)<\/li>\n<li>Vertrauenskrise: Politik, Medien, WEF (27.1.2024)<\/li>\n<li><a href=\"https:\/\/www.freiburg-schwarzwald.de\/blog\/consent-of-the-governed\">Vertrauen als Voraussetzung f\u00fcr das Funktionieren einer Demokratie<\/a> (13.11.2023)<\/li>\n<li><a href=\"https:\/\/www.freiburg-schwarzwald.de\/blog\/nur-20-vertrauen-den-parteien\/\">Nur 20% vertrauen den Parteien<\/a> (15.1.2022)<\/li>\n<li><a href=\"https:\/\/www.freiburg-schwarzwald.de\/blog\/breisgau-s-bahn-vertrauen-weg\/\">Breisgau-S-Bahn Vertrauen weg<\/a> (29.1.2020)<\/li>\n<li><a href=\"https:\/\/www.freiburg-schwarzwald.de\/blog\/vertrauen-gut-kontrolle-besser\/\">Vertrauen gut \u2013 Kontrolle besser<\/a> (23.1.2018)<\/li>\n<li><a href=\"https:\/\/www.freiburg-schwarzwald.de\/blog\/grundvertrauen-in-den-staat\/\">Grundvertrauen in den Staat<\/a> (2.8.2016)<\/li>\n<li><\/li>\n<li><a href=\"https:\/\/www.freiburg-schwarzwald.de\/blog\/engagement\/buerger\/buergerwehr\/\">Buergerwehr<\/a><\/li>\n<li><a href=\"https:\/\/www.freiburg-schwarzwald.de\/blog\/global\/deutschland\/consent-of-the-governed\/\">Consent of the Governed<\/a><\/li>\n<\/ul>\n<p><strong>Der B\u00fcrger ist der Souver\u00e4n und der Staat ist sein Dienstleister:<\/strong><br \/>\nDemokratie lebt vom <a href=\"https:\/\/www.freiburg-schwarzwald.de\/blog\/global\/deutschland\/consent-of-the-governed\/vertrauen\/\">Vertrauen<\/a> des Staates in die M\u00fcndigkeit der B\u00fcrger<br \/>\n(der Staat hat kein Recht, die B\u00fcrger zu indoktrinieren)<br \/>\nDemokratie lebt vom <a href=\"https:\/\/www.freiburg-schwarzwald.de\/blog\/engagement\/zukunft\/demokratie\/democracy-first\/\">Mi\u00dftrauen<\/a> der B\u00fcrger in den Staat<br \/>\n(die B\u00fcrger haben das Recht, die Regierung abzuw\u00e4hlen)<br \/>\n============================================================<\/p>\n<p>.<\/p>\n<p><strong>Politiker und Medien verlieren das Vertrauen: Aff\u00e4re Franziska Brantner<\/strong><br \/>\nW\u00e4hler verlieren zunehmend Vertrauen gegen\u00fcber politischen Akteuren. In dieser Woche wurden die Vorg\u00e4nge deutlich, die zu diesem Vertrauensverlust f\u00fchren: Es begann mit einem Paukenschlag in Frankreich. Ein Gericht befand <a href=\"https:\/\/www.freiburg-schwarzwald.de\/blog\/politisches-urteil-gegen-rn\/\">Marine Le Pen<\/a> des Betrugs gegen\u00fcber dem Europaparlament schuldig und verurteilte sie unter anderem dazu, an der n\u00e4chsten Pr\u00e4sidentschaftswahl nicht teilnehmen zu d\u00fcrfen \u2013 obwohl sie deren aussichtsreichste Bewerberin war. Das Gericht sah es als bewiesen an, dass die Europa-Abgeordnete Le Pen ihre Mitarbeiter systematisch und verbotenerweise f\u00fcr die Arbeit in der Partei zweckentfremdete. Sie daf\u00fcr schuldig zu sprechen, geht in Ordnung. \u00dcber das Strafma\u00df l\u00e4sst sich indes streiten.<\/p>\n<p>Vor allem dann, wenn in Deutschland ein Journalist dar\u00fcber berichten kann, dass dieser systematische Missbrauch von staatlich bezahlten Mitarbeitern hierzulande \u00fcblich ist. Normal kommt das nicht ans Licht. Alle Beteiligten haben ein Interesse daran, es im Dunkeln zu lassen. Um ihre Karriere und damit ihre Existenz abzusichern. Doch in diesem einen Fall handelt es sich um einen Journalisten, der selbst als solcher Mitarbeiter diesen Missbrauch miterlebt hat \u2013 unter anderem begangen von der heutigen Vorsitzenden der deutschen Gr\u00fcnen, Franziska Brantner.<\/p>\n<p>TE berichtete \u00fcber diesen Fall, der durch das franz\u00f6sische Urteil an Relevanz massiv gewonnen hat. Es ging auch eine Anfrage an das B\u00fcro Brantners, die mittlerweile im Bundestag sitzt. Mehrfach. Doch Brantner lie\u00df diese Anfragen unbeantwortet. Ironischerweise ging es im Wahlkampf von 2011, in dem sie ihre Mitarbeiterin verbotenerweise f\u00fcr Partei-Arbeit abgestellt hat, um das \u201eInformationsfreiheitsgesetz\u201c. Das garantiert Medien ein Auskunftsrecht. Brantner war daf\u00fcr. Damals.<\/p>\n<p>Der ehemalige SPD-Chef Franz M\u00fcntefering hat einst gefordert, man solle damit aufh\u00f6ren, Politiker an ihren Versprechen im Wahlkampf zu messen. Er hatte Erfolg. Kaum ein B\u00fcrger vertraut noch in die Versprechen eines Politikers. Blo\u00df bedeutet das einen Vertrauensverlust in die Politik. Ein Preis, den sie f\u00fcr diesen Erfolg zu zahlen hat.<\/p>\n<p>Die deutsche Medienlandschaft hat in ihrem allergr\u00f6\u00dften Teil ihre Aufgabe als Vierte Gewalt einfach aufgegeben. Deutsche Journalisten verstehen sich als Weggef\u00e4hrten der Herrschenden, mit denen sie im Marsch marschieren. Investigativ arbeiten sie nur noch gegen Oppositionelle oder jeden, der aus dem Tritt kommt. TE hat diesen Journalisten die Meldung von der gr\u00fcnen Vorsitzenden angeboten, die das gleiche \u201eVerbrechen\u201c begangen hat, f\u00fcr das Le Pen in Frankreich von der Wahl ausgeschlossen hat. Keiner hat es aufgegriffen.<\/p>\n<p>Stattdessen haben sie ihr Schlagzeilen geschenkt wie: \u201eVon Parit\u00e4t weit entfernt: Brantner kritisiert CDU-Frauenbild als von vorgestern\u201c (n-tv). Nicht nur die Politik, auch die Medien leiden unter Vertrauensverlust. Es gibt nur eins, mit dem diese Medien den Vertrauensverlust erleiden: mit Recht.<br \/>\n&#8230; Alles vom 4.4.2025 im Newsletter bitte lesen auf <a href=\"https:\/\/www.tichyseinblick.de\">https:\/\/www.tichyseinblick.de<\/a><\/p>\n<p>&nbsp;<\/p>\n<p><strong>Vertrauensverlust &#8211; der Anfang vom Ende<\/strong><br \/>\nGrundlage aller guten Ehen sind Liebe und Vertrauen. Geht eines verloren, zerbricht die Ehe.<br \/>\nDass unsere Feministinnen keine Ehe wollen, liegt daran, dass sie f\u00fcr ihre Komplexe einen Mann verantwortlich machen, ihm grunds\u00e4tzlich nicht mehr vertrauen. Und wenn ein Ehepartner durch Seitenspr\u00fcnge, durch Egoismus oder durch Unehrlichkeit seinen Ehepartner betr\u00fcgt, schwindet das Vertrauen und die Bindung der Ehe.<br \/>\nWas in der Familie als der kleinsten gesellschaftlichen Organisationszelle gilt, passiert ebenso auch allen gr\u00f6\u00dferen wirtschaftlichen und gesellschaftlichen Organisationen.<br \/>\n.<br \/>\n<em>Beispiel: Corona-Krise<\/em><br \/>\nDie Corona-Krise war eine Kapitalismusveranstaltung. Bill Gates und Konsorten waren an der Biowaffenentwicklung in Wuhan beteiligt, haben in zwei Firmen Impfstoffe gegen das Corona-Virus entwickeln lassen, dann mit ihren Leuten die Weltgesundheitsorganisation besetzt, bei Ausbruch der Corona-Epidemie andere, z. B. russische Impfstoffe verboten, die V\u00f6lker und Regierungen durch bezahlte und gesteuerte Medien zu unbegrenzten Milliardenausgaben f\u00fcr \u00fcberteuerte Masken und Impfstoffe (Kosten 1,88 Dollar, Preis 20 Dollar) getrieben, obwohl die Impfstoffe weder ausreichend gepr\u00fcft noch in ihrer Wirksamkeit sicher waren.<br \/>\nDie Regierungen haben in ihrer Panik das gesellschaftliche Leben und ganze Wirtschaftsbranchen verboten (Lockdown), die nicht Geimpften sogar verfemt und damit einen gesellschaftlichen wie wirtschaftlichen Vertrauensschaden in der Bev\u00f6lkerung geschaffen.<br \/>\nNur Bill Gates freute sich \u00fcber einen Jahresgewinn von \u00fcber 100 Milliarden Dollar allein in 2022. Er hat allerdings dann seine umstrittenen Impffirmen sofort verkauft und kann auch nicht mehr haftbar gemacht werden, weil er mit den Regierungen Haftungsausschluss f\u00fcr die Impfstoffe vereinbart hatte.<br \/>\nIn der Corona-Pandemie haben unsere verantwortlichen Politiker und Regierungen durch L\u00fcgen, Panik, unberechtigte Zwangsma\u00dfnahmen und Diktatur das Vertrauen der Bev\u00f6lkerung entscheidend verloren. Kein Wunder, dass sie sich gegen eine Aufarbeitung str\u00e4uben.<\/p>\n<p><em>Agenda-getriebene \u00d6ko-Diktatur<\/em><br \/>\nSchon Merkel und noch radikaler die Ampel-Regierung wollen unser Leben von Wohlfahrt auf Umweltschutz ver\u00e4ndern. Sie sind von der Agenda getrieben, dass unsere Welt durch Klimaerw\u00e4rmung zerst\u00f6rt und diese durch menschlichen CO2-Aussto\u00df verursacht sei. Tats\u00e4chlich ist der CO2-Anteil in der Atmosph\u00e4re nur 0,04 Prozent und der menschliche Anteil an dessen Entstehung wiederum nur zehn Prozent, also keinesfalls Klimakiller.<\/p>\n<p>Statt nun die Vernichtung des Regenwaldes im Amazonas durch die US-Agrarkonzerne zu verhindern oder massiv W\u00e4lder zu f\u00f6rdern, die von CO2-Bindung leben, wird die Autoindustrie vernichtet, die Landwirtschaft stranguliert, irrsinnig teurer Heizungs- und Wohnungsd\u00e4mmgesetze erlassen und unsere Wirtschaft und Gesellschaft von \u00d6konomie auf \u00d6kologie \u201etransformiert\u201c. Diese Agenda-getriebene \u00d6ko-Diktatur zerst\u00f6rt vors\u00e4tzlich unsere Wirtschaft, unseren Wohlstand, unsere Handlungsfreiheit und das Vertrauen in unsere Gesellschaft durch Sendungsbewusstsein aus falscher Ideologie.<br \/>\nInzwischen merken aber die Menschen, dass die gr\u00fcne Religion Irrlehre und pers\u00f6nlicher wie gesellschaftlicher Schaden ist. Sie verlieren das Vertrauen und die Gr\u00fcnen deshalb ihre W\u00e4hler.<\/p>\n<p><em>Merkels Masseninvasion kulturfremder Menschen<\/em><br \/>\nMerkel und die CDU haben mit ihrer \u00d6ffnung der Grenzen f\u00fcr alle Immigranten eine gesellschaftliche Ver\u00e4nderung Deutschlands gewollt und erreicht. Mit Hilfe von staatsdirigierten und vom Staat bestochenen Journalisten sowie mit Unterst\u00fctzung der Millionen Sozialfunktion\u00e4re wurde eine \u201eWillkommenskultur\u201c verordnet, die jede zus\u00e4tzliche Migration begr\u00fc\u00dfte, die staatliche Verwaltung zu Unterbringung, Versorgung, Unterhalt und Verschaffung \u201egleicher Teilhabe\u201c zwang und jede Kritik an der Massenzuwanderung als \u201erassistisch\u201c, \u201erechtsradikal\u201c und \u201eantidemokratisch\u201c verurteilte.<\/p>\n<p>Inzwischen sehen die Menschen, was diese unkontrollierte Masseninvasion kulturfremder, \u00fcberwiegend arbeitsscheuer, Ghettos bildender, die St\u00e4dte erobernder und immer h\u00f6here Sozialanspr\u00fcche stellender Zuwanderer gebracht hat. Die von der CDU-Regierung befohlene Willkommenskultur ist in \u00fcberwiegende Ablehnung umgekippt (70 Prozent). Die Menschen f\u00fchlen sich durch die Massenimmigration in ihrem Umfeld, in ihren Chancen, als Zwangszahler und um viele Zukunftschancen betrogen, haben das Vertrauen in die gr\u00fcnen Zuwanderungsapostel verloren und wollen keine weitere Zuwanderung von Kriminellen, Sozialschmarotzern, Arbeitsverweigerern und nicht integrationswilligen Immigranten.<br \/>\nDie Wahlen in Th\u00fcringen und Sachsen hat nur diejenigen \u00fcberrascht, die den Vertrauensverlust der B\u00fcrger gegen\u00fcber den politischen Funktion\u00e4ren nicht sehen wollten. Und es ist kein Wunder, dass gerade die Jugend aufbegehrt, die durch Massenimport von Proletariat ihre Freiheits- und Wohlstandschancen f\u00fcr die Zukunft bedroht sieht.<\/p>\n<p><em>Vertrauensverlust der Systemmedien<\/em><br \/>\nObwohl die \u00e4ltere Generation schon einmal erlebt hatte, wie Goebbels die Staatsmedien und Presse zu unseliger L\u00fcgenpropaganda missbraucht hat, hat die Nachkriegsgeneration den Staatsmedien und der von internationalen Konzernen oder Gewerkschaften beherrschten Presse geglaubt und deren Meinungsmache als g\u00fcltig angesehen. Je mehr jedoch unsere Medien im Staatsgriff statt Fakten und Informationen staatlich verordnete Propaganda und Meinungsbildung brachten und dies durch die alternativen Medien offenbar wurde, desto mehr schwand das Vertrauen der Bev\u00f6lkerung gegen\u00fcber dem Systemjournalismus.<\/p>\n<p>In den letzten Wahlk\u00e4mpfen haben Staatsmedien und Zeitungen t\u00e4glich Hass und Hetze gegen die von der Regierung ungew\u00fcnschte Alternative verbreitet, wollten sie uns W\u00e4hler von der \u201efalschen Alternative\u201c abhalten, haben aber ihre Vertrauensw\u00fcrdigkeit dadurch immer mehr verloren. Das Vertrauen ins Radio ist in den letzten Jahren bis 2023 von gut 50 auf 49 Prozent, das der Presse von 47 auf 39 Prozent, das des Fernsehens sogar von 34 auf 27 Prozent gesunken. Der Vertrauensverlust durch Manipulationen, Einseitigkeiten, Verdrehungen und L\u00fcgen der Systemmedien hat sich zur Abkehr der Leser und Fernseher ausgewirkt (was die Staatsmedien allerdings nicht st\u00f6rt, weil sie immer \u00fcppiger mit Staatsgeldern, GEZ, bestochen werden).<br \/>\nNicht das Aufkommen der neuen Medien, sondern der Vertrauensverlust durch Meinungsmanipulation werden den Untergang des Systemjournalismus bringen.<\/p>\n<p><em>Massenaustritte aus der Kirche wegen Zeitgeistprediger<\/em><br \/>\nVertrauensverlust gibt es aber auch in die gesellschaftlichen Organisationen, wie Kirchen und Gewerkschaften. Die Kirchen waren stark, solange sie Gottes Wort verk\u00fcndigten. Zur Reformationszeit etwa spielte der Glaube und das \u201esola fide\u201c (allein durch Glauben) eine beherrschende Rolle im Leben der Menschen mit Verk\u00fcndigern des reinen Glaubens und vollen Kirchen. Heute finden sich \u00fcberwiegend leere B\u00e4nke in den Gottesdiensten. Nur noch zwei Prozent der formalen Kirchenmitglieder gehen hin. Das liegt allerdings nicht an den Kirchenmitgliedern, sondern der Organisation und dem Zeitgeist unserer Kirchenfunktion\u00e4re.<\/p>\n<p>Waren fr\u00fcher \u00fcber 90 Prozent der Kirchendiener Verk\u00fcndiger, sind heute von den 1,1 Millionen von der Kirche angestellten Personen nur noch 40.000 Verk\u00fcndiger, mehr als eine Million dagegen in sozialen Diensten t\u00e4tig. Da der Staat die meisten Sozialt\u00e4tigkeiten erstattet, ist dies f\u00fcr die Kirchen sogar ein Gesch\u00e4ft. Und um einen wirklich gl\u00e4ubigen Verk\u00fcndiger sonntags zu finden, muss man schon in andere Gemeinden fahren. Der eigene Verk\u00fcndiger redet \u00fcberwiegend von Klimawandel, gr\u00fcner Heilslehre und N\u00e4chstenliebe f\u00fcr Immigranten.<\/p>\n<p>Wer nicht mehr den Glauben verk\u00fcndet, sondern den Zeitgeist predigt, kann sich \u00fcber Vertrauensverlust nicht beklagen. Die Massenaustritte aus der Kirche sprechen eine deutliche Sprache. Selbst gl\u00e4ubige Christen haben das Vertrauen in Funktion\u00e4re und B\u00fcrokratie der Amtskirche verloren.<\/p>\n<p>Gewerkschaften geht es mehr um Macht als um Arbeiterinteressen<br \/>\nBei den Gewerkschaften ist der Vertrauensverlust ebenfalls sp\u00fcrbar. Die gro\u00dfe Leistung der Gewerkschaften, entgegen der Theorie von Marx von der Verelendung der Arbeiterschaft: Sie haben in den gro\u00dfen Konzernen eine Gegenmacht der Arbeiter gebildet und deren Situation stetig verbessert.<\/p>\n<p>Inzwischen aber haben sich Gewerkschaften und Sozialismus und ihre Funktion\u00e4re vermengt, sind erstere zum politischen Arm letzterer geworden und geht es deshalb mehr um Macht als um die Interessen der Arbeiterschaft.<br \/>\nDie Gewerkschaft hat nicht erkannt, dass ihre Existenzberechtigung nur bei Kapitalgesellschaften, jedoch bei den 96 Prozent von den Inhabern selbst gef\u00fchrten Personalunternehmen nicht zutrifft, dass Mitarbeiter in unseren Klein- und Mittelbetrieben direkt mit dem Chef sprechen k\u00f6nnen und keinen Vormund brauchen, dass in den Personalunternehmen Teamwork statt Herrschaft von Kapital und Arbeit herrscht und dass deshalb die Mitarbeiter in der Zusammenarbeit im Team mit dem Chef ohne Gewerkschaften gl\u00fccklicher sind. Der Organisations-, Bedeutungs- und Vertrauensverlust der Gewerkschaften ist Folge ihres Rollenwandels von der betrieblichen zur politischen Organisation.<\/p>\n<p><em>Gr\u00f6\u00dfte Vertrauenskrise: Zwischen Regierung und Volk<\/em><br \/>\nDie wohl gr\u00f6\u00dfte Vertrauenskrise findet seit Merkel zwischen Regierung und Volk statt.<br \/>\nJede Regierung wird im Vertrauen des Volkes gew\u00e4hlt, weil sie beschw\u00f6rt, zum Wohl ihrer W\u00e4hler arbeiten und deren Interessen verfolgen zu wollen. Das Gegenteil aber passiert st\u00e4ndig.<br \/>\nMerkel hat die billigste Energie in Deutschland \u2013 die Atomenergie \u2013 verboten und damit unserem Volk hunderte von Milliarden Sch\u00e4den verursacht. Ebenso hat Merkel f\u00fcr eine Verschuldung der EU \u2013 die keine eigenen Steuereinnahmen, sondern nur Beitr\u00e4ge der Mitgliedsl\u00e4nder hat \u2013 von mehr als einer Billion Euro (Corona; Green Deal) deutsche Haftung \u00fcbernommen, obwohl sie wusste, dass sie damit unsere Zukunft und die unserer Jugend mit untragbaren Lasten zerst\u00f6rte.<\/p>\n<p>Der Vertrag zu Minsk h\u00e4tte zu Frieden f\u00fchren k\u00f6nnen, wurde aber von den Westm\u00e4chten \u2013 wie Merkel zugab \u2013 nur zum Schein abgeschlossen, \u201eum der Ukraine mehr Zeit zur Aufr\u00fcstung zu verschaffen\u201c. Aus diesem Betrug ist ein Krieg geworden.<br \/>\nAls im Syrien-Krieg die erste Fl\u00fcchtlingsinvasion nach Deutschland drohte, hat Merkel \u201eWillkommenskultur\u201c befohlen und die Grenzen ge\u00f6ffnet, was der deutschen Bev\u00f6lkerung bisher mehr als 500 Milliarden Kosten, eine Ver\u00e4nderung der St\u00e4dte, der Schulen, Wohnungsnot, Kriminalit\u00e4t und einen drohenden Zusammenbruch der Sozialsysteme gebracht hat. In falscher Humanit\u00e4t hat sie nur an die Fl\u00fcchtlinge statt an ihre Verantwortung f\u00fcr die deutschen W\u00e4hler gedacht. Kein Wunder, wenn diese ihr das Vertrauen entzogen.<\/p>\n<p><em>Transformation in ein CO2-freies \u00f6kologisches Naturland<\/em><br \/>\nDie Ampel-Regierung Scholz will Deutschland als Musterfall der Transformation von einem der weltf\u00fchrenden Industriel\u00e4nder in ein CO2-freies \u00f6kologisches Naturland \u00fcberf\u00fchren. Dazu wurden erst einmal in Berlin 10.000 neue gr\u00fcne Ideologen eingestellt, um auch alles und jedes mit gr\u00fcn-ideologischen Vorschriften umzuwandeln, zu regulieren.<br \/>\nDie letzten drei Atommeiler, die uns f\u00fcnf Prozent unserer Energie billigst brachten, wurden geschlossen, die preisg\u00fcnstige russische Energie wurde mit Sanktionen gek\u00fcndigt und daf\u00fcr dreimal so teure amerikanische eingekauft, so dass Deutschland heute f\u00fcnffach so hohe Energiekosten hat wie die USA und international nicht mehr wettbewerbsf\u00e4hig ist.<br \/>\nDer bei Verbrennermotoren weltf\u00fchrenden deutschen Automobilindustrie wurde die Produktion von Verbrennern untersagt und Elektrofahrzeuge befohlen, f\u00fcr die wir keine Rohstoffe, keine Erfahrungen, keine Tankstellen haben und die die Verbraucher nicht wollen, so dass die deutsche Automobilindustrie (ein Drittel Exportwirtschaft) damit zugrunde geht.<\/p>\n<p><em>Massensterben mittelst\u00e4ndischer Betriebe<\/em><br \/>\nDen deutschen Leistungstr\u00e4gern des Mittelstandes wurden die h\u00f6chsten Steuern und Sozialabgaben der Welt auferlegt, gleichzeitig Personal entzogen, weil Nicht-Arbeit mit hohem B\u00fcrgergeld honoriert wird. Die Folge: Massensterben mittelst\u00e4ndischer Betriebe, Auswanderung von Selbst\u00e4ndigen und Laden- sowie Gastronomiesterben in den St\u00e4dten.<br \/>\nEin zum Wirtschaftsminister bef\u00f6rderter M\u00e4rchenbuchautor belastet alle Wohnungseigent\u00fcmer und Mieter mit unbezahlbaren Investitionen f\u00fcr eine neue Heizung, neue Hausd\u00e4mmung und steigenden Umbaupreisen, weil es \u00fcberhaupt nicht gen\u00fcgend Handwerker daf\u00fcr gibt.<br \/>\nUnd eine naive Dampfplauderin ohne Ausbildung und ohne Arbeitserfahrung will mit ihren Kollegen in der ganzen Welt gr\u00fcne und queer-sexuelle Organisationen subventionieren und unsinnige \u00f6kologische, kommunistische queer-sexuelle oder linksradikale, sogar unsinnige und sch\u00e4dliche Projekte mit 58 Milliarden Euro f\u00f6rdern, ohne dass gepr\u00fcft wird, ob das Geld angekommen ist oder was damit gemacht wurde. Begr\u00fcndung f\u00fcr diese unsinnige Verschwendung: \u201eDie W\u00e4hler sind mir egal!\u201c<\/p>\n<p><em>Linker Meinungsterror<\/em><br \/>\nAm schlimmsten treibt es die radikal-sozialistische Innenministerin mit ihrer Antifa-Horde, die jede Veranstaltung der Opposition durch Demonstrationen, K\u00fcndigungen der Lokale und sogar direkte Angriffe auf Besucher zu verhindern versucht, alles als \u201erechtsradikal\u201c verfolgt, was sie politisch kritisiert, dazu sogar illegal die Presse verfolgt (Compact), ein Denunziantengesetz erlassen hat, das alle Menschen unter Straffreiheit auffordert, rechte Tendenzen zu melden und mit Hilfe des Verfassungsschutzes alle B\u00fcrger verfolgen l\u00e4sst, die nach ihrer Meinung nicht systemgerecht denken. So entsteht mit Hilfe der politischen Funktion\u00e4re und Systemjournalisten ein linker Meinungsterror aus Misstrauen gegen die andersdenkende Bev\u00f6lkerung. Nicht nur in Hessen hat diese Ministerin Vertrauen verloren, sondern inzwischen bundesweit.<br \/>\nUnsere Regierung erweckt den Eindruck, dass sie mehr f\u00fcr fremde M\u00e4chte und fremde Interessen als f\u00fcr die eigenen B\u00fcrger arbeitet. Gem\u00e4\u00df Baerbock sind ihr \u201edie W\u00e4hler egal\u201c. Die Summe der Fehlentscheidungen und ihre gegen die W\u00e4hler gerichteten Handlungen haben dieser Ampel-Regierung noch mehr als Merkel das Vertrauen entzogen \u2013 wie die Wahlen im Osten gezeigt haben.<br \/>\nWenn eine Ehe zu Ende ist, folgt Scheidung. Und wenn jemand wirtschaftlich versagt, folgt Konkurs. Wer politisch das Vertrauen verspielt hat, sollte nicht eine Brandmauer um sich errichten und in anderen Koalitionen weiterregieren d\u00fcrfen. Verlorenes Vertrauen kann man nicht dauerhaft mit Funktion\u00e4rskungelei wiedergewinnen.<br \/>\nWer unser Vertrauen verspielt und verloren hat, muss abtreten. Das gilt f\u00fcr private ebenso wie f\u00fcr wirtschaftliche und politische Vertrauensstellungen.<\/p>\n<p>&#8230; Alles vom 3.10.2024 von Eberhard Hamer bitte lesen auf<br \/>\nhttps:\/\/www.mittelstandsinstitut-niedersachsen.de<br \/>\n.<br \/>\n<em>Prof. Dr. Eberhard Hamer (* 15. August 1932 in Mettmann) ist ein deutscher \u00d6konom. Sein Schwerpunkt ist die Mittelstands\u00f6konomie. In den 1970er Jahren gr\u00fcndete er das privat gef\u00fchrte Mittelstandsinstitut Niedersachsen in Hannover und ver\u00f6ffentlichte \u00fcber 20 B\u00fccher zum Thema Mittelstand. Hamer erhielt 1986 das Verdienstkreuz am Bande des Verdienstordens der Bundesrepublik Deutschland.<\/em><\/p>\n<p>.<\/p>\n<p><strong>Wem kann man noch vertrauen? Was h\u00e4lt die Gesellschaft im Innersten zusammen?<\/strong>Kritischer Blick: Auf der Suche nach der Wahrheit hinter den Schlagzeilen mit Milosz Matuschek und Patrick Reiser<br \/>\n<a href=\"https:\/\/freischwebende-intelligenz.de\">https:\/\/www.youtube.com\/watch?v=Sjt5GcPxpwU&amp;t=3262s<\/a><br \/>\n<a href=\"http:\/\/patrickreiser.com\">http:\/\/patrickreiser.com<\/a><br \/>\n<a href=\"https:\/\/www.freischwebende-intelligenz.org\">https:\/\/www.freischwebende-intelligenz.org<\/a><\/p>\n<p>Vielleicht nur der komfortable Selbstbetrug der Arbeitsteilung.<br \/>\nTraut niemandem\u201d, sagte vor kurzem der bekannte Filmregisseur Werner Herzog. Wirklich niemandem? Wir brauchen in einer arbeitsteiligen Welt so etwas wie Vertrauen. Vertrauen reduziert Komplexit\u00e4t, wussten der Soziologe Niklas Luhmann. Ohne Vertrauen implodiert unsere arbeitsteilige Lebenswelt. Denn dann lauert ja hinter jeder Ecke ein Sammelsurium von unendlich vielen Optionen. Man m\u00fcsste bei jeder banalen T\u00e4tigkeit &#8211; nehmen wir nur den Stra\u00dfenverkehr &#8211; mit so vielen Unw\u00e4gbarkeiten rechnen, dass eine einfache Fahrt zum Einkaufen zum Abenteuer w\u00fcrde. Wenn jede Handlung zum Risiko wird, passiert nicht viel in einer Gesellschaft.<br \/>\nImplosion der alten Welt?<br \/>\nWenn Vertrauen entt\u00e4uscht wird, endet nicht die Welt. Es endet aber &#8211; ein st\u00fcckweit &#8211; die \u201calte Welt\u201d. Der Zweifel breitet sich aus. Wenn wir uns nicht mehr darauf verlassen k\u00f6nnen, dass irgendwie jeder in einer arbeitsteiligen Welt seinen Job macht, m\u00fcssen wir anfangen, f\u00fcr alles alternativ vorzuplanen. Die Bahn k\u00f6nnte nicht kommen. Der B\u00e4cker hat vielleicht Lust, mal auszuschlafen. Haben die Kollegen in der anderen Abteilung die Vorarbeit getan, die ich brauche, um ein Projekt zu Ende zu f\u00fchren? Wir kennen den Satz: \u201cWenn jeder an sich denkt, ist an alle gedacht\u201d. Manche lesen den Satz ironisch als Freifahrtsschein f\u00fcr Egoismus. Aber drehen wir es doch mal um: Wenn die einen f\u00fcr die anderen mitdenken sollen, geht oft schneller etwas schief: Kommunikation \u00fcber mehrere Ecken ist wie stille Post. \u201cAber ich dachte, du meinst\u201d\u2026\u201dich ging davon aus, dass\u201d\u2026\u201dwie konntest du nur glauben, ich wollte\u2026\u201d Eigene Ideen, vermischt mit Fremdw\u00fcnschen, gepaart mit unbestimmten Begriffen und unvollst\u00e4ndigen Informationen: der ideale N\u00e4hrboden f\u00fcr Chaos. Was anfangs helfen sollte, n\u00e4mlich Arbeitsteilung, wird zum Gewirr der Verantwortlichkeiten.<br \/>\nEs gibt die Spielart dieses Satzes in der \u00d6konomie, frei nach Adam Smith: Wenn jeder sein eigenes Wohl verfolgt, ist dem Gemeinwohl am besten gedient. Nat\u00fcrlich setzt das voraus, dass das Einzelwohl nicht parasit\u00e4r zu Lasten des Wohls des anderen ausge\u00fcbt wird, sondern in sich selbst legitim ist. Funktioniert diese Basis der real existierenden Arbeitsteilung \u00fcberhaupt noch? Oder n\u00e4hern wir uns dem Ende der \u00c4ra einer funktionalen Gesellschaft?<br \/>\n\u2022 \u201cNichts funktioniert mehr.\u201d<br \/>\n\u2022 Niemand macht noch seinen Job.\u201d<br \/>\n\u2022 \u201cWer arbeitet, ist dumm\u201d<br \/>\n\u2022 usw.<br \/>\nDiese S\u00e4tze h\u00f6ren wir gerade vermehrt.<\/p>\n<p>Heldensehnsucht als Falle<br \/>\nMacht also noch jeder seinen Job? Oder gehen wir von selbstbetr\u00fcgerischen Grundlagen aus? Funktioniert die arbeitsteilig-funktionale Gesellschaft vielleicht nur, wenn wir den Selbstbetrug in die Mitte stellen? In der Politik und der \u00f6ffentlichen Sph\u00e4re der Medien wird ja nicht das Modell Adam Smiths unterstellt, sondern gerne mit dem Menschenbild des barmherzigen Samariters hantiert. Sobald es weg von der Ebene der individuellen Sph\u00e4re hin zum \u201cgro\u00dfen Ganzen\u201d geht, gehen wir wie selbstverst\u00e4ndlich davon aus, dass auch hier die Arbeitsteilung funktioniert: Denn die Aufgabe und der \u201cZust\u00e4ndigkeitsbereich\u201d des Politikers ist eben das Gemeinwohl, nicht sein Eigeninteresse. Damit verlangt das Funktionieren der Politik den (Aber)glauben der Vielen an die moralische Besonderheit des Einzelnen.<br \/>\n.<br \/>\nDer Politiker, der erfolgreich sein will, muss andere daran glauben lassen, dass es ihm eben nicht um Eigeninteressen geht. Also anders als dem B\u00e4cker, dem Metzger, dem Arzt oder Kaufmann, Lehrer oder Polizisten, der ihn w\u00e4hlen soll. Der Politiker ist nach unserem Modell also philosophisch ein \u00dcbermensch, statistisch eine Ausnahme, moralisch ein Exempel und dramaturgisch ein Held. Wer das glaubt, wird selig. Und bleibt es f\u00fcr immer, denn selbst wenn das Vertrauen entt\u00e4uscht wird (und das passiert sp\u00e4testens alle vier Jahre und gerade permanent), darf eines nie und nimmer untergehen: Unser fester Glaube an den Selbstbetrug.<br \/>\nUnsere Mediendemokratie beruht also auf der fixen Ideen einer masochistischen Selbstt\u00e4uschung, die nie enden darf. Denn die Demokratie ist doch von allen schlechten Modellen immer noch das beste, meinte mal Churchill. Der mochte bekanntlich den Brandy und schoss auf demonstrierende Frauenrechtlerinnen oder Verb\u00fcndete. Also glauben wir ihm mal. Oder?<br \/>\nMit der Vertrauensentt\u00e4uschung beginnt nicht das Chaos, sondern erst die eigentliche Arbeit. Wo Vertrauen entt\u00e4uscht wird, beginnt das Neue. Entt\u00e4uschung erzwingt Selbsterm\u00e4chtigung. Denn dann wandert Verantwortung von anderen zur\u00fcck zu einem selbst. Im Gespr\u00e4ch mit Patrick Reiser, den ich seit Jahren kenne und sch\u00e4tze, haben wir die aktuelle Vertrauenskrise in den Medien beleuchtet. Auch hier gilt: Wer anderen alles glaubt, ist am Ende selbst schuld. Das gilt f\u00fcr den Mainstream \u2013 und nat\u00fcrlich auch f\u00fcr mich.<br \/>\n28.2.2024, Milosz Matuschek, <a href=\"https:\/\/freischwebende-intelligenz.org\">https:\/\/freischwebende-intelligenz.org<\/a><\/p>\n<p>&nbsp;<\/p>\n<p><strong>Vertrauenskrise: Politik, Medien, WEF<\/strong><br \/>\n<strong>Die Lobhudelei kommt stets vor dem Fall<\/strong><br \/>\nMacht und Medien haben ihr Schicksal zu eng aneinandergekettet. Die Vertrauenskrise ist hausgemacht. Ganz vorne mit dabei: die NZZ.<br \/>\n.<br \/>\nGerade werden die Gr\u00e4ben, welche die Vertrauenskrise seit Jahren in den Medien und der Politik hinterl\u00e4sst, besonders sichtbar. Es nimmt nicht Wunder: Immer mehr pl\u00f6tzlich und unerwartete Todesf\u00e4lle. Immer mehr Krankheitsausf\u00e4lle. Immer mehr Ungereimtheiten zu Impfstoffen. Immer mehr Kritik an Bill Gates, Anthony Fauci, Klaus Schwab und \u00e4hnlichen Figuren. Doch nirgends ist das prominent ein Thema. Den Medien glauben laut Umfragen w\u00e4hrenddessen rekordverd\u00e4chtig wenig Menschen noch irgendwas. Die Politik l\u00e4dt in Deutschland zu den bereits bekannten \u201cWir-hassen-jetzt-die-AfD\u201d-Festspielen. Wenn die letzte Hoffnung im Verbot der Opposition besteht und die Regierung zur Demonstration gegen das \u201cfalsche Volk\u201d bl\u00e4st, war die Demokratie \u00fcbrigens schon davor tot.<br \/>\nGerade fand das <a href=\"https:\/\/www.freiburg-schwarzwald.de\/blog\/global\/globalisierung\/wef\/\">WEF<\/a> in Davos statt, auch hier war die eigene Rufrettung das eigentliche Programm: \u201eRebuilding Trust\u201c \u2013 Vertrauen wieder aufbauen.<br \/>\nBleiben wir beim WEF, denn die mediale Bearbeitung spricht hier B\u00e4nde. F\u00fcr die Mainstream-Medien w\u00e4re das eigentlich eine goldene Br\u00fccke in Richtung der journalistischen Hauptaufgabe; der Moment, um inne zu halten und sich zu fragen: Wenn jemand in selbst zugegebenen Vertrauenskrisen steckt, woran k\u00f6nnte das wohl liegen? Doch was machte die Presse daraus? Nun ja, sie lieferte, p\u00fcnktlich und quasi wie bestellt. Was dabei herauskam ist beispielsweise das obige Video der NZZ, die sich vorgenommen hat, den \u201eGreat Reset\u201c, ein vom WEF und Klaus Schwab propagiertes Programm zum v\u00f6lligen Umbau der Welt, f\u00fcr welchen die \u201ePandemie\u201c &#8211; ganz unverhohlen &#8211; das \u201ewindow of opportunity,\u201c das mehr als genehme Zeitfenster sein sollte<br \/>\n&#8230;.<br \/>\nDas WEF und der \u00abGreat Reset\u00bb: Was passiert in Davos wirklich?<br \/>\nNZZ erkl\u00e4rt, 18.1.2024<br \/>\n<a href=\"https:\/\/www.youtube.com\/watch?v=Rn1ZyqKlDUw&amp;t=6s\">https:\/\/www.youtube.com\/watch?v=Rn1ZyqKlDUw&amp;t=6s<\/a> (7 min)<br \/>\n&#8230; Alles vom 27.1.2024 von Milosz Matuschek bitte lesen auf<br \/>\n<a href=\"https:\/\/www.freischwebende-intelligenz.org\/p\/die-lobhudelei-kommt-stets-vor-dem\">https:\/\/www.freischwebende-intelligenz.org\/p\/die-lobhudelei-kommt-stets-vor-dem<\/a><\/p>\n","protected":false},"excerpt":{"rendered":"<p>Home\u00a0&gt;Engagement &gt;Demokratie\u00a0&gt;Freiheit\u00a0&gt;Deutschland-Hoffnung &gt;Consent of the Governed &gt;Vertrauen &nbsp; Listenauswahl eines Beitrags (Artikel\/Datum, Seite\/Inhalt):\u00a0Klicken\u00a0oder scrollen Briefwahl statt Urnenwahl: nein!\u00a0(30.8.2026) Wahl 8-3-26 \u2013 KI \u2013 Kirchzarten\u00a0(7.2.2026) Freispruch f\u00fcr Michael Ballweg\u00a0(31.7.2025) Jugendgang terrorisiert Dorf: Einwohner gr\u00fcnden B\u00fcrgerwehr, weil es an Polizei fehlt\u00a0(9.7.2025) Politiker &hellip; <a href=\"https:\/\/www.freiburg-schwarzwald.de\/blog\/global\/deutschland\/consent-of-the-governed\/vertrauen\/\">Weiterlesen <span class=\"meta-nav\">&rarr;<\/span><\/a><\/p>\n","protected":false},"author":2,"featured_media":0,"parent":75296,"menu_order":0,"comment_status":"closed","ping_status":"closed","template":"","meta":{"footnotes":""},"class_list":["post-119994","page","type-page","status-publish","hentry"],"_links":{"self":[{"href":"https:\/\/www.freiburg-schwarzwald.de\/blog\/wp-json\/wp\/v2\/pages\/119994","targetHints":{"allow":["GET"]}}],"collection":[{"href":"https:\/\/www.freiburg-schwarzwald.de\/blog\/wp-json\/wp\/v2\/pages"}],"about":[{"href":"https:\/\/www.freiburg-schwarzwald.de\/blog\/wp-json\/wp\/v2\/types\/page"}],"author":[{"embeddable":true,"href":"https:\/\/www.freiburg-schwarzwald.de\/blog\/wp-json\/wp\/v2\/users\/2"}],"replies":[{"embeddable":true,"href":"https:\/\/www.freiburg-schwarzwald.de\/blog\/wp-json\/wp\/v2\/comments?post=119994"}],"version-history":[{"count":6,"href":"https:\/\/www.freiburg-schwarzwald.de\/blog\/wp-json\/wp\/v2\/pages\/119994\/revisions"}],"predecessor-version":[{"id":153277,"href":"https:\/\/www.freiburg-schwarzwald.de\/blog\/wp-json\/wp\/v2\/pages\/119994\/revisions\/153277"}],"up":[{"embeddable":true,"href":"https:\/\/www.freiburg-schwarzwald.de\/blog\/wp-json\/wp\/v2\/pages\/75296"}],"wp:attachment":[{"href":"https:\/\/www.freiburg-schwarzwald.de\/blog\/wp-json\/wp\/v2\/media?parent=119994"}],"curies":[{"name":"wp","href":"https:\/\/api.w.org\/{rel}","templated":true}]}}