{"id":119938,"date":"2024-01-26T12:17:32","date_gmt":"2024-01-26T11:17:32","guid":{"rendered":"https:\/\/www.freiburg-schwarzwald.de\/blog\/?page_id=119938"},"modified":"2026-07-01T21:01:09","modified_gmt":"2026-07-01T19:01:09","slug":"opposition-verbot","status":"publish","type":"page","link":"https:\/\/www.freiburg-schwarzwald.de\/blog\/engagement\/zukunft\/demokratie\/opposition\/opposition-verbot\/","title":{"rendered":"Opposition-Verbot"},"content":{"rendered":"<p><a href=\"https:\/\/www.freiburg-schwarzwald.de\/blog\">Home<\/a>\u00a0&gt;<a title=\"Engagement\" href=\"https:\/\/www.freiburg-schwarzwald.de\/blog\/engagement\/\">Engagement<\/a>\u00a0&gt;<a title=\"Zukunft\" href=\"https:\/\/www.freiburg-schwarzwald.de\/blog\/engagement\/zukunft\/\">Zukunft<\/a>\u00a0&gt;<a title=\"Demokratie\" href=\"https:\/\/www.freiburg-schwarzwald.de\/blog\/engagement\/zukunft\/demokratie\/\">Demokratie<\/a> &gt;<a href=\"https:\/\/www.freiburg-schwarzwald.de\/blog\/engagement\/zukunft\/demokratie\/opposition\/\">Opposition<\/a> &gt;Opposition-Verbot<\/p>\n<div id=\"attachment_119800\" style=\"width: 650px\" class=\"wp-caption alignnone\"><a href=\"https:\/\/www.freiburg-schwarzwald.de\/blog\/wp-content\/uploads\/2024\/01\/bauernproteste-schachspiel-pan240115.jpg\"><img loading=\"lazy\" decoding=\"async\" aria-describedby=\"caption-attachment-119800\" class=\"size-full wp-image-119800\" src=\"https:\/\/www.freiburg-schwarzwald.de\/blog\/wp-content\/uploads\/2024\/01\/bauernproteste-schachspiel-pan240115.jpg\" alt=\"\" width=\"640\" height=\"361\" srcset=\"https:\/\/www.freiburg-schwarzwald.de\/blog\/wp-content\/uploads\/2024\/01\/bauernproteste-schachspiel-pan240115.jpg 640w, https:\/\/www.freiburg-schwarzwald.de\/blog\/wp-content\/uploads\/2024\/01\/bauernproteste-schachspiel-pan240115-180x102.jpg 180w\" sizes=\"auto, (max-width: 640px) 100vw, 640px\" \/><\/a><p id=\"caption-attachment-119800\" class=\"wp-caption-text\">Bauernproteste 1\/2024 und Schachspiel: Am Ende f\u00e4llt der K\u00f6nig<\/p><\/div>\n<p>&nbsp;<\/p>\n<ul>\n<li><em>Listenauswahl eines Beitrags (Artikel\/Datum, Seite\/Inhalt):\u00a0<span style=\"text-decoration: underline;\">Klicken<\/span>\u00a0oder scrollen<\/em><\/li>\n<li><a href=\"https:\/\/www.freiburg-schwarzwald.de\/blog\/afd-parteitag-4-juli-erfurt-beten\/\">AfD-Parteitag 4.Juli Erfurt: Beten<\/a>\u00a0(1.7.2026)<\/li>\n<li><a href=\"https:\/\/www.freiburg-schwarzwald.de\/blog\/engagement\/zukunft\/demokratie\/bundespraesident\/\">Steinmeier-Rede 9.11.2025: \u201eNie hat ein Bundespr\u00e4sident sein Amt so missbraucht\u201c<\/a>\u00a0(10.11.2025)<\/li>\n<li><a href=\"https:\/\/www.freiburg-schwarzwald.de\/blog\/wissen-ueber-die-opposition\/\">Wissen \u00fcber die Opposition<\/a>\u00a0(11.9.2025)<\/li>\n<li>Shellenberger: Oppositions-Verbot in LU &#8211; Versto\u00df gegen Nato-Charta (29.8.2025)<\/li>\n<li><a href=\"https:\/\/www.freiburg-schwarzwald.de\/blog\/engagement\/zukunft\/demokratie\/wahlrecht\/kandidatur-verbot\/\">Auch in NRW: Gericht best\u00e4tigt Wahlausschluss von AfD-Politiker<\/a>\u00a0(25.8.2025)<\/li>\n<li><a href=\"https:\/\/www.freiburg-schwarzwald.de\/blog\/vereine\/partei\/afd\/afd-verbot\/\">SPD nach AfD-Verbot h\u00e4tte SPD-Gr\u00fcne-Linke-Mehrheit<\/a> (24.8.2025)<\/li>\n<li><a href=\"https:\/\/www.freiburg-schwarzwald.de\/blog\/business\/wettbewerb\/\">Wirtschaft wie Politik brauchen Wettbewerb<\/a>\u00a0(19.8.2025)<\/li>\n<li>Ein Oppositionsverbot f\u00fchrt in den Totalitarismus (27.7.2025)<\/li>\n<li><a href=\"https:\/\/www.freiburg-schwarzwald.de\/blog\/parteitag-als-demokratie-event\/\">Parteitag als Demokratie-Event<\/a>\u00a0(12.1.2025)<\/li>\n<li><a href=\"https:\/\/www.freiburg-schwarzwald.de\/blog\/kultur\/medien\/kritik\/\">Kritik und Majest\u00e4tsbeleidigung<\/a>\u00a0(7.1.2025)<\/li>\n<li><a href=\"https:\/\/www.freiburg-schwarzwald.de\/blog\/vereine\/partei\/afd\/afd-opposition\/\">Wir werden sie jagen: Zuerst Volmer, dann Gauland<\/a>\u00a0(14.5.2024)<\/li>\n<li><a href=\"https:\/\/www.freiburg-schwarzwald.de\/blog\/ki-video-oma-und-die-enkelin\/\">KI-Video: Oma und die Enkelin<\/a>\u00a0(9.4.2024)<\/li>\n<li><a href=\"https:\/\/www.freiburg-schwarzwald.de\/blog\/vereine\/partei\/\">Sind Parteien nur demokratisch, wenn sie gegen die AfD sind?<\/a>\u00a0(27.3.2024)<\/li>\n<li><a href=\"https:\/\/www.freiburg-schwarzwald.de\/blog\/gesinnungspolizei-im-rechtsstaat\/\">Gesinnungspolizei im Rechtsstaat?<\/a>\u00a0(23.3.2024)<\/li>\n<li>Der Verfassungsschutz und die AfD (27.2.2024)<\/li>\n<li>Opposition als Feind &#8211; \u201eKampf gegen Rechts\u201c (16.2.2024)<\/li>\n<li><a href=\"https:\/\/www.freiburg-schwarzwald.de\/blog\/engagement\/zukunft\/demokratie\/staat\/ueberwachungsstaat\/\">Auf dem Weg in den \u00dcberwachungsstaat<\/a>\u00a0(12.2.2024)<\/li>\n<li><a href=\"https:\/\/www.freiburg-schwarzwald.de\/blog\/vereine\/partei\/afd\/afd-opposition\/\">Terror gegen AfD-Abgeordnete Anna Nguyen<\/a>\u00a0(2.2.2024)<\/li>\n<li>Terror gegen AfD-Abgeordnete Abba Nguyen (2.2.2024)<\/li>\n<li><a href=\"https:\/\/www.freiburg-schwarzwald.de\/blog\/demokratie-braucht-opposition-2\/\">Demokratie braucht Opposition<\/a>\u00a0(26.1.2024)<\/li>\n<li>Konzertierter Angriff auf die Opposition: Die etablierten Parteien heizen den kalten B\u00fcrgerkrieg an (26.1.2024)<\/li>\n<li><\/li>\n<li><a href=\"https:\/\/www.freiburg-schwarzwald.de\/blog\/vereine\/partei\/afd\/afd-opposition\/\">AfD-Opposition<\/a><\/li>\n<li><a href=\"https:\/\/www.freiburg-schwarzwald.de\/blog\/vereine\/partei\/afd\/afd-verbot\/\">AfD-Verbot<\/a><\/li>\n<li><a href=\"https:\/\/www.freiburg-schwarzwald.de\/blog\/engagement\/zukunft\/demokratie\/verfassung\/fdgo\/\">FDGO<\/a><\/li>\n<li><a href=\"https:\/\/www.freiburg-schwarzwald.de\/blog\/engagement\/zukunft\/demokratie\/wahlrecht\/kandidatur-verbot\/\">Kandidatur-Verbot<\/a><\/li>\n<li><a href=\"https:\/\/www.freiburg-schwarzwald.de\/blog\/engagement\/zukunft\/demokratie\/staat\/ueberwachungsstaat\/\">\u00dcberwachungsstaat<\/a><\/li>\n<li><a href=\"https:\/\/www.freiburg-schwarzwald.de\/blog\/engagement\/zukunft\/demokratie\/freiheit\/abweichende-meinung\/verbot\/\">Verbot<\/a><\/li>\n<li><a href=\"https:\/\/www.freiburg-schwarzwald.de\/blog\/business\/wettbewerb\/\">Wettbewerb<\/a><\/li>\n<\/ul>\n<p>&nbsp;<\/p>\n<p><strong>Shellenberger: Oppositions-Verbot in LU &#8211; Versto\u00df gegen Nato-Charta<\/strong><br \/>\n\u201eAmerika gibt Billionen f\u00fcr die Nato aus, um Demokratien wie Deutschland zu sch\u00fctzen. Aber dort hat man gerade einen Oppositionskandidaten aus fadenscheinigen Gr\u00fcnden daran gehindert, f\u00fcr das Amt des B\u00fcrgermeisters zu kandidieren, darunter sein Lob f\u00fcr \u2018Der Herr der Ringe\u2019. Dies ist ein klarer Versto\u00df gegen die Nato-Charta. (&#8230;) Man mu\u00df nicht mit der Politik der AfD \u00fcbereinstimmen, um zu erkennen, da\u00df die Gr\u00fcnde, die das Innenministerium von Rheinland-Pfalz, das sich auf potentiell gewaltt\u00e4tige Extremisten konzentrieren soll, angef\u00fchrt hat, fadenscheinig oder h\u00f6chst subjektiv sind.\u201c<br \/>\nMichael D. Shellenberger, Journalist und Dozent f\u00fcr Politik, Zensur und Redefreiheit, auf X am 29. August 2025<\/p>\n<p>&nbsp;<\/p>\n<p><strong>Ein Oppositionsverbot f\u00fchrt in den Totalitarismus<\/strong><br \/>\nIm Ausland wird mit wachsendem Befremden in Deutschland wahrgenommen: Regierungsparteien, die das Verbot der gr\u00f6\u00dften Oppositionspartei betreiben, ohne nur einen einzigen stichhaltigen Beweis f\u00fcr deren Verfassungsfeindlichkeit vorlegen zu k\u00f6nnen, zeigen vor aller Welt, dass sie selbst die gr\u00f6\u00dfte Gefahr f\u00fcr Demokratie und Rechtsstaat sind.<br \/>\nDas Verbot von Oppositionsparteien ist das deutlichste Kennzeichen totalit\u00e4rer Zust\u00e4nde. In demokratischen Rechtsstaaten Kontinentaleuropas ist ein Parteiverbot zumeist nur vorstellbar, wenn es sich um den politischen Arm einer terroristischen Organisation handelt, wie dies 2003 bei der baskischen Partei Batasuna der Fall war. In den angels\u00e4chsischen Demokratien, allen voran in Gro\u00dfbritannien und den USA, ist ein Parteiverbot sogar v\u00f6llig undenkbar, da dort die Freiheit der Meinungs\u00e4u\u00dferung \u00fcber allem steht.<br \/>\n&#8230;<br \/>\nDas sowohl im internationalen als auch im historischen Vergleich bereits besch\u00e4mend schwache Gef\u00fchl der Deutschen, ihre Meinung frei \u00e4u\u00dfern zu d\u00fcrfen, wird durch die Aktivit\u00e4ten der jetzt aus dem Boden schie\u00dfenden \u201eMeldestellen\u201c nochmals einbrechen \u2013 ganz im Sinne der drei linken Parteien. Auf allen Ebenen des Staates, von den Parlamenten \u00fcber die staatlich kontrollierten Medien und die steuerfinanzierten NGOs bis in die Gerichtsbarkeit hinein, versucht heute eine linke Minderheit, der konservativen Mehrheit ihren Willen aufzuzwingen, und nennt das dann im sattsam bekannten DDR-Jargon \u201eunsere Demokratie\u201c.<br \/>\n&#8230;<br \/>\nUnd jetzt soll vor aller Augen auch noch das Bundesverfassungsgericht entsprechend besetzt werden, um ein AfD-Parteiverbot notfalls mittels verfassungsgerichtlicher Rechtsbeugung zu erzwingen.<br \/>\n&#8230;<br \/>\nUnd h\u00e4tte es noch eines letzten Beweises f\u00fcr die komplette T\u00e4ter-Opfer-Umkehr hinsichtlich der Gef\u00e4hrdung der Demokratie in Deutschland bedurft, so hat das ARD-Sommerinterview mit Alice Weidel am 20. Juli (sic!) diesen Beweis erbracht.<br \/>\n&#8230;<br \/>\nDas best\u00e4ndige politisch-mediale Einh\u00e4mmern von Schuldzuweisungen gegen die Opposition hat in beiden deutschen Diktaturen Menschen zu Unmenschen werden lassen und der Demokratie den Garaus bereitet. Dieses Modell schwebt Rotgr\u00fcn offenbar vor, da jegliche Opposition gegen erratisches Regierungshandeln als rechtsextremistisch verunglimpft und mit Parteiverbot bedroht werden soll.<br \/>\n&#8230; Alles vom 27.7.2025 von Lothar Krimmel bitte lesen auf<br \/>\n<a href=\"https:\/\/www.tichyseinblick.de\/gastbeitrag\/oppositionsverbot-totalitarismus\/\">https:\/\/www.tichyseinblick.de\/gastbeitrag\/oppositionsverbot-totalitarismus\/<\/a><br \/>\n.<br \/>\n<em>Dr. med. Lothar Krimmel, Facharzt f\u00fcr Allgemeinmedizin, war von 1992 bis 2000 Gesch\u00e4ftsf\u00fchrer der Kassen\u00e4rztlichen Bundesvereinigung<\/em><\/p>\n<p>&nbsp;<\/p>\n<p><strong>Der Verfassungsschutz und die AfD<\/strong><br \/>\nFragw\u00fcrdiges aus dem Bundestag. Die Bundestagsdrucksache 20\/10471: Antwort der Bundesregierung auf die Kleine Anfrage des Abgeordneten Stephan Protschka und der Fraktion AfD \u2013 Drucksache 20\/10323 \u2013Beobachtung der AfD durch das Bundesamt f\u00fcr Verfassungsschutz. <a href=\"https:\/\/dserver.bundestag.de\/btd\/20\/104\/2010471.pdf\">https:\/\/dserver.bundestag.de\/btd\/20\/104\/2010471.pdf<\/a><br \/>\nDie AfD hatte angefragt, ob das Bundesamt f\u00fcr Verfassungsschutz die AfD mit geheimdienstlichen Mitteln, Auswerten vertraulicher Telekommunikation, V-Leute, Observation einzelner Parteimitglieder u.\u00e4. \u00fcberwacht. Antwort der Bundesregierung:<br \/>\n&#8230;<br \/>\nMit anderen Worten: Ja.<br \/>\nEs hei\u00dft, dass die Bundesregierung die Frage nicht beantworten will, um ihre V-Leute zu sch\u00fctzen. Was die Frage aufwirft, ob \u201egesichert rechtsradikal\u201c nicht von der Bundesregierung und ihren V-Leuten selbst veranstaltet wird, um konkurrierende Parteien zu erledigen. Wie man damals die Piraten liquidiert hat, nachdem die mehr Stimmen als die Gr\u00fcnen bekamen, hatte ich schon beschrieben.<br \/>\nInteressanterweise ist die Ampel derzeit eine Minderheit und w\u00fcrden die Mehrheitsverh\u00e4ltnisse derzeit reichen, um eine Koalition aus CDU\/CSU\/AfD zu bilden, womit die AfD selbst Chef des Verfassungsschutzes werden k\u00f6nnte.<br \/>\n&#8230;. Alles vom 27.2.2024 bitte lesen auf<br \/>\n<a href=\"https:\/\/www.danisch.de\/blog\/2024\/02\/27\/der-verfassungsschutz-und-die-afd\/\">https:\/\/www.danisch.de\/blog\/2024\/02\/27\/der-verfassungsschutz-und-die-afd\/<\/a><\/p>\n<p>&nbsp;<\/p>\n<p><strong>Opposition als Feind &#8211; \u201eKampf gegen Rechts\u201c<\/strong><br \/>\nEin B\u00fcrger spendet vor einigen Tagen ein paar hundert Euro an die AfD. \u00dcber sein Konto bei seiner \u00f6rtlichen Bank. Kurz darauf erh\u00e4lt er ein Schreiben des Instituts, das eine nackte Drohung enth\u00e4lt: \u201eDer Zahlungsempf\u00e4nger hat eine rechtsextremistische Ausrichtung. Die Sparkasse Mittelfranken-S\u00fcd akzeptiert solche Zahlungen nicht. Stellen Sie bitte im eigenen Interesse solche Zahlungen ein.\u201c Konfrontiert von der JF rudert die Bank zur\u00fcck und erkl\u00e4rt das Ganze als Mi\u00dfverst\u00e4ndnis.<\/p>\n<p>Wirklich? Tats\u00e4chlich versucht seit Jahresbeginn die Bundesregierung, parteiisch unterst\u00fctzt vom Bundespr\u00e4sidenten, im Verbund mit Lobbyorganisationen, Medien und Verb\u00e4nden \u2013 der sogenannten \u201eZivilgesellschaft\u201c \u2013 eine totale Mobilisierung \u201egegen Rechts\u201c zu organisieren. Im Kern geht es um die v\u00f6llige gesellschaftliche Isolation und politische Kriminalisierung der derzeit zweitst\u00e4rksten demokratischen Partei in Deutschland, der AfD, und ihres Umfeldes.<\/p>\n<p>Es gibt einen Frontalangriff auf die Demokratie: Er kommt nicht von \u201erechts\u201c, sondern den Ampel-Parteien. Die Sparkasse handelte offensichtlich im Sinne eines vorauseilenden Gehorsams. Denn am Dienstag pr\u00e4sentierte Bundesinnenministerin Nancy Faeser (SPD) gemeinsam mit Verfassungsschutzchef Thomas Haldenwang und BKA-Chef Holger M\u00fcnch ihr brandneues \u201eMa\u00dfnahmenpaket gegen Rechtsextremismus\u201c, das nicht zuletzt auf die \u201eAustrocknung\u201c der Finanzquellen \u201erechtsextremistischer Netzwerke\u201c abzielt.<\/p>\n<p>Was haben sich B\u00fcrger unter diesen \u201eRechtsextremisten\u201c vorzustellen? Jenseits der engen Definition, an die sich sp\u00e4testens im Rahmen von Gerichtsverfahren Innenminister und Verfassungsschutz\u00e4mter halten m\u00fcssen, wird der Begriff im allt\u00e4glichen Gebrauch von Politik und Medien aufgeweicht und zur Unkenntlichkeit verw\u00e4ssert. Die Begriffe \u201eRechts\u201c, \u201eNeurechts\u201c, \u201eRechtsradikal\u201c und \u201eRechtsextrem\u201c verschwimmen absichtlich, so da\u00df auch CDU-Politiker brav auf Demonstrationen mitlaufen, die sich \u201egegen Rechts\u201c, also im Zweifel auch gegen sie selbst wenden. Diese Unsch\u00e4rfe \u201el\u00e4\u00dft sich nicht mit Gedankenlosigkeit erkl\u00e4ren\u201c, wie Peter Graf Kielmansegg in der NZZ treffend feststellte. Es gehe um die Zementierung eines \u201eLegitimit\u00e4tsmonopols\u201c der Linken, verbunden mit einer \u201eweit ausgreifenden Exklusionsstrategie\u201c.<\/p>\n<p>Es gibt also tats\u00e4chlich einen Frontalangriff auf die Demokratie: Nur kommt er nicht \u201evon rechts\u201c , sondern von den regierenden Parteien der Ampel, die in der Gunst des demokratischen Souver\u00e4ns ins Bodenlose sinken. Statt sich dem Unmut der B\u00fcrger argumentativ zu stellen und an der Ursache der W\u00e4hlerflucht, n\u00e4mlich einer verfehlten Migrations-, Sozial- und Wirtschaftspolitik, endlich Grundlegendes zu \u00e4ndern, weichen sie darauf aus, die Opposition wie in einem autorit\u00e4ren Staat auszuschalten. Sch\u00f6ne Demokraten, die Angst vor dem W\u00e4hler haben.<br \/>\n&#8230; Alles vom 16.2.2024 von Dieter Stein bitte lesen in der JF 8724, Seite 1<\/p>\n<p>&nbsp;<\/p>\n<p><strong>Konzertierter Angriff auf die Opposition: Die etablierten Parteien heizen den kalten B\u00fcrgerkrieg an<\/strong><br \/>\n<strong>Kein rechtes Leben im falschen<\/strong><br \/>\nvon Thorsten Hinz<\/p>\n<p>Die Kampagne, die seit Wochen \u00fcber unser Land hinwegrollt, l\u00e4\u00dft sich nicht in den Kategorien des demokratischen Wettbewerbs, des Meinungskampfes oder des zivilgesellschaftlichen Engagements erkl\u00e4ren. Es handelt sich um eine Art psychologische Kriegsf\u00fchrung, geplant, orchestriert und durchexerziert vom politisch-medialen Establishment mit dem Ziel, die einzige politische Opposition auszul\u00f6schen, die gegen den Harakiri-Kurs der Regierenden mehr ins Feld f\u00fchrt als Dissidenz-Simulation und l\u00e4ppische Detailkritik. Es handelt sich um einen Vernichtungskampf gegen die AfD im Vorfeld von Wahlen, die f\u00fcr die Etablierten zum Desaster zu werden drohen.<br \/>\nZu dem Zweck wird der \u201eKampf gegen Rechts\u201c forciert, der krankhafte Markenkern der Republik. Wo es keine Rechte geben darf, die der Linken die Waage h\u00e4lt, kann es auch keine Mitte geben. Das politische System wird zur schiefen Ebene, auf der die Verh\u00e4ltnisse ins Chaos abgleiten. Dieser Kampf wurzelt in einer Dogmatik, die die Historisierung des Nationalsozialismus untersagt, ihn zu einem absolut B\u00f6sen erkl\u00e4rt und \u2013 historisch falsch \u2013 exklusiv \u201erechts\u201c verortet. Dieser Kurzschlu\u00df stellt heute das handlungsleitende Glaubensbekenntnis der Bundesrepublik dar.<\/p>\n<p>SPD-Chef Lars Klingbeil k\u00fcndigt ein \u201eJahr des Kampfes\u201c gegen die AfD an und will \u201elaut werden\u201c. Die gr\u00fcne Fraktionschefin Katharina Dr\u00f6ge m\u00f6chte den Kampf \u201ein unserem pers\u00f6nlichen Umfeld, am Arbeitsplatz, beim Sport, beim Einkaufen\u201c f\u00fchren, womit das Privatleben von Andersdenkenden zum legitimen Kriegsschauplatz geraten w\u00fcrde. Die FDP-Frau Marie-Agnes Strack-Zimmermann spricht f\u00e4kalliberal vom \u201eHaufen Schei\u00dfe\u201c. Und mehr ist ja tats\u00e4chlich nicht \u00fcbriggeblieben von der Ank\u00fcndigung, die AfD durch Argumente und eine \u00fcberzeugende Politik zu minimieren.<\/p>\n<p>Das sind Anzeichen von Panik und Krise. Die Panik wurde akut w\u00e4hrend der Proteste der Bauern, eines bodenst\u00e4ndigen, hart arbeitenden, existenzbedrohten Berufsstandes, der zu einem Mittel griff, auf das Rot und Gr\u00fcn ein Monopol zu haben glaubten: Sie gingen lautstark auf die Stra\u00dfe und veranstalteten Blockaden.<\/p>\n<p>Erschrocken registrierte die Regierung, da\u00df breite Bev\u00f6lkerungsschichten sich mit ihnen solidarisierten und sie in Stellvertretung f\u00fcr die drangsalierten Leistungstr\u00e4ger der Mittelschicht sahen, denen Steuern und Abgaben in Rekordh\u00f6he abgepre\u00dft werden, die anschlie\u00dfend in gr\u00fcnen Luftschlo\u00df-Projekten und im globalen Nirgendwo versickern. Ausgerechnet die Politiker und Journalisten, die lauthals die \u201eTransformation\u201c der Gesellschaft propagieren, unterstellten ihnen, die eine Notbremsung verlangten, Umsturz-Gel\u00fcste und eine \u201erechte\u201c Unterwanderung. Das war der durchschaubare Fluchtversuch aus der objektiven Unm\u00f6glichkeit, eine ideologiegesteuerte Politik vernunftbasiert und koh\u00e4rent zu begr\u00fcnden. Wo immer die Regierenden die Inspiration f\u00fcr ihre Politik hernehmen \u2013 die Interessen des Landes und seiner B\u00fcrger sind es jedenfalls nicht.<\/p>\n<p>In einem DDR-Witz lautete die Antwort auf die Frage nach den f\u00fcnf schlimmsten Feinden des Sozialismus: Fr\u00fchling, Sommer, Herbst und Winter sowie der Klassenfeind im Westen. Die Jahreszeiten standen metaphorisch f\u00fcr die Realit\u00e4t, die sich partout nicht in das Sozialismus-Raster pressen lie\u00df. Alle entsprechenden Versuche f\u00fchrten zu Pleiten, Pech und Pannen, die zwecks Selbstentlastung dem Klassenfeind angelastet wurden. \u00c4hnlich verh\u00e4lt es sich heute: Nicht die katastrophale Ampel-Politik fordert Kritik und Widerstand heraus, sondern dahinter steckt ein externes, grundb\u00f6ses Prinzip, das exorzistisch bek\u00e4mpft geh\u00f6rt.<\/p>\n<p>Die versuchte Teufelsaustreibung hat mit der verf\u00e4lschenden Berichterstattung \u00fcber eine mittels Geheimdienstmethoden ausgesp\u00e4hte Zusammenkunft eine neue Qualit\u00e4t erreicht. Es war zu erwarten gewesen und ist dennoch verbl\u00fcffend, wie s\u00e4mtliche gro\u00dfe Medien quasi auf Knopfdruck ein hysterisches Chorgeheule anstimmten und sich anstandslos als Waffe im Psychokrieg bet\u00e4tigten. Sie haben das Feld bereitet f\u00fcr die Massenmobilisierung gegen die Opposition \u2013 und zugunsten einer \u00fcberforderten Regierung. Die Mobilisierung ist total, sie umfa\u00dft Sport- und Industrieverb\u00e4nde, Gewerkschaften, Kirchen, Kultureinrichtungen und sogar Kliniken. Soviel machtaffine Geschlossenheit kennt man sonst nur aus Diktaturen.<br \/>\nDer schleswig-holsteinische Ministerpr\u00e4sident Daniel G\u00fcnther (CDU) \u00e4u\u00dferte zur AfD, \u201ewir d\u00fcrfen nicht tolerieren, da\u00df Menschen aus Protest eine solche Partei w\u00e4hlen\u201c. Der gelernte Politologe, der sein gesamtes Berufsleben im Politikbetrieb verbracht hat, kann sich Wahlen augenscheinlich nur noch als Akklamationsritual f\u00fcr das etablierte Parteienkartell vorstellen.<\/p>\n<p>Offenbar befinden wir uns in einem kalten B\u00fcrgerkrieg von oben, der f\u00fcr seine Akteure bislang durchaus erfolgreich verl\u00e4uft. Ein \u201eletztes Aufgebot\u201c, wie von Kritikern gern behauptet, waren die Gro\u00dfkundgebungen vom Wochenende lediglich in dem Sinne, da\u00df das Establishment sich nur noch durch den Appell an die Masseninstinkte zu helfen wei\u00df. Die Hunderttausenden jedoch, die sich versammelten, lassen sich nicht auf Berufsdemonstranten, sektiererische Fanatiker und Nonsens-Beauftragte reduzieren, die im polit-b\u00fcrokratischen \u00dcberbau ein warmes Pl\u00e4tzchen gefunden haben.<\/p>\n<p>Die Masse bildeten Leute, die zwar weltanschaulich indoktriniert sind und trotzdem die realen Probleme \u2013 Insolvenzen, Inflation, Energieteuerung, Migration, islamistische Terrorgefahr usw. \u2013 wahrnehmen, sie am eigenen Leibe versp\u00fcren und die sich im klaren dar\u00fcber sind, da\u00df kein einziges Regierungsmitglied der Situation gewachsen ist. Sie f\u00fchlen sich unter dem Problemdruck ohnm\u00e4chtig, als Individuum entwertet und zunehmend auch panisch. Der \u201eKampf gegen Rechts\u201c bietet ihnen einen bequemen Ausweg. Er verweist auf einen d\u00e4monisierten, gleichzeitig v\u00f6llig risikolosen Gegner. Er erspart den f\u00e4lligen Konflikt mit den Machthabern und die Auseinandersetzung mit den eigenen falschen \u00dcberzeugungen. In der zusammengeballten Masse der Demonstranten entstehen W\u00e4rme und schlie\u00dflich ein W\u00e4rmestrom, der die Teilnehmer durchpulst und gemeinsam der Panik enthebt.<br \/>\nDiese Hochstimmung wird von den Medien zur plebiszit\u00e4ren Forderung gehebelt, die AfD zu verbieten, mindestens aber sch\u00e4rfere Ma\u00dfnahmen gegen sie zu ergreifen. Indirekt wird die Drohung in den Raum gestellt, da\u00df Wahlerfolge der AfD mit Massenmobilisierungen noch ganz anderer Art beantwortet werden k\u00f6nnten. 2024 wird ein ungem\u00fctliches Jahr.<\/p>\n<p>&#8230; Alles vom 26.1.2024 von Thorsten Hinz bitte lesen in der JF 5\/24, Seite 1<br \/>\n<a href=\"https:\/\/www.junge-freiheit.de\">https:\/\/www.junge-freiheit.de<\/a><\/p>\n<p>d<\/p>\n","protected":false},"excerpt":{"rendered":"<p>Home\u00a0&gt;Engagement\u00a0&gt;Zukunft\u00a0&gt;Demokratie &gt;Opposition &gt;Opposition-Verbot &nbsp; Listenauswahl eines Beitrags (Artikel\/Datum, Seite\/Inhalt):\u00a0Klicken\u00a0oder scrollen AfD-Parteitag 4.Juli Erfurt: Beten\u00a0(1.7.2026) Steinmeier-Rede 9.11.2025: \u201eNie hat ein Bundespr\u00e4sident sein Amt so missbraucht\u201c\u00a0(10.11.2025) Wissen \u00fcber die Opposition\u00a0(11.9.2025) Shellenberger: Oppositions-Verbot in LU &#8211; Versto\u00df gegen Nato-Charta (29.8.2025) Auch in NRW: &hellip; <a href=\"https:\/\/www.freiburg-schwarzwald.de\/blog\/engagement\/zukunft\/demokratie\/opposition\/opposition-verbot\/\">Weiterlesen <span class=\"meta-nav\">&rarr;<\/span><\/a><\/p>\n","protected":false},"author":2,"featured_media":0,"parent":60239,"menu_order":0,"comment_status":"closed","ping_status":"closed","template":"","meta":{"footnotes":""},"class_list":["post-119938","page","type-page","status-publish","hentry"],"_links":{"self":[{"href":"https:\/\/www.freiburg-schwarzwald.de\/blog\/wp-json\/wp\/v2\/pages\/119938","targetHints":{"allow":["GET"]}}],"collection":[{"href":"https:\/\/www.freiburg-schwarzwald.de\/blog\/wp-json\/wp\/v2\/pages"}],"about":[{"href":"https:\/\/www.freiburg-schwarzwald.de\/blog\/wp-json\/wp\/v2\/types\/page"}],"author":[{"embeddable":true,"href":"https:\/\/www.freiburg-schwarzwald.de\/blog\/wp-json\/wp\/v2\/users\/2"}],"replies":[{"embeddable":true,"href":"https:\/\/www.freiburg-schwarzwald.de\/blog\/wp-json\/wp\/v2\/comments?post=119938"}],"version-history":[{"count":6,"href":"https:\/\/www.freiburg-schwarzwald.de\/blog\/wp-json\/wp\/v2\/pages\/119938\/revisions"}],"predecessor-version":[{"id":151000,"href":"https:\/\/www.freiburg-schwarzwald.de\/blog\/wp-json\/wp\/v2\/pages\/119938\/revisions\/151000"}],"up":[{"embeddable":true,"href":"https:\/\/www.freiburg-schwarzwald.de\/blog\/wp-json\/wp\/v2\/pages\/60239"}],"wp:attachment":[{"href":"https:\/\/www.freiburg-schwarzwald.de\/blog\/wp-json\/wp\/v2\/media?parent=119938"}],"curies":[{"name":"wp","href":"https:\/\/api.w.org\/{rel}","templated":true}]}}