{"id":119399,"date":"2024-01-13T22:13:39","date_gmt":"2024-01-13T21:13:39","guid":{"rendered":"https:\/\/www.freiburg-schwarzwald.de\/blog\/?page_id=119399"},"modified":"2024-01-14T14:17:33","modified_gmt":"2024-01-14T13:17:33","slug":"nahrungsmittel","status":"publish","type":"page","link":"https:\/\/www.freiburg-schwarzwald.de\/blog\/natur\/ernaehrung\/nahrungsmittel\/","title":{"rendered":"Nahrungsmittel"},"content":{"rendered":"<p>Home &gt;<a title=\"Natur\" href=\"https:\/\/www.freiburg-schwarzwald.de\/blog\/natur\/\">Natur<\/a>\u00a0&gt;<a title=\"Ernaehrung\" href=\"https:\/\/www.freiburg-schwarzwald.de\/blog\/natur\/ernaehrung\/\">Ernaehrung<\/a>\u00a0&gt;<a title=\"Getreide\" href=\"https:\/\/www.freiburg-schwarzwald.de\/blog\/natur\/ernaehrung\/getreide\/\">Getreide<\/a>\u00a0&gt;<a title=\"Finanzsystem\" href=\"https:\/\/www.freiburg-schwarzwald.de\/blog\/global\/finanzsystem\/\">Finanzsystem<\/a> &gt;<a href=\"https:\/\/www.freiburg-schwarzwald.de\/blog\/global\/globalisierung\/wef\/\">WEF<\/a> &gt;Nahrungsmittel<\/p>\n<div id=\"attachment_118103\" style=\"width: 649px\" class=\"wp-caption alignnone\"><a href=\"https:\/\/www.freiburg-schwarzwald.de\/blog\/wp-content\/uploads\/2023\/12\/kaki7hummelhof-pan231206.jpg\"><img loading=\"lazy\" decoding=\"async\" aria-describedby=\"caption-attachment-118103\" class=\"size-full wp-image-118103\" src=\"https:\/\/www.freiburg-schwarzwald.de\/blog\/wp-content\/uploads\/2023\/12\/kaki7hummelhof-pan231206.jpg\" alt=\"\" width=\"639\" height=\"414\" srcset=\"https:\/\/www.freiburg-schwarzwald.de\/blog\/wp-content\/uploads\/2023\/12\/kaki7hummelhof-pan231206.jpg 639w, https:\/\/www.freiburg-schwarzwald.de\/blog\/wp-content\/uploads\/2023\/12\/kaki7hummelhof-pan231206-180x117.jpg 180w\" sizes=\"auto, (max-width: 639px) 100vw, 639px\" \/><\/a><p id=\"caption-attachment-118103\" class=\"wp-caption-text\">Kaki-Fr\u00fcchte am Baum in Freiburg geerntet am 6.12.2023<\/p><\/div>\n<p>&nbsp;<\/p>\n<ul>\n<li><a href=\"https:\/\/www.freiburg-schwarzwald.de\/blog\/bauern-demo-auf-muensterplatz\/\">Bauern-Demo auf M\u00fcnsterplatz<\/a>\u00a0(12.1.2024)<\/li>\n<li>Das Nahrungsmittelmonopol &#8211; Agenda 2030 des WEF (9.1.2024)<\/li>\n<\/ul>\n<p>&nbsp;<\/p>\n<p><strong>Das Nahrungsmittelmonopol &#8211; Agenda 2030 des WEF<\/strong><br \/>\n<em>Die Bauernproteste sind aktuell in aller Munde. Aber wer kennt die genauen Hintergr\u00fcnde? Um diese zu verstehen, ist es notwendig, sich zun\u00e4chst mit der Agenda 2030, aber auch mit anderen Protesten von Landwirten weltweit zu befassen, und zwar, bevor wieder Proteste als \u201erechts\u201c diffamiert werden [1, 5, 41].<\/em><\/p>\n<p>Die <a href=\"https:\/\/www.freiburg-schwarzwald.de\/blog\/engagement\/zukunft\/agenda\/\">Agenda 2030<\/a> umfasst verschiedene Punkte, sie werden auch \u201esustainable development goals\u201c genannt \u2013 nachhaltige Entwicklungsziele. In dieser Agenda sind Umweltziele, aber auch Ziele wie Geschlechtergleichheit oder Gesundheit (Pandemiemanagement\u2026) enthalten. Der Fokus der Agenda erstreckt sich tats\u00e4chlich fast auf all unsere Lebensbereiche [2], und die Umsetzung der Agenda wird massiv aus der Wirtschaft gef\u00f6rdert, aber auch von Stiftungen, unbekannten Geldgebern und sogenannten Philanthropen \u2013 was vielleicht auch nur ein anderes Wort f\u00fcr Oligarchen ist. Bevor Sie gleich an Russland denken \u2013 nein. Unter den 100 reichsten Menschen der Welt finden sich nur sieben Russen, alle auf den Pl\u00e4tzen 58 und h\u00f6her [3]. Finanzieller Einfluss wird tats\u00e4chlich eher von Superreichen ausge\u00fcbt, die aus anderen L\u00e4ndern stammen, und dieser Einfluss erstreckt sich auch auf den Agrarsektor, ebenso wie der Einfluss der Agenda 2030, welche die Kontrolle einzelner Staaten \u00fcber die Verf\u00fcgbarkeit von Nahrungsmitteln bedroht [46].<\/p>\n<p>Superreiche Globalisten kaufen seit Jahren weltweit Ackerland [34] und versuchen zeitgleich, \u00fcber ihren Einfluss auf die Politik die ganzen Regelungen f\u00fcr Landwirte so unerf\u00fcllbar und kostspielig wie m\u00f6glich zu gestalten, damit kleine und mittlere Betriebe pleite gehen. Die aktuelle Streichung der Steuererleichterung f\u00fcr Landwirte beim Dieselpreis ist ein weiterer Schritt in diese Richtung [20]. Wenn Agrarbetriebe in die Insolvenz gehen, kann billig Land gekauft werden. In der Ukraine, welche einer der gr\u00f6\u00dften Getreide-Exporteure der Welt ist [19], etwa hat es massiv Landgrabbing gegeben [21, 22], z. B. \u00fcber das Aktienkonsortium Vanguard [23], ebenso kann es nach der k\u00fcrzlichen Brandkatastrophe zu gro\u00dfen Landaufk\u00e4ufen auf Hawaii, wenn auch in diesem Fall eher in Bezug auf Baugrundst\u00fccke [61, 62, 63, 64, 65].<br \/>\nDie Aufk\u00e4ufe in der Ukraine hatten sich nach Pr\u00e4sident Zelenskys Landreform in 2020 noch einmal verst\u00e4rkt [28, 33], Monsanto und auch deutsche Unternehmen waren hier im gro\u00dfen Stil beteiligt [27]. Auch die Gefl\u00fcgelfleischproduktion in der Ukraine ist in der Hand internationaler Gro\u00dfinvestoren [44], und das Land muss aufgrund von Krediten einen erheblichen Einfluss der Weltbank auf den nationalen Agrarsektor dulden [45]. Die Ukraine k\u00f6nnte etwa auch als Anbaugebiet f\u00fcr Soja sehr interessant sein [29]. Katastrophen wie Kriege und Br\u00e4nde erleichtern es hier also den Aufk\u00e4ufern. Ziel ist im Falle des Ackerlandes eine Art Nahrungsmittelmonopol, welches (neben B\u00f6rsengewinnen aus Lebensmittelspekulationen) von einigen globalen Akteuren derzeit nicht nur \u00fcber die Kontrolle von Land, sondern auch \u00fcber die Kontrolle von Saatgut, D\u00fcngemitteln und Pestiziden angestrebt wird [7, 8, 9, 10, 11, 12, 13], mutma\u00dflich teilweise sogar \u00fcber terroristische Aktionen [57].<br \/>\nDie niederl\u00e4ndische Regierung will derzeit die \u201eb\u00f6sen umweltverschmutzenden\u201c landwirtschaftlichen Betriebe aufkaufen [24, 40], weswegen es dort zu massiven Protesten seitens der Landwirte gekommen war, und auch in Belgien protestierten die Bauern gegen f\u00fcr sie existenzgef\u00e4hrdende EU-Regelungen [25]. Generell gibt es weltweit Bestrebungen, Landwirte von ihrem Land zu vertreiben [34, 37], teils wird hierbei als Begr\u00fcndung \u201eKlimaschutz\u201c genannt [24, 35].<\/p>\n<p>Verschw\u00f6rungstheorie? Theorie vielleicht, aber eine, die mit massenweise Indizien untermauert werden kann. Die Bill and Melinda Gates Foundation (BMGF) beeinflusst \u00fcber Projekte die deutsche Agrarpolitik [4]. Bill Gates ist finanziell mit dem oben genannten Agrarkonzern Monsanto verkn\u00fcpft, in diesem Zusammenhang war es schon in Indien und Mexiko zur \u00dcbernahme von Ackerland gekommen [6]. Bill Gates ist zudem der gr\u00f6\u00dfte private Inhaber von Ackerland in den USA [14, 15, 16, 17, 18]. Laut einer Anfrage der Linken an den Bundestag hat die BMGF mittlerweile ein Volumen in Milliardenh\u00f6he im Agrarsektor [26]. Gerade auch die Agenda 2030 hat vermehrt die Landwirtschaft im Visier [30, 31], und die Treffen, in denen \u00fcber die Agenda beraten wird, sind voll von durch Bill Gates, George Soros oder andere Gro\u00dffinanziers wie Rockefeller oder Ford gef\u00f6rderten Akteuren [32, 40]. Monsanto hatte k\u00fcrzlich mit Bayer fusioniert und zudem andere Agrarkonzerne quasi flie\u00dfbandartig aufgekauft [38, 39]. Ob Gates da die 28 Millionen Hektar Wald wirklich \u201ef\u00fcr\u2019s Klima\u201c abgeholzt hat, oder doch eher f\u00fcr Ackerland, wird man eventuell daran sehen, wie er das Land in der Folge nutzt [42, 43]. Monopoltendenzen wurden Gates in \u00e4hnlichen Zusammenh\u00e4ngen jedenfalls bereits unterstellt [59], und auch Soros\u2019 politische Aktivit\u00e4ten sind kritisch zu sehen, hatte er doch massiv f\u00fcr ihn vorteilhafte Kandidaten im Rahmen nationaler Wahlen gef\u00f6rdert wie in einem riesigen Planspiel [60].<\/p>\n<p>Auf den regelm\u00e4\u00dfigen Treffen, auf denen \u00fcber den Stand der Umsetzung der Agenda 2030 referiert wird, finden sich Teilnehmer wie das World Food Forum oder die Weltgesundheitsorganisation WHO [47]. Das Word Food Forum arbeitet unter Anderem zusammen mit UN Women, und gro\u00dfe F\u00f6rderer von UN Women sind \u2013 mal wieder \u2013 <a href=\"https:\/\/www.freiburg-schwarzwald.de\/blog\/bill-gates-regiert-in-berlin-mit\/\">Bill Gates<\/a> und George Soros [48, 49]. Die NGOs, welche an der Agenda 2030 mitwirken, treffen sich regelm\u00e4\u00dfig in der NGO Major Group, aber man erf\u00e4hrt auf den Seiten der NGO Major Group leider nicht im Detail, welche NGOs in dieser Gruppe das Sagen haben [50]. Das German Institute for Development and Sustainability jedenfalls wirkt auch an der Agenda 2030 mit und wird zu einem sehr gro\u00dfen Teil aus Drittmittelgeldern finanziert. Wer genau diese Drittmittelgelder zur F\u00f6rderung bestimmter Projekte bereitstellt, wird im Jahresbericht des Institutes nicht n\u00e4her ausgef\u00fchrt [51, 52]. Das Institut hat in seiner Chefetage z. B. Mitglieder des German Council on Foreign Relations, und dieser wird gef\u00f6rdert durch Wirtschaftsgr\u00f6\u00dfen wie Springer, Oetker und \u2013 da ist er wieder \u2013 <a href=\"https:\/\/www.freiburg-schwarzwald.de\/blog\/global\/globalisierung\/soros\/\">George Soros<\/a> \u00fcber seine Open Society Foundation [53, 54]. Ein gro\u00dfer Teil der Agenda 2030 wir auch durch den Sustainable Development Fund finanziert, welcher im Rahmen seiner Projekte auch durch UN Women und die WHO Geld erh\u00e4lt. Beide Organisationen werden massiv durch Bill Gates gef\u00f6rdert [48, 55, 56], UN Women wie oben bereits erw\u00e4hnt auch durch Soros und den ebenfalls bereits genannten Rockefeller [48]. UN Women und WHO haben ihr Geld in verschiedenen L\u00e4nderprojekten des Sustainable Development Fund angelegt [56]. Die Agenda 2030 steht derzeit in den Medien in der Kritik [58].<\/p>\n<p>Sp\u00e4testens jetzt wird klar: Die Finanzierung international \u00fcbergeordneter Gro\u00dforganisationen sowie die Finanzierung von durch diese Organisationen umgesetzten Projekten (Agenda 2030, WHO pandemic treaty, \u2026) geschieht zum gro\u00dfen Teil aus privater Hand, und reiche Privatpersonen, Stiftungen und andere NGOs sind mit WHO, UN und so weiter in einer h\u00f6chst bedenklichen Art und Weise verwoben. Gleichzeitig ist unsere Bundesregierung Mitglied in <a href=\"https:\/\/www.freiburg-schwarzwald.de\/blog\/business\/gesund\/who\/\">WHO<\/a> und UN und dann entsprechend an z. B. UN-Resolutionen gebunden. Quasi eine Politik durch nicht gew\u00e4hlte Organisationen, Regieren durch die Hintert\u00fcr. Und unsere Bundesregierung ist auch dann an UN-Resolutionen gebunden, wenn diese die Landwirtschaft und damit unsere Lebensmittelversorgung betreffen, einen Sektor, wo nat\u00fcrlich t\u00e4glich massive Ums\u00e4tze stattfinden, denn fast jeder muss essen. Es sollte uns also allen ein Anliegen sein, die Landwirte in ihren Protesten zu unterst\u00fctzen.<br \/>\n&#8230; Alles vom 9.1.2024 von Dr. Johanna Weber bitte lesen auf<br \/>\n<a href=\"https:\/\/clubderklarenworte.de\/das-nahrungsmittelmonopol\">https:\/\/clubderklarenworte.de\/das-nahrungsmittelmonopol<\/a>\/<br \/>\n.<\/p>\n<p>Quellen<\/p>\n<p>[1] https:\/\/www.anti-spiegel.ru\/2024\/guter-protest-boeser-protest-klimakleber-versus-bauernprotest\/<\/p>\n<p>[2] https:\/\/sdgs.un.org\/goals<\/p>\n<p>[3] https:\/\/www.forbes.com\/billionaires\/<\/p>\n<p>[4] https:\/\/tkp.at\/2023\/08\/01\/deutschland-finanziert-gates-projekte-mit-38-milliarden-euro\/<\/p>\n<p>[5] https:\/\/www.gmx.net\/magazine\/politik\/bevoelkerung-verstaendnis-bauern-strassenkleber-39043192<\/p>\n<p>[6] https:\/\/www.seattletimes.com\/seattle-news\/gates-foundation-ties-with-monsanto-under-fire-from-activists\/?utm_source=substack&amp;utm_medium=email<\/p>\n<p>[7] https:\/\/rumble.com\/v2cew8c-bill-gatess-most-awkward-interview-ever.html<\/p>\n<p>[8] https:\/\/www.sevendaysvt.com\/BiteClub\/archives\/2019\/05\/03\/vandana-shiva-talks-poison-cartel-farmers-rights-and-ecofeminism<\/p>\n<p>[9] https:\/\/www.zdf.de\/nachrichten\/wirtschaft\/immobilien-wohnungen-bau-baubranche-insolvenz-100.html<\/p>\n<p>[10] https:\/\/newint.org\/features\/2023\/04\/03\/interview-vandana-shiva-india<\/p>\n<p>[11] https:\/\/www.theguardian.com\/global-development\/2023\/apr\/28\/fighting-giants-eco-activist-vandana-shiva-on-her-battle-against-gm-multinationals<\/p>\n<p>[12] https:\/\/www.seattletimes.com\/seattle-news\/gates-foundation-ties-with-monsanto-under-fire-from-activists\/?utm_source=substack&amp;utm_medium=email<\/p>\n<p>[13] https:\/\/www.foodwatch.org\/en\/restrict-food-speculation-feed-people-not-banks<\/p>\n<p>[14] https:\/\/www.agrarheute.com\/markt\/marktfruechte\/bill-gates-bleibt-groesster-eigentuemer-farmland-jeff-bezos-besitzt-mehr-land-614892<\/p>\n<p>[15] https:\/\/www.agrarheute.com\/management\/finanzen\/besitzt-meiste-land-usa-bill-gates-gehoert-dazu-589211<\/p>\n<p>[16] https:\/\/www.topagrar.com\/panorama\/news\/bill-gates-ist-groesster-landbesitzer-und-verpaechter-der-usa-12594053.html<\/p>\n<p>[17] https:\/\/www.theepochtimes.com\/us\/bill-gates-is-now-americas-biggest-owner-of-farmland-report-3658236?utm_medium=GoogleAds<\/p>\n<p>[18] https:\/\/www.theguardian.com\/commentisfree\/2021\/apr\/05\/bill-gates-climate-crisis-farmland<\/p>\n<p>[19] https:\/\/sciencefiles.org\/2023\/07\/25\/die-ukraine-ist-keine-kornkammer-die-luege-vom-getreide-fuer-die-armen-der-welt\/<\/p>\n<p>[20] https:\/\/www.fr.de\/wirtschaft\/an-landwirtschaft-bauernverband-kritisiert-ampel-entscheidung-kampfansage-zr-92729295.html<\/p>\n<p>[21] https:\/\/www.aktion-agrar.de\/fressen-und-gefressen-werden\/<\/p>\n<p>[22] https:\/\/www.oaklandinstitute.org\/land-grabbing-der-ukraine-westliche-konzerne-%C3%BCbernehmen-kontrolle-%C3%BCber-profitable-agrarbereiche<\/p>\n<p>[23] https:\/\/www.aljazeera.com\/podcasts\/2023\/4\/7\/ukraines-other-land-grab<\/p>\n<p>[24] https:\/\/www.lifesitenews.com\/opinion\/whats-really-driving-netherlands-plan-to-shut-down-3000-farms\/?utm_source=digest-freedom-2022-12-15&amp;utm_medium=email<\/p>\n<p>[25] https:\/\/www.lifesitenews.com\/opinion\/belgian-farmers-bring-brussels-to-a-standstill-in-massive-protest-against-eus-green-new-deal\/?utm_source=digest-freedom-2023-03-09&amp;utm_medium=email<\/p>\n<p>[26] https:\/\/dserver.bundestag.de\/btd\/20\/075\/2007512.pdf<\/p>\n<p>[27] https:\/\/dip.bundestag.de\/vorgang\/landgrabbing-in-der-ukraine\/64662<\/p>\n<p>[28] https:\/\/www.oaklandinstitute.org\/new-report-take-over-ukrainian-agricultural-land<\/p>\n<p>[29] https:\/\/www.opendemocracy.net\/en\/oureconomy\/the-soya-curse-is-ukraine-facing-the-same-fate-as-the-amazon\/<\/p>\n<p>[30] https:\/\/www.bmz.de\/de\/agenda-2030<\/p>\n<p>[31] https:\/\/sdgs.un.org\/2030agenda<\/p>\n<p>[32] https:\/\/sdgs.un.org\/tfm\/STIForum2023#side_events<\/p>\n<p>[33] https:\/\/www.rferl.org\/a\/ukraine-agriculture-farmland-economy-\/31336984.html<\/p>\n<p>[34] https:\/\/www.oaklandinstitute.org\/driving-dispossession<\/p>\n<p>[35] https:\/\/www.lifesitenews.com\/opinion\/from-shutting-down-farms-to-global-control-is-agriculture-as-we-know-it-coming-to-an-end\/?utm_source=digest-freedom-2023-12-05&amp;utm_medium=email<\/p>\n<p>[36] https:\/\/www.lifesitenews.com\/opinion\/no-farmers-no-freedom-why-globalists-want-to-control-the-worlds-food-supply\/?utm_source=digest-freedom-2023-10-16&amp;utm_medium=email<\/p>\n<p>[37] https:\/\/www.lifesitenews.com\/opinion\/no-farmers-no-freedom-why-globalists-want-to-control-the-worlds-food-supply\/?utm_source=digest-freedom-2023-10-16&amp;utm_medium=email<\/p>\n<p>[38] https:\/\/www.oxfam.de\/blog\/fusion-bayer-monsanto-big-player-digitalen-landwirtschaft<\/p>\n<p>[39] https:\/\/www.aktion-agrar.de\/fressen-und-gefressen-werden\/<\/p>\n<p>[40] https:\/\/tkp.at\/2023\/09\/22\/der-krieg-gegen-bauern-und-selbstaendige-landwirtschaft-in-der-eu-am-beispiel-holland-und-ukraine\/<\/p>\n<p>[41] https:\/\/tkp.at\/2024\/01\/09\/pressespiegel-zum-bauernaufstand\/<\/p>\n<p>[42] https:\/\/ground.news\/article\/bill-gates-pushes-plan-to-chop-down-70-million-acres-of-trees-to-fight-global-warming<\/p>\n<p>[43] https:\/\/slaynews.com\/news\/bill-gates-chop-down-70-million-acres-trees-fight-global-warming\/<\/p>\n<p>[44] https:\/\/www.farmlandgrab.org\/post\/view\/31835-la-recuperacion-agricola-de-ucrania-en-la-posguerra-volver-a-como-eran-las-cosas-antes-no-es-suficiente<\/p>\n<p>[45]<\/p>\n<p>https:\/\/www.theguardian.com\/global-development\/2015\/jul\/30\/ukraine-agribusiness-firms-quiet-land-grab-development-finance<\/p>\n<p>[46] https:\/\/www.lifesitenews.com\/opinion\/no-farmers-no-freedom-why-globalists-want-to-control-the-worlds-food-supply\/?utm_source=digest-freedom-2023-10-16&amp;utm_medium=email<\/p>\n<p>[47] https:\/\/sdgs.un.org\/tfm\/STIForum2023#side_events<\/p>\n<p>[48] https:\/\/www.unwomen.org\/en\/partnerships\/businesses-and-foundations\/major-partners<\/p>\n<p>[49] https:\/\/sdgs.un.org\/tfm\/STIForum2023#side_events<\/p>\n<p>[50] https:\/\/www.ngomg.org\/about-us<\/p>\n<p>[51] https:\/\/www.2030agenda.de\/de\/event\/2023-08\/praesentation-des-reports-halbzeitbilanz-der-agenda-2030<\/p>\n<p>[52] https:\/\/www.idos-research.de\/en\/about-us\/mission-statement\/<\/p>\n<p>[53] https:\/\/dgap.org\/de\/foerderer<\/p>\n<p>[54] https:\/\/www.idos-research.de\/en\/about-us\/board-of-trustees\/<\/p>\n<p>[55] https:\/\/www.lifesitenews.com\/opinion\/follow-the-money-these-groups-are-funded-by-bill-gatess-obsession-with-global-health\/?utm_source=digest-freedom-2022-09-26&amp;utm_medium=email<\/p>\n<p>[56] https:\/\/tkp.at\/2023\/05\/25\/zusammenhaenge-zwischen-who-gates-und-dem-global-preparedness-monitoring-board\/<\/p>\n<p>[56] https:\/\/www.sdgfund.org\/programmes<\/p>\n<p>[57] https:\/\/www.anti-spiegel.ru\/2023\/die-ukraine-sprengt-russische-ammoniak-pipeline\/<\/p>\n<p>[58] https:\/\/tkp.at\/2023\/09\/19\/elf-laender-wollen-un-erklaerungen-zu-gesundheit-und-nachhaltigen-entwicklungszielen-blockieren\/<\/p>\n<p>[59] https:\/\/www.lifesitenews.com\/blogs\/dr-robert-malone-monopolist-bill-gates-has-his-tentacles-everywhere\/?utm_source=digest-freedom-2022-09-28&amp;utm_medium=email<\/p>\n<p>[60] https:\/\/www.lifesitenews.com\/blogs\/irony-soros-affiliated-globalist-ngo-wants-to-save-democracy-by-influencing-elections\/?utm_source=digest-freedom-2022-10-12&amp;utm_medium=email<\/p>\n<p>[61] https:\/\/rumble.com\/v3b97t9-what-they-dont-want-you-to-know-about-the-maui-fires.html<\/p>\n<p>[62] https:\/\/rumble.com\/v38hf2n-holy-shthawaii-burns-but-are-the-conspiracies-true-stay-free-192.html<\/p>\n<p>[63] https:\/\/www.cbc.ca\/news\/world\/hawaii-property-lahaina-wildfires-1.6954189<\/p>\n<p>[64] https:\/\/eu.usatoday.com\/story\/news\/nation\/2023\/08\/15\/maui-land-for-sale-locals-fear-they-will-be-bought-out-after-fires\/70593050007\/<\/p>\n<p>[65] https:\/\/www.archpaper.com\/2023\/08\/vulture-agents-buy-up-real-estate-hawaii-pennies-dollar-wildfires-continue-sparking-outrage\/<\/p>\n<p>&nbsp;<\/p>\n","protected":false},"excerpt":{"rendered":"<p>Home &gt;Natur\u00a0&gt;Ernaehrung\u00a0&gt;Getreide\u00a0&gt;Finanzsystem &gt;WEF &gt;Nahrungsmittel &nbsp; Bauern-Demo auf M\u00fcnsterplatz\u00a0(12.1.2024) Das Nahrungsmittelmonopol &#8211; Agenda 2030 des WEF (9.1.2024) &nbsp; Das Nahrungsmittelmonopol &#8211; Agenda 2030 des WEF Die Bauernproteste sind aktuell in aller Munde. Aber wer kennt die genauen Hintergr\u00fcnde? Um diese zu &hellip; <a href=\"https:\/\/www.freiburg-schwarzwald.de\/blog\/natur\/ernaehrung\/nahrungsmittel\/\">Weiterlesen <span class=\"meta-nav\">&rarr;<\/span><\/a><\/p>\n","protected":false},"author":2,"featured_media":0,"parent":1847,"menu_order":0,"comment_status":"closed","ping_status":"closed","template":"","meta":{"footnotes":""},"class_list":["post-119399","page","type-page","status-publish","hentry"],"_links":{"self":[{"href":"https:\/\/www.freiburg-schwarzwald.de\/blog\/wp-json\/wp\/v2\/pages\/119399","targetHints":{"allow":["GET"]}}],"collection":[{"href":"https:\/\/www.freiburg-schwarzwald.de\/blog\/wp-json\/wp\/v2\/pages"}],"about":[{"href":"https:\/\/www.freiburg-schwarzwald.de\/blog\/wp-json\/wp\/v2\/types\/page"}],"author":[{"embeddable":true,"href":"https:\/\/www.freiburg-schwarzwald.de\/blog\/wp-json\/wp\/v2\/users\/2"}],"replies":[{"embeddable":true,"href":"https:\/\/www.freiburg-schwarzwald.de\/blog\/wp-json\/wp\/v2\/comments?post=119399"}],"version-history":[{"count":5,"href":"https:\/\/www.freiburg-schwarzwald.de\/blog\/wp-json\/wp\/v2\/pages\/119399\/revisions"}],"predecessor-version":[{"id":119422,"href":"https:\/\/www.freiburg-schwarzwald.de\/blog\/wp-json\/wp\/v2\/pages\/119399\/revisions\/119422"}],"up":[{"embeddable":true,"href":"https:\/\/www.freiburg-schwarzwald.de\/blog\/wp-json\/wp\/v2\/pages\/1847"}],"wp:attachment":[{"href":"https:\/\/www.freiburg-schwarzwald.de\/blog\/wp-json\/wp\/v2\/media?parent=119399"}],"curies":[{"name":"wp","href":"https:\/\/api.w.org\/{rel}","templated":true}]}}