{"id":118855,"date":"2023-12-31T14:02:54","date_gmt":"2023-12-31T13:02:54","guid":{"rendered":"https:\/\/www.freiburg-schwarzwald.de\/blog\/?page_id=118855"},"modified":"2026-07-25T10:39:29","modified_gmt":"2026-07-25T08:39:29","slug":"fehler","status":"publish","type":"page","link":"https:\/\/www.freiburg-schwarzwald.de\/blog\/engagement\/zukunft\/demokratie\/widerstand\/fehler\/","title":{"rendered":"Fehler"},"content":{"rendered":"<p><a href=\"https:\/\/www.freburg-schwarzwald.de\/blog\">Home<\/a>\u00a0&gt;<a title=\"Engagement\" href=\"https:\/\/www.freiburg-schwarzwald.de\/blog\/engagement\/\">Engagement<\/a>\u00a0&gt;<a title=\"Zukunft\" href=\"https:\/\/www.freiburg-schwarzwald.de\/blog\/engagement\/zukunft\/\">Zukunft<\/a>\u00a0&gt;<a title=\"Demokratie\" href=\"https:\/\/www.freiburg-schwarzwald.de\/blog\/engagement\/zukunft\/demokratie\/\">Demokratie<\/a> &gt;<a href=\"https:\/\/www.freiburg-schwarzwald.de\/blog\/engagement\/zukunft\/demokratie\/widerstand\/\">Widerstand<\/a> &gt;Fehler<\/p>\n<div id=\"attachment_117239\" style=\"width: 650px\" class=\"wp-caption alignnone\"><a href=\"https:\/\/www.freiburg-schwarzwald.de\/blog\/wp-content\/uploads\/2023\/11\/demo1-wir-gemeinsam-pan2311-1.jpg\"><img loading=\"lazy\" decoding=\"async\" aria-describedby=\"caption-attachment-117239\" class=\"size-full wp-image-117239\" src=\"https:\/\/www.freiburg-schwarzwald.de\/blog\/wp-content\/uploads\/2023\/11\/demo1-wir-gemeinsam-pan2311-1.jpg\" alt=\"\" width=\"640\" height=\"430\" srcset=\"https:\/\/www.freiburg-schwarzwald.de\/blog\/wp-content\/uploads\/2023\/11\/demo1-wir-gemeinsam-pan2311-1.jpg 640w, https:\/\/www.freiburg-schwarzwald.de\/blog\/wp-content\/uploads\/2023\/11\/demo1-wir-gemeinsam-pan2311-1-180x121.jpg 180w\" sizes=\"auto, (max-width: 640px) 100vw, 640px\" \/><\/a><p id=\"caption-attachment-117239\" class=\"wp-caption-text\">Gemeinsam unterwegs f\u00fcr Frieden, Freiheit und Demokratie auf der Demo in Freiburg am 11.11.2023<\/p><\/div>\n<p>&nbsp;<\/p>\n<ul>\n<li><em>Listenauswahl eines Beitrags: Bitte anklicken oder runterscrollen<\/em><\/li>\n<li>Der viermalige Irrtum ab 2015: Migration, Corona, Klima, Krieg (25.7.2026)<\/li>\n<li><a href=\"https:\/\/www.freiburg-schwarzwald.de\/blog\/fast-enthauptung-politikwende\/\">Fast-Enthauptung \u2013 Politikwende<\/a> (11.6.2026)<\/li>\n<li><a href=\"https:\/\/www.freiburg-schwarzwald.de\/blog\/linke-wollen-nicht-mehr-links-sein\/\">Linke wollen nicht mehr links sein<\/a>\u00a0(8.5.2026)<\/li>\n<li><a href=\"https:\/\/www.freiburg-schwarzwald.de\/blog\/kultur\/medien\/film\/\">Imad Karim: \u201ePl\u00f6tzlich Staatsfeind\u201c<\/a>\u00a0(25.11.2024)<\/li>\n<li><a href=\"https:\/\/www.freiburg-schwarzwald.de\/blog\/vereine\/ngo\/correctiv\/\">Correctiv gesteht Falschbehauptungen zum \u201eGeheimtreffen\u201c ein<\/a>\u00a0(21.6.2024)<\/li>\n<li><a href=\"https:\/\/www.freiburg-schwarzwald.de\/blog\/engagement\/zukunft\/demokratie\/chemnitz-messermord26-08-2018\/chemnitz2018-2023\/\">Chemnitz: Das Platzen der Merkelschen Hetzjagd-L\u00fcgen<\/a>\u00a0 (25.4.2024)<\/li>\n<li><a href=\"https:\/\/www.freiburg-schwarzwald.de\/blog\/rki-files-veroeffentlicht-akteur\/\">RKI-Files ver\u00f6ffentlicht &#8211; Akteur?<\/a> (25.3.2024)<\/li>\n<li><a href=\"https:\/\/www.freiburg-schwarzwald.de\/blog\/natur\/neujahr\/\">Neujahrsgr\u00fc\u00dfe: \u201ewieder alle Fragen stellen d\u00fcrfen\u201c<\/a>\u00a0(1.1.2024)<\/li>\n<li><a href=\"https:\/\/www.freiburg-schwarzwald.de\/blog\/business\/gesund\/corona-virus\/corona-verschwoerungstheorien\/\">13 Fragen zu den Corona-Verschw\u00f6rungstheorien<\/a>\u00a0(1.1.2024)<\/li>\n<li>Milosz Matuschek: Auf welche Welt steuern wir zu? (30.12.2023)<\/li>\n<li><\/li>\n<li><a href=\"https:\/\/www.freiburg-schwarzwald.de\/blog\/engagement\/zukunft\/demokratie\/freiheit\/abweichende-meinung\/\">Abweichende Meinung<\/a><\/li>\n<li><a href=\"https:\/\/www.freiburg-schwarzwald.de\/blog\/business\/gesund\/corona-virus\/corona-verschwoerungstheorien\/\">Corona-Verschw\u00f6rungstheorien<\/a><\/li>\n<li><a href=\"https:\/\/www.freiburg-schwarzwald.de\/blog\/kultur\/medien\/desinformation\/\">Desinformation<\/a><\/li>\n<li><a href=\"https:\/\/www.freiburg-schwarzwald.de\/blog\/engagement\/buergerinitiativen\/grundrechte-demo\/\">Grundrechte-Demo<\/a><\/li>\n<li><a href=\"https:\/\/www.freiburg-schwarzwald.de\/blog\/engagement\/zukunft\/demokratie\/opposition\/querdenken2023\/\">Querdenke3 2023<\/a><\/li>\n<li><a href=\"https:\/\/www.freiburg-schwarzwald.de\/blog\/engagement\/zukunft\/demokratie\/widerstand\/\">Widerstand<\/a><\/li>\n<li><a href=\"https:\/\/www.freiburg-schwarzwald.de\/blog\/engagement\/zivilcourage\/\">Zivilcourage<\/a><\/li>\n<\/ul>\n<p><strong>&#8222;Fehler eingestehen&#8220; &#8211; kaum etwas f\u00e4llt dem Menschen so schwer<br \/>\n<\/strong>Aber nur so ist Umkehr auf dem falschen Weg m\u00f6glich<br \/>\n<strong>.<br \/>\n\u201eKein Vormarsch ist so schwer wie der Weg zur\u00fcck zur Vernunft\u201c<br \/>\n<\/strong>(Berthold Brecht)<strong><br \/>\n.<br \/>\n&#8222;Fehler machen&#8220;<br \/>\n<\/strong>&#8211; um aus Fehlern lernen zu k\u00f6nnen<strong><br \/>\n<\/strong>&#8211; Basis f\u00fcr den Wissenschaftlichen Fortschritt als Prozess des Falsifizierens von Theorien<strong><br \/>\n===================================================<br \/>\n.<\/strong><\/p>\n<p>&nbsp;<\/p>\n<p><strong>Der viermalige Irrtum ab 2015: Migration, Corona, Klima, Krieg<\/strong><br \/>\n1) Ab 9\/2015 mit der Massenmigration sollten Facharbeiter ins Land kommen um der Wirtschaft und Demografie (Renten) willen.<br \/>\nIrrtum: 70% der Migranten sind derzeit auf staatliche F\u00fcrsorge angewiesen.<\/p>\n<p>2) Ab 2020 in der Coronazeit sollte mit Maske, Impfung, Drohung &#8222;sonst erleidet de\u00edne Oma den Erstickungstod&#8220;), Lockdown und Isolation eine Pandemie verhindert werden.<br \/>\nIrrtum: Anthony Fauci widerlegt sowie RKI-Protokolle 7\/2024 ver\u00f6ffentlicht<\/p>\n<p>3) Der menschengemachte Klimawandel soll per Klima-Urteil vom 24.3.2021 \u00fcber eine Verminderung des CO2-Ausstosses r\u00fcckg\u00e4ngig gemacht werden.<br \/>\nIrtum: IPCC als Weltklimarat revidiert am 7.4.2026 das Szenario der 5-Grad-Erw\u00e4rmung<\/p>\n<p>4) Nach der russischen Invasion 24.2.2022 soll die Demokratie in der Ukraine mit Waffengewalt (zuerst schwere Waffen, nun Drohnen) und Kriegsrhetorik &#8222;Russland ruinieren&#8220; verteidigt werden.<br \/>\nIrrtum: Allseitiger Zweck des Ukrainekriegs ist das Testen der den Krieg revolutionierenden Drphnentechnologie.<\/p>\n<p>Es gibt Menschen, die allen diesen vier Irrt\u00fcmern erlegen sind und sich in einer psychologisch schlimmen Lage befinden. Denn nichts f\u00e4llt dem Menschen so schwer, wie einen Irrtum bzw. Fehler im nachhinein einzugestehen &#8211; sich selbst und der Umwelt gegen\u00fcber.<br \/>\nAuch aus diesem Grunde ist die Wiederherstellung einer Diskussionskultur unumg\u00e4nglich, damit offen und frei miteinander gesprochen werden kann.<br \/>\n25.7.2026<\/p>\n<p>&nbsp;<\/p>\n<p><strong>Milosz Matuschek: Auf welche Welt steuern wir zu?<\/strong><br \/>\n\u00dcberall ist gerade eine gro\u00dfe Ver\u00e4nderung sp\u00fcrbar und zunehmend auch sichtbar. Der Boden, auf dem wir uns befinden, ist eine bewegliche Platte geworden. Das Gef\u00fchl der Ohnmacht und Fremdbestimmung macht sich breit. Es wirkt, als werden gerade St\u00fcck f\u00fcr St\u00fcck die echten Machtverh\u00e4ltnisse auf der Welt enth\u00fcllt und wir werden Zeugen davon, h\u00e4tten es aber gleichwohl schon l\u00e4ngst wissen k\u00f6nnen.<br \/>\n&#8230;<br \/>\nWie weckt man die Menschheit auf? Der Mensch ist passiv und gelangweilt, ein zunehmend roboterhaftes Wesen ohne Geschichte und Erinnerung. Die Welt verwandelt sich in eine orwellsche Dystopie und wir sind W\u00e4chter und Insassen unseres eigenen Gef\u00e4ngnisses. K\u00f6nnen wir aus diesem noch entfliehen? Oder ist dieses Gef\u00e4ngnis ohnehin \u00fcberall? Gerade die Pandemie hat gezeigt, wie leicht es letztlich ist, die Welt in ein <a href=\"https:\/\/www.freiburg-schwarzwald.de\/blog\/business\/gesund\/who\/\">Freiluftgef\u00e4ngnis<\/a> zu verwandeln.<br \/>\n<a href=\"https:\/\/www.freischwebende-intelligenz.org\/p\/die-welt-als-freiluftgefangnis\">https:\/\/www.freischwebende-intelligenz.org\/p\/die-welt-als-freiluftgefangnis<\/a><br \/>\n&#8230;<br \/>\nWodurch wacht der Mensch auf?<br \/>\nEs muss viel passieren, bis man den Status quo f\u00fcr eine andere, unbekannte Alternative tauscht. <em><strong>Nichts ist schwieriger, als die ganze Weltsicht zu ver\u00e4ndern<\/strong><\/em>, denn es bedeutet zwangsl\u00e4ufig den Untergang der \u201ealten\u201c, vorgestellten Welt. Das Unbekannte taucht als echte Option erst auf, wenn es im Hier und Jetzt akut gef\u00e4hrlich oder unertr\u00e4glich wird.<br \/>\n&#8230;<br \/>\nDoch wenn nun weder Fiktion noch Realit\u00e4t ein Aufwachen bewirken, was denn dann eigentlich? Die ehrliche Antwort lautet: Bei vielen (oder sogar den meisten) wird nichts zu einem Aufwachen f\u00fchren oder allenfalls zu einem sehr versp\u00e4teten Zeitpunkt. Wir sehen es an den Nebenwirkungen der Covid-19 Impfstoffe: Mehr Krankheiten, weniger Geburten, zahlreiche unerkl\u00e4rte, pl\u00f6tzliche Todesf\u00e4lle. Der Tod ist un\u00fcbersehbar f\u00fcr die, die hinsehen wollen. Aber es ist kein nachrichtenw\u00fcrdiges Ereignis, zumindest im Mainstream. Der Tod ist nicht \u201enewsworthy\u201c. Jedenfalls der \u201efalsche Tod\u201c.<br \/>\n&#8230; Alles vom 30.12.2023 von Milosz Matuschek bitte lesen auf<br \/>\n<a href=\"https:\/\/www.freischwebende-intelligenz.org\/p\/auf-welche-welt-steuern-wir-zu\">https:\/\/www.freischwebende-intelligenz.org\/p\/auf-welche-welt-steuern-wir-zu<\/a><\/p>\n","protected":false},"excerpt":{"rendered":"<p>Home\u00a0&gt;Engagement\u00a0&gt;Zukunft\u00a0&gt;Demokratie &gt;Widerstand &gt;Fehler &nbsp; Listenauswahl eines Beitrags: Bitte anklicken oder runterscrollen Der viermalige Irrtum ab 2015: Migration, Corona, Klima, Krieg (25.7.2026) Fast-Enthauptung \u2013 Politikwende (11.6.2026) Linke wollen nicht mehr links sein\u00a0(8.5.2026) Imad Karim: \u201ePl\u00f6tzlich Staatsfeind\u201c\u00a0(25.11.2024) Correctiv gesteht Falschbehauptungen zum \u201eGeheimtreffen\u201c &hellip; <a href=\"https:\/\/www.freiburg-schwarzwald.de\/blog\/engagement\/zukunft\/demokratie\/widerstand\/fehler\/\">Weiterlesen <span class=\"meta-nav\">&rarr;<\/span><\/a><\/p>\n","protected":false},"author":2,"featured_media":0,"parent":63793,"menu_order":0,"comment_status":"closed","ping_status":"closed","template":"","meta":{"footnotes":""},"class_list":["post-118855","page","type-page","status-publish","hentry"],"_links":{"self":[{"href":"https:\/\/www.freiburg-schwarzwald.de\/blog\/wp-json\/wp\/v2\/pages\/118855","targetHints":{"allow":["GET"]}}],"collection":[{"href":"https:\/\/www.freiburg-schwarzwald.de\/blog\/wp-json\/wp\/v2\/pages"}],"about":[{"href":"https:\/\/www.freiburg-schwarzwald.de\/blog\/wp-json\/wp\/v2\/types\/page"}],"author":[{"embeddable":true,"href":"https:\/\/www.freiburg-schwarzwald.de\/blog\/wp-json\/wp\/v2\/users\/2"}],"replies":[{"embeddable":true,"href":"https:\/\/www.freiburg-schwarzwald.de\/blog\/wp-json\/wp\/v2\/comments?post=118855"}],"version-history":[{"count":5,"href":"https:\/\/www.freiburg-schwarzwald.de\/blog\/wp-json\/wp\/v2\/pages\/118855\/revisions"}],"predecessor-version":[{"id":151853,"href":"https:\/\/www.freiburg-schwarzwald.de\/blog\/wp-json\/wp\/v2\/pages\/118855\/revisions\/151853"}],"up":[{"embeddable":true,"href":"https:\/\/www.freiburg-schwarzwald.de\/blog\/wp-json\/wp\/v2\/pages\/63793"}],"wp:attachment":[{"href":"https:\/\/www.freiburg-schwarzwald.de\/blog\/wp-json\/wp\/v2\/media?parent=118855"}],"curies":[{"name":"wp","href":"https:\/\/api.w.org\/{rel}","templated":true}]}}