{"id":118306,"date":"2023-12-14T11:47:02","date_gmt":"2023-12-14T10:47:02","guid":{"rendered":"https:\/\/www.freiburg-schwarzwald.de\/blog\/?page_id=118306"},"modified":"2026-04-17T11:15:24","modified_gmt":"2026-04-17T09:15:24","slug":"masseneinwanderung","status":"publish","type":"page","link":"https:\/\/www.freiburg-schwarzwald.de\/blog\/global\/migration\/masseneinwanderung\/","title":{"rendered":"Masseneinwanderung"},"content":{"rendered":"<p><a href=\"https:\/\/www.freiburg-schwarzwald.de\/blog\">Home<\/a>\u00a0&gt;<a title=\"Global\" href=\"https:\/\/www.freiburg-schwarzwald.de\/blog\/global\/\">Global<\/a> &gt;<a title=\"Integration\" href=\"https:\/\/www.freiburg-schwarzwald.de\/blog\/global\/integration\/\">Integration<\/a>\u00a0&gt;<a title=\"Migration\" href=\"https:\/\/www.freiburg-schwarzwald.de\/blog\/global\/migration\/\">Migration<\/a> &gt;<a href=\"https:\/\/www.freiburg-schwarzwald.de\/blog\/global\/integration\/immigration\/\">Immigration<\/a> &gt;Masseneinwanderung<\/p>\n<div id=\"attachment_116453\" style=\"width: 650px\" class=\"wp-caption alignnone\"><a href=\"https:\/\/www.freiburg-schwarzwald.de\/blog\/wp-content\/uploads\/2023\/10\/brandenburgertor-islam-pan231021.jpg\"><img loading=\"lazy\" decoding=\"async\" aria-describedby=\"caption-attachment-116453\" class=\"size-full wp-image-116453\" src=\"https:\/\/www.freiburg-schwarzwald.de\/blog\/wp-content\/uploads\/2023\/10\/brandenburgertor-islam-pan231021.jpg\" alt=\"\" width=\"640\" height=\"359\" srcset=\"https:\/\/www.freiburg-schwarzwald.de\/blog\/wp-content\/uploads\/2023\/10\/brandenburgertor-islam-pan231021.jpg 640w, https:\/\/www.freiburg-schwarzwald.de\/blog\/wp-content\/uploads\/2023\/10\/brandenburgertor-islam-pan231021-180x101.jpg 180w\" sizes=\"auto, (max-width: 640px) 100vw, 640px\" \/><\/a><p id=\"caption-attachment-116453\" class=\"wp-caption-text\">Betende Muslime am Brandenburger Tor in Berlin am 21.10.2023<\/p><\/div>\n<p>&nbsp;<\/p>\n<ul>\n<li><em>Listenauswahl eines Beitrags: Bitte <span style=\"text-decoration: underline;\">anklicken<\/span> oder runterscrollen<\/em><\/li>\n<li><a href=\"https:\/\/www.freiburg-schwarzwald.de\/blog\/global\/deutschland\/deutschland-islam\/\">Warum die Islamisierung eine extreme Gefahr f\u00fcr Deutschland ist<\/a>\u00a0(15.4.2026)<\/li>\n<li><a href=\"https:\/\/www.freiburg-schwarzwald.de\/blog\/migration-symptom-oder-ursache-der-gewalt\/\">Migration: Symptom oder Ursache der Gewalt?<\/a> (8.2.2026)<\/li>\n<li><a href=\"https:\/\/www.freiburg-schwarzwald.de\/blog\/global\/migration\/arbeitsmigration\/\">Migration: Fachkr\u00e4fte vergraulen, Schmarotzer hofieren<\/a>\u00a0(2.2.2026)<\/li>\n<li><a href=\"https:\/\/www.freiburg-schwarzwald.de\/blog\/global\/eu\/migrationspakt\/\">Entwurzelung der Migranten sowie Destabilisierung der Aufnahmel\u00e4nder<\/a>\u00a0(24.1.2026)<\/li>\n<li><a href=\"https:\/\/www.freiburg-schwarzwald.de\/blog\/global\/deutschland\/sieferle\/\">Sieferle &#8222;Epochenwechsel&#8220;: Universalismus (Migration) vs Partikularismus (Nationen)<\/a> (7.1.2026)<\/li>\n<li><a href=\"https:\/\/www.freiburg-schwarzwald.de\/blog\/silvesternacht-2026-friedlich\/\">Silvesternacht 2026 \u201efriedlich\u201c?<\/a>\u00a0(2.1.2026)<\/li>\n<li>Die rechtsfreie Masseneinwanderung \u2013 Krieg der Herrschenden gegen das eigene Volk (19.11.2025)<\/li>\n<li><a href=\"https:\/\/www.freiburg-schwarzwald.de\/blog\/global\/integration\/asyl\/asylrecht\/\">Dr. Rupert Scholz: Asyl-Aufnahme widerspricht dem Grundgesetz<\/a>\u00a0(16.11.2025)<\/li>\n<li><a href=\"https:\/\/www.freiburg-schwarzwald.de\/blog\/global\/deutschland\/merkel-deutschland\/\">2015: In zehn Jahren wird man Kanzlerin Merkel dankbar sein<\/a>\u00a0(27.10.2025)<\/li>\n<li><a href=\"https:\/\/www.freiburg-schwarzwald.de\/blog\/houellebecq-2015-unterwerfung\/\">Houellebecq 2015 Unterwerfung<\/a>\u00a0(14.8.2025)<\/li>\n<li>Europaweit Demonstrationen gegen Massenmigration (24.5.2025)<\/li>\n<li><a href=\"https:\/\/www.freiburg-schwarzwald.de\/blog\/massenmigration-statt-ki-in-d\/\">Massenmigration statt KI \u2013 in D<\/a>\u00a0(2.1.2025)<\/li>\n<li><a href=\"https:\/\/www.freiburg-schwarzwald.de\/blog\/trauer-integration-magdeburg\/\">Trauer Integration: Magdeburg<\/a>\u00a0(29.12.2024)<\/li>\n<li>Hamer: Asylpolitik: Aus Humanit\u00e4t entstand Sozialkriminalit\u00e4t (23.11.2024)<\/li>\n<li><a href=\"https:\/\/www.freiburg-schwarzwald.de\/blog\/eu-demokratie-christentum\/\">EU \u2013 Demokratie \u2013 Christentum<\/a>\u00a0(21.11.2024)<\/li>\n<li><a href=\"https:\/\/www.freiburg-schwarzwald.de\/blog\/global\/integration\/asyl\/asylrecht\/\">Hamer: Asylrecht mu\u00df wieder Ausnahme-Individualrecht werden<\/a>\u00a0(18.10.2024)<\/li>\n<li><a href=\"https:\/\/www.freiburg-schwarzwald.de\/blog\/engagement\/zukunft\/demokratie\/parlament\/erklaerung2018\/\">Sechs Jahre \u201cGemeinsame Erkl\u00e4rung 2018\u201d<\/a>\u00a0(14.10.2024)<\/li>\n<li>Von muslimischer Massenmigration zum elektronischen \u00dcberwachungsstaat (6.10.2024)<\/li>\n<li><a href=\"https:\/\/www.freiburg-schwarzwald.de\/blog\/aufnahmekapazitaetn-erschoepft\/\">Aufnahmekapazit\u00e4ten ersch\u00f6pft<\/a>\u00a0(8.9.2024)<\/li>\n<li><a href=\"https:\/\/www.freiburg-schwarzwald.de\/blog\/global\/migration\/versorgungsmigration\/\">Ahmet Refii Dener: Fl\u00fcchtlingsideologie am Limit<\/a>\u00a0(30.8.2024)<\/li>\n<li><a href=\"https:\/\/www.freiburg-schwarzwald.de\/blog\/global\/migration\/migrationshintergrund\/\">Integrierte Migranten wenden sich gegen Massenmigration<\/a>\u00a0(16.8.2024)<\/li>\n<li><a href=\"https:\/\/www.freiburg-schwarzwald.de\/blog\/global\/migration\/kontrollierte-grenzen\/\">Der Open Borders-Irrtum<\/a> (17.4.2024)<\/li>\n<li><a href=\"https:\/\/www.freiburg-schwarzwald.de\/blog\/migration-zerstoert-sozialsystem\/\">Migration zerst\u00f6rt Sozialsystem<\/a>\u00a0(13.1.2024)<\/li>\n<li><a href=\"https:\/\/www.freiburg-schwarzwald.de\/blog\/migration-nationale-identitaet\/\">Migration \u2013 nationale Identit\u00e4t<\/a> (5.1.2024)<\/li>\n<li><a href=\"https:\/\/www.freiburg-schwarzwald.de\/blog\/global\/migration\/migration-kosten\/\">Kretschmer: 50 Mrd Euro im Jahr f\u00fcr Migration \u2013 zu viel f\u00fcr das Volk <\/a>(28.12.2023)<\/li>\n<li>Massenmigration: Verliert \u201eRechts\u201c seinen Schrecken? (17.12.2023)<\/li>\n<li><a href=\"https:\/\/www.freiburg-schwarzwald.de\/blog\/religion\/christen\/abendland\/\">\u201eKampf der Kulturen\u201c: Islam, Masseneinwanderung &amp; Nahost-Konflikt<\/a>\u00a0(10.12.2023)<\/li>\n<\/ul>\n<ul>\n<li><a title=\"Afrika-Zukunft\" href=\"https:\/\/www.freiburg-schwarzwald.de\/blog\/global\/afrika\/afrika-zukunft\/\">Afrika-Zukunft<\/a><\/li>\n<li><a href=\"https:\/\/www.freiburg-schwarzwald.de\/blog\/global\/integration\/asyl\/asylrecht\/\">Asylrecht<\/a><\/li>\n<li><a title=\"Bevoelkerungswachstum\" href=\"https:\/\/www.freiburg-schwarzwald.de\/blog\/engagement\/zukunft\/demografie\/bevoelkerungswachstum\/\">Bevoelkerungswachstum<\/a><\/li>\n<li><a title=\"Europa\" href=\"https:\/\/www.freiburg-schwarzwald.de\/blog\/global\/eu\/europa\/\">Europa \u2013 Selbstmord<\/a><\/li>\n<li><a title=\"EU-Afrika\" href=\"https:\/\/www.freiburg-schwarzwald.de\/blog\/global\/eu\/eu-afrika\/\">EU-Afrika<\/a><\/li>\n<li><a title=\"Fluechtlinge\" href=\"https:\/\/www.freiburg-schwarzwald.de\/blog\/global\/integration\/fluechtlinge\/\">Fl\u00fcchtlinge<\/a><\/li>\n<li><a title=\"Fluechtlingslager\" href=\"https:\/\/www.freiburg-schwarzwald.de\/blog\/global\/migration\/fluechtlingslager\/\">Fluechtlingslager<\/a><\/li>\n<li><a title=\"Germany\" href=\"https:\/\/www.freiburg-schwarzwald.de\/blog\/global\/deutschland\/germany\/\">Germany<\/a><\/li>\n<li><a title=\"Globalisierung\" href=\"https:\/\/www.freiburg-schwarzwald.de\/blog\/global\/globalisierung\/\">Globalisierung<\/a><\/li>\n<li><a title=\"Integration\" href=\"https:\/\/www.freiburg-schwarzwald.de\/blog\/global\/integration\/\">Integration<\/a><\/li>\n<li><a href=\"https:\/\/www.freiburg-schwarzwald.de\/blog\/global\/italien\/italien2022\/\">Italienroute<\/a><\/li>\n<li><a title=\"Leitkultur\" href=\"https:\/\/www.freiburg-schwarzwald.de\/blog\/kultur\/leitkultur\/\">Leitkultur<\/a><\/li>\n<li><a title=\"Migration\" href=\"https:\/\/www.freiburg-schwarzwald.de\/blog\/global\/migration\/\">Migration<\/a><\/li>\n<li><a title=\"Migrationspakt\" href=\"https:\/\/www.freiburg-schwarzwald.de\/blog\/global\/eu\/migrationspakt\/\">Migrationspakt<\/a><\/li>\n<li><a title=\"Tibi\" href=\"https:\/\/www.freiburg-schwarzwald.de\/blog\/global\/deutschland\/tibi\/\">Bassam Tibi<\/a><\/li>\n<li><a title=\"Immigration\" href=\"https:\/\/www.freiburg-schwarzwald.de\/blog\/global\/integration\/immigration\/\">Immigration<\/a><\/li>\n<li><a title=\"Seenotrettung\" href=\"https:\/\/www.freiburg-schwarzwald.de\/blog\/global\/deutschland\/seenotrettung\/\">Seenotrettung<\/a><\/li>\n<\/ul>\n<div id=\"attachment_134852\" style=\"width: 650px\" class=\"wp-caption alignnone\"><a href=\"https:\/\/www.freiburg-schwarzwald.de\/blog\/wp-content\/uploads\/2025\/06\/migration-renten-2015-2025-pan.jpg\"><img loading=\"lazy\" decoding=\"async\" aria-describedby=\"caption-attachment-134852\" class=\"size-full wp-image-134852\" src=\"https:\/\/www.freiburg-schwarzwald.de\/blog\/wp-content\/uploads\/2025\/06\/migration-renten-2015-2025-pan.jpg\" alt=\"\" width=\"640\" height=\"406\" srcset=\"https:\/\/www.freiburg-schwarzwald.de\/blog\/wp-content\/uploads\/2025\/06\/migration-renten-2015-2025-pan.jpg 640w, https:\/\/www.freiburg-schwarzwald.de\/blog\/wp-content\/uploads\/2025\/06\/migration-renten-2015-2025-pan-180x114.jpg 180w\" sizes=\"auto, (max-width: 640px) 100vw, 640px\" \/><\/a><p id=\"caption-attachment-134852\" class=\"wp-caption-text\">Einwanderung\/Migration und Renten\/Demografie 2015 und 2025<\/p><\/div>\n<p>&nbsp;<\/p>\n<p><strong>Die rechtsfreie Masseneinwanderung \u2013 Krieg der Herrschenden gegen das eigene Volk<\/strong><br \/>\n<strong>Prof. Dr. Rupert Scholz<\/strong><br \/>\nEs muss immer wieder in Erinnerung gebracht werden: Die nun seit zehn Jahren stattfindende Zulassung und F\u00f6rderung der Massenimmigration durch die Bundesregierung und die Landesregierungen ist von Anfang an ein schwerer permanenter Versto\u00df gegen das Grundgesetz. Prof. Dr. Rupert Scholz, renommierter Verfassungsrechtler, als Mitherausgeber des ma\u00dfgeblichen Grundgesetz-Kommentars Maunz\/D\u00fcrig einer der profundesten Kenner des Grundgesetzes und des europ\u00e4ischen Asylrechts und als CDU-Bundestagsabgeordneter und ehemaliger Verteidigungsminister mit der politischen Praxis bestens vertraut, weist erneut darauf hin und geht mit der Politik hart ins Gericht. Doch die Hintergr\u00fcnde m\u00fcssen noch erg\u00e4nzt werden.<\/p>\n<p>In der ver\u00f6ffentlichten Meinung wird st\u00e4ndig die ungeheure Tatsache unterdr\u00fcckt, dass die seit zehn Jahren in gro\u00dfem Ausma\u00df stattfindende <em><strong>Masseneinwanderung von \u00fcberwiegend jungen M\u00e4nnern, vor allem aus dem Nahen Osten und Afrika, permanent gegen das Grundgesetz verst\u00f6\u00dft.<\/strong><\/em> Kritiker werden schnell als inhuman oder gar rechtsextrem abgestempelt. Umso wichtiger ist die grunds\u00e4tzliche Frage, wie es sich eigentlich mit dem geltenden Recht verh\u00e4lt. Sind die Handlungen der herrschenden Parteipolitiker vom demokratischen Recht gedeckt? Oder bewegen sie sich selbstherrlich in einem rechtsfreien Raum, jenseits einer freiheitlich-demokratischen Ordnung?<br \/>\nDas Internet-Magazin \u201eANSAGE!\u201c ver\u00f6ffentlichte am 17. November 2025 ein <a href=\"https:\/\/www.freiburg-schwarzwald.de\/blog\/global\/integration\/asyl\/asylrecht\/\">Interview mit Prof. Scholz<\/a>, in dem er zu dem Thema der Massenmigration Stellung nahm, die im Begriffe ist, Deutschland total zu ver\u00e4ndern.<br \/>\n&#8230; Alles vom 19.11.2025 bitte lesen auf<br \/>\n<a href=\"https:\/\/fassadenkratzer.de\/2025\/11\/19\/die-rechtsfreie-masseneinwanderung-krieg-der-herrschenden-gegen-das-eigene-volk\">https:\/\/fassadenkratzer.de\/2025\/11\/19\/die-rechtsfreie-masseneinwanderung-krieg-der-herrschenden-gegen-das-eigene-volk<\/a>\/<\/p>\n<p>&nbsp;<\/p>\n<p><strong>Europaweit Demonstrationen gegen Massenmigration<\/strong><br \/>\n\u201eMit wenigen Ausnahmen wie D\u00e4nemarks Premier Mette Frederiksen, Italiens Premier Gioorgia Meloni, Geert Wilders in den Niederlanden, Marine Le Pen in Frankreich oder seit jeher Ungarns Premier Viktor Orb\u00e1n schaut die Classe Politique an den Folgen der grenzenlosen Massenmigration vorbei. Auch an den Demonstrationen dieser Tage.\u201c (&#8230;)<br \/>\nMette Frederiksen: Jeder muss wahrnehmen, das geltende Asylsystem in Europa ist gescheitert. Eine \u201egro\u00dfe Minderheit\u201c der Ausl\u00e4nder verweigert die Integration und ver\u00fcbt Verbrechen gegen die Einheimischen. Das muss beendet werden. (&#8230;)<\/p>\n<p>\u201eMehr als 20.000 spanische Patrioten verlangen R\u00fcckwanderung.\u201c (&#8230;)<\/p>\n<p>Tausende protestierten auf n\u00e4chtlichen spanischen Stra\u00dfen gegen Migration: \u201eSpanische Sozialsorge f\u00fcr Spanier!\u201c (&#8230;)<\/p>\n<p>TV-Gast sieht die islamische Masseneinwanderung Britannien zerst\u00f6ren, weil die meisten Migranten britische Kultur und westliche Werte ablehnen und Britannien in einen Sharia-Zustand versetzen wollen wie in ihren Heimatl\u00e4ndern. &#8230;&#8220;<br \/>\n&#8230; Alles vom 24.5.2025 bitte lesen auf<br \/>\n<a href=\"https:\/\/www.tichyseinblick.de\/kolumnen\/aus-aller-welt\/europaweit-demonstrationen-gegen-massenmigration\/\">https:\/\/www.tichyseinblick.de\/kolumnen\/aus-aller-welt\/europaweit-demonstrationen-gegen-massenmigration\/<\/a><\/p>\n<p>&nbsp;<\/p>\n<p><strong>Asylpolitik: Aus Humanit\u00e4t entstand Sozialkriminalit\u00e4t<\/strong><br \/>\nDas Schleusergesch\u00e4ft ist nach dem Drogenhandel der zweitrentabelste Schwarzmarkt. In ihm tummeln sich vor allem NGOs, Kirchen und Regierungen, aber auch tausende Kleinkriminelle und kriminelle Clans und Banden, die mit diesem Menschenhandel ein gl\u00e4nzendes Gesch\u00e4ft machen.<br \/>\nIm Gegensatz zum Drogenhandel, zum Menschenhandel der Prostitution, zum Waffenhandel oder zu Finanzbetr\u00fcgereien ist der Menschenhandel unter dem Stichwort \u201eAsyl\u201c mit Humanit\u00e4t garniert. Der Art. 16a des Grundgesetztes ist urspr\u00fcnglich als Humanit\u00e4tsgesetz von durch die Nazis Verfolgten ins Grundgesetz geschrieben worden: \u201ePolitisch Verfolgte genie\u00dfen Asylrecht\u201c. Dies war ein au\u00dferordentlicher Einzelanspruch mit Beweislast der Verfolgung durch den Antragsteller.<br \/>\nDass daraus ein Tor zur Masseneinwanderung nach Deutschland wurde, liegt daran, dass der <em><strong>Asylanspruch vom Einzel- zum Generalanspruch umgedeutet<\/strong><\/em> und nicht nur f\u00fcr politisch Verfolgte galt, sondern auf alle ausgedehnt wurde, die sich in ihren Heimatl\u00e4ndern als Queer-Sexuelle o.a. nicht wie bei uns gewertet sahen oder in ihrem Heimatland gescheitert waren, mangels Bildung keine Chancen hatten oder schlichtweg der heimatlichen Armut entfliehen wollten.<\/p>\n<p>War also der Asylanspruch anf\u00e4nglich nur ein Ausnahmerecht, ist es durch politische und rechtliche Ausweitung inzwischen zum Regelanspruch geworden. <em><strong>Vor allem hat sich durch das Kollektiv-Asylrecht die Beweislast umgekehrt<\/strong><\/em>: Nicht mehr der Einzelne muss nachweisen, dass er ausnahmsweise bedroht ist, sondern ein einziges Wort \u201eAsyl\u201c gen\u00fcgt f\u00fcr seinen Anspruch. Der Staat muss dann beweisen, dass dem Zuwanderer kein Asylrecht zusteht, was regelm\u00e4\u00dfig verhindert werden kann.<\/p>\n<p>Damit sind nicht nur Einzelpersonen wegen ihres Einzelschicksals asylberechtigt, sondern ganze V\u00f6lker (Syrer, Afghanen, Afrikaner), ist Asyl vom Einzelschicksal zur V\u00f6lkerwanderung geworden. L\u00e4ngst sind nicht nur politische Fl\u00fcchtlinge Migranten, sondern zu \u00fcber 90 % Menschen, die der Armut entfliehen wollen, welche Existenzsicherung suchen, welche sich in ihrer Queer-Geschlechtlichkeit in ihrer Heimat nicht anerkannt sehen oder welche sich vor kriegerischen Auseinandersetzungen in Sicherheit bringen wollen.<\/p>\n<p><em>Das unendliche Migrantenpotenzial<\/em><br \/>\nEbenso wie die Nachfrage der Konsumenten nach G\u00fctern und Dienstleistungen unendlich ist \u2013 ein unendliches Nachfragepotenzial, dem ein begrenztes G\u00fcterangebot gegen\u00fcbersteht -, ist auch der Wunsch nach besseren Lebensbedingungen oder sogar Existenzsicherung unendlich (acht Mrd. Menschen).<br \/>\nDie UNO geht davon aus, dass sich allein in Afrika die Bev\u00f6lkerung bei gleichbleibender Fruchtbarkeitsrate bis 2050 verdreifachen werde. Obwohl der UN-Bericht noch von Grenzkontrollen in Europa ausging, rechnete er bis 2050 mit mindestens 35 Millionen Einwanderern allein aus Afrika nach Europa. Inzwischen haben sich aber die T\u00fcrkei, Syrien Afghanistan und Pakistan als zus\u00e4tzliche Einwanderungsquellen hinzugesellt, so dass nicht nur ganz Europa, sondern allein Deutschland eine Masseneinwanderung von j\u00e4hrlich 0,5 bis 0,7 Mio. Einwanderern hat.<br \/>\nWie hoch aus der theoretisch unendlichen eine konkrete Nachfrage nach Immigration wird, h\u00e4ngt von verschiedenen Dingen ab:<br \/>\n1) Die Wohlstandsdifferenz zwischen den L\u00e4ndern<br \/>\n2) Die wirtschaftliche und gesellschaftliche Situation der Migrationswilligen selbst<br \/>\n3) Die Kenntnis \u00fcber die Wohlstandsdifferenzen<br \/>\n4) Reiserouten und Transportm\u00f6glichkeiten<br \/>\n5) Grenzhemmnisse auf der Reiseroute und des Ziellandes<br \/>\n6) Abwehr- oder Willkommenskultur des Ziellandes<br \/>\n7) Versorgungsh\u00f6he im Zielland gegen\u00fcber dem Heimatland<\/p>\n<p>F\u00fcr mehr als 100 Millionen Menschen in der Welt ist der Hunger gr\u00f6\u00dftes Existenzproblem, vor allem in den \u00fcberv\u00f6lkerten und am meisten naturzerst\u00f6renden L\u00e4ndern Afrikas und Asiens. Gegen\u00fcber den europ\u00e4ischen Wohlstandsl\u00e4ndern ist der Lebensstandard in solchen L\u00e4ndern mehr als zehn mal niedriger. Der Kampf ums \u00dcberleben diktiert die menschliche Existenz. Wo die Hoffnung auf Besserung im Heimatland nicht mehr lebt, ist Auswanderung der gew\u00fcnschte Ausweg.<\/p>\n<p>Der latente Wunsch, dem Elend zu entkommen, wird akut, wenn \u00e4u\u00dfere Ereignisse die Not noch versch\u00e4rfen, wie B\u00fcrgerkrieg, Missernten, Ablehnung von Queer-Sexualit\u00e4t, Wirtschaftskrisen oder pers\u00f6nliches Scheitern.<\/p>\n<p>Dies f\u00fchrte so lange nicht zum Wegzug aus den Elendsl\u00e4ndern, wie die Menschen nicht von besseren Alternativen wussten. Seit aber Filme und Telekommunikation und Medien die Situation in den Wohlstandsl\u00e4ndern in alle Welt und eben auch in die armen L\u00e4nder bringen, sind die Menschen \u00fcber ein Sozialparadies in Europa informiert, wissen sie, dass es ihnen dort besser gehen w\u00fcrde als zu Hause und steigt deshalb die Mobilit\u00e4t zur Auswanderung.<\/p>\n<p>Auch wissen die Leute heute, wie und mit wessen Hilfe man nach Europa kommt. 10.000 Schlepper und Schlepperorganisationen bieten sich \u00f6ffentlich f\u00fcr den Transport der Migranten an, wollen daran verdienen und haben inzwischen erkannt, dass in der Migrantenschleuserei hohe Gewinne liegen, dies also ein attraktiver Gesch\u00e4ftszweig ist \u2013 sogar mit staatlicher (Baerbock) Subvention.<\/p>\n<p>Wie erfolgreich die Schlepper sind und wie viele Migranten sie deshalb transportieren k\u00f6nnen, h\u00e4ngt von der \u00dcberwindung der Grenzen auf der Reiseroute ab. Die ge\u00f6ffneten Grenzen innerhalb Europas und eine ineffektive Grenzkontrolle an Europas Grenzen haben den Transport der Migranten ungeheuer erleichtert und damit die Zahlen ansteigen lassen.<br \/>\nDas Problem bleibt eigentlich nur die Aufnahme im Zielland, ob dort eine Abwehr- oder eine \u201eWillkommenskultur\u201c vorherrscht. Die Wanderstr\u00f6me gehen deshalb vor allem in letztere L\u00e4nder.<br \/>\nF\u00fcr die meisten Migranten selbst ist aber auch entscheidend, wie hoch die Versorgung im Zielland \u2013 auch im Vergleich zu ihrem Heimatland \u2013 ist. Sie wandern deshalb sogar aus europ\u00e4ischen Aufnahmel\u00e4ndern in das Zielland mit der h\u00f6chsten Rundumversorgung, ins \u201eSozialparadies\u201c Deutschland.<\/p>\n<p>Wie viele von den 180 Millionen Migranten der Welt (UNO) bis 2050 zu uns kommen, h\u00e4ngt also vor allem von dem Angebot ab, welches wir als Zielland den Migranten bieten:<br \/>\n&#8211; Normalerweise sch\u00fctzt ein Land seine Grenzen durch Z\u00e4une und W\u00e4chter vor Invasoren. In Deutschland hat man durch das Schengen-Abkommen die Grenzen freigemacht; eigentlich nur f\u00fcr die Europ\u00e4er in der EU, praktisch aber f\u00fcr alle Menschen der Welt, die zu uns kommen wollen. Wo also ein Land sich vors\u00e4tzlich nicht mehr vor Problemgruppen sch\u00fctzt, auch wenn sie zum kulturellen Sprengstoff, zum Sozialballast oder zu kriminellen Problemen f\u00fchren, werden diese Gruppen verst\u00e4rkt in dieses ungesch\u00fctzte Zielland einwandern.<br \/>\nAls 2015 Deutschland den ersten Massenansturm von Syrern erlebte, hat die Regierung Merkel mit Hilfe der Medien den Schock der Einwohner durch befohlene Willkommenskultur \u00fcberrollt. Seitdem gilt jeder, der die Massenimmigration als Gefahr sieht oder ablehnt, bei uns als \u201erechtsextrem\u201c, \u201erassistisch\u201c, \u201erechtsradikal\u201c.<br \/>\nDies traf mit mehreren Interessen zusammen:<\/p>\n<p>F\u00fcr die gr\u00fcne Partei war \u201eUmvolkung\u201c ein Konzept zur politischen Herrschaft: \u201eWir erh\u00f6hen die Einwanderung, geben ihnen dann das B\u00fcrger- und Wahlrecht und k\u00f6nnen damit gr\u00fcne Mehrheiten erreichen\u201c (Fischer).<br \/>\n&#8211; Die Welthochfinanz (Davos) predigte schon l\u00e4nger die \u201eeine Welt\u201c mit unbegrenzter Freiheit aller Arbeitskr\u00e4fte und deshalb freier Zuwanderung. Deshalb haben auch die Konzerne und das Gro\u00dfkapital bzw. seine NGOs bis heute f\u00fcr Massenimmigration gek\u00e4mpft, weil sie davon Arbeitsangebot erwarteten.<br \/>\n&#8211; Unter dem Einfluss und mit dem Geld des Gro\u00dfkapitals haben auch die Medien f\u00fcr Masseneinwanderung gek\u00e4mpft und alle Kritiker diskriminiert, so dass ein Klima entstand, welches schon eine Diskussion \u00fcber die Massenimmigration ausschloss und jede Erw\u00e4hnung etwa der j\u00e4hrlich ca. 50 Milliarden Euro Kosten der Immigration f\u00fcr die Einheimischen, den Bildungsabfall durch Analphabeten-Zuwanderung, die dadurch verursachte Wohnungsnot oder den gleichzeitig verursachten Kulturwandel mit den Totschlagsargumenten \u201eRassismus, rechtsradikal und Antidemokrat\u201c verbot.<\/p>\n<p>Waren erst einmal T\u00fcrken, Syrer, Afghanen, Russen oder Ukrainer in den St\u00e4dten angesiedelt, zogen sie Landsleute nach, so dass sich allm\u00e4hlich \u2013 zuerst durch die T\u00fcrken \u2013 Ghettos bildeten, aus denen dann die Alteinwohner fl\u00fcchteten, so dass fast alle unsere gr\u00f6\u00dferen St\u00e4dte Migrantenmehrheitszentren geworden sind.<\/p>\n<p>Die wichtigste Attraktion eines aufnehmenden Landes ist aber die Versorgungsleistung. Verst\u00e4ndlicherweise gehen Migranten vor allem dort hin, wo sie schon vom ersten Tage an am h\u00f6chsten versorgt werden, Geld, Wohnung, Einrichtung und alle Sozialrechte bekommen. Und wenn diese Versorgung noch h\u00f6her ist als in allen anderen L\u00e4ndern und sogar h\u00f6her als das Einkommen der unteren Schichten, ist das Land geradezu ein Zuwanderungsmagnet, sogar f\u00fcr diejenigen Immigranten, welche bereits in anderen L\u00e4ndern \u2013 geringer versorgt \u2013 Zuflucht gefunden hatten.<br \/>\nAls Angebot an die Migranten spielen nicht nur die Integrations- und Arbeitschancen eines Aufnahmelandes eine Rolle \u2013 f\u00fcr 70 Prozent die Versorgung trotz Arbeitsverweigerung, nur f\u00fcr 30 Prozent die Arbeitschancen. Die Integration wird von Politik und Medien so einseitig betrieben, dass sich inzwischen die Deutschen integrieren m\u00fcssen.<\/p>\n<p><em><strong>Als bis zur Ampel-Regierung noch die Asylgr\u00fcnde der Asylbewerber gepr\u00fcft wurden, hatten nur sieben Prozent echte Asylgr\u00fcnde. Die anderen begingen mit der Asylbehauptung rechtlich Betrug. Und<\/strong><\/em> die damit befassten Beh\u00f6rdenmitarbeiter haben zumeist Betrugshilfe geleistet, \u201eum die Angelegenheit vom Tisch zu kriegen\u201c.<\/p>\n<p>Inzwischen sind aber die Asylgr\u00fcnde von politischer Verfolgung auf alle pers\u00f6nlichen, sexuellen, beruflichen und sonstigen Schwierigkeiten ausgedehnt worden, so dass wir nur ca. 360.000 abgelehnte Asylbewerber haben, die aber nach gr\u00fcnem Willen nicht abgeschoben, sondern schlie\u00dflich ebenfalls geduldet werden. Wichtig ist den Asylbewerbern vor allem, dass sie w\u00e4hrend der ganzen Zeit auch als Illegale volle Sozialleistungen bekommen, die ihnen sogar als Arbeitsverweigerer und als Kriminelle nach Ansicht des Bundesverfassungsgerichts zustehen, weil \u201eder Anspruch auf Hartz-IV-Versorgung sich bereits aus der Menschenw\u00fcrde ergibt\u201c.<\/p>\n<p>Da Deutschland von EU-Mitgliedsl\u00e4ndern umschlossen ist und alle Zuwanderer eigentlich vom Asylrecht nach Art. 16a Abs. 2 Satz 1 GG ausgeschlossen w\u00e4ren, sind 90 % der \u00fcber die Nachbarstaaten zu uns dringenden Zuwanderer eigentlich nicht asylberechtigt. Dass die Bundesregierung trotzdem z. B. die nach Italien gefl\u00fcchteten dennoch \u00fcbernimmt und wir die \u00fcber Polen oder \u00d6sterreich oder Ungern zugereisten Durchwanderer ebenfalls widerstandslos aufnehmen, hat mit dem Grundgesetz des Asylrechts nichts zu tun, sondern ist politischer Wille der schwarz-rot-gr\u00fcnen Politik. Baerbock hat sogar einen w\u00f6chentlichen Flugdienst f\u00fcr 1000 Afghanen eingerichtet, welche von queer-sexuellen und gr\u00fcnen NGOs ausgesucht werden.<\/p>\n<p>Gleiches gilt f\u00fcr Zuwanderer aus \u201esicheren Staaten\u201c (Art. 16a Abs. 2 Satz 2 GG). Sichere Staaten sind Staaten, in denen keine politische Verfolgung stattfindet. Aus ihnen k\u00f6nnen deshalb auch keine Flucht anerkannt werden. Die Gr\u00fcnen haben allerdings Asylrecht auf Fl\u00fcchtlinge ausgedehnt, wenn diese entweder in wirtschaftlicher Not waren oder ihre sexuellen und pers\u00f6nlichen Eigenarten nicht so wie bei uns ausleben konnten. Nach dem Gesetz h\u00e4tten diese kein Asylrecht.<br \/>\nUmfragen bei den Asylbewerbern selbst f\u00f6rderten zutage, dass die meisten von ihnen etwas ganz anderes als Asylsicherheit erreichen wollten, n\u00e4mlich aus ihrer Armut in ein Sozialparadies mit Existenzsicherung und Rundumversorgung ohne Arbeit zu kommen.<\/p>\n<p>Den Armen der Welt kann man das nicht \u00fcbelnehmen. Sie zahlen sogar hohe Transportkosten an Schleuser, nehmen Lebensgefahr auf sich, um das Sozialparadies zu erreichen.<br \/>\nAls eine politische Partei dies aufgriff und den Unmut der einheimischen Bev\u00f6lkerung artikulierte, dass der deutsche Mittelstand f\u00fcr die Staatsg\u00e4ste mehr als 50 Milliarden Steuern und Sozialabgaben zahlen m\u00fcsse, aus den Wohnungen und St\u00e4dten verdr\u00e4ngt werde, ihre Kinder wegen des Leistungsabsturzes nicht mehr in die von Ausl\u00e4ndern dominierten Schulen schicken k\u00f6nne und sie Angst vor Kriminalit\u00e4t, k\u00e4mpferischem Islam und Kulturwandel haben, wurde diese Partei als rechtsradikal, rassistisch und antidemokratisch mit \u201eBrandmauer\u201c verfemt, um die Migrationsdiskussion gar nicht erst politisch hochkommen zu lassen.<\/p>\n<p>Diese Brandmauer wird gerade durch Mehrheiten der AfD in den neuen Bundesl\u00e4ndern \u00fcbersp\u00fclt und ist nur noch m\u00fchsam durch ein undemokratisches Altparteien-Kartell zu halten.<br \/>\nDennoch hat die Kritik an der verfehlten und folgenschweren Einwanderungspolitik der Regierenden die Altparteien wegen ihrer W\u00e4hlerverluste in Panik versetzt und zum Handeln gezwungen. Seit den Wahlen in Th\u00fcringen, Sachsen und Brandenburg ist die \u201eWillkommenskultur\u201c erloschen und geht es endlich um die Diskussion der Folgen.<\/p>\n<p><em>Folgen<\/em><br \/>\nDer Asylanspruch der Einwanderer ist zu \u00fcber 90 Prozent unzutreffend, ist eigentlich Sozialbetrug und rechtfertigt die Massenimmigration nicht.<br \/>\nDie Aufnahme der Migranten war erst echte, nun aber l\u00e4ngst falsche Humanit\u00e4t.<br \/>\nAlle traditionellen Einwandererstaaten haben <em><strong>qualitative Einwanderung<\/strong><\/em> betrieben, haben die Besten und Qualifizierten genommen, die sich nicht nur selbst ern\u00e4hren, sondern ihrer Wirtschaft auch helfen k\u00f6nnen.<br \/>\nWir dagegen haben nur <em><strong>quantitative Immigration<\/strong><\/em> betrieben. Jeder darf einreisen und bekommt sofort Vollversorgung, selbst ohne Arbeit sogar lebenslang einschlie\u00dflich Rente.<br \/>\nDahinter stehen die drei gro\u00dfen Kr\u00e4fte:<br \/>\n1) Das Gro\u00dfkapital, welches Arbeiter\u00fcberangebot braucht (Lohndumping),<br \/>\n2) die fast eine Mio. Sozialfunktion\u00e4re, die von Asylantenbetreuung unproduktiv, aber \u00fcppig leben und<br \/>\n3) die Altparteien, welche entweder noch falscher Merkel\u2019schen Humanit\u00e4t anh\u00e4ngen oder nach dem Prinzip Fischer durch Umvolkung proletarische Mehrheiten erreichen wollen.<br \/>\n.<br \/>\nDas System ist \u00fcberwiegend unehrlich von Geldgier der beteiligten Gruppen bestimmt, aber leider irreversibel, sich schleichend verst\u00e4rkend. Was einmal nur Asyl und Hilfe sein sollte, ver\u00e4ndert inzwischen unser Volk, unsere St\u00e4dte, unsere Religion, unsere Werte, unsere Schulen, unsere Sicherheit und Ordnung, unsere Sozialsysteme und grunds\u00e4tzlich unser ganzes Leben \u2013 und zwar dauerhaft, irreversibel.<br \/>\nHatte die Politik dazu Vollmacht? Und warum l\u00e4sst sich die Bev\u00f6lkerung dies immer noch gefallen?<br \/>\n&#8230; Alles vom 23.11.2024 von <a href=\"https:\/\/www.freiburg-schwarzwald.de\/blog\/global\/integration\/asyl\/asylrecht\/\">Eberhard Hamer<\/a> bitte lesen auf<br \/>\n<a href=\"https:\/\/www.mittelstandsinstitut-niedersachsen.de\">https:\/\/www.mittelstandsinstitut-niedersachsen.de<\/a><\/p>\n<p><em>Prof. Dr. Eberhard Hamer (* 15. August 1932 in Mettmann) ist ein deutscher \u00d6konom. Sein Schwerpunkt ist die Mittelstands\u00f6konomie. In den 1970er Jahren gr\u00fcndete er das privat gef\u00fchrte Mittelstandsinstitut Niedersachsen in Hannover und ver\u00f6ffentlichte \u00fcber 20 B\u00fccher zum Thema Mittelstand. Hamer erhielt 1986 das Verdienstkreuz am Bande des Verdienstordens der Bundesrepublik Deutschland.<\/em><\/p>\n<p>&nbsp;<\/p>\n<p>&nbsp;<\/p>\n<p><strong>Von muslimischer Massenmigration zum elektronischen \u00dcberwachungsstaat<\/strong><br \/>\nIm Raum (ohne Volk) steht die These, dass die westlichen Staaten, die allesamt die globalistische Agenda verfolgen, die muslimische Massenmigration nur deshalb f\u00f6rdern, um eines Tages den elektronischen \u00dcberwachungsstaat als Retter anzubieten.<br \/>\nAber sooo clever sind sie nicht, oder?<br \/>\n&#8230; Alles vom 6.10.2024 von Michael Klonovsky bitte lesen auf<br \/>\n<a href=\"https:\/\/www.klonovsky.de\/2024\/10\/6-oktober-2024\/\">https:\/\/www.klonovsky.de\/2024\/10\/6-oktober-2024\/<\/a><\/p>\n<p>&nbsp;<\/p>\n<p><strong>Massenmigration: Verliert \u201eRechts\u201c seinen Schrecken?<\/strong><br \/>\nKritiker der Migrationspolitik in Europa werden von den Eliten pauschal als Populisten und Rechtsextreme hingestellt. Doch das funktioniert immer weniger.<br \/>\n&#8230;<br \/>\nBis vor Kurzem hat die Taktik, die Debatte \u00fcber das Thema Migration zu unterbinden, funktioniert. Verschiedene Regierungen haben erfolgreich verhindert, dass diese Bedenken die politische Agenda beherrschen. Jetzt ist der Damm gebrochen, und \u00fcberall auf dem europ\u00e4ischen Kontinent fordern die B\u00fcrger, dass die Migration unter Kontrolle gebracht wird.<br \/>\n&#8230;.<br \/>\nBei der Frage der Migration geht es nicht nur um den Kontrollverlust \u00fcber den Strom von Menschen nach Europa. Es geht vor allem um die Frage, welche Bedeutung die Gesellschaft der Gemeinschaft, dem Gef\u00fchl der Zugeh\u00f6rigkeit zu einer Nation und dem Status eines B\u00fcrgers beimisst. Die Massenmigration untergr\u00e4bt die Bedeutung des Nationalgef\u00fchls und die Entscheidungsfunktion der B\u00fcrger. In der Praxis schafft die Massenmigration die Voraussetzung f\u00fcr den moralischen Verfall der nationalen Identit\u00e4t. Der Status der nationalen Identit\u00e4t wird dadurch effektiv geschm\u00e4lert. Nationale Identit\u00e4t hat wenig Sinn, wenn sich die Einheimischen in ihrer eigenen Heimat als Fremde f\u00fchlen. Der Krieg zwischen Israel und der Hamas hat die Spannungen zwischen den europ\u00e4ischen B\u00fcrgern, die ihrer Nation treu sind, und den Anh\u00e4ngern des Islamismus, die sich einer ganz anderen Lebensweise verschrieben haben, deutlich werden lassen.<br \/>\nDie Massenmigration untergr\u00e4bt die nationalen Grenzen und die Unterscheidung zwischen B\u00fcrgern, die aufgrund ihrer organischen Verbundenheit mit der Vergangenheit einer Nation berechtigt sind, \u00fcber das Schicksal ihrer Gemeinschaft zu bestimmen, und solchen, die keine solche Verbindung haben. Wenn der Status der Staatsb\u00fcrgerschaft ausgeh\u00f6hlt wird, wird die Demokratie selbst untergraben. Letztlich stellt die Massenmigration die Rolle der demokratischen Entscheidungsfindung infrage. Das ist der Hauptgrund, warum Europa sich seiner Massenmigrations-Krise stellen muss.<br \/>\n&#8230; Alles vom 17.12.2023 von Frank Furedi bitte lesen auf<br \/>\n<a href=\"https:\/\/www.achgut.com\/artikel\/verliert_rechts_seinen_Schrecken\">https:\/\/www.achgut.com\/artikel\/verliert_rechts_seinen_Schrecken<\/a><br \/>\n.<br \/>\nDieser Beitrag ist zuerst auf Frank Furedis Substack erschienen.<br \/>\n<a href=\"https:\/\/frankfuredi.substack.com\/p\/anti-populism-migration-and-the-moral\">https:\/\/frankfuredi.substack.com\/p\/anti-populism-migration-and-the-moral<\/a><\/p>\n<p><em>Frank Furedi ist gesch\u00e4ftsf\u00fchrender Direktor des Think-Tanks MCC-Brussels, Autor zahlreicher B\u00fccher und politischer Kommentator der Gegenwart. Mehr von Frank Furedi lesen Sie in den aktuellen B\u00fcchern \u201eDie sortierte Gesellschaft \u2013 Zur Kritik der Identit\u00e4tspolitik\u201c und \u201eSag, was du denkst! Meinungsfreiheit in Zeiten der Cancel Culture\u201c sowie bei Substack.<\/em><\/p>\n<p>&nbsp;<\/p>\n<p>&nbsp;<\/p>\n","protected":false},"excerpt":{"rendered":"<p>Home\u00a0&gt;Global &gt;Integration\u00a0&gt;Migration &gt;Immigration &gt;Masseneinwanderung &nbsp; Listenauswahl eines Beitrags: Bitte anklicken oder runterscrollen Warum die Islamisierung eine extreme Gefahr f\u00fcr Deutschland ist\u00a0(15.4.2026) Migration: Symptom oder Ursache der Gewalt? (8.2.2026) Migration: Fachkr\u00e4fte vergraulen, Schmarotzer hofieren\u00a0(2.2.2026) Entwurzelung der Migranten sowie Destabilisierung der Aufnahmel\u00e4nder\u00a0(24.1.2026) &hellip; <a href=\"https:\/\/www.freiburg-schwarzwald.de\/blog\/global\/migration\/masseneinwanderung\/\">Weiterlesen <span class=\"meta-nav\">&rarr;<\/span><\/a><\/p>\n","protected":false},"author":2,"featured_media":0,"parent":9150,"menu_order":0,"comment_status":"closed","ping_status":"closed","template":"","meta":{"footnotes":""},"class_list":["post-118306","page","type-page","status-publish","hentry"],"_links":{"self":[{"href":"https:\/\/www.freiburg-schwarzwald.de\/blog\/wp-json\/wp\/v2\/pages\/118306","targetHints":{"allow":["GET"]}}],"collection":[{"href":"https:\/\/www.freiburg-schwarzwald.de\/blog\/wp-json\/wp\/v2\/pages"}],"about":[{"href":"https:\/\/www.freiburg-schwarzwald.de\/blog\/wp-json\/wp\/v2\/types\/page"}],"author":[{"embeddable":true,"href":"https:\/\/www.freiburg-schwarzwald.de\/blog\/wp-json\/wp\/v2\/users\/2"}],"replies":[{"embeddable":true,"href":"https:\/\/www.freiburg-schwarzwald.de\/blog\/wp-json\/wp\/v2\/comments?post=118306"}],"version-history":[{"count":6,"href":"https:\/\/www.freiburg-schwarzwald.de\/blog\/wp-json\/wp\/v2\/pages\/118306\/revisions"}],"predecessor-version":[{"id":147971,"href":"https:\/\/www.freiburg-schwarzwald.de\/blog\/wp-json\/wp\/v2\/pages\/118306\/revisions\/147971"}],"up":[{"embeddable":true,"href":"https:\/\/www.freiburg-schwarzwald.de\/blog\/wp-json\/wp\/v2\/pages\/9150"}],"wp:attachment":[{"href":"https:\/\/www.freiburg-schwarzwald.de\/blog\/wp-json\/wp\/v2\/media?parent=118306"}],"curies":[{"name":"wp","href":"https:\/\/api.w.org\/{rel}","templated":true}]}}