{"id":118261,"date":"2023-12-12T10:55:28","date_gmt":"2023-12-12T09:55:28","guid":{"rendered":"https:\/\/www.freiburg-schwarzwald.de\/blog\/?page_id=118261"},"modified":"2025-08-09T21:43:45","modified_gmt":"2025-08-09T19:43:45","slug":"opportunismus","status":"publish","type":"page","link":"https:\/\/www.freiburg-schwarzwald.de\/blog\/engagement\/zukunft\/demokratie\/wendehals\/opportunismus\/","title":{"rendered":"Opportunismus"},"content":{"rendered":"<p><a href=\"https:\/\/www.freiburg-schwarzwald.de\/blog\">Home<\/a>\u00a0&gt;<a title=\"Engagement\" href=\"https:\/\/www.freiburg-schwarzwald.de\/blog\/engagement\/\">Engagement<\/a>\u00a0&gt;<a title=\"Zukunft\" href=\"https:\/\/www.freiburg-schwarzwald.de\/blog\/engagement\/zukunft\/\">Zukunft<\/a>\u00a0&gt;<a title=\"Demokratie\" href=\"https:\/\/www.freiburg-schwarzwald.de\/blog\/engagement\/zukunft\/demokratie\/\">Demokratie<\/a> &gt;<a href=\"https:\/\/www.freiburg-schwarzwald.de\/blog\/engagement\/zukunft\/demokratie\/wendehals\/\">Wendehals<\/a> &gt;Opportunismus<\/p>\n<div id=\"attachment_117422\" style=\"width: 650px\" class=\"wp-caption alignnone\"><a href=\"https:\/\/www.freiburg-schwarzwald.de\/blog\/wp-content\/uploads\/2023\/11\/justiz-zweierlei-mass-pan2023nov.jpg\"><img loading=\"lazy\" decoding=\"async\" aria-describedby=\"caption-attachment-117422\" class=\"size-full wp-image-117422\" src=\"https:\/\/www.freiburg-schwarzwald.de\/blog\/wp-content\/uploads\/2023\/11\/justiz-zweierlei-mass-pan2023nov.jpg\" alt=\"\" width=\"640\" height=\"355\" srcset=\"https:\/\/www.freiburg-schwarzwald.de\/blog\/wp-content\/uploads\/2023\/11\/justiz-zweierlei-mass-pan2023nov.jpg 640w, https:\/\/www.freiburg-schwarzwald.de\/blog\/wp-content\/uploads\/2023\/11\/justiz-zweierlei-mass-pan2023nov-180x100.jpg 180w\" sizes=\"auto, (max-width: 640px) 100vw, 640px\" \/><\/a><p id=\"caption-attachment-117422\" class=\"wp-caption-text\">Vor Gericht 2023: \u00c4rztin in Handschellen und Messerstecher ohne Handschellen<\/p><\/div>\n<p>Der Opportunist: schweigt auch mal, gibt den Wendehals, passt sich an, &#8230;<br \/>\nDiskussionen mit Opportunisten sind \u00fcberfl\u00fcssig.<\/p>\n<p>&nbsp;<\/p>\n<ul>\n<li><em>Listenauswahl eines Beitrags (Artikel\/Datum, Seite\/Inhalt):\u00a0<span style=\"text-decoration: underline;\">Klicken<\/span>\u00a0oder scrollen<\/em><\/li>\n<li>Wer sind wirklich die \u00fcblen Opportunisten? Tech-Giganten? (16.5.2025)<\/li>\n<li><a href=\"https:\/\/www.freiburg-schwarzwald.de\/blog\/engagement\/zukunft\/demokratie\/quoten\/\">SAP-Konzern verk\u00fcndet Ende seiner Frauenquote<\/a>\u00a0(16.5.202)<\/li>\n<li>Frank Lisson: &#8222;gl\u00fccklicher bewegt er sich durchs Leben&#8220; (8.12.2023)<\/li>\n<\/ul>\n<ul>\n<li><a title=\"Dagegen\" href=\"https:\/\/www.freiburg-schwarzwald.de\/blog\/engagement\/dagegen\/\">Dagegen-Sein<\/a><\/li>\n<li><a title=\"Ehrlichkeit\" href=\"https:\/\/www.freiburg-schwarzwald.de\/blog\/engagement\/zukunft\/ehrlichkeit\/\">Ehrlichkeit<\/a><\/li>\n<li><a title=\"Ethik\" href=\"https:\/\/www.freiburg-schwarzwald.de\/blog\/religion\/ethik\/\">Ethik<\/a><\/li>\n<li><a title=\"Groessenwahn\" href=\"https:\/\/www.freiburg-schwarzwald.de\/blog\/engagement\/zukunft\/groessenwahn\/\">Gr\u00f6\u00dfenwahn<\/a><\/li>\n<li><a href=\"https:\/\/www.freiburg-schwarzwald.de\/blog\/kultur\/medien\/journalismus\/journalismus-wende\/\">Journalismus-Wende<\/a><\/li>\n<li><a href=\"https:\/\/www.freiburg-schwarzwald.de\/blog\/kultur\/kunst\/kuenstler-proteste\/\">K\u00fcnstlerproteste<\/a><\/li>\n<li><a title=\"Multikulti\" href=\"https:\/\/www.freiburg-schwarzwald.de\/blog\/kultur\/leitkultur\/multikulti\/\">Multikulti<\/a><\/li>\n<li><a title=\"Political-Correctness\" href=\"https:\/\/www.freiburg-schwarzwald.de\/blog\/kultur\/medien\/political-correctness\/\">Political Correctness<\/a><\/li>\n<li><a title=\"Postfaktisch\" href=\"https:\/\/www.freiburg-schwarzwald.de\/blog\/kultur\/medien\/postfaktisch\/\">Postfaktisch<\/a><\/li>\n<li><a title=\"Gutmenschen\" href=\"https:\/\/www.freiburg-schwarzwald.de\/blog\/engagement\/gutmenschen\/\">Gutmenschen\u00a0<\/a><\/li>\n<li><a title=\"Schuld\" href=\"https:\/\/www.freiburg-schwarzwald.de\/blog\/engagement\/zukunft\/schuld\/\">Schuld<\/a><\/li>\n<li><a title=\"Selbsthass\" href=\"https:\/\/www.freiburg-schwarzwald.de\/blog\/engagement\/zukunft\/selbsthass\/\">Selbsthass<\/a><\/li>\n<li><a title=\"Staatsversagen\" href=\"https:\/\/www.freiburg-schwarzwald.de\/blog\/engagement\/zukunft\/demokratie\/staatsversagen\/\">Staatsversagen<\/a><\/li>\n<li><a title=\"Wendehals\" href=\"https:\/\/www.freiburg-schwarzwald.de\/blog\/engagement\/zukunft\/demokratie\/wendehals\/\">Wendehals<\/a><\/li>\n<li><a href=\"https:\/\/www.freiburg-schwarzwald.de\/blog\/engagement\/zukunft\/demokratie\/politik\/zeitenwende\/\">Zeitenwende<\/a><\/li>\n<\/ul>\n<p>&nbsp;<\/p>\n<p><strong>Wer sind wirklich die \u00fcblen Opportunisten? Tech-Giganten?<\/strong><br \/>\nDer Wechsel zu Trumps Populismus in Amerika ist kein Beweis f\u00fcr Opportunismus, sondern ein Ausweis des um sich greifenden Abschieds weiter Kreise von jahrzehntelang gewohnten politischen Lebensl\u00fcgen. Eine Entgegnung auf Thilo Sarrazins Beitrag \u201eSozialer Opportunismus gestern und heute\u201c. <a href=\"https:\/\/www.achgut.com\/artikel\/sozialer_opportunismus_frueher_und_heute\">https:\/\/www.achgut.com\/artikel\/sozialer_opportunismus_frueher_und_heute<\/a><br \/>\n&#8230;<br \/>\nTrump will und muss die unter Biden choreographierte Invasion Amerikas durch viele Millionen illegaler Einwanderer nicht nur stoppen, was er schon getan hat, sondern auch die mutwillig erzeugten Probleme durch R\u00fcckf\u00fchrung l\u00f6sen \u2013 wobei ihm \u201edemokratische\u201c Aktivisten in Richterrobe in tolldreister Amtsanma\u00dfung die H\u00e4nde binden wollen. Das kann man als Rechtsbeugung sehen, die die verfassungsm\u00e4\u00dfige Gewaltenteilung missachtet. Ohne das hier in allen Details ausdiskutieren zu k\u00f6nnen: Wieso hat ausgerechnet Thilo Sarrazin daf\u00fcr anscheinend so wenig Sympathie oder Verst\u00e4ndnis?<br \/>\nTrump senkt au\u00dferdem ganz in echt die Steuern und verschlankt die B\u00fcrokratie, macht Investitionen und Innovationen \u00fcberhaupt erst wieder m\u00f6glich, sorgt f\u00fcr ausreichende und bezahlbare Energie und verhindert \u2013 mit etwas Gl\u00fcck und kluger Strategie \u2013 den Ruin und das Versinken Amerikas unter einem nicht mehr beherrschbaren Schuldenberg. Elon Musk, Jeff Bezos und andere anerkennen insoweit nur das Offensichtliche \u2013 alles andere w\u00e4re extrem dumm, was diese Unternehmer gewiss nicht sind. Ihnen jetzt Opportunismus vorzuwerfen, als seien sie Erf\u00fcllungsgehilfen eines neuen Totalitarismus, das ist schon eine schr\u00e4ge Interpretation der politischen Entwicklung und der mit Trump verbundenen Rettung Amerikas (und hoffentlich des freien Westens insgesamt) von der linksradikalen Indoktrinierung und nihilistischen Sabotage.<\/p>\n<p>Von dieser entschieden anti-ideologischen, freiheitlich motivierten Sorte angeblichen \u201eOpportunismus\u201c w\u00fcrde man sich in Deutschland wesentlich mehr w\u00fcnschen \u2013 anstelle von Unternehmensf\u00fchrern, die geflissentlich der \u201eGro\u00dfen Transformation\u201c und damit Merkels wie Merzens Agenda das Wort reden, bestenfalls kleinlaut und diplomatisch Kritik andeuten.<br \/>\nLetztlich kommt es darauf an, substanziell das Richtige zu tun. Die Menschheit kommt auch nicht voran, weil alle immer schon alles richtig gewusst haben. Lernf\u00e4higkeit und Umschwenken sind essenziell \u2013 und besser sp\u00e4t als gar nicht. Das sollte man nicht moralisierend und ziemlich vordergr\u00fcndig als Opportunismus diffamieren. Es kann nicht per se falsch sein, wenn Unternehmensf\u00fchrer und Politiker am selben Strang ziehen \u2013 die Richtung z\u00e4hlt. Europas Richtung ist exakt falsch, und von Amerika lernen, hei\u00dft siegen lernen. Wir sollten uns der Gewinnerseite anschlie\u00dfen, das w\u00e4re sowohl klug als auch moralisch. Lemminge, die endlich alle zusammen vom Abgrund weglaufen, das w\u00e4re doch gar nicht mal so schlecht. Am individuellen Eigensinn arbeiten wir dann sp\u00e4ter.<br \/>\n&#8230; Alles vom 16.5.2025 von Michael Alberts bitte lesen auf<br \/>\n<a href=\"https:\/\/www.achgut.com\/artikel\/wer_sind_wirklich_die_ueblen_opportunisten\">https:\/\/www.achgut.com\/artikel\/wer_sind_wirklich_die_ueblen_opportunisten<\/a><\/p>\n<p><em>Michael W. Alberts hat langj\u00e4hrige Erfahrung in der Politikberatung und in politischer Kommunikation.<\/em><\/p>\n<p>&nbsp;<\/p>\n<p><strong>Frank Lisson: &#8222;gl\u00fccklicher bewegt er sich durchs Leben&#8220;<\/strong><br \/>\nDer philosophische Autor und stolze Einzelg\u00e4nger Frank Lisson hat in seinem Buch \u201eMythos Mensch\u201d den Opportunisten geradezu zum Paradeexemplar der Evolution erhoben. \u201eJe weniger der Mensch an sich und an der von seinesgleichen errichteten Welt zweifelt, desto gl\u00fccklicher bewegt er sich durchs Leben \u2013 und desto mehr Nachkommen wird er zeugen. Daher liegt es in der Natur der Sache, dass der Skeptiker gegen den Mitmacher evolution\u00e4r keine Chance hat\u201d, statuiert der Gattungsverhaltensbegr\u00fcbler. \u201eTats\u00e4chlich\u201d, f\u00e4hrt er in seiner s\u00fcffisanten Anthropodizee fort, \u201ewird man niemanden als degeneriert abqualifizieren d\u00fcrfen, der als Resultat des Zeitgeistes wie zuf\u00e4llig gerade diejenige Haltung einnimmt, die ihm in seiner Umgebung die meisten Vorteile verschafft.\u201d<br \/>\nWo Mitmachen Erfolg und damit das \u201esch\u00f6ne Leben\u201c verspreche, seien Zweifel, Skepsis oder Gewissensn\u00f6te \u201edas klare Anzeichen eines ungesunden Gem\u00fcts. \u2013 Loben und feiern wir also die Geschickten und Gewieften, die Arrivierten und klugen Taktiker\u201d. Denn sie, so das Res\u00fcmee, \u201esind die vor Gesundheit strotzenden Alphatiere des Lebens\u201d.<\/p>\n<p>Zweifellos geh\u00f6rt die F\u00e4higkeit, sich wechselnden Herrschaftsverh\u00e4ltnissen ebenso anzupassen wie unsere jagenden und sammelnden Altvorderen sich jenen der Natur, seit je zu den Grundvoraussetzungen des \u00dcberlebens. Nicht-Opportunisten lebten (und leben) gef\u00e4hrlich, man machte fr\u00fcher kurzen Prozess mit ihnen, auch wenn zumindest in unserem Weltteil inzwischen die soziale Isolation \u2013 in Extremf\u00e4llen auch die soziale Vernichtung \u2013 die physische Beseitigung ersetzt hat. Nat\u00fcrlich bestand f\u00fcr alle halbwegs Exponierten bisweilen die M\u00f6glichkeit, die Seiten zu wechseln, was sie aber von der Klugheit des sich-Anpassens an die neue Linie nicht entband. Es gibt eine k\u00f6stliche Anekdote \u00fcber eine franz\u00f6sische Gesellschaftsdame, der Name ist mir entfallen, die sich erst Napoleon andiente, ihn nach seiner Absetzung und Verbannung 1814 verfluchte, den Bourbonen ewige Treue schwur, nach der R\u00fcckkehr des Korsen von Elba vor ihm auf die Knie sank und um Vergebung bat, um schlie\u00dflich nach Waterloo die ganze Charade noch einmal vor Ludwig XVIII. zu wiederholen. Da Bonaparte sie nicht gek\u00f6pft, sondern allenfalls ignoriert h\u00e4tte, bewegte sich die Dame mit ihren Exaltationen in den Regionen der Peinlichkeit. Ihr B\u00e4umchen-wechsle-dich-Spiel vollzog damals aber fast die gesamte Pariser Gesellschaft mit. Wie auch anders?<br \/>\n&#8230;<br \/>\nOpportunismus, sage ich immer, ist ein Menschenrecht. Niemand ist auf Widerstand zu verpflichten, wo ihm eine Tyrannei mit Strafe droht. Es kann auch niemand darauf verpflichtet werden, sich ausschlie\u00dfen zu lassen, wenn es sich nur um eine Tyrannei der Mehrheit, der \u201eZivilgesellschaft\u201d, der Partei, der Gruppe, des \u201eTeams\u201d handelt. Wenn Opportunismus sich nicht lohnen w\u00fcrde, w\u00fcrde es ja nicht derma\u00dfen viele Opportunisten geben.<\/p>\n<p>Der Opportunist kommt niemals zu fr\u00fch \u2013 sondern h\u00f6chstens, wenn er ein besonders mittelm\u00e4\u00dfiger Opportunist ist, viel zu sp\u00e4t. Meistens \u00e4ndert er seine Meinung so termingerecht, wie fr\u00fcher die Bahn fuhr, woraus zu folgern sein d\u00fcrfte, dass er gar keine hat. Demjenigen, der eher recht hatte, gilt gleichwohl seine beharrliche Missgunst.<br \/>\nDie Meinungen und Verhaltensweisen eines Menschen sind ja ohnehin zu einem sehr erheblichen Teil von der ihn umgebenden Gruppe, von der ihn pr\u00e4genden Kultur und vom Zeitgeist gepr\u00e4gt; wirklich selbsterworbene, selbsterdachte Meinung ist nur ein Bruchteil dessen, was den Leuten im Kopf herumgeht. Es handelt sich um einen wirklichen Luxus, und die meisten Menschen verf\u00fcgen nicht \u00fcber einen einzigen Prozent eigenen Meinungsanteils, sondern ihr sogenanntes Denken und Meinen ist nur eine Collage aus \u00fcbernommenen Ansichten und Reflexen, sie adaptieren die allgemeine Stimmung und deren Umschw\u00fcnge, wie die Sardine auf die Richtungs\u00e4nderung des Schwarms reagiert. Deswegen sind Opportunisten auch so unglaublich langweilig, man kann sie keine zwanzig Zeilen lesen, ohne in schweres G\u00e4hnen zu verfallen. Alles, was sie schreiben, wei\u00df man schon.<br \/>\nIst das aber ein Argument gegen Opportunismus? Hat man sich nicht vielmehr den Opportunisten als gl\u00fccklichen, im Kollektiv aufgehobenen, dort gern gesehenen Menschen vorzustellen?<br \/>\n&#8230; Alles vom 10.12.2023 bitte lesen auf<br \/>\n<a href=\"https:\/\/www.klonovsky.de\/2023\/12\/10-dezember-2023\/\">https:\/\/www.klonovsky.de\/2023\/12\/10-dezember-2023\/<\/a><\/p>\n","protected":false},"excerpt":{"rendered":"<p>Home\u00a0&gt;Engagement\u00a0&gt;Zukunft\u00a0&gt;Demokratie &gt;Wendehals &gt;Opportunismus Der Opportunist: schweigt auch mal, gibt den Wendehals, passt sich an, &#8230; Diskussionen mit Opportunisten sind \u00fcberfl\u00fcssig. &nbsp; Listenauswahl eines Beitrags (Artikel\/Datum, Seite\/Inhalt):\u00a0Klicken\u00a0oder scrollen Wer sind wirklich die \u00fcblen Opportunisten? Tech-Giganten? (16.5.2025) SAP-Konzern verk\u00fcndet Ende seiner Frauenquote\u00a0(16.5.202) &hellip; <a href=\"https:\/\/www.freiburg-schwarzwald.de\/blog\/engagement\/zukunft\/demokratie\/wendehals\/opportunismus\/\">Weiterlesen <span class=\"meta-nav\">&rarr;<\/span><\/a><\/p>\n","protected":false},"author":2,"featured_media":0,"parent":66416,"menu_order":0,"comment_status":"closed","ping_status":"closed","template":"","meta":{"footnotes":""},"class_list":["post-118261","page","type-page","status-publish","hentry"],"_links":{"self":[{"href":"https:\/\/www.freiburg-schwarzwald.de\/blog\/wp-json\/wp\/v2\/pages\/118261","targetHints":{"allow":["GET"]}}],"collection":[{"href":"https:\/\/www.freiburg-schwarzwald.de\/blog\/wp-json\/wp\/v2\/pages"}],"about":[{"href":"https:\/\/www.freiburg-schwarzwald.de\/blog\/wp-json\/wp\/v2\/types\/page"}],"author":[{"embeddable":true,"href":"https:\/\/www.freiburg-schwarzwald.de\/blog\/wp-json\/wp\/v2\/users\/2"}],"replies":[{"embeddable":true,"href":"https:\/\/www.freiburg-schwarzwald.de\/blog\/wp-json\/wp\/v2\/comments?post=118261"}],"version-history":[{"count":5,"href":"https:\/\/www.freiburg-schwarzwald.de\/blog\/wp-json\/wp\/v2\/pages\/118261\/revisions"}],"predecessor-version":[{"id":137649,"href":"https:\/\/www.freiburg-schwarzwald.de\/blog\/wp-json\/wp\/v2\/pages\/118261\/revisions\/137649"}],"up":[{"embeddable":true,"href":"https:\/\/www.freiburg-schwarzwald.de\/blog\/wp-json\/wp\/v2\/pages\/66416"}],"wp:attachment":[{"href":"https:\/\/www.freiburg-schwarzwald.de\/blog\/wp-json\/wp\/v2\/media?parent=118261"}],"curies":[{"name":"wp","href":"https:\/\/api.w.org\/{rel}","templated":true}]}}