{"id":118086,"date":"2023-12-06T16:37:25","date_gmt":"2023-12-06T15:37:25","guid":{"rendered":"https:\/\/www.freiburg-schwarzwald.de\/blog\/?page_id=118086"},"modified":"2025-10-26T12:23:29","modified_gmt":"2025-10-26T11:23:29","slug":"world-government","status":"publish","type":"page","link":"https:\/\/www.freiburg-schwarzwald.de\/blog\/global\/globalisierung\/world-government\/","title":{"rendered":"World-Government"},"content":{"rendered":"<p><a href=\"https:\/\/www.freiburg-schwarzwald.de\/blog\">Home<\/a>\u00a0&gt;<a title=\"Global\" href=\"https:\/\/www.freiburg-schwarzwald.de\/blog\/global\/\">Global<\/a>\u00a0&gt;<a title=\"Globalisierung\" href=\"https:\/\/www.freiburg-schwarzwald.de\/blog\/global\/globalisierung\/\">Globalisierung<\/a>\u00a0&gt;<a href=\"https:\/\/www.freiburg-schwarzwald.de\/blog\/global\/globalisierung\/nwo\/\">NWO<\/a> &gt;<a href=\"https:\/\/www.freiburg-schwarzwald.de\/blog\/global\/globalisierung\/global-government\/\">Global-Government<\/a> &gt;World-Government<\/p>\n<div id=\"attachment_117236\" style=\"width: 651px\" class=\"wp-caption alignnone\"><a href=\"https:\/\/www.freiburg-schwarzwald.de\/blog\/wp-content\/uploads\/2023\/11\/demo-wir-gemeinsam-pan2311.jpg\"><img loading=\"lazy\" decoding=\"async\" aria-describedby=\"caption-attachment-117236\" class=\"size-full wp-image-117236\" src=\"https:\/\/www.freiburg-schwarzwald.de\/blog\/wp-content\/uploads\/2023\/11\/demo-wir-gemeinsam-pan2311.jpg\" alt=\"\" width=\"641\" height=\"455\" srcset=\"https:\/\/www.freiburg-schwarzwald.de\/blog\/wp-content\/uploads\/2023\/11\/demo-wir-gemeinsam-pan2311.jpg 641w, https:\/\/www.freiburg-schwarzwald.de\/blog\/wp-content\/uploads\/2023\/11\/demo-wir-gemeinsam-pan2311-180x128.jpg 180w\" sizes=\"auto, (max-width: 641px) 100vw, 641px\" \/><\/a><p id=\"caption-attachment-117236\" class=\"wp-caption-text\">Gemeinsam unterwegs f\u00fcr Frieden, Freiheit und Demokratie<br \/>auf der Demo in Freiburg am 11.11.2023<\/p><\/div>\n<ul>\n<li style=\"list-style-type: none;\">\n<ul>\n<li><em>Listenauswahl eines Beitrags: Bitte anklicken oder runterscrollen<\/em><\/li>\n<li><a href=\"https:\/\/www.freiburg-schwarzwald.de\/blog\/redefreiheit-eu-dsa-who-ipcc\/\">Redefreiheit: EU DSA WHO IPCC<\/a>\u00a0(26.10.2025)<\/li>\n<li><a href=\"https:\/\/www.freiburg-schwarzwald.de\/blog\/global\/globalisierung\/global-government\/international\/\">Endlich: Der IGH der UN als \u201eWeltgericht\u201c rettet das Weltklima<\/a> (28.7.2025)<\/li>\n<li><a href=\"https:\/\/www.freiburg-schwarzwald.de\/blog\/business\/gesund\/who\/\">WHO \u2013 das Gegenteil von Gesundheit? Vortrag Dr. jur. Beate Sibylle Pfeil<\/a> (9.2.2025)<\/li>\n<li><a href=\"https:\/\/www.freiburg-schwarzwald.de\/blog\/business\/gesund\/corona-virus\/pandemie\/\">WHO-Pandemievertrag soll bis zum Jahresende fertigwerden<\/a>\u00a0(7.8.2024)<\/li>\n<li>Unterwanderung durch WEF, WHO, GAVI &amp; Co (17.2.2024)<\/li>\n<li><a href=\"https:\/\/www.freiburg-schwarzwald.de\/blog\/engagement\/zukunft\/demokratie\/liberalismus\/milei\/\">Javier Milei: Rede beim WEF \u2013 die \u201eSchlacht von Davos\u201c<\/a>\u00a0(22.1.2024)<\/li>\n<li><a href=\"https:\/\/www.freiburg-schwarzwald.de\/blog\/friedensjahr-2024-warum-nicht\/\">Friedensjahr 2024 \u2013 warum nicht?<\/a>\u00a0(19.1.2024)<\/li>\n<li>WorldGovernmentSummit oder WorldGovernmentsSummit? (1.12.2023)<\/li>\n<li><a href=\"https:\/\/www.freiburg-schwarzwald.de\/blog\/natur\/klima\/world-climate\/\">Weltregierung oder Weltklima \u2013 worum geht es wirklich?<\/a> (1.12.2023)<\/li>\n<li><\/li>\n<li><a title=\"CO2\" href=\"https:\/\/www.freiburg-schwarzwald.de\/blog\/natur\/klima\/co2\/\">CO2-Fu\u00dfabdruck \u2013 Carbon Footprint CF<\/a><\/li>\n<li><a href=\"https:\/\/www.freiburg-schwarzwald.de\/einsparen.htm\">Einsparen statt verschwenden<\/a>\u00a0&gt;Einsparen<\/li>\n<li><a title=\"Emissionshandel\" href=\"https:\/\/www.freiburg-schwarzwald.de\/blog\/natur\/klima\/emissionshandel\/\">Emissionshandel<\/a><\/li>\n<li><a title=\"FridaysForFuture\" href=\"https:\/\/www.freiburg-schwarzwald.de\/blog\/natur\/klima\/fridaysforfuture\/\">FridaysForFuture<\/a><\/li>\n<li><a href=\"https:\/\/www.freiburg-schwarzwald.de\/blog\/engagement\/zukunft\/demokratie\/grundgesetz\/grundgesetz-klima\/\">Grundgesetz-Klima<\/a><\/li>\n<li><a href=\"https:\/\/www.freiburg-schwarzwald.de\/blog\/global\/globalisierung\/global-government\/international\/\">international<\/a><\/li>\n<li><a title=\"Klimagerechtigkeit\" href=\"https:\/\/www.freiburg-schwarzwald.de\/blog\/natur\/klima\/klimagerechtigkeit\/\">Klimagerechtigkeit<\/a><\/li>\n<li><a href=\"https:\/\/www.freiburg-schwarzwald.de\/blog\/natur\/klima\/klimanotstand\/\">Klimanotstand<\/a><\/li>\n<li><a href=\"https:\/\/www.freiburg-schwarzwald.de\/blog\/natur\/klima\/klima-angst\/\">Klima-Angst<\/a><\/li>\n<li><a href=\"https:\/\/www.freiburg-schwarzwald.de\/blog\/natur\/klima\/klima-first\/\">Klima-first<\/a><\/li>\n<li><a title=\"Klima-Forschung\" href=\"https:\/\/www.freiburg-schwarzwald.de\/blog\/natur\/klima\/klima-forschung\/\">Klima-Forschung<\/a><\/li>\n<li><a href=\"https:\/\/www.freiburg-schwarzwald.de\/blog\/natur\/klima\/klimapolitik\/klimapolitik-alternativ\/\">Klimapolitik-alternativ<\/a><\/li>\n<li><a title=\"Klimawandel-natuerlich\" href=\"https:\/\/www.freiburg-schwarzwald.de\/blog\/natur\/klima\/klimawandel-natuerlich\/\">Klimawandel-natuerlich<\/a><\/li>\n<li><a href=\"https:\/\/www.freiburg-schwarzwald.de\/blog\/natur\/klima\/menschengemacht\/\">Menschengemachter Klimawanel<\/a><\/li>\n<li><a title=\"Migrationspolitik\" href=\"https:\/\/www.freiburg-schwarzwald.de\/blog\/global\/migration\/migrationspolitik\/\">Migrationspolitik ab 2020<\/a><\/li>\n<li><a href=\"https:\/\/www.freiburg-schwarzwald.de\/blog\/engagement\/zukunft\/demokratie\/liberalismus\/milei\/\">Milei<\/a><\/li>\n<li><a href=\"https:\/\/www.freiburg-schwarzwald.de\/blog\/global\/deutschland\/moral2015\/moralismus\/\">Moralismus<\/a><\/li>\n<li><a title=\"Nachhaltigkeit\" href=\"https:\/\/www.freiburg-schwarzwald.de\/blog\/natur\/klima\/nachhaltigkeit\/\">Nachhaltigkeit<\/a><\/li>\n<li><a title=\"Spaltung\" href=\"https:\/\/www.freiburg-schwarzwald.de\/blog\/global\/deutschland\/spaltung\/\">Spaltung der Gesellschaft<\/a><\/li>\n<li><a title=\"Suffizienz\" href=\"https:\/\/www.freiburg-schwarzwald.de\/blog\/engagement\/zukunft\/suffizienz\/\">Suffizienz<\/a><\/li>\n<li><a title=\"Transformation\" href=\"https:\/\/www.freiburg-schwarzwald.de\/blog\/natur\/klima\/transformation\/\">Transformation zur \u00d6kodiktatur<\/a><\/li>\n<li><a title=\"Umwelt\" href=\"https:\/\/www.freiburg-schwarzwald.de\/blog\/natur\/umwelt\/\">Umwelt<\/a><\/li>\n<li><a href=\"https:\/\/www.freiburg-schwarzwald.de\/blog\/natur\/klima\/weltklimarat\/\">Weltklimarat IPCC<\/a><\/li>\n<li><a title=\"Weltuntergang\" href=\"https:\/\/www.freiburg-schwarzwald.de\/blog\/natur\/klima\/weltuntergang\/\">Weltuntergang<\/a><\/li>\n<li><a href=\"https:\/\/www.freiburg-schwarzwald.de\/blog\/business\/gesund\/who\/\">WHO<\/a><\/li>\n<li><a href=\"https:\/\/www.freiburg-schwarzwald.de\/blog\/natur\/klima\/world-climate\/\">World-Climate<\/a><\/li>\n<\/ul>\n<\/li>\n<\/ul>\n<p>&nbsp;<\/p>\n<p><strong>Unterwanderung durch WEF, WHO, GAVI &amp; Co<\/strong><br \/>\n<strong>Unterdr\u00fcckung und Befreiung, erneute Unterdr\u00fcckung, erneute Befreiung<\/strong><br \/>\nUnterdr\u00fcckung und Befreiung, erneute Unterdr\u00fcckung, erneute Befreiung. Das scheint irgendwie das Rad der Geschichte zu sein. Ob es ein Rad des Fortschritts ist, dar\u00fcber kann man streiten. Vielleicht dreht sich die Menschheit auch stetig im Kreis, muss \u00fcber die immer gleichen H\u00fcrden und St\u00f6ckchen springen. Jede Generation aufs Neue. Immer etwas anders. Immer \u00e4hnlich.<br \/>\nJesus k\u00e4mpfte gegen die Fremdherrschaft Roms. Bolivar gegen die Fremdherrschaft Spaniens. Und auch wir, Mitteleurop\u00e4er im Jahr 2024, k\u00e4mpfen gegen aufgedr\u00e4ngte und \u00fcbergest\u00fclpte Fremdherren, die sich im Innersten unserer Mitte festgesetzt haben und erst freundlich ausbreiteten, bis sie schlie\u00dflich begannen, uns zu unterjochen.<br \/>\nUnd auch wir, Mitteleurop\u00e4er im Jahr 2024, k\u00e4mpfen gegen aufgedr\u00e4ngte und \u00fcbergest\u00fclpte Fremdherren, die sich im Innersten unserer Mitte festgesetzt haben und erst freundlich ausbreiteten, bis sie schlie\u00dflich begannen, uns zu unterjochen. Unser \u201eFreund Amerika\u201c, der urspr\u00fcngliche Befreier. Die freudig sch\u00f6nen g\u00f6tterfunkelnden Vordenker der europ\u00e4ischen Einheitsidee, die erst die Klaviatur von Beseeltheit und romantisierender Einigkeit bespielten, und jetzt zu einer anonymen Produktionsst\u00e4tte immer neuer Unterjochungsinstrumente geworden sind. Gerne steht das Etikett Freiheit drauf, immer steckt Unterjochung, Krieg, B\u00fcrokratismus und Verrat drin. Die Schweizer befreiten sich einst von der Fremdherrschaft der Habsburger. <em><strong>Jetzt scheint dieses Land in die H\u00e4nde von Technokraten gefallen zu sein: WEF, WHO, GAVI &amp; Co.<\/strong><\/em> Die Menschenschinder im Mantel des Guten haben sich im freiesten Land der Welt niedergelassen, um den Rest der Welt unter ihr Joch zu zwingen. Wer \u00fcberfallen wird, merkt es fr\u00fch. Wer unterwandert wird, merkt es sp\u00e4t \u2013 zu sp\u00e4t?<br \/>\n.<br \/>\nNur ein Beispiel von vielen, weil es mir gerade ins Auge springt: In der \u201eRepublik\u201c lese ich einen Artikel von einer gewissen Anne Applebaum \u00fcber Trump und Nato. Applebaum arbeitete u.a. im Cluster UK der \u201cIntegrity Initiative\u201d, einem geheimdienstnahen, pro NATO-Think Tank, ist also gerne als bezahlte Propagandistin unterwegs (\u201cOperation Mockingbird\u201d l\u00e4sst gr\u00fc\u00dfen). Ziel der \u201eIntegrity Initatiative\u201c u.a.: Nordstream 2 verhindern. Von der \u201eRepublik\u201c erfahre ich das als Leser nicht. Die Redaktion der Republik pr\u00e4sentiert sie ihren F\u00f6rderern und Lesern als neutrale Stimme. \u201eSie lebt mit ihrem Mann in Polen\u201c, verr\u00e4t man uns euphemistisch. Ihr Mann, ein ehemaliger Minister und einflussreicher polnischer Politiker, bedankte sich per Twitter bei den USA f\u00fcr die Sprengung von Nordstream, also eines der Ziele der Geheimdienstinitiative Applebaums. Liebe \u201eRepublik\u201c, wen wollt ihr verarschen? Immer noch eure Leser? Oder schon l\u00e4ngst euch selbst?<br \/>\n.<br \/>\nDie Unterwanderung kommt stets auf leisen Pfoten, sie kriecht durch die Glasfasernetze des Internets in die Wohnzimmer, sie kommt im Mantel der \u201eguten\u201c Stiftungen, M\u00e4zene und F\u00f6rderer. Sie t\u00e4nzelt \u00fcber die Bildschirme zwangsgeb\u00fchrenfinanzierter Sendeanstalten. Alle bauen sie an einem gr\u00f6\u00dferen Projekt, von dem sie hoffen, alle zu profitieren. Es ist der \u201eschl\u00fcsselfertige Totalitarismus\u201c, ein System der Unterdr\u00fcckung, das sich durch alle Bereiche der Gesellschaft zieht, sich harmlos und freundlich gibt, und daher lange kaum Widerstand ausl\u00f6st. Bis der Moment der Wahrheit kommt und das Instrumentarium \u201escharfgestellt\u201c wird. Wer dann in der Falle sitzt, f\u00fcr den ist es zu sp\u00e4t. Die Ketten der neuen Sklaverei werden andere sein als fr\u00fcher.<br \/>\n&#8230; Alles von Milosz Matuschek vom 17.2.2024 bitte lesen auf<br \/>\n<a href=\"https:\/\/www.freischwebende-intelligenz.org\/p\/die-quelle-die-uns-nahrt-ist-der\">https:\/\/www.freischwebende-intelligenz.org\/p\/die-quelle-die-uns-nahrt-ist-der<\/a><\/p>\n<p>&nbsp;<\/p>\n<p>&nbsp;<\/p>\n<p><strong>WorldGovernmentSummit oder WorldGovernmentsSummit?<br \/>\n<\/strong>Weltregierung oder Weltklima \u2013 worum geht es wirklich<br \/>\nIch sage nicht, dass die Weltregierung kommt. Aber ich sage, dass daran gearbeitet wird \u2013 und zwar in aller \u00d6ffentlichkeit. Ein Vorspiel: Vom 13. bis zum 15. Februar 2023 fand in Dubai der \u00bbWorld Governments Summit\u00ab statt. Sehr, sehr wichtig ist das Plural-S in \u00bbGovernments\u00ab. Ohne dieses Plural-S k\u00f6nnte der Name sonst mit \u00bbWeltregierung-Gipfel\u00ab \u00fcbersetzt werden, und das ist wohl \u00bbnoch\u00ab zu fr\u00fch. (Ich habe es auch in deren eigenen Publikationen ohne das S gefunden, wechselweise, und beide Domains sind geschaltet: <a href=\"https:\/\/www.worldgovernmentsummit.org\">https:\/\/www.worldgovernmentsummit.org<\/a> und <a href=\"https:\/\/www.worldgovernmentssummit.org\">https:\/\/www.worldgovernmentssummit.org<\/a>.)<br \/>\nDie Weltbank war vertreten (<a href=\"https:\/\/www.worldgovernmentsummit.org\/events\/2023\/session-detail\/a0f3z00000teabfaagagility-and-resilience-addressing-the-global-development-crisis\">https:\/\/www.worldgovernmentsummit.org\/events\/2023\/session-detail\/a0f3z00000teabfaagagility-and-resilience-addressing-the-global-development-crisis<\/a>), Superinvestoren, Leute diverser \u00bbdiverser\u00ab Konzerne. Journalisten von CNN (link, link, link) moderierten die Talkrunden \u2013 wer auch sonst?<br \/>\nWo aber \u00bbWorld Government(s)\u00ab draufsteht, da darf nat\u00fcrlich ein Herr Klaus Schwab nicht fehlen (<a href=\"https:\/\/www.youtube.com\/watch?v=cDybeNbFJXE\">https:\/\/www.youtube.com\/watch?v=cDybeNbFJXE<\/a>). Von \u00bbRegierungen der Welt\u00ab zu \u00bbWeltregierung\u00ab sind es, je nach Perspektive, h\u00f6chstens noch zwei oder drei kleinere Krisen \u2013 oder eine richtig \u00bbgute\u00ab. Seine Ansprache trug den Titel: \u00bbThe State of the World\u00ab. Die Parallele ist denkbar offensichtlich. Der US-Pr\u00e4sident h\u00e4lt regelm\u00e4\u00dfig eine Ansprache zu \u00bbThe State of the Union\u00ab, also den USA. Und Schwab h\u00e4lt eine Keynote zu \u00bbThe State of the World\u00ab. Und Schwabs Ansage war klar: \u00bbWe have to reglobalize this world\u00ab. Er will die Welt \u00bbneu globalisieren\u00ab. Ich wei\u00df nicht, welcher urspr\u00fcngliche Globalisierungszustand ihm implizit vorschwebt \u2013 sei es drum. Sein <a href=\"https:\/\/www.freiburg-schwarzwald.de\/blog\/global\/globalisierung\/wef\/\">WEF (World Economic Forum)<\/a> ist stolz darauf, so sagt er, Gr\u00fcndungsmitglied dieses World Governments Summit zu sein.<br \/>\n&#8230;<br \/>\nDie Weltregierung kann und wird nicht gelingen, und der Grund ist fast schon traurig: Diejenigen, die das anstreben, sind zwar gut darin, in ihrem Kontext einen gewissen Status zu erlangen, doch in sonstigen Menschenangelegenheiten sind sie schlicht zu bl\u00f6d und \u00bbunweise\u00ab. (Betrachten Sie nur Deutschland: In welchem Geisteszustand muss man sein, um ein Gesetz zu verabschieden, wonach M\u00e4nner, die sich f\u00fcr Frauen erkl\u00e4ren, auch als solche zu behandeln sind? Und diese Geistesgr\u00f6\u00dfen wollen der Welt die Moral vorgeben, wollen Vordenker und Beispiel sein, von Asien \u00fcber Afrika bis Amerika und Antarktis? Hahahaha.)<br \/>\nEin Gutes hat es, wenn die M\u00e4chtigen es \u00fcbertreiben: dass es bald vorbei ist und etwas Neues beginnt. Nein, es wird keine Weltregierung kommen. Doch die Versuche, eine zu errichten, werden teils am\u00fcsant sein \u2013 und teils viel, viel Leid verursachen.<br \/>\n&#8230; Alles vom 1.12.2023 bitte lesen auf<br \/>\n<a href=\"https:\/\/www.dushanwegner.com\/weltklimaregierung\/\">https:\/\/www.dushanwegner.com\/weltklimaregierung\/<\/a><\/p>\n","protected":false},"excerpt":{"rendered":"<p>Home\u00a0&gt;Global\u00a0&gt;Globalisierung\u00a0&gt;NWO &gt;Global-Government &gt;World-Government Listenauswahl eines Beitrags: Bitte anklicken oder runterscrollen Redefreiheit: EU DSA WHO IPCC\u00a0(26.10.2025) Endlich: Der IGH der UN als \u201eWeltgericht\u201c rettet das Weltklima (28.7.2025) WHO \u2013 das Gegenteil von Gesundheit? Vortrag Dr. jur. Beate Sibylle Pfeil (9.2.2025) WHO-Pandemievertrag &hellip; <a href=\"https:\/\/www.freiburg-schwarzwald.de\/blog\/global\/globalisierung\/world-government\/\">Weiterlesen <span class=\"meta-nav\">&rarr;<\/span><\/a><\/p>\n","protected":false},"author":2,"featured_media":0,"parent":1180,"menu_order":0,"comment_status":"closed","ping_status":"closed","template":"","meta":{"footnotes":""},"class_list":["post-118086","page","type-page","status-publish","hentry"],"_links":{"self":[{"href":"https:\/\/www.freiburg-schwarzwald.de\/blog\/wp-json\/wp\/v2\/pages\/118086","targetHints":{"allow":["GET"]}}],"collection":[{"href":"https:\/\/www.freiburg-schwarzwald.de\/blog\/wp-json\/wp\/v2\/pages"}],"about":[{"href":"https:\/\/www.freiburg-schwarzwald.de\/blog\/wp-json\/wp\/v2\/types\/page"}],"author":[{"embeddable":true,"href":"https:\/\/www.freiburg-schwarzwald.de\/blog\/wp-json\/wp\/v2\/users\/2"}],"replies":[{"embeddable":true,"href":"https:\/\/www.freiburg-schwarzwald.de\/blog\/wp-json\/wp\/v2\/comments?post=118086"}],"version-history":[{"count":5,"href":"https:\/\/www.freiburg-schwarzwald.de\/blog\/wp-json\/wp\/v2\/pages\/118086\/revisions"}],"predecessor-version":[{"id":140637,"href":"https:\/\/www.freiburg-schwarzwald.de\/blog\/wp-json\/wp\/v2\/pages\/118086\/revisions\/140637"}],"up":[{"embeddable":true,"href":"https:\/\/www.freiburg-schwarzwald.de\/blog\/wp-json\/wp\/v2\/pages\/1180"}],"wp:attachment":[{"href":"https:\/\/www.freiburg-schwarzwald.de\/blog\/wp-json\/wp\/v2\/media?parent=118086"}],"curies":[{"name":"wp","href":"https:\/\/api.w.org\/{rel}","templated":true}]}}