{"id":117536,"date":"2023-11-21T12:49:43","date_gmt":"2023-11-21T11:49:43","guid":{"rendered":"https:\/\/www.freiburg-schwarzwald.de\/blog\/?page_id=117536"},"modified":"2026-06-16T12:43:37","modified_gmt":"2026-06-16T10:43:37","slug":"fussball-em2024","status":"publish","type":"page","link":"https:\/\/www.freiburg-schwarzwald.de\/blog\/sport\/sportlern\/fussball\/fussball-em2024\/","title":{"rendered":"Fussball-EM2024"},"content":{"rendered":"<p>Home &gt;<a title=\"Sport\" href=\"https:\/\/www.freiburg-schwarzwald.de\/blog\/sport\/\">Sport<\/a>\u00a0&gt;<a title=\"Fussball\" href=\"https:\/\/www.freiburg-schwarzwald.de\/blog\/sport\/sportlern\/fussball\/\">Fussball<\/a>\u00a0&gt;<a title=\"Sportvereine\" href=\"https:\/\/www.freiburg-schwarzwald.de\/blog\/sport\/sportvereine\/\">Sportvereine<\/a> &gt;<a href=\"https:\/\/www.freiburg-schwarzwald.de\/blog\/sport\/sportvereine\/scfreiburg\/\">SCfreiburg<\/a> &gt;Fussball-EM2024<\/p>\n<div id=\"attachment_19974\" style=\"width: 610px\" class=\"wp-caption alignnone\"><a href=\"https:\/\/www.freiburg-schwarzwald.de\/blog\/wp-content\/uploads\/2013\/01\/fussball3pan-100726.jpg\"><img loading=\"lazy\" decoding=\"async\" aria-describedby=\"caption-attachment-19974\" class=\"size-full wp-image-19974\" src=\"https:\/\/www.freiburg-schwarzwald.de\/blog\/wp-content\/uploads\/2013\/01\/fussball3pan-100726.jpg\" alt=\"\" width=\"600\" height=\"201\" srcset=\"https:\/\/www.freiburg-schwarzwald.de\/blog\/wp-content\/uploads\/2013\/01\/fussball3pan-100726.jpg 600w, https:\/\/www.freiburg-schwarzwald.de\/blog\/wp-content\/uploads\/2013\/01\/fussball3pan-100726-180x60.jpg 180w\" sizes=\"auto, (max-width: 600px) 100vw, 600px\" \/><\/a><p id=\"caption-attachment-19974\" class=\"wp-caption-text\">Fussball pur: Kicken am 26.7.2010 an der Grundschule FR-Littenweiler<\/p><\/div>\n<ul>\n<li><em>Listenauswahl eines Beitrags (Artikel\/Datum, Seite\/Inhalt): <span style=\"text-decoration: underline;\">Klicken<\/span> oder scrollen<\/em><\/li>\n<li><a href=\"https:\/\/www.freiburg-schwarzwald.de\/blog\/fussball-und-religion-trennung\/\">Fu\u00dfball und Religion: Trennung<\/a>\u00a0(16.6.2026)<\/li>\n<li><a href=\"https:\/\/www.freiburg-schwarzwald.de\/blog\/fussball-em-zeigt-niedergang\/\">Fussball-EM zeigt Niedergang<\/a>\u00a0(14.7.2024)<\/li>\n<li><a href=\"https:\/\/www.freiburg-schwarzwald.de\/blog\/wolfsgruss-oder-schweigefuchs\/\">Wolfsgru\u00df oder Schweigefuchs<\/a>\u00a0(7.7.2024)<\/li>\n<li><a href=\"https:\/\/www.freiburg-schwarzwald.de\/blog\/bpb-rechtsruck-nach-wm-2006\/\">Rechtsruck nach WM 2006<\/a>\u00a0(6.7.2024)<\/li>\n<li>Woke Propaganda bei der Fussball-EM (3.7.2024)<\/li>\n<li>Die drei wichtigsten Lektionen aus dem \u00d6sterreich-T\u00fcrkei-Spiel (3.7.2024)<\/li>\n<li><a href=\"https:\/\/www.freiburg-schwarzwald.de\/blog\/lamour-toujours-sylt-zeitgeist\/\">EM in Leipzig: \u00d6sterreichische Fans singen \u201eDeutschland den Deutschen\u201c zu \u201eL\u2018amour toujours\u201c<\/a> (3.7.2024)<\/li>\n<li><a href=\"https:\/\/www.freiburg-schwarzwald.de\/blog\/global\/integration\/deutschtuerken\/\">EM-Achtelfinale: T\u00fcrkischer Doppeltorsch\u00fctze zeigt rechtsextremen Wolfsgru\u00df<\/a>\u00a0(3.7.2024)<\/li>\n<li><a href=\"https:\/\/www.freiburg-schwarzwald.de\/blog\/sport\/sport-politik\/\">Netzwerk im DFB: Wie linke Ideologinnen die sch\u00f6nste Nebensache der Welt politisieren<\/a> (21.6.2024)<\/li>\n<li><a href=\"https:\/\/www.freiburg-schwarzwald.de\/blog\/engagement\/rassismus\/antiweisser-rassismus\/\">Gl\u00fcck f\u00fcr KGE: Gibt es keinen Rassismus gegen Wei\u00dfe?<\/a> (22.6.2024)<\/li>\n<li>Peinlicher EM-Tweet: Katrin G\u00f6ring-Eckardts rassistische Rhetorik entlarvt sich selbst (20.6.2024)<\/li>\n<li><a href=\"https:\/\/www.freiburg-schwarzwald.de\/blog\/sport\/sport-politik\/\">Fu\u00dfballweltmeister Thomas Berthold platzt der Kragen: \u201eDas sind alles L\u00fcgen\u201c<\/a> (18.6.2024)<\/li>\n<li><a href=\"https:\/\/www.freiburg-schwarzwald.de\/blog\/fussball-em-2024-politisierung\/\">Fussball-EM 2024 \u2013 Politisierung<\/a> (15.6.2024)<\/li>\n<li><a href=\"https:\/\/www.freiburg-schwarzwald.de\/blog\/kultur\/leitkultur\/multikulti\/vielfalt\/\">Fussball-EM: La\u00dft uns mit eurer verlogenen Vielfalt in Ruhe!<\/a> (15.6.2024)<\/li>\n<li>Anpfiff am Abgrund &#8211; EM2024 kein zweites Sommerm\u00e4rchen (15.6.2024)<\/li>\n<li>Afghane mit Messerattacke bei EM-Feier in Magdeburg (15.6.2024)<\/li>\n<li>Jenseits der Brandmauer muss die Freiheit wohl grenzenlos sein &#8211; vom Ersticken der Demokratie (15,6,2024)<\/li>\n<li>Der woke Griff nach der EM (12.6.2024)<\/li>\n<li><a href=\"https:\/\/www.freiburg-schwarzwald.de\/blog\/religion\/islam\/knife-jihad\/\">In Frankfurt auf der Fu\u00dfball-Meile: Afghane sticht Frau nieder. Einfach so<\/a> (11.6.2024)<\/li>\n<li><a href=\"https:\/\/www.freiburg-schwarzwald.de\/blog\/sport\/sport-politik\/\">Warum mich der Haltungssport aus dem Stadion vertrieben hat: eine Abrechnung<\/a>\u00a0(23.1.2024)<\/li>\n<li><a href=\"https:\/\/www.freiburg-schwarzwald.de\/blog\/fussball-deutschland-tuerkei-23\/\">Deutschland in Berlin ausgepfiffen, Israel spielt in Ungarn<\/a>\u00a0(19.11.2023)<\/li>\n<li><\/li>\n<li><a href=\"https:\/\/www.freiburg-schwarzwald.de\/blog\/religion\/islam\/knife-jihad\/\">Knife-Jihad<\/a><\/li>\n<li><a href=\"https:\/\/www.freiburg-schwarzwald.de\/blog\/sport\/sport-politik\/\">Sport-Politk<\/a><\/li>\n<\/ul>\n<p><strong>Politisierung\/Ideologisierung des Fussballs:<\/strong><br \/>\nRassismus von Katrin G\u00f6ring-Eckart: &#8222;Stellt euch vor, da w\u00e4ren nur wei\u00dfe Spieler&#8220;<br \/>\nRealismus von Apollo News: &#8222;Leistung gewinnt Spiele, nicht Hautfarbe bzw. Vielfalt&#8220;<br \/>\n.<br \/>\n<strong>Fussballspieler Toni Kroos (34) &#8211; fr\u00fcher Real Madrid:<\/strong><br \/>\n&#8222;Wenn mich jemand fragt, w\u00fcrdest Du Deine Tochter in Spanien um 23 Uhr rauslassen oder in einer deutschen Gro\u00dfstadt, w\u00e4re ich eher bei Spanien\u201c.<br \/>\n===========================================================<br \/>\n.<\/p>\n<p><strong>Woke Propaganda bei der Fussball-EM<\/strong><br \/>\nVor jedem Spiel der Fu\u00dfball-Europameisterschaft l\u00e4uft, zumindest in \u2019schland, ein Filmchen, das offenbar den Zweck verfolgt, die gesamte Veranstaltung zu labeln. Es beginnt mit einem aber so was von gastgeberlandestypischen Kopftuchm\u00e4dchen, das sich als Schiedsrichterin entpuppt \u2013 wer kennt sie nicht, die Muslima mit der Trillerpfeife auf dem Bolzplatz? \u2013, setzt sich fort \u00fcber ein paar greise Wei\u00dfe, die so lustiger- wie repr\u00e4sentativerweise mit Gehhilfen kicken, und einen Spieler mit Beinprothese, und f\u00fchrt schlie\u00dflich zu einem schwarzen J\u00fcngling, der dozierend an der Taktiktafel steht, also offenbar der Trainer ist; den Rest habe ich vergessen. Kurzum, es ist <a href=\"https:\/\/www.freiburg-schwarzwald.de\/blog\/kultur\/kulturverlust\/woke\/\">woke<\/a> Propaganda oder, volkst\u00fcmlich gesprochen, didaktischer Schei\u00df, eigens angefertigt, um den biodeutschen Teil des Publikums zu dressieren, zu kujonieren oder wenigstens zu \u00e4rgern.<br \/>\n.<br \/>\nIm Verh\u00e4ltnis zu den Turnieren vorher, als europ\u00e4ische Spielermillion\u00e4re wegen Vorf\u00e4llen auf amerikanischen Stra\u00dfen kollektiv vor dem Anpfiff im Mittelkreis in die Knie sanken, als die \u201eMannschaft\u201d sich demonstrativ beim Photo die M\u00fcnder zuhielt (und damit ihre tats\u00e4chliche Maulkorbtragepflicht unfreiwillig zum Ausdruck brachte) oder die Chefin des Berliner Ministeriums f\u00fcr Liebe als erste deutsche Politikerin seit 1936 auf der Trib\u00fcne mit einer \u2013 obendrein sexy engen \u2013 Armbinde aufkreuzte, im Verh\u00e4ltnis dazu, sage ich, halten sich diesmal die politischen Statements in Grenzen, n\u00e4herhin jenen von 1990, zumal der eifrigste Zeichensetzer und Gegen-rechts-K\u00e4mpfer L. Goretzka skandal\u00f6serweise aus dem Kader gestrichen wurde (Rechtsruck?).<br \/>\nGleichwohl bleiben dem Zuschauer das Buntheitsged\u00f6ns, das Gekakel \u00fcber zu viele oder zu wenige Spieler mit dem existenzveredelnden Hintergund und Parolen wie \u201eEinigkeit und Recht und Vielfalt\u201d auch heuer nicht erspart \u2013 dass die Freiheit der Vielfalt weichen muss, ist durchaus entlarvend. Ich bin mir ziemlich sicher, dass kaum ein Mensch dar\u00fcber reden w\u00fcrde, welches Spielermaterial im genetischen Sinne f\u00fcr Deutschland aufl\u00e4uft, wenn sich der DFB und die Vereine gegen die politische Kolonialisierung ihrer Leibes\u00fcbung gestr\u00e4ubt und den woken Konquistadoren, wie ein Qualit\u00e4tsjournalist formulieren w\u00fcrde, die Rote Karte gezeigt h\u00e4tten. Diese ganze \u201eRassismus-Debatte\u201d ist vors\u00e4tzlich von interessierter linksgr\u00fcner Seite herbeigef\u00fchrt worden. Der Sport wird auf eine erpresserische Weise instrumentalisiert \u2013 wer nicht mitzieht, ist gegen uns \u2013, wie man es aus Diktaturen kennt. Jeder Sieg der \u201eMannschaft\u201d ist unter diesen Umst\u00e4nden auch ein Sieg der Propaganda, und ich kann alle Zeitgenossen verstehen, die sich angewidert von diesem Agitproptheater abwenden.<br \/>\n(Wer\u2019s vers\u00e4umt hat: Hier habe ich recht ausf\u00fchrlich beschrieben, warum ich mir die Spiele zwar noch anschaue, mich aber jeglicher emotionalen Parteinahme entrate. <a href=\"https:\/\/www.klonovsky.de\/2024\/05\/18-mai-2024\/\">https:\/\/www.klonovsky.de\/2024\/05\/18-mai-2024\/<\/a> )<br \/>\n&#8230; Alles vom 3.7.2024 bitte lesen auf<br \/>\n<a href=\"https:\/\/www.klonovsky.de\/2024\/07\/3-juli-2024\/\">https:\/\/www.klonovsky.de\/2024\/07\/3-juli-2024\/<\/a><\/p>\n<p>&nbsp;<\/p>\n<p><strong>Die drei wichtigsten Lektionen aus dem \u00d6sterreich-T\u00fcrkei-Spiel<\/strong><br \/>\n<strong>&#8230; 2. Nationalismus ist cool<\/strong><br \/>\nNach einer Reihe weichgesp\u00fclter Spiele zwischen weichgesp\u00fclten Mannschaften trafen mit <a href=\"https:\/\/www.freiburg-schwarzwald.de\/blog\/global\/oesterreich\/\">\u00d6sterreich<\/a> und der <a href=\"https:\/\/www.freiburg-schwarzwald.de\/blog\/global\/tuerkei\/\">T\u00fcrkei<\/a> zwei Teams und Anh\u00e4ngerschaften aufeinander, die instinktiv wussten, wie spinnefeind sie sich sind. Auf der einen Seite der expansive Osmane, auf der anderen der feinsinnige aber wehrhafte goldene Apfel. Die historische Dimension dieses Aufeinandertreffens wird zumindest in der T\u00fcrkei sicherlich einigen Anh\u00e4ngern, die weitaus mehr Affinit\u00e4t f\u00fcr historische Bedeutungen haben, als hierzulande \u00fcblich ist, aufgefallen sein.<br \/>\nDa Fu\u00dfball \u2013 wie Sport im Allgemeinen \u2013 ja ohnehin das entmilitarisierte \u00c4quivalent zum kriegerischen Konflikt darstellt, profitierte die Atmosph\u00e4re des an Intensit\u00e4t kaum zu \u00fcberbietenden Matches von der Konkurrenz auf dem Feld, wie auch auf den Trib\u00fcnen, enorm. Denn wof\u00fcr m\u00fcsste man denn sonst noch eine Europameisterschaft austragen, wenn ohnehin alle Mannschaften nur noch eine multikulturelle und austauschbare Gruppe von globalisierten Million\u00e4ren darstellen, die obendrein auch noch einen von drei international anerkannten Spielstilen pflegen?<br \/>\nNein, das Match \u00d6sterreich gegen T\u00fcrkei war gepr\u00e4gt von einer Intensit\u00e4t, als schriebe man das Jahr 1683 und die Stadtmauern Wiens st\u00fcnden kurz vor dem Kollaps. Nur tauchte diesmal leider nicht der rettende Pole auf. Dennoch bot das Spiel eben jenen Stolz und jenes nationale Konkurrenzgef\u00fchl, das den Fu\u00dfball \u00fcberhaupt erst sehenswert macht. Es ist eben diese gez\u00fcgelte Animosit\u00e4t und Konkurrenz, die dem Sport erst seine Narrative verleiht.<br \/>\nBei einer EM, bei der man sich immer h\u00e4ufiger die Frage stellt, wof\u00fcr man verschiedene Nationen noch gegeneinander antreten lassen muss, war das Duell \u00d6sterreich gegen die T\u00fcrkei eine Infusion des Feuers des Nationalstolzes vergangener Tage und zeigte somit wieder einmal, wie wichtig solche identit\u00e4tsstiftenden Momente sind.<br \/>\n.<br \/>\n<em>Wenn ich 2 Personen aus dem #AUTTUR-Spiel hervorheben m\u00fcsste:<\/em><br \/>\n<em>Dann ist f\u00fcr mich Ralph Rangnick, der sich eindeutig gegen Rechtsextremismus positioniert hat, der Sieger!<\/em><br \/>\n<em>Der klare Verlierer ist der t\u00fcrk. Spieler Demiral, der durch einen rechtsextremistischen Wolfsgru\u00df negativ auffiel!<\/em><br \/>\n<em>2.7.2024, <a href=\"https:\/\/x.com\/Berivan_Aslan_\/status\/1808258614617858469\">https:\/\/x.com\/Berivan_Aslan_\/status\/1808258614617858469<\/a><\/em><br \/>\n&#8230;<br \/>\nNicht nur spielerisch offenbarte sich das in der Tatsache endloser vergebener Chancen der \u00d6sterreicher, w\u00e4hrend die T\u00fcrken die Gunst von zwei Chancen zu zwei Toren nutzten, nein, vor allem am Rande des Geschehens wurde deutlich, wie die Zeichen der Zeit stehen. W\u00e4hrend der Doppeltorsch\u00fctze seinen zweiten Treffer ungestraft mit dem Gru\u00df der Grauen W\u00f6lfe feierte, sind \u00d6sterreichs Trainer Ralf Rangnick und sein St\u00fcrmer Michael Gregoritsch vor allem darum bem\u00fcht gewesen, sich politisch gegen Rechts zu positionieren. Gregoritsch tat dies sogar noch nach der Niederlage. Der hatte echt nichts Besseres zu tun.<br \/>\n&#8230; Alles vom 3.7.2024 bitte lesen auf<br \/>\n<a href=\"https:\/\/www.tichyseinblick.de\/feuilleton\/glosse\/oesterreich-tuerkei-drei-lektionen\/\">https:\/\/www.tichyseinblick.de\/feuilleton\/glosse\/oesterreich-tuerkei-drei-lektionen\/<\/a><\/p>\n<p>&nbsp;<\/p>\n<p><strong>Peinlicher EM-Tweet: G\u00f6ring-Eckardts rassistische Rhetorik entlarvt sich selbst<\/strong><br \/>\n\u201eStellt euch vor, da w\u00e4ren nur wei\u00dfe Spieler\u201c &#8211; Am Abend des Ungarn-Spiels (D-U: 2-0) irritiert die Gr\u00fcnen-Politikerin Katrin G\u00f6ring-Eckardt mit einem Beitrag \u00fcber Hautfarben. Mit solchen Bemerkungen stigmatisiert und spaltet die Bundestagsvizepr\u00e4sidentin.<br \/>\n&#8230;<br \/>\nRassifizierung und Spaltung statt Schwarz-Rot-Gold und Gemeinsamkeit<br \/>\nEgal, wie es jetzt in Nachhinein gemeint gewesen sein soll: Das ist ein Satz, der Menschen aufgrund ihrer Hautfarbe kategorisiert und gewichtet. Wer kontinuierlich von einer bunten Gemeinschaft schw\u00e4rmt und \u201egegen Rassismus\u201c ist, kann nicht andererseits Menschen so spalten und rassifizieren, wie G\u00f6ring-Eckardt es tut.<br \/>\nEs ist eine rassistische Entgleisung \u2013 und es auch ist der hohle Diskurs eines wei\u00dfen Gutmenschen, der auch die nicht-wei\u00dfen Spieler im Team abwertet und zu reinen Objekten von G\u00f6ring-Eckardts Rhetorik macht. Wir sollen Jamal Musiala etwa gut finden, weil er einen Migrationshintergrund hat \u2013 nicht, weil er ein guter Fu\u00dfballer ist?<br \/>\n&#8230;<br \/>\nVideo von Max Roland:<br \/>\n<a href=\"https:\/\/www.youtube.com\/watch?v=YGrP6nzjrNY&amp;t=2s\">https:\/\/www.youtube.com\/watch?v=YGrP6nzjrNY&amp;t=2s<\/a><br \/>\n<a href=\"https:\/\/apollo-news.net\/katrin-goering-eckardt-blamage-und-der-rassismus-gegen-weisse-nationalspieler\/\">https:\/\/apollo-news.net\/katrin-goering-eckardt-blamage-und-der-rassismus-gegen-weisse-nationalspieler\/<\/a><\/p>\n<p>Die Bundestagsvizepr\u00e4sidentin er\u00f6ffnet einen v\u00f6llig hohlen Rasse-Diskurs, den niemand braucht, der niemandem hilft \u2013 und der nur irritiert und spaltet. Und sie signalisiert den Deutschen, die nicht Jamal oder \u0130lkay, sondern vielleicht noch Paul oder Peter hei\u00dfen: Ihr seid ein Problem. Wer stets \u201eVielfalt\u201c und \u201eAntirassismus\u201c beschw\u00f6rt, aber dann mit seiner Rhetorik Menschen aufgrund ihrer Hautfarbe und Abstammung stigmatisiert, entlarvt sich nur selbst.<br \/>\n&#8230;. Alles vom 20.6.2024 bitte lesen auf<br \/>\n<a href=\"https:\/\/apollo-news.net\/peinlicher-em-tweet-goering-eckardts-rassistische-rhetorik-entlarvt-sich-selbst\/\">https:\/\/apollo-news.net\/peinlicher-em-tweet-goering-eckardts-rassistische-rhetorik-entlarvt-sich-selbst\/<\/a><\/p>\n<p>&nbsp;<\/p>\n<p><strong>Anpfiff am Abgrund &#8211; EM2024 kein zweites Sommerm\u00e4rchen<\/strong><br \/>\nIm Manova-Exklusivgespr\u00e4ch mit Walter van Rossum erl\u00e4utern der Fu\u00dfballweltmeister Thomas Berthold, der Philosoph Matthias Burchardt und der Kommunikationsforscher Michael Meyen, warum die Fu\u00dfball-EM kein zweites Sommerm\u00e4rchen wird.<br \/>\n\u201eUnited by Football\u201c lautet das Motto der gerade angelaufenen Fu\u00dfballeuropameisterschaft in Deutschland. Wir erlauben uns in diesem Gespr\u00e4ch ein deutliches Fragezeichen hinter diese Formel zu setzen. \u201eUnited by Football\u201c l\u00e4sst deutlich eine politische Absicht erkennen. Fu\u00dfball soll es irgendwie retten. Er soll der Kitt sein, der die Gesellschaft zusammenh\u00e4lt, oder besser: wieder zusammenf\u00fchrt. Pausenlos wird das \u201eSommerm\u00e4rchen\u201c beschworen \u2014 die sch\u00f6nen Fu\u00dfballwochen 2006, als die Weltmeisterschaft in Deutschland ausgetragen wurde. Mag sein, dass das damals eine gro\u00dfe gegl\u00fcckte Party war. Mit Sicherheit hat sich damals das Land nicht neu erfunden oder ging es gar gesellschaftlich aufw\u00e4rts, wie in \u00f6ffentlich-rechtlichen Fu\u00dfball-Andachten gerne verk\u00fcndet wird.<br \/>\n&#8230; Alles vom 15.6.2024 bitte lesen auf<br \/>\n<a href=\"https:\/\/www.manova.news\/artikel\/anpfiff-am-abgrund\">https:\/\/www.manova.news\/artikel\/anpfiff-am-abgrund<\/a><br \/>\n.<\/p>\n<p><strong>Jenseits der Brandmauer muss die Freiheit wohl grenzenlos sein &#8211; vom Ersticken der Demokratie<\/strong><br \/>\nDie Brandmauer ist der Zaun um das neue Versailles einer mental rapide alternden und sich zunehmend hermetisch abschottenden politischen Klasse, denen die W\u00e4hler immer h\u00e4ufiger die Gefolgschaft verweigern, auch wenn ihre Medien mit allen Mitteln dagegen anschreiben und ansenden.<br \/>\nDie realexistierende Blase verwirklicht sich derzeit in der Brandmauergemeinschaft, die letztlich ein Produkt des politisch-medialen Komplexes geworden ist. Ein Komplex, der so weit fusioniert hat, dass man von einem Politikkombinat sprechen kann, den Kombinat Gr\u00fcne Pumpe, in dem Medien und Politiker sich gegenseitig vorantreiben in immer gr\u00f6\u00dfere Absurdit\u00e4ten, weil sie den Kontakt zur Wirklichkeit verloren haben.<br \/>\n&#8230;<br \/>\n<em>EM24Erziehung<\/em><br \/>\n<em><a href=\"https:\/\/x.com\/argonerd\/status\/1801530736081834496\">https:\/\/x.com\/argonerd\/status\/1801530736081834496<\/a><\/em><br \/>\n.<br \/>\nUnd auch die Fu\u00dfball-EM wird keine Ablenkung bieten, denn Freude am Fu\u00dfball war gestern, jetzt hei\u00dft es, wachsam zu sein, die Regenbogenfarben anstatt die Farben der deutschen Demokratie zu tragen, denn ntv l\u00e4sst bereits einen \u2013 nun ja, Soziologen \u2013 warnen: \u201eDann werden aus einer Anfeuerung f\u00fcr die deutsche Mannschaft schnell Schm\u00e4hges\u00e4nge gegen andere, die die Grenzen zum Rassismus oder Nationalismus \u00fcberschreiten. Wenn eine \u00dcberh\u00f6hung der eigenen Nation stattfindet und gleichzeitig eine Abwertung von anderen Nationen, ist diese Grenze im Grunde immer \u00fcberschritten.\u201c Denn: \u201eAus Anfeuern wird schnell Rassismus.\u201c Bleibt hinter der Brandmauer eigentlich gen\u00fcgend Platz f\u00fcr ein Fu\u00dfballfeld?<\/p>\n<p>&#8230; Alles vom 15.6.2024 von Klaus-R\u00fcdiger Mai bitte lesen auf<br \/>\n<a href=\"https:\/\/www.tichyseinblick.de\/meinungen\/vom-ersticken-der-demokratie\/\">https:\/\/www.tichyseinblick.de\/meinungen\/vom-ersticken-der-demokratie\/<\/a><\/p>\n<p>&nbsp;<\/p>\n<p><strong>Der woke Griff nach der EM<\/strong><br \/>\nUnd viele Fans hoffen, dass der Fu\u00dfball jetzt wieder so wird wie fr\u00fcher \u2013 wie 2006, 2008, 2010, 2014. Wo Fu\u00dfball Sport und Nationalereignis war, nicht Politik-Klamauk und Wokeness-Parade. Und trotzdem \u2013 so richtig begeistert sind die Deutschen nicht von dem, was eigentlich zum perfekten Fu\u00dfball-Sommer werden kann.<br \/>\nDenn wo Fans einfach Bratwurst, Bier und Schwarz-Rot-Gold wollen, hat der Filz aus entr\u00fcckten Funktion\u00e4ren und Politikern hinter der Heim-EM da freilich andere Vorstellungen. Die Bundesregierung war im Vorlauf des Turniers eifrig bem\u00fcht, die Europameisterschaft zum politischen Gro\u00dfevent zu verunstalten \u2013 UEFA, DFB und die Bundesregierung wollen die EM zu einem Instrument f\u00fcr allerlei angeblich gute Vors\u00e4tze machen. Der DFB als \u201eweltweit gr\u00f6\u00dfter Sport-Fachverband\u201c \u00fcbe \u201eeinen erheblichen Einfluss auf den gesamten Fu\u00dfball und die Gesellschaft aus\u201c, hei\u00dft es darin \u2013 diese \u201eChance\u201c wolle man nutzen.<\/p>\n<p>EM \u00e0 la Faeser: Kampf gegen &#8222;Diskriminierung und Rassismus&#8220;<br \/>\nEtwa mit einer Menschenrechtserkl\u00e4rung zur Fu\u00dfball-Europameisterschaft, die Innenministerin Faeser, Arbeitsminister Heil und der DFB im November vorstellten, oder diversen anderen Papieren der gleichen Machart: Bei der EM gehe es um \u201eVertretung von Minderheiten, F\u00f6rderung der Geschlechtergleichstellung und Vorbeugung von Diskriminierung und Rassismus\u201c. Mit diesem Konzept werde \u201edie EURO 2024 einen einzigartigen Platz in der Geschichte des Turniers einnehmen\u201c.<br \/>\nNachhaltigkeit werde die \u201ezentrale Rolle im Turnier spielen\u201c, erkl\u00e4rt man. Und auch Gesellschaftspolitik soll gemacht werden \u2013 am Rande der Europameisterschaft f\u00fchren UEFA und Bundesregierung eifrig einen Kulturkampf mit linken Themen rund um Migration, Klima und Queer. Die politisch Verantwortlichen und die Sportverb\u00e4nde kriegen \u00fcberhaupt nicht mit, wie die Stimmung im Fu\u00dfball-Volk ist.<br \/>\n&#8230; Alles vom 12.6.2024 bitte lesen auf<br \/>\n<a href=\"https:\/\/apollo-news.net\/der-woke-griff-nach-der-em\/\">https:\/\/apollo-news.net\/der-woke-griff-nach-der-em\/<\/a><\/p>\n<p>&nbsp;<\/p>\n","protected":false},"excerpt":{"rendered":"<p>Home &gt;Sport\u00a0&gt;Fussball\u00a0&gt;Sportvereine &gt;SCfreiburg &gt;Fussball-EM2024 Listenauswahl eines Beitrags (Artikel\/Datum, Seite\/Inhalt): Klicken oder scrollen Fu\u00dfball und Religion: Trennung\u00a0(16.6.2026) Fussball-EM zeigt Niedergang\u00a0(14.7.2024) Wolfsgru\u00df oder Schweigefuchs\u00a0(7.7.2024) Rechtsruck nach WM 2006\u00a0(6.7.2024) Woke Propaganda bei der Fussball-EM (3.7.2024) Die drei wichtigsten Lektionen aus dem \u00d6sterreich-T\u00fcrkei-Spiel (3.7.2024) &hellip; <a href=\"https:\/\/www.freiburg-schwarzwald.de\/blog\/sport\/sportlern\/fussball\/fussball-em2024\/\">Weiterlesen <span class=\"meta-nav\">&rarr;<\/span><\/a><\/p>\n","protected":false},"author":2,"featured_media":0,"parent":19970,"menu_order":0,"comment_status":"closed","ping_status":"closed","template":"","meta":{"footnotes":""},"class_list":["post-117536","page","type-page","status-publish","hentry"],"_links":{"self":[{"href":"https:\/\/www.freiburg-schwarzwald.de\/blog\/wp-json\/wp\/v2\/pages\/117536","targetHints":{"allow":["GET"]}}],"collection":[{"href":"https:\/\/www.freiburg-schwarzwald.de\/blog\/wp-json\/wp\/v2\/pages"}],"about":[{"href":"https:\/\/www.freiburg-schwarzwald.de\/blog\/wp-json\/wp\/v2\/types\/page"}],"author":[{"embeddable":true,"href":"https:\/\/www.freiburg-schwarzwald.de\/blog\/wp-json\/wp\/v2\/users\/2"}],"replies":[{"embeddable":true,"href":"https:\/\/www.freiburg-schwarzwald.de\/blog\/wp-json\/wp\/v2\/comments?post=117536"}],"version-history":[{"count":6,"href":"https:\/\/www.freiburg-schwarzwald.de\/blog\/wp-json\/wp\/v2\/pages\/117536\/revisions"}],"predecessor-version":[{"id":150483,"href":"https:\/\/www.freiburg-schwarzwald.de\/blog\/wp-json\/wp\/v2\/pages\/117536\/revisions\/150483"}],"up":[{"embeddable":true,"href":"https:\/\/www.freiburg-schwarzwald.de\/blog\/wp-json\/wp\/v2\/pages\/19970"}],"wp:attachment":[{"href":"https:\/\/www.freiburg-schwarzwald.de\/blog\/wp-json\/wp\/v2\/media?parent=117536"}],"curies":[{"name":"wp","href":"https:\/\/api.w.org\/{rel}","templated":true}]}}