{"id":117340,"date":"2023-11-14T21:11:00","date_gmt":"2023-11-14T20:11:00","guid":{"rendered":"https:\/\/www.freiburg-schwarzwald.de\/blog\/?page_id=117340"},"modified":"2023-11-15T14:09:36","modified_gmt":"2023-11-15T13:09:36","slug":"wir","status":"publish","type":"page","link":"https:\/\/www.freiburg-schwarzwald.de\/blog\/engagement\/wir\/","title":{"rendered":"wir"},"content":{"rendered":"<p>d<\/p>\n<div id=\"attachment_117239\" style=\"width: 650px\" class=\"wp-caption alignnone\"><a href=\"https:\/\/www.freiburg-schwarzwald.de\/blog\/wp-content\/uploads\/2023\/11\/demo1-wir-gemeinsam-pan2311-1.jpg\"><img loading=\"lazy\" decoding=\"async\" aria-describedby=\"caption-attachment-117239\" class=\"size-full wp-image-117239\" src=\"https:\/\/www.freiburg-schwarzwald.de\/blog\/wp-content\/uploads\/2023\/11\/demo1-wir-gemeinsam-pan2311-1.jpg\" alt=\"\" width=\"640\" height=\"430\" srcset=\"https:\/\/www.freiburg-schwarzwald.de\/blog\/wp-content\/uploads\/2023\/11\/demo1-wir-gemeinsam-pan2311-1.jpg 640w, https:\/\/www.freiburg-schwarzwald.de\/blog\/wp-content\/uploads\/2023\/11\/demo1-wir-gemeinsam-pan2311-1-180x121.jpg 180w\" sizes=\"auto, (max-width: 640px) 100vw, 640px\" \/><\/a><p id=\"caption-attachment-117239\" class=\"wp-caption-text\">Gemeinsam unterwegs f\u00fcr Frieden, Freiheit und Demokratie auf der Demo in Freiburg am 11.11.2023<\/p><\/div>\n<ul>\n<li><a href=\"https:\/\/www.freiburg-schwarzwald.de\/blog\/corona-wissen-ignorieren\/\">Corona: Wissen ignorieren<\/a>\u00a0(15.11.2023)<\/li>\n<li>\u201eWir\u201c? Nein \u2013 Ich nicht (14.11.2023)<\/li>\n<li><a href=\"https:\/\/www.freiburg-schwarzwald.de\/blog\/wir-schaffen-es-nicht-mehr\/\">Wir schaffen es nicht (mehr)<\/a>\u00a0(16.10.2023)<\/li>\n<li><a href=\"https:\/\/www.freiburg-schwarzwald.de\/blog\/wir-schaffen-das-yes-we-can\/\">Wir schaffen das &#8211; yes we can <\/a>(20.2.2016)<\/li>\n<li><\/li>\n<li><a href=\"https:\/\/www.freiburg-schwarzwald.de\/blog\/global\/migration\/wir-schaffen-das\/\">Wir-schaffen-das<\/a><\/li>\n<\/ul>\n<p><strong>Wir-Appell: Aufmuntern (Zukunft) oder Schuld verallgemeinern (R\u00fcckblick)<br \/>\n<\/strong>.<br \/>\nSpricht ein Politiker von &#8222;wir&#8220;, dann ist etwas gescheitert<br \/>\n=====================================================<\/p>\n<p><strong>\u201eWir\u201c? Nein \u2013 Ich nicht<\/strong><br \/>\nNeuerdings begegnet Ihnen das W\u00f6rtchen &#8222;Wir&#8220; wieder recht oft: &#8222;Wir waren zu tolerant&#8220;, &#8222;Wir waren zu naiv und zu bequem&#8220;, &#8222;Wir&#8220; haben darin \u201eversagt, die Zuwanderung nach Deutschland zu steuern und zu begrenzen&#8220;, &#8222;Wir als Gesellschaft haben den Antisemitismus nicht gesehen oder wollten ihn nicht sehen.\u201c Der Herbst 2023: Ein Versuch der Vergemeinschaftung des eigenen Versagens.<br \/>\nWir. Wir? \u201eWir waren offenbar zu tolerant\u201c. Felix Klein. \u201eWir haben das alles sehenden Auges zugelassen.\u201c \u201eWir (\u2026) waren zu naiv und zu bequem.\u201c Ulf Poschardt. \u201eWir als Gesellschaft haben den Antisemitismus nicht gesehen oder wollten ihn nicht sehen.\u201c B\u00e4rbel Bas. Wir haben darin \u201eversagt, die Zuwanderung nach Deutschland zu steuern und zu begrenzen.\u201c Sigmar Gabriel.<br \/>\nWir? Tut mir leid: ich nicht. Wir nicht.<br \/>\n&#8230;<br \/>\nNein, nicht \u201ewir\u201c haben versagt. Es geht um das seit Jahren andauernde Versagen in der deutschen Politik und den deutschen Medien, das L\u00fcgengeb\u00e4ude, demzufolge nur Fachkr\u00e4fte einwanderten, deren Integration Aufgabe der deutschen \u201eWillkommenskultur\u201c sei und dass der Islam zu Deutschland geh\u00f6re \u2013 ohne sich jemals zu fragen, ob \u201eder Islam\u201c https:\/\/www.achgut.com\/artikel\/worthuelsen_wettstreit_mit_dem_islam das \u00fcberhaupt will.<br \/>\n&#8230;<br \/>\nAha. Und jetzt sollen \u201eWir als Gesellschaft\u201c, jahrelang beschimpft, diffamiert, verunglimpft die Kohlen aus dem Feuer holen, weiteres Unheil verhindern, soll es \u201eeinen Schulterschluss aller gesellschaftlichen Gruppen gegen Judenfeindlichkeit\u201c geben, wie Bundestagspr\u00e4sidentin B\u00e4rbel Bas fordert? Das ist nichts anderes als die Vergemeinschaftung des eigenen Versagens trotz jahrelanger Kritik. Das ist erb\u00e4rmlich, hilf- und folgenlos und die Selbstaufgabe politischen Handelns. Dagegen gilt es, sich als \u201eGesellschaft\u201c, als \u201eWir\u201c zu wehren.<br \/>\n&#8230; Alles vom 14.11.2023 von Cora Stephan bitte lesen auf<br \/>\n<a href=\"https:\/\/www.tichyseinblick.de\/kolumnen\/stephans-spitzen\/wir-nein-ich-nicht\/\">https:\/\/www.tichyseinblick.de\/kolumnen\/stephans-spitzen\/wir-nein-ich-nicht\/<\/a><br \/>\n.<br \/>\nEinige Kommentare:<br \/>\nDas \u201eWIR\u201c gibt es nicht mehr. Eine Gesellschaft ohne WIR ist gespalten, sie h\u00e4lt nicht zusammen, sie schaut nur immer auf den eigenen, pers\u00f6nlichen Vorteil. Eine gesunde Gesellschaft sind st\u00e4dtische- bzw. Dorfgemeinschaften, das sind Vereine, Organisationen, Freiwillige Helfer, etc.) h\u00e4lt zusammen, sie wehrt sich zusammen, sie steht zusammen f\u00fcr einander ein. Dieses WIR wurde ganz gezielt und bewusst zerst\u00f6rt, sp\u00e4testens mit Corona und den Lockowns war es offensichtlich und klar erkennbar. Die Ergebnisse sieht man t\u00e4gt\u00e4glich auf den Stra\u00dfen unserer St\u00e4dte: ein WIR gibt es nicht mehr. In den D\u00f6rfern hingegen sieht es noch besser aus, daher sind die D\u00f6rfler auch bei ein Linksgr\u00fcnen so verhasst, sie w\u00fcrden die D\u00f6rfer am liebsten abschaffen und alle Leute dort in die (ohnehin \u00fcberf\u00fcllten) St\u00e4dte zwingen. Und der Grund? Divide et impere, wie immer. WGr<br \/>\n.<br \/>\nDas \u201ewir haben Platz\u201c war in diesem Kontext ja auch immer im wahrsten Sinne des Wortes ein Evergreen, das von Heuchlern herausgeschrien wurde, die nicht im Traum daran dachten, einen von den bildungsfernen muslimischen Integrationsverweigerern in ihrer eigenen Nachbarschaft zu dulden. Da passt es gut zusammen, dass die gleichen \u201ewir\u201c jetzt alle in Mithaftung nehmen wollen, die vor der islamistischen Masseneinwanderung warten und daf\u00fcr aufs \u00fcbelste diffamiert wurden. San<br \/>\n.<br \/>\nWenn man sich das Wahlverhalten der deutschen Untertanen so ansieht, dann hat dieses \u201eWir\u201c durchaus seine Berechtigung. Diejenigen, die vor diesem Irrsinn gewarnt haben, waren leider \u00fcber Jahre hinweg die Minderheit, genau wie die Ungeimpften. Dass man diese Minderheit ausgegrenzt, diffamiert, pathologisiert und oft auch kriminalisiert hat, ist zutreffend. Dass wir Recht behalten haben stimmt auch, aber was n\u00fctzt es uns? Wir sitzen im gleichen Boot wie die Mitl\u00e4ufer, Ja-Sager und Profiteure dieser verbrecherischen, irrationalen und b\u00fcrgerfeindlichen Politik. Das \u201eWir\u201c soll uns nun eingemeinden ins Deppen-Dorf der weltfremden Mitl\u00e4ufer und unkritischen Ja-Sager. Es ist jetzt schon abzusehen, dass man sich nicht bei den Verfemten entschuldigen wird. Es wird eine Kehrtwende vollzogen, die sich allerdings in wortreichem Bedauern dar\u00fcber ersch\u00f6pfen wird, dass man beim eigenen Versagen erwischt wurde. An der Politik der massenhaften Armutszuwanderung, der Apologie des Islam und der Kriminalisierung Andersdenkender wird sich nichts \u00e4ndern. Das ist sicher. J.Sch.<br \/>\n.<br \/>\nDanke f\u00fcr den ausgezeichneten Beitrag, liebe Frau Doktor Stephan. Ich habe dieses sozialistische Wort \u201cwir\u201c schon immer wie die Pest gemieden. Weil es aus dem Munde der Ewigmorgigen in der Regel \u201cihr\u201c bedeutet. Die Transformation von Armut, Kriminalit\u00e4t, Unfreiheit auf das schaffende Volk, das den \u201cWir\u201c- Sagern ihr Leben in Luxus und Verblendung erst erm\u00f6glicht. Weder ich noch \u201cwir\u201c haben mit der rotgr\u00fcnen Raserei etwas zu tun. Genauso wenig mit \u201cunserer Demokratie \u201e, die nichts anderes als die Herrschaft eines politischen und gesellschaftlichen Kartells ist. \u201cWir\u201c steht f\u00fcr mich f\u00fcr die 15 Millionen realer Steuerzahler, die Aufrechten, die Flei\u00dfigen. Und die Widerborstigen. \u201cWir sind das Volk\u201c. Daf\u00fcr steht dies kleine W\u00f6rtchen! Und \u201c wir\u201c werden \u00fcber kurz oder lang daf\u00fcr sorgen, dass die Wir- Sprechpuppen im Orkus verschwinden. A.St.<br \/>\n.<br \/>\nDie politische Klasse ist gro\u00dfz\u00fcgig darin \u201ewir\u201c-Schuld mit der Kelle auszuteilen. Wo sind die Konsequenzen, f\u00fcr die die in tats\u00e4chlicher Verantwortung und Gestaltungsmacht stehen? R\u00fccktritt unter Pensionsverzicht w\u00e4re das Mindeste! A.w.M.<br \/>\n.<br \/>\nDas \u201eWir\u201c wird immer bem\u00fcht, wenn der Schmutz in der Breite verteilt werden soll, damit alle \u201egleich schuldig\u201c wirken, wo sonst sich die \u201eGleicheren\u201c abgesondert haben. Da war ich mal das \u201ePack\u201c, dann Teil von \u201eDunkeldeutschland\u201c oder hatte gar angeblich \u201e\u2026nur Ha\u00df im Herzen\u201c, als Mahner war man \u201enicht hilfreich\u201c oder hat sich ausserhalb des \u201edemokratischen Konsens\u201c gestellt oder sich schlicht gleich f\u00fcr eine Diskussion \u201edisqualifiziert\u201c. Wer weiss, vielleicht setzt sich ja als Lesart die Mitschuld \u201enach Lauterbach\u201c durch, nach der bin ich schuldig, da ich als Zweifler einfach zu leise war\u2026 Ben<br \/>\n.<br \/>\nErfolge sind eigener Verdienst, Misserfolge werden kollektiviert, klar doch. Insbesondere, wenn das Pack recht hatte. Schon lange. Wir faffen daff. Gie<br \/>\n.<br \/>\nNicht wir haben das nicht gesehen, sondern ihr: Ihr B\u00e4rchenwerfer, welcome refugees, eine Arml\u00e4nge Abstand, als Vergewaltiger eines Kindes auf gutem Wege befindlicher Migrant, Bilder von j\u00fcdischen Mordopfern abrei\u00dfende, die t\u00e4glichen Messermorde als Lapalie abtuende und so weiter wart das ganz alleine!<br \/>\nUnd mittendrin habt ihr euch bei Corona voll vera\u2026 lassen, aber das habt ihr ja auch schon wieder vergessen! Col<br \/>\n.<br \/>\nch empfinde es als eine abgrundtiefe Frechheit, wenn (Regierungs-)Politiker angesichts ihres eigenen Versagens pl\u00f6tzlich von \u201eWir\u201c und damit auch noch in meinem Namen sprechen, obwohl ich sie noch nicht mal gew\u00e4hlt habe!<br \/>\nIch war nicht \u201ezu tolerant\u201c, Herr Klein!<br \/>\nIch war nicht \u201ezu naiv und zu bequem\u201c, Herr Porschardt!<br \/>\nIch habe den Antisemitismus sehr wohl kommen sehen, Frau Bas!<br \/>\nUnd ich war auch nicht derjenige, der \u201eversagt\u201c hat, Herr Gabriel!<br \/>\nDeswegen habe ich Eure Parteien auch nie gew\u00e4hlt und werde sie nie w\u00e4hlen!<br \/>\nStatt dessen mussten Leute wie ich sich von solchen Zivilversagern (die aufgrund ihrer pol. Blindheit und Unf\u00e4higkeit in der Regierung genauso versagten) als \u201eRechts\u201c*-irgendwas oder \u201eNazi\u201c oder \u201ePack\u201c o.\u00e4. diffamieren lassen, damit diese d\u00fcmmste Regierung aller Zeiten bis zum Erbrechen weiter w\u00fcten konnte. Und dieses Erbrechen kommt jetzt. Tes<br \/>\n.<br \/>\nDoch, doch, ist schon richtig. Wir B\u00fcrger haben es in der Hand, die ganze verlogene Polit-Mischpoke in die W\u00fcste zu schicken. Jammern und w\u00fcten hilft nicht! Wir m\u00fcssen nur endlich unser Kreuzchen an der richtigen Stelle machen! S.B.<br \/>\n.<br \/>\nWenn das \u201eWir\u201c von Politikern in jedem Satz vorkommt, ist die h\u00f6chste Alarmstufe erreicht, dann sind unsere Politdarsteller v\u00f6llig \u00fcberfordert, werden hektisch und machen einen Fehler nach dem anderen, um die vorher gegangenen zu vertuschen. Jedes Wort dieses Beitrags l\u00e4sst sich doppelt unterstreichen, ich oder auch wir f\u00fchle(n) mich\/uns nicht im geringsten angesprochen, wir tragen keine Verantwortung f\u00fcr die Verantwortungslosigkeit von Politik, Medien und Teilen der Gesellschaft, wir d\u00fcrfen sie nur immer wieder und mit immer h\u00f6heren Abgaben bezahlen, mussten und m\u00fcssen uns als Menschen, die kritisch sind und Fragen stellen, ausgrenzen lassen und werden jetzt mit allen Anderen ebenso den von der Politik so trefflich bereiteten Weg in den Abgrund gehen und uns von dem gewohnten Leben, das wir uns erarbeitet haben, Abschied nehmen, denn wir wissen ja jetzt, \u201eArmut ist der neue Reichtum\u201c und \u201eKontrolle ist die neue Freiheit\u201c. Au\u00dferdem \u201em\u00fcssen wir unser Zusammenleben t\u00e4glich neu aushandeln\u201c oder uns ganz einfach und eindeutig zur Wehr setzen und zu Millionen auf die Stra\u00dfe gehen, um unserem Berliner Gruselkabinett klar zu machen, wer der Souver\u00e4n ist und dass endlich die Interessen unseres Landes und seiner Menschen zu vertreten sind. M.Sch.<br \/>\n.<br \/>\nNein, ich auch nicht!!! Ich wurde in der Buchhandlung \u201eangesehen\u201c, als ich nach Sarrazin fragte. Den w\u00fcrden sie nicht f\u00fchren, wer wei\u00df, in welche Kan\u00e4le der Erl\u00f6s des Buches ginge\u2026 Seitdem habe ich kein Interesse mehr, den Buchhandel zu retten. Ich wurde von Gabriel als Pack bezeichnet. Als ich, fr\u00fcher CDU-W\u00e4hlerin ab 2015 mein Kreuz bei der AfD machte, wurde ich von scheinheiligen streng katholischen \u201eFreunden\u201c als Nazi bezeichnet und das war`s nach 40 Jahren. Jeder mit gesundem Menschenverstand h\u00e4tte diese Entwicklung voraussehen k\u00f6nnen. Nein, ich nicht!!! Sil<br \/>\n.<br \/>\n&#8222;Dagegen gilt es, sich als \u201eGesellschaft\u201c, als \u201eWir\u201c zu wehren.&#8220;<br \/>\nJa, es w\u00fcrde gelten. Aber dieses Volk ist offenbar politisch (noch?) zu \u00e4ngstlich, zu sehr manipuliert, desinteressiert und zu sehr ins Bockshorn gejagt, um sich profiliert demokratisch selbstbewusst zu wehren. Man schwimmt lieber mit dem Strom, da kann man \u201enicht viel falsch machen\u201c\u2026man gibt demokratiezerst\u00f6rerisches, mitl\u00e4uferisches Duckm\u00e4usertum als angemessenes Streben nach politischem Ma\u00df und Mitte aus. Da schluckt man dann auch ein zu Unrecht in Mithaftung nehmendes \u201eWir\u201c. Es lebt sich so herrlich verantwortungsbefreit, wenn man gar nicht mehr w\u00e4hlen geht bzw. auf keinen Fall diese komische neue Alternativ-Partei, auf die das \u201eWir Demokraten\u201c-Kartell mit dem Finger zeigt, w\u00e4hlt. Man kann dann zwar \u00fcber \u201edie Politik\u201c weiter leise schimpfen und grummeln, aber w\u00e4scht dabei seine H\u00e4nde in Unschuld \u2013 best of both worlds, man selbst hat sie ja nicht gew\u00e4hlt. So funktionierte Deutschland. Bisher. Das l\u00e4sst die Realit\u00e4t jetzt bald nicht mehr zu. kar<br \/>\n.<br \/>\nNDR, 14.10., Kommentar Nahostkonflikt: \u201eWir haben als Gesellschaft versagt. Wir haben ein Klima geschaffen, in dem Leute es f\u00fcr v\u00f6llig selbstverst\u00e4ndlich halten, in eine Fernsehkamera zu lachen und sich \u00fcber den Hamas-Terror zu freuen, als sei Judenhass eine normale Meinungs\u00e4u\u00dferung. Wir haben zu wenig hingeguckt, waren zu lax, an der falschen Stelle zu naiv.\u201c<br \/>\nNein \u2013 Diesen Schuh ziehe ich mir nicht an. Viele andere Beobachter wohl auch nicht. Bemerkenswert und psychologisch interessant ist ja nur, dass sich all diejenigen, die immer gegen sogenannte Rechte, Rechtsradikale, Fremdenfeinde, Demokratieunf\u00e4hige gewettert haben (das andernorts, etwa beim Kampf gegen rechts, auch weiter tun werden, klar!), sie jetzt hier und da selektiv solidarisch vereinnahmen und umarmen. Sie sollen doch wenigstens als WIR mit schuld sein! Nicht, dass die Andersdenkenden, von denen man sich immer distanziert hat, letztlich noch etwas Recht gehabt h\u00e4tten, mehr Recht als man selber. Das w\u00e4re zu bl\u00f6d.<br \/>\nK\u00f6nnten diejenigen, die sich in den Medien, als gesellschaftliche Gruppen oder in der Politik \u201egeirrt\u201c haben, nicht mal so viel Verantwortungsgef\u00fchl besitzen, ihre Schuld jetzt auch ALLEIN zu tragen, nicht der \u201eGesellschaft\u201c zuzuschustern. Und vor allem: Konsequenzen zu ziehen. Nur daran, ob Konsequenzen gezogen werden, erkennt man letztlich, ob die ganzen betretenen Oh-Gott-Wir-haben-leider!-\u2026.-Bekenntnisse ernst gemeint sind. lo<br \/>\n.<br \/>\n\u201eWir\u201c haben seit Jahr und Tag darauf hingewiesen, dass mit der muslimischen Massenzuwanderung kein Problem gel\u00f6st, daf\u00fcr viele zus\u00e4tzliche geschaffen werden.<br \/>\n\u201eWir\u201c warnen seit mehr als einem Jahrzehnt vor der zerst\u00f6rerischen Klimaideologie nebst Energiewendeschwachsinn.<br \/>\n\u201eWir\u201c wollten schon immer weniger Bevormundung durch Staat und B\u00fcrokraten, bekommen aber immer mehr.<br \/>\n\u201eWir\u201c waren damit wahlweise \u201eNazis\u201c, \u201ealte wei\u00dfe M\u00e4nner\u201c oder \u201eQuerdenker\u201c und haben die Schnauze voll von den \u201eWir\u201c- Sagern. W.H.<br \/>\n.<br \/>\nAlles sch\u00f6n und gut, aber wie viele von denen, die behaupten, nicht zum \u201eWir\u201c zu geh\u00f6ren, haben Rotgr\u00fcngelbschwarz gew\u00e4hlt und tun es immer noch. Ich kenne durchaus Leute, die sich diesen Kittel anziehen m\u00fcssen. Denn diese Typen, die da in der Einleitung zitiert werden, sind ja weder vom Himmel gefallen, noch aus den Gr\u00e4bern gekrochen. Irgendwer \u2014 so zirka 80% der Wahlbev\u00f6lkerung \u2014 hat sie gew\u00e4hlt und w\u00fcrde sie immer noch w\u00e4hlen. J.B.<br \/>\n.<br \/>\nDas ist nichts anderes als die Vergemeinschaftung des eigenen Versagens trotz jahrelanger Kritik.\u201c Danke, Frau Stephan \u2013 besser kann man es nicht ausdr\u00fccken. Ern<br \/>\nEnde Kommentare<\/p>\n<p>&nbsp;<\/p>\n","protected":false},"excerpt":{"rendered":"<p>d Corona: Wissen ignorieren\u00a0(15.11.2023) \u201eWir\u201c? Nein \u2013 Ich nicht (14.11.2023) Wir schaffen es nicht (mehr)\u00a0(16.10.2023) Wir schaffen das &#8211; yes we can (20.2.2016) Wir-schaffen-das Wir-Appell: Aufmuntern (Zukunft) oder Schuld verallgemeinern (R\u00fcckblick) . Spricht ein Politiker von &#8222;wir&#8220;, dann ist etwas &hellip; <a href=\"https:\/\/www.freiburg-schwarzwald.de\/blog\/engagement\/wir\/\">Weiterlesen <span class=\"meta-nav\">&rarr;<\/span><\/a><\/p>\n","protected":false},"author":2,"featured_media":0,"parent":148,"menu_order":0,"comment_status":"closed","ping_status":"closed","template":"","meta":{"footnotes":""},"class_list":["post-117340","page","type-page","status-publish","hentry"],"_links":{"self":[{"href":"https:\/\/www.freiburg-schwarzwald.de\/blog\/wp-json\/wp\/v2\/pages\/117340","targetHints":{"allow":["GET"]}}],"collection":[{"href":"https:\/\/www.freiburg-schwarzwald.de\/blog\/wp-json\/wp\/v2\/pages"}],"about":[{"href":"https:\/\/www.freiburg-schwarzwald.de\/blog\/wp-json\/wp\/v2\/types\/page"}],"author":[{"embeddable":true,"href":"https:\/\/www.freiburg-schwarzwald.de\/blog\/wp-json\/wp\/v2\/users\/2"}],"replies":[{"embeddable":true,"href":"https:\/\/www.freiburg-schwarzwald.de\/blog\/wp-json\/wp\/v2\/comments?post=117340"}],"version-history":[{"count":5,"href":"https:\/\/www.freiburg-schwarzwald.de\/blog\/wp-json\/wp\/v2\/pages\/117340\/revisions"}],"predecessor-version":[{"id":117361,"href":"https:\/\/www.freiburg-schwarzwald.de\/blog\/wp-json\/wp\/v2\/pages\/117340\/revisions\/117361"}],"up":[{"embeddable":true,"href":"https:\/\/www.freiburg-schwarzwald.de\/blog\/wp-json\/wp\/v2\/pages\/148"}],"wp:attachment":[{"href":"https:\/\/www.freiburg-schwarzwald.de\/blog\/wp-json\/wp\/v2\/media?parent=117340"}],"curies":[{"name":"wp","href":"https:\/\/api.w.org\/{rel}","templated":true}]}}