{"id":117331,"date":"2023-11-14T20:56:21","date_gmt":"2023-11-14T19:56:21","guid":{"rendered":"https:\/\/www.freiburg-schwarzwald.de\/blog\/?page_id=117331"},"modified":"2026-01-24T09:26:40","modified_gmt":"2026-01-24T08:26:40","slug":"corona-symposium","status":"publish","type":"page","link":"https:\/\/www.freiburg-schwarzwald.de\/blog\/business\/gesund\/corona-virus\/corona-symposium\/","title":{"rendered":"Corona-Symposium"},"content":{"rendered":"<p><a href=\"https:\/\/freiburg-schwarzwald.de\/blog\">Home<\/a>\u00a0&gt;<a title=\"Zukunft\" href=\"https:\/\/www.freiburg-schwarzwald.de\/blog\/engagement\/zukunft\/\">Zukunft<\/a>\u00a0&gt;<a title=\"Demokratie\" href=\"https:\/\/www.freiburg-schwarzwald.de\/blog\/engagement\/zukunft\/demokratie\/\">Demokratie<\/a>\u00a0&gt;<a title=\"Deutschland\" href=\"https:\/\/www.freiburg-schwarzwald.de\/blog\/global\/deutschland\/\">Deutschland<\/a>\u00a0&gt;<a href=\"https:\/\/www.freiburg-schwarzwald.de\/blog\/global\/deutschland\/gesellschaft\/\">Gesellschaft<\/a> &gt;<a href=\"https:\/\/www.freiburg-schwarzwald.de\/blog\/business\/gesund\/corona-virus\/corona-aufarbeitung\/\">Corona-Aufarbeitung<\/a> &gt;Corona-Symposium<\/p>\n<div id=\"attachment_114900\" style=\"width: 650px\" class=\"wp-caption alignnone\"><a href=\"https:\/\/www.freiburg-schwarzwald.de\/blog\/wp-content\/uploads\/2023\/08\/corona-isolation-terror-pan2020.jpg\"><img loading=\"lazy\" decoding=\"async\" aria-describedby=\"caption-attachment-114900\" class=\"size-full wp-image-114900\" src=\"https:\/\/www.freiburg-schwarzwald.de\/blog\/wp-content\/uploads\/2023\/08\/corona-isolation-terror-pan2020.jpg\" alt=\"\" width=\"640\" height=\"315\" srcset=\"https:\/\/www.freiburg-schwarzwald.de\/blog\/wp-content\/uploads\/2023\/08\/corona-isolation-terror-pan2020.jpg 640w, https:\/\/www.freiburg-schwarzwald.de\/blog\/wp-content\/uploads\/2023\/08\/corona-isolation-terror-pan2020-180x89.jpg 180w\" sizes=\"auto, (max-width: 640px) 100vw, 640px\" \/><\/a><p id=\"caption-attachment-114900\" class=\"wp-caption-text\">Corona-Angstmache, Isolation, Unfreiheit 2020-2022: Wir vergessen nichts<\/p><\/div>\n<ul>\n<li><a href=\"https:\/\/www.freiburg-schwarzwald.de\/blog\/rki-files-veroeffentlicht-akteur\/\">RKI-Files ver\u00f6ffentlicht \u2013 Akteur?<\/a>\u00a0(25.3.2024)<\/li>\n<li>Fazit des \u00d6konomen Stefan Homburg zu Corona (1.12.2023)<\/li>\n<li>H\u00f6hepunkte des 2. Corona-Symposiums der AfD-Fraktion im Bundestag (25.11.2023)<\/li>\n<li>Corona-Symposium der AfD: Sucharit Bhakdi spricht im Bundestag (16.11.2023)<\/li>\n<li>Coronasymposium im Deutschen Bundestag. Wo waren ARD &amp; ZDF? (15.11.2023)<\/li>\n<li><a href=\"https:\/\/www.freiburg-schwarzwald.de\/blog\/corona-wissen-ignorieren\/\">Corona: Wissen ignorieren<\/a> (15.11.2023)<\/li>\n<li>Bhakdi: Corona-Politik war \u201eGro\u00dfverbrechen, das jetzt aufgeflogen ist\u201c (14.11.2023)<\/li>\n<li><a href=\"https:\/\/www.freiburg-schwarzwald.de\/blog\/business\/gesund\/corona-virus\/corona-aufarbeitung\/\">Corona-Symposium im Bundestag \u2013 und Mainstream schaut weg<\/a> (12.11.2023)<\/li>\n<li>Corona-Symposium 11.\/12.11.2023: Videos (12.11.2023)<\/li>\n<li><a href=\"https:\/\/www.freiburg-schwarzwald.de\/blog\/business\/gesund\/corona-virus\/corona-aufarbeitung\/\">Prof Stefan Homburg: 2020-2022 gab es nichts Besonderes, keine Pandemie<\/a> (11.11.2023)<\/li>\n<\/ul>\n<p><strong>2. Corona-Symposium der AfD im Deutschen Bundestag 11.\/12.2023<br \/>\n<\/strong>2. Corona-Symposium der AfD-Fraktion im Deutschen Bundestag &#8211; Tag 1 (Samstag), 11.11.2023, <a href=\"https:\/\/youtu.be\/lxXRDsLUc_M\">https:\/\/youtu.be\/lxXRDsLUc_M<\/a><br \/>\n.<br \/>\n2. Corona-Symposium der AfD-Fraktion im Bundestag &#8211; Tag 2 (Sonntag), 12.11.2023, <a href=\"https:\/\/youtu.be\/XnvtYibTQmk\">https:\/\/youtu.be\/XnvtYibTQmk<\/a><br \/>\n=========================================================<\/p>\n<p><strong>Fazit des \u00d6konomen Stefan Homburg zu Corona<\/strong><br \/>\nUnbedingt zu erw\u00e4hnen ist hier auch das Fazit der vergangenen vier Jahre durch den renommierten \u00d6konomen und Finanzwissenschaftler Stefan Homburg auf dem \u201e2. Corona-Symposium\u201c im Deutschen Bundestag: So sank im vorgeblichen Pandemie-Jahr 2020 bundesweit die Klinikbelegung auf ein Allzeittief \u2013 so das Bundesgesundheitsministerium. Auch gab es 2020 und 2021 nicht mehr schwere Atemwegserkrankungen als \u00fcblich. \u201eCorona kam, die Influenza verschwand\u201c \u2013 so die RKI-Sentinel-Daten. Auch starben 2020 altersstandardisiert nicht mehr Menschen als sonst. Erst seit 2021 (also dem Beginn der mRNA-Injektionen) nimmt die Sterblichkeit zu \u2013 so die Zahlen des Statistischen Bundesamtes. Demnach war, wer mit oder an Corona starb, im Mittel 83 Jahre alt, die \u00fcbrigen Verstorbenen 82 Jahre \u2013 so die Daten des RKI und des Statistischen Bundesamtes. Es war also alles normal. Klinisch, in bezug auf echte Krankheiten und Todesf\u00e4lle, gab es nichts Besonderes. Die Vorstellung einer \u201ePandemie\u201c ergab sich ausschlie\u00dflich aus neuartigen anla\u00dflosen Massentests, deren Ergebnisse enorm schwankten und den irrigen Eindruck vermittelten, es g\u00e4be mehr Kranke und Tote als sonst.<br \/>\nEs ist erstaunlich, wie die Politik auf diese klinische Normallage reagierte: Sie schlo\u00df Kitas, Schulen, Gesch\u00e4fte, Kirchen und Betriebe monatelang, lie\u00df Alte isolieren und einsam sterben, zerst\u00f6rte Existenzen. Die Polizei verbot das Buchlesen auf einer Parkbank, machte Jagd auf Jugendliche im Freien und auf Kinder im Schnee, pr\u00fcgelte friedliche Demonstranten nieder. Die Politik grenzte jeden aus, der nach dem Sinn der Ma\u00dfnahmen fragte. Sie lie\u00df das ZDF verk\u00fcnden, Kinder seien viren\u00fcbertragende Ratten, und Ungeimpfte wurden als \u201eBlindd\u00e4rme\u201c diffamiert, die nicht zum Volksk\u00f6rper geh\u00f6rten. Eine Sprache, wie wir sie seit 75 Jahren nicht mehr kannten.<br \/>\nDies wirft etliche Fragen auf: Warum lie\u00df die Politik ein Schockpapier schreiben, das etwa Kindern Angst machte, ihre Gro\u00dfeltern durch Ersticken umzubringen, statt die Bev\u00f6lkerung zu beruhigen, um Kollateralsch\u00e4den zu vermeiden? Und warum sa\u00df in der Schockpapier-Kommission kein einziger Arzt, wohl aber ein Soziologe und Deutschlehrer? Warum befeuerte die Politik diese Panikmache jahrelang? Sollten die Ma\u00dfnahmen wirklich Ansteckungen verhindern, was sie offensichtlich nicht taten, oder dienten sie vielmehr dem Ziel, den Impfwiderstand der Bev\u00f6lkerung zu brechen? Und warum hat die Politik die Verabreichung eines experimentellen Impfstoffs nicht nur erlaubt, sondern die Menschen durch 2G\/3G und sektorale Impfpflichten faktisch gezwungen, den Stoff zu nehmen? Warum gab es Notzulassungen ohne Not? Warum haben unz\u00e4hlige Impfsch\u00e4den keine Konsequenzen? Covid-19 war \u00fcbrigens, so die freigeklagten Pfizer-Dokumente, die am dritth\u00e4ufigsten festgestellte Impfkomplikation \u2013 neben Myo- und Perikarditis, Sinusvenenthrombose, Gesichtsl\u00e4hmung, Guillain-Barr\u00e9-Syndrom, Tinnitus, Migr\u00e4ne, Turbokrebs, um nur einige wenige Impfsch\u00e4digungen zu nennen.<br \/>\n&#8230; Alles vom 1.12.2023 von Ludger Gesigora, L\u00fcdinghausen bitte lesen in der JF 49\/23, Seite 23, <a href=\"https:\/\/www.junge-freiheit.de\">https:\/\/www.junge-freiheit.de<\/a><\/p>\n<p>&nbsp;<\/p>\n<p><strong>H\u00f6hepunkte des 2. Corona-Symposiums der AfD-Fraktion im Bundestag<\/strong><br \/>\nAm 11. und 12. November 2023 fand das 2. Corona-Symposium der AfD-Fraktion im Deutschen Bundestag statt. Zwei Tage lang machten ausgewiesene Experten wie Prof. Dr. Sucharit Bhakdi, Prof. Dr. Stefan Homburg, Prof. Dr. Andreas S\u00f6nnichsen, Dr. Ronald Weikl, Dr. Gunter Frank, der <a href=\"https:\/\/www.freiburg-schwarzwald.de\/blog\/teilhabe-analog-und-digital\/\">Datenanalyst Tom Lausen<\/a>, Prof. Dr. Paul Cullen oder der Pathologe Prof. Dr. Walter Lang die Veranstaltung aufgrund ihrer hohen Fachkompetenz f\u00fcr alle Beteiligten zu einem unvergesslichen Ereignis.<br \/>\nZusammenfassung der H\u00f6hepunkte. &#8218;<br \/>\n25.11.2023, <a href=\"https:\/\/youtu.be\/QooYeYc57D8\">https:\/\/youtu.be\/QooYeYc57D8<\/a>, 1:17 Std<br \/>\n.<br \/>\nEinige Kommentare:<br \/>\nWow! Was f\u00fcr eine gro\u00dfartige Zusammenfassung mit wunderbaren und hochqualifizierten Menschen + Zeitzeugen und interessanten + wichtigen Berichten. Adl<br \/>\n.<br \/>\nDieses Video sollte an den Schulen gezeigt werden, um den Kindern zu zeigen, was ihnen bl\u00fcht, wenn sie nicht wachsam sind. Fra<br \/>\n.<br \/>\nch finde das voll super dass ihr einen Zusammenschnitt der 11 Stunden gemacht habt. Vielen Dank! So werden sehr viel mehr Menschen die Kernbotschaften der Referenten mitkriegen, was auch Grundlage(Aufkl\u00e4rung) daf\u00fcr ist dass Aufarbeitung stattfinden kann. ma<br \/>\nEnde Kommentare<\/p>\n<p>.<\/p>\n<p><strong>Corona-Symposium der AfD: Sucharit Bhakdi spricht im Bundestag<\/strong><br \/>\nAm vergangenen Wochenende fand im Bundestag das zweite Corona-Symposium der AfD statt. Der Protest der Redner richtete sich vor allem gegen die Impfungen.<br \/>\n&#8230;<br \/>\nMedien berichten nicht \u00fcber Veranstaltung<br \/>\nDas erste Symposium in den R\u00e4umen des Bundestags fand bereits im Juli 2020 statt. Damals gab es so gut wie keine Berichterstattung in den Medien \u00fcber das Event. Drei Jahre sp\u00e4ter st\u00f6\u00dft das Thema Corona-Aufarbeitung in den Leitmedien weiterhin auf nur wenig Interesse, obwohl zahlreiche Impfkritiker und Lockdown-Gesch\u00e4digte nach einer politischen Aufarbeitung verlangen. Au\u00dfer der AfD lehnen alle Parteien im Bundestag die Einsetzung eines Untersuchungsausschusses mehrheitlich ab.<br \/>\nViele Teilnehmer des AfD-Symposiums forderten, dass die politisch Verantwortlichen f\u00fcr Fehleinsch\u00e4tzungen w\u00e4hrend der Corona-Zeit zur Rechenschaft gezogen werden m\u00fcssten. Des Weiteren, so der Vorwurf vieler Anwesender im Raum, sollen sich einige Politiker in Deutschland zum Beispiel mithilfe von Maskendeals an der Pandemie bereichert haben. Verd\u00e4chtige Transaktionen sollten im Nachhinein \u00fcberpr\u00fcft und mutwillige Verst\u00f6\u00dfe bestraft werden, so die Forderung der AfD. Die Stimmung ist aufgeheizt: Aus den Reihen rufen einzelne Teilnehmer immer wieder \u201eWiderstand\u201c.<br \/>\nF\u00fcr die meisten Redner des Symposiums hat es sich bei Covid-19 nicht um eine Pandemie gehandelt. Sowohl in Lausens als auch in anderen Vortr\u00e4gen wurde zum Beispiel das Wort Pandemie nur mit Anf\u00fchrungszeichen benutzt. Die Notfalllage sei aus politischen Gr\u00fcnden einberufen worden, hei\u00dft es, und die Regierung habe unn\u00f6tig Panik in der Bev\u00f6lkerung erzeugt.<br \/>\nDiese These eint die Pandemiekritiker im Raum. \u201ePandemien kommen, wenn sie gebraucht werden, und sie h\u00f6ren auf, wenn sie nicht mehr gebraucht werden\u201c, fasst der Medizinhistoriker Gerd Reuther seine Kritik in einer Rede zusammen. Die Nicht-Anerkennung der Pandemie ist eine Extremposition, die von kaum einem Wissenschaftler ernsthaft vertreten wird. Strittig sind allerdings Ver\u00e4nderungen im Pandemie-Begriff, der die Ausrufung einer Pandemie durch die Weltgesundheitsorganisation (WHO) erleichtert. Am 11. M\u00e4rz 2020 wurde die Verbreitung des Coronavirus als Pandemie ausgerufen.<br \/>\nDie meisten Redner, die w\u00e4hrend des Symposiums vorgetragen haben, lehnen die Autorit\u00e4t der Weltgesundheitsorganisation rundweg ab. Einige fordern sogar Deutschlands Austritt aus der WHO. Viele f\u00fcrchten den in Vorbereitung befindlichen Pandemievertrag zwischen den Mitgliedstaaten und der WHO, der eine einheitliche Handhabung bei der Ausrufung von Pandemien f\u00fcr alle Mitgliederstaaten vorsehen soll.<br \/>\n&#8230; Alles vom 16.11.2023 bitte lesen auf<br \/>\n<a href=\"https:\/\/www.berliner-zeitung.de\/politik-gesellschaft\/corona-symposium-der-afd-im-bundestag-gelingt-die-aufarbeitung-li.2158634\">https:\/\/www.berliner-zeitung.de\/politik-gesellschaft\/corona-symposium-der-afd-im-bundestag-gelingt-die-aufarbeitung-li.2158634<\/a><\/p>\n<p>&nbsp;<\/p>\n<p><strong>Coronasymposium im Deutschen Bundestag. Wo waren ARD &amp; ZDF?<\/strong><br \/>\nMan mag \u00fcber die AfD (Alternative f\u00fcr Deutschland) denken, wie man will, aber man muss anerkennen, sie engagiert sich f\u00fcr die Aufarbeitung der Coronajahre, u.a. auch im Corona-Untersuchungsausschuss im Landtag Brandenburg. Und sie hat die Coronapolitik der Regierung fr\u00fchzeitig kritisch hinterfragt, als einzige Partei in Deutschland. Es w\u00e4re w\u00fcnschenswert, die anderen Parteien k\u00f6nnten zumindest jetzt den pr\u00fcfenden und faktenbasierten R\u00fcckblick mit vorantreiben. Den B\u00fcrgern brennen viele Fragen zu Corona auf den N\u00e4geln, wie beim Zweiten Coronasymposium der AfD-Fraktion am 11. und 12. November 2023 im Deutschen Bundestag in den Fragerunden zu bemerken war.<\/p>\n<p>Corona ist nicht vorbei \u2013 war das Fazit vieler Redner: Zwar h\u00e4tte es in den \u201eCoronajahren\u201c laut Prof. Dr. Andreas S\u00f6nnichsen zu keinem Zeitpunkt eine epidemische Lage nationaler Tragweite gegeben, aber es werde dennoch weiter auf einen Impfstoff gesetzt, der h\u00f6chst riskant sei. Effektivit\u00e4t und Sicherheit der Impfstoffe seien zu Beginn der massiven Impfkampagne g\u00e4nzlich unbekannt gewesen. Wie konnten \u00c4rzte und Politiker unter diesen Voraussetzungen den Impfstoff als sicher und wirksam anpreisen? Bis heute w\u00fcrde am Impfen gegen Corona festgehalten, obwohl es nach Aussagen der anwesenden Experten aufgrund von Nebenwirkungen, Todesf\u00e4llen und diverser toxischer Inhaltsstoffe der Ampullen sofort gestoppt werden m\u00fcsste. In der Bundeswehr gelte weiterhin die Impfpflicht. Masken w\u00fcrden bis heute als wirksam verkauft, obwohl es immer noch keine Studie gebe, die ihre Wirksamkeit belegt.<br \/>\nEs seien au\u00dferdem immer noch juristische Prozesse in Gang, etwa gegen \u00c4rzte wie Dr. Ronald Weikl, dem man vorwirft, dass er Maskenatteste f\u00fcr Kinder mit Atemnot ausgestellt habe. Auch bef\u00e4nden sich \u00c4rzte, die dem hippokratischen Eid treu geblieben sind, weiterhin in Haft. Der Kriminologe Bj\u00f6rn Lars Oberndorf vermutet hier eine \u201eUntersuchungshaft aus politischen Gr\u00fcnden\u201c, wie im Fall des Arztes Dr. Heinrich Habig.<\/p>\n<p>Kritische Wissenschaftler w\u00fcrden geradezu verfolgt, darunter der Mikrobiologe Prof. Dr. Sucharit Bhakdi und der Immunologe und Toxikologe Prof. Dr. Stefan Hockertz, der f\u00fcr seinen Vortrag per Video zugeschaltet war, weil er in Deutschland bedroht wird. Hausdurchsuchungen, wie sie auch der Facharzt f\u00fcr Innere Medizin Dr. Walter Weber aus Hamburg erlebt hat, geh\u00f6rten mittlerweile zur Alltagserfahrung von \u00c4rzten, Wissenschaftlern und unbescholtenen B\u00fcrgern, die es gewagt haben sich kritisch zur Coronapolitik zu \u00e4u\u00dfern. Auf den alarmierenden Zustand des Rechtssystems bezog sich auch Rechtsanwalt Dr. Josef Hingerl, der die Verurteilung des Richters Christian Dettmar aus Weimar als \u201eBlattschuss f\u00fcr die Judikative\u201c einordnete, der alle Richter beeinflusst h\u00e4tte.<br \/>\n&#8230; Alles vom 15.11.2023 bitte lesen auf<br \/>\n<a href=\"https:\/\/clubderklarenworte.de\/coronasymposium-im-deutschen-bundestag\/\">https:\/\/clubderklarenworte.de\/coronasymposium-im-deutschen-bundestag\/<\/a><\/p>\n<p>&nbsp;<\/p>\n<p>&nbsp;<\/p>\n<p><strong>Bhakdi: Corona-Politik war \u201eGro\u00dfverbrechen, das jetzt aufgeflogen ist\u201c<\/strong><br \/>\nIn Corona-Zeiten wurde der Mediziner und Professor Sucharit Bhakdi zu einem der am heftigsten diffamierten Menschen in Deutschland. Er wurde in den gro\u00dfen Medien entmenschlicht, es fand eine regelrechte Hetzjagd, inklusive Rufmord, gegen ihn statt. Seine Argumente gegen die Corona-Politik wurden nicht nur ignoriert \u2013 sie wurden verteufelt. Die Generalstaatsanwaltschaft in Schleswig-Holstein brachte Bhakdi mit absurden Vorw\u00fcrfen vor Gericht. Den Freispruch durch den Richter will die Beh\u00f6rde, die der CDU-gef\u00fchrten Landesregierung gegen\u00fcber weisungsgebunden ist, nicht akzeptieren. Sie legte Rechtsmittel ein. Die Zersetzung des einst \u00fcberall so angesehenen Professors geht weiter.<br \/>\n<a href=\"https:\/\/rumble.com\/v3vdo7m-meine-rckkehr-zur-bundespressekonferenz-ein-unappetitlicher-blick-hinter-di.html?mref=hfgoz&amp;mc=5t3fr\">https:\/\/rumble.com\/v3vdo7m-meine-rckkehr-zur-bundespressekonferenz-ein-unappetitlicher-blick-hinter-di.html?mref=hfgoz&amp;mc=5t3fr<\/a><br \/>\nAm Rande des 2. Corona-Symposiums der AfD-Fraktion im Bundestag habe ich mit Bhakdi \u00fcber seine Verfolgung gesprochen. Und \u00fcber seine Einsch\u00e4tzung des Umgangs unserer Politik, unserer Medien und unserer Gesellschaft mit der Corona-Politik.<br \/>\n&#8230; Alles vom 14.11.2023 bitte lesen auf<br \/>\n<a href=\"https:\/\/reitschuster.de\/post\/bhakdi-corona-politik-war-grossverbrechen-das-jetzt-aufgeflogen-ist\/\">https:\/\/reitschuster.de\/post\/bhakdi-corona-politik-war-grossverbrechen-das-jetzt-aufgeflogen-ist\/<\/a><\/p>\n<p>&nbsp;<\/p>\n<p><strong>Corona-Symposium 11.\/12.11.2023: Videos<\/strong><\/p>\n<p>2. Corona-Symposium der AfD-Fraktion im Deutschen Bundestag &#8211; Tag 1 (Samstag), 11.11.2023<br \/>\n<a href=\"https:\/\/youtu.be\/lxXRDsLUc_M\">https:\/\/youtu.be\/lxXRDsLUc_M<\/a><\/p>\n<p>2. Corona-Symposium der AfD-Fraktion im Bundestag &#8211; Tag 2 (Sonntag), 12.11.2023<br \/>\n<a href=\"https:\/\/youtu.be\/XnvtYibTQmk\">https:\/\/youtu.be\/XnvtYibTQmk<\/a><br \/>\n.<\/p>\n<p>Sucharit Bhakdi: Die Corona-T\u00e4ter m\u00fcssen sich entschuldigen \u2013 nicht wir!<br \/>\n13.11.2023,<br \/>\n<a href=\"https:\/\/www.auf1.tv\/nachrichten-auf1\/sucharit-bhakdi-die-corona-taeter-muessen-sich-entschuldigen-nicht-wir\">https:\/\/www.auf1.tv\/nachrichten-auf1\/sucharit-bhakdi-die-corona-taeter-muessen-sich-entschuldigen-nicht-wir<\/a><\/p>\n<p>LIVE | 2. CORONA-SYMPOSIUM IM BUNDESTAG | #BACKSTAGE | ab 10 Uhr&#8220;<br \/>\n11.11.2023<br \/>\n<a href=\"https:\/\/youtu.be\/HU__PtniujQ\">https:\/\/youtu.be\/HU__PtniujQ<\/a><\/p>\n<p>AfD Corona-Symposium: Regierungsversagen &amp; Wege aus der Krise! &#8211; 4. Juli 2020<br \/>\n<a href=\"https:\/\/youtu.be\/pcDy-ygipbM\">https:\/\/youtu.be\/pcDy-ygipbM<\/a><\/p>\n<p>Emotionaler Auftritt von Prof. Dr. Sucharit Bhakdi auf dem 2. Corona-Symposium der AfD-Fraktion<br \/>\n11.11.2023<br \/>\n<a href=\"https:\/\/youtu.be\/ipchD-IVzgQ\">https:\/\/youtu.be\/ipchD-IVzgQ<\/a><\/p>\n<p>2. Corona-Symposium der AfD-Fraktion im Bundestag &#8211; Tag 2 (Sonntag)<br \/>\nAm 11. und 12. November 2023 fand das 2. Corona-Symposium der AfD-Fraktion im Deutschen Bundestag statt. Zwei Tage lang machten ausgewiesene Experten wie Prof. Dr. Sucharit Bhakdi, Prof. Dr. Stefan Homburg, Prof. Dr. Andreas S\u00f6nnichsen, Dr. Ronald Weikl, Dr. Gunter Frank, der Datenanalyst Tom Lausen, Prof. Dr. Paul Cullen oder der Pathologe Prof. Dr. Walter Lang die Veranstaltung aufgrund ihrer hohen Fachkompetenz f\u00fcr alle Beteiligten zu einem unvergesslichen Ereignis.<br \/>\n<a href=\"https:\/\/www.youtube.com\/watch?v=XnvtYibTQmk\">https:\/\/www.youtube.com\/watch?v=XnvtYibTQmk<\/a><\/p>\n","protected":false},"excerpt":{"rendered":"<p>Home\u00a0&gt;Zukunft\u00a0&gt;Demokratie\u00a0&gt;Deutschland\u00a0&gt;Gesellschaft &gt;Corona-Aufarbeitung &gt;Corona-Symposium RKI-Files ver\u00f6ffentlicht \u2013 Akteur?\u00a0(25.3.2024) Fazit des \u00d6konomen Stefan Homburg zu Corona (1.12.2023) H\u00f6hepunkte des 2. Corona-Symposiums der AfD-Fraktion im Bundestag (25.11.2023) Corona-Symposium der AfD: Sucharit Bhakdi spricht im Bundestag (16.11.2023) Coronasymposium im Deutschen Bundestag. Wo waren ARD &hellip; <a href=\"https:\/\/www.freiburg-schwarzwald.de\/blog\/business\/gesund\/corona-virus\/corona-symposium\/\">Weiterlesen <span class=\"meta-nav\">&rarr;<\/span><\/a><\/p>\n","protected":false},"author":2,"featured_media":0,"parent":79419,"menu_order":0,"comment_status":"closed","ping_status":"closed","template":"","meta":{"footnotes":""},"class_list":["post-117331","page","type-page","status-publish","hentry"],"_links":{"self":[{"href":"https:\/\/www.freiburg-schwarzwald.de\/blog\/wp-json\/wp\/v2\/pages\/117331","targetHints":{"allow":["GET"]}}],"collection":[{"href":"https:\/\/www.freiburg-schwarzwald.de\/blog\/wp-json\/wp\/v2\/pages"}],"about":[{"href":"https:\/\/www.freiburg-schwarzwald.de\/blog\/wp-json\/wp\/v2\/types\/page"}],"author":[{"embeddable":true,"href":"https:\/\/www.freiburg-schwarzwald.de\/blog\/wp-json\/wp\/v2\/users\/2"}],"replies":[{"embeddable":true,"href":"https:\/\/www.freiburg-schwarzwald.de\/blog\/wp-json\/wp\/v2\/comments?post=117331"}],"version-history":[{"count":5,"href":"https:\/\/www.freiburg-schwarzwald.de\/blog\/wp-json\/wp\/v2\/pages\/117331\/revisions"}],"predecessor-version":[{"id":144731,"href":"https:\/\/www.freiburg-schwarzwald.de\/blog\/wp-json\/wp\/v2\/pages\/117331\/revisions\/144731"}],"up":[{"embeddable":true,"href":"https:\/\/www.freiburg-schwarzwald.de\/blog\/wp-json\/wp\/v2\/pages\/79419"}],"wp:attachment":[{"href":"https:\/\/www.freiburg-schwarzwald.de\/blog\/wp-json\/wp\/v2\/media?parent=117331"}],"curies":[{"name":"wp","href":"https:\/\/api.w.org\/{rel}","templated":true}]}}