{"id":116674,"date":"2023-10-29T21:27:14","date_gmt":"2023-10-29T20:27:14","guid":{"rendered":"https:\/\/www.freiburg-schwarzwald.de\/blog\/?page_id=116674"},"modified":"2026-07-16T08:26:46","modified_gmt":"2026-07-16T06:26:46","slug":"ausgewogenheit","status":"publish","type":"page","link":"https:\/\/www.freiburg-schwarzwald.de\/blog\/kultur\/medien\/journalismus\/ausgewogenheit\/","title":{"rendered":"Ausgewogenheit"},"content":{"rendered":"<p><a href=\"https:\/\/www.freiburg-schwarzwald.de\/blog\">Home<\/a>\u00a0&gt;<a title=\"Kultur\" href=\"https:\/\/www.freiburg-schwarzwald.de\/blog\/kultur\/\">Kultur<\/a>\u00a0&gt;<a title=\"Medien\" href=\"https:\/\/www.freiburg-schwarzwald.de\/blog\/kultur\/medien\/\">Medien<\/a>\u00a0&gt;<a title=\"Political-Correctness\" href=\"https:\/\/www.freiburg-schwarzwald.de\/blog\/kultur\/medien\/political-correctness\/\">Political-Correctness<\/a>\u00a0&gt;<a href=\"https:\/\/www.freiburg-schwarzwald.de\/blog\/kultur\/medien\/journalismus\/haltungsjournalismus\/\">Haltungsjournalismus<\/a> &gt;Ausgewogenheit<\/p>\n<div id=\"attachment_110891\" style=\"width: 650px\" class=\"wp-caption alignnone\"><a href=\"https:\/\/www.freiburg-schwarzwald.de\/blog\/wp-content\/uploads\/2023\/03\/windsbraut-gutmann-staufen-pan230318.jpg\"><img loading=\"lazy\" decoding=\"async\" aria-describedby=\"caption-attachment-110891\" class=\"size-full wp-image-110891\" src=\"https:\/\/www.freiburg-schwarzwald.de\/blog\/wp-content\/uploads\/2023\/03\/windsbraut-gutmann-staufen-pan230318.jpg\" alt=\"\" width=\"640\" height=\"363\" srcset=\"https:\/\/www.freiburg-schwarzwald.de\/blog\/wp-content\/uploads\/2023\/03\/windsbraut-gutmann-staufen-pan230318.jpg 640w, https:\/\/www.freiburg-schwarzwald.de\/blog\/wp-content\/uploads\/2023\/03\/windsbraut-gutmann-staufen-pan230318-180x102.jpg 180w\" sizes=\"auto, (max-width: 640px) 100vw, 640px\" \/><\/a><p id=\"caption-attachment-110891\" class=\"wp-caption-text\">&#8222;Die Windsbraut&#8220; von Franz Gutmann in Staufen bei Freiburg<\/p><\/div>\n<ul>\n<li><em>Listenauswahl eines Beitrags: Bitte\u00a0<span style=\"text-decoration: underline;\">anklicken<\/span>\u00a0oder runterscrollen<\/em><\/li>\n<li>Glashaus: ARD unausgewogen (28.6.2026)<\/li>\n<li><a href=\"https:\/\/www.freiburg-schwarzwald.de\/blog\/kultur\/medien\/einseitigkeit\/\">Der Verfall des Journalismus wird besonders deutlich, wenn man in die Vergangenheit schaut<\/a>\u00a0(25,3,2026)<\/li>\n<li><a href=\"https:\/\/www.freiburg-schwarzwald.de\/blog\/kultur\/medien\/talkshow\/\">Talkshows: das gro\u00dfe Selbstgespr\u00e4ch der Staatsjournalisten<\/a>\u00a0(22.12.2025)<\/li>\n<li><a href=\"https:\/\/www.freiburg-schwarzwald.de\/blog\/kultur\/medien\/medienleute\/\">Petition f\u00fcr die vom NDR geschasste Julia Ruhs<\/a>\u00a0(26.9.2025)<\/li>\n<li><a href=\"https:\/\/www.freiburg-schwarzwald.de\/blog\/kirk-nachrufe-diskussion-gebet\/\">Kirk Nachrufe: Diskussion Gebet<\/a>\u00a0(14.9.2025)<\/li>\n<li><a href=\"https:\/\/www.freiburg-schwarzwald.de\/blog\/sommerinterview-afd-stoerung\/\">Sommerinterview AfD: St\u00f6rung<\/a>\u00a0(21.7.2025)<\/li>\n<li><a href=\"https:\/\/www.freiburg-schwarzwald.de\/blog\/ard-didi-und-miosga\/\">ARD: Didi und Miosga<\/a>\u00a0(8.4.2025)<\/li>\n<li><a href=\"https:\/\/www.freiburg-schwarzwald.de\/blog\/alice-weidel-bei-caren-miosga\/\">Alice Weidel bei Caren Miosga<\/a>\u00a0(3.2.2025)<\/li>\n<li><a href=\"https:\/\/www.freiburg-schwarzwald.de\/blog\/global\/deutschland\/neutral\/\">Friedrichs\u2019 Journalismus-Mantra: Warum die \u201eNeutralit\u00e4t\u201c die Meinungsfreiheit erstickt<\/a>\u00a0(9.1.2025)<\/li>\n<li><a href=\"https:\/\/www.freiburg-schwarzwald.de\/blog\/musk-und-die-meinungsfreiheit\/\">Musk und die Meinungsfreiheit<\/a>\u00a0(30.12.2024)<\/li>\n<li>In Krisenzeiten wie diesen empfiehlt sich der selektive Konsum von Politik (30.11.2024)<\/li>\n<li><a href=\"https:\/\/www.freiburg-schwarzwald.de\/blog\/kultur\/medien\/social-media\/\">Linke und Rechte auf X jetzt ausgeglichen \u2013 vor Musks Kauf war es linkslastig<\/a> (27.11.2024)<\/li>\n<li><a href=\"https:\/\/www.freiburg-schwarzwald.de\/blog\/engagement\/zukunft\/demokratie\/wahlen-ex-ddr\/\">ARD: Die 100 \u2013 Ist die AfD eigentlich ein Problem? Agitprop kurz vor der Wahl<\/a>\u00a0(27.9.2024)<\/li>\n<li><a href=\"http:\/\/\u00f6rr\">Warum der \u00d6RR zerschlagen werden muss<\/a> (29.7.2024)<\/li>\n<li><a href=\"https:\/\/www.freiburg-schwarzwald.de\/blog\/journalismus-versus-propaganda\/\">Journalismus versus Propaganda<\/a>\u00a0(3.6.2024)<\/li>\n<li><a href=\"https:\/\/www.freiburg-schwarzwald.de\/blog\/kultur\/medien\/medien-unabhaengigkeit\/\">Wie sich DPA, APA und AFP von den Regierenden f\u00fcr die Gleichrichtung der Medien bezahlen lassen<\/a>\u00a0(20.5.2024)<\/li>\n<li><a href=\"https:\/\/www.freiburg-schwarzwald.de\/blog\/kultur\/medien\/journalismus\/erziehungsjournalismus\/\">Journalist: Meinungsfreiheit bzw. -vielfalt erfordert Medienvielfalt<\/a>\u00a0(20.2.2023)<\/li>\n<li><a href=\"https:\/\/www.freiburg-schwarzwald.de\/blog\/kultur\/medien\/framing\/geheimtreffen\/\">Talk in Hangar-7 zum Geheimtreffen in Potsdam<\/a>\u00a0(25.1.2024)<\/li>\n<li>Ausgewogenheit bei Nachrichten und Kommentar (29.10.2023)<\/li>\n<li><\/li>\n<li><a href=\"https:\/\/www.freiburg-schwarzwald.de\/blog\/kultur\/medien\/informiere-dich\/\">Informiere-dich<\/a><\/li>\n<li><a href=\"https:\/\/www.freiburg-schwarzwald.de\/blog\/kultur\/medien\/nachrichtendienste\/\">Nachrichtendienste<\/a><\/li>\n<li><a href=\"https:\/\/www.freiburg-schwarzwald.de\/blog\/kultur\/medien\/oerr\/\">\u00d6RR<\/a><\/li>\n<\/ul>\n<div id=\"attachment_143240\" style=\"width: 595px\" class=\"wp-caption alignnone\"><a href=\"https:\/\/www.freiburg-schwarzwald.de\/blog\/wp-content\/uploads\/2025\/12\/talkshows-parteien2025pan.jpg\"><img loading=\"lazy\" decoding=\"async\" aria-describedby=\"caption-attachment-143240\" class=\"size-full wp-image-143240\" src=\"https:\/\/www.freiburg-schwarzwald.de\/blog\/wp-content\/uploads\/2025\/12\/talkshows-parteien2025pan.jpg\" alt=\"\" width=\"585\" height=\"254\" srcset=\"https:\/\/www.freiburg-schwarzwald.de\/blog\/wp-content\/uploads\/2025\/12\/talkshows-parteien2025pan.jpg 585w, https:\/\/www.freiburg-schwarzwald.de\/blog\/wp-content\/uploads\/2025\/12\/talkshows-parteien2025pan-180x78.jpg 180w\" sizes=\"auto, (max-width: 585px) 100vw, 585px\" \/><\/a><p id=\"caption-attachment-143240\" class=\"wp-caption-text\">Politische Parteien in den Talkshows in 2025<\/p><\/div>\n<p><strong>In Krisenzeiten wie diesen empfiehlt sich der selektive Konsum von Politik<\/strong><br \/>\nHenriette L\u00f6wisch r\u00e4t in diesen Zeiten politischer Krisen zu weniger Aufregung. Und hat einen Plan f\u00fcr die Zeit zwischen Trump-Sieg und Bundestagswahl.<br \/>\n&#8230; Alles vom 30.11.2024 von Henriette L\u00f6wisch bitte lesen auf<br \/>\n<a href=\"https:\/\/www.badische-zeitung.de\/in-krisenzeiten-wie-diesen-empfiehlt-sich-der-selektive-konsum-von-politik\">https:\/\/www.badische-zeitung.de\/in-krisenzeiten-wie-diesen-empfiehlt-sich-der-selektive-konsum-von-politik<\/a><\/p>\n<p>Einige Kommentare:<br \/>\nPrima, ein gute gute Empfehlung zu weniger Aufregung um Politik. Nur verbirgt sich hinter dem &#8222;selektiven Konsum von Politik&#8220; leider ein eher einseitiger Konsum von Politik: Im Beitrag wird nur eine Partei genannt, die AfD, und dies im Zusammenhang mit &#8222;Schamlosigkeit&#8220;. Warum immer nur AfD? Mein Vorschlag an Frau L\u00f6wisch: &#8222;Ausgewogener Konsum von Politik&#8220; als die spannende Empfehlung, also sich zu beiden Seiten informieren: Zum Beispiel Spiegel.de oder Sueddeutsche.de (alles zur linken Seite). Und <a href=\"https:\/\/www.Dushanwegner.com\/freie-denker\">https:\/\/www.Dushanwegner.com\/freie-denker<\/a> (ein \u00dcberblick zur rechten Seite). Wobei links nicht linksextrem und rechts nicht rechtsextrem ist. E.K.<br \/>\n.<br \/>\nWie w\u00e4re es, wenn man sich mal in den Medien den angerichteten Schaden ansieht?<br \/>\n<a href=\"https:\/\/youtu.be\/labRhoTWO34\">https:\/\/youtu.be\/labRhoTWO34<\/a><br \/>\n<a href=\"https:\/\/youtu.be\/axPHG7UPkxw\">https:\/\/youtu.be\/axPHG7UPkxw<\/a><br \/>\n<a href=\"https:\/\/youtu.be\/g_zvRcC7CPI\">https:\/\/youtu.be\/g_zvRcC7CPI<\/a><br \/>\n<a href=\"https:\/\/youtu.be\/ebTNIrRHD_4\">https:\/\/youtu.be\/ebTNIrRHD_4<\/a><br \/>\nEs ist ziemlich l\u00e4cherlich, wenn die Journalisten sich \u00fcber die Politik und politische Entwicklungen beschweren, die sie alle mitverantworten. Wenn man vor dem Desaster steht, das man mitangerichtet hat, sind immer die anderen schuld., M.S.<br \/>\nEnde Kommentare<\/p>\n<p>&nbsp;<\/p>\n<p><strong>Ausgewogenheit bei Nachrichten und Kommentar<\/strong><br \/>\n<a href=\"https:\/\/www.freiburg-schwarzwald.de\/blog\/kultur\/medien\/journalismus\/\">Journalisten<\/a> informieren \u00fcber das aktuelle Geschehen. Dabei haben sie deutlich zu trennen zwischen der Nachricht (Fakt, Meldung, News, objektiv) und ihrem Kommentar dazu (pers\u00f6nliche Meinung, Interpretation, Analyse, subjektiv). Diese Trennung mu\u00df der Journalist fairerweise deutlich kenntlich machen, da der m\u00fcndige B\u00fcrger als sein Kunde sich nur so frei und unvoreingenommen seine eigene Meinung selbst bilden kann.<br \/>\n.<br \/>\n<em>\u201eEinen guten Journalisten erkennt man daran, dass er sich nicht gemein macht mit einer Sache, auch nicht mit einer guten Sache; dass er \u00fcberall dabei ist, aber nirgendwo dazugeh\u00f6rt.\u201c<\/em> Dieses Diktum von Hanns Joachim Friedrichs (1995) <a href=\"http:\/\/www.hanns-joachim-friedrichs.de\/index.php\/das-letzte-interview.html\">http:\/\/www.hanns-joachim-friedrichs.de\/index.php\/das-letzte-interview.html<\/a>, dem \u00dcbervater des deutschen Journalismus, betrifft die Ausgewogenheit: Alle Seiten zeigen, ohne Partei zu ergreifen, Distanz wahren und dabei cool bleiben: <em>\u201cDistanz halten, &#8230;, nicht in \u00f6ffentliche Betroffenheit versinken, im Umgang mit Katastrophen cool bleiben, ohne kalt zu sein.\u201d<\/em> Keine <a href=\"https:\/\/www.freiburg-schwarzwald.de\/blog\/kultur\/medien\/propaganda\/\">Propaganda<\/a>, keine <a href=\"https:\/\/www.freiburg-schwarzwald.de\/blog\/kultur\/medien\/journalismus\/erziehungsjournalismus\/\">Erziehung<\/a>, kein Gesinnungsdiktat, kein <a href=\"https:\/\/www.freiburg-schwarzwald.de\/blog\/engagement\/zukunft\/demokratie\/nudging\/\">Nudging<\/a> und <a href=\"https:\/\/www.freiburg-schwarzwald.de\/blog\/kultur\/medien\/framing\/\">Framing<\/a> &#8211; das ist das Gesch\u00e4ft des <a href=\"https:\/\/www.freiburg-schwarzwald.de\/blog\/engagement\/zukunft\/ehrlichkeit\/\">ehrlichen<\/a> Journalisten.<\/p>\n<p>Beide Zitate von Friedrichs beziehen sich auf die Nachrichten, die in TV, Radio und Zeitungen sowie Online angeboten werden. Hier gilt das Prinzip der Ausgewogenheit. Anders ist es beim Kommentar, in den der Journalist seine pers\u00f6nliche Sicht einlie\u00dfen lassen kann und mu\u00df. Damit der Leser dies erkennt, mu\u00df der Kommentar als Meinungsbeitrag gekennzeichnet sein: &#8222;Kommentar zu &#8230;.&#8220; oder &#8222;Die Meinung von &#8230;.&#8220;.<br \/>\nProblematisch wird es, wenn Nachricht und Meinung gemixt werden und der Medienkonsument &#8211; absichtlich oder nicht &#8211; im Unklaren gelassen wird, was sich nun tats\u00e4chlich ereignet hat und was der Bewertung des Journalisten zuzuordnen ist.<br \/>\n.<br \/>\nDas Diktum der Ausgewogenheit von HaJo Friedrichs gilt nur f\u00fcr Nachrichten-Medien (Print, TV oder Internet). Ein akuelles Beispiel:<br \/>\nDas Online-Magazin Publico des Journalisten Alexander Wendt <a href=\"https:\/\/www.publicomag.com\">https:\/\/www.publicomag.com<\/a> ist aber kein Nachrichten-Portal im engeren Sinne, sondern libert\u00e4res Portal, in dem Autoren ihre Analysen und Meinungen zu politischen Themen publizieren. Nun haben Leser bei Beitr\u00e4gen zum <a href=\"https:\/\/www.freiburg-schwarzwald.de\/blog\/global\/israel\/israel-hamas\/\">\u00dcberfall der Hamas auf Israel<\/a> am <a href=\"https:\/\/www.freiburg-schwarzwald.de\/blog\/global\/israel\/israel7-10-2023\/\">7.10.2023<\/a> eine fehlende Ausgewogenheit angemahnt: <a href=\"https:\/\/www.freiburg-schwarzwald.de\/blog\/religion\/juden\/links-antisemitismus\/\">&#8222;Keine Ausgewogenheit bei Publicomag? Manche Dinge sind tats\u00e4chlich schwarz-wei\u00df. &#8230;&#8220;<\/a>. Ein Mi\u00dfverst\u00e4ndnis, da von Publico ja keine prinzipielle \u00c4quidistanz zu beiden Seiten &#8211; Hamas und Israel &#8211; zu erwarten ist. Wendts Analysen beruhen zwar auf sachlicher Recherche und gut belegter Kritik, sind aber einseitig pro Israel, d.h. unausgewogen. Mehr dazu <a href=\"https:\/\/www.freiburg-schwarzwald.de\/blog\/religion\/juden\/links-antisemitismus\/\">hier<\/a>.<\/p>\n<p>Zur\u00fcck zu den News-Medien: F\u00fcr Friedrichs sind diese Medien zur Berichterstattung aus der Distanz heraus angehalten und Journalisten somit keine Erzieher, Moderatoren, Story-Erz\u00e4hler f\u00fcr b\u00fcrgerliche <a href=\"https:\/\/www.freiburg-schwarzwald.de\/blog\/global\/deutschland\/gesellschaft\/untertan\/\">Untertan<\/a>, sondern Dienstleister, die m\u00fcndige B\u00fcrger ausgewogen informieren. <a href=\"https:\/\/www.freiburg-schwarzwald.de\/blog\/journos-helfen-journos-appell\/\">\u201eEs ist nicht die Aufgabe des Moderators, die Leute zur Betroffenheit zu animieren. Die sollen selber entscheiden, ob sie betroffen sein wollen oder nicht. \u201c<\/a><br \/>\nWir brauchen auch in den <a href=\"https:\/\/www.freiburg-schwarzwald.de\/blog\/kultur\/medien\/mainstream\/\">Mainstream-Medien<\/a> einen ehrlichen Journalismus \u00e0 la Hanns Joachim Friedrichs und weder <a href=\"https:\/\/www.freiburg-schwarzwald.de\/blog\/kultur\/medien\/journalismus\/haltungsjournalismus\/\">Haltungsjournalismus<\/a> noch Auftragskommunikation (Journalisten <a href=\"https:\/\/www.freiburg-schwarzwald.de\/blog\/regierung-bezahlt-journalisten\/\">insgeheim von Regierung beauftragt<\/a>), auch nicht im <a href=\"https:\/\/www.freiburg-schwarzwald.de\/blog\/kultur\/medien\/oerr\/\">\u00d6RR<\/a>. Zum Gl\u00fcck bildet sich \u00fcbers Internet ein Netzwerk <a href=\"https:\/\/www.freiburg-schwarzwald.de\/blog\/kultur\/medien\/freie-medien\/\">freier<\/a>, <a href=\"https:\/\/www.freiburg-schwarzwald.de\/blog\/kultur\/medien\/neue-medien\/\">unabh\u00e4ngiger<\/a> Medien heraus, die zwar finanziell knapp sind, da ausschlie\u00dflich auf Spenden angewiesen, daf\u00fcr dem B\u00fcrger mehrere Sichtweisen anbieten: \u201e<a href=\"https:\/\/www.freiburg-schwarzwald.de\/blog\/buerger-audiatur-et-altera-pars\/\">Audiatur et altera pars<\/a>\u201c \u2013 man h\u00f6re sich stets auch die andere Seite an.<br \/>\n29.10.2023<\/p>\n","protected":false},"excerpt":{"rendered":"<p>Home\u00a0&gt;Kultur\u00a0&gt;Medien\u00a0&gt;Political-Correctness\u00a0&gt;Haltungsjournalismus &gt;Ausgewogenheit Listenauswahl eines Beitrags: Bitte\u00a0anklicken\u00a0oder runterscrollen Glashaus: ARD unausgewogen (28.6.2026) Der Verfall des Journalismus wird besonders deutlich, wenn man in die Vergangenheit schaut\u00a0(25,3,2026) Talkshows: das gro\u00dfe Selbstgespr\u00e4ch der Staatsjournalisten\u00a0(22.12.2025) Petition f\u00fcr die vom NDR geschasste Julia Ruhs\u00a0(26.9.2025) Kirk Nachrufe: &hellip; <a href=\"https:\/\/www.freiburg-schwarzwald.de\/blog\/kultur\/medien\/journalismus\/ausgewogenheit\/\">Weiterlesen <span class=\"meta-nav\">&rarr;<\/span><\/a><\/p>\n","protected":false},"author":2,"featured_media":0,"parent":68087,"menu_order":0,"comment_status":"closed","ping_status":"closed","template":"","meta":{"footnotes":""},"class_list":["post-116674","page","type-page","status-publish","hentry"],"_links":{"self":[{"href":"https:\/\/www.freiburg-schwarzwald.de\/blog\/wp-json\/wp\/v2\/pages\/116674","targetHints":{"allow":["GET"]}}],"collection":[{"href":"https:\/\/www.freiburg-schwarzwald.de\/blog\/wp-json\/wp\/v2\/pages"}],"about":[{"href":"https:\/\/www.freiburg-schwarzwald.de\/blog\/wp-json\/wp\/v2\/types\/page"}],"author":[{"embeddable":true,"href":"https:\/\/www.freiburg-schwarzwald.de\/blog\/wp-json\/wp\/v2\/users\/2"}],"replies":[{"embeddable":true,"href":"https:\/\/www.freiburg-schwarzwald.de\/blog\/wp-json\/wp\/v2\/comments?post=116674"}],"version-history":[{"count":6,"href":"https:\/\/www.freiburg-schwarzwald.de\/blog\/wp-json\/wp\/v2\/pages\/116674\/revisions"}],"predecessor-version":[{"id":151576,"href":"https:\/\/www.freiburg-schwarzwald.de\/blog\/wp-json\/wp\/v2\/pages\/116674\/revisions\/151576"}],"up":[{"embeddable":true,"href":"https:\/\/www.freiburg-schwarzwald.de\/blog\/wp-json\/wp\/v2\/pages\/68087"}],"wp:attachment":[{"href":"https:\/\/www.freiburg-schwarzwald.de\/blog\/wp-json\/wp\/v2\/media?parent=116674"}],"curies":[{"name":"wp","href":"https:\/\/api.w.org\/{rel}","templated":true}]}}