{"id":114949,"date":"2023-08-24T15:08:17","date_gmt":"2023-08-24T13:08:17","guid":{"rendered":"https:\/\/www.freiburg-schwarzwald.de\/blog\/?page_id=114949"},"modified":"2024-06-09T09:12:35","modified_gmt":"2024-06-09T07:12:35","slug":"klimajournalismus","status":"publish","type":"page","link":"https:\/\/www.freiburg-schwarzwald.de\/blog\/natur\/klima\/klimajournalismus\/","title":{"rendered":"Klimajournalismus"},"content":{"rendered":"<p>d<\/p>\n<div id=\"attachment_114936\" style=\"width: 649px\" class=\"wp-caption alignnone\"><a href=\"https:\/\/www.freiburg-schwarzwald.de\/blog\/wp-content\/uploads\/2023\/08\/bazmstamm-weg-treppe-pan202307.jpg\"><img loading=\"lazy\" decoding=\"async\" aria-describedby=\"caption-attachment-114936\" class=\"size-full wp-image-114936\" src=\"https:\/\/www.freiburg-schwarzwald.de\/blog\/wp-content\/uploads\/2023\/08\/bazmstamm-weg-treppe-pan202307.jpg\" alt=\"\" width=\"639\" height=\"373\" srcset=\"https:\/\/www.freiburg-schwarzwald.de\/blog\/wp-content\/uploads\/2023\/08\/bazmstamm-weg-treppe-pan202307.jpg 639w, https:\/\/www.freiburg-schwarzwald.de\/blog\/wp-content\/uploads\/2023\/08\/bazmstamm-weg-treppe-pan202307-180x105.jpg 180w\" sizes=\"auto, (max-width: 639px) 100vw, 639px\" \/><\/a><p id=\"caption-attachment-114936\" class=\"wp-caption-text\">Baumstamm \u00fcber Wanderweg mit Treppe im Schwarzwald 7\/2023<\/p><\/div>\n<ul>\n<li><a href=\"https:\/\/www.freiburg-schwarzwald.de\/blog\/diskussionskultur-abschaffen\/\">Diskussionskultur abschaffen<\/a>\u00a0(8.6.2024)<\/li>\n<li><a href=\"https:\/\/www.freiburg-schwarzwald.de\/blog\/journalismus-versus-propaganda\/\">Journalismus versus Propaganda<\/a>\u00a0(3.6.2024)<\/li>\n<li>Klima-Narrative bei FairTalk (19.10.2023)<\/li>\n<li>Das Netzwerk Klimajournalismus: Wenn Journalisten und Medien sich der Manipulation verschreiben (24.8.2023)<\/li>\n<\/ul>\n<p>&nbsp;<\/p>\n<p><strong>Klima-Narrative bei FairTalk<\/strong><br \/>\nmit Anthony Lee, Michael Limburg, Markus Fiedler und Felix Feistel<br \/>\n19.10.2023, FairTalk <a href=\"https:\/\/youtu.be\/mUIFlK8mzwA\">https:\/\/youtu.be\/mUIFlK8mzwA<\/a><br \/>\n<a href=\"https:\/\/t.me\/FairTalk_TV\">https:\/\/t.me\/FairTalk_TV<\/a><br \/>\n<a href=\"https:\/\/www.gettr.com\/user\/fairtalktv\">https:\/\/www.gettr.com\/user\/fairtalktv<\/a><br \/>\n<a href=\"https:\/\/www.facebook.com\/michael.limburg.10\/\">https:\/\/www.facebook.com\/michael.limburg.10\/<\/a><\/p>\n<p>Der Fair-Talk-Shop https:\/\/www.fairtalk.shop<br \/>\nSchau alle Sendungen ohne Werbung und 3 Tage fr\u00fcher auf <a href=\"https:\/\/vimeo.com\/ondemand\/fairtalk\">https:\/\/vimeo.com\/ondemand\/fairtalk<\/a><\/p>\n<p>Michael Limburg: CO2 \u2013 Fakten gegen Hysterie<br \/>\n27.9.2023 <a href=\"https:\/\/www.facebook.com\/michael.limburg.10\/\">https:\/\/www.facebook.com\/michael.limburg.10\/<\/a><\/p>\n<p>&nbsp;<\/p>\n<p><strong>Das Netzwerk Klimajournalismus: Wenn Journalisten und Medien sich der Manipulation verschreiben<\/strong><br \/>\nEin 2021 gegr\u00fcndetes Netzwerk aktivistischer Journalisten hat Leitlinien und einen Kodex f\u00fcr den Klimajournalismus erarbeitet, die viele Journalisten und sogar Medienh\u00e4user unterschrieben haben. Besonders stark vertreten ist der \u00f6ffentlich-rechtliche Rundfunk. Mit traditionellem Journalismus haben diese Leitlinien wenig gemein, um so mehr mit Meinungsmanipulation und Aktivismus.<br \/>\nK\u00fcrzlich habe ich \u00fcber einen sehr fragw\u00fcrdigen \u201eLeitfaden f\u00fcr Medien\u201c f\u00fcr die Klimaberichterstattung berichtet, mit einem Vorwort von ZDF-Wettermoderator \u00d6zden Terli, das seinerseits sehr fragw\u00fcrdige Aussagen enth\u00e4lt. <a href=\"https:\/\/norberthaering.de\/propaganda-zensur\/netzwerk-klimajournalismus\/\">https:\/\/norberthaering.de\/propaganda-zensur\/world-weather-attribution\/<\/a><br \/>\n&#8230;<br \/>\nSeit Sommer 2022 gibt es eine \u201eCharta des Netzwerks Klimajournalismus\u201c f\u00fcr die angemessen alarmistische Klimaberichterstattung. <a href=\"https:\/\/klimajournalismus.de\/\">https:\/\/klimajournalismus.de\/<\/a><br \/>\nViele Journalisten haben diese unterschrieben, darunter auch \u00d6zden Terli und eine ganze Reihe Journalisten der ARD. Insgesamt sind es aus Deutschland 302 Journalistinnen und Journalisten, die offen unterschrieben haben. Etwa 150 aus \u00d6sterreich kommen hinzu. Nicht\u00f6ffentliche Unterschriften gibt es in unbekannter Anzahl. Danach ist es Aufgabe des Klimajournalismus,<br \/>\n&#8211; das Ausma\u00df der Krise zu verdeutlichen, immer, nicht nur gebunden an aktuelle Ereignisse und \u00fcber Ressortgrenzen hinweg,<br \/>\n&#8211; sich am \u201eStand der Wissenschaft\u201c zu orientieren und dabei \u201eFalse Balance\u201c zu vermeiden, also das Zuwortkommenlassen von Minderheitspositionen,<br \/>\n&#8211; als Faktum anzuerkennen, dass Kolonialismus und Wachstumsparadigma Ursachen der Klimakrise sind,<br \/>\n&#8211; eine \u201eirreversible Katastrophe\u201c vorauszusagen, wenn die Verantwortlichen in den n\u00e4chsten Jahren nicht entschieden handeln,<br \/>\n&#8211; die Klimakrise zur Bedrohung f\u00fcr Demokratie und Grundrechte zu erkl\u00e4ren,<br \/>\n&#8211; das Pariser Klimaabkommen von 2015 und das \u201eKlima-Urteil\u201c des Bundesverfassungsgerichtes von 2021 als (nicht zu hinterfragende) Richtschnur und Leitplanken zu nehmen,<br \/>\n&#8211; und dadurch den Erhalt der Lebensgrundlagen f\u00fcr \u201ealle Lebewesen auf diesem Planeten\u201c zu sichern.<br \/>\nMit anderen Worten: wegen der Wichtigkeit des Anliegens ist jedes Mittel recht, um aufzur\u00fctteln und Druck zu machen, auch jegliche \u00dcbertreibung.<br \/>\n&#8230;<br \/>\nJournalismus versus Propaganda<br \/>\nErneut m\u00f6chte ich betonen, dass ich keine gefestigte Meinung zu den hier angesprochenen Sachfragen habe, vor allem, weil es so schwer ist, unvoreingenommene Berichte \u00fcber Kontroversen zu finden. Klar ist jedoch, dass es sich bei dem, was das Netzwerk propagiert, nicht mehr um Journalismus handelt, sondern um Propaganda. Die Mitglieder und Unterzeichner, die das Ende der Welt oder der Menschheit nahen sehen, halten das f\u00fcr notwendig. Mag sein, dass sie Recht haben. Dass sie es trotzdem Journalismus nennen, ist irref\u00fchrend. Sie sollten sich ehrlich machen und sich in \u201eNetzwerk Klimapropaganda\u201c, \u201eNetzwerk Klima-PR\u201c oder \u201eNetzwerk Klimakrisenkommunikation\u201c umbenennen.<br \/>\nIch finde es sehr ehrenwert, wenn Menschen sich f\u00fcr etwas einsetzen, was ihnen aus gesamtgesellschaftlicher Verantwortung wichtig ist. Ich finde aber auch: wenn sie das als Journalisten tun, sollten sie sich dabei an die Grunds\u00e4tze des Journalismus in einem pluralen, demokratischen System halten. Zu diesen geh\u00f6rt, m\u00f6glichst umfassend und objektiv zu informieren und m\u00f6glichst gut erkennbar zwischen Meinung und Information zu trennen, sodass die Empf\u00e4nger eine Chance haben, sich frei ihre Meinung zu bilden, ohne manipuliert zu werden. Was das Netzwerk Klimajournalismus propagiert, ist im Gegenteil dazu Manipulation unter gezieltem Einsatz psychologischer Tricks.<br \/>\n&#8230; Alles vom 24.8.2023 bitte lesen auf<br \/>\n<a href=\"https:\/\/norberthaering.de\/propaganda-zensur\/netzwerk-klimajournalismus\/\">https:\/\/norberthaering.de\/propaganda-zensur\/netzwerk-klimajournalismus\/<\/a><\/p>\n","protected":false},"excerpt":{"rendered":"<p>d Diskussionskultur abschaffen\u00a0(8.6.2024) Journalismus versus Propaganda\u00a0(3.6.2024) Klima-Narrative bei FairTalk (19.10.2023) Das Netzwerk Klimajournalismus: Wenn Journalisten und Medien sich der Manipulation verschreiben (24.8.2023) &nbsp; Klima-Narrative bei FairTalk mit Anthony Lee, Michael Limburg, Markus Fiedler und Felix Feistel 19.10.2023, FairTalk https:\/\/youtu.be\/mUIFlK8mzwA https:\/\/t.me\/FairTalk_TV &hellip; <a href=\"https:\/\/www.freiburg-schwarzwald.de\/blog\/natur\/klima\/klimajournalismus\/\">Weiterlesen <span class=\"meta-nav\">&rarr;<\/span><\/a><\/p>\n","protected":false},"author":2,"featured_media":0,"parent":503,"menu_order":0,"comment_status":"closed","ping_status":"closed","template":"","meta":{"footnotes":""},"class_list":["post-114949","page","type-page","status-publish","hentry"],"_links":{"self":[{"href":"https:\/\/www.freiburg-schwarzwald.de\/blog\/wp-json\/wp\/v2\/pages\/114949","targetHints":{"allow":["GET"]}}],"collection":[{"href":"https:\/\/www.freiburg-schwarzwald.de\/blog\/wp-json\/wp\/v2\/pages"}],"about":[{"href":"https:\/\/www.freiburg-schwarzwald.de\/blog\/wp-json\/wp\/v2\/types\/page"}],"author":[{"embeddable":true,"href":"https:\/\/www.freiburg-schwarzwald.de\/blog\/wp-json\/wp\/v2\/users\/2"}],"replies":[{"embeddable":true,"href":"https:\/\/www.freiburg-schwarzwald.de\/blog\/wp-json\/wp\/v2\/comments?post=114949"}],"version-history":[{"count":5,"href":"https:\/\/www.freiburg-schwarzwald.de\/blog\/wp-json\/wp\/v2\/pages\/114949\/revisions"}],"predecessor-version":[{"id":124244,"href":"https:\/\/www.freiburg-schwarzwald.de\/blog\/wp-json\/wp\/v2\/pages\/114949\/revisions\/124244"}],"up":[{"embeddable":true,"href":"https:\/\/www.freiburg-schwarzwald.de\/blog\/wp-json\/wp\/v2\/pages\/503"}],"wp:attachment":[{"href":"https:\/\/www.freiburg-schwarzwald.de\/blog\/wp-json\/wp\/v2\/media?parent=114949"}],"curies":[{"name":"wp","href":"https:\/\/api.w.org\/{rel}","templated":true}]}}