{"id":11471,"date":"2012-09-25T14:09:40","date_gmt":"2012-09-25T12:09:40","guid":{"rendered":"https:\/\/www.freiburg-schwarzwald.de\/blog\/?page_id=11471"},"modified":"2012-11-27T10:55:30","modified_gmt":"2012-11-27T09:55:30","slug":"werkstaetten","status":"publish","type":"page","link":"https:\/\/www.freiburg-schwarzwald.de\/blog\/selbsthilfe\/behinderung\/werkstaetten\/","title":{"rendered":"Werkstaetten"},"content":{"rendered":"<p>Home &gt;<a title=\"Selbsthilfe\" href=\"https:\/\/www.freiburg-schwarzwald.de\/blog\/selbsthilfe\/\">Selbsthilfe<\/a> &gt;<a title=\"Behinderung\" href=\"https:\/\/www.freiburg-schwarzwald.de\/blog\/selbsthilfe\/behinderung\/\">Behinderung<\/a> &gt;Werkstaetten f\u00fcr behinderte Menschen<\/p>\n<div id=\"attachment_11416\" style=\"width: 649px\" class=\"wp-caption alignnone\"><a href=\"https:\/\/www.freiburg-schwarzwald.de\/blog\/regio\/orte\/oberried\/oberried5pan1209\/\" rel=\"attachment wp-att-11416\"><img loading=\"lazy\" decoding=\"async\" aria-describedby=\"caption-attachment-11416\" class=\"size-full wp-image-11416\" title=\"oberried5pan1209\" src=\"https:\/\/www.freiburg-schwarzwald.de\/blog\/wp-content\/uploads\/2012\/04\/oberried5pan1209.jpg\" alt=\"\" width=\"639\" height=\"255\" srcset=\"https:\/\/www.freiburg-schwarzwald.de\/blog\/wp-content\/uploads\/2012\/04\/oberried5pan1209.jpg 639w, https:\/\/www.freiburg-schwarzwald.de\/blog\/wp-content\/uploads\/2012\/04\/oberried5pan1209-180x71.jpg 180w\" sizes=\"auto, (max-width: 639px) 100vw, 639px\" \/><\/a><p id=\"caption-attachment-11416\" class=\"wp-caption-text\">Blick vom Fu\u00df des Winterbergs nach Norden \u00fcber Oberried, Gewerbegebiet (rechts) und Kirchzarten zum Kandel am 11.9.2012<\/p><\/div>\n<ul>\n<li><a href=\"https:\/\/www.freiburg-schwarzwald.de\/blog\/marktplatz-inklusion-am-rathausplatz\/\">https:\/\/www.freiburg-schwarzwald.de\/blog\/marktplatz-inklusion-am-rathausplatz\/<\/a>\u00a0(24.9.2012)<\/li>\n<li><a href=\"https:\/\/www.freiburg-schwarzwald.de\/behinderung3.htm#40 Jahre Caritaswerkst\u00e4tte f\u00fcr Menschen mit Behinderung in Neustadt\">40 Jahre Caritaswerkst\u00e4tte f\u00fcr Menschen mit Behinderung in Neustadt<\/a> &gt;Behinderung3 (30.9.10)<\/li>\n<li><a href=\"https:\/\/www.freiburg-schwarzwald.de\/behinderung3.htm#Caritaswerkst\u00e4tte St. Georg auf internationaler Messe Tendence\">Caritaswerkst\u00e4tte St. Georg auf internationaler Messe Tendence<\/a> &gt;Behinderung3 (24.6.2009)<\/li>\n<li><a href=\"https:\/\/www.freiburg-schwarzwald.de\/littenweiler\/caritaswerkstaetten.htm#Stiftung zur F\u00f6rderung behinderter Menschen 25 Jahre\">Stiftung zur F\u00f6rderung behinderter Menschen 25 Jahre<\/a> &gt;Caritaswerkstaetten (1.10.2008)<\/li>\n<li><a href=\"https:\/\/www.freiburg-schwarzwald.de\/littenweiler\/behinderung2.htm#26600 Menschen mit Behinderung in Freiburg - Hilfen\">26600 Menschen mit Behinderung in Freiburg &#8211; Hilfen<\/a> &gt;Behinderung2 (6.5.2008)<\/li>\n<li><a href=\"https:\/\/www.freiburg-schwarzwald.de\/weihnachten.htm#Produkte aus den Caritaswerkst\u00e4tten St. Georg auf Weihnachtsm\u00e4rkten\">Produkte aus Caritaswerkst\u00e4tten St. Georg auf Weihnachtsm\u00e4rkten<\/a> &gt;Weihnachten (19.11.2007)<\/li>\n<li><a href=\"https:\/\/www.freiburg-schwarzwald.de\/behinderung2.htm#Caritaswerkst\u00e4tten St. Georg - Arbeitspl\u00e4tze f\u00fcr Menschen mit Behinderungen\">Caritaswerkst\u00e4tten St. Georg &#8211; Arbeitspl\u00e4tze f\u00fcr Menschen mit Behinderungen<\/a> &gt;Behinderung2 (21.8.2007)<\/li>\n<li><a href=\"https:\/\/www.freiburg-schwarzwald.de\/markt1.htm#Produkte der Caritaswerkst\u00e4tten St. Georg auf internationalen Messen\">Produkte der Caritaswerkst\u00e4tten St. Georg auf internationalen Messen<\/a> &gt;Markt1 (30.1.2007)<\/li>\n<li><a href=\"https:\/\/www.freiburg-schwarzwald.de\/markt1.htm#Caritaswerkst\u00e4tten St. Georg auf Weihnachtsm\u00e4rkten\">Caritaswerkst\u00e4tten St. Georg auf Weihnachtsm\u00e4rkten<\/a> &gt;Markt1 (28.11.2006)<\/li>\n<li><a href=\"https:\/\/www.freiburg-schwarzwald.de\/rollstuhl1.htm#Mit dem Rollstuhl auf der Tanzfl\u00e4che in March\">Mit dem Rollstuhl auf der Tanzfl\u00e4che in March<\/a> &gt;Rollstuhl1 (16.2.2006)<\/li>\n<li><a href=\"https:\/\/www.freiburg-schwarzwald.de\/littenweiler\/soziales3.htm#Caritas-Werkst\u00e4tte Umkirch feiert ihr Fr\u00fchlingsfest\">Caritas-Werkst\u00e4tte Umkirch feiert ihr Fr\u00fchlingsfest<\/a> &gt;Soziales3 (2.5.2005)<\/li>\n<li><a href=\"https:\/\/www.freiburg-schwarzwald.de\/littenweiler\/behinderung1.htm#Caritaswerkst\u00e4tte f\u00fcr Behinderte in March-Neuershausen 10 Jahre\">Caritaswerkst\u00e4tte f\u00fcr Behinderte in March-Neuershausen 10 Jahre<\/a> &gt;Behinderung1 (24.9.2004)<br \/>\n\u00a0<\/li>\n<li>Werkst\u00e4ttentag 2012 in Freiburg 26.-28.9.2012<\/li>\n<li><a title=\"Caritaswerkstaetten\" href=\"https:\/\/www.freiburg-schwarzwald.de\/blog\/religion\/kirchen\/caritas\/caritaswerkstaetten\/\">Caritaswerkst\u00e4tten<\/a><\/li>\n<li><a href=\"https:\/\/www.freiburg-schwarzwald.de\/malteserschloss.htm#Caritaswerkst\u00e4tten St.Georg - Zweigst\u00e4tte Markgr\u00e4flerland in Heitersheim\">Malteserschlossschule &#8211; Caritaswerkst\u00e4tte Heitersheim<\/a> &gt;Malteserschloss<\/li>\n<li><a title=\"Rollstuhl\" href=\"https:\/\/www.freiburg-schwarzwald.de\/blog\/selbsthilfe\/behinderung\/rollstuhl\/\">Rollstuhl<\/a><\/li>\n<li><a href=\"https:\/\/www.freiburg-schwarzwald.de\/littenweiler\/caritaswerkstaetten.htm#Links\">Links<\/a><br \/>\n\u00a0<\/li>\n<\/ul>\n<p>&nbsp;<\/p>\n<p><strong>Werkst\u00e4ttentag 2012 in Freiburg 26.-28.9.2012<\/strong><\/p>\n<p>Alle vier Jahre ist es wieder soweit \u2013 dann veranstaltet die Bundesarbeitsgemeinschaft der Werkst\u00e4tten f\u00fcr\u00a0 behinderte Menschen (BAG:WfbM) ihren Bundeskongress, den Werkst\u00e4tten-Tag. Das Motto des Werkst\u00e4tten-Tag 2012 lautet \u201eMa\u00dfarbeit f\u00fcr alle \u2013 Wandel. Chancen. Verantwortung\u201c. Der Kongress setzt ein eindeutiges Zeichen f\u00fcr eine zukunftsgewandte Weiterentwicklung der Werkst\u00e4tten. Das Programm des Werkst\u00e4tten:Tages 2012 spiegelt die Vielfalt der aktuellen Werkstattthemen wider. Mehr als 2.000 Besucher werden erwartet.<br \/>\n<a href=\"https:\/\/www.werkstaettentag.de\">www.werkstaettentag.de<\/a><\/p>\n<p><a href=\"https:\/\/www.freiburg-schwarzwald.de\/blog\/marktplatz-inklusion-am-rathausplatz\/\">https:\/\/www.freiburg-schwarzwald.de\/blog\/marktplatz-inklusion-am-rathausplatz\/<\/a><\/p>\n<p><strong>Kongress thematisiert erh\u00f6hte Arbeitslosigkeit von Beginderten<br \/>\n<\/strong>Ulrike Mascher, Chefin des gr\u00f6\u00dften deutschen Sozialverbandes VdK und Sprecherin des Deutschen Behindertenrates, macht f\u00fcr die vielen erwerbslosen Behinderten vor allem die Arbeitgeber verantwortlich: &#8222;38 000 Betriebe in Deutschland besch\u00e4ftigen keine Behinderten, obwohl sie dazu verpflichtet sind.&#8220; Diese Firmen m\u00fcssen eine Strafe zahlen. &#8230;..<br \/>\nKritiker der Werkst\u00e4tten argumentieren, sie verhinderten die gleichberechtigte Teilhabe Behinderter an der Gesellschaft eher, statt sie zu erm\u00f6glichen. Es werde ein abgeschotteter Arbeitsmarkt geschaffen, aus dem nur schwer herauszukommen ist. \u00c4hnliche Debatten gibt es \u00fcber Ein-Euro-Jobs f\u00fcr Nichtbehinderte. Mascher teilt die grunds\u00e4tzliche Kritik an den Werkst\u00e4tten ebenso wenig wie Peter Clever vom Arbeitgeberverband BDA. &#8222;Man sollte die Werkst\u00e4tten nicht schlechtreden. Sie sind sinnvolle Schonr\u00e4ume&#8220; f\u00fcr Menschen, denen der Sprung auf den regul\u00e4ren Arbeitsmarkt nicht gelinge. Clever vertritt die Arbeitgeber im Verwaltungsrat der Bundesagentur f\u00fcr Arbeit. Er kritisierte jedoch, dass heutzutage weniger als ein Prozent der Arbeitnehmer aus den Werkst\u00e4tten den Wechsel in die freie Wirtschaft schafften. Er rief den Vertretern der Werkst\u00e4tten zu: &#8222;Klammert euch nicht an eure Leute. Lasst sie gehen, wenn sie gehen wollen.&#8220; Clever bekam daf\u00fcr Applaus&#8230;..<br \/>\nAlles vom 27.9.2012 bitte lesen auf<br \/>\n<a href=\"https:\/\/www.badische-zeitung.de\/nachrichten\/wirtschaft\/kongress-thematisiert-erhoehte-arbeitslosigkeit-von-behinderten--64085518.html\">https:\/\/www.badische-zeitung.de\/nachrichten\/wirtschaft\/kongress-thematisiert-erhoehte-arbeitslosigkeit-von-behinderten&#8211;64085518.html<\/a><\/p>\n<p>&nbsp;<\/p>\n<div><strong>Werkst\u00e4tten f\u00fcr behinderte Menschen<\/strong><\/div>\n<p>Werkst\u00e4tten f\u00fcr behinderte Menschen sollen helfen, diese in das Arbeits- und Berufsleben wieder einzugliedern. Zielgruppe sind Personen, die ihrer k\u00f6rperlichen, geistigen oder psychischen Beeintr\u00e4chtigungen oder Besonderheiten wegen nicht, noch nicht oder noch nicht wieder auf dem allgemeinen Arbeitsmarkt erwerbst\u00e4tig werden k\u00f6nnen. Sie haben ein Recht auf einen Werkstattplatz und werden gef\u00f6rdert. Die Werkst\u00e4tten haben ein breites Angebot an Berufsbildungs- und Arbeitspl\u00e4tzen. Es wird nach wirtschaftlichen Grunds\u00e4tzen gearbeitet, die Besch\u00e4ftigten bekommen Lohn. Kunden der Werkst\u00e4tten sind Firmen oder Privatleute. In ganz Deutschland gibt es etwa 700 dieser Werkst\u00e4tten, in ihnen arbeiten rund 280 000 Menschen.<\/p>\n","protected":false},"excerpt":{"rendered":"<p>Home &gt;Selbsthilfe &gt;Behinderung &gt;Werkstaetten f\u00fcr behinderte Menschen https:\/\/www.freiburg-schwarzwald.de\/blog\/marktplatz-inklusion-am-rathausplatz\/\u00a0(24.9.2012) 40 Jahre Caritaswerkst\u00e4tte f\u00fcr Menschen mit Behinderung in Neustadt &gt;Behinderung3 (30.9.10) Caritaswerkst\u00e4tte St. Georg auf internationaler Messe Tendence &gt;Behinderung3 (24.6.2009) Stiftung zur F\u00f6rderung behinderter Menschen 25 Jahre &gt;Caritaswerkstaetten (1.10.2008) 26600 Menschen mit &hellip; <a href=\"https:\/\/www.freiburg-schwarzwald.de\/blog\/selbsthilfe\/behinderung\/werkstaetten\/\">Weiterlesen <span class=\"meta-nav\">&rarr;<\/span><\/a><\/p>\n","protected":false},"author":4,"featured_media":0,"parent":114,"menu_order":0,"comment_status":"open","ping_status":"closed","template":"","meta":{"footnotes":""},"class_list":["post-11471","page","type-page","status-publish","hentry"],"_links":{"self":[{"href":"https:\/\/www.freiburg-schwarzwald.de\/blog\/wp-json\/wp\/v2\/pages\/11471","targetHints":{"allow":["GET"]}}],"collection":[{"href":"https:\/\/www.freiburg-schwarzwald.de\/blog\/wp-json\/wp\/v2\/pages"}],"about":[{"href":"https:\/\/www.freiburg-schwarzwald.de\/blog\/wp-json\/wp\/v2\/types\/page"}],"author":[{"embeddable":true,"href":"https:\/\/www.freiburg-schwarzwald.de\/blog\/wp-json\/wp\/v2\/users\/4"}],"replies":[{"embeddable":true,"href":"https:\/\/www.freiburg-schwarzwald.de\/blog\/wp-json\/wp\/v2\/comments?post=11471"}],"version-history":[{"count":0,"href":"https:\/\/www.freiburg-schwarzwald.de\/blog\/wp-json\/wp\/v2\/pages\/11471\/revisions"}],"up":[{"embeddable":true,"href":"https:\/\/www.freiburg-schwarzwald.de\/blog\/wp-json\/wp\/v2\/pages\/114"}],"wp:attachment":[{"href":"https:\/\/www.freiburg-schwarzwald.de\/blog\/wp-json\/wp\/v2\/media?parent=11471"}],"curies":[{"name":"wp","href":"https:\/\/api.w.org\/{rel}","templated":true}]}}