{"id":114521,"date":"2023-08-11T09:44:19","date_gmt":"2023-08-11T07:44:19","guid":{"rendered":"https:\/\/www.freiburg-schwarzwald.de\/blog\/?page_id=114521"},"modified":"2024-08-06T17:56:44","modified_gmt":"2024-08-06T15:56:44","slug":"europawahl2024","status":"publish","type":"page","link":"https:\/\/www.freiburg-schwarzwald.de\/blog\/global\/eu\/europawahl2024\/","title":{"rendered":"Europawahl2024"},"content":{"rendered":"<p><a href=\"https:\/\/www.freiburg-schwarzwald.de\/blog\">Home<\/a>\u00a0&gt;<a title=\"Global\" href=\"https:\/\/www.freiburg-schwarzwald.de\/blog\/global\/\">Global<\/a>\u00a0&gt;<a title=\"EU\" href=\"https:\/\/www.freiburg-schwarzwald.de\/blog\/global\/eu\/\">EU<\/a>\u00a0&gt;<a title=\"Finanzsystem\" href=\"https:\/\/www.freiburg-schwarzwald.de\/blog\/global\/finanzsystem\/\">Finanzsystem<\/a> &gt;<a href=\"https:\/\/www.freiburg-schwarzwald.de\/blog\/global\/eu\/europawahl\/\">Europawahl<\/a> &gt;Europawahl2024<\/p>\n<div id=\"attachment_114421\" style=\"width: 649px\" class=\"wp-caption alignnone\"><a href=\"https:\/\/www.freiburg-schwarzwald.de\/blog\/wp-content\/uploads\/2023\/08\/demo5frieden-pan23august05.jpg\"><img loading=\"lazy\" decoding=\"async\" aria-describedby=\"caption-attachment-114421\" class=\"size-full wp-image-114421\" src=\"https:\/\/www.freiburg-schwarzwald.de\/blog\/wp-content\/uploads\/2023\/08\/demo5frieden-pan23august05.jpg\" alt=\"\" width=\"639\" height=\"393\" srcset=\"https:\/\/www.freiburg-schwarzwald.de\/blog\/wp-content\/uploads\/2023\/08\/demo5frieden-pan23august05.jpg 639w, https:\/\/www.freiburg-schwarzwald.de\/blog\/wp-content\/uploads\/2023\/08\/demo5frieden-pan23august05-180x111.jpg 180w\" sizes=\"auto, (max-width: 639px) 100vw, 639px\" \/><\/a><p id=\"caption-attachment-114421\" class=\"wp-caption-text\">Friedensdemo 5.8.2023 am Freiburger Rathaus<\/p><\/div>\n<ul>\n<li><a href=\"https:\/\/www.freiburg-schwarzwald.de\/blog\/engagement\/zukunft\/demokratie\/rechts\/krah\/\">Maximilian Krah \u2013 \u201eIch bin Donald Trump\u201c \u2013 AfD-Europaabgeordneter \u00fcber den US-Wahlkampf &amp; Dating-Tipps<\/a>\u00a0(30.7.2024)<\/li>\n<li><a href=\"https:\/\/www.freiburg-schwarzwald.de\/blog\/global\/eu\/patriotsforeurope\/\">Wer sind die \u201ePatrioten f\u00fcr Europa\u201c<\/a>\u00a0(3.7.2024)<\/li>\n<li>Europawahl am 9.6.2024 &#8211; Ergebnisse Deutschland (12.6.2024)<\/li>\n<li>Europawahl Freiburg am 9.6.2024 &#8211; Ergebnisse (12.6.2024)<\/li>\n<li><a href=\"https:\/\/www.freiburg-schwarzwald.de\/blog\/eu-und-d-die-zukunft-ist-rechts\/\">EU und D: Die Zukunft ist rechts<\/a>\u00a0(11.6.2024)<\/li>\n<li>ZDF-Kandidatencheck: Asyl-Anerkennungsquote gelogen (31.5.2024)<\/li>\n<li><a href=\"https:\/\/www.freiburg-schwarzwald.de\/blog\/global\/france\/frankreich2022\/\">Macron in Dresden: Die Macron-Show mit deutschen Claqueuren<\/a> (29.5.2025)<\/li>\n<li>Tichy Streit-Bar: Das Ende der Europ\u00e4ischen Union? (28.5.2024)<\/li>\n<li><a href=\"https:\/\/www.freiburg-schwarzwald.de\/blog\/wahl-gewalt-gegen-politiker\/\">Wahl: Gewalt gegen Politiker<\/a> (10.5.2024)<\/li>\n<li><a href=\"https:\/\/www.freiburg-schwarzwald.de\/blog\/waehlernoetigung-der-diakonie\/\">W\u00e4hlern\u00f6tigung durch die Diakonie?<\/a>\u00a0(3.5.2024)<\/li>\n<li><a href=\"https:\/\/www.freiburg-schwarzwald.de\/blog\/jugend-deutschland-rechtsruck\/\">Jugend in Deutschland: Rechtsruck<\/a>\u00a0(27.4.2024)<\/li>\n<li><a href=\"https:\/\/www.freiburg-schwarzwald.de\/blog\/negative-campaigning\/\">Negative Campaigning<\/a>\u00a0(27.4.2024)<\/li>\n<li><a href=\"https:\/\/www.freiburg-schwarzwald.de\/blog\/maximilian-krah-afd-interview\/\">Maximilian Krah (AfD): 6 Std-Interview<\/a>\u00a0(19.4.2024)<\/li>\n<li>Maximilian Krah (AfD), Spitzenkandidat bei der Europawahl &#8211; Jung &amp; Naiv: Folge 701 (29.4.2024)<\/li>\n<li><a href=\"https:\/\/www.freiburg-schwarzwald.de\/blog\/buergerliste-zur-europawahl-2024\/\">B\u00fcrgerliste zur Europawahl 2024<\/a> (6.3.2024)<\/li>\n<li>Europawahl 2024: Staatenbund statt Zentralstaat (18.2.2024)<\/li>\n<li><a href=\"https:\/\/www.freiburg-schwarzwald.de\/blog\/kultur\/medien\/kampf-gegen-gruene\/\">Biberach: Bauern gegen Gr\u00fcnen-Parteitag<\/a>\u00a0(15.2.2024)<\/li>\n<li>Maximilian Krah: Ich k\u00e4mpfe f\u00fcr ein Europa, das nicht unter der Fuchtel Amerikas steht (9.8.2023)<\/li>\n<li>Identit\u00e4t &amp; Demokratie (ID): Fraktion im EU-Parlament (1.5.2023)<\/li>\n<li><\/li>\n<li><a href=\"https:\/\/www.freiburg-schwarzwald.de\/blog\/kultur\/medien\/kampf-gegen-gruene\/\">Kampf-gegen-Gr\u00fcne<\/a><\/li>\n<li><a href=\"https:\/\/www.freiburg-schwarzwald.de\/blog\/engagement\/zukunft\/demokratie\/rechts\/krah\/\">Krah, Maximilian<\/a><\/li>\n<li><a href=\"https:\/\/www.freiburg-schwarzwald.de\/blog\/global\/eu\/patriotsforeurope\/\">PatriotsForEurope<\/a><\/li>\n<\/ul>\n<p>&nbsp;<\/p>\n<p><strong>Europawahl am 9.6.2024 &#8211; Ergebnisse Deutschland<\/strong><br \/>\nWahlberechtigte 61.941.751, W\u00e4hler 40.128.348<br \/>\nWahlbeteiligung 64,8 Prozent<br \/>\n.<br \/>\nPartei: Stimmen Prozent 2024: Stimmen Prozent 2019: Differenz:<\/p>\n<p>CDU 9.431.567 23,7\u00a0 \u00a0 \u00a0 \u00a08.438.975 22,6 +1,1<br \/>\nGR\u00dcNE 4.736.913 11,9\u00a0 \u00a0 \u00a0 \u00a07.677.071 20,5 -8,6<br \/>\nSPD 5.548.528 13,9\u00a0 \u00a0 \u00a0 \u00a05.916.882 15,8 -1,9<br \/>\nAfD 6.324.008 15,9\u00a0 \u00a0 \u00a0 \u00a04.104.453 11,0 +4,9<br \/>\nCSU 2.513.300 6,3\u00a0 \u00a0 \u00a0 \u00a02.355.067 6,3 \u00b10,0<br \/>\nDIE LINKE 1.091.268 2,7\u00a0 \u00a0 \u00a0 \u00a02.056.049 5,5 -2,8<br \/>\nFDP 2.060.457 5,2\u00a0 \u00a0 \u00a0 \u00a02.028.594 5,4 -0,2<\/p>\n<p>Die PARTEI 775.392 1,9\u00a0 \u00a0 \u00a0 \u00a0899.079 2,4 -0,5<br \/>\nFREIE W\u00c4HLER 1.062.132 2,7\u00a0 \u00a0 \u00a0 \u00a0806.703 2,2 +0,5<br \/>\nTierschutzpartei 570.498 1,4\u00a0 \u00a0 \u00a0 \u00a0 542.226 1,4 \u00b10,0<br \/>\n\u00d6DP 257.968 0,6\u00a0 \u00a0 \u00a0 \u00a0369.869 1,0 -0,3<br \/>\nFAMILIE 243.975 0,6\u00a0 \u00a0 \u00a0 \u00a0273.828 0,7 -0,1<br \/>\nVolt 1.023.161 2,6\u00a0 \u00a0 \u00a0 \u00a0249.098 0,7 +1,9<br \/>\nPIRATEN 186.773 0,5\u00a0 \u00a0 \u00a0 \u00a0243.302 0,7 -0,2<br \/>\nMERA25 118.616 0,3\u00a0 \u00a0 \u00a0 \u00a0130.229 0,3 -0,1<br \/>\nHEIMAT 41.006 0,1\u00a0 \u00a0 \u00a0 \u00a0101.011 0,3 -0,2<\/p>\n<p>TIERSCHUTZ hier! 173.443 0,4\u00a0 \u00a0 \u00a0 \u00a099.780 0,3 +0,2<br \/>\nVerj\u00fcngungsforschung 18.935 0,0\u00a0 \u00a0 \u00a0 \u00a070.869 0,2 -0,1<br \/>\nBIG 31.141 0,1\u00a0 \u00a0 \u00a0 \u00a068.647 0,2 -0,1<br \/>\nB\u00fcndnis C 75.053 0,2\u00a0 \u00a0 \u00a0 \u00a066.327 0,2 \u00b10,0<br \/>\nPdH 82.275 0,2\u00a0 \u00a0 \u00a0 \u00a062.604 0,2 \u00b10,0<br \/>\nMENSCHLICHE WELT 54.098 0,1\u00a0 \u00a0 \u00a0 \u00a0 34.470 0,1 \u00b10,0<br \/>\nDKP 14.945 0,0\u00a0 \u00a0 \u00a0 \u00a0 20.396 0,1 \u00b10,0<br \/>\nMLPD 13.553 0,0\u00a0 \u00a0 \u00a0 \u00a0 18.342 0,0 \u00b10,0<br \/>\nSGP 5.923 0,0\u00a0 \u00a0 \u00a0 \u00a05.283 0,0 \u00b10,0<\/p>\n<p>ABG 26.506 0,1\u00a0 \u00a0 \u00a0 \u00a0&#8211; &#8211; &#8211;<br \/>\ndieBasis 99.502 0,3\u00a0 \u00a0 \u00a0 \u00a0&#8211; &#8211; &#8211;<br \/>\nB\u00dcNDNIS DEUTSCHLAND 164.477 0,4\u00a0 \u00a0 \u00a0 \u00a0&#8211; &#8211; &#8211;<br \/>\nBSW 2.453.652 6,2\u00a0 \u00a0 \u00a0 \u00a0&#8211; &#8211; &#8211;<br \/>\nDAVA 148.724 0,4\u00a0 \u00a0 \u00a0 \u00a0&#8211; &#8211; &#8211;<br \/>\nKLIMALISTE 31.504 0,1\u00a0 \u00a0 \u00a0 &#8211; &#8211; &#8211;<br \/>\nLETZTE GENERATION 104.340 0,3\u00a0 \u00a0 \u00a0 \u00a0&#8211; &#8211; &#8211;<br \/>\nPDV 29.508 0,1\u00a0 \u00a0 \u00a0 \u00a0&#8211; &#8211; &#8211;<br \/>\nPdF 227.631 0,6\u00a0 \u00a0 \u00a0 \u00a0&#8211; &#8211; &#8211;<br \/>\nV-Partei\u00b3 55.440 0,1\u00a0 \u00a0 \u00a0 \u00a0&#8211; &#8211; &#8211;<br \/>\n.<br \/>\nAngaben ohne Gew\u00e4hr<br \/>\nKommunalwahl Freiburg<a href=\"https:\/\/www.freiburg-schwarzwald.de\/blog\/regio\/freiburg\/kommunalwahl2024-fr\/\"> hier<\/a><br \/>\n.<br \/>\n.<br \/>\n.<br \/>\n<strong>Europawahl Freiburg am 9.6.2024 &#8211; Ergebnisse<\/strong><br \/>\nWahlberechtigte 162.626, W\u00e4hler 115.975<br \/>\nWahlbeteiligung 71,3 %<\/p>\n<p>Partei: Stimmen Prozent:<br \/>\nGR\u00dcNE 34.889 30,3 %<br \/>\nCDU 17.740 15,4 %<br \/>\nSPD 14.688 12,7 %<br \/>\nVolt 8.611 7,5 %<br \/>\nDIE LINKE 7.144 6,2 %<br \/>\nAfD 6.786 5,9 %<br \/>\nFDP 6.317 5,5 %<br \/>\nBSW 4.752 4,1 %<\/p>\n<p>FREIE W\u00c4HLER 2.054 1,8 %<br \/>\nDie PARTEI 3.212 2,8 %<br \/>\nTierschutzpartei 1.460 1,3 %<br \/>\n\u00d6DP 1.035 0,9 %<br \/>\nPIRATEN 531 0,5 %<br \/>\nFAMILIE 272 0,2 %<br \/>\nMERA25 860 0,7 %<br \/>\nB\u00fcndnis C 290 0,3 %<\/p>\n<p>TIERSCHUTZ hier! 335 0,3 %<br \/>\nBIG 63 0,1 %<br \/>\nHEIMAT 39 0,0 %<br \/>\nPdH 367 0,3 %<br \/>\nPartei f\u00fcr schulmedizinische Verj\u00fcngungsforschung 31 0,0 %<br \/>\nMENSCHLICHE WELT 144 0,1 %<br \/>\nMLPD 43 0,0 %<br \/>\nDKP 53 0,0 %<br \/>\nSGP 2 0,0 %<br \/>\nABG 38 0,0 %<\/p>\n<p>dieBasis 325 0,3 %<br \/>\nB\u00dcNDNIS DEUTSCHLAND<br \/>\n287 0,2 %<br \/>\nDAVA 240 0,2 %<br \/>\nKLIMALISTE 359 0,3 %<br \/>\nLETZTE GENERATION 1.478 1,3 %<br \/>\nPDV 51 0,0 %<br \/>\nPdF 577 0,5 %<br \/>\nV-Partei\u00b3 224 0,2 %<\/p>\n<p>Angaben ohne Gew\u00e4hr<br \/>\nKommunalwahl Freiburg <a href=\"https:\/\/www.freiburg-schwarzwald.de\/blog\/regio\/freiburg\/kommunalwahl2024-fr\/\">hier<\/a><br \/>\n.<br \/>\n.<\/p>\n<p><strong>ZDF-Kandidatencheck: Asyl-Anerkennungsquote gelogen<\/strong><br \/>\nDas <a href=\"https:\/\/www.freiburg-schwarzwald.de\/blog\/kultur\/medien\/gez-medien\/zdf\/\">ZDF<\/a> strahlte am 30.5.2024 \u201eWie geht\u2019s Europa? Der gro\u00dfe Kandidatencheck\u201c aus. Ich wei\u00df immer noch nicht, was ich w\u00e4hlen soll. Aber ich entscheide mich sp\u00e4testens jetzt, wen man nicht w\u00e4hlen kann: Parteien, die von den Medien gepuscht werden. Sie l\u00fcgen und betr\u00fcgen skrupellos.<br \/>\nDie Moderatorin Dunja Hayali versuchte einen der Spitzenkandidaten aufs Glatteis zu f\u00fchren mit der Frage, wie hoch die Asyl-Anerkennungsquote. Er nannte eine niedrige Quote, ich merkte mir die Zahl nicht, glaube aber 0,7 Prozent. Doch die besserwissende Propagandistin Hayali berichtigte: nein, um die 70 Prozent. Der Befragte widersprach, doch sie blieb bei ihrer Behauptung und verwies auf den \u201eFaktenchek\u201c \u2013 der nicht erfolgte.<br \/>\nDeshalb \u00fcbernahm ich den Faktencheck selbst, siehe <a href=\"https:\/\/www.bamf.de\/SharedDocs\/Anlagen\/DE\/Statistik\/AsylinZahlen\/aktuelle-zahlen-maerz-2024.pdf?__blob=publicationFile&amp;v=3\">https:\/\/www.bamf.de\/SharedDocs\/Anlagen\/DE\/Statistik\/AsylinZahlen\/aktuelle-zahlen-maerz-2024.pdf?__blob=publicationFile&amp;v=3<\/a><br \/>\nDie Seite 11 letzte Zeile gibt die Antwort: Die Anerkennungsquote sinkt von Jahr zu Jahr, im 1. Quartal 2024 betrug sie nur noch 0,5 Prozent. Als nicht asylberechtigte \u201eFl\u00fcchtlinge\u201c gelten 12,3 Prozent. Aber wie bekannt: fast alle die nach Deutschland einreisen k\u00f6nnen bleiben.<br \/>\nDas Europaparlament wird (noch) gew\u00e4hlt \u2013 wahrscheinlich, weil es kaum etwas zu sagen hat. Wann endlich kommt die Zeit, wo man die Propagandisten der Medien w\u00e4hlen und abw\u00e4hlen kann. Oder wer zieht das unf\u00e4hige, tendenziell propagandistische und l\u00fcgende Personal aus dem Verkehr, das zudem Hass und Hetze verbreitet.<br \/>\nIch verstehe immer mehr, dass immer weniger Menschen bereit sind, Rundfunkgeb\u00fchren zu zahlen.<br \/>\n31.5.2024, Albrecht K\u00fcnstle (frustriert)<\/p>\n<p>&nbsp;<\/p>\n<p><strong>Tichy Streit-Bar: Das Ende der Europ\u00e4ischen Union?<\/strong><br \/>\nDie EU-Wahl steht an. Die B\u00fcrger d\u00fcrfen ihr Kreuz machen und die Politik im EU-Parlament wird sich nicht ver\u00e4ndern. Wie kann Europa stattdessen aussehen und wollen die B\u00fcrger die EU in dieser Form \u00fcberhaupt noch, diskutieren Roland Tichy und Diether Dehm mit Ulrike Gu\u00e9rot und Klaus-R\u00fcdiger Mai.<br \/>\n.<br \/>\n<a href=\"https:\/\/www.achgut.com\/artikel\/die_macron_show_mit_deutschen_claqueren\">https:\/\/www.youtube.com\/watch?v=-9vYgKgkNmQ<\/a><br \/>\nKurz vor den Europawahlen muss man sich die Frage stellen: Was l\u00e4uft schief in Br\u00fcssel? Der Traum der geeinten L\u00e4nder Europas, des freien Marktes ohne Grenzen ist dem Alptraum einer \u00fcberbordenden B\u00fcrokratie gewichen, die lieber Flaschendeckel-Regelungen erl\u00e4sst und die Sicherheit ihrer Mitgliedsstaaten mit ungesch\u00fctzten Grenzen gef\u00e4hrdet.<br \/>\nUlrike Gu\u00e9rot, ist eigentlich eine erkl\u00e4rte Europ\u00e4erin. Sie trat f\u00fcr die Idee der immer engeren Union ein \u2013 die aber von den B\u00fcrgern, nicht den Staaten vorangetrieben werden sollte. Sie meint: Als der Versuch, eine europ\u00e4ische Verfassung zu schreiben scheiterte, scheiterte auch das europ\u00e4ische Projekt. In Br\u00fcssel sitzt eine Regierung, die mit der Idee Europas nichts mehr gemein hat.<br \/>\nKlaus-R\u00fcdiger Mai hingegen fordert eine R\u00fcckkehr zu fr\u00fcheren Konzepten. \u201eEin Europa der Vaterl\u00e4nder\u201c, in souver\u00e4ne Staaten, die sich zusammenschlie\u00dfen. Ob Verfassung oder nicht: Das Abtreten immer neuer und mehr Kompetenzen an Br\u00fcssel ist der Konstruktionsfehler der Union.<br \/>\n&#8230; Alles vom 28.4.2024 bitte lesen auf<br \/>\n<a href=\"https:\/\/www.achgut.com\/artikel\/die_macron_show_mit_deutschen_claqueren\">https:\/\/www.tichyseinblick.de\/video\/streit-bar\/guerot-mai-tichy-dehm\/<\/a><\/p>\n<p>Einige Zitate:<br \/>\n&#8222;An der Frage, ob wir den Ukrainekrieg befrieden k\u00f6nnen, entscheidet sich, ob die EU bestehen bleiben kann&#8220; (Guerot)<br \/>\n&#8222;L&#8217;europe est marode, l&#8217;europe pourrait mourir&#8220; &#8211; &#8222;Europa ist marode, Europa k\u00f6nnte sterben&#8220; (Macron in seiner Sorbonne-Rede)<br \/>\nDie Welt ist im Umbruch. Die bipolare (USA &#8211; Rest) wird gegen eine multipolare Ordnung ausgetauscht.<br \/>\n&#8222;Wir brauchen eine Interessenpolitik, keine ideologiegeleitete: Ein Europa der Vaterl\u00e4nder &#8220; (Mai).<br \/>\n&#8222;Ein Europa der Regionen, nicht aber der Nationen&#8220; (Guerot)<br \/>\n&#8222;Das Verbrennerberbot ist der Galgen, an dem wir uns selbst aufh\u00e4ngen&#8220; (Tichy).<br \/>\nDie Brics-Staaten haben 1) Billige Arbeitskr\u00e4fte (cheap labour), 2) Rohstoffe und 3) halten sich an das V\u00f6lkerrecht. Die EU hat nichts von alledem.<br \/>\nLe Pen: &#8222;L&#8217;Europe sera social ou il ne sera pas&#8220; &#8211; &#8222;Europa wird sozial sein oder es wird nichts sein&#8220;<br \/>\nZur EUropawahl:<br \/>\n&#8222;Nichts was wir hier diskutieren, wir irgendwo in den Wahlkreisen diskutiert&#8220; (Tichy)<br \/>\n&#8222;Wir haben eine Wahl &#8211; wir haben aber keine Wahl&#8220; (Guerot)<br \/>\n&#8222;Man kann die AfD w\u00e4hlen, aber sie kommt nicht an die Macht.<br \/>\nMan kann von der Leyen nicht w\u00e4hlen, aber sie kommt sicher an die Macht&#8220; (Tichy)<br \/>\n&#8222;Die gr\u00f6\u00dfte Symbolwirkung de Wahl wird sein: Kleine Parteien werden gew\u00e4hlt und erhalten so Gewicht im Parlament&#8220; (Mai)<br \/>\n&#8222;Wir haben keine Politiker, die Interessen formulieren und diese im Parlament umsetzen k\u00f6nnen. Es geht diesen nur um Erhalt der Strukturen und der eigenen Macht&#8220; (Mai)<br \/>\n.<br \/>\nEinige Kommentare:<br \/>\nWarum haben wir eine solche kluge und intelligente Frau wie U. Guerot nicht in der aktiven Politik? Warum haben wir Faeser, Paus, Lang, Baerbock, Roth, Esken, \u2026??? T.P.<br \/>\n.<br \/>\nDas Format und besonders diese Diskussion m\u00fcsste eigentlich den Grimmepreis erhalten! Diese Diskussion hat mich pers\u00f6nlich sehr bereichert.<br \/>\n27:49 Hier liegt eigentlich die Krux an der EU, wie Herr Tichy sehr sch\u00f6n beschreibt, dass man einfach zu viel will. Die &#8222;Ver\u00e4nderung&#8220; ist Triebkraft der EU, ohne aber wirklich die Auswirkungen dieser Ver\u00e4nderungen in Reallife abzuwarten. D. h. generell bewertet man die Anzahl an Ver\u00e4nderungen h\u00f6her als die Erfolge durch diese Ver\u00e4nderungen. Man \u00fcberpr\u00fcft diese Erfolge nicht einmal, oder doch? Und g\u00e4be es negative Erfolge, n\u00e4hme man diese zur\u00fcck? U.Q.<br \/>\n.<br \/>\nIch w\u00fcnsche mir eine Diskussion von Frau Guerot mit Max Krah,\/AFD oder Strack Zimmermann\/FDP oder Kiesewetter\/CDU oder Hofreiter\/Gr\u00fcne. Am besten mit allen. Das w\u00e4re der Knaller. Ste<br \/>\nEnde Komentare<\/p>\n<p>&nbsp;<\/p>\n<p><strong>Maximilian Krah (AfD), Spitzenkandidat bei der Europawahl &#8211; Jung &amp; Naiv: Folge 701<\/strong><br \/>\nZu Gast im Studio: Maximilian Krah. Er ist Mitglied im Bundesvorstand der AfD und seit 2019 Mitglied des Europ\u00e4ischen Parlaments. Er ist Spitzenkandidat der AfD f\u00fcr die Europawahl 2024.<br \/>\n<a href=\"https:\/\/youtu.be\/BuMZzfDUOf8\">https:\/\/youtu.be\/BuMZzfDUOf8\u00a0<\/a><\/p>\n<p>Ein Gespr\u00e4ch \u00fcber seine Spitzenkandidatur f\u00fcr das EU-Parlament, seine Kindheit und Jugend in der DDR, sein Eintritt in die und Austritt aus der CDU, die Zerst\u00f6rung der CDU, seine Religiosit\u00e4t als Katholik und seine Wunschvorstellung von Kirche, sein Jura-Studium und Engagement als Anwalt f\u00fcr die erzkonservative Pius-Br\u00fcderschaft, Verfassungspatriotismus, sein Weltbild, sein Vorhaben als Anti-EU-Politiker ins EU-Parlament zu wollen, die Abschaffung des Europaparlament und die \u00dcberwindung der EU, seine Di\u00e4ten und Pension, die EU-Agrarpolitik der AfD, den Wunsch der AfD die EU durch einen &#8222;Bund Europ\u00e4ischer Nationen&#8220; zu ersetzen und Parallelen zu Hitler, seine Vorstellung \u00fcber den deutschen Sozialstaat sowie den Ersatz dessen durch &#8222;solidarischen Patriotismus&#8220;, AfD-Sozialpolitik gegen Armen und &#8222;kleine Leute&#8220;, Maximilians neoliberale Ansichten, Wohnungspolitik, seine L\u00f6sung des Pflegenotstands, seine Leugnung des menschengemachten Klimawandels, seine Vorstellung der Familie, sein Frauenbild und Parallelen zu Hitler, seine Haltung zum Milit\u00e4r und der Bundeswehr, den Ukrainekrieg und Krieg im Nahen Osten, Maximilians nachgewiesene Kontakte zu China und Russland, seine Ansichten zum Holocaust, H\u00f6cke und der &#8222;Schuldkult&#8220; der Deutschen, sein Verst\u00e4ndnis vom deutschen Volk, &#8222;ethnische Deutsche&#8220;, genetisch bedingte Korruption in Deutschland und Afrika, seine Vorstellung von Menschenrechten, &#8222;Umvolkung&#8220;, die &#8222;Remigration&#8220; von 15 bis 25 Millionen aus Deutschland, seine Aussagen zu Vielfalt und zu Assimilation von Migranten, die &#8222;Vorfahren&#8220; der Deutschen und seine eigenen sowie die Ermordung von Walter L\u00fcbcke + eure Fragen via Hans<br \/>\n&#8230; Alles vom 19.4.2024 bitte lesen auf <a href=\"https:\/\/youtu.be\/BuMZzfDUOf8\">https:\/\/youtu.be\/BuMZzfDUOf8<\/a>.<br \/>\n.<br \/>\nZu den Auseinandersetzungen um das Repubblica-Interview siehe <a href=\"https:\/\/www.freiburg-schwarzwald.de\/blog\/kultur\/medien\/medien-afd\/\">hier<\/a>.<\/p>\n<p>&nbsp;<\/p>\n<p><strong>Europawahl 2024: Staatenbund statt Zentralstaat<\/strong><br \/>\nEuropa &#8211; Bund von Nationalstaaten oder Zentralstaat? Paul Busse zeigt in seinem fundierten geschichtlichen \u00dcberblick auf, dass sich die EU in Richtung zu einem zentralistischem Einheitsstaat entwickelt und dass die transatlantische Gr\u00fcndungsausrichtung der EU die vitalen Interessen der Europ\u00e4er negierte. Zu Lasten der <a href=\"https:\/\/www.freiburg-schwarzwald.de\/blog\/engagement\/zukunft\/demokratie\/nation\/national\/\">nationalen<\/a> <a href=\"https:\/\/www.freiburg-schwarzwald.de\/blog\/engagement\/zukunft\/demokratie\/souveraenitaet\/\">Souver\u00e4nit\u00e4t<\/a> und <a href=\"https:\/\/www.freiburg-schwarzwald.de\/blog\/engagement\/zukunft\/demokratie\/grundgesetz\/grundrechte\/\">b\u00fcrgerlichen<\/a> <a href=\"https:\/\/www.freiburg-schwarzwald.de\/blog\/engagement\/zukunft\/demokratie\/freiheit\/freiheitsrechte\/\">Freiheitsrechte<\/a>. Folgerichtig &#8211; und das hat Ludwig Erhard bereits 1956 beschrieben, etablierte sich in Br\u00fcssel ein b\u00fcrokratischer Verwaltungsmoloch, dessen F\u00fchrung durch keine direkten Wahlen legitimiert ist.<br \/>\n<a href=\"https:\/\/www.freiburg-schwarzwald.de\/blog\/wp-content\/uploads\/2024\/02\/Europawahl2024-PaulBusse240218.pdf\">Europawahl2024-PaulBusse240218.pdf<\/a><br \/>\n.<br \/>\nDie ma\u00dfgeblich durch Monnet als Verfechter eines politischen Funktionalismus geformte EU hat sich in mehreren f\u00fcr die europ\u00e4ische Wirtschaft und auf weiteren existenziellen Feldern in ausweglose Lagen hineinman\u00f6vriert; das Monnet&#8217;sche Modell st\u00f6\u00dft an seine Grenzen. Erinnern wir uns, dass Steiner, Schweitzer, de Gaulle, Erhard etc. andere Modelle f\u00fcr Europa gesehen haben, mit denen sich zu besch\u00e4ftigen es h\u00f6chste Zeit ist.<br \/>\nSchon 2018 wurden wie heute diejenigen als Europafeinde verteufelt &#8211; also auch die Genannten unstreitig &#8218;gro\u00dfen Europ\u00e4er&#8216;, die lediglich ein anderes Modell f\u00fcr ein gemeinsames Europa ansprachen; selbst ein Herfried M\u00fcnkler spricht von verschiedenen Modellen: ein Andersdenkender ist noch lange kein Feind, vielleicht sogar eher ein Freund. Das vorliegende Infoblatt stellt einen intensiv recherchierten Denkansto\u00df dar, die Wirklichkeit Europas mit anderen Augen zu sehen.<br \/>\n.<br \/>\nDie EU mu\u00df dringend reformiert werden. Die Prinzipien der Dezentralisierung, B\u00fcrgern\u00e4he und individuellen Freiheit m\u00fcssen gewahrt werden.<br \/>\n18.2.2024<\/p>\n<p>&nbsp;<\/p>\n<p><strong>Maximilian Krah: Ich k\u00e4mpfe f\u00fcr ein Europa, das nicht unter der Fuchtel Amerikas steht<\/strong><br \/>\nDer zum <a href=\"https:\/\/www.freiburg-schwarzwald.de\/blog\/vereine\/partei\/afd\/\">AfD<\/a>-Spitzenkandidat f\u00fcr die Europawahl gek\u00fcrte Maximilian Krah war erneut zu Gast &#8222;am Rande der Gesellschaft&#8220;. Mit Ellen Kositza und G\u00f6tz Kubitschek spricht er \u00fcber die Dynamik des Parteitags, seine Wahl, seine Mannschaft, seine Verantwortung und seine Gegner. &#8230;<br \/>\nKrahs Buch Politik von rechts. Ein Manifest gibt Antworten weit \u00fcber das Gespr\u00e4ch hinaus.<br \/>\n9.8.2023, <a href=\"https:\/\/www.youtube.com\/watch?v=m7VckY_a_dg&amp;t=7s\">https:\/\/www.youtube.com\/watch?v=m7VckY_a_dg&amp;t=7s<\/a><\/p>\n<p>Maximilian Krah:<br \/>\n&#8222;Politik von rechts. Ein Manifest&#8220;<br \/>\n9783949041532, Antaios 2023, 228 Seiten, 20 Euro<br \/>\n.<br \/>\n.<br \/>\n<strong>Identit\u00e4t &amp; Demokratie (ID): Fraktion im EU-Parlament<\/strong><br \/>\nDie Fraktion Identit\u00e4t &amp; Demokratie hat Abgeordnete aus acht EU-Mitgliedstaaten. Die gr\u00f6\u00dften Gruppen bilden die italienische Lega-Partei, der franz\u00f6sische Rassemblement National und die Alternative f\u00fcr Deutschland<br \/>\nGemeinsam mit Ihnen verteidigen wir Freiheit, Demokratie und Grundrechte. Wir k\u00e4mpfen f\u00fcr unser christlich-abendl\u00e4ndisches Erbe und f\u00fcr die Souver\u00e4nit\u00e4t unserer Nationalstaaten. Wir wollen eine schlanke EU, die sich auf vertraglich fixierte Kernzust\u00e4ndigkeiten beschr\u00e4nkt. Wir streiten f\u00fcr ein <a href=\"https:\/\/www.freiburg-schwarzwald.de\/blog\/global\/eu\/europa-der-vaterlaender\/\">Europa freier B\u00fcrger und Vaterl\u00e4nder<\/a>, die ihre Identit\u00e4t, ihre Demokratie und ihre oftmals blutig erstrittenen Verfassungen bewahren. Globalismus, Multikulturalismus und destruktiven Genderismus lehnen wir ab.<br \/>\n.<br \/>\nDemokratie: Die ID-Fraktion nimmt das demokratische Defizit der EU in Angriff und will mehr Kompetenzen f\u00fcr nationale Parlamente erk\u00e4mpfen. Sie sollen in der EU mehr zu sagen haben und Ergebnisse demokratisch durchgef\u00fchrter Referenden m\u00fcssen respektiert und eingehalten werden.<br \/>\n.<br \/>\nIdentit\u00e4t: Wir wollen, dass die nationalen Identit\u00e4ten akzeptiert, respektiert und gesch\u00fctzt werden. Deshalb widerspricht unsere Fraktion der unkontrollierten Massenzuwanderung sowie einem Beitritt in die EU von nichteurop\u00e4ischen L\u00e4ndern wie der T\u00fcrkei.<br \/>\n.<br \/>\nSouver\u00e4nit\u00e4t: Jede europ\u00e4ische Nation sollte das Recht haben, ihre eigene Politik nach ihren eigenen Bed\u00fcrfnissen zu bestimmen. Die EU sollte aufh\u00f6ren, sich in die inneren Angelegenheiten ihrer Mitgliedstaaten einzumischen.<\/p>\n<p>Mitglieder der ID-Fraktion<br \/>\nLega &#8211; Italien<br \/>\nRassemblment national &#8211; Frankreich<br \/>\nAfD &#8211; Deutschland<br \/>\nFP\u00d6 &#8211; \u00d6sterreich<br \/>\nVlaams Balang &#8211; Flandern<br \/>\nSvovoda a prima demokracie &#8211; Tschechische Republik<br \/>\nPartij voor de Vrijheid &#8211; Niederlande<br \/>\nDansk Folkeparti &#8211; D\u00e4nemark<\/p>\n<p><a href=\"https:\/\/de.idgroup.eu\/\">https:\/\/de.idgroup.eu\/<\/a><\/p>\n<p>Die Fraktionen im Europ\u00e4ischen Parlament<br \/>\n<a href=\"https:\/\/www.europarl.europa.eu\/about-parliament\/de\/organisation-and-rules\/organisation\/political-groups\">https:\/\/www.europarl.europa.eu\/about-parliament\/de\/organisation-and-rules\/organisation\/political-groups<\/a><\/p>\n<p>Blick Auf Br\u00fcssel &#8211; Zeitschrift der AfD-Delegation (kostenloser Bezug)<br \/>\n<a href=\"https:\/\/www.BlickAufBruessel.eu\">https:\/\/www.BlickAufBruessel.eu<\/a><\/p>\n","protected":false},"excerpt":{"rendered":"<p>Home\u00a0&gt;Global\u00a0&gt;EU\u00a0&gt;Finanzsystem &gt;Europawahl &gt;Europawahl2024 Maximilian Krah \u2013 \u201eIch bin Donald Trump\u201c \u2013 AfD-Europaabgeordneter \u00fcber den US-Wahlkampf &amp; Dating-Tipps\u00a0(30.7.2024) Wer sind die \u201ePatrioten f\u00fcr Europa\u201c\u00a0(3.7.2024) Europawahl am 9.6.2024 &#8211; Ergebnisse Deutschland (12.6.2024) Europawahl Freiburg am 9.6.2024 &#8211; Ergebnisse (12.6.2024) EU und D: &hellip; <a href=\"https:\/\/www.freiburg-schwarzwald.de\/blog\/global\/eu\/europawahl2024\/\">Weiterlesen <span class=\"meta-nav\">&rarr;<\/span><\/a><\/p>\n","protected":false},"author":2,"featured_media":0,"parent":2859,"menu_order":0,"comment_status":"closed","ping_status":"closed","template":"","meta":{"footnotes":""},"class_list":["post-114521","page","type-page","status-publish","hentry"],"_links":{"self":[{"href":"https:\/\/www.freiburg-schwarzwald.de\/blog\/wp-json\/wp\/v2\/pages\/114521","targetHints":{"allow":["GET"]}}],"collection":[{"href":"https:\/\/www.freiburg-schwarzwald.de\/blog\/wp-json\/wp\/v2\/pages"}],"about":[{"href":"https:\/\/www.freiburg-schwarzwald.de\/blog\/wp-json\/wp\/v2\/types\/page"}],"author":[{"embeddable":true,"href":"https:\/\/www.freiburg-schwarzwald.de\/blog\/wp-json\/wp\/v2\/users\/2"}],"replies":[{"embeddable":true,"href":"https:\/\/www.freiburg-schwarzwald.de\/blog\/wp-json\/wp\/v2\/comments?post=114521"}],"version-history":[{"count":5,"href":"https:\/\/www.freiburg-schwarzwald.de\/blog\/wp-json\/wp\/v2\/pages\/114521\/revisions"}],"predecessor-version":[{"id":125971,"href":"https:\/\/www.freiburg-schwarzwald.de\/blog\/wp-json\/wp\/v2\/pages\/114521\/revisions\/125971"}],"up":[{"embeddable":true,"href":"https:\/\/www.freiburg-schwarzwald.de\/blog\/wp-json\/wp\/v2\/pages\/2859"}],"wp:attachment":[{"href":"https:\/\/www.freiburg-schwarzwald.de\/blog\/wp-json\/wp\/v2\/media?parent=114521"}],"curies":[{"name":"wp","href":"https:\/\/api.w.org\/{rel}","templated":true}]}}