{"id":114007,"date":"2023-07-26T20:51:05","date_gmt":"2023-07-26T18:51:05","guid":{"rendered":"https:\/\/www.freiburg-schwarzwald.de\/blog\/?page_id=114007"},"modified":"2026-04-25T17:04:47","modified_gmt":"2026-04-25T15:04:47","slug":"erziehungsjournalismus","status":"publish","type":"page","link":"https:\/\/www.freiburg-schwarzwald.de\/blog\/kultur\/medien\/journalismus\/erziehungsjournalismus\/","title":{"rendered":"Erziehungsjournalismus"},"content":{"rendered":"<p><a href=\"https:\/\/www.freiburg-schwarzwald.de\/blog\">Home<\/a>\u00a0&gt;<a title=\"Kultur\" href=\"https:\/\/www.freiburg-schwarzwald.de\/blog\/kultur\/\">Kultur<\/a>\u00a0&gt;<a title=\"Medien\" href=\"https:\/\/www.freiburg-schwarzwald.de\/blog\/kultur\/medien\/\">Medien<\/a>\u00a0&gt;<a title=\"Political-Correctness\" href=\"https:\/\/www.freiburg-schwarzwald.de\/blog\/kultur\/medien\/political-correctness\/\">Political-Correctness<\/a> &gt;<a href=\"https:\/\/www.freiburg-schwarzwald.de\/blog\/kultur\/medien\/journalismus\/haltungsjournalismus\/\">Haltungsjournalismus<\/a> &gt;Erziehungsjournalismus<\/p>\n<div id=\"attachment_113250\" style=\"width: 650px\" class=\"wp-caption alignnone\"><a href=\"https:\/\/www.freiburg-schwarzwald.de\/blog\/wp-content\/uploads\/2023\/06\/menschengemacht-waermetausch.zeller-pan230625.jpg\"><img loading=\"lazy\" decoding=\"async\" aria-describedby=\"caption-attachment-113250\" class=\"size-full wp-image-113250\" src=\"https:\/\/www.freiburg-schwarzwald.de\/blog\/wp-content\/uploads\/2023\/06\/menschengemacht-waermetausch.zeller-pan230625.jpg\" alt=\"\" width=\"640\" height=\"378\" srcset=\"https:\/\/www.freiburg-schwarzwald.de\/blog\/wp-content\/uploads\/2023\/06\/menschengemacht-waermetausch.zeller-pan230625.jpg 640w, https:\/\/www.freiburg-schwarzwald.de\/blog\/wp-content\/uploads\/2023\/06\/menschengemacht-waermetausch.zeller-pan230625-180x106.jpg 180w\" sizes=\"auto, (max-width: 640px) 100vw, 640px\" \/><\/a><p id=\"caption-attachment-113250\" class=\"wp-caption-text\">Menschengemachter W\u00e4rmetausch &#8211; von Bernd Zeller 25.6.2023<\/p><\/div>\n<ul>\n<li><em>Listenauswahl eines Beitrags: Bitte anklicken oder runterscrollen<\/em><\/li>\n<li><a href=\"https:\/\/www.freiburg-schwarzwald.de\/blog\/feige-deutsche-journalisten-iran\/\">Feige deutsche Journalisten: Iran<\/a>\u00a0(25.4.2026)<\/li>\n<li><a href=\"https:\/\/www.freiburg-schwarzwald.de\/blog\/kultur\/medien\/einseitigkeit\/\">Der Verfall des Journalismus wird besonders deutlich, wenn man in die Vergangenheit schaut<\/a>\u00a0(25,3,2026)<\/li>\n<li><a href=\"https:\/\/www.freiburg-schwarzwald.de\/blog\/religion\/islam\/islam-zunahme\/\">Deutsche Erziehungsmedien stimmen uns auf den Ramadan ein<\/a>\u00a0(20.2.2026)<\/li>\n<li><a href=\"https:\/\/www.freiburg-schwarzwald.de\/blog\/kultur\/medien\/diskussionskultur\/verleugnung\/\">Verleugungssph\u00e4re \u2013 D\u00e9nisph\u00e8re: Die links-woke Ersatzwirklichkeit<\/a>\u00a0(21.1.2026)<\/li>\n<li><a href=\"https:\/\/www.freiburg-schwarzwald.de\/blog\/engagement\/zukunft\/ehrlichkeit\/\">Tucker Carlson mit Bild-Ronzheimer: erb\u00e4rmlicher Haltungsjournalismus in D<\/a>\u00a0(23.7.2025)<\/li>\n<li><a href=\"https:\/\/www.freiburg-schwarzwald.de\/blog\/global\/deutschland\/neutral\/\">Friedrichs\u2019 Journalismus-Mantra: Warum die \u201eNeutralit\u00e4t\u201c die Meinungsfreiheit erstickt<\/a>\u00a0(9.1.2025)<\/li>\n<li><a href=\"https:\/\/www.freiburg-schwarzwald.de\/blog\/diskussionskultur-abschaffen\/\">Diskussionskultur abschaffen<\/a>\u00a0(8.6.2024)<\/li>\n<li><a href=\"https:\/\/www.freiburg-schwarzwald.de\/blog\/viel-sylt-wenig-mannheim\/\">Viel Sylt \u2013 wenig Mannheim<\/a>\u00a0(6.6.2024)<\/li>\n<li><a href=\"https:\/\/www.freiburg-schwarzwald.de\/blog\/journalismus-versus-propaganda\/\">Journalismus versus Propaganda<\/a>\u00a0(3.6.2024)<\/li>\n<li><a href=\"https:\/\/www.freiburg-schwarzwald.de\/blog\/sylt-party-dominiert-die-medien\/\">D\u00f6p d\u00f6p d\u00f6p d\u00f6d\u00f6d\u00f6p d\u00f6p d\u00f6p! \u2013 M\u00e4rchen \u201eAli Baba\u201c<\/a>\u00a0(2.6.2024)<\/li>\n<li>Journalist: Meinungsfreiheit bzw. -vielfalt erfordert Medienvielfalt (20.2.2023)<\/li>\n<li><a href=\"https:\/\/www.freiburg-schwarzwald.de\/blog\/gegen-armut-und-niedergang\/\">Gegen Armut und Niedergang helfen weder Nudging noch Repression<\/a>\u00a0(21.2.2024)<\/li>\n<li><a href=\"https:\/\/www.freiburg-schwarzwald.de\/blog\/kultur\/medien\/medienleute\/\">Boris Reitschuster: Meine Vertreibung<\/a>\u00a0(28.9.2023)<\/li>\n<li><a href=\"https:\/\/www.freiburg-schwarzwald.de\/blog\/natur\/klima\/klimajournalismus\/\">Das Netzwerk Klimajournalismus: Wenn Journalisten und Medien sich der Manipulation verschreiben<\/a>\u00a0(24.8.2023)<\/li>\n<li><a href=\"https:\/\/www.freiburg-schwarzwald.de\/blog\/kultur\/medien\/journalismus\/ruthenberg-medien\/\">Warum ich nicht mehr f\u00fcr Mainstream-Medien arbeite \u2013 Die Abrechnung<\/a>\u00a0(30.7.2023)<\/li>\n<li>Zum Empfehlungsjournalismus: Offener Brief an wohlmeinende Co-Trainer der AfD (25.7.2023)<\/li>\n<\/ul>\n<ul>\n<li><a title=\"Diskussionskultur\" href=\"https:\/\/www.freiburg-schwarzwald.de\/blog\/kultur\/medien\/diskussionskultur\/\">Diskussionskultur<\/a><\/li>\n<li><a title=\"Ehrlichkeit\" href=\"https:\/\/www.freiburg-schwarzwald.de\/blog\/engagement\/zukunft\/ehrlichkeit\/\">Ehrlichkeit<\/a><\/li>\n<li><a title=\"Ethik\" href=\"https:\/\/www.freiburg-schwarzwald.de\/blog\/religion\/ethik\/\">Ethik<\/a><\/li>\n<li><a title=\"Freie-Medien\" href=\"https:\/\/www.freiburg-schwarzwald.de\/blog\/kultur\/medien\/freie-medien\/\">Freie Medien<\/a><\/li>\n<li><a title=\"Gesellschaft\" href=\"https:\/\/www.freiburg-schwarzwald.de\/blog\/global\/deutschland\/gesellschaft\/\">Gesellschaft<\/a><\/li>\n<li><a title=\"Gesinnungsethik\" href=\"https:\/\/www.freiburg-schwarzwald.de\/blog\/engagement\/zukunft\/demokratie\/gesinnungsethik\/\">Gesinnnungsethik<\/a><\/li>\n<li><a title=\"Haltungsjournalismus\" href=\"https:\/\/www.freiburg-schwarzwald.de\/blog\/kultur\/medien\/journalismus\/haltungsjournalismus\/\">Haltungsjournalismus<br \/>\n<\/a><\/li>\n<li><a href=\"https:\/\/www.freiburg-schwarzwald.de\/blog\/natur\/klima\/klimajournalismus\/\">Klimajournalismus<\/a><\/li>\n<li><a href=\"https:\/\/www.freiburg-schwarzwald.de\/blog\/kultur\/medien\/medienleute\/\">Medienleute<\/a><\/li>\n<li><a href=\"https:\/\/www.freiburg-schwarzwald.de\/blog\/kultur\/medien\/neue-medien\/\">Neue-Medien<\/a><\/li>\n<li><a href=\"https:\/\/www.freiburg-schwarzwald.de\/blog\/engagement\/zukunft\/demokratie\/nudging\/\">Nudging<\/a><\/li>\n<li><a title=\"Political-Correctness\" href=\"https:\/\/www.freiburg-schwarzwald.de\/blog\/kultur\/medien\/political-correctness\/\">Political Correctness<\/a><\/li>\n<li><a title=\"Populismus-Keule\" href=\"https:\/\/www.freiburg-schwarzwald.de\/blog\/engagement\/zukunft\/demokratie\/populismus\/populismus-keule\/\">Populismus-Keule<\/a><\/li>\n<li><a title=\"Postfaktisch\" href=\"https:\/\/www.freiburg-schwarzwald.de\/blog\/kultur\/medien\/postfaktisch\/\">Postfaktisch<\/a><\/li>\n<li><a href=\"https:\/\/www.freiburg-schwarzwald.de\/blog\/kultur\/medien\/diskussionskultur\/verleugnung\/\">Verleugnung der Realit\u00e4t<\/a><\/li>\n<li><a title=\"WDR\" href=\"https:\/\/www.freiburg-schwarzwald.de\/blog\/kultur\/medien\/wdr\/\">WDR<\/a><\/li>\n<li><a title=\"Wendehals\" href=\"https:\/\/www.freiburg-schwarzwald.de\/blog\/engagement\/zukunft\/demokratie\/wendehals\/\">Wendehals<\/a><\/li>\n<\/ul>\n<p><strong>Aufgabe der staatsfinanzierten NGOs als Vormund der\u00a0<a href=\"https:\/\/www.freiburg-schwarzwald.de\/blog\/global\/deutschland\/gesellschaft\/zivilgesellschaft\/\">Zivilgesellschaft<\/a>:<\/strong><br \/>\n<strong>Umerziehung<\/strong><br \/>\nBeispiel: Gegen virtuelle bzw.\u00a0<a href=\"https:\/\/www.freiburg-schwarzwald.de\/blog\/vergewaltigung-virtuell-digital\/\">digitale Gewalt<\/a>\u00a0(im Internet) mit Gesetzen vorgehen und reale Gewalt (seit der\u00a0<a href=\"https:\/\/www.freiburg-schwarzwald.de\/blog\/global\/deutschland\/grenzoeffnung2015\/\">Grenz\u00f6ffnung 9\/2015<\/a>\u00a0zunehmend) ignorieren.<br \/>\n============================================================<\/p>\n<p>&nbsp;<\/p>\n<p><strong>Journalist; Meinungsfreiheit bzw. -vielfalt erfordert Medienvielfalt<\/strong><br \/>\n\u201eEinen guten Journalisten erkennt man daran, dass er sich nicht gemein macht mit einer Sache, auch nicht mit einer guten Sache; dass er \u00fcberall dabei ist, aber nirgendwo dazugeh\u00f6rt.\u201c Dieses Diktum von Hanns Joachim Friedrichs (1995), dem \u00dcbervater des deutschen Journalismus, betrifft die Ausgewogenheit: Alle Seiten zeigen, ohne Partei zu ergreifen, Distanz wahren und dabei cool bleiben: \u201cDistanz halten, \u2026, nicht in \u00f6ffentliche Betroffenheit versinken, im Umgang mit Katastrophen cool bleiben, ohne kalt zu sein.\u201d Keine Propaganda, keine Erziehung, kein Gesinnungsdiktat, kein Nudging und Framing \u2013 das ist das Gesch\u00e4ft des ehrlichen Journalisten.<br \/>\nNun mu\u00df ein Journalist zwar Distanz halten, aber er kann kaum neutral berichten. Kein Mensch kann absolut objektiv und neutral sein, seine pers\u00f6nliche Sichtweise wird immer in seinen Bericht einflie\u00dfen. Deshalb ist die Forderung nach Meinungsvielfalt stets auch eine nach Medienvielfalt:<br \/>\n&#8222;Vielfalt von Meinungen entsteht deshalb nicht dadurch, dass jeder so tut, als sei er objektiv und \u00fcberparteilich. Sondern dadurch, dass ganz unterschiedliche Sichtweisen in den Medien zu finden sind. So wie es fr\u00fcher explizit linke Medien wie die \u201eFrankfurter Rundschau\u201c und die \u201eS\u00fcddeutsche\u201c gab \u2013 aber eben auch konservative Bl\u00e4tter wie die \u201eWelt\u201c und die \u201eFrankfurter Allgemeine\u201c.&#8220; (1) Heute ist an die Stelle der unterschiedlichen Sichtweisen der links-gr\u00fcne Einheitsmeinung getreten, in der (ehemals rechten) FAZ steht im Grunde dasselbe wie in der (immer noch linken) SZ, anstelle von rechts und links sind alle nur gut. Der mediale Einheitsbrei bietet nur noch langweilige Lekt\u00fcre .<br \/>\n20.2.2024<\/p>\n<p><strong>(1) Medien, Verb\u00e4nde und Unternehmen starten Mega-Kampagne gegen AfD<\/strong><br \/>\n<em>Neue Einheitsfront gegen die Opposition: Im Ausland reibt man sich verwundert die Augen<\/em><br \/>\n&#8230;<br \/>\nIn funktionierenden Demokratien sehen die Medien ihre wichtigste Aufgabe darin, die Regierung zu kontrollieren. In Deutschland im Jahre 2024 sehen viele Medien ihren Auftrag darin, gemeinsam mit der Regierung, die Opposition zu diffamieren und zu entmenschlichen.<br \/>\n&#8230;<br \/>\nDas aus den USA stammende, absurde Bild vom <em><strong>Journalisten, der \u00fcber den Parteien steht und neutral ist. F\u00fcr mich ist das anma\u00dfend und selbst\u00fcbersch\u00e4tzend. Kein Mensch kann wirklich neutral und objektiv sein. Er kann es versuchen. Aber jeder Bericht wird durch seine eigenen Ansichten, Erfahrungen und Perspektiven gef\u00e4rbt werden.<\/strong><\/em><br \/>\nVielfalt von Meinungen entsteht deshalb nicht dadurch, dass jeder so tut, als sei er objektiv und \u00fcberparteilich. Sondern dadurch, dass ganz unterschiedliche Sichtweisen in den Medien zu finden sind. So wie es fr\u00fcher explizit linke Medien wie die \u201eFrankfurter Rundschau\u201c und die \u201eS\u00fcddeutsche\u201c gab \u2013 aber eben auch konservative Bl\u00e4tter wie die \u201eWelt\u201c und die \u201eFrankfurter Allgemeine\u201c. W\u00e4hrend wir heute nur noch rot-gr\u00fcnen Einheitsbrei in den gro\u00dfen Medien haben, der sich allenfalls in Nuancen unterscheidet.<br \/>\nH\u00e4tten wir eine pluralistische Medienlandschaft \u2013 es w\u00e4re zwar immer noch ein S\u00fcndenfall, wenn sich besonders linke Bl\u00e4tter offen einem Kampf gegen die Opposition verschreiben w\u00fcrden. Aber es w\u00fcrde durch konservative, b\u00fcrgerliche Medien ausgewogen.<br \/>\nIm Merkel-Deutschland, in dem wir immer noch leben, haben wir aber eine rot-gr\u00fcne Einheitsfront. Von den Medien \u00fcber die Verb\u00e4nde bis hinein in die Wirtschaft.<br \/>\n&#8230; Alles vom 8.2.2024 bitte lesen auf<br \/>\n<a href=\"https:\/\/reitschuster.de\/post\/medien-verbaende-und-unternehmen-starten-mega-kampagne-gegen-afd\/\">https:\/\/reitschuster.de\/post\/medien-verbaende-und-unternehmen-starten-mega-kampagne-gegen-afd\/<\/a><\/p>\n<p>&nbsp;<\/p>\n<p><strong>Zum Empfehlungsjournalismus: Offener Brief an wohlmeinende Co-Trainer der AfD<\/strong><br \/>\nP\u00fcnktlich zum AfD-Bundesparteitag beinhaltet die aktuelle Wochenausgabe der \u201eJunge Freiheit\u201c mehrere Artikel mit \u201ePolitik-Beratung\u201c in Richtung AfD. Aus diesem wieder einmal gegebenen Anlass hier meine spontan verfasste Replik an die JF-Redaktion, die sich schon l\u00e4nger aufgestaut gehabt hatte. Der Brief ist aber durchaus verallge\u00admeinerungsf\u00e4hig auch an andere Adressaten \u2013 und beinhaltet meinen Wunsch nach einer R\u00fcckkehr zu einem distanziert-berichtenden Pressegebaren aus der guten alten Zeit, was aber vielleicht naiv genannt werden muss.<\/p>\n<p>Von: Peter Boehringer<br \/>\nGesendet: Juli 2023<br \/>\nAn: Junge Freiheit [und pars pro toto an viele andere Co-Trainer der AfD]<br \/>\nBetreff: AW: Alternative Ans\u00e4tze zur AfD-Europawahlversammlung<\/p>\n<p>Liebe Redaktion,<br \/>\nSie wissen ja, dass ich die Arbeit der JF <a href=\"https:\/\/www.junge-freiheit.d\">https:\/\/www.junge-freiheit.d<\/a>e als nichtlinkes Medium sch\u00e4tze. Und ich wei\u00df auch, dass Ihre Anregungen durchaus ehrlichem Interesse an einer besseren EU und einer Sympathie f\u00fcr die AfD entspringen. Ich stelle das vorweg, weil Ihre Mail mit einigen extrem sp\u00e4ten und suggestiven Fragen zu unserem programmatischen Leitantrag trotzdem der Tropfen ist, der gerade aktuell bei mir das Fass zum \u00dcberlaufen bringt.<br \/>\nMeine (vielleicht anachronistisch-altmodische) Vorstellung von idealem Journalismus ist die des Altmeisters Hanns Joachim Friedrichs: \u201eMache Dich nie mit einer Sache gemein \u2013 auch nicht mit einer guten.\u201c Das ist gut und wichtig \u2013 und impliziert, dass man auch nicht \u201eberatend-belehrend\u201c gegen\u00fcber dieser guten Sache auftritt. Bei den Mainstream-Redaktionen habe ich diesbez\u00fcglich nach mindestens 20 Jahren des umfassenden, \u00fcblen, Meinung \u00fcber Fakten stellenden \u201eHaltungsjournalismus\u201c praktisch aller gro\u00dfen Medienh\u00e4user jede Hoffnung aufgegeben. Der Linksjournalismus will nicht mehr neutral berichten und sagt das auch ganz offen.<\/p>\n<p>Dass es aber eben auch einige nichtlinke Medien seit 2013 sehr durchg\u00e4ngig nicht tun wollen, ist allm\u00e4hlich wirklich anstrengend. Zumal Ihre Mail an mich die Ausnahme ist: Man recherchiert eigentlich nie rechtzeitig bei den AfD-Leuten, die zum Programm wirklich was zu sagen h\u00e4tten \u2013 oder man tut es offenkundig nur einseitig, damit man die Hausmeinung der JF-Redakteure best\u00e4tigt bekommt.<\/p>\n<p>Ich bin seit 2015 durchg\u00e4ngig Sprecher des Bundesfachausschusses der AfD zum Thema \u201eEuro\u201c, seit ebenfalls 2015 Mitglied der Bundesprogrammkommission der AfD und seit 2022 zust\u00e4ndiger Bundesvorstand unter anderem f\u00fcr die Bundesfachaussch\u00fcsse. Doch in all den Jahren gab es in diesen Funktionen bis heute fast nie eine Anfrage der JF bei mir zur Programmatik, obwohl st\u00e4ndig (bevorzugt vor Parteitagen\u2026) \u00fcber unser Programm oder besser \u00fcber die angebliche Programmatik, \u00fcber angeblich total radikale Volten der AfD oder auch \u00fcber von der JF gew\u00fcnschte bzw. empfohlene Programmatik berichtet wurde. Also genau das Gegenteil der Empfehlung des Hanns Joachim Friedrichs.<\/p>\n<p>Nun gut \u2013 auch die JF hat also (wie viele andere, linke \u2013 aber auch sehr rechte Publikationen) den Anspruch, Empfehlungsjournalismus zu betreiben. Man glaubt, dazu irgendwie als ungew\u00e4hlte vierte Gewalt legitimiert zu sein, obwohl wir als AfD Teil der gew\u00e4hlten zweiten Gewalt (also der Legislative) sind und zudem nat\u00fcrlich qua Parteiengesetz prim\u00e4r unseren Mitgliedern und sekund\u00e4r den potenziellen W\u00e4hlern verantwortlich sind. Zuallererst nat\u00fcrlich der Wahrheit und Deutschland bzw. deutschen Interessen. Erst in vierter Linie k\u00e4me die Presse \u2013 und auch ihr stellen wir uns eher informierend denn verteidigend, was die JF aber permanent von uns verlangt \u2013 fast so schlimm wie Spiegel und Co. Bei Spiegel und Co. ist es mir inzwischen egal \u2013 aber bei einem auch von einigen unserer W\u00e4hler gelesenem Blatt nervt das zumindest dann, wenn wieder mal punktgenau zur Ausgabe in der Parteitagswoche redaktionseigene Wunsch-Forderungen und Halbwissen in Artikel gepackt werden.<\/p>\n<p>Zu Ihren Anliegen und Artikelthesen also:<br \/>\n1. Ich spreche der JF ab, z.B. \u00fcber eine INSA-Umfrage unsere \u201ePotenzialw\u00e4hler\u201c greifen und deren Verhalten und Denke objektiv erfassen zu k\u00f6nnen, wie es in der aktuellen Ausgabe in einem Artikel geschieht (\u201eAlternative f\u00fcr den Austritt\u201c). Das hat die JF \u00fcbrigens seit 2015 praktisch st\u00e4ndig versucht und lag ganz konsequent fast immer daneben. Weder der Euro-Ausstiegsbeschluss 2016 noch der EU-Ausstiegsbeschluss 2021 haben uns in den Umfragen geschadet, obwohl (auch) die JF damals immer \u201ewegen unserer Radikalisierung\u201c unseren Untergang prognostiziert hatte.<\/p>\n<p>Gem\u00e4\u00df JF-Prognosen seit 2015 m\u00fcsste unser aktueller Kurs uns l\u00e4ngst unter die f\u00fcnf Prozent gedr\u00fcckt haben \u2013 wir stehen \u00fcber 20 Prozent, gerade weil wir einen klaren Kurs f\u00fcr Deutschland und gegen die EU fahren. Hier ist auch nichts mehr reformierbar, was Lucke 2013 immerhin noch fordern konnte. Sogar Meuthen wollte (siehe seine damaligen Antr\u00e4ge zur Europawahl 2019) der EU 2019 noch \u201ef\u00fcnf Jahre\u201c geben \u2013 danach Austritt! Diese f\u00fcnf Jahre sind vorbei. Wir wussten schon (vor) 2019 um die Unreformierbarkeit der EU \u2013 heute sollte es gem\u00e4\u00df seiner eigenen Logik von 2019 sogar Meuthen wissen\u2026<\/p>\n<p>2. Zum Euro muss ich Ihnen ja nicht viel sagen: Sie wissen genau, dass er zum Scheitern verurteilt ist \u2013 ob wir als AfD nun den Ausstieg fordern oder nicht. Es ist also schon \u00f6konomischer Ehrlichkeit geschuldet, dass wir das seit 2015 auch so sagen. Und die Entwicklung der uns\u00e4glich inflation\u00e4ren Anleihenkaufprogramme und der EZB-Nullzinspolitik bis 2021 gab uns ja auch permanent recht. Die EU-Wirtschaft als R\u00fcckgrat des Euro und die EZB-Bilanz als Messlatte f\u00fcr die Qualit\u00e4t des Euro-Garanten sind seit 15 Jahren immer schlechter geworden. Der Euro wird scheitern. Nur weil es die Menschen durch die Dauerrettungen mit Steuergeld und vor allem Druckerpressen-Geld seit 2010 nicht sehen wollen, bedeutet nicht, dass er noch zu retten w\u00e4re.<\/p>\n<p>Wir k\u00f6nnen die Wahrheit nicht nicht aussprechen, zumal wir seit Gr\u00fcndung bzw. seit 2015 post Lucke recht damit haben. Lucke durfte 2013 noch an eine Reform von EU und Euro glauben. Acht Billionen Euro sp\u00e4ter an monetisierten Anleihen auf der EZB-Bilanz; und hunderte von Zumutungen der EU sp\u00e4ter ist das aber keine Option mehr. Sowohl der Dexit-Beschluss als auch der EU-Austritts-Beschluss sind nicht \u201eradikal\u201c, sondern wir drehen damit f\u00fcr Deutschland die absolut planwirtschaftlich-totalit\u00e4ren und zutiefst extremen und radikalen Entwicklungen der EU zur\u00fcck. Das vertreten wir (ich) seit Jahren. Entgegen allen Rat-Schl\u00e4gen der JF. Die W\u00e4hler honorieren es.<\/p>\n<p>3. Und auch unsere Potenzialw\u00e4hler honorieren das. Die heutigen W\u00e4hler (nun 20 Prozent) sind zu gro\u00dfen Teilen das ehemalige Potenzial, das es nach langj\u00e4hriger Hausmeinung von INSA und der redaktionellen JF-Coaches gar nicht h\u00e4tte geben d\u00fcrfen. Damals seit 2015 \u2013 und eben auch heute\u2026 Man kann eben auch Overton-Fenster und W\u00e4hlerpotenziale erweitern, was wir seit 2022 erfolgreich getan haben \u2013 und (leider gegen Widerst\u00e4nde von Parteisprechern) auch schon vorher.<\/p>\n<p>4. Konkret zur Pr\u00e4ambel: Auch wenn es die Medien (erst heute wieder auch die BILD in einem faktenfernen Artikel) nicht glauben wollen: Der Terminus \u201eAufl\u00f6sung\u201c im ersten Leitantrags-Entwurf war tats\u00e4chlich ein redaktionelles Versehen entgegen der Beschlusslage der Bundesprogramm-Kommission (BPK). Es ist zugegebenerma\u00dfen peinlich \u2013 aber es war ein \u00fcbersehener Fehler einer einzelnen Person. Wir reparierten das qua Antrag fr\u00fchzeitig durch die BPK selbst \u2013 und brauchten daf\u00fcr weder eine Intervention der ARD noch der JF noch der WELT noch des SPIEGEL.<\/p>\n<p>Der Leitantrag will weiterhin den Dexit, auch wenn das explizite Wort absichtlich vermieden wurde. Wir sprechen diesmal von \u201eNeugr\u00fcndung\u201c eines sehr losen Staatenbundes Europa mit sehr geringen Zust\u00e4ndigkeiten, was einen Austritt Deutschlands aus der EU impliziert. Unsere Beschlusslage seit 2021 wird also in keiner Weise ver\u00e4ndert. Die \u201eAufl\u00f6sung\u201c der EU kann man dann aber nicht mehr fordern, das ist ja klar und war darum auch nie Beschlusslage der BPK: Wenn man aus einem Club ausgetreten ist, kann man nicht mehr fordern, dass der Restclub sich auch noch \u201eaufl\u00f6st\u201c \u2013 das ist denklogisch und juristisch dann nicht mehr m\u00f6glich und f\u00fcr Deutschland dann auch nicht mehr wichtig\/sinnvoll.<\/p>\n<p>Hierin erkl\u00e4rt sich auch der scheinbare Widerspruch zu Ihrer vorgeschlagenen Formulierung: Wenn man nicht austritt, kann man eine \u201egeordnete Aufl\u00f6sung\u201c noch fordern \u2013 aber wir waren seit Dresden BPT 2021 (Dexit-Beschluss der Mitglieder, gefasst mit zwei Drittel-Mehrheit) einfach weiter, was bitte auch am Hohenzollerndamm endlich mal akzeptiert werden sollte. Es ist der Wille der AfD-Mitglieder, diese haben damit auch \u00f6konomisch-rechtlich-patriotisch v\u00f6llig recht \u2013 und es ist auch der Wille der Mehrheit der k\u00fcnftig-potenziellen AfD-W\u00e4hler.<\/p>\n<p>5. Die doppelte Begrifflichkeit \u201eNeugr\u00fcndung einer europ\u00e4ischen Wirtschafts- und Interessensgemeinschaft\u201c bzw. \u201e\u2026eines Bundes europ\u00e4ischer Nationen\u201c ist unterschiedlichen Pr\u00e4ferenzen innerhalb der BPK geschuldet. Das ist ein wenig unsch\u00f6n \u2013 aber da es keinen inhaltlichen Unterschied gibt, leben wir mit beiden Begriffen. Jeder kann sich den f\u00fcr ihn sch\u00f6neren heraussuchen. Und ja, ein Buchlektor w\u00fcrde uns das nicht durchgehen lassen. Aber Politik und politische Kompromisse sind eben die Kunst des Machbaren.<\/p>\n<p>Beim n\u00e4chsten Mal bitte rechtzeitig (!) bei mir fragen. Nicht quasi nach Redaktionsschluss, danke. Und denken Sie \u00fcber Hanns Joachim Friedrichs nach.<br \/>\n&#8230; Alles vom 26.7.2023 von Peter Boehringer bitte lesen auf<br \/>\n<a href=\"https:\/\/www.pboehringer.de\/offener-brief-an-wohlmeinende-co-trainer-der-afd\/\">https:\/\/www.pboehringer.de\/offener-brief-an-wohlmeinende-co-trainer-der-afd\/<\/a><\/p>\n","protected":false},"excerpt":{"rendered":"<p>Home\u00a0&gt;Kultur\u00a0&gt;Medien\u00a0&gt;Political-Correctness &gt;Haltungsjournalismus &gt;Erziehungsjournalismus Listenauswahl eines Beitrags: Bitte anklicken oder runterscrollen Feige deutsche Journalisten: Iran\u00a0(25.4.2026) Der Verfall des Journalismus wird besonders deutlich, wenn man in die Vergangenheit schaut\u00a0(25,3,2026) Deutsche Erziehungsmedien stimmen uns auf den Ramadan ein\u00a0(20.2.2026) Verleugungssph\u00e4re \u2013 D\u00e9nisph\u00e8re: Die links-woke &hellip; <a href=\"https:\/\/www.freiburg-schwarzwald.de\/blog\/kultur\/medien\/journalismus\/erziehungsjournalismus\/\">Weiterlesen <span class=\"meta-nav\">&rarr;<\/span><\/a><\/p>\n","protected":false},"author":2,"featured_media":0,"parent":68087,"menu_order":0,"comment_status":"closed","ping_status":"closed","template":"","meta":{"footnotes":""},"class_list":["post-114007","page","type-page","status-publish","hentry"],"_links":{"self":[{"href":"https:\/\/www.freiburg-schwarzwald.de\/blog\/wp-json\/wp\/v2\/pages\/114007","targetHints":{"allow":["GET"]}}],"collection":[{"href":"https:\/\/www.freiburg-schwarzwald.de\/blog\/wp-json\/wp\/v2\/pages"}],"about":[{"href":"https:\/\/www.freiburg-schwarzwald.de\/blog\/wp-json\/wp\/v2\/types\/page"}],"author":[{"embeddable":true,"href":"https:\/\/www.freiburg-schwarzwald.de\/blog\/wp-json\/wp\/v2\/users\/2"}],"replies":[{"embeddable":true,"href":"https:\/\/www.freiburg-schwarzwald.de\/blog\/wp-json\/wp\/v2\/comments?post=114007"}],"version-history":[{"count":6,"href":"https:\/\/www.freiburg-schwarzwald.de\/blog\/wp-json\/wp\/v2\/pages\/114007\/revisions"}],"predecessor-version":[{"id":148295,"href":"https:\/\/www.freiburg-schwarzwald.de\/blog\/wp-json\/wp\/v2\/pages\/114007\/revisions\/148295"}],"up":[{"embeddable":true,"href":"https:\/\/www.freiburg-schwarzwald.de\/blog\/wp-json\/wp\/v2\/pages\/68087"}],"wp:attachment":[{"href":"https:\/\/www.freiburg-schwarzwald.de\/blog\/wp-json\/wp\/v2\/media?parent=114007"}],"curies":[{"name":"wp","href":"https:\/\/api.w.org\/{rel}","templated":true}]}}