{"id":113245,"date":"2023-06-26T14:25:25","date_gmt":"2023-06-26T12:25:25","guid":{"rendered":"https:\/\/www.freiburg-schwarzwald.de\/blog\/?page_id=113245"},"modified":"2023-09-26T21:13:54","modified_gmt":"2023-09-26T19:13:54","slug":"sonneberg-afd","status":"publish","type":"page","link":"https:\/\/www.freiburg-schwarzwald.de\/blog\/engagement\/zukunft\/demokratie\/rechts\/sonneberg-afd\/","title":{"rendered":"Sonneberg-AfD"},"content":{"rendered":"<p><a href=\"https:\/\/freiburg-schwarzwald.de\/blog\">Home<\/a>\u00a0&gt;<a title=\"Engagement\" href=\"https:\/\/www.freiburg-schwarzwald.de\/blog\/engagement\/\">Engagement<\/a>\u00a0&gt;<a title=\"Zukunft\" href=\"https:\/\/www.freiburg-schwarzwald.de\/blog\/engagement\/zukunft\/\">Zukunft<\/a>\u00a0&gt;<a title=\"Demokratie\" href=\"https:\/\/www.freiburg-schwarzwald.de\/blog\/engagement\/zukunft\/demokratie\/\">Demokratie<\/a>\u00a0&gt;Rechts &gt;<a href=\"https:\/\/www.freiburg-schwarzwald.de\/blog\/vereine\/partei\/afd\/\">AfD<\/a> &gt;<a href=\"https:\/\/www.freiburg-schwarzwald.de\/blog\/engagement\/zukunft\/demokratie\/rechts\/rechtsruck\/\">Rechtsruck<\/a> &gt;Sonneberg-AfD<\/p>\n<div id=\"attachment_113250\" style=\"width: 650px\" class=\"wp-caption alignnone\"><a href=\"https:\/\/www.freiburg-schwarzwald.de\/blog\/wp-content\/uploads\/2023\/06\/menschengemacht-waermetausch.zeller-pan230625.jpg\"><img loading=\"lazy\" decoding=\"async\" aria-describedby=\"caption-attachment-113250\" class=\"size-full wp-image-113250\" src=\"https:\/\/www.freiburg-schwarzwald.de\/blog\/wp-content\/uploads\/2023\/06\/menschengemacht-waermetausch.zeller-pan230625.jpg\" alt=\"\" width=\"640\" height=\"378\" srcset=\"https:\/\/www.freiburg-schwarzwald.de\/blog\/wp-content\/uploads\/2023\/06\/menschengemacht-waermetausch.zeller-pan230625.jpg 640w, https:\/\/www.freiburg-schwarzwald.de\/blog\/wp-content\/uploads\/2023\/06\/menschengemacht-waermetausch.zeller-pan230625-180x106.jpg 180w\" sizes=\"auto, (max-width: 640px) 100vw, 640px\" \/><\/a><p id=\"caption-attachment-113250\" class=\"wp-caption-text\">Menschengemachter W\u00e4rmetausch &#8211; von Bernd Zeller 25.6.2023<\/p><\/div>\n<ul>\n<li><a href=\"https:\/\/www.freiburg-schwarzwald.de\/blog\/engagement\/zukunft\/demokratie\/kommunalwahl\/kommunal\/\">Nordhausen: Wahlbetrug bei der Wahl des Oberb\u00fcrgermeisters?<\/a> (26.9.2023)<\/li>\n<li><a href=\"https:\/\/www.freiburg-schwarzwald.de\/blog\/afd-buergermeister-von-doberan\/\">AfD: B\u00fcrgermeister von Doberan<\/a>\u00a0(10.8.2023)<\/li>\n<li>Demokratische Wahl: Kemmerich wie Sesselmann (12.7.2023)<\/li>\n<li>Sonneberg&#8217;s neuer Landrat verzichtet auf Dienstwagen (7.7.2023)<\/li>\n<li>MDR: Aufruf zum Tourismus-Boykott des Lankreises Sonneberg (7.7.2023)<\/li>\n<li>Sonneberg verhindern: Grenzen auf &#8211; Enthomogenisierung &#8211; Wei\u00dfbrot (7.7.2023)<\/li>\n<li>Doch kein AfD-Wahlsieg? Th\u00fcringens Verwaltung spielt ein gef\u00e4hrliches Spiel (28.6.2023)<\/li>\n<li><a href=\"https:\/\/www.freiburg-schwarzwald.de\/blog\/sonneberg-wahl-als-chance\/\">Sonneberg: Wahl als Chance<\/a> (27.6.2023)<\/li>\n<li>Ein Fanal f\u00fcr Deutschland: AfD-Landrat in Th\u00fcringen gew\u00e4hlt (25.6.2023)<\/li>\n<li>Die Wahl des ersten AfD-Landrats ist ein politisches Beben \u2013 aber Panik w\u00e4re die falsche Antwort (25.6.2023)<\/li>\n<\/ul>\n<ul>\n<li><a href=\"https:\/\/www.freiburg-schwarzwald.de\/blog\/vereine\/partei\/cdu\/cdu-opposition\/\">CDU-Opposition<\/a><\/li>\n<li><a href=\"https:\/\/www.freiburg-schwarzwald.de\/blog\/kultur\/medien\/kampf-gegen-rechts\/\">Kampf-gegen-rechts<\/a><\/li>\n<li><a href=\"https:\/\/www.freiburg-schwarzwald.de\/blog\/engagement\/zukunft\/demokratie\/kommunalwahl\/kommunal\/\">kommunal<\/a><\/li>\n<li><a title=\"Konservativ\" href=\"https:\/\/www.freiburg-schwarzwald.de\/blog\/engagement\/zukunft\/demokratie\/konservativ\/\">Konservativ<\/a><\/li>\n<li><a title=\"Konservativismus\" href=\"https:\/\/www.freiburg-schwarzwald.de\/blog\/engagement\/zukunft\/demokratie\/konservativismus\/\">Konservativismus<\/a><\/li>\n<li><a href=\"https:\/\/www.freiburg-schwarzwald.de\/blog\/kultur\/medien\/diskussionskultur\/kontaktschuld\/\">Kontaktschuld<\/a><\/li>\n<li><a href=\"https:\/\/www.freiburg-schwarzwald.de\/blog\/engagement\/zukunft\/demokratie\/opposition\/\">Opposition<\/a><\/li>\n<li><a title=\"Rassismus\" href=\"https:\/\/www.freiburg-schwarzwald.de\/blog\/engagement\/rassismus\/\">Rassismus<\/a><\/li>\n<li><a href=\"https:\/\/www.freiburg-schwarzwald.de\/blog\/engagement\/zukunft\/demokratie\/rechts\/rechte-ecke\/\">Rechte-Ecke<\/a><\/li>\n<li><a href=\"https:\/\/www.freiburg-schwarzwald.de\/blog\/vereine\/partei\/rechte-partei\/\">Rechte Partei<\/a><\/li>\n<li><a href=\"https:\/\/www.freiburg-schwarzwald.de\/blog\/engagement\/zukunft\/demokratie\/rechts\/rechtsruck\/\">Rechtsruck<\/a><\/li>\n<li><a href=\"https:\/\/www.freiburg-schwarzwald.de\/blog\/vereine\/partei\/rechtskonservative\/\">Rechtskonservative<\/a><\/li>\n<li><a href=\"https:\/\/www.freiburg-schwarzwald.de\/blog\/engagement\/zukunft\/demokratie\/rechts\/rechtsruck\/\">Rechtsruck<\/a><\/li>\n<li><a href=\"https:\/\/www.freiburg-schwarzwald.de\/blog\/engagement\/zukunft\/demokratie\/sozialismus\/sozialismus-gruene\/\">Sozialismus-Gruene<\/a><\/li>\n<li><a title=\"Wahlen-Ex-DDR\" href=\"https:\/\/www.freiburg-schwarzwald.de\/blog\/engagement\/zukunft\/demokratie\/wahlen-ex-ddr\/\">Wahlen-Ex-DDR<\/a><\/li>\n<li><a title=\"WerteUnion\" href=\"https:\/\/www.freiburg-schwarzwald.de\/blog\/vereine\/partei\/cdu\/werteunion\/\">Werteunion<\/a><\/li>\n<\/ul>\n<p>&nbsp;<\/p>\n<p><strong>Demokratische Wahl: Kemmerich wie Sesselmann<\/strong><br \/>\nDie sich demokratisch geb\u00e4rdenden Parteien beklagen das Erstarken der rechten AfD und warnen von deren &#8222;Machtergreifung&#8220;. Die Ironie im Leserbrief hat ihre Berechtigung und findet ihre Ursache in dem Gez\u00e4nk der Parteien. Deren Welt bricht zusammen, weil ein Mitglied der rechten AfD auf absolut demokratischem Wege zum Landrat gew\u00e4hlt worden war. Da kann man nur sagen: selber Schuld. Ich erinnere mich an die demokratische Kandidatur des FDP-Mitglieds Thomas Kemmerich zum Ministerpr\u00e4sidenten von Th\u00fcringen im Jahre 2020. Gegenkandidat war Bodo Ramelow von den Linken. Kemmerich wurde gew\u00e4hlt, aber nicht mit den Stimmen der sogenannten demokratischen Parteien, sondern mit denen der AfD. Das war von diesen ein kluger, demokratischer Schachzug, perfide, aber rechtlich in Ordnung. Nun war es an Kemmerich gelegen, diese hinterh\u00e4ltige Wahl zu n\u00fctzen, um in Th\u00fcringen zusammen mit den &#8222;Demokraten&#8220; eine Regierung zu bilden und damit die AfD diesmal vor die Pumpe laufen zu lassen. Doch weit gefehlt. Stattdessen fielen die wie immer zerstrittenen &#8222;Demokraten&#8220; \u00fcber ihn her. Selbst die FDP lie\u00df ihren Kandidaten fallen, statt zu versuchen, diese Chance f\u00fcr eine demokratische Landesregierung zu wahren. Danach w\u00e4hlte man lieber den linken Kandidaten Bodo Ramelow. Und wenn die &#8222;Demokraten&#8220; so weitermachen, dann ist die &#8222;Machtergreifung&#8220; nicht mehr fern.<br \/>\nWalter Urbancik, Ortenberg, 12.7.2023<\/p>\n<p>&nbsp;<\/p>\n<p><strong>Sonneberg&#8217;s neuer Landrat verzichtet auf Dienstwagen<\/strong><br \/>\nDer neue Landrat von Sonneberg, Robert Sesselmann (AfD), hat zur Einsparung unn\u00f6tiger Ausgaben auf seinen Dienstwagen verzichtet. \u201eIch habe heute meinen Dienstwagen Audi A 8 gek\u00fcndigt und fahre zuk\u00fcnftig selbst ohne Chauffeur mit dem Auto zu den Terminen. Der Landkreis mu\u00df sparen und da sollte der Landrat mit gutem Beispiel vorangehen\u201c, teilte er auf Facebook mit.<br \/>\n7.7.2023, <a href=\"https:\/\/www.facebook.com\/robert.sesselmann.16\/posts\/pfbid02TE3J57zPParfyM55AxQqdd8XUsqjgapYnJ8L1CBgtLaYQVJKKcdoCrwKDMKVbkCEl\">https:\/\/www.facebook.com\/robert.sesselmann.16\/posts\/pfbid02TE3J57zPParfyM55AxQqdd8XUsqjgapYnJ8L1CBgtLaYQVJKKcdoCrwKDMKVbkCEl<\/a><br \/>\n.<\/p>\n<p><strong>MDR: Aufruf zum Tourismus-Boykott des Lankreises Sonneberg<\/strong><br \/>\nDer MDR hat sich von einem leitenden Mitarbeiter seines Radio-Nachrichtensenders \u201eMDR Aktuell\u201c distanziert, der nach dem AfD-Wahlerfolg in Sonneberg zum Boykott und zur Isolation des Landkreises aufgerufen hatte. Konkret schrieb der Chef vom Dienst des Senders, Michael Vo\u00df, auf Twitter: \u201eSch\u00fctzt die Demokratie und boykottiert den Landkreis Sonneberg im Tourismus, in der Wirtschaft und auf allen Ebenen.\u201c<br \/>\n7.7.2023<\/p>\n<p>&nbsp;<\/p>\n<p><strong>Sonneberg verhindern: Grenzen auf &#8211; Enthomogenisierung &#8211; Wei\u00dfbrot<\/strong><br \/>\n<strong>Wie und warum die Gr\u00fcnen Ostdeutschland verachten<\/strong><br \/>\nIn Sonneberg hat, wie jeder wei\u00df \u2013 unabh\u00e4ngig davon, wie man zum Ausgang der Wahl steht \u2013 eine demokratische Wahl stattgefunden; ob sie de facto r\u00fcckg\u00e4ngig gemacht wird, was dann in Th\u00fcringen schon eine gewisse Tradition begr\u00fcnden w\u00fcrde, l\u00e4sst sich zur Stunde nicht ausmachen.<br \/>\n&#8230;<br \/>\nDer von den Gr\u00fcnen unterst\u00fctzte Axel Steier, Mitbegr\u00fcnder, Vorsitzender und Sprecher von Mission Lifeline, twitterte kaum nach Bekanntwerden der Wahlergebnisse am 25. Juni um 19.26 Uhr:<br \/>\n<em>\u201eH\u00e4tte es genug Zuzug aus dem Ausland gegeben (.z.B. indem man die Visa-Pflicht f\u00fcr Afghan*innen und anderen Verfolgten abschafft) und h\u00e4tte man diesen Menschen sofort das Wahlrecht einger\u00e4umt, w\u00e4re #Sonneberg heute kein Thema. Deshalb: Grenzen auf.\u201c Zuvor hatte Steier auch schon mal getwittert: \u201eBald ist Schluss mit dem lustigen Leben als Wei\u00dfbrot!\u201c<\/em><br \/>\nWenn Steier in einem weiteren Tweet schreibt:<br \/>\n<em>\u201eDie Enthomogenisierung der Gesellschaft schreitet voran. Ich unterst\u00fctze das mit meiner Arbeit\u201c<\/em>,<br \/>\ndann sind das nicht die wirren Phantasien eines twitternden Linken oder Linksliberalen, sondern die Tweets eines Mannes, der einer NGO vorsteht, die im Auftrag der Bundesinnenministerin Nancy Faeser als meldeberechtigte Stelle in Afghanistan dar\u00fcber entscheidet, wer nach Deutschland einreisen darf, der damit quasi hoheitsrechtliche Aufgaben des Staates \u00fcbernimmt. Und das d\u00fcrften alle sein, die sich melden, denn Axel Steier unterst\u00fctzt laut Tweet die \u201eEnthomogenisierung der Gesellschaft\u201c, mit anderen Worten die Zerst\u00f6rung der gesellschaftlichen Struktur und die Schaffung franz\u00f6sischer Zust\u00e4nde in Deutschland. Dank Faesers Billigung, dank Steiers aufopferungsvoller Arbeit ist Deutschland franz\u00f6sischen Verh\u00e4ltnissen n\u00e4her, als man es ahnt. Doch wie twitterte Steier: <em>\u201eBald ist Schluss mit dem lustigen Leben als Wei\u00dfbrot.\u201c<\/em><br \/>\n\u00dcbrigens f\u00fcr die Opfer der zahllosen Messerattentate ist jetzt schon Schluss mit dem lustigen Leben als Wei\u00dfbrot.<br \/>\n&#8230; Alles vom 7.7.2023 bitte lesen auf<br \/>\n<a href=\"https:\/\/www.tichyseinblick.de\/meinungen\/gruene-ostdeutschland\/\">https:\/\/www.tichyseinblick.de\/meinungen\/gruene-ostdeutschland\/<\/a><\/p>\n<p>&nbsp;<\/p>\n<p><strong>Doch kein AfD-Wahlsieg? Th\u00fcringens Verwaltung spielt ein gef\u00e4hrliches Spiel<\/strong><br \/>\nAls n\u00fctzliche Idioten bezeichnet man Menschen, die einer Person oder Sache dienen, ohne sich dessen bewusst zu sein. Die AfD kann sich seit ihrem ersten kommunalpolitischen Wahlsieg am vergangenen Sonntag \u00fcber eine Rekordzahl solcher Leute freuen. Sie wollen irgendetwas tun, um den H\u00f6henflug der Rechtsaussenpartei zu bek\u00e4mpfen, und vermutlich sind sie davon \u00fcberzeugt, das Richtige zu tun. (\u2026)<br \/>\nJ\u00fcngstes Beispiel ist das Th\u00fcringer Landesverwaltungsamt mit Sitz im sch\u00f6nen Weimar. Es hat soeben angek\u00fcndigt, die pers\u00f6nliche Eignung und Verfassungstreue des frisch gek\u00fcrten Landrats Robert Sesselmann zu \u00fcberpr\u00fcfen \u2013 und den Wahlsieg des AfD-Politikers im Falle eines negativen Befundes f\u00fcr ung\u00fcltig zu erkl\u00e4ren. (\u2026)<br \/>\nDer Wahlakt ist das Herzst\u00fcck der Demokratie. In ihm dr\u00fcckt der Souver\u00e4n seinen Willen aus. Mit ihm beginnt die Legitimit\u00e4t aller Staatsgewalt. <em><strong>Schon der Versuch, den Willen des Souver\u00e4ns durch einen Verwaltungsakt infrage zu stellen, ist ein Affront.<\/strong> <\/em>Der erfolgreiche Versuch w\u00e4re ein Desaster. Er w\u00fcrde nicht nur eine z\u00e4he juristische Schlacht nach sich ziehen, deren Ausgang v\u00f6llig offen w\u00e4re, sondern auch das Vertrauen vieler B\u00fcrger \u2013 und nicht nur der AfD-W\u00e4hler \u2013 in den Staat ersch\u00fcttern.<br \/>\n(\u2026)<br \/>\nSolange die AfD nicht verboten ist, bleibt den etablierten politischen Kr\u00e4ften nur die inhaltliche Auseinandersetzung. Versuche, ihre Rechte durch Obstruktion zu beschneiden oder gar auf die Annullierung des W\u00e4hlerwillens zu setzen, werden nach hinten losgehen. 2024 sollen in mehreren ostdeutschen Bundesl\u00e4ndern neue Landtage gew\u00e4hlt werden, auch in Th\u00fcringen. Das dortige Landesverwaltungsamt hat den v\u00f6lkischen Rechten nun ein erstes riesengrosses Geschenk gemacht. F\u00e4llt die Pr\u00fcfung des Wahlsiegers Sesselmann positiv aus, dann d\u00fcrfte die Partei das als Siegel der eigenen Unbedenklichkeit ins Feld f\u00fchren. F\u00e4llt die Pr\u00fcfung negativ aus, wird sie sich mehr denn je als benachteiligter Aussenseiter darstellen. Win-win.<br \/>\n&#8230; Alles vom 28.6.2023 bitte lsen auf<br \/>\n<a href=\"https:\/\/www.nzz.ch\/meinung\/der-andere-blick\/afd-landrat-auf-abruf-thueringens-verwaltung-spielt-ein-gefaehrliches-spiel-ld.1744775?reduced=true\">https:\/\/www.nzz.ch\/meinung\/der-andere-blick\/afd-landrat-auf-abruf-thueringens-verwaltung-spielt-ein-gefaehrliches-spiel-ld.1744775?reduced=true<\/a><\/p>\n<p>&nbsp;<\/p>\n<p><strong>Ein Fanal f\u00fcr Deutschland: AfD-Landrat in Th\u00fcringen gew\u00e4hlt<\/strong><br \/>\nDie AfD hat ausgerechnet in Th\u00fcringen ihren ersten Landratsposten erobert. Die von den etablierten Parteien betriebenen Strategien gegen die AfD sind damit vorerst gescheitert. Ohne einen Wandel der politischen Kultur droht aus der Rechts- eine Volkspartei zu werden \u2013 zumindest im Osten.<br \/>\n\u2026<br \/>\nDas Wahlergebnis des AfD-Mannes Sesselmann muss damit am Ende als fulminant bewertet werden und zeigt an, dass das politische System der Bundesrepublik zumindest im Osten ins Rutschen kommt. Die bisher von den etablierten Parteien verfolgten Strategien zur Bek\u00e4mpfung der Rechtspartei sind offenkundig gescheitert.<br \/>\n\u2026<br \/>\nDas pauschale Ausgrenzen, Beleidigen, Ver\u00e4chtlichmachen von Mitgliedern und W\u00e4hlern der AfD jedenfalls hat offensichtlich nicht zum gew\u00fcnschten Ergebnis, sondern vielleicht sogar zum glatten Gegenteil gef\u00fchrt. Die Landratswahl von Sonneberg l\u00e4sst erahnen, dass sich W\u00e4hler, wenn man sie im Grunde st\u00e4ndig als \u201eNazis\u201c beschimpft, nicht deshalb zur Wahl einer etablierten Partei motivieren lassen. Eher tritt das Gegenteil ein.<br \/>\n\u2026.<br \/>\nNicht ausgeschlossen daher, dass un\u00fcberlegte Handlungen der \u00fcbrigen politischen Parteien das politische System in eine gro\u00dfe Krise st\u00fcrzen k\u00f6nnten. Aber es gibt auch eine andere Option: die R\u00fcckkehr zu einer der Demokratie angemessen politischen Kultur, die auf sachliche Argumente und \u00fcberzeugende Politik setzt; die es unterl\u00e4sst, Politiker und W\u00e4hler der AfD zu beschimpfen und zu Unpersonen zu erkl\u00e4ren. Das w\u00e4re die Voraussetzung daf\u00fcr, entt\u00e4uschte B\u00fcrger wieder zur\u00fcckzugewinnen und f\u00fcr die eigene Politik zu begeistern. Von einer solchen politischen Kultur allerdings ist Deutschland derzeit ein gutes St\u00fcck weit entfernt.<br \/>\n\u2026 Alles vom 25.6.2023 von Mathias Brodkorb bitte lesen auf<br \/>\n<a href=\"https:\/\/www.cicero.de\/innenpolitik\/afd-erobert-ersten-landratsposten-ein-fanal-fur-deutschland\">https:\/\/www.cicero.de\/innenpolitik\/afd-erobert-ersten-landratsposten-ein-fanal-fur-deutschland<\/a><\/p>\n<p>.<\/p>\n<p><strong>Die Wahl des ersten AfD-Landrats ist ein politisches Beben \u2013 aber Panik w\u00e4re die falsche Antwort<\/strong><br \/>\n&#8230; Dass der AfD der kommunale Durchbruch in Th\u00fcringen gelungen ist, ist kein Zufall. Das Land wird von einer 2019 eigentlich abgew\u00e4hlten Minderheitsregierung unter F\u00fchrung der Linkspartei regiert. Dass mit der CDU ausgerechnet die Partei der deutschen Einheit immer wieder die SED-Nachfolgepartei unterst\u00fctzt hat, hat viel zur Frustration in dem Bundesland beigetragen. Auch das spiegelt sich im Sonneberger Ergebnis wider.<br \/>\nInsofern hat der Wahlsieg der AfD vom 25. Juni 2023 viele V\u00e4ter und M\u00fctter. Zur Landespolitik kommt eine Bundes-CDU, die selbst unter dem einstigen Hoffnungstr\u00e4ger der Konservativen Friedrich Merz nicht zu wissen scheint, wo sie hinwill. Das Fass zum \u00dcberlaufen d\u00fcrfte eine als vermurkst und b\u00fcrgerfern wahrgenommene Politik der Ampelkoalition gebracht haben.<br \/>\n&#8230; Alles vom 25.6.2023 bitte lesen auf<br \/>\n<a href=\"https:\/\/www.nzz.ch\/meinung\/sonneberg-der-erfolg-der-afd-bei-der-landratswahl-ist-ein-politisches-beben-ld.1744335\">https:\/\/www.nzz.ch\/meinung\/sonneberg-der-erfolg-der-afd-bei-der-landratswahl-ist-ein-politisches-beben-ld.1744335<\/a><br \/>\n.<br \/>\nEinige Kommentare<br \/>\nDas Thema ist, da\u00df der B\u00fcrger nur eine einzige M\u00f6glichkeit hat, wenn er mit der in Deutschland stattfindenden Politik nicht einverstanden ist: Er mu\u00df AfD w\u00e4hlen. Von Energiewende bis Migration, die sogenannten &#8222;etablierten Parteien&#8220; treten als Block auf. Opposition findet nur durch die AfD statt. Nachdem dies bei den Wahlen in Th\u00fcringen \u00fcberdeutlich geworden ist, ein gew\u00e4hlter FDP Ministerpr\u00e4sident zum R\u00fccktritt gen\u00f6tigt wurde, tolleriert die CDU eine Minderheitsregierung aus Linke (SED), Gr\u00fcne und SPD. Neuwahlen waren versprochen, scheiterten aber an der CDU, die Angst hatte, Mandate zu verlieren. Auch jetzt bei der Landratswahl wurde der Block CDU+Linke+SPD+Gr\u00fcne+FDP gebildet und unterlagen. Will man die Politik \u00e4ndern und auch gegen das Demokratieverst\u00e4ndnis der &#8222;etablierten Parteien&#8220; protestieren, ist neben \u00fcberzeugetn AfD W\u00e4hler, neben Protestw\u00e4hlern, das W\u00e4hlen der AfD eine Art Notwehr. M.F.<br \/>\n.<br \/>\nMan k\u00f6nnte nun schadenfroh sagen, aetsch das habt ihr nun davon. Das w\u00e4re allerdings der falsche Ansatz. Der bessere Weg w\u00e4re , sich politisch mit dieser Partei auseinander zusetzen. Die CDU sollte endlich Opposition betreiben und den konservativen Kr\u00e4ften wieder Heimat sein. Gruene Ideen sollte man den Gr\u00fcnen \u00fcberlassen. Wer ganz offen eine Senkung des Lebensstandards aus ideologischen Gr\u00fcnden anstrebt, muss sich nicht wundern, wenn es dagegen Protest gibt. U.M.<br \/>\n.<br \/>\nNachdem ich gestern Abend in der WELT bereits einen Kommentar gelesen habe, der den Sonneberger W\u00e4hler voll in die Tonne kloppte, habe ich heute fr\u00fch als erstes aus dem Fenster geschaut und festgestellt: Die Sonne war tats\u00e4chlich wie immer im Osten aufgegangen, ein Wind wehte, die Temperaturen waren im Vergleich zu gestern gefallen und alle Wasser flossen immer noch zu Tal dem Meer entgegen. A.K.<br \/>\nEnde Kommentare<\/p>\n","protected":false},"excerpt":{"rendered":"<p>Home\u00a0&gt;Engagement\u00a0&gt;Zukunft\u00a0&gt;Demokratie\u00a0&gt;Rechts &gt;AfD &gt;Rechtsruck &gt;Sonneberg-AfD Nordhausen: Wahlbetrug bei der Wahl des Oberb\u00fcrgermeisters? (26.9.2023) AfD: B\u00fcrgermeister von Doberan\u00a0(10.8.2023) Demokratische Wahl: Kemmerich wie Sesselmann (12.7.2023) Sonneberg&#8217;s neuer Landrat verzichtet auf Dienstwagen (7.7.2023) MDR: Aufruf zum Tourismus-Boykott des Lankreises Sonneberg (7.7.2023) Sonneberg verhindern: Grenzen &hellip; <a href=\"https:\/\/www.freiburg-schwarzwald.de\/blog\/engagement\/zukunft\/demokratie\/rechts\/sonneberg-afd\/\">Weiterlesen <span class=\"meta-nav\">&rarr;<\/span><\/a><\/p>\n","protected":false},"author":2,"featured_media":0,"parent":58132,"menu_order":0,"comment_status":"closed","ping_status":"closed","template":"","meta":{"footnotes":""},"class_list":["post-113245","page","type-page","status-publish","hentry"],"_links":{"self":[{"href":"https:\/\/www.freiburg-schwarzwald.de\/blog\/wp-json\/wp\/v2\/pages\/113245","targetHints":{"allow":["GET"]}}],"collection":[{"href":"https:\/\/www.freiburg-schwarzwald.de\/blog\/wp-json\/wp\/v2\/pages"}],"about":[{"href":"https:\/\/www.freiburg-schwarzwald.de\/blog\/wp-json\/wp\/v2\/types\/page"}],"author":[{"embeddable":true,"href":"https:\/\/www.freiburg-schwarzwald.de\/blog\/wp-json\/wp\/v2\/users\/2"}],"replies":[{"embeddable":true,"href":"https:\/\/www.freiburg-schwarzwald.de\/blog\/wp-json\/wp\/v2\/comments?post=113245"}],"version-history":[{"count":5,"href":"https:\/\/www.freiburg-schwarzwald.de\/blog\/wp-json\/wp\/v2\/pages\/113245\/revisions"}],"predecessor-version":[{"id":115681,"href":"https:\/\/www.freiburg-schwarzwald.de\/blog\/wp-json\/wp\/v2\/pages\/113245\/revisions\/115681"}],"up":[{"embeddable":true,"href":"https:\/\/www.freiburg-schwarzwald.de\/blog\/wp-json\/wp\/v2\/pages\/58132"}],"wp:attachment":[{"href":"https:\/\/www.freiburg-schwarzwald.de\/blog\/wp-json\/wp\/v2\/media?parent=113245"}],"curies":[{"name":"wp","href":"https:\/\/api.w.org\/{rel}","templated":true}]}}