{"id":112770,"date":"2023-06-05T08:38:16","date_gmt":"2023-06-05T06:38:16","guid":{"rendered":"https:\/\/www.freiburg-schwarzwald.de\/blog\/?page_id=112770"},"modified":"2026-04-14T09:56:39","modified_gmt":"2026-04-14T07:56:39","slug":"angst-jugend","status":"publish","type":"page","link":"https:\/\/www.freiburg-schwarzwald.de\/blog\/engagement\/zukunft\/angst\/angst-jugend\/","title":{"rendered":"Angst-Jugend"},"content":{"rendered":"<p><a href=\"https:\/\/www.freiburg-schwarzwald.de\/blog\">Home<\/a>\u00a0&gt;<a title=\"Engagement\" href=\"https:\/\/www.freiburg-schwarzwald.de\/blog\/engagement\/\">Engagement<\/a>\u00a0&gt;<a title=\"Zukunft\" href=\"https:\/\/www.freiburg-schwarzwald.de\/blog\/engagement\/zukunft\/\">Zukunft<\/a>\u00a0&gt;<a title=\"Psyche\" href=\"https:\/\/www.freiburg-schwarzwald.de\/blog\/selbsthilfe\/psyche\/\">Psyche<\/a>\u00a0&gt;<a href=\"https:\/\/www.freiburg-schwarzwald.de\/blog\/engagement\/zukunft\/angst\/\">Angst<\/a>\u00a0&gt;Angstmachen<\/p>\n<div id=\"attachment_112760\" style=\"width: 650px\" class=\"wp-caption alignnone\"><a href=\"https:\/\/www.freiburg-schwarzwald.de\/blog\/wp-content\/uploads\/2023\/06\/schafe-hirzberg2305pan.jpg\"><img loading=\"lazy\" decoding=\"async\" aria-describedby=\"caption-attachment-112760\" class=\"size-full wp-image-112760\" src=\"https:\/\/www.freiburg-schwarzwald.de\/blog\/wp-content\/uploads\/2023\/06\/schafe-hirzberg2305pan.jpg\" alt=\"\" width=\"640\" height=\"382\" srcset=\"https:\/\/www.freiburg-schwarzwald.de\/blog\/wp-content\/uploads\/2023\/06\/schafe-hirzberg2305pan.jpg 640w, https:\/\/www.freiburg-schwarzwald.de\/blog\/wp-content\/uploads\/2023\/06\/schafe-hirzberg2305pan-180x107.jpg 180w\" sizes=\"auto, (max-width: 640px) 100vw, 640px\" \/><\/a><p id=\"caption-attachment-112760\" class=\"wp-caption-text\">Schafe am Hirzberg in Freiburg-Oberau im Mai 2023 &#8211; Bild Peter H.Braun<\/p><\/div>\n<ul>\n<li><em>Listenauswahl eines Beitrags: Bitte anklicken oder runterscrollen<\/em><\/li>\n<li><a href=\"https:\/\/www.freiburg-schwarzwald.de\/blog\/selbsthilfe\/jugend\/jugend-zukunft\/\">Pulverfass Boomer-Republik Deutschland: Warum die Jugend mit diesem Land bricht<\/a>\u00a0(3.4.2026)<\/li>\n<li><a href=\"https:\/\/www.freiburg-schwarzwald.de\/blog\/selbsthilfe\/soziales\/justiz\/polizei\/hausdurchsuchung\/\">Hausdurchsuchung bei 15j\u00e4hrigem<\/a>\u00a0(20.12.2024)<\/li>\n<li><a href=\"https:\/\/www.freiburg-schwarzwald.de\/blog\/selbsthilfe\/familie\/generationen\/generation-z\/\">Die stille Krise der Generation Z \u2013 Freiheit versus Konformit\u00e4t<\/a>\u00a0(11.11.2024)<\/li>\n<li>Angst: Mediziner warnen vor einer Mental-Health-Pandemie (1.6.2023)<\/li>\n<li><\/li>\n<li><a href=\"https:\/\/www.freiburg-schwarzwald.de\/blog\/business\/gesund\/achtsamkeit\/\">Achtsamkeit<\/a><\/li>\n<li><a href=\"https:\/\/www.freiburg-schwarzwald.de\/blog\/engagement\/zukunft\/angst\/angstindustrie\/\">Angstindustrie<\/a><\/li>\n<li><a href=\"https:\/\/www.freiburg-schwarzwald.de\/blog\/engagement\/zukunft\/angst\/angstmachen\/\">Angstmachen<\/a><\/li>\n<li><a title=\"Apokalypse\" href=\"https:\/\/www.freiburg-schwarzwald.de\/blog\/natur\/klima\/apokalypse\/\">Apokalypse<\/a><\/li>\n<li><a title=\"Corona-Angst\" href=\"https:\/\/www.freiburg-schwarzwald.de\/blog\/business\/gesund\/corona-virus\/corona-angst\/\">Corona-Angst<\/a><\/li>\n<li><a href=\"https:\/\/www.freiburg-schwarzwald.de\/blog\/selbsthilfe\/familie\/generationen\/generation-z\/\">Generation-Z<\/a><\/li>\n<li><a title=\"Indoktrinierung\" href=\"https:\/\/www.freiburg-schwarzwald.de\/blog\/bildung\/schulen\/indoktrinierung\/\">Indoktrinierung<\/a><\/li>\n<li><a href=\"https:\/\/www.freiburg-schwarzwald.de\/blog\/selbsthilfe\/jugend\/jungwaehler\/\">Jungw\u00e4hler<\/a><\/li>\n<li><a href=\"https:\/\/www.freiburg-schwarzwald.de\/blog\/natur\/klima\/klima-angst\/\">Klima-Angst<\/a><\/li>\n<li><a title=\"Repression\" href=\"https:\/\/www.freiburg-schwarzwald.de\/blog\/engagement\/zukunft\/demokratie\/repression\/\">Repression<\/a><\/li>\n<li><a href=\"https:\/\/www.freiburg-schwarzwald.de\/blog\/engagement\/zukunft\/angst\/sozialangst\/\">Sozialangst<\/a><\/li>\n<li><a href=\"https:\/\/www.freiburg-schwarzwald.de\/blog\/global\/globalisierung\/sozialismusangst\/\">Sozialismusangst<\/a><\/li>\n<li><a href=\"https:\/\/www.freiburg-schwarzwald.de\/blog\/business\/gesund\/virus\/\">Virus<\/a><\/li>\n<li><a title=\"Wahn\" href=\"https:\/\/www.freiburg-schwarzwald.de\/blog\/selbsthilfe\/psyche\/wahn\/\">Wahn<\/a><\/li>\n<\/ul>\n<p>&nbsp;<\/p>\n<p><strong>Angst: Mediziner warnen vor einer Mental-Health-Pandemie<\/strong><br \/>\nDie DAK-Gesundheit fordert eine &#8222;Pr\u00e4ventions-Offensive&#8220;. Der Grund: Die <a href=\"https:\/\/www.freiburg-schwarzwald.de\/blog\/business\/gesund\/corona-virus\/corona-angst\/\">Corona-Politik<\/a> hat eine Welle von Angstst\u00f6rungen bei jungen Menschen ausgel\u00f6st &#8211; Mediziner sprechen von einer drohenden psychologischen Pandemie.<br \/>\n&#8230;<br \/>\n\u201eWir befinden uns mitten in einer Mental-Health-Pandemie, deren Auswirkungen erst nach und nach sichtbar werden. Das zeigt sich bereits jetzt besonders im Bereich der Angstst\u00f6rungen und der Essst\u00f6rungen\u201c, sagt Professor Christoph U. Correll, Direktor der Klinik f\u00fcr Psychiatrie, Psychosomatik und Psychotherapie des Kindes- und Jugendalters an der Berliner Charit\u00e9. \u201eDie Pandemiesituation hat nachhaltig negative Auswirkungen auf die Lebenszufriedenheit junger Menschen, die sich in Zukunftsangst manifestiert\u201c, so Dr. Thomas Fischbach, der Pr\u00e4sident des Berufsverbands der Kinder- und Jugend\u00e4rzte. Neben der Pandemie sieht er den Krieg in der Ukraine und die Angst um die wirtschaftliche Zukunft als weitere Ausl\u00f6ser f\u00fcr psychische Erkrankungen.<br \/>\n&#8230; Alles vom 1.6.2023 bitte lesen auf<br \/>\n<a href=\"https:\/\/www.tichyseinblick.de\/daili-es-sentials\/kosten-corona-politik-dak-gesundheit\/\">https:\/\/www.tichyseinblick.de\/daili-es-sentials\/kosten-corona-politik-dak-gesundheit\/<\/a><br \/>\n<a href=\"https:\/\/www.dak.de\">https:\/\/www.dak.de<\/a><br \/>\n.<br \/>\nEinige Kommentare<br \/>\nDie Angstmacher sitzen jetzt in der Regierung und an allen sonstigen Schalthebeln der Macht, der Medien und des Kapitals. Seit 40 Jahren ist die Losung der Gr\u00fcnen: Angst! Angst machen! Panik sch\u00fcren! Angst vor \u201eAtom\u201c, Angst vor \u201eNachr\u00fcstung\u201c, Angst vor \u201eChemie\u201c, Angst vor \u201eKlima\u201c, Angst vor \u201eGen\u201c, vor \u201eCO2\u201c, vor \u201eFeinstaub\u201c, D\u00fcrre, Regen, Hitze, Nazis sowieso usw usw, you name it. Eine unfassbare Gehirnw\u00e4sche. \u201eGerman Angst\u201c nennen es die Anderen l\u00e4ngst, und bekommen schon wieder Angst vor dem deutschen Furor. Die niedlichen h\u00f6heren T\u00f6chter der \u00d6kosozialisten bei der Klimabewegung beherrschen die Klaviatur der Angst virtuos. Da wundert es nicht, dass die jungen Leute neurotisch und psychotisch sind. Im Christentum heisst es: \u201eF\u00fcrchtet euch nicht!\u201c Mit gutem Grund. C.B.<br \/>\n.<br \/>\nEr h\u00e4lt eine \u201ebreite Pr\u00e4ventionsoffensive in Schulen, Vereinen und Verb\u00e4nden\u201c f\u00fcr notwendig, \u201eum die psychische Gesundheit von M\u00e4dchen und Jungen zu st\u00e4rken.\u201c<br \/>\nGerade diese Institutionen haben viel dazu beigetragen, die Jugendlichen psychisch zu destabilisieren. Maskenzwang in Schulen, offene Fenster im Winter, Abstandsregelungen, Trainingsverbot f\u00fcr ungespritzte Jugendliche in Sportvereinen, etc. Sie waren Mitt\u00e4ter einer PLANdemie. Von solchen nun Hilfe zu erwarten, wie es Andreas Storm, Vorstandschef der DAK-Gesundheit, ausdr\u00fcckt, ist geradezu grotesk. JR<br \/>\n.<br \/>\nDa treffen die von Corona angstgest\u00f6rten, traumatisierten jungen Deutschen t\u00e4glich auf die angstgest\u00f6rten, traumatisierten Zuwanderer. Die jungen Deutschen m\u00fcssen zur Therapie, die Zuwanderer greifen zum Messer, verfolgen, vergewaltigen, morden und kommen auch in Therapie. Was f\u00fcr ein Leben in dem neuen Deutschland. lav<br \/>\n.<br \/>\nWirklich verbl\u00fcffend, dass die k\u00fcnstlich erzeugte Angst vor Corona, die k\u00fcnstlich erzeugte Angst vor dem Klima, die k\u00fcnstlich erzeugte Angst vor dem Krieg und die reale Angst vor den wirtschaftlichen Folgen all der k\u00fcnstlich erzeugten \u00c4ngste, mehr \u00c4ngste zur Folge hat. Rob<br \/>\n.<br \/>\nSicherlich hat die Pandemie schweren Schaden angerichtet, da gerade mit Kindern und Alten\/Kranken unmenschlich umgegangen wurde. Trotzdem denke ich nicht, dass es die alleinige Ursache ist.<br \/>\nIch glaube, was ein Teil unserer Jugend jetzt psychisch erkranken l\u00e4sst, ist ein Prozess gewesen, der seit vielen Jahren l\u00e4uft und die Pandemie war sozusagen noch ein negativer Aspekt obendrauf. Der Jugend wird seit Jahren das falsche eingeredet. Schw\u00e4che ist gut, Depressionen sind normal und werden respektiert, Leistung ist nicht erforderlich, wird einem alles zu anstrengend, gibt es safe zones zum ausruhen. Wichtig ist nicht was man kann oder lernt, sondern die richtige Haltung (woke nat\u00fcrlich).<br \/>\nDen M\u00e4dchen wird durch d\u00e4mliche Influenzer und Medien seit Jahren eingeredet nur wer sch\u00f6n ist, ist begehrt. Modelfigur, Sch\u00f6nheits-OPs, Make-up und vor allem Social Media sind notwendig, um vollwertiger Teil der Gesellschaft zu sein und Voraussetzung f\u00fcr Geld, Erfolg und gute Partnerschaft. Das sind die Vorgaben, die M\u00e4dchen aus den Medien entnehmen, ausgeschm\u00fcckt von Promi Frauen, die damit angeben Beruf, Kinder und Mann zu bew\u00e4ltigen (aber verschweigen, dass sie K\u00f6chin, Nanny, Haushaltshilfe haben, und nur Quality Time f\u00fcr die Kinder nach der Arbeit). Zuhause sehen die Jugendlichen dann, dass es bei ihren Eltern und den eigenen Partnerschaften nicht so l\u00e4uft. Auch das Aussehen entspricht nicht ihren Erwartungen an sich selbst.<br \/>\nZahlreiche Pornos auf den Handys der Sch\u00fcler zeigen den M\u00e4dchen, was Mann von ihr erwartet, und den Jungen wie man eine Frau beschlafen soll. Mit Liebe, ausprobieren, Vertrauen aufbauen, sich best\u00e4tigen lassen f\u00fcr was man ist und nicht wie man aussieht oder welchen doppelten Rittberger man im Bett vollbringen kann, hat das nichts mehr zu tun.Angst-Jugend<br \/>\nDie Jungen d\u00fcrfen keine Jungen mehr sein. Ab Kita wird ihnen ein Sozialverhalten eines M\u00e4dchens aufgezwungen, was in der Schule fortgesetzt wird. Jungen d\u00fcrfen nicht mehr raufen und bl\u00f6de Ziege rufen, das ist unsozial und unerw\u00fcnscht. Dazu haben viele Jungen keinen Zugang mehr zu V\u00e4tern, Scheidungen sind die Regel und st\u00e4ndig wechselnde Partnerschaften. Sie haben keine m\u00e4nnlichen Vorbilder mehr und sind umgeben von einer Masse von Frauen in allen Bereichen ihres Lebens.<br \/>\nM\u00e4nner sollen super Liebhaber sein und nach der Arbeit noch den Putzeimer schwingen, die Kinder betreuen, und danach noch 2 Stunden den Sorgen ihrer Partnerin zuh\u00f6ren. Dazu m\u00f6glichst viel Freizeit mit der Partnerin verbringen, Freizeit mit anderen M\u00e4nnern wird negativ bewertet. Die Frauen sollen arbeiten gehen, Kinder betreuen, den Haushalt schmei\u00dfen und abends im Negligee verf\u00fchren.<\/p>\n<p>Hinzu kommt dann noch die Dem\u00fctigung durch Migranten seit 2015. Jungen und M\u00e4dchen werden in der Schule bedroht, als Partnerin erleben die M\u00e4dchen ein Frauenbild, was kontr\u00e4r zu dem ist, was ihnen gesellschaftlich zugesagt wird. N\u00e4mlich Sicherheit in der \u00d6ffentlichkeit, Respekt, Gleichberechtigung und eine eigene Meinung. Die Jungen werden von den Migranten als Schw\u00e4chlinge angesehen, da sie zwar alles ausdiskutieren k\u00f6nnen aber die entstehenden Konflikte mit Migranten nur mit k\u00f6rperlicher Gewalt gel\u00f6st werden k\u00f6nnen, da diese anderes nicht kennen und auch als Schw\u00e4che ansehen.<\/p>\n<p>Und dann kommt noch die Pandemie, in der sie als M\u00f6rder ihrer Gro\u00dfeltern hingestellt werden, wenn sie sie besuchen. In der Kinder als Seuchentr\u00e4ger beschuldigt werden. Man hat also eine Kombi aus ganz vielen Aspekten in ihrem Leben, die auf sie einstr\u00f6men. Und alles verschafft ihnen keinen Respekt, kein Selbstbewusstsein, keine Best\u00e4tigung, aber es wird auch keine Leistung mehr von ihnen gefordert, was auch ein wichtiger Aspekt f\u00fcr Selbstbest\u00e4tigung ist. Das Abi gibt es jetzt geschenkt, es z\u00e4hlt die woke Einstellung und nicht Flei\u00df oder Intelligenz.<\/p>\n<p>Und nun verwirrt man sie in ihrer Unsicherheit und Leere noch mit dem woken Mist, sie sollen sich \u00fcberlegen, ob sie nicht im falschen K\u00f6rper leben. Woran sollen sie sich noch festhalten? In der schwierigen Pubert\u00e4t, in der man sich eh hinterfragt, da die Hormone verr\u00fcckt spielen, kommt nun seit Jahren diese Leere, ein vorget\u00e4uschtes Selbstbewusstsein, Probleme im Elternhaus (zu viele Scheidungen), finanzielle Probleme und null Bock auf irgendwas au\u00dfer auf Party\/Spa\u00df hinzu. Berufliche Ziele oft nicht erf\u00fcllbar, finanzielle erst recht nicht, Partnerschaften wechseln st\u00e4ndig usw. Ein riesen Berg an Problemen. Tra<br \/>\n.<br \/>\nWenn man die Nachrichtenlage aus der Politik verfolgt, dann k\u00f6nnten \u00dcbelkeit und Erbrechen als n\u00e4chstes Massenph\u00e4nomen hinzukommen. Seit 20 Jahren werden uns doch immer neue Probleme aufgetischt und das ganze Leben scheint aus einer einzigen Krise zu bestehen, die wirklich niemand, au\u00dfer eine bestimmte Gruppe von Politikern hervorruft. Die D-Mark wurde aufgegeben, Grenzen nicht gesichert, Kraftwerke zerst\u00f6rten sich nicht von selbst, der Dieselskandal vom Zaun gebrochen, der Frieden geopfert, neu Klimaabgaben erfunden und die B\u00fcrger dem Impfzwang ausgesetzt. Und es h\u00f6rt noch immer nicht auf. Ich kann nicht beschreiben, wie sehr mir diese Politiker auf die Nerven gehen. Ich wei\u00df nur eins, dass wir schon viel zu lange von den falschen Leuten regiert werden und die Parteien die Wurzel allen \u00dcbels sind. BK<br \/>\n.<br \/>\nWenn Psychopathen mit Hilfe der (Regierungs)Medien die Menschen eines Landes in Angst und Schrecken versetzen und das vermeintlich \u201eRegieren\u201c oder \u201eKrisenmangament\u201c nennen und es nur der Einsch\u00fcchterung und Panikmache dient, damit man die eigene rkanke Agende leichter umsetzen kann, was soll dann anderes dabei herauskommen als eine riesige Zahl traumatisierter Menschen? Man sieht diese Angstpatienten teilweise heute immer noch. Man erkennt sie an der Gesichtswindel, die sie tragen. D.E.<br \/>\n.<br \/>\nGibt es eigentlich keine Analysen, wie gerade junge Frauen auf das in Deutschland etablierte Messer- und Vergewaltigungsambiente reagieren? Aber das darf man wahrscheinlich nicht analysieren Wil<br \/>\nEnde Kommentare<\/p>\n","protected":false},"excerpt":{"rendered":"<p>Home\u00a0&gt;Engagement\u00a0&gt;Zukunft\u00a0&gt;Psyche\u00a0&gt;Angst\u00a0&gt;Angstmachen Listenauswahl eines Beitrags: Bitte anklicken oder runterscrollen Pulverfass Boomer-Republik Deutschland: Warum die Jugend mit diesem Land bricht\u00a0(3.4.2026) Hausdurchsuchung bei 15j\u00e4hrigem\u00a0(20.12.2024) Die stille Krise der Generation Z \u2013 Freiheit versus Konformit\u00e4t\u00a0(11.11.2024) Angst: Mediziner warnen vor einer Mental-Health-Pandemie (1.6.2023) Achtsamkeit Angstindustrie &hellip; <a href=\"https:\/\/www.freiburg-schwarzwald.de\/blog\/engagement\/zukunft\/angst\/angst-jugend\/\">Weiterlesen <span class=\"meta-nav\">&rarr;<\/span><\/a><\/p>\n","protected":false},"author":2,"featured_media":0,"parent":58023,"menu_order":0,"comment_status":"closed","ping_status":"closed","template":"","meta":{"footnotes":""},"class_list":["post-112770","page","type-page","status-publish","hentry"],"_links":{"self":[{"href":"https:\/\/www.freiburg-schwarzwald.de\/blog\/wp-json\/wp\/v2\/pages\/112770","targetHints":{"allow":["GET"]}}],"collection":[{"href":"https:\/\/www.freiburg-schwarzwald.de\/blog\/wp-json\/wp\/v2\/pages"}],"about":[{"href":"https:\/\/www.freiburg-schwarzwald.de\/blog\/wp-json\/wp\/v2\/types\/page"}],"author":[{"embeddable":true,"href":"https:\/\/www.freiburg-schwarzwald.de\/blog\/wp-json\/wp\/v2\/users\/2"}],"replies":[{"embeddable":true,"href":"https:\/\/www.freiburg-schwarzwald.de\/blog\/wp-json\/wp\/v2\/comments?post=112770"}],"version-history":[{"count":6,"href":"https:\/\/www.freiburg-schwarzwald.de\/blog\/wp-json\/wp\/v2\/pages\/112770\/revisions"}],"predecessor-version":[{"id":147879,"href":"https:\/\/www.freiburg-schwarzwald.de\/blog\/wp-json\/wp\/v2\/pages\/112770\/revisions\/147879"}],"up":[{"embeddable":true,"href":"https:\/\/www.freiburg-schwarzwald.de\/blog\/wp-json\/wp\/v2\/pages\/58023"}],"wp:attachment":[{"href":"https:\/\/www.freiburg-schwarzwald.de\/blog\/wp-json\/wp\/v2\/media?parent=112770"}],"curies":[{"name":"wp","href":"https:\/\/api.w.org\/{rel}","templated":true}]}}