{"id":112252,"date":"2023-05-04T21:16:00","date_gmt":"2023-05-04T19:16:00","guid":{"rendered":"https:\/\/www.freiburg-schwarzwald.de\/blog\/?page_id=112252"},"modified":"2023-11-04T20:23:23","modified_gmt":"2023-11-04T19:23:23","slug":"musikboxen","status":"publish","type":"page","link":"https:\/\/www.freiburg-schwarzwald.de\/blog\/natur\/umwelt\/laerm\/musikboxen\/","title":{"rendered":"Musikboxen"},"content":{"rendered":"<p><a href=\"https:\/\/freiburg-schwarzwald.de\/blog\">Home<\/a>\u00a0&gt;<a title=\"Selbsthilfe\" href=\"https:\/\/www.freiburg-schwarzwald.de\/blog\/selbsthilfe\/\">Selbsthilfe<\/a>\u00a0&gt;<a title=\"Chronisch\" href=\"https:\/\/www.freiburg-schwarzwald.de\/blog\/selbsthilfe\/chronisch\/\">Chronisch<\/a>\u00a0 &gt;<a href=\"https:\/\/www.freiburg-schwarzwald.de\/blog\/natur\/umwelt\/umweltschutz\/\">Umwelt<\/a> &gt;<a title=\"Laerm\" href=\"https:\/\/www.freiburg-schwarzwald.de\/blog\/natur\/umwelt\/laerm\/\">Laerm<\/a> &gt;Musikboxen<\/p>\n<div id=\"attachment_85283\" style=\"width: 649px\" class=\"wp-caption alignnone\"><a href=\"https:\/\/www.freiburg-schwarzwald.de\/blog\/wp-content\/uploads\/2020\/11\/seepark-herbstmorgen202011-pan.jpg\"><img loading=\"lazy\" decoding=\"async\" aria-describedby=\"caption-attachment-85283\" class=\"size-full wp-image-85283\" src=\"https:\/\/www.freiburg-schwarzwald.de\/blog\/wp-content\/uploads\/2020\/11\/seepark-herbstmorgen202011-pan.jpg\" alt=\"Herbstmorgen am Seepark in Freiburg November 2020\" width=\"639\" height=\"292\" srcset=\"https:\/\/www.freiburg-schwarzwald.de\/blog\/wp-content\/uploads\/2020\/11\/seepark-herbstmorgen202011-pan.jpg 639w, https:\/\/www.freiburg-schwarzwald.de\/blog\/wp-content\/uploads\/2020\/11\/seepark-herbstmorgen202011-pan-180x82.jpg 180w\" sizes=\"auto, (max-width: 639px) 100vw, 639px\" \/><\/a><p id=\"caption-attachment-85283\" class=\"wp-caption-text\">Herbstmorgen am Seepark in Freiburg November 2020<\/p><\/div>\n<ul>\n<li>Initiative wehrt sich gegen B\u00e4sse von Rave-Partys (4.11.2023)<\/li>\n<li><a href=\"https:\/\/www.freiburg-schwarzwald.de\/blog\/regio\/freiburg\/augustinerplatz\/\">Die Freiburger Stadtverwaltung muss f\u00fcr n\u00e4chtliche Ruhe auf dem Augustinerplatz sorgen<\/a> (17.8.2023)<\/li>\n<li>Aufregung um Raves im Dietenbachpark beim Freiburger FC und Anwohnern (2.8.2023)<\/li>\n<li>M\u00f6chten am Wochenende ohne Bass-Beschallung mal den Garten nutzen (24.7.2023)<\/li>\n<li><a href=\"https:\/\/www.freiburg-schwarzwald.de\/blog\/natur\/umwelt\/laerm\/freizeitlaerm\/\">Nachtmediatoren als Night Owls: Auf Augenh\u00f6he in der Partyzone<\/a>\u00a0(2.7.2023)<\/li>\n<li>&#8222;Linke&#8220;, deren Anliegen es ist, Arbeitenden Recht auf Nachtruhe zu nehmen (30.6.2023)<\/li>\n<li><a href=\"https:\/\/www.freiburg-schwarzwald.de\/blog\/arbeit-nachtruhe-vor-party-laerm\/\">Arbeit\/Nachtruhe vor Party\/L\u00e4rm<\/a>\u00a0(19..6.2023)<\/li>\n<li><a href=\"https:\/\/www.freiburg-schwarzwald.de\/blog\/nachtverbot-in-fr-baesse-boxen\/\">Nachverbot in FR: B\u00e4sse Boxen<\/a> (20.5.2023)<\/li>\n<li>Gegen den L\u00e4rm: Freiburgs Nachtmediatoren starten heute (4.5.2023)<\/li>\n<li>B\u00fcrgerverein Betzenhausen-Bischofslinde hofft auf ein Musikboxen-Verbot im Seepark (21.4.2023)<\/li>\n<li>Eine neue Satzung soll in Freiburg nachts Musikboxen verbieten (28.11.2022)<\/li>\n<li>Freiburger Hotspots werden nachts von Musikboxen beschallt \u2013 Heidelberg verbietet das (18.6.2022)<\/li>\n<li>Freiburg Lebenswert: Rede zum L\u00e4rm am Seepark (17.7.2021)<\/li>\n<li>Neckarvorlandsatzung erlassen: Musikboxen ab 23 Uhr verboten (2.7.2021)<\/li>\n<li><\/li>\n<li><a href=\"https:\/\/www.freiburg-schwarzwald.de\/blog\/natur\/umwelt\/laerm\/freizeitlaerm\/\">Freizeitlaerm<\/a><\/li>\n<\/ul>\n<p><strong>Unertr\u00e4glicher L\u00e4rm: Laute B\u00e4sse aus Musikboxen\u00a0<\/strong><br \/>\n=========================================================<\/p>\n<p>.<br \/>\n<strong>Initiative wehrt sich gegen B\u00e4sse von Rave-Partys<\/strong><br \/>\nDreieinhalb Seiten ist das Schreiben lang, das die neue Initiative Kontra-Bass j\u00fcngst an die Stadtverwaltung verschickt hat. Ihr Ziel: Die Beschallung des Stadtteils Betzenhausen-Bischofslinde \u2013 so hei\u00dft es in dem Brief \u2013 &#8222;mit den krankmachenden B\u00e4ssen von legalen und illegalen Rave-Veranstaltung&#8220; zu beenden. Heiner Brecht, einer der Initiatoren, sagt, dass die legalen Raves vergangenen Sommer das Fass zum \u00dcberlaufen gebracht h\u00e4tten: &#8222;Es ist zu viel. Der L\u00e4rm in Freiburgs Westen hat seit Jahren zugenommen und ist jetzt nicht mehr tolerierbar.&#8220; Schon gegen die illegalen Raves, die immer wieder unter der Zubringerbr\u00fccke am Dreisamufer stattf\u00e4nden, habe die Verwaltung nichts unternommen, und jetzt weise sie im Dietenbachpark auch noch eine Fl\u00e4che f\u00fcr legale Rave-Partys aus. Brecht \u00e4rgert das, zumal OB Martin Horn den Park als ideales Rave-Gel\u00e4nde bezeichnet hat: Hier k\u00f6nne man richtig laut sein, ohne jemanden zu st\u00f6ren, postete er auf Social Media. Brecht h\u00e4lt dagegen: &#8222;Es ist laut. Die B\u00e4sse bringen alles zum Vibrieren, da bekommt man Herzrhythmusst\u00f6rungen.&#8220; In dem Brief der Initiative ist auch von &#8222;Bass-Folter&#8220; die Rede.<br \/>\n&#8230; Alles vom 4.11.2023 bitte lesen auf<br \/>\n<a href=\"https:\/\/www.badische-zeitung.de\/initiative-wehrt-sich-gegen-baesse-von-rave-partys\">https:\/\/www.badische-zeitung.de\/initiative-wehrt-sich-gegen-baesse-von-rave-partys<\/a><\/p>\n<p>&nbsp;<\/p>\n<p><strong>Aufregung um Raves im Dietenbachpark beim Freiburger FC und Anwohnern<\/strong><br \/>\nDie Musik ist nicht zu h\u00f6ren. Nur dieser Bass, dieses monotone Wummern in Endlosschleife. &#8222;Das macht einen wahnsinnig&#8220;, sagt &#8230;. Der 46 Jahre alte Arzt lebt in Betzenhausen, s\u00fcdlich der Sundgauallee. Im Westen ist man es gewohnt, L\u00e4rmdebatten zu f\u00fchren. Aus Sicht von Haas haben die seit dem 1. Juli an Sch\u00e4rfe gewonnen. An jenem Samstag fand der erste legale Rave auf der Eisstockbahn auf dem Dietenbachgel\u00e4nde statt. &#8222;Wir halten die Fenster im Sommer geschlossen, und h\u00f6ren die B\u00e4sse trotzdem \u2013 auch in der Nacht.&#8220; Im Juli an vier von f\u00fcnf Wochenenden, vom fr\u00fchen Nachmittag bis sp\u00e4t in die Nacht. Laut Vorgaben der Stadtverwaltung muss zwar um 22 Uhr Zapfenstreich sein, &#8222;aber da geht der Raver ja nicht ins Bett. Da wird weitergezogen, zuletzt ging das bis 2 Uhr nachts.&#8220;<br \/>\nZuletzt, das war vergangenen Samstag. Von den wummernden Beats in jener Nacht berichteten der BZ auch andere Ohrenzeugen aus dem Westen. Da bespielte die Rave-AG das Betonquadrat, das immer abwechselnd von unterschiedlichen Kollektiven f\u00fcr Partys genutzt werden kann. Organisiert wird das von der Task Force Rave innerhalb der Interessensgemeinschaft Subkultur. Diese ist Schnittstelle zwischen Stadtverwaltung und Veranstaltern wie der Rave-AG, die am fr\u00fchen Samstagnachmittag Verst\u00e4rker aufbaute, Getr\u00e4nke aus dem Wohnmobil entlud und Holzpaletten zusammenschraubte. Immer im Blick: die U23-Spieler des Freiburger FC, die nur wenige Meter entfernt in Gelb gegen den SV Oberwolfach anliefen. &#8222;Wir d\u00fcrfen erst nach Schlusspfiff loslegen&#8220;, erl\u00e4uterte Leonard Lamberty von der Rave-AG.<br \/>\n&#8230; Alles vom 2.8.2023 bitte lesen auf<br \/>\n<a href=\"https:\/\/www.badische-zeitung.de\/raves-im-dietenbachpark-steigen-erst-nach-dem-schlusspfiff--277479307.htm\">https:\/\/www.badische-zeitung.de\/raves-im-dietenbachpark-steigen-erst-nach-dem-schlusspfiff&#8211;277479307.htm<\/a>l<br \/>\n<a href=\"https:\/\/www.badische-zeitung.de\/raves-im-dietenbachpark-man-haette-es-wissen-koennen--277479341.html\">https:\/\/www.badische-zeitung.de\/raves-im-dietenbachpark-man-haette-es-wissen-koennen&#8211;277479341.html<\/a><\/p>\n<p>Einige Kommentare:<br \/>\nHerr Horn scheint entweder schwerh\u00f6rig zu sein oder er ist selbst begeisterter Teilnehmer dieser Veranstaltungen. Wie sonst k\u00f6nnte er behaupten man k\u00f6nne &#8222;richtig laut sein, ohne dass es jemanden st\u00f6rt&#8220;. So spricht jedenfalls keiner der das Wohl aller B\u00fcrger vertritt. E.W.<br \/>\n.<br \/>\nHerr Horn wohnt da nicht. Ebensowenig eine Frau Birgin, vehemente Unterst\u00fctzerin der sogenannten Subkultur. Es ist schon erschreckend wie wenig B\u00fcrgerrechte es gibt und abschreckend zu beobachten welche Sonderrechte einer kleinen Minderheit hier einger\u00e4umt werden. So jedenfalls l\u00e4sst sich Stadtpolitik nicht machen. Das ist gegen die B\u00fcrger gerichtete Willk\u00fcr. &#8230; M.R.<br \/>\nEnde Kommentare<\/p>\n<p>&nbsp;<\/p>\n<p><strong>M\u00f6chten am Wochenende ohne Bass-Beschallung mal den Garten nutzen<\/strong><br \/>\nRaves im Dietenbach: ein weiterer L\u00e4rm-Hotspot (nicht nur) f\u00fcr Betzenhausen. Als Bewohner von Betzenhausen sind wir und alle Betzenhauserner dieser Tage in den zweifelhaften Genuss der ersten Raves (Technopartys) im Dietenbach gekommen. Die B\u00e4sse waren ab 12 Uhr mittags durchgehend deutlich im gesamten Stadtteil h\u00f6rbar. Es ist ja nichts gegen gelegentliche Feste\/Veranstaltungen dieser Art im Stadtgebiet einzuwenden. Aber eine regelm\u00e4\u00dfig in dieser Lautst\u00e4rke stattfindende Veranstaltungsreihe den ganzen Sommer \u00fcber ist inakzeptabel. Laut Genehmigung der Stadt ist ab sofort den Sommer \u00fcber an zehn Samstagen (also fast jede Woche) von 13 bis 22 Uhr ein Rave im Dietenbach m\u00f6glich und es sind schon viele dieser Termine fest geplant. Auch wenn Herr Oberb\u00fcrgermeister Horn k\u00fcrzlich in seinem Instagram-Video stolz sagte, man k\u00f6nne dort so laut feiern, wie man wolle, da es niemanden st\u00f6re: Das stimmt einfach nicht! Auch wir in Betzenhausen und im Westen der Stadt arbeiten die ganze Woche und m\u00f6chten am Wochenende ohne Bass-Beschallung \u00fcber Stunden mal den Garten nutzen oder das Fenster \u00f6ffnen. Dieser L\u00e4rm kommt ja zu den ungel\u00f6sten L\u00e4rmproblemen vor allem im Westen der Stadt hinzu! Es kann nicht sein, dass tausende Menschen nun regelm\u00e4\u00dfig unter dieser Fehlentscheidung der Stadt leiden m\u00fcssen. Ein weiterer Aspekt ist, dass der Freiburger Fu\u00dfball-Club direkter Nachbar des Rave-Areals ist. Betroffen hiervon ist vor allem der Jugend-Bereich. Zudem ist eine nun regelm\u00e4\u00dfige Bassbeschallung in dieser Lautst\u00e4rke sicherlich f\u00fcr die Vogelwelt in Dietenbachpark und angrenzenden Gr\u00fcnfl\u00e4chen wie Obergr\u00fcn nicht gerade zutr\u00e4glich \u2013 was in Freiburg ja eine Rolle bei den Entscheidungen spielen sollte. In der Wiehre oder Littenweiler w\u00e4re so etwas undenkbar, da dort die Mehrheit der Entscheider der Stadt (B\u00fcrgermeister und Stadtr\u00e4te) wohnen&#8230; Hier braucht es dringend eine Korrektur. Es kann daher nur jeder Anwohner, der sich hier beeintr\u00e4chtigt f\u00fchlt, dazu motiviert werden, sich an die Stadtverwaltung und die Fraktionen im Gemeinderat zu wenden und dies auch r\u00fcckzumelden.<br \/>\n24.7.2023, Peter Haas, Freiburg,<\/p>\n<p>&nbsp;<\/p>\n<p><strong>&#8222;Linke&#8220;, deren Anliegen es ist, Arbeitenden Recht auf Nachtruhe zu nehmen<\/strong><br \/>\nWie sich die Zeiten \u00e4ndern. Als sich die politische Linke im 18. Jahrhundert formierte, war ihr Anliegen der Kampf f\u00fcr die Rechte der Arbeitenden. Dabei ist es lange geblieben.<br \/>\nJetzt aber haben wir etwas neues: eine selbsternannte &#8222;Linke&#8220;, deren Anliegen es ist, den Arbeitenden das Recht auf Nachtruhe, das Recht auf einen erholsamen Schlaf zu nehmen.<br \/>\nDenn eines ist diesen &#8222;Linken&#8220; klar: Sie sind die eigentlichen Besitzer Freiburgs.<br \/>\nAuf geheimnisvolle Weise, muss ihnen die Stadt entwendet worden sein, aber das lassen sie sich nicht gefallen und fordern (&#8222;reclaim&#8220;) diese nun zur\u00fcck.<br \/>\nDa es ihre Stadt ist, wissen sie auch am besten, wozu diese da ist. N\u00e4mlich zum Saufen (Bier, Schnaps, Lederleplatz), zum Zum\u00fcllen und zum Bel\u00e4rmen.<br \/>\nSie sind die Herren der Stadt und brauchen gewiss keine R\u00fccksicht auf die mehr als 200.000 Einwohner zu nehmen, die keine Aufenthaltsgenehmigung bei ihnen beantragt haben.<br \/>\n30.6.2023 , Markus M\u00f6\u00dfner, Ihringen<br \/>\n<a href=\"https:\/\/www.badische-zeitung.de\/briefe-an-die-bz-linke-deren-anliegen-es-ist-arbeitenden-recht-auf-nachtruhe-zu-nehmen--270887113.html\">https:\/\/www.badische-zeitung.de\/briefe-an-die-bz-linke-deren-anliegen-es-ist-arbeitenden-recht-auf-nachtruhe-zu-nehmen&#8211;270887113.html<\/a><\/p>\n<p>&nbsp;<\/p>\n<p><strong>Freiburgs Nachtmediatoren starten heute<\/strong><br \/>\nDer dritte Baustein \u2013 die Einrichtung von Pr\u00e4ventionsgruppen \u2013 startete am Dienstagabend im Seepark. Solche Gruppen sollen auch f\u00fcr andere L\u00e4rm-Hot-Spots entstehen, doch am Seepark macht man den Anfang.<br \/>\n&#8230; Alles vom 4.5.2023 bitte lesen auf<br \/>\n<a href=\"https:\/\/www.badische-zeitung.de\/freiburgs-nachtmediatoren-starten-heute--259072832.html\">https:\/\/www.badische-zeitung.de\/freiburgs-nachtmediatoren-starten-heute&#8211;259072832.html<\/a><br \/>\n.<br \/>\n.<br \/>\n<strong>B\u00fcrgerverein Betzenhausen-Bischofslinde hofft auf ein Musikboxen-Verbot im Seepark<\/strong><br \/>\nHauptproblem im Seepark ist der L\u00e4rm \u2013 der B\u00fcrgerverein hofft auf die geplante Gr\u00fcnfl\u00e4chensatzung, die mobile Musikboxen nachts verbieten soll. Diese muss der Gemeinderat jedoch noch verabschieden. Am 2. Mai finde zudem im B\u00fcrgerhaus am Seepark eine Infoveranstaltung zum neuen &#8222;Konzept zur kommunalen Konfliktpr\u00e4vention&#8220; statt, k\u00fcndigte Vorsitzender Stephan Schleith an.<br \/>\n&#8230; Alles vom 21.4.2023 bitte lesen auf<br \/>\n<a href=\"https:\/\/www.badische-zeitung.de\/buergerverein-betzenhausen-bischofslinde-hofft-auf-ein-musikboxen-verbot-im-seepark--256119343.html\">https:\/\/www.badische-zeitung.de\/buergerverein-betzenhausen-bischofslinde-hofft-auf-ein-musikboxen-verbot-im-seepark&#8211;256119343.html<\/a><br \/>\n.<\/p>\n<p><strong>Eine neue Satzung soll in Freiburg nachts Musikboxen verbieten<\/strong><br \/>\nDie Anwohner seien sich einig: Nicht die plaudernden Menschen seien das Problem, sondern die Bluetooth-Boxen, &#8222;die die ganze Nachbarschaft bis fr\u00fch am Morgen beschallen&#8220;. Die Beh\u00f6rden h\u00e4tten nicht eine einzige beschlagnahmt, obwohl die Polizeiverordnung das erm\u00f6gliche, wenn andere durch die Lautst\u00e4rke &#8222;erheblich bel\u00e4stigt oder gest\u00f6rt werden&#8220;, wie es in Paragraph 16 hei\u00dft. Auch der B\u00fcrgerverein wei\u00df, dass es in der Praxis kaum m\u00f6glich ist, den Nachweis zu f\u00fchren. Vollzugsdienst und Polizei f\u00fchrten schlie\u00dflich keine Messger\u00e4te mit sich.<br \/>\nAus genau diesem Grund wollen die Fraktionen von SPD\/Kulturliste (7 von 48 Sitzen), CDU (6\u2005Sitze) und Einzelstadtrat Wolf-Dieter Winkler (Freiburg Lebenswert) eine Gr\u00fcnfl\u00e4chensatzung erwirken. In der Oktober-Sitzung des Gemeinderats stellten sie den gemeinsamen Antrag, dass die Stadtverwaltung dieses Thema aufbereitet und ins Gremium einbringt. Polizei, Stadtverwaltung und Gemeinderat erreichten immer noch viele Beschwerden wegen Verst\u00f6\u00dfen gegen die Nachtruhe. &#8222;Der Seepark steht dabei exemplarisch f\u00fcr andere Parks, Gr\u00fcnfl\u00e4chen und \u00f6ffentliche Pl\u00e4tze in Freiburg&#8220;, schreiben die Fraktionen. Verschmutzungen, L\u00e4rm und insbesondere die mobilen Bluetooth-Boxen seien zu einer Zumutung und zu einer gesundheitlichen Belastung f\u00fcr Anwohner geworden. Dabei sollten Gr\u00fcnanlagen der Erholung dienen.<br \/>\nSchwerpunktkontrollen: Im Freiburger Seepark gab es viel Verst\u00e4ndnis f\u00fcr Polizei und Vollzugsdienst<br \/>\nDie Polizeiverordnung helfe nicht weiter, da es immer wieder zu Diskussionen dar\u00fcber komme, ob die St\u00f6rung nun erheblich sei. Eine Gr\u00fcnfl\u00e4chensatzung k\u00f6nnte solche mobilen Lautsprecher beispielsweise zwischen 23 und 6\u2005Uhr generell verbieten, wie die &#8222;Neckarvorlandsatzung&#8220; in Heidelberg.<br \/>\n&#8230; Alles vom 28.11.2022 bitte lesen auf<br \/>\n<a href=\"https:\/\/www.badische-zeitung.de\/eine-neue-satzung-soll-in-freiburg-nachts-musikboxen-verbieten--227182361.html\">https:\/\/www.badische-zeitung.de\/eine-neue-satzung-soll-in-freiburg-nachts-musikboxen-verbieten&#8211;227182361.html<\/a><br \/>\n.<\/p>\n<p><strong>Freiburg Lebenswert: Rede zum L\u00e4rm am Seepark<\/strong><br \/>\nEigentlich, sollte man meinen, ist es ganz einfach. Laut der Polizeiverordnung zur Sicherung der \u00f6ffentlichen Ordnung und gegen umweltsch\u00e4dliches Verhalten in der Stadt Freiburg i. Br. vom 29. September 2009 in der Fassung vom 27. Juli 2021 d\u00fcrfen schon nach \u00a7 1 Musikger\u00e4te aller Art ( Rundfunk- und Fernsehger\u00e4te, Lautsprecher, Tonwiedergabeger\u00e4te und Musikinstrumente) nur in solcher Lautst\u00e4rke betrieben oder gespielt werden, dass unbeteiligte Personen nicht erheblich bel\u00e4stigt oder gest\u00f6rt werden. Dies gilt insbesondere, wenn die Ger\u00e4te oder Musikinstrumente beispielsweise in Park- oder Freizeitanlagen betrieben oder gespielt werden. Und schon im \u00fcbern\u00e4chsten \u00a7 3 ist festgehalten, dass die <em><strong>Nachtruhe in der Stadt Freiburg i. Br. von 22.00 Uhr bis 6.00 Uhr<\/strong><\/em> dauert. In dieser Zeit sind alle Bet\u00e4tigungen verboten, die geeignet sind, die Nachtruhe zu st\u00f6ren.<br \/>\n&#8230;<br \/>\nDa der VD nach solchen Belehrungen im vergangenen Jahr niemanden ein zweites Mal angetroffen hat, seien Beschlagnahmen im Seepark nicht von N\u00f6ten gewesen. Im Gegensatz zu diesen Aussagen berichten Bewohner der umliegenden H\u00e4user, dass, kaum dass der VD oder die Polizei weg sind, die Musikboxen umso lauter aufgedreht werden. VD und Polizei lie\u00dfen sich meist gar kein zweites Mal blicken, um Musikboxen zu beschlagnahmen.<br \/>\n&#8230; Alles vom 17.7.2021 von Wol-Dieter Winkler bitte lesen auf<br \/>\n<a href=\"https:\/\/freiburg-lebenswert.de\/rede-zum-laerm-am-seepark\/\">https:\/\/freiburg-lebenswert.de\/rede-zum-laerm-am-seepark\/<\/a><br \/>\n.<\/p>\n<p><strong>Freiburger Hotspots werden nachts von Musikboxen beschallt \u2013 Heidelberg verbietet das<\/strong><br \/>\nFast jede Stadt hat ihre Hotspots, an denen sich vorwiegend junge Menschen abends treffen, sobald es warm wird. In Freiburg sind das der Platz der Alten Synagoge im Zentrum, neuerdings der Moosweiher in Landwasser und vor allem der Seepark in Betzenhausen.<br \/>\nIn Heidelberg ist das die Neckarwiese. Dort habe es in den vergangenen Jahren viele Beschwerden wegen zu lauter Musik gegeben. 2021 wurde die Satzung f\u00fcr das sogenannte Neckarvorland versch\u00e4rft: Zwischen 23 und 6 Uhr d\u00fcrfen weder Instrumente gespielt noch Musikboxen betrieben werden. Juristisch angefochten habe das noch niemand, so Timm Herre vom Amt f\u00fcr \u00d6ffentlichkeitsarbeit. Die meisten Besucher hielten sich an das Verbot.<br \/>\nDie anderen St\u00e4dte belassen es so wie Freiburg bei der \u00fcblichen Formulierung in der Polizeiverordnung, wonach &#8222;elektro-akustische Ger\u00e4te zur Lauterzeugung&#8220; nur so eingesetzt werden d\u00fcrfen, dass sie andere &#8222;nicht erheblich bel\u00e4stigt&#8220;.<br \/>\n,,, Alles vom 18.6.2022 bitte lesen auf<br \/>\n<a href=\"https:\/\/www.badische-zeitung.de\/freiburger-hotspots-werden-nachts-von-musikboxen-beschallt-heidelberg-verbietet-das--214039962.html\">https:\/\/www.badische-zeitung.de\/freiburger-hotspots-werden-nachts-von-musikboxen-beschallt-heidelberg-verbietet-das&#8211;214039962.html<\/a><br \/>\n.<br \/>\n.<br \/>\n<strong>Neckarvorlandsatzung erlassen: Musikboxen ab 23 Uhr verboten<\/strong><br \/>\nDer Gemeinderat (von Heidelberg) hat in seiner Sitzung am 22. Juli 2021 mit gro\u00dfer Mehrheit der Aktualisierung der Neckarvorlandsatzung zugestimmt. In der Neckarvorlandsatzung ist geregelt, was auf der Naherholungsfl\u00e4che erlaubt ist und was nicht. Die Satzung wird im Zuge der Neufassung der Allgemeinen Polizeiverordnung angepasst. Die Stadtverwaltung hat bei der Erstellung der neuen Polizeiverordnung die ver\u00e4nderten Lebensgewohnheiten sowie aktuelle Entwicklungen aufgegriffen. Die bisherige Neckarvorlandsatzung ist \u00fcber 40 Jahre alt und 2009 letztmals aktualisiert worden.<br \/>\nDie wesentlichen Kernpunkte im \u00dcberblick:<br \/>\nDer Aufenthalt von Gruppen auf der Wiese wird zwischen 23 Uhr und 6 Uhr am n\u00e4chsten Morgen nur gestattet, soweit die Nachtruhe der Anwohnerinnen und Anwohner nicht gest\u00f6rt wird. So k\u00f6nnen Polizei und Kommunaler Ordnungsdienst schneller einschreiten, wenn es zu Ruhest\u00f6rungen kommen sollte.<br \/>\nDer Betrieb jeglicher Tonwiedergabeger\u00e4te ist zwischen 23 Uhr und 6 Uhr am n\u00e4chsten Morgen verboten.<br \/>\n&#8230; Alles vom 2.7.2021 bitte lesen auf<br \/>\n<a href=\"https:\/\/www.heidelberg.de\/hd\/HD\/service\/23_07_2021+neckarvorlandsatzung+erlassen.html\">https:\/\/www.heidelberg.de\/hd\/HD\/service\/23_07_2021+neckarvorlandsatzung+erlassen.html<\/a><\/p>\n<p>&nbsp;<\/p>\n","protected":false},"excerpt":{"rendered":"<p>Home\u00a0&gt;Selbsthilfe\u00a0&gt;Chronisch\u00a0 &gt;Umwelt &gt;Laerm &gt;Musikboxen Initiative wehrt sich gegen B\u00e4sse von Rave-Partys (4.11.2023) Die Freiburger Stadtverwaltung muss f\u00fcr n\u00e4chtliche Ruhe auf dem Augustinerplatz sorgen (17.8.2023) Aufregung um Raves im Dietenbachpark beim Freiburger FC und Anwohnern (2.8.2023) M\u00f6chten am Wochenende ohne Bass-Beschallung &hellip; <a href=\"https:\/\/www.freiburg-schwarzwald.de\/blog\/natur\/umwelt\/laerm\/musikboxen\/\">Weiterlesen <span class=\"meta-nav\">&rarr;<\/span><\/a><\/p>\n","protected":false},"author":2,"featured_media":0,"parent":1905,"menu_order":0,"comment_status":"closed","ping_status":"closed","template":"","meta":{"footnotes":""},"class_list":["post-112252","page","type-page","status-publish","hentry"],"_links":{"self":[{"href":"https:\/\/www.freiburg-schwarzwald.de\/blog\/wp-json\/wp\/v2\/pages\/112252","targetHints":{"allow":["GET"]}}],"collection":[{"href":"https:\/\/www.freiburg-schwarzwald.de\/blog\/wp-json\/wp\/v2\/pages"}],"about":[{"href":"https:\/\/www.freiburg-schwarzwald.de\/blog\/wp-json\/wp\/v2\/types\/page"}],"author":[{"embeddable":true,"href":"https:\/\/www.freiburg-schwarzwald.de\/blog\/wp-json\/wp\/v2\/users\/2"}],"replies":[{"embeddable":true,"href":"https:\/\/www.freiburg-schwarzwald.de\/blog\/wp-json\/wp\/v2\/comments?post=112252"}],"version-history":[{"count":5,"href":"https:\/\/www.freiburg-schwarzwald.de\/blog\/wp-json\/wp\/v2\/pages\/112252\/revisions"}],"predecessor-version":[{"id":116959,"href":"https:\/\/www.freiburg-schwarzwald.de\/blog\/wp-json\/wp\/v2\/pages\/112252\/revisions\/116959"}],"up":[{"embeddable":true,"href":"https:\/\/www.freiburg-schwarzwald.de\/blog\/wp-json\/wp\/v2\/pages\/1905"}],"wp:attachment":[{"href":"https:\/\/www.freiburg-schwarzwald.de\/blog\/wp-json\/wp\/v2\/media?parent=112252"}],"curies":[{"name":"wp","href":"https:\/\/api.w.org\/{rel}","templated":true}]}}