{"id":112222,"date":"2023-05-03T20:54:00","date_gmt":"2023-05-03T18:54:00","guid":{"rendered":"https:\/\/www.freiburg-schwarzwald.de\/blog\/?page_id=112222"},"modified":"2025-12-19T20:15:28","modified_gmt":"2025-12-19T19:15:28","slug":"vorgeschichte","status":"publish","type":"page","link":"https:\/\/www.freiburg-schwarzwald.de\/blog\/global\/ukraine\/vorgeschichte\/","title":{"rendered":"Vorgeschichte"},"content":{"rendered":"<p><a href=\"https:\/\/www.freiburg-schwarzwald.de\/blog\">Home<\/a>\u00a0&gt;<a title=\"Global\" href=\"https:\/\/www.freiburg-schwarzwald.de\/blog\/global\/\">Global<\/a> &gt;<a href=\"https:\/\/www.freiburg-schwarzwald.de\/blog\/global\/russland\/\">Russland<\/a>\u00a0&gt;<a href=\"https:\/\/www.freiburg-schwarzwald.de\/blog\/global\/ukraine\/\">Ukraine<\/a>\u00a0&gt;<a href=\"https:\/\/www.freiburg-schwarzwald.de\/blog\/global\/ukraine\/donbass\/\">Donbass<\/a>\u00a0&gt;<a href=\"https:\/\/www.freiburg-schwarzwald.de\/blog\/global\/ukraine\/ukraine-frieden\/\">Ukraine-Frieden<\/a> &gt;<a href=\"https:\/\/www.freiburg-schwarzwald.de\/blog\/global\/ukraine\/ukrainekrieg\/\">Ukrainekrieg<\/a> &gt;Vorgeschichte<\/p>\n<div id=\"attachment_111212\" style=\"width: 650px\" class=\"wp-caption alignnone\"><a href=\"https:\/\/www.freiburg-schwarzwald.de\/blog\/wp-content\/uploads\/2023\/03\/Mandelbaum-kaierstuhl-burkheim-oberrotweil-pan2303.jpg\"><img loading=\"lazy\" decoding=\"async\" aria-describedby=\"caption-attachment-111212\" class=\"size-full wp-image-111212\" src=\"https:\/\/www.freiburg-schwarzwald.de\/blog\/wp-content\/uploads\/2023\/03\/Mandelbaum-kaierstuhl-burkheim-oberrotweil-pan2303.jpg\" alt=\"\" width=\"640\" height=\"365\" srcset=\"https:\/\/www.freiburg-schwarzwald.de\/blog\/wp-content\/uploads\/2023\/03\/Mandelbaum-kaierstuhl-burkheim-oberrotweil-pan2303.jpg 640w, https:\/\/www.freiburg-schwarzwald.de\/blog\/wp-content\/uploads\/2023\/03\/Mandelbaum-kaierstuhl-burkheim-oberrotweil-pan2303-180x103.jpg 180w\" sizes=\"auto, (max-width: 640px) 100vw, 640px\" \/><\/a><p id=\"caption-attachment-111212\" class=\"wp-caption-text\">Bl\u00fchender Mandelbaum am Kaiserstuhl im M\u00e4rz 2023<\/p><\/div>\n<ul>\n<li><em>Listenauswahl eines Beitrags: Bitte anklicken oder runterscrollen<\/em><\/li>\n<li><a href=\"https:\/\/www.freiburg-schwarzwald.de\/blog\/eu-sanktionen-vs-jacques-baud\/\">EU-Sanktionen vs Jacques Baud<\/a> (19.12.2025)<\/li>\n<li>Jobst Landgrebe: Was war der Ukraine-Krieg? (23.11.2025)<\/li>\n<li>Petra Erler: Der lange Weg zum Krieg &#8211; Schuld des Westens am Ukrainekrieg (3.7.2025)<\/li>\n<li>Benjamin Abelow: Wie der Westen den Krieg nach Ukraine brachte (29.6.2025)<\/li>\n<li>Vorgschichte eines Krieges: Aufr\u00fcstung der Ukraine durch USA und NATO (18.5.2025)<\/li>\n<li><a href=\"https:\/\/www.freiburg-schwarzwald.de\/blog\/global\/ukraine\/stellvertreterkrieg\/\">Eberhard Hamer: Liegt der Ukraine-Krieg in deutschem Interesse?<\/a>\u00a0(14.3.2025)<\/li>\n<li>Die Ukraine wollte Krieg mit Russland \u2013 Interview mit Dieter Staudt (21.2.2025)<\/li>\n<li>Die Hauptbegr\u00fcndung f\u00fcr den Ukraine-Krieg: Bodensch\u00e4tze (20.2.2025)<\/li>\n<li><a href=\"https:\/\/www.freiburg-schwarzwald.de\/blog\/kriegs-versus-friedensrhetorik\/\">Kriegs- versus Friedensrhetorik<\/a>\u00a0(28.11.2024)<\/li>\n<li>Von Politikern und Medien ausgesparter Grund f\u00fcr den Ukraine-Krieg: Bodensch\u00e4tze (27.8.2024)<\/li>\n<li><a href=\"https:\/\/www.freiburg-schwarzwald.de\/blog\/engagement\/zukunft\/krieg\/vorkriegszeit\/\">John J. Mearsheimer: Wer hat den Ukraine-Krieg verursacht?<\/a> (30..2024)<\/li>\n<li>Die verschwiegene Kriegsursache: Verbot der russischen Muttersprache 2014 bzw. 2019 (3.8.2024)<\/li>\n<li><a href=\"https:\/\/www.freiburg-schwarzwald.de\/blog\/engagement\/zukunft\/krieg\/militarismus\/\">\u201eEs drohte, Frieden auszubrechen\u201c<\/a> (11.7.2024)<\/li>\n<li><a href=\"https:\/\/www.freiburg-schwarzwald.de\/blog\/global\/russland\/russland-bashing\/\">Giorgio Agamben zu Russland: Die Erfindung des Feindes<\/a>\u00a0(11.6.2024)<\/li>\n<li>\u00abDer provozierte Krieg\u00bb: Petra Erler und G\u00fcnter Verheugen \u00fcber Putin, Selenskyj und den Westen (24.5.2024)<\/li>\n<li><a href=\"https:\/\/www.freiburg-schwarzwald.de\/blog\/engagement\/zukunft\/krieg\/vorkriegszeit\/\">Ukrainekrieg: NATO vereitelt Verhandlungsl\u00f6sung im M\u00e4rz\/April 2022<\/a>\u00a0(24.5.2024)<\/li>\n<li>Jacques Baud: Ein genauer Blick auf die Annexion des Donbas (10.9.2023)<\/li>\n<li>Jeffrey D. Sachs: Chronologie zum Ukrainekrieg (21.7.2023)<\/li>\n<li>Jacques Baud: \u201ePutin \u2013 Herr des Geschehens?\u201c &#8211; Rezension (20.7.2023)<\/li>\n<li>Warum hat Putin die Ukraine angegriffen? (17.7.2023)<\/li>\n<li>Jacques Baud erl\u00e4utert die wahren Gr\u00fcnde des Ukraine-Krieges (10.7.2023)<\/li>\n<li>Film &#8222;Ukrainekrieg in Interviews&#8220; von Bodo Kaiser (10.6.2023)<\/li>\n<li>Filmregisseur Domke-Schulz: Gesichter des Donbass (3.5.2023)<\/li>\n<li><a href=\"https:\/\/www.freiburg-schwarzwald.de\/blog\/global\/ukraine\/ukrainekrieg\/\">Ukraine-Krieg: Warum die Vorgeschichte nicht ausgeblendet werden darf<\/a>\u00a0(19.4.2023)<\/li>\n<li><a href=\"https:\/\/www.freiburg-schwarzwald.de\/blog\/global\/ukraine\/donbass\/\">Im Donbass zu Besuch 2005<\/a> (29.3.2023)<\/li>\n<li><a href=\"https:\/\/www.freiburg-schwarzwald.de\/blog\/kultur\/medien\/zensur\/sprechverbot\/\">Alina Lipp zum Ukrainekrieg: Angriffe auf die Meinungsfreiheit<\/a>\u00a0(22.3.2023)<\/li>\n<li><a href=\"https:\/\/www.freiburg-schwarzwald.de\/blog\/global\/ukraine\/donbass\/\">Menschenrechtsverletzungen im Donbass 2014-2022<\/a> (6.3.2023)<\/li>\n<li><a href=\"https:\/\/www.freiburg-schwarzwald.de\/blog\/kultur\/medien\/zensur\/sprechverbot\/\">Deutscher Journalist soll nicht vom Donbas aus berichten<\/a>\u00a0(7.2.2023)<\/li>\n<li><a href=\"https:\/\/www.freiburg-schwarzwald.de\/blog\/nein-meine-soehne-geb-ich-nicht\/\">Nein, meine S\u00f6hne geb ich nicht<\/a>\u00a0(5.2.2023)<\/li>\n<li><a href=\"https:\/\/www.freiburg-schwarzwald.de\/blog\/merkel-minsk-zum-zeitgewinn\/\">Merkel: Minsk zum Zeitgewinn<\/a>\u00a0(15.12.2022)<\/li>\n<li><a href=\"https:\/\/www.freiburg-schwarzwald.de\/blog\/global\/ukraine\/donbass\/\">Referenden im Donbass, in Saporoschje und Cherson im Visier ukrainischer Soldaten<\/a> (24.9.2022)<\/li>\n<li><a href=\"https:\/\/www.freiburg-schwarzwald.de\/blog\/global\/ukraine\/donbass\/\">Donbass: Genozid oder nicht?<\/a> (25.7.2022)<\/li>\n<li><a href=\"https:\/\/www.freiburg-schwarzwald.de\/blog\/bergab-grips-medien-politik\/\">Jacques Baud: Interview zu Geheimdienste, USA, Medien, Ukraine<\/a>\u00a0(4.7.2022)<\/li>\n<li><a href=\"https:\/\/www.freiburg-schwarzwald.de\/blog\/bergab-grips-medien-politik\/\">Bergab: Grips, Medien, Politik<\/a>\u00a0(4.7.2022)<\/li>\n<li><a href=\"https:\/\/www.freiburg-schwarzwald.de\/blog\/global\/ukraine\/ukraine-russland\/\">Jacques Baud: Stand der milit\u00e4rischen Lage in der Ukraine Anfang Juni<\/a>\u00a0(27.6.2022)<\/li>\n<li><a href=\"https:\/\/www.freiburg-schwarzwald.de\/blog\/global\/ukraine\/donbass\/\">Henry Kissinger: Die paar Quadratkilometer im Donbas<\/a>s (27.5.2022)<\/li>\n<li><a href=\"https:\/\/www.freiburg-schwarzwald.de\/blog\/der-ukrainekrieg-begann-2014\/\">Der Ukrainekrieg begann 2014<\/a>\u00a0(5.4.2022)<\/li>\n<li><a href=\"https:\/\/www.freiburg-schwarzwald.de\/blog\/global\/ukraine\/donbass\/\">Jacques Baud: Die milit\u00e4rische Lage in der Ukraine \u2013 Vorgeschichte<\/a> (2.4.2022)<\/li>\n<li><a href=\"https:\/\/www.freiburg-schwarzwald.de\/blog\/global\/eu\/europa\/nato\/\">Jacques Baud: Die milit\u00e4rische Lage in der Ukraine \u2013 Der Krieg<\/a>\u00a0(2.4.2022)<\/li>\n<li><\/li>\n<li><a href=\"https:\/\/www.freiburg-schwarzwald.de\/blog\/global\/deutschland\/deutschland-russland\/\">Deutschland-Russland<\/a><\/li>\n<\/ul>\n<ul>\n<li><a href=\"https:\/\/www.freiburg-schwarzwald.de\/blog\/global\/deutschland\/deutschland-ukraine\/\">Deutschland-Ukraine<\/a><\/li>\n<li><a title=\"Ukraine\" href=\"https:\/\/www.freiburg-schwarzwald.de\/blog\/global\/ukraine\/\">Ukraine<\/a><\/li>\n<li><a href=\"https:\/\/www.freiburg-schwarzwald.de\/blog\/global\/ukraine\/ukrainekrieg\/\">Ukrainekrieg<\/a><\/li>\n<li><a href=\"https:\/\/www.freiburg-schwarzwald.de\/blog\/global\/ukraine\/ukraine-frieden\/\">Ukraine-Frieden<\/a><\/li>\n<li><a href=\"https:\/\/www.freiburg-schwarzwald.de\/blog\/global\/ukraine\/ukraine-russland\/\">Ukraine-Russland<\/a><\/li>\n<li><a href=\"https:\/\/www.freiburg-schwarzwald.de\/blog\/global\/ukraine\/waffenstillstand\/\">Waffenstillstand<\/a><\/li>\n<\/ul>\n<p><strong>Kein Krieg ohne Vorgeschichte &#8211; auch beim Ukrainekrieg<\/strong><br \/>\n<strong>Historikerstreit zum Kriegsbeginn:<\/strong><br \/>\n24.2.2022 (Einmarsch von Russland) oder<br \/>\n23.2.2014 (Verbot Russisch als Amtssprache) oder<br \/>\nab Ende 2014 (Ukraine verletzt Minsk-Abkommen)<br \/>\n.<br \/>\n<strong>S\u00fcdtirol &#8211; Donezk: Analogie ist keine Gleichsetzung<\/strong><br \/>\n1) <a href=\"https:\/\/www.freiburg-schwarzwald.de\/blog\/der-ukrainekrieg-begann-2014\/\">S\u00fcdtirol<\/a> kommt nach dem 1.Weltkrieg zu Italien, obwohl ca 70 % deutschsprachig. Katholische Christen.<br \/>\n2) Feuernacht 11.\/12.6.1961 mit Anschl\u00e4gen auf Strommasten als H\u00f6hepunkt des Freiheitskampfes der S\u00fcdtiroler.<br \/>\n3) L\u00f6sung: S\u00fcdtirol wird autonome Provinz. Wirtschafts\u00fcbersch\u00fcsse m\u00fcssen nicht mehr an Rom abgef\u00fchrt werden. Zwei Amtssprachen italienisch und deutsch.<br \/>\n.<br \/>\n1) Donezk\/S\u00fcdost-Ukraine kommt nach dem Zerfall der Sowjetunion zur Ukraine, obwohl zu 75% russischsprachig. Christen: Russisch-Orthodoxe und ukrainisch-Orthodoxe.<br \/>\n2) Nach dem Verbot von Russisch als Muttersprache am 23.2.2014 Aufst\u00e4nde in Donezk-Becken &#8211; Kiew verletzt Minsk-Abkommen und bombardiert Donezk mit 14.000 Toten. Russischer Einmarsch in Ukraine am 24.2.2022.<br \/>\n3) L\u00f6sung: ?<br \/>\n.<br \/>\n<strong>Gabriele Krone-Schmalz zur Vorgeschichte des Ukrainekriegs ab 2015<\/strong><br \/>\nBitte gut zuh\u00f6ren! Das schmutzige Gesch\u00e4ft der NATO unter F\u00fchrung der USA!<br \/>\n27.9.2025<br \/>\n<a href=\"https:\/\/www.youtube.com\/watch?v=aa_9TDkScEA&amp;si=ErEXZuI9dGZ3A-1L\">https:\/\/www.youtube.com\/watch?v=aa_9TDkScEA&amp;si=ErEXZuI9dGZ3A-1L<\/a><br \/>\n============================================================<\/p>\n<p><strong>Jobst Landgrebe: Was war der Ukraine-Krieg?<\/strong><br \/>\n&#8230; Seit mehr als drei Jahren tobt im Osten Europas ein Krieg, der mit Sicherheit bis heute mehr als eine Million Soldaten und zehntausenden Zivilisten das Leben gekostet hat. Er hat bisher laut UNHCR zur Flucht von etwa 7 Millionen Ukrainern gef\u00fchrt, allein ein Sechstel von ihnen lebt derzeit in Deutschland. Der Krieg schadet in erster Linie der Ukraine, aber auch Deutschland und allen anderen europ\u00e4ischen Nationen, deren direkter Handel mit Russland nun beinahe zum Erliegen gekommen ist. Er schadet aber auch der gesamten NATO und ihrem hegemonialen F\u00fchrer, den USA. Wir werden weiter unten noch sehen, was das bedeutet. Dieser Krieg ist nach dem Zusammenbruch der UdSSR das f\u00fcr Europa bedeutsamste geopolitische Ereignis nach dem Zweiten Weltkrieg. Sein Ausgang wird die Weltlage dauerhaft ver\u00e4ndern.<\/p>\n<p><em>Was sind die Ursachen dieses Krieges?<\/em><br \/>\nDer Ukrainekrieg ist der H\u00f6hepunkt eines Konflikts, der auf den unipolaren Moment mit den USA als einziger globaler Hegemonialmacht nach dem Zusammenbruch der UdSSR zur\u00fcckgeht. Blicken wir zun\u00e4chst einmal auf die Ereignisgeschichte, die sich unmittelbar vor dem Konflikt zugetragen hat.<br \/>\nDer Konflikt begann, als der Westen beim NATO-Gipfel in Bukarest 2008 ank\u00fcndigte, im Rahmen der seit 1991 fortschreitenden Ausweitung der Hegemonialsph\u00e4re der USA die Ukraine und Georgien in die NATO aufzunehmen. Beide L\u00e4nder grenzen westlich (Ukraine) und s\u00fcdlich (Georgien) an Russland, und beide sind Anrainer des f\u00fcr Russland geostrategisch essenziellen Schwarzen Meers. Ihre NATO-Mitgliedschaft w\u00e4re f\u00fcr Russland eine extreme strategische Bedrohung. Wladimir Wladimirowitsch Putin machte dies 2008 schon im Vorfeld des Gipfels klar, wie der damalige US-Botschafter in Moskau, William J. Burns, in einem Memo an das US-Au\u00dfenministerium betonte. Mit seinem Krieg gegen Georgien im Sommer 2008 (Kaukasuskrieg) und der Abl\u00f6sung Abchasiens (2008) und S\u00fcdossetiens (schon 1990) von Georgien machte Russland klar, dass es die hegemoniale Stellung in seiner unmittelbaren geostrategischen Einflusssph\u00e4re nicht aufgeben w\u00fcrde. Seit diesem Krieg war klar, dass Putin in den ersten neun Jahren seiner Regierung daran gearbeitet hatte, Russland dem Versuch einer US-Kontrolle zu entziehen.<br \/>\nW\u00e4hrend der Westen die Pl\u00e4ne zur NATO-Mitgliedschaft Georgiens ab 2008 aufgab und die Kooperation der NATO mit Russland beendigte, wurde an den Pl\u00e4nen zur Integration der Ukraine in die US-Hegemonialsph\u00e4re weitergearbeitet [1, 2]. Westliche Geheimdienste spielten eine wesentliche Rolle bei der Orangenen Revolution 2004, die dem pro-westlichen Kandidaten Viktor Andrijowytsch Juschtschenko zur Macht verhalf. Er wurde 2010 von Viktor Fedorowytsch Janukowytsch, einem pro-russischen Politiker, in freien Wahlen abgel\u00f6st.<\/p>\n<p>Der Druck des Westens auf die Ukraine mit dem Ziel, sie der westlichen Hegemonialsph\u00e4re einzugliedern, lies daraufhin aber nicht nach. Die EU bot der Ukraine ein Assoziierungsabkommen an, das die Ukraine zwingen sollte, seine Handelsabkommen mit Russland aufzuk\u00fcndigen. Janukowytsch lehnte die Unterzeichnung des Abkommens im November 2013 per Dekret ab. Darauf kam es zum Euromaidan, gewaltsamen Protesten, die zum Sturz Janukowytschs und nach einer nicht gew\u00e4hlten \u00dcbergangsregierung zur Wahl des pro-europ\u00e4ischen Politikers Petro Oleksijowytsch Poroschenko kam. Beim Euromaidan spielten westliche Geheimdienste eine entscheidende Rolle, es war eine Farbrevolution mit dem Ziel des von au\u00dfen durchgef\u00fchrten Regimewechsels [1]. Da Russland bef\u00fcrchtete, nach der Installation einer pro-westlichen Regierung in der Ukraine das Recht zur Nutzung des Hafens Sewastopol, wo die russische Schwarzmeerflotte stationiert ist, zu verlieren, annektierte Russland im M\u00e4rz 2014 die Krim. Mit der Annexion der Krim eskalierte der Konflikt um die Ukraine deutlich. Im M\u00e4rz 2014 ratifizierte die Ukraine das exklusive Handelsabkommen mit der EU. Sodann begann eine echte Repression gegen die russischsprachige Bev\u00f6lkerung im Osten und S\u00fcden des Landes; im Donbass brach Ende 2014 ein separatistischer B\u00fcrgerkrieg aus, in dessen achtj\u00e4hrigem Verlauf die ukrainische Armee viele Zivilisten t\u00f6tete.<br \/>\nDie Beilegung des Konflikts war das Ziel der Minsk-I- und -II-Abkommen, die auf westlicher Seite von Hollande, Merkel und Poroschenko (Ukraine) und auf russischer Seite von Putin und dem wei\u00dfrussischen Statthalter Russlands, Lukaschenko, unterzeichnet wurden [1]. Die Abkommen scheiterten. Merkel teilte der Presse im Dezember 2022 mit, der Westen habe nie die Absicht gehabt, die Minsk-Abkommen einzuhalten, sondern man habe damit lediglich Zeit zur Aufr\u00fcstung der Ukraine gewonnen, um die gegen Russland gerichteten Ziele durchzusetzen [3]. Russland sah diesem B\u00fcrgerkrieg acht Jahre lang relativ passiv zu; sicherlich wurden den Separatisten im Donbass Waffen geliefert und logistische Hilfe geleistet.<\/p>\n<p>Am 24. Februar hat Russland den seit 2014 bestehenden Ukraine-Konflikt durch seinen Angriff auf das Land zum Krieg eskaliert. Der Westen reagierte mit umfassenden Wirtschaftssanktionen, einer Konfiszierung russischen Auslandsverm\u00f6gens und einer dauerhaften Belieferung der Ukraine mit Waffen und milit\u00e4rischem Beraterpersonal sowie westlichen S\u00f6ldnern. Mit Sicherheit l\u00e4sst sich sagen, dass die NATO in diesem Konflikt eine verdeckte Kriegspartei ist, da ohne die Beteiligung der NATO \u2013 insbesondere bei der Aufkl\u00e4rung und der Nutzung komplexer Milit\u00e4rtechnologie \u2013 die Ukraine den Krieg bereits verloren h\u00e4tte. Wir haben es hier also mit einem Krieg Russlands gegen die Ukraine und die NATO zu tun, bei der die NATO Waffen, Geld, Logistik und Beratung \u2013 Material \u2013 liefert, die Ukraine aber sehr viele Menschenleben \u2013 Blut \u2013 hingibt und dabei ist, eine Generation auszul\u00f6schen, wenn man von den erfolgreich gefl\u00fcchteten M\u00e4nnern absieht.<br \/>\n&#8230;<br \/>\n&#8230; Alles vom 23.11.2025 von Jobst Landgrebe bitte lesen auf<br \/>\n<a href=\"https:\/\/www.achgut.com\/artikel\/der_sonntags_essay_was_war_der_ukraine_krieg\">https:\/\/www.achgut.com\/artikel\/der_sonntags_essay_was_war_der_ukraine_krieg<\/a><\/p>\n<p><em>Dr. Jobst Landgrebe ist Gesch\u00e4ftsf\u00fchrer der Cognotekt GmbH, einer auf die Automatisierung einfacher geistiger T\u00e4tigkeiten mit K\u00fcnstlicher Intelligenz spezialisierten Firma. Er ver\u00f6ffentlicht regelm\u00e4\u00dfig zum Themenkreis \u201eTechnologie und Gesellschaft\u201c.<\/em><br \/>\n<em>Weiterf\u00fchrender Link: <a href=\"http:\/\/www.cognotekt.com\">http:\/\/www.cognotekt.com<\/a><\/em><br \/>\n.<br \/>\nLiteratur<br \/>\n[1] John Mearsheimer. \u201cPlaying With Fire in Ukraine\u201d. In: Foreign Affairs August 17th (2022).<br \/>\n[2] Helmut Roewer. Nicht mein Krieg. Dresden: edition buchhaus loschwitz, 2024.<\/p>\n<p>[3] Angela Merkel, Tina Hildebrandt und Giovanni di Lorenzo. \u201cHatten Sie gedacht, ich komme mit Pferdeschwanz? (Interview)\u201d. In: Die Zeit 51 (2022).<\/p>\n<p>[4] Zbigniew Brzezinski. The Grand Chessboard. New York: Preseus Books, 1997.<\/p>\n<p>[5] Halford J Mackinder. \u201cThe geographical pivot of history\u201d. In: The Geographical Journal 170.4 (2004 (1904)), S. 298\u2013321.<\/p>\n<p>[6] Helmut Roewer. Unterwegs zur Weltherrschaft Band 1. Z\u00fcrich: Scidinge Hall, 2016.<\/p>\n<p>[7] John Mearsheimer. \u201cWho caused the Ukraine war?\u201d In: Substack (2024). url: <a href=\"https:\/\/mearsheimer.substack.com\/p\/who-caused-the-ukraine-war\">https:\/\/mearsheimer.substack.com\/p\/who-caused-the-ukraine-war<\/a><\/p>\n<p>[8] Wissenschaftlicher Dienst des Bundestags. \u201cRohstoffe der Ukraine\u201d. In: WD 5 3000.076\/23 (2023).<br \/>\n[9] Barbara W Tuchman. The march of folly: From Troy to Vietnam. Random House, 2014 (1985).<\/p>\n<p>[10] Jobst Landgrebe. \u201cWie ist und was bedeutet der Stand russischer Angriffswaffen?\u201d In: Globkult (2024). eprint: <a href=\"https:\/\/www.globkult.de\/politik\/welt\/2421-wie-ist-und-bedeutet-der-stand-russischer-angriffswaffen\">https:\/\/www.globkult.de\/politik\/welt\/2421-wie-ist-und-bedeutet-der-stand-russischer-angriffswaffen<\/a><\/p>\n<p>[11] Michael Hudson. The Destiny of Civilization. Dresden: Islet Verlag, 2022.<\/p>\n<p>[12] Michael Hudson. Super Imperialism: The economic strategy of American empire. Dresden: Islet Verlag, 2021.<br \/>\n[13] Emmanuel Todd. La d\u00e9faite de l\u2019Occident. Gallimard, 2024.<\/p>\n<p>[14] Jobst Landgrebe. \u201cGeostrategie 2025\u201d. In: Globkult (2025). eprint: <a href=\"https:\/\/www.globkult.de\/politik\/besprechungen\/2430-geostrategie-2025\">https:\/\/www.globkult.de\/politik\/besprechungen\/2430-geostrategie-2025<\/a><\/p>\n<p>&nbsp;<\/p>\n<p>.<\/p>\n<p><strong>Petra Erler: Der lange Weg zum Krieg &#8211; Schuld des Westens am Ukrainekrieg<\/strong><br \/>\nDie Schuld des Westens an der Katastrophe in der Ukraine wird ja immer noch standhaft geleugnet von genau den politischen Verbrechern die sie mitzuverantworten haben. Gl\u00fccklicherweise gibt es in Deutschland auch ehrliche und mutige Stimmen die sich dem Mainstream Narrativ widersetzen. Eine von ihnen ist Dr. Petra Erler, eine ehemalige Ost-Deutsche Politikerin die massgebend auf die Wiedervereinigung mit West-Deutschland hingearbeitet hat, unteranderem als Staatsekret\u00e4rin im Amt des Ministerpr\u00e4sidenten.<br \/>\nDr. Erler hat zusammen mit ihrem Mann, dem prominenten EU Politiker G\u00fcnter Verheugen ein wichtiges Buch zur Lage Deutschlands verfasst mit den Titel \u201cDer lange Weg zum Krieg: Russland, die Ukraine und der Westen \u2013 Eskalation statt Entspannung\u201d.<br \/>\n3.7.2025,<br \/>\n<a href=\"https:\/\/www.youtube.com\/watch?v=z1wApF5Y6Bw\">https:\/\/www.youtube.com\/watch?v=z1wApF5Y6Bw<\/a><\/p>\n<p>&nbsp;<\/p>\n<p><strong>Benjamin Abelow: Wie der Westen den Krieg nach Ukraine brachte<\/strong><br \/>\nBenjamin Abelow ist Analyst, Autor und Lobbyist f\u00fcr Nuklearpolitik. Abelow spricht \u00fcber sein Buch \u201eWie der Westen den Krieg in die Ukraine brachte\u201c.<br \/>\nDas Buch kann kostenlos heruntergeladen werden (englische, deutsche und franz\u00f6sische Ausgaben): <a href=\"https:\/\/benjaminabelow.com\/download\/\">https:\/\/benjaminabelow.com\/download\/<\/a><br \/>\nEine gedruckte Ausgabe des Buches ist auf Amazon in verschiedenen Sprachen erh\u00e4ltlich:<br \/>\nDeutsch: https:\/\/www.amazon.de\/-\/en\/Benjamin-A&#8230;<br \/>\n&#8230; Alles vom 29.6.2025 bitte lesen auf<br \/>\n<a href=\"https:\/\/www.youtube.com\/watch?v=ciHE210fLZw\">https:\/\/www.youtube.com\/watch?v=ciHE210fLZw<\/a><\/p>\n<p>&nbsp;<\/p>\n<p><strong>Vorgschichte eines Krieges: Aufr\u00fcstung der Ukraine durch USA und NATO<\/strong><br \/>\nAngesichts der politischen Entwicklungen in Europa und insbesondere in Deutschland durch Parteipolitiker, die den Staat zu ihren Zwecken gekapert haben und die B\u00fcrger bel\u00fcgen, um sie f\u00fcr einen Krieg missbrauchen zu k\u00f6nnen, hier die Ansichten und Recherchen eines ehemaligen CIA-Mitarbeiters und CIA-Analyst Larry Johnson dar\u00fcber, wie die USA und die NATO bereits seit 35 Jahren durch massive Milit\u00e4roperationen die Ukraine aufger\u00fcstet und vorbereitet haben zu diesem unsagbaren Krieg in der Ukraine. Hier das Interview:<br \/>\nDer geheime Krieg der CIA: Wie die USA und die NATO die Ukraine trainierten,<br \/>\n18.5.2025, <a href=\"mailto:andreas.maegdefrau@posteo.de\">andreas.maegdefrau@posteo.de<\/a><br \/>\n<a href=\"https:\/\/old.bitchute.com\/video\/hxlBtkQ4avUy\/\">https:\/\/old.bitchute.com\/video\/hxlBtkQ4avUy\/<\/a><\/p>\n<p>&nbsp;<\/p>\n<p><strong>Die Ukraine wollte Krieg mit Russland \u2013 Interview mit Dieter Staudt<\/strong><br \/>\nIn der NATO und insbesondere bei den deutschen Kriegstreibern in der SPD, CDU\/CSU, FDP, den Gr\u00fcnen und ihren medialen Lautsprechern muss st\u00e4ndig die L\u00fcge vom Angriffskrieg Putins auf die Ukraine als Begr\u00fcndung f\u00fcr die Waffenlieferungen an die Ukraine und eigene Aufr\u00fcstungen herhalten. Der Autor Thomas Mayer sprach mit Dieter Staudt, der lange Jahre bis 2022 als Unternehmer in der Ostukraine gelebt hat. Dieser berichtet von den Pl\u00e4nen und Aufm\u00e4rschen des ukrainischen Milit\u00e4rs Anfang 2022, die Donbass-Republiken zu erobern. Diesen kam Russland aufgrund vertraglicher Verpflichtung zu Hilfe. Die Ukraine war kein unschuldiges Opfer.<br \/>\n\u201eDas ukrainische Milit\u00e4r plante einen Angriff zur Eroberung der Donbass-Volksrepubliken am 6. M\u00e4rz 2022 und wollte die russischen Bewohner des Donbass vertreiben oder auch eliminieren\u201d, berichtet Dieter Staudt. Der Unternehmer wohnte von 2011 bis Mitte 2022 in der Ostukraine. Er hat von diesen Angriffspl\u00e4nen direkt von ukrainischen Soldaten erfahren. Nach Staudt musste Russland auf diese Bedrohung reagieren und so kam es zum russischen Kriegseintritt ab dem 24. Februar 2022. \u201cDie Ukraine wollte einen Krieg mit Russland und war kein unschuldiges Opfer\u201d, ist das Fazit von Staudt. Das steht im Widerspruch zur Opfer-Erz\u00e4hlung, mit der die Finanzierung und Bewaffnung der ukrainischen Armee durch die NATO-Staaten begr\u00fcndet wird.<\/p>\n<p>Herr Staudt, wie ist Ihre Beziehung zur Ukraine?<br \/>\nDieter Staudt: Ich habe ab Juni 2011 in der Ukraine gelebt, zuerst bis Herbst 2013 zeitweise, danach bis Mitte August 2022 dauerhaft. Ich bin mit einer Ukrainerin verheiratet und baute in der Region Sumy im Nordosten der Ukraine eine Gartenbau-Landwirtschaft auf. Wir hatten bis zu sechs Mitarbeiter. Ich spreche Russisch, so dass ich gut in Kontakt mit der ukrainischen Bev\u00f6lkerung kam.<br \/>\nIch habe die gesamte Entwicklung mitbekommen, die zum ukrainischen B\u00fcrgerkrieg im Donbass ab 2014 und zum Krieg mit Russland ab 2022 gef\u00fchrt hat. Ende April 2014, unter dem \u00dcbergangspr\u00e4sidenten Oleksandr Turtschinow, den ich pers\u00f6nlich kenne, begann der ukrainische B\u00fcrgerkrieg im Donbass. Die ukrainische Armee schoss auf Ukrainer russischer Ethnie, auf Bewohner der autonomen ukrainischen Gebiete Luhansk und Donezk. Diese beiden autonomen Republiken sind am 11. Mai 2014 durch Volksabstimmungen souver\u00e4n und von der Ukraine unabh\u00e4ngig geworden.<br \/>\nDiesen Unabh\u00e4ngigkeits-Referenden in 2014 ging ja voraus, dass die russische Sprache als Staatssprache verboten wurde. Drei\u00dfig Prozent der Ukrainer haben Russisch als Muttersprache. Die Maidan-Regierung in Kiew zeigte den russischen Ukrainern im Osten des Landes deutlich, dass man sie nicht will. Also spalteten sich die ostukrainischen Regionen ab. \u00c4hnliches w\u00fcrde geschehen, wenn in Belgien das Fl\u00e4mische oder Franz\u00f6sische verboten w\u00fcrde. Ich habe das Sprachenverbot in der Ukraine als Kriegsursache in einem extra Artikel beschrieben. (1)<br \/>\n&#8230;.<br \/>\nAnmerkungen:<br \/>\n(1)<a href=\"https:\/\/tkp.at\/2024\/06\/29\/das-sprachenverbotsgesetz-in-der-ukraine-war-eine-kriegsursache\/\"> https:\/\/tkp.at\/2024\/06\/29\/das-sprachenverbotsgesetz-in-der-ukraine-war-eine-kriegsursache\/<\/a><br \/>\n(2) <a href=\"https:\/\/www.ifw-kiel.de\/de\/publikationen\/aktuelles\/ukraine-support-tracker-70-milliarden-euro-neue-hilfen-versprochen\/\">https:\/\/www.ifw-kiel.de\/de\/publikationen\/aktuelles\/ukraine-support-tracker-70-milliarden-euro-neue-hilfen-versprochen\/<\/a><br \/>\n(3) <a href=\"https:\/\/www.berliner-zeitung.de\/politik-gesellschaft\/ukraine-li.150872\">https:\/\/www.berliner-zeitung.de\/politik-gesellschaft\/ukraine-li.150872<\/a><br \/>\n(4) <a href=\"https:\/\/www.manova.news\/artikel\/spenden-ist-nicht-so-einfach\">https:\/\/www.manova.news\/artikel\/spenden-ist-nicht-so-einfach<\/a><\/p>\n<p><em>Thomas Mayer ist B\u00fcrgerrechtler, Meditationslehrer und Autor (<a href=\"https:\/\/www.manova.news\/artikel\/spenden-ist-nicht-so-einfach\">https:\/\/www.thomasmayer.org<\/a>). In seinem Buch \u201eWahrheitssuche im Ukraine-Krieg \u2013 Um was es wirklich geht\u201c hat er die Hintergr\u00fcnde des Ukraine-Krieges umfassend dargestellt, auch die Mitschuld der Ukraine und der NATO. 600 Seiten, Euro 28,-, ISBN 978-3-89060-863-1<\/em>.<\/p>\n<p>&#8230; Alles vom 21.2.2025 bitte lesen auf<br \/>\n<a href=\"https:\/\/fassadenkratzer.de\/2025\/02\/21\/die-ukraine-wollte-krieg-mit-russland-interview-mit-dieter-staudt\/\">https:\/\/fassadenkratzer.de\/2025\/02\/21\/die-ukraine-wollte-krieg-mit-russland-interview-mit-dieter-staudt\/<\/a><\/p>\n<p>&nbsp;<\/p>\n<p><strong>Die Hauptbegr\u00fcndung f\u00fcr den Ukraine-Krieg: Bodensch\u00e4tze<\/strong><br \/>\n<strong>Nationen haben Interessen \u2013 Deutschland hat nicht mal die<\/strong><br \/>\n&#8230;<br \/>\nLetzten Oktober schrieb ich den Essay \u00bbIhr sucht (fast) alle am falschen Ort!\u00ab <a href=\"https:\/\/www.dushanwegner.com\/lithium-und-co\/\">https:\/\/www.dushanwegner.com\/lithium-und-co\/<\/a> und nahm ihn auch als Video auf.<br \/>\n<a href=\"https:\/\/www.youtube.com\/watch?v=ZUjByL38nIE\">https:\/\/www.youtube.com\/watch?v=ZUjByL38nIE<\/a> Und darin zitierte ich eine Rede des Herrn Selenskyj, welcher die Bodensch\u00e4tze der Ukraine anpries, wie ein Marktschreier seine Waren. Uran, Titan, Lithium und Graphit wurden erw\u00e4hnt. Allesamt Stoffe, die f\u00fcr den Betrieb der f\u00fcr K\u00fcnstliche Intelligenz notwendigen Rechnerfarmen n\u00fctzlich sind.<br \/>\nIch sagte euch und bleibe dabei, dass alle Begr\u00fcndungen f\u00fcr den Ukraine-Krieg, wie etwa die NATO-Erweiterung und Kickbacks an korrupte westliche Politiker zwar auch motivierend sein k\u00f6nnten, doch die f\u00fcr KI n\u00fctzlichen Bodensch\u00e4tze der eine wirklich zukunftsentscheidende Faktor ist.<br \/>\nUnd gestern dann las ich dann endlich die Meldung: \u00bbTrump will die H\u00e4lfte der gesch\u00e4tzten 11,5 Billionen an Seltenen Erden.\u00ab (fortune.com, 19.2.2025). <a href=\"https:\/\/fortune.com\/2025\/02\/19\/trump-ukraine-rare-earth-minerals\/\">https:\/\/fortune.com\/2025\/02\/19\/trump-ukraine-rare-earth-minerals\/<\/a><br \/>\nTrump bot der Ukraine an, sie weiterhin milit\u00e4risch und finanziell zu unterst\u00fctzen, wenn man daf\u00fcr Zugang zu den \u00bbseltenen Erden\u00ab und anderen Mineralien in der Ukraine erh\u00e4lt. Er selbst sprach von weiteren 500 Milliarden Dollar, die man bereitstellen will \u2013 der Gesch\u00e4ftsmann Trump wird wissen, dass es ein Schn\u00e4ppchen w\u00e4re.<br \/>\nZelensky hat dieses erste Angebot erst mal abgelehnt. Seine Spekulation ist wom\u00f6glich, so meine Vermutung, dass die EU und Deutschland nach der Bundestagswahl auch ohne Gegenleistung viele Hundert Milliarden in die Ukraine pumpen werden, wie Baerbock sich j\u00fcngst verplappert haben soll (berliner-zeitung.de, 17.02.2025 <a href=\"https:\/\/www.berliner-zeitung.de\/wirtschaft-verantwortung\/baerbock-verplappert-sich-nach-der-wahl-milliarden-fuer-ukraine-li.2295623\">https:\/\/www.berliner-zeitung.de\/wirtschaft-verantwortung\/baerbock-verplappert-sich-nach-der-wahl-milliarden-fuer-ukraine-li.2295623<\/a> ). Warum also nicht das Geld von den Deutschen gratis annehmen und intern umverteilen, und die Bodensch\u00e4tze zus\u00e4tzlich verkaufen?<br \/>\nEs k\u00f6nnte eine Selbst\u00fcbersch\u00e4tzung Zelenskys sein \u2013 oder der Personen, wer auch immer das sein mag, die ihm die Talking Points schreiben. Es k\u00f6nnte auch der Versuch sein, den Preis hochzutreiben. Oder es ist schlicht Theater, und die Ukraine ahnt, dass sie kaum Alternativen hat und ihre Bodensch\u00e4tze zwischen den USA und Russland aufgeteilt werden.<br \/>\nDass in Deutschland all das nicht begriffen wird, verwundert wenig. Intelligenz und Verstand gelten der Propaganda als rechtsextrem, und warum sollte man ein Interesse an \u00bbk\u00fcnstlichem Rechtsextremismus\u00ab haben? (Ich w\u00fcnschte, das w\u00e4re nur ein Scherz.)<br \/>\nElon Musk hat gerade \u00bbGrok 3\u00ab ver\u00f6ffentlicht, die neuste Version seiner eigenen K\u00fcnstlichen Intelligenz. Ja, sie ist brilliant. Ich habe mir dieses Trump-Angebot in allen Details erkl\u00e4ren lassen (direkt auf x.com <a href=\"https:\/\/x.com\/i\/grok\/share\/dPqUR7VSSClWS7lgSgbZONirS\">https:\/\/x.com\/i\/grok\/share\/dPqUR7VSSClWS7lgSgbZONirS<\/a> ).<br \/>\nZur Rolle der EU und Deutschlands wei\u00df die KI zu sagen: \u00bbDie EU hat seit Beginn des Krieges massive Mittel bereitgestellt. Bis Februar 2025 bel\u00e4uft sich die Unterst\u00fctzung durch die EU, ihre Mitgliedstaaten und Finanzinstitute auf etwa 134 Milliarden Euro\u00ab. \u00bbDeutschland hat bis Ende 2024 rund 43,62 Milliarden Euro an bilateraler Unterst\u00fctzung geleistet\u00ab.<br \/>\nUnd betreffs der Bodensch\u00e4tze: \u00bbBundeskanzler Olaf Scholz hat Trumps Idee, ukrainische Bodensch\u00e4tze als Gegenleistung f\u00fcr Hilfe zu nutzen, am 4. Februar 2025 scharf kritisiert und als \u203asehr egoistisch\u2039 bezeichnet.\u00ab (siehe dazu auch de.euronews.com, 4.2.2025 <a href=\"https:\/\/de.euronews.com\/2025\/02\/04\/bodenschatze-als-gegenleistung-scholz-nennt-trumps-bedingungen-an-ukraine-egoistisch\">https:\/\/de.euronews.com\/2025\/02\/04\/bodenschatze-als-gegenleistung-scholz-nennt-trumps-bedingungen-an-ukraine-egoistisch<\/a>)<br \/>\nFrei nach dem Kommentar eines Lesers: Nationen haben nicht Freunde, nur Interessen \u2013 aber Deutschland hat nicht einmal Interessen. Man fasst sich an den Kopf!<br \/>\n&#8230; Alles vom 20.2.2025 bitte lesen auf<br \/>\n<a href=\"https:\/\/www.dushanwegner.com\/ohne-interessen\/\">https:\/\/www.dushanwegner.com\/ohne-interessen\/<\/a><\/p>\n<p>&nbsp;<\/p>\n<p><strong>Von Politikern und Medien ausgesparter Grund f\u00fcr den Ukraine-Krieg: Bodensch\u00e4tze<\/strong><br \/>\n&#8222;Die Ukraine, und insbesondere die von Russland besetzten Gebiete (\u2026) ist reich an wichtigen Bodensch\u00e4tzen. Auf deren strategische Bedeutung in globalen Lieferketten weist ein aktueller Aufsatz des Weltwirtschaftsforums hin.(\u00e4hnlich in Washington Post).<br \/>\nVor Februar 2022 war die Ukraine ein wichtiger Titanlieferant f\u00fcr den milit\u00e4rischen Sektor.<br \/>\nSie verf\u00fcgt auch \u00fcber eine der gr\u00f6\u00dften best\u00e4tigten Lithiumreserven Europas (ca. 500 000 t), die f\u00fcr Batterien, Keramik und Glas unerl\u00e4sslich sind. Die Ukraine ist der f\u00fcnftgr\u00f6\u00dfte Galliumproduzent der Welt, der f\u00fcr Halbleiter und LEDs unverzichtbar ist, und war ein wichtiger Produzent von Neongas, der 90 % des hochgereinigten Neons in Halbleiterqualit\u00e4t f\u00fcr die US-Chipindustrie lieferte. Die Ukraine verf\u00fcgt \u00fcber best\u00e4tigte Berylliumvorkommen, die f\u00fcr die Kernkraft-, Luft- und Raumfahrt-, Milit\u00e4r-, Akustik- und Elektronikindustrie von entscheidender Bedeutung sind, sowie \u00fcber Uran, das f\u00fcr den Nuklear- und Milit\u00e4rsektor unerl\u00e4sslich ist. Zirkonium und Apatit sind f\u00fcr die Nuklear- und Medizinproduktion unerl\u00e4sslich.\u201c (\u2026)<br \/>\nWie schon bei den Irak-Kriegen, dem Angriffskrieg auf Afghanistan, dem Einsatz in Mali und einer Vielzahl von weiteren Kriegen, darf man getrost davon ausgehen, dass der Kampf um die Kontrolle \u00fcber Rohstoffe und Rohstoffwege eine wichtige Rolle spielt, wenn mit Wucht moralische Gr\u00fcnde f\u00fcr das gegenseitige Morden und die Unterst\u00fctzung daf\u00fcr angef\u00fchrt werden.<br \/>\n&#8230; Alles vom 27.8.2024 bitte lesen auf<br \/>\n<a href=\"https:\/\/norberthaering.de\/macht-kontrolle\/ukrinische-rohstoffe\/\">https:\/\/norberthaering.de\/macht-kontrolle\/ukrinische-rohstoffe\/<\/a><\/p>\n<p>&nbsp;<\/p>\n<p><strong>Die verschwiegene Kriegsursache: Verbot der russischen Muttersprache 2014 bzw. 2019<\/strong><br \/>\n<em>Die Kiewer Regierung hatte die Verwendung der russischen Sprache im \u00f6ffentlichen Raum verboten und so die Eskalation weiter angeheizt.<\/em><br \/>\nEs gibt mehrere Schl\u00fcsselfaktoren f\u00fcr den Ukrainekrieg. Einige davon werden aber von den Mainstreammedien verschwiegen, was der Kriegspropaganda dient. Dazu geh\u00f6rt das ukrainische Sprachenverbotsgesetz von 2019. Mit dem Verbot der russischen Sprache im \u00f6ffentlichen Leben verhinderte die nationalistische Kiewer Regierung eine friedliche L\u00f6sung des seit 2014 laufenden Donbasskriegs. Die weitere Eskalation bis zum heutigen Ukrainekrieg war damit vorprogrammiert. Die EU und die NATO unterst\u00fctzten das.<br \/>\n&#8230;<br \/>\nIn der alten Ukraine sprachen etwa 30 Prozent der Einwohner Russisch als Muttersprache. Im t\u00e4glichen Gebrauch wurde Russisch noch viel h\u00e4ufiger verwendet. Im Osten der Ukraine und im Donbass ist Russisch die Hauptsprache. Ukrainisch und Russisch sind verwandte slawische Sprachen, unterscheiden sich aber deutlich, vergleichbar mit Spanisch und Portugiesisch.<br \/>\nEs gibt in Europa einige Staaten mit mehreren unabh\u00e4ngigen Sprachen, die dort Amtssprachen sind und an Schulen unterrichtet werden. In der Schweiz sind das: Deutsch, Franz\u00f6sisch, Italienisch und R\u00e4toromanisch. In Belgien: Franz\u00f6sisch, Fl\u00e4misch und Deutsch. Und in Irland: Englisch und Irisch (G\u00e4lisch). Ohne die Achtung und aktive Unterst\u00fctzung der jeweiligen Sprachen w\u00e4ren diese Staaten l\u00e4ngst gespalten und auseinandergefallen.<br \/>\n&#8230;<br \/>\nAm 5. Mai 2019 trat das Sprachenverbotsgesetz in Kraft, das Russisch aus dem \u00f6ffentlichen Leben verdr\u00e4ngte. Damit hatten die ukrainischen Nationalisten, die durch den Staatsstreich am 22. Februar 2014 in Kiew die wichtigsten Regierungs\u00e4mter besetzten, eines ihrer Ziele erreicht. Schon am Tag nach dem Putsch, dem 23. Februar 2014, setzte das Kiewer Parlament das damals bestehende Gesetz \u00fcber Regionalsprachen au\u00dfer Kraft. Dieses Gesetz r\u00e4umte der russischen Sprache in den Gebieten, in denen mehr als zehn Prozent der Einwohner Russisch als ihre Muttersprache angaben, den Status einer zweiten Amtssprache ein. Die Abschaffung dieses Gesetzes war ein klares Statement, worum es beim Maidan-Putsch ging. Die Verdr\u00e4ngung des Russischen, also eine \u201eethnische S\u00e4uberung\u201c, war den Nationalisten am wichtigsten.<br \/>\n&#8230;<br \/>\nEs ist erschreckend festzustellen, wie gut die Desinformation der Mainstreammedien funktionierte. \u00dcber das Sprachenverbot wurde einfach nicht berichtet. Deshalb wei\u00df kaum jemand davon. Auf diese Weise wurde einer der wesentlichen Kriegsgr\u00fcnde verschwiegen. Stattdessen etablierten die Mainstreammedien die Sprachregelung des \u201eunprovozierten Angriffskrieges Russlands\u201c und brannten dies durch st\u00e4ndige Wiederholung ins \u00f6ffentliche Bewusstsein ein. Solche hypnotisierende Kriegspropaganda kann nur durch klares Denken und indem man dar\u00fcber spricht wieder aufgel\u00f6st werden.<br \/>\n<em><strong>Mit dem 2019 mitten im Donbasskrieg beschlossenen Sprachenverbotsgesetz wurde eine friedliche L\u00f6sung des Donbasskriegs zu Grabe getragen. Dieses Gesetz signalisierte, dass es mit Kiew keinen Frieden und keine Einigung geben wird.<\/strong><\/em><br \/>\n&#8230; Alles vom 3.8.2024 von Thomas Mayer bitte lesen auf<br \/>\n<a href=\"https:\/\/www.manova.news\/artikel\/die-verschwiegene-kriegsursache\">https:\/\/www.manova.news\/artikel\/die-verschwiegene-kriegsursache<\/a><br \/>\n.<br \/>\nThomas Mayer: Wahrheitssuche im Ukraine-Krieg<br \/>\nUm was es wirklich geht<br \/>\nNeue Erde GmbH, 600 Seiten,<br \/>\nISBN 978-3-89060-863-1, 28 Euro<\/p>\n<p>&nbsp;<\/p>\n<p><strong>\u00abDer provozierte Krieg\u00bb: Petra Erler und G\u00fcnter Verheugen \u00fcber Putin, Selenskyj und den Westen<\/strong><br \/>\nWeltwoche 24.5.2024<br \/>\n<a href=\"https:\/\/www.youtube.com\/watch?v=m202RnwPeOE&amp;t=5s\">https:\/\/www.youtube.com\/watch?v=m202RnwPeOE&amp;t=5s<\/a><\/p>\n<p><em>Buch<\/em><br \/>\n<em>G\u00fcnter Verheugen und Petra Erler: <\/em><br \/>\n<em>Der lange Weg zum Krieg<\/em><br \/>\n<em>Russ\u00f6and, die Ukraine und der Westen:<\/em><br \/>\n<em>Eskalation statt Entspannung<\/em><br \/>\n<em>Heyne, 24 Euro<br \/>\n<\/em><br \/>\nVerheugen: &#8222;Der 22.2.2022 war eine Zeitenwende in dem Sinne, da\u00df als ein Wert in unserer Verfassung in rage gestellt wurde: Die im Grundgesetz verankerte friedenspolitische Verpflichtung.&#8220;<br \/>\nErler: &#8222;Es war kein unprovizierter Krieg. Wir haben 1990 versprochen, da\u00df Deutschland mithilft, eine europ\u00e4ische Sicherheitsstruktur zu schaffen mit Ru\u00dfland., nicht gegen Ru\u00dfland&#8220;<br \/>\nVerheugen: &#8222;Ein neo-imperiales Ru\u00dfland erkenne ich nicht. Das Hauptinteresse ist die Sicherheit des eigenen Landes.&#8220; Je lauter einer in die Gegend rumbr\u00fcllt, desto weniger kennt er die Zusammenh\u00e4nge<\/p>\n<p>&nbsp;<\/p>\n<p><strong>Jacques Baud: Ein genauer Blick auf die Annexion des Donbas<\/strong><br \/>\n<strong>Buchauszug aus &#8222;Jacques Baud: Putin &#8211; Herr des Geschehens?&#8220;<\/strong><br \/>\nLange lehnte Russland die Unabh\u00e4ngigkeit des Donbas ab. Dann trieb der Westen den Donbas sogar in die Russische F\u00f6deration.<br \/>\nNach ihrem Maidan-Staatsstreich im Jahr 2014 schaffen die ukrainischen Ultranationalisten im Parlament am 23. Februar als eine der ersten Amtshandlungen das Kiwalow-Kolesnitschenko-Gesetz[1] und damit das Russische als Amtssprache ab. Der Pr\u00e4sident unterschreibt die Aufhebung dann zwar nicht, doch dieser f\u00fcr die russischsprachige Bev\u00f6lkerung alarmierende Schritt l\u00f6st Demonstrationen aus.<br \/>\nDie brutale Unterdr\u00fcckung dieser Demonstrationen f\u00fchrt zu einem allgemeinen Aufstand im gesamten S\u00fcden des Landes. Im Sommer 2014 entstehen Volksrepubliken (VR) in den Oblasten Odessa, Dnepropetrowsk, Charkow, Donezk und Lugansk und im September wird ein einheitliches Noworossija-Kommando gegr\u00fcndet. Doch das Eingreifen der ukrainischen Armee, flankiert von \u00e4usserst brutalen rechtsradikalen Milizen, stellt die Ordnung wieder her. Es bleiben nur die VR Donezk und Lugansk \u00fcbrig.<br \/>\nAufst\u00e4nde und Widerstand im Donbas gegen die illegale Regierung in Kiew werden von westlicher Propaganda heruntergespielt. Die neuen Machthaber in Kiew erfinden sogar eine russische \u00abInvasion\u00bb, um sich eine Legitimit\u00e4t zum Eingreifen im Donbas zu verschaffen.<br \/>\n.<br \/>\nDas gewaltsame Vorgehen gegen die Demonstrationen veranlasst im Mai 2014 die Bev\u00f6lkerung gewisser Regionen von Donezk und Lugansk, Referenden zu organisieren. Sie beschliessen das Gesetz zur Selbstbestimmung der Volksrepublik Donezk (angenommen mit 89 Prozent) und das Gesetz zur Selbstbestimmung der Volksrepublik Lugansk (angenommen mit 96 Prozent). Viele westlichen Medien[2],[3] sprechen von Referenden zur \u00abUnabh\u00e4ngigkeit\u00bb, was jedoch falsch ist: Es handelt sich um Referenden zur \u00abSelbstbestimmung\u00bb oder \u00abAutonomie\u00bb (\u0441\u0430\u043c\u043e\u0441\u0442\u043e\u044f\u0442\u0435\u043b\u044c\u043d\u043e\u0441\u0442\u044c). Diejenigen, die \u00d6l ins Feuer giessen wollen, sprechen weiterhin von \u00abSeparatisten\u00bb (Unabh\u00e4ngigkeitsk\u00e4mpfern) und \u00abSeparatisten-Republiken\u00bb. Das ist eine Desinformation.<br \/>\nIch befinde mich im Jahr 2014 bei der NATO. Dort stelle ich fest, &#8230;.<br \/>\n&#8230; Alles vom 10.9.2023 von Jacques Baud bitte lesen auf<br \/>\n<a href=\"https:\/\/www.infosperber.ch\/politik\/welt\/ein-genauer-blick-auf-die-annexion-des-donbas\/\">https:\/\/www.infosperber.ch\/politik\/welt\/ein-genauer-blick-auf-die-annexion-des-donbas\/<\/a><br \/>\n.<br \/>\n<em>Jacques Baud: \u00abPutin \u2013 Herr des Geschehens?\u00bb<\/em><br \/>\n<em>Westend-Verlag, 2023 26 Euro<\/em><br \/>\n<em>320 Seiten, ISBN: 9783864894268<\/em><br \/>\n<em>Aus dem Verlagstext: \u00abDas Sterben in der Ukraine schreitet voran. Obwohl dieser Krieg t\u00e4glich in den Medien pr\u00e4sent ist, bleibt vieles unterbelichtet, denn seine Vorgeschichte wird lediglich unvollst\u00e4ndig dargestellt oder sogar ignoriert<\/em><\/p>\n<p>&nbsp;<\/p>\n<p><strong>Jeffrey D. Sachs: Chronologie zum Ukrainekrieg<\/strong><br \/>\n<strong>Die wahre Geschichte des Krieges in der Ukraine<\/strong><\/p>\n<p>Das amerikanische Volk muss dringend die wahre Geschichte des Krieges in der Ukraine und seine aktuellen Aussichten kennen. Leider sind die Mainstream-Medien \u2013 die New York Times, das Wall Street Journal, die Washington Post, MSNBC und CNN \u2013 zu blo\u00dfen Sprachrohren der Regierung geworden, die die L\u00fcgen von US-Pr\u00e4sident Joe Biden wiederholen und die Geschichte vor der \u00d6ffentlichkeit verbergen.<br \/>\n&#8230;<br \/>\nUm der \u00d6ffentlichkeit zu helfen, sich von der vereinfachenden Darstellung Bidens und der Mainstream-Medien zu l\u00f6sen, biete ich eine kurze Chronologie einiger Schl\u00fcsselereignisse an, die zu dem laufenden Krieg gef\u00fchrt haben.<br \/>\n31. Januar 1990. Der deutsche Au\u00dfenminister Hans Dietrich-Genscher sagt dem sowjetischen Pr\u00e4sidenten Michail Gorbatschow zu, dass die NATO im Zusammenhang mit der deutschen Wiedervereinigung und der Aufl\u00f6sung des sowjetischen Milit\u00e4rb\u00fcndnisses Warschauer Pakt eine \u201eErweiterung ihres Territoriums nach Osten, d.h. eine Ann\u00e4herung an die sowjetischen Grenzen, ausschlie\u00dfen wird\u201c.<\/p>\n<p>Februar 1990. US-Au\u00dfenminister James Baker III stimmt mit dem sowjetischen Pr\u00e4sidenten Michail Gorbatschow darin \u00fcberein, dass \u201eeine NATO-Erweiterung inakzeptabel ist\u201c.<\/p>\n<p>29. Juni \u2013 2. Juli 1990. NATO-Generalsekret\u00e4r Manfred Woerner erkl\u00e4rt einer hochrangigen russischen Delegation, dass \u201eder NATO-Rat und er [Woerner] gegen die Erweiterung der NATO sind<\/p>\n<p>1. Juli 1990. Die ukrainische Rada (Parlament) verabschiedet die Erkl\u00e4rung \u00fcber die staatliche Souver\u00e4nit\u00e4t, in der \u201edie Ukrainische SSR feierlich ihre Absicht erkl\u00e4rt, ein dauerhaft neutraler Staat zu werden, der sich nicht an Milit\u00e4rbl\u00f6cken beteiligt und sich an drei atomwaffenfreie Grunds\u00e4tze h\u00e4lt: keine Atomwaffen zu akzeptieren, zu produzieren und zu erwerben.\u201c<\/p>\n<p>24. August 1991. Die Ukraine erkl\u00e4rt ihre Unabh\u00e4ngigkeit auf der Grundlage der Erkl\u00e4rung zur staatlichen Souver\u00e4nit\u00e4t von 1990, die auch das Versprechen der Neutralit\u00e4t enth\u00e4lt.<\/p>\n<p>Mitte 1992. Die politischen Entscheidungstr\u00e4ger der Bush-Regierung erzielen einen geheimen internen Konsens, die NATO zu erweitern, was im Widerspruch zu den k\u00fcrzlich gegen\u00fcber der Sowjetunion und der Russischen F\u00f6deration eingegangenen Verpflichtungen steht.<\/p>\n<p>18. Juli 1997. Auf dem Madrider NATO-Gipfel werden Polen, Ungarn und die Tschechische Republik zur Aufnahme von NATO-Beitrittsgespr\u00e4chen eingeladen.<\/p>\n<p>September-Oktober 1997. In Foreign Affairs (Sept.\/Okt. 1997) erl\u00e4utert der ehemalige nationale Sicherheitsberater der USA, Zbigniew Brzezinski, den Zeitplan f\u00fcr die NATO-Erweiterung, wobei die Verhandlungen mit der Ukraine vorl\u00e4ufig im Zeitraum 2005-2010 beginnen sollen.<\/p>\n<p>24. M\u00e4rz \u2013 10. Juni 1999. Die NATO bombardiert Serbien. Russland bezeichnet die NATO-Bombardierung als \u201eflagrante Verletzung der Charta der Vereinten Nationen\u201c.<\/p>\n<p>M\u00e4rz 2000. Der ukrainische Pr\u00e4sident Kutschma erkl\u00e4rt, dass \u201eein NATO-Beitritt der Ukraine heute nicht in Frage kommt, da diese Frage \u00e4u\u00dferst komplex ist und viele Aspekte umfasst\u201c.<\/p>\n<p>13. Juni 2002. Die USA ziehen sich einseitig aus dem Vertrag \u00fcber den Schutz vor ballistischen Waffen zur\u00fcck, was der stellvertretende Vorsitzende des Verteidigungsausschusses der russischen Duma als ein \u201e\u00e4u\u00dferst negatives Ereignis von historischem Ausma\u00df\u201c bezeichnet.<\/p>\n<p>November-Dezember 2004. In der Ukraine kommt es zur \u201eOrangenen Revolution\u201c, die vom Westen als demokratische Revolution und von der russischen Regierung als vom Westen inszenierter Machtkampf mit offener und verdeckter Unterst\u00fctzung der USA bezeichnet wird.<\/p>\n<p>10. Februar 2007. Putin kritisiert in einer Rede vor der M\u00fcnchner Sicherheitskonferenz scharf den Versuch der USA, eine unipolare Welt zu schaffen, die durch die NATO-Erweiterung gest\u00fctzt wird, und erkl\u00e4rt \u201eIch denke, es ist offensichtlich, dass die NATO-Erweiterung \u2026 eine ernsthafte Provokation darstellt, die das Niveau des gegenseitigen Vertrauens verringert. Und wir haben das Recht zu fragen: Gegen wen ist diese Erweiterung gerichtet? Und was ist aus den Zusicherungen geworden, die unsere westlichen Partner nach der Aufl\u00f6sung des Warschauer Pakts gegeben haben?\u201c<\/p>\n<p>1. Februar 2008. Der US-Botschafter in Russland, William Burns, schickt ein vertrauliches Telegramm an die Nationale Sicherheitsberaterin der USA, Condoleezza Rice, mit dem Titel \u201eNyet means Nyet: Russia\u2019s NATO Enlargement Redlines\u201c, in dem er betont, dass \u201edie NATO-Bestrebungen der Ukraine und Georgiens nicht nur einen wunden Punkt in Russland treffen, sondern auch ernsthafte Bedenken hinsichtlich der Folgen f\u00fcr die Stabilit\u00e4t in der Region hervorrufen\u201c.<\/p>\n<p>18. Februar 2008. Die USA erkennen die Unabh\u00e4ngigkeit des Kosovo trotz heftiger russischer Einw\u00e4nde an. Die russische Regierung erkl\u00e4rt, die Unabh\u00e4ngigkeit des Kosovo verletze \u201edie Souver\u00e4nit\u00e4t der Republik Serbien, die Charta der Vereinten Nationen, die Resolution 1244 des UN-Sicherheitsrats, die Grunds\u00e4tze der Schlussakte von Helsinki, den verfassungsrechtlichen Rahmen des Kosovo und die Vereinbarungen der hochrangigen Kontaktgruppe\u201c.<\/p>\n<p>3. April 2008. Die NATO erkl\u00e4rt, dass die Ukraine und Georgien \u201eMitglieder der NATO werden\u201c. Russland erkl\u00e4rt, dass \u201edie Mitgliedschaft Georgiens und der Ukraine in der Allianz ein gro\u00dfer strategischer Fehler ist, der schwerwiegende Folgen f\u00fcr die gesamteurop\u00e4ische Sicherheit haben w\u00fcrde.\u201c<\/p>\n<p>20. August 2008. Die USA k\u00fcndigen an, dass sie ballistische Raketenabwehrsysteme (BMD) in Polen und sp\u00e4ter auch in Rum\u00e4nien installieren werden. Russland spricht sich entschieden gegen die BMD-Systeme aus.<\/p>\n<p>28. Januar 2014. Die stellvertretende Au\u00dfenministerin Victoria Nuland und der US-Botschafter Geoffrey Pyatt planen einen Regimewechsel in der Ukraine in einem Telefonat, das abgeh\u00f6rt und am 7. Februar auf YouTube ver\u00f6ffentlicht wird, wobei Nuland feststellt, dass \u201e[Vizepr\u00e4sident] Biden bereit ist\u201c, beim Abschluss der Vereinbarung zu helfen.<\/p>\n<p>21. Februar 2014. Die Regierungen der Ukraine, Polens, Frankreichs und Deutschlands einigen sich auf eine Vereinbarung zur Beilegung der politischen Krise in der Ukraine, in der Neuwahlen noch in diesem Jahr gefordert werden. Der rechtsextreme Rechte Sektor und andere bewaffnete Gruppen fordern stattdessen den sofortigen R\u00fccktritt Janukowitschs und \u00fcbernehmen die Regierungsgeb\u00e4ude. Janukowitsch flieht. Das Parlament enthebt den Pr\u00e4sidenten unverz\u00fcglich seiner Befugnisse, ohne ein Amtsenthebungsverfahren einzuleiten.<\/p>\n<p>22. Februar 2014. Die USA billigen den Regimewechsel sofort.<\/p>\n<p>16. M\u00e4rz 2014. Russland h\u00e4lt ein Referendum auf der Krim ab, das nach Angaben der russischen Regierung eine gro\u00dfe Mehrheit f\u00fcr die russische Herrschaft ergibt. Am 21. M\u00e4rz stimmt die russische Duma f\u00fcr die Aufnahme der Krim in die Russische F\u00f6deration. Die russische Regierung zieht die Analogie zum Kosovo-Referendum. Die USA lehnen das Krim-Referendum als illegitim ab.<\/p>\n<p>18. M\u00e4rz 2014. Pr\u00e4sident Putin bezeichnet den Regimewechsel als einen Staatsstreich und erkl\u00e4rt: \u201eDiejenigen, die hinter den j\u00fcngsten Ereignissen in der Ukraine standen, hatten eine andere Agenda: Sie bereiteten eine weitere Regierungs\u00fcbernahme vor; sie wollten die Macht ergreifen und w\u00fcrden vor nichts zur\u00fcckschrecken. Sie griffen zu Terror, Mord und Unruhen.\u201c<\/p>\n<p>25. M\u00e4rz 2014. Pr\u00e4sident Barack Obama verspottet Russland \u201eals eine regionale Macht, die einige ihrer unmittelbaren Nachbarn bedroht \u2013 nicht aus St\u00e4rke, sondern aus Schw\u00e4che\u201c.<\/p>\n<p>12. Februar 2015. Unterzeichnung des Minsk-II-Abkommens. Das Abkommen wird am 17. Februar 2015 einstimmig von der Resolution 2202 des UN-Sicherheitsrats unterst\u00fctzt. Die ehemalige Bundeskanzlerin Angela Merkel r\u00e4umt sp\u00e4ter ein, dass das Minsk-II-Abkommen der Ukraine Zeit geben sollte, ihr Milit\u00e4r zu st\u00e4rken. Sie wurde von der Ukraine nicht umgesetzt, und Pr\u00e4sident Wolodymyr Zelenskij gab zu, dass er nicht die Absicht hatte, die Vereinbarung umzusetzen.<\/p>\n<p>1. Februar 2019. Die USA treten einseitig aus dem INF-Vertrag (Intermediate Nuclear Force) aus. Russland kritisiert den INF-Ausstieg scharf als \u201edestruktiven\u201c Akt, der Sicherheitsrisiken sch\u00fcre.<\/p>\n<p>14. Juni 2021. Auf dem NATO-Gipfel 2021 in Br\u00fcssel bekr\u00e4ftigt die NATO erneut ihre Absicht, die Ukraine zu erweitern und einzubeziehen: \u201eWir bekr\u00e4ftigen den auf dem Bukarester Gipfel 2008 gefassten Beschluss, dass die Ukraine Mitglied des B\u00fcndnisses werden wird.\u201c<\/p>\n<p>1. September 2021. Die USA bekr\u00e4ftigen in der \u201eGemeinsamen Erkl\u00e4rung zur strategischen Partnerschaft zwischen den USA und der Ukraine\u201c ihre Unterst\u00fctzung f\u00fcr die NATO-Bestrebungen der Ukraine.<\/p>\n<p>17. Dezember 2021. Putin legt einen Entwurf f\u00fcr einen \u201eVertrag zwischen den Vereinigten Staaten von Amerika und der Russischen F\u00f6deration \u00fcber Sicherheitsgarantien\u201c vor, der auf der Nichterweiterung der NATO und der Begrenzung der Stationierung von Mittelstreckenraketen und Kurzstreckenraketen beruht.<\/p>\n<p>26. Januar 2022. Die USA antworten Russland offiziell, dass die USA und die NATO nicht mit Russland \u00fcber Fragen der NATO-Erweiterung verhandeln werden, und schlie\u00dfen damit die T\u00fcr zu Verhandlungen, um eine Ausweitung des Krieges in der Ukraine zu vermeiden. Die USA berufen sich auf die NATO-Politik: \u201eJede Entscheidung \u00fcber die Aufnahme eines Landes in das B\u00fcndnis wird vom Nordatlantikrat auf der Grundlage eines Konsenses zwischen allen B\u00fcndnispartnern getroffen. Kein Drittland hat ein Mitspracherecht bei solchen \u00dcberlegungen.\u201c Kurzum, die USA behaupten, die NATO-Erweiterung um die Ukraine gehe Russland nichts an.<\/p>\n<p>21. Februar 2022. Auf einer Sitzung des russischen Sicherheitsrates erl\u00e4utert Au\u00dfenminister Sergej Lawrow die Weigerung der USA zu verhandeln:<\/p>\n<p>\u201eWir haben ihre Antwort Ende Januar erhalten. Die Bewertung dieser Antwort zeigt, dass unsere westlichen Kollegen nicht bereit sind, unsere wichtigsten Vorschl\u00e4ge aufzugreifen, vor allem die Forderung nach einer Nichterweiterung der NATO nach Osten. Diese Forderung wurde mit Verweis auf die so genannte Politik der offenen T\u00fcr und die Freiheit jedes Staates, seinen eigenen Weg zur Gew\u00e4hrleistung der Sicherheit zu w\u00e4hlen, abgelehnt. Weder die Vereinigten Staaten noch das Nordatlantische B\u00fcndnis haben eine Alternative zu dieser zentralen Bestimmung vorgeschlagen.<\/p>\n<p>Die Vereinigten Staaten tun alles, was sie k\u00f6nnen, um den Grundsatz der Unteilbarkeit der Sicherheit zu umgehen, den wir f\u00fcr grundlegend halten und auf den wir mehrfach hingewiesen haben. Sie leiten daraus das einzige ihnen genehme Element ab \u2013 die freie Wahl der B\u00fcndnisse \u2013 und lassen alles andere v\u00f6llig au\u00dfer Acht, einschlie\u00dflich der Schl\u00fcsselbedingung, die lautet, dass niemand \u2013 weder bei der Wahl der B\u00fcndnisse noch unabh\u00e4ngig davon \u2013 seine Sicherheit auf Kosten der Sicherheit anderer erh\u00f6hen darf.\u201c<\/p>\n<p>24. Februar 2022. In einer Ansprache an die Nation erkl\u00e4rt Pr\u00e4sident Putin: \u201eEs ist eine Tatsache, dass wir in den letzten 30 Jahren geduldig versucht haben, mit den f\u00fchrenden NATO-L\u00e4ndern eine Einigung \u00fcber die Grunds\u00e4tze der gleichen und unteilbaren Sicherheit in Europa zu erzielen. Als Antwort auf unsere Vorschl\u00e4ge wurden wir stets entweder mit zynischen T\u00e4uschungen und L\u00fcgen oder mit Druck- und Erpressungsversuchen konfrontiert, w\u00e4hrend das nordatlantische B\u00fcndnis trotz unserer Proteste und Bedenken weiter expandierte. Ihre Milit\u00e4rmaschinerie ist in Bewegung und n\u00e4hert sich, wie ich bereits sagte, unserer Grenze.\u201c<\/p>\n<p>16. M\u00e4rz 2022. Russland und die Ukraine verk\u00fcnden bedeutende Fortschritte auf dem Weg zu einem Friedensabkommen, das von der T\u00fcrkei und dem israelischen Premierminister Naftali Bennett vermittelt wird. Wie in der Presse berichtet wird, umfasst das Abkommen unter anderem: \u201eein Waffenstillstand und ein russischer R\u00fcckzug, wenn Kiew Neutralit\u00e4t erkl\u00e4rt und eine Begrenzung seiner Streitkr\u00e4fte akzeptiert.\u201c<\/p>\n<p>28. M\u00e4rz 2022. Pr\u00e4sident Zelensky erkl\u00e4rt \u00f6ffentlich, dass die Ukraine zur Neutralit\u00e4t in Verbindung mit Sicherheitsgarantien als Teil eines Friedensabkommens mit Russland bereit ist. \u201eSicherheitsgarantien und Neutralit\u00e4t, der nicht-nukleare Status unseres Staates \u2013 dazu sind wir bereit. Das ist der wichtigste Punkt \u2026 deswegen haben sie den Krieg begonnen.\u201c<\/p>\n<p>7. April 2022. Der russische Au\u00dfenminister Lawrow beschuldigt den Westen, die Friedensgespr\u00e4che zum Scheitern bringen zu wollen und behauptet, die Ukraine sei von zuvor vereinbarten Vorschl\u00e4gen abger\u00fcckt. Premierminister Naftali Bennett erkl\u00e4rt sp\u00e4ter (am 5. Februar 2023), dass die USA das ausstehende russisch-ukrainische Friedensabkommen blockiert h\u00e4tten. Auf die Frage, ob die Westm\u00e4chte das Abkommen blockiert h\u00e4tten, antwortete Bennett: \u201eIm Grunde genommen, ja. Sie haben es blockiert, und ich dachte, sie h\u00e4tten sich geirrt\u201c. Irgendwann, so Bennett, habe der Westen beschlossen, \u201ePutin zu vernichten, anstatt zu verhandeln\u201c.<br \/>\n4. Juni 2023. Die Ukraine startet eine gro\u00dfe Gegenoffensive, die bis Mitte Juli 2023 ohne gr\u00f6\u00dfere Erfolge bleibt.<\/p>\n<p>7. Juli 2023. Biden r\u00e4umt ein, dass der Ukraine die 155-mm-Artilleriegranaten \u201eausgehen\u201c und dass die USA \u201eknapp werden\u201c.<\/p>\n<p>11. Juli 2023. Auf dem NATO-Gipfel in Vilnius wird im Abschlusskommuniqu\u00e9 die Zukunft der Ukraine in der NATO bekr\u00e4ftigt: \u201eWir unterst\u00fctzen voll und ganz das Recht der Ukraine, ihre eigenen Sicherheitsvereinbarungen zu treffen. Die Zukunft der Ukraine liegt in der NATO \u2026 Die Ukraine ist zunehmend interoperabel und politisch in das B\u00fcndnis integriert und hat erhebliche Fortschritte auf ihrem Reformweg gemacht.\u201c<\/p>\n<p>13. Juli 2023. US-Verteidigungsminister Lloyd Austin bekr\u00e4ftigt, dass die Ukraine nach Beendigung des Krieges \u201eohne Zweifel\u201c der NATO beitreten wird.<\/p>\n<p>13. Juli 2023. Putin bekr\u00e4ftigt: \u201eWas die NATO-Mitgliedschaft der Ukraine angeht, so haben wir schon oft gesagt, dass dies nat\u00fcrlich eine Bedrohung f\u00fcr die Sicherheit Russlands darstellt. In der Tat ist die Bedrohung durch den NATO-Beitritt der Ukraine der Grund oder vielmehr einer der Gr\u00fcnde f\u00fcr die spezielle Milit\u00e4roperation. Ich bin mir sicher, dass auch dies die Sicherheit der Ukraine in keiner Weise erh\u00f6hen w\u00fcrde. Generell wird dies die Welt viel verwundbarer machen und zu mehr Spannungen auf der internationalen B\u00fchne f\u00fchren. Ich kann darin also nichts Gutes erkennen. Unsere Position ist bekannt und wurde schon lange formuliert.\u201c<br \/>\nSonderdruck f\u00fcr The Kennedy Beacon<br \/>\nTHE REAL HISTORY OF THE WAR IN UKRAINE<br \/>\n&#8230; Alles vom 21.7.2023 von Jeffrey D. Sachs bitte lesen auf<br \/>\n<a href=\"https:\/\/uncutnews.ch\/die-wahre-geschichte-des-krieges-in-der-ukraine\/\">https:\/\/uncutnews.ch\/die-wahre-geschichte-des-krieges-in-der-ukraine\/<\/a><\/p>\n<p>&nbsp;<\/p>\n<p>&nbsp;<\/p>\n<p>&nbsp;<\/p>\n<p><strong>Jacques Baud: \u201ePutin \u2013 Herr des Geschehens?\u201c &#8211; Rezension<br \/>\nJacques Baud: Westliche Politiker und Journalisten in Ideologie des Hasses gefangen<\/strong><br \/>\n\u201eOb uns das nun gef\u00e4llt oder nicht, am Ende hei\u00dft der gro\u00dfe Sieger \u2026 Wladimir Putin.\u201c Diese Prognose f\u00fcr den Krieg in und um die Ukraine ist der letzte Satz in dem <em><strong>Buch \u201ePutin \u2013 Herr des Geschehens?\u201c von Jacques Baud<\/strong><\/em>, Schweizer Milit\u00e4rexperte und ehemaliger Nachrichtendienstoffizier. Er belegt in seinem k\u00fcrzlich auf Deutsch erschienenen Buch, dass es dem US-dominierten Westen nicht darum geht, der Ukraine zu helfen, sondern Russland zu schaden. \u201eWenn wir der Ukraine wirklich helfen wollten, h\u00e4tten wir viel fr\u00fcher gehandelt, um die L\u00f6sungen umzusetzen, f\u00fcr die wir uns eingesetzt hatten. Das haben wir nicht getan.\u201c<br \/>\nBauds Buch ist ein hervorragendes Beispiel daf\u00fcr, was \u201eFaktenchecking\u201c wirklich sein kann, n\u00e4mlich Fakten anhand von Informationen und Quellen objektiv zu \u00fcberpr\u00fcfen. Das Erfassen von Fakten k\u00f6nne nur erfolgen, \u201ewenn man bereit ist, Ansichten zuzuh\u00f6ren, die nicht die eigenen sind\u201c, schreibt der Autor. Mit diesem Vorgehen beantwortet er die im Titel gestellte Frage, ob Russlands Pr\u00e4sident Wladimir Putin \u201eHerr des Geschehens\u201c sei.<br \/>\nDer Ausgangspunkt f\u00fcr das 2022 zuerst auf Franz\u00f6sisch erschienene Buch sind Erkl\u00e4rungen und Behauptungen in franz\u00f6sischen Medien in Bezug auf die russische Politik. Schon im Oktober 2021 habe eine Sendung des TV-Senders France 5 Putin zum \u201eHerrn des Geschehens\u201c erkl\u00e4rt, so Baud. Ihm zufolge wird mit solchen Zuschreibungen die vereinfachte westliche Sicht wiedergegeben, wonach Russlands Pr\u00e4sident hinter (fast) allen Problemen nicht nur im Westen, sondern auch global steckt. Und: \u201eWas am 17. Oktober noch ein Einzelfall war, wurde am 24. Februar 2022 zur Denkweise des Westens.\u201c<\/p>\n<p>Vorurteile verstellen den Blick<br \/>\nDer Schweizer Milit\u00e4rexperte betont, dass er mit seinem Buch nicht zu einer bestimmten Politik oder einem bestimmten Land Stellung beziehen will. Er wolle stattdessen zeigen, \u201edass wir unsere Politik nicht auf Vorurteile, sondern auf Fakten gr\u00fcnden sollten\u201c. Dazu seziert er die westliche Politik gegen\u00fcber der Ukraine und Russland anhand von Fakten und einer Vielzahl von Quellen \u2013 wobei er auf offizielle russische Medien verzichtet.<\/p>\n<p>Ausgehend vor allem von Aussagen in der erw\u00e4hnten franz\u00f6sischen TV-Sendung und anderen franz\u00f6sischen Medien, beantwortet Baud Fragen zur russischen Politik und zur Rolle Putins. Er hat dabei nach eigener Aussage zwei Ziele, \u201en\u00e4mlich aufzuzeigen, dass unsere Vorurteile nicht der Realit\u00e4t entsprechen; dass Entscheidungen, die auf unseren Vorurteilen beruhen, das Gegenteil von dem bewirken, was wir eigentlich wollen\u201c. Zugleich setzt er sich mit dem \u201egrunds\u00e4tzlichen Einfluss der Medien auf die Meinungen unserer Entscheider\u201c auseinander. Zu diesem komme ein \u201estruktureller Einfluss der Medien und \u201aExperten\u2018 auf die politischen Entscheidungen, die das \u00f6ffentliche Leben ber\u00fchren\u201c.<\/p>\n<p>Im Unterschied zu den \u201eExperten\u201c und den selbst ernannten \u201eFaktencheckern\u201c \u00f6ffentlich-rechtlicher und privater Medien auch hierzulande erkl\u00e4rt Baud zu Beginn seines Buches Vorgehen und Begriffe, die er verwendet. Damit kann er im Weiteren belegen, warum er der etablierten Politik und den mit ihr verbundenen Medien immer wieder L\u00fcgen, Falschaussagen und auch tats\u00e4chliche Verschw\u00f6rungstheorien vorwirft. Das macht er in Auseinandersetzung mit zahlreichen westlichen Behauptungen \u00fcber die Rolle Russlands und seines derzeitigen Pr\u00e4sidenten in zahlreichen internationalen Ereignissen, \u00fcber die russische Politik und \u00fcber die Lage in dem Land selbst.<\/p>\n<p>Er widerlegt damit Legenden wie beispielsweise die, dass Putin die UdSSR wiederherstellen wolle. Der Schweizer Ex-Geheimdienstoffizier erinnert an die simple Tatsache, dass das heutige Russland ein wirtschaftsliberales Land ist, \u201egrundverschieden von der UdSSR in Bezug auf seine Ideologie und sein Funktionieren\u201c. Dem russischen Pr\u00e4sidenten Sowjetnostalgie zu unterstellen, sei \u201efaktisch falsch und politisch gelogen\u201c. Putin habe sich nicht zur Aufgabe gemacht, die Sowjetunion wiederherzustellen. \u201eEr m\u00f6chte Russland auf der internationalen B\u00fchne eine gewichtige Stimme geben, um seine Interessen zu verteidigen\u201c, so Baud. Das ziele \u201eim Wesentlichen darauf ab, wieder ein Gegengewicht zur sperrigen Omnipr\u00e4senz der Vereinigten Staaten zu schaffen, die nur f\u00fcr ihre eigenen Interessen zum Nachteil ihrer Alliierten und der \u00fcbrigen Welt handeln\u201c.<\/p>\n<p>Das Spektrum des fakten- und quellenreichen Buches reicht vom westlichen Mythos vom russischen \u201ehybriden Krieg\u201c und dem angeblichen Einfluss Moskaus auf Wahlen in anderen L\u00e4ndern \u00fcber die Energiepolitik und das Verh\u00e4ltnis zwischen Russland und der Ukraine bis zur Frage, ob Putin ein korrupter Diktator ist und wie die Bev\u00f6lkerung ihn sieht. Immer wieder kommt Baud dazu zu dem Fazit, dass Politik und Medien aus Unwissen alles miteinander vermischen und frei erfinden. \u201eMan urteilt nicht nach Fakten, sondern gem\u00e4\u00df den Vorurteilen: Das ist die exakte Beschreibung einer Verschw\u00f6rungstheorie.\u201c Und er benennt \u201edas intellektuelle Elend unserer Politiker und Journalisten, die in einer Ideologie des Hasses gefangen sind\u201c.<\/p>\n<p>Das betrifft auch die wiederholte Behauptung, Russland wolle sich die Ukraine einverleiben oder diese gar vernichten. Das widerlegt der Autor mit dem Hinweis darauf, dass in einem solchen Fall die M\u00f6glichkeit eines Atomkrieges steigt \u2013 weil dann der Abstand zwischen der NATO mit der Atommacht USA und der Atommacht Russland verringert wird. Das sei f\u00fcr beide Seiten gef\u00e4hrlich, weil es die Vorwarnzeiten verk\u00fcrze. \u201eAuch aus diesem Grund hat Russland nie Anspruch auf ukrainisches Staatsgebiet erhoben\u201c, betont Baud und f\u00fcgt hinzu: \u201eEs m\u00f6chte nicht, dass die NATO sich seiner Grenze n\u00e4hert, und es m\u00f6chte sich nicht der NATO n\u00e4hern.\u201c<\/p>\n<p>Einseitigkeit verhindert Erkenntnis<br \/>\nAus seiner Sicht will Russland die Ukraine nicht besetzen, sondern ihr eine Form der \u201eNeutralit\u00e4t\u201c aufzwingen. Und so beantwortet er die Frage, ob Putin danach strebt, das Nachbarland zu okkupieren oder gar zu vernichten, wie es unter anderem deutsche Politiker behaupten, mit einem kurzen und klaren \u201eNein\u201c. Bei dem am 24. Februar 2022 von Putin verk\u00fcndeten Ziel der \u201eEntmilitarisierung\u201c der Ukraine gehe es zum einen darum, die Bedrohung f\u00fcr die Bev\u00f6lkerung des Donbass durch die Angriffe ukrainischer Truppen zu beseitigen. Zum anderen sollten damit eine strategische Neutralisierung des Landes erreicht und die Installation westlicher und US-amerikanischer Waffensysteme auf ukrainischem Territorium verhindert werden.<\/p>\n<p>Das andere verk\u00fcndete Ziel, die \u201eEntnazifizierung\u201c, sei gegen die rechtsextremen und ultranationalistischen Milizen in der Ukraine gerichtet. Diesen wirft Russland \u201eV\u00f6lkermord\u201c vor, was durch die internationale Konvention \u00fcber den V\u00f6lkermord gedeckt ist, wie Baud nachweist. Und er stellt fest: \u201eUntersucht man den Vormarsch der russischen Kr\u00e4fte, dann stellt man ein hohes Tempo fest, mit geringeren Truppenst\u00e4rken und Kollateralsch\u00e4den als beispielsweise w\u00e4hrend der amerikanischen Offensive im Irak.\u201c<\/p>\n<p>Der Schweizer Experte kritisiert die etablierten Medien unter anderem deutlich daf\u00fcr, dass sie sich nur auf ukrainische Quellen st\u00fctzen. Sie w\u00fcrden zu wenig recherchieren und ihre Weltsicht mit den Fakten verwechseln. Das zeige sich insbesondere bei den \u201eFaktencheckern\u201c, die sich wie politische Aktivisten benehmen und sich \u201enicht an strenge Definitionen f\u00fcr die von ihnen verwendeten Begriffe\u201c halten w\u00fcrden. Baud verweist auch auf die Hintergr\u00fcnde der medialen Kampagnen wie die britische \u201eIntegrity Initiative\u201c. \u201eIn Wirklichkeit geht es weniger darum, gegen die russische Desinformation zu bek\u00e4mpfen, als das zu bek\u00e4mpfen, was sich der westlichen Desinformation entgegenstellt. Dieses Bek\u00e4mpfen beeintr\u00e4chtigt unser Verst\u00e4ndnis von Russland.\u201c<\/p>\n<p>Fakten erm\u00f6glichen den Dialog<br \/>\nWenig \u00fcberraschend gilt der Autor denn auch schweizerischen Medien als \u201eGeheimdienstler auf Putins Mission\u201c. Der Ex-Oberst der Schweizer Armee stellt in seinem Buch fest, wir sollten uns \u201eernste Fragen stellen zur moralischen und strafrechtlichen Verantwortung der Medien, die nicht nach den Kriterien der journalistischen Ethik arbeiten und unsere Wahrnehmung bewusst verf\u00e4lschen wollen.\u201c<br \/>\nEr geht auch mit jenen hart ins Gericht, die sich politisch und medial auf die vermeintlichen westlichen Werte berufen: \u201eIn Wirklichkeit rechtfertigen sie Folter, Krieg und die Einmischung in souver\u00e4ne L\u00e4nder. Wenn wir einen bewaffneten Konflikt in der Ukraine h\u00e4tten vermeiden wollen, h\u00e4tten wir f\u00fcr die Einhaltung des V\u00f6lkerrechts gesorgt. Wir haben die russischsprachigen Menschen im Donbass sterben sehen, in der Hoffnung, dass dies zu einem Krieg f\u00fchren w\u00fcrde, mit dem wir Russland besiegen k\u00f6nnen.\u201c<br \/>\nBauds Buch ist ein pr\u00e4gnanter Beitrag zur Aufkl\u00e4rung, der dem Motto folgt, das auf der Buchr\u00fcckseite zu lesen ist: \u201eZur\u00fcck zu den Fakten, zur\u00fcck zum Dialog!\u201c Es sollten vor allem jene lesen, die zwar immer noch den \u201eVerschw\u00f6rungstheorien\u201c der etablierten Medien und Politik glauben, aber mit der Zeit doch daran zweifeln. Es kann helfen, die Ereignisse und Zusammenh\u00e4nge besser zu verstehen und einordnen zu k\u00f6nnen, gerade weil der Autor aus der neutralen Schweiz kommt, f\u00fcr das Schweizer Milit\u00e4r und den Nachrichtendienst seines Landes ebenso wie f\u00fcr die UNO und die NATO t\u00e4tig war sowie selbst als Gasth\u00f6rer die russische Generalstabsakademie besuchte. Seine internationale Erfahrung und Perspektive k\u00f6nnen bei der Suche nach Frieden f\u00fcr die Ukraine helfen.<br \/>\nAlles vom 20.7.2023 von Tilo Gr\u00e4ser bitte lesen auf<br \/>\n<a href=\"https:\/\/www.nachdenkseiten.de\/?p=101361\">https:\/\/www.nachdenkseiten.de\/?p=101361<\/a><br \/>\n.<br \/>\n<em>Jacques Baud: \u201ePutin \u2013 Herr des Geschehens?\u201c<\/em><br \/>\n<em>Westend Verlag 2023, 320 Seiten, ISBN: 9783864894268, 26 Euro<\/em><br \/>\n.<br \/>\n.<\/p>\n<p><strong>Warum hat Putin die Ukraine angegriffen?<\/strong><br \/>\nWas geschah wirklich in den Tagen und Wochen unmittelbar vor Kriegsausbruch im Februar 2022? Der Schweizer Geheimdienstanalyst und UN-Experte Jacques Baud hat die Ereignisse im Vorfeld des russischen Angriffs unter die Lupe genommen. In seinem in dieser Woche in deutscher Sprache erscheinenden Buch stellt er bislang wenig beachtete Quellen in einen gr\u00f6\u00dferen Zusammenhang. Multipolar ver\u00f6ffentlicht Ausz\u00fcge.<br \/>\nIn jedem Konflikt ha\u0308ngt die Lo\u0308sung davon ab, wie er zu verstehen ist. Die Gefahr bei tragischen Ereignissen besteht darin, dass wir sie emotional dominiert betrachten und sie beurteilen, bevor wir sie analysiert haben. (\u2026) Wollte Wladimir Putin die Ukraine Anfang 2022 angreifen? Wir stecken nicht in seinem Kopf, aber die Indikatoren, die man im Allgemeinen vor kriegerischen Konflikten beobachten kann, waren nicht vorhanden. Es ist sehr wahrscheinlich, dass eine solche Absicht bis Mitte Februar 2022 nicht bestand. Dagegen kann man vermuten, dass Russland darauf vorbereitet war einzugreifen (\u201eEventualfallplan\u201c), falls die Ukraine eine entscheidende Offensive begonnen ha\u0308tte, um den Donbass milita\u0308risch in ihre Gewalt zu bringen. (&#8230;)<br \/>\nGanz offensichtlich versuchen die Amerikaner [im Januar 2022] die Spannungen mit Russland zu vergro\u0308\u00dfern und erzeugen Spannungen innerhalb des atlantischen Bu\u0308ndnisses. Denn es scheint, als ob Deutschland und seine Nachrichtendienste eine andere Einscha\u0308tzung der Lage haben. Abgesehen davon, dass Kanzler Olaf Scholz sich weigert, seinen amerikanischen Gegenpart zu treffen, legt Deutschland sein Veto gegen Waffenlieferungen an die Ukraine ein. Dies erkla\u0308rt, weshalb Gro\u00dfbritannien sorgfa\u0308ltig den deutschen Luftraum meidet, wenn es der Ukraine Waffen schickt: aus Angst, Deutschland ko\u0308nnte ihn fu\u0308r Gro\u00dfbritannien sperren. Das sagt viel aus u\u0308ber das zwischen den NATO-Bu\u0308ndnispartnern herrschende Vertrauen. Tatsa\u0308chlich hat Joe Biden den CIA-Direktor William Burns entsandt, um mit Scholz und Bruno Kahl, dem Chef des strategischen Nachrichtendienstes BND, zu verhandeln. Denn laut einem Bericht des Spiegel sind die deutschen Dienste weiterhin skeptisch, was die von den Amerikanern gelieferten Informationen angeht.<br \/>\nAm 23. Januar [2022] irritiert der angeku\u0308ndigte Abzug eines Teils des diplomatischen Personals aus Kiew die ukrainische Regierung. Die Ukrainer stellen fest, dass die westliche Drohkulisse eines Kriegsrisikos \u2013 welches die Ukrainer immer verneint haben \u2013 ein Ausma\u00df annimmt, welches das Land langfristig scha\u0308digen kann. In der Tat berichtet BBC News Ukraine: \u201eDie ukrainische Hrywnja ist abgestu\u0308rzt und die Investoren sind in Panik geraten.\u201c Und sie meiden die Ukraine, deren Wirtschaft bereits ins Wanken gera\u0308t. So gei\u00dfelt der Sekreta\u0308r des Nationalen Sicherheits- und Verteidigungsrats Oleksij Danilow den Westen: \u201eZu Beginn dieser Angelegenheit, anla\u0308sslich einer Vero\u0308ffentlichung in der Washington Post vom 30. Oktober des vergangenen Jahres, habe ich mit einem Journalisten dieser Publikation gesprochen. Er hat nicht beachtet, was ich ihm gesagt habe.\u201c<br \/>\n,,. Alles vom 17.7.2023 bitte lesen auf<br \/>\n<a href=\"https:\/\/multipolar-magazin.de\/artikel\/warum-hat-putin-die-ukraine-angegriffen\">https:\/\/multipolar-magazin.de\/artikel\/warum-hat-putin-die-ukraine-angegriffen<\/a><br \/>\n.<br \/>\nEinige Kommentare:<br \/>\nDa die USA nicht ohne unsere B\u00fcndnistreue den Krieg in Afghanistan wagen konnten, stellen sie nun unsere Treue gegen Russland auf eine gr\u00f6\u00dfere Probe. Wenn es dazu eine deutsche Partei wagt, auf unsere deutschen Interessen zu bestehen und mit dieser Forderung einen Stimmenzuwachs erreicht, dann kommen mit t\u00f6dlicher Sicherheit Forderungen nach Spaltung wie &#8222;Nur Sahra Wagenknecht kann die AfD jetzt noch stoppen&#8220; (Titel bei Focus). Bei so viel uralter Spalteritis k\u00f6nnte man sich mal fragen, wieso eigentlich nicht alle (Linke wie Rechte als auch Liberale und Konservative) bei uns wie in allen anderen L\u00e4ndern, neben Sicherheit auch sonst schon seit vielen Jahren immer dasselbe wollten, n\u00e4mlich das: Freiheit, Wohlstand, Demokratie und freie Marktwirtschaft. Wer also profitiert von der Bewusstseinsspaltung gegen gemeinsame Interessen? Wei\u00df jemand eine Antwort auf diese eigentlich schon 120-j\u00e4hrige Frage? L.L.<br \/>\n.<br \/>\nIch hoffe, es schauen noch Leute in diesen Artikel, denn ich habe gerade ein sehr interessantes Interview mit Jacques Baud und einem Journalisten des Westend Verlages angeh\u00f6rt. <a href=\"https:\/\/www.youtube.com\/watch?v=fSteh66ftKo\">https:\/\/www.youtube.com\/watch?v=fSteh66ftKo<\/a>, S.P.<br \/>\nEnde Kommentare<\/p>\n<p>&nbsp;<\/p>\n<p><strong>Jacques Baud erl\u00e4utert die wahren Gr\u00fcnde des Ukraine-Krieges<\/strong><br \/>\n<strong>Ein Interview von Ekkehard Sieker<\/strong><br \/>\nVon der Art und Weise, wie wir eine Krise verstehen, h\u00e4ngt es ab, wie wir sie l\u00f6sen. Die h\u00e4ufig unvollst\u00e4ndige Darstellung der Vorgeschichte des Ukraine-Kriegs in vielen europ\u00e4ischen Medien und in der Politik hat durch zu einfache und einseitige Schuldzuweisung die Chancen auf eine Verhandlungsl\u00f6sung verringert. Ekkehard Sieker spricht mit Jacques Baud dar\u00fcber und \u00fcber vieles mehr.<br \/>\n&#8230; Alles vom 10.7.2023 bitte lesen auf<br \/>\n. <a href=\"https:\/\/www.youtube.com\/watch?v=fSteh66ftKo\">https:\/\/www.youtube.com\/watch?v=fSteh66ftKo<\/a><br \/>\n.<br \/>\nDer Beginn des Interviews in Stichworten:<br \/>\n&#8211; 23.2.2014:\u00a0 <em><strong>Gesetz \u00fcber die Abschaffung des Russischen als Amtssprache in der gesamten Ukraine.<\/strong> <\/em>Das Verbot der russischen Muttersprache gilt auch f\u00fcr den S\u00fcden der Ukraine, in dem bis zu 70% russischsprachige Ukrainer betroffen sind. Dies war laut Jacques Baud der &#8222;Startpunkt der Spaltung der Ukraine und der kriegerischen Auseinandersetzungen&#8220;. Man stelle sich vor, die italienische Regierung in Rom verbietet in S\u00fcdtirol das Deutsche als Amtssprache, obwohl Deutsch f\u00fcr die gro\u00dfe Mehrheit die Muttersprache ist.<br \/>\n&#8211; Ab September 2014: Die f\u00fcnf Volksrepubliken Odessa, Dnjepropetrovsk, Charkiv, Donezk und Lugansk rebellieren gegen Kiew und erkl\u00e4ren sich zu autonomen Gebieten innerhalb der Ukraine, NICHT zu separatistischen Gebieten.<br \/>\n&#8211; Dezember 2014 Minsk I und II: Abkommen zwischen den beiden Volksrepubliken Donezk und Lugansk und der Zentralregierung in Kiew. Ziel war, die russischsprachigen Ukrainer innerhalb des ukrainischen Territoriums zu sch\u00fctzen und befrieden. Wie <a href=\"https:\/\/www.freiburg-schwarzwald.de\/blog\/merkel-minsk-zum-zeitgewinn\/\">Merkel sp\u00e4ter zugab<\/a>, wurden die Abkommen von ihr nur unterst\u00fctzt, um Kiew Zeit zu verschaffen zum Aufbau einer schlagkr\u00e4ftigen Armee.<br \/>\n&#8211; 28.2.2022: Putin marschiert in die Ukraine ein. Der eigentliche Kriegsbeginn liegt jedoch in 2014.<br \/>\n&#8211; Weiterh\u00f6ren auf <a href=\"https:\/\/www.youtube.com\/watch?v=fSteh66ftKo\">https:\/\/www.youtube.com\/watch?v=fSteh66ftKo<\/a> &#8230;<br \/>\n.<br \/>\nEinige Kommentare:<br \/>\nGutes Interview. Es sollte endlich auch mal in den \u00f6ffentlich rechtlichen Sendern Kritische Diskussionen geben. Das Volk wird in einer seltsamen Regenbogen Woke Blase gehalten, verdummt, krank gemacht und verarmt. Keiner will zugeben, dass sein Weltbild falsch ist. Es wird weggeschaut und die Meinung vertreten, die grad Schick ist. Wenn es dreckig ist, das Licht ausschalten dann sieht man es nicht. Die Deutschen sind feige und verw\u00f6hnt und fl\u00fcchten in die arme des Staates anstatt und die Arme von Gott. Nic<br \/>\n.<br \/>\nJeder Deutsche sollte diesen Beitrag h\u00f6ren. Es w\u00e4re eigentlich Aufgabe unserer Medien diese FAKTEN zu verbreitern. Das Gegenteil tun unseren Medien, allen voran unserer \u00f6.r. Rundfunk tats\u00e4chlich diese mafiosi Strukturen unterst\u00fctzt und das Volk betr\u00fcgt, dass ihn finanziert bzw. finanzieren muss. P.S. Mein ganz pers\u00f6nlicher Dank an Jacques Baud. Xen<br \/>\n.<br \/>\n&#8222;Nicht wer zuerst die Waffen ergreift, ist Anstifter des Unheils, sondern wer dazu n\u00f6tigt.&#8220; Niccolo Machiavelli<br \/>\n&#8222;Der ungerechteste Frieden ist immer noch besser als der gerechteste Krieg.&#8220; Marcus Tullius Cicero, kur<br \/>\n.<br \/>\nDer Krieg hatte schon vor 2014 angefangen. Ich habe die Ukraine letztmals im Mai 2012 bereist, also noch vor der Fussball EM. Und ich war schockiert, und ich bin mit der Angst abgereist, dass dieser Krieg bald ausbrechen wird. Denn der Riss quer durch die Bev\u00f6lkerung der Ukraine war bereits damals sp\u00fcrbar gewesen : ein Bev\u00f6lkerungsteil, der an der russischen bzw ostslawischen Seele festgehaltet hat, und die Traditionen des eigenen Volkes gepflegt hat. Und ein Bev\u00f6lkerungsteil, der die russische bzw ostslawische Seele f\u00fcr Dollars &amp; Euros bereits damals verkauft hatte, und die eigene Identit\u00e4t auf den M\u00fcllhaufen geworfen hatte.<br \/>\nHeute erkennen wir das deutlich an der Verlegung des ukrainischen Weihnachtsfestes auf das amerikanische bzw westeurop\u00e4ische Datum. con<br \/>\nEnde Kommentare<\/p>\n<p>&nbsp;<\/p>\n<p>&nbsp;<\/p>\n<p><strong>Film &#8222;Ukrainekrieg in Interviews&#8220; von Bodo Kaiser<\/strong><br \/>\nDer Film &#8222;Ukrainekrieg in Interviews&#8220; unter der Regie von <a href=\"https:\/\/www.freiburg-schwarzwald.de\/blog\/corona-welten-von-bodo-kaiser\/\">Bodo Kaiser<\/a> l\u00e4uft am 12. Juni 2023, 19.30 Uhr, in Anwesenheit des Filmemachers und des Historikers Wolfram Wette im Freiburger Kommunalen Kino. Er wird auch am 28. September 2023 in Waldkirch gezeigt. Weitere Termine in Planung.<br \/>\n10.6.2023<br \/>\n.<br \/>\nEnde von Beitrag &#8222;Film &#8222;Ukrainekrieg in Interviews&#8220; von Bodo Kaiser&#8220;<br \/>\n=========================================<br \/>\nBeginn von Anlagen (1) &#8211; (2)<br \/>\n.<br \/>\n<strong>(1) Ukrainekrieg in Interviews<\/strong><br \/>\nDer neueste Film von Bodo Kaiser versammelt Gespr\u00e4che mit Menschen mit ganz unterschiedlichen Standpunkten und Einsch\u00e4tzungen zum Krieg gegen die Ukraine und dessen Hintergr\u00fcnden, die mit ihren kontr\u00e4ren Perspektiven gegeneinander geschnitten sind. Interviewpartner*innen sind unter anderen ein Sozialarbeiter, eine Psychotherapeutin, ein Forstwissenschaftler, ein Bildungsberater, eine russische Musikerin und ein russischer Schriftsteller, eine ukrainische Organistin und eine ukrainische Pianistin und eine Professorin des slawischen Seminars &#8230;<br \/>\nMo 12.06., 19:30; Im Anschluss Diskussion im Beisein von Prof. Wette und Bodo Kaiser<br \/>\n<a href=\"https:\/\/www.koki-freiburg.de\/ukrainekrieg-in-interviews\/\">https:\/\/www.koki-freiburg.de\/ukrainekrieg-in-interviews\/<\/a><\/p>\n<p><strong>(2) Br\u00fccken in ein anderes Russland: Bodo Kaisers Doku &#8222;Ukrainekrieg in Interviews&#8220;<\/strong><br \/>\nIn Bodo Kaisers Film &#8222;Ukrainekrieg in Interviews&#8220; kommen neben dem Historiker Wolfram Wette die unterschiedlichsten Meinungstr\u00e4ger zu Wort. Ein Beitrag zum Dialog, der zugleich dessen Schwierigkeit demonstriert.<br \/>\nDer politisch wie p\u00e4dagogisch engagierte Freiburger Filmemacher Bodo Kaiser (88) hat sich in seinen Arbeiten immer mit der Zeitgeschichte auseinandergesetzt, von Nationalsozialismus bis Jugendkultur. Im Zentrum seiner j\u00fcngsten Doku, der Collage &#8222;Ukrainekrieg in Interviews&#8220;, steht eine Rede von Wolfram Wette (82) in Emmendingen am 24. Februar, dem ersten Jahrestag des russischen Angriffs auf die Ukraine. Der Historiker und Friedensforscher zitiert Papst Franziskus, der schon im Juni 22 zu bedenken gab, dass wir nicht das ganze Drama hinter diesem Krieg sehen, der vielleicht &#8222;provoziert oder nicht verhindert wurde.&#8220;<br \/>\n&#8230;<br \/>\nDie Krise im Vorfeld des Angriffs auf die Ukraine begr\u00fcndet Wette allein mit der Nato-Osterweiterung \u2013 warum die nach Aufl\u00f6sung der UdSSR entstandenen selbstst\u00e4ndigen Nationalstaaten so vehement nach Westbindung strebten, thematisiert er nicht. Es klingt erstaunlich viel Verst\u00e4ndnis an f\u00fcr das Interesse Russlands, die &#8222;als bedrohlich empfundene Ausdehnung nicht einfach hinzunehmen, sondern sich hier im Zweifelsfall auch mit dem Mittel eines Angriffskriegs entgegenzustellen.&#8220; Denn: &#8222;Inakzeptabel war und ist f\u00fcr den Kreml insbesondere eine Ukraine, die nach Nato-Standards militarisiert wird und die es zul\u00e4sst, dass atomare Mittelstreckenraketen an der Grenze zu Russland stationiert werden, die binnen weniger Minuten Moskau erreichen k\u00f6nnten.&#8220;<br \/>\nKaiser kontrastiert den eloquenten und schriftlich ausgearbeiteten Vortrag des renommierten Historikers nun aber nicht mit anderen wissenschaftlichen Positionen, sondern zerlegt ihn in H\u00e4ppchen und schneidet Ansichten ganz unterschiedlicher Interviewpartner dazwischen: &#8230;<br \/>\n&#8230; Alles vom 8.6.2023 von Gabriele Schoder bitte lesen auf<br \/>\n<a href=\"https:\/\/www.badische-zeitung.de\/bruecken-in-ein-anderes-russland-bodo-kaisers-doku-ukrainekrieg-in-interviews--266875733.html\">https:\/\/www.badische-zeitung.de\/bruecken-in-ein-anderes-russland-bodo-kaisers-doku-ukrainekrieg-in-interviews&#8211;266875733.html<\/a><\/p>\n<p>.<\/p>\n<p>&nbsp;<\/p>\n<p><strong>Filmregisseur Domke-Schulz: Gesichter des Donbass<\/strong><br \/>\n<strong>Donbass-Filmregisseur Domke-Schulz: \u201eSie wollten nicht Menschen zweiter Klasse sein\u201c<\/strong><br \/>\nDer Donbass ist ein Kriegsgebiet, \u00fcber das die ganze Welt spricht. Aber \u00f6ffentlich-rechtliche und private deutsche Fernsehanstalten mit Informationsauftrag meiden dieses Gebiet wie eine hei\u00dfe Kartoffel. Seit 2014 haben ARD und ZDF keine einzige ausf\u00fchrliche Film-Dokumentation aus den \u201eVolksrepubliken\u201c Donezk und Lugansk gesendet, wie sie in den letzten Jahren etwa von mehreren freien Journalisten und Video-Filmern vorgelegt wurden. Wie man ohne geb\u00fchren-finanzierte Budgets Donbass-Filme machen kann, wollte Ulrich Heyden in Moskau von dem Regisseur Wilhelm Domke-Schulz wissen. Der Dokumentarist aus der Gegend um Leipzig drehte[1] https:\/\/www.domke-schulz-film.de\/produktionen\/ in den letzten 30 Jahren Filme f\u00fcr MDR und ARD.<br \/>\nDer letzte Film von Domke-Schulz \u00fcber den B\u00fcrgerkrieg in der Ukraine, \u201eGesichter des Donbass\u201c, <a href=\"https:\/\/vimeo.com\/807582851\">https:\/\/vimeo.com\/807582851<\/a> ist seit einem Monat im Netz.<br \/>\n&#8230;<br \/>\nDass in seinen inzwischen drei Donbass-Filmen nicht beide Seiten des B\u00fcrgerkriegs zu Wort kommen, erkl\u00e4rt Domke-Schulz damit, dass er nicht in die Ukraine einreisen konnte, um auch dort Interviews zu f\u00fchren. Seit seinem Film \u00fcber den Brandangriff auf ein Gewerkschaftshaus in der S\u00fcdukraine \u201eRemember Odessa\u201c <a href=\"https:\/\/vimeo.com\/681279124\">https:\/\/vimeo.com\/681279124<\/a> stehe er auf der Myrotvorets-Liste, auf der \u201eFeinde\u201c Kiews gelistet sind.<br \/>\n&#8230;<br \/>\nDomke-Schulz hat seit 2014 drei Filme \u00fcber den B\u00fcrgerkrieg in der Ukraine gemacht. Au\u00dfer dem Film \u201eRemember Odessa\u201c und \u201eGesichter des Donbass\u201c auch noch den Film \u201eLeben und Sterben im Donbass\u201c. <a href=\"https:\/\/vimeo.com\/686643086\">https:\/\/vimeo.com\/686643086<\/a> Diesen Film, in dem die gesamte Geschichte des ukrainischen B\u00fcrgerkrieges in allen Einzelheiten erz\u00e4hlt wird, habe er speziell f\u00fcr Westdeutsche gemacht. Bei einem gro\u00dfen Teil der Westdeutschen g\u00e4be es in Bezug auf die Ukraine praktisch kein Vorwissen und man m\u00fcsse \u201epraktisch bei Null anfangen\u201c, meint der Regisseur.<br \/>\n&#8230;<br \/>\nWarum wissen viele Westdeutsche \u00fcber den Donbass so wenig oder sogar gar nichts? Der erste Grund ist wohl, dass die gro\u00dfen deutschen Medien direkt aus den Volksrepubliken Donezk und Lugansk nicht berichten. Und auch wenn die Korrespondenten des deutschen Mainstreams aus der Zentralukraine berichten, halten sie sich streng an die Vorgaben der ukrainischen Regierung. Kritische Fragen zur Verfolgung von Andersdenkenden (z.B. Ukrainische Menschenrechtlerin Larissa Schessler: \u201eAlle haben Angst\u201c (nachdenkseiten.de) ) und Oppositionellen (z.B. Kiewer Rechtsanwalt Walentin Rybin: \u201eIch f\u00fcrchtete um mein Leben\u201c (nachdenkseiten.de) ) in der Ukraine oder zur Verfolgung der russisch-orthodoxen Kirche werden von den ARD- und ZDF-Korrespondenten nicht gestellt.<br \/>\nDer zweite Grund ist, dass die Geschichte des B\u00fcrgerkrieges in der Ukraine verf\u00e4lscht wird, indem wichtige Ereignisse des B\u00fcrgerkriegs in den Erz\u00e4hlungen der gro\u00dfen deutschen Medien einfach weggelassen werden, wie der Staatsstreich in Kiew 2014, die Streichung von Russisch als offizielle Regionalsprache durch das ukrainische Parlament (23. Februar 2014), die Entsendung von ukrainischen Truppen in den Donbass (14. April 2014) und der Brandanschlag auf das Gewerkschaftshaus von Odessa (2. Mai 2014)<br \/>\n&#8230;<br \/>\nDonbass-Filmer werden in Deutschland verfemt und verfolgt<br \/>\nWenn man mit Journalisten der gro\u00dfen deutschen Medien \u00fcber die Berichterstattung zum Ukraine-Krieg spricht, h\u00f6rt man oft das Argument, \u201edie Russen\u201c w\u00fcrden ARD und ZDF nicht in die \u201eVolksrepubliken\u201c lassen. Doch das stimmt nicht. 2018 berichteten ARD und ZDF mit eigenen Korrespondenten mit ein paar zwei Minuten langen Nachrichtenst\u00fccken \u00fcber die Wahlen in den \u201eVolksrepubliken\u201c. Auch haben au\u00dfer Wilhelm Domke-Schulz mehrere freie Journalisten und Blogger Filmdokumentationen von dort ver\u00f6ffentlicht, wie die Franz\u00f6sin Anne Laure Bonnel[2], der Engl\u00e4nder Graham Phillips, sowie die Deutschen Marc Bartalmai[3], Alina Lipp[4] und der Autor[5] dieser Zeilen.<br \/>\n&#8230; Alles vom 3.5.2023 von Ulrich Heyden bitte lesen auf<br \/>\n<a href=\"https:\/\/www.nachdenkseiten.de\/?p=97152\">https:\/\/www.nachdenkseiten.de\/?p=97152<\/a><\/p>\n<p>[\u00ab2] <a href=\"https:\/\/www.exxpress.at\/umstrittene-kriegsreporterin-franzoesin-berichtet-von-zerstoerungen-in-donetzk\/\">https:\/\/www.exxpress.at\/umstrittene-kriegsreporterin-franzoesin-berichtet-von-zerstoerungen-in-donetzk\/<\/a><br \/>\n[\u00ab3] Marc Bartalmai lebte seit 2014 l\u00e4ngere Zeit in Donezk. Er drehte dort f\u00fcr seine Filme \u201eUkrainian Agony\u201c (2015) <a href=\"https:\/\/www.youtube.com\/watch?v=sy759dlJWYE\">https:\/\/www.youtube.com\/watch?v=sy759dlJWYE<\/a> und \u201eFrontstadt Donezk\u201c (2017) <a href=\"https:\/\/www.youtube.com\/watch?v=w5-JPEcMHfg\">https:\/\/www.youtube.com\/watch?v=w5-JPEcMHfg<\/a><br \/>\n[\u00ab4] Alina Lipp, Dokumentarfilm \u201cDonbass 2022\u201d, <a href=\"https:\/\/www.vk.com\/video29517891_456253565\">https:\/\/www.vk.com\/video29517891_456253565<\/a><br \/>\n[\u00ab5] Ulrich Heyden, \u201eSechs Jahre Krieg in Europa \u2013 Reportage Lugansk\u201c (2020) <a href=\"https:\/\/www.youtube.com\/watch?v=AvXJtPl-hnQ\">https:\/\/www.youtube.com\/watch?v=AvXJtPl-hnQ<\/a><\/p>\n","protected":false},"excerpt":{"rendered":"<p>Home\u00a0&gt;Global &gt;Russland\u00a0&gt;Ukraine\u00a0&gt;Donbass\u00a0&gt;Ukraine-Frieden &gt;Ukrainekrieg &gt;Vorgeschichte Listenauswahl eines Beitrags: Bitte anklicken oder runterscrollen EU-Sanktionen vs Jacques Baud (19.12.2025) Jobst Landgrebe: Was war der Ukraine-Krieg? (23.11.2025) Petra Erler: Der lange Weg zum Krieg &#8211; Schuld des Westens am Ukrainekrieg (3.7.2025) Benjamin Abelow: Wie &hellip; <a href=\"https:\/\/www.freiburg-schwarzwald.de\/blog\/global\/ukraine\/vorgeschichte\/\">Weiterlesen <span class=\"meta-nav\">&rarr;<\/span><\/a><\/p>\n","protected":false},"author":2,"featured_media":0,"parent":45400,"menu_order":0,"comment_status":"closed","ping_status":"closed","template":"","meta":{"footnotes":""},"class_list":["post-112222","page","type-page","status-publish","hentry"],"_links":{"self":[{"href":"https:\/\/www.freiburg-schwarzwald.de\/blog\/wp-json\/wp\/v2\/pages\/112222","targetHints":{"allow":["GET"]}}],"collection":[{"href":"https:\/\/www.freiburg-schwarzwald.de\/blog\/wp-json\/wp\/v2\/pages"}],"about":[{"href":"https:\/\/www.freiburg-schwarzwald.de\/blog\/wp-json\/wp\/v2\/types\/page"}],"author":[{"embeddable":true,"href":"https:\/\/www.freiburg-schwarzwald.de\/blog\/wp-json\/wp\/v2\/users\/2"}],"replies":[{"embeddable":true,"href":"https:\/\/www.freiburg-schwarzwald.de\/blog\/wp-json\/wp\/v2\/comments?post=112222"}],"version-history":[{"count":5,"href":"https:\/\/www.freiburg-schwarzwald.de\/blog\/wp-json\/wp\/v2\/pages\/112222\/revisions"}],"predecessor-version":[{"id":143152,"href":"https:\/\/www.freiburg-schwarzwald.de\/blog\/wp-json\/wp\/v2\/pages\/112222\/revisions\/143152"}],"up":[{"embeddable":true,"href":"https:\/\/www.freiburg-schwarzwald.de\/blog\/wp-json\/wp\/v2\/pages\/45400"}],"wp:attachment":[{"href":"https:\/\/www.freiburg-schwarzwald.de\/blog\/wp-json\/wp\/v2\/media?parent=112222"}],"curies":[{"name":"wp","href":"https:\/\/api.w.org\/{rel}","templated":true}]}}