{"id":111850,"date":"2023-04-17T21:45:36","date_gmt":"2023-04-17T19:45:36","guid":{"rendered":"https:\/\/www.freiburg-schwarzwald.de\/blog\/?page_id=111850"},"modified":"2026-03-17T18:48:02","modified_gmt":"2026-03-17T17:48:02","slug":"meldestellen","status":"publish","type":"page","link":"https:\/\/www.freiburg-schwarzwald.de\/blog\/engagement\/zukunft\/demokratie\/denunziation\/meldestellen\/","title":{"rendered":"Meldestellen"},"content":{"rendered":"<p><a href=\"https:\/\/www.freiburg-schwarzwald.de\/blog\">Home<\/a>\u00a0&gt;<a title=\"Kultur\" href=\"https:\/\/www.freiburg-schwarzwald.de\/blog\/kultur\/\">Kultur<\/a>\u00a0&gt;<a title=\"Medien\" href=\"https:\/\/www.freiburg-schwarzwald.de\/blog\/kultur\/medien\/\">Medien<\/a>\u00a0&gt;<a title=\"Diskussionskultur\" href=\"https:\/\/www.freiburg-schwarzwald.de\/blog\/kultur\/medien\/diskussionskultur\/\">Diskussionskultur<\/a> &gt;<a href=\"https:\/\/www.freiburg-schwarzwald.de\/blog\/engagement\/zukunft\/demokratie\/denunziation\/\">Denunziation<\/a> &gt;Meldestellen<\/p>\n<div id=\"attachment_106599\" style=\"width: 650px\" class=\"wp-caption alignnone\"><a href=\"https:\/\/www.freiburg-schwarzwald.de\/blog\/wp-content\/uploads\/2022\/11\/fussball-wm-mund-zu-pan221121.jpg\"><img loading=\"lazy\" decoding=\"async\" aria-describedby=\"caption-attachment-106599\" class=\"size-full wp-image-106599\" src=\"https:\/\/www.freiburg-schwarzwald.de\/blog\/wp-content\/uploads\/2022\/11\/fussball-wm-mund-zu-pan221121.jpg\" alt=\"\" width=\"640\" height=\"419\" srcset=\"https:\/\/www.freiburg-schwarzwald.de\/blog\/wp-content\/uploads\/2022\/11\/fussball-wm-mund-zu-pan221121.jpg 640w, https:\/\/www.freiburg-schwarzwald.de\/blog\/wp-content\/uploads\/2022\/11\/fussball-wm-mund-zu-pan221121-180x118.jpg 180w\" sizes=\"auto, (max-width: 640px) 100vw, 640px\" \/><\/a><p id=\"caption-attachment-106599\" class=\"wp-caption-text\">Fussball-WM in Katar 21.11.2022: &#8222;Mund zu&#8220;-Geste der deutschen Nationalmannschaft vor der Niederlage gegen Japan 1:2<\/p><\/div>\n<p>&nbsp;<\/p>\n<ul>\n<li><em>Listenauswahl eines Beitrags: Bitte <span style=\"text-decoration: underline;\">anklicken<\/span> oder runterscrollen<\/em><\/li>\n<li><a href=\"https:\/\/www.freiburg-schwarzwald.de\/blog\/engagement\/zukunft\/demokratie\/denunziation\/meldewesen\/\">MEME: Meldestelle f\u00fcr Meldestellen bei Tichy eingerichtet<\/a> (15.3.2026)<\/li>\n<li><a href=\"https:\/\/www.freiburg-schwarzwald.de\/blog\/recht-freie-meinungsaeusserung\/\">Recht: Freie Meinungs\u00e4u\u00dferung<\/a>\u00a0(25.1.2026)<\/li>\n<li><a href=\"https:\/\/www.freiburg-schwarzwald.de\/blog\/kultur\/medien\/social-media\/dsa\/\">CDU und CSU sind dabei, den totalen \u00dcberwachungsstaat zu errichten<\/a> (10.1.2026)<\/li>\n<li><a href=\"https:\/\/www.freiburg-schwarzwald.de\/blog\/kultur\/medien\/meinungsfreiheit\/meinungszensur\/\">HateAid im internationalen Scheinwerferlicht: Staatliche Zensur in privater Kost\u00fcmierung<\/a> (27.12.2025)<\/li>\n<li><a href=\"https:\/\/www.freiburg-schwarzwald.de\/blog\/engagement\/zukunft\/demokratie\/denunziation\/meldewesen\/\">Meldestelle REspect! : Der Staat bin ich<\/a> (12.12.2025)<\/li>\n<li><a href=\"https:\/\/www.freiburg-schwarzwald.de\/blog\/dsa-trick-meinungsfreiheit-eu\/\">DSA-Trick Meinungsfreiheit EU<\/a>\u00a0(26.11.2025)<\/li>\n<li><a href=\"https:\/\/www.freiburg-schwarzwald.de\/blog\/kultur\/medien\/zensur\/online-zensur\/\">Deutschland hat kein Desinformationsproblem, aber ein Zensurproblem<\/a>\u00a0(23.11.2025)<\/li>\n<li><a href=\"https:\/\/www.freiburg-schwarzwald.de\/blog\/kultur\/medien\/zensur\/online-zensur\/\">\u201eZensurnetzwerk\u201c Deutschland: Wie die Regierung mit NGOs die Meinungsfreiheit untergr\u00e4bt<\/a>\u00a0(22.11.2025)<\/li>\n<li><a href=\"https:\/\/www.freiburg-schwarzwald.de\/blog\/kultur\/medien\/fake-news\/\">Faktencheck bei Tatsachen (ja\/nein)- nicht bei Gef\u00fchlen<\/a>\u00a0(27.10.2025)<\/li>\n<li><a href=\"https:\/\/www.freiburg-schwarzwald.de\/blog\/kultur\/medien\/gesinnungsdiktatur\/ablenkung\/\">Deutschland erstickt an seinen Problemen, doch das Land fl\u00fcchtet sich in eine Scheinwelt<\/a>\u00a0(31.10.2025)<\/li>\n<li>Experiment zeigt: \u201eHessen gegen Hetze\u201c geht einseitig gegen \u201eDeutschland erwache\u201c-Parole vor (1.11.2025)<\/li>\n<li>GEW f\u00fcr Meldestellen in Schule (1.7.2025)<\/li>\n<li><a href=\"https:\/\/www.freiburg-schwarzwald.de\/blog\/engagement\/zukunft\/demokratie\/denunziation\/meldewesen\/\">Meldestellen: Die staatlich gef\u00fctterte Inszenierung der rechten Bedrohung<\/a> (22.5.2025)<\/li>\n<li>Meldestellen gegen antimuslimischen Rassismus &#8211; einseitig (26.3.20925)<\/li>\n<li>\u201eDu bist gut in Mathe\u201c: Staatlich gef\u00f6rderte Meldestellen sollen gegen Rassismus vorgehen (20.3.2025)<\/li>\n<li><a href=\"https:\/\/www.freiburg-schwarzwald.de\/blog\/engagement\/zukunft\/demokratie\/denunziation\/\">Vier Meldestellen in NRW: Dunkelfelder im Denunziantenstadl<\/a> (20.3.2025)<\/li>\n<li><a href=\"https:\/\/www.freiburg-schwarzwald.de\/blog\/bsw-puerner-trusted-flagger\/\">BSW \u2013 P\u00fcrner \u2013 Truested Flagger<\/a>\u00a0(1.11.2024)<\/li>\n<li><a href=\"https:\/\/www.freiburg-schwarzwald.de\/blog\/trusted-flagger-respect-zensur\/\">Trusted Flagger: REspect Zensur<\/a>\u00a0(13.10.2024)<\/li>\n<li>Trusted Flaggers: Die letzte Schlacht um die Meinungsmacht im Internet hat begonnen (9.10.2024)<\/li>\n<li>\u201eMeldestelle REspect\u201c, Antisemitismusbeauftragte und die Hamas (9.10.2024)<\/li>\n<li>Trusted Flagger als staatliche Briefkastenfirmen der Zensur (8.10.2024)<\/li>\n<li>Ist die \u201eMeldestelle REspect!\u201c eine getarnte Islamisierungsbeh\u00f6rde? (8.10.2024)<\/li>\n<li><a href=\"https:\/\/www.freiburg-schwarzwald.de\/blog\/engagement\/zukunft\/demokratie\/gruen-links\/\">Julian Reichelt: Die gr\u00f6\u00dfte Gefahr ist der links-gr\u00fcn autorit\u00e4re Hass auf die Freiheit<\/a> (12.8.2024)<\/li>\n<li>900.000 Euro f\u00fcr Meldeportal gegen Rechts, das auch ausgedachte F\u00e4lle aufnimmt (13.7.2024)<\/li>\n<li><a href=\"https:\/\/www.freiburg-schwarzwald.de\/blog\/engagement\/zukunft\/demokratie\/denunziation\/\">Rektor denunziert Sch\u00fclerin \u2013 Polizei im Unterricht<\/a>\u00a0(16.3.2024)<\/li>\n<li><a href=\"https:\/\/www.freiburg-schwarzwald.de\/blog\/engagement\/zukunft\/demokratie\/demokratiefoerderung\/\">Amadeu Antonio Stiftung \u2013 Inoffizielle Ideologiebeh\u00f6rde des Familienministeriums<\/a>\u00a0(20.11.2023)<\/li>\n<li><a href=\"https:\/\/www.freiburg-schwarzwald.de\/blog\/hinweisgeberschutzgesetz\/\">Hinweisgeberschutzgesetz<\/a>\u00a0(12.9.2023)<\/li>\n<li><a href=\"https:\/\/www.freiburg-schwarzwald.de\/blog\/engagement\/zukunft\/demokratie\/buerokratie\/\">B\u00fcrokratiemonster: Kindergrundsicherung und Hinweisgeberschutzgesetz<\/a> (3.9.2023)<\/li>\n<li><a href=\"https:\/\/www.freiburg-schwarzwald.de\/blog\/engagement\/zukunft\/demokratie\/denunziation\/meldewesen\/\">Hubertus Knabe: Deutschland eifrig Spitzelland<\/a> (26.8.2023)<\/li>\n<li>Meldestellen: Nie war es so leicht, mi\u00dfliebige Personen anzuzeigen (14.4.2023)<\/li>\n<li>Wie der Staat eine Kultur des Denunzierens und \u00dcberwachens f\u00f6rdert (14.4.2023)<\/li>\n<li><\/li>\n<li><a href=\"https:\/\/www.freiburg-schwarzwald.de\/blog\/kultur\/medien\/gesinnungsdiktatur\/ablenkung\/\">Ablenkung<\/a><\/li>\n<li><a href=\"https:\/\/www.freiburg-schwarzwald.de\/blog\/kultur\/medien\/social-media\/dsa\/\">DSA<\/a><\/li>\n<li><a href=\"https:\/\/www.freiburg-schwarzwald.de\/blog\/kultur\/medien\/meinungsfreiheit\/meinungszensur\/\">Meinungszensur<\/a><\/li>\n<li><a href=\"https:\/\/www.freiburg-schwarzwald.de\/blog\/engagement\/zukunft\/demokratie\/denunziation\/meldewesen\/\">Meldewesen<\/a><\/li>\n<li><a href=\"https:\/\/www.freiburg-schwarzwald.de\/blog\/kultur\/medien\/zensur\/online-zensur\/\">Online-Zensur<\/a><\/li>\n<li><a href=\"https:\/\/www.freiburg-schwarzwald.de\/blog\/engagement\/zukunft\/demokratie\/freiheit\/ueberwachung\/\">Ueberwachung<\/a><\/li>\n<\/ul>\n<p>Meldestellen = Trusted Flaggers wie REspect!, BKA, Jugendschutz.net, &#8230;<br \/>\n===========================================================<\/p>\n<p>.<\/p>\n<p><strong>Experiment zeigt: \u201eHessen gegen Hetze\u201c geht einseitig gegen \u201eDeutschland erwache\u201c-Parole vor<\/strong><br \/>\nEin Experiment von X-Nutzern zeigt: Die staatliche Meldestelle, die hinter den Ermittlungen gegen <a href=\"https:\/\/www.freiburg-schwarzwald.de\/blog\/hausdurchsuchung-bei-prof-bolz\/\">Norbert Bolz<\/a> steckt, verfolgt die ihm zur Last gelegten \u00c4u\u00dferungen nur selektiv.<br \/>\nObwohl er auf X ebenso wie Norbert Bolz die von der SA gebrauchte Parole \u201eDeutschland erwache!\u201c verwendete, m\u00f6chte das f\u00fcr die Ermittlungen gegen Bolz verantwortliche Portal \u201eHessen gegen Hetze\u201c kein Strafverfahren gegen den ehemaligen CDU-Generalsekret\u00e4r Ruprecht Polenz ansto\u00dfen. Das geht aus einer Antwort des vom \u201eHessen CyberCompetenceCenter\u201c des hessischen Innenministeriums betriebenen Portals auf eine entsprechende Eingabe des N\u00fcrnberger Informatik-Professors Florian Gallwitz hervor.<br \/>\nNachdem Apollo News aufgedeckt hat, dass die staatliche Meldestelle \u201eHessen gegen Hetze\u201c hinter der Hausdurchsuchung gegen Welt-Kolumnist Norbert Bolz steckt, hatte Gallwitz, wie einige andere X-Nutzer auch, den Versuch unternommen, das Portal in Hinblick auf seine politische Unvoreingenommenheit zu \u00fcberpr\u00fcfen: In einer Art Experiment hat der an der TH-N\u00fcrnberg t\u00e4tige Informatik-Professor der Meldestelle Tweets zugeleitet, die ebenfalls die Bolz gem\u00e4\u00df Paragraph 86a StGB zur Last gelegte Parole \u201eDeutschland erwache!\u201c enthielten. Am 26. Oktober meldete Gallwitz dem hessischen Portal so einen Tweet des ehemaligen CDU-Generalsekret\u00e4rs Ruprecht Polenz, der im Juni auf X in Reaktion auf einen anderen Post schrieb: \u201eKlingt so \u00e4hnlich wie \u201aDeutschland erwache&#8217;\u201c.<br \/>\n&#8230; Alles vom 1.11.2025 bitte lesen auf<br \/>\n<a href=\"https:\/\/apollo-news.net\/experiment-zeigt-hessen-gegen-hetze-geht-einseitig-gegen-deutschland-erwache-parole-vor\/\">https:\/\/apollo-news.net\/experiment-zeigt-hessen-gegen-hetze-geht-einseitig-gegen-deutschland-erwache-parole-vor\/<\/a><\/p>\n<p>&nbsp;<\/p>\n<p><strong>GEW f\u00fcr Meldestellen in Schule<\/strong><br \/>\nBildungsbericht in loser Folge: Das Ansinnen der Gewerkschaft Erziehung und Wissenschaft, Meldestellen einzurichten, auf da\u00df Sch\u00fcler ihre Lehrer denunzieren m\u00f6gen, die sich der Demokratie- oder gruppenbezogenen Menschenfeindlichkeit schuldig machen, hat etwas Verzweifeltes. Was nat\u00fcrlich nichts gegen die Wirksamkeit entsprechender Ma\u00dfnahmen sagt. Denn dabei kommen ins Spiel: die M\u00f6glichkeit f\u00fcr die Fanatischen wie die Schlechtweggekommen, als Tugendw\u00e4chter aufzutreten (1), die Chance, sich bei denen zu empfehlen, die sowieso den Duktus der politischen Unterweisung an den Schulen dominieren mit ihren links-gr\u00fcn-queeren \u00dcberzeugungen (2), und dann noch die unwiderstehliche Aussicht, Druck gegen jeden P\u00e4dagogen aufzubauen, der sich W\u00fcnschen \u2013 etwa in bezug auf die Notengebung \u2013 widersetzt (3). Man mu\u00df in dem Kontext den Begriff \u201eBeweislastumkehr\u201c gar nicht in den Mund nehmen, die ist sowieso schon mitgedacht.<br \/>\n1.7.2025<\/p>\n<p>.<\/p>\n<p><strong>Meldestellen gegen antimuslimischen Rassismus &#8211; einseitig<\/strong><br \/>\nWenn es in Deutschland einen erw\u00e4hnenswerten \u201eantimuslimischen Rassismus\u201d samt Meldestellen daf\u00fcr, aber keinen Rassismus gegen Deutsche gibt, warum m\u00fcssen dann Volksfeste wegen Terrorgefahr abgesagt und Weihnachtsm\u00e4rkte gesichert werden, das \u00f6ffentliche Fastenbrechen am Ramadan aber nicht?<br \/>\n&#8230; Alles vom 26.3.2025 bitte lesen auf<br \/>\n<a href=\"https:\/\/www.klonovsky.de\/2025\/03\/26-maerz-2025\/\">https:\/\/www.klonovsky.de\/2025\/03\/26-maerz-2025\/<\/a><\/p>\n<p>&nbsp;<\/p>\n<p><strong>\u201eDu bist gut in Mathe\u201c: Staatlich gef\u00f6rderte Meldestellen sollen gegen Rassismus vorgehen<\/strong><br \/>\n\u201eDu bist gut in Mathe\u201c ist kein Kompliment, sondern Rassismus, den man bei einer Meldestelle zur Anzeige bringen soll \u2013 das erkl\u00e4rt der WDR in einem Beitrag auf Instagram.<br \/>\n<a href=\"https:\/\/www.youtube.com\/watch?v=FvZomlF6ttM&amp;t=1s\">https:\/\/www.youtube.com\/watch?v=FvZomlF6ttM&amp;t=1s<\/a><br \/>\nSeit dem 17. M\u00e4rz gibt es in Nordrhein-Westfalen vier staatlich-gef\u00f6rderte Meldestellen, die \u201eAlltagsrassismus\u201c unter der Strafbarkeitsgrenze begegnen sollen.<br \/>\n&#8230; Alles vom 20.3.2025 von Pauline Schwarz bitte lesen auf<br \/>\n<a href=\"https:\/\/apollo-news.net\/du-bist-gut-in-mathe-staatlich-gefoerderte-meldestellen-sollen-gegen-rassismus-vorgehen\/\">https:\/\/apollo-news.net\/du-bist-gut-in-mathe-staatlich-gefoerderte-meldestellen-sollen-gegen-rassismus-vorgehen\/<\/a><br \/>\n.<br \/>\nKommentare:<br \/>\n\u201eDu bist gut in Mathe.\u201c<br \/>\nEinem Asiaten darf man das nicht sagen. Denn Asiaten sind bekanntlich gut in Mathe. Wenn man sie darauf reduziert, ist das diskriminierend.<br \/>\nEinem Schwarzen darf man das nicht sagen. Denn indem man ihn damit lobt, unterstellt man, das sei bei Schwarzen etwas Besonderes, und diskriminiert alle andern Schwarzen als matheunf\u00e4hig.<br \/>\nEiner weiblich gelesenen Person darf man das nicht sagen. M\u00e4dchen sind in Mathe genau so gut oder gar besser als Jungen. Mit einem Lob w\u00fcrde man diese Tatsache unterschwellig in Frage stellen. Das ist Antifeminismus.<br \/>\nEiner Transperson darf man das nicht sagen. Mit dieser Aussage will man nur davon ablenken, da\u00df man ihre Transition nicht anerkennt, indem man auf ein scheinbar unverf\u00e4ngliches Gebiet ausweicht. Queerfeindlichkeit pur.<br \/>\nEigentlich darf man es nur noch Annalena Baerbock sagen. Denn da\u00df man mit einer 360\u00b0-Drehung in die Gegenrichtung schaut, ist eine fundamentale Erkenntnis, die man nur im V\u00f6lkerrecht gewinnen kann. Thomas Hechinger<br \/>\n.<br \/>\nAsiaten sind erfolgreicher weil sie etwas aus sich machen wollen und weil sie Leistung bringen wollen. Wo gibt es eigentlich die Meldestelle f\u00fcr antichristlichen und antideutschen Rassismus? EinSachse<br \/>\nEndde Kommentare<\/p>\n<p>&nbsp;<\/p>\n<p><strong>Trusted Flaggers: Die letzte Schlacht um die Meinungsmacht im Internet hat begonnen<\/strong><br \/>\n\u201eTrusted Flagger\u201c-Programme bedeuten eine willk\u00fcrliche Zensur durch eine kleine Elite von der Bundesregierung abh\u00e4ngiger Akteure. Das ist das Ende der Vision eines Internets als Raum der freien Rede, als Marktplatz der Ideen, an dem jede Wortmeldung Geh\u00f6r finden kann. Der Versuch einer Ann\u00e4herung.<br \/>\n&#8230;<br \/>\nDie enge Zusammenarbeit von Plattformen mit staatlichen Akteuren f\u00fchrt zu einer Form der indirekten Zensur insbesondere dann, wenn kritische oder politische Inhalte betroffen sind. Trusted Flagger-Programme erheben ausgew\u00e4hlte Akteure zu digitalen W\u00e4chtern \u00fcber das, was gesagt werden darf und was nicht. Eine Handvoll \u201eVertrauensw\u00fcrdiger\u201c (\u201eTrusted\u201c) entscheidet \u00fcber das digitale Rederecht aller Deutschen.<\/p>\n<p>Die Plattformen \u00fcbergeben die Verantwortung f\u00fcr die Zensur im digitalen Raum an eine Elite von Akteuren, die nach undurchsichtigen Kriterien ausgew\u00e4hlt werden. Es gibt keine Kontrolle, keine \u00f6ffentliche Rechenschaft und keinen Schutz vor Fehlentscheidungen und Missbrauch. Alle Entscheidungen \u00fcber L\u00f6schungen und Sperrungen fallen hinter den verschlossenen T\u00fcren multinationaler Konzerne und staatlicher Akteure.<\/p>\n<p>Das ist die Etablierung einer unsichtbaren Zensurinfrastruktur fernab jedweder demokratischer Kontrolle. Der Staat selbst wird zum Zensor, was \u00fcber ihn geschrieben werden darf. Die Allianz zwischen Bundesregierung und Plattform wird zur unmittelbaren Gefahr f\u00fcr die Meinungsfreiheit.<br \/>\nBesonders bedenklicher wird es hier, wenn staatliche Institutionen in diese Programme eingebunden sind. Beh\u00f6rden wie das Bundeskriminalamt oder Einrichtungen wie Jugendschutz.net agieren als Trusted Flagger. Wo h\u00f6rt hier der Schutz der B\u00fcrger auf und wo beginnt staatlich gelenkte Zensur? Einmal eingerichtete Zensurmechanismen sind nur schwer wieder r\u00fcckg\u00e4ngig zu machen \u2013 die T\u00fcr zur staatlichen Kontrolle des digitalen Diskurses ist weit ge\u00f6ffnet. Ohne klare Regeln und ohne \u00f6ffentliche Kontrolle werden T\u00fcr und Tor f\u00fcr ein System der willk\u00fcrlichen Zensur ge\u00f6ffnet.<\/p>\n<p>Das ist das Ende der Vision eines Internets als Raum der freien Rede, als Marktplatz der Ideen, an dem jede Wortmeldung Geh\u00f6r finden kann.<br \/>\nDie vielleicht wichtigste Erkenntnis: Die Angst vor strafrechtlichen Konsequenzen und hohen Bu\u00dfgeldern, wie sie durch das Netzwerkdurchsetzungsgesetz (NetzDG) drohen, f\u00fchrt dazu, dass Plattformen zunehmend pr\u00e4ventiv l\u00f6schen. Der sogenannte \u201cOverblocking\u201d-Effekt setzt ein: Inhalte werden nicht mehr nur gel\u00f6scht, weil sie illegal sind, sondern weil sie vielleicht illegal sein k\u00f6nnten.<br \/>\nDas ist das Ende einer pluralistischen Gesellschaft die es explizit erlaubt, auch kontroverse, unbequeme und provokante Ansichten zu \u00e4u\u00dfern. Doch staatlich kontrollierte Trusted Flagger-Programme wird die Freiheit systematisch untergraben. Die langfristigen Folgen dieser Entwicklung sind katastrophal. Was bleibt, ist eine digitalisierte \u00d6ffentlichkeit, in der Meinungsfreiheit zu einem blo\u00dfen Lippenbekenntnis verkommt. Nur jene, die in das vorgefertigte Narrativ passen, erhalten eine Plattform \u2013 alle anderen werden durch die unsichtbare Hand der Trusted Flagger zum Schweigen gebracht.<br \/>\nTrusted Flagger-Programme bedeuten eine willk\u00fcrliche Zensur durch eine kleine Elite von der Bundesregierung abh\u00e4ngiger Akteure. Transparenz, Rechenschaftspflicht und der Schutz der Meinungsfreiheit m\u00fcssen stattdessen wieder in den Mittelpunkt jeder Diskussion \u00fcber die Moderation von Inhalten im Netz ger\u00fcckt werden. Nur so kann noch verhindert werden, dass das Internet zu einem Werkzeug der Unterdr\u00fcckung und Zensur wird.<br \/>\n&#8230; Alles vom 9.10.2024 bitte lesen auf<br \/>\n<a href=\"https:\/\/www.alexander-wallasch.de\/gesellschaft\/trusted-flaggers-die-letzte-schlacht-um-die-meinungsmacht-im-internet-hat-begonnen\">https:\/\/www.alexander-wallasch.de\/gesellschaft\/trusted-flaggers-die-letzte-schlacht-um-die-meinungsmacht-im-internet-hat-begonnen<\/a><\/p>\n<p>&nbsp;<\/p>\n<p><strong>\u201eMeldestelle REspect\u201c, Antisemitismusbeauftragte und die Hamas<\/strong><br \/>\n<strong>\u201eTrusted Flagger\u201c mit zweifelhaften Verbindungen<\/strong><br \/>\n&#8230;<br \/>\nDie Ank\u00fcndigung der \u201eBundesnetzagentur\u201c von Wirtschaftsminister Robert Habeck, die \u201eMeldestelle REspect\u201c aus Baden-W\u00fcrttemberg als <em><strong>\u201eTrusted Flagger\u201c (Vertrauensw\u00fcrdiger Melder)<\/strong><\/em> f\u00fcr die \u00dcberwachung des EU-Zensurgesetzes \u201eDigital Services Act\u201c einzusetzen, l\u00f6st eine Welle des Protestes im Netz aus (reitschuster.de berichtete <a href=\"https:\/\/reitschuster.de\/post\/ampel-will-private-meldestellen-fuer-zensur-einsetzen\/\">https:\/\/reitschuster.de\/post\/ampel-will-private-meldestellen-fuer-zensur-einsetzen\/<\/a> ).<br \/>\nNun zeigt sich: die \u201eMeldestelle REspect\u201c stammt aus dem Umfeld des umstrittenen \u201eantisemitischen Antisemitismusbeauftragten\u201c Dr. Michael Blume, der schon seit 2022 mit dem Muslimbruder-nahen Leiter von \u201eREspect\u201c Ahmed Gaafar gegen die Meinungsfreiheit zu Felde zieht.<\/p>\n<p>Verflechtungen von Blume und Gaafar<br \/>\nRecherchen von unabh\u00e4ngigen Medien haben aufgezeigt, dass die neuen Zensur-NGOs in erster Linie aus dem Umfeld der zensurfreudigen Gr\u00fcnen stammen. Ich habe in \u201eDer Zensurkomplex\u201c beschrieben <a href=\"https:\/\/www.kopp-verlag.de\/a\/der-zensurkomple\">https:\/\/www.kopp-verlag.de\/a\/der-zensurkomple<\/a>x , wie die deutsche Obrigkeit um ihren Machterhalt k\u00e4mpft und im Abwehrkampf gegen Kritik und Opposition ihre verfassungsfeindliche Zensurma\u00dfnahmen an sog. \u201eNicht\u201c-Regierungsorganisationen (GONGOs \u2013 \u201eGovernment-organized NGOS\u201c) wie \u201eHateAid\u201c und die damit verbundene \u201eMeldestelle REspect\u201c auslagert.<br \/>\nMeist werden dabei hehre Ziele vorgegeben, wie zum Beispiel der Kampf gegen Antisemitismus und Israelhass. Ich habe in der J\u00fcdischen Rundschau beschrieben, wie gr\u00fcnlinke, meist nicht-j\u00fcdische Akteure wie der Baden-W\u00fcrttembergische \u201eAntisemitismusbeauftragte\u201c Dr. Michael Blume den Antisemitismusvorwurf politisch instrumentalisieren, um konservative Kritiker wie Dr. Markus Krall oder Dr. Hans-Georg Maa\u00dfen anzugreifen.<br \/>\n&#8230; Alles vom 9.10.2024 von Colin McMahon bitte lesen auf<br \/>\n<a href=\"https:\/\/reitschuster.de\/post\/meldestelle-respect-antisemitismusbeauftragte-und-die-hamas\/\">https:\/\/reitschuster.de\/post\/meldestelle-respect-antisemitismusbeauftragte-und-die-hamas\/<\/a><\/p>\n<p>&nbsp;<\/p>\n<p><strong>Trusted Flagger als staatliche Briefkastenfirmen der Zensur<\/strong><br \/>\n<strong>Meldestelle Recpect!<\/strong><br \/>\n<em>Der DSA macht es m\u00f6glich, dass staatlich finanzierte Meldestellen als Zensoren aktiv werden und damit den vom Grundgesetz zugesicherten Schutz vor staatlicher Zensur umgehen. Dabei basiert deren Einfluss noch immer auf der bereitwilligen Unterwerfung von Internetplattformen unter die Zensur.<\/em><br \/>\n.<br \/>\nDie Wiedereinf\u00fchrung halbstaatlicher Denunziationsstellen in Deutschland unter dem verniedlichenden Namen <em><strong>\u201ctrusted flagger\u201d (\u201cvertrauensw\u00fcrdige Hinweisgeber\u201d)<\/strong><\/em> wirft nach wie vor Fragen \u00fcber die Rechtm\u00e4\u00dfigkeit dieser Ernennung auf. Im Vordergrund stehen dabei Fragen nach der Rolle des Bundeswirtschaftsministeriums von Robert Habeck, das gegen\u00fcber Klaus M\u00fcllers Bundesnetzagentur weisungsbefugt ist, aber auch \u00fcber den rechtlichen Rahmenbedingungen, innerhalb derer die Meldestelle REspect! nun ihre T\u00e4tigkeit zur Umsetzung des DSA betreibt.<br \/>\n\u00dcber die finanziellen Verstrickungen der staatsnahen Meldestelle REspect! berichtete TE bereits im Vorjahr, doch diese stellen offensichtlich kein Hindernis bei der Ernennung zum \u201ctrusted flagger\u201d dar, denn entscheidend ist dabei lediglich, dass keine finanzielle Abh\u00e4ngigkeit oder N\u00e4he zu einer Internetplattform vorliegt.<br \/>\nDiese Konstellation geht von einer einfachen Grundannahme aus, n\u00e4mlich dass staatliche Stellen und Abh\u00e4ngigkeiten keiner Kontrolle bed\u00fcrfen und automatisch vertrauensw\u00fcrdig und objektiv seien. Die Frage, wer die Kontrolleure kontrolliert (ebenso wie die Frage, wer die Fakten der Faktenchecker checkt), stellt sich in solch einem System schlicht und ergreifend nicht. Ob aus Hybris, Kalk\u00fcl oder einer Kombination von beidem, ist zwar nicht deutlich, aber unerheblich. Was z\u00e4hlt, ist das Resultat.<\/p>\n<p>EU-Gesetze nach deutsch-gr\u00fcnem Gusto<br \/>\nWas die Einflussnahme von Robert Habecks Wirtschaftsministerium auf die Bundesnetzagentur angeht, k\u00f6nnen die gr\u00fcnen Parteigenossen Habeck und M\u00fcller leicht einen auf Pilatus machen und die H\u00e4nde in Unschuld waschen, denn es werden \u2013 in bester deutscher Tradition \u2013 nur Befehle befolgt. Und dieses Mal stammen sie aus Br\u00fcssel, wo man den Digital Services Act beschlossen hatte. Nur ist es ein Detail am Rande, dass kaum jemand mehr auf die Umsetzung des DSA gepocht hatte, als die deutschen Gr\u00fcnen, die mit dem NetzDG auch gleich die Blaupause f\u00fcr den DSA geliefert hatten.<br \/>\n&#8230; Alles vom 8.10.2024 von David Boos bitte lesen au<br \/>\n<a href=\"https:\/\/www.tichyseinblick.de\/meinungen\/trusted-flagger-staatliche-briefkastenfirmen-zensur\/\">https:\/\/www.tichyseinblick.de\/meinungen\/trusted-flagger-staatliche-briefkastenfirmen-zensur\/<\/a><br \/>\n.<br \/>\n.<br \/>\n<strong>Ist die \u201eMeldestelle REspect!\u201c eine getarnte Islamisierungsbeh\u00f6rde?<\/strong><br \/>\n&#8230; Nun kocht das aber gerade sehr hoch, weil die Bundesnetzagentur ausgerechnet diese \u201eMeldestelle REspect!\u201c zum \u201eTrusted Flagger\u201c ernannt hat, dessen Meldungen bevorzugt behandelt werden m\u00fcssen und die im Prinzip schon als gepr\u00fcft und bewiesen angesehen werden. Also genau das, was mir da schon passiert ist: Falsche Verd\u00e4chtigung durch verf\u00e4lschte Strafanzeige, und inkompetente und korrupte Polizei und Staatsanwaltschaft pr\u00fcfen das gar nicht mehr, verstehen es auch rechtlich nicht, sondern reichen das einfach durch bis zum Strafbefehl oder der Hausdurchsuchung. In meinem Fall, weil ich die Auffassung vertreten hatte, dass Ricarda Lang dick sei. Und das als Replik auf einen Artikel in der WELT von deren Chefredakteur Ulf Poschardt, der meinte, man d\u00fcrfe das nicht ansprechen, sie daran nicht messen. Man kann sich also schon vorstellen, was da auf einen zukommt.<br \/>\nUnd Chef der Bundesnetzagentur ist \u2013 so eine \u00dcberraschung aber auch \u2013 Klaus M\u00fcller, Politiker der Gr\u00fcnen. Das komplette Zensurding ist von vorne bis hinten in der Hand der Gr\u00fcnen. Nun schreiben aber verschiedene Medien \u00fcber die Sache:<br \/>\n&#8211; DIE WELT: Die nette neue Zensurbeh\u00f6rde<br \/>\n<a href=\"https:\/\/www.welt.de\/kultur\/plus253879132\/Bundesnetzagentur-Die-nette-neue-Zensurbehoerde.html\">https:\/\/www.welt.de\/kultur\/plus253879132\/Bundesnetzagentur-Die-nette-neue-Zensurbehoerde.html<\/a><br \/>\n&#8211; DIE NZZ: \u00abTrusted Flagger\u00bb durchsuchen das Internet im Auftrag der Bundesregierung nach unliebsamen Meinungen<br \/>\n<a href=\"https:\/\/www.nzz.ch\/international\/trusted-flagger-durchsuchen-das-internet-nach-unliebsamen-meinungen-ld.1851863\">https:\/\/www.nzz.ch\/international\/trusted-flagger-durchsuchen-das-internet-nach-unliebsamen-meinungen-ld.1851863<\/a><br \/>\n&#8211; Artikel von NiUS, auf die ich unten noch eingehe.<br \/>\n.<br \/>\nDIE WELT:<br \/>\n&#8222;Doch statt f\u00fcr eine funktionierende Infrastruktur zu sorgen, sieht der ehrgeizige Netzagenturchef Klaus M\u00fcller, ein alter Parteifreund und Sch\u00fctzling von Habeck, seinen Job darin, digitale Debatten inhaltlich zu regulieren \u2013 und damit einen hochsensiblen Kernbereich der demokratischen \u00d6ffentlichkeit anzutasten, f\u00fcr den seine Infrastrukturbeh\u00f6rde gem\u00e4\u00df Artikel 5 des Grundgesetzes, der die Meinungs- und Pressefreiheit vor staatlichem Zugriff sch\u00fctzt, nicht den Hauch einer Zust\u00e4ndigkeit reklamieren d\u00fcrfte.<br \/>\nDas hielt Klaus M\u00fcller nicht davon ab, schon im M\u00e4rz 2024 in einem beeindruckend unkritisch gef\u00fchrten \u201eSpiegel\u201c-Interview seine Pl\u00e4ne offen zu Protokoll zu geben: \u201eAber M\u00e4rkte ben\u00f6tigen Spielregeln und Schiedsrichter \u2013 und f\u00fcr den Onlinebereich gilt das besonders.\u201c F\u00fcr die Rolle dieses Diskursschiedsrichters, der folglich auch die Gelben und Roten Karten verteilen darf, brachte sich M\u00fcller auf verfassungsjuristisch hemds\u00e4rmelige Weise selbst ins Gespr\u00e4ch: \u201eDa braucht es jemanden, der die neuen Spielregeln durchsetzt, der sie erkl\u00e4rt und die B\u00fcrger und Unternehmen auch ber\u00e4t.\u201c&#8220;<br \/>\n.<br \/>\nMan beachte, wie sich die WELT seit dem Hochkommen der Gr\u00fcnen um 180\u00b0 gedreht hat: Damals noch hie\u00df es, man d\u00fcrfe die Gr\u00fcnen nicht kritisieren, schon gar nicht sagen, dass Ricarda Lang dick sei, und jetzt haben sie Angst vor Zensur durch eben diese Gr\u00fcnen.<br \/>\n.<br \/>\nNZZ:<br \/>\n&#8222;Als erster anerkannter Trusted Flagger in Deutschland wurde am 1. Oktober die Meldestelle Respect! der Stiftung zur F\u00f6rderung der Jugend in Baden-W\u00fcrttemberg zugelassen. Diese \u00abprivate\u00bb Meldestelle in Form einer Stiftung wird finanziert durch das von der Gr\u00fcnen Lisa Paus gef\u00fchrte Bundesfamilienministerium und andere staatliche Stellen, ist also nicht wirklich privat. Ihr Leiter Ahmed Gaafar ist Islamwissenschafter. Respect! hatte sich als Erste um die Zulassung beworben. Erteilt wird diese vom Digital Services Coordinator in der Bundesnetzagentur, dessen Rolle kommissarisch vom Chef der Bundesnetzagentur Klaus M\u00fcller ausgef\u00fcllt wird.&#8220;<br \/>\n&#8230; Alles vom 8.10.2024 von Hadmut Danisch bitte lesen auf<br \/>\n<a href=\"https:\/\/www.danisch.de\/blog\/2024\/10\/08\/ist-die-meldestelle-respect-eine-getarnte-islamisierungsbehoerde\/\">https:\/\/www.danisch.de\/blog\/2024\/10\/08\/ist-die-meldestelle-respect-eine-getarnte-islamisierungsbehoerde\/<\/a><\/p>\n<p>&nbsp;<\/p>\n<p><strong>900.000 Euro f\u00fcr Meldeportal gegen Rechts, das auch ausgedachte F\u00e4lle aufnimmt<\/strong><br \/>\n<strong>Berliner Register<\/strong><br \/>\nBerlin gibt dieses Jahr 900.000 Euro f\u00fcr das Berliner Register, ein Meldeportal f\u00fcr \u201eDiskriminierung und extrem rechte Aktivit\u00e4ten\u201c, aus. Jetzt zeigt sich, dass kinderleicht auch ausgedachte F\u00e4lle in das Portal eingetragen werden k\u00f6nnen.<br \/>\n&#8230;<br \/>\nPortal akzeptiert auch ausgedachte F\u00e4lle<br \/>\nDoch ist es m\u00f6glich, dass sich beispielsweise linke Organisationen F\u00e4lle ausdenken, um die Statistik zu ver\u00e4ndern? Die B.Z. machte den Test.<br \/>\n&#8230; Alles vom 13.7.2024 bitte lesen auf<br \/>\n<a href=\"https:\/\/apollo-news.net\/900-000-euro-fuer-meldeportal-gegen-rechts-das-auch-ausgedachte-faelle-aufnimmt\/\">https:\/\/apollo-news.net\/900-000-euro-fuer-meldeportal-gegen-rechts-das-auch-ausgedachte-faelle-aufnimmt\/<\/a><\/p>\n<p>&nbsp;<\/p>\n<p><strong>Meldestellen: Nie war es so leicht, mi\u00dfliebige Personen anzuzeigen<\/strong><br \/>\n<strong>Ob Beh\u00f6rden oder Vereine \u2013 alle nutzen das gesellschaftliche Denunziantentum mit neuen Systemen.<\/strong><br \/>\nBuntes Anschw\u00e4rzen<\/p>\n<p>In der K\u00f6lner Lindenstra\u00dfe laufen die F\u00e4den der Queer-Szene zusammen. Hier soll sie entstehen, die k\u00fcnftige Meldestelle gegen \u201eQueerfeindlichkeit\u201c. Kritiker w\u00fcrden sie dagegen als Denunziationsstelle bezeichnen. Ein Petz-Zentrum, das bei jenen, die das SED-Regime miterlebt haben, finstere Erinnerungen hochkommen l\u00e4\u00dft. Doch w\u00e4hrend sich in der DDR Denunzianten an die Stasi wandten, um Freund, Nachbar, Ehegatten oder sonstwen anzuschw\u00e4rzen, geschieht das in der heutigen Bundesrepublik bequem von zu Hause. Anonym. Online. Oder telefonisch.<\/p>\n<p>Es sind Portale wie die Meldestelle Antifeminismus\/Antigender in Berlin, die Meldestelle gegen Corona-Verst\u00f6\u00dfe in Essen oder die Meldestellen Antimuslimischer Rassismus, Antiziganismus und Anti-schwarzer Rassismus in den Bundesl\u00e4ndern Schleswig-Holstein und Nordrhein-Westfalen, die heute jeder B\u00fcrger aufsuchen kann, um m\u00f6gliche Verfehlungen seiner N\u00e4chsten anzuzeigen.<br \/>\nWer in einem Imbi\u00df oder einer B\u00e4ckerei keine Mehrwegverpackung bekommt, kann das jetzt bei Greenpeace melden. Schlie\u00dflich sind Restaurants, Pizza-Service und Co. seit Jahresbeginn gesetzlich verpflichtet, derartige Beh\u00e4ltnisse anzubieten. In Rheinland-Pfalz existiert eine Meldestelle f\u00fcr menschenfeindliche Vorf\u00e4lle. Selbst in Bayern gibt es eine Meldestelle Anti-LGBTIQ.<\/p>\n<p>Das Problem daran: Keine Polizei und kein Gericht urteilen \u00fcber die F\u00e4lle dieser zu Feinden der Menschheit erkl\u00e4rten Personen und Gesch\u00e4fte. Das machen vielmehr die neuen Meldestellen, betrieben von dubiosen Vereinen, ausgestattet mit staatlichen Zusch\u00fcssen. Wer verbirgt sich dahinter? Was machen die Organisationen mit den ihnen zugetragenen Daten und Informationen? Und welche Konsequenzen hat ihr Handeln f\u00fcr den Angeschw\u00e4rzten?<br \/>\nAuch die Meldestelle Queerfeindlichkeit in der zentral gelegenen Lindenstra\u00dfe erh\u00e4lt Zusch\u00fcsse vom Land Nordrhein-Westfalen. Trotz der \u00f6ffentlichen Unterst\u00fctzung agiert der Betreiberverein Queeres Netzwerk NRW wie ein betroffener Akteur und nicht etwa neutral. Zwei Referenten sollen das Portal betreiben, bezuschu\u00dft durch das Ministerium f\u00fcr Kinder, Familie, Fl\u00fcchtlinge und Integration. Eine Referentin ist schon angetreten, die andere Stelle ist noch ausgeschrieben.<\/p>\n<p>\u00d6ffentlich finanzierte Referenten tummeln sich hier<br \/>\nIn dem B\u00fcrogeb\u00e4ude der Meldestelle befindet sich eine Vielzahl an Firmen und Vereinen, eine Anwaltskanzlei, die Aidshilfe. Im Eingangsbereich des Geb\u00e4udes f\u00e4llt vor allem ein Briefkasten auf. Zehn Adressen teilen sich ihn. Allesamt Vereine aus der Queer-Szene. Darunter das Queere Netzwerk NRW e.V. als Betreiber des Meldeportals. Dar\u00fcber hinaus Organisationen wie die f\u00fcr lesbische und schwule Selbsthilfe zust\u00e4ndige Arcus-Stiftung, die Queer Academy e.V., die Landeskoordination Trans NRW, die Landeskoordination inter, Schlau NRW, Schlau Netzwerk e.V., die Fachstelle Queere Jugend NRW, Mehr als Queer, Regenbogenfamilien in NRW, Queere Bildung e.V., Queeres Netzwerk Bund, queerhandicap e.V., der Bundesverband schwuler Senioren sowie der IM Landesverband NRW. Alle kooperieren mit dem Queeren Netzwerk NRW.<br \/>\n25 staatlich bezahlte Referenten verbergen sich hinter den Organisationen, die hier ihre B\u00fcror\u00e4ume teilen. Besonders der Verein Schlau, der in Schulen f\u00fcr sein queeres Gedankengut wirbt und die Zweigeschlechtlichkeit des Menschen verneint, gilt als umstritten. Doch ein Blick in die B\u00fcror\u00e4ume der Queer-Netzwerker zeigt: Unter dem Dach der k\u00fcnftigen Meldestelle stehen noch weitaus j\u00fcngere Zielgruppen im Fokus.<\/p>\n<p>Die B\u00fcror\u00e4ume der Queer-Vereine befinden sich in einer der oberen Etagen. Dort angelangt huscht eine Frau in engem schwarzen Lederkost\u00fcm vorbei. Ein junger Mann versucht schnell, sein Gesicht zu verbergen. Vollbart, M\u00fctze, Sonnenbrille, ebenfalls vollkommen in Schwarz gekleidet, nur nicht in Leder. Eine Aufmachung, in der er locker in einem autonomen Demo-Block mitlaufen k\u00f6nnte.<\/p>\n<p>Am B\u00fcro angekommen, \u00f6ffnet eine Person mit langen Haaren, deutlicher Taille und starkem Bartwuchs die T\u00fcr. Die JF ist verdeckt unterwegs, will wissen, welche K\u00f6pfe sich hinter den Betreibern des Meldeportals verbergen, und meldet einen konstruierten Fall der Beschimpfung eines Homosexuellen. \u201eDas ist ganz eindeutig Diskriminierung\u201c, gibt ihre Ba\u00dfstimme in Sekundenschnelle zur\u00fcck. Keine Nachfragen, keine Verifizierung folgen.<\/p>\n<p>Die Bartw\u00fcchsige schreibt eine Mailadresse auf. Es ist die einer Fachreferentin, die gleichzeitig freiberuflich als TV-Journalistin und Referentin in der politischen Bildung arbeitet. Chef des staatlich gef\u00f6rderten Queeren Netzwerks NRW ist Benjamin Kinkel. Der war zuvor f\u00fcr die Landeskoordination des Schlau-Projektes verantwortlich, sitzt dar\u00fcber hinaus auch im WDR-Rundfunkrat.<\/p>\n<p>In den R\u00e4umen der neuen Meldestelle liegen zahlreiche Flyer und Handreichungen. Darunter die Handlungsempfehlung f\u00fcr Kita-Fachkr\u00e4fte. Dort steht: \u201eVermeiden Sie eine bin\u00e4re Geschlechtszuordnung. Wenn Sie Kinder dazu auffordern, sich in Gruppen von Jungen und M\u00e4dchen einzuteilen, kommen Kinder, die ihr trans-Sein gerade erst entdecken und Kinder, die sich nicht eindeutig zuordnen, wahrscheinlich in Not.\u201c<\/p>\n<p>Auch eine von Schlau e.V. erstellte Handlungsempfehlung f\u00fcr Schulen ist dabei. \u201ePlatzieren Sie LSBTIQ wertsch\u00e4tzende Plakate gut sichtbar in der Schule\u201c und \u201eLegen Sie Flyer von lokalen LSBTIQ-Jugendgruppen selbstverst\u00e4ndlich unter Informationen f\u00fcr Jugendliche aus\u201c, hei\u00dft es dort. Zudem sollten Lehrer B\u00fccher und Arbeitsbl\u00e4tter verwenden, die \u201ebestimmte Klischees durchbrechen: Jungs im Haushalt, M\u00e4dchen beim Skateboarden\u201c. Das Thema solle zudem in bezug auf Unterricht \u00fcber Demokratie, Beziehungen, Liebe, Mobbing, Menschenrechte mit eingebettet werden, und es soll sichergestellt sein, da\u00df \u201eein gro\u00dfer Teil des Kollegiums Fortbildungen zum Umgang mit Diskriminierungen und Rassismus besuchen und sich dadurch handlungssicher f\u00fchlen\u201c.<\/p>\n<p>Die Angestellte schreibt noch eine andere Netzadresse auf. Ich-zeige-das-an.de ist angesiedelt bei der Landeskoordination Anti-Gewalt-Arbeit f\u00fcr Lesben, Schwule und Trans in NRW. Dort ist auch der Verein rubicon e.V., beheimatet, der sich auf Antidiskriminierungs-Arbeit und Queer-Beratung spezialisiert hat und der \u00fcber 30 weitere staatlich finanzierte Mitarbeiter verf\u00fcgt. Deren Chefin ist Meike Nienhaus, eine Diplom-Sozial\u00adwissenschaftlerin.<\/p>\n<p>Verbindungen zu den Gr\u00fcnen\u00a0und der Antifa sind offensichtlich<br \/>\nWissenschaftlich begleitet wird der Aufbau der Meldestelle von der Soziologin Tatiana Zimenkova, Vizepr\u00e4sidentin f\u00fcr Internationales und Diversit\u00e4t an der Hochschule Rhein-Waal. Die geb\u00fcrtige Russin studierte an der Universit\u00e4t St. Petersburg, lehrt an der Fakult\u00e4t Gesellschaft und \u00d6konomie in Kleve. Gemeinsam mit der ebenfalls den Meldestellen-Aufbau mitbegleitenden Verena Molitor von der Universit\u00e4t Bielefeld sind sie besonders bei den Gr\u00fcnen gerngesehene G\u00e4ste, engagieren sich im Bereich \u201eDiskriminierung innerhalb der Polizei f\u00fcr LGBTIQ-Beamtinnen.\u201c<\/p>\n<p>Enge Vernetzungen mit der Queer-Lobby und linksradikalen Vorfeldorganisationen sind dabei keine Einzelf\u00e4lle. Ebenfalls in Nordrhein-Westfalen wird mit dem Segen der Landesregierung der Aufbau einer Meldestelle f\u00fcr antimuslimischen Rassismus sowie Antiziganismus durch einen Tr\u00e4gerverbund der Vereine Interkultur e.V. und Coach e.V. betrieben. Federf\u00fchrend dabei: Der Verbund der sozial-kulturellen Migrantenvereine Dortmund, der mit dem Landesverband der Netzwerke von Migrantinnenorganisationen NRW sowie dem Anti-Rassismus Informationszentrum kooperiert.<\/p>\n<p>In Berlin etwa wird die dort ans\u00e4ssige Meldestelle Antifeminismus von der Antifa-nahen Amadeu-Antonio-Stiftung rund um deren Gr\u00fcnderin und ehemalige inoffizielle Mitarbeiterin der Staatssicherheit Anetta Kahane betrieben. Leiterin der Meldestelle ist Judith Rahner, die auch f\u00fcr das bei der Gr\u00fcnen-nahen Heinrich-B\u00f6ll-Stiftung angesiedelte feministische Gunda-Werner-Institut t\u00e4tig ist. Das Bundesfamilienministerium f\u00f6rdert die Meldestelle j\u00e4hrlich mit zwei Millionen Euro.<\/p>\n<p>Neben Greenpeace betreibt auch die Deutsche Umwelthilfe (DUH) ihr eigenes Denunziationsportal. Dort geht es falschparkenden Autofahrern an den Kragen. Die gemeldeten Parks\u00fcnder werden von der Organisation beim zust\u00e4ndigen Ordnungsamt gemeldet. In der Vergangenheit war die DUH in den Ruf geraten, mittels ihrer Klagebefugnis als reiner Abmahnverein zu fungieren. Ihr Gesch\u00e4ftsf\u00fchrer Sascha M\u00fcller-Kraenner ist ebenfalls eng mit den Gr\u00fcnen verhandelt, war bereits 1990 Bundestagskandidat der Partei, sp\u00e4ter Mitarbeiter der Heinrich-B\u00f6ll-Stiftung. Co-Gesch\u00e4ftsf\u00fchrer J\u00fcrgen Resch, ein ehemaliger BUND-Funktion\u00e4r, machte 2007 mit Schlagzeilen auf sich aufmerksam, als bekannt wurde, da\u00df er im Rahmen seiner T\u00e4tigkeit mehrmals im Monat per Flugzeug zwischen seinem Dienstsitz Radolfzell am Bodensee und Berlin pendelte. Da\u00df er daf\u00fcr auf einem der zahlreichen Meldeportale auftaucht, ist jedoch nicht anzunehmen.<br \/>\nLesen Sie in der kommenden Ausgabe in Teil 2 dieser Reportage mehr \u00fcber die Hintergr\u00fcnde weiterer von Linken betriebener Denunziationsportale.<br \/>\n&#8230; Alles vom 14.4.2023 von Hinrich Rohbohm bitte lesen in der JF 16-34, Seite 7<\/p>\n<p>.<br \/>\n<strong>Wie der Staat eine Kultur des Denunzierens und \u00dcberwachens f\u00f6rdert<\/strong><br \/>\n<span style=\"color: #000000;\"><b>\u00a0<\/b><\/span>Sage mir, welche Aktivit\u00e4ten der Staat f\u00f6rdert und fordert, und ich sage dir, wes Geistes Kind die Inhaber der Staatsmacht sind und was sie aus dem Staat gemacht haben. Die Aufforderung beziehungsweise Einladung an die B\u00fcrger lautet: Meldung machen! Zu diesem Zweck stampfen Bund, L\u00e4ndern und Kommunen immer neue Meldestellen aus dem Boden. Als meldef\u00e4hig und -w\u00fcrdig gelten Ha\u00dfpostings \u2013 wobei \u201eHa\u00df\u201c stets \u201erechts\u201c bedeutet \u2013, Bekundungen von Queerfeindlichkeit, Antifeminismus, Rassismus, Islamophobie. Im Fokus stehen auch Gastst\u00e4ttenbetreiber, die sich der \u201eMehrwegangebotspflicht\u201c entziehen, und weiterhin Impfskeptiker. Verst\u00f6\u00dfe gegen den Mindestlohn und der Verdacht auf Steuerhinterziehung sind gleichfalls eine Meldung wert. Ministerien, das Bundeskriminalamt, einschl\u00e4gige Organisationen wie Greenpeace und die Amadeu-Antonio-Stiftung bilden Knotenpunkte des \u00dcberwachungsgeflechts, das sich \u00fcber das Land legt.<\/p>\n<p>Inkriminiert werden also kritische Meinungs\u00e4u\u00dferungen oder Verweigerungshaltungen gegen\u00fcber Ma\u00dfnahmen und Vorgaben des Staates, die in den Privatbereich, in den Sprachgebrauch und in die wirtschaftliche Freiheit eingreifen. Sogar bei der individuellen Steuerschummelei stellt sich heute die Frage, ob es sich nicht vielmehr um die Wahrnehmung von Abwehr- oder Notwehrrechten gegen\u00fcber einem Staat handelt. Schlie\u00dflich treibt dieser die Steuer- und Abgabenlast in exorbitante H\u00f6hen, um eine dysfunktionale politische Klasse und eine Politik zu finanzieren, die sowohl das Land als auch die Interessen des wertsch\u00f6pfenden und gesetzestreuen B\u00fcrgers vors\u00e4tzlich besch\u00e4digt. Der wiederum soll diese Politik nicht blo\u00df erdulden, er soll sich mit ihr identifizieren und nach dem Motto handeln: Kontrolliere mit! \u00dcberwache mit! Denunziere mit!<br \/>\nEs geht ja nicht darum, akute Gefahren \u2013einen Terroranschlag etwa \u2013 abzuwehren. Es sollen Abweichler aufgesp\u00fcrt, kenntlich und unsch\u00e4dlich gemacht werden. \u201eMelden\u201c und \u201edenunzieren\u201c h\u00e4ngen etymologisch eng zusammen. Das Verb \u201edenunzieren\u201c bedeutet laut dem W\u00f6rterbuch der Deutschen Sprache, \u201ejemanden aus niedrigen Beweggr\u00fcnden anzeigen, verraten\u201c. Es ist aus dem lateinischen \u201ed\u0113n\u016bnti\u0101re \u2013 ank\u00fcndigen, Meldung machen\u201c entlehnt und wird seit dem 19. Jahrhundert abwertend verwendet. Ein Hoffmann von Fallersleben zugeschriebenes Zitat brachte es auf den Punkt: \u201eDer gr\u00f6\u00dfte Lump im ganzen Land ist und bleibt der Denunziant!\u201c<\/p>\n<p>Der Lump, der innere Schweinehund, lauert stets in uns, er ist eine anthropologische Konstante, die alle Zeiten und Systeme \u00fcberdauert. Um trotzdem ein humanes Zusammenleben zu erm\u00f6glichen, geben Gesellschaften sich einen Verhaltenskodex, ein informelles Regelwerk, das ihn an die Kette legt. Sogar die DDR, die mit 90.000 hauptamtlichen Stasi-Angestellten und 190.000 Informellen Mitarbeitern (IMs) in puncto \u00dcberwachung wei\u00df Gott Weltspitze war, wagte es nicht, sich offiziell zu ihm zu bekennen. Die Spitzelei war fl\u00e4chendeckend und jeder wu\u00dfte, da\u00df es sich um eine staatliche Angelegenheit handelte, doch der Spitzel wurde allgemein verachtet.<\/p>\n<p>Spitzel und Denunzianten bl\u00fchen auf in Obrigkeitsstaaten und Diktaturen. Sie sind das Dementi des Citoyens, des m\u00fcndigen Staatsb\u00fcrgers, der dem Machthaber auf die Finger schaut und ihm n\u00f6tigenfalls widerspricht. Der Denunziant hingegen best\u00e4tigt der Macht, sogar dort im Recht zu sein, wo sie den Wahnsinn zelebriert und ihn selber mit F\u00fc\u00dfen tritt. Mit dem Anschw\u00e4rzen Dritter glaubt er Teil der Macht zu werden. Dieser Glaube kompensiert die eigene Erniedrigung und sein Defizit an Courage.<\/p>\n<p>Ein Staat, der den inneren Schweinehund zum Tugendw\u00e4chter und zivilgesellschaftlichen Aktivisten adelt, wird zum Zerst\u00f6rer menschlichen Anstands und politischer Freiheit. Im Aufruf von Greenpeace: \u201eJetzt Meldeheld:in werden\u201c, ist die \u201eLehre\u201c versammelt, die der Homo bundesrepublicanensis \u201eaus der Geschichte\u201c gezogen hat: Der Blockwart steckt sich die Wei\u00dfe Rose des Widerstands ins Knopfloch und f\u00fchlt sich erneut ins Recht gesetzt. \u201eWenn jemand aus eurer Familie Nazi-Propaganda auf Facebook oder woanders postet, reportet ihr das doch auch, oder? Antifaschismus ist dicker als Blut\u201c, echot es aus dem Netz.<\/p>\n<p>Durch Staatsaktionen wie das \u201eBundesprogramm Demokratie leben!\u201c wird die moralische Konfusion systemisch. Die Macht- und Propagandaorgane arbeiten unentwegt an der Kolonisierung und Bewirtschaftung des individuellen Gewissens. Dabei wird jenes informelle Regelwerk ausgeschaltet, zu dessen Normen geh\u00f6ren: ein Gef\u00fchl f\u00fcr Fairne\u00df; das instinktive Wissen, da\u00df Verrat und Vertrauensbruch widerw\u00e4rtig sind und man den Nachbarn nicht vors\u00e4tzlich sch\u00e4digt; und da\u00df man nicht noch nachtritt, wenn der Gegner am Boden liegt. Nat\u00fcrlich werden die stillschweigend kodifizierten Anstandsregeln tagt\u00e4glich verletzt, aber solange sie g\u00fcltig bleiben, verhindern sie das Schlimmste. Leider schreitet ihre Erosion unter den Anfeuerungsrufen aus Politik, Medien, Kirchen und Gro\u00dforganisationen voran.<\/p>\n<p>Zum \u00dcberwachungsapparat geh\u00f6ren auch die etablierten Medien, die seit Jahren als Denunziationsportale agieren. Das bleibt nicht ohne Wirkung. In den Zentralorganen der wachsamen Demokraten quollen die digitalen Leserbriefspalten wegen der Inhaftierung des Querdenker-Gr\u00fcnders Michael Ballweg \u00fcber vor H\u00e4me und Schadenfreude. Die Favorisierung des inneren Schweinehundes f\u00fchrt zu personellen Deformierungen und erschafft eine kollektive Atmosph\u00e4re der Mi\u00dfgunst, Furcht und Heimt\u00fccke.<\/p>\n<p>Sie zerst\u00f6rt den \u00f6ffentlich-politischen Raum, der entweder ein Ort des angstfreien Austausches oder eben ausgel\u00f6scht ist. Das atomisierte Individuum, befreit vom sozialen Vorwissen und vorstaatlichen Loyalit\u00e4ten, soll seine Sinnerf\u00fcllung als Informeller Mitarbeiter der gr\u00fcnen Transformation finden. Die moralische und politische Enteignung geht einher mit der materiellen Beschlagnahme. Das W\u00e4rmepumpengesetz zur Klimarettung dekretiert eine Zwangshypothek, die Besitzer wie Mieter in N\u00f6te st\u00fcrzt. Es soll weder innere noch \u00e4u\u00dfere Schutzr\u00e4ume vor neototalit\u00e4ren Zumutungen mehr geben. Der Staat, der das exekutiert, hat das Zeug zum Ungeheuer.<br \/>\n&#8230; Alles vom 14.4.2023 vom Thorsten Hinz bitte lesen in der JF 16-34, Seite 2<br \/>\n.<br \/>\n.<\/p>\n<p>&nbsp;<\/p>\n","protected":false},"excerpt":{"rendered":"<p>Home\u00a0&gt;Kultur\u00a0&gt;Medien\u00a0&gt;Diskussionskultur &gt;Denunziation &gt;Meldestellen &nbsp; Listenauswahl eines Beitrags: Bitte anklicken oder runterscrollen MEME: Meldestelle f\u00fcr Meldestellen bei Tichy eingerichtet (15.3.2026) Recht: Freie Meinungs\u00e4u\u00dferung\u00a0(25.1.2026) CDU und CSU sind dabei, den totalen \u00dcberwachungsstaat zu errichten (10.1.2026) HateAid im internationalen Scheinwerferlicht: Staatliche Zensur in &hellip; <a href=\"https:\/\/www.freiburg-schwarzwald.de\/blog\/engagement\/zukunft\/demokratie\/denunziation\/meldestellen\/\">Weiterlesen <span class=\"meta-nav\">&rarr;<\/span><\/a><\/p>\n","protected":false},"author":2,"featured_media":0,"parent":69724,"menu_order":0,"comment_status":"closed","ping_status":"closed","template":"","meta":{"footnotes":""},"class_list":["post-111850","page","type-page","status-publish","hentry"],"_links":{"self":[{"href":"https:\/\/www.freiburg-schwarzwald.de\/blog\/wp-json\/wp\/v2\/pages\/111850","targetHints":{"allow":["GET"]}}],"collection":[{"href":"https:\/\/www.freiburg-schwarzwald.de\/blog\/wp-json\/wp\/v2\/pages"}],"about":[{"href":"https:\/\/www.freiburg-schwarzwald.de\/blog\/wp-json\/wp\/v2\/types\/page"}],"author":[{"embeddable":true,"href":"https:\/\/www.freiburg-schwarzwald.de\/blog\/wp-json\/wp\/v2\/users\/2"}],"replies":[{"embeddable":true,"href":"https:\/\/www.freiburg-schwarzwald.de\/blog\/wp-json\/wp\/v2\/comments?post=111850"}],"version-history":[{"count":6,"href":"https:\/\/www.freiburg-schwarzwald.de\/blog\/wp-json\/wp\/v2\/pages\/111850\/revisions"}],"predecessor-version":[{"id":146858,"href":"https:\/\/www.freiburg-schwarzwald.de\/blog\/wp-json\/wp\/v2\/pages\/111850\/revisions\/146858"}],"up":[{"embeddable":true,"href":"https:\/\/www.freiburg-schwarzwald.de\/blog\/wp-json\/wp\/v2\/pages\/69724"}],"wp:attachment":[{"href":"https:\/\/www.freiburg-schwarzwald.de\/blog\/wp-json\/wp\/v2\/media?parent=111850"}],"curies":[{"name":"wp","href":"https:\/\/api.w.org\/{rel}","templated":true}]}}