{"id":111664,"date":"2023-04-11T15:48:05","date_gmt":"2023-04-11T13:48:05","guid":{"rendered":"https:\/\/www.freiburg-schwarzwald.de\/blog\/?page_id=111664"},"modified":"2026-04-14T10:06:29","modified_gmt":"2026-04-14T08:06:29","slug":"wertewesten","status":"publish","type":"page","link":"https:\/\/www.freiburg-schwarzwald.de\/blog\/engagement\/zukunft\/demokratie\/westen\/wertewesten\/","title":{"rendered":"Wertewesten"},"content":{"rendered":"<p><a href=\"https:\/\/freiburg-schwarzwald.de\/blog\">Home<\/a>\u00a0&gt;<a title=\"Engagement\" href=\"https:\/\/www.freiburg-schwarzwald.de\/blog\/engagement\/\">Engagement<\/a>\u00a0&gt;<a title=\"Zukunft\" href=\"https:\/\/www.freiburg-schwarzwald.de\/blog\/engagement\/zukunft\/\">Zukunft<\/a>\u00a0&gt;<a title=\"Demokratie\" href=\"https:\/\/www.freiburg-schwarzwald.de\/blog\/engagement\/zukunft\/demokratie\/\">Demokratie<\/a>\u00a0&gt;<a title=\"Freiheit\" href=\"https:\/\/www.freiburg-schwarzwald.de\/blog\/engagement\/zukunft\/demokratie\/freiheit\/\">Freiheit<\/a> &gt;<a href=\"https:\/\/www.freiburg-schwarzwald.de\/blog\/engagement\/zukunft\/demokratie\/westen\/\">Westen<\/a> &gt;Wertewesten<\/p>\n<div id=\"attachment_111292\" style=\"width: 649px\" class=\"wp-caption alignnone\"><a href=\"https:\/\/www.freiburg-schwarzwald.de\/blog\/wp-content\/uploads\/2023\/03\/Freiburg-muenster-april-pan2304-2.jpg\"><img loading=\"lazy\" decoding=\"async\" aria-describedby=\"caption-attachment-111292\" class=\"size-full wp-image-111292\" src=\"https:\/\/www.freiburg-schwarzwald.de\/blog\/wp-content\/uploads\/2023\/03\/Freiburg-muenster-april-pan2304-2.jpg\" alt=\"\" width=\"639\" height=\"343\" srcset=\"https:\/\/www.freiburg-schwarzwald.de\/blog\/wp-content\/uploads\/2023\/03\/Freiburg-muenster-april-pan2304-2.jpg 639w, https:\/\/www.freiburg-schwarzwald.de\/blog\/wp-content\/uploads\/2023\/03\/Freiburg-muenster-april-pan2304-2-180x97.jpg 180w\" sizes=\"auto, (max-width: 639px) 100vw, 639px\" \/><\/a><p id=\"caption-attachment-111292\" class=\"wp-caption-text\">Freiburger M\u00fcnster Anfang April 2023 &#8211; Abendsonne<\/p><\/div>\n<ul>\n<li><em>Listenauswahl eines Beitrags: Bitte <span style=\"text-decoration: underline;\">anklicken<\/span> oder runterscrollen<\/em><\/li>\n<li><a href=\"https:\/\/www.freiburg-schwarzwald.de\/blog\/christen-ostern-bis-pfingsten\/\">Christen: Ostern bis Pfingsten<\/a>\u00a0(2.4.2026)<\/li>\n<li><a href=\"https:\/\/www.freiburg-schwarzwald.de\/blog\/epstein-deepstate-wertewesten\/\">Epstein DeepState Wertewesten<\/a>\u00a0(9.2.2026)<\/li>\n<li><a href=\"https:\/\/www.freiburg-schwarzwald.de\/blog\/recht-freie-meinungsaeusserung\/\">Recht: Freie Meinungs\u00e4u\u00dferung<\/a>\u00a0(25.1.2026)<\/li>\n<li><a href=\"https:\/\/www.freiburg-schwarzwald.de\/blog\/global\/eu\/visegrad\/\">Chaim Noll: Den Zauber westlichen Lebens findet man heute im Osten<\/a>\u00a0(28.12.2025)<\/li>\n<li><a href=\"https:\/\/www.freiburg-schwarzwald.de\/blog\/merz-normativer-westen-ade\/\">Merz: \u201eNormativer Westen\u201c ade<\/a>\u00a0(12.12.2025)<\/li>\n<li><a href=\"https:\/\/www.freiburg-schwarzwald.de\/blog\/engagement\/zukunft\/demokratie\/westen\/westen-suizid\/\">Die intellektuelle Selbstzerst\u00f6rung des Westens: Woke-islamistische Allianz<\/a>\u00a0(17.10.2025)<\/li>\n<li>Was verteidigt der Wertewesten, speziell in Deutschland? (2.3.2025)<\/li>\n<li><a href=\"https:\/\/www.freiburg-schwarzwald.de\/blog\/global\/israel\/anti-israel\/\">Giuiseppe Gracia: Wenn Israel f\u00e4llt, f\u00e4llt auch der Westen<\/a>\u00a0(30.1.2025)<\/li>\n<li><a href=\"https:\/\/www.freiburg-schwarzwald.de\/blog\/eu-demokratie-christentum\/\">EU \u2013 Demokratie \u2013 Christentum<\/a>\u00a0(21.11.2024)<\/li>\n<li><a href=\"https:\/\/www.freiburg-schwarzwald.de\/blog\/kultur\/dichter\/literatur\/buch\/rezensionen\/\">Josef Kraus: Im Rausch der Dekadenz<\/a>\u00a0(3.11.2024)<\/li>\n<li><a href=\"https:\/\/www.freiburg-schwarzwald.de\/blog\/kultur\/zivilisation\/\">Erkl\u00e4rung zur westlichen Zivilisation<\/a> (1.10.2024)<\/li>\n<li><a href=\"https:\/\/www.freiburg-schwarzwald.de\/blog\/global\/israel\/israel7-10-2023\/\">Norbert Bolz: Der Todeskult und die Humanit\u00e4t im Krieg<\/a>\u00a0(27.9.2024)<\/li>\n<li><a href=\"https:\/\/www.freiburg-schwarzwald.de\/blog\/religion\/islam\/islam-politik\/\">Was haben Solingen, der S\u00fcdlibanon, Gaza und Teheran gemeinsam?<\/a>\u00a0(27.8.2024)<\/li>\n<li><a href=\"https:\/\/www.freiburg-schwarzwald.de\/blog\/engagement\/zukunft\/barbe\/\">Barbe zum 18.3.: Assange Haft \u2013 DDR 1990 Wahl \u2013 Loretta denunziert<\/a>\u00a0(18.3.2024)<\/li>\n<li><a href=\"https:\/\/www.freiburg-schwarzwald.de\/blog\/religion\/ethik\/ethikrat\/\">Ein regierungsabh\u00e4ngiger Ethikrat ist ein unethischer<\/a>\u00a0(16.7.2023)<\/li>\n<li><a href=\"https:\/\/www.freiburg-schwarzwald.de\/blog\/engagement\/zukunft\/demokratie\/freiheit\/freiheitsrechte\/\">Ulrike Guerot spricht auf der Free Assange-Demo in Berlin<\/a> (3.7.2023)<\/li>\n<li><a href=\"https:\/\/www.freiburg-schwarzwald.de\/blog\/global\/integration\/werte\/\">Wettbewerb der Werte: D, CN, USA<\/a> (19.4.2023)<\/li>\n<li>Assange weiter in Haft &#8211; wo sind unsere westlichen Werte? (11.4.2023)<\/li>\n<li><a href=\"https:\/\/www.freiburg-schwarzwald.de\/blog\/engagement\/zukunft\/demokratie\/verfassung\/fdgo\/\">Die Prinzipien bzw. Werte der FDGO<\/a>\u00a0(1.1.2020)<\/li>\n<li><\/li>\n<li><a href=\"https:\/\/www.freiburg-schwarzwald.de\/blog\/religion\/ethik\/ethikrat\/\">Ethikrat<\/a><\/li>\n<li><a href=\"https:\/\/www.freiburg-schwarzwald.de\/blog\/engagement\/zukunft\/demokratie\/verfassung\/fdgo\/\">FDGO<\/a><\/li>\n<li><a href=\"https:\/\/www.freiburg-schwarzwald.de\/blog\/global\/integration\/werte\/\">Werte<\/a><\/li>\n<li><a href=\"https:\/\/www.freiburg-schwarzwald.de\/blog\/engagement\/zukunft\/demokratie\/westen\/westen-suizid\/\">Westen-Suizid<\/a><\/li>\n<li><a href=\"https:\/\/www.freiburg-schwarzwald.de\/blog\/kultur\/zivilisation\/\">Zivilisation<\/a><\/li>\n<\/ul>\n<p>&nbsp;<\/p>\n<p><strong>Was verteidigt der Wertewesten, speziell in Deutschland?<\/strong><\/p>\n<p>Welche Werte verteidigt der Wertewesten eigentlich in der Ukraine wie vorher in Afghanistan und \u00fcberhaupt gegen Putin und die weltweit aus ihren L\u00f6chern kriechenden Populisten?<br \/>\nDie Islamisierung kann es nicht sein, denn bei der ist der Putler viel weiter; jeder f\u00fcnfte Bewohner seines Riesenreiches betet zu Allah, der Pr\u00e4sident erscheint pers\u00f6nlich bei der Er\u00f6ffnung neuer Moscheen, und wer den hl. Islam beleidigt, landet im Knast, gern in einer islamischen Region mit muslimischen W\u00e4rtern, was dem p\u00e4dagogischen Effekt eine narbenartige Nachhaltigkeit verleiht (\u201eUkrainer\u201c bedeutet in dieser Meldung: ein Russe, dessen Vorfahren mal aus Kleinrussland gekommen sind. Der Spiegel setzt sonderbare Priorit\u00e4ten, damit es besser in die Berichterstattung passt).<br \/>\nAlso: Was genau verteidigt der Wertewesten, speziell in Deutschland?<br \/>\nDie offenen Grenzen? Dass jedes Jahr eine \u00fcberwiegend muslimische und noch \u00fcberwiegender bildungsferne Gro\u00dfstadt hier einwandern darf, w\u00e4hrend zugleich eine potentielle Gro\u00dfstadt deutscher Embryonen \u201eweggemacht\u201d wird \u2013 also jene m\u00e4hliche, wen auch immer bereichernde Umvolkung, die beim derben Namen zu nennen so gut wie verboten ist? Die Hausdurchsuchungen bei Hasskriminellen, die Kontensperrungen und gel\u00f6schten Accounts, die staatlich organisierten Aufm\u00e4rsche gegen die Opposition? Oder dass man in offiziellen Schreiben in der Gendersprache \u201eangefeindet\u201d (Bernd Zeller) wird? Dass man zwar besser nicht AfD, aber sein Geschlecht frei w\u00e4hlen kann? Die 170.000 nicht vollstreckten Haftbefehle in Toleranz\u2019schland Stand Januar 2025?* Ramadan? Windr\u00e4der auf Bergk\u00e4mmen? Radwege in Peru? Gendergerechte Toiletten? CO2-Steuern? Die klimaneutrale, immobile, multikulturelle Agrargesellschaft? Die Existenz eines staatlichen Amtes for protection of the constitution? Trusted Flagger und Meldestellen? Saskia Esken?<br \/>\nOder die Vermittlung von \u201eRegenbogenwissen\u201d bis nach Barnim in die brandenburgische Provinz?<br \/>\n&#8230; Alles vom 2.3.2025 von Michael Klonovsky bitte lesen auf<br \/>\n<a href=\"https:\/\/www.klonovsky.de\/2025\/03\/2-maerz-2025\/\">https:\/\/www.klonovsky.de\/2025\/03\/2-maerz-2025\/<\/a><\/p>\n<p>&nbsp;<\/p>\n<p><strong>Assange weiter in Haft &#8211; wo sind unsere westlichen Werte?<\/strong><br \/>\nAm 11. April 2023 j\u00e4hrt sich zum vierten Mal die Entf\u00fchrung des australischen Journalisten Julian Assange aus der Botschaft Ecuadors in London. Seither wird Julian Assange in einer 6 Quadratmeter gro\u00dfen Zelle des englischen Hochsicherheitsgef\u00e4ngnisses Belmarsh festgehalten. Die USA fordern seine Auslieferung; dort drohen ihm bis zu 175 Jahre Haft oder gar die Todesstrafe \u2013 und dies, weil er seine Aufgabe als Journalist wahrgenommen hat.<br \/>\n11.4.2023<\/p>\n<p><a href=\"https:\/\/www.freeassange.eu\/#veranstaltungen\">https:\/\/www.freeassange.eu\/#veranstaltungen<\/a><br \/>\n<a href=\"https:\/\/www.amnesty.de\/tag\/julian-assange\">https:\/\/www.amnesty.de\/tag\/julian-assange<\/a><br \/>\n.<\/p>\n<p><strong>\u201eGru\u00dfwort anl\u00e4sslich des 4. Jahrestags der Entf\u00fchrung von Julian Assange aus der ecuadorianischen Botschaft am 11. April<\/strong><br \/>\nMenschenrechte, Pressefreiheit, Meinungsfreiheit, Rechtsstaatlichkeit und Schutz vor willk\u00fcrlicher Verfolgung \u2013 wie stolz ist der Westen auf all diese Werte. Wie gern zeigen unsere Herrschenden mit dem Finger auf L\u00e4nder wie Russland oder China, wo diese Werte verletzt werden, wo Dissidenten verhaftet und drangsaliert werden.<\/p>\n<p>In ihrer Selbstgerechtigkeit merken diese Herrschenden gar nicht, wie viele Finger schon lange auf sie zur\u00fcck zeigen. Sie zeigen auf Kriegsverbrechen, die der Wertewesten begangen hat \u2013 im Irak, in Afghanistan, in Libyen, im ehemaligen Jugoslawien, die Liste lie\u00dfe sich noch lange fortsetzen. Sie zeigen auf Gef\u00e4ngnisse in Guantanamo oder Abu Ghraib, deren Insassen misshandelt, vergewaltigt und gefoltert wurden. Diese Finger zeigen auch auf das britische Hochsicherheitsgef\u00e4ngnis in Belmarsh, das wegen seiner unmenschlichen Haftbedingungen als die \u201abritische Version von Guant\u00e1namo Bay\u2019 gilt.<\/p>\n<p>Vor genau vier Jahren wurde Julian Assange aus der Botschaft in Ecuador entf\u00fchrt und wird seitdem in einer 6 Quadratmeter gro\u00dfen Zelle in Belmarsh gefangen gehalten \u2013 ohne Verurteilung, ohne einen fairen Prozess. Es handelt sich um den \u201ewohl gr\u00f6ssten Justizskandal aller Zeiten\u201c, sagt einer der weltweit angesehensten Menschenrechtsanw\u00e4lte \u00fcber den Fall Assange.<br \/>\nEr sitzt nicht nur unschuldig in Haft, es haben auch nur sehr wenige Menschen Zugang zu ihm: Die Organisation Reporter ohne Grenzen, die schon lange f\u00fcr die Freilassung von Assange k\u00e4mpft, hat vor einer Woche versucht, die Ehefrau von Assange bei einem Treffen im Gef\u00e4ngnis zu begleiten \u2013 doch ihr wurde der Zugang verwehrt. \u201eDies ist nur das j\u00fcngste in einer langen Reihe von aberwitzigen Hindernissen, die uns in den vergangenen drei Jahren bei der Kampagne f\u00fcr die Freilassung von Julian Assange in den Weg gelegt wurden\u201c, kommentieren Reporter ohne Grenzen diesen Vorfall.<\/p>\n<p>Inzwischen bangen seine Familie, seine Freunde und Unterst\u00fctzer nicht nur um seine Gesundheit, sie bangen um sein Leben. \u201eSein k\u00f6rperlicher Zustand wird mit jedem Tag schlechter, denn das passiert eben, wenn man einen Menschen bis zu 20 Stunden am Tag einsperrt, Besuche einschr\u00e4nkt und auf grausame Weise mit seinem Wohlbefinden umgeht\u201c, sagte seine Ehefrau vor kurzem.<br \/>\nAn Julian Assange soll ein grausames Exempel statuiert werden. <em><strong>Ziel seiner Feinde ist es, all die Menschen einzusch\u00fcchtern und mundtot zu machen, die \u00fcber Kriegsverbrechen der USA und anderer L\u00e4nder des Wertewestens aufkl\u00e4ren.<\/strong><\/em> Doch dieses Ziel werden sie niemals erreichen! Der Geist der Aufkl\u00e4rung, der vor 13 Jahren mit den Enth\u00fcllungsvideos von Wikileaks aus der Flasche entwichen ist, l\u00e4sst sich nie wieder einfangen.<\/p>\n<p>Das M\u00e4rchen von den USA als demokratischer Supermacht, die weltweit f\u00fcr Menschenrechte eintritt \u2013 es verf\u00e4ngt nicht mehr. Immer mehr Staaten auf dieser Welt emanzipieren sich vom sogenannten Wertewesten, weil sie die Heuchelei und die doppelten Standards durchschauen. Wann wachen unsere Regierenden endlich auf und erkennen, dass sie sich mit ihrem Kurs der bedingungslosen Unterst\u00fctzung der USA nur ins eigene Fleisch schneiden?<br \/>\nWer es ernst meint mit den Werten der Aufkl\u00e4rung, wem die Presse- und Meinungsfreiheit und die allgemeinen Menschenrechte sowie die Aufkl\u00e4rung von Kriegsverbrechen wirklich am Herzen liegen, der kann zum Schicksal von Julian Assange nicht einfach schweigen.<br \/>\nSelbst die australische Regierung hat inzwischen den Mut, die Freilassung von Assange zu fordern, vor einer Woche erhielt Assange im Gef\u00e4ngnis Besuch vom australischen Botschafter in London \u2013 warum hat unsere Regierung nicht den Mut, sich dieser Forderung anzuschlie\u00dfen? Frau Baerbock, Herr Scholz: Fordern Sie die Freilassung von Julian Assange, bieten Sie ihm politisches Asyl an! Oder h\u00f6ren Sie auf, von Menschenrechten zu reden, denn diese vertragen keine doppelten Standards.\u201c<br \/>\n11.4.2023, Sahra Wagenknecht<br \/>\n<a href=\"https:\/\/www.sahra-wagenknecht.de\/\">https:\/\/www.sahra-wagenknecht.de\/<\/a><\/p>\n<p><strong>F\u00fcr die Freiheit von Whistleblowern wie Julian Assange k\u00e4mpfen<\/strong><br \/>\nJulian Assange darf vorerst nicht an die USA ausgeliefert werden \u2013 das hat soeben ein Gericht in London entschieden. Ein wichtiger Beschluss nicht nur f\u00fcr Assange selbst, dem in den USA bis zu 175 Jahren Haft drohen, sondern auch f\u00fcr die Presse- und Medienfreiheit. Assange muss nun nach jahrelanger Haft und Verfolgung endlich freigelassen werden!<br \/>\nEs darf nicht sein, dass L\u00e4nder, die sich selbst als \u201eDemokratien\u201c bezeichnen, Journalisten und Aktivisten ins Gef\u00e4ngnis stecken, mit Isolationshaft und anderen Schikanen maltr\u00e4tieren, weil sie ihnen unliebsame Geschichten aufdecken. Julian Assange ist kein Verbrecher, er hatte mit den Wikileaks-Ver\u00f6ffentlichungen Kriegsverbrechen der USA unter anderem in Afghanistan \u00f6ffentlich gemacht. Daf\u00fcr verdient er einen Preis, keine Strafe.<br \/>\nIch erwarte daher auch von der deutschen Bundesregierung, dass sie die gestoppte Auslieferung unterst\u00fctzen und f\u00fcr Assanges umgehende Freilassung einsetzt sowie ihm selbst Asyl in Deutschland anbietet. Denn sein Schicksal geht uns alle an: Wem die Meinungs- und Pressefreiheit am Herzen liegt, muss jetzt f\u00fcr die Freiheit von Whistleblowern wie Julian Assange k\u00e4mpfen.<br \/>\n&#8230; Alles vom 4.1.2021 bitte lesen auf<br \/>\n<a href=\"https:\/\/www.facebook.com\/sahra.wagenknecht\/posts\/julian-assange-darf-vorerst-nicht-an-die-usa-ausgeliefert-werden-das-hat-soeben-\/4304652252885472\/\">https:\/\/www.facebook.com\/sahra.wagenknecht\/posts\/julian-assange-darf-vorerst-nicht-an-die-usa-ausgeliefert-werden-das-hat-soeben-\/4304652252885472\/<\/a><\/p>\n<p>&nbsp;<\/p>\n","protected":false},"excerpt":{"rendered":"<p>Home\u00a0&gt;Engagement\u00a0&gt;Zukunft\u00a0&gt;Demokratie\u00a0&gt;Freiheit &gt;Westen &gt;Wertewesten Listenauswahl eines Beitrags: Bitte anklicken oder runterscrollen Christen: Ostern bis Pfingsten\u00a0(2.4.2026) Epstein DeepState Wertewesten\u00a0(9.2.2026) Recht: Freie Meinungs\u00e4u\u00dferung\u00a0(25.1.2026) Chaim Noll: Den Zauber westlichen Lebens findet man heute im Osten\u00a0(28.12.2025) Merz: \u201eNormativer Westen\u201c ade\u00a0(12.12.2025) Die intellektuelle Selbstzerst\u00f6rung des Westens: &hellip; <a href=\"https:\/\/www.freiburg-schwarzwald.de\/blog\/engagement\/zukunft\/demokratie\/westen\/wertewesten\/\">Weiterlesen <span class=\"meta-nav\">&rarr;<\/span><\/a><\/p>\n","protected":false},"author":2,"featured_media":0,"parent":72608,"menu_order":0,"comment_status":"closed","ping_status":"closed","template":"","meta":{"footnotes":""},"class_list":["post-111664","page","type-page","status-publish","hentry"],"_links":{"self":[{"href":"https:\/\/www.freiburg-schwarzwald.de\/blog\/wp-json\/wp\/v2\/pages\/111664","targetHints":{"allow":["GET"]}}],"collection":[{"href":"https:\/\/www.freiburg-schwarzwald.de\/blog\/wp-json\/wp\/v2\/pages"}],"about":[{"href":"https:\/\/www.freiburg-schwarzwald.de\/blog\/wp-json\/wp\/v2\/types\/page"}],"author":[{"embeddable":true,"href":"https:\/\/www.freiburg-schwarzwald.de\/blog\/wp-json\/wp\/v2\/users\/2"}],"replies":[{"embeddable":true,"href":"https:\/\/www.freiburg-schwarzwald.de\/blog\/wp-json\/wp\/v2\/comments?post=111664"}],"version-history":[{"count":6,"href":"https:\/\/www.freiburg-schwarzwald.de\/blog\/wp-json\/wp\/v2\/pages\/111664\/revisions"}],"predecessor-version":[{"id":147888,"href":"https:\/\/www.freiburg-schwarzwald.de\/blog\/wp-json\/wp\/v2\/pages\/111664\/revisions\/147888"}],"up":[{"embeddable":true,"href":"https:\/\/www.freiburg-schwarzwald.de\/blog\/wp-json\/wp\/v2\/pages\/72608"}],"wp:attachment":[{"href":"https:\/\/www.freiburg-schwarzwald.de\/blog\/wp-json\/wp\/v2\/media?parent=111664"}],"curies":[{"name":"wp","href":"https:\/\/api.w.org\/{rel}","templated":true}]}}