{"id":111400,"date":"2023-04-02T17:19:57","date_gmt":"2023-04-02T15:19:57","guid":{"rendered":"https:\/\/www.freiburg-schwarzwald.de\/blog\/?page_id=111400"},"modified":"2023-04-20T14:34:16","modified_gmt":"2023-04-20T12:34:16","slug":"deutsch-israelischer-arbeitskreis","status":"publish","type":"page","link":"https:\/\/www.freiburg-schwarzwald.de\/blog\/religion\/juden\/juedisches-leben\/deutsch-israelischer-arbeitskreis\/","title":{"rendered":"Deutsch-Israelischer-Arbeitskreis"},"content":{"rendered":"<p>Home &gt;<a title=\"Religion\" href=\"https:\/\/www.freiburg-schwarzwald.de\/blog\/religion\/\">Religion<\/a>\u00a0&gt;<a title=\"Juden\" href=\"https:\/\/www.freiburg-schwarzwald.de\/blog\/religion\/juden\/\">Juden<\/a> &gt;<a href=\"https:\/\/www.freiburg-schwarzwald.de\/blog\/religion\/juden\/juedisches-leben\/\">J\u00fcdisches-Leben<\/a> &gt;Deutsch-Israelische-Arbeitskreis<\/p>\n<div id=\"attachment_111178\" style=\"width: 649px\" class=\"wp-caption alignnone\"><a href=\"https:\/\/www.freiburg-schwarzwald.de\/blog\/wp-content\/uploads\/2023\/03\/schauinsland-wetterbuchen-abendsonne2303-pan.jpg\"><img loading=\"lazy\" decoding=\"async\" aria-describedby=\"caption-attachment-111178\" class=\"size-full wp-image-111178\" src=\"https:\/\/www.freiburg-schwarzwald.de\/blog\/wp-content\/uploads\/2023\/03\/schauinsland-wetterbuchen-abendsonne2303-pan.jpg\" alt=\"\" width=\"639\" height=\"330\" srcset=\"https:\/\/www.freiburg-schwarzwald.de\/blog\/wp-content\/uploads\/2023\/03\/schauinsland-wetterbuchen-abendsonne2303-pan.jpg 639w, https:\/\/www.freiburg-schwarzwald.de\/blog\/wp-content\/uploads\/2023\/03\/schauinsland-wetterbuchen-abendsonne2303-pan-180x93.jpg 180w\" sizes=\"auto, (max-width: 639px) 100vw, 639px\" \/><\/a><p id=\"caption-attachment-111178\" class=\"wp-caption-text\">Wetterbuchen in der Abendsonne am Schauinsland im Schwarzwald M\u00e4rz 2023<\/p><\/div>\n<ul>\n<li><a href=\"https:\/\/www.freiburg-schwarzwald.de\/blog\/yom-hashoah-holocaustgedenk\/\">Yom HaShoah, dem israelischen Holocaustgedenk<\/a> (20.4.2023)<\/li>\n<li>Indubio 270: Aufstand im Gedenkghetto &#8211; Raus aus der Opferrolle (2.4.2023)<\/li>\n<li>Yom HaShoah \u2013 israelischer Holocaustgedenktag 18.4.2023 Ringsheim (31.3.2023)<\/li>\n<li>DIA: Einsch\u00e4tzungen aus der Region und Vortrag (30.3.2023)<\/li>\n<li>Der badische Anti-Israel-Sumpf (10.10.2020)<\/li>\n<li><a href=\"https:\/\/www.freiburg-schwarzwald.de\/blog\/religion\/juden\/juedisches-leben\/\">Herbolzheim versagte eine DIA-Veranstaltung \u00fcber Theodor Herzl<\/a> (6.9.2020)<\/li>\n<li><a href=\"https:\/\/www.freiburg-schwarzwald.de\/blog\/global\/israel\/israel2019\/\">Antiisraelische Aktivisten mobben j\u00fcdische DIA-Vorsitzende in Lahr<\/a> (7.11.2019)<\/li>\n<li><\/li>\n<li><a href=\"https:\/\/www.freiburg-schwarzwald.de\/blog\/religion\/juden\/antisemitismus\/\">Antisemitismus<\/a><\/li>\n<li><a href=\"https:\/\/www.freiburg-schwarzwald.de\/blog\/religion\/islam\/islam-antisemitismus\/\">Islam-Antisemitismus<\/a><\/li>\n<li><a href=\"https:\/\/www.freiburg-schwarzwald.de\/blog\/global\/israel\/israel2019\/\">Israel2019<\/a><\/li>\n<li><a href=\"https:\/\/www.freiburg-schwarzwald.de\/blog\/religion\/juden\/juedisches-leben\/\">J\u00fcdisches-Leben<\/a><\/li>\n<li><a href=\"https:\/\/www.freiburg-schwarzwald.de\/blog\/religion\/juden\/judenhass2021\/\">Judenhass2021<\/a><\/li>\n<li><a href=\"https:\/\/www.freiburg-schwarzwald.de\/blog\/bildung\/holocaust-education\/\">Holocaust-Education<\/a><\/li>\n<\/ul>\n<p>&nbsp;<\/p>\n<p><strong>Deutsch-Israelischer Arbeitskreis<\/strong><br \/>\nDeutsch-Israelischer Arbeitskreis s\u00fcdlicher Oberrhein e.V. (DIA)<br \/>\n1. Vorsitzende: Simone Schermann<br \/>\n2. Vorsitzende: Dr. Sandra M\u00fcller<br \/>\n2. Vorsitzender: Thomas K\u00f6lli<br \/>\nDIA, Postfach 11 07, 79195 Kirchzarten<br \/>\n<a href=\"mailto:info@dia-ettenheim-sued.de\">info@dia-ettenheim-sued.de<\/a><br \/>\n<a href=\"https:\/\/dia-ettenheim-sued.de\/\">https:\/\/dia-ettenheim-sued.de\/<\/a><\/p>\n<p>Informationen \u00fcber j\u00fcdisches Leben in Deutschland:<br \/>\n<a href=\"https:\/\/haolam.de\">https:\/\/haolam.de<\/a><br \/>\n<a href=\"http:\/\/www.hagalil.com\">http:\/\/www.hagalil.com<\/a><br \/>\n<a href=\"https:\/\/www.juedischerundschau.de\">https:\/\/www.juedischerundschau.de\u00a0<\/a><br \/>\nDie neuesten Informationen \u00fcber Israel aus Israel:<br \/>\n<a href=\"https:\/\/www.haaretz.com\">https:\/\/www.haaretz.com<\/a><br \/>\n<a href=\"https:\/\/www.israelhayom.com\">https:\/\/www.israelhayom.com<\/a><br \/>\n<a href=\"https:\/\/www.jpost.com\">https:\/\/www.jpost.com<\/a><br \/>\nInformationen zu Erforschung der Geschichte der Juden im s\u00fcddeutschen und angrenzenden Raum:<br \/>\n<a href=\"https:\/\/www.alemannia-judaica.de\">https:\/\/www.alemannia-judaica.de<\/a><br \/>\n========================================================<\/p>\n<p><strong>Indubio 270: Aufstand im Gedenkghetto &#8211; Raus aus der Opferrolle<\/strong><br \/>\n<a href=\"https:\/\/www.freiburg-schwarzwald.de\/blog\/staatsverbrechen-dr-g-frank\/\">Gerd Buurmann<\/a> spricht mit der Historikerin Simone Schermann und dem Kommentator Ali Utlu \u00fcber Freiheit, Selbstbestimmung und dar\u00fcber, dass in dem neuerwachten woken Deutschland Minderheiten wie hilflose Leibeigene behandelt werden, um mit ihnen den deutschen Gedenkzirkus und das linke Cancelkarussell am Laufen zu halten.<br \/>\n&#8230; Alles vom 2.4.2023 bitte lesen auf<br \/>\n<a href=\"https:\/\/www.achgut.com\/artikel\/indubio_folge_270_aufstand_im_gedenkghetto\">https:\/\/www.achgut.com\/artikel\/indubio_folge_270_aufstand_im_gedenkghetto<\/a><br \/>\n<a href=\"https:\/\/youtu.be\/c2Ne8xV2eb0\">https:\/\/youtu.be\/c2Ne8xV2eb0<\/a><br \/>\nAli Utlu: <a href=\"https:\/\/twitter.com\/AliCologne\">https:\/\/twitter.com\/AliCologne<\/a><br \/>\nSimone Schermann: Vors. DIA, <a href=\"https:\/\/dia-ettenheim-sued.de\/\">https:\/\/dia-ettenheim-sued.de\/<\/a><\/p>\n<p>Stichworte zur Indubio-Diskussion<br \/>\n<a href=\"https:\/\/youtu.be\/c2Ne8xV2eb0\">https:\/\/youtu.be\/c2Ne8xV2eb0<\/a><br \/>\n<em>1) Buch Blackout von Candace Owens:<\/em><br \/>\nDie Minderheiten (Schwarze, Homosexuelle, Migranten, &#8230;) m\u00fcssen die &#8222;Plantagen der linken Identit\u00e4tspolitiker&#8220; verlassen: Den Opferstatus, das Abh\u00e4ngigsein. Die Demokraten waren fr\u00fcher stets f\u00fcr die Sklaverei (Cu-Cux-Clan). Die Schwarzen wurden von den US-Demokraten an den bequemen Opferstatus des Sozialhilfeempf\u00e4ngers gew\u00f6hnt. Black People wurden in Abh\u00e4ngigkeit vom Staat gehalten (Angst, Bildung). Die Plantagen sind &#8222;Gedenkghettos&#8220;.<br \/>\nDie neuen schwarzen Sklaven sind heute die Migranten bzw. sp\u00e4ter dann die Deutschen als zuk\u00fcnftige Minderheit?<br \/>\nCandace Owens: Blackout<br \/>\nWie das Schwarze Amerika seine zweite Flucht aus der demokratischen Plantage schaffen kann. Speed \u200b\u200bRead Publishing hat eine kurze Zusammenfassung und analytische \u00dcberpr\u00fcfung des Buches f\u00fcr Ihr Lesevergn\u00fcgen erstellt., 2.99 Euro<br \/>\nCandace Owens:<br \/>\nHow Black America Can Make Its Second Escape from the Democrat Plantation<br \/>\n320 S., Simon &amp; Schuster, 978-1-9821-3327-6 (ISBN) , 27,55 Euro<\/p>\n<p><em>2) Ali Utlu: &#8222;Ich bin der schwule t\u00fcrkische Nazi&#8220;<\/em><br \/>\nLinken sagen, sie gehen nicht gehen Menschen vor. Aber sie stecken die Menschen in Schubladen. &#8222;In Schubladen stecken ist Rassismus&#8220;. Ich brauche keinen wei\u00dfen Ritter.<br \/>\nWoher kommt die Toleranz gegen\u00fcber dem Islam als Homo- und Frauenhasser? Deutsche Sch\u00fcler werden von muslimischen Klassenkameraden verpr\u00fcgelt &#8211; Alltag.<\/p>\n<p><em>3) Simone Schermann: &#8222;Ich bin eine J\u00fcdin, die sich wehrt&#8220;<\/em><br \/>\nZwei Kategorien von Juden in Deutschland:<br \/>\nI. Jude als Gedenkobjekt. Tote Juden, Gedenkzirkus, Gedenkghetto.<br \/>\nII. Jude als Antisemitismusproblem<br \/>\nStaatsfinanziertes Programm &#8222;Demokratie leben&#8220; bestimmt mit in der Gedenkindustrie. Deutsche Vereine geben in ehemaligen Synagogen or, wie man zu gedenken hat.<br \/>\n&#8222;Der eine Jugendwahn (Holocaust) wurde vom anderen Judenwahn (Gedenken) abgel\u00f6st&#8220;. Besch\u00fctztsein als neues Ghetto im Diasporadasein in D.<br \/>\nIsrael \u00fcberlebt nur durch &#8222;die Waffe in der Hand&#8220; &#8211; das genaue Gegenteil der Gedenkkultur.<br \/>\nTheodor Herzl: Die Juden m\u00fcssen die Plantagen der deutschen Mehrheitsgesellschaft verlassen&#8220;<br \/>\nAm 18.4.2023 j\u00e4hrt sich zum 80. Mal der Aufstand der Juden im Warschauer Ghetto. die &#8222;Ghettok\u00e4mpfer&#8220; werden in den deutschen Medien kaum erw\u00e4hnt, da sich hier Juden ger\u00e4cht haben.<br \/>\nDie Juden in Deutschland h\u00e4tten nie zulassen d\u00fcrfen, da\u00df ihnen das Gedenken vom Staat entrissen wird.<br \/>\nZitate von Candace Owens am Ende der Diskussion: &#8222;Wenn du wirklich wissen willst, ob dir jemand gut gesonnen ist und dir helfen will, dann sage einfach nur ein Mai: Nein&#8220;<br \/>\n2.4.2023<\/p>\n<p>Einige Kommentare:<br \/>\nUnd das beste zum Schlu\u00df ( 1:20 ca.): Genau so kann man es sehen. Die deutsche Herrenmenschenmentalit\u00e4t ist nach wie vor existent. Es braucht halt andere Themen um diese transportieren zu k\u00f6nnen. Oder anders gesagt, fr\u00fcher hal man Kanonenboote gesendet, heute Moral. M.G.<br \/>\n.<br \/>\nHab bislang nur die ersten 12 Minuten geh\u00f6rt und darin habt Ihr wirklich alles schon wunderbar pr\u00e4gnant zusammengefasst. Die brauchen Schwarze, Juden, Schwule und auch Frauen etc. nicht als selbstbewusste, selbstst\u00e4ndige, respektable und mit diesen Eigenschaften einfach nur selbstverst\u00e4ndliche Mitglieder der Gesellschaft, die brauchen sie als ewige Opfer. Die brauchen \u00fcberhaupt keine lebenden Juden mehr in Deutschland, die brauchen Juden nur als \u201cStolpersteine\u201d. Finde die Stolpersteine gut, doch die sind so gestaltet, dass sie nur solche Menschen st\u00f6ren, die sie st\u00f6ren sollen. Bin ja auch ein \u201crechtsradikaler Rassisten-Naahzie\u201d, doch wenn alle Schwarzen wie Candace Owens w\u00e4ren, w\u00fcrde es mich nicht st\u00f6ren, wenn wir alle kohlpechrabenschwarze Mohren w\u00e4ren. Denn es kommt nicht auf die Farbe der Birne an, sondern NUR auf ihren Inhalt und auf die daraus resultierenden Taten im Leben. Das gilt f\u00fcr alle Menschen. So &#8211; und jetzt h\u00f6re ich mir den Rest der Sendung an. T.Sch.<br \/>\n.<br \/>\nDie linke Identit\u00e4tspolitik dient der Spaltung der Gesellschaft. Divide et impera. Die Gesellschaft wird in egomanische &amp; monomanische Blasen gespalten, die nur noch Monologe f\u00fchren. Die Blasen radikalisieren sich und werden gegeneinander aufgehetzt &amp; ausgespielt. Der kritische Dialog ist unerw\u00fcnscht. Beispielsweise darf der Islam nur noch durch Muslime kritisiert werden, die Schwarzen d\u00fcrfen nur noch durch Schwarze kritisiert werden. D\u00fcrfen die Nazis nur noch durch Nazis kritisiert werden? In dieser pulverisierten &amp; radikalisierten Gesellschaft sind die Linken die Puppenspieler. Danke an Herrn Buurmann f\u00fcr das Beispiel ab Minute 49, welches das amoralische Parasitentum der Linken entlarvt. R\u00e4uchert die linken Ratten aus allen Minderheitenvertretungen! Nein, ich f\u00fchle mich durch die Linken nicht vertreten, ich f\u00fchle mich in der \u201cGr\u00fcnen Biotonne\u201d nicht geborgen!. T.S.<br \/>\nEnde Kommentare<br \/>\n.<br \/>\n.<\/p>\n<p><strong>Yom HaShoah \u2013 israelischer Holocaustgedenktag 18.4.2023 Ringsheim<\/strong><br \/>\nPodiumsdiskussion am israelischen Holocaust-Gedenktag Yom HaShoah mit Simone Schermann, Ali Utlu, Yonathan Shay und Gerd Buurmann. Veranstalter sind der DIA in Zusammenarbeit mit der Au\u00dfenstelle Ringsheim der VHS Lahr.<br \/>\n.<br \/>\n<a href=\"https:\/\/www.freiburg-schwarzwald.de\/blog\/wp-content\/uploads\/2023\/04\/holocaustgedenktag-dia230418.jpg\"><img loading=\"lazy\" decoding=\"async\" class=\"alignnone size-thumbnail wp-image-111409\" src=\"https:\/\/www.freiburg-schwarzwald.de\/blog\/wp-content\/uploads\/2023\/04\/holocaustgedenktag-dia230418-180x180.jpg\" alt=\"\" width=\"180\" height=\"180\" srcset=\"https:\/\/www.freiburg-schwarzwald.de\/blog\/wp-content\/uploads\/2023\/04\/holocaustgedenktag-dia230418-180x180.jpg 180w, https:\/\/www.freiburg-schwarzwald.de\/blog\/wp-content\/uploads\/2023\/04\/holocaustgedenktag-dia230418-640x640.jpg 640w, https:\/\/www.freiburg-schwarzwald.de\/blog\/wp-content\/uploads\/2023\/04\/holocaustgedenktag-dia230418-768x768.jpg 768w, https:\/\/www.freiburg-schwarzwald.de\/blog\/wp-content\/uploads\/2023\/04\/holocaustgedenktag-dia230418.jpg 800w\" sizes=\"auto, (max-width: 180px) 100vw, 180px\" \/><\/a><br \/>\n.<br \/>\n18.4.2023, 19 Uhr. B\u00fcrgersaal,<br \/>\nDenkmalstrasse 16, 77975 Ringsheim (zwischen Freiburg und Offenburg)<\/p>\n<p>&nbsp;<\/p>\n<p><strong>DIA: Einsch\u00e4tzungen aus der Region und Vortrag<\/strong><br \/>\n&#8211; Die Deutsch-Israelische Gesellschaft (DIG AG) in Freiburg habe keine Ber\u00fchrungspunkte mit dem DIA, sagt DIG-AG-Vorsitzende Mirjam Fischer. Aufgrund der N\u00e4he von Simone Schermann zur AfD beziehungsweise rechten Gruppierungen wie &#8222;Pax Europa&#8220; sei eine Zusammenarbeit ohnehin undenkbar. Fischer wird deutlich: &#8222;Wir wollen nichts damit zu tun haben.&#8220; Die DIG AG Freiburg hat 80 Mitglieder.<br \/>\n&#8211; Die J\u00fcdische Gemeinde Emmendingen hat &#8222;\u00fcberhaupt keinen Bezug&#8220; zum Arbeitskreis. Man wisse auch nicht, was der Verein genau tue. Eine Sprecherin sagt: &#8222;Wir sind eine rein religi\u00f6se Gemeinde und haben nichts mit Politik zu tun.&#8220; Die Gemeinde hat 380 Mitglieder.<br \/>\n&#8211; Der DIA veranstaltet am 18. April in Zusammenarbeit mit der Au\u00dfenstelle Ringsheim der VHS Lahr eine Podiumsdiskussion am israelischen Holocaust-Gedenktag Yom HaShoah. Laut Ank\u00fcndigung nehmen Simone Schermann, Ali Utlu, Yonathan Shay und Gerd Buurmann teil. Die Teilnehmenden sind f\u00fcr eine N\u00e4he zur Gruppierung &#8222;Juden in der AfD&#8220; oder zur rechtsgerichteten Monatszeitung J\u00fcdische Rundschau bekannt. Der Ex-Muslim und Aktivist Ali Utlu \u00e4u\u00dfert sich regelm\u00e4\u00dfig negativ \u00fcber Transgender-Menschen. Angesprochen auf die Diskussion hei\u00dft es aus der VHS, es sei ein wichtiges Thema. &#8222;Bei den Personen kann man kritisch draufschauen, es sind diskussionsfreudige Teilnehmer&#8220;, so VHS-Leiterin Carmen Wenkert. Die Auswahl habe bei Schermann gelegen. Als problematisch wird die Zusammenstellung nicht angesehen.<br \/>\n&#8230; Alles vom 30.3.2023 bitte lesen auf<br \/>\n<a href=\"https:\/\/www.badische-zeitung.de\/einschaetzungen-aus-der-region-und-vortrag--251320976.html\">https:\/\/www.badische-zeitung.de\/einschaetzungen-aus-der-region-und-vortrag&#8211;251320976.html<\/a><\/p>\n<p>.<\/p>\n<p><strong>Der badische Anti-Israel-Sumpf<\/strong><br \/>\nAusgerechnet das Wort \u201eisraelisch\u201c im Namen des Deutsch-Israelischen Arbeitskreises s\u00fcdlicher Oberrhein erregt Missfallen bei zwei lokalen CDU-Mitgliedern. Die \u00f6rtliche Presse beschuldigt Gegner einer unsinnigen Umbenennung der \u201eNetanjahu-Verherrlichung\u201c.<br \/>\nAm 18. Mai 2018 wurde ich die erste j\u00fcdische Vorsitzende in der Geschichte des Deutsch-Israelischen Arbeitskreises S\u00fcdlicher Oberrhein (DIA Ettenheim). Bei dieser Versammlung verfolgten die Mitglieder Achim Schwab und Margret \u00d6lhoff die klare Agenda, \u201eIsrael\u201c aus dem Namen des DIA zu eliminieren.<br \/>\nSie seien mit der Politik Israels nicht einverstanden. \u201eIsrael ist stark und Israel ist ein Staat\u201c, er bedrohe die \u201ePal\u00e4stinenser\u201c. Die Bezeichnung \u201edeutsch-israelisch\u201c sei falsch. Ihnen gehe es nicht um Israel, sondern um \u201eJuden und j\u00fcdische Kultur\u201c. Herr Schwab meinte au\u00dferdem auf die alleinige \u201eaggressive Sprache Israels\u201c hinweisen zu m\u00fcssen. Beide freuten sich aber sehr auf die bevorstehende Au\u00dfenrenovierung der Synagoge Altdorf, wo unsere Versammlung stattfand. Zudem sei, so Schwab, die \u201ebisherige Erinnerungsarbeit ein gro\u00dfartiges Werk\u201c.<br \/>\nDie Herrschaften kannten nur einen Schuldigen: Israel. Mit seiner D\u00e4monisierung lie\u00df man dem israelbezogenen Antisemitismus freien Lauf, in etwa so wie die UNO einzig Israel \u00f6fter als alle anderen L\u00e4nder der Welt zusammengenommen verurteilt und sein Existenzrecht in Frage stellt. So forderten \u00d6lhoff und Schwab in der Synagoge von Altdorf, deren Juden deportiert wurden, Israel aus dem Namen des Vereins zu tilgen.<br \/>\nBis zum heutigen Tag vermisse ich von \u00d6lhoff und Schwab eine Verurteilung des Raketenterrors von Hisbollah und Hamas oder eine Kritik an der Forderung des Irans nach der Zerst\u00f6rung Israels.<\/p>\n<p>Was tun sie f\u00fcr lebende Juden und j\u00fcdische Kultur?<br \/>\nJuden verstecken sich und ihre Identit\u00e4t hinter den Gettomauern ihrer Gemeinden. Wo war der Aufschrei von \u00d6lhoff und Schwab, als das Au\u00dfenministerium die Zusammenarbeit mit Nurhan Soykan ank\u00fcndigte \u2013 einer Antisemitin, Israelhasserin und Islamistin, Funktion\u00e4rin des Zentralrats der Muslime, die den \u201eHamas, Hamas, Juden ins Gas\u201c-al-Quds-Tag mit den Worten verharmlost, \u201eder \u00c4rger m\u00fcsse halt auch mal heraus\u201c. Parallel dazu wurde Rabbiner Brodmann in M\u00fcnchen von muslimischen M\u00e4nnern mit den \u00fcblichen \u201eFuck Israel\u201c-Schm\u00e4hungen und antisemitischen Beleidigungen attackiert. Alltag f\u00fcr Juden, bestehend aus Hass und Hetze.<\/p>\n<p>Wo war ihr Aufschrei f\u00fcr j\u00fcdisches Leben?<br \/>\nVon welcher j\u00fcdischen Kultur reden sie, wenn Synagogen von Polizei bewacht werden, Juden keine Kippa mehr tragen k\u00f6nnen, Juden Schweden, Frankreich, die Schweiz und Deutschland verlassen, um nach Israel zu gehen, wo sie sich sicherer f\u00fchlen? Wenn j\u00fcdische Sch\u00fcler in Berlin \u201eFl\u00fcchtlinge im eigenen Land\u201c sind, weil sie nicht selten von muslimischen Sch\u00fclern gequ\u00e4lt und gedem\u00fctigt die Schule verlassen, oder wenn das Wort \u201eJude\u201c in Schulen nur noch Schimpfwort ist.<br \/>\nEs ist nicht wahr, dass sie am Erhalt j\u00fcdischer Kultur interessiert sind. Wenn sie mit der Politik Israels nicht sympathisieren, so ist das ihre Meinung, die sie haben d\u00fcrfen. Wenn sie aber ein ganzes Land daf\u00fcr in Sippenhaft nehmen und Israel aus dem Namen des DIA tilgen wollen, sind sie mit der Hamas, der Hisbollah und dem Iran im Schulterschluss vereint.<br \/>\n2018 trat Herr Schwab mit dieser Begr\u00fcndung aus: \u201eInsofern erscheint mir der neue Schwerpunkt des Vereins unter der neuen Vorsitzenden, also das Beleuchten der Nahostpolitik aus israelischer Sicht, problematisch.\u201c Die Nahostpolitik aus israelischer Perspektive soll also keine \u00f6ffentliche Plattform bekommen!<\/p>\n<p>Restitutionsforderung<br \/>\nWoher kommt dieser Hass gegen Israel, woher der obsessive Versuch, Andersdenkende zu diffamieren und mundtot machen zu wollen, die eine andere Sicht auf Israel haben? Wieso glaubt Herr Schwab, den Diskurs \u00fcber Israel bestimmen zu d\u00fcrfen? Vielleicht findet sich die Erkl\u00e4rung in bestimmten Altlasten.<br \/>\nIn dem Buch \u201eReise in die Vergangenheit\u201c beschreibt Hanna Mayer-Moses, deren Familie aus Altdorf stammt, den Verkauf des Hauses ihrer Gro\u00dfeltern Bertha und David Dreifuss an die Familie Achim Schwabs in Altdorf sowie ihre sp\u00e4tere Restitutionsforderung. Anfang der 1950er Jahre hatten Frau Moses und ihre Schwester \u00fcberlegt, Anspr\u00fcche beim \u201eWiedergutmachungsamt\u201c in Karlsruhe einzureichen. Dabei wurden sie aufgefordert, ihre und ihrer Eltern Verfolgungs- und Lagerzeit in Gurs zu beweisen.<br \/>\n\u201eIch habe alle diese Akten noch aufbewahrt, es ist keine erbauliche Lekt\u00fcre\u201c, so Frau Moses. \u201eIm Herbst 1950 erhielten wir pl\u00f6tzlich einen Brief aus Altdorf von der Familie Schwab, die 1940 das gro\u00dfelterliche Haus gekauft hatte. Achim Schwab war von den Beh\u00f6rden in Freiburg\/Br. aufgefordert worden, an uns eine Nachzahlung f\u00fcr das zu billig erstandene Anwesen zu leisten. Meine Schwester und ich hatten von den damaligen Vorg\u00e4ngen keine Ahnung und so fragte ich einen Bekannten, der meinte, es sei besser, Unrecht zu erleiden, als Unrecht zu tun, und so verzichteten wir auf eine Nachzahlung. Wir waren zu der Zeit ohne jeglichen finanziellen R\u00fcckhalt, ohne Nachricht \u00fcber den Verbleib unserer Eltern, von der Ausweisung bedroht, mit wenig Berufsaussichten \u2013 aber wir haben verzichtet.\u201c<\/p>\n<p>Achim Schwab nennt \u201eErinnerungsarbeit ein gro\u00dfartiges Werk\u201c. Die Judenverfolgung hat Schwabs Gro\u00dfvater ein billiges Haus von Juden eingebracht und seinem Enkel Achim erm\u00f6glicht, auf dem erduldeten Leid der Hanna Mayer-Moses ein \u201egro\u00dfartiges Werk\u201c zu vollbringen: die Erinnerungsarbeit. Eike Geisel nannte es die \u201eWiedergutwerdung\u201c der Deutschen.<br \/>\nDie Ermordung der Juden hat sich in \u201ej\u00fcdischer (Gedenk-)Kultur\u201c ausgezahlt. Schwab renovierte mit staatlichem Geld und seinem anderen Gedenkverein die Fassade der Synagoge Altdorf. Das geht nur ohne Juden. So wurde aus der Untat der Vorfahren das Beste herausgeholt. Eine geschmacklose Version \u201ej\u00fcdischer Kultur\u201c ohne Juden, bei der man gleichzeitig Israel hassen kann. Diese totale Wiedergutwerdung in Form von \u201eGedenken\u201c ist nichts als ein Feigenblatt aus toten Juden. Es ist ein Tarnschild, um Israel einfacher kritisieren zu k\u00f6nnen, da man sich gleichzeitig mit \u201etoten Wohlf\u00fchljuden\u201c oder leeren Synagogen schm\u00fccken kann. Die Lebenden l\u00e4sst man wieder im Stich.<\/p>\n<p>\u201eMan ehrt die toten Juden, um die Lebenden besser vergessen zu k\u00f6nnen.\u201c<br \/>\nIn der Datenbank von Yad Vashem finden sich meine ermordeten Verwandten. Sie begleiten mich von Kindesbeinen an. Manchmal schauen sie mir \u00fcber die Schulter, als wollten sie sagen: \u201eDu kannst dich wehren!\u201c Ich k\u00f6nnte mich im Spiegel nicht mehr anschauen, w\u00fcrde ich nicht f\u00fcr Israel einstehen und f\u00fcr meine Familie, aus der acht Kinder zur israelischen Armee m\u00fcssen. Sie verteidigen das Land, das im Notfall meine Zuflucht ist.<br \/>\nDie Israel-Gegner wurden von Bernhard Pilz in der Mitgliedersammlung am 25. September 2020 vertreten, als Pilz sich selbst zum Kandidaten f\u00fcr den Vorsitz des DIA vorschlug. Sein Plan, mich aus dem DIA \u201ebereinigen\u201c zu wollen, wurde von den Anwesenden mit h\u00f6rbarem Missfallen goutiert. Dass Juden in Deutschland wieder Angst haben, ihre Identit\u00e4t \u00f6ffentlich nicht leben k\u00f6nnen und sich hinter den Gettomauern ihrer Gemeinden verstecken, interessiert Pilz nicht.<br \/>\nWenn ich es als J\u00fcdin wage, jeden Antisemitismus tabulos beim Namen zu nennen, werde ich angegriffen und verleumdet. Wenn ich mich als J\u00fcdin nicht konform verhalte und eine eigene Meinung zu Israel oder \u00fcber den Judenhass der Hamas \u00e4u\u00dfere, dann diffamiert man mich \u00f6ffentlich daf\u00fcr, die Wahrheit gesagt zu haben. Denn eben die will niemand h\u00f6ren, und die soll auch niemand h\u00f6ren. In Deutschland wird der islamische Antisemitismus noch immer unter den Teppich gekehrt.<\/p>\n<p>\u00d6lhoff und Schwab werfen mir nun in Kooperation mit der \u201eLahrer Zeitung\u201c (LZ) und der \u201eBadischen Zeitung\u201c (BZ) \u201euneingeschr\u00e4nkte Loyalit\u00e4t mit Israel\u201c vor. Nun, ich bin uneingeschr\u00e4nkt solidarisch mit dem Land Israel. Ich bin Zionistin, J\u00fcdin, Israelin und Deutsche in Personalunion. Ich bin sozusagen reichlich beschenkt, da der Schwarzwald mir zur Heimat geworden ist. Meine andere Heimat, Israel, wo das Wenige an Familie lebt, dass mir Nazideutschland gelassen hat, und wo ich geboren bin, nenne ich mein Mutterland. Deutschland ist mein Vaterland. Wie mein Vater, der ein Czernowitzer Jude war, spreche ich keine andere Sprache so gut wie Deutsch. Ich bin eine deutsch-israelische Patriotin.<\/p>\n<p>Seit meiner Wahl zur Vorsitzenden l\u00e4uft eine Hetzkampagne gegen mich, die bis heute anh\u00e4lt. Juden, die sich wie ich mit ihrem zugewiesenen Platz nicht abfinden, nur der Pausenclown f\u00fcr den Erinnerungszirkus von Synagogenrenovierern und Israelhassern zu spielen, sollen mundtot gemacht werden. Der moderne Antisemitismus ist der Hass auf Israel und auf jene, die den Hass offen benennen.<\/p>\n<p>Am 5. Oktober 2019 schrieb der Mitstreiter von Herrn Schwab und Frau \u00d6lhoff, J\u00fcrgen Milde: \u201eDem wieder aufkeimenden Antisemitismus in Europa muss der N\u00e4hrboden entzogen werden durch eine Ver\u00e4nderung der Haltung des politischen Israels und nicht durch Verbreitung von \u00c4ngsten.\u201c<br \/>\nManche Dinge ver\u00e4ndern sich nie. Am Antisemitismus sind die Juden selbst schuld, damals wie heute. Wenn die Journalisten Felix Bender (LZ) und Michael Masson (BZ) einer J\u00fcdin ihre Loyalit\u00e4t zu Israel vorwerfen, entlarven sie sich damit nur selbst. W\u00e4re ich israelkritisch, w\u00fcrden mir diese Anw\u00fcrfe nicht passieren. Die Berichterstattung von BZ und LZ \u00fcber mich ist einseitig und tendenzi\u00f6s. So forderte Bender im Oktober 2019 von mir die Beantwortung von vier Suggestivfragen innerhalb von drei Stunden, andernfalls w\u00fcrde ein Artikel \u00fcber mich erscheinen. Ein pers\u00f6nliches Interview lehnte er ab, woraufhin Herr Bender titelte, der \u201eDIA h\u00fclle sich in Schweigen\u201c. Beide Zeitungen fordern mit Schwab und \u00d6lhoff, die gar nicht mehr im Verein sind, meinen R\u00fccktritt, den aber au\u00dfer Bernhard Pilz, dem \u201eBereiniger\u201c, im DIA sonst niemand fordert.<\/p>\n<p>Unver\u00f6ffentlichtes Interview<br \/>\nBeide Zeitungen arbeiten mit Vertuschung, Leugnung von Tatsachen und Verleumdung. Die BZ machte mit mir und Robert Krais, dem Gr\u00fcnder des DIA, im Dezember 2019 ein dreist\u00fcndiges Interview. Es wurde bis heute nicht gedruckt.<br \/>\nDie Zeitungen tadeln auch meine \u201eVerunglimpfung\u201c Steinmeiers, ohne jemals zu berichten, was genau ich \u00fcber Steinmeier eigentlich gesagt habe. Also werde ich das hier nachholen: Herr Steinmeier gratuliert wiederholt dem klerikal-faschistischen Mullah-Regime des Iran zum Jubil\u00e4um. Einem frauenfeindlichen, homophoben, rassistischen Terrorregime, das Frauen steinigt, homosexuelle Jugendliche an Baukr\u00e4nen aufh\u00e4ngt, Oppositionelle hinrichtet und seine Vernichtungsfantasien gegen\u00fcber Israel offen zum Ausdruck bringt, ohne daf\u00fcr von der Bundesregierung konsequent ge\u00e4chtet zu werden. Wenn Steinmeier gleichzeitig in Gedenkveranstaltungen den Holocaust betrauert und den Kampf gegen Hass und Hetze propagiert, halte ich das f\u00fcr Doppelz\u00fcngigkeit und Heuchelei.<br \/>\nBizarr wurde die Arbeit der Zeitungen, als sie den Schreiber Michael Masson am 25. September 2020 in unsere Versammlung schickten, aus der er tendenzi\u00f6s und falsch Bericht erstattete. Sein Auftritt schockierte mich und viele Teilnehmer. Offenbar alkoholisiert inklusive entsprechender Fahne, verlangte er von mir, ihm die Namen der Vorstandsmitglieder mit seinem Stift aufzuschreiben und ihm alle Veranstaltungen, die ich zuvor aus meinem neunseitigen Skript vorgelesen hatte, zu diktieren. Masson nannte in LZ und BZ die Zusammensetzung des neuen Vorstands eklatant falsch. Offenbar hatte der vermutlich nicht mehr n\u00fcchterne Journalist dessen Wahl mit der Entlastung des bisherigen Vorstands verwechselt.<\/p>\n<p>Juden m\u00fcssen sich selbst helfen<br \/>\nAm 25. September 2020 wurde ich fast einstimmig wiedergew\u00e4hlt. Ich habe wunderbare Menschen im DIA, die hinter mir stehen, inklusive altem und neuem Vorstand.<br \/>\nAntisemitisches Gedankengut nicht zu bek\u00e4mpfen, weil es nicht braun, sondern in der gr\u00fcnen Farbe des Islam daherkommt, zeugt von doppelten Standards. Egal, ob Hass von Rechten, Linken, Christen oder Muslimen kommt: Solange es dieses Gedenktheater gibt, werden wir lebenden Juden uns in Deutschland selbst wehren und die Heucheleien lautstark anprangern m\u00fcssen.<br \/>\nJedem muss endg\u00fcltig klar geworden sein, dass das staatlich gef\u00f6rderte Gedenken eine willf\u00e4hrige Ausrede f\u00fcr die v\u00f6llige Gleichg\u00fcltigkeit von Leuten wie Schwab, \u00d6lhoff und Pilz ist, die den islamischen Judenhass ignorieren, dem in Deutschland lebende Juden ausgesetzt sind und gegen den auch Israel sich immer wieder zur Wehr setzen muss: Die arabische Welt ist nahezu \u201ejudenrein\u201c, Gaza sogar komplett. Juden verlassen zu Tausenden Europa. Ihre Gemeinden in Deutschland verzeichnen mehr Sterbef\u00e4lle als Geburten.<br \/>\nMichael Wolffsohn sagt klar: \u201eDer gewaltt\u00e4tige Antisemitismus kommt heute nicht von rechts, auch wenn die irref\u00fchrenden Statistiken etwas anderes sagen.\u201c Wie ich wurde auch Herr Wolffsohn schon antisemitisch bedr\u00e4ngt und er bezeugt, dass er in seinem j\u00fcdischen Bekanntenkreis von allen das Gleiche h\u00f6re: \u201eGewalt gegen Juden geht ausschlie\u00dflich von Muslimen aus.\u201c<br \/>\nWir befinden uns auf dem Weg zu einem judenfreien Deutschland. Ich \u00fcberlege oft, meinen Davidstern-Anh\u00e4nger lieber nicht zu tragen. Dann h\u00e4tte ich kapituliert und mein Judentum freiwillig ins innere Exil verlagert. Eine judenhassende Meute zwingt Juden dazu, sich selbst zu gettoisieren und ihr Judentum zu verleugnen.<\/p>\n<p>BZ und LZ machen sich zu Sprachrohren der lokalen Israelfeinde, schreiben seit zwei Jahren mit den nahezu immergleichen Textbausteinen \u00fcber mich, ohne jemals mit mir zu reden oder ohne mein Interview zu drucken. Sie sind an einer wahrheitsgem\u00e4\u00dfen Berichterstattung \u00fcber mich ebenso wenig interessiert wie an einer fairen Information \u00fcber die Nahostpolitik aus israelischer Sicht.<br \/>\nEine J\u00fcdin, die die Charta der Hamas \u00f6ffentlich zitiert, st\u00f6rt nur. Daher f\u00fcr Frau \u00d6lhoff und Herrn Schwab hier aus der Charta der Hamas: \u201eDie Zeit wird nicht anbrechen, bevor nicht die Muslime die Juden bek\u00e4mpfen und sie t\u00f6ten; bevor sich nicht die Juden hinter Felsen und B\u00e4umen verstecken, welche ausrufen: Oh Muslim! Da ist ein Jude, der sich hinter mir versteckt; komm und t\u00f6te ihn!\u201c<br \/>\nWenn Sie wissen wollen, wie das damals vor \u00fcber 70 Jahren passieren konnte? Es liegt daran, dass Sie so sind, wie Ihre Vorfahren damals waren (nach Henryk Broder).<\/p>\n<p>2017 kam ich durch den Film des Deutsch-Israelischen Arbeitskreises \u00fcber den Freiburger Juden G\u00fcnter Stein zum DIA. Stein erz\u00e4hlt darin \u00fcber Judenverfolgung, seine Flucht nach Pal\u00e4stina und die Staatswerdung Israels im Krieg gegen die arabischen Staaten. Herr Steins Aussagen begleiten mich bis heute. Er sagt: \u201eSo ein Jude wollte ich nicht sein.\u201c Herr Stein war ein K\u00e4mpfer. Auch ich bin eine J\u00fcdin, die sich wehrt.<br \/>\n&#8230; Alles vom 10.10.2020 von Simone Schermann bitte lesen auf<br \/>\n<a href=\"https:\/\/juedischerundschau.de\/article.2020-10.der-badische-anti-israel-sumpf.html#.X81Bx4h5GrU.link\">https:\/\/juedischerundschau.de\/article.2020-10.der-badische-anti-israel-sumpf.html#.X81Bx4h5GrU.link<\/a><\/p>\n<p>&nbsp;<\/p>\n<p>&nbsp;<\/p>\n","protected":false},"excerpt":{"rendered":"<p>Home &gt;Religion\u00a0&gt;Juden &gt;J\u00fcdisches-Leben &gt;Deutsch-Israelische-Arbeitskreis Yom HaShoah, dem israelischen Holocaustgedenk (20.4.2023) Indubio 270: Aufstand im Gedenkghetto &#8211; Raus aus der Opferrolle (2.4.2023) Yom HaShoah \u2013 israelischer Holocaustgedenktag 18.4.2023 Ringsheim (31.3.2023) DIA: Einsch\u00e4tzungen aus der Region und Vortrag (30.3.2023) Der badische Anti-Israel-Sumpf &hellip; <a href=\"https:\/\/www.freiburg-schwarzwald.de\/blog\/religion\/juden\/juedisches-leben\/deutsch-israelischer-arbeitskreis\/\">Weiterlesen <span class=\"meta-nav\">&rarr;<\/span><\/a><\/p>\n","protected":false},"author":2,"featured_media":0,"parent":83341,"menu_order":0,"comment_status":"closed","ping_status":"closed","template":"","meta":{"footnotes":""},"class_list":["post-111400","page","type-page","status-publish","hentry"],"_links":{"self":[{"href":"https:\/\/www.freiburg-schwarzwald.de\/blog\/wp-json\/wp\/v2\/pages\/111400","targetHints":{"allow":["GET"]}}],"collection":[{"href":"https:\/\/www.freiburg-schwarzwald.de\/blog\/wp-json\/wp\/v2\/pages"}],"about":[{"href":"https:\/\/www.freiburg-schwarzwald.de\/blog\/wp-json\/wp\/v2\/types\/page"}],"author":[{"embeddable":true,"href":"https:\/\/www.freiburg-schwarzwald.de\/blog\/wp-json\/wp\/v2\/users\/2"}],"replies":[{"embeddable":true,"href":"https:\/\/www.freiburg-schwarzwald.de\/blog\/wp-json\/wp\/v2\/comments?post=111400"}],"version-history":[{"count":5,"href":"https:\/\/www.freiburg-schwarzwald.de\/blog\/wp-json\/wp\/v2\/pages\/111400\/revisions"}],"predecessor-version":[{"id":111907,"href":"https:\/\/www.freiburg-schwarzwald.de\/blog\/wp-json\/wp\/v2\/pages\/111400\/revisions\/111907"}],"up":[{"embeddable":true,"href":"https:\/\/www.freiburg-schwarzwald.de\/blog\/wp-json\/wp\/v2\/pages\/83341"}],"wp:attachment":[{"href":"https:\/\/www.freiburg-schwarzwald.de\/blog\/wp-json\/wp\/v2\/media?parent=111400"}],"curies":[{"name":"wp","href":"https:\/\/api.w.org\/{rel}","templated":true}]}}