{"id":111356,"date":"2023-04-01T10:57:26","date_gmt":"2023-04-01T08:57:26","guid":{"rendered":"https:\/\/www.freiburg-schwarzwald.de\/blog\/?page_id=111356"},"modified":"2026-01-23T16:50:49","modified_gmt":"2026-01-23T15:50:49","slug":"jugendgewalt","status":"publish","type":"page","link":"https:\/\/www.freiburg-schwarzwald.de\/blog\/selbsthilfe\/krise\/gewalt\/jugendgewalt\/","title":{"rendered":"Jugendgewalt"},"content":{"rendered":"<p><a href=\"https:\/\/www.freiburg-schwarzwald.de\/blog\">Home<\/a>\u00a0&gt;<a title=\"Selbsthilfe\" href=\"https:\/\/www.freiburg-schwarzwald.de\/blog\/selbsthilfe\/\">Selbsthilfe<\/a>\u00a0&gt;<a title=\"Krise\" href=\"https:\/\/www.freiburg-schwarzwald.de\/blog\/selbsthilfe\/krise\/\">Krise<\/a>\u00a0&gt;<a title=\"Gewalt\" href=\"https:\/\/www.freiburg-schwarzwald.de\/blog\/selbsthilfe\/krise\/gewalt\/\">Gewalt<\/a>\u00a0&gt;<a title=\"Polizei\" href=\"https:\/\/www.freiburg-schwarzwald.de\/blog\/selbsthilfe\/soziales\/justiz\/polizei\/\">Polizei<\/a>\u00a0&gt;<a title=\"Integration\" href=\"https:\/\/www.freiburg-schwarzwald.de\/blog\/global\/integration\/\">Integration<\/a>\u00a0&gt;<a title=\"Kriminalitaet\" href=\"https:\/\/www.freiburg-schwarzwald.de\/blog\/selbsthilfe\/krise\/gewalt\/kriminalitaet\/\">Kriminalitaet<\/a> &gt;Jugendgewalt<\/p>\n<div id=\"attachment_111178\" style=\"width: 649px\" class=\"wp-caption alignnone\"><a href=\"https:\/\/www.freiburg-schwarzwald.de\/blog\/wp-content\/uploads\/2023\/03\/schauinsland-wetterbuchen-abendsonne2303-pan.jpg\"><img loading=\"lazy\" decoding=\"async\" aria-describedby=\"caption-attachment-111178\" class=\"size-full wp-image-111178\" src=\"https:\/\/www.freiburg-schwarzwald.de\/blog\/wp-content\/uploads\/2023\/03\/schauinsland-wetterbuchen-abendsonne2303-pan.jpg\" alt=\"\" width=\"639\" height=\"330\" srcset=\"https:\/\/www.freiburg-schwarzwald.de\/blog\/wp-content\/uploads\/2023\/03\/schauinsland-wetterbuchen-abendsonne2303-pan.jpg 639w, https:\/\/www.freiburg-schwarzwald.de\/blog\/wp-content\/uploads\/2023\/03\/schauinsland-wetterbuchen-abendsonne2303-pan-180x93.jpg 180w\" sizes=\"auto, (max-width: 639px) 100vw, 639px\" \/><\/a><p id=\"caption-attachment-111178\" class=\"wp-caption-text\">Wetterbuchen in der Abendsonne am Schauinsland im Schwarzwald M\u00e4rz 2023<\/p><\/div>\n<ul>\n<li><em>Listenauswahl eines Beitrags: Bitte <span style=\"text-decoration: underline;\">anklicken<\/span> oder runterscrollen<\/em><\/li>\n<li>Diversit\u00e4t am praktischen Beispiel: Montenegriner Gambier Pakistani Syrer Serbe (23,1,2026)<\/li>\n<li><a href=\"https:\/\/www.freiburg-schwarzwald.de\/blog\/silvesternacht-2026-friedlich\/\">Entsteht auch in Europa eine islamische Untergrundarmee \u2013 5.Kolonne?<\/a>\u00a0(3.1.2026)<\/li>\n<li><a href=\"https:\/\/www.freiburg-schwarzwald.de\/blog\/global\/integration\/gewaltimport\/\">Schattenseiten der Migration: Urbaniok \u2013 Kriminalit\u00e4t \u2013 Sicherheit<\/a>\u00a0(12.12.2025)<\/li>\n<li><a href=\"https:\/\/www.freiburg-schwarzwald.de\/blog\/kultur\/musik\/rap\/\">Gerappte Ha\u00dfges\u00e4nge gegen Polizisten, Juden, Frauen<\/a>\u00a0(31.10.2025)<\/li>\n<li>Charlie Kirk: Linksradikaler Attent\u00e4ter Tyler Robson (17.9.2025)<\/li>\n<li>67 % der jugendlichen Intensivt\u00e4ter in NRW haben Migrationshintergrund (11.4.2025)<\/li>\n<li><a href=\"https:\/\/www.freiburg-schwarzwald.de\/blog\/selbsthilfe\/krise\/gewalt\/kindergewalt\/\">M\u00e4dchengang-Terror an Oberschule in Sande<\/a> (2.1.2025)<\/li>\n<li><a href=\"https:\/\/www.freiburg-schwarzwald.de\/blog\/verantwortungslose-wendehaelse\/\">Verantwortungslose Wendeh\u00e4lse<\/a>\u00a0(1.8.2024)<\/li>\n<li><a href=\"https:\/\/www.freiburg-schwarzwald.de\/blog\/global\/migration\/talahon\/\">Talahon \u2013 Gangsta mit Gucci-Cap, Jogginghose und Lacoste Shirt<\/a>\u00a0(28.7.2024)<\/li>\n<li><a href=\"https:\/\/www.freiburg-schwarzwald.de\/blog\/global\/migration\/badoeynhausen-philippos24juni2024\/\">20-J\u00e4hriger nach Gruppenangriff tot \u2013 Medien schauen weg<\/a>\u00a0(25.6.2024)<\/li>\n<li>Kriminalit\u00e4t: Jugendliche Migranten schlagen immer brutaler zu (14.5.2024)<\/li>\n<li><a href=\"https:\/\/www.freiburg-schwarzwald.de\/blog\/immer-wieder-den-kopf-treten\/\">Immer wieder den Kopf treten<\/a>\u00a0(7.5.2024)<\/li>\n<li><a href=\"https:\/\/www.freiburg-schwarzwald.de\/blog\/selbsthilfe\/jugend\/jugend-opfer\/\">Thorsten Hinz: Loretta bzw. deutsche Jugendliche als Opfer<\/a>\u00a0(5.4.2024)<\/li>\n<li><a href=\"https:\/\/www.freiburg-schwarzwald.de\/blog\/engagement\/zukunft\/demokratie\/staatsversagen\/staat-kapituliert\/\">Kinder: Muslimische Hassprediger \u2013 Berufswunsch B\u00fcrgergeldbezieher<\/a>\u00a0(7.1.2024)<\/li>\n<li><a href=\"https:\/\/www.freiburg-schwarzwald.de\/blog\/crepol-messer-ueberfall-dorffest\/\">Cr\u00e9pol: Messer-\u00dcberfall auf Dorffest<\/a>\u00a0(23.11.2023)<\/li>\n<li>Offenburger Sch\u00fclermord: 15-j\u00e4hriger Mateja Z. festgenommen (11.11.2023)<\/li>\n<li><a href=\"https:\/\/www.freiburg-schwarzwald.de\/blog\/freibad-als-freiheitsraum-ade\/\">Freibad als Freiheitsraum \u2013 ade<\/a>\u00a0(14.7.2023)<\/li>\n<li><a href=\"https:\/\/www.freiburg-schwarzwald.de\/blog\/unsere-jungen-maenner-sind-ok\/\">Unsere jungen M\u00e4nner sind OK<\/a>\u00a0(14.6.2023)<\/li>\n<li>Alles Einzelf\u00e4lle? Die bittere Wahrheit \u00fcber kriminelle Fl\u00fcchtlinge (6.4.2023)<\/li>\n<li>Unerw\u00fcnschte Studienergebnisse zur Jugendkriminalit\u00e4t (31.3.2023)<\/li>\n<li>Von unserer Blindheit gegen\u00fcber der neuen Jugendgewalt (31.3.2023)<\/li>\n<li>Allahu Akbar-Rufe: Jugendliche beschimpfen Kirchenbesucher (13.3.2023)<\/li>\n<li><\/li>\n<li><a href=\"https:\/\/www.freiburg-schwarzwald.de\/blog\/global\/migration\/badoeynhausen-philippos24juni2024\/\">BadOeynhausen-Philippos24Juni2024<\/a><\/li>\n<li><a href=\"https:\/\/www.freiburg-schwarzwald.de\/blog\/global\/integration\/fluechtlinge-kriminalitaet\/\">Fl\u00fcchtlinge-Kriminalit\u00e4t<\/a><\/li>\n<li><a href=\"https:\/\/www.freiburg-schwarzwald.de\/blog\/selbsthilfe\/jugend\/jugend-opfer\/\">Jugend-Opfer<\/a><\/li>\n<li><a href=\"https:\/\/www.freiburg-schwarzwald.de\/blog\/selbsthilfe\/krise\/gewalt\/kindergewalt\/\">Kindergewalt<\/a><\/li>\n<li><a href=\"https:\/\/www.freiburg-schwarzwald.de\/blog\/kultur\/kulturkampf\/\">Kulturkampf<\/a><\/li>\n<li><a href=\"https:\/\/www.freiburg-schwarzwald.de\/blog\/global\/migration\/migrantenkinder\/\">Migrantenkinder<\/a><\/li>\n<li><a href=\"https:\/\/www.freiburg-schwarzwald.de\/blog\/kultur\/musik\/rap\/\">Rap<\/a><\/li>\n<li><a href=\"https:\/\/www.freiburg-schwarzwald.de\/blog\/global\/migration\/talahon\/\">Talahon<\/a><\/li>\n<\/ul>\n<p>&nbsp;<\/p>\n<p><strong>Diversit\u00e4t am praktischen Beispiel: Montenegriner Gambier Pakistani Syrer Serbe<\/strong><br \/>\nDie Polizei M\u00fcnster im Presseportal:<\/p>\n<p><em>POL-MS: Minderj\u00e4hrige berauben 64-J\u00e4hrigen &#8211; Polizei stellt f\u00fcnf Tatverd\u00e4chtige<\/em><br \/>\n<em>Die Polizei hat f\u00fcnf Minderj\u00e4hrige gestellt, die Mittwochnacht (21.01., 22:10 Uhr) einen 64-j\u00e4hrigen M\u00fcnsteraner auf der Stra\u00dfe \u201cKurze Stra\u00dfe\u201d beraubt haben. <\/em><br \/>\n<em>en Aussagen des 64-J\u00e4hrigen zufolge war er zu Fu\u00df auf der Stra\u00dfe unterwegs, als zwei junge M\u00e4nner ihn nach Geld fragten. Als der M\u00fcnsteraner dies verneinte, zog einer der Jugendlichen ein Pfefferspray hervor, der andere ein Messer. Unter dem Einfluss der Drohung stehend, gab er den Unbekannten sein Portemonnaie. Daraufhin bespr\u00fchte einer der Jugendlichen den Mann mit Pfefferspray. W\u00e4hrend des Raubes befanden sich drei weitere Jugendliche hinter den T\u00e4tern und blockierten die Stra\u00dfe.<\/em><br \/>\n<em>Alarmierten Polizisten gelang es, sowohl das geraubte Portemonnaie, welches die Gruppe weggeworfen hatte, als auch die f\u00fcnf Minderj\u00e4hrigen aus Niedersachsen selbst aufzusp\u00fcren. Sie brachten die Jungen zu einer Polizeiwache. Den 17-J\u00e4hrigen mit montenegrinischer Staatsangeh\u00f6rigkeit, der das Pfefferspray benutzt hatte, und den 15-J\u00e4hrigen mit gambischer Staatsangeh\u00f6rigkeit, der die Stra\u00dfe blockiert hatte, behandelten die Beamten erkennungsdienstlich.<\/em><br \/>\n<em>Au\u00dferdem informierten sie das Jugendamt und die Eltern der beiden, sowie des 13-J\u00e4hrigen mit pakistanischer Staatsangeh\u00f6rigkeit, des 13-J\u00e4hrigen mit syrischer Staatsangeh\u00f6rigkeit und des 11-J\u00e4hrigen mit serbischer Staatsangeh\u00f6rigkeit. Die f\u00fcnf Minderj\u00e4hrigen erwartet zudem eine Strafanzeige.<\/em><br \/>\n<em>22.1.2026, <a href=\"https:\/\/www.presseportal.de\/blaulicht\/pm\/11187\/6202053\">https:\/\/www.presseportal.de\/blaulicht\/pm\/11187\/6202053<\/a><\/em><br \/>\n.<br \/>\nEin Montenegriner, ein Gambier, ein Pakistani, ein Syrer und ein Serbe \u00fcberfallen zusammen einen vermutlich Deutschen. Ist Diversit\u00e4t nicht wunderbar? So weltoffen? So sozialistisch? Und vor allem: statistisch ausgewogen?<br \/>\n&#8230; Alles vom 23.1.2026 bitte lesen auf<br \/>\n<a href=\"https:\/\/www.danisch.de\/blog\/2026\/01\/23\/diversitaet-am-praktischen-beispiel\/\">https:\/\/www.danisch.de\/blog\/2026\/01\/23\/diversitaet-am-praktischen-beispiel\/<\/a><\/p>\n<p>&nbsp;<\/p>\n<p><strong>Charlie Kirk: Linksradikaler Attent\u00e4ter Tyler Robson<\/strong><br \/>\n<em><strong>Der Attent\u00e4ter Tyler Robinson, dessen Partner zur Frau werden wollte, steht exemplarisch f\u00fcr junge indoktrinierte, mittelst\u00e4ndige Wohlstandskinder<\/strong><\/em>, die alles haben, Bildung, Eltern und Geld, aber an nichts glauben \u2013 au\u00dfer an Sinnlosigkeit und die Parolen, die Befreiung von den eigenen Problemen zu versprechen scheinen.<br \/>\nRadikal ideologisiert sind sie davon \u00fcberzeugt, dass traditionelle Werte oder der christliche Glaube ihre Feinde sind \u2013 und die Schuldigen am Zustand dieser Welt und ihrer eigenen Identit\u00e4tslosigkeit. L\u00fcgen und Fehler k\u00f6nnen von ihnen nicht mehr erkannt werden \u2013 ihr fragmentiertes Wissen in der ideologischen Inszenierung der Realit\u00e4t wird zur Wahrheit ihrer Weltsicht \u2013 und mit jugendlichem Enthusiasmus verbreitet und verteidigt. Der fehlgeleitete Erkenntnisprozess raubt ihnen unbemerkt das Fundament ihres Lebens: Ziellos, ohne Sinn und eigene Bedeutung, verlieren sie das Mitgef\u00fchl f\u00fcr andere und entwickeln Hass auf das, was unsere Welt mit Sinn und menschlichen Werten erf\u00fcllt. Es ist im Grunde ein projizierter Selbsthass, der zum Motiv wird, andere Meinungen unterdr\u00fccken und vernichten zu wollen.<\/p>\n<p><a href=\"https:\/\/www.freiburg-schwarzwald.de\/blog\/global\/usa\/kirk\/\">Charlie Kirk<\/a> hatte erkannt, dass viele junge Menschen das ideologisierte Weltbild, das sie als eine Freiheit begreifen, nicht infrage stellen. Fast jede freie Minute wird heute mit digitalen Medien verbracht \u2013 Raum zum Reflektieren bleibt nicht. Eigenst\u00e4ndiges Denken wird von ChatGPT ersetzt \u2013 Informationen werden ohne \u00dcberpr\u00fcfung \u00fcbernommen. KI-generierte Medienblasen steuern die Einstellungen von vielen (gebildeten) Wohlstandskindern, die glauben, in diesen personalisierten Informationsr\u00e4umen, die Wahrheit vermittelt zu bekommen.<br \/>\nCharlie Kirk ist dieser Problematik mit einer L\u00f6sung entgegengetreten \u2013 er hat den Dialog gesucht, um jungen Menschen neue und andere Denkr\u00e4ume zu er\u00f6ffnen. Immer wieder betonte er <a href=\"https:\/\/www.youtube.com\/shorts\/qlSIMoiuDjA\">https:\/\/www.youtube.com\/shorts\/qlSIMoiuDjA<\/a> , dass ohne Dialog in einer ideologisch gespaltenen Welt, der Raum f\u00fcr Gewalt geschaffen werde \u2013 dem wollte er entgegenwirken \u2013 er fiel der dialoglosen Gewalt selbst zum Opfer.<\/p>\n<p>In den westlichen Wohlstandsgesellschaften leben weite Teile der jungen Generation in einer ideologischen Brainwash-Blase. Man definiert seine Pers\u00f6nlichkeit \u00fcber \u00c4u\u00dferlichkeiten, sexuelle Orientierung und durch die Feindschaft zu Andersdenkenden \u2013 gemeinsame Werte oder Ziele, wie bei den GEN Z-Protesten in Nepal <a href=\"https:\/\/www.youtube.com\/watch?v=IyxSqeFrlp0\">https:\/\/www.youtube.com\/watch?v=IyxSqeFrlp0<\/a>, gibt es nicht. In demokratischen L\u00e4ndern tritt den Protesten von Konservativen ein polizeilich gesch\u00fctzter linker Protestmob entgegen und die Medien berichten \u00fcber rechte St\u00f6renfriede. Ein gemeinsamer Nenner l\u00e4sst sich in der gespaltenen Gesellschaft kaum noch finden. Es ist ein Trugschluss, dass Gewalt Befreiung oder Einigung bringen k\u00f6nnte: Gewalt wird stets zur Legitimation f\u00fcr st\u00e4rkere staatliche Kontrolle.<br \/>\n&#8230; Alles vom 17.9.2025 von Iris Zukowski bitte lesen auf<br \/>\n<a href=\"https:\/\/reitschuster.de\/post\/die-symbolik-des-charlie-kirk-attentats\/\">https:\/\/reitschuster.de\/post\/die-symbolik-des-charlie-kirk-attentats\/<\/a><\/p>\n<p><em>Iris Zukowski: Jugendgewalt und Medieneffekt<\/em><br \/>\n<em>Was uns heute unterh\u00e4lt, kann uns morgen t\u00f6ten<\/em><br \/>\n<em>Ruhland, 257 Seiten, 24 Euro<\/em><\/p>\n<p>&nbsp;<\/p>\n<p><strong>67 % der jugendlichen Intensivt\u00e4ter in NRW haben Migrationshintergrund<\/strong><br \/>\nLaut Daten des NRW-Innenministeriums haben 45 Prozent der jugendlichen Intensivt\u00e4ter mit deutschem Pass einen arabischen oder t\u00fcrkischen Vornamen. Insgesamt haben somit 67 Prozent dieser T\u00e4ter einen Migrationshintergrund.<br \/>\n&#8230;<br \/>\nAuff\u00e4llig ist, dass von 276 Intensivt\u00e4tern mit deutschem Pass (Stichtag: 15. Oktober 2024) 124 Vornamen \u00fcblicherweise in der T\u00fcrkei oder in L\u00e4ndern der sogenannten MENA-Region (Naher Osten und Nordafrika) gebr\u00e4uchlich sind. Das entspricht einem Anteil von 45 Prozent. Zuerst berichtete die Junge Freiheit.<br \/>\nDiese Zahl ist jedoch nur ein Teilaspekt. Insgesamt wurden 456 jugendliche Intensivt\u00e4ter registriert \u2013 darunter 180 ohne deutsche Staatsb\u00fcrgerschaft. Das bedeutet: 39,5 Prozent der Betroffenen besitzen keinen deutschen Pass. Z\u00e4hlt man diese Gruppe zu denjenigen mit aus Sicht der AfD \u201eauff\u00e4lligen\u201c Vornamen, ergibt sich ein Gesamtanteil von rund 67 Prozent jugendlicher Intensivt\u00e4ter mit mutma\u00dflichem Migrationshintergrund.<br \/>\n&#8230; Alles vom 11.4.2025 bitte lesen auf<br \/>\n<a href=\"https:\/\/apollo-news.net\/67-prozent-der-jugendlichen-intensivtter-haben-migrationshintergrund\/\">https:\/\/apollo-news.net\/67-prozent-der-jugendlichen-intensivtter-haben-migrationshintergrund\/<\/a><\/p>\n<p>&nbsp;<\/p>\n<p><strong>Kriminalit\u00e4t: Jugendliche Migranten schlagen immer brutaler zu<\/strong><br \/>\nIn Deutschland und weiteren europ\u00e4ischen L\u00e4ndern h\u00e4ufen sich die Gewalttaten auch von Migranten im Kinder- und Jugendalter. Sie beleidigen, erpressen oder verpr\u00fcgeln und verletzten B\u00fcrger \u2013 und verh\u00f6hnen das Rechtssystem. Politik und die Medien verharmlosen ihre Taten.<br \/>\n&#8230;<br \/>\nDie F\u00e4lle von gewaltt\u00e4tigen, jugendlichen Migranten, die bekannt werden, h\u00e4ufen sich \u2013 nicht nur in Deutschland: Ein 16-j\u00e4hriger Belgier weigert sich, Drogen zu verkaufen und Schutzgeld zu bezahlen. Die Folge? Drei minderj\u00e4hrige T\u00e4ter pr\u00fcgeln und treten auf den 16-J\u00e4hrigen ein \u2013 auch nachdem er bereits am Boden liegt <a href=\"https:\/\/twitter.com\/jannibal_\/status\/1788287227186774426?s=12\">https:\/\/twitter.com\/jannibal_\/status\/1788287227186774426?s=12<\/a><br \/>\n. Diese Situation hat sich laut belgischen Medienberichten am vergangenen Donnerstag in einer Schule in Geraardsbergen in der Provinz Ostflandern abgespielt.<br \/>\n&#8230;<br \/>\nIn den Kommentaren unter den Beitr\u00e4gen auf X \u00e4u\u00dfern viele Menschen, dass sie in der Jugendgewalt gegen Wei\u00dfe ein strukturelles Problem sehen. Und diese Vermutungen zeigen sich best\u00e4tigt: Immerhin h\u00e4ufen sich die F\u00e4lle von Kindern und Jugendlichen mit Migrationshintergrund, die kriminell und gewaltt\u00e4tig werden. Erst vor ein paar Tagen berichtete TE von einer Gang aus 23 jugendlichen Migranten, die die Bewohner der nordrhein-westf\u00e4lischen Kleinstadt Ahaus in Angst und Schrecken versetzt https:\/\/www.tichyseinblick.de\/meinungen\/gang-kinder-jugendliche-terror-ahaus\/. Diese Migranten verpr\u00fcgeln und erpressen ihre Mitsch\u00fcler und beschimpfen Anwohner der Stadt als \u201eHuren\u201c, \u201eSchlampen\u201c oder \u201eNazischweine\u201c. Das j\u00fcngste Mitglied der Gruppe aus Ahaus ist laut Polizeiberichten erst neun Jahre alt \u2013 der Anf\u00fchrer ist zw\u00f6lf Jahre alt.<br \/>\n&#8230;<br \/>\nViele Medien verharmlosen die steigende Jugendkriminalit\u00e4t \u2013 vor allem jene von Migranten.<br \/>\n&#8230; Alles vom 14.5.2024 von Charlotte Kirchhoff bitte lesen auf<br \/>\n<a href=\"https:\/\/www.tichyseinblick.de\/daili-es-sentials\/kriminalitaet-brutalitaet-jugendliche-migranten\/\">https:\/\/www.tichyseinblick.de\/daili-es-sentials\/kriminalitaet-brutalitaet-jugendliche-migranten\/<\/a><\/p>\n<p>&nbsp;<\/p>\n<p><strong>Offenburger Sch\u00fclermord: 15-j\u00e4hriger Mateja Z. festgenommen<\/strong><br \/>\n&#8222;T\u00f6dliche Sch\u00fcsse in Offenburg: Was ist an deutschen Schulen los?&#8220; titelt die FAZ. Dem Leser wird suggeriert, da\u00df nun auch die deutschen Schulbuben immer krimineller werden. Was von den Medien verschwiegen wird: Der verhaftete 15-J\u00e4hrige hei\u00dft Mateja Z. und hat serbisch-kosovarische Wurzeln (1). \u00dcber die <a href=\"https:\/\/www.freiburg-schwarzwald.de\/blog\/kultur\/medien\/social-media\/\">Social Media<\/a> (und dort informieren sich die Sch\u00fcler und Jugendlichen) ist dies bereits unmittelbar nach der Tat bekannt. Der <a href=\"https:\/\/www.freiburg-schwarzwald.de\/blog\/kultur\/medien\/political-correctness\/\">Political Correctness<\/a> gem\u00e4\u00df werden die <a href=\"https:\/\/www.freiburg-schwarzwald.de\/blog\/kultur\/medien\/mainstream\/\">Mainstreammedien<\/a> jedoch wie \u00fcblich erst nach einiger Zeit folgen. \u00dcber diesen Time-lag macht sich die junge Generation schon seit langem lustig.<br \/>\nAuch f\u00fcr die sog. Qualit\u00e4tsmedien gilt: Verschweigen ist dem Inneren Frieden der Gesellschaft niemals dienlich.<br \/>\n11.11.2023<\/p>\n<p>Ende von Beitrag &#8222;Offenburger Sch\u00fclermord&#8220;<br \/>\n==================================================<br \/>\nBeginn von Anlagen (1)-(4)<br \/>\n.<br \/>\n<strong>(1) 15-J\u00e4hriger schie\u00dft Mitsch\u00fcler in den Kopf: Der Killer von Offenburg hei\u00dft Mateja Z.<\/strong><br \/>\nNach den t\u00f6dlichen Sch\u00fcssen an einer Schule in Offenburg gibt es neue Erkenntnisse zum tragischen Fall: Ver\u00f6ffentlichungen aus dem Umfeld des Tatverd\u00e4chtigen in den sozialen Medien deuten darauf hin, dass es sich bei dem 15-J\u00e4hrigen, der am Donnerstag einem Mitsch\u00fcler in den Kopf geschossen hatte, um einen deutschen Staatsb\u00fcrger mit serbisch-kosovarischem Migrationshintergrund handelt. Er soll laut NIUS-Informationen Mateja Z. hei\u00dfen. &#8230;<br \/>\nNIUS konnte das Instagram-Profil des mutma\u00dflichen Tatverd\u00e4chtigen ausfindig machen. In seiner Biografie gibt der Jugendliche mit 15 Jahren das passende Alter an und hat eine serbische und kosovarische Flagge im Profil.<br \/>\n&#8230; Alles vom 10.11.2023 bitte lesen auf<br \/>\n<a href=\"https:\/\/www.nius.de\/Gesellschaft\/15-jaehriger-schiesst-mitschueler-in-den-kopf-der-killer-von-offenburg-heisst-mateja-z\/4b47d2c3-2678-40c9-814a-68813792ad17\">https:\/\/www.nius.de\/Gesellschaft\/15-jaehriger-schiesst-mitschueler-in-den-kopf-der-killer-von-offenburg-heisst-mateja-z\/4b47d2c3-2678-40c9-814a-68813792ad17<\/a><br \/>\n.<br \/>\n<strong>(2) Offenburg: Sch\u00fcler erschie\u00dft Sch\u00fcler<\/strong><br \/>\nDer mutma\u00dfliche T\u00e4ter ging direkt auf das Opfer zu und scho\u00df ihm in den Kopf.<br \/>\n&#8230; Alles vom 10.11.2023 bitte lesen auf<br \/>\n<a href=\"https:\/\/www.tichyseinblick.de\/podcast\/te-wecker-am-10-november-2023\/\">https:\/\/www.tichyseinblick.de\/podcast\/te-wecker-am-10-november-2023\/<\/a><br \/>\nKommentare:<br \/>\nEin serbisch-kosovarischer Knabe &#8230;. Fuz<br \/>\n.<br \/>\nWoher hatte der T\u00e4ter an der Schule f\u00fcr Lernbehinderte die Waffe? Wie konnte ein Jugendlicher auf die Idee kommen, einen Mitsch\u00fcle zu erschie\u00dfen? Aus welchem Kulturkreis stammt der T\u00e4ter (M\u00f6rder)? Bev<br \/>\nEnde Kommentare<br \/>\n.<br \/>\n<strong>(3) T\u00f6dliche Sch\u00fcsse in Offenburg: Was ist an deutschen Schulen los?<\/strong><br \/>\nIn Offenburg wird ein Jugendlicher in seiner Klasse erschossen, in Hamburg werden Lehrer mit Pistolen bedroht. Was ist an deutschen Schulen los?<br \/>\nDie Waldbachschule ist ein sicherer Ort, an dem wir uns alle wohlf\u00fchlen: So lautet der erste Satz der Schulordnung der F\u00f6rderschule im baden-w\u00fcrttembergischen Offenburg. L\u00e4chelnde Gesichter, Fotos von freundlichen Erwachsenen vor sonnigem, gr\u00fcn belaubten Hintergrund, es gibt einen Sozialarbeiter, zu dessen Aufgaben \u201ePr\u00e4ventionsangebote\u201c geh\u00f6ren.<br \/>\n&#8230; Alles vom 10.11.2023 bitte lesen auf <a href=\"https:\/\/www.faz.net\/aktuell\/gesellschaft\/menschen\/toedliche-schuesse-in-offenburg-was-ist-an-deutschen-schulen-los-19305832.html\">https:\/\/www.faz.net\/aktuell\/gesellschaft\/menschen\/toedliche-schuesse-in-offenburg-was-ist-an-deutschen-schulen-los-19305832.html<\/a><br \/>\n.<br \/>\n<strong>(4) Tatort Offenburg: Welcher T\u00e4ter darf&#8217;s denn sein?<\/strong><br \/>\nSchon kurz nach der Tat kursieren auf etlichen Handys im Ortenaukreis konkrete Hinweise auf den T\u00e4ter und den Hergang, w\u00e4hrend sich die lokale Presse wie ein Abschirmforum \u00fcber das Geschehen legt. Das f\u00fchrt auf der Instagram-Seite der \u201cMittelbadischen Presse\u201d dann zu einem Wortwechsel mit Lesern, welche sich \u2013 auf gut Deutsch gesagt \u2013 nicht l\u00e4nger durch Desinformation \u201everarschen\u201c lassen wolleneinen Mitsch\u00fcler erschie\u00dft und offenbar mit dieser Waffe m\u00fchelos umgehen konnt. &#8230;.<br \/>\nDenn dass der T\u00e4ter dann irgendwann, endlich, na also, siehste, zum \u201cDeutschen\u201d erkl\u00e4rt wird, geht in dieser Plumpheit nat\u00fcrlich nicht durch. Denn bereits mehr als 50 Follower der \u201cMittelbadischen Presse\u201d zeigen den Redakteuren verbal einen Vogel, und auf allen Handys kursiert pl\u00f6tzlich der volle Name des T\u00e4ters und auch Hinweis auf die Herkunft dieses \u201eDeutschen\u201c: Es handelt sich um den 15j\u00e4hrigen Mateja &#8230;, dessen Facebook-Account Mitsch\u00fcler kurz vorm Abschalten noch rechtzeitig gescreent hatten und diesen Shot nun tausendfach versenden. Dieser Tatverd\u00e4chtige schrieb unter seinem Bild: <em>\u201eIch bin nett und tue gerne Leute nerven andere \u00e4rgern und bin Serbe Cao\u201c<\/em> (bildungsfernes Deutsch im Original).<br \/>\nDie herrschende Pseudomoralpolitik ist nun dabei auf allen Ebenen zu scheitern. Es ist eine ungeschriebene, eher informelle politische Anordnung, Namen und Herk\u00fcnfte von Straft\u00e4tern mit Migrationshintergrund m\u00f6glichst gar nicht zu nennen.<br \/>\n&#8230;.<br \/>\nIn Schweden hat man aus den katastrophalen Fehlern einer unkontrollierten Migration inzwischen gelernt. &#8230;. Neben diversen neuen Ma\u00dfnahmen gegen eine ausufernde Banden-Kriminalit\u00e4t, massenweise vergewaltigte Frauen und st\u00e4ndigen Schie\u00dfereien in den St\u00e4dten wurde auch ein neues Mediengesetz aufgelegt: T\u00e4ter mit Migrationshintergrund kommen dort nunmehr regelrecht an den Pranger, der Wohlfahrtsstaat zeigt seinen \u201eMissbr\u00e4uchlern\u201c geballte Verachtung und die Emp\u00f6rung der rechtschaffenen B\u00fcrger des Landes: Mit gro\u00dfen Portr\u00e4tfotos, vollst\u00e4ndiger Namensnennung und vollst\u00e4ndiger Herkunft, teils auch Hinweisen auf religi\u00f6se Zuordnung, wird alles gezeigt, alles gesagt und sichtlich Abhilfe an schrecklichen Zust\u00e4nden geschaffen. Soweit sind wir noch lange nicht; doch es wird auch bei uns irgendwann soweit sein. Irgendwann, ein paar zehntausend Vergewaltigungen, Morde und Terrorattacken sp\u00e4ter vielleicht.<br \/>\n&#8230; Alles vom 12.11.2023 bitte lesen auf<br \/>\n<a href=\"https:\/\/ansage.org\/tatort-offenburg-welcher-taeter-darfs-denn-sein\/\">https:\/\/ansage.org\/tatort-offenburg-welcher-taeter-darfs-denn-sein\/<\/a><\/p>\n<p><a href=\"https:\/\/waldbachschule-og.de\/profil\/infos-zur-waldbachschule\/was-ist-die-foerderschule-bzw-das-sbbz-mit-foerderschwerpunkt-lernen.html\">https:\/\/waldbachschule-og.de\/profil\/infos-zur-waldbachschule\/was-ist-die-foerderschule-bzw-das-sbbz-mit-foerderschwerpunkt-lernen.html<\/a><\/p>\n<p>.<\/p>\n<p>&nbsp;<\/p>\n<p><strong>Alles Einzelf\u00e4lle? Die bittere Wahrheit \u00fcber kriminelle Fl\u00fcchtlinge<\/strong><br \/>\n<a href=\"https:\/\/www.freiburg-schwarzwald.de\/blog\/global\/integration\/illerkirchberg-messermord05-12-2022\/\">Illerkirchberg<\/a>, <a href=\"https:\/\/www.freiburg-schwarzwald.de\/blog\/engagement\/zukunft\/demokratie\/kandel-bluttat27-12-2017\/\">Kandel<\/a>, <a href=\"https:\/\/www.freiburg-schwarzwald.de\/blog\/global\/integration\/dreisam-mord\/\">Freiburg<\/a><br \/>\n<em><strong>Unter den Tatverd\u00e4chtigen sind Fl\u00fcchtlinge gemessen an ihrem Anteil in der Bev\u00f6lkerung deutlich \u00fcberrepr\u00e4sentiert.<\/strong><\/em> Nachlesen l\u00e4sst sich das in den polizeilichen Kriminalstatistiken und speziellen Auswertungen des BKA.<br \/>\n&#8230;<br \/>\n612.438 (32 Prozent) aller registrierten Tatverd\u00e4chtigen waren Nichtdeutsche , gegen\u00fcber dem Vorjahr ein Plus von 14,8 Prozent. Zum Vergleich: Bei den deutschen Tatverd\u00e4chtigen wurde ein Anstieg von 4,6 Prozent festgestellt.<br \/>\n142.721 (7,4 Prozent) unter den nichtdeutschen Tatverd\u00e4chtigen waren Zuwanderer , knapp 12 Prozent mehr als im Vorjahr.<br \/>\nBei 271.626 Straftaten wurde mindestens ein tatverd\u00e4chtiger Zuwanderer registriert. Bei insgesamt 3,003 Millionen aufgekl\u00e4rten Straftaten entspricht das einem Anteil von 9,0 Prozent.<\/p>\n<p>Zur Einordnung: Von den 83 Millionen in Deutschland lebenden Menschen sind 13,4 Millionen Ausl\u00e4nder, also 16 Prozent. Der Anteil tatverd\u00e4chtig gewordener Ausl\u00e4nder (32 Prozent) ist demnach mindestens doppelt so hoch wie ihr Anteil an der Gesamtbev\u00f6lkerung.<br \/>\nDer Anteil der Zugewanderten an der Gesamtbev\u00f6lkerung ist deutlich niedriger. So stellten zwischen 2015 und 2022 rund 2,35 Millionen Migranten einen Asylantrag. Bezogen auf die Gesamteinwohnerzahl Deutschlands sind das gerade mal 2,8 Prozent. Ihr Anteil an den verd\u00e4chtigen Straft\u00e4tern ist mit 7,4 Prozent fast dreimal so hoch.<br \/>\n&#8230; Alles vom 6.4.2023 bitte lesen auf<br \/>\n<a href=\"https:\/\/www.focus.de\/panorama\/illerkirchberg-kandel-freiburg-alles-einzelfaelle-die-bittere-wahrheit-ueber-kriminelle-fluechtlinge_id_190188361.html\">https:\/\/www.focus.de\/panorama\/illerkirchberg-kandel-freiburg-alles-einzelfaelle-die-bittere-wahrheit-ueber-kriminelle-fluechtlinge_id_190188361.html<\/a><\/p>\n<p>&nbsp;<\/p>\n<p><strong>Unerw\u00fcnschte Studienergebnisse zur Jugendkriminalit\u00e4t<\/strong><br \/>\nDie Zahl der Delikte krimineller Jugendbanden ist in Bayern seit 2018 um das 16-fache gestiegen. Eine neue Studie untersuchte die Herkunft einiger Mitglieder und fand heraus, dass 73 Prozent <a href=\"https:\/\/www.freiburg-schwarzwald.de\/blog\/global\/migration\/migrationshintergrund\/\">Migrationshintergund<\/a> haben. Diese Information schaffte es leider nicht in die dazugeh\u00f6rige Presseerkl\u00e4rung. Das Bayerische Landeskriminalamt ver\u00f6ffentlichte heute seine Studie zu \u201eGewaltbereiten Jugendgruppen in Gro\u00dfst\u00e4dten\u201c,<br \/>\n<a href=\"https:\/\/www.polizei.bayern.de\/aktuelles\/pressemitteilungen\/046550\/index.html\">https:\/\/www.polizei.bayern.de\/aktuelles\/pressemitteilungen\/046550\/index.html<\/a><br \/>\ndie von der Kriminologischen Forschungsgruppe der Bayerischen Polizei (KFG) durchgef\u00fchrt worden ist.<br \/>\n&#8230;<br \/>\n<em><strong>\u201eBei fast drei Viertel (73,3 %) der Gruppenmitglieder mit bekanntem Geburtsland der Eltern war mindestens ein Elternteil nicht in Deutschland geboren.\u201c<\/strong><\/em> Die Balkanstaaten (25,4 Prozent) sowie die T\u00fcrkei (22,2 Prozent) stellten bei der Herkunft der Eltern den gr\u00f6\u00dften Anteil.<br \/>\nDiese Erkenntnisse schafften es nicht in die Pressemitteilung und sind daher umso interessanter. Wie oben gezeigt, wurde die Herkunft der T\u00e4ter lediglich verklausuliert angegeben. Das Bayerische Landeskriminalamt will die Ergebnisse seiner eigenen Studie nicht sehen. Die Frage des Zusammenspiels von Kriminalit\u00e4t und Migration wird somit ein weiteres Mal tabuisiert. Solange man sich weigert, Ross und Reiter zu nennen, d\u00fcrften auch die in der Pressemitteilung angef\u00fchrten \u201epolizeipr\u00e4ventiven Konzepte an Schulen\u201c sowie ein \u201einterdisziplin\u00e4rer Ansatz\u201c zur Vermeidung gewaltbereiter Jugendgruppen wenig effektiv sein.<br \/>\n&#8230; Alles vom 31.3.2023 von Ulrike Stockmann bitte lesen auf<br \/>\n<a href=\"https:\/\/www.achgut.com\/artikel\/Jugendkriminalitaet_Bayern_verschleiert_Studienergebnisse\">https:\/\/www.achgut.com\/artikel\/Jugendkriminalitaet_Bayern_verschleiert_Studienergebnisse<\/a><br \/>\n.<br \/>\nEinige Kommentare:<br \/>\nWenn dann jeder Zuwanderer flugs deutsche Papiere erhalten haben wird (dies wird unter dem Vorwand der dadurch vermeintlich gef\u00f6rderten Integration schon bald der Fall sein), dann hat sich das Problem gel\u00f6st und die Kriminalit\u00e4t jener Personen verschwindet im Nichts. R.M.<br \/>\n.<br \/>\nDie Wahrheit findet immer einen Weg. Auch wenn es keiner h\u00f6ren will: Der Gro\u00dfteil der Kriminalit\u00e4t in Deutschland ist zugewandert. Das ist Fakt. Das spiegelt sich auch in den Prozentzahlen der Insassen unserer Gef\u00e4ngnisse wieder. Die sind n\u00e4mlich in etwa gleich, wie die im Artikel genannten Zahlen. Und das ist nicht das Resultat einer angeblichen Diskriminierung von Zuwanderern durch Kartoffeldeutsche, sondern das Resultat der andauernden und absichtlichen Integrationsverweigerung vieler Zuwanderer. R.P:<br \/>\n.<br \/>\nIn den USA ist die Entstehung von -meist ethnisch orientierten- Jugendbanden in Einwanderergesellschaften tausendfach thematisiert worden. Werden Menschen nicht \u00fcber gemeinsame Arbeit eingebunden, wandelt sich die kulturelle Differenz in abweichendes Verhalten, wie Kriminalit\u00e4t, um. Da\u00df das sozialstaatliche laissez faire die Integration nicht fordert, ist allen bekannt. Das darf die herrschende Politik aber nicht zugeben. Und die untergebenen Instanzen kuschen. Da sich das ehemalige D, und jetzige Wiederansiedlungsgebiet der UN f\u00fcr Weltfl\u00fcchtlinge, aber sowieso im materiellen und kulturellen Abstieg befindet, spielt das bischen mehr an Kriminalit\u00e4t auch keine Rolle mehr. G.P.<br \/>\nEnde Kommentare<\/p>\n<p>.<\/p>\n<p><strong>Von unserer Blindheit gegen\u00fcber der neuen Jugendgewalt<br \/>\n<\/strong>Die nun ver\u00f6ffentlichte <a href=\"https:\/\/www.freiburg-schwarzwald.de\/blog\/selbsthilfe\/krise\/gewalt\/kriminalstatistik\/\">Polizeiliche Kriminalstatistik (PKS)<\/a> st\u00fctzt die Vermutung, dass <a href=\"https:\/\/www.freiburg-schwarzwald.de\/blog\/global\/migration\/migration2021\/\">Migration<\/a> und <a href=\"https:\/\/www.freiburg-schwarzwald.de\/blog\/global\/integration\/integration-gescheitert\/\">mangelnde Integration<\/a> zu den bestimmenden Faktoren der gestiegenen Jugendkriminalit\u00e4t geh\u00f6rt. Gegen\u00fcber dem Vorjahr Die nichtdeutschen Tatverd\u00e4chtigen unter achtzehn Jahren nahmen um 49 Prozent (36,5 Prozent gegen\u00fcber 2019) zu, die deutschen nur um 18,5 Prozent<br \/>\n&#8230;.<br \/>\n<a href=\"https:\/\/www.freiburg-schwarzwald.de\/blog\/global\/migration\/migranten-gewalt\/luise12erstochen230311\/\">Freudenberg<\/a> und <a href=\"https:\/\/www.freiburg-schwarzwald.de\/blog\/kindergewalt-und-tugenden\/\">Heide<\/a> sind wahrscheinlich deshalb so unerkl\u00e4rlich f\u00fcr uns, weil es Kinder sind, die t\u00f6ten oder qu\u00e4len, Kinder, die in unserer Gesellschaft als schutzbed\u00fcrftig und unschuldig gelten, nicht nur strafrechtlich, sondern zu gro\u00dfen Teilen auch moralisch. Das Bild des unschuldigen Kindes bekommt hier Risse. Wenn man den Medien glauben will, haben die beiden T\u00e4terinnen sich vorher \u00fcber die Strafm\u00fcndigkeit informiert. Es handelte sich also gar nicht um eine Affekthandlung, sondern um geplanten Mord, wenngleich die Tat, es sollen ja unz\u00e4hlige Messerstiche gewesen sein, mehr einem affektiven Rausch gleicht.<br \/>\n&#8230;<br \/>\nDer Kriegsreporter und Psychotherapeut Eugen Sorg hat dazu alles N\u00f6tige gesagt: \u201eDer radikale Islam braucht keinen Grund, um zuzuschlagen. Der Zerst\u00f6rungswille ist immer schon vorher da. Der Westen kann sich verdrehen und verbiegen, wie er will, nichts wird den Hass der Radikalen beeinflussen. Er wird gehasst, weil er der Feind ist, und nicht, weil er sich falsch verhalten hat.\u201c<br \/>\n&#8230;<br \/>\nUm nochmals auf den Fall in Freudenberg zur\u00fcckzukehren. Den Einfluss der sogenannten sozialen Medien auf die zwischenmenschliche Kommunikation von Kindern und Jugendlichen kann man kaum \u00fcbersch\u00e4tzen. Es gibt praktisch keine F\u00e4lle von Mobbing, ohne vorherige Beteiligung sozialer Netzwerke (das war offenbar auch in Freudenberg der Fall). Eine Studie ergab vor kurzem, dass zwei Drittel der 14- bis 24-J\u00e4hrigen das Internet als Raum wahrnehmen, in dem Beleidigungen und Beschimpfungen der Normalfall sind. Man kann hier nur spekulieren, ob virtuelle und reale Welt gewisserma\u00dfen ineinander verschmelzen. Zwischen dem Wort \u2013 verbale Beleidigungen, Drohungen in der Anonymit\u00e4t des virtuellen Raumes \u2013 und der Tat besteht noch ein elementarer Unterschied. Aber vielleicht wird es f\u00fcr viele Heranwachsende immer schwieriger, hier eine Differenz f\u00fcr sich zu ziehen. Fakt ist jedenfalls, dass Auseinandersetzungen im Cyberraum in der realen Welt ausgetragen werden, eine Tendenz die wir in Zukunft wohl \u00f6fter beobachten k\u00f6nnen.<br \/>\n&#8230;<br \/>\nIn den F\u00e4llen von Freudenberg und Heide spielte ja das Ger\u00fccht oder die auf Video festgehaltene Tatsache eine Rolle, dass die T\u00e4ter nicht durchweg, aber zum Teil Migrationshintergrund haben. Wie w\u00fcrden Sie diesen Faktor bewerten? Was ist das Spezifische an der Transformation einer Gesellschaft durch fortgesetzte Massenmigration? Was sind die Folgen?<br \/>\nOb der <a href=\"https:\/\/www.freiburg-schwarzwald.de\/blog\/global\/migration\/migrationshintergrund\/\">Migrationshintergrund<\/a> in Freudenberg und Heide eine Rolle spielte, lasse ich mal au\u00dfen vor. Wir wissen ja wenig \u00fcber den famili\u00e4ren Hintergrund der T\u00e4terinnen. Aber in der Tat ist das Verh\u00e4ltnis von Gewalt und Migration eines der meist tabuisierten in Deutschland. Die gewaltt\u00e4tigen Angriffe auf Polizei, Feuerwehr und Rettungskr\u00e4fte bei den Silvesterfeiern 2022 in Berlin und anderen St\u00e4dten haben die massiven Probleme der Zuwanderung in Deutschland wieder schlagartig sichtbar gemacht.<br \/>\nVon den registrierten Intensivt\u00e4tern in Berlin, in der Regel m\u00e4nnliche Jugendliche, die mehr als zehn schwere Straftaten im Jahr begehen, sind 80 Prozent arabischer oder t\u00fcrkischer Herkunft. Diese polizeibekannten Intensivt\u00e4ter ver\u00fcben fast 50 Prozent der bekanntgewordenen Straftaten dieser Altersgruppe. Bei den Silvesterrandalen in Berlin hatten von 145 Tatverd\u00e4chtigen 110 einen ausl\u00e4ndischen Pass (einige davon mit Doppelpass), die meisten T\u00e4ter waren Afghanen und Syrer. Bei allen Gewaltdelikten, Raub und Vergewaltigungen sind junge M\u00e4nner mit muslimischem Hintergrund an der Spitze. Auch wenn es von vielen Vertretern der politischen und medialen Elite hartn\u00e4ckig geleugnet wird, es gibt einen Zusammenhang von Massenmigration aus tribalistischen Gemeinschaften und neuen Formen von Gewalt.<\/p>\n<p>Kollektivistische Gemeinschaften, die um Familie, Sippe und Clans zentriert sind, haben immer ein h\u00f6heres Gewaltpotenzial als individualistische Gesellschaften. Die im westlichen Kulturkreis funktionale Differenzierung der Gesellschaft, die Zunahme von Affektzwang und Selbstregulierung, hat die Gruppenbindungen schw\u00e4cher werden lassen. Das Individuum gewinnt Distanz von Familie und Sippe, Ich und Wir sind nicht mehr identisch. Einzelne Normverletzungen innerhalb der Gruppe sind keine pers\u00f6nliche Angelegenheit mehr; die Ehre wird nicht mehr \u00fcber einen Gruppencode hergestellt, der Rache oder S\u00fchne bei Abweichungen von moralischen Normen beinhaltet. Gewalt wird mehr und mehr ge\u00e4chtet, Aggression als Schw\u00e4che gesehen.<br \/>\nEs braucht keine detaillierte soziologische Expertise, um zum Schluss zu kommen, dass Migranten aus zutiefst verrohten und korrupten Staaten wie Afghanistan, Syrien, Marokko, Algerien oder dem Irak eine Gefahr f\u00fcr unsere Gesellschaft sein k\u00f6nnen, insbesondere da sie auf eine Justiz und eine Polizei treffen, die auf die gewaltsamen Auseinandersetzungen innerhalb ethnischer und religi\u00f6ser Gruppen nicht vorbereitet ist. Nimmt man noch die entt\u00e4uschten Erwartungen hinzu, das Ausharren in Massenunterk\u00fcnften, das Fehlen einer Leistungs- und Arbeitskultur (Voraussetzungen, um in der westlich-s\u00e4kularen Gesellschaft zu re\u00fcssieren), Sprachbarrieren und religi\u00f6se Dogmen, so ist es keine gewagte Prognose \u2013 und bereits t\u00e4glich Realit\u00e4t \u2013, dass in deutschen und westeurop\u00e4ischen St\u00e4dten in Zukunft gewaltt\u00e4tige Formen der \u201eKonfliktl\u00f6sung\u201c immer \u00f6fter der Fall sein werden.<br \/>\n&#8230;<br \/>\nEin Thema das bis dato noch gar nicht in der \u00d6ffentlichkeit debattiert wird, ist die Ver\u00e4nderung der Geschlechterkohorte. Die schlichte Tatsache, dass sich die gesellschaftlich bedeutsame Kohorte junger M\u00e4nner durch die ungeregelte Einwanderung drastisch verschoben hat \u2013 und dadurch auch das Geschlechterverh\u00e4ltnis \u2013, ist noch viel zu wenig Gegenstand der Reflexion. Seit September 2015 kamen monatlich tausende junge M\u00e4nner nach Deutschland. Damit wurde das gewachsene demographische Gleichgewicht der Geschlechter zerst\u00f6rt. In der Altersgruppe zwischen 18 und 36 Jahren d\u00fcrfte das Ungleichgewicht bereits bei mehr als einer Million liegen. Ohne detaillierte psychologische Analyse kann man vereinfacht sagen, dass in Gesellschaften mit M\u00e4nner\u00fcberschuss sich Konflikte in der Regel versch\u00e4rfen \u2013 ein bis dato von der Politik vollkommen tabuisiertes Thema, das uns zuk\u00fcnftig vermehrt besch\u00e4ftigen wird.<br \/>\n&#8230; Alles vom 31.3.2023 mit Alexander Meschnig bitte lesen auf<br \/>\n<a href=\"https:\/\/www.tichyseinblick.de\/interviews\/kopie-vvon-unserer-blindheit-gegenueber-der-neuen-jugendgewalt\/\">https:\/\/www.tichyseinblick.de\/interviews\/kopie-vvon-unserer-blindheit-gegenueber-der-neuen-jugendgewalt\/<\/a><\/p>\n<p>.<\/p>\n<p><strong>Allahu Akbar-Rufe: Jugendliche beschimpfen Kirchenbesucher<\/strong><br \/>\nAm Samstagabend haben ca. sechs Jugendliche einen Pfarrer und rund 50 Kirchbesucher nach einem Gottesdienst in der evangelisch-lutherischen Paul-Gerhardt-Kirche beschimpft und sich abf\u00e4llig \u00fcber deren Religion ge\u00e4u\u00dfert.<br \/>\nSie schrien vor der M\u00fcnchner Kirche an der Mathunistra\u00dfe \u201eAllahu Akbar\u201c (Allah ist der Gr\u00f6\u00dfte) und \u201eSchei\u00df Juden\u201c und fl\u00fcchteten anschlie\u00dfend.<br \/>\n&#8230; Alles vom 13.3.2023 bitte lesen auf<br \/>\n<a href=\"https:\/\/www.bild.de\/regional\/muenchen\/muenchen-aktuell\/allahu-akbar-rufe-jugendliche-beschimpfen-kirchen-besucher-83193556.bild.html\">https:\/\/www.bild.de\/regional\/muenchen\/muenchen-aktuell\/allahu-akbar-rufe-jugendliche-beschimpfen-kirchen-besucher-83193556.bild.html<\/a><\/p>\n","protected":false},"excerpt":{"rendered":"<p>Home\u00a0&gt;Selbsthilfe\u00a0&gt;Krise\u00a0&gt;Gewalt\u00a0&gt;Polizei\u00a0&gt;Integration\u00a0&gt;Kriminalitaet &gt;Jugendgewalt Listenauswahl eines Beitrags: Bitte anklicken oder runterscrollen Diversit\u00e4t am praktischen Beispiel: Montenegriner Gambier Pakistani Syrer Serbe (23,1,2026) Entsteht auch in Europa eine islamische Untergrundarmee \u2013 5.Kolonne?\u00a0(3.1.2026) Schattenseiten der Migration: Urbaniok \u2013 Kriminalit\u00e4t \u2013 Sicherheit\u00a0(12.12.2025) Gerappte Ha\u00dfges\u00e4nge gegen Polizisten, &hellip; <a href=\"https:\/\/www.freiburg-schwarzwald.de\/blog\/selbsthilfe\/krise\/gewalt\/jugendgewalt\/\">Weiterlesen <span class=\"meta-nav\">&rarr;<\/span><\/a><\/p>\n","protected":false},"author":2,"featured_media":0,"parent":8837,"menu_order":0,"comment_status":"closed","ping_status":"closed","template":"","meta":{"footnotes":""},"class_list":["post-111356","page","type-page","status-publish","hentry"],"_links":{"self":[{"href":"https:\/\/www.freiburg-schwarzwald.de\/blog\/wp-json\/wp\/v2\/pages\/111356","targetHints":{"allow":["GET"]}}],"collection":[{"href":"https:\/\/www.freiburg-schwarzwald.de\/blog\/wp-json\/wp\/v2\/pages"}],"about":[{"href":"https:\/\/www.freiburg-schwarzwald.de\/blog\/wp-json\/wp\/v2\/types\/page"}],"author":[{"embeddable":true,"href":"https:\/\/www.freiburg-schwarzwald.de\/blog\/wp-json\/wp\/v2\/users\/2"}],"replies":[{"embeddable":true,"href":"https:\/\/www.freiburg-schwarzwald.de\/blog\/wp-json\/wp\/v2\/comments?post=111356"}],"version-history":[{"count":5,"href":"https:\/\/www.freiburg-schwarzwald.de\/blog\/wp-json\/wp\/v2\/pages\/111356\/revisions"}],"predecessor-version":[{"id":144694,"href":"https:\/\/www.freiburg-schwarzwald.de\/blog\/wp-json\/wp\/v2\/pages\/111356\/revisions\/144694"}],"up":[{"embeddable":true,"href":"https:\/\/www.freiburg-schwarzwald.de\/blog\/wp-json\/wp\/v2\/pages\/8837"}],"wp:attachment":[{"href":"https:\/\/www.freiburg-schwarzwald.de\/blog\/wp-json\/wp\/v2\/media?parent=111356"}],"curies":[{"name":"wp","href":"https:\/\/api.w.org\/{rel}","templated":true}]}}